{"id":613,"date":"2012-05-17T07:43:05","date_gmt":"2012-05-17T05:43:05","guid":{"rendered":"https:\/\/opistobranquis.info\/favorinus-branchialisfavorinus-branchialisfavorinus-branchialis"},"modified":"2025-06-12T21:44:49","modified_gmt":"2025-06-12T19:44:49","slug":"favorinus-branchialis","status":"publish","type":"page","link":"https:\/\/opistobranquis.info\/ca\/guia\/nudibranchia\/cladobranchia\/aeolidioidea\/facelinidae\/favorinus-branchialis\/","title":{"rendered":"Favorinus branchialis"},"content":{"rendered":"<p><\/p>\n<h3><em>Favorinus branchialis<\/em> (Rathke, 1806)<\/h3>\n<p><span style=\"font-size:10pt;\" class=\"aligncenter\"><div id=\"featured-img-id\"><img data-recalc-dims=\"1\" decoding=\"async\" src=\"https:\/\/i0.wp.com\/opistobranquis.info\/wp-content\/uploads\/2012\/12\/favorinus-branchialis-28.jpg?w=900&#038;ssl=1\" alt=\"Favorinus branchialis by Enric Madrenas\" \/><\/div><center><em>Favorinus branchialis<\/em> per Enric Madrenas<\/center><\/span><p><\/p><div class=\"opk-worms\"><h3>Informaci\u00f3 taxon\u00f2mica WoRMS<\/h3><div class=\"opk-success\">Nom acceptat actual: <strong><em>Favorinus branchialis<\/em> (Rathke, 1806)<\/strong><\/div><h4>Classificaci\u00f3 actual<\/h4><table class=\"widefat striped\"><tr><th>Superdomain<\/th><td><a target=\"_blank\" href=\"https:\/\/www.marinespecies.org\/aphia.php?p=taxdetails&id=1\">Biota<\/a><\/td><\/tr><tr><th>Kingdom<\/th><td><a target=\"_blank\" href=\"https:\/\/www.marinespecies.org\/aphia.php?p=taxdetails&id=2\">Animalia<\/a><\/td><\/tr><tr><th>Phylum<\/th><td><a target=\"_blank\" href=\"https:\/\/www.marinespecies.org\/aphia.php?p=taxdetails&id=51\">Mollusca<\/a><\/td><\/tr><tr><th>Class<\/th><td><a target=\"_blank\" href=\"https:\/\/www.marinespecies.org\/aphia.php?p=taxdetails&id=101\">Gastropoda<\/a><\/td><\/tr><tr><th>Subclass<\/th><td><a target=\"_blank\" href=\"https:\/\/www.marinespecies.org\/aphia.php?p=taxdetails&id=14712\">Heterobranchia<\/a><\/td><\/tr><tr><th>Infraclass<\/th><td><a target=\"_blank\" href=\"https:\/\/www.marinespecies.org\/aphia.php?p=taxdetails&id=1057247\">Euthyneura<\/a><\/td><\/tr><tr><th>Subterclass<\/th><td><a target=\"_blank\" href=\"https:\/\/www.marinespecies.org\/aphia.php?p=taxdetails&id=1057249\">Ringipleura<\/a><\/td><\/tr><tr><th>Superorder<\/th><td><a target=\"_blank\" href=\"https:\/\/www.marinespecies.org\/aphia.php?p=taxdetails&id=411966\">Nudipleura<\/a><\/td><\/tr><tr><th>Order<\/th><td><a target=\"_blank\" href=\"https:\/\/www.marinespecies.org\/aphia.php?p=taxdetails&id=1762\">Nudibranchia<\/a><\/td><\/tr><tr><th>Suborder<\/th><td><a target=\"_blank\" href=\"https:\/\/www.marinespecies.org\/aphia.php?p=taxdetails&id=827889\">Cladobranchia<\/a><\/td><\/tr><tr><th>Superfamily<\/th><td><a target=\"_blank\" href=\"https:\/\/www.marinespecies.org\/aphia.php?p=taxdetails&id=189\">Aeolidioidea<\/a><\/td><\/tr><tr><th>Family<\/th><td><a target=\"_blank\" href=\"https:\/\/www.marinespecies.org\/aphia.php?p=taxdetails&id=191\">Facelinidae<\/a><\/td><\/tr><tr><th>Genus<\/th><td><a target=\"_blank\" href=\"https:\/\/www.marinespecies.org\/aphia.php?p=taxdetails&id=138006\"><em>Favorinus<\/em><\/a><\/td><\/tr><tr><th>Species<\/th><td><a target=\"_blank\" href=\"https:\/\/www.marinespecies.org\/aphia.php?p=taxdetails&id=139940\"><em>Favorinus branchialis<\/em> (Rathke, 1806)<\/a><\/td><\/tr><\/table><p class=\"footer\">Classificaci\u00f3 proporcionada pel World Register of Marine Species (WoRMS). [<a target=\"_blank\" href=\"https:\/\/www.marinespecies.org\/aphia.php?p=taxdetails&id=139940\">139940<\/a>]<\/p><\/div><strong>Sin\u00f2nims<\/strong><\/p>\n<ul>\n<li><strong><i>Doris branchialis<\/i>\u00a0Rathke, 1806\u00a0(original)<\/strong><\/li>\n<li><i>Eolidia rusconii<\/i>\u00a0V\u00e9rany, 1846<\/li>\n<li><i>Eolis alba<\/i>\u00a0Alder &amp; Hancock, 1844<\/li>\n<li><i>Eolis carnea<\/i>\u00a0Alder &amp; Hancock, 1854<\/li>\n<li><i>Favorinus albidus<\/i>\u00a0Iredale &amp; O&#8217;Donoghue, 1923<\/li>\n<li><i>Flabellina versicolor<\/i>\u00a0Costa A., 1866<\/li>\n<li><i>Matharena oxycantha<\/i>\u00a0Bergh in M\u00f6rch, 1871<\/li>\n<\/ul>\n<p><strong>Descripci\u00f3<br \/>\n<\/strong>Els exemplars m\u00e9s grans d&#8217;aquesta esp\u00e8cie poden arribar a mesurar una mica m\u00e9s de 20 mm de longitud per\u00f2 en general la talla mitjana oscil\u00b7la al voltant dels 10 mm. El cos \u00e9s transparent per\u00f2 les v\u00edsceres internes solen estar emmascarades per una fina puntuaci\u00f3 blanc opaca que va des del cap a la resta del dors. Aquesta pigmentaci\u00f3 blanc opaca forma una banda que alternativament s&#8217;eixampla a l&#8217;altura de cada grup de cerata i s&#8217;estreny entre ells. No obstant aix\u00f2, la coloraci\u00f3 pot variar lleugerament segons la grand\u00e0ria i l&#8217;alimentaci\u00f3 dels exemplars. Els tentacles orals s\u00f3n fins i transl\u00facids i amb l&#8217;extrem blanquin\u00f3s. Els rin\u00f2fors s\u00f3n amples en la seva base i tenen una globulositat subapical molt caracter\u00edstica; el color dels rin\u00f2fors \u00e9s marr\u00f3 fins a la globulositat i des d&#8217;aquesta fins a l&#8217;\u00e0pex s\u00f3n groguencs. Els cerata es presenten en 4-5 grups a cada costat del cos; s\u00f3n relativament curts i estan corbats cap a l&#8217;interior del cos i segons els exemplars poden estar gaireb\u00e9 completament coberts de pigment blanc opac o b\u00e9 tenir nom\u00e9s petites taques blanques superficials sota les quals es pot observar la gl\u00e0ndula digestiva de color marr\u00f3. Pot haver-hi tamb\u00e9 una banda subapical marr\u00f3 en cada cerata mentre que l&#8217;\u00e0pex \u00e9s transparent. En el peu s\u2019observen en la part \u00a0anterior un parell de curts palps propodials.<\/p>\n<p><strong>Biologia<br \/>\n<\/strong>Es tracta d&#8217;una esp\u00e8cie que s&#8217;alimenta de diferents esp\u00e8cies de hidrozous com <em>Obelia geniculata <\/em>i<em> Sertularia sp<\/em>. per\u00f2 principalment menja postes d&#8217;altres opistobranquis com <em>Placida dendr\u00edtica, Elysia viridis, Aplysia fasciata, Tylodina perversa, Platydoris argo i Felimida (= Hypselodoris) tricolor<\/em> entre d\u2019 altres. Per aquest motiu no \u00e9s extrany trobar exemplars de <em>F. branchialis<\/em> perfectament mimetitzats entre les postes d\u2019opistobranquis. La posta \u00e9s una espiral plana amb nombrosos (fins a 20.000) ous de color blanc i d&#8217;unes 50-70 micres de di\u00e0metre.<\/p>\n<p><strong>Etimologia<\/strong><\/p>\n<ul>\n<li><em style=\"background-color: transparent;\">Favorinus.\u00a0<\/em><span style=\"background-color: transparent;\">Possiblement dedicat al fil\u00f2sof gal-rom\u00e0 Favorinus de Arles (80-160) sofista, enemic de l&#8217;estoicisme; nom\u00e9s es coneixen fragments de la seva obra.<\/span><\/li>\n<li><em>Branchialis<\/em> &#8211; de &#8220;branchia&#8221; = br\u00e0nquies<\/li>\n<\/ul>\n<p><strong>Distribuci\u00f3<br \/>\n<\/strong><em>F. branchialis<\/em> habita en totes les costes atl\u00e0ntiques europees des de Noruega fins a la Pen\u00ednsula Ib\u00e8rica, tamb\u00e9 a Can\u00e0ries, les A\u00e7ores, Madeira, costes del Marroc i l\u2019arxip\u00e8lag de Cap Verd. \u00c9s una esp\u00e8cie relativament freq\u00fcent en el Mediterrani occidental. En la Pen\u00ednsula Ib\u00e8rica ha estat citada en totes les \u00e0rees costaneres tant atl\u00e0ntiques com a mediterr\u00e0nies. Hi ha algunes cites de la seva pres\u00e8ncia en l&#8217;Atl\u00e0ntic occidental (costes de Florida, Carib i costa del Brasil) que caldria confirmar. En les costes catalanes s&#8217;ha observat a Cadaqu\u00e9s, Begur, Llafranc, Tossa de Mar, Blanes, a l&#8217;interior del port de Vallcarca (Garraf), Sitges i Cubelles. <div id=\"flxmap-6a9a6b2d5c87c\" class='flxmap-container' data-flxmap='flxmap_6a9a6b2d5c87c' style=\"width:100%;height:400px;\"><\/div>\n<script data-noptimize=\"1\">\n\/* <![CDATA[ *\/\n(function(w, fn) {\n if (w.addEventListener) w.addEventListener(\"DOMContentLoaded\", fn, false);\n else if (w.attachEvent) w.attachEvent(\"onload\", fn);\n})(window, function() {\n var f = new FlexibleMap();\n f.panControl = true;\n f.mapTypeId = \"satellite\";\n f.setlocale(\"ca-ES\");\n f.kmlcache = \"5 minutes\";\n f.showKML(\"flxmap-6a9a6b2d5c87c\", \"https:\/\/opistobranquis.info\/wp-content\/uploads\/kms\/613.kmz\");\n window.flxmap_6a9a6b2d5c87c = f;\n});\n\/* ]]> *\/\n<\/script>\n<div style=\"width:100%;text-align:center;margin:12px 0 4px 0;\">\n  <div style=\"font-size:8pt;margin-bottom:6px;\">Cites georeferenciades conegudes de l'esp\u00e8cie: <em>Favorinus branchialis<\/em><\/div>\n  <table style=\"margin:0 auto;border-collapse:collapse;font-size:8pt;\">\n    <tr><td colspan=\"2\" style=\"text-align:left;padding-bottom:4px;\"><strong>Fonts:<\/strong><\/td><\/tr>\n    <tr>\n      <td style=\"vertical-align:top;padding-right:40px;\">\n        <table style=\"border-collapse:collapse;\">\n<tr><td style='padding:1px 6px 1px 0;vertical-align:middle'><img data-recalc-dims=\"1\" src=\"https:\/\/i0.wp.com\/opistobranquis.info\/wp-content\/uploads\/kms\/wht-circle-lv.png?w=900&#038;ssl=1\" style='display:block'><\/td><td style='padding:1px 0;vertical-align:middle;white-space:nowrap'>OBIS<\/td><\/tr><tr><td style='padding:1px 6px 1px 0;vertical-align:middle'><img data-recalc-dims=\"1\" src=\"https:\/\/i0.wp.com\/opistobranquis.info\/wp-content\/uploads\/kms\/ylw-circle-lv.png?w=900&#038;ssl=1\" style='display:block'><\/td><td style='padding:1px 0;vertical-align:middle;white-space:nowrap'>GROC 2010-2011<\/td><\/tr><tr><td style='padding:1px 6px 1px 0;vertical-align:middle'><img data-recalc-dims=\"1\" src=\"https:\/\/i0.wp.com\/opistobranquis.info\/wp-content\/uploads\/kms\/grn-circle-lv.png?w=900&#038;ssl=1\" style='display:block'><\/td><td style='padding:1px 0;vertical-align:middle;white-space:nowrap'>Enric Madrenas<\/td><\/tr><tr><td style='padding:1px 6px 1px 0;vertical-align:middle'><img data-recalc-dims=\"1\" src=\"https:\/\/i0.wp.com\/opistobranquis.info\/wp-content\/uploads\/kms\/orange-circle-lv.png?w=900&#038;ssl=1\" style='display:block'><\/td><td style='padding:1px 0;vertical-align:middle;white-space:nowrap'>Jo\u00e3o Pedro Silva<\/td><\/tr><tr><td style='padding:1px 6px 1px 0;vertical-align:middle'><img data-recalc-dims=\"1\" src=\"https:\/\/i0.wp.com\/opistobranquis.info\/wp-content\/uploads\/kms\/pink-circle-lv.png?w=900&#038;ssl=1\" style='display:block'><\/td><td style='padding:1px 0;vertical-align:middle;white-space:nowrap'>Bernard Picton<\/td><\/tr><tr><td style='padding:1px 6px 1px 0;vertical-align:middle'><img data-recalc-dims=\"1\" src=\"https:\/\/i0.wp.com\/opistobranquis.info\/wp-content\/uploads\/kms\/blk-circle-lv.png?w=900&#038;ssl=1\" style='display:block'><\/td><td style='padding:1px 0;vertical-align:middle;white-space:nowrap'>GBIF<\/td><\/tr>        <\/table>\n      <\/td>\n      <td style=\"vertical-align:top;\">\n        <table style=\"border-collapse:collapse;\">\n<tr><td style='padding:1px 6px 1px 0;vertical-align:middle'><img data-recalc-dims=\"1\" src=\"https:\/\/i0.wp.com\/opistobranquis.info\/wp-content\/uploads\/kms\/purple-circle-lv.png?w=900&#038;ssl=1\" style='display:block'><\/td><td style='padding:1px 0;vertical-align:middle;white-space:nowrap'>OPK<\/td><\/tr><tr><td style='padding:1px 6px 1px 0;vertical-align:middle'><img data-recalc-dims=\"1\" src=\"https:\/\/i0.wp.com\/opistobranquis.info\/wp-content\/uploads\/kms\/red-circle-lv.png?w=900&#038;ssl=1\" style='display:block'><\/td><td style='padding:1px 0;vertical-align:middle;white-space:nowrap'>VIMAR<\/td><\/tr><tr><td style='padding:1px 6px 1px 0;vertical-align:middle'><img data-recalc-dims=\"1\" src=\"https:\/\/i0.wp.com\/opistobranquis.info\/wp-content\/uploads\/kms\/blu-circle-lv.png?w=900&#038;ssl=1\" style='display:block'><\/td><td style='padding:1px 0;vertical-align:middle;white-space:nowrap'>Manuel Ballesteros<\/td><\/tr><tr><td style='padding:1px 6px 1px 0;vertical-align:middle'><img data-recalc-dims=\"1\" src=\"https:\/\/i0.wp.com\/opistobranquis.info\/wp-content\/uploads\/kms\/cyan-circle-lv.png?w=900&#038;ssl=1\" style='display:block'><\/td><td style='padding:1px 0;vertical-align:middle;white-space:nowrap'>M@re Nostrum<\/td><\/tr><tr><td style='padding:1px 6px 1px 0;vertical-align:middle'><img data-recalc-dims=\"1\" src=\"https:\/\/i0.wp.com\/opistobranquis.info\/wp-content\/uploads\/kms\/grey-circle-lv.png?w=900&#038;ssl=1\" style='display:block'><\/td><td style='padding:1px 0;vertical-align:middle;white-space:nowrap'>Altres fonts<\/td><\/tr><tr><td style='padding:1px 6px 1px 0;vertical-align:middle'><img data-recalc-dims=\"1\" src=\"https:\/\/i0.wp.com\/opistobranquis.info\/wp-content\/uploads\/kms\/marreg.png?w=900&#038;ssl=1\" style='display:block'><\/td><td style='padding:1px 0;vertical-align:middle;white-space:nowrap'>Marine Regions<\/td><\/tr>        <\/table>\n      <\/td>\n    <\/tr>\n  <\/table>\n<\/div>\n<\/p>\n<p><strong>Esp\u00e8cies semblants<br \/>\n<\/strong><a href=\"https:\/\/opistobranquis.info\/guia\/nudibranchia\/cladobranchia\/aeolidioidea\/facelina-rubrovittata\/\"><em>Facelina rubrovittata<\/em><\/a>, cos estret, transl\u00facid, puntejat de marr\u00f3 amb l\u00ednies ataronjades longitudinals al dors i costats. Rin\u00f2fors amb 4-5 eixamplaments anulars. Cerata marrons, fins i corbats cap al centre del cos.<\/p>\n<p><strong>Error:<\/strong> Chart.js no est\u00e1 disponible.<\/p>\n<p><strong>Videos<\/strong><\/p>\n<p><iframe loading=\"lazy\" src=\"https:\/\/player.vimeo.com\/video\/406782486?h=1e9bae62a2&amp;dnt=1&amp;app_id=122963\" width=\"900\" height=\"506\" frameborder=\"0\" allow=\"autoplay; fullscreen; picture-in-picture\" allowfullscreen><\/iframe><\/p>\n<p><iframe loading=\"lazy\" title=\"Favorinus branchialis - Etang de Thau\" width=\"900\" height=\"506\" src=\"https:\/\/www.youtube.com\/embed\/GT7wHKNRrJc?feature=oembed\" frameborder=\"0\" allow=\"accelerometer; autoplay; clipboard-write; encrypted-media; gyroscope; picture-in-picture\" allowfullscreen><\/iframe><\/p>\n<p>&nbsp;<\/p>\n<p><strong>Altres fotos<br \/>\n<\/strong><div class=\"tiled-gallery type-rectangular tiled-gallery-unresized\" data-original-width=\"900\" data-carousel-extra='{&quot;blog_id&quot;:1,&quot;permalink&quot;:&quot;https:\\\/\\\/opistobranquis.info\\\/ca\\\/guia\\\/nudibranchia\\\/cladobranchia\\\/aeolidioidea\\\/facelinidae\\\/favorinus-branchialis\\\/&quot;,&quot;likes_blog_id&quot;:44192421}' itemscope itemtype=\"http:\/\/schema.org\/ImageGallery\" > <div class=\"gallery-row\" style=\"width: 900px; height: 413px;\" data-original-width=\"900\" data-original-height=\"413\" > <div class=\"gallery-group images-2\" style=\"width: 281px; height: 413px;\" data-original-width=\"281\" data-original-height=\"413\" > <div class=\"tiled-gallery-item tiled-gallery-item-large\" itemprop=\"associatedMedia\" itemscope itemtype=\"http:\/\/schema.org\/ImageObject\"> <a href=\"https:\/\/opistobranquis.info\/ca\/guia\/nudibranchia\/cladobranchia\/aeolidioidea\/facelinidae\/favorinus-branchialis\/favorinus-branchialis-02\/\" border=\"0\" itemprop=\"url\"> <meta itemprop=\"width\" content=\"277\"> <meta itemprop=\"height\" content=\"210\"> <img decoding=\"async\" class=\"\" data-attachment-id=\"4514\" data-orig-file=\"https:\/\/opistobranquis.info\/wp-content\/uploads\/2012\/12\/favorinus-branchialis-02.jpg\" data-orig-size=\"812,614\" data-comments-opened=\"\" data-image-title=\"Favorinus branchialis by Enric Madrenas\" data-image-description=\"&lt;p&gt;Favorinus branchialis by Enric Madrenas&lt;\/p&gt; \" data-medium-file=\"https:\/\/i0.wp.com\/opistobranquis.info\/wp-content\/uploads\/2012\/12\/favorinus-branchialis-02.jpg?fit=300%2C226&#038;ssl=1\" data-large-file=\"https:\/\/i0.wp.com\/opistobranquis.info\/wp-content\/uploads\/2012\/12\/favorinus-branchialis-02.jpg?fit=812%2C614&#038;ssl=1\" src=\"https:\/\/i0.wp.com\/opistobranquis.info\/wp-content\/uploads\/2012\/12\/favorinus-branchialis-02.jpg?w=277&#038;h=210&#038;ssl=1\" srcset=\"https:\/\/i0.wp.com\/opistobranquis.info\/wp-content\/uploads\/2012\/12\/favorinus-branchialis-02.jpg?w=812&amp;ssl=1 812w, https:\/\/i0.wp.com\/opistobranquis.info\/wp-content\/uploads\/2012\/12\/favorinus-branchialis-02.jpg?resize=300%2C226&amp;ssl=1 300w\" width=\"277\" height=\"210\" loading=\"lazy\" data-original-width=\"277\" data-original-height=\"210\" itemprop=\"http:\/\/schema.org\/image\" title=\"Favorinus branchialis by Enric Madrenas\" alt=\"Favorinus branchialis by Enric Madrenas\" style=\"width: 277px; height: 210px;\" \/> <\/a> <div class=\"tiled-gallery-caption\" itemprop=\"caption description\"> Favorinus branchialis by Enric Madrenas <\/div> <\/div> <div class=\"tiled-gallery-item tiled-gallery-item-large\" itemprop=\"associatedMedia\" itemscope itemtype=\"http:\/\/schema.org\/ImageObject\"> <a href=\"https:\/\/opistobranquis.info\/ca\/guia\/nudibranchia\/cladobranchia\/aeolidioidea\/facelinidae\/favorinus-branchialis\/favorinus-branchialis-04\/\" border=\"0\" itemprop=\"url\"> <meta itemprop=\"width\" content=\"277\"> <meta itemprop=\"height\" content=\"195\"> <img decoding=\"async\" class=\"\" data-attachment-id=\"4515\" data-orig-file=\"https:\/\/opistobranquis.info\/wp-content\/uploads\/2012\/12\/favorinus-branchialis-04.jpg\" data-orig-size=\"814,574\" data-comments-opened=\"\" data-image-title=\"Favorinus branchialis by Enric Madrenas\" data-image-description=\"&lt;p&gt;Favorinus branchialis by Enric Madrenas&lt;\/p&gt; \" data-medium-file=\"https:\/\/i0.wp.com\/opistobranquis.info\/wp-content\/uploads\/2012\/12\/favorinus-branchialis-04.jpg?fit=300%2C211&#038;ssl=1\" data-large-file=\"https:\/\/i0.wp.com\/opistobranquis.info\/wp-content\/uploads\/2012\/12\/favorinus-branchialis-04.jpg?fit=814%2C574&#038;ssl=1\" src=\"https:\/\/i0.wp.com\/opistobranquis.info\/wp-content\/uploads\/2012\/12\/favorinus-branchialis-04.jpg?w=277&#038;h=195&#038;ssl=1\" srcset=\"https:\/\/i0.wp.com\/opistobranquis.info\/wp-content\/uploads\/2012\/12\/favorinus-branchialis-04.jpg?w=814&amp;ssl=1 814w, https:\/\/i0.wp.com\/opistobranquis.info\/wp-content\/uploads\/2012\/12\/favorinus-branchialis-04.jpg?resize=300%2C211&amp;ssl=1 300w\" width=\"277\" height=\"195\" loading=\"lazy\" data-original-width=\"277\" data-original-height=\"195\" itemprop=\"http:\/\/schema.org\/image\" title=\"Favorinus branchialis by Enric Madrenas\" alt=\"Favorinus branchialis by Enric Madrenas\" style=\"width: 277px; height: 195px;\" \/> <\/a> <div class=\"tiled-gallery-caption\" itemprop=\"caption description\"> Favorinus branchialis by Enric Madrenas <\/div> <\/div> <\/div> <!-- close group --> <div class=\"gallery-group images-1\" style=\"width: 314px; height: 413px;\" data-original-width=\"314\" data-original-height=\"413\" > <div class=\"tiled-gallery-item tiled-gallery-item-large\" itemprop=\"associatedMedia\" itemscope itemtype=\"http:\/\/schema.org\/ImageObject\"> <a href=\"https:\/\/opistobranquis.info\/ca\/guia\/nudibranchia\/cladobranchia\/aeolidioidea\/facelinidae\/favorinus-branchialis\/favorinus-branchialis-08\/\" border=\"0\" itemprop=\"url\"> <meta itemprop=\"width\" content=\"310\"> <meta itemprop=\"height\" content=\"409\"> <img decoding=\"async\" class=\"\" data-attachment-id=\"4516\" data-orig-file=\"https:\/\/opistobranquis.info\/wp-content\/uploads\/2012\/12\/favorinus-branchialis-08.jpg\" data-orig-size=\"465,614\" data-comments-opened=\"\" data-image-title=\"Favorinus branchialis by Enric Madrenas\" data-image-description=\"&lt;p&gt;Favorinus branchialis by Enric Madrenas&lt;\/p&gt; \" data-medium-file=\"https:\/\/i0.wp.com\/opistobranquis.info\/wp-content\/uploads\/2012\/12\/favorinus-branchialis-08.jpg?fit=227%2C300&#038;ssl=1\" data-large-file=\"https:\/\/i0.wp.com\/opistobranquis.info\/wp-content\/uploads\/2012\/12\/favorinus-branchialis-08.jpg?fit=465%2C614&#038;ssl=1\" src=\"https:\/\/i0.wp.com\/opistobranquis.info\/wp-content\/uploads\/2012\/12\/favorinus-branchialis-08.jpg?w=310&#038;h=409&#038;ssl=1\" srcset=\"https:\/\/i0.wp.com\/opistobranquis.info\/wp-content\/uploads\/2012\/12\/favorinus-branchialis-08.jpg?w=465&amp;ssl=1 465w, https:\/\/i0.wp.com\/opistobranquis.info\/wp-content\/uploads\/2012\/12\/favorinus-branchialis-08.jpg?resize=227%2C300&amp;ssl=1 227w\" width=\"310\" height=\"409\" loading=\"lazy\" data-original-width=\"310\" data-original-height=\"409\" itemprop=\"http:\/\/schema.org\/image\" title=\"Favorinus branchialis by Enric Madrenas\" alt=\"Favorinus branchialis by Enric Madrenas\" style=\"width: 310px; height: 409px;\" \/> <\/a> <div class=\"tiled-gallery-caption\" itemprop=\"caption description\"> Favorinus branchialis by Enric Madrenas <\/div> <\/div> <\/div> <!-- close group --> <div class=\"gallery-group images-2\" style=\"width: 305px; height: 413px;\" data-original-width=\"305\" data-original-height=\"413\" > <div class=\"tiled-gallery-item tiled-gallery-item-large\" itemprop=\"associatedMedia\" itemscope itemtype=\"http:\/\/schema.org\/ImageObject\"> <a href=\"https:\/\/opistobranquis.info\/ca\/guia\/nudibranchia\/cladobranchia\/aeolidioidea\/facelinidae\/favorinus-branchialis\/favorinus-branchialis-10\/\" border=\"0\" itemprop=\"url\"> <meta itemprop=\"width\" content=\"301\"> <meta itemprop=\"height\" content=\"203\"> <img decoding=\"async\" class=\"\" data-attachment-id=\"4517\" data-orig-file=\"https:\/\/opistobranquis.info\/wp-content\/uploads\/2012\/12\/favorinus-branchialis-10.jpg\" data-orig-size=\"814,549\" data-comments-opened=\"\" data-image-title=\"Favorinus branchialis by Enric Madrenas\" data-image-description=\"&lt;p&gt;Favorinus branchialis by Enric Madrenas&lt;\/p&gt; \" data-medium-file=\"https:\/\/i0.wp.com\/opistobranquis.info\/wp-content\/uploads\/2012\/12\/favorinus-branchialis-10.jpg?fit=300%2C202&#038;ssl=1\" data-large-file=\"https:\/\/i0.wp.com\/opistobranquis.info\/wp-content\/uploads\/2012\/12\/favorinus-branchialis-10.jpg?fit=814%2C549&#038;ssl=1\" src=\"https:\/\/i0.wp.com\/opistobranquis.info\/wp-content\/uploads\/2012\/12\/favorinus-branchialis-10.jpg?w=301&#038;h=203&#038;ssl=1\" srcset=\"https:\/\/i0.wp.com\/opistobranquis.info\/wp-content\/uploads\/2012\/12\/favorinus-branchialis-10.jpg?w=814&amp;ssl=1 814w, https:\/\/i0.wp.com\/opistobranquis.info\/wp-content\/uploads\/2012\/12\/favorinus-branchialis-10.jpg?resize=300%2C202&amp;ssl=1 300w\" width=\"301\" height=\"203\" loading=\"lazy\" data-original-width=\"301\" data-original-height=\"203\" itemprop=\"http:\/\/schema.org\/image\" title=\"Favorinus branchialis by Enric Madrenas\" alt=\"Favorinus branchialis by Enric Madrenas\" style=\"width: 301px; height: 203px;\" \/> <\/a> <div class=\"tiled-gallery-caption\" itemprop=\"caption description\"> Favorinus branchialis by Enric Madrenas <\/div> <\/div> <div class=\"tiled-gallery-item tiled-gallery-item-large\" itemprop=\"associatedMedia\" itemscope itemtype=\"http:\/\/schema.org\/ImageObject\"> <a href=\"https:\/\/opistobranquis.info\/ca\/guia\/nudibranchia\/cladobranchia\/aeolidioidea\/facelinidae\/favorinus-branchialis\/favorinus-branchialis-11\/\" border=\"0\" itemprop=\"url\"> <meta itemprop=\"width\" content=\"301\"> <meta itemprop=\"height\" content=\"202\"> <img decoding=\"async\" class=\"\" data-attachment-id=\"4518\" data-orig-file=\"https:\/\/opistobranquis.info\/wp-content\/uploads\/2012\/12\/favorinus-branchialis-11.jpg\" data-orig-size=\"814,546\" data-comments-opened=\"\" data-image-title=\"Favorinus branchialis by Enric Madrenas\" data-image-description=\"&lt;p&gt;Favorinus branchialis by Enric Madrenas&lt;\/p&gt; \" data-medium-file=\"https:\/\/i0.wp.com\/opistobranquis.info\/wp-content\/uploads\/2012\/12\/favorinus-branchialis-11.jpg?fit=300%2C201&#038;ssl=1\" data-large-file=\"https:\/\/i0.wp.com\/opistobranquis.info\/wp-content\/uploads\/2012\/12\/favorinus-branchialis-11.jpg?fit=814%2C546&#038;ssl=1\" src=\"https:\/\/i0.wp.com\/opistobranquis.info\/wp-content\/uploads\/2012\/12\/favorinus-branchialis-11.jpg?w=301&#038;h=202&#038;ssl=1\" srcset=\"https:\/\/i0.wp.com\/opistobranquis.info\/wp-content\/uploads\/2012\/12\/favorinus-branchialis-11.jpg?w=814&amp;ssl=1 814w, https:\/\/i0.wp.com\/opistobranquis.info\/wp-content\/uploads\/2012\/12\/favorinus-branchialis-11.jpg?resize=300%2C201&amp;ssl=1 300w\" width=\"301\" height=\"202\" loading=\"lazy\" data-original-width=\"301\" data-original-height=\"202\" itemprop=\"http:\/\/schema.org\/image\" title=\"Favorinus branchialis by Enric Madrenas\" alt=\"Favorinus branchialis by Enric Madrenas\" style=\"width: 301px; height: 202px;\" \/> <\/a> <div class=\"tiled-gallery-caption\" itemprop=\"caption description\"> Favorinus branchialis by Enric Madrenas <\/div> <\/div> <\/div> <!-- close group --> <\/div> <!-- close row --> <div class=\"gallery-row\" style=\"width: 900px; height: 432px;\" data-original-width=\"900\" data-original-height=\"432\" > <div class=\"gallery-group images-1\" style=\"width: 293px; height: 432px;\" data-original-width=\"293\" data-original-height=\"432\" > <div class=\"tiled-gallery-item tiled-gallery-item-large\" itemprop=\"associatedMedia\" itemscope itemtype=\"http:\/\/schema.org\/ImageObject\"> <a href=\"https:\/\/opistobranquis.info\/ca\/guia\/nudibranchia\/cladobranchia\/aeolidioidea\/facelinidae\/favorinus-branchialis\/favorinus-branchialis-12\/\" border=\"0\" itemprop=\"url\"> <meta itemprop=\"width\" content=\"289\"> <meta itemprop=\"height\" content=\"428\"> <img decoding=\"async\" class=\"\" data-attachment-id=\"4519\" data-orig-file=\"https:\/\/opistobranquis.info\/wp-content\/uploads\/2012\/12\/favorinus-branchialis-12.jpg\" data-orig-size=\"415,614\" data-comments-opened=\"\" data-image-title=\"Favorinus branchialis by Enric Madrenas\" data-image-description=\"&lt;p&gt;Favorinus branchialis by Enric Madrenas&lt;\/p&gt; \" data-medium-file=\"https:\/\/i0.wp.com\/opistobranquis.info\/wp-content\/uploads\/2012\/12\/favorinus-branchialis-12.jpg?fit=202%2C300&#038;ssl=1\" data-large-file=\"https:\/\/i0.wp.com\/opistobranquis.info\/wp-content\/uploads\/2012\/12\/favorinus-branchialis-12.jpg?fit=415%2C614&#038;ssl=1\" src=\"https:\/\/i0.wp.com\/opistobranquis.info\/wp-content\/uploads\/2012\/12\/favorinus-branchialis-12.jpg?w=289&#038;h=428&#038;ssl=1\" srcset=\"https:\/\/i0.wp.com\/opistobranquis.info\/wp-content\/uploads\/2012\/12\/favorinus-branchialis-12.jpg?w=415&amp;ssl=1 415w, https:\/\/i0.wp.com\/opistobranquis.info\/wp-content\/uploads\/2012\/12\/favorinus-branchialis-12.jpg?resize=202%2C300&amp;ssl=1 202w\" width=\"289\" height=\"428\" loading=\"lazy\" data-original-width=\"289\" data-original-height=\"428\" itemprop=\"http:\/\/schema.org\/image\" title=\"Favorinus branchialis by Enric Madrenas\" alt=\"Favorinus branchialis by Enric Madrenas\" style=\"width: 289px; height: 428px;\" \/> <\/a> <div class=\"tiled-gallery-caption\" itemprop=\"caption description\"> Favorinus branchialis by Enric Madrenas <\/div> <\/div> <\/div> <!-- close group --> <div class=\"gallery-group images-2\" style=\"width: 313px; height: 432px;\" data-original-width=\"313\" data-original-height=\"432\" > <div class=\"tiled-gallery-item tiled-gallery-item-large\" itemprop=\"associatedMedia\" itemscope itemtype=\"http:\/\/schema.org\/ImageObject\"> <a href=\"https:\/\/opistobranquis.info\/ca\/guia\/nudibranchia\/cladobranchia\/aeolidioidea\/facelinidae\/favorinus-branchialis\/favorinus-branchialis-14\/\" border=\"0\" itemprop=\"url\"> <meta itemprop=\"width\" content=\"309\"> <meta itemprop=\"height\" content=\"209\"> <img decoding=\"async\" class=\"\" data-attachment-id=\"4520\" data-orig-file=\"https:\/\/opistobranquis.info\/wp-content\/uploads\/2012\/12\/favorinus-branchialis-14.jpg\" data-orig-size=\"814,549\" data-comments-opened=\"\" data-image-title=\"Favorinus branchialis by Enric Madrenas\" data-image-description=\"&lt;p&gt;Favorinus branchialis by Enric Madrenas&lt;\/p&gt; \" data-medium-file=\"https:\/\/i0.wp.com\/opistobranquis.info\/wp-content\/uploads\/2012\/12\/favorinus-branchialis-14.jpg?fit=300%2C202&#038;ssl=1\" data-large-file=\"https:\/\/i0.wp.com\/opistobranquis.info\/wp-content\/uploads\/2012\/12\/favorinus-branchialis-14.jpg?fit=814%2C549&#038;ssl=1\" src=\"https:\/\/i0.wp.com\/opistobranquis.info\/wp-content\/uploads\/2012\/12\/favorinus-branchialis-14.jpg?w=309&#038;h=209&#038;ssl=1\" srcset=\"https:\/\/i0.wp.com\/opistobranquis.info\/wp-content\/uploads\/2012\/12\/favorinus-branchialis-14.jpg?w=814&amp;ssl=1 814w, https:\/\/i0.wp.com\/opistobranquis.info\/wp-content\/uploads\/2012\/12\/favorinus-branchialis-14.jpg?resize=300%2C202&amp;ssl=1 300w\" width=\"309\" height=\"209\" loading=\"lazy\" data-original-width=\"309\" data-original-height=\"209\" itemprop=\"http:\/\/schema.org\/image\" title=\"Favorinus branchialis by Enric Madrenas\" alt=\"Favorinus branchialis by Enric Madrenas\" style=\"width: 309px; height: 209px;\" \/> <\/a> <div class=\"tiled-gallery-caption\" itemprop=\"caption description\"> Favorinus branchialis by Enric Madrenas <\/div> <\/div> <div class=\"tiled-gallery-item tiled-gallery-item-large\" itemprop=\"associatedMedia\" itemscope itemtype=\"http:\/\/schema.org\/ImageObject\"> <a href=\"https:\/\/opistobranquis.info\/ca\/guia\/nudibranchia\/cladobranchia\/aeolidioidea\/facelinidae\/favorinus-branchialis\/favorinus-branchialis-18\/\" border=\"0\" itemprop=\"url\"> <meta itemprop=\"width\" content=\"309\"> <meta itemprop=\"height\" content=\"215\"> <img decoding=\"async\" class=\"\" data-attachment-id=\"4521\" data-orig-file=\"https:\/\/opistobranquis.info\/wp-content\/uploads\/2012\/12\/favorinus-branchialis-18.jpg\" data-orig-size=\"814,566\" data-comments-opened=\"\" data-image-title=\"Favorinus branchialis by Enric Madrenas\" data-image-description=\"&lt;p&gt;Favorinus branchialis by Enric Madrenas&lt;\/p&gt; \" data-medium-file=\"https:\/\/i0.wp.com\/opistobranquis.info\/wp-content\/uploads\/2012\/12\/favorinus-branchialis-18.jpg?fit=300%2C208&#038;ssl=1\" data-large-file=\"https:\/\/i0.wp.com\/opistobranquis.info\/wp-content\/uploads\/2012\/12\/favorinus-branchialis-18.jpg?fit=814%2C566&#038;ssl=1\" src=\"https:\/\/i0.wp.com\/opistobranquis.info\/wp-content\/uploads\/2012\/12\/favorinus-branchialis-18.jpg?w=309&#038;h=215&#038;ssl=1\" srcset=\"https:\/\/i0.wp.com\/opistobranquis.info\/wp-content\/uploads\/2012\/12\/favorinus-branchialis-18.jpg?w=814&amp;ssl=1 814w, https:\/\/i0.wp.com\/opistobranquis.info\/wp-content\/uploads\/2012\/12\/favorinus-branchialis-18.jpg?resize=300%2C208&amp;ssl=1 300w\" width=\"309\" height=\"215\" loading=\"lazy\" data-original-width=\"309\" data-original-height=\"215\" itemprop=\"http:\/\/schema.org\/image\" title=\"Favorinus branchialis by Enric Madrenas\" alt=\"Favorinus branchialis by Enric Madrenas\" style=\"width: 309px; height: 215px;\" \/> <\/a> <div class=\"tiled-gallery-caption\" itemprop=\"caption description\"> Favorinus branchialis by Enric Madrenas <\/div> <\/div> <\/div> <!-- close group --> <div class=\"gallery-group images-1\" style=\"width: 294px; height: 432px;\" data-original-width=\"294\" data-original-height=\"432\" > <div class=\"tiled-gallery-item tiled-gallery-item-large\" itemprop=\"associatedMedia\" itemscope itemtype=\"http:\/\/schema.org\/ImageObject\"> <a href=\"https:\/\/opistobranquis.info\/ca\/guia\/nudibranchia\/cladobranchia\/aeolidioidea\/facelinidae\/favorinus-branchialis\/favorinus-branchialis-30\/\" border=\"0\" itemprop=\"url\"> <meta itemprop=\"width\" content=\"290\"> <meta itemprop=\"height\" content=\"428\"> <img decoding=\"async\" class=\"\" data-attachment-id=\"4523\" data-orig-file=\"https:\/\/opistobranquis.info\/wp-content\/uploads\/2012\/12\/favorinus-branchialis-30.jpg\" data-orig-size=\"416,614\" data-comments-opened=\"\" data-image-title=\"Favorinus branchialis by Enric Madrenas\" data-image-description=\"&lt;p&gt;Favorinus branchialis by Enric Madrenas&lt;\/p&gt; \" data-medium-file=\"https:\/\/i0.wp.com\/opistobranquis.info\/wp-content\/uploads\/2012\/12\/favorinus-branchialis-30.jpg?fit=203%2C300&#038;ssl=1\" data-large-file=\"https:\/\/i0.wp.com\/opistobranquis.info\/wp-content\/uploads\/2012\/12\/favorinus-branchialis-30.jpg?fit=416%2C614&#038;ssl=1\" src=\"https:\/\/i0.wp.com\/opistobranquis.info\/wp-content\/uploads\/2012\/12\/favorinus-branchialis-30.jpg?w=290&#038;h=428&#038;ssl=1\" srcset=\"https:\/\/i0.wp.com\/opistobranquis.info\/wp-content\/uploads\/2012\/12\/favorinus-branchialis-30.jpg?w=416&amp;ssl=1 416w, https:\/\/i0.wp.com\/opistobranquis.info\/wp-content\/uploads\/2012\/12\/favorinus-branchialis-30.jpg?resize=203%2C300&amp;ssl=1 203w\" width=\"290\" height=\"428\" loading=\"lazy\" data-original-width=\"290\" data-original-height=\"428\" itemprop=\"http:\/\/schema.org\/image\" title=\"Favorinus branchialis by Enric Madrenas\" alt=\"Favorinus branchialis by Enric Madrenas\" style=\"width: 290px; height: 428px;\" \/> <\/a> <div class=\"tiled-gallery-caption\" itemprop=\"caption description\"> Favorinus branchialis by Enric Madrenas <\/div> <\/div> <\/div> <!-- close group --> <\/div> <!-- close row --> <div class=\"gallery-row\" style=\"width: 900px; height: 413px;\" data-original-width=\"900\" data-original-height=\"413\" > <div class=\"gallery-group images-1\" style=\"width: 611px; height: 413px;\" data-original-width=\"611\" data-original-height=\"413\" > <div class=\"tiled-gallery-item tiled-gallery-item-large\" itemprop=\"associatedMedia\" itemscope itemtype=\"http:\/\/schema.org\/ImageObject\"> <a href=\"https:\/\/opistobranquis.info\/ca\/guia\/nudibranchia\/cladobranchia\/aeolidioidea\/facelinidae\/favorinus-branchialis\/favorinus-branchialis-32\/\" border=\"0\" itemprop=\"url\"> <meta itemprop=\"width\" content=\"607\"> <meta itemprop=\"height\" content=\"409\"> <img decoding=\"async\" class=\"\" data-attachment-id=\"4524\" data-orig-file=\"https:\/\/opistobranquis.info\/wp-content\/uploads\/2012\/12\/favorinus-branchialis-32.jpg\" data-orig-size=\"814,549\" data-comments-opened=\"\" data-image-title=\"Favorinus branchialis by Enric Madrenas\" data-image-description=\"&lt;p&gt;Favorinus branchialis by Enric Madrenas&lt;\/p&gt; \" data-medium-file=\"https:\/\/i0.wp.com\/opistobranquis.info\/wp-content\/uploads\/2012\/12\/favorinus-branchialis-32.jpg?fit=300%2C202&#038;ssl=1\" data-large-file=\"https:\/\/i0.wp.com\/opistobranquis.info\/wp-content\/uploads\/2012\/12\/favorinus-branchialis-32.jpg?fit=814%2C549&#038;ssl=1\" src=\"https:\/\/i0.wp.com\/opistobranquis.info\/wp-content\/uploads\/2012\/12\/favorinus-branchialis-32.jpg?w=607&#038;h=409&#038;ssl=1\" srcset=\"https:\/\/i0.wp.com\/opistobranquis.info\/wp-content\/uploads\/2012\/12\/favorinus-branchialis-32.jpg?w=814&amp;ssl=1 814w, https:\/\/i0.wp.com\/opistobranquis.info\/wp-content\/uploads\/2012\/12\/favorinus-branchialis-32.jpg?resize=300%2C202&amp;ssl=1 300w\" width=\"607\" height=\"409\" loading=\"lazy\" data-original-width=\"607\" data-original-height=\"409\" itemprop=\"http:\/\/schema.org\/image\" title=\"Favorinus branchialis by Enric Madrenas\" alt=\"Favorinus branchialis by Enric Madrenas\" style=\"width: 607px; height: 409px;\" \/> <\/a> <div class=\"tiled-gallery-caption\" itemprop=\"caption description\"> Favorinus branchialis by Enric Madrenas <\/div> <\/div> <\/div> <!-- close group --> <div class=\"gallery-group images-2\" style=\"width: 289px; height: 413px;\" data-original-width=\"289\" data-original-height=\"413\" > <div class=\"tiled-gallery-item tiled-gallery-item-large\" itemprop=\"associatedMedia\" itemscope itemtype=\"http:\/\/schema.org\/ImageObject\"> <a href=\"https:\/\/opistobranquis.info\/ca\/guia\/nudibranchia\/cladobranchia\/aeolidioidea\/facelinidae\/favorinus-branchialis\/favorinus-branchialis-37\/\" border=\"0\" itemprop=\"url\"> <meta itemprop=\"width\" content=\"285\"> <meta itemprop=\"height\" content=\"192\"> <img decoding=\"async\" class=\"\" data-attachment-id=\"4525\" data-orig-file=\"https:\/\/opistobranquis.info\/wp-content\/uploads\/2012\/12\/favorinus-branchialis-37.jpg\" data-orig-size=\"814,548\" data-comments-opened=\"\" data-image-title=\"Favorinus branchialis by Enric Madrenas\" data-image-description=\"&lt;p&gt;Favorinus branchialis by Enric Madrenas&lt;\/p&gt; \" data-medium-file=\"https:\/\/i0.wp.com\/opistobranquis.info\/wp-content\/uploads\/2012\/12\/favorinus-branchialis-37.jpg?fit=300%2C201&#038;ssl=1\" data-large-file=\"https:\/\/i0.wp.com\/opistobranquis.info\/wp-content\/uploads\/2012\/12\/favorinus-branchialis-37.jpg?fit=814%2C548&#038;ssl=1\" src=\"https:\/\/i0.wp.com\/opistobranquis.info\/wp-content\/uploads\/2012\/12\/favorinus-branchialis-37.jpg?w=285&#038;h=192&#038;ssl=1\" srcset=\"https:\/\/i0.wp.com\/opistobranquis.info\/wp-content\/uploads\/2012\/12\/favorinus-branchialis-37.jpg?w=814&amp;ssl=1 814w, https:\/\/i0.wp.com\/opistobranquis.info\/wp-content\/uploads\/2012\/12\/favorinus-branchialis-37.jpg?resize=300%2C201&amp;ssl=1 300w\" width=\"285\" height=\"192\" loading=\"lazy\" data-original-width=\"285\" data-original-height=\"192\" itemprop=\"http:\/\/schema.org\/image\" title=\"Favorinus branchialis by Enric Madrenas\" alt=\"Favorinus branchialis by Enric Madrenas\" style=\"width: 285px; height: 192px;\" \/> <\/a> <div class=\"tiled-gallery-caption\" itemprop=\"caption description\"> Favorinus branchialis by Enric Madrenas <\/div> <\/div> <div class=\"tiled-gallery-item tiled-gallery-item-large\" itemprop=\"associatedMedia\" itemscope itemtype=\"http:\/\/schema.org\/ImageObject\"> <a href=\"https:\/\/opistobranquis.info\/ca\/guia\/nudibranchia\/cladobranchia\/aeolidioidea\/facelinidae\/favorinus-branchialis\/favorinus-branquialis-comiendo-carlosfernandezcid\/\" border=\"0\" itemprop=\"url\"> <meta itemprop=\"width\" content=\"285\"> <meta itemprop=\"height\" content=\"213\"> <img decoding=\"async\" class=\"\" data-attachment-id=\"13391\" data-orig-file=\"https:\/\/opistobranquis.info\/wp-content\/uploads\/2014\/09\/Favorinus-branquialis-comiendo.CArlosFernandezCid.jpg\" data-orig-size=\"800,598\" data-comments-opened=\"\" data-image-title=\"Favorinus branchialis (Atlantic) aliment\u00e1ndose por Carlos Fern\u00e1ndez-Cid\" data-image-description=\"&lt;p&gt;Favorinus branchialis (Atlantic) aliment\u00e1ndose por Carlos Fern\u00e1ndez-Cid&lt;\/p&gt; \" data-medium-file=\"https:\/\/i0.wp.com\/opistobranquis.info\/wp-content\/uploads\/2014\/09\/Favorinus-branquialis-comiendo.CArlosFernandezCid.jpg?fit=300%2C224&#038;ssl=1\" data-large-file=\"https:\/\/i0.wp.com\/opistobranquis.info\/wp-content\/uploads\/2014\/09\/Favorinus-branquialis-comiendo.CArlosFernandezCid.jpg?fit=800%2C598&#038;ssl=1\" src=\"https:\/\/i0.wp.com\/opistobranquis.info\/wp-content\/uploads\/2014\/09\/Favorinus-branquialis-comiendo.CArlosFernandezCid.jpg?w=285&#038;h=213&#038;ssl=1\" srcset=\"https:\/\/i0.wp.com\/opistobranquis.info\/wp-content\/uploads\/2014\/09\/Favorinus-branquialis-comiendo.CArlosFernandezCid.jpg?w=800&amp;ssl=1 800w, https:\/\/i0.wp.com\/opistobranquis.info\/wp-content\/uploads\/2014\/09\/Favorinus-branquialis-comiendo.CArlosFernandezCid.jpg?resize=150%2C112&amp;ssl=1 150w, https:\/\/i0.wp.com\/opistobranquis.info\/wp-content\/uploads\/2014\/09\/Favorinus-branquialis-comiendo.CArlosFernandezCid.jpg?resize=300%2C224&amp;ssl=1 300w\" width=\"285\" height=\"213\" loading=\"lazy\" data-original-width=\"285\" data-original-height=\"213\" itemprop=\"http:\/\/schema.org\/image\" title=\"Favorinus branchialis (Atlantic) aliment\u00e1ndose por Carlos Fern\u00e1ndez-Cid\" alt=\"Favorinus branchialis (Atlantic) aliment\u00e1ndose por Carlos Fern\u00e1ndez-Cid\" style=\"width: 285px; height: 213px;\" \/> <\/a> <div class=\"tiled-gallery-caption\" itemprop=\"caption description\"> Favorinus branchialis (Atlantic) aliment\u00e1ndose por Carlos Fern\u00e1ndez-Cid <\/div> <\/div> <\/div> <!-- close group --> <\/div> <!-- close row --> <div class=\"gallery-row\" style=\"width: 900px; height: 411px;\" data-original-width=\"900\" data-original-height=\"411\" > <div class=\"gallery-group images-2\" style=\"width: 289px; height: 411px;\" data-original-width=\"289\" data-original-height=\"411\" > <div class=\"tiled-gallery-item tiled-gallery-item-large\" itemprop=\"associatedMedia\" itemscope itemtype=\"http:\/\/schema.org\/ImageObject\"> <a href=\"https:\/\/opistobranquis.info\/ca\/guia\/nudibranchia\/cladobranchia\/aeolidioidea\/facelinidae\/favorinus-branchialis\/favorinus-branchialis-2\/\" border=\"0\" itemprop=\"url\"> <meta itemprop=\"width\" content=\"285\"> <meta itemprop=\"height\" content=\"191\"> <img decoding=\"async\" class=\"\" data-attachment-id=\"21057\" data-orig-file=\"https:\/\/opistobranquis.info\/wp-content\/uploads\/2012\/05\/Favorinus-branchialis.jpg\" data-orig-size=\"808,541\" data-comments-opened=\"\" data-image-title=\"Favorinus branchialis by Jos\u00e9 Carlos Garc\u00eda G\u00f3mez\" data-image-description=\"&lt;p&gt;Favorinus branchialis by Jos\u00e9 Carlos Garc\u00eda G\u00f3mez&lt;\/p&gt; \" data-medium-file=\"https:\/\/i0.wp.com\/opistobranquis.info\/wp-content\/uploads\/2012\/05\/Favorinus-branchialis.jpg?fit=300%2C201&#038;ssl=1\" data-large-file=\"https:\/\/i0.wp.com\/opistobranquis.info\/wp-content\/uploads\/2012\/05\/Favorinus-branchialis.jpg?fit=808%2C541&#038;ssl=1\" src=\"https:\/\/i0.wp.com\/opistobranquis.info\/wp-content\/uploads\/2012\/05\/Favorinus-branchialis.jpg?w=285&#038;h=191&#038;ssl=1\" srcset=\"https:\/\/i0.wp.com\/opistobranquis.info\/wp-content\/uploads\/2012\/05\/Favorinus-branchialis.jpg?w=808&amp;ssl=1 808w, https:\/\/i0.wp.com\/opistobranquis.info\/wp-content\/uploads\/2012\/05\/Favorinus-branchialis.jpg?resize=150%2C100&amp;ssl=1 150w, https:\/\/i0.wp.com\/opistobranquis.info\/wp-content\/uploads\/2012\/05\/Favorinus-branchialis.jpg?resize=300%2C201&amp;ssl=1 300w, https:\/\/i0.wp.com\/opistobranquis.info\/wp-content\/uploads\/2012\/05\/Favorinus-branchialis.jpg?resize=768%2C514&amp;ssl=1 768w\" width=\"285\" height=\"191\" loading=\"lazy\" data-original-width=\"285\" data-original-height=\"191\" itemprop=\"http:\/\/schema.org\/image\" title=\"Favorinus branchialis by Jos\u00e9 Carlos Garc\u00eda G\u00f3mez\" alt=\"Favorinus branchialis by Jos\u00e9 Carlos Garc\u00eda G\u00f3mez\" style=\"width: 285px; height: 191px;\" \/> <\/a> <div class=\"tiled-gallery-caption\" itemprop=\"caption description\"> Favorinus branchialis by Jos\u00e9 Carlos Garc\u00eda G\u00f3mez <\/div> <\/div> <div class=\"tiled-gallery-item tiled-gallery-item-large\" itemprop=\"associatedMedia\" itemscope itemtype=\"http:\/\/schema.org\/ImageObject\"> <a href=\"https:\/\/opistobranquis.info\/ca\/guia\/nudibranchia\/cladobranchia\/aeolidioidea\/facelinidae\/favorinus-branchialis\/favorinus-vitreus-2\/\" border=\"0\" itemprop=\"url\"> <meta itemprop=\"width\" content=\"285\"> <meta itemprop=\"height\" content=\"212\"> <img decoding=\"async\" class=\"\" data-attachment-id=\"21479\" data-orig-file=\"https:\/\/opistobranquis.info\/wp-content\/uploads\/2015\/11\/Favorinus-vitreus.jpg\" data-orig-size=\"640,477\" data-comments-opened=\"\" data-image-title=\"Favorinus branchialis by Manuel Ballesteros\" data-image-description=\"&lt;p&gt;Favorinus branchialis by Manuel Ballesteros&lt;\/p&gt; \" data-medium-file=\"https:\/\/i0.wp.com\/opistobranquis.info\/wp-content\/uploads\/2015\/11\/Favorinus-vitreus.jpg?fit=300%2C224&#038;ssl=1\" data-large-file=\"https:\/\/i0.wp.com\/opistobranquis.info\/wp-content\/uploads\/2015\/11\/Favorinus-vitreus.jpg?fit=640%2C477&#038;ssl=1\" src=\"https:\/\/i0.wp.com\/opistobranquis.info\/wp-content\/uploads\/2015\/11\/Favorinus-vitreus.jpg?w=285&#038;h=212&#038;ssl=1\" srcset=\"https:\/\/i0.wp.com\/opistobranquis.info\/wp-content\/uploads\/2015\/11\/Favorinus-vitreus.jpg?w=640&amp;ssl=1 640w, https:\/\/i0.wp.com\/opistobranquis.info\/wp-content\/uploads\/2015\/11\/Favorinus-vitreus.jpg?resize=150%2C112&amp;ssl=1 150w, https:\/\/i0.wp.com\/opistobranquis.info\/wp-content\/uploads\/2015\/11\/Favorinus-vitreus.jpg?resize=300%2C224&amp;ssl=1 300w\" width=\"285\" height=\"212\" loading=\"lazy\" data-original-width=\"285\" data-original-height=\"212\" itemprop=\"http:\/\/schema.org\/image\" title=\"Favorinus branchialis by Manuel Ballesteros\" alt=\"Favorinus branchialis by Manuel Ballesteros\" style=\"width: 285px; height: 212px;\" \/> <\/a> <div class=\"tiled-gallery-caption\" itemprop=\"caption description\"> Favorinus branchialis by Manuel Ballesteros <\/div> <\/div> <\/div> <!-- close group --> <div class=\"gallery-group images-1\" style=\"width: 611px; height: 411px;\" data-original-width=\"611\" data-original-height=\"411\" > <div class=\"tiled-gallery-item tiled-gallery-item-large\" itemprop=\"associatedMedia\" itemscope itemtype=\"http:\/\/schema.org\/ImageObject\"> <a href=\"https:\/\/opistobranquis.info\/ca\/guia\/nudibranchia\/cladobranchia\/aeolidioidea\/facelinidae\/favorinus-branchialis\/favorinus-branchialis-117\/\" border=\"0\" itemprop=\"url\"> <meta itemprop=\"width\" content=\"607\"> <meta itemprop=\"height\" content=\"407\"> <img decoding=\"async\" class=\"\" data-attachment-id=\"30611\" data-orig-file=\"https:\/\/opistobranquis.info\/wp-content\/uploads\/2020\/09\/Favorinus-branchialis-117.jpg\" data-orig-size=\"1034,693\" data-comments-opened=\"\" data-image-title=\"Favorinus branchialis by Enric Madrenas\" data-image-description=\"&lt;p&gt;Favorinus branchialis by Enric Madrenas&lt;\/p&gt; \" data-medium-file=\"https:\/\/i0.wp.com\/opistobranquis.info\/wp-content\/uploads\/2020\/09\/Favorinus-branchialis-117.jpg?fit=300%2C201&#038;ssl=1\" data-large-file=\"https:\/\/i0.wp.com\/opistobranquis.info\/wp-content\/uploads\/2020\/09\/Favorinus-branchialis-117.jpg?fit=900%2C603&#038;ssl=1\" src=\"https:\/\/i0.wp.com\/opistobranquis.info\/wp-content\/uploads\/2020\/09\/Favorinus-branchialis-117.jpg?w=607&#038;h=407&#038;ssl=1\" srcset=\"https:\/\/i0.wp.com\/opistobranquis.info\/wp-content\/uploads\/2020\/09\/Favorinus-branchialis-117.jpg?w=1034&amp;ssl=1 1034w, https:\/\/i0.wp.com\/opistobranquis.info\/wp-content\/uploads\/2020\/09\/Favorinus-branchialis-117.jpg?resize=300%2C201&amp;ssl=1 300w, https:\/\/i0.wp.com\/opistobranquis.info\/wp-content\/uploads\/2020\/09\/Favorinus-branchialis-117.jpg?resize=1024%2C686&amp;ssl=1 1024w, https:\/\/i0.wp.com\/opistobranquis.info\/wp-content\/uploads\/2020\/09\/Favorinus-branchialis-117.jpg?resize=150%2C101&amp;ssl=1 150w\" width=\"607\" height=\"407\" loading=\"lazy\" data-original-width=\"607\" data-original-height=\"407\" itemprop=\"http:\/\/schema.org\/image\" title=\"Favorinus branchialis by Enric Madrenas\" alt=\"Favorinus branchialis by Enric Madrenas\" style=\"width: 607px; height: 407px;\" \/> <\/a> <div class=\"tiled-gallery-caption\" itemprop=\"caption description\"> Favorinus branchialis by Enric Madrenas <\/div> <\/div> <\/div> <!-- close group --> <\/div> <!-- close row --> <div class=\"gallery-row\" style=\"width: 900px; height: 319px;\" data-original-width=\"900\" data-original-height=\"319\" > <div class=\"gallery-group images-1\" style=\"width: 477px; height: 319px;\" data-original-width=\"477\" data-original-height=\"319\" > <div class=\"tiled-gallery-item tiled-gallery-item-large\" itemprop=\"associatedMedia\" itemscope itemtype=\"http:\/\/schema.org\/ImageObject\"> <a href=\"https:\/\/opistobranquis.info\/ca\/guia\/nudibranchia\/cladobranchia\/aeolidioidea\/facelinidae\/favorinus-branchialis\/favorinus-branchialis-pointe-de-lespiguette-france-by-sylvain-le-bris\/\" border=\"0\" itemprop=\"url\"> <meta itemprop=\"width\" content=\"473\"> <meta itemprop=\"height\" content=\"315\"> <img decoding=\"async\" class=\"\" data-attachment-id=\"31520\" data-orig-file=\"https:\/\/opistobranquis.info\/wp-content\/uploads\/2021\/02\/Favorinus-branchialis-@-Pointe-de-lEspiguette-France-by-Sylvain-Le-Bris.jpg\" data-orig-size=\"1078,718\" data-comments-opened=\"\" data-image-title=\"Favorinus branchialis @ Pointe de l&amp;#8217;Espiguette, France by Sylvain Le Bris\" data-image-description=\"&lt;p&gt;Favorinus branchialis @ Pointe de l&amp;#8217;Espiguette, France by Sylvain Le Bris&lt;\/p&gt; \" data-medium-file=\"https:\/\/i0.wp.com\/opistobranquis.info\/wp-content\/uploads\/2021\/02\/Favorinus-branchialis-%40-Pointe-de-lEspiguette-France-by-Sylvain-Le-Bris.jpg?fit=300%2C200&#038;ssl=1\" data-large-file=\"https:\/\/i0.wp.com\/opistobranquis.info\/wp-content\/uploads\/2021\/02\/Favorinus-branchialis-%40-Pointe-de-lEspiguette-France-by-Sylvain-Le-Bris.jpg?fit=900%2C599&#038;ssl=1\" src=\"https:\/\/i0.wp.com\/opistobranquis.info\/wp-content\/uploads\/2021\/02\/Favorinus-branchialis-%40-Pointe-de-lEspiguette-France-by-Sylvain-Le-Bris.jpg?w=473&#038;h=315&#038;ssl=1\" width=\"473\" height=\"315\" loading=\"lazy\" data-original-width=\"473\" data-original-height=\"315\" itemprop=\"http:\/\/schema.org\/image\" title=\"Favorinus branchialis @ Pointe de l&#039;Espiguette, France by Sylvain Le Bris\" alt=\"Favorinus branchialis @ Pointe de l&#039;Espiguette, France by Sylvain Le Bris\" style=\"width: 473px; height: 315px;\" \/> <\/a> <div class=\"tiled-gallery-caption\" itemprop=\"caption description\"> Favorinus branchialis @ Pointe de l&#8217;Espiguette, France by Sylvain Le Bris <\/div> <\/div> <\/div> <!-- close group --> <div class=\"gallery-group images-1\" style=\"width: 423px; height: 319px;\" data-original-width=\"423\" data-original-height=\"319\" > <div class=\"tiled-gallery-item tiled-gallery-item-large\" itemprop=\"associatedMedia\" itemscope itemtype=\"http:\/\/schema.org\/ImageObject\"> <a href=\"https:\/\/opistobranquis.info\/ca\/guia\/nudibranchia\/cladobranchia\/aeolidioidea\/facelinidae\/favorinus-branchialis\/favorinus-branchialis-gran-canaria-spain-by-sabina-lopez\/\" border=\"0\" itemprop=\"url\"> <meta itemprop=\"width\" content=\"419\"> <meta itemprop=\"height\" content=\"315\"> <img decoding=\"async\" class=\"\" data-attachment-id=\"31593\" data-orig-file=\"https:\/\/opistobranquis.info\/wp-content\/uploads\/2021\/02\/Favorinus-branchialis-@-Gran-Canaria-Spain-by-Sabina-Lopez.jpg\" data-orig-size=\"960,721\" data-comments-opened=\"\" data-image-title=\"Favorinus branchialis @ Gran Canaria, Spain by Sabina L\u00f3pez\" data-image-description=\"&lt;p&gt;Favorinus branchialis @ Gran Canaria, Spain by Sabina L\u00f3pez&lt;\/p&gt; \" data-medium-file=\"https:\/\/i0.wp.com\/opistobranquis.info\/wp-content\/uploads\/2021\/02\/Favorinus-branchialis-%40-Gran-Canaria-Spain-by-Sabina-Lopez.jpg?fit=300%2C225&#038;ssl=1\" data-large-file=\"https:\/\/i0.wp.com\/opistobranquis.info\/wp-content\/uploads\/2021\/02\/Favorinus-branchialis-%40-Gran-Canaria-Spain-by-Sabina-Lopez.jpg?fit=900%2C676&#038;ssl=1\" src=\"https:\/\/i0.wp.com\/opistobranquis.info\/wp-content\/uploads\/2021\/02\/Favorinus-branchialis-%40-Gran-Canaria-Spain-by-Sabina-Lopez.jpg?w=419&#038;h=315&#038;ssl=1\" width=\"419\" height=\"315\" loading=\"lazy\" data-original-width=\"419\" data-original-height=\"315\" itemprop=\"http:\/\/schema.org\/image\" title=\"Favorinus branchialis @ Gran Canaria, Spain by Sabina L\u00f3pez\" alt=\"Favorinus branchialis @ Gran Canaria, Spain by Sabina L\u00f3pez\" style=\"width: 419px; height: 315px;\" \/> <\/a> <div class=\"tiled-gallery-caption\" itemprop=\"caption description\"> Favorinus branchialis @ Gran Canaria, Spain by Sabina L\u00f3pez <\/div> <\/div> <\/div> <!-- close group --> <\/div> <!-- close row --> <div class=\"gallery-row\" style=\"width: 900px; height: 153px;\" data-original-width=\"900\" data-original-height=\"153\" > <div class=\"gallery-group images-1\" style=\"width: 226px; height: 153px;\" data-original-width=\"226\" data-original-height=\"153\" > <div class=\"tiled-gallery-item tiled-gallery-item-small\" itemprop=\"associatedMedia\" itemscope itemtype=\"http:\/\/schema.org\/ImageObject\"> <a href=\"https:\/\/opistobranquis.info\/ca\/guia\/nudibranchia\/cladobranchia\/aeolidioidea\/facelinidae\/favorinus-branchialis\/favorinus-branchialis-160\/\" border=\"0\" itemprop=\"url\"> <meta itemprop=\"width\" content=\"222\"> <meta itemprop=\"height\" content=\"149\"> <img decoding=\"async\" class=\"\" data-attachment-id=\"33876\" data-orig-file=\"https:\/\/opistobranquis.info\/wp-content\/uploads\/2022\/02\/Favorinus-branchialis-160.jpg\" data-orig-size=\"1034,692\" data-comments-opened=\"\" data-image-title=\"Favorinus branchialis @ L&amp;#8217;Escala by Enric Madrenas\" data-image-description=\"&lt;p&gt;Favorinus branchialis @ L&amp;#8217;Escala by Enric Madrenas&lt;\/p&gt; \" data-medium-file=\"https:\/\/i0.wp.com\/opistobranquis.info\/wp-content\/uploads\/2022\/02\/Favorinus-branchialis-160.jpg?fit=300%2C201&#038;ssl=1\" data-large-file=\"https:\/\/i0.wp.com\/opistobranquis.info\/wp-content\/uploads\/2022\/02\/Favorinus-branchialis-160.jpg?fit=900%2C602&#038;ssl=1\" src=\"https:\/\/i0.wp.com\/opistobranquis.info\/wp-content\/uploads\/2022\/02\/Favorinus-branchialis-160.jpg?w=222&#038;h=149&#038;ssl=1\" srcset=\"https:\/\/i0.wp.com\/opistobranquis.info\/wp-content\/uploads\/2022\/02\/Favorinus-branchialis-160.jpg?w=1034&amp;ssl=1 1034w, https:\/\/i0.wp.com\/opistobranquis.info\/wp-content\/uploads\/2022\/02\/Favorinus-branchialis-160.jpg?resize=300%2C201&amp;ssl=1 300w, https:\/\/i0.wp.com\/opistobranquis.info\/wp-content\/uploads\/2022\/02\/Favorinus-branchialis-160.jpg?resize=1024%2C685&amp;ssl=1 1024w, https:\/\/i0.wp.com\/opistobranquis.info\/wp-content\/uploads\/2022\/02\/Favorinus-branchialis-160.jpg?resize=150%2C100&amp;ssl=1 150w\" width=\"222\" height=\"149\" loading=\"lazy\" data-original-width=\"222\" data-original-height=\"149\" itemprop=\"http:\/\/schema.org\/image\" title=\"Favorinus branchialis @ L&#039;Escala by Enric Madrenas\" alt=\"Favorinus branchialis @ L&#039;Escala by Enric Madrenas\" style=\"width: 222px; height: 149px;\" \/> <\/a> <div class=\"tiled-gallery-caption\" itemprop=\"caption description\"> Favorinus branchialis @ L&#8217;Escala by Enric Madrenas <\/div> <\/div> <\/div> <!-- close group --> <div class=\"gallery-group images-1\" style=\"width: 227px; height: 153px;\" data-original-width=\"227\" data-original-height=\"153\" > <div class=\"tiled-gallery-item tiled-gallery-item-small\" itemprop=\"associatedMedia\" itemscope itemtype=\"http:\/\/schema.org\/ImageObject\"> <a href=\"https:\/\/opistobranquis.info\/ca\/guia\/nudibranchia\/cladobranchia\/aeolidioidea\/facelinidae\/favorinus-branchialis\/favorinus-branchialis-france-by-pascal-girard-2\/\" border=\"0\" itemprop=\"url\"> <meta itemprop=\"width\" content=\"223\"> <meta itemprop=\"height\" content=\"149\"> <img decoding=\"async\" class=\"\" data-attachment-id=\"36117\" data-orig-file=\"https:\/\/opistobranquis.info\/wp-content\/uploads\/2022\/12\/Favorinus-branchialis-@-France-by-Pascal-Girard-2.jpg\" data-orig-size=\"1280,853\" data-comments-opened=\"\" data-image-title=\"Favorinus branchialis @ France by Pascal Girard\" data-image-description=\"&lt;p&gt;Favorinus branchialis @ France by Pascal Girard&lt;\/p&gt; \" data-medium-file=\"https:\/\/i0.wp.com\/opistobranquis.info\/wp-content\/uploads\/2022\/12\/Favorinus-branchialis-%40-France-by-Pascal-Girard-2.jpg?fit=300%2C200&#038;ssl=1\" data-large-file=\"https:\/\/i0.wp.com\/opistobranquis.info\/wp-content\/uploads\/2022\/12\/Favorinus-branchialis-%40-France-by-Pascal-Girard-2.jpg?fit=900%2C599&#038;ssl=1\" src=\"https:\/\/i0.wp.com\/opistobranquis.info\/wp-content\/uploads\/2022\/12\/Favorinus-branchialis-%40-France-by-Pascal-Girard-2.jpg?w=223&#038;h=149&#038;ssl=1\" width=\"223\" height=\"149\" loading=\"lazy\" data-original-width=\"223\" data-original-height=\"149\" itemprop=\"http:\/\/schema.org\/image\" title=\"Favorinus branchialis @ France by Pascal Girard\" alt=\"Favorinus branchialis @ France by Pascal Girard\" style=\"width: 223px; height: 149px;\" \/> <\/a> <div class=\"tiled-gallery-caption\" itemprop=\"caption description\"> Favorinus branchialis @ France by Pascal Girard <\/div> <\/div> <\/div> <!-- close group --> <div class=\"gallery-group images-1\" style=\"width: 202px; height: 153px;\" data-original-width=\"202\" data-original-height=\"153\" > <div class=\"tiled-gallery-item tiled-gallery-item-small\" itemprop=\"associatedMedia\" itemscope itemtype=\"http:\/\/schema.org\/ImageObject\"> <a href=\"https:\/\/opistobranquis.info\/ca\/guia\/nudibranchia\/cladobranchia\/aeolidioidea\/facelinidae\/favorinus-branchialis\/favorinus-branchialis-france-by-pascal-girard\/\" border=\"0\" itemprop=\"url\"> <meta itemprop=\"width\" content=\"198\"> <meta itemprop=\"height\" content=\"149\"> <img decoding=\"async\" class=\"\" data-attachment-id=\"36118\" data-orig-file=\"https:\/\/opistobranquis.info\/wp-content\/uploads\/2022\/12\/Favorinus-branchialis-@-France-by-Pascal-Girard.jpg\" data-orig-size=\"1280,960\" data-comments-opened=\"\" data-image-title=\"Favorinus branchialis @ France by Pascal Girard\" data-image-description=\"&lt;p&gt;Favorinus branchialis @ France by Pascal Girard&lt;\/p&gt; \" data-medium-file=\"https:\/\/i0.wp.com\/opistobranquis.info\/wp-content\/uploads\/2022\/12\/Favorinus-branchialis-%40-France-by-Pascal-Girard.jpg?fit=300%2C225&#038;ssl=1\" data-large-file=\"https:\/\/i0.wp.com\/opistobranquis.info\/wp-content\/uploads\/2022\/12\/Favorinus-branchialis-%40-France-by-Pascal-Girard.jpg?fit=900%2C675&#038;ssl=1\" src=\"https:\/\/i0.wp.com\/opistobranquis.info\/wp-content\/uploads\/2022\/12\/Favorinus-branchialis-%40-France-by-Pascal-Girard.jpg?w=198&#038;h=149&#038;ssl=1\" width=\"198\" height=\"149\" loading=\"lazy\" data-original-width=\"198\" data-original-height=\"149\" itemprop=\"http:\/\/schema.org\/image\" title=\"Favorinus branchialis @ France by Pascal Girard\" alt=\"Favorinus branchialis @ France by Pascal Girard\" style=\"width: 198px; height: 149px;\" \/> <\/a> <div class=\"tiled-gallery-caption\" itemprop=\"caption description\"> Favorinus branchialis @ France by Pascal Girard <\/div> <\/div> <\/div> <!-- close group --> <div class=\"gallery-group images-1\" style=\"width: 245px; height: 153px;\" data-original-width=\"245\" data-original-height=\"153\" > <div class=\"tiled-gallery-item tiled-gallery-item-small\" itemprop=\"associatedMedia\" itemscope itemtype=\"http:\/\/schema.org\/ImageObject\"> <a href=\"https:\/\/opistobranquis.info\/ca\/guia\/nudibranchia\/cladobranchia\/aeolidioidea\/facelinidae\/favorinus-branchialis\/favorinus-branchialis-by-miquel-pontes-mpg_9685\/\" border=\"0\" itemprop=\"url\"> <meta itemprop=\"width\" content=\"241\"> <meta itemprop=\"height\" content=\"149\"> <img decoding=\"async\" class=\"\" data-attachment-id=\"36600\" data-orig-file=\"https:\/\/opistobranquis.info\/wp-content\/uploads\/2023\/01\/Favorinus-branchialis-by-Miquel-Pontes-MPG_9685.jpg\" data-orig-size=\"1200,739\" data-comments-opened=\"\" data-image-title=\"Favorinus branchialis @ Costa Brava, Spain by Miquel Pontes\" data-image-description=\"&lt;p&gt;Favorinus branchialis @ Costa Brava, Spain by Miquel Pontes&lt;\/p&gt; \" data-medium-file=\"https:\/\/i0.wp.com\/opistobranquis.info\/wp-content\/uploads\/2023\/01\/Favorinus-branchialis-by-Miquel-Pontes-MPG_9685.jpg?fit=300%2C185&#038;ssl=1\" data-large-file=\"https:\/\/i0.wp.com\/opistobranquis.info\/wp-content\/uploads\/2023\/01\/Favorinus-branchialis-by-Miquel-Pontes-MPG_9685.jpg?fit=900%2C555&#038;ssl=1\" src=\"https:\/\/i0.wp.com\/opistobranquis.info\/wp-content\/uploads\/2023\/01\/Favorinus-branchialis-by-Miquel-Pontes-MPG_9685.jpg?w=241&#038;h=149&#038;ssl=1\" srcset=\"https:\/\/i0.wp.com\/opistobranquis.info\/wp-content\/uploads\/2023\/01\/Favorinus-branchialis-by-Miquel-Pontes-MPG_9685.jpg?w=1200&amp;ssl=1 1200w, https:\/\/i0.wp.com\/opistobranquis.info\/wp-content\/uploads\/2023\/01\/Favorinus-branchialis-by-Miquel-Pontes-MPG_9685.jpg?resize=300%2C185&amp;ssl=1 300w, https:\/\/i0.wp.com\/opistobranquis.info\/wp-content\/uploads\/2023\/01\/Favorinus-branchialis-by-Miquel-Pontes-MPG_9685.jpg?resize=1024%2C631&amp;ssl=1 1024w, https:\/\/i0.wp.com\/opistobranquis.info\/wp-content\/uploads\/2023\/01\/Favorinus-branchialis-by-Miquel-Pontes-MPG_9685.jpg?resize=150%2C92&amp;ssl=1 150w, https:\/\/i0.wp.com\/opistobranquis.info\/wp-content\/uploads\/2023\/01\/Favorinus-branchialis-by-Miquel-Pontes-MPG_9685.jpg?resize=327%2C201&amp;ssl=1 327w\" width=\"241\" height=\"149\" loading=\"lazy\" data-original-width=\"241\" data-original-height=\"149\" itemprop=\"http:\/\/schema.org\/image\" title=\"Favorinus branchialis @ Costa Brava, Spain by Miquel Pontes\" alt=\"Favorinus branchialis @ Costa Brava, Spain by Miquel Pontes\" style=\"width: 241px; height: 149px;\" \/> <\/a> <div class=\"tiled-gallery-caption\" itemprop=\"caption description\"> Favorinus branchialis @ Costa Brava, Spain by Miquel Pontes <\/div> <\/div> <\/div> <!-- close group --> <\/div> <!-- close row --> <\/div><\/p>\n<p><p><strong>Bibliografia<\/strong><\/p><ul><div id=\"zotpress-1506bfe6329853017cebb076e107ebda\" class=\"zp-Zotpress zp-Zotpress-Bib wp-block-group\">\n\n\t\t<span class=\"ZP_API_USER_ID ZP_ATTR\">1246567<\/span>\n\t\t<span class=\"ZP_ITEM_KEY ZP_ATTR\"><\/span>\n\t\t<span class=\"ZP_COLLECTION_ID ZP_ATTR\"><\/span>\n\t\t<span class=\"ZP_TAG_ID ZP_ATTR\">Favorinus branchialis<\/span>\n\t\t<span class=\"ZP_AUTHOR ZP_ATTR\"><\/span>\n\t\t<span class=\"ZP_YEAR ZP_ATTR\"><\/span>\n        <span class=\"ZP_ITEMTYPE ZP_ATTR\"><\/span>\n\t\t<span class=\"ZP_INCLUSIVE ZP_ATTR\">1<\/span>\n\t\t<span class=\"ZP_STYLE ZP_ATTR\">eunomia-revista-en-cultura-de-la-legalidad<\/span>\n\t\t<span class=\"ZP_LIMIT ZP_ATTR\">50<\/span>\n\t\t<span class=\"ZP_SORTBY ZP_ATTR\">creator<\/span>\n\t\t<span class=\"ZP_ORDER ZP_ATTR\">asc<\/span>\n\t\t<span class=\"ZP_TITLE ZP_ATTR\"><\/span>\n\t\t<span class=\"ZP_SHOWIMAGE ZP_ATTR\"><\/span>\n\t\t<span class=\"ZP_SHOWTAGS ZP_ATTR\"><\/span>\n\t\t<span class=\"ZP_DOWNLOADABLE ZP_ATTR\"><\/span>\n\t\t<span class=\"ZP_NOTES ZP_ATTR\"><\/span>\n\t\t<span class=\"ZP_ABSTRACT ZP_ATTR\"><\/span>\n\t\t<span class=\"ZP_CITEABLE ZP_ATTR\"><\/span>\n\t\t<span class=\"ZP_TARGET ZP_ATTR\">1<\/span>\n\t\t<span class=\"ZP_URLWRAP ZP_ATTR\"><\/span>\n\t\t<span class=\"ZP_FORCENUM ZP_ATTR\"><\/span>\n        <span class=\"ZP_HIGHLIGHT ZP_ATTR\"><\/span>\n        <span class=\"ZP_POSTID ZP_ATTR\">613<\/span>\n\t\t<span class=\"ZOTPRESS_PLUGIN_URL ZP_ATTR\">https:\/\/opistobranquis.info\/wp-content\/plugins\/zotpress\/<\/span>\n\n\t\t<div class=\"zp-List loading\">\n\t\t\t<div class=\"zp-SEO-Content\">\n\n\t\t\t<\/div><!-- .zp-zp-SEO-Content -->\n\t\t<\/div><!-- .zp-List -->\n\t<\/div><!--.zp-Zotpress-->\n\n<p><\/p>Bibliografia basada en els treballs de <b>Steve Long, 2006<\/b>. <a target=_blank href=https:\/\/opistobranquis.info\/wp-content\/uploads\/2016\/06\/Long-S.-2006-Bibliography-of-Opisthobranchia-1554-2000.pdf>Bibliography of Opisthobranchia 1554-2000<\/a> i <b>Gary McDonald, 2009<\/b>. <a href=http:\/\/escholarship.org\/uc\/item\/8115h0wz>Bibliographia Nudibranchia<\/a>, amb actualitzacions posteriors procedents d\u00b4altres fonts.<p><\/p><\/ul><p><\/p><p><strong>M\u00e9s informaci\u00f3<\/strong><\/p><span style=\"font-size:10pt\"><ul><ul class=\"blogroll-links\"><li><a href=\"http:\/\/www.asturnatura.com\/especie\/favorinus-branchialis.html\">AsturNatura<\/a><\/li><li><a href=\"http:\/\/www.biodiversitylibrary.org\/name\/Favorinus%20branchialis\">Biodiversity Heritage Library<\/a><\/li><li><a href=\"http:\/\/www.biologiamarina.org\/favorino\/\">BiologiaMarina.org<\/a><\/li><li><a href=\"http:\/\/www.cibsub.com\/bioespecie_es-favorinus_branchialis-27817\">CIB - Club Immersio Biologia<\/a><\/li><li><a href=\"https:\/\/litoraldegranada.ugr.es\/el-litoral\/el-litoral-sumergido\/fauna\/moluscos\/gasteropodos\/opistobranquios\/orden-nudibranchia\/aeolidioideos\/favorinus-branchialis\/\">El Litoral de Granada<\/a><\/li><li><a href=\"http:\/\/www.habitas.org.uk\/marinelife\/species.asp?item=W15420#\">Encyclopedia of Marine Life of Britain and Ireland<\/a><\/li><li><a href=\"https:\/\/www.flickr.com\/search\/?text=Favorinus%20branchialis\">Flickr pictures<\/a><\/li><li><a href=\"http:\/\/www.opistobranquis.org\/ca\/guia\/45\">GROC<\/a><\/li><li><a href=\"http:\/\/www.irmng.org\/aphia.php?p=taxlist&#038;tName=Favorinus%20branchialis\">Interim Register of Marine and Nonmarine Genera<\/a><\/li><li><a href=\"https:\/\/www.seawater.no\/fauna\/mollusca\/Heterobranchia.html\">Marine Flora and Fauna of Norway<\/a><\/li><li><a href=\"http:\/\/www.ncbi.nlm.nih.gov\/Taxonomy\/Browser\/wwwtax.cgi?mode=Undef&#038;name=Favorinus%20branchialis&#038;lvl=0&#038;srchmode=1\">NCBI GenBank<\/a><\/li><li><a href=\"http:\/\/iobis.org\/mapper\/?taxon=Favorinus%20branchialis\">OBIS - Search by Taxon<\/a><\/li><li><a href=\"http:\/\/www.nudibranch.org\/Scottish%20Nudibranchs\/favorinus-branchialis.html\">Scottish Nudibranchs<\/a><\/li><li><a href=\"http:\/\/www.seaslugforum.net\/showall\/favobran\">Sea Slug Forum<\/a><\/li><li><a href=\"http:\/\/www.marinespecies.org\/aphia.php?p=taxdetails&#038;id=139940\">World Register of Marine Species<\/a><\/li><\/ul><\/ul><\/span><p><strong>Citeu aquest article com: <\/strong><\/p><div style=\"display: block; background: #444444; padding: 10px 30px 10px 10px; border-radius: 5px; line-height: 18px;\"><p class=\"citacio\"><b>Ballesteros, M., Madrenas, E. &#38; Pontes, M.<\/b> (2025) <em>\"Favorinus branchialis\"<\/em> a <em>OPK-Opistobranquis<\/em>. Publicat: 17\/05\/2012. Accedit: 04\/09\/2026. Disponible a (<a href=https:\/\/opistobranquis.info\/ca\/?p=613>https:\/\/opistobranquis.info\/ca\/?p=613<\/a>)<\/p><p><\/p><\/div><p><\/p><\/p>","protected":false},"excerpt":{"rendered":"<p>Favorinus branchialis (Rathke, 1806) Sin\u00f2nims Doris branchialis\u00a0Rathke, 1806\u00a0(original) Eolidia rusconii\u00a0V\u00e9rany, 1846 Eolis alba\u00a0Alder &amp; Hancock, 1844 Eolis carnea\u00a0Alder &amp; Hancock, 1854 Favorinus albidus\u00a0Iredale &amp; O&#8217;Donoghue, 1923 Flabellina versicolor\u00a0Costa A., 1866 Matharena oxycantha\u00a0Bergh in M\u00f6rch, 1871 Descripci\u00f3 Els exemplars m\u00e9s grans d&#8217;aquesta esp\u00e8cie poden arribar a mesurar una mica m\u00e9s de 20 mm de longitud per\u00f2 en general la talla mitjana oscil\u00b7la al voltant dels 10 mm. El cos \u00e9s transparent\u2026<\/p>\n<p class=\"continue-reading-button\"> <a class=\"continue-reading-link\" href=\"https:\/\/opistobranquis.info\/ca\/guia\/nudibranchia\/cladobranchia\/aeolidioidea\/facelinidae\/favorinus-branchialis\/\">Continua llegint<i class=\"crycon-right-dir\"><\/i><\/a><\/p>\n","protected":false},"author":291,"featured_media":4522,"parent":46890,"menu_order":22,"comment_status":"closed","ping_status":"closed","template":"","meta":{"footnotes":""},"class_list":["post-613","page","type-page","status-publish","has-post-thumbnail","hentry"],"jetpack_sharing_enabled":true,"_links":{"self":[{"href":"https:\/\/opistobranquis.info\/ca\/wp-json\/wp\/v2\/pages\/613","targetHints":{"allow":["GET"]}}],"collection":[{"href":"https:\/\/opistobranquis.info\/ca\/wp-json\/wp\/v2\/pages"}],"about":[{"href":"https:\/\/opistobranquis.info\/ca\/wp-json\/wp\/v2\/types\/page"}],"author":[{"embeddable":true,"href":"https:\/\/opistobranquis.info\/ca\/wp-json\/wp\/v2\/users\/291"}],"replies":[{"embeddable":true,"href":"https:\/\/opistobranquis.info\/ca\/wp-json\/wp\/v2\/comments?post=613"}],"version-history":[{"count":9,"href":"https:\/\/opistobranquis.info\/ca\/wp-json\/wp\/v2\/pages\/613\/revisions"}],"predecessor-version":[{"id":35930,"href":"https:\/\/opistobranquis.info\/ca\/wp-json\/wp\/v2\/pages\/613\/revisions\/35930"}],"up":[{"embeddable":true,"href":"https:\/\/opistobranquis.info\/ca\/wp-json\/wp\/v2\/pages\/46890"}],"wp:featuredmedia":[{"embeddable":true,"href":"https:\/\/opistobranquis.info\/ca\/wp-json\/wp\/v2\/media\/4522"}],"wp:attachment":[{"href":"https:\/\/opistobranquis.info\/ca\/wp-json\/wp\/v2\/media?parent=613"}],"curies":[{"name":"wp","href":"https:\/\/api.w.org\/{rel}","templated":true}]}}