{"id":629,"date":"2012-05-17T11:47:32","date_gmt":"2012-05-17T09:47:32","guid":{"rendered":"https:\/\/opistobranquis.info\/facelina-auriculatafacelina-auriculatafacelina-auriculata"},"modified":"2025-06-12T21:43:53","modified_gmt":"2025-06-12T19:43:53","slug":"facelina-auriculata","status":"publish","type":"page","link":"https:\/\/opistobranquis.info\/ca\/guia\/nudibranchia\/cladobranchia\/aeolidioidea\/facelinidae\/facelina-auriculata\/","title":{"rendered":"Facelina auriculata"},"content":{"rendered":"<p><\/p>\n<h3><em>Facelina auriculata<\/em> (M\u00fcller, 1776)<\/h3>\n<p><span style=\"font-size:10pt;\" class=\"aligncenter\"><div id=\"featured-img-id\"><img data-recalc-dims=\"1\" decoding=\"async\" src=\"https:\/\/i0.wp.com\/opistobranquis.info\/wp-content\/uploads\/2020\/04\/Facelina-auriculata-71.jpg?w=900&#038;ssl=1\" alt=\"Facelina auriculata @ L&#039;Escala, 4-1-2018 by Enric Madrenas\" \/><\/div><center><em>Facelina auriculata @ L'Escala, 4-1-2018 <\/em> per Enric Madrenas<\/center><\/span><p><\/p><div class=\"opk-worms\"><h3>Informaci\u00f3 taxon\u00f2mica WoRMS<\/h3><div class=\"opk-success\">Nom acceptat actual: <strong><em>Facelina auriculata<\/em> (O. F. M\u00fcller, 1776)<\/strong><\/div><h4>Classificaci\u00f3 actual<\/h4><table class=\"widefat striped\"><tr><th>Superdomain<\/th><td><a target=\"_blank\" href=\"https:\/\/www.marinespecies.org\/aphia.php?p=taxdetails&id=1\">Biota<\/a><\/td><\/tr><tr><th>Kingdom<\/th><td><a target=\"_blank\" href=\"https:\/\/www.marinespecies.org\/aphia.php?p=taxdetails&id=2\">Animalia<\/a><\/td><\/tr><tr><th>Phylum<\/th><td><a target=\"_blank\" href=\"https:\/\/www.marinespecies.org\/aphia.php?p=taxdetails&id=51\">Mollusca<\/a><\/td><\/tr><tr><th>Class<\/th><td><a target=\"_blank\" href=\"https:\/\/www.marinespecies.org\/aphia.php?p=taxdetails&id=101\">Gastropoda<\/a><\/td><\/tr><tr><th>Subclass<\/th><td><a target=\"_blank\" href=\"https:\/\/www.marinespecies.org\/aphia.php?p=taxdetails&id=14712\">Heterobranchia<\/a><\/td><\/tr><tr><th>Infraclass<\/th><td><a target=\"_blank\" href=\"https:\/\/www.marinespecies.org\/aphia.php?p=taxdetails&id=1057247\">Euthyneura<\/a><\/td><\/tr><tr><th>Subterclass<\/th><td><a target=\"_blank\" href=\"https:\/\/www.marinespecies.org\/aphia.php?p=taxdetails&id=1057249\">Ringipleura<\/a><\/td><\/tr><tr><th>Superorder<\/th><td><a target=\"_blank\" href=\"https:\/\/www.marinespecies.org\/aphia.php?p=taxdetails&id=411966\">Nudipleura<\/a><\/td><\/tr><tr><th>Order<\/th><td><a target=\"_blank\" href=\"https:\/\/www.marinespecies.org\/aphia.php?p=taxdetails&id=1762\">Nudibranchia<\/a><\/td><\/tr><tr><th>Suborder<\/th><td><a target=\"_blank\" href=\"https:\/\/www.marinespecies.org\/aphia.php?p=taxdetails&id=827889\">Cladobranchia<\/a><\/td><\/tr><tr><th>Superfamily<\/th><td><a target=\"_blank\" href=\"https:\/\/www.marinespecies.org\/aphia.php?p=taxdetails&id=189\">Aeolidioidea<\/a><\/td><\/tr><tr><th>Family<\/th><td><a target=\"_blank\" href=\"https:\/\/www.marinespecies.org\/aphia.php?p=taxdetails&id=191\">Facelinidae<\/a><\/td><\/tr><tr><th>Genus<\/th><td><a target=\"_blank\" href=\"https:\/\/www.marinespecies.org\/aphia.php?p=taxdetails&id=137997\"><em>Facelina<\/em><\/a><\/td><\/tr><tr><th>Species<\/th><td><a target=\"_blank\" href=\"https:\/\/www.marinespecies.org\/aphia.php?p=taxdetails&id=153375\"><em>Facelina auriculata<\/em> (O. F. M\u00fcller, 1776)<\/a><\/td><\/tr><\/table><p class=\"footer\">Classificaci\u00f3 proporcionada pel World Register of Marine Species (WoRMS). [<a target=\"_blank\" href=\"https:\/\/www.marinespecies.org\/aphia.php?p=taxdetails&id=153375\">153375<\/a>]<\/p><\/div><strong>Sin\u00f2nims<\/strong><\/p>\n<ul>\n<li><span id=\"aphia_ct_tu_153513\"><strong><i>Doris auriculata<\/i> M\u00fcller, 1776 (original)<\/strong><\/span><\/li>\n<li><span id=\"aphia_ct_tu_748481\"><i>Doris longicornis<\/i> Montagu, 1808<\/span><\/li>\n<li><span id=\"aphia_ct_tu_748582\"><i>Eolidia coronata<\/i> Forbes &amp; Goodsir, 1839<\/span><\/li>\n<li><span id=\"aphia_ct_tu_748591\"><i>Eolidia plumosa<\/i> Fleming, 1828<\/span><\/li>\n<li><span id=\"aphia_ct_tu_162771\"><i>Facelina auriculata coronata<\/i> (Forbes &amp; Goodsir, 1839)<\/span><\/li>\n<li><span id=\"aphia_ct_tu_139909\"><i>Facelina coronata<\/i> (Forbes &amp; Goodsir, 1839)<\/span><\/li>\n<li><span id=\"aphia_ct_tu_196005\"><i>Facelina plumosa<\/i> (Fleming, 1828)<\/span><\/li>\n<li><span id=\"aphia_ct_tu_606240\"><i>Hervia modesta<\/i> Bergh, 1871<\/span><\/li>\n<\/ul>\n<p><strong>Descripci\u00f3<\/strong><br \/>\n\u00c9s un facel\u00ednid de gran talla que sol mesurar entre 20 i 30 mm de longitud, encara que s&#8217;han citat exemplars mediterranis de fins a 52 mm. El cos \u00e9s en general d&#8217;aparen\u00e7a blanquinosa tot i que les v\u00edsceres internes li fan adquirir una tonalitat crema suau. La zona cef\u00e0lica i la part anterior del dors son irisades t\u00e8nuement de blau per\u00f2 amb una coloraci\u00f3 de fons rosat. Darrere dels rin\u00f2fors es pot observar per transpar\u00e8ncia l&#8217;es\u00f2fag en forma d&#8217;un cord\u00f3 gruixut corbat cap a l&#8217;esquerra i de color rosa m\u00e9s fort o vermell\u00f3s, segons els exemplars. Els tentacles orals s\u00f3n molt llargs, tenen la base blavosa i l&#8217;extrem irisat de blanc. Els rin\u00f2fors tenen 8-10 fines laminetes i s\u00f3n de color groguenc, estant irisats fortament de color crema en la seva cara anterior. Els ulls es poden veure per darrere i quelcom \u00a0a l&#8217;exterior de la base de cada rin\u00f2for. Hi ha de 6 a 8 grups de cerata a cada costat del dors, dels quals els tres primers tenen 2-3 files de cerata i la resta nom\u00e9s una filera. Entre el primer i segon grup de cerata es troba la regi\u00f3 card\u00edaca. Des del segon grup de cerata, la zona dorsal de l&#8217;animal queda coberta homog\u00e8niament per aquestes. Els cerata s\u00f3n allargats i estrets i en ells es pot observar per transpar\u00e8ncia la gl\u00e0ndula digestiva de color marr\u00f3 vermell\u00f3s; la cara anterior dels cerata est\u00e0 irisada superficialment de color blau, la qual cosa identifica clarament a aquesta esp\u00e8cie. L&#8217;\u00e0pex dels cerata en transparent i molt prop d&#8217;ell es poden apreciar diverses taques blanques superficials. El peu \u00e9s estret i transparent, diferenciant a la seva zona anterior dos curts palps propodials<\/p>\n<p><strong>Biologia<\/strong><br \/>\nAquesta esp\u00e8cie \u00e9s molt activa i sol trobar-se passejant en parets rocoses escassament il\u00b7luminades amb abund\u00e0ncia de hidraris i tamb\u00e9 pot localitzar-se sota pedres. Generalment s&#8217;alimenta de diferents esp\u00e8cies de hidraris com <em>Podocoryne sp., Clava sp., Obelia geniculata, Tubularia indivisa, T. larynx, Dynamene pusilla, Cordylophora caspia <\/em>i<em> Laomedea flexuosa<\/em>, encara que tamb\u00e9 s&#8217;ha comprovat pot depredar estauromeduses del g\u00e8nere <em>Lucernaria<\/em>, altres nudibranquis i fins i tot poliquets. La posta \u00e9s un cord\u00f3 espiral que pot contenir varis milers d&#8217;ous de color blanc.<\/p>\n<p><strong>Etimologia<\/strong><\/p>\n<ul>\n<li><em>Facelina <\/em>&#8211; en Llat\u00ed, cara ratllada<\/li>\n<li><em>Auriculata<\/em> &#8211; Del Llat\u00ed &#8220;auricula&#8221;, orella, l\u00f2bul de la orella; en refer\u00e8ncia als rin\u00f2fors de forma caracter\u00edstica.<\/li>\n<\/ul>\n<p><strong>Distribuci\u00f3<\/strong><br \/>\n<em>F. auriculata<\/em> ha estat citada fins fa poc sota el seu sin\u00f2nim de <em>F. coronata<\/em>. Aquesta esp\u00e8cie europea s&#8217;ha registrat des de les costes de Noruega, les Illes Brit\u00e0niques i Irlanda, les costes holandeses i belgues, el litoral atl\u00e0ntic de Fran\u00e7a, tota la Pen\u00ednsula Ib\u00e8rica incloses les costes portugueses, les illes Can\u00e0ries i el Mediterrani occidental. En les costes catalanes ha estat observada en localitats com Cadaqu\u00e9s, a les Illes Formigues, Tamariu, Llafranc, Tossa de Mar, Blanes i Cubelles, entre d\u2019altres.<br \/>\n<div id=\"flxmap-6a99a335d866d\" class='flxmap-container' data-flxmap='flxmap_6a99a335d866d' style=\"width:100%;height:400px;\"><\/div>\n<script data-noptimize=\"1\">\n\/* <![CDATA[ *\/\n(function(w, fn) {\n if (w.addEventListener) w.addEventListener(\"DOMContentLoaded\", fn, false);\n else if (w.attachEvent) w.attachEvent(\"onload\", fn);\n})(window, function() {\n var f = new FlexibleMap();\n f.panControl = true;\n f.mapTypeId = \"satellite\";\n f.setlocale(\"ca-ES\");\n f.kmlcache = \"5 minutes\";\n f.showKML(\"flxmap-6a99a335d866d\", \"https:\/\/opistobranquis.info\/wp-content\/uploads\/kms\/629.kmz\");\n window.flxmap_6a99a335d866d = f;\n});\n\/* ]]> *\/\n<\/script>\n<div style=\"width:100%;text-align:center;margin:12px 0 4px 0;\">\n  <div style=\"font-size:8pt;margin-bottom:6px;\">Cites georeferenciades conegudes de l'esp\u00e8cie: <em>Facelina auriculata<\/em><\/div>\n  <table style=\"margin:0 auto;border-collapse:collapse;font-size:8pt;\">\n    <tr><td colspan=\"2\" style=\"text-align:left;padding-bottom:4px;\"><strong>Fonts:<\/strong><\/td><\/tr>\n    <tr>\n      <td style=\"vertical-align:top;padding-right:40px;\">\n        <table style=\"border-collapse:collapse;\">\n<tr><td style='padding:1px 6px 1px 0;vertical-align:middle'><img data-recalc-dims=\"1\" src=\"https:\/\/i0.wp.com\/opistobranquis.info\/wp-content\/uploads\/kms\/wht-circle-lv.png?w=900&#038;ssl=1\" style='display:block'><\/td><td style='padding:1px 0;vertical-align:middle;white-space:nowrap'>OBIS<\/td><\/tr><tr><td style='padding:1px 6px 1px 0;vertical-align:middle'><img data-recalc-dims=\"1\" src=\"https:\/\/i0.wp.com\/opistobranquis.info\/wp-content\/uploads\/kms\/ylw-circle-lv.png?w=900&#038;ssl=1\" style='display:block'><\/td><td style='padding:1px 0;vertical-align:middle;white-space:nowrap'>GROC 2010-2011<\/td><\/tr><tr><td style='padding:1px 6px 1px 0;vertical-align:middle'><img data-recalc-dims=\"1\" src=\"https:\/\/i0.wp.com\/opistobranquis.info\/wp-content\/uploads\/kms\/grn-circle-lv.png?w=900&#038;ssl=1\" style='display:block'><\/td><td style='padding:1px 0;vertical-align:middle;white-space:nowrap'>Enric Madrenas<\/td><\/tr><tr><td style='padding:1px 6px 1px 0;vertical-align:middle'><img data-recalc-dims=\"1\" src=\"https:\/\/i0.wp.com\/opistobranquis.info\/wp-content\/uploads\/kms\/orange-circle-lv.png?w=900&#038;ssl=1\" style='display:block'><\/td><td style='padding:1px 0;vertical-align:middle;white-space:nowrap'>Jo\u00e3o Pedro Silva<\/td><\/tr><tr><td style='padding:1px 6px 1px 0;vertical-align:middle'><img data-recalc-dims=\"1\" src=\"https:\/\/i0.wp.com\/opistobranquis.info\/wp-content\/uploads\/kms\/pink-circle-lv.png?w=900&#038;ssl=1\" style='display:block'><\/td><td style='padding:1px 0;vertical-align:middle;white-space:nowrap'>Bernard Picton<\/td><\/tr><tr><td style='padding:1px 6px 1px 0;vertical-align:middle'><img data-recalc-dims=\"1\" src=\"https:\/\/i0.wp.com\/opistobranquis.info\/wp-content\/uploads\/kms\/blk-circle-lv.png?w=900&#038;ssl=1\" style='display:block'><\/td><td style='padding:1px 0;vertical-align:middle;white-space:nowrap'>GBIF<\/td><\/tr>        <\/table>\n      <\/td>\n      <td style=\"vertical-align:top;\">\n        <table style=\"border-collapse:collapse;\">\n<tr><td style='padding:1px 6px 1px 0;vertical-align:middle'><img data-recalc-dims=\"1\" src=\"https:\/\/i0.wp.com\/opistobranquis.info\/wp-content\/uploads\/kms\/purple-circle-lv.png?w=900&#038;ssl=1\" style='display:block'><\/td><td style='padding:1px 0;vertical-align:middle;white-space:nowrap'>OPK<\/td><\/tr><tr><td style='padding:1px 6px 1px 0;vertical-align:middle'><img data-recalc-dims=\"1\" src=\"https:\/\/i0.wp.com\/opistobranquis.info\/wp-content\/uploads\/kms\/red-circle-lv.png?w=900&#038;ssl=1\" style='display:block'><\/td><td style='padding:1px 0;vertical-align:middle;white-space:nowrap'>VIMAR<\/td><\/tr><tr><td style='padding:1px 6px 1px 0;vertical-align:middle'><img data-recalc-dims=\"1\" src=\"https:\/\/i0.wp.com\/opistobranquis.info\/wp-content\/uploads\/kms\/blu-circle-lv.png?w=900&#038;ssl=1\" style='display:block'><\/td><td style='padding:1px 0;vertical-align:middle;white-space:nowrap'>Manuel Ballesteros<\/td><\/tr><tr><td style='padding:1px 6px 1px 0;vertical-align:middle'><img data-recalc-dims=\"1\" src=\"https:\/\/i0.wp.com\/opistobranquis.info\/wp-content\/uploads\/kms\/cyan-circle-lv.png?w=900&#038;ssl=1\" style='display:block'><\/td><td style='padding:1px 0;vertical-align:middle;white-space:nowrap'>M@re Nostrum<\/td><\/tr><tr><td style='padding:1px 6px 1px 0;vertical-align:middle'><img data-recalc-dims=\"1\" src=\"https:\/\/i0.wp.com\/opistobranquis.info\/wp-content\/uploads\/kms\/grey-circle-lv.png?w=900&#038;ssl=1\" style='display:block'><\/td><td style='padding:1px 0;vertical-align:middle;white-space:nowrap'>Altres fonts<\/td><\/tr><tr><td style='padding:1px 6px 1px 0;vertical-align:middle'><img data-recalc-dims=\"1\" src=\"https:\/\/i0.wp.com\/opistobranquis.info\/wp-content\/uploads\/kms\/marreg.png?w=900&#038;ssl=1\" style='display:block'><\/td><td style='padding:1px 0;vertical-align:middle;white-space:nowrap'>Marine Regions<\/td><\/tr>        <\/table>\n      <\/td>\n    <\/tr>\n  <\/table>\n<\/div>\n<\/p>\n<p><strong>Esp\u00e8cies semblants<br \/>\n<\/strong><a href=\"https:\/\/opistobranquis.info\/guia\/nudibranchia\/cladobranchia\/aeolidioidea\/facelina-bostoniensis\/\"><em>Facelina bostoniensis<\/em><\/a>, dors color crem\u00f3s, cerata sense espais entre grups i sense irisacions blaves, rin\u00f2fors amb 20-30 laminetes amples i estretes alternades, distribuci\u00f3 Atl\u00e0ntica. <a href=\"https:\/\/opistobranquis.info\/guia\/nudibranchia\/cladobranchia\/aeolidioidea\/facelina-vicina\/\"><em>Facelina vicina<\/em><\/a>, dors color crem\u00f3s i cap rosat, rin\u00f2fors amb 11-15 laminetes amples i estretes alternades, distribuci\u00f3 Mediterr\u00e0nia.<\/p>\n<p><strong>Error:<\/strong> Chart.js no est\u00e1 disponible.<\/p>\n<p><strong>Videos<\/strong><\/p>\n<p><iframe loading=\"lazy\" title=\"Faceline bleute\u0301e - Facelina auriculata - Palavas (France)\" width=\"900\" height=\"506\" src=\"https:\/\/www.youtube.com\/embed\/wHhZc7WB5PA?feature=oembed\" frameborder=\"0\" allow=\"accelerometer; autoplay; clipboard-write; encrypted-media; gyroscope; picture-in-picture\" allowfullscreen><\/iframe><\/p>\n<p><iframe loading=\"lazy\" title=\"Faceline bleute\u0301e - Facelina auriculata - www.loeilduplongeur.com\" width=\"900\" height=\"506\" src=\"https:\/\/www.youtube.com\/embed\/7GUaKGzFIL0?feature=oembed\" frameborder=\"0\" allow=\"accelerometer; autoplay; clipboard-write; encrypted-media; gyroscope; picture-in-picture\" allowfullscreen><\/iframe><\/p>\n<p><iframe loading=\"lazy\" src=\"https:\/\/player.vimeo.com\/video\/784333002?h=d47f8a612f&amp;dnt=1&amp;app_id=122963\" width=\"900\" height=\"506\" frameborder=\"0\" allow=\"autoplay; fullscreen; picture-in-picture\" allowfullscreen><\/iframe><\/p>\n<p>&nbsp;<\/p>\n<p><strong>Altres fotos<\/strong><br \/>\n<div class=\"tiled-gallery type-rectangular tiled-gallery-unresized\" data-original-width=\"900\" data-carousel-extra='{&quot;blog_id&quot;:1,&quot;permalink&quot;:&quot;https:\\\/\\\/opistobranquis.info\\\/ca\\\/guia\\\/nudibranchia\\\/cladobranchia\\\/aeolidioidea\\\/facelinidae\\\/facelina-auriculata\\\/&quot;,&quot;likes_blog_id&quot;:44192421}' itemscope itemtype=\"http:\/\/schema.org\/ImageGallery\" > <div class=\"gallery-row\" style=\"width: 900px; height: 769px;\" data-original-width=\"900\" data-original-height=\"769\" > <div class=\"gallery-group images-3\" style=\"width: 378px; height: 769px;\" data-original-width=\"378\" data-original-height=\"769\" > <div class=\"tiled-gallery-item tiled-gallery-item-large\" itemprop=\"associatedMedia\" itemscope itemtype=\"http:\/\/schema.org\/ImageObject\"> <a href=\"https:\/\/opistobranquis.info\/ca\/guia\/nudibranchia\/cladobranchia\/aeolidioidea\/facelinidae\/facelina-auriculata\/facelina-auriculata-00\/\" border=\"0\" itemprop=\"url\"> <meta itemprop=\"width\" content=\"374\"> <meta itemprop=\"height\" content=\"253\"> <img decoding=\"async\" class=\"\" data-attachment-id=\"4485\" data-orig-file=\"https:\/\/opistobranquis.info\/wp-content\/uploads\/2012\/12\/facelina-auriculata-00.jpg\" data-orig-size=\"814,550\" data-comments-opened=\"\" data-image-title=\"Facelina auriculata by Enric Madrenas\" data-image-description=\"&lt;p&gt;Facelina auriculata by Enric Madrenas&lt;\/p&gt; \" data-medium-file=\"https:\/\/i0.wp.com\/opistobranquis.info\/wp-content\/uploads\/2012\/12\/facelina-auriculata-00.jpg?fit=300%2C202&#038;ssl=1\" data-large-file=\"https:\/\/i0.wp.com\/opistobranquis.info\/wp-content\/uploads\/2012\/12\/facelina-auriculata-00.jpg?fit=814%2C550&#038;ssl=1\" src=\"https:\/\/i0.wp.com\/opistobranquis.info\/wp-content\/uploads\/2012\/12\/facelina-auriculata-00.jpg?w=374&#038;h=253&#038;ssl=1\" srcset=\"https:\/\/i0.wp.com\/opistobranquis.info\/wp-content\/uploads\/2012\/12\/facelina-auriculata-00.jpg?w=814&amp;ssl=1 814w, https:\/\/i0.wp.com\/opistobranquis.info\/wp-content\/uploads\/2012\/12\/facelina-auriculata-00.jpg?resize=300%2C202&amp;ssl=1 300w\" width=\"374\" height=\"253\" loading=\"lazy\" data-original-width=\"374\" data-original-height=\"253\" itemprop=\"http:\/\/schema.org\/image\" title=\"Facelina auriculata by Enric Madrenas\" alt=\"Facelina auriculata by Enric Madrenas\" style=\"width: 374px; height: 253px;\" \/> <\/a> <div class=\"tiled-gallery-caption\" itemprop=\"caption description\"> Facelina auriculata by Enric Madrenas <\/div> <\/div> <div class=\"tiled-gallery-item tiled-gallery-item-large\" itemprop=\"associatedMedia\" itemscope itemtype=\"http:\/\/schema.org\/ImageObject\"> <a href=\"https:\/\/opistobranquis.info\/ca\/guia\/nudibranchia\/cladobranchia\/aeolidioidea\/facelinidae\/facelina-auriculata\/facelina-auriculata-03\/\" border=\"0\" itemprop=\"url\"> <meta itemprop=\"width\" content=\"374\"> <meta itemprop=\"height\" content=\"252\"> <img decoding=\"async\" class=\"\" data-attachment-id=\"4486\" data-orig-file=\"https:\/\/opistobranquis.info\/wp-content\/uploads\/2012\/12\/facelina-auriculata-03.jpg\" data-orig-size=\"814,550\" data-comments-opened=\"\" data-image-title=\"Facelina auriculata by Enric Madrenas\" data-image-description=\"&lt;p&gt;Facelina auriculata by Enric Madrenas&lt;\/p&gt; \" data-medium-file=\"https:\/\/i0.wp.com\/opistobranquis.info\/wp-content\/uploads\/2012\/12\/facelina-auriculata-03.jpg?fit=300%2C202&#038;ssl=1\" data-large-file=\"https:\/\/i0.wp.com\/opistobranquis.info\/wp-content\/uploads\/2012\/12\/facelina-auriculata-03.jpg?fit=814%2C550&#038;ssl=1\" src=\"https:\/\/i0.wp.com\/opistobranquis.info\/wp-content\/uploads\/2012\/12\/facelina-auriculata-03.jpg?w=374&#038;h=252&#038;ssl=1\" srcset=\"https:\/\/i0.wp.com\/opistobranquis.info\/wp-content\/uploads\/2012\/12\/facelina-auriculata-03.jpg?w=814&amp;ssl=1 814w, https:\/\/i0.wp.com\/opistobranquis.info\/wp-content\/uploads\/2012\/12\/facelina-auriculata-03.jpg?resize=300%2C202&amp;ssl=1 300w\" width=\"374\" height=\"252\" loading=\"lazy\" data-original-width=\"374\" data-original-height=\"252\" itemprop=\"http:\/\/schema.org\/image\" title=\"Facelina auriculata by Enric Madrenas\" alt=\"Facelina auriculata by Enric Madrenas\" style=\"width: 374px; height: 252px;\" \/> <\/a> <div class=\"tiled-gallery-caption\" itemprop=\"caption description\"> Facelina auriculata by Enric Madrenas <\/div> <\/div> <div class=\"tiled-gallery-item tiled-gallery-item-large\" itemprop=\"associatedMedia\" itemscope itemtype=\"http:\/\/schema.org\/ImageObject\"> <a href=\"https:\/\/opistobranquis.info\/ca\/guia\/nudibranchia\/cladobranchia\/aeolidioidea\/facelinidae\/facelina-auriculata\/facelina-auriculata-08\/\" border=\"0\" itemprop=\"url\"> <meta itemprop=\"width\" content=\"374\"> <meta itemprop=\"height\" content=\"252\"> <img decoding=\"async\" class=\"\" data-attachment-id=\"4487\" data-orig-file=\"https:\/\/opistobranquis.info\/wp-content\/uploads\/2012\/12\/facelina-auriculata-08.jpg\" data-orig-size=\"814,550\" data-comments-opened=\"\" data-image-title=\"Facelina auriculata by Enric Madrenas\" data-image-description=\"&lt;p&gt;Facelina auriculata by Enric Madrenas&lt;\/p&gt; \" data-medium-file=\"https:\/\/i0.wp.com\/opistobranquis.info\/wp-content\/uploads\/2012\/12\/facelina-auriculata-08.jpg?fit=300%2C202&#038;ssl=1\" data-large-file=\"https:\/\/i0.wp.com\/opistobranquis.info\/wp-content\/uploads\/2012\/12\/facelina-auriculata-08.jpg?fit=814%2C550&#038;ssl=1\" src=\"https:\/\/i0.wp.com\/opistobranquis.info\/wp-content\/uploads\/2012\/12\/facelina-auriculata-08.jpg?w=374&#038;h=252&#038;ssl=1\" srcset=\"https:\/\/i0.wp.com\/opistobranquis.info\/wp-content\/uploads\/2012\/12\/facelina-auriculata-08.jpg?w=814&amp;ssl=1 814w, https:\/\/i0.wp.com\/opistobranquis.info\/wp-content\/uploads\/2012\/12\/facelina-auriculata-08.jpg?resize=300%2C202&amp;ssl=1 300w\" width=\"374\" height=\"252\" loading=\"lazy\" data-original-width=\"374\" data-original-height=\"252\" itemprop=\"http:\/\/schema.org\/image\" title=\"Facelina auriculata by Enric Madrenas\" alt=\"Facelina auriculata by Enric Madrenas\" style=\"width: 374px; height: 252px;\" \/> <\/a> <div class=\"tiled-gallery-caption\" itemprop=\"caption description\"> Facelina auriculata by Enric Madrenas <\/div> <\/div> <\/div> <!-- close group --> <div class=\"gallery-group images-1\" style=\"width: 522px; height: 769px;\" data-original-width=\"522\" data-original-height=\"769\" > <div class=\"tiled-gallery-item tiled-gallery-item-large\" itemprop=\"associatedMedia\" itemscope itemtype=\"http:\/\/schema.org\/ImageObject\"> <a href=\"https:\/\/opistobranquis.info\/ca\/guia\/nudibranchia\/cladobranchia\/aeolidioidea\/facelinidae\/facelina-auriculata\/facelina-auriculata-11\/\" border=\"0\" itemprop=\"url\"> <meta itemprop=\"width\" content=\"518\"> <meta itemprop=\"height\" content=\"765\"> <img decoding=\"async\" class=\"\" data-attachment-id=\"4488\" data-orig-file=\"https:\/\/opistobranquis.info\/wp-content\/uploads\/2012\/12\/facelina-auriculata-11.jpg\" data-orig-size=\"416,614\" data-comments-opened=\"\" data-image-title=\"Facelina auriculata by Enric Madrenas\" data-image-description=\"&lt;p&gt;Facelina auriculata by Enric Madrenas&lt;\/p&gt; \" data-medium-file=\"https:\/\/i0.wp.com\/opistobranquis.info\/wp-content\/uploads\/2012\/12\/facelina-auriculata-11.jpg?fit=203%2C300&#038;ssl=1\" data-large-file=\"https:\/\/i0.wp.com\/opistobranquis.info\/wp-content\/uploads\/2012\/12\/facelina-auriculata-11.jpg?fit=416%2C614&#038;ssl=1\" src=\"https:\/\/i0.wp.com\/opistobranquis.info\/wp-content\/uploads\/2012\/12\/facelina-auriculata-11.jpg?w=518&#038;h=765&#038;ssl=1\" srcset=\"https:\/\/i0.wp.com\/opistobranquis.info\/wp-content\/uploads\/2012\/12\/facelina-auriculata-11.jpg?w=416&amp;ssl=1 416w, https:\/\/i0.wp.com\/opistobranquis.info\/wp-content\/uploads\/2012\/12\/facelina-auriculata-11.jpg?resize=203%2C300&amp;ssl=1 203w\" width=\"518\" height=\"765\" loading=\"lazy\" data-original-width=\"518\" data-original-height=\"765\" itemprop=\"http:\/\/schema.org\/image\" title=\"Facelina auriculata by Enric Madrenas\" alt=\"Facelina auriculata by Enric Madrenas\" style=\"width: 518px; height: 765px;\" \/> <\/a> <div class=\"tiled-gallery-caption\" itemprop=\"caption description\"> Facelina auriculata by Enric Madrenas <\/div> <\/div> <\/div> <!-- close group --> <\/div> <!-- close row --> <div class=\"gallery-row\" style=\"width: 900px; height: 417px;\" data-original-width=\"900\" data-original-height=\"417\" > <div class=\"gallery-group images-1\" style=\"width: 617px; height: 417px;\" data-original-width=\"617\" data-original-height=\"417\" > <div class=\"tiled-gallery-item tiled-gallery-item-large\" itemprop=\"associatedMedia\" itemscope itemtype=\"http:\/\/schema.org\/ImageObject\"> <a href=\"https:\/\/opistobranquis.info\/ca\/guia\/nudibranchia\/cladobranchia\/aeolidioidea\/facelinidae\/facelina-auriculata\/facelina-auriculata-12\/\" border=\"0\" itemprop=\"url\"> <meta itemprop=\"width\" content=\"613\"> <meta itemprop=\"height\" content=\"413\"> <img decoding=\"async\" class=\"\" data-attachment-id=\"4489\" data-orig-file=\"https:\/\/opistobranquis.info\/wp-content\/uploads\/2012\/12\/facelina-auriculata-12.jpg\" data-orig-size=\"814,549\" data-comments-opened=\"\" data-image-title=\"Facelina auriculata by Enric Madrenas\" data-image-description=\"&lt;p&gt;Facelina auriculata by Enric Madrenas&lt;\/p&gt; \" data-medium-file=\"https:\/\/i0.wp.com\/opistobranquis.info\/wp-content\/uploads\/2012\/12\/facelina-auriculata-12.jpg?fit=300%2C202&#038;ssl=1\" data-large-file=\"https:\/\/i0.wp.com\/opistobranquis.info\/wp-content\/uploads\/2012\/12\/facelina-auriculata-12.jpg?fit=814%2C549&#038;ssl=1\" src=\"https:\/\/i0.wp.com\/opistobranquis.info\/wp-content\/uploads\/2012\/12\/facelina-auriculata-12.jpg?w=613&#038;h=413&#038;ssl=1\" srcset=\"https:\/\/i0.wp.com\/opistobranquis.info\/wp-content\/uploads\/2012\/12\/facelina-auriculata-12.jpg?w=814&amp;ssl=1 814w, https:\/\/i0.wp.com\/opistobranquis.info\/wp-content\/uploads\/2012\/12\/facelina-auriculata-12.jpg?resize=300%2C202&amp;ssl=1 300w\" width=\"613\" height=\"413\" loading=\"lazy\" data-original-width=\"613\" data-original-height=\"413\" itemprop=\"http:\/\/schema.org\/image\" title=\"Facelina auriculata by Enric Madrenas\" alt=\"Facelina auriculata by Enric Madrenas\" style=\"width: 613px; height: 413px;\" \/> <\/a> <div class=\"tiled-gallery-caption\" itemprop=\"caption description\"> Facelina auriculata by Enric Madrenas <\/div> <\/div> <\/div> <!-- close group --> <div class=\"gallery-group images-1\" style=\"width: 283px; height: 417px;\" data-original-width=\"283\" data-original-height=\"417\" > <div class=\"tiled-gallery-item tiled-gallery-item-large\" itemprop=\"associatedMedia\" itemscope itemtype=\"http:\/\/schema.org\/ImageObject\"> <a href=\"https:\/\/opistobranquis.info\/ca\/guia\/nudibranchia\/cladobranchia\/aeolidioidea\/facelinidae\/facelina-auriculata\/facelina-auriculata-14\/\" border=\"0\" itemprop=\"url\"> <meta itemprop=\"width\" content=\"279\"> <meta itemprop=\"height\" content=\"413\"> <img decoding=\"async\" class=\"\" data-attachment-id=\"4490\" data-orig-file=\"https:\/\/opistobranquis.info\/wp-content\/uploads\/2012\/12\/facelina-auriculata-14.jpg\" data-orig-size=\"415,614\" data-comments-opened=\"\" data-image-title=\"Facelina auriculata by Enric Madrenas\" data-image-description=\"&lt;p&gt;Facelina auriculata by Enric Madrenas&lt;\/p&gt; \" data-medium-file=\"https:\/\/i0.wp.com\/opistobranquis.info\/wp-content\/uploads\/2012\/12\/facelina-auriculata-14.jpg?fit=202%2C300&#038;ssl=1\" data-large-file=\"https:\/\/i0.wp.com\/opistobranquis.info\/wp-content\/uploads\/2012\/12\/facelina-auriculata-14.jpg?fit=415%2C614&#038;ssl=1\" src=\"https:\/\/i0.wp.com\/opistobranquis.info\/wp-content\/uploads\/2012\/12\/facelina-auriculata-14.jpg?w=279&#038;h=413&#038;ssl=1\" srcset=\"https:\/\/i0.wp.com\/opistobranquis.info\/wp-content\/uploads\/2012\/12\/facelina-auriculata-14.jpg?w=415&amp;ssl=1 415w, https:\/\/i0.wp.com\/opistobranquis.info\/wp-content\/uploads\/2012\/12\/facelina-auriculata-14.jpg?resize=202%2C300&amp;ssl=1 202w\" width=\"279\" height=\"413\" loading=\"lazy\" data-original-width=\"279\" data-original-height=\"413\" itemprop=\"http:\/\/schema.org\/image\" title=\"Facelina auriculata by Enric Madrenas\" alt=\"Facelina auriculata by Enric Madrenas\" style=\"width: 279px; height: 413px;\" \/> <\/a> <div class=\"tiled-gallery-caption\" itemprop=\"caption description\"> Facelina auriculata by Enric Madrenas <\/div> <\/div> <\/div> <!-- close group --> <\/div> <!-- close row --> <div class=\"gallery-row\" style=\"width: 900px; height: 593px;\" data-original-width=\"900\" data-original-height=\"593\" > <div class=\"gallery-group images-1\" style=\"width: 450px; height: 593px;\" data-original-width=\"450\" data-original-height=\"593\" > <div class=\"tiled-gallery-item tiled-gallery-item-large\" itemprop=\"associatedMedia\" itemscope itemtype=\"http:\/\/schema.org\/ImageObject\"> <a href=\"https:\/\/opistobranquis.info\/ca\/guia\/nudibranchia\/cladobranchia\/aeolidioidea\/facelinidae\/facelina-auriculata\/facelina-auriculata-17\/\" border=\"0\" itemprop=\"url\"> <meta itemprop=\"width\" content=\"446\"> <meta itemprop=\"height\" content=\"589\"> <img decoding=\"async\" class=\"\" data-attachment-id=\"4491\" data-orig-file=\"https:\/\/opistobranquis.info\/wp-content\/uploads\/2012\/12\/facelina-auriculata-17.jpg\" data-orig-size=\"465,614\" data-comments-opened=\"\" data-image-title=\"Facelina auriculata by Enric Madrenas\" data-image-description=\"&lt;p&gt;Facelina auriculata by Enric Madrenas&lt;\/p&gt; \" data-medium-file=\"https:\/\/i0.wp.com\/opistobranquis.info\/wp-content\/uploads\/2012\/12\/facelina-auriculata-17.jpg?fit=227%2C300&#038;ssl=1\" data-large-file=\"https:\/\/i0.wp.com\/opistobranquis.info\/wp-content\/uploads\/2012\/12\/facelina-auriculata-17.jpg?fit=465%2C614&#038;ssl=1\" src=\"https:\/\/i0.wp.com\/opistobranquis.info\/wp-content\/uploads\/2012\/12\/facelina-auriculata-17.jpg?w=446&#038;h=589&#038;ssl=1\" srcset=\"https:\/\/i0.wp.com\/opistobranquis.info\/wp-content\/uploads\/2012\/12\/facelina-auriculata-17.jpg?w=465&amp;ssl=1 465w, https:\/\/i0.wp.com\/opistobranquis.info\/wp-content\/uploads\/2012\/12\/facelina-auriculata-17.jpg?resize=227%2C300&amp;ssl=1 227w\" width=\"446\" height=\"589\" loading=\"lazy\" data-original-width=\"446\" data-original-height=\"589\" itemprop=\"http:\/\/schema.org\/image\" title=\"Facelina auriculata by Enric Madrenas\" alt=\"Facelina auriculata by Enric Madrenas\" style=\"width: 446px; height: 589px;\" \/> <\/a> <div class=\"tiled-gallery-caption\" itemprop=\"caption description\"> Facelina auriculata by Enric Madrenas <\/div> <\/div> <\/div> <!-- close group --> <div class=\"gallery-group images-1\" style=\"width: 450px; height: 593px;\" data-original-width=\"450\" data-original-height=\"593\" > <div class=\"tiled-gallery-item tiled-gallery-item-large\" itemprop=\"associatedMedia\" itemscope itemtype=\"http:\/\/schema.org\/ImageObject\"> <a href=\"https:\/\/opistobranquis.info\/ca\/guia\/nudibranchia\/cladobranchia\/aeolidioidea\/facelinidae\/facelina-auriculata\/facelina-auriculata-18\/\" border=\"0\" itemprop=\"url\"> <meta itemprop=\"width\" content=\"446\"> <meta itemprop=\"height\" content=\"589\"> <img decoding=\"async\" class=\"\" data-attachment-id=\"4492\" data-orig-file=\"https:\/\/opistobranquis.info\/wp-content\/uploads\/2012\/12\/facelina-auriculata-18.jpg\" data-orig-size=\"465,614\" data-comments-opened=\"\" data-image-title=\"Facelina auriculata by Enric Madrenas\" data-image-description=\"&lt;p&gt;Facelina auriculata by Enric Madrenas&lt;\/p&gt; \" data-medium-file=\"https:\/\/i0.wp.com\/opistobranquis.info\/wp-content\/uploads\/2012\/12\/facelina-auriculata-18.jpg?fit=227%2C300&#038;ssl=1\" data-large-file=\"https:\/\/i0.wp.com\/opistobranquis.info\/wp-content\/uploads\/2012\/12\/facelina-auriculata-18.jpg?fit=465%2C614&#038;ssl=1\" src=\"https:\/\/i0.wp.com\/opistobranquis.info\/wp-content\/uploads\/2012\/12\/facelina-auriculata-18.jpg?w=446&#038;h=589&#038;ssl=1\" srcset=\"https:\/\/i0.wp.com\/opistobranquis.info\/wp-content\/uploads\/2012\/12\/facelina-auriculata-18.jpg?w=465&amp;ssl=1 465w, https:\/\/i0.wp.com\/opistobranquis.info\/wp-content\/uploads\/2012\/12\/facelina-auriculata-18.jpg?resize=227%2C300&amp;ssl=1 227w\" width=\"446\" height=\"589\" loading=\"lazy\" data-original-width=\"446\" data-original-height=\"589\" itemprop=\"http:\/\/schema.org\/image\" title=\"Facelina auriculata by Enric Madrenas\" alt=\"Facelina auriculata by Enric Madrenas\" style=\"width: 446px; height: 589px;\" \/> <\/a> <div class=\"tiled-gallery-caption\" itemprop=\"caption description\"> Facelina auriculata by Enric Madrenas <\/div> <\/div> <\/div> <!-- close group --> <\/div> <!-- close row --> <div class=\"gallery-row\" style=\"width: 900px; height: 436px;\" data-original-width=\"900\" data-original-height=\"436\" > <div class=\"gallery-group images-1\" style=\"width: 576px; height: 436px;\" data-original-width=\"576\" data-original-height=\"436\" > <div class=\"tiled-gallery-item tiled-gallery-item-large\" itemprop=\"associatedMedia\" itemscope itemtype=\"http:\/\/schema.org\/ImageObject\"> <a href=\"https:\/\/opistobranquis.info\/ca\/guia\/nudibranchia\/cladobranchia\/aeolidioidea\/facelinidae\/facelina-auriculata\/facelina-auriculata-21\/\" border=\"0\" itemprop=\"url\"> <meta itemprop=\"width\" content=\"572\"> <meta itemprop=\"height\" content=\"432\"> <img decoding=\"async\" class=\"\" data-attachment-id=\"4493\" data-orig-file=\"https:\/\/opistobranquis.info\/wp-content\/uploads\/2012\/12\/facelina-auriculata-21.jpg\" data-orig-size=\"813,614\" data-comments-opened=\"\" data-image-title=\"Facelina auriculata by Enric Madrenas\" data-image-description=\"&lt;p&gt;Facelina auriculata by Enric Madrenas&lt;\/p&gt; \" data-medium-file=\"https:\/\/i0.wp.com\/opistobranquis.info\/wp-content\/uploads\/2012\/12\/facelina-auriculata-21.jpg?fit=300%2C226&#038;ssl=1\" data-large-file=\"https:\/\/i0.wp.com\/opistobranquis.info\/wp-content\/uploads\/2012\/12\/facelina-auriculata-21.jpg?fit=813%2C614&#038;ssl=1\" src=\"https:\/\/i0.wp.com\/opistobranquis.info\/wp-content\/uploads\/2012\/12\/facelina-auriculata-21.jpg?w=572&#038;h=432&#038;ssl=1\" srcset=\"https:\/\/i0.wp.com\/opistobranquis.info\/wp-content\/uploads\/2012\/12\/facelina-auriculata-21.jpg?w=813&amp;ssl=1 813w, https:\/\/i0.wp.com\/opistobranquis.info\/wp-content\/uploads\/2012\/12\/facelina-auriculata-21.jpg?resize=300%2C226&amp;ssl=1 300w\" width=\"572\" height=\"432\" loading=\"lazy\" data-original-width=\"572\" data-original-height=\"432\" itemprop=\"http:\/\/schema.org\/image\" title=\"Facelina auriculata by Enric Madrenas\" alt=\"Facelina auriculata by Enric Madrenas\" style=\"width: 572px; height: 432px;\" \/> <\/a> <div class=\"tiled-gallery-caption\" itemprop=\"caption description\"> Facelina auriculata by Enric Madrenas <\/div> <\/div> <\/div> <!-- close group --> <div class=\"gallery-group images-2\" style=\"width: 324px; height: 436px;\" data-original-width=\"324\" data-original-height=\"436\" > <div class=\"tiled-gallery-item tiled-gallery-item-large\" itemprop=\"associatedMedia\" itemscope itemtype=\"http:\/\/schema.org\/ImageObject\"> <a href=\"https:\/\/opistobranquis.info\/ca\/guia\/nudibranchia\/cladobranchia\/aeolidioidea\/facelinidae\/facelina-auriculata\/facelina-auriculata-22\/\" border=\"0\" itemprop=\"url\"> <meta itemprop=\"width\" content=\"320\"> <meta itemprop=\"height\" content=\"215\"> <img decoding=\"async\" class=\"\" data-attachment-id=\"4494\" data-orig-file=\"https:\/\/opistobranquis.info\/wp-content\/uploads\/2012\/12\/facelina-auriculata-22.jpg\" data-orig-size=\"814,549\" data-comments-opened=\"\" data-image-title=\"Facelina auriculata by Enric Madrenas\" data-image-description=\"&lt;p&gt;Facelina auriculata by Enric Madrenas&lt;\/p&gt; \" data-medium-file=\"https:\/\/i0.wp.com\/opistobranquis.info\/wp-content\/uploads\/2012\/12\/facelina-auriculata-22.jpg?fit=300%2C202&#038;ssl=1\" data-large-file=\"https:\/\/i0.wp.com\/opistobranquis.info\/wp-content\/uploads\/2012\/12\/facelina-auriculata-22.jpg?fit=814%2C549&#038;ssl=1\" src=\"https:\/\/i0.wp.com\/opistobranquis.info\/wp-content\/uploads\/2012\/12\/facelina-auriculata-22.jpg?w=320&#038;h=215&#038;ssl=1\" srcset=\"https:\/\/i0.wp.com\/opistobranquis.info\/wp-content\/uploads\/2012\/12\/facelina-auriculata-22.jpg?w=814&amp;ssl=1 814w, https:\/\/i0.wp.com\/opistobranquis.info\/wp-content\/uploads\/2012\/12\/facelina-auriculata-22.jpg?resize=300%2C202&amp;ssl=1 300w\" width=\"320\" height=\"215\" loading=\"lazy\" data-original-width=\"320\" data-original-height=\"215\" itemprop=\"http:\/\/schema.org\/image\" title=\"Facelina auriculata by Enric Madrenas\" alt=\"Facelina auriculata by Enric Madrenas\" style=\"width: 320px; height: 215px;\" \/> <\/a> <div class=\"tiled-gallery-caption\" itemprop=\"caption description\"> Facelina auriculata by Enric Madrenas <\/div> <\/div> <div class=\"tiled-gallery-item tiled-gallery-item-large\" itemprop=\"associatedMedia\" itemscope itemtype=\"http:\/\/schema.org\/ImageObject\"> <a href=\"https:\/\/opistobranquis.info\/ca\/guia\/nudibranchia\/cladobranchia\/aeolidioidea\/facelinidae\/facelina-auriculata\/facelina-auriculata-mpg_5828-by-miquel-pontes-2\/\" border=\"0\" itemprop=\"url\"> <meta itemprop=\"width\" content=\"320\"> <meta itemprop=\"height\" content=\"213\"> <img decoding=\"async\" class=\"\" data-attachment-id=\"18805\" data-orig-file=\"https:\/\/opistobranquis.info\/wp-content\/uploads\/2012\/05\/Facelina-auriculata-MPG_5828-by-Miquel-Pontes.jpg\" data-orig-size=\"800,533\" data-comments-opened=\"\" data-image-title=\"Facelina auriculata @ Aiguafreda (Begur), 10-04-2010 by Miquel Pontes\" data-image-description=\"&lt;p&gt;Facelina auriculata @ Aiguafreda (Begur), 10-04-2010 by Miquel Pontes&lt;\/p&gt; \" data-medium-file=\"https:\/\/i0.wp.com\/opistobranquis.info\/wp-content\/uploads\/2012\/05\/Facelina-auriculata-MPG_5828-by-Miquel-Pontes.jpg?fit=300%2C200&#038;ssl=1\" data-large-file=\"https:\/\/i0.wp.com\/opistobranquis.info\/wp-content\/uploads\/2012\/05\/Facelina-auriculata-MPG_5828-by-Miquel-Pontes.jpg?fit=800%2C533&#038;ssl=1\" src=\"https:\/\/i0.wp.com\/opistobranquis.info\/wp-content\/uploads\/2012\/05\/Facelina-auriculata-MPG_5828-by-Miquel-Pontes.jpg?w=320&#038;h=213&#038;ssl=1\" srcset=\"https:\/\/i0.wp.com\/opistobranquis.info\/wp-content\/uploads\/2012\/05\/Facelina-auriculata-MPG_5828-by-Miquel-Pontes.jpg?w=800&amp;ssl=1 800w, https:\/\/i0.wp.com\/opistobranquis.info\/wp-content\/uploads\/2012\/05\/Facelina-auriculata-MPG_5828-by-Miquel-Pontes.jpg?resize=150%2C100&amp;ssl=1 150w, https:\/\/i0.wp.com\/opistobranquis.info\/wp-content\/uploads\/2012\/05\/Facelina-auriculata-MPG_5828-by-Miquel-Pontes.jpg?resize=300%2C200&amp;ssl=1 300w\" width=\"320\" height=\"213\" loading=\"lazy\" data-original-width=\"320\" data-original-height=\"213\" itemprop=\"http:\/\/schema.org\/image\" title=\"Facelina auriculata @ Aiguafreda (Begur), 10-04-2010 by Miquel Pontes\" alt=\"Facelina auriculata @ Aiguafreda (Begur), 10-04-2010 by Miquel Pontes\" style=\"width: 320px; height: 213px;\" \/> <\/a> <div class=\"tiled-gallery-caption\" itemprop=\"caption description\"> Facelina auriculata @ Aiguafreda (Begur), 10-04-2010 by Miquel Pontes <\/div> <\/div> <\/div> <!-- close group --> <\/div> <!-- close row --> <div class=\"gallery-row\" style=\"width: 900px; height: 200px;\" data-original-width=\"900\" data-original-height=\"200\" > <div class=\"gallery-group images-1\" style=\"width: 298px; height: 200px;\" data-original-width=\"298\" data-original-height=\"200\" > <div class=\"tiled-gallery-item tiled-gallery-item-large\" itemprop=\"associatedMedia\" itemscope itemtype=\"http:\/\/schema.org\/ImageObject\"> <a href=\"https:\/\/opistobranquis.info\/ca\/guia\/nudibranchia\/cladobranchia\/aeolidioidea\/facelinidae\/facelina-auriculata\/facelina-auriculata-by-miquel-pontes-mpg_1582\/\" border=\"0\" itemprop=\"url\"> <meta itemprop=\"width\" content=\"294\"> <meta itemprop=\"height\" content=\"196\"> <img decoding=\"async\" class=\"\" data-attachment-id=\"31054\" data-orig-file=\"https:\/\/opistobranquis.info\/wp-content\/uploads\/2020\/12\/Facelina-auriculata-by-Miquel-Pontes-MPG_1582.jpg\" data-orig-size=\"1280,854\" data-comments-opened=\"\" data-image-title=\"Facelina auriculata @ Costa Brava, Spain by Miquel Pontes\" data-image-description=\"&lt;p&gt;Facelina auriculata @ Costa Brava, Spain by Miquel Pontes&lt;\/p&gt; \" data-medium-file=\"https:\/\/i0.wp.com\/opistobranquis.info\/wp-content\/uploads\/2020\/12\/Facelina-auriculata-by-Miquel-Pontes-MPG_1582.jpg?fit=300%2C200&#038;ssl=1\" data-large-file=\"https:\/\/i0.wp.com\/opistobranquis.info\/wp-content\/uploads\/2020\/12\/Facelina-auriculata-by-Miquel-Pontes-MPG_1582.jpg?fit=900%2C600&#038;ssl=1\" src=\"https:\/\/i0.wp.com\/opistobranquis.info\/wp-content\/uploads\/2020\/12\/Facelina-auriculata-by-Miquel-Pontes-MPG_1582.jpg?w=294&#038;h=196&#038;ssl=1\" srcset=\"https:\/\/i0.wp.com\/opistobranquis.info\/wp-content\/uploads\/2020\/12\/Facelina-auriculata-by-Miquel-Pontes-MPG_1582.jpg?w=1280&amp;ssl=1 1280w, https:\/\/i0.wp.com\/opistobranquis.info\/wp-content\/uploads\/2020\/12\/Facelina-auriculata-by-Miquel-Pontes-MPG_1582.jpg?resize=300%2C200&amp;ssl=1 300w, https:\/\/i0.wp.com\/opistobranquis.info\/wp-content\/uploads\/2020\/12\/Facelina-auriculata-by-Miquel-Pontes-MPG_1582.jpg?resize=1024%2C683&amp;ssl=1 1024w, https:\/\/i0.wp.com\/opistobranquis.info\/wp-content\/uploads\/2020\/12\/Facelina-auriculata-by-Miquel-Pontes-MPG_1582.jpg?resize=150%2C100&amp;ssl=1 150w\" width=\"294\" height=\"196\" loading=\"lazy\" data-original-width=\"294\" data-original-height=\"196\" itemprop=\"http:\/\/schema.org\/image\" title=\"Facelina auriculata @ Costa Brava, Spain by Miquel Pontes\" alt=\"Facelina auriculata @ Costa Brava, Spain by Miquel Pontes\" style=\"width: 294px; height: 196px;\" \/> <\/a> <div class=\"tiled-gallery-caption\" itemprop=\"caption description\"> Facelina auriculata @ Costa Brava, Spain by Miquel Pontes <\/div> <\/div> <\/div> <!-- close group --> <div class=\"gallery-group images-1\" style=\"width: 304px; height: 200px;\" data-original-width=\"304\" data-original-height=\"200\" > <div class=\"tiled-gallery-item tiled-gallery-item-large\" itemprop=\"associatedMedia\" itemscope itemtype=\"http:\/\/schema.org\/ImageObject\"> <a href=\"https:\/\/opistobranquis.info\/ca\/guia\/nudibranchia\/cladobranchia\/aeolidioidea\/facelinidae\/facelina-auriculata\/facelina-auriculata-by-miquel-pontes-mpg_5081\/\" border=\"0\" itemprop=\"url\"> <meta itemprop=\"width\" content=\"300\"> <meta itemprop=\"height\" content=\"196\"> <img decoding=\"async\" class=\"\" data-attachment-id=\"31055\" data-orig-file=\"https:\/\/opistobranquis.info\/wp-content\/uploads\/2020\/12\/Facelina-auriculata-by-Miquel-Pontes-MPG_5081.jpg\" data-orig-size=\"1280,838\" data-comments-opened=\"\" data-image-title=\"Facelina auriculata @ Costa Brava, Spain by Miquel Pontes\" data-image-description=\"&lt;p&gt;Facelina auriculata @ Costa Brava, Spain by Miquel Pontes&lt;\/p&gt; \" data-medium-file=\"https:\/\/i0.wp.com\/opistobranquis.info\/wp-content\/uploads\/2020\/12\/Facelina-auriculata-by-Miquel-Pontes-MPG_5081.jpg?fit=300%2C196&#038;ssl=1\" data-large-file=\"https:\/\/i0.wp.com\/opistobranquis.info\/wp-content\/uploads\/2020\/12\/Facelina-auriculata-by-Miquel-Pontes-MPG_5081.jpg?fit=900%2C589&#038;ssl=1\" src=\"https:\/\/i0.wp.com\/opistobranquis.info\/wp-content\/uploads\/2020\/12\/Facelina-auriculata-by-Miquel-Pontes-MPG_5081.jpg?w=300&#038;h=196&#038;ssl=1\" srcset=\"https:\/\/i0.wp.com\/opistobranquis.info\/wp-content\/uploads\/2020\/12\/Facelina-auriculata-by-Miquel-Pontes-MPG_5081.jpg?w=1280&amp;ssl=1 1280w, https:\/\/i0.wp.com\/opistobranquis.info\/wp-content\/uploads\/2020\/12\/Facelina-auriculata-by-Miquel-Pontes-MPG_5081.jpg?resize=300%2C196&amp;ssl=1 300w, https:\/\/i0.wp.com\/opistobranquis.info\/wp-content\/uploads\/2020\/12\/Facelina-auriculata-by-Miquel-Pontes-MPG_5081.jpg?resize=1024%2C670&amp;ssl=1 1024w, https:\/\/i0.wp.com\/opistobranquis.info\/wp-content\/uploads\/2020\/12\/Facelina-auriculata-by-Miquel-Pontes-MPG_5081.jpg?resize=150%2C98&amp;ssl=1 150w\" width=\"300\" height=\"196\" loading=\"lazy\" data-original-width=\"300\" data-original-height=\"196\" itemprop=\"http:\/\/schema.org\/image\" title=\"Facelina auriculata @ Costa Brava, Spain by Miquel Pontes\" alt=\"Facelina auriculata @ Costa Brava, Spain by Miquel Pontes\" style=\"width: 300px; height: 196px;\" \/> <\/a> <div class=\"tiled-gallery-caption\" itemprop=\"caption description\"> Facelina auriculata @ Costa Brava, Spain by Miquel Pontes <\/div> <\/div> <\/div> <!-- close group --> <div class=\"gallery-group images-1\" style=\"width: 298px; height: 200px;\" data-original-width=\"298\" data-original-height=\"200\" > <div class=\"tiled-gallery-item tiled-gallery-item-large\" itemprop=\"associatedMedia\" itemscope itemtype=\"http:\/\/schema.org\/ImageObject\"> <a href=\"https:\/\/opistobranquis.info\/ca\/guia\/nudibranchia\/cladobranchia\/aeolidioidea\/facelinidae\/facelina-auriculata\/facelina-auriculata-by-miquel-pontes-mpg_5831\/\" border=\"0\" itemprop=\"url\"> <meta itemprop=\"width\" content=\"294\"> <meta itemprop=\"height\" content=\"196\"> <img decoding=\"async\" class=\"\" data-attachment-id=\"31056\" data-orig-file=\"https:\/\/opistobranquis.info\/wp-content\/uploads\/2020\/12\/Facelina-auriculata-by-Miquel-Pontes-MPG_5831.jpg\" data-orig-size=\"1280,854\" data-comments-opened=\"\" data-image-title=\"Facelina auriculata @ Costa Brava, Spain by Miquel Pontes\" data-image-description=\"&lt;p&gt;Facelina auriculata @ Costa Brava, Spain by Miquel Pontes&lt;\/p&gt; \" data-medium-file=\"https:\/\/i0.wp.com\/opistobranquis.info\/wp-content\/uploads\/2020\/12\/Facelina-auriculata-by-Miquel-Pontes-MPG_5831.jpg?fit=300%2C200&#038;ssl=1\" data-large-file=\"https:\/\/i0.wp.com\/opistobranquis.info\/wp-content\/uploads\/2020\/12\/Facelina-auriculata-by-Miquel-Pontes-MPG_5831.jpg?fit=900%2C600&#038;ssl=1\" src=\"https:\/\/i0.wp.com\/opistobranquis.info\/wp-content\/uploads\/2020\/12\/Facelina-auriculata-by-Miquel-Pontes-MPG_5831.jpg?w=294&#038;h=196&#038;ssl=1\" srcset=\"https:\/\/i0.wp.com\/opistobranquis.info\/wp-content\/uploads\/2020\/12\/Facelina-auriculata-by-Miquel-Pontes-MPG_5831.jpg?w=1280&amp;ssl=1 1280w, https:\/\/i0.wp.com\/opistobranquis.info\/wp-content\/uploads\/2020\/12\/Facelina-auriculata-by-Miquel-Pontes-MPG_5831.jpg?resize=300%2C200&amp;ssl=1 300w, https:\/\/i0.wp.com\/opistobranquis.info\/wp-content\/uploads\/2020\/12\/Facelina-auriculata-by-Miquel-Pontes-MPG_5831.jpg?resize=1024%2C683&amp;ssl=1 1024w, https:\/\/i0.wp.com\/opistobranquis.info\/wp-content\/uploads\/2020\/12\/Facelina-auriculata-by-Miquel-Pontes-MPG_5831.jpg?resize=150%2C100&amp;ssl=1 150w\" width=\"294\" height=\"196\" loading=\"lazy\" data-original-width=\"294\" data-original-height=\"196\" itemprop=\"http:\/\/schema.org\/image\" title=\"Facelina auriculata @ Costa Brava, Spain by Miquel Pontes\" alt=\"Facelina auriculata @ Costa Brava, Spain by Miquel Pontes\" style=\"width: 294px; height: 196px;\" \/> <\/a> <div class=\"tiled-gallery-caption\" itemprop=\"caption description\"> Facelina auriculata @ Costa Brava, Spain <\/div> <\/div> <\/div> <!-- close group --> <\/div> <!-- close row --> <div class=\"gallery-row\" style=\"width: 900px; height: 171px;\" data-original-width=\"900\" data-original-height=\"171\" > <div class=\"gallery-group images-1\" style=\"width: 175px; height: 171px;\" data-original-width=\"175\" data-original-height=\"171\" > <div class=\"tiled-gallery-item tiled-gallery-item-small\" itemprop=\"associatedMedia\" itemscope itemtype=\"http:\/\/schema.org\/ImageObject\"> <a href=\"https:\/\/opistobranquis.info\/ca\/guia\/nudibranchia\/cladobranchia\/aeolidioidea\/facelinidae\/facelina-auriculata\/facelina-auriculata-by-nani-diez-img_20210311_224805_919\/\" border=\"0\" itemprop=\"url\"> <meta itemprop=\"width\" content=\"171\"> <meta itemprop=\"height\" content=\"167\"> <img decoding=\"async\" class=\"\" data-attachment-id=\"31950\" data-orig-file=\"https:\/\/opistobranquis.info\/wp-content\/uploads\/2021\/03\/Facelina-auriculata-by-Nani-Diez-IMG_20210311_224805_919.jpg\" data-orig-size=\"1280,1244\" data-comments-opened=\"\" data-image-title=\"Facelina auriculata by Nani D\u00edez\" data-image-description=\"&lt;p&gt;Facelina auriculata by Nani D\u00edez&lt;\/p&gt; \" data-medium-file=\"https:\/\/i0.wp.com\/opistobranquis.info\/wp-content\/uploads\/2021\/03\/Facelina-auriculata-by-Nani-Diez-IMG_20210311_224805_919.jpg?fit=300%2C292&#038;ssl=1\" data-large-file=\"https:\/\/i0.wp.com\/opistobranquis.info\/wp-content\/uploads\/2021\/03\/Facelina-auriculata-by-Nani-Diez-IMG_20210311_224805_919.jpg?fit=900%2C875&#038;ssl=1\" src=\"https:\/\/i0.wp.com\/opistobranquis.info\/wp-content\/uploads\/2021\/03\/Facelina-auriculata-by-Nani-Diez-IMG_20210311_224805_919.jpg?w=171&#038;h=167&#038;ssl=1\" srcset=\"https:\/\/i0.wp.com\/opistobranquis.info\/wp-content\/uploads\/2021\/03\/Facelina-auriculata-by-Nani-Diez-IMG_20210311_224805_919.jpg?w=1280&amp;ssl=1 1280w, https:\/\/i0.wp.com\/opistobranquis.info\/wp-content\/uploads\/2021\/03\/Facelina-auriculata-by-Nani-Diez-IMG_20210311_224805_919.jpg?resize=300%2C292&amp;ssl=1 300w, https:\/\/i0.wp.com\/opistobranquis.info\/wp-content\/uploads\/2021\/03\/Facelina-auriculata-by-Nani-Diez-IMG_20210311_224805_919.jpg?resize=1024%2C995&amp;ssl=1 1024w, https:\/\/i0.wp.com\/opistobranquis.info\/wp-content\/uploads\/2021\/03\/Facelina-auriculata-by-Nani-Diez-IMG_20210311_224805_919.jpg?resize=150%2C146&amp;ssl=1 150w\" width=\"171\" height=\"167\" loading=\"lazy\" data-original-width=\"171\" data-original-height=\"167\" itemprop=\"http:\/\/schema.org\/image\" title=\"Facelina auriculata by Nani D\u00edez\" alt=\"Facelina auriculata by Nani D\u00edez\" style=\"width: 171px; height: 167px;\" \/> <\/a> <div class=\"tiled-gallery-caption\" itemprop=\"caption description\"> Facelina auriculata by Nani D\u00edez <\/div> <\/div> <\/div> <!-- close group --> <div class=\"gallery-group images-1\" style=\"width: 254px; height: 171px;\" data-original-width=\"254\" data-original-height=\"171\" > <div class=\"tiled-gallery-item tiled-gallery-item-large\" itemprop=\"associatedMedia\" itemscope itemtype=\"http:\/\/schema.org\/ImageObject\"> <a href=\"https:\/\/opistobranquis.info\/ca\/guia\/nudibranchia\/cladobranchia\/aeolidioidea\/facelinidae\/facelina-auriculata\/facelina-auriculata-france-by-pascal-girard-2\/\" border=\"0\" itemprop=\"url\"> <meta itemprop=\"width\" content=\"250\"> <meta itemprop=\"height\" content=\"167\"> <img decoding=\"async\" class=\"\" data-attachment-id=\"36109\" data-orig-file=\"https:\/\/opistobranquis.info\/wp-content\/uploads\/2022\/12\/Facelina-auriculata-@-France-by-Pascal-Girard-2.jpg\" data-orig-size=\"1280,853\" data-comments-opened=\"\" data-image-title=\"Facelina auriculata @ France by Pascal Girard\" data-image-description=\"&lt;p&gt;Facelina auriculata @ France by Pascal Girard&lt;\/p&gt; \" data-medium-file=\"https:\/\/i0.wp.com\/opistobranquis.info\/wp-content\/uploads\/2022\/12\/Facelina-auriculata-%40-France-by-Pascal-Girard-2.jpg?fit=300%2C200&#038;ssl=1\" data-large-file=\"https:\/\/i0.wp.com\/opistobranquis.info\/wp-content\/uploads\/2022\/12\/Facelina-auriculata-%40-France-by-Pascal-Girard-2.jpg?fit=900%2C599&#038;ssl=1\" src=\"https:\/\/i0.wp.com\/opistobranquis.info\/wp-content\/uploads\/2022\/12\/Facelina-auriculata-%40-France-by-Pascal-Girard-2.jpg?w=250&#038;h=167&#038;ssl=1\" width=\"250\" height=\"167\" loading=\"lazy\" data-original-width=\"250\" data-original-height=\"167\" itemprop=\"http:\/\/schema.org\/image\" title=\"Facelina auriculata @ France by Pascal Girard\" alt=\"Facelina auriculata @ France by Pascal Girard\" style=\"width: 250px; height: 167px;\" \/> <\/a> <div class=\"tiled-gallery-caption\" itemprop=\"caption description\"> Facelina auriculata @ France by Pascal Girard <\/div> <\/div> <\/div> <!-- close group --> <div class=\"gallery-group images-1\" style=\"width: 300px; height: 171px;\" data-original-width=\"300\" data-original-height=\"171\" > <div class=\"tiled-gallery-item tiled-gallery-item-large\" itemprop=\"associatedMedia\" itemscope itemtype=\"http:\/\/schema.org\/ImageObject\"> <a href=\"https:\/\/opistobranquis.info\/ca\/guia\/nudibranchia\/cladobranchia\/aeolidioidea\/facelinidae\/facelina-auriculata\/facelina-auriculata-france-by-pascal-girard\/\" border=\"0\" itemprop=\"url\"> <meta itemprop=\"width\" content=\"296\"> <meta itemprop=\"height\" content=\"167\"> <img decoding=\"async\" class=\"\" data-attachment-id=\"36110\" data-orig-file=\"https:\/\/opistobranquis.info\/wp-content\/uploads\/2022\/12\/Facelina-auriculata-@-France-by-Pascal-Girard.jpg\" data-orig-size=\"1280,720\" data-comments-opened=\"\" data-image-title=\"Facelina auriculata @ France by Pascal Girard\" data-image-description=\"&lt;p&gt;Facelina auriculata @ France by Pascal Girard&lt;\/p&gt; \" data-medium-file=\"https:\/\/i0.wp.com\/opistobranquis.info\/wp-content\/uploads\/2022\/12\/Facelina-auriculata-%40-France-by-Pascal-Girard.jpg?fit=300%2C169&#038;ssl=1\" data-large-file=\"https:\/\/i0.wp.com\/opistobranquis.info\/wp-content\/uploads\/2022\/12\/Facelina-auriculata-%40-France-by-Pascal-Girard.jpg?fit=900%2C506&#038;ssl=1\" src=\"https:\/\/i0.wp.com\/opistobranquis.info\/wp-content\/uploads\/2022\/12\/Facelina-auriculata-%40-France-by-Pascal-Girard.jpg?w=296&#038;h=167&#038;ssl=1\" width=\"296\" height=\"167\" loading=\"lazy\" data-original-width=\"296\" data-original-height=\"167\" itemprop=\"http:\/\/schema.org\/image\" title=\"Facelina auriculata @ France by Pascal Girard\" alt=\"Facelina auriculata @ France by Pascal Girard\" style=\"width: 296px; height: 167px;\" \/> <\/a> <div class=\"tiled-gallery-caption\" itemprop=\"caption description\"> Facelina auriculata @ France by Pascal Girard <\/div> <\/div> <\/div> <!-- close group --> <div class=\"gallery-group images-1\" style=\"width: 171px; height: 171px;\" data-original-width=\"171\" data-original-height=\"171\" > <div class=\"tiled-gallery-item tiled-gallery-item-small\" itemprop=\"associatedMedia\" itemscope itemtype=\"http:\/\/schema.org\/ImageObject\"> <a href=\"https:\/\/opistobranquis.info\/ca\/guia\/nudibranchia\/cladobranchia\/aeolidioidea\/facelinidae\/facelina-auriculata\/facelina-auriculata-granada-por-luis-sanchez-tocino\/\" border=\"0\" itemprop=\"url\"> <meta itemprop=\"width\" content=\"167\"> <meta itemprop=\"height\" content=\"167\"> <img decoding=\"async\" class=\"\" data-attachment-id=\"36863\" data-orig-file=\"https:\/\/opistobranquis.info\/wp-content\/uploads\/2023\/01\/Facelina-auriculata-@-Granada-por-Luis-Sanchez-Tocino.jpg\" data-orig-size=\"1440,1440\" data-comments-opened=\"\" data-image-title=\"Facelina auriculata @ Granada por Luis S\u00e1nchez Tocino\" data-image-description=\"&lt;p&gt;Facelina auriculata @ Granada por Luis S\u00e1nchez Tocino&lt;\/p&gt; \" data-medium-file=\"https:\/\/i0.wp.com\/opistobranquis.info\/wp-content\/uploads\/2023\/01\/Facelina-auriculata-%40-Granada-por-Luis-Sanchez-Tocino.jpg?fit=300%2C300&#038;ssl=1\" data-large-file=\"https:\/\/i0.wp.com\/opistobranquis.info\/wp-content\/uploads\/2023\/01\/Facelina-auriculata-%40-Granada-por-Luis-Sanchez-Tocino.jpg?fit=900%2C900&#038;ssl=1\" src=\"https:\/\/i0.wp.com\/opistobranquis.info\/wp-content\/uploads\/2023\/01\/Facelina-auriculata-%40-Granada-por-Luis-Sanchez-Tocino.jpg?w=167&#038;h=167&#038;crop=1&#038;ssl=1\" width=\"167\" height=\"167\" loading=\"lazy\" data-original-width=\"167\" data-original-height=\"167\" itemprop=\"http:\/\/schema.org\/image\" title=\"Facelina auriculata @ Granada por Luis S\u00e1nchez Tocino\" alt=\"Facelina auriculata @ Granada por Luis S\u00e1nchez Tocino\" style=\"width: 167px; height: 167px;\" \/> <\/a> <div class=\"tiled-gallery-caption\" itemprop=\"caption description\"> Facelina auriculata @ Granada por Luis S\u00e1nchez Tocino <\/div> <\/div> <\/div> <!-- close group --> <\/div> <!-- close row --> <\/div><\/p>\n<p><p><strong>Bibliografia<\/strong><\/p><ul><div id=\"zotpress-82b37fc9aa1b96f8a760d25616be3ebf\" class=\"zp-Zotpress zp-Zotpress-Bib wp-block-group\">\n\n\t\t<span class=\"ZP_API_USER_ID ZP_ATTR\">1246567<\/span>\n\t\t<span class=\"ZP_ITEM_KEY ZP_ATTR\"><\/span>\n\t\t<span class=\"ZP_COLLECTION_ID ZP_ATTR\"><\/span>\n\t\t<span class=\"ZP_TAG_ID ZP_ATTR\">Facelina auriculata<\/span>\n\t\t<span class=\"ZP_AUTHOR ZP_ATTR\"><\/span>\n\t\t<span class=\"ZP_YEAR ZP_ATTR\"><\/span>\n        <span class=\"ZP_ITEMTYPE ZP_ATTR\"><\/span>\n\t\t<span class=\"ZP_INCLUSIVE ZP_ATTR\">1<\/span>\n\t\t<span class=\"ZP_STYLE ZP_ATTR\">eunomia-revista-en-cultura-de-la-legalidad<\/span>\n\t\t<span class=\"ZP_LIMIT ZP_ATTR\">50<\/span>\n\t\t<span class=\"ZP_SORTBY ZP_ATTR\">creator<\/span>\n\t\t<span class=\"ZP_ORDER ZP_ATTR\">asc<\/span>\n\t\t<span class=\"ZP_TITLE ZP_ATTR\"><\/span>\n\t\t<span class=\"ZP_SHOWIMAGE ZP_ATTR\"><\/span>\n\t\t<span class=\"ZP_SHOWTAGS ZP_ATTR\"><\/span>\n\t\t<span class=\"ZP_DOWNLOADABLE ZP_ATTR\"><\/span>\n\t\t<span class=\"ZP_NOTES ZP_ATTR\"><\/span>\n\t\t<span class=\"ZP_ABSTRACT ZP_ATTR\"><\/span>\n\t\t<span class=\"ZP_CITEABLE ZP_ATTR\"><\/span>\n\t\t<span class=\"ZP_TARGET ZP_ATTR\">1<\/span>\n\t\t<span class=\"ZP_URLWRAP ZP_ATTR\"><\/span>\n\t\t<span class=\"ZP_FORCENUM ZP_ATTR\"><\/span>\n        <span class=\"ZP_HIGHLIGHT ZP_ATTR\"><\/span>\n        <span class=\"ZP_POSTID ZP_ATTR\">629<\/span>\n\t\t<span class=\"ZOTPRESS_PLUGIN_URL ZP_ATTR\">https:\/\/opistobranquis.info\/wp-content\/plugins\/zotpress\/<\/span>\n\n\t\t<div class=\"zp-List loading\">\n\t\t\t<div class=\"zp-SEO-Content\">\n\n\t\t\t<\/div><!-- .zp-zp-SEO-Content -->\n\t\t<\/div><!-- .zp-List -->\n\t<\/div><!--.zp-Zotpress-->\n\n<p><\/p>Bibliografia basada en els treballs de <b>Steve Long, 2006<\/b>. <a target=_blank href=https:\/\/opistobranquis.info\/wp-content\/uploads\/2016\/06\/Long-S.-2006-Bibliography-of-Opisthobranchia-1554-2000.pdf>Bibliography of Opisthobranchia 1554-2000<\/a> i <b>Gary McDonald, 2009<\/b>. <a href=http:\/\/escholarship.org\/uc\/item\/8115h0wz>Bibliographia Nudibranchia<\/a>, amb actualitzacions posteriors procedents d\u00b4altres fonts.<p><\/p><\/ul><p><\/p><p><strong>M\u00e9s informaci\u00f3<\/strong><\/p><span style=\"font-size:10pt\"><ul><ul class=\"blogroll-links\"><li><a href=\"http:\/\/www.asturnatura.com\/especie\/facelina-auriculata.html\">AsturNatura<\/a><\/li><li><a href=\"http:\/\/www.biodiversitylibrary.org\/name\/Facelina%20auriculata\">Biodiversity Heritage Library<\/a><\/li><li><a href=\"http:\/\/www.cibsub.cat\/bioespecie_es-facelina_auriculata-28182\">CIB - Club Immersio Biologia<\/a><\/li><li><a href=\"http:\/\/doris.ffessm.fr\/fiche2.asp?fiche_numero=567\">DORIS<\/a><\/li><li><a href=\"https:\/\/litoraldegranada.ugr.es\/el-litoral\/el-litoral-sumergido\/fauna\/moluscos\/gasteropodos\/opistobranquios\/orden-nudibranchia\/aeolidioideos\/facelina-auriculata\/\">El Litoral de Granada<\/a><\/li><li><a href=\"http:\/\/www.habitas.org.uk\/marinelife\/species.asp?item=W15270#\">Encyclopedia of Marine Life of Britain and Ireland<\/a><\/li><li><a href=\"http:\/\/nature22.com\/estran22\/mollusques\/gasteropodesbis\/gasteropodes5.html\">Estran 22 - Faune et flore de la zone de balancement des mar\u00e9es en C\u00f4tes d&#039;Armor<\/a><\/li><li><a href=\"https:\/\/www.flickr.com\/photos\/56388191@N08\/sets\/72177720296783452\/\">European Sea Slugs by Morddyn<\/a><\/li><li><a href=\"https:\/\/www.flickr.com\/search\/?text=Facelina%20auriculata\">Flickr pictures<\/a><\/li><li><a href=\"http:\/\/www.opistobranquis.org\/ca\/guia\/42\">GROC<\/a><\/li><li><a href=\"http:\/\/www.irmng.org\/aphia.php?p=taxlist&#038;tName=Facelina%20auriculata\">Interim Register of Marine and Nonmarine Genera<\/a><\/li><li><a href=\"http:\/\/www.ncbi.nlm.nih.gov\/Taxonomy\/Browser\/wwwtax.cgi?mode=Undef&#038;name=Facelina%20auriculata&#038;lvl=0&#038;srchmode=1\">NCBI GenBank<\/a><\/li><li><a href=\"http:\/\/iobis.org\/mapper\/?taxon=Facelina%20auriculata\">OBIS - Search by Taxon<\/a><\/li><li><a href=\"http:\/\/www.nudibranch.org\/Scottish%20Nudibranchs\/facelina-auriculata.html\">Scottish Nudibranchs<\/a><\/li><li><a href=\"http:\/\/www.seaslugforum.net\/showall\/facecoro\">Sea Slug Forum<\/a><\/li><li><a href=\"http:\/\/www.conchsoc.net\/spaccount\/Facelina-auriculata\">The Conchological Society of Great Britain and Ireland<\/a><\/li><li><a href=\"http:\/\/www.marinespecies.org\/aphia.php?p=taxdetails&#038;id=153375\">World Register of Marine Species<\/a><\/li><\/ul><\/ul><\/span><p><strong>Citeu aquest article com: <\/strong><\/p><div style=\"display: block; background: #444444; padding: 10px 30px 10px 10px; border-radius: 5px; line-height: 18px;\"><p class=\"citacio\"><b>Ballesteros, M., Madrenas, E. &#38; Pontes, M.<\/b> (2025) <em>\"Facelina auriculata\"<\/em> a <em>OPK-Opistobranquis<\/em>. Publicat: 17\/05\/2012. Accedit: 03\/09\/2026. Disponible a (<a href=https:\/\/opistobranquis.info\/ca\/?p=629>https:\/\/opistobranquis.info\/ca\/?p=629<\/a>)<\/p><p><\/p><\/div><p><\/p><\/p>","protected":false},"excerpt":{"rendered":"<p>Facelina auriculata (M\u00fcller, 1776) Sin\u00f2nims Doris auriculata M\u00fcller, 1776 (original) Doris longicornis Montagu, 1808 Eolidia coronata Forbes &amp; Goodsir, 1839 Eolidia plumosa Fleming, 1828 Facelina auriculata coronata (Forbes &amp; Goodsir, 1839) Facelina coronata (Forbes &amp; Goodsir, 1839) Facelina plumosa (Fleming, 1828) Hervia modesta Bergh, 1871 Descripci\u00f3 \u00c9s un facel\u00ednid de gran talla que sol mesurar entre 20 i 30 mm de longitud, encara que s&#8217;han citat exemplars mediterranis de fins\u2026<\/p>\n<p class=\"continue-reading-button\"> <a class=\"continue-reading-link\" href=\"https:\/\/opistobranquis.info\/ca\/guia\/nudibranchia\/cladobranchia\/aeolidioidea\/facelinidae\/facelina-auriculata\/\">Continua llegint<i class=\"crycon-right-dir\"><\/i><\/a><\/p>\n","protected":false},"author":291,"featured_media":29827,"parent":46890,"menu_order":12,"comment_status":"closed","ping_status":"closed","template":"","meta":{"footnotes":""},"class_list":["post-629","page","type-page","status-publish","has-post-thumbnail","hentry"],"jetpack_sharing_enabled":true,"_links":{"self":[{"href":"https:\/\/opistobranquis.info\/ca\/wp-json\/wp\/v2\/pages\/629","targetHints":{"allow":["GET"]}}],"collection":[{"href":"https:\/\/opistobranquis.info\/ca\/wp-json\/wp\/v2\/pages"}],"about":[{"href":"https:\/\/opistobranquis.info\/ca\/wp-json\/wp\/v2\/types\/page"}],"author":[{"embeddable":true,"href":"https:\/\/opistobranquis.info\/ca\/wp-json\/wp\/v2\/users\/291"}],"replies":[{"embeddable":true,"href":"https:\/\/opistobranquis.info\/ca\/wp-json\/wp\/v2\/comments?post=629"}],"version-history":[{"count":6,"href":"https:\/\/opistobranquis.info\/ca\/wp-json\/wp\/v2\/pages\/629\/revisions"}],"predecessor-version":[{"id":35925,"href":"https:\/\/opistobranquis.info\/ca\/wp-json\/wp\/v2\/pages\/629\/revisions\/35925"}],"up":[{"embeddable":true,"href":"https:\/\/opistobranquis.info\/ca\/wp-json\/wp\/v2\/pages\/46890"}],"wp:featuredmedia":[{"embeddable":true,"href":"https:\/\/opistobranquis.info\/ca\/wp-json\/wp\/v2\/media\/29827"}],"wp:attachment":[{"href":"https:\/\/opistobranquis.info\/ca\/wp-json\/wp\/v2\/media?parent=629"}],"curies":[{"name":"wp","href":"https:\/\/api.w.org\/{rel}","templated":true}]}}