{"id":637,"date":"2012-05-17T11:49:49","date_gmt":"2012-05-17T09:49:49","guid":{"rendered":"https:\/\/opistobranquis.info\/facelinopsis-marionifacelinopsis-marionifacelinopsis-marioni"},"modified":"2025-06-12T21:44:30","modified_gmt":"2025-06-12T19:44:30","slug":"facelinopsis-marioni","status":"publish","type":"page","link":"https:\/\/opistobranquis.info\/ca\/guia\/nudibranchia\/cladobranchia\/aeolidioidea\/facelinidae\/facelinopsis-marioni\/","title":{"rendered":"Facelinopsis marioni"},"content":{"rendered":"<p><\/p>\n<h3><em>Facelinopsis marioni<\/em> (Vayssi\u00e8re, 1888)<\/h3>\n<p><span style=\"font-size:10pt;\" class=\"aligncenter\"><div id=\"featured-img-id\"><img data-recalc-dims=\"1\" decoding=\"async\" src=\"https:\/\/i0.wp.com\/opistobranquis.info\/wp-content\/uploads\/2022\/02\/Facelinopsis-marioni-93.jpg?w=900&#038;ssl=1\" alt=\"Facelinopsis marioni @ L&#039;Escala by Enric Madrenas\" \/><\/div><center><em>Facelinopsis marioni @ L'Escala<\/em> per Enric Madrenas<\/center><\/span><p><\/p><div class=\"opk-worms\"><h3>Informaci\u00f3 taxon\u00f2mica WoRMS<\/h3><div class=\"opk-success\">Nom acceptat actual: <strong><em>Facelinopsis marioni<\/em> (Vayssi\u00e8re, 1888)<\/strong><\/div><h4>Classificaci\u00f3 actual<\/h4><table class=\"widefat striped\"><tr><th>Superdomain<\/th><td><a target=\"_blank\" href=\"https:\/\/www.marinespecies.org\/aphia.php?p=taxdetails&id=1\">Biota<\/a><\/td><\/tr><tr><th>Kingdom<\/th><td><a target=\"_blank\" href=\"https:\/\/www.marinespecies.org\/aphia.php?p=taxdetails&id=2\">Animalia<\/a><\/td><\/tr><tr><th>Phylum<\/th><td><a target=\"_blank\" href=\"https:\/\/www.marinespecies.org\/aphia.php?p=taxdetails&id=51\">Mollusca<\/a><\/td><\/tr><tr><th>Class<\/th><td><a target=\"_blank\" href=\"https:\/\/www.marinespecies.org\/aphia.php?p=taxdetails&id=101\">Gastropoda<\/a><\/td><\/tr><tr><th>Subclass<\/th><td><a target=\"_blank\" href=\"https:\/\/www.marinespecies.org\/aphia.php?p=taxdetails&id=14712\">Heterobranchia<\/a><\/td><\/tr><tr><th>Infraclass<\/th><td><a target=\"_blank\" href=\"https:\/\/www.marinespecies.org\/aphia.php?p=taxdetails&id=1057247\">Euthyneura<\/a><\/td><\/tr><tr><th>Subterclass<\/th><td><a target=\"_blank\" href=\"https:\/\/www.marinespecies.org\/aphia.php?p=taxdetails&id=1057249\">Ringipleura<\/a><\/td><\/tr><tr><th>Superorder<\/th><td><a target=\"_blank\" href=\"https:\/\/www.marinespecies.org\/aphia.php?p=taxdetails&id=411966\">Nudipleura<\/a><\/td><\/tr><tr><th>Order<\/th><td><a target=\"_blank\" href=\"https:\/\/www.marinespecies.org\/aphia.php?p=taxdetails&id=1762\">Nudibranchia<\/a><\/td><\/tr><tr><th>Suborder<\/th><td><a target=\"_blank\" href=\"https:\/\/www.marinespecies.org\/aphia.php?p=taxdetails&id=827889\">Cladobranchia<\/a><\/td><\/tr><tr><th>Superfamily<\/th><td><a target=\"_blank\" href=\"https:\/\/www.marinespecies.org\/aphia.php?p=taxdetails&id=189\">Aeolidioidea<\/a><\/td><\/tr><tr><th>Family<\/th><td><a target=\"_blank\" href=\"https:\/\/www.marinespecies.org\/aphia.php?p=taxdetails&id=191\">Facelinidae<\/a><\/td><\/tr><tr><th>Genus<\/th><td><a target=\"_blank\" href=\"https:\/\/www.marinespecies.org\/aphia.php?p=taxdetails&id=137998\"><em>Facelinopsis<\/em><\/a><\/td><\/tr><tr><th>Species<\/th><td><a target=\"_blank\" href=\"https:\/\/www.marinespecies.org\/aphia.php?p=taxdetails&id=139918\"><em>Facelinopsis marioni<\/em> (Vayssi\u00e8re, 1888)<\/a><\/td><\/tr><\/table><p class=\"footer\">Classificaci\u00f3 proporcionada pel World Register of Marine Species (WoRMS). [<a target=\"_blank\" href=\"https:\/\/www.marinespecies.org\/aphia.php?p=taxdetails&id=139918\">139918<\/a>]<\/p><\/div><strong>Sin\u00f2nims<\/strong><\/p>\n<ul>\n<li><i>Facelina marioni<\/i> Vayssi\u00e8re, 1888<\/li>\n<\/ul>\n<p><b>Descripci\u00f3<\/b><br \/>\nEls exemplars d&#8217;aquesta esp\u00e8cie mesuren uns 10 mm de longitud. Gaireb\u00e9 tot el cos t\u00e9 una tonalitat rosada encara que \u00e9s semitransparent. El dors est\u00e0 recorregut per una l\u00ednia longitudinal blanca que arriba fins al final de la cua i en el cap, per davant dels rin\u00f2fors, solen existir petites taques blanques irregulars que tamb\u00e9 poden formar una l\u00ednia discont\u00ednua a banda i banda del cos, per sota de la inserci\u00f3 dels rin\u00f2fors. Els palps orals s\u00f3n llargs i de color rosat, amb l&#8217;extrem anterior pigmentat de blanc igual que els rin\u00f2fors, que tenen unes 8-10 laminetes encara que els exemplars juvenils poden estar mancats d&#8217;elles. Hi ha 4-5 grups de cerata que es mantenen bastant junts entre si, gaireb\u00e9 sense separaci\u00f3 aparent excepte entre el primer grup i el segon, on es pot observar la peculiar papil\u00b7la genital. Els dos primers grups de cerata tenen de 4-5 files de cerata. La gl\u00e0ndula digestiva de l&#8217;interior del cerata \u00e9s de color marr\u00f3 i la superf\u00edcie anterior del cerata \u00e9s de color blanc. Entre el primer i el segon grup de cerata del costat dret es pot observar una curiosa estructura que ja Vayssi\u00e8re en la seva descripci\u00f3 original de 1888 va poder entreveure que es tractava d&#8217;una estructura de tipus genital: \u00e9s la fulla penial, en forma d&#8217;una l\u00e0mina de color rosat, ampla i fistonada i amb dues digitacions en els seus extrems. El peu, tamb\u00e9 de color rosat s&#8217;eixampla quelcom anteriorment per\u00f2 sense arribar a formar palps labials.<\/p>\n<p><b>Biologia<\/b><br \/>\nTot i que es tracta d&#8217;una esp\u00e8cie que no \u00e9s gens rar trobar-la en superf\u00edcies rocoses ben il\u00b7luminades amb abund\u00e0ncia d\u2019algues no es coneix gaireb\u00e9 res de la seva biologia ni dels seus h\u00e0bits alimentaris, presumiblement hidrozous com en altres esp\u00e8cies de facel\u00ednids. A causa de la forma de la fulla penial, l&#8217;observaci\u00f3 del comportament reproductor de la c\u00f2pula de dos individus pot ser molt interessant.<\/p>\n<p><strong>Etimologia<\/strong><\/p>\n<ul>\n<li><em>Facelina<\/em>: significa &#8220;cara ratllada&#8221;.<\/li>\n<li>&#8220;<em>-opsis<\/em>&#8220;: es un sufix que es refereix a &#8220;petit&#8221; o &#8220;diminut&#8221;. En aquest cas <em>Facelinopsis <\/em>significa &#8220;petita Facelina&#8221; o &#8220;petita cara ratllada&#8221;, per b\u00e9 que observem que, segons Perrier, el sufix &#8220;<em>-opsis<\/em>&#8221; implica &#8220;amb aspecte de&#8221;.<\/li>\n<li>&#8220;Marioni&#8221;: dedicado a Antoine-Fortun\u00e9 Marion, (1846-1900), un zo\u00f2leg franc\u00e9s i conservador del Museu d&#8217;Hist\u00f2ria Natural de Marsella. &#8220;Nous sommes hereux de d\u00e9dier \u00e0 notre ma\u00eetre, le professeur Marion&#8221;, a &#8220;Recherches zoologiques et anatomiques sur les Mollusques opistobranches du golfe de Marseille Deuxi\u00e8me partie. Annales du Mus\u00e9e de Marseille. Tome III, 1886-1889. Marseille.&#8221;<\/li>\n<\/ul>\n<p><strong>Distribuci\u00f3<\/strong><br \/>\n\u00c9s una esp\u00e8cie distribuci\u00f3 la qual es circumscriu al Mediterrani occidental, havent-se citat en las costes de C\u00f2rsega i en la Pen\u00ednsula Ib\u00e8rica en las costes de Huelva, en la zona de l&#8217;Estret de Gibraltar, en la costa mediterr\u00e0nia d&#8217;Andalusia i en Catalunya (Costa Brava). <div id=\"flxmap-6a99e3155e86b\" class='flxmap-container' data-flxmap='flxmap_6a99e3155e86b' style=\"width:100%;height:400px;\"><\/div>\n<script data-noptimize=\"1\">\n\/* <![CDATA[ *\/\n(function(w, fn) {\n if (w.addEventListener) w.addEventListener(\"DOMContentLoaded\", fn, false);\n else if (w.attachEvent) w.attachEvent(\"onload\", fn);\n})(window, function() {\n var f = new FlexibleMap();\n f.panControl = true;\n f.mapTypeId = \"satellite\";\n f.setlocale(\"ca-ES\");\n f.kmlcache = \"5 minutes\";\n f.showKML(\"flxmap-6a99e3155e86b\", \"https:\/\/opistobranquis.info\/wp-content\/uploads\/kms\/637.kmz\");\n window.flxmap_6a99e3155e86b = f;\n});\n\/* ]]> *\/\n<\/script>\n<div style=\"width:100%;text-align:center;margin:12px 0 4px 0;\">\n  <div style=\"font-size:8pt;margin-bottom:6px;\">Cites georeferenciades conegudes de l'esp\u00e8cie: <em>Facelinopsis marioni<\/em><\/div>\n  <table style=\"margin:0 auto;border-collapse:collapse;font-size:8pt;\">\n    <tr><td colspan=\"2\" style=\"text-align:left;padding-bottom:4px;\"><strong>Fonts:<\/strong><\/td><\/tr>\n    <tr>\n      <td style=\"vertical-align:top;padding-right:40px;\">\n        <table style=\"border-collapse:collapse;\">\n<tr><td style='padding:1px 6px 1px 0;vertical-align:middle'><img data-recalc-dims=\"1\" src=\"https:\/\/i0.wp.com\/opistobranquis.info\/wp-content\/uploads\/kms\/wht-circle-lv.png?w=900&#038;ssl=1\" style='display:block'><\/td><td style='padding:1px 0;vertical-align:middle;white-space:nowrap'>OBIS<\/td><\/tr><tr><td style='padding:1px 6px 1px 0;vertical-align:middle'><img data-recalc-dims=\"1\" src=\"https:\/\/i0.wp.com\/opistobranquis.info\/wp-content\/uploads\/kms\/ylw-circle-lv.png?w=900&#038;ssl=1\" style='display:block'><\/td><td style='padding:1px 0;vertical-align:middle;white-space:nowrap'>GROC 2010-2011<\/td><\/tr><tr><td style='padding:1px 6px 1px 0;vertical-align:middle'><img data-recalc-dims=\"1\" src=\"https:\/\/i0.wp.com\/opistobranquis.info\/wp-content\/uploads\/kms\/grn-circle-lv.png?w=900&#038;ssl=1\" style='display:block'><\/td><td style='padding:1px 0;vertical-align:middle;white-space:nowrap'>Enric Madrenas<\/td><\/tr><tr><td style='padding:1px 6px 1px 0;vertical-align:middle'><img data-recalc-dims=\"1\" src=\"https:\/\/i0.wp.com\/opistobranquis.info\/wp-content\/uploads\/kms\/orange-circle-lv.png?w=900&#038;ssl=1\" style='display:block'><\/td><td style='padding:1px 0;vertical-align:middle;white-space:nowrap'>Jo\u00e3o Pedro Silva<\/td><\/tr><tr><td style='padding:1px 6px 1px 0;vertical-align:middle'><img data-recalc-dims=\"1\" src=\"https:\/\/i0.wp.com\/opistobranquis.info\/wp-content\/uploads\/kms\/pink-circle-lv.png?w=900&#038;ssl=1\" style='display:block'><\/td><td style='padding:1px 0;vertical-align:middle;white-space:nowrap'>Bernard Picton<\/td><\/tr><tr><td style='padding:1px 6px 1px 0;vertical-align:middle'><img data-recalc-dims=\"1\" src=\"https:\/\/i0.wp.com\/opistobranquis.info\/wp-content\/uploads\/kms\/blk-circle-lv.png?w=900&#038;ssl=1\" style='display:block'><\/td><td style='padding:1px 0;vertical-align:middle;white-space:nowrap'>GBIF<\/td><\/tr>        <\/table>\n      <\/td>\n      <td style=\"vertical-align:top;\">\n        <table style=\"border-collapse:collapse;\">\n<tr><td style='padding:1px 6px 1px 0;vertical-align:middle'><img data-recalc-dims=\"1\" src=\"https:\/\/i0.wp.com\/opistobranquis.info\/wp-content\/uploads\/kms\/purple-circle-lv.png?w=900&#038;ssl=1\" style='display:block'><\/td><td style='padding:1px 0;vertical-align:middle;white-space:nowrap'>OPK<\/td><\/tr><tr><td style='padding:1px 6px 1px 0;vertical-align:middle'><img data-recalc-dims=\"1\" src=\"https:\/\/i0.wp.com\/opistobranquis.info\/wp-content\/uploads\/kms\/red-circle-lv.png?w=900&#038;ssl=1\" style='display:block'><\/td><td style='padding:1px 0;vertical-align:middle;white-space:nowrap'>VIMAR<\/td><\/tr><tr><td style='padding:1px 6px 1px 0;vertical-align:middle'><img data-recalc-dims=\"1\" src=\"https:\/\/i0.wp.com\/opistobranquis.info\/wp-content\/uploads\/kms\/blu-circle-lv.png?w=900&#038;ssl=1\" style='display:block'><\/td><td style='padding:1px 0;vertical-align:middle;white-space:nowrap'>Manuel Ballesteros<\/td><\/tr><tr><td style='padding:1px 6px 1px 0;vertical-align:middle'><img data-recalc-dims=\"1\" src=\"https:\/\/i0.wp.com\/opistobranquis.info\/wp-content\/uploads\/kms\/cyan-circle-lv.png?w=900&#038;ssl=1\" style='display:block'><\/td><td style='padding:1px 0;vertical-align:middle;white-space:nowrap'>M@re Nostrum<\/td><\/tr><tr><td style='padding:1px 6px 1px 0;vertical-align:middle'><img data-recalc-dims=\"1\" src=\"https:\/\/i0.wp.com\/opistobranquis.info\/wp-content\/uploads\/kms\/grey-circle-lv.png?w=900&#038;ssl=1\" style='display:block'><\/td><td style='padding:1px 0;vertical-align:middle;white-space:nowrap'>Altres fonts<\/td><\/tr><tr><td style='padding:1px 6px 1px 0;vertical-align:middle'><img data-recalc-dims=\"1\" src=\"https:\/\/i0.wp.com\/opistobranquis.info\/wp-content\/uploads\/kms\/marreg.png?w=900&#038;ssl=1\" style='display:block'><\/td><td style='padding:1px 0;vertical-align:middle;white-space:nowrap'>Marine Regions<\/td><\/tr>        <\/table>\n      <\/td>\n    <\/tr>\n  <\/table>\n<\/div>\n<\/p>\n<p><strong>Esp\u00e8cies semblants<br \/>\n<\/strong><a href=\"https:\/\/opistobranquis.info\/guia\/nudibranchia\/cladobranchia\/fionoidea\/flabellina-affinis\/\"><em>Flabellina affinis<\/em><\/a>, molt m\u00e9s gran i de cos m\u00e9s opac, rin\u00f2fors anellats i els cerata de cada grup parteixen d\u2019una base o peduncle com\u00fa.<\/p>\n<p><strong>Error:<\/strong> Chart.js no est\u00e1 disponible.<\/p>\n<p><strong>Videos<\/strong><\/p>\n<p><iframe loading=\"lazy\" src=\"https:\/\/player.vimeo.com\/video\/784333032?h=c1daafd207&amp;dnt=1&amp;app_id=122963\" width=\"900\" height=\"506\" frameborder=\"0\" allow=\"autoplay; fullscreen; picture-in-picture\" allowfullscreen><\/iframe><\/p>\n<p>&nbsp;<\/p>\n<p><strong>Altres fotos<\/strong><br \/>\n<div class=\"tiled-gallery type-rectangular tiled-gallery-unresized\" data-original-width=\"900\" data-carousel-extra='{&quot;blog_id&quot;:1,&quot;permalink&quot;:&quot;https:\\\/\\\/opistobranquis.info\\\/ca\\\/guia\\\/nudibranchia\\\/cladobranchia\\\/aeolidioidea\\\/facelinidae\\\/facelinopsis-marioni\\\/&quot;,&quot;likes_blog_id&quot;:44192421}' itemscope itemtype=\"http:\/\/schema.org\/ImageGallery\" > <div class=\"gallery-row\" style=\"width: 900px; height: 425px;\" data-original-width=\"900\" data-original-height=\"425\" > <div class=\"gallery-group images-1\" style=\"width: 611px; height: 425px;\" data-original-width=\"611\" data-original-height=\"425\" > <div class=\"tiled-gallery-item tiled-gallery-item-large\" itemprop=\"associatedMedia\" itemscope itemtype=\"http:\/\/schema.org\/ImageObject\"> <a href=\"https:\/\/opistobranquis.info\/ca\/guia\/nudibranchia\/cladobranchia\/aeolidioidea\/facelinidae\/facelinopsis-marioni\/facelinopsis-marioni-02\/\" border=\"0\" itemprop=\"url\"> <meta itemprop=\"width\" content=\"607\"> <meta itemprop=\"height\" content=\"421\"> <img decoding=\"async\" class=\"\" data-attachment-id=\"4506\" data-orig-file=\"https:\/\/opistobranquis.info\/wp-content\/uploads\/2012\/12\/facelinopsis-marioni-02.jpg\" data-orig-size=\"814,565\" data-comments-opened=\"\" data-image-title=\"Facelinopsis marioni by Enric Madrenas\" data-image-description=\"&lt;p&gt;Facelinopsis marioni by Enric Madrenas&lt;\/p&gt; \" data-medium-file=\"https:\/\/i0.wp.com\/opistobranquis.info\/wp-content\/uploads\/2012\/12\/facelinopsis-marioni-02.jpg?fit=300%2C208&#038;ssl=1\" data-large-file=\"https:\/\/i0.wp.com\/opistobranquis.info\/wp-content\/uploads\/2012\/12\/facelinopsis-marioni-02.jpg?fit=814%2C565&#038;ssl=1\" src=\"https:\/\/i0.wp.com\/opistobranquis.info\/wp-content\/uploads\/2012\/12\/facelinopsis-marioni-02.jpg?w=607&#038;h=421&#038;ssl=1\" srcset=\"https:\/\/i0.wp.com\/opistobranquis.info\/wp-content\/uploads\/2012\/12\/facelinopsis-marioni-02.jpg?w=814&amp;ssl=1 814w, https:\/\/i0.wp.com\/opistobranquis.info\/wp-content\/uploads\/2012\/12\/facelinopsis-marioni-02.jpg?resize=300%2C208&amp;ssl=1 300w\" width=\"607\" height=\"421\" loading=\"lazy\" data-original-width=\"607\" data-original-height=\"421\" itemprop=\"http:\/\/schema.org\/image\" title=\"Facelinopsis marioni by Enric Madrenas\" alt=\"Facelinopsis marioni by Enric Madrenas\" style=\"width: 607px; height: 421px;\" \/> <\/a> <div class=\"tiled-gallery-caption\" itemprop=\"caption description\"> Facelinopsis marioni by Enric Madrenas <\/div> <\/div> <\/div> <!-- close group --> <div class=\"gallery-group images-1\" style=\"width: 289px; height: 425px;\" data-original-width=\"289\" data-original-height=\"425\" > <div class=\"tiled-gallery-item tiled-gallery-item-large\" itemprop=\"associatedMedia\" itemscope itemtype=\"http:\/\/schema.org\/ImageObject\"> <a href=\"https:\/\/opistobranquis.info\/ca\/guia\/nudibranchia\/cladobranchia\/aeolidioidea\/facelinidae\/facelinopsis-marioni\/facelinopsis-marioni-03\/\" border=\"0\" itemprop=\"url\"> <meta itemprop=\"width\" content=\"285\"> <meta itemprop=\"height\" content=\"421\"> <img decoding=\"async\" class=\"\" data-attachment-id=\"4507\" data-orig-file=\"https:\/\/opistobranquis.info\/wp-content\/uploads\/2012\/12\/facelinopsis-marioni-03.jpg\" data-orig-size=\"416,614\" data-comments-opened=\"\" data-image-title=\"Facelinopsis marioni by Enric Madrenas\" data-image-description=\"&lt;p&gt;Facelinopsis marioni by Enric Madrenas&lt;\/p&gt; \" data-medium-file=\"https:\/\/i0.wp.com\/opistobranquis.info\/wp-content\/uploads\/2012\/12\/facelinopsis-marioni-03.jpg?fit=203%2C300&#038;ssl=1\" data-large-file=\"https:\/\/i0.wp.com\/opistobranquis.info\/wp-content\/uploads\/2012\/12\/facelinopsis-marioni-03.jpg?fit=416%2C614&#038;ssl=1\" src=\"https:\/\/i0.wp.com\/opistobranquis.info\/wp-content\/uploads\/2012\/12\/facelinopsis-marioni-03.jpg?w=285&#038;h=421&#038;ssl=1\" srcset=\"https:\/\/i0.wp.com\/opistobranquis.info\/wp-content\/uploads\/2012\/12\/facelinopsis-marioni-03.jpg?w=416&amp;ssl=1 416w, https:\/\/i0.wp.com\/opistobranquis.info\/wp-content\/uploads\/2012\/12\/facelinopsis-marioni-03.jpg?resize=203%2C300&amp;ssl=1 203w\" width=\"285\" height=\"421\" loading=\"lazy\" data-original-width=\"285\" data-original-height=\"421\" itemprop=\"http:\/\/schema.org\/image\" title=\"Facelinopsis marioni by Enric Madrenas\" alt=\"Facelinopsis marioni by Enric Madrenas\" style=\"width: 285px; height: 421px;\" \/> <\/a> <div class=\"tiled-gallery-caption\" itemprop=\"caption description\"> Facelinopsis marioni by Enric Madrenas <\/div> <\/div> <\/div> <!-- close group --> <\/div> <!-- close row --> <div class=\"gallery-row\" style=\"width: 900px; height: 770px;\" data-original-width=\"900\" data-original-height=\"770\" > <div class=\"gallery-group images-3\" style=\"width: 378px; height: 770px;\" data-original-width=\"378\" data-original-height=\"770\" > <div class=\"tiled-gallery-item tiled-gallery-item-large\" itemprop=\"associatedMedia\" itemscope itemtype=\"http:\/\/schema.org\/ImageObject\"> <a href=\"https:\/\/opistobranquis.info\/ca\/guia\/nudibranchia\/cladobranchia\/aeolidioidea\/facelinidae\/facelinopsis-marioni\/facelinopsis-marioni-07\/\" border=\"0\" itemprop=\"url\"> <meta itemprop=\"width\" content=\"374\"> <meta itemprop=\"height\" content=\"253\"> <img decoding=\"async\" class=\"\" data-attachment-id=\"4508\" data-orig-file=\"https:\/\/opistobranquis.info\/wp-content\/uploads\/2012\/12\/facelinopsis-marioni-07.jpg\" data-orig-size=\"814,550\" data-comments-opened=\"\" data-image-title=\"Facelinopsis marioni by Enric Madrenas\" data-image-description=\"&lt;p&gt;Facelinopsis marioni by Enric Madrenas&lt;\/p&gt; \" data-medium-file=\"https:\/\/i0.wp.com\/opistobranquis.info\/wp-content\/uploads\/2012\/12\/facelinopsis-marioni-07.jpg?fit=300%2C202&#038;ssl=1\" data-large-file=\"https:\/\/i0.wp.com\/opistobranquis.info\/wp-content\/uploads\/2012\/12\/facelinopsis-marioni-07.jpg?fit=814%2C550&#038;ssl=1\" src=\"https:\/\/i0.wp.com\/opistobranquis.info\/wp-content\/uploads\/2012\/12\/facelinopsis-marioni-07.jpg?w=374&#038;h=253&#038;ssl=1\" srcset=\"https:\/\/i0.wp.com\/opistobranquis.info\/wp-content\/uploads\/2012\/12\/facelinopsis-marioni-07.jpg?w=814&amp;ssl=1 814w, https:\/\/i0.wp.com\/opistobranquis.info\/wp-content\/uploads\/2012\/12\/facelinopsis-marioni-07.jpg?resize=300%2C202&amp;ssl=1 300w\" width=\"374\" height=\"253\" loading=\"lazy\" data-original-width=\"374\" data-original-height=\"253\" itemprop=\"http:\/\/schema.org\/image\" title=\"Facelinopsis marioni by Enric Madrenas\" alt=\"Facelinopsis marioni by Enric Madrenas\" style=\"width: 374px; height: 253px;\" \/> <\/a> <div class=\"tiled-gallery-caption\" itemprop=\"caption description\"> Facelinopsis marioni <\/div> <\/div> <div class=\"tiled-gallery-item tiled-gallery-item-large\" itemprop=\"associatedMedia\" itemscope itemtype=\"http:\/\/schema.org\/ImageObject\"> <a href=\"https:\/\/opistobranquis.info\/ca\/guia\/nudibranchia\/cladobranchia\/aeolidioidea\/facelinidae\/facelinopsis-marioni\/facelinopsis-marioni-15\/\" border=\"0\" itemprop=\"url\"> <meta itemprop=\"width\" content=\"374\"> <meta itemprop=\"height\" content=\"253\"> <img decoding=\"async\" class=\"\" data-attachment-id=\"4509\" data-orig-file=\"https:\/\/opistobranquis.info\/wp-content\/uploads\/2012\/12\/facelinopsis-marioni-15.jpg\" data-orig-size=\"814,550\" data-comments-opened=\"\" data-image-title=\"Facelinopsis marioni by Enric Madrenas\" data-image-description=\"&lt;p&gt;Facelinopsis marioni by Enric Madrenas&lt;\/p&gt; \" data-medium-file=\"https:\/\/i0.wp.com\/opistobranquis.info\/wp-content\/uploads\/2012\/12\/facelinopsis-marioni-15.jpg?fit=300%2C202&#038;ssl=1\" data-large-file=\"https:\/\/i0.wp.com\/opistobranquis.info\/wp-content\/uploads\/2012\/12\/facelinopsis-marioni-15.jpg?fit=814%2C550&#038;ssl=1\" src=\"https:\/\/i0.wp.com\/opistobranquis.info\/wp-content\/uploads\/2012\/12\/facelinopsis-marioni-15.jpg?w=374&#038;h=253&#038;ssl=1\" srcset=\"https:\/\/i0.wp.com\/opistobranquis.info\/wp-content\/uploads\/2012\/12\/facelinopsis-marioni-15.jpg?w=814&amp;ssl=1 814w, https:\/\/i0.wp.com\/opistobranquis.info\/wp-content\/uploads\/2012\/12\/facelinopsis-marioni-15.jpg?resize=300%2C202&amp;ssl=1 300w\" width=\"374\" height=\"253\" loading=\"lazy\" data-original-width=\"374\" data-original-height=\"253\" itemprop=\"http:\/\/schema.org\/image\" title=\"Facelinopsis marioni by Enric Madrenas\" alt=\"Facelinopsis marioni by Enric Madrenas\" style=\"width: 374px; height: 253px;\" \/> <\/a> <div class=\"tiled-gallery-caption\" itemprop=\"caption description\"> Facelinopsis marioni by Enric Madrenas <\/div> <\/div> <div class=\"tiled-gallery-item tiled-gallery-item-large\" itemprop=\"associatedMedia\" itemscope itemtype=\"http:\/\/schema.org\/ImageObject\"> <a href=\"https:\/\/opistobranquis.info\/ca\/guia\/nudibranchia\/cladobranchia\/aeolidioidea\/facelinidae\/facelinopsis-marioni\/facelinopsis-marioni-26\/\" border=\"0\" itemprop=\"url\"> <meta itemprop=\"width\" content=\"374\"> <meta itemprop=\"height\" content=\"252\"> <img decoding=\"async\" class=\"\" data-attachment-id=\"4510\" data-orig-file=\"https:\/\/opistobranquis.info\/wp-content\/uploads\/2012\/12\/facelinopsis-marioni-26.jpg\" data-orig-size=\"814,550\" data-comments-opened=\"\" data-image-title=\"Facelinopsis marioni by Enric Madrenas\" data-image-description=\"&lt;p&gt;Facelinopsis marioni by Enric Madrenas&lt;\/p&gt; \" data-medium-file=\"https:\/\/i0.wp.com\/opistobranquis.info\/wp-content\/uploads\/2012\/12\/facelinopsis-marioni-26.jpg?fit=300%2C202&#038;ssl=1\" data-large-file=\"https:\/\/i0.wp.com\/opistobranquis.info\/wp-content\/uploads\/2012\/12\/facelinopsis-marioni-26.jpg?fit=814%2C550&#038;ssl=1\" src=\"https:\/\/i0.wp.com\/opistobranquis.info\/wp-content\/uploads\/2012\/12\/facelinopsis-marioni-26.jpg?w=374&#038;h=252&#038;ssl=1\" srcset=\"https:\/\/i0.wp.com\/opistobranquis.info\/wp-content\/uploads\/2012\/12\/facelinopsis-marioni-26.jpg?w=814&amp;ssl=1 814w, https:\/\/i0.wp.com\/opistobranquis.info\/wp-content\/uploads\/2012\/12\/facelinopsis-marioni-26.jpg?resize=300%2C202&amp;ssl=1 300w\" width=\"374\" height=\"252\" loading=\"lazy\" data-original-width=\"374\" data-original-height=\"252\" itemprop=\"http:\/\/schema.org\/image\" title=\"Facelinopsis marioni by Enric Madrenas\" alt=\"Facelinopsis marioni by Enric Madrenas\" style=\"width: 374px; height: 252px;\" \/> <\/a> <div class=\"tiled-gallery-caption\" itemprop=\"caption description\"> Facelinopsis marioni by Enric Madrenas <\/div> <\/div> <\/div> <!-- close group --> <div class=\"gallery-group images-1\" style=\"width: 522px; height: 770px;\" data-original-width=\"522\" data-original-height=\"770\" > <div class=\"tiled-gallery-item tiled-gallery-item-large\" itemprop=\"associatedMedia\" itemscope itemtype=\"http:\/\/schema.org\/ImageObject\"> <a href=\"https:\/\/opistobranquis.info\/ca\/guia\/nudibranchia\/cladobranchia\/aeolidioidea\/facelinidae\/facelinopsis-marioni\/facelinopsis-marioni-27\/\" border=\"0\" itemprop=\"url\"> <meta itemprop=\"width\" content=\"518\"> <meta itemprop=\"height\" content=\"766\"> <img decoding=\"async\" class=\"\" data-attachment-id=\"4511\" data-orig-file=\"https:\/\/opistobranquis.info\/wp-content\/uploads\/2012\/12\/facelinopsis-marioni-27.jpg\" data-orig-size=\"415,614\" data-comments-opened=\"\" data-image-title=\"Facelinopsis marioni by Enric Madrenas\" data-image-description=\"&lt;p&gt;Facelinopsis marioni by Enric Madrenas&lt;\/p&gt; \" data-medium-file=\"https:\/\/i0.wp.com\/opistobranquis.info\/wp-content\/uploads\/2012\/12\/facelinopsis-marioni-27.jpg?fit=202%2C300&#038;ssl=1\" data-large-file=\"https:\/\/i0.wp.com\/opistobranquis.info\/wp-content\/uploads\/2012\/12\/facelinopsis-marioni-27.jpg?fit=415%2C614&#038;ssl=1\" src=\"https:\/\/i0.wp.com\/opistobranquis.info\/wp-content\/uploads\/2012\/12\/facelinopsis-marioni-27.jpg?w=518&#038;h=766&#038;ssl=1\" srcset=\"https:\/\/i0.wp.com\/opistobranquis.info\/wp-content\/uploads\/2012\/12\/facelinopsis-marioni-27.jpg?w=415&amp;ssl=1 415w, https:\/\/i0.wp.com\/opistobranquis.info\/wp-content\/uploads\/2012\/12\/facelinopsis-marioni-27.jpg?resize=202%2C300&amp;ssl=1 202w\" width=\"518\" height=\"766\" loading=\"lazy\" data-original-width=\"518\" data-original-height=\"766\" itemprop=\"http:\/\/schema.org\/image\" title=\"Facelinopsis marioni by Enric Madrenas\" alt=\"Facelinopsis marioni by Enric Madrenas\" style=\"width: 518px; height: 766px;\" \/> <\/a> <div class=\"tiled-gallery-caption\" itemprop=\"caption description\"> Facelinopsis marioni by Enric Madrenas <\/div> <\/div> <\/div> <!-- close group --> <\/div> <!-- close row --> <div class=\"gallery-row\" style=\"width: 900px; height: 766px;\" data-original-width=\"900\" data-original-height=\"766\" > <div class=\"gallery-group images-1\" style=\"width: 519px; height: 766px;\" data-original-width=\"519\" data-original-height=\"766\" > <div class=\"tiled-gallery-item tiled-gallery-item-large\" itemprop=\"associatedMedia\" itemscope itemtype=\"http:\/\/schema.org\/ImageObject\"> <a href=\"https:\/\/opistobranquis.info\/ca\/guia\/nudibranchia\/cladobranchia\/aeolidioidea\/facelinidae\/facelinopsis-marioni\/facelinopsis-marioni-28\/\" border=\"0\" itemprop=\"url\"> <meta itemprop=\"width\" content=\"515\"> <meta itemprop=\"height\" content=\"762\"> <img decoding=\"async\" class=\"\" data-attachment-id=\"4512\" data-orig-file=\"https:\/\/opistobranquis.info\/wp-content\/uploads\/2012\/12\/facelinopsis-marioni-28.jpg\" data-orig-size=\"415,614\" data-comments-opened=\"\" data-image-title=\"Facelinopsis marioni by Enric Madrenas\" data-image-description=\"&lt;p&gt;Facelinopsis marioni by Enric Madrenas&lt;\/p&gt; \" data-medium-file=\"https:\/\/i0.wp.com\/opistobranquis.info\/wp-content\/uploads\/2012\/12\/facelinopsis-marioni-28.jpg?fit=202%2C300&#038;ssl=1\" data-large-file=\"https:\/\/i0.wp.com\/opistobranquis.info\/wp-content\/uploads\/2012\/12\/facelinopsis-marioni-28.jpg?fit=415%2C614&#038;ssl=1\" src=\"https:\/\/i0.wp.com\/opistobranquis.info\/wp-content\/uploads\/2012\/12\/facelinopsis-marioni-28.jpg?w=515&#038;h=762&#038;ssl=1\" srcset=\"https:\/\/i0.wp.com\/opistobranquis.info\/wp-content\/uploads\/2012\/12\/facelinopsis-marioni-28.jpg?w=415&amp;ssl=1 415w, https:\/\/i0.wp.com\/opistobranquis.info\/wp-content\/uploads\/2012\/12\/facelinopsis-marioni-28.jpg?resize=202%2C300&amp;ssl=1 202w\" width=\"515\" height=\"762\" loading=\"lazy\" data-original-width=\"515\" data-original-height=\"762\" itemprop=\"http:\/\/schema.org\/image\" title=\"Facelinopsis marioni by Enric Madrenas\" alt=\"Facelinopsis marioni by Enric Madrenas\" style=\"width: 515px; height: 762px;\" \/> <\/a> <div class=\"tiled-gallery-caption\" itemprop=\"caption description\"> Facelinopsis marioni by Enric Madrenas <\/div> <\/div> <\/div> <!-- close group --> <div class=\"gallery-group images-3\" style=\"width: 381px; height: 766px;\" data-original-width=\"381\" data-original-height=\"766\" > <div class=\"tiled-gallery-item tiled-gallery-item-large\" itemprop=\"associatedMedia\" itemscope itemtype=\"http:\/\/schema.org\/ImageObject\"> <a href=\"https:\/\/opistobranquis.info\/ca\/guia\/nudibranchia\/cladobranchia\/aeolidioidea\/facelinidae\/facelinopsis-marioni\/facelinopsis-marioni-73\/\" border=\"0\" itemprop=\"url\"> <meta itemprop=\"width\" content=\"377\"> <meta itemprop=\"height\" content=\"252\"> <img decoding=\"async\" class=\"\" data-attachment-id=\"30605\" data-orig-file=\"https:\/\/opistobranquis.info\/wp-content\/uploads\/2020\/09\/Facelinopsis-marioni-73.jpg\" data-orig-size=\"1034,693\" data-comments-opened=\"\" data-image-title=\"Facelinopsis marioni by Enric Madrenas\" data-image-description=\"&lt;p&gt;Facelinopsis marioni by Enric Madrenas&lt;\/p&gt; \" data-medium-file=\"https:\/\/i0.wp.com\/opistobranquis.info\/wp-content\/uploads\/2020\/09\/Facelinopsis-marioni-73.jpg?fit=300%2C201&#038;ssl=1\" data-large-file=\"https:\/\/i0.wp.com\/opistobranquis.info\/wp-content\/uploads\/2020\/09\/Facelinopsis-marioni-73.jpg?fit=900%2C603&#038;ssl=1\" src=\"https:\/\/i0.wp.com\/opistobranquis.info\/wp-content\/uploads\/2020\/09\/Facelinopsis-marioni-73.jpg?w=377&#038;h=252&#038;ssl=1\" srcset=\"https:\/\/i0.wp.com\/opistobranquis.info\/wp-content\/uploads\/2020\/09\/Facelinopsis-marioni-73.jpg?w=1034&amp;ssl=1 1034w, https:\/\/i0.wp.com\/opistobranquis.info\/wp-content\/uploads\/2020\/09\/Facelinopsis-marioni-73.jpg?resize=300%2C201&amp;ssl=1 300w, https:\/\/i0.wp.com\/opistobranquis.info\/wp-content\/uploads\/2020\/09\/Facelinopsis-marioni-73.jpg?resize=1024%2C686&amp;ssl=1 1024w, https:\/\/i0.wp.com\/opistobranquis.info\/wp-content\/uploads\/2020\/09\/Facelinopsis-marioni-73.jpg?resize=150%2C101&amp;ssl=1 150w\" width=\"377\" height=\"252\" loading=\"lazy\" data-original-width=\"377\" data-original-height=\"252\" itemprop=\"http:\/\/schema.org\/image\" title=\"Facelinopsis marioni by Enric Madrenas\" alt=\"Facelinopsis marioni by Enric Madrenas\" style=\"width: 377px; height: 252px;\" \/> <\/a> <div class=\"tiled-gallery-caption\" itemprop=\"caption description\"> Facelinopsis marioni <\/div> <\/div> <div class=\"tiled-gallery-item tiled-gallery-item-large\" itemprop=\"associatedMedia\" itemscope itemtype=\"http:\/\/schema.org\/ImageObject\"> <a href=\"https:\/\/opistobranquis.info\/ca\/guia\/nudibranchia\/cladobranchia\/aeolidioidea\/facelinidae\/facelinopsis-marioni\/facelinopsis-marioni-sicily-italy-by-lara-orselli-6\/\" border=\"0\" itemprop=\"url\"> <meta itemprop=\"width\" content=\"377\"> <meta itemprop=\"height\" content=\"251\"> <img decoding=\"async\" class=\"\" data-attachment-id=\"30807\" data-orig-file=\"https:\/\/opistobranquis.info\/wp-content\/uploads\/2020\/11\/Facelinopsis-marioni-@-Sicily-Italy-by-Lara-Orselli-6.jpg\" data-orig-size=\"1275,850\" data-comments-opened=\"\" data-image-title=\"Facelinopsis marioni @ Sicily, Italy by Lara Orselli\" data-image-description=\"&lt;p&gt;Facelinopsis marioni @ Sicily, Italy by Lara Orselli&lt;\/p&gt; \" data-medium-file=\"https:\/\/i0.wp.com\/opistobranquis.info\/wp-content\/uploads\/2020\/11\/Facelinopsis-marioni-%40-Sicily-Italy-by-Lara-Orselli-6.jpg?fit=300%2C200&#038;ssl=1\" data-large-file=\"https:\/\/i0.wp.com\/opistobranquis.info\/wp-content\/uploads\/2020\/11\/Facelinopsis-marioni-%40-Sicily-Italy-by-Lara-Orselli-6.jpg?fit=900%2C600&#038;ssl=1\" src=\"https:\/\/i0.wp.com\/opistobranquis.info\/wp-content\/uploads\/2020\/11\/Facelinopsis-marioni-%40-Sicily-Italy-by-Lara-Orselli-6.jpg?w=377&#038;h=251&#038;ssl=1\" width=\"377\" height=\"251\" loading=\"lazy\" data-original-width=\"377\" data-original-height=\"251\" itemprop=\"http:\/\/schema.org\/image\" title=\"Facelinopsis marioni @ Sicily, Italy by Lara Orselli\" alt=\"Facelinopsis marioni @ Sicily, Italy by Lara Orselli\" style=\"width: 377px; height: 251px;\" \/> <\/a> <div class=\"tiled-gallery-caption\" itemprop=\"caption description\"> Facelinopsis marioni @ Sicily, Italy by Lara Orselli <\/div> <\/div> <div class=\"tiled-gallery-item tiled-gallery-item-large\" itemprop=\"associatedMedia\" itemscope itemtype=\"http:\/\/schema.org\/ImageObject\"> <a href=\"https:\/\/opistobranquis.info\/ca\/guia\/nudibranchia\/cladobranchia\/aeolidioidea\/facelinidae\/facelinopsis-marioni\/facelinopsis-marioni-by-miquel-pontes-mpg_0965\/\" border=\"0\" itemprop=\"url\"> <meta itemprop=\"width\" content=\"377\"> <meta itemprop=\"height\" content=\"251\"> <img decoding=\"async\" class=\"\" data-attachment-id=\"31077\" data-orig-file=\"https:\/\/opistobranquis.info\/wp-content\/uploads\/2020\/12\/Facelinopsis-marioni-by-Miquel-Pontes-MPG_0965.jpg\" data-orig-size=\"1280,853\" data-comments-opened=\"\" data-image-title=\"Facelinopsis marioni @ Costa Brava, Spain by Miquel Pontes\" data-image-description=\"&lt;p&gt;Facelinopsis marioni @ Costa Brava, Spain by Miquel Pontes&lt;\/p&gt; \" data-medium-file=\"https:\/\/i0.wp.com\/opistobranquis.info\/wp-content\/uploads\/2020\/12\/Facelinopsis-marioni-by-Miquel-Pontes-MPG_0965.jpg?fit=300%2C200&#038;ssl=1\" data-large-file=\"https:\/\/i0.wp.com\/opistobranquis.info\/wp-content\/uploads\/2020\/12\/Facelinopsis-marioni-by-Miquel-Pontes-MPG_0965.jpg?fit=900%2C599&#038;ssl=1\" src=\"https:\/\/i0.wp.com\/opistobranquis.info\/wp-content\/uploads\/2020\/12\/Facelinopsis-marioni-by-Miquel-Pontes-MPG_0965.jpg?w=377&#038;h=251&#038;ssl=1\" srcset=\"https:\/\/i0.wp.com\/opistobranquis.info\/wp-content\/uploads\/2020\/12\/Facelinopsis-marioni-by-Miquel-Pontes-MPG_0965.jpg?w=1280&amp;ssl=1 1280w, https:\/\/i0.wp.com\/opistobranquis.info\/wp-content\/uploads\/2020\/12\/Facelinopsis-marioni-by-Miquel-Pontes-MPG_0965.jpg?resize=300%2C200&amp;ssl=1 300w, https:\/\/i0.wp.com\/opistobranquis.info\/wp-content\/uploads\/2020\/12\/Facelinopsis-marioni-by-Miquel-Pontes-MPG_0965.jpg?resize=1024%2C682&amp;ssl=1 1024w, https:\/\/i0.wp.com\/opistobranquis.info\/wp-content\/uploads\/2020\/12\/Facelinopsis-marioni-by-Miquel-Pontes-MPG_0965.jpg?resize=150%2C100&amp;ssl=1 150w\" width=\"377\" height=\"251\" loading=\"lazy\" data-original-width=\"377\" data-original-height=\"251\" itemprop=\"http:\/\/schema.org\/image\" title=\"Facelinopsis marioni @ Costa Brava, Spain by Miquel Pontes\" alt=\"Facelinopsis marioni @ Costa Brava, Spain by Miquel Pontes\" style=\"width: 377px; height: 251px;\" \/> <\/a> <div class=\"tiled-gallery-caption\" itemprop=\"caption description\"> Facelinopsis marioni @ Costa Brava, Spain by Miquel Pontes <\/div> <\/div> <\/div> <!-- close group --> <\/div> <!-- close row --> <div class=\"gallery-row\" style=\"width: 900px; height: 402px;\" data-original-width=\"900\" data-original-height=\"402\" > <div class=\"gallery-group images-1\" style=\"width: 601px; height: 402px;\" data-original-width=\"601\" data-original-height=\"402\" > <div class=\"tiled-gallery-item tiled-gallery-item-large\" itemprop=\"associatedMedia\" itemscope itemtype=\"http:\/\/schema.org\/ImageObject\"> <a href=\"https:\/\/opistobranquis.info\/ca\/guia\/nudibranchia\/cladobranchia\/aeolidioidea\/facelinidae\/facelinopsis-marioni\/facelinopsis-marioni-by-miquel-pontes-mpg_4159\/\" border=\"0\" itemprop=\"url\"> <meta itemprop=\"width\" content=\"597\"> <meta itemprop=\"height\" content=\"398\"> <img decoding=\"async\" class=\"\" data-attachment-id=\"31078\" data-orig-file=\"https:\/\/opistobranquis.info\/wp-content\/uploads\/2020\/12\/Facelinopsis-marioni-by-Miquel-Pontes-MPG_4159.jpg\" data-orig-size=\"1280,853\" data-comments-opened=\"\" data-image-title=\"Facelinopsis marioni @ Costa Brava, Spain by Miquel Pontes\" data-image-description=\"&lt;p&gt;Facelinopsis marioni @ Costa Brava, Spain by Miquel Pontes&lt;\/p&gt; \" data-medium-file=\"https:\/\/i0.wp.com\/opistobranquis.info\/wp-content\/uploads\/2020\/12\/Facelinopsis-marioni-by-Miquel-Pontes-MPG_4159.jpg?fit=300%2C200&#038;ssl=1\" data-large-file=\"https:\/\/i0.wp.com\/opistobranquis.info\/wp-content\/uploads\/2020\/12\/Facelinopsis-marioni-by-Miquel-Pontes-MPG_4159.jpg?fit=900%2C599&#038;ssl=1\" src=\"https:\/\/i0.wp.com\/opistobranquis.info\/wp-content\/uploads\/2020\/12\/Facelinopsis-marioni-by-Miquel-Pontes-MPG_4159.jpg?w=597&#038;h=398&#038;ssl=1\" srcset=\"https:\/\/i0.wp.com\/opistobranquis.info\/wp-content\/uploads\/2020\/12\/Facelinopsis-marioni-by-Miquel-Pontes-MPG_4159.jpg?w=1280&amp;ssl=1 1280w, https:\/\/i0.wp.com\/opistobranquis.info\/wp-content\/uploads\/2020\/12\/Facelinopsis-marioni-by-Miquel-Pontes-MPG_4159.jpg?resize=300%2C200&amp;ssl=1 300w, https:\/\/i0.wp.com\/opistobranquis.info\/wp-content\/uploads\/2020\/12\/Facelinopsis-marioni-by-Miquel-Pontes-MPG_4159.jpg?resize=1024%2C682&amp;ssl=1 1024w, https:\/\/i0.wp.com\/opistobranquis.info\/wp-content\/uploads\/2020\/12\/Facelinopsis-marioni-by-Miquel-Pontes-MPG_4159.jpg?resize=150%2C100&amp;ssl=1 150w\" width=\"597\" height=\"398\" loading=\"lazy\" data-original-width=\"597\" data-original-height=\"398\" itemprop=\"http:\/\/schema.org\/image\" title=\"Facelinopsis marioni @ Costa Brava, Spain by Miquel Pontes\" alt=\"Facelinopsis marioni @ Costa Brava, Spain by Miquel Pontes\" style=\"width: 597px; height: 398px;\" \/> <\/a> <div class=\"tiled-gallery-caption\" itemprop=\"caption description\"> Facelinopsis marioni @ Costa Brava, Spain by Miquel Pontes <\/div> <\/div> <\/div> <!-- close group --> <div class=\"gallery-group images-2\" style=\"width: 299px; height: 402px;\" data-original-width=\"299\" data-original-height=\"402\" > <div class=\"tiled-gallery-item tiled-gallery-item-large\" itemprop=\"associatedMedia\" itemscope itemtype=\"http:\/\/schema.org\/ImageObject\"> <a href=\"https:\/\/opistobranquis.info\/ca\/guia\/nudibranchia\/cladobranchia\/aeolidioidea\/facelinidae\/facelinopsis-marioni\/facelinopsis-marioni-by-miquel-pontes-mpg_5313\/\" border=\"0\" itemprop=\"url\"> <meta itemprop=\"width\" content=\"295\"> <meta itemprop=\"height\" content=\"197\"> <img decoding=\"async\" class=\"\" data-attachment-id=\"31079\" data-orig-file=\"https:\/\/opistobranquis.info\/wp-content\/uploads\/2020\/12\/Facelinopsis-marioni-by-Miquel-Pontes-MPG_5313.jpg\" data-orig-size=\"1280,853\" data-comments-opened=\"\" data-image-title=\"Facelinopsis marioni @ Costa Brava, Spain by Miquel Pontes\" data-image-description=\"&lt;p&gt;Facelinopsis marioni @ Costa Brava, Spain by Miquel Pontes&lt;\/p&gt; \" data-medium-file=\"https:\/\/i0.wp.com\/opistobranquis.info\/wp-content\/uploads\/2020\/12\/Facelinopsis-marioni-by-Miquel-Pontes-MPG_5313.jpg?fit=300%2C200&#038;ssl=1\" data-large-file=\"https:\/\/i0.wp.com\/opistobranquis.info\/wp-content\/uploads\/2020\/12\/Facelinopsis-marioni-by-Miquel-Pontes-MPG_5313.jpg?fit=900%2C599&#038;ssl=1\" src=\"https:\/\/i0.wp.com\/opistobranquis.info\/wp-content\/uploads\/2020\/12\/Facelinopsis-marioni-by-Miquel-Pontes-MPG_5313.jpg?w=295&#038;h=197&#038;ssl=1\" srcset=\"https:\/\/i0.wp.com\/opistobranquis.info\/wp-content\/uploads\/2020\/12\/Facelinopsis-marioni-by-Miquel-Pontes-MPG_5313.jpg?w=1280&amp;ssl=1 1280w, https:\/\/i0.wp.com\/opistobranquis.info\/wp-content\/uploads\/2020\/12\/Facelinopsis-marioni-by-Miquel-Pontes-MPG_5313.jpg?resize=300%2C200&amp;ssl=1 300w, https:\/\/i0.wp.com\/opistobranquis.info\/wp-content\/uploads\/2020\/12\/Facelinopsis-marioni-by-Miquel-Pontes-MPG_5313.jpg?resize=1024%2C682&amp;ssl=1 1024w, https:\/\/i0.wp.com\/opistobranquis.info\/wp-content\/uploads\/2020\/12\/Facelinopsis-marioni-by-Miquel-Pontes-MPG_5313.jpg?resize=150%2C100&amp;ssl=1 150w\" width=\"295\" height=\"197\" loading=\"lazy\" data-original-width=\"295\" data-original-height=\"197\" itemprop=\"http:\/\/schema.org\/image\" title=\"Facelinopsis marioni @ Costa Brava, Spain by Miquel Pontes\" alt=\"Facelinopsis marioni @ Costa Brava, Spain by Miquel Pontes\" style=\"width: 295px; height: 197px;\" \/> <\/a> <div class=\"tiled-gallery-caption\" itemprop=\"caption description\"> Facelinopsis marioni @ Costa Brava, Spain by Miquel Pontes <\/div> <\/div> <div class=\"tiled-gallery-item tiled-gallery-item-large\" itemprop=\"associatedMedia\" itemscope itemtype=\"http:\/\/schema.org\/ImageObject\"> <a href=\"https:\/\/opistobranquis.info\/ca\/guia\/nudibranchia\/cladobranchia\/aeolidioidea\/facelinidae\/facelinopsis-marioni\/facelinopsis-marioni-by-miquel-pontes-mpg_7302\/\" border=\"0\" itemprop=\"url\"> <meta itemprop=\"width\" content=\"295\"> <meta itemprop=\"height\" content=\"197\"> <img decoding=\"async\" class=\"\" data-attachment-id=\"31080\" data-orig-file=\"https:\/\/opistobranquis.info\/wp-content\/uploads\/2020\/12\/Facelinopsis-marioni-by-Miquel-Pontes-MPG_7302.jpg\" data-orig-size=\"1280,854\" data-comments-opened=\"\" data-image-title=\"Facelinopsis marioni @ Costa Brava, Spain by Miquel Pontes\" data-image-description=\"&lt;p&gt;Facelinopsis marioni @ Costa Brava, Spain by Miquel Pontes&lt;\/p&gt; \" data-medium-file=\"https:\/\/i0.wp.com\/opistobranquis.info\/wp-content\/uploads\/2020\/12\/Facelinopsis-marioni-by-Miquel-Pontes-MPG_7302.jpg?fit=300%2C200&#038;ssl=1\" data-large-file=\"https:\/\/i0.wp.com\/opistobranquis.info\/wp-content\/uploads\/2020\/12\/Facelinopsis-marioni-by-Miquel-Pontes-MPG_7302.jpg?fit=900%2C600&#038;ssl=1\" src=\"https:\/\/i0.wp.com\/opistobranquis.info\/wp-content\/uploads\/2020\/12\/Facelinopsis-marioni-by-Miquel-Pontes-MPG_7302.jpg?w=295&#038;h=197&#038;ssl=1\" srcset=\"https:\/\/i0.wp.com\/opistobranquis.info\/wp-content\/uploads\/2020\/12\/Facelinopsis-marioni-by-Miquel-Pontes-MPG_7302.jpg?w=1280&amp;ssl=1 1280w, https:\/\/i0.wp.com\/opistobranquis.info\/wp-content\/uploads\/2020\/12\/Facelinopsis-marioni-by-Miquel-Pontes-MPG_7302.jpg?resize=300%2C200&amp;ssl=1 300w, https:\/\/i0.wp.com\/opistobranquis.info\/wp-content\/uploads\/2020\/12\/Facelinopsis-marioni-by-Miquel-Pontes-MPG_7302.jpg?resize=1024%2C683&amp;ssl=1 1024w, https:\/\/i0.wp.com\/opistobranquis.info\/wp-content\/uploads\/2020\/12\/Facelinopsis-marioni-by-Miquel-Pontes-MPG_7302.jpg?resize=150%2C100&amp;ssl=1 150w\" width=\"295\" height=\"197\" loading=\"lazy\" data-original-width=\"295\" data-original-height=\"197\" itemprop=\"http:\/\/schema.org\/image\" title=\"Facelinopsis marioni @ Costa Brava, Spain by Miquel Pontes\" alt=\"Facelinopsis marioni @ Costa Brava, Spain by Miquel Pontes\" style=\"width: 295px; height: 197px;\" \/> <\/a> <div class=\"tiled-gallery-caption\" itemprop=\"caption description\"> Facelinopsis marioni @ Costa Brava, Spain by Miquel Pontes <\/div> <\/div> <\/div> <!-- close group --> <\/div> <!-- close row --> <div class=\"gallery-row\" style=\"width: 900px; height: 676px;\" data-original-width=\"900\" data-original-height=\"676\" > <div class=\"gallery-group images-1\" style=\"width: 900px; height: 676px;\" data-original-width=\"900\" data-original-height=\"676\" > <div class=\"tiled-gallery-item tiled-gallery-item-large\" itemprop=\"associatedMedia\" itemscope itemtype=\"http:\/\/schema.org\/ImageObject\"> <a href=\"https:\/\/opistobranquis.info\/ca\/guia\/nudibranchia\/cladobranchia\/aeolidioidea\/facelinidae\/facelinopsis-marioni\/facelinopsis-marioni-france-by-pascal-girard-2\/\" border=\"0\" itemprop=\"url\"> <meta itemprop=\"width\" content=\"896\"> <meta itemprop=\"height\" content=\"672\"> <img decoding=\"async\" class=\"\" data-attachment-id=\"36116\" data-orig-file=\"https:\/\/opistobranquis.info\/wp-content\/uploads\/2022\/12\/Facelinopsis-marioni-@-France-by-Pascal-Girard-2.jpg\" data-orig-size=\"1280,960\" data-comments-opened=\"\" data-image-title=\"Facelinopsis marioni @ France by Pascal Girard\" data-image-description=\"&lt;p&gt;Facelinopsis marioni @ France by Pascal Girard&lt;\/p&gt; \" data-medium-file=\"https:\/\/i0.wp.com\/opistobranquis.info\/wp-content\/uploads\/2022\/12\/Facelinopsis-marioni-%40-France-by-Pascal-Girard-2.jpg?fit=300%2C225&#038;ssl=1\" data-large-file=\"https:\/\/i0.wp.com\/opistobranquis.info\/wp-content\/uploads\/2022\/12\/Facelinopsis-marioni-%40-France-by-Pascal-Girard-2.jpg?fit=900%2C675&#038;ssl=1\" src=\"https:\/\/i0.wp.com\/opistobranquis.info\/wp-content\/uploads\/2022\/12\/Facelinopsis-marioni-%40-France-by-Pascal-Girard-2.jpg?w=896&#038;h=672&#038;ssl=1\" width=\"896\" height=\"672\" loading=\"lazy\" data-original-width=\"896\" data-original-height=\"672\" itemprop=\"http:\/\/schema.org\/image\" title=\"Facelinopsis marioni @ France by Pascal Girard\" alt=\"Facelinopsis marioni @ France by Pascal Girard\" style=\"width: 896px; height: 672px;\" \/> <\/a> <div class=\"tiled-gallery-caption\" itemprop=\"caption description\"> Facelinopsis marioni @ France by Pascal Girard <\/div> <\/div> <\/div> <!-- close group --> <\/div> <!-- close row --> <\/div><\/p>\n<p><p><strong>Bibliografia<\/strong><\/p><ul><div id=\"zotpress-0cf5cf162b1e52ed3007807d422a4620\" class=\"zp-Zotpress zp-Zotpress-Bib wp-block-group\">\n\n\t\t<span class=\"ZP_API_USER_ID ZP_ATTR\">1246567<\/span>\n\t\t<span class=\"ZP_ITEM_KEY ZP_ATTR\"><\/span>\n\t\t<span class=\"ZP_COLLECTION_ID ZP_ATTR\"><\/span>\n\t\t<span class=\"ZP_TAG_ID ZP_ATTR\">Facelinopsis marioni<\/span>\n\t\t<span class=\"ZP_AUTHOR ZP_ATTR\"><\/span>\n\t\t<span class=\"ZP_YEAR ZP_ATTR\"><\/span>\n        <span class=\"ZP_ITEMTYPE ZP_ATTR\"><\/span>\n\t\t<span class=\"ZP_INCLUSIVE ZP_ATTR\">1<\/span>\n\t\t<span class=\"ZP_STYLE ZP_ATTR\">eunomia-revista-en-cultura-de-la-legalidad<\/span>\n\t\t<span class=\"ZP_LIMIT ZP_ATTR\">50<\/span>\n\t\t<span class=\"ZP_SORTBY ZP_ATTR\">creator<\/span>\n\t\t<span class=\"ZP_ORDER ZP_ATTR\">asc<\/span>\n\t\t<span class=\"ZP_TITLE ZP_ATTR\"><\/span>\n\t\t<span class=\"ZP_SHOWIMAGE ZP_ATTR\"><\/span>\n\t\t<span class=\"ZP_SHOWTAGS ZP_ATTR\"><\/span>\n\t\t<span class=\"ZP_DOWNLOADABLE ZP_ATTR\"><\/span>\n\t\t<span class=\"ZP_NOTES ZP_ATTR\"><\/span>\n\t\t<span class=\"ZP_ABSTRACT ZP_ATTR\"><\/span>\n\t\t<span class=\"ZP_CITEABLE ZP_ATTR\"><\/span>\n\t\t<span class=\"ZP_TARGET ZP_ATTR\">1<\/span>\n\t\t<span class=\"ZP_URLWRAP ZP_ATTR\"><\/span>\n\t\t<span class=\"ZP_FORCENUM ZP_ATTR\"><\/span>\n        <span class=\"ZP_HIGHLIGHT ZP_ATTR\"><\/span>\n        <span class=\"ZP_POSTID ZP_ATTR\">637<\/span>\n\t\t<span class=\"ZOTPRESS_PLUGIN_URL ZP_ATTR\">https:\/\/opistobranquis.info\/wp-content\/plugins\/zotpress\/<\/span>\n\n\t\t<div class=\"zp-List loading\">\n\t\t\t<div class=\"zp-SEO-Content\">\n\n\t\t\t<\/div><!-- .zp-zp-SEO-Content -->\n\t\t<\/div><!-- .zp-List -->\n\t<\/div><!--.zp-Zotpress-->\n\n<p><\/p>Bibliografia basada en els treballs de <b>Steve Long, 2006<\/b>. <a target=_blank href=https:\/\/opistobranquis.info\/wp-content\/uploads\/2016\/06\/Long-S.-2006-Bibliography-of-Opisthobranchia-1554-2000.pdf>Bibliography of Opisthobranchia 1554-2000<\/a> i <b>Gary McDonald, 2009<\/b>. <a href=http:\/\/escholarship.org\/uc\/item\/8115h0wz>Bibliographia Nudibranchia<\/a>, amb actualitzacions posteriors procedents d\u00b4altres fonts.<p><\/p><\/ul><p><\/p><p><strong>M\u00e9s informaci\u00f3<\/strong><\/p><span style=\"font-size:10pt\"><ul><ul class=\"blogroll-links\"><li><a href=\"http:\/\/www.biodiversitylibrary.org\/name\/Facelinopsis%20marioni\">Biodiversity Heritage Library<\/a><\/li><li><a href=\"http:\/\/www.biologiamarina.org\/facelina-di-marion\/\">BiologiaMarina.org<\/a><\/li><li><a href=\"http:\/\/www.cibsub.com\/bioespecie_es-facelinopsis_marioni-27815\">CIB - Club Immersio Biologia<\/a><\/li><li><a href=\"http:\/\/doris.ffessm.fr\/fiche2.asp?fiche_numero=1779\">DORIS<\/a><\/li><li><a href=\"https:\/\/litoraldegranada.ugr.es\/el-litoral\/el-litoral-sumergido\/fauna\/moluscos\/gasteropodos\/opistobranquios\/orden-nudibranchia\/aeolidioideos\/facelinopsis-marioni\/\">El Litoral de Granada<\/a><\/li><li><a href=\"https:\/\/www.flickr.com\/search\/?text=Facelinopsis%20marioni\">Flickr pictures<\/a><\/li><li><a href=\"http:\/\/www.opistobranquis.org\/ca\/guia\/44\">GROC<\/a><\/li><li><a href=\"http:\/\/www.irmng.org\/aphia.php?p=taxlist&#038;tName=Facelinopsis%20marioni\">Interim Register of Marine and Nonmarine Genera<\/a><\/li><li><a href=\"http:\/\/marenostrum.org\/vidamarina\/animalia\/invertebrados\/moluscos\/gasteropodos\/opistobranquios\/fmarioni\/index.htm\">M@re Nostrum<\/a><\/li><li><a href=\"http:\/\/www.ncbi.nlm.nih.gov\/Taxonomy\/Browser\/wwwtax.cgi?mode=Undef&#038;name=Facelinopsis%20marioni&#038;lvl=0&#038;srchmode=1\">NCBI GenBank<\/a><\/li><li><a href=\"http:\/\/iobis.org\/mapper\/?taxon=Facelinopsis%20marioni\">OBIS - Search by Taxon<\/a><\/li><li><a href=\"http:\/\/www.seaslugforum.net\/showall\/facemari\">Sea Slug Forum<\/a><\/li><li><a href=\"http:\/\/www.marinespecies.org\/aphia.php?p=taxdetails&#038;id=139918\">World Register of Marine Species<\/a><\/li><\/ul><\/ul><\/span><p><strong>Citeu aquest article com: <\/strong><\/p><div style=\"display: block; background: #444444; padding: 10px 30px 10px 10px; border-radius: 5px; line-height: 18px;\"><p class=\"citacio\"><b>Ballesteros, M., Madrenas, E. &#38; Pontes, M.<\/b> (2025) <em>\"Facelinopsis marioni\"<\/em> a <em>OPK-Opistobranquis<\/em>. Publicat: 17\/05\/2012. Accedit: 03\/09\/2026. Disponible a (<a href=https:\/\/opistobranquis.info\/ca\/?p=637>https:\/\/opistobranquis.info\/ca\/?p=637<\/a>)<\/p><p><\/p><\/div><p><\/p><\/p>","protected":false},"excerpt":{"rendered":"<p>Facelinopsis marioni (Vayssi\u00e8re, 1888) Sin\u00f2nims Facelina marioni Vayssi\u00e8re, 1888 Descripci\u00f3 Els exemplars d&#8217;aquesta esp\u00e8cie mesuren uns 10 mm de longitud. Gaireb\u00e9 tot el cos t\u00e9 una tonalitat rosada encara que \u00e9s semitransparent. El dors est\u00e0 recorregut per una l\u00ednia longitudinal blanca que arriba fins al final de la cua i en el cap, per davant dels rin\u00f2fors, solen existir petites taques blanques irregulars que tamb\u00e9 poden formar una l\u00ednia discont\u00ednua\u2026<\/p>\n<p class=\"continue-reading-button\"> <a class=\"continue-reading-link\" href=\"https:\/\/opistobranquis.info\/ca\/guia\/nudibranchia\/cladobranchia\/aeolidioidea\/facelinidae\/facelinopsis-marioni\/\">Continua llegint<i class=\"crycon-right-dir\"><\/i><\/a><\/p>\n","protected":false},"author":291,"featured_media":33883,"parent":46890,"menu_order":20,"comment_status":"closed","ping_status":"closed","template":"","meta":{"footnotes":""},"class_list":["post-637","page","type-page","status-publish","has-post-thumbnail","hentry"],"jetpack_sharing_enabled":true,"_links":{"self":[{"href":"https:\/\/opistobranquis.info\/ca\/wp-json\/wp\/v2\/pages\/637","targetHints":{"allow":["GET"]}}],"collection":[{"href":"https:\/\/opistobranquis.info\/ca\/wp-json\/wp\/v2\/pages"}],"about":[{"href":"https:\/\/opistobranquis.info\/ca\/wp-json\/wp\/v2\/types\/page"}],"author":[{"embeddable":true,"href":"https:\/\/opistobranquis.info\/ca\/wp-json\/wp\/v2\/users\/291"}],"replies":[{"embeddable":true,"href":"https:\/\/opistobranquis.info\/ca\/wp-json\/wp\/v2\/comments?post=637"}],"version-history":[{"count":4,"href":"https:\/\/opistobranquis.info\/ca\/wp-json\/wp\/v2\/pages\/637\/revisions"}],"predecessor-version":[{"id":35929,"href":"https:\/\/opistobranquis.info\/ca\/wp-json\/wp\/v2\/pages\/637\/revisions\/35929"}],"up":[{"embeddable":true,"href":"https:\/\/opistobranquis.info\/ca\/wp-json\/wp\/v2\/pages\/46890"}],"wp:featuredmedia":[{"embeddable":true,"href":"https:\/\/opistobranquis.info\/ca\/wp-json\/wp\/v2\/media\/33883"}],"wp:attachment":[{"href":"https:\/\/opistobranquis.info\/ca\/wp-json\/wp\/v2\/media?parent=637"}],"curies":[{"name":"wp","href":"https:\/\/api.w.org\/{rel}","templated":true}]}}