{"id":667,"date":"2012-05-17T12:36:42","date_gmt":"2012-05-17T10:36:42","guid":{"rendered":"https:\/\/opistobranquis.info\/doto-coronatadoto-coronatadoto-coronata"},"modified":"2022-12-27T14:23:20","modified_gmt":"2022-12-27T13:23:20","slug":"doto-coronata","status":"publish","type":"page","link":"https:\/\/opistobranquis.info\/ca\/guia\/nudibranchia\/cladobranchia\/dendronotoidea\/doto-coronata\/","title":{"rendered":"Doto coronata"},"content":{"rendered":"<p><\/p>\n<h3><em>Doto coronata<\/em> (Gmelin, 1791)<\/h3>\n<p><span style=\"font-size:10pt;\" class=\"aligncenter\"><div id=\"featured-img-id\"><img data-recalc-dims=\"1\" decoding=\"async\" src=\"https:\/\/i0.wp.com\/opistobranquis.info\/wp-content\/uploads\/2022\/12\/Doto-coronata-187-amb-posta.jpg?w=900&#038;ssl=1\" alt=\"Doto coronata @ L&#039;Escala by Enric Madrenas\" \/><\/div><center><em>Doto coronata @ L'Escala<\/em> per Enric Madrenas<\/center><\/span><p><\/p><div class=\"opk-worms\"><h3>Informaci\u00f3 taxon\u00f2mica WoRMS<\/h3><div class=\"opk-success\">Nom acceptat actual: <strong><em>Doto coronata<\/em> (Gmelin, 1791)<\/strong><\/div><h4>Classificaci\u00f3 actual<\/h4><table class=\"widefat striped\"><tr><th>Superdomain<\/th><td><a target=\"_blank\" href=\"https:\/\/www.marinespecies.org\/aphia.php?p=taxdetails&id=1\">Biota<\/a><\/td><\/tr><tr><th>Kingdom<\/th><td><a target=\"_blank\" href=\"https:\/\/www.marinespecies.org\/aphia.php?p=taxdetails&id=2\">Animalia<\/a><\/td><\/tr><tr><th>Phylum<\/th><td><a target=\"_blank\" href=\"https:\/\/www.marinespecies.org\/aphia.php?p=taxdetails&id=51\">Mollusca<\/a><\/td><\/tr><tr><th>Class<\/th><td><a target=\"_blank\" href=\"https:\/\/www.marinespecies.org\/aphia.php?p=taxdetails&id=101\">Gastropoda<\/a><\/td><\/tr><tr><th>Subclass<\/th><td><a target=\"_blank\" href=\"https:\/\/www.marinespecies.org\/aphia.php?p=taxdetails&id=14712\">Heterobranchia<\/a><\/td><\/tr><tr><th>Infraclass<\/th><td><a target=\"_blank\" href=\"https:\/\/www.marinespecies.org\/aphia.php?p=taxdetails&id=1057247\">Euthyneura<\/a><\/td><\/tr><tr><th>Subterclass<\/th><td><a target=\"_blank\" href=\"https:\/\/www.marinespecies.org\/aphia.php?p=taxdetails&id=1057249\">Ringipleura<\/a><\/td><\/tr><tr><th>Superorder<\/th><td><a target=\"_blank\" href=\"https:\/\/www.marinespecies.org\/aphia.php?p=taxdetails&id=411966\">Nudipleura<\/a><\/td><\/tr><tr><th>Order<\/th><td><a target=\"_blank\" href=\"https:\/\/www.marinespecies.org\/aphia.php?p=taxdetails&id=1762\">Nudibranchia<\/a><\/td><\/tr><tr><th>Suborder<\/th><td><a target=\"_blank\" href=\"https:\/\/www.marinespecies.org\/aphia.php?p=taxdetails&id=827889\">Cladobranchia<\/a><\/td><\/tr><tr><th>Superfamily<\/th><td><a target=\"_blank\" href=\"https:\/\/www.marinespecies.org\/aphia.php?p=taxdetails&id=182\">Dendronotoidea<\/a><\/td><\/tr><tr><th>Family<\/th><td><a target=\"_blank\" href=\"https:\/\/www.marinespecies.org\/aphia.php?p=taxdetails&id=187\">Dotidae<\/a><\/td><\/tr><tr><th>Genus<\/th><td><a target=\"_blank\" href=\"https:\/\/www.marinespecies.org\/aphia.php?p=taxdetails&id=137916\"><em>Doto<\/em><\/a><\/td><\/tr><tr><th>Species<\/th><td><a target=\"_blank\" href=\"https:\/\/www.marinespecies.org\/aphia.php?p=taxdetails&id=139631\"><em>Doto coronata<\/em> (Gmelin, 1791)<\/a><\/td><\/tr><\/table><p class=\"footer\">Classificaci\u00f3 proporcionada pel World Register of Marine Species (WoRMS). [<a target=\"_blank\" href=\"https:\/\/www.marinespecies.org\/aphia.php?p=taxdetails&id=139631\">139631<\/a>]<\/p><\/div><strong>Sin\u00f2nims<\/strong><\/p>\n<ul>\n<li><strong><span id=\"aphia_ct_tu_597736\"><i>Doris coronata<\/i> Gmelin, 1791 (original)<\/span><\/strong><\/li>\n<li><span id=\"aphia_ct_tu_153348\"><i>Doto costae<\/i> Trinchese, 1881\u00a0<\/span><\/li>\n<li><span id=\"aphia_ct_tu_748522\"><i>Doto splendida<\/i> Trinchese, 1881<\/span><\/li>\n<\/ul>\n<p><b>Descripci\u00f3<\/b><br \/>\nAquesta esp\u00e8cie pot arribar als 10 mm de longitud i t\u00e9 el cos semitransparent amb les v\u00edsceres blanquinoses o de color crema. El m\u00e9s caracter\u00edstic s\u00f3n les taques de color carm\u00ed o marr\u00f3 que esquitxen el dors de l&#8217;animal, el cap, la beina rinof\u00f2rica, els costats del cos i els cerata. El cap t\u00e9 l\u00f2buls cef\u00e0lics laterals ben desenvolupats. La beina rinof\u00f2rica t\u00e9 diverses taques carm\u00ed o marr\u00f3 en la seva cara interna. Els rin\u00f2fors s\u00f3n llisos, semitransparents i amb granulacions blanques prop de l&#8217;\u00e0pex. En els exemplars de major talla pot haver-hi fins a 7 cerata a cada costat del cos i els m\u00e9s grans poden tenir 4-5 cercles de tubercles; aquests s\u00f3n arrodonits i poc sortints i en cadascun d&#8217;ells hi ha una taca arrodonida carm\u00ed o marr\u00f3 fosc en l&#8217;\u00e0pex i una altra allargada i molt aparent en la cara interna de la base del cerata. Solen haver-hi tamb\u00e9 granulacions blanquinoses i altres petites taques carm\u00ed o marr\u00f3 en els tubercles ceratals. El tubercle apical est\u00e0 poc desenvolupat i \u00e9s arrodonit. La gl\u00e0ndula digestiva dins del cerata \u00e9s de color crem\u00f3s. No hi ha pseudobr\u00e0nquies desenvolupades. Els orificis genitals poden estar pigmentats de vermell.<\/p>\n<p><b>Biologia<\/b><br \/>\n<i>D. coronata<\/i> \u00e9s una esp\u00e8cie que s&#8217;ha citat vivint sobre multitud de substrats, tant de hidrozous tecats com <i>Abietinaria abietina, Aglaophenia ploma, Nemertesia (=Antenularia) ssp., Rhizocaulus (=Campanularia) vercicillatus, Diphasia ssp., Dynamena pumila, Halecium ssp., Hydrallmania falcata, Kirchenpaueria ssp., Lafoea ssp., Laomedea ssp., Obelia ssp., Plumularia ssp., Sertularia ssp., Sertularella polyzonias, Thuiaria ssp<\/i>., hidrozous atecats (<i>Bougainvillia ramosa, Clava multicornis, Coryne muscoides, Eudendrium ssp., Hydractinia echinata, Tubularia ssp.<\/i>) i fins i tot briozous (<i>Alcyonidium<\/i>). No obstant es sospita que possiblement s&#8217;ha conf\u00f3s amb altres esp\u00e8cies semblants i poc conegudes fins a la publicaci\u00f3 del treball de Lemche (1976) en el qual es descrivien diverses noves esp\u00e8cies i que, per tant, el seu espectre de substrats i d&#8217;aliment sigui molt m\u00e9s redu\u00eft. <i>Doto coronata<\/i> pot estar parasitat per cop\u00e8podes ectopar\u00e0sits com <i>Doridicola agilis<\/i> i <i>Splanchnotrophus brevipes<\/i> o endopar\u00e0sits com <i>Lomanoticola brevipes<\/i>.<\/p>\n<p><strong>Etimologia<\/strong><\/p>\n<ul>\n<li><em>Doto<\/em>, del Llat\u00ed <em>Doto<\/em>, una nimfa marina, from Greek <em>D\u014dt\u014d<\/em><\/li>\n<li><em>Coronata<\/em>, del Llat\u00ed <em>coronatus<\/em>, coronat, encerclat, circumvalat, embolicat.<\/li>\n<\/ul>\n<p><strong>Distribuci\u00f3<\/strong><br \/>\nEsp\u00e8cie molt \u00e0mpliament repartida per totes la costes atl\u00e0ntiques del nord d&#8217;Europa (illes Brit\u00e0niques, Irlanda, B\u00e8lgica, Holanda, costa francesa), la Pen\u00ednsula Ib\u00e8rica (costa Cant\u00e0brica, Gal\u00edcia, Portugal, zona de l&#8217;Estret de Gibraltar, costa Llevantina i Catalunya) i el Mediterrani (mars Egeu i Adri\u00e0tic, costes de l&#8217;antiga Iugosl\u00e0via, golf de N\u00e0pols i el Mediterrani franc\u00e8s). En les costes catalanes ha estat citada a L\u00b4Escala, Begur i Tossa de Mar. Hi ha tamb\u00e9 cites d&#8217;aquesta esp\u00e8cie a la costa atl\u00e0ntica nord-americana i a Sud-\u00e0frica, que haurien de ser confirmades. <div id=\"flxmap-6a999101d137e\" class='flxmap-container' data-flxmap='flxmap_6a999101d137e' style=\"width:100%;height:400px;\"><\/div>\n<script data-noptimize=\"1\">\n\/* <![CDATA[ *\/\n(function(w, fn) {\n if (w.addEventListener) w.addEventListener(\"DOMContentLoaded\", fn, false);\n else if (w.attachEvent) w.attachEvent(\"onload\", fn);\n})(window, function() {\n var f = new FlexibleMap();\n f.panControl = true;\n f.mapTypeId = \"satellite\";\n f.setlocale(\"ca-ES\");\n f.kmlcache = \"5 minutes\";\n f.showKML(\"flxmap-6a999101d137e\", \"https:\/\/opistobranquis.info\/wp-content\/uploads\/kms\/667.kmz\");\n window.flxmap_6a999101d137e = f;\n});\n\/* ]]> *\/\n<\/script>\n<div style=\"width:100%;text-align:center;margin:12px 0 4px 0;\">\n  <div style=\"font-size:8pt;margin-bottom:6px;\">Cites georeferenciades conegudes de l'esp\u00e8cie: <em>Doto coronata<\/em><\/div>\n  <table style=\"margin:0 auto;border-collapse:collapse;font-size:8pt;\">\n    <tr><td colspan=\"2\" style=\"text-align:left;padding-bottom:4px;\"><strong>Fonts:<\/strong><\/td><\/tr>\n    <tr>\n      <td style=\"vertical-align:top;padding-right:40px;\">\n        <table style=\"border-collapse:collapse;\">\n<tr><td style='padding:1px 6px 1px 0;vertical-align:middle'><img data-recalc-dims=\"1\" src=\"https:\/\/i0.wp.com\/opistobranquis.info\/wp-content\/uploads\/kms\/wht-circle-lv.png?w=900&#038;ssl=1\" style='display:block'><\/td><td style='padding:1px 0;vertical-align:middle;white-space:nowrap'>OBIS<\/td><\/tr><tr><td style='padding:1px 6px 1px 0;vertical-align:middle'><img data-recalc-dims=\"1\" src=\"https:\/\/i0.wp.com\/opistobranquis.info\/wp-content\/uploads\/kms\/ylw-circle-lv.png?w=900&#038;ssl=1\" style='display:block'><\/td><td style='padding:1px 0;vertical-align:middle;white-space:nowrap'>GROC 2010-2011<\/td><\/tr><tr><td style='padding:1px 6px 1px 0;vertical-align:middle'><img data-recalc-dims=\"1\" src=\"https:\/\/i0.wp.com\/opistobranquis.info\/wp-content\/uploads\/kms\/grn-circle-lv.png?w=900&#038;ssl=1\" style='display:block'><\/td><td style='padding:1px 0;vertical-align:middle;white-space:nowrap'>Enric Madrenas<\/td><\/tr><tr><td style='padding:1px 6px 1px 0;vertical-align:middle'><img data-recalc-dims=\"1\" src=\"https:\/\/i0.wp.com\/opistobranquis.info\/wp-content\/uploads\/kms\/orange-circle-lv.png?w=900&#038;ssl=1\" style='display:block'><\/td><td style='padding:1px 0;vertical-align:middle;white-space:nowrap'>Jo\u00e3o Pedro Silva<\/td><\/tr><tr><td style='padding:1px 6px 1px 0;vertical-align:middle'><img data-recalc-dims=\"1\" src=\"https:\/\/i0.wp.com\/opistobranquis.info\/wp-content\/uploads\/kms\/pink-circle-lv.png?w=900&#038;ssl=1\" style='display:block'><\/td><td style='padding:1px 0;vertical-align:middle;white-space:nowrap'>Bernard Picton<\/td><\/tr><tr><td style='padding:1px 6px 1px 0;vertical-align:middle'><img data-recalc-dims=\"1\" src=\"https:\/\/i0.wp.com\/opistobranquis.info\/wp-content\/uploads\/kms\/blk-circle-lv.png?w=900&#038;ssl=1\" style='display:block'><\/td><td style='padding:1px 0;vertical-align:middle;white-space:nowrap'>GBIF<\/td><\/tr>        <\/table>\n      <\/td>\n      <td style=\"vertical-align:top;\">\n        <table style=\"border-collapse:collapse;\">\n<tr><td style='padding:1px 6px 1px 0;vertical-align:middle'><img data-recalc-dims=\"1\" src=\"https:\/\/i0.wp.com\/opistobranquis.info\/wp-content\/uploads\/kms\/purple-circle-lv.png?w=900&#038;ssl=1\" style='display:block'><\/td><td style='padding:1px 0;vertical-align:middle;white-space:nowrap'>OPK<\/td><\/tr><tr><td style='padding:1px 6px 1px 0;vertical-align:middle'><img data-recalc-dims=\"1\" src=\"https:\/\/i0.wp.com\/opistobranquis.info\/wp-content\/uploads\/kms\/red-circle-lv.png?w=900&#038;ssl=1\" style='display:block'><\/td><td style='padding:1px 0;vertical-align:middle;white-space:nowrap'>VIMAR<\/td><\/tr><tr><td style='padding:1px 6px 1px 0;vertical-align:middle'><img data-recalc-dims=\"1\" src=\"https:\/\/i0.wp.com\/opistobranquis.info\/wp-content\/uploads\/kms\/blu-circle-lv.png?w=900&#038;ssl=1\" style='display:block'><\/td><td style='padding:1px 0;vertical-align:middle;white-space:nowrap'>Manuel Ballesteros<\/td><\/tr><tr><td style='padding:1px 6px 1px 0;vertical-align:middle'><img data-recalc-dims=\"1\" src=\"https:\/\/i0.wp.com\/opistobranquis.info\/wp-content\/uploads\/kms\/cyan-circle-lv.png?w=900&#038;ssl=1\" style='display:block'><\/td><td style='padding:1px 0;vertical-align:middle;white-space:nowrap'>M@re Nostrum<\/td><\/tr><tr><td style='padding:1px 6px 1px 0;vertical-align:middle'><img data-recalc-dims=\"1\" src=\"https:\/\/i0.wp.com\/opistobranquis.info\/wp-content\/uploads\/kms\/grey-circle-lv.png?w=900&#038;ssl=1\" style='display:block'><\/td><td style='padding:1px 0;vertical-align:middle;white-space:nowrap'>Altres fonts<\/td><\/tr><tr><td style='padding:1px 6px 1px 0;vertical-align:middle'><img data-recalc-dims=\"1\" src=\"https:\/\/i0.wp.com\/opistobranquis.info\/wp-content\/uploads\/kms\/marreg.png?w=900&#038;ssl=1\" style='display:block'><\/td><td style='padding:1px 0;vertical-align:middle;white-space:nowrap'>Marine Regions<\/td><\/tr>        <\/table>\n      <\/td>\n    <\/tr>\n  <\/table>\n<\/div>\n<\/p>\n<p><strong>Esp\u00e8cies semblants<br \/>\n<\/strong>Es sospita que <em>Doto coronata<\/em> no \u00e9s una esp\u00e8cie, sin\u00f3 un complex d\u2019esp\u00e8cies semblants i poc conegudes que, de moment no es poden diferenciar.<\/p>\n<p><strong>Error:<\/strong> Chart.js no est\u00e1 disponible.<\/p>\n<p><strong>Videos<\/strong><\/p>\n<p><iframe loading=\"lazy\" title=\"Doto coronata\" width=\"900\" height=\"506\" src=\"https:\/\/www.youtube.com\/embed\/xmGtbOY3Zgs?feature=oembed\" frameborder=\"0\" allow=\"accelerometer; autoplay; clipboard-write; encrypted-media; gyroscope; picture-in-picture\" allowfullscreen><\/iframe><\/p>\n<p>&nbsp;<\/p>\n<p><strong>Altres fotos<\/strong><br \/>\n<div class=\"tiled-gallery type-rectangular tiled-gallery-unresized\" data-original-width=\"900\" data-carousel-extra='{&quot;blog_id&quot;:1,&quot;permalink&quot;:&quot;https:\\\/\\\/opistobranquis.info\\\/ca\\\/guia\\\/nudibranchia\\\/cladobranchia\\\/dendronotoidea\\\/doto-coronata\\\/&quot;,&quot;likes_blog_id&quot;:44192421}' itemscope itemtype=\"http:\/\/schema.org\/ImageGallery\" > <div class=\"gallery-row\" style=\"width: 900px; height: 318px;\" data-original-width=\"900\" data-original-height=\"318\" > <div class=\"gallery-group images-1\" style=\"width: 215px; height: 318px;\" data-original-width=\"215\" data-original-height=\"318\" > <div class=\"tiled-gallery-item tiled-gallery-item-small\" itemprop=\"associatedMedia\" itemscope itemtype=\"http:\/\/schema.org\/ImageObject\"> <a href=\"https:\/\/opistobranquis.info\/ca\/guia\/nudibranchia\/cladobranchia\/dendronotoidea\/doto-coronata\/doto-coronata-02\/\" border=\"0\" itemprop=\"url\"> <meta itemprop=\"width\" content=\"211\"> <meta itemprop=\"height\" content=\"314\"> <img decoding=\"async\" class=\"\" data-attachment-id=\"4385\" data-orig-file=\"https:\/\/opistobranquis.info\/wp-content\/uploads\/2012\/12\/doto-coronata-02.jpg\" data-orig-size=\"327,486\" data-comments-opened=\"\" data-image-title=\"Doto coronata by Enric Madrenas\" data-image-description=\"&lt;p&gt;Doto coronata by Enric Madrenas&lt;\/p&gt; \" data-medium-file=\"https:\/\/i0.wp.com\/opistobranquis.info\/wp-content\/uploads\/2012\/12\/doto-coronata-02.jpg?fit=201%2C300&#038;ssl=1\" data-large-file=\"https:\/\/i0.wp.com\/opistobranquis.info\/wp-content\/uploads\/2012\/12\/doto-coronata-02.jpg?fit=327%2C486&#038;ssl=1\" src=\"https:\/\/i0.wp.com\/opistobranquis.info\/wp-content\/uploads\/2012\/12\/doto-coronata-02.jpg?w=211&#038;h=314&#038;ssl=1\" srcset=\"https:\/\/i0.wp.com\/opistobranquis.info\/wp-content\/uploads\/2012\/12\/doto-coronata-02.jpg?w=327&amp;ssl=1 327w, https:\/\/i0.wp.com\/opistobranquis.info\/wp-content\/uploads\/2012\/12\/doto-coronata-02.jpg?resize=201%2C300&amp;ssl=1 201w\" width=\"211\" height=\"314\" loading=\"lazy\" data-original-width=\"211\" data-original-height=\"314\" itemprop=\"http:\/\/schema.org\/image\" title=\"Doto coronata by Enric Madrenas\" alt=\"Doto coronata by Enric Madrenas\" style=\"width: 211px; height: 314px;\" \/> <\/a> <div class=\"tiled-gallery-caption\" itemprop=\"caption description\"> Doto coronata by Enric Madrenas <\/div> <\/div> <\/div> <!-- close group --> <div class=\"gallery-group images-1\" style=\"width: 470px; height: 318px;\" data-original-width=\"470\" data-original-height=\"318\" > <div class=\"tiled-gallery-item tiled-gallery-item-large\" itemprop=\"associatedMedia\" itemscope itemtype=\"http:\/\/schema.org\/ImageObject\"> <a href=\"https:\/\/opistobranquis.info\/ca\/guia\/nudibranchia\/cladobranchia\/dendronotoidea\/doto-coronata\/doto-coronata-03\/\" border=\"0\" itemprop=\"url\"> <meta itemprop=\"width\" content=\"466\"> <meta itemprop=\"height\" content=\"314\"> <img decoding=\"async\" class=\"\" data-attachment-id=\"4386\" data-orig-file=\"https:\/\/opistobranquis.info\/wp-content\/uploads\/2012\/12\/doto-coronata-03.jpg\" data-orig-size=\"646,435\" data-comments-opened=\"\" data-image-title=\"Doto coronata by Enric Madrenas\" data-image-description=\"&lt;p&gt;Doto coronata by Enric Madrenas&lt;\/p&gt; \" data-medium-file=\"https:\/\/i0.wp.com\/opistobranquis.info\/wp-content\/uploads\/2012\/12\/doto-coronata-03.jpg?fit=300%2C202&#038;ssl=1\" data-large-file=\"https:\/\/i0.wp.com\/opistobranquis.info\/wp-content\/uploads\/2012\/12\/doto-coronata-03.jpg?fit=646%2C435&#038;ssl=1\" src=\"https:\/\/i0.wp.com\/opistobranquis.info\/wp-content\/uploads\/2012\/12\/doto-coronata-03.jpg?w=466&#038;h=314&#038;ssl=1\" srcset=\"https:\/\/i0.wp.com\/opistobranquis.info\/wp-content\/uploads\/2012\/12\/doto-coronata-03.jpg?w=646&amp;ssl=1 646w, https:\/\/i0.wp.com\/opistobranquis.info\/wp-content\/uploads\/2012\/12\/doto-coronata-03.jpg?resize=300%2C202&amp;ssl=1 300w\" width=\"466\" height=\"314\" loading=\"lazy\" data-original-width=\"466\" data-original-height=\"314\" itemprop=\"http:\/\/schema.org\/image\" title=\"Doto coronata by Enric Madrenas\" alt=\"Doto coronata by Enric Madrenas\" style=\"width: 466px; height: 314px;\" \/> <\/a> <div class=\"tiled-gallery-caption\" itemprop=\"caption description\"> Doto coronata by Enric Madrenas <\/div> <\/div> <\/div> <!-- close group --> <div class=\"gallery-group images-1\" style=\"width: 215px; height: 318px;\" data-original-width=\"215\" data-original-height=\"318\" > <div class=\"tiled-gallery-item tiled-gallery-item-small\" itemprop=\"associatedMedia\" itemscope itemtype=\"http:\/\/schema.org\/ImageObject\"> <a href=\"https:\/\/opistobranquis.info\/ca\/guia\/nudibranchia\/cladobranchia\/dendronotoidea\/doto-coronata\/doto-coronata-04\/\" border=\"0\" itemprop=\"url\"> <meta itemprop=\"width\" content=\"211\"> <meta itemprop=\"height\" content=\"314\"> <img decoding=\"async\" class=\"\" data-attachment-id=\"4387\" data-orig-file=\"https:\/\/opistobranquis.info\/wp-content\/uploads\/2012\/12\/doto-coronata-04.jpg\" data-orig-size=\"327,486\" data-comments-opened=\"\" data-image-title=\"Doto coronata by Enric Madrenas\" data-image-description=\"&lt;p&gt;Doto coronata by Enric Madrenas&lt;\/p&gt; \" data-medium-file=\"https:\/\/i0.wp.com\/opistobranquis.info\/wp-content\/uploads\/2012\/12\/doto-coronata-04.jpg?fit=201%2C300&#038;ssl=1\" data-large-file=\"https:\/\/i0.wp.com\/opistobranquis.info\/wp-content\/uploads\/2012\/12\/doto-coronata-04.jpg?fit=327%2C486&#038;ssl=1\" src=\"https:\/\/i0.wp.com\/opistobranquis.info\/wp-content\/uploads\/2012\/12\/doto-coronata-04.jpg?w=211&#038;h=314&#038;ssl=1\" srcset=\"https:\/\/i0.wp.com\/opistobranquis.info\/wp-content\/uploads\/2012\/12\/doto-coronata-04.jpg?w=327&amp;ssl=1 327w, https:\/\/i0.wp.com\/opistobranquis.info\/wp-content\/uploads\/2012\/12\/doto-coronata-04.jpg?resize=201%2C300&amp;ssl=1 201w\" width=\"211\" height=\"314\" loading=\"lazy\" data-original-width=\"211\" data-original-height=\"314\" itemprop=\"http:\/\/schema.org\/image\" title=\"Doto coronata by Enric Madrenas\" alt=\"Doto coronata by Enric Madrenas\" style=\"width: 211px; height: 314px;\" \/> <\/a> <div class=\"tiled-gallery-caption\" itemprop=\"caption description\"> Doto coronata by Enric Madrenas <\/div> <\/div> <\/div> <!-- close group --> <\/div> <!-- close row --> <div class=\"gallery-row\" style=\"width: 900px; height: 417px;\" data-original-width=\"900\" data-original-height=\"417\" > <div class=\"gallery-group images-1\" style=\"width: 618px; height: 417px;\" data-original-width=\"618\" data-original-height=\"417\" > <div class=\"tiled-gallery-item tiled-gallery-item-large\" itemprop=\"associatedMedia\" itemscope itemtype=\"http:\/\/schema.org\/ImageObject\"> <a href=\"https:\/\/opistobranquis.info\/ca\/guia\/nudibranchia\/cladobranchia\/dendronotoidea\/doto-coronata\/doto-coronata-07\/\" border=\"0\" itemprop=\"url\"> <meta itemprop=\"width\" content=\"614\"> <meta itemprop=\"height\" content=\"413\"> <img decoding=\"async\" class=\"\" data-attachment-id=\"4388\" data-orig-file=\"https:\/\/opistobranquis.info\/wp-content\/uploads\/2012\/12\/doto-coronata-07.jpg\" data-orig-size=\"646,435\" data-comments-opened=\"\" data-image-title=\"Doto coronata by Enric Madrenas\" data-image-description=\"&lt;p&gt;Doto coronata by Enric Madrenas&lt;\/p&gt; \" data-medium-file=\"https:\/\/i0.wp.com\/opistobranquis.info\/wp-content\/uploads\/2012\/12\/doto-coronata-07.jpg?fit=300%2C202&#038;ssl=1\" data-large-file=\"https:\/\/i0.wp.com\/opistobranquis.info\/wp-content\/uploads\/2012\/12\/doto-coronata-07.jpg?fit=646%2C435&#038;ssl=1\" src=\"https:\/\/i0.wp.com\/opistobranquis.info\/wp-content\/uploads\/2012\/12\/doto-coronata-07.jpg?w=614&#038;h=413&#038;ssl=1\" srcset=\"https:\/\/i0.wp.com\/opistobranquis.info\/wp-content\/uploads\/2012\/12\/doto-coronata-07.jpg?w=646&amp;ssl=1 646w, https:\/\/i0.wp.com\/opistobranquis.info\/wp-content\/uploads\/2012\/12\/doto-coronata-07.jpg?resize=300%2C202&amp;ssl=1 300w\" width=\"614\" height=\"413\" loading=\"lazy\" data-original-width=\"614\" data-original-height=\"413\" itemprop=\"http:\/\/schema.org\/image\" title=\"Doto coronata by Enric Madrenas\" alt=\"Doto coronata by Enric Madrenas\" style=\"width: 614px; height: 413px;\" \/> <\/a> <div class=\"tiled-gallery-caption\" itemprop=\"caption description\"> Doto coronata by Enric Madrenas <\/div> <\/div> <\/div> <!-- close group --> <div class=\"gallery-group images-1\" style=\"width: 282px; height: 417px;\" data-original-width=\"282\" data-original-height=\"417\" > <div class=\"tiled-gallery-item tiled-gallery-item-large\" itemprop=\"associatedMedia\" itemscope itemtype=\"http:\/\/schema.org\/ImageObject\"> <a href=\"https:\/\/opistobranquis.info\/ca\/guia\/nudibranchia\/cladobranchia\/dendronotoidea\/doto-coronata\/doto-coronata-09\/\" border=\"0\" itemprop=\"url\"> <meta itemprop=\"width\" content=\"278\"> <meta itemprop=\"height\" content=\"413\"> <img decoding=\"async\" class=\"\" data-attachment-id=\"4389\" data-orig-file=\"https:\/\/opistobranquis.info\/wp-content\/uploads\/2012\/12\/doto-coronata-09.jpg\" data-orig-size=\"327,486\" data-comments-opened=\"\" data-image-title=\"Doto coronata by Enric Madrenas\" data-image-description=\"&lt;p&gt;Doto coronata by Enric Madrenas&lt;\/p&gt; \" data-medium-file=\"https:\/\/i0.wp.com\/opistobranquis.info\/wp-content\/uploads\/2012\/12\/doto-coronata-09.jpg?fit=201%2C300&#038;ssl=1\" data-large-file=\"https:\/\/i0.wp.com\/opistobranquis.info\/wp-content\/uploads\/2012\/12\/doto-coronata-09.jpg?fit=327%2C486&#038;ssl=1\" src=\"https:\/\/i0.wp.com\/opistobranquis.info\/wp-content\/uploads\/2012\/12\/doto-coronata-09.jpg?w=278&#038;h=413&#038;ssl=1\" srcset=\"https:\/\/i0.wp.com\/opistobranquis.info\/wp-content\/uploads\/2012\/12\/doto-coronata-09.jpg?w=327&amp;ssl=1 327w, https:\/\/i0.wp.com\/opistobranquis.info\/wp-content\/uploads\/2012\/12\/doto-coronata-09.jpg?resize=201%2C300&amp;ssl=1 201w\" width=\"278\" height=\"413\" loading=\"lazy\" data-original-width=\"278\" data-original-height=\"413\" itemprop=\"http:\/\/schema.org\/image\" title=\"Doto coronata by Enric Madrenas\" alt=\"Doto coronata by Enric Madrenas\" style=\"width: 278px; height: 413px;\" \/> <\/a> <div class=\"tiled-gallery-caption\" itemprop=\"caption description\"> Doto coronata by Enric Madrenas <\/div> <\/div> <\/div> <!-- close group --> <\/div> <!-- close row --> <div class=\"gallery-row\" style=\"width: 900px; height: 770px;\" data-original-width=\"900\" data-original-height=\"770\" > <div class=\"gallery-group images-3\" style=\"width: 380px; height: 770px;\" data-original-width=\"380\" data-original-height=\"770\" > <div class=\"tiled-gallery-item tiled-gallery-item-large\" itemprop=\"associatedMedia\" itemscope itemtype=\"http:\/\/schema.org\/ImageObject\"> <a href=\"https:\/\/opistobranquis.info\/ca\/guia\/nudibranchia\/cladobranchia\/dendronotoidea\/doto-coronata\/doto-coronata-11\/\" border=\"0\" itemprop=\"url\"> <meta itemprop=\"width\" content=\"376\"> <meta itemprop=\"height\" content=\"253\"> <img decoding=\"async\" class=\"\" data-attachment-id=\"4390\" data-orig-file=\"https:\/\/opistobranquis.info\/wp-content\/uploads\/2012\/12\/doto-coronata-11.jpg\" data-orig-size=\"646,434\" data-comments-opened=\"\" data-image-title=\"Doto coronata by Enric Madrenas\" data-image-description=\"&lt;p&gt;Doto coronata by Enric Madrenas&lt;\/p&gt; \" data-medium-file=\"https:\/\/i0.wp.com\/opistobranquis.info\/wp-content\/uploads\/2012\/12\/doto-coronata-11.jpg?fit=300%2C201&#038;ssl=1\" data-large-file=\"https:\/\/i0.wp.com\/opistobranquis.info\/wp-content\/uploads\/2012\/12\/doto-coronata-11.jpg?fit=646%2C434&#038;ssl=1\" src=\"https:\/\/i0.wp.com\/opistobranquis.info\/wp-content\/uploads\/2012\/12\/doto-coronata-11.jpg?w=376&#038;h=253&#038;ssl=1\" srcset=\"https:\/\/i0.wp.com\/opistobranquis.info\/wp-content\/uploads\/2012\/12\/doto-coronata-11.jpg?w=646&amp;ssl=1 646w, https:\/\/i0.wp.com\/opistobranquis.info\/wp-content\/uploads\/2012\/12\/doto-coronata-11.jpg?resize=300%2C201&amp;ssl=1 300w\" width=\"376\" height=\"253\" loading=\"lazy\" data-original-width=\"376\" data-original-height=\"253\" itemprop=\"http:\/\/schema.org\/image\" title=\"Doto coronata by Enric Madrenas\" alt=\"Doto coronata by Enric Madrenas\" style=\"width: 376px; height: 253px;\" \/> <\/a> <div class=\"tiled-gallery-caption\" itemprop=\"caption description\"> Doto coronata by Enric Madrenas <\/div> <\/div> <div class=\"tiled-gallery-item tiled-gallery-item-large\" itemprop=\"associatedMedia\" itemscope itemtype=\"http:\/\/schema.org\/ImageObject\"> <a href=\"https:\/\/opistobranquis.info\/ca\/guia\/nudibranchia\/cladobranchia\/dendronotoidea\/doto-coronata\/doto-coronata-13\/\" border=\"0\" itemprop=\"url\"> <meta itemprop=\"width\" content=\"376\"> <meta itemprop=\"height\" content=\"253\"> <img decoding=\"async\" class=\"\" data-attachment-id=\"4391\" data-orig-file=\"https:\/\/opistobranquis.info\/wp-content\/uploads\/2012\/12\/doto-coronata-13.jpg\" data-orig-size=\"646,434\" data-comments-opened=\"\" data-image-title=\"Doto coronata by Enric Madrenas\" data-image-description=\"&lt;p&gt;Doto coronata by Enric Madrenas&lt;\/p&gt; \" data-medium-file=\"https:\/\/i0.wp.com\/opistobranquis.info\/wp-content\/uploads\/2012\/12\/doto-coronata-13.jpg?fit=300%2C201&#038;ssl=1\" data-large-file=\"https:\/\/i0.wp.com\/opistobranquis.info\/wp-content\/uploads\/2012\/12\/doto-coronata-13.jpg?fit=646%2C434&#038;ssl=1\" src=\"https:\/\/i0.wp.com\/opistobranquis.info\/wp-content\/uploads\/2012\/12\/doto-coronata-13.jpg?w=376&#038;h=253&#038;ssl=1\" srcset=\"https:\/\/i0.wp.com\/opistobranquis.info\/wp-content\/uploads\/2012\/12\/doto-coronata-13.jpg?w=646&amp;ssl=1 646w, https:\/\/i0.wp.com\/opistobranquis.info\/wp-content\/uploads\/2012\/12\/doto-coronata-13.jpg?resize=300%2C201&amp;ssl=1 300w\" width=\"376\" height=\"253\" loading=\"lazy\" data-original-width=\"376\" data-original-height=\"253\" itemprop=\"http:\/\/schema.org\/image\" title=\"Doto coronata by Enric Madrenas\" alt=\"Doto coronata by Enric Madrenas\" style=\"width: 376px; height: 253px;\" \/> <\/a> <div class=\"tiled-gallery-caption\" itemprop=\"caption description\"> Doto coronata by Enric Madrenas <\/div> <\/div> <div class=\"tiled-gallery-item tiled-gallery-item-large\" itemprop=\"associatedMedia\" itemscope itemtype=\"http:\/\/schema.org\/ImageObject\"> <a href=\"https:\/\/opistobranquis.info\/ca\/guia\/nudibranchia\/cladobranchia\/dendronotoidea\/doto-coronata\/doto-coronata-21\/\" border=\"0\" itemprop=\"url\"> <meta itemprop=\"width\" content=\"376\"> <meta itemprop=\"height\" content=\"252\"> <img decoding=\"async\" class=\"\" data-attachment-id=\"4392\" data-orig-file=\"https:\/\/opistobranquis.info\/wp-content\/uploads\/2012\/12\/doto-coronata-21.jpg\" data-orig-size=\"646,434\" data-comments-opened=\"\" data-image-title=\"Doto coronata by Enric Madrenas\" data-image-description=\"&lt;p&gt;Doto coronata by Enric Madrenas&lt;\/p&gt; \" data-medium-file=\"https:\/\/i0.wp.com\/opistobranquis.info\/wp-content\/uploads\/2012\/12\/doto-coronata-21.jpg?fit=300%2C201&#038;ssl=1\" data-large-file=\"https:\/\/i0.wp.com\/opistobranquis.info\/wp-content\/uploads\/2012\/12\/doto-coronata-21.jpg?fit=646%2C434&#038;ssl=1\" src=\"https:\/\/i0.wp.com\/opistobranquis.info\/wp-content\/uploads\/2012\/12\/doto-coronata-21.jpg?w=376&#038;h=252&#038;ssl=1\" srcset=\"https:\/\/i0.wp.com\/opistobranquis.info\/wp-content\/uploads\/2012\/12\/doto-coronata-21.jpg?w=646&amp;ssl=1 646w, https:\/\/i0.wp.com\/opistobranquis.info\/wp-content\/uploads\/2012\/12\/doto-coronata-21.jpg?resize=300%2C201&amp;ssl=1 300w\" width=\"376\" height=\"252\" loading=\"lazy\" data-original-width=\"376\" data-original-height=\"252\" itemprop=\"http:\/\/schema.org\/image\" title=\"Doto coronata by Enric Madrenas\" alt=\"Doto coronata by Enric Madrenas\" style=\"width: 376px; height: 252px;\" \/> <\/a> <div class=\"tiled-gallery-caption\" itemprop=\"caption description\"> Doto coronata by Enric Madrenas <\/div> <\/div> <\/div> <!-- close group --> <div class=\"gallery-group images-1\" style=\"width: 520px; height: 770px;\" data-original-width=\"520\" data-original-height=\"770\" > <div class=\"tiled-gallery-item tiled-gallery-item-large\" itemprop=\"associatedMedia\" itemscope itemtype=\"http:\/\/schema.org\/ImageObject\"> <a href=\"https:\/\/opistobranquis.info\/ca\/guia\/nudibranchia\/cladobranchia\/dendronotoidea\/doto-coronata\/doto-coronata-23\/\" border=\"0\" itemprop=\"url\"> <meta itemprop=\"width\" content=\"516\"> <meta itemprop=\"height\" content=\"766\"> <img decoding=\"async\" class=\"\" data-attachment-id=\"4393\" data-orig-file=\"https:\/\/opistobranquis.info\/wp-content\/uploads\/2012\/12\/doto-coronata-23.jpg\" data-orig-size=\"327,486\" data-comments-opened=\"\" data-image-title=\"Doto coronata by Enric Madrenas\" data-image-description=\"&lt;p&gt;Doto coronata by Enric Madrenas&lt;\/p&gt; \" data-medium-file=\"https:\/\/i0.wp.com\/opistobranquis.info\/wp-content\/uploads\/2012\/12\/doto-coronata-23.jpg?fit=201%2C300&#038;ssl=1\" data-large-file=\"https:\/\/i0.wp.com\/opistobranquis.info\/wp-content\/uploads\/2012\/12\/doto-coronata-23.jpg?fit=327%2C486&#038;ssl=1\" src=\"https:\/\/i0.wp.com\/opistobranquis.info\/wp-content\/uploads\/2012\/12\/doto-coronata-23.jpg?w=516&#038;h=766&#038;ssl=1\" width=\"516\" height=\"766\" loading=\"lazy\" data-original-width=\"516\" data-original-height=\"766\" itemprop=\"http:\/\/schema.org\/image\" title=\"Doto coronata by Enric Madrenas\" alt=\"Doto coronata by Enric Madrenas\" style=\"width: 516px; height: 766px;\" \/> <\/a> <div class=\"tiled-gallery-caption\" itemprop=\"caption description\"> Doto coronata by Enric Madrenas <\/div> <\/div> <\/div> <!-- close group --> <\/div> <!-- close row --> <div class=\"gallery-row\" style=\"width: 900px; height: 417px;\" data-original-width=\"900\" data-original-height=\"417\" > <div class=\"gallery-group images-1\" style=\"width: 618px; height: 417px;\" data-original-width=\"618\" data-original-height=\"417\" > <div class=\"tiled-gallery-item tiled-gallery-item-large\" itemprop=\"associatedMedia\" itemscope itemtype=\"http:\/\/schema.org\/ImageObject\"> <a href=\"https:\/\/opistobranquis.info\/ca\/guia\/nudibranchia\/cladobranchia\/dendronotoidea\/doto-coronata\/doto-coronata-36\/\" border=\"0\" itemprop=\"url\"> <meta itemprop=\"width\" content=\"614\"> <meta itemprop=\"height\" content=\"413\"> <img decoding=\"async\" class=\"\" data-attachment-id=\"4394\" data-orig-file=\"https:\/\/opistobranquis.info\/wp-content\/uploads\/2012\/12\/doto-coronata-36.jpg\" data-orig-size=\"646,434\" data-comments-opened=\"\" data-image-title=\"Doto coronata by Enric Madrenas\" data-image-description=\"&lt;p&gt;Doto coronata by Enric Madrenas&lt;\/p&gt; \" data-medium-file=\"https:\/\/i0.wp.com\/opistobranquis.info\/wp-content\/uploads\/2012\/12\/doto-coronata-36.jpg?fit=300%2C201&#038;ssl=1\" data-large-file=\"https:\/\/i0.wp.com\/opistobranquis.info\/wp-content\/uploads\/2012\/12\/doto-coronata-36.jpg?fit=646%2C434&#038;ssl=1\" src=\"https:\/\/i0.wp.com\/opistobranquis.info\/wp-content\/uploads\/2012\/12\/doto-coronata-36.jpg?w=614&#038;h=413&#038;ssl=1\" srcset=\"https:\/\/i0.wp.com\/opistobranquis.info\/wp-content\/uploads\/2012\/12\/doto-coronata-36.jpg?w=646&amp;ssl=1 646w, https:\/\/i0.wp.com\/opistobranquis.info\/wp-content\/uploads\/2012\/12\/doto-coronata-36.jpg?resize=300%2C201&amp;ssl=1 300w\" width=\"614\" height=\"413\" loading=\"lazy\" data-original-width=\"614\" data-original-height=\"413\" itemprop=\"http:\/\/schema.org\/image\" title=\"Doto coronata by Enric Madrenas\" alt=\"Doto coronata by Enric Madrenas\" style=\"width: 614px; height: 413px;\" \/> <\/a> <div class=\"tiled-gallery-caption\" itemprop=\"caption description\"> Doto coronata by Enric Madrenas <\/div> <\/div> <\/div> <!-- close group --> <div class=\"gallery-group images-1\" style=\"width: 282px; height: 417px;\" data-original-width=\"282\" data-original-height=\"417\" > <div class=\"tiled-gallery-item tiled-gallery-item-large\" itemprop=\"associatedMedia\" itemscope itemtype=\"http:\/\/schema.org\/ImageObject\"> <a href=\"https:\/\/opistobranquis.info\/ca\/guia\/nudibranchia\/cladobranchia\/dendronotoidea\/doto-coronata\/doto-coronata-55\/\" border=\"0\" itemprop=\"url\"> <meta itemprop=\"width\" content=\"278\"> <meta itemprop=\"height\" content=\"413\"> <img decoding=\"async\" class=\"\" data-attachment-id=\"4395\" data-orig-file=\"https:\/\/opistobranquis.info\/wp-content\/uploads\/2012\/12\/doto-coronata-55.jpg\" data-orig-size=\"327,486\" data-comments-opened=\"\" data-image-title=\"Doto coronata by Enric Madrenas\" data-image-description=\"&lt;p&gt;Doto coronata by Enric Madrenas&lt;\/p&gt; \" data-medium-file=\"https:\/\/i0.wp.com\/opistobranquis.info\/wp-content\/uploads\/2012\/12\/doto-coronata-55.jpg?fit=201%2C300&#038;ssl=1\" data-large-file=\"https:\/\/i0.wp.com\/opistobranquis.info\/wp-content\/uploads\/2012\/12\/doto-coronata-55.jpg?fit=327%2C486&#038;ssl=1\" src=\"https:\/\/i0.wp.com\/opistobranquis.info\/wp-content\/uploads\/2012\/12\/doto-coronata-55.jpg?w=278&#038;h=413&#038;ssl=1\" srcset=\"https:\/\/i0.wp.com\/opistobranquis.info\/wp-content\/uploads\/2012\/12\/doto-coronata-55.jpg?w=327&amp;ssl=1 327w, https:\/\/i0.wp.com\/opistobranquis.info\/wp-content\/uploads\/2012\/12\/doto-coronata-55.jpg?resize=201%2C300&amp;ssl=1 201w\" width=\"278\" height=\"413\" loading=\"lazy\" data-original-width=\"278\" data-original-height=\"413\" itemprop=\"http:\/\/schema.org\/image\" title=\"Doto coronata by Enric Madrenas\" alt=\"Doto coronata by Enric Madrenas\" style=\"width: 278px; height: 413px;\" \/> <\/a> <div class=\"tiled-gallery-caption\" itemprop=\"caption description\"> Doto coronata by Enric Madrenas <\/div> <\/div> <\/div> <!-- close group --> <\/div> <!-- close row --> <div class=\"gallery-row\" style=\"width: 900px; height: 434px;\" data-original-width=\"900\" data-original-height=\"434\" > <div class=\"gallery-group images-1\" style=\"width: 577px; height: 434px;\" data-original-width=\"577\" data-original-height=\"434\" > <div class=\"tiled-gallery-item tiled-gallery-item-large\" itemprop=\"associatedMedia\" itemscope itemtype=\"http:\/\/schema.org\/ImageObject\"> <a href=\"https:\/\/opistobranquis.info\/ca\/guia\/nudibranchia\/cladobranchia\/dendronotoidea\/doto-coronata\/doto-coronata-photograph-bernard-picton\/\" border=\"0\" itemprop=\"url\"> <meta itemprop=\"width\" content=\"573\"> <meta itemprop=\"height\" content=\"430\"> <img decoding=\"async\" class=\"\" data-attachment-id=\"16170\" data-orig-file=\"https:\/\/opistobranquis.info\/wp-content\/uploads\/2012\/05\/Doto-coronata-Photograph-\u00a9Bernard-Picton.jpg\" data-orig-size=\"800,600\" data-comments-opened=\"\" data-image-title=\"Doto coronata by Bernard Picton\" data-image-description=\"&lt;p&gt;Doto coronata by Bernard Picton&lt;\/p&gt; \" data-medium-file=\"https:\/\/i0.wp.com\/opistobranquis.info\/wp-content\/uploads\/2012\/05\/Doto-coronata-Photograph-%C2%A9Bernard-Picton.jpg?fit=300%2C225&#038;ssl=1\" data-large-file=\"https:\/\/i0.wp.com\/opistobranquis.info\/wp-content\/uploads\/2012\/05\/Doto-coronata-Photograph-%C2%A9Bernard-Picton.jpg?fit=800%2C600&#038;ssl=1\" src=\"https:\/\/i0.wp.com\/opistobranquis.info\/wp-content\/uploads\/2012\/05\/Doto-coronata-Photograph-%C2%A9Bernard-Picton.jpg?w=573&#038;h=430&#038;ssl=1\" width=\"573\" height=\"430\" loading=\"lazy\" data-original-width=\"573\" data-original-height=\"430\" itemprop=\"http:\/\/schema.org\/image\" title=\"Doto coronata by Bernard Picton\" alt=\"Doto coronata by Bernard Picton\" style=\"width: 573px; height: 430px;\" \/> <\/a> <div class=\"tiled-gallery-caption\" itemprop=\"caption description\"> Doto coronata by Bernard Picton <\/div> <\/div> <\/div> <!-- close group --> <div class=\"gallery-group images-2\" style=\"width: 323px; height: 434px;\" data-original-width=\"323\" data-original-height=\"434\" > <div class=\"tiled-gallery-item tiled-gallery-item-large\" itemprop=\"associatedMedia\" itemscope itemtype=\"http:\/\/schema.org\/ImageObject\"> <a href=\"https:\/\/opistobranquis.info\/ca\/guia\/nudibranchia\/cladobranchia\/dendronotoidea\/doto-coronata\/doto-coronata-by-enric-madrenas-92\/\" border=\"0\" itemprop=\"url\"> <meta itemprop=\"width\" content=\"319\"> <meta itemprop=\"height\" content=\"213\"> <img decoding=\"async\" class=\"\" data-attachment-id=\"18914\" data-orig-file=\"https:\/\/opistobranquis.info\/wp-content\/uploads\/2012\/05\/Doto-coronata-by-Enric-Madrenas-92.jpg\" data-orig-size=\"808,539\" data-comments-opened=\"\" data-image-title=\"Doto coronata by Enric Madrenas\" data-image-description=\"&lt;p&gt;Doto coronata by Enric Madrenas &lt;\/p&gt; \" data-medium-file=\"https:\/\/i0.wp.com\/opistobranquis.info\/wp-content\/uploads\/2012\/05\/Doto-coronata-by-Enric-Madrenas-92.jpg?fit=300%2C200&#038;ssl=1\" data-large-file=\"https:\/\/i0.wp.com\/opistobranquis.info\/wp-content\/uploads\/2012\/05\/Doto-coronata-by-Enric-Madrenas-92.jpg?fit=808%2C539&#038;ssl=1\" src=\"https:\/\/i0.wp.com\/opistobranquis.info\/wp-content\/uploads\/2012\/05\/Doto-coronata-by-Enric-Madrenas-92.jpg?w=319&#038;h=213&#038;ssl=1\" srcset=\"https:\/\/i0.wp.com\/opistobranquis.info\/wp-content\/uploads\/2012\/05\/Doto-coronata-by-Enric-Madrenas-92.jpg?w=808&amp;ssl=1 808w, https:\/\/i0.wp.com\/opistobranquis.info\/wp-content\/uploads\/2012\/05\/Doto-coronata-by-Enric-Madrenas-92.jpg?resize=150%2C100&amp;ssl=1 150w, https:\/\/i0.wp.com\/opistobranquis.info\/wp-content\/uploads\/2012\/05\/Doto-coronata-by-Enric-Madrenas-92.jpg?resize=300%2C200&amp;ssl=1 300w\" width=\"319\" height=\"213\" loading=\"lazy\" data-original-width=\"319\" data-original-height=\"213\" itemprop=\"http:\/\/schema.org\/image\" title=\"Doto coronata by Enric Madrenas\" alt=\"Doto coronata by Enric Madrenas\" style=\"width: 319px; height: 213px;\" \/> <\/a> <div class=\"tiled-gallery-caption\" itemprop=\"caption description\"> Doto coronata by Enric Madrenas <\/div> <\/div> <div class=\"tiled-gallery-item tiled-gallery-item-large\" itemprop=\"associatedMedia\" itemscope itemtype=\"http:\/\/schema.org\/ImageObject\"> <a href=\"https:\/\/opistobranquis.info\/ca\/guia\/nudibranchia\/cladobranchia\/dendronotoidea\/doto-coronata\/doto-coronata-by-jose-carlos-garcia-gomez\/\" border=\"0\" itemprop=\"url\"> <meta itemprop=\"width\" content=\"319\"> <meta itemprop=\"height\" content=\"213\"> <img decoding=\"async\" class=\"\" data-attachment-id=\"36589\" data-orig-file=\"https:\/\/opistobranquis.info\/wp-content\/uploads\/2023\/01\/Doto-coronata-by-Jose-Carlos-Garcia-Gomez.jpg\" data-orig-size=\"1200,799\" data-comments-opened=\"\" data-image-title=\"Doto coronata by Jos\u00e9 Carlos Garc\u00eda G\u00f3mez\" data-image-description=\"&lt;p&gt;Doto coronata by Jos\u00e9 Carlos Garc\u00eda G\u00f3mez&lt;\/p&gt; \" data-medium-file=\"https:\/\/i0.wp.com\/opistobranquis.info\/wp-content\/uploads\/2023\/01\/Doto-coronata-by-Jose-Carlos-Garcia-Gomez.jpg?fit=300%2C200&#038;ssl=1\" data-large-file=\"https:\/\/i0.wp.com\/opistobranquis.info\/wp-content\/uploads\/2023\/01\/Doto-coronata-by-Jose-Carlos-Garcia-Gomez.jpg?fit=900%2C599&#038;ssl=1\" src=\"https:\/\/i0.wp.com\/opistobranquis.info\/wp-content\/uploads\/2023\/01\/Doto-coronata-by-Jose-Carlos-Garcia-Gomez.jpg?w=319&#038;h=213&#038;ssl=1\" srcset=\"https:\/\/i0.wp.com\/opistobranquis.info\/wp-content\/uploads\/2023\/01\/Doto-coronata-by-Jose-Carlos-Garcia-Gomez.jpg?w=1200&amp;ssl=1 1200w, https:\/\/i0.wp.com\/opistobranquis.info\/wp-content\/uploads\/2023\/01\/Doto-coronata-by-Jose-Carlos-Garcia-Gomez.jpg?resize=300%2C200&amp;ssl=1 300w, https:\/\/i0.wp.com\/opistobranquis.info\/wp-content\/uploads\/2023\/01\/Doto-coronata-by-Jose-Carlos-Garcia-Gomez.jpg?resize=1024%2C682&amp;ssl=1 1024w, https:\/\/i0.wp.com\/opistobranquis.info\/wp-content\/uploads\/2023\/01\/Doto-coronata-by-Jose-Carlos-Garcia-Gomez.jpg?resize=150%2C100&amp;ssl=1 150w\" width=\"319\" height=\"213\" loading=\"lazy\" data-original-width=\"319\" data-original-height=\"213\" itemprop=\"http:\/\/schema.org\/image\" title=\"Doto coronata by Jos\u00e9 Carlos Garc\u00eda G\u00f3mez\" alt=\"Doto coronata by Jos\u00e9 Carlos Garc\u00eda G\u00f3mez\" style=\"width: 319px; height: 213px;\" \/> <\/a> <div class=\"tiled-gallery-caption\" itemprop=\"caption description\"> Doto coronata by Jos\u00e9 Carlos Garc\u00eda G\u00f3mez <\/div> <\/div> <\/div> <!-- close group --> <\/div> <!-- close row --> <\/div><\/p>\n<p><p><strong>Bibliografia<\/strong><\/p><ul><div id=\"zotpress-9cfbd79823c74d80d7df3b6c96f96d64\" class=\"zp-Zotpress zp-Zotpress-Bib wp-block-group\">\n\n\t\t<span class=\"ZP_API_USER_ID ZP_ATTR\">1246567<\/span>\n\t\t<span class=\"ZP_ITEM_KEY ZP_ATTR\"><\/span>\n\t\t<span class=\"ZP_COLLECTION_ID ZP_ATTR\"><\/span>\n\t\t<span class=\"ZP_TAG_ID ZP_ATTR\">Doto coronata<\/span>\n\t\t<span class=\"ZP_AUTHOR ZP_ATTR\"><\/span>\n\t\t<span class=\"ZP_YEAR ZP_ATTR\"><\/span>\n        <span class=\"ZP_ITEMTYPE ZP_ATTR\"><\/span>\n\t\t<span class=\"ZP_INCLUSIVE ZP_ATTR\">1<\/span>\n\t\t<span class=\"ZP_STYLE ZP_ATTR\">eunomia-revista-en-cultura-de-la-legalidad<\/span>\n\t\t<span class=\"ZP_LIMIT ZP_ATTR\">50<\/span>\n\t\t<span class=\"ZP_SORTBY ZP_ATTR\">creator<\/span>\n\t\t<span class=\"ZP_ORDER ZP_ATTR\">asc<\/span>\n\t\t<span class=\"ZP_TITLE ZP_ATTR\"><\/span>\n\t\t<span class=\"ZP_SHOWIMAGE ZP_ATTR\"><\/span>\n\t\t<span class=\"ZP_SHOWTAGS ZP_ATTR\"><\/span>\n\t\t<span class=\"ZP_DOWNLOADABLE ZP_ATTR\"><\/span>\n\t\t<span class=\"ZP_NOTES ZP_ATTR\"><\/span>\n\t\t<span class=\"ZP_ABSTRACT ZP_ATTR\"><\/span>\n\t\t<span class=\"ZP_CITEABLE ZP_ATTR\"><\/span>\n\t\t<span class=\"ZP_TARGET ZP_ATTR\">1<\/span>\n\t\t<span class=\"ZP_URLWRAP ZP_ATTR\"><\/span>\n\t\t<span class=\"ZP_FORCENUM ZP_ATTR\"><\/span>\n        <span class=\"ZP_HIGHLIGHT ZP_ATTR\"><\/span>\n        <span class=\"ZP_POSTID ZP_ATTR\">667<\/span>\n\t\t<span class=\"ZOTPRESS_PLUGIN_URL ZP_ATTR\">https:\/\/opistobranquis.info\/wp-content\/plugins\/zotpress\/<\/span>\n\n\t\t<div class=\"zp-List loading\">\n\t\t\t<div class=\"zp-SEO-Content\">\n\n\t\t\t<\/div><!-- .zp-zp-SEO-Content -->\n\t\t<\/div><!-- .zp-List -->\n\t<\/div><!--.zp-Zotpress-->\n\n<p><\/p>Bibliografia basada en els treballs de <b>Steve Long, 2006<\/b>. <a target=_blank href=https:\/\/opistobranquis.info\/wp-content\/uploads\/2016\/06\/Long-S.-2006-Bibliography-of-Opisthobranchia-1554-2000.pdf>Bibliography of Opisthobranchia 1554-2000<\/a> i <b>Gary McDonald, 2009<\/b>. <a href=http:\/\/escholarship.org\/uc\/item\/8115h0wz>Bibliographia Nudibranchia<\/a>, amb actualitzacions posteriors procedents d\u00b4altres fonts.<p><\/p><\/ul><p><\/p><p><strong>M\u00e9s informaci\u00f3<\/strong><\/p><span style=\"font-size:10pt\"><ul><ul class=\"blogroll-links\"><li><a href=\"http:\/\/www.asturnatura.com\/especie\/doto-coronata.html\">AsturNatura<\/a><\/li><li><a href=\"http:\/\/www.biodiversitylibrary.org\/name\/Doto%20coronata\">Biodiversity Heritage Library<\/a><\/li><li><a href=\"http:\/\/www.biologiamarina.org\/wp\/doto\/\">BiologiaMarina.org<\/a><\/li><li><a href=\"http:\/\/www.cibsub.com\/bioespecie_es-doto_coronata-31320\">CIB - Club Immersio Biologia<\/a><\/li><li><a href=\"https:\/\/litoraldegranada.ugr.es\/el-litoral\/el-litoral-sumergido\/fauna\/moluscos\/gasteropodos\/opistobranquios\/orden-nudibranchia\/dendronotoidea\/doto-coronata\/\">El Litoral de Granada<\/a><\/li><li><a href=\"http:\/\/www.habitas.org.uk\/marinelife\/species.asp?item=W12740#\">Encyclopedia of Marine Life of Britain and Ireland<\/a><\/li><li><a href=\"http:\/\/nature22.com\/estran22\/mollusques\/gasteropodesbis\/gasteropodes5.html\">Estran 22 - Faune et flore de la zone de balancement des mar\u00e9es en C\u00f4tes d&#039;Armor<\/a><\/li><li><a href=\"https:\/\/www.flickr.com\/photos\/56388191@N08\/sets\/72157677276544243\/\">European Sea Slugs by Morddyn<\/a><\/li><li><a href=\"https:\/\/www.flickr.com\/search\/?text=Doto%20coronata\">Flickr pictures<\/a><\/li><li><a href=\"http:\/\/www.opistobranquis.org\/ca\/guia\/58\">GROC<\/a><\/li><li><a href=\"https:\/\/www.flickr.com\/photos\/56388191@N08\/albums\/72157677276544243\">Ian Smith account at Flickr<\/a><\/li><li><a href=\"http:\/\/www.irmng.org\/aphia.php?p=taxlist&#038;tName=Doto%20coronata\">Interim Register of Marine and Nonmarine Genera<\/a><\/li><li><a href=\"https:\/\/www.seawater.no\/fauna\/mollusca\/Heterobranchia.html\">Marine Flora and Fauna of Norway<\/a><\/li><li><a href=\"https:\/\/web.archive.org\/web\/20250116074557\/http:\/\/medslugs.de\/E\/Atl-E\/Doto_coronata\/Selection.htm\">MedSlugs (Atl.E)<\/a><\/li><li><a href=\"http:\/\/www.ncbi.nlm.nih.gov\/Taxonomy\/Browser\/wwwtax.cgi?mode=Undef&#038;name=Doto%20coronata&#038;lvl=0&#038;srchmode=1\">NCBI GenBank<\/a><\/li><li><a href=\"http:\/\/iobis.org\/mapper\/?taxon=Doto%20coronata\">OBIS - Search by Taxon<\/a><\/li><li><a href=\"http:\/\/www.nudibranch.org\/Scottish%20Nudibranchs\/doto-coronata.html\">Scottish Nudibranchs<\/a><\/li><li><a href=\"http:\/\/www.seaslugforum.net\/showall\/dotocoro\">Sea Slug Forum<\/a><\/li><li><a href=\"http:\/\/www.conchsoc.net\/spaccount\/Doto-coronata\">The Conchological Society of Great Britain and Ireland<\/a><\/li><li><a href=\"http:\/\/www.marinespecies.org\/aphia.php?p=taxdetails&#038;id=139631\">World Register of Marine Species<\/a><\/li><\/ul><\/ul><\/span><p><strong>Citeu aquest article com: <\/strong><\/p><div style=\"display: block; background: #444444; padding: 10px 30px 10px 10px; border-radius: 5px; line-height: 18px;\"><p class=\"citacio\"><b>Ballesteros, M., Madrenas, E. &#38; Pontes, M.<\/b> (2025) <em>\"Doto coronata\"<\/em> a <em>OPK-Opistobranquis<\/em>. Publicat: 17\/05\/2012. Accedit: 03\/09\/2026. Disponible a (<a href=https:\/\/opistobranquis.info\/ca\/?p=667>https:\/\/opistobranquis.info\/ca\/?p=667<\/a>)<\/p><p><\/p><\/div><p><\/p><\/p>","protected":false},"excerpt":{"rendered":"<p>Doto coronata (Gmelin, 1791) Sin\u00f2nims Doris coronata Gmelin, 1791 (original) Doto costae Trinchese, 1881\u00a0 Doto splendida Trinchese, 1881 Descripci\u00f3 Aquesta esp\u00e8cie pot arribar als 10 mm de longitud i t\u00e9 el cos semitransparent amb les v\u00edsceres blanquinoses o de color crema. El m\u00e9s caracter\u00edstic s\u00f3n les taques de color carm\u00ed o marr\u00f3 que esquitxen el dors de l&#8217;animal, el cap, la beina rinof\u00f2rica, els costats del cos i els cerata.\u2026<\/p>\n<p class=\"continue-reading-button\"> <a class=\"continue-reading-link\" href=\"https:\/\/opistobranquis.info\/ca\/guia\/nudibranchia\/cladobranchia\/dendronotoidea\/doto-coronata\/\">Continua llegint<i class=\"crycon-right-dir\"><\/i><\/a><\/p>\n","protected":false},"author":291,"featured_media":35831,"parent":452,"menu_order":6906,"comment_status":"closed","ping_status":"closed","template":"","meta":{"footnotes":""},"class_list":["post-667","page","type-page","status-publish","has-post-thumbnail","hentry"],"jetpack_sharing_enabled":true,"_links":{"self":[{"href":"https:\/\/opistobranquis.info\/ca\/wp-json\/wp\/v2\/pages\/667","targetHints":{"allow":["GET"]}}],"collection":[{"href":"https:\/\/opistobranquis.info\/ca\/wp-json\/wp\/v2\/pages"}],"about":[{"href":"https:\/\/opistobranquis.info\/ca\/wp-json\/wp\/v2\/types\/page"}],"author":[{"embeddable":true,"href":"https:\/\/opistobranquis.info\/ca\/wp-json\/wp\/v2\/users\/291"}],"replies":[{"embeddable":true,"href":"https:\/\/opistobranquis.info\/ca\/wp-json\/wp\/v2\/comments?post=667"}],"version-history":[{"count":5,"href":"https:\/\/opistobranquis.info\/ca\/wp-json\/wp\/v2\/pages\/667\/revisions"}],"predecessor-version":[{"id":35907,"href":"https:\/\/opistobranquis.info\/ca\/wp-json\/wp\/v2\/pages\/667\/revisions\/35907"}],"up":[{"embeddable":true,"href":"https:\/\/opistobranquis.info\/ca\/wp-json\/wp\/v2\/pages\/452"}],"wp:featuredmedia":[{"embeddable":true,"href":"https:\/\/opistobranquis.info\/ca\/wp-json\/wp\/v2\/media\/35831"}],"wp:attachment":[{"href":"https:\/\/opistobranquis.info\/ca\/wp-json\/wp\/v2\/media?parent=667"}],"curies":[{"name":"wp","href":"https:\/\/api.w.org\/{rel}","templated":true}]}}