{"id":689,"date":"2012-05-17T16:52:32","date_gmt":"2012-05-17T14:52:32","guid":{"rendered":"https:\/\/opistobranquis.info\/cuthona-granosacuthona-granosacuthona-granosa"},"modified":"2023-12-12T12:06:35","modified_gmt":"2023-12-12T11:06:35","slug":"trinchesia-granosa","status":"publish","type":"page","link":"https:\/\/opistobranquis.info\/ca\/guia\/nudibranchia\/cladobranchia\/fionoidea\/trinchesia-granosa\/","title":{"rendered":"Trinchesia granosa"},"content":{"rendered":"<p><\/p>\n<h3><em>Trinchesia granosa<\/em>\u00a0 Schmekel, 1966<\/h3>\n<p><span style=\"font-size:10pt;\" class=\"aligncenter\"><div id=\"featured-img-id\"><img data-recalc-dims=\"1\" decoding=\"async\" src=\"https:\/\/i0.wp.com\/opistobranquis.info\/wp-content\/uploads\/2023\/12\/Trinchesia-granosa-by-Schmekel-Portmann-1982.jpg?w=900&#038;ssl=1\" alt=\"Trinchesia granosa by Schmekel &amp; Portmann (1982)\" \/><\/div><center><em>Trinchesia granosa<\/em> per Schmekel &amp; Portmann (1982)<\/center><\/span><p><\/p><div class=\"opk-worms\"><h3>Informaci\u00f3 taxon\u00f2mica WoRMS<\/h3><div class=\"opk-alert\">El nom consultat Trinchesia granosa no est\u00e0 actualment acceptat (superseded combination).<br>Nom acceptat actual: <strong><em>Tenellia granosa<\/em> Schmekel, 1966<\/strong><\/div><h4>Classificaci\u00f3 actual<\/h4><table class=\"widefat striped\"><tr><th>Superdomain<\/th><td><a target=\"_blank\" href=\"https:\/\/www.marinespecies.org\/aphia.php?p=taxdetails&id=1\">Biota<\/a><\/td><\/tr><tr><th>Kingdom<\/th><td><a target=\"_blank\" href=\"https:\/\/www.marinespecies.org\/aphia.php?p=taxdetails&id=2\">Animalia<\/a><\/td><\/tr><tr><th>Phylum<\/th><td><a target=\"_blank\" href=\"https:\/\/www.marinespecies.org\/aphia.php?p=taxdetails&id=51\">Mollusca<\/a><\/td><\/tr><tr><th>Class<\/th><td><a target=\"_blank\" href=\"https:\/\/www.marinespecies.org\/aphia.php?p=taxdetails&id=101\">Gastropoda<\/a><\/td><\/tr><tr><th>Subclass<\/th><td><a target=\"_blank\" href=\"https:\/\/www.marinespecies.org\/aphia.php?p=taxdetails&id=14712\">Heterobranchia<\/a><\/td><\/tr><tr><th>Infraclass<\/th><td><a target=\"_blank\" href=\"https:\/\/www.marinespecies.org\/aphia.php?p=taxdetails&id=1057247\">Euthyneura<\/a><\/td><\/tr><tr><th>Subterclass<\/th><td><a target=\"_blank\" href=\"https:\/\/www.marinespecies.org\/aphia.php?p=taxdetails&id=1057249\">Ringipleura<\/a><\/td><\/tr><tr><th>Superorder<\/th><td><a target=\"_blank\" href=\"https:\/\/www.marinespecies.org\/aphia.php?p=taxdetails&id=411966\">Nudipleura<\/a><\/td><\/tr><tr><th>Order<\/th><td><a target=\"_blank\" href=\"https:\/\/www.marinespecies.org\/aphia.php?p=taxdetails&id=1762\">Nudibranchia<\/a><\/td><\/tr><tr><th>Suborder<\/th><td><a target=\"_blank\" href=\"https:\/\/www.marinespecies.org\/aphia.php?p=taxdetails&id=827889\">Cladobranchia<\/a><\/td><\/tr><tr><th>Superfamily<\/th><td><a target=\"_blank\" href=\"https:\/\/www.marinespecies.org\/aphia.php?p=taxdetails&id=412646\">Fionoidea<\/a><\/td><\/tr><tr><th>Family<\/th><td><a target=\"_blank\" href=\"https:\/\/www.marinespecies.org\/aphia.php?p=taxdetails&id=151283\">Trinchesiidae<\/a><\/td><\/tr><tr><th>Genus<\/th><td><a target=\"_blank\" href=\"https:\/\/www.marinespecies.org\/aphia.php?p=taxdetails&id=138545\"><em>Tenellia<\/em><\/a><\/td><\/tr><tr><th>Species<\/th><td><a target=\"_blank\" href=\"https:\/\/www.marinespecies.org\/aphia.php?p=taxdetails&id=1793341\"><em>Tenellia granosa<\/em> Schmekel, 1966<\/a><\/td><\/tr><\/table><p class=\"footer\">Classificaci\u00f3 proporcionada pel World Register of Marine Species (WoRMS). [<a target=\"_blank\" href=\"https:\/\/www.marinespecies.org\/aphia.php?p=taxdetails&id=1793341\">1793341<\/a>]<\/p><\/div><p><strong>Nota taxon\u00f2mica<\/strong>: Les an\u00e0lisis filogen\u00e8tiques realitzades per Cella et al. (2016) van revelar que la fam\u00edlia Tergipedidae tradicional \u00e9s polifil\u00e8tica i pertany a un clade monofil\u00e8tic m\u00e9s gran que inclou membres de les fam\u00edlies tradicionals Eubranchidae, Fionidae i Calmidae; aquest va ser un resultat inesperat, ja que la validesa d\u00b4aquests taxons i la seva distinci\u00f3 dels Tergipedidae mai havia estat q\u00fcestionada abans. Es proposa unir les fam\u00edlies Tergipedidae, Eubranchidae, Calmidae i Fionidae sota el nom de Fionidae. Dins Fionidae, els resultats obtinguts van demostrar la necessitat de desenvolupar una nova classificaci\u00f3, ja que les classificacions anteriors (per exemple, separant <i>Catriona<\/i>, <i>Cuthona<\/i> i <i>Trinchesia<\/i> com a taxons diferents) eren inconsistents amb la filog\u00e8nia resultant. Aquests an\u00e0lisis tamb\u00e9 recuperen un clade (<i>Tenellia<\/i>) que inclou a tots els membres dels g\u00e8neres <i>Tenellia<\/i>, <i>Trinchesia<\/i>, <i>Phestilla<\/i>, <i>Catriona<\/i> i la majoria de les esp\u00e8cies descrites i no descrites de <i>Cuthona<\/i>. Es proposen nous g\u00e8neres<i>Rubramoena<\/i>, <i>Abronica<\/i> i <i>Tergiposacca<\/i> per agrupar altres esp\u00e8cies. Tamb\u00e9 suggereixen que Fionidae \u00e9s ric en complexos d\u00b4esp\u00e8cies cr\u00edptiques, dif\u00edcils de separar pels car\u00e0cters taxon\u00f2mics tradicionals, i amb una gran diversitat d\u00b4esp\u00e8cies no detectades pr\u00e8viament.<br>Pocs mesos despr\u00e9s Korshunova et al. (2017) reprenen l\u00b4estudi de la filog\u00e8nia dels Tergipedidae i utilitzant no nom\u00e9s dades moleculars sin\u00f3 tamb\u00e9 morfol\u00f2giques i ontogen\u00e8tiques realitzen una cr\u00edtica severa al treball de Cella et al. (2016), proposant reinstaurar les fam\u00edlies Calmidae, Eubranchidae, Fionidae, Tergipedidae, Cuthonidae, Cuthonellidae i Trinchesiidae, essent aquesta \u00faltima la m\u00e9s abundant en taxons espec\u00edfics. Tamb\u00e9 reinstauren els g\u00e8neres <i>Catriona<\/i>, <i>Diaphoreolis<\/i>, <i>Phestilla<\/i> i <i>Trinchesia<\/i> que en el treball de Cella et al. (2016) havien estat inclosos dins del g\u00e8nere <i>Tenellia<\/i>. Korshunova et al. descriuen a m\u00e9s un g\u00e8nere nou, <i>Zelentia<\/i> que inclou a <i>Z. pustulata<\/i> (esp\u00e8cie tipus <i>Eolis pustulata<\/i> Alder &amp; Hancock, 1854), a <i>Z. fulgens<\/i> (MacFarland, 1966) i una nova esp\u00e8cie del mar de Barents,<i> Z. Ninel<\/i>, indicant p-distances importants entre les tres esp\u00e8cies (entre 10.49% i 13.83%). Tots els g\u00e8neres anteriors, Korshunova et al. (2017) els consideren dins de la fam\u00edlia Trinchesiidae. Tamb\u00e9 q\u00fcestionen la validesa del g\u00e8nere <i>Rubramoena<\/i> de Cella et al.<br>La posici\u00f3 de WoRMS \u00e9s de tipus conservador, mantenint les fam\u00edlies Cuthonidae, Calmidae, Cuthonellidae, Eubranchidae, Fionidae, Pseodovermidae, Tergipedidae i Trinchesiidae dins de la superfam\u00edlia Fionoidea. Les esp\u00e8cies europees que fins fa poc estaven considerades com <i>Cuthona<\/i>, WoRMS les considera dins del g\u00e8nere<i>Trinchesia<\/i>, com <i>T.albopunctata<\/i>, <i>T.caerulea<\/i>, <i>T.foliata<\/i>, <i>T.genovae<\/i>, <i>T.granosa<\/i>,<i> T.ilonae<\/i>, <i>T.miniostriata<\/i> i <i>T.ocellata<\/i>. <i>Rubramoena<\/i> \u00e9s tamb\u00e9 considerat un g\u00e8nere v\u00e0lid a WoRMS. Aquestes opinions s\u00f3n les que considerem a OPK mentre no hi hagi altres dades m\u00e9s concloents.<\/p><strong>Sin\u00f2nims<\/strong><\/p>\n<ul>\n<li><i>Tenellia granosa<\/i>\u00a0(Schmekel, 1966)<\/li>\n<li><em>Cuthona\u00a0<\/em><em>granosa<\/em>\u00a0(Schmekel, L., 1966)<\/li>\n<\/ul>\n<p><strong>Descripci\u00f3<br \/>\n<\/strong>El cos \u00e9s allargat, de color blanc transl\u00facid i pot arribar a mesurar 11 mm de longitud. El cap, el cos, els rin\u00f2fors i els tentacles orals estan recoberts d&#8217;un fi puntejat de color blanc opac, absent al peu i als cerata. Els rin\u00f2fors arriben a mesurar un quart de la longitud del cos, s\u00f3n llisos i digitiformes i estan acolorits de taronja en la meitat distal. Els tentacles orals mesuren la meitat que els rin\u00f2fors i la meitat distal tamb\u00e9 est\u00e0 acolorida de taronja. Els cerata estan disposats en 9 fileres al llarg de cada costat del cos, cada filera amb un m\u00e0xim de 4 o 6 cerata. La gl\u00e0ndula digestiva \u00e9s de color marr\u00f3 i \u00e9s visible a trav\u00e9s de la pell dels cerata, que estan puntejats de color marr\u00f3, m\u00e9s densament a la regi\u00f3 subapical, per sota del cnidosac, que \u00e9s de grans dimensions i de color blanc. L&#8217;anus i el nefroprocte se situen just davant de la cera m\u00e9s interior de la tercera fila al costat dret del cos. El gon\u00f2por es troba sota la primera filera de cerata, tamb\u00e9 al costat dret de l&#8217;animal. El peu t\u00e9 els tentacles propodials arrodonits i l&#8217;extrem de la cua no est\u00e0 cobert per cerata.<\/p>\n<p><strong>Biologia<br \/>\n<\/strong>La posta consisteix en una forma el\u00b7lipsoide o reniforme, amb ous de color blanc d&#8217;uns 0,12 mm de di\u00e0metre. Les larves no s\u00f3n planct\u00f2niques, sin\u00f3 que la metamorfosi t\u00e9 lloc dins de l&#8217;ou, que eclosiona al cap de 18 dies. <em>Trinchesia granosa<\/em> s&#8217;alimenta de <em>Podocoryne carnea<\/em>.<\/p>\n<p><strong>Etimologia<\/strong><\/p>\n<ul>\n<li><em>Trinchesia<\/em>. En honor del Profesor Salvatore Trinchese (1836-1897), opistobranqui\u00f2leg itali\u00e0, Professor de Zoologia a la Universitat de Bolonya i successor de Paolo Panceri com a Professor d&#8217;Anatomia Comparada a la Universitat de N\u00e0pols.<\/li>\n<li><em>Granosa<\/em>. Derivat del Llat\u00ed\u00a0<em>granum,<\/em>\u00a0gra.<\/li>\n<\/ul>\n<p><strong>Distribuci\u00f3<br \/>\n<\/strong>Esp\u00e8cie citada per Schmekel al golf de N\u00e0pols el 1966. No se&#8217;n t\u00e9 const\u00e0ncia en altres ubicacions, encara que hi ha moltes cites d&#8217;exemplars similars, com alguns juvenils d&#8217;<em>Aeolidiella alderi<\/em>, que haurien de ser estudiades amb atenci\u00f3. <div id=\"flxmap-6a99b974b1583\" class='flxmap-container' data-flxmap='flxmap_6a99b974b1583' style=\"width:100%;height:400px;\"><\/div>\n<script data-noptimize=\"1\">\n\/* <![CDATA[ *\/\n(function(w, fn) {\n if (w.addEventListener) w.addEventListener(\"DOMContentLoaded\", fn, false);\n else if (w.attachEvent) w.attachEvent(\"onload\", fn);\n})(window, function() {\n var f = new FlexibleMap();\n f.panControl = true;\n f.mapTypeId = \"satellite\";\n f.setlocale(\"ca-ES\");\n f.kmlcache = \"5 minutes\";\n f.showKML(\"flxmap-6a99b974b1583\", \"https:\/\/opistobranquis.info\/wp-content\/uploads\/kms\/689.kmz\");\n window.flxmap_6a99b974b1583 = f;\n});\n\/* ]]> *\/\n<\/script>\n<div style=\"width:100%;text-align:center;margin:12px 0 4px 0;\">\n  <div style=\"font-size:8pt;margin-bottom:6px;\">Cites georeferenciades conegudes de l'esp\u00e8cie: <em>Trinchesia granosa<\/em><\/div>\n  <table style=\"margin:0 auto;border-collapse:collapse;font-size:8pt;\">\n    <tr><td colspan=\"2\" style=\"text-align:left;padding-bottom:4px;\"><strong>Fonts:<\/strong><\/td><\/tr>\n    <tr>\n      <td style=\"vertical-align:top;padding-right:40px;\">\n        <table style=\"border-collapse:collapse;\">\n<tr><td style='padding:1px 6px 1px 0;vertical-align:middle'><img data-recalc-dims=\"1\" src=\"https:\/\/i0.wp.com\/opistobranquis.info\/wp-content\/uploads\/kms\/wht-circle-lv.png?w=900&#038;ssl=1\" style='display:block'><\/td><td style='padding:1px 0;vertical-align:middle;white-space:nowrap'>OBIS<\/td><\/tr><tr><td style='padding:1px 6px 1px 0;vertical-align:middle'><img data-recalc-dims=\"1\" src=\"https:\/\/i0.wp.com\/opistobranquis.info\/wp-content\/uploads\/kms\/ylw-circle-lv.png?w=900&#038;ssl=1\" style='display:block'><\/td><td style='padding:1px 0;vertical-align:middle;white-space:nowrap'>GROC 2010-2011<\/td><\/tr><tr><td style='padding:1px 6px 1px 0;vertical-align:middle'><img data-recalc-dims=\"1\" src=\"https:\/\/i0.wp.com\/opistobranquis.info\/wp-content\/uploads\/kms\/grn-circle-lv.png?w=900&#038;ssl=1\" style='display:block'><\/td><td style='padding:1px 0;vertical-align:middle;white-space:nowrap'>Enric Madrenas<\/td><\/tr><tr><td style='padding:1px 6px 1px 0;vertical-align:middle'><img data-recalc-dims=\"1\" src=\"https:\/\/i0.wp.com\/opistobranquis.info\/wp-content\/uploads\/kms\/orange-circle-lv.png?w=900&#038;ssl=1\" style='display:block'><\/td><td style='padding:1px 0;vertical-align:middle;white-space:nowrap'>Jo\u00e3o Pedro Silva<\/td><\/tr><tr><td style='padding:1px 6px 1px 0;vertical-align:middle'><img data-recalc-dims=\"1\" src=\"https:\/\/i0.wp.com\/opistobranquis.info\/wp-content\/uploads\/kms\/pink-circle-lv.png?w=900&#038;ssl=1\" style='display:block'><\/td><td style='padding:1px 0;vertical-align:middle;white-space:nowrap'>Bernard Picton<\/td><\/tr><tr><td style='padding:1px 6px 1px 0;vertical-align:middle'><img data-recalc-dims=\"1\" src=\"https:\/\/i0.wp.com\/opistobranquis.info\/wp-content\/uploads\/kms\/blk-circle-lv.png?w=900&#038;ssl=1\" style='display:block'><\/td><td style='padding:1px 0;vertical-align:middle;white-space:nowrap'>GBIF<\/td><\/tr>        <\/table>\n      <\/td>\n      <td style=\"vertical-align:top;\">\n        <table style=\"border-collapse:collapse;\">\n<tr><td style='padding:1px 6px 1px 0;vertical-align:middle'><img data-recalc-dims=\"1\" src=\"https:\/\/i0.wp.com\/opistobranquis.info\/wp-content\/uploads\/kms\/purple-circle-lv.png?w=900&#038;ssl=1\" style='display:block'><\/td><td style='padding:1px 0;vertical-align:middle;white-space:nowrap'>OPK<\/td><\/tr><tr><td style='padding:1px 6px 1px 0;vertical-align:middle'><img data-recalc-dims=\"1\" src=\"https:\/\/i0.wp.com\/opistobranquis.info\/wp-content\/uploads\/kms\/red-circle-lv.png?w=900&#038;ssl=1\" style='display:block'><\/td><td style='padding:1px 0;vertical-align:middle;white-space:nowrap'>VIMAR<\/td><\/tr><tr><td style='padding:1px 6px 1px 0;vertical-align:middle'><img data-recalc-dims=\"1\" src=\"https:\/\/i0.wp.com\/opistobranquis.info\/wp-content\/uploads\/kms\/blu-circle-lv.png?w=900&#038;ssl=1\" style='display:block'><\/td><td style='padding:1px 0;vertical-align:middle;white-space:nowrap'>Manuel Ballesteros<\/td><\/tr><tr><td style='padding:1px 6px 1px 0;vertical-align:middle'><img data-recalc-dims=\"1\" src=\"https:\/\/i0.wp.com\/opistobranquis.info\/wp-content\/uploads\/kms\/cyan-circle-lv.png?w=900&#038;ssl=1\" style='display:block'><\/td><td style='padding:1px 0;vertical-align:middle;white-space:nowrap'>M@re Nostrum<\/td><\/tr><tr><td style='padding:1px 6px 1px 0;vertical-align:middle'><img data-recalc-dims=\"1\" src=\"https:\/\/i0.wp.com\/opistobranquis.info\/wp-content\/uploads\/kms\/grey-circle-lv.png?w=900&#038;ssl=1\" style='display:block'><\/td><td style='padding:1px 0;vertical-align:middle;white-space:nowrap'>Altres fonts<\/td><\/tr><tr><td style='padding:1px 6px 1px 0;vertical-align:middle'><img data-recalc-dims=\"1\" src=\"https:\/\/i0.wp.com\/opistobranquis.info\/wp-content\/uploads\/kms\/marreg.png?w=900&#038;ssl=1\" style='display:block'><\/td><td style='padding:1px 0;vertical-align:middle;white-space:nowrap'>Marine Regions<\/td><\/tr>        <\/table>\n      <\/td>\n    <\/tr>\n  <\/table>\n<\/div>\n<\/p>\n<p><strong>Possibilitat de confusi\u00f3<br \/>\n<\/strong>Alguns juvenils d&#8217;<em>Aeolidiella alderi<\/em> s\u00f3n molt similars a <em>Trinchesia granosa<\/em> a primera vista, ja que tenen els extrems dels rin\u00f2fors i els tentacles orals acolorits de taronja, per\u00f2, el peu m\u00e9s ample, els tentacles propodials apuntats, algunes cerata amb els extrems lleugerament acolorits de taronja, els grans ulls situats a la base dels rin\u00f2fors i el primer anell de cerata de color clar (per l&#8217;encara esc\u00e0s desenvolupament de la gl\u00e0ndula digestiva del seu interior), aix\u00ed com la inserci\u00f3 del primer anell de cerata davant dels rin\u00f2fors, caracter\u00edstiques totes elles t\u00edpiques d&#8217;<em>A. alderi<\/em>, permeten distingir-los.<\/p>\n<p><strong>Error:<\/strong> Chart.js no est\u00e1 disponible.<\/p>\n<p><strong>Altres fotos<br \/>\n<\/strong><div class=\"tiled-gallery type-rectangular tiled-gallery-unresized\" data-original-width=\"900\" data-carousel-extra='{&quot;blog_id&quot;:1,&quot;permalink&quot;:&quot;https:\\\/\\\/opistobranquis.info\\\/ca\\\/guia\\\/nudibranchia\\\/cladobranchia\\\/fionoidea\\\/trinchesia-granosa\\\/&quot;,&quot;likes_blog_id&quot;:44192421}' itemscope itemtype=\"http:\/\/schema.org\/ImageGallery\" > <div class=\"gallery-row\" style=\"width: 900px; height: 425px;\" data-original-width=\"900\" data-original-height=\"425\" > <div class=\"gallery-group images-1\" style=\"width: 590px; height: 425px;\" data-original-width=\"590\" data-original-height=\"425\" > <div class=\"tiled-gallery-item tiled-gallery-item-large\" itemprop=\"associatedMedia\" itemscope itemtype=\"http:\/\/schema.org\/ImageObject\"> <a href=\"https:\/\/opistobranquis.info\/ca\/guia\/nudibranchia\/cladobranchia\/fionoidea\/trinchesia-granosa\/tenellia-granosa-banyuls-sur-mer-1-07-1991-source-wikipedia-cc-by-by-gery-parent\/\" border=\"0\" itemprop=\"url\"> <meta itemprop=\"width\" content=\"586\"> <meta itemprop=\"height\" content=\"421\"> <img decoding=\"async\" class=\"\" data-attachment-id=\"23125\" data-orig-file=\"https:\/\/opistobranquis.info\/wp-content\/uploads\/2012\/05\/Tenellia-granosa-@-Banyuls-sur-Mer-1-07-1991-source-Wikipedia-CC-BY-by-G\u00e9ry-Parent.jpg\" data-orig-size=\"580,416\" data-comments-opened=\"\" data-image-title=\"Trinchesia granosa or juvenile of A. alderi ?@ Banyuls sur Mer 1-07-1991 (source Wikipedia CC-BY) by G\u00e9ry Parent\" data-image-description=\"&lt;p&gt;Trinchesia granosa or juvenile of A. alderi ?@ Banyuls sur Mer 1-07-1991 (source Wikipedia CC-BY) by G\u00e9ry Parent&lt;\/p&gt; \" data-medium-file=\"https:\/\/i0.wp.com\/opistobranquis.info\/wp-content\/uploads\/2012\/05\/Tenellia-granosa-%40-Banyuls-sur-Mer-1-07-1991-source-Wikipedia-CC-BY-by-G%C3%A9ry-Parent.jpg?fit=300%2C215&#038;ssl=1\" data-large-file=\"https:\/\/i0.wp.com\/opistobranquis.info\/wp-content\/uploads\/2012\/05\/Tenellia-granosa-%40-Banyuls-sur-Mer-1-07-1991-source-Wikipedia-CC-BY-by-G%C3%A9ry-Parent.jpg?fit=580%2C416&#038;ssl=1\" src=\"https:\/\/i0.wp.com\/opistobranquis.info\/wp-content\/uploads\/2012\/05\/Tenellia-granosa-%40-Banyuls-sur-Mer-1-07-1991-source-Wikipedia-CC-BY-by-G%C3%A9ry-Parent.jpg?w=586&#038;h=421&#038;ssl=1\" width=\"586\" height=\"421\" loading=\"lazy\" data-original-width=\"586\" data-original-height=\"421\" itemprop=\"http:\/\/schema.org\/image\" title=\"Trinchesia granosa or juvenile of A. alderi ?@ Banyuls sur Mer 1-07-1991 (source Wikipedia CC-BY) by G\u00e9ry Parent\" alt=\"Trinchesia granosa or juvenile of A. alderi ?@ Banyuls sur Mer 1-07-1991 (source Wikipedia CC-BY) by G\u00e9ry Parent\" style=\"width: 586px; height: 421px;\" \/> <\/a> <div class=\"tiled-gallery-caption\" itemprop=\"caption description\"> Trinchesia granosa or juvenile of A. alderi ?@ Banyuls sur Mer 1-07-1991 (source Wikipedia CC-BY) by G\u00e9ry Parent <\/div> <\/div> <\/div> <!-- close group --> <div class=\"gallery-group images-2\" style=\"width: 310px; height: 425px;\" data-original-width=\"310\" data-original-height=\"425\" > <div class=\"tiled-gallery-item tiled-gallery-item-large\" itemprop=\"associatedMedia\" itemscope itemtype=\"http:\/\/schema.org\/ImageObject\"> <a href=\"https:\/\/opistobranquis.info\/ca\/guia\/nudibranchia\/cladobranchia\/fionoidea\/trinchesia-granosa\/trinchesia-granosa-05\/\" border=\"0\" itemprop=\"url\"> <meta itemprop=\"width\" content=\"306\"> <meta itemprop=\"height\" content=\"212\"> <img decoding=\"async\" class=\"\" data-attachment-id=\"42647\" data-orig-file=\"https:\/\/opistobranquis.info\/wp-content\/uploads\/2023\/12\/Trinchesia-granosa-05.jpg\" data-orig-size=\"810,561\" data-comments-opened=\"\" data-image-title=\"Trinchesia granosa or juvenile of A. alderi ? by Enric Madrenas\" data-image-description=\"&lt;p&gt;Trinchesia granosa or juvenile of A. alderi ? by Enric Madrenas&lt;\/p&gt; \" data-medium-file=\"https:\/\/i0.wp.com\/opistobranquis.info\/wp-content\/uploads\/2023\/12\/Trinchesia-granosa-05.jpg?fit=300%2C208&#038;ssl=1\" data-large-file=\"https:\/\/i0.wp.com\/opistobranquis.info\/wp-content\/uploads\/2023\/12\/Trinchesia-granosa-05.jpg?fit=810%2C561&#038;ssl=1\" src=\"https:\/\/i0.wp.com\/opistobranquis.info\/wp-content\/uploads\/2023\/12\/Trinchesia-granosa-05.jpg?w=306&#038;h=212&#038;ssl=1\" srcset=\"https:\/\/i0.wp.com\/opistobranquis.info\/wp-content\/uploads\/2023\/12\/Trinchesia-granosa-05.jpg?w=810&amp;ssl=1 810w, https:\/\/i0.wp.com\/opistobranquis.info\/wp-content\/uploads\/2023\/12\/Trinchesia-granosa-05.jpg?resize=300%2C208&amp;ssl=1 300w, https:\/\/i0.wp.com\/opistobranquis.info\/wp-content\/uploads\/2023\/12\/Trinchesia-granosa-05.jpg?resize=150%2C104&amp;ssl=1 150w\" width=\"306\" height=\"212\" loading=\"lazy\" data-original-width=\"306\" data-original-height=\"212\" itemprop=\"http:\/\/schema.org\/image\" title=\"Trinchesia granosa or juvenile of A. alderi ? by Enric Madrenas\" alt=\"Trinchesia granosa or juvenile of A. alderi ? by Enric Madrenas\" style=\"width: 306px; height: 212px;\" \/> <\/a> <div class=\"tiled-gallery-caption\" itemprop=\"caption description\"> Trinchesia granosa or juvenile of A. alderi ? by Enric Madrenas <\/div> <\/div> <div class=\"tiled-gallery-item tiled-gallery-item-large\" itemprop=\"associatedMedia\" itemscope itemtype=\"http:\/\/schema.org\/ImageObject\"> <a href=\"https:\/\/opistobranquis.info\/ca\/guia\/nudibranchia\/cladobranchia\/fionoidea\/trinchesia-granosa\/trinchesia-granosa-07\/\" border=\"0\" itemprop=\"url\"> <meta itemprop=\"width\" content=\"306\"> <meta itemprop=\"height\" content=\"205\"> <img decoding=\"async\" class=\"\" data-attachment-id=\"42648\" data-orig-file=\"https:\/\/opistobranquis.info\/wp-content\/uploads\/2023\/12\/Trinchesia-granosa-07.jpg\" data-orig-size=\"810,543\" data-comments-opened=\"\" data-image-title=\"Trinchesia granosa or juvenile of A. alderi ? by Enric Madrenas\" data-image-description=\"&lt;p&gt;Trinchesia granosa or juvenile of A. alderi ? by Enric Madrenas&lt;\/p&gt; \" data-medium-file=\"https:\/\/i0.wp.com\/opistobranquis.info\/wp-content\/uploads\/2023\/12\/Trinchesia-granosa-07.jpg?fit=300%2C201&#038;ssl=1\" data-large-file=\"https:\/\/i0.wp.com\/opistobranquis.info\/wp-content\/uploads\/2023\/12\/Trinchesia-granosa-07.jpg?fit=810%2C543&#038;ssl=1\" src=\"https:\/\/i0.wp.com\/opistobranquis.info\/wp-content\/uploads\/2023\/12\/Trinchesia-granosa-07.jpg?w=306&#038;h=205&#038;ssl=1\" srcset=\"https:\/\/i0.wp.com\/opistobranquis.info\/wp-content\/uploads\/2023\/12\/Trinchesia-granosa-07.jpg?w=810&amp;ssl=1 810w, https:\/\/i0.wp.com\/opistobranquis.info\/wp-content\/uploads\/2023\/12\/Trinchesia-granosa-07.jpg?resize=300%2C201&amp;ssl=1 300w, https:\/\/i0.wp.com\/opistobranquis.info\/wp-content\/uploads\/2023\/12\/Trinchesia-granosa-07.jpg?resize=150%2C101&amp;ssl=1 150w\" width=\"306\" height=\"205\" loading=\"lazy\" data-original-width=\"306\" data-original-height=\"205\" itemprop=\"http:\/\/schema.org\/image\" title=\"Trinchesia granosa or juvenile of A. alderi ? by Enric Madrenas\" alt=\"Trinchesia granosa or juvenile of A. alderi ? by Enric Madrenas\" style=\"width: 306px; height: 205px;\" \/> <\/a> <div class=\"tiled-gallery-caption\" itemprop=\"caption description\"> Trinchesia granosa or juvenile of A. alderi ? by Enric Madrenas <\/div> <\/div> <\/div> <!-- close group --> <\/div> <!-- close row --> <div class=\"gallery-row\" style=\"width: 900px; height: 148px;\" data-original-width=\"900\" data-original-height=\"148\" > <div class=\"gallery-group images-1\" style=\"width: 224px; height: 148px;\" data-original-width=\"224\" data-original-height=\"148\" > <div class=\"tiled-gallery-item tiled-gallery-item-small\" itemprop=\"associatedMedia\" itemscope itemtype=\"http:\/\/schema.org\/ImageObject\"> <a href=\"https:\/\/opistobranquis.info\/ca\/guia\/nudibranchia\/cladobranchia\/fionoidea\/trinchesia-granosa\/trinchesia-granosa-09\/\" border=\"0\" itemprop=\"url\"> <meta itemprop=\"width\" content=\"220\"> <meta itemprop=\"height\" content=\"144\"> <img decoding=\"async\" class=\"\" data-attachment-id=\"42649\" data-orig-file=\"https:\/\/opistobranquis.info\/wp-content\/uploads\/2023\/12\/Trinchesia-granosa-09.jpg\" data-orig-size=\"810,531\" data-comments-opened=\"\" data-image-title=\"Trinchesia granosa or juvenile of A. alderi ? by Enric Madrenas\" data-image-description=\"&lt;p&gt;Trinchesia granosa or juvenile of A. alderi ? by Enric Madrenas&lt;\/p&gt; \" data-medium-file=\"https:\/\/i0.wp.com\/opistobranquis.info\/wp-content\/uploads\/2023\/12\/Trinchesia-granosa-09.jpg?fit=300%2C197&#038;ssl=1\" data-large-file=\"https:\/\/i0.wp.com\/opistobranquis.info\/wp-content\/uploads\/2023\/12\/Trinchesia-granosa-09.jpg?fit=810%2C531&#038;ssl=1\" src=\"https:\/\/i0.wp.com\/opistobranquis.info\/wp-content\/uploads\/2023\/12\/Trinchesia-granosa-09.jpg?w=220&#038;h=144&#038;ssl=1\" srcset=\"https:\/\/i0.wp.com\/opistobranquis.info\/wp-content\/uploads\/2023\/12\/Trinchesia-granosa-09.jpg?w=810&amp;ssl=1 810w, https:\/\/i0.wp.com\/opistobranquis.info\/wp-content\/uploads\/2023\/12\/Trinchesia-granosa-09.jpg?resize=300%2C197&amp;ssl=1 300w, https:\/\/i0.wp.com\/opistobranquis.info\/wp-content\/uploads\/2023\/12\/Trinchesia-granosa-09.jpg?resize=150%2C98&amp;ssl=1 150w\" width=\"220\" height=\"144\" loading=\"lazy\" data-original-width=\"220\" data-original-height=\"144\" itemprop=\"http:\/\/schema.org\/image\" title=\"Trinchesia granosa or juvenile of A. alderi ? by Enric Madrenas\" alt=\"Trinchesia granosa or juvenile of A. alderi ? by Enric Madrenas\" style=\"width: 220px; height: 144px;\" \/> <\/a> <div class=\"tiled-gallery-caption\" itemprop=\"caption description\"> Trinchesia granosa or juvenile of A. alderi ? by Enric Madrenas <\/div> <\/div> <\/div> <!-- close group --> <div class=\"gallery-group images-1\" style=\"width: 219px; height: 148px;\" data-original-width=\"219\" data-original-height=\"148\" > <div class=\"tiled-gallery-item tiled-gallery-item-small\" itemprop=\"associatedMedia\" itemscope itemtype=\"http:\/\/schema.org\/ImageObject\"> <a href=\"https:\/\/opistobranquis.info\/ca\/guia\/nudibranchia\/cladobranchia\/fionoidea\/trinchesia-granosa\/trinchesia-granosa-11\/\" border=\"0\" itemprop=\"url\"> <meta itemprop=\"width\" content=\"215\"> <meta itemprop=\"height\" content=\"144\"> <img decoding=\"async\" class=\"\" data-attachment-id=\"42650\" data-orig-file=\"https:\/\/opistobranquis.info\/wp-content\/uploads\/2023\/12\/Trinchesia-granosa-11.jpg\" data-orig-size=\"810,544\" data-comments-opened=\"\" data-image-title=\"Trinchesia granosa or juvenile of A. alderi ? by Enric Madrenas\" data-image-description=\"&lt;p&gt;Trinchesia granosa or juvenile of A. alderi ? by Enric Madrenas&lt;\/p&gt; \" data-medium-file=\"https:\/\/i0.wp.com\/opistobranquis.info\/wp-content\/uploads\/2023\/12\/Trinchesia-granosa-11.jpg?fit=300%2C201&#038;ssl=1\" data-large-file=\"https:\/\/i0.wp.com\/opistobranquis.info\/wp-content\/uploads\/2023\/12\/Trinchesia-granosa-11.jpg?fit=810%2C544&#038;ssl=1\" src=\"https:\/\/i0.wp.com\/opistobranquis.info\/wp-content\/uploads\/2023\/12\/Trinchesia-granosa-11.jpg?w=215&#038;h=144&#038;ssl=1\" srcset=\"https:\/\/i0.wp.com\/opistobranquis.info\/wp-content\/uploads\/2023\/12\/Trinchesia-granosa-11.jpg?w=810&amp;ssl=1 810w, https:\/\/i0.wp.com\/opistobranquis.info\/wp-content\/uploads\/2023\/12\/Trinchesia-granosa-11.jpg?resize=300%2C201&amp;ssl=1 300w, https:\/\/i0.wp.com\/opistobranquis.info\/wp-content\/uploads\/2023\/12\/Trinchesia-granosa-11.jpg?resize=150%2C101&amp;ssl=1 150w\" width=\"215\" height=\"144\" loading=\"lazy\" data-original-width=\"215\" data-original-height=\"144\" itemprop=\"http:\/\/schema.org\/image\" title=\"Trinchesia granosa or juvenile of A. alderi ? by Enric Madrenas\" alt=\"Trinchesia granosa or juvenile of A. alderi ? by Enric Madrenas\" style=\"width: 215px; height: 144px;\" \/> <\/a> <div class=\"tiled-gallery-caption\" itemprop=\"caption description\"> Trinchesia granosa or juvenile of A. alderi ? by Enric Madrenas <\/div> <\/div> <\/div> <!-- close group --> <div class=\"gallery-group images-1\" style=\"width: 227px; height: 148px;\" data-original-width=\"227\" data-original-height=\"148\" > <div class=\"tiled-gallery-item tiled-gallery-item-small\" itemprop=\"associatedMedia\" itemscope itemtype=\"http:\/\/schema.org\/ImageObject\"> <a href=\"https:\/\/opistobranquis.info\/ca\/guia\/nudibranchia\/cladobranchia\/fionoidea\/trinchesia-granosa\/trinchesia-granosa-13\/\" border=\"0\" itemprop=\"url\"> <meta itemprop=\"width\" content=\"223\"> <meta itemprop=\"height\" content=\"144\"> <img decoding=\"async\" class=\"\" data-attachment-id=\"42651\" data-orig-file=\"https:\/\/opistobranquis.info\/wp-content\/uploads\/2023\/12\/Trinchesia-granosa-13.jpg\" data-orig-size=\"810,525\" data-comments-opened=\"\" data-image-title=\"Trinchesia granosa or juvenile of A. alderi ? by Enric Madrenas\" data-image-description=\"&lt;p&gt;Trinchesia granosa or juvenile of A. alderi ? by Enric Madrenas&lt;\/p&gt; \" data-medium-file=\"https:\/\/i0.wp.com\/opistobranquis.info\/wp-content\/uploads\/2023\/12\/Trinchesia-granosa-13.jpg?fit=300%2C194&#038;ssl=1\" data-large-file=\"https:\/\/i0.wp.com\/opistobranquis.info\/wp-content\/uploads\/2023\/12\/Trinchesia-granosa-13.jpg?fit=810%2C525&#038;ssl=1\" src=\"https:\/\/i0.wp.com\/opistobranquis.info\/wp-content\/uploads\/2023\/12\/Trinchesia-granosa-13.jpg?w=223&#038;h=144&#038;ssl=1\" srcset=\"https:\/\/i0.wp.com\/opistobranquis.info\/wp-content\/uploads\/2023\/12\/Trinchesia-granosa-13.jpg?w=810&amp;ssl=1 810w, https:\/\/i0.wp.com\/opistobranquis.info\/wp-content\/uploads\/2023\/12\/Trinchesia-granosa-13.jpg?resize=300%2C194&amp;ssl=1 300w, https:\/\/i0.wp.com\/opistobranquis.info\/wp-content\/uploads\/2023\/12\/Trinchesia-granosa-13.jpg?resize=150%2C97&amp;ssl=1 150w\" width=\"223\" height=\"144\" loading=\"lazy\" data-original-width=\"223\" data-original-height=\"144\" itemprop=\"http:\/\/schema.org\/image\" title=\"Trinchesia granosa or juvenile of A. alderi ? by Enric Madrenas\" alt=\"Trinchesia granosa or juvenile of A. alderi ? by Enric Madrenas\" style=\"width: 223px; height: 144px;\" \/> <\/a> <div class=\"tiled-gallery-caption\" itemprop=\"caption description\"> Trinchesia granosa or juvenile of A. alderi ? by Enric Madrenas <\/div> <\/div> <\/div> <!-- close group --> <div class=\"gallery-group images-1\" style=\"width: 230px; height: 148px;\" data-original-width=\"230\" data-original-height=\"148\" > <div class=\"tiled-gallery-item tiled-gallery-item-small\" itemprop=\"associatedMedia\" itemscope itemtype=\"http:\/\/schema.org\/ImageObject\"> <a href=\"https:\/\/opistobranquis.info\/ca\/guia\/nudibranchia\/cladobranchia\/fionoidea\/trinchesia-granosa\/trinchesia-granosa-16\/\" border=\"0\" itemprop=\"url\"> <meta itemprop=\"width\" content=\"226\"> <meta itemprop=\"height\" content=\"144\"> <img decoding=\"async\" class=\"\" data-attachment-id=\"42652\" data-orig-file=\"https:\/\/opistobranquis.info\/wp-content\/uploads\/2023\/12\/Trinchesia-granosa-16.jpg\" data-orig-size=\"810,519\" data-comments-opened=\"\" data-image-title=\"Trinchesia granosa or juvenile of A. alderi ? by Enric Madrenas\" data-image-description=\"&lt;p&gt;Trinchesia granosa or juvenile of A. alderi ? by Enric Madrenas&lt;\/p&gt; \" data-medium-file=\"https:\/\/i0.wp.com\/opistobranquis.info\/wp-content\/uploads\/2023\/12\/Trinchesia-granosa-16.jpg?fit=300%2C192&#038;ssl=1\" data-large-file=\"https:\/\/i0.wp.com\/opistobranquis.info\/wp-content\/uploads\/2023\/12\/Trinchesia-granosa-16.jpg?fit=810%2C519&#038;ssl=1\" src=\"https:\/\/i0.wp.com\/opistobranquis.info\/wp-content\/uploads\/2023\/12\/Trinchesia-granosa-16.jpg?w=226&#038;h=144&#038;ssl=1\" srcset=\"https:\/\/i0.wp.com\/opistobranquis.info\/wp-content\/uploads\/2023\/12\/Trinchesia-granosa-16.jpg?w=810&amp;ssl=1 810w, https:\/\/i0.wp.com\/opistobranquis.info\/wp-content\/uploads\/2023\/12\/Trinchesia-granosa-16.jpg?resize=300%2C192&amp;ssl=1 300w, https:\/\/i0.wp.com\/opistobranquis.info\/wp-content\/uploads\/2023\/12\/Trinchesia-granosa-16.jpg?resize=150%2C96&amp;ssl=1 150w\" width=\"226\" height=\"144\" loading=\"lazy\" data-original-width=\"226\" data-original-height=\"144\" itemprop=\"http:\/\/schema.org\/image\" title=\"Trinchesia granosa or juvenile of A. alderi ? by Enric Madrenas\" alt=\"Trinchesia granosa or juvenile of A. alderi ? by Enric Madrenas\" style=\"width: 226px; height: 144px;\" \/> <\/a> <div class=\"tiled-gallery-caption\" itemprop=\"caption description\"> Trinchesia granosa or juvenile of A. alderi ? by Enric Madrenas <\/div> <\/div> <\/div> <!-- close group --> <\/div> <!-- close row --> <\/div><\/p>\n<p><p><strong>Bibliografia<\/strong><\/p><ul><div id=\"zotpress-0db6ddf8195edab7dc0d79182cc779d9\" class=\"zp-Zotpress zp-Zotpress-Bib wp-block-group\">\n\n\t\t<span class=\"ZP_API_USER_ID ZP_ATTR\">1246567<\/span>\n\t\t<span class=\"ZP_ITEM_KEY ZP_ATTR\"><\/span>\n\t\t<span class=\"ZP_COLLECTION_ID ZP_ATTR\"><\/span>\n\t\t<span class=\"ZP_TAG_ID ZP_ATTR\">Trinchesia granosa<\/span>\n\t\t<span class=\"ZP_AUTHOR ZP_ATTR\"><\/span>\n\t\t<span class=\"ZP_YEAR ZP_ATTR\"><\/span>\n        <span class=\"ZP_ITEMTYPE ZP_ATTR\"><\/span>\n\t\t<span class=\"ZP_INCLUSIVE ZP_ATTR\">1<\/span>\n\t\t<span class=\"ZP_STYLE ZP_ATTR\">eunomia-revista-en-cultura-de-la-legalidad<\/span>\n\t\t<span class=\"ZP_LIMIT ZP_ATTR\">50<\/span>\n\t\t<span class=\"ZP_SORTBY ZP_ATTR\">creator<\/span>\n\t\t<span class=\"ZP_ORDER ZP_ATTR\">asc<\/span>\n\t\t<span class=\"ZP_TITLE ZP_ATTR\"><\/span>\n\t\t<span class=\"ZP_SHOWIMAGE ZP_ATTR\"><\/span>\n\t\t<span class=\"ZP_SHOWTAGS ZP_ATTR\"><\/span>\n\t\t<span class=\"ZP_DOWNLOADABLE ZP_ATTR\"><\/span>\n\t\t<span class=\"ZP_NOTES ZP_ATTR\"><\/span>\n\t\t<span class=\"ZP_ABSTRACT ZP_ATTR\"><\/span>\n\t\t<span class=\"ZP_CITEABLE ZP_ATTR\"><\/span>\n\t\t<span class=\"ZP_TARGET ZP_ATTR\">1<\/span>\n\t\t<span class=\"ZP_URLWRAP ZP_ATTR\"><\/span>\n\t\t<span class=\"ZP_FORCENUM ZP_ATTR\"><\/span>\n        <span class=\"ZP_HIGHLIGHT ZP_ATTR\"><\/span>\n        <span class=\"ZP_POSTID ZP_ATTR\">689<\/span>\n\t\t<span class=\"ZOTPRESS_PLUGIN_URL ZP_ATTR\">https:\/\/opistobranquis.info\/wp-content\/plugins\/zotpress\/<\/span>\n\n\t\t<div class=\"zp-List loading\">\n\t\t\t<div class=\"zp-SEO-Content\">\n\n\t\t\t<\/div><!-- .zp-zp-SEO-Content -->\n\t\t<\/div><!-- .zp-List -->\n\t<\/div><!--.zp-Zotpress-->\n\n<p><\/p>Bibliografia basada en els treballs de <b>Steve Long, 2006<\/b>. <a target=_blank href=https:\/\/opistobranquis.info\/wp-content\/uploads\/2016\/06\/Long-S.-2006-Bibliography-of-Opisthobranchia-1554-2000.pdf>Bibliography of Opisthobranchia 1554-2000<\/a> i <b>Gary McDonald, 2009<\/b>. <a href=http:\/\/escholarship.org\/uc\/item\/8115h0wz>Bibliographia Nudibranchia<\/a>, amb actualitzacions posteriors procedents d\u00b4altres fonts.<p><\/p><\/ul><p><\/p><p><strong>M\u00e9s informaci\u00f3<\/strong><\/p><span style=\"font-size:10pt\"><ul><ul class=\"blogroll-links\"><li><a href=\"http:\/\/www.biodiversitylibrary.org\/name\/Cuthona%20granosa\">Biodiversity Heritage Library<\/a><\/li><li><a href=\"https:\/\/www.flickr.com\/search\/?text=Trinchesia%20granosa\">Flickr pictures<\/a><\/li><li><a href=\"http:\/\/www.irmng.org\/aphia.php?p=taxlist&#038;tName=Trinchesia%20granosa\">Interim Register of Marine and Nonmarine Genera<\/a><\/li><li><a href=\"http:\/\/www.ncbi.nlm.nih.gov\/Taxonomy\/Browser\/wwwtax.cgi?mode=Undef&#038;name=Cuthona%20granosa&#038;lvl=0&#038;srchmode=1\">NCBI GenBank<\/a><\/li><li><a href=\"http:\/\/iobis.org\/mapper\/?taxon=Cuthona%20granosa\">OBIS - Search by Taxon<\/a><\/li><li><a href=\"http:\/\/commons.wikimedia.org\/wiki\/File:Cuthona_granosa_(Schmekel,_1966)_0.jpg\">Wikipedia<\/a><\/li><li><a href=\"http:\/\/www.marinespecies.org\/aphia.php?p=taxdetails&#038;id=141623\">World Register of Marine Species<\/a><\/li><\/ul><\/ul><\/span><p><strong>Citeu aquest article com: <\/strong><\/p><div style=\"display: block; background: #444444; padding: 10px 30px 10px 10px; border-radius: 5px; line-height: 18px;\"><p class=\"citacio\"><b>Pontes, Miquel<\/b> (2025) <em>\"Trinchesia granosa\"<\/em> a <em>OPK-Opistobranquis<\/em>. Publicat: 17\/05\/2012. Accedit: 03\/09\/2026. Disponible a (<a href=https:\/\/opistobranquis.info\/ca\/?p=689>https:\/\/opistobranquis.info\/ca\/?p=689<\/a>)<\/p><p><\/p><\/div><p><\/p><\/p>","protected":false},"excerpt":{"rendered":"<p>Trinchesia granosa\u00a0 Schmekel, 1966 Sin\u00f2nims Tenellia granosa\u00a0(Schmekel, 1966) Cuthona\u00a0granosa\u00a0(Schmekel, L., 1966) Descripci\u00f3 El cos \u00e9s allargat, de color blanc transl\u00facid i pot arribar a mesurar 11 mm de longitud. El cap, el cos, els rin\u00f2fors i els tentacles orals estan recoberts d&#8217;un fi puntejat de color blanc opac, absent al peu i als cerata. Els rin\u00f2fors arriben a mesurar un quart de la longitud del cos, s\u00f3n llisos i digitiformes\u2026<\/p>\n<p class=\"continue-reading-button\"> <a class=\"continue-reading-link\" href=\"https:\/\/opistobranquis.info\/ca\/guia\/nudibranchia\/cladobranchia\/fionoidea\/trinchesia-granosa\/\">Continua llegint<i class=\"crycon-right-dir\"><\/i><\/a><\/p>\n","protected":false},"author":5,"featured_media":42616,"parent":25630,"menu_order":8736,"comment_status":"closed","ping_status":"closed","template":"","meta":{"footnotes":""},"class_list":["post-689","page","type-page","status-publish","has-post-thumbnail","hentry"],"jetpack_sharing_enabled":true,"_links":{"self":[{"href":"https:\/\/opistobranquis.info\/ca\/wp-json\/wp\/v2\/pages\/689","targetHints":{"allow":["GET"]}}],"collection":[{"href":"https:\/\/opistobranquis.info\/ca\/wp-json\/wp\/v2\/pages"}],"about":[{"href":"https:\/\/opistobranquis.info\/ca\/wp-json\/wp\/v2\/types\/page"}],"author":[{"embeddable":true,"href":"https:\/\/opistobranquis.info\/ca\/wp-json\/wp\/v2\/users\/5"}],"replies":[{"embeddable":true,"href":"https:\/\/opistobranquis.info\/ca\/wp-json\/wp\/v2\/comments?post=689"}],"version-history":[{"count":9,"href":"https:\/\/opistobranquis.info\/ca\/wp-json\/wp\/v2\/pages\/689\/revisions"}],"predecessor-version":[{"id":42653,"href":"https:\/\/opistobranquis.info\/ca\/wp-json\/wp\/v2\/pages\/689\/revisions\/42653"}],"up":[{"embeddable":true,"href":"https:\/\/opistobranquis.info\/ca\/wp-json\/wp\/v2\/pages\/25630"}],"wp:featuredmedia":[{"embeddable":true,"href":"https:\/\/opistobranquis.info\/ca\/wp-json\/wp\/v2\/media\/42616"}],"wp:attachment":[{"href":"https:\/\/opistobranquis.info\/ca\/wp-json\/wp\/v2\/media?parent=689"}],"curies":[{"name":"wp","href":"https:\/\/api.w.org\/{rel}","templated":true}]}}