{"id":691,"date":"2012-05-17T16:52:54","date_gmt":"2012-05-17T14:52:54","guid":{"rendered":"https:\/\/opistobranquis.info\/cuthona-ocellatacuthona-ocellatacuthona-ocellata"},"modified":"2022-12-28T18:17:27","modified_gmt":"2022-12-28T17:17:27","slug":"trinchesia-ocellata","status":"publish","type":"page","link":"https:\/\/opistobranquis.info\/ca\/guia\/nudibranchia\/cladobranchia\/fionoidea\/trinchesia-ocellata\/","title":{"rendered":"Trinchesia ocellata"},"content":{"rendered":"<p><\/p>\n<h3><em>Trinchesia\u00a0<\/em><em>ocellata<\/em>\u00a0 Schmeckel, 1966<\/h3>\n<p><span style=\"font-size:10pt;\" class=\"aligncenter\"><div id=\"featured-img-id\"><img data-recalc-dims=\"1\" decoding=\"async\" src=\"https:\/\/i0.wp.com\/opistobranquis.info\/wp-content\/uploads\/2022\/12\/Trinchesia-ocellata-77.jpg?w=900&#038;ssl=1\" alt=\"Trinchesia ocellata @ Palam\u00f3s by Enric Madrenas\" \/><\/div><center><em>Trinchesia ocellata @ Palam\u00f3s<\/em> per Enric Madrenas<\/center><\/span><p><\/p><div class=\"opk-worms\"><h3>Informaci\u00f3 taxon\u00f2mica WoRMS<\/h3><div class=\"opk-alert\">El nom consultat Trinchesia ocellata no est\u00e0 actualment acceptat (superseded combination).<br>Nom acceptat actual: <strong><em>Tenellia ocellata<\/em> Schmekel, 1966<\/strong><\/div><h4>Classificaci\u00f3 actual<\/h4><table class=\"widefat striped\"><tr><th>Superdomain<\/th><td><a target=\"_blank\" href=\"https:\/\/www.marinespecies.org\/aphia.php?p=taxdetails&id=1\">Biota<\/a><\/td><\/tr><tr><th>Kingdom<\/th><td><a target=\"_blank\" href=\"https:\/\/www.marinespecies.org\/aphia.php?p=taxdetails&id=2\">Animalia<\/a><\/td><\/tr><tr><th>Phylum<\/th><td><a target=\"_blank\" href=\"https:\/\/www.marinespecies.org\/aphia.php?p=taxdetails&id=51\">Mollusca<\/a><\/td><\/tr><tr><th>Class<\/th><td><a target=\"_blank\" href=\"https:\/\/www.marinespecies.org\/aphia.php?p=taxdetails&id=101\">Gastropoda<\/a><\/td><\/tr><tr><th>Subclass<\/th><td><a target=\"_blank\" href=\"https:\/\/www.marinespecies.org\/aphia.php?p=taxdetails&id=14712\">Heterobranchia<\/a><\/td><\/tr><tr><th>Infraclass<\/th><td><a target=\"_blank\" href=\"https:\/\/www.marinespecies.org\/aphia.php?p=taxdetails&id=1057247\">Euthyneura<\/a><\/td><\/tr><tr><th>Subterclass<\/th><td><a target=\"_blank\" href=\"https:\/\/www.marinespecies.org\/aphia.php?p=taxdetails&id=1057249\">Ringipleura<\/a><\/td><\/tr><tr><th>Superorder<\/th><td><a target=\"_blank\" href=\"https:\/\/www.marinespecies.org\/aphia.php?p=taxdetails&id=411966\">Nudipleura<\/a><\/td><\/tr><tr><th>Order<\/th><td><a target=\"_blank\" href=\"https:\/\/www.marinespecies.org\/aphia.php?p=taxdetails&id=1762\">Nudibranchia<\/a><\/td><\/tr><tr><th>Suborder<\/th><td><a target=\"_blank\" href=\"https:\/\/www.marinespecies.org\/aphia.php?p=taxdetails&id=827889\">Cladobranchia<\/a><\/td><\/tr><tr><th>Superfamily<\/th><td><a target=\"_blank\" href=\"https:\/\/www.marinespecies.org\/aphia.php?p=taxdetails&id=412646\">Fionoidea<\/a><\/td><\/tr><tr><th>Family<\/th><td><a target=\"_blank\" href=\"https:\/\/www.marinespecies.org\/aphia.php?p=taxdetails&id=151283\">Trinchesiidae<\/a><\/td><\/tr><tr><th>Genus<\/th><td><a target=\"_blank\" href=\"https:\/\/www.marinespecies.org\/aphia.php?p=taxdetails&id=138545\"><em>Tenellia<\/em><\/a><\/td><\/tr><tr><th>Species<\/th><td><a target=\"_blank\" href=\"https:\/\/www.marinespecies.org\/aphia.php?p=taxdetails&id=1793362\"><em>Tenellia ocellata<\/em> Schmekel, 1966<\/a><\/td><\/tr><\/table><p class=\"footer\">Classificaci\u00f3 proporcionada pel World Register of Marine Species (WoRMS). [<a target=\"_blank\" href=\"https:\/\/www.marinespecies.org\/aphia.php?p=taxdetails&id=1793362\">1793362<\/a>]<\/p><\/div><p><strong>Nota taxon\u00f2mica<\/strong>: Les an\u00e0lisis filogen\u00e8tiques realitzades per Cella et al. (2016) van revelar que la fam\u00edlia Tergipedidae tradicional \u00e9s polifil\u00e8tica i pertany a un clade monofil\u00e8tic m\u00e9s gran que inclou membres de les fam\u00edlies tradicionals Eubranchidae, Fionidae i Calmidae; aquest va ser un resultat inesperat, ja que la validesa d\u00b4aquests taxons i la seva distinci\u00f3 dels Tergipedidae mai havia estat q\u00fcestionada abans. Es proposa unir les fam\u00edlies Tergipedidae, Eubranchidae, Calmidae i Fionidae sota el nom de Fionidae. Dins Fionidae, els resultats obtinguts van demostrar la necessitat de desenvolupar una nova classificaci\u00f3, ja que les classificacions anteriors (per exemple, separant <i>Catriona<\/i>, <i>Cuthona<\/i> i <i>Trinchesia<\/i> com a taxons diferents) eren inconsistents amb la filog\u00e8nia resultant. Aquests an\u00e0lisis tamb\u00e9 recuperen un clade (<i>Tenellia<\/i>) que inclou a tots els membres dels g\u00e8neres <i>Tenellia<\/i>, <i>Trinchesia<\/i>, <i>Phestilla<\/i>, <i>Catriona<\/i> i la majoria de les esp\u00e8cies descrites i no descrites de <i>Cuthona<\/i>. Es proposen nous g\u00e8neres<i>Rubramoena<\/i>, <i>Abronica<\/i> i <i>Tergiposacca<\/i> per agrupar altres esp\u00e8cies. Tamb\u00e9 suggereixen que Fionidae \u00e9s ric en complexos d\u00b4esp\u00e8cies cr\u00edptiques, dif\u00edcils de separar pels car\u00e0cters taxon\u00f2mics tradicionals, i amb una gran diversitat d\u00b4esp\u00e8cies no detectades pr\u00e8viament.<br>Pocs mesos despr\u00e9s Korshunova et al. (2017) reprenen l\u00b4estudi de la filog\u00e8nia dels Tergipedidae i utilitzant no nom\u00e9s dades moleculars sin\u00f3 tamb\u00e9 morfol\u00f2giques i ontogen\u00e8tiques realitzen una cr\u00edtica severa al treball de Cella et al. (2016), proposant reinstaurar les fam\u00edlies Calmidae, Eubranchidae, Fionidae, Tergipedidae, Cuthonidae, Cuthonellidae i Trinchesiidae, essent aquesta \u00faltima la m\u00e9s abundant en taxons espec\u00edfics. Tamb\u00e9 reinstauren els g\u00e8neres <i>Catriona<\/i>, <i>Diaphoreolis<\/i>, <i>Phestilla<\/i> i <i>Trinchesia<\/i> que en el treball de Cella et al. (2016) havien estat inclosos dins del g\u00e8nere <i>Tenellia<\/i>. Korshunova et al. descriuen a m\u00e9s un g\u00e8nere nou, <i>Zelentia<\/i> que inclou a <i>Z. pustulata<\/i> (esp\u00e8cie tipus <i>Eolis pustulata<\/i> Alder &amp; Hancock, 1854), a <i>Z. fulgens<\/i> (MacFarland, 1966) i una nova esp\u00e8cie del mar de Barents,<i> Z. Ninel<\/i>, indicant p-distances importants entre les tres esp\u00e8cies (entre 10.49% i 13.83%). Tots els g\u00e8neres anteriors, Korshunova et al. (2017) els consideren dins de la fam\u00edlia Trinchesiidae. Tamb\u00e9 q\u00fcestionen la validesa del g\u00e8nere <i>Rubramoena<\/i> de Cella et al.<br>La posici\u00f3 de WoRMS \u00e9s de tipus conservador, mantenint les fam\u00edlies Cuthonidae, Calmidae, Cuthonellidae, Eubranchidae, Fionidae, Pseodovermidae, Tergipedidae i Trinchesiidae dins de la superfam\u00edlia Fionoidea. Les esp\u00e8cies europees que fins fa poc estaven considerades com <i>Cuthona<\/i>, WoRMS les considera dins del g\u00e8nere<i>Trinchesia<\/i>, com <i>T.albopunctata<\/i>, <i>T.caerulea<\/i>, <i>T.foliata<\/i>, <i>T.genovae<\/i>, <i>T.granosa<\/i>,<i> T.ilonae<\/i>, <i>T.miniostriata<\/i> i <i>T.ocellata<\/i>. <i>Rubramoena<\/i> \u00e9s tamb\u00e9 considerat un g\u00e8nere v\u00e0lid a WoRMS. Aquestes opinions s\u00f3n les que considerem a OPK mentre no hi hagi altres dades m\u00e9s concloents.<\/p><strong>Sin\u00f2nims<\/strong><\/p>\n<ul>\n<li><i>Tenellia ocellata<\/i>\u00a0 (Schmekel, 1966)<\/li>\n<li><em>Cuthona\u00a0ocellata<\/em> (Schmeckel, 1966)<\/li>\n<\/ul>\n<p><b>Descripci\u00f3<br \/>\n<\/b>Els exemplars poden arribar a mesurar 13 mm de longitud. El cos dels animals \u00e9s estilitzat i transl\u00facid per\u00f2 d&#8217;una tonalitat verd-groguenca. En el dors destaca una l\u00ednia longitudinal blanca que va des del cap, passant entre la base dels rin\u00f2fors, fins a la cua. En els flancs del cos tamb\u00e9 sol haver-hi una l\u00ednia blanca, en ocasions discont\u00ednua. Els palps orals s\u00f3n relativament curts, transparents i amb pigment blanc superficial, excepte a la base, que \u00e9s groga. Els rin\u00f2fors s\u00f3n gaireb\u00e9 de major longitud que els palps orals, s\u00f3n tamb\u00e9 semitransparents, podent-se veure en el seu interior i amb la lupa binocular el nervi rinof\u00f2ric. La superf\u00edcie dels rin\u00f2fors t\u00e9 taques blanques que poden ser gaireb\u00e9 cont\u00ednues en la cara anterior i posterior. Els ulls, poc aparents, es troben quelcom per darrere de la base dels rin\u00f2fors. Pot haver-hi fins a 8 grups de cerata en cada costat del cos. Els dos primers grups s\u00f3n sim\u00e8trics a banda i banda i entre ells es troba la regi\u00f3 card\u00edaca, que fa lleugera promin\u00e8ncia cap amunt i t\u00e9 un tegument transparent que permet distingir l&#8217;aur\u00edcula i el ventricle i les seves contraccions. Hi ha tres fileres de cerata en el primer grup mentre que nom\u00e9s una filera en els altres grups. A partir del segon grup de cerata, la resta son asim\u00e8trics, estant els de la dreta una mica m\u00e9s avan\u00e7ats que els de l&#8217;esquerra. La grand\u00e0ria dels cerata en cada grup augmenta des dels m\u00e9s exteriors fins als situats m\u00e9s internament. A l&#8217;interior de cada cerata, la gl\u00e0ndula digestiva \u00e9s de color marr\u00f3 a la base i vermell intens prop de l&#8217;\u00e0pex, que \u00e9s groguenc. En la meitat superior de l&#8217;epidermis dels cerata hi ha taques blanques irregulars en grand\u00e0ria i forma. El peu \u00e9s estret i a la seva zona anterior diferencia uns curts palps propodials de color verd groguenc. L&#8217;orifici genital est\u00e0 situat sota la segona filera del primer grup de cerata de la dreta.<\/p>\n<p><b>Biologia<br \/>\n<\/b>S&#8217;han citat diverses esp\u00e8cies de hidraris com a substrat de <em>T<\/em><i>. ocellata<\/i>, tant de tecats com d\u2019atecats, com els g\u00e8neres <i>Halecium, Dynamena, Sertulaella, Dicoryne, Podocoryne, Obelia i Eudendrium,<\/i> que podrien constituir el seu manteniment alimentari. S&#8217;ha comprovat tamb\u00e9 que posa la posta sobre col\u00f2nies del hidrari \u00a0<i>Halecium labrosum<\/i>; la posta \u00e9s un cord\u00f3 transparent i de forma irregular que t\u00e9 ous de color blanc d&#8217;unes 120 micres.<\/p>\n<p><strong>Etimologia<\/strong><\/p>\n<ul>\n<li><em>Trinchesia<\/em>. En honor del Profesor Salvatore Trinchese (1836-1897), opistobranqui\u00f2leg itali\u00e0, Professor de Zoologia a la Universitat de Bolonya i successor de Paolo Panceri com a Professor d&#8217;Anatomia Comparada a la Universitat de N\u00e0pols.<\/li>\n<li><em>Ocellata<\/em>, del Llat\u00ed <em>ocellus<\/em>, diminutiu d&#8217;<em>oculus<\/em>, ull. Es refereix a un ull simple, com\u00fa a molts organismes marins, per\u00f2 tamb\u00e9 es fa servir per animals amb taques circulars semblants a ulls.<\/li>\n<\/ul>\n<p><strong>Distribuci\u00f3<br \/>\n<\/strong>\u00c9s present a totes les costes de la Pen\u00ednsula Ib\u00e8rica, tant atl\u00e0ntiques com mediterr\u00e0nies. A la Mediterr\u00e0nia occidental s\u2019ha citat a Espanya, Fran\u00e7a i It\u00e0lia, amb alguna cita al mar Adri\u00e0tic. A Catalunya s\u2019ha trobat per tota la Costa Brava, on \u00e9s relativament freq\u00fcent. <div id=\"flxmap-6a9a6b55779c7\" class='flxmap-container' data-flxmap='flxmap_6a9a6b55779c7' style=\"width:100%;height:400px;\"><\/div>\n<script data-noptimize=\"1\">\n\/* <![CDATA[ *\/\n(function(w, fn) {\n if (w.addEventListener) w.addEventListener(\"DOMContentLoaded\", fn, false);\n else if (w.attachEvent) w.attachEvent(\"onload\", fn);\n})(window, function() {\n var f = new FlexibleMap();\n f.panControl = true;\n f.mapTypeId = \"satellite\";\n f.setlocale(\"ca-ES\");\n f.kmlcache = \"5 minutes\";\n f.showKML(\"flxmap-6a9a6b55779c7\", \"https:\/\/opistobranquis.info\/wp-content\/uploads\/kms\/691.kmz\");\n window.flxmap_6a9a6b55779c7 = f;\n});\n\/* ]]> *\/\n<\/script>\n<div style=\"width:100%;text-align:center;margin:12px 0 4px 0;\">\n  <div style=\"font-size:8pt;margin-bottom:6px;\">Cites georeferenciades conegudes de l'esp\u00e8cie: <em>Trinchesia ocellata<\/em><\/div>\n  <table style=\"margin:0 auto;border-collapse:collapse;font-size:8pt;\">\n    <tr><td colspan=\"2\" style=\"text-align:left;padding-bottom:4px;\"><strong>Fonts:<\/strong><\/td><\/tr>\n    <tr>\n      <td style=\"vertical-align:top;padding-right:40px;\">\n        <table style=\"border-collapse:collapse;\">\n<tr><td style='padding:1px 6px 1px 0;vertical-align:middle'><img data-recalc-dims=\"1\" src=\"https:\/\/i0.wp.com\/opistobranquis.info\/wp-content\/uploads\/kms\/wht-circle-lv.png?w=900&#038;ssl=1\" style='display:block'><\/td><td style='padding:1px 0;vertical-align:middle;white-space:nowrap'>OBIS<\/td><\/tr><tr><td style='padding:1px 6px 1px 0;vertical-align:middle'><img data-recalc-dims=\"1\" src=\"https:\/\/i0.wp.com\/opistobranquis.info\/wp-content\/uploads\/kms\/ylw-circle-lv.png?w=900&#038;ssl=1\" style='display:block'><\/td><td style='padding:1px 0;vertical-align:middle;white-space:nowrap'>GROC 2010-2011<\/td><\/tr><tr><td style='padding:1px 6px 1px 0;vertical-align:middle'><img data-recalc-dims=\"1\" src=\"https:\/\/i0.wp.com\/opistobranquis.info\/wp-content\/uploads\/kms\/grn-circle-lv.png?w=900&#038;ssl=1\" style='display:block'><\/td><td style='padding:1px 0;vertical-align:middle;white-space:nowrap'>Enric Madrenas<\/td><\/tr><tr><td style='padding:1px 6px 1px 0;vertical-align:middle'><img data-recalc-dims=\"1\" src=\"https:\/\/i0.wp.com\/opistobranquis.info\/wp-content\/uploads\/kms\/orange-circle-lv.png?w=900&#038;ssl=1\" style='display:block'><\/td><td style='padding:1px 0;vertical-align:middle;white-space:nowrap'>Jo\u00e3o Pedro Silva<\/td><\/tr><tr><td style='padding:1px 6px 1px 0;vertical-align:middle'><img data-recalc-dims=\"1\" src=\"https:\/\/i0.wp.com\/opistobranquis.info\/wp-content\/uploads\/kms\/pink-circle-lv.png?w=900&#038;ssl=1\" style='display:block'><\/td><td style='padding:1px 0;vertical-align:middle;white-space:nowrap'>Bernard Picton<\/td><\/tr><tr><td style='padding:1px 6px 1px 0;vertical-align:middle'><img data-recalc-dims=\"1\" src=\"https:\/\/i0.wp.com\/opistobranquis.info\/wp-content\/uploads\/kms\/blk-circle-lv.png?w=900&#038;ssl=1\" style='display:block'><\/td><td style='padding:1px 0;vertical-align:middle;white-space:nowrap'>GBIF<\/td><\/tr>        <\/table>\n      <\/td>\n      <td style=\"vertical-align:top;\">\n        <table style=\"border-collapse:collapse;\">\n<tr><td style='padding:1px 6px 1px 0;vertical-align:middle'><img data-recalc-dims=\"1\" src=\"https:\/\/i0.wp.com\/opistobranquis.info\/wp-content\/uploads\/kms\/purple-circle-lv.png?w=900&#038;ssl=1\" style='display:block'><\/td><td style='padding:1px 0;vertical-align:middle;white-space:nowrap'>OPK<\/td><\/tr><tr><td style='padding:1px 6px 1px 0;vertical-align:middle'><img data-recalc-dims=\"1\" src=\"https:\/\/i0.wp.com\/opistobranquis.info\/wp-content\/uploads\/kms\/red-circle-lv.png?w=900&#038;ssl=1\" style='display:block'><\/td><td style='padding:1px 0;vertical-align:middle;white-space:nowrap'>VIMAR<\/td><\/tr><tr><td style='padding:1px 6px 1px 0;vertical-align:middle'><img data-recalc-dims=\"1\" src=\"https:\/\/i0.wp.com\/opistobranquis.info\/wp-content\/uploads\/kms\/blu-circle-lv.png?w=900&#038;ssl=1\" style='display:block'><\/td><td style='padding:1px 0;vertical-align:middle;white-space:nowrap'>Manuel Ballesteros<\/td><\/tr><tr><td style='padding:1px 6px 1px 0;vertical-align:middle'><img data-recalc-dims=\"1\" src=\"https:\/\/i0.wp.com\/opistobranquis.info\/wp-content\/uploads\/kms\/cyan-circle-lv.png?w=900&#038;ssl=1\" style='display:block'><\/td><td style='padding:1px 0;vertical-align:middle;white-space:nowrap'>M@re Nostrum<\/td><\/tr><tr><td style='padding:1px 6px 1px 0;vertical-align:middle'><img data-recalc-dims=\"1\" src=\"https:\/\/i0.wp.com\/opistobranquis.info\/wp-content\/uploads\/kms\/grey-circle-lv.png?w=900&#038;ssl=1\" style='display:block'><\/td><td style='padding:1px 0;vertical-align:middle;white-space:nowrap'>Altres fonts<\/td><\/tr><tr><td style='padding:1px 6px 1px 0;vertical-align:middle'><img data-recalc-dims=\"1\" src=\"https:\/\/i0.wp.com\/opistobranquis.info\/wp-content\/uploads\/kms\/marreg.png?w=900&#038;ssl=1\" style='display:block'><\/td><td style='padding:1px 0;vertical-align:middle;white-space:nowrap'>Marine Regions<\/td><\/tr>        <\/table>\n      <\/td>\n    <\/tr>\n  <\/table>\n<\/div>\n<\/p>\n<p><strong>Esp\u00e8cies semblants<br \/>\n<\/strong>La coloraci\u00f3 groc verdosa del cos la fan inconfusible.<\/p>\n<p><strong>Error:<\/strong> Chart.js no est\u00e1 disponible.<\/p>\n<p><strong>Videos<\/strong><\/p>\n<p><iframe loading=\"lazy\" src=\"https:\/\/player.vimeo.com\/video\/406788930?h=d2fa21a23a&amp;dnt=1&amp;app_id=122963\" width=\"900\" height=\"506\" frameborder=\"0\" allow=\"autoplay; fullscreen; picture-in-picture\" allowfullscreen><\/iframe><\/p>\n<p><iframe loading=\"lazy\" src=\"https:\/\/player.vimeo.com\/video\/784334319?h=21d3b29c43&amp;dnt=1&amp;app_id=122963\" width=\"900\" height=\"506\" frameborder=\"0\" allow=\"autoplay; fullscreen; picture-in-picture\" allowfullscreen><\/iframe><\/p>\n<p>&nbsp;<\/p>\n<p><strong>Altres fotos<br \/>\n<\/strong><div class=\"tiled-gallery type-rectangular tiled-gallery-unresized\" data-original-width=\"900\" data-carousel-extra='{&quot;blog_id&quot;:1,&quot;permalink&quot;:&quot;https:\\\/\\\/opistobranquis.info\\\/ca\\\/guia\\\/nudibranchia\\\/cladobranchia\\\/fionoidea\\\/trinchesia-ocellata\\\/&quot;,&quot;likes_blog_id&quot;:44192421}' itemscope itemtype=\"http:\/\/schema.org\/ImageGallery\" > <div class=\"gallery-row\" style=\"width: 900px; height: 248px;\" data-original-width=\"900\" data-original-height=\"248\" > <div class=\"gallery-group images-1\" style=\"width: 365px; height: 248px;\" data-original-width=\"365\" data-original-height=\"248\" > <div class=\"tiled-gallery-item tiled-gallery-item-large\" itemprop=\"associatedMedia\" itemscope itemtype=\"http:\/\/schema.org\/ImageObject\"> <a href=\"https:\/\/opistobranquis.info\/ca\/guia\/nudibranchia\/cladobranchia\/fionoidea\/trinchesia-ocellata\/cuthona-ocellata-01\/\" border=\"0\" itemprop=\"url\"> <meta itemprop=\"width\" content=\"361\"> <meta itemprop=\"height\" content=\"244\"> <img decoding=\"async\" class=\"\" data-attachment-id=\"4294\" data-orig-file=\"https:\/\/opistobranquis.info\/wp-content\/uploads\/2012\/12\/cuthona-ocellata-01.jpg\" data-orig-size=\"814,550\" data-comments-opened=\"\" data-image-title=\"Trinchesia ocellata by Enric Madrenas\" data-image-description=\"&lt;p&gt;Trinchesia ocellata by Enric Madrenas &lt;\/p&gt; \" data-medium-file=\"https:\/\/i0.wp.com\/opistobranquis.info\/wp-content\/uploads\/2012\/12\/cuthona-ocellata-01.jpg?fit=300%2C202&#038;ssl=1\" data-large-file=\"https:\/\/i0.wp.com\/opistobranquis.info\/wp-content\/uploads\/2012\/12\/cuthona-ocellata-01.jpg?fit=814%2C550&#038;ssl=1\" src=\"https:\/\/i0.wp.com\/opistobranquis.info\/wp-content\/uploads\/2012\/12\/cuthona-ocellata-01.jpg?w=361&#038;h=244&#038;ssl=1\" srcset=\"https:\/\/i0.wp.com\/opistobranquis.info\/wp-content\/uploads\/2012\/12\/cuthona-ocellata-01.jpg?w=814&amp;ssl=1 814w, https:\/\/i0.wp.com\/opistobranquis.info\/wp-content\/uploads\/2012\/12\/cuthona-ocellata-01.jpg?resize=300%2C202&amp;ssl=1 300w\" width=\"361\" height=\"244\" loading=\"lazy\" data-original-width=\"361\" data-original-height=\"244\" itemprop=\"http:\/\/schema.org\/image\" title=\"Trinchesia ocellata by Enric Madrenas\" alt=\"Trinchesia ocellata by Enric Madrenas\" style=\"width: 361px; height: 244px;\" \/> <\/a> <div class=\"tiled-gallery-caption\" itemprop=\"caption description\"> Trinchesia ocellata by Enric Madrenas <\/div> <\/div> <\/div> <!-- close group --> <div class=\"gallery-group images-1\" style=\"width: 170px; height: 248px;\" data-original-width=\"170\" data-original-height=\"248\" > <div class=\"tiled-gallery-item tiled-gallery-item-small\" itemprop=\"associatedMedia\" itemscope itemtype=\"http:\/\/schema.org\/ImageObject\"> <a href=\"https:\/\/opistobranquis.info\/ca\/guia\/nudibranchia\/cladobranchia\/fionoidea\/trinchesia-ocellata\/cuthona-ocellata-02\/\" border=\"0\" itemprop=\"url\"> <meta itemprop=\"width\" content=\"166\"> <meta itemprop=\"height\" content=\"244\"> <img decoding=\"async\" class=\"\" data-attachment-id=\"4295\" data-orig-file=\"https:\/\/opistobranquis.info\/wp-content\/uploads\/2012\/12\/cuthona-ocellata-02.jpg\" data-orig-size=\"416,614\" data-comments-opened=\"\" data-image-title=\"Trinchesia ocellata by Enric Madrenas\" data-image-description=\"&lt;p&gt;Trinchesia ocellata by Enric Madrenas &lt;\/p&gt; \" data-medium-file=\"https:\/\/i0.wp.com\/opistobranquis.info\/wp-content\/uploads\/2012\/12\/cuthona-ocellata-02.jpg?fit=203%2C300&#038;ssl=1\" data-large-file=\"https:\/\/i0.wp.com\/opistobranquis.info\/wp-content\/uploads\/2012\/12\/cuthona-ocellata-02.jpg?fit=416%2C614&#038;ssl=1\" src=\"https:\/\/i0.wp.com\/opistobranquis.info\/wp-content\/uploads\/2012\/12\/cuthona-ocellata-02.jpg?w=166&#038;h=244&#038;ssl=1\" srcset=\"https:\/\/i0.wp.com\/opistobranquis.info\/wp-content\/uploads\/2012\/12\/cuthona-ocellata-02.jpg?w=416&amp;ssl=1 416w, https:\/\/i0.wp.com\/opistobranquis.info\/wp-content\/uploads\/2012\/12\/cuthona-ocellata-02.jpg?resize=203%2C300&amp;ssl=1 203w\" width=\"166\" height=\"244\" loading=\"lazy\" data-original-width=\"166\" data-original-height=\"244\" itemprop=\"http:\/\/schema.org\/image\" title=\"Trinchesia ocellata by Enric Madrenas\" alt=\"Trinchesia ocellata by Enric Madrenas\" style=\"width: 166px; height: 244px;\" \/> <\/a> <div class=\"tiled-gallery-caption\" itemprop=\"caption description\"> Trinchesia ocellata by Enric Madrenas <\/div> <\/div> <\/div> <!-- close group --> <div class=\"gallery-group images-1\" style=\"width: 365px; height: 248px;\" data-original-width=\"365\" data-original-height=\"248\" > <div class=\"tiled-gallery-item tiled-gallery-item-large\" itemprop=\"associatedMedia\" itemscope itemtype=\"http:\/\/schema.org\/ImageObject\"> <a href=\"https:\/\/opistobranquis.info\/ca\/guia\/nudibranchia\/cladobranchia\/fionoidea\/trinchesia-ocellata\/cuthona-ocellata-03\/\" border=\"0\" itemprop=\"url\"> <meta itemprop=\"width\" content=\"361\"> <meta itemprop=\"height\" content=\"244\"> <img decoding=\"async\" class=\"\" data-attachment-id=\"4296\" data-orig-file=\"https:\/\/opistobranquis.info\/wp-content\/uploads\/2012\/12\/cuthona-ocellata-03.jpg\" data-orig-size=\"814,550\" data-comments-opened=\"\" data-image-title=\"Trinchesia ocellata by Enric Madrenas\" data-image-description=\"&lt;p&gt;Trinchesia ocellata by Enric Madrenas &lt;\/p&gt; \" data-medium-file=\"https:\/\/i0.wp.com\/opistobranquis.info\/wp-content\/uploads\/2012\/12\/cuthona-ocellata-03.jpg?fit=300%2C202&#038;ssl=1\" data-large-file=\"https:\/\/i0.wp.com\/opistobranquis.info\/wp-content\/uploads\/2012\/12\/cuthona-ocellata-03.jpg?fit=814%2C550&#038;ssl=1\" src=\"https:\/\/i0.wp.com\/opistobranquis.info\/wp-content\/uploads\/2012\/12\/cuthona-ocellata-03.jpg?w=361&#038;h=244&#038;ssl=1\" srcset=\"https:\/\/i0.wp.com\/opistobranquis.info\/wp-content\/uploads\/2012\/12\/cuthona-ocellata-03.jpg?w=814&amp;ssl=1 814w, https:\/\/i0.wp.com\/opistobranquis.info\/wp-content\/uploads\/2012\/12\/cuthona-ocellata-03.jpg?resize=300%2C202&amp;ssl=1 300w\" width=\"361\" height=\"244\" loading=\"lazy\" data-original-width=\"361\" data-original-height=\"244\" itemprop=\"http:\/\/schema.org\/image\" title=\"Trinchesia ocellata by Enric Madrenas\" alt=\"Trinchesia ocellata by Enric Madrenas\" style=\"width: 361px; height: 244px;\" \/> <\/a> <div class=\"tiled-gallery-caption\" itemprop=\"caption description\"> Trinchesia ocellata by Enric Madrenas <\/div> <\/div> <\/div> <!-- close group --> <\/div> <!-- close row --> <div class=\"gallery-row\" style=\"width: 900px; height: 636px;\" data-original-width=\"900\" data-original-height=\"636\" > <div class=\"gallery-group images-2\" style=\"width: 469px; height: 636px;\" data-original-width=\"469\" data-original-height=\"636\" > <div class=\"tiled-gallery-item tiled-gallery-item-large\" itemprop=\"associatedMedia\" itemscope itemtype=\"http:\/\/schema.org\/ImageObject\"> <a href=\"https:\/\/opistobranquis.info\/ca\/guia\/nudibranchia\/cladobranchia\/fionoidea\/trinchesia-ocellata\/cuthona-ocellata-04\/\" border=\"0\" itemprop=\"url\"> <meta itemprop=\"width\" content=\"465\"> <meta itemprop=\"height\" content=\"314\"> <img decoding=\"async\" class=\"\" data-attachment-id=\"4297\" data-orig-file=\"https:\/\/opistobranquis.info\/wp-content\/uploads\/2012\/12\/cuthona-ocellata-04.jpg\" data-orig-size=\"814,550\" data-comments-opened=\"\" data-image-title=\"Trinchesia ocellata by Enric Madrenas\" data-image-description=\"&lt;p&gt;Trinchesia ocellata by Enric Madrenas &lt;\/p&gt; \" data-medium-file=\"https:\/\/i0.wp.com\/opistobranquis.info\/wp-content\/uploads\/2012\/12\/cuthona-ocellata-04.jpg?fit=300%2C202&#038;ssl=1\" data-large-file=\"https:\/\/i0.wp.com\/opistobranquis.info\/wp-content\/uploads\/2012\/12\/cuthona-ocellata-04.jpg?fit=814%2C550&#038;ssl=1\" src=\"https:\/\/i0.wp.com\/opistobranquis.info\/wp-content\/uploads\/2012\/12\/cuthona-ocellata-04.jpg?w=465&#038;h=314&#038;ssl=1\" srcset=\"https:\/\/i0.wp.com\/opistobranquis.info\/wp-content\/uploads\/2012\/12\/cuthona-ocellata-04.jpg?w=814&amp;ssl=1 814w, https:\/\/i0.wp.com\/opistobranquis.info\/wp-content\/uploads\/2012\/12\/cuthona-ocellata-04.jpg?resize=300%2C202&amp;ssl=1 300w\" width=\"465\" height=\"314\" loading=\"lazy\" data-original-width=\"465\" data-original-height=\"314\" itemprop=\"http:\/\/schema.org\/image\" title=\"Trinchesia ocellata by Enric Madrenas\" alt=\"Trinchesia ocellata by Enric Madrenas\" style=\"width: 465px; height: 314px;\" \/> <\/a> <div class=\"tiled-gallery-caption\" itemprop=\"caption description\"> Trinchesia ocellata by Enric Madrenas <\/div> <\/div> <div class=\"tiled-gallery-item tiled-gallery-item-large\" itemprop=\"associatedMedia\" itemscope itemtype=\"http:\/\/schema.org\/ImageObject\"> <a href=\"https:\/\/opistobranquis.info\/ca\/guia\/nudibranchia\/cladobranchia\/fionoidea\/trinchesia-ocellata\/cuthona-ocellata-05\/\" border=\"0\" itemprop=\"url\"> <meta itemprop=\"width\" content=\"465\"> <meta itemprop=\"height\" content=\"314\"> <img decoding=\"async\" class=\"\" data-attachment-id=\"4298\" data-orig-file=\"https:\/\/opistobranquis.info\/wp-content\/uploads\/2012\/12\/cuthona-ocellata-05.jpg\" data-orig-size=\"814,549\" data-comments-opened=\"\" data-image-title=\"Trinchesia ocellata by Enric Madrenas\" data-image-description=\"&lt;p&gt;Trinchesia ocellata by Enric Madrenas &lt;\/p&gt; \" data-medium-file=\"https:\/\/i0.wp.com\/opistobranquis.info\/wp-content\/uploads\/2012\/12\/cuthona-ocellata-05.jpg?fit=300%2C202&#038;ssl=1\" data-large-file=\"https:\/\/i0.wp.com\/opistobranquis.info\/wp-content\/uploads\/2012\/12\/cuthona-ocellata-05.jpg?fit=814%2C549&#038;ssl=1\" src=\"https:\/\/i0.wp.com\/opistobranquis.info\/wp-content\/uploads\/2012\/12\/cuthona-ocellata-05.jpg?w=465&#038;h=314&#038;ssl=1\" srcset=\"https:\/\/i0.wp.com\/opistobranquis.info\/wp-content\/uploads\/2012\/12\/cuthona-ocellata-05.jpg?w=814&amp;ssl=1 814w, https:\/\/i0.wp.com\/opistobranquis.info\/wp-content\/uploads\/2012\/12\/cuthona-ocellata-05.jpg?resize=300%2C202&amp;ssl=1 300w\" width=\"465\" height=\"314\" loading=\"lazy\" data-original-width=\"465\" data-original-height=\"314\" itemprop=\"http:\/\/schema.org\/image\" title=\"Trinchesia ocellata by Enric Madrenas\" alt=\"Trinchesia ocellata by Enric Madrenas\" style=\"width: 465px; height: 314px;\" \/> <\/a> <div class=\"tiled-gallery-caption\" itemprop=\"caption description\"> Trinchesia ocellata by Enric Madrenas <\/div> <\/div> <\/div> <!-- close group --> <div class=\"gallery-group images-1\" style=\"width: 431px; height: 636px;\" data-original-width=\"431\" data-original-height=\"636\" > <div class=\"tiled-gallery-item tiled-gallery-item-large\" itemprop=\"associatedMedia\" itemscope itemtype=\"http:\/\/schema.org\/ImageObject\"> <a href=\"https:\/\/opistobranquis.info\/ca\/guia\/nudibranchia\/cladobranchia\/fionoidea\/trinchesia-ocellata\/cuthona-ocellata-07\/\" border=\"0\" itemprop=\"url\"> <meta itemprop=\"width\" content=\"427\"> <meta itemprop=\"height\" content=\"632\"> <img decoding=\"async\" class=\"\" data-attachment-id=\"4299\" data-orig-file=\"https:\/\/opistobranquis.info\/wp-content\/uploads\/2012\/12\/cuthona-ocellata-07.jpg\" data-orig-size=\"415,614\" data-comments-opened=\"\" data-image-title=\"Trinchesia ocellata by Enric Madrenas\" data-image-description=\"&lt;p&gt;Trinchesia ocellata by Enric Madrenas &lt;\/p&gt; \" data-medium-file=\"https:\/\/i0.wp.com\/opistobranquis.info\/wp-content\/uploads\/2012\/12\/cuthona-ocellata-07.jpg?fit=202%2C300&#038;ssl=1\" data-large-file=\"https:\/\/i0.wp.com\/opistobranquis.info\/wp-content\/uploads\/2012\/12\/cuthona-ocellata-07.jpg?fit=415%2C614&#038;ssl=1\" src=\"https:\/\/i0.wp.com\/opistobranquis.info\/wp-content\/uploads\/2012\/12\/cuthona-ocellata-07.jpg?w=427&#038;h=632&#038;ssl=1\" srcset=\"https:\/\/i0.wp.com\/opistobranquis.info\/wp-content\/uploads\/2012\/12\/cuthona-ocellata-07.jpg?w=415&amp;ssl=1 415w, https:\/\/i0.wp.com\/opistobranquis.info\/wp-content\/uploads\/2012\/12\/cuthona-ocellata-07.jpg?resize=202%2C300&amp;ssl=1 202w\" width=\"427\" height=\"632\" loading=\"lazy\" data-original-width=\"427\" data-original-height=\"632\" itemprop=\"http:\/\/schema.org\/image\" title=\"Trinchesia ocellata by Enric Madrenas\" alt=\"Trinchesia ocellata by Enric Madrenas\" style=\"width: 427px; height: 632px;\" \/> <\/a> <div class=\"tiled-gallery-caption\" itemprop=\"caption description\"> Trinchesia ocellata by Enric Madrenas <\/div> <\/div> <\/div> <!-- close group --> <\/div> <!-- close row --> <div class=\"gallery-row\" style=\"width: 900px; height: 414px;\" data-original-width=\"900\" data-original-height=\"414\" > <div class=\"gallery-group images-1\" style=\"width: 612px; height: 414px;\" data-original-width=\"612\" data-original-height=\"414\" > <div class=\"tiled-gallery-item tiled-gallery-item-large\" itemprop=\"associatedMedia\" itemscope itemtype=\"http:\/\/schema.org\/ImageObject\"> <a href=\"https:\/\/opistobranquis.info\/ca\/guia\/nudibranchia\/cladobranchia\/fionoidea\/trinchesia-ocellata\/cuthona-ocellata-10\/\" border=\"0\" itemprop=\"url\"> <meta itemprop=\"width\" content=\"608\"> <meta itemprop=\"height\" content=\"410\"> <img decoding=\"async\" class=\"\" data-attachment-id=\"4300\" data-orig-file=\"https:\/\/opistobranquis.info\/wp-content\/uploads\/2012\/12\/cuthona-ocellata-10.jpg\" data-orig-size=\"814,549\" data-comments-opened=\"\" data-image-title=\"Trinchesia ocellata by Enric Madrenas\" data-image-description=\"&lt;p&gt;Trinchesia ocellata by Enric Madrenas &lt;\/p&gt; \" data-medium-file=\"https:\/\/i0.wp.com\/opistobranquis.info\/wp-content\/uploads\/2012\/12\/cuthona-ocellata-10.jpg?fit=300%2C202&#038;ssl=1\" data-large-file=\"https:\/\/i0.wp.com\/opistobranquis.info\/wp-content\/uploads\/2012\/12\/cuthona-ocellata-10.jpg?fit=814%2C549&#038;ssl=1\" src=\"https:\/\/i0.wp.com\/opistobranquis.info\/wp-content\/uploads\/2012\/12\/cuthona-ocellata-10.jpg?w=608&#038;h=410&#038;ssl=1\" srcset=\"https:\/\/i0.wp.com\/opistobranquis.info\/wp-content\/uploads\/2012\/12\/cuthona-ocellata-10.jpg?w=814&amp;ssl=1 814w, https:\/\/i0.wp.com\/opistobranquis.info\/wp-content\/uploads\/2012\/12\/cuthona-ocellata-10.jpg?resize=300%2C202&amp;ssl=1 300w\" width=\"608\" height=\"410\" loading=\"lazy\" data-original-width=\"608\" data-original-height=\"410\" itemprop=\"http:\/\/schema.org\/image\" title=\"Trinchesia ocellata by Enric Madrenas\" alt=\"Trinchesia ocellata by Enric Madrenas\" style=\"width: 608px; height: 410px;\" \/> <\/a> <div class=\"tiled-gallery-caption\" itemprop=\"caption description\"> Trinchesia ocellata by Enric Madrenas <\/div> <\/div> <\/div> <!-- close group --> <div class=\"gallery-group images-1\" style=\"width: 288px; height: 414px;\" data-original-width=\"288\" data-original-height=\"414\" > <div class=\"tiled-gallery-item tiled-gallery-item-large\" itemprop=\"associatedMedia\" itemscope itemtype=\"http:\/\/schema.org\/ImageObject\"> <a href=\"https:\/\/opistobranquis.info\/ca\/guia\/nudibranchia\/cladobranchia\/fionoidea\/trinchesia-ocellata\/img_0078\/\" border=\"0\" itemprop=\"url\"> <meta itemprop=\"width\" content=\"284\"> <meta itemprop=\"height\" content=\"410\"> <img decoding=\"async\" class=\"\" data-attachment-id=\"19511\" data-orig-file=\"https:\/\/opistobranquis.info\/wp-content\/uploads\/2015\/05\/IMG_0078.jpg\" data-orig-size=\"555,800\" data-comments-opened=\"\" data-image-title=\"Trinchesia ocellata @ Mallorca by Lenka Juskani\u010dov\u00e1\" data-image-description=\"&lt;p&gt;Trinchesia ocellata @ Mallorca by Lenka Juskani\u010dov\u00e1 &lt;\/p&gt; \" data-medium-file=\"https:\/\/i0.wp.com\/opistobranquis.info\/wp-content\/uploads\/2015\/05\/IMG_0078.jpg?fit=208%2C300&#038;ssl=1\" data-large-file=\"https:\/\/i0.wp.com\/opistobranquis.info\/wp-content\/uploads\/2015\/05\/IMG_0078.jpg?fit=555%2C800&#038;ssl=1\" src=\"https:\/\/i0.wp.com\/opistobranquis.info\/wp-content\/uploads\/2015\/05\/IMG_0078.jpg?w=284&#038;h=410&#038;ssl=1\" srcset=\"https:\/\/i0.wp.com\/opistobranquis.info\/wp-content\/uploads\/2015\/05\/IMG_0078.jpg?w=555&amp;ssl=1 555w, https:\/\/i0.wp.com\/opistobranquis.info\/wp-content\/uploads\/2015\/05\/IMG_0078.jpg?resize=104%2C150&amp;ssl=1 104w, https:\/\/i0.wp.com\/opistobranquis.info\/wp-content\/uploads\/2015\/05\/IMG_0078.jpg?resize=208%2C300&amp;ssl=1 208w\" width=\"284\" height=\"410\" loading=\"lazy\" data-original-width=\"284\" data-original-height=\"410\" itemprop=\"http:\/\/schema.org\/image\" title=\"Trinchesia ocellata @ Mallorca by Lenka Juskani\u010dov\u00e1\" alt=\"Trinchesia ocellata @ Mallorca by Lenka Juskani\u010dov\u00e1\" style=\"width: 284px; height: 410px;\" \/> <\/a> <div class=\"tiled-gallery-caption\" itemprop=\"caption description\"> Trinchesia ocellata @ Mallorca by Lenka Juskani\u010dov\u00e1 <\/div> <\/div> <\/div> <!-- close group --> <\/div> <!-- close row --> <div class=\"gallery-row\" style=\"width: 900px; height: 416px;\" data-original-width=\"900\" data-original-height=\"416\" > <div class=\"gallery-group images-1\" style=\"width: 587px; height: 416px;\" data-original-width=\"587\" data-original-height=\"416\" > <div class=\"tiled-gallery-item tiled-gallery-item-large\" itemprop=\"associatedMedia\" itemscope itemtype=\"http:\/\/schema.org\/ImageObject\"> <a href=\"https:\/\/opistobranquis.info\/ca\/guia\/nudibranchia\/cladobranchia\/fionoidea\/trinchesia-ocellata\/cuthona-ocellata-la-vaca-illes-medes-03-06-2015-by-egidio-trainito\/\" border=\"0\" itemprop=\"url\"> <meta itemprop=\"width\" content=\"583\"> <meta itemprop=\"height\" content=\"412\"> <img decoding=\"async\" class=\"\" data-attachment-id=\"19849\" data-orig-file=\"https:\/\/opistobranquis.info\/wp-content\/uploads\/2012\/05\/Cuthona-ocellata-@-La-Vaca-Illes-Medes-03-06-2015-by-Egidio-Trainito.jpg\" data-orig-size=\"800,565\" data-comments-opened=\"\" data-image-title=\"Trinchesia ocellata @ La Vaca, Illes Medes 03-06-2015 by Egidio Trainito\" data-image-description=\"&lt;p&gt;Trinchesia ocellata @ La Vaca, Illes Medes 03-06-2015 by Egidio Trainito &lt;\/p&gt; \" data-medium-file=\"https:\/\/i0.wp.com\/opistobranquis.info\/wp-content\/uploads\/2012\/05\/Cuthona-ocellata-%40-La-Vaca-Illes-Medes-03-06-2015-by-Egidio-Trainito.jpg?fit=300%2C212&#038;ssl=1\" data-large-file=\"https:\/\/i0.wp.com\/opistobranquis.info\/wp-content\/uploads\/2012\/05\/Cuthona-ocellata-%40-La-Vaca-Illes-Medes-03-06-2015-by-Egidio-Trainito.jpg?fit=800%2C565&#038;ssl=1\" src=\"https:\/\/i0.wp.com\/opistobranquis.info\/wp-content\/uploads\/2012\/05\/Cuthona-ocellata-%40-La-Vaca-Illes-Medes-03-06-2015-by-Egidio-Trainito.jpg?w=583&#038;h=412&#038;ssl=1\" width=\"583\" height=\"412\" loading=\"lazy\" data-original-width=\"583\" data-original-height=\"412\" itemprop=\"http:\/\/schema.org\/image\" title=\"Trinchesia ocellata @ La Vaca, Illes Medes 03-06-2015 by Egidio Trainito\" alt=\"Trinchesia ocellata @ La Vaca, Illes Medes 03-06-2015 by Egidio Trainito\" style=\"width: 583px; height: 412px;\" \/> <\/a> <div class=\"tiled-gallery-caption\" itemprop=\"caption description\"> Trinchesia ocellata @ La Vaca, Illes Medes 03-06-2015 by Egidio Trainito <\/div> <\/div> <\/div> <!-- close group --> <div class=\"gallery-group images-1\" style=\"width: 313px; height: 416px;\" data-original-width=\"313\" data-original-height=\"416\" > <div class=\"tiled-gallery-item tiled-gallery-item-large\" itemprop=\"associatedMedia\" itemscope itemtype=\"http:\/\/schema.org\/ImageObject\"> <a href=\"https:\/\/opistobranquis.info\/ca\/guia\/nudibranchia\/cladobranchia\/fionoidea\/trinchesia-ocellata\/olympus-digital-camera-212\/\" border=\"0\" itemprop=\"url\"> <meta itemprop=\"width\" content=\"309\"> <meta itemprop=\"height\" content=\"412\"> <img decoding=\"async\" class=\"\" data-attachment-id=\"24322\" data-orig-file=\"https:\/\/opistobranquis.info\/wp-content\/uploads\/2017\/12\/Trinchesia-ocellata-@-La-Herradura-Granada-Spain-5-04-2017-by-Stefan-Verheyen.jpg\" data-orig-size=\"768,1024\" data-comments-opened=\"\" data-image-title=\"Trinchesia ocellata @ La Herradura, Granada, Spain 5-04-2017 by Stefan Verheyen\" data-image-description=\"&lt;p&gt;Trinchesia ocellata @ La Herradura, Granada, Spain 5-04-2017 by Stefan Verheyen &lt;\/p&gt; \" data-medium-file=\"https:\/\/i0.wp.com\/opistobranquis.info\/wp-content\/uploads\/2017\/12\/Trinchesia-ocellata-%40-La-Herradura-Granada-Spain-5-04-2017-by-Stefan-Verheyen.jpg?fit=225%2C300&#038;ssl=1\" data-large-file=\"https:\/\/i0.wp.com\/opistobranquis.info\/wp-content\/uploads\/2017\/12\/Trinchesia-ocellata-%40-La-Herradura-Granada-Spain-5-04-2017-by-Stefan-Verheyen.jpg?fit=768%2C1024&#038;ssl=1\" src=\"https:\/\/i0.wp.com\/opistobranquis.info\/wp-content\/uploads\/2017\/12\/Trinchesia-ocellata-%40-La-Herradura-Granada-Spain-5-04-2017-by-Stefan-Verheyen.jpg?w=309&#038;h=412&#038;ssl=1\" width=\"309\" height=\"412\" loading=\"lazy\" data-original-width=\"309\" data-original-height=\"412\" itemprop=\"http:\/\/schema.org\/image\" title=\"Trinchesia ocellata @ La Herradura, Granada, Spain 5-04-2017 by Stefan Verheyen\" alt=\"Trinchesia ocellata @ La Herradura, Granada, Spain 5-04-2017 by Stefan Verheyen\" style=\"width: 309px; height: 412px;\" \/> <\/a> <div class=\"tiled-gallery-caption\" itemprop=\"caption description\"> Trinchesia ocellata @ La Herradura, Granada, Spain 5-04-2017 by Stefan Verheyen <\/div> <\/div> <\/div> <!-- close group --> <\/div> <!-- close row --> <div class=\"gallery-row\" style=\"width: 900px; height: 410px;\" data-original-width=\"900\" data-original-height=\"410\" > <div class=\"gallery-group images-1\" style=\"width: 613px; height: 410px;\" data-original-width=\"613\" data-original-height=\"410\" > <div class=\"tiled-gallery-item tiled-gallery-item-large\" itemprop=\"associatedMedia\" itemscope itemtype=\"http:\/\/schema.org\/ImageObject\"> <a href=\"https:\/\/opistobranquis.info\/ca\/guia\/nudibranchia\/cladobranchia\/fionoidea\/trinchesia-ocellata\/trinchesia-ocellata-by-miquel-pontes-mpg_3785\/\" border=\"0\" itemprop=\"url\"> <meta itemprop=\"width\" content=\"609\"> <meta itemprop=\"height\" content=\"406\"> <img decoding=\"async\" class=\"\" data-attachment-id=\"31249\" data-orig-file=\"https:\/\/opistobranquis.info\/wp-content\/uploads\/2021\/01\/Trinchesia-ocellata-by-Miquel-Pontes-MPG_3785.jpg\" data-orig-size=\"1280,853\" data-comments-opened=\"\" data-image-title=\"Trinchesia ocellata by Miquel Pontes\" data-image-description=\"&lt;p&gt;Trinchesia ocellata by Miquel Pontes&lt;\/p&gt; \" data-medium-file=\"https:\/\/i0.wp.com\/opistobranquis.info\/wp-content\/uploads\/2021\/01\/Trinchesia-ocellata-by-Miquel-Pontes-MPG_3785.jpg?fit=300%2C200&#038;ssl=1\" data-large-file=\"https:\/\/i0.wp.com\/opistobranquis.info\/wp-content\/uploads\/2021\/01\/Trinchesia-ocellata-by-Miquel-Pontes-MPG_3785.jpg?fit=900%2C599&#038;ssl=1\" src=\"https:\/\/i0.wp.com\/opistobranquis.info\/wp-content\/uploads\/2021\/01\/Trinchesia-ocellata-by-Miquel-Pontes-MPG_3785.jpg?w=609&#038;h=406&#038;ssl=1\" srcset=\"https:\/\/i0.wp.com\/opistobranquis.info\/wp-content\/uploads\/2021\/01\/Trinchesia-ocellata-by-Miquel-Pontes-MPG_3785.jpg?w=1280&amp;ssl=1 1280w, https:\/\/i0.wp.com\/opistobranquis.info\/wp-content\/uploads\/2021\/01\/Trinchesia-ocellata-by-Miquel-Pontes-MPG_3785.jpg?resize=300%2C200&amp;ssl=1 300w, https:\/\/i0.wp.com\/opistobranquis.info\/wp-content\/uploads\/2021\/01\/Trinchesia-ocellata-by-Miquel-Pontes-MPG_3785.jpg?resize=1024%2C682&amp;ssl=1 1024w, https:\/\/i0.wp.com\/opistobranquis.info\/wp-content\/uploads\/2021\/01\/Trinchesia-ocellata-by-Miquel-Pontes-MPG_3785.jpg?resize=150%2C100&amp;ssl=1 150w\" width=\"609\" height=\"406\" loading=\"lazy\" data-original-width=\"609\" data-original-height=\"406\" itemprop=\"http:\/\/schema.org\/image\" title=\"Trinchesia ocellata by Miquel Pontes\" alt=\"Trinchesia ocellata by Miquel Pontes\" style=\"width: 609px; height: 406px;\" \/> <\/a> <div class=\"tiled-gallery-caption\" itemprop=\"caption description\"> Trinchesia ocellata by Miquel Pontes <\/div> <\/div> <\/div> <!-- close group --> <div class=\"gallery-group images-2\" style=\"width: 287px; height: 410px;\" data-original-width=\"287\" data-original-height=\"410\" > <div class=\"tiled-gallery-item tiled-gallery-item-large\" itemprop=\"associatedMedia\" itemscope itemtype=\"http:\/\/schema.org\/ImageObject\"> <a href=\"https:\/\/opistobranquis.info\/ca\/guia\/nudibranchia\/cladobranchia\/fionoidea\/trinchesia-ocellata\/trinchesia-ocellata-by-miquel-pontes-mpg_5489\/\" border=\"0\" itemprop=\"url\"> <meta itemprop=\"width\" content=\"283\"> <meta itemprop=\"height\" content=\"189\"> <img decoding=\"async\" class=\"\" data-attachment-id=\"31250\" data-orig-file=\"https:\/\/opistobranquis.info\/wp-content\/uploads\/2021\/01\/Trinchesia-ocellata-by-Miquel-Pontes-MPG_5489.jpg\" data-orig-size=\"1280,854\" data-comments-opened=\"\" data-image-title=\"Trinchesia ocellata by Miquel Pontes\" data-image-description=\"&lt;p&gt;Trinchesia ocellata by Miquel Pontes&lt;\/p&gt; \" data-medium-file=\"https:\/\/i0.wp.com\/opistobranquis.info\/wp-content\/uploads\/2021\/01\/Trinchesia-ocellata-by-Miquel-Pontes-MPG_5489.jpg?fit=300%2C200&#038;ssl=1\" data-large-file=\"https:\/\/i0.wp.com\/opistobranquis.info\/wp-content\/uploads\/2021\/01\/Trinchesia-ocellata-by-Miquel-Pontes-MPG_5489.jpg?fit=900%2C600&#038;ssl=1\" src=\"https:\/\/i0.wp.com\/opistobranquis.info\/wp-content\/uploads\/2021\/01\/Trinchesia-ocellata-by-Miquel-Pontes-MPG_5489.jpg?w=283&#038;h=189&#038;ssl=1\" srcset=\"https:\/\/i0.wp.com\/opistobranquis.info\/wp-content\/uploads\/2021\/01\/Trinchesia-ocellata-by-Miquel-Pontes-MPG_5489.jpg?w=1280&amp;ssl=1 1280w, https:\/\/i0.wp.com\/opistobranquis.info\/wp-content\/uploads\/2021\/01\/Trinchesia-ocellata-by-Miquel-Pontes-MPG_5489.jpg?resize=300%2C200&amp;ssl=1 300w, https:\/\/i0.wp.com\/opistobranquis.info\/wp-content\/uploads\/2021\/01\/Trinchesia-ocellata-by-Miquel-Pontes-MPG_5489.jpg?resize=1024%2C683&amp;ssl=1 1024w, https:\/\/i0.wp.com\/opistobranquis.info\/wp-content\/uploads\/2021\/01\/Trinchesia-ocellata-by-Miquel-Pontes-MPG_5489.jpg?resize=150%2C100&amp;ssl=1 150w\" width=\"283\" height=\"189\" loading=\"lazy\" data-original-width=\"283\" data-original-height=\"189\" itemprop=\"http:\/\/schema.org\/image\" title=\"Trinchesia ocellata by Miquel Pontes\" alt=\"Trinchesia ocellata by Miquel Pontes\" style=\"width: 283px; height: 189px;\" \/> <\/a> <div class=\"tiled-gallery-caption\" itemprop=\"caption description\"> Trinchesia ocellata by Miquel Pontes <\/div> <\/div> <div class=\"tiled-gallery-item tiled-gallery-item-large\" itemprop=\"associatedMedia\" itemscope itemtype=\"http:\/\/schema.org\/ImageObject\"> <a href=\"https:\/\/opistobranquis.info\/ca\/guia\/nudibranchia\/cladobranchia\/fionoidea\/trinchesia-ocellata\/trinchesia-ocellata-france-by-pascal-girard\/\" border=\"0\" itemprop=\"url\"> <meta itemprop=\"width\" content=\"283\"> <meta itemprop=\"height\" content=\"213\"> <img decoding=\"async\" class=\"\" data-attachment-id=\"36026\" data-orig-file=\"https:\/\/opistobranquis.info\/wp-content\/uploads\/2022\/12\/Trinchesia-ocellata-@-France-by-Pascal-Girard.jpg\" data-orig-size=\"1280,960\" data-comments-opened=\"\" data-image-title=\"Trinchesia ocellata @ France by Pascal Girard\" data-image-description=\"&lt;p&gt;Trinchesia ocellata @ France by Pascal Girard&lt;\/p&gt; \" data-medium-file=\"https:\/\/i0.wp.com\/opistobranquis.info\/wp-content\/uploads\/2022\/12\/Trinchesia-ocellata-%40-France-by-Pascal-Girard.jpg?fit=300%2C225&#038;ssl=1\" data-large-file=\"https:\/\/i0.wp.com\/opistobranquis.info\/wp-content\/uploads\/2022\/12\/Trinchesia-ocellata-%40-France-by-Pascal-Girard.jpg?fit=900%2C675&#038;ssl=1\" src=\"https:\/\/i0.wp.com\/opistobranquis.info\/wp-content\/uploads\/2022\/12\/Trinchesia-ocellata-%40-France-by-Pascal-Girard.jpg?w=283&#038;h=213&#038;ssl=1\" width=\"283\" height=\"213\" loading=\"lazy\" data-original-width=\"283\" data-original-height=\"213\" itemprop=\"http:\/\/schema.org\/image\" title=\"Trinchesia ocellata @ France by Pascal Girard\" alt=\"Trinchesia ocellata @ France by Pascal Girard\" style=\"width: 283px; height: 213px;\" \/> <\/a> <div class=\"tiled-gallery-caption\" itemprop=\"caption description\"> Trinchesia ocellata @ France by Pascal Girard <\/div> <\/div> <\/div> <!-- close group --> <\/div> <!-- close row --> <div class=\"gallery-row\" style=\"width: 900px; height: 375px;\" data-original-width=\"900\" data-original-height=\"375\" > <div class=\"gallery-group images-1\" style=\"width: 527px; height: 375px;\" data-original-width=\"527\" data-original-height=\"375\" > <div class=\"tiled-gallery-item tiled-gallery-item-large\" itemprop=\"associatedMedia\" itemscope itemtype=\"http:\/\/schema.org\/ImageObject\"> <a href=\"https:\/\/opistobranquis.info\/ca\/guia\/nudibranchia\/cladobranchia\/fionoidea\/trinchesia-ocellata\/trinchesia-ocellata-mb-img453-bis\/\" border=\"0\" itemprop=\"url\"> <meta itemprop=\"width\" content=\"523\"> <meta itemprop=\"height\" content=\"371\"> <img decoding=\"async\" class=\"\" data-attachment-id=\"36732\" data-orig-file=\"https:\/\/opistobranquis.info\/wp-content\/uploads\/2023\/01\/Trinchesia-ocellata-MB-img453-bis.jpg\" data-orig-size=\"1200,851\" data-comments-opened=\"\" data-image-title=\"Trinchesia ocellata by Manuel Ballesteros\" data-image-description=\"&lt;p&gt;Trinchesia ocellata by Manuel Ballesteros&lt;\/p&gt; \" data-medium-file=\"https:\/\/i0.wp.com\/opistobranquis.info\/wp-content\/uploads\/2023\/01\/Trinchesia-ocellata-MB-img453-bis.jpg?fit=300%2C213&#038;ssl=1\" data-large-file=\"https:\/\/i0.wp.com\/opistobranquis.info\/wp-content\/uploads\/2023\/01\/Trinchesia-ocellata-MB-img453-bis.jpg?fit=900%2C638&#038;ssl=1\" src=\"https:\/\/i0.wp.com\/opistobranquis.info\/wp-content\/uploads\/2023\/01\/Trinchesia-ocellata-MB-img453-bis.jpg?w=523&#038;h=371&#038;ssl=1\" srcset=\"https:\/\/i0.wp.com\/opistobranquis.info\/wp-content\/uploads\/2023\/01\/Trinchesia-ocellata-MB-img453-bis.jpg?w=1200&amp;ssl=1 1200w, https:\/\/i0.wp.com\/opistobranquis.info\/wp-content\/uploads\/2023\/01\/Trinchesia-ocellata-MB-img453-bis.jpg?resize=300%2C213&amp;ssl=1 300w, https:\/\/i0.wp.com\/opistobranquis.info\/wp-content\/uploads\/2023\/01\/Trinchesia-ocellata-MB-img453-bis.jpg?resize=1024%2C726&amp;ssl=1 1024w, https:\/\/i0.wp.com\/opistobranquis.info\/wp-content\/uploads\/2023\/01\/Trinchesia-ocellata-MB-img453-bis.jpg?resize=150%2C106&amp;ssl=1 150w\" width=\"523\" height=\"371\" loading=\"lazy\" data-original-width=\"523\" data-original-height=\"371\" itemprop=\"http:\/\/schema.org\/image\" title=\"Trinchesia ocellata by Manuel Ballesteros\" alt=\"Trinchesia ocellata by Manuel Ballesteros\" style=\"width: 523px; height: 371px;\" \/> <\/a> <div class=\"tiled-gallery-caption\" itemprop=\"caption description\"> Trinchesia ocellata by Manuel Ballesteros <\/div> <\/div> <\/div> <!-- close group --> <div class=\"gallery-group images-1\" style=\"width: 373px; height: 375px;\" data-original-width=\"373\" data-original-height=\"375\" > <div class=\"tiled-gallery-item tiled-gallery-item-large\" itemprop=\"associatedMedia\" itemscope itemtype=\"http:\/\/schema.org\/ImageObject\"> <a href=\"https:\/\/opistobranquis.info\/ca\/guia\/nudibranchia\/cladobranchia\/fionoidea\/trinchesia-ocellata\/trinchesia-ocellata-granada-por-luis-sanchez-tocino\/\" border=\"0\" itemprop=\"url\"> <meta itemprop=\"width\" content=\"369\"> <meta itemprop=\"height\" content=\"371\"> <img decoding=\"async\" class=\"\" data-attachment-id=\"36838\" data-orig-file=\"https:\/\/opistobranquis.info\/wp-content\/uploads\/2023\/01\/Trinchesia-ocellata-@-Granada-por-Luis-Sanchez-Tocino.jpg\" data-orig-size=\"1440,1445\" data-comments-opened=\"\" data-image-title=\"Trinchesia ocellata @ Granada por Luis S\u00e1nchez Tocino\" data-image-description=\"&lt;p&gt;Trinchesia ocellata @ Granada por Luis S\u00e1nchez Tocino&lt;\/p&gt; \" data-medium-file=\"https:\/\/i0.wp.com\/opistobranquis.info\/wp-content\/uploads\/2023\/01\/Trinchesia-ocellata-%40-Granada-por-Luis-Sanchez-Tocino.jpg?fit=300%2C300&#038;ssl=1\" data-large-file=\"https:\/\/i0.wp.com\/opistobranquis.info\/wp-content\/uploads\/2023\/01\/Trinchesia-ocellata-%40-Granada-por-Luis-Sanchez-Tocino.jpg?fit=900%2C904&#038;ssl=1\" src=\"https:\/\/i0.wp.com\/opistobranquis.info\/wp-content\/uploads\/2023\/01\/Trinchesia-ocellata-%40-Granada-por-Luis-Sanchez-Tocino.jpg?w=369&#038;h=371&#038;ssl=1\" width=\"369\" height=\"371\" loading=\"lazy\" data-original-width=\"369\" data-original-height=\"371\" itemprop=\"http:\/\/schema.org\/image\" title=\"Trinchesia ocellata @ Granada por Luis S\u00e1nchez Tocino\" alt=\"Trinchesia ocellata @ Granada por Luis S\u00e1nchez Tocino\" style=\"width: 369px; height: 371px;\" \/> <\/a> <div class=\"tiled-gallery-caption\" itemprop=\"caption description\"> Trinchesia ocellata @ Granada por Luis S\u00e1nchez Tocino <\/div> <\/div> <\/div> <!-- close group --> <\/div> <!-- close row --> <\/div><\/p>\n<p><p><strong>Bibliografia<\/strong><\/p><ul><div id=\"zotpress-1c1cfb44bc011d76e87994912665287a\" class=\"zp-Zotpress zp-Zotpress-Bib wp-block-group\">\n\n\t\t<span class=\"ZP_API_USER_ID ZP_ATTR\">1246567<\/span>\n\t\t<span class=\"ZP_ITEM_KEY ZP_ATTR\"><\/span>\n\t\t<span class=\"ZP_COLLECTION_ID ZP_ATTR\"><\/span>\n\t\t<span class=\"ZP_TAG_ID ZP_ATTR\">Trinchesia ocellata<\/span>\n\t\t<span class=\"ZP_AUTHOR ZP_ATTR\"><\/span>\n\t\t<span class=\"ZP_YEAR ZP_ATTR\"><\/span>\n        <span class=\"ZP_ITEMTYPE ZP_ATTR\"><\/span>\n\t\t<span class=\"ZP_INCLUSIVE ZP_ATTR\">1<\/span>\n\t\t<span class=\"ZP_STYLE ZP_ATTR\">eunomia-revista-en-cultura-de-la-legalidad<\/span>\n\t\t<span class=\"ZP_LIMIT ZP_ATTR\">50<\/span>\n\t\t<span class=\"ZP_SORTBY ZP_ATTR\">creator<\/span>\n\t\t<span class=\"ZP_ORDER ZP_ATTR\">asc<\/span>\n\t\t<span class=\"ZP_TITLE ZP_ATTR\"><\/span>\n\t\t<span class=\"ZP_SHOWIMAGE ZP_ATTR\"><\/span>\n\t\t<span class=\"ZP_SHOWTAGS ZP_ATTR\"><\/span>\n\t\t<span class=\"ZP_DOWNLOADABLE ZP_ATTR\"><\/span>\n\t\t<span class=\"ZP_NOTES ZP_ATTR\"><\/span>\n\t\t<span class=\"ZP_ABSTRACT ZP_ATTR\"><\/span>\n\t\t<span class=\"ZP_CITEABLE ZP_ATTR\"><\/span>\n\t\t<span class=\"ZP_TARGET ZP_ATTR\">1<\/span>\n\t\t<span class=\"ZP_URLWRAP ZP_ATTR\"><\/span>\n\t\t<span class=\"ZP_FORCENUM ZP_ATTR\"><\/span>\n        <span class=\"ZP_HIGHLIGHT ZP_ATTR\"><\/span>\n        <span class=\"ZP_POSTID ZP_ATTR\">691<\/span>\n\t\t<span class=\"ZOTPRESS_PLUGIN_URL ZP_ATTR\">https:\/\/opistobranquis.info\/wp-content\/plugins\/zotpress\/<\/span>\n\n\t\t<div class=\"zp-List loading\">\n\t\t\t<div class=\"zp-SEO-Content\">\n\n\t\t\t<\/div><!-- .zp-zp-SEO-Content -->\n\t\t<\/div><!-- .zp-List -->\n\t<\/div><!--.zp-Zotpress-->\n\n<p><\/p>Bibliografia basada en els treballs de <b>Steve Long, 2006<\/b>. <a target=_blank href=https:\/\/opistobranquis.info\/wp-content\/uploads\/2016\/06\/Long-S.-2006-Bibliography-of-Opisthobranchia-1554-2000.pdf>Bibliography of Opisthobranchia 1554-2000<\/a> i <b>Gary McDonald, 2009<\/b>. <a href=http:\/\/escholarship.org\/uc\/item\/8115h0wz>Bibliographia Nudibranchia<\/a>, amb actualitzacions posteriors procedents d\u00b4altres fonts.<p><\/p><\/ul><p><\/p><p><strong>M\u00e9s informaci\u00f3<\/strong><\/p><span style=\"font-size:10pt\"><ul><ul class=\"blogroll-links\"><li><a href=\"http:\/\/www.asturnatura.com\/especie\/cuthona-ocellata.html\">AsturNatura<\/a><\/li><li><a href=\"http:\/\/www.biodiversitylibrary.org\/name\/Cuthona%20ocellata\">Biodiversity Heritage Library<\/a><\/li><li><a href=\"http:\/\/www.biologiamarina.org\/cutona-ocellata\/\">BiologiaMarina.org<\/a><\/li><li><a href=\"http:\/\/www.cibsub.com\/bioespecie_es-cuthona_ocellata-27794\">CIB - Club Immersio Biologia<\/a><\/li><li><a href=\"http:\/\/doris.ffessm.fr\/fiche2.asp?fiche_numero=751\">DORIS<\/a><\/li><li><a href=\"https:\/\/litoraldegranada.ugr.es\/el-litoral\/el-litoral-sumergido\/fauna\/moluscos\/gasteropodos\/opistobranquios\/orden-nudibranchia\/fionoidea\/tenellia-ocellata\/\">El Litoral de Granada<\/a><\/li><li><a href=\"https:\/\/www.flickr.com\/search\/?text=Trinchesia%20ocellata\">Flickr pictures<\/a><\/li><li><a href=\"http:\/\/www.opistobranquis.org\/ca\/guia\/34\">GROC<\/a><\/li><li><a href=\"http:\/\/www.irmng.org\/aphia.php?p=taxlist&#038;tName=Trinchesia%20ocellata\">Interim Register of Marine and Nonmarine Genera<\/a><\/li><li><a href=\"http:\/\/marenostrum.org\/vidamarina\/animalia\/invertebrados\/moluscos\/gasteropodos\/opistobranquios\/cocellata\/index.htm\">M@re Nostrum<\/a><\/li><li><a href=\"http:\/\/www.ncbi.nlm.nih.gov\/Taxonomy\/Browser\/wwwtax.cgi?mode=Undef&#038;name=Cuthona%20ocellata&#038;lvl=0&#038;srchmode=1\">NCBI GenBank<\/a><\/li><li><a href=\"http:\/\/iobis.org\/mapper\/?taxon=Cuthona%20ocellata\">OBIS - Search by Taxon<\/a><\/li><li><a href=\"http:\/\/www.seaslugforum.net\/showall\/cuthocel\">Sea Slug Forum<\/a><\/li><li><a href=\"http:\/\/www.marinespecies.org\/aphia.php?p=taxdetails&#038;id=141629\">World Register of Marine Species<\/a><\/li><\/ul><\/ul><\/span><p><strong>Citeu aquest article com: <\/strong><\/p><div style=\"display: block; background: #444444; padding: 10px 30px 10px 10px; border-radius: 5px; line-height: 18px;\"><p class=\"citacio\"><b>Ballesteros, M., Madrenas, E. &#38; Pontes, M.<\/b> (2025) <em>\"Trinchesia ocellata\"<\/em> a <em>OPK-Opistobranquis<\/em>. Publicat: 17\/05\/2012. Accedit: 04\/09\/2026. Disponible a (<a href=https:\/\/opistobranquis.info\/ca\/?p=691>https:\/\/opistobranquis.info\/ca\/?p=691<\/a>)<\/p><p><\/p><\/div><p><\/p><\/p>","protected":false},"excerpt":{"rendered":"<p>Trinchesia\u00a0ocellata\u00a0 Schmeckel, 1966 Sin\u00f2nims Tenellia ocellata\u00a0 (Schmekel, 1966) Cuthona\u00a0ocellata (Schmeckel, 1966) Descripci\u00f3 Els exemplars poden arribar a mesurar 13 mm de longitud. El cos dels animals \u00e9s estilitzat i transl\u00facid per\u00f2 d&#8217;una tonalitat verd-groguenca. En el dors destaca una l\u00ednia longitudinal blanca que va des del cap, passant entre la base dels rin\u00f2fors, fins a la cua. En els flancs del cos tamb\u00e9 sol haver-hi una l\u00ednia blanca, en ocasions\u2026<\/p>\n<p class=\"continue-reading-button\"> <a class=\"continue-reading-link\" href=\"https:\/\/opistobranquis.info\/ca\/guia\/nudibranchia\/cladobranchia\/fionoidea\/trinchesia-ocellata\/\">Continua llegint<i class=\"crycon-right-dir\"><\/i><\/a><\/p>\n","protected":false},"author":291,"featured_media":35834,"parent":25630,"menu_order":8741,"comment_status":"closed","ping_status":"closed","template":"","meta":{"footnotes":""},"class_list":["post-691","page","type-page","status-publish","has-post-thumbnail","hentry"],"jetpack_sharing_enabled":true,"_links":{"self":[{"href":"https:\/\/opistobranquis.info\/ca\/wp-json\/wp\/v2\/pages\/691","targetHints":{"allow":["GET"]}}],"collection":[{"href":"https:\/\/opistobranquis.info\/ca\/wp-json\/wp\/v2\/pages"}],"about":[{"href":"https:\/\/opistobranquis.info\/ca\/wp-json\/wp\/v2\/types\/page"}],"author":[{"embeddable":true,"href":"https:\/\/opistobranquis.info\/ca\/wp-json\/wp\/v2\/users\/291"}],"replies":[{"embeddable":true,"href":"https:\/\/opistobranquis.info\/ca\/wp-json\/wp\/v2\/comments?post=691"}],"version-history":[{"count":12,"href":"https:\/\/opistobranquis.info\/ca\/wp-json\/wp\/v2\/pages\/691\/revisions"}],"predecessor-version":[{"id":36008,"href":"https:\/\/opistobranquis.info\/ca\/wp-json\/wp\/v2\/pages\/691\/revisions\/36008"}],"up":[{"embeddable":true,"href":"https:\/\/opistobranquis.info\/ca\/wp-json\/wp\/v2\/pages\/25630"}],"wp:featuredmedia":[{"embeddable":true,"href":"https:\/\/opistobranquis.info\/ca\/wp-json\/wp\/v2\/media\/35834"}],"wp:attachment":[{"href":"https:\/\/opistobranquis.info\/ca\/wp-json\/wp\/v2\/media?parent=691"}],"curies":[{"name":"wp","href":"https:\/\/api.w.org\/{rel}","templated":true}]}}