{"id":693,"date":"2012-05-17T16:54:37","date_gmt":"2012-05-17T14:54:37","guid":{"rendered":"https:\/\/opistobranquis.info\/kaloplocamosus-ramosuskaloplocamosus-ramosuskaloplocamosus-ramosus"},"modified":"2025-02-11T19:32:57","modified_gmt":"2025-02-11T18:32:57","slug":"kaloplocamus-ramosus","status":"publish","type":"page","link":"https:\/\/opistobranquis.info\/ca\/guia\/nudibranchia\/doridina\/doridoidei\/polyceroidea\/kaloplocamus-ramosus\/","title":{"rendered":"Kaloplocamus ramosus"},"content":{"rendered":"<p><\/p>\n<h3><em>Kaloplocamus ramosus<\/em> (Cantraine, 1835)<\/h3>\n<p><span style=\"font-size:10pt;\" class=\"aligncenter\"><div id=\"featured-img-id\"><img data-recalc-dims=\"1\" decoding=\"async\" src=\"https:\/\/i0.wp.com\/opistobranquis.info\/wp-content\/uploads\/2012\/12\/kaloplocamosus-ramosus-13.jpg?w=900&#038;ssl=1\" alt=\"Kaloplocamus ramosus by Enric Madrenas\" \/><\/div><center><em>Kaloplocamus ramosus<\/em> per Enric Madrenas<\/center><\/span><p><\/p><div class=\"opk-worms\"><h3>Informaci\u00f3 taxon\u00f2mica WoRMS<\/h3><div class=\"opk-success\">Nom acceptat actual: <strong><em>Kaloplocamus ramosus<\/em> (Cantraine, 1835)<\/strong><\/div><h4>Classificaci\u00f3 actual<\/h4><table class=\"widefat striped\"><tr><th>Superdomain<\/th><td><a target=\"_blank\" href=\"https:\/\/www.marinespecies.org\/aphia.php?p=taxdetails&id=1\">Biota<\/a><\/td><\/tr><tr><th>Kingdom<\/th><td><a target=\"_blank\" href=\"https:\/\/www.marinespecies.org\/aphia.php?p=taxdetails&id=2\">Animalia<\/a><\/td><\/tr><tr><th>Phylum<\/th><td><a target=\"_blank\" href=\"https:\/\/www.marinespecies.org\/aphia.php?p=taxdetails&id=51\">Mollusca<\/a><\/td><\/tr><tr><th>Class<\/th><td><a target=\"_blank\" href=\"https:\/\/www.marinespecies.org\/aphia.php?p=taxdetails&id=101\">Gastropoda<\/a><\/td><\/tr><tr><th>Subclass<\/th><td><a target=\"_blank\" href=\"https:\/\/www.marinespecies.org\/aphia.php?p=taxdetails&id=14712\">Heterobranchia<\/a><\/td><\/tr><tr><th>Infraclass<\/th><td><a target=\"_blank\" href=\"https:\/\/www.marinespecies.org\/aphia.php?p=taxdetails&id=1057247\">Euthyneura<\/a><\/td><\/tr><tr><th>Subterclass<\/th><td><a target=\"_blank\" href=\"https:\/\/www.marinespecies.org\/aphia.php?p=taxdetails&id=1057249\">Ringipleura<\/a><\/td><\/tr><tr><th>Superorder<\/th><td><a target=\"_blank\" href=\"https:\/\/www.marinespecies.org\/aphia.php?p=taxdetails&id=411966\">Nudipleura<\/a><\/td><\/tr><tr><th>Order<\/th><td><a target=\"_blank\" href=\"https:\/\/www.marinespecies.org\/aphia.php?p=taxdetails&id=1762\">Nudibranchia<\/a><\/td><\/tr><tr><th>Suborder<\/th><td><a target=\"_blank\" href=\"https:\/\/www.marinespecies.org\/aphia.php?p=taxdetails&id=1829294\">Doridida<\/a><\/td><\/tr><tr><th>Infraorder<\/th><td><a target=\"_blank\" href=\"https:\/\/www.marinespecies.org\/aphia.php?p=taxdetails&id=246038\">Doridoidei<\/a><\/td><\/tr><tr><th>Superfamily<\/th><td><a target=\"_blank\" href=\"https:\/\/www.marinespecies.org\/aphia.php?p=taxdetails&id=412569\">Polyceroidea<\/a><\/td><\/tr><tr><th>Family<\/th><td><a target=\"_blank\" href=\"https:\/\/www.marinespecies.org\/aphia.php?p=taxdetails&id=177\">Polyceridae<\/a><\/td><\/tr><tr><th>Subfamily<\/th><td><a target=\"_blank\" href=\"https:\/\/www.marinespecies.org\/aphia.php?p=taxdetails&id=412577\">Triophinae<\/a><\/td><\/tr><tr><th>Genus<\/th><td><a target=\"_blank\" href=\"https:\/\/www.marinespecies.org\/aphia.php?p=taxdetails&id=138567\"><em>Kaloplocamus<\/em><\/a><\/td><\/tr><tr><th>Species<\/th><td><a target=\"_blank\" href=\"https:\/\/www.marinespecies.org\/aphia.php?p=taxdetails&id=141710\"><em>Kaloplocamus ramosus<\/em> (Cantraine, 1835)<\/a><\/td><\/tr><\/table><p class=\"footer\">Classificaci\u00f3 proporcionada pel World Register of Marine Species (WoRMS). [<a target=\"_blank\" href=\"https:\/\/www.marinespecies.org\/aphia.php?p=taxdetails&id=141710\">141710<\/a>]<\/p><\/div><strong>Sin\u00f2nims<\/strong><\/p>\n<ul>\n<li><span id=\"aphia_ct_tu_757051\"><i>Doris fimbriata<\/i> Delle Chiaje, 1841<\/span><\/li>\n<li><strong><span id=\"aphia_ct_tu_527200\"><i>Doris ramosa<\/i> Cantraine, 1835 (original)<\/span><\/strong><\/li>\n<li><span id=\"aphia_ct_tu_748674\"><i>Euplocamus atlanticus<\/i> Bergh, 1892<\/span><\/li>\n<li><span id=\"aphia_ct_tu_527201\"><i>Euplocamus croceus<\/i> Philippi, 1836<\/span><\/li>\n<li><span id=\"aphia_ct_tu_527202\"><i>Euplocamus frondosus<\/i> Philippi, 1839<\/span><\/li>\n<li><span id=\"aphia_ct_tu_527203\"><i>Euplocamus japonicus<\/i> Bergh, 1880<\/span><\/li>\n<li><span id=\"aphia_ct_tu_181227\"><i>Kaloplocamus atlanticus<\/i> (Bergh, 1892)<\/span><\/li>\n<li><span id=\"aphia_ct_tu_141708\"><i>Kaloplocamus aureus<\/i> Odhner, 1932<\/span><\/li>\n<li><span id=\"aphia_ct_tu_141709\"><i>Kaloplocamus filosus<\/i> Cattaneo-Vietti &amp; Sordi, 1988<\/span><\/li>\n<\/ul>\n<p><strong>Descripci\u00f3<\/strong><\/p>\n<p>Aconsegueix una grand\u00e0ria de 25 mm. Color del cos vermell ataronjat uniforme amb el dors amb nombrosos petits tubercles de color m\u00e9s clar o blancs. Els exemplars juvenils s\u00f3n de color blanc-crem\u00f3s i semitransparents. El vel frontal t\u00e9 7-8 fins ap\u00e8ndixs ramificats i punxegudes. Els rin\u00f2fors s\u00f3n del mateix color que el cos i tenen l\u00e0mines en la meitat superior; l&#8217;\u00e0pex rinof\u00f2ric t\u00e9 puntuacions blanques. La br\u00e0nquia est\u00e0 composta per 5 fulls branquials tripinnades del mateix color que el cos, contr\u00e0ctils per\u00f2 no retr\u00e0ctils i situades en el ter\u00e7 posterior del dors, les tres anteriors s\u00f3n una mica m\u00e9s grans. A cada costat del dors hi ha 4-5 processos ramificats m\u00e9s gruixuts que els del vel oral i una mica m\u00e9s clars que el cos.<\/p>\n<p><strong>Biologia<\/strong><\/p>\n<p>S&#8217;alimenta de diferents esp\u00e8cies de briozous com <em>Caberea<\/em> sp., <em>Smittina cervicornis<\/em>, <em>Scrupocellaria incurvata<\/em> i <em>Margaretta cereoides<\/em>. Sol viure a certa profunditat, en fons detr\u00edtics costaners on abunden el crinoideu <em>Leptometra phalangium<\/em> i el antozou <em>Funiculina quadrangularis<\/em>.<\/p>\n<p><strong>Etimologia<\/strong><\/p>\n<ul>\n<li><em>Kaloplocamus<\/em>. Del Grec &#8220;\u03ba\u03b1\u03bb\u03cc\u03c2&#8221; = Kal\u00f3s, bo, bonic, preci\u00f3s, qualitat, utilitat, dret, moral, virtu\u00f3s, noble + &#8220;plokamos&#8221;, trena de cabell.<\/li>\n<li><em>Ramosus<\/em>. Del Llat\u00ed &#8220;ramosus&#8221;, ramificaci\u00f3. En refer\u00e8ncia a les papil\u00b7les altament ramificades que t\u00e9 al dors.<\/li>\n<\/ul>\n<p><strong>Distribuci\u00f3<br \/>\n<\/strong>\u00c9s una esp\u00e8cie mediterr\u00e0nia que s&#8217;ha citat tamb\u00e9 a les A\u00e7ores, Madeira, les Can\u00e0ries i en altres zones tan llunyanes com Angola, Sud\u00e0frica, Jap\u00f3, Austr\u00e0lia, Nova Zelanda i Hong Kong. A Catalunya \u00e9s una esp\u00e8cie rara d&#8217;observar. Degut a la seva \u00e0mplia distribuci\u00f3 geogr\u00e0fica, possiblement <em>K. ramosus<\/em> es tracti d&#8217;un complex d&#8217;esp\u00e8cies molt semblants morfol\u00f2gicament per\u00f2 diferents a nivell molecular. <div id=\"flxmap-6a99b944b1aca\" class='flxmap-container' data-flxmap='flxmap_6a99b944b1aca' style=\"width:100%;height:400px;\"><\/div>\n<script data-noptimize=\"1\">\n\/* <![CDATA[ *\/\n(function(w, fn) {\n if (w.addEventListener) w.addEventListener(\"DOMContentLoaded\", fn, false);\n else if (w.attachEvent) w.attachEvent(\"onload\", fn);\n})(window, function() {\n var f = new FlexibleMap();\n f.panControl = true;\n f.mapTypeId = \"satellite\";\n f.setlocale(\"ca-ES\");\n f.kmlcache = \"5 minutes\";\n f.showKML(\"flxmap-6a99b944b1aca\", \"https:\/\/opistobranquis.info\/wp-content\/uploads\/kms\/693.kmz\");\n window.flxmap_6a99b944b1aca = f;\n});\n\/* ]]> *\/\n<\/script>\n<div style=\"width:100%;text-align:center;margin:12px 0 4px 0;\">\n  <div style=\"font-size:8pt;margin-bottom:6px;\">Cites georeferenciades conegudes de l'esp\u00e8cie: <em>Kaloplocamus ramosus<\/em><\/div>\n  <table style=\"margin:0 auto;border-collapse:collapse;font-size:8pt;\">\n    <tr><td colspan=\"2\" style=\"text-align:left;padding-bottom:4px;\"><strong>Fonts:<\/strong><\/td><\/tr>\n    <tr>\n      <td style=\"vertical-align:top;padding-right:40px;\">\n        <table style=\"border-collapse:collapse;\">\n<tr><td style='padding:1px 6px 1px 0;vertical-align:middle'><img data-recalc-dims=\"1\" src=\"https:\/\/i0.wp.com\/opistobranquis.info\/wp-content\/uploads\/kms\/wht-circle-lv.png?w=900&#038;ssl=1\" style='display:block'><\/td><td style='padding:1px 0;vertical-align:middle;white-space:nowrap'>OBIS<\/td><\/tr><tr><td style='padding:1px 6px 1px 0;vertical-align:middle'><img data-recalc-dims=\"1\" src=\"https:\/\/i0.wp.com\/opistobranquis.info\/wp-content\/uploads\/kms\/ylw-circle-lv.png?w=900&#038;ssl=1\" style='display:block'><\/td><td style='padding:1px 0;vertical-align:middle;white-space:nowrap'>GROC 2010-2011<\/td><\/tr><tr><td style='padding:1px 6px 1px 0;vertical-align:middle'><img data-recalc-dims=\"1\" src=\"https:\/\/i0.wp.com\/opistobranquis.info\/wp-content\/uploads\/kms\/grn-circle-lv.png?w=900&#038;ssl=1\" style='display:block'><\/td><td style='padding:1px 0;vertical-align:middle;white-space:nowrap'>Enric Madrenas<\/td><\/tr><tr><td style='padding:1px 6px 1px 0;vertical-align:middle'><img data-recalc-dims=\"1\" src=\"https:\/\/i0.wp.com\/opistobranquis.info\/wp-content\/uploads\/kms\/orange-circle-lv.png?w=900&#038;ssl=1\" style='display:block'><\/td><td style='padding:1px 0;vertical-align:middle;white-space:nowrap'>Jo\u00e3o Pedro Silva<\/td><\/tr><tr><td style='padding:1px 6px 1px 0;vertical-align:middle'><img data-recalc-dims=\"1\" src=\"https:\/\/i0.wp.com\/opistobranquis.info\/wp-content\/uploads\/kms\/pink-circle-lv.png?w=900&#038;ssl=1\" style='display:block'><\/td><td style='padding:1px 0;vertical-align:middle;white-space:nowrap'>Bernard Picton<\/td><\/tr><tr><td style='padding:1px 6px 1px 0;vertical-align:middle'><img data-recalc-dims=\"1\" src=\"https:\/\/i0.wp.com\/opistobranquis.info\/wp-content\/uploads\/kms\/blk-circle-lv.png?w=900&#038;ssl=1\" style='display:block'><\/td><td style='padding:1px 0;vertical-align:middle;white-space:nowrap'>GBIF<\/td><\/tr>        <\/table>\n      <\/td>\n      <td style=\"vertical-align:top;\">\n        <table style=\"border-collapse:collapse;\">\n<tr><td style='padding:1px 6px 1px 0;vertical-align:middle'><img data-recalc-dims=\"1\" src=\"https:\/\/i0.wp.com\/opistobranquis.info\/wp-content\/uploads\/kms\/purple-circle-lv.png?w=900&#038;ssl=1\" style='display:block'><\/td><td style='padding:1px 0;vertical-align:middle;white-space:nowrap'>OPK<\/td><\/tr><tr><td style='padding:1px 6px 1px 0;vertical-align:middle'><img data-recalc-dims=\"1\" src=\"https:\/\/i0.wp.com\/opistobranquis.info\/wp-content\/uploads\/kms\/red-circle-lv.png?w=900&#038;ssl=1\" style='display:block'><\/td><td style='padding:1px 0;vertical-align:middle;white-space:nowrap'>VIMAR<\/td><\/tr><tr><td style='padding:1px 6px 1px 0;vertical-align:middle'><img data-recalc-dims=\"1\" src=\"https:\/\/i0.wp.com\/opistobranquis.info\/wp-content\/uploads\/kms\/blu-circle-lv.png?w=900&#038;ssl=1\" style='display:block'><\/td><td style='padding:1px 0;vertical-align:middle;white-space:nowrap'>Manuel Ballesteros<\/td><\/tr><tr><td style='padding:1px 6px 1px 0;vertical-align:middle'><img data-recalc-dims=\"1\" src=\"https:\/\/i0.wp.com\/opistobranquis.info\/wp-content\/uploads\/kms\/cyan-circle-lv.png?w=900&#038;ssl=1\" style='display:block'><\/td><td style='padding:1px 0;vertical-align:middle;white-space:nowrap'>M@re Nostrum<\/td><\/tr><tr><td style='padding:1px 6px 1px 0;vertical-align:middle'><img data-recalc-dims=\"1\" src=\"https:\/\/i0.wp.com\/opistobranquis.info\/wp-content\/uploads\/kms\/grey-circle-lv.png?w=900&#038;ssl=1\" style='display:block'><\/td><td style='padding:1px 0;vertical-align:middle;white-space:nowrap'>Altres fonts<\/td><\/tr><tr><td style='padding:1px 6px 1px 0;vertical-align:middle'><img data-recalc-dims=\"1\" src=\"https:\/\/i0.wp.com\/opistobranquis.info\/wp-content\/uploads\/kms\/marreg.png?w=900&#038;ssl=1\" style='display:block'><\/td><td style='padding:1px 0;vertical-align:middle;white-space:nowrap'>Marine Regions<\/td><\/tr>        <\/table>\n      <\/td>\n    <\/tr>\n  <\/table>\n<\/div>\n<\/p>\n<p><strong>Error:<\/strong> Chart.js no est\u00e1 disponible.<\/p>\n<p><strong>Videos<\/strong><\/p>\n<p><iframe loading=\"lazy\" title=\"Doris Soleil - Kaloplocamus ramosus\" width=\"900\" height=\"506\" src=\"https:\/\/www.youtube.com\/embed\/mFckkgsVwv0?feature=oembed\" frameborder=\"0\" allow=\"accelerometer; autoplay; clipboard-write; encrypted-media; gyroscope; picture-in-picture; web-share\" referrerpolicy=\"strict-origin-when-cross-origin\" allowfullscreen><\/iframe><\/p>\n<p>&nbsp;<\/p>\n<p><strong>Altres fotos<\/strong><br \/>\n<div class=\"tiled-gallery type-rectangular tiled-gallery-unresized\" data-original-width=\"900\" data-carousel-extra='{&quot;blog_id&quot;:1,&quot;permalink&quot;:&quot;https:\\\/\\\/opistobranquis.info\\\/ca\\\/guia\\\/nudibranchia\\\/doridina\\\/doridoidei\\\/polyceroidea\\\/kaloplocamus-ramosus\\\/&quot;,&quot;likes_blog_id&quot;:44192421}' itemscope itemtype=\"http:\/\/schema.org\/ImageGallery\" > <div class=\"gallery-row\" style=\"width: 900px; height: 405px;\" data-original-width=\"900\" data-original-height=\"405\" > <div class=\"gallery-group images-1\" style=\"width: 601px; height: 405px;\" data-original-width=\"601\" data-original-height=\"405\" > <div class=\"tiled-gallery-item tiled-gallery-item-large\" itemprop=\"associatedMedia\" itemscope itemtype=\"http:\/\/schema.org\/ImageObject\"> <a href=\"https:\/\/opistobranquis.info\/ca\/guia\/nudibranchia\/doridina\/doridoidei\/polyceroidea\/kaloplocamus-ramosus\/kaloplocamosus-ramosus-00\/\" border=\"0\" itemprop=\"url\"> <meta itemprop=\"width\" content=\"597\"> <meta itemprop=\"height\" content=\"401\"> <img decoding=\"async\" class=\"\" data-attachment-id=\"4663\" data-orig-file=\"https:\/\/opistobranquis.info\/wp-content\/uploads\/2012\/12\/kaloplocamosus-ramosus-00.jpg\" data-orig-size=\"650,437\" data-comments-opened=\"\" data-image-title=\"Kaloplocamus ramosus by Enric Madrenas\" data-image-description=\"&lt;p&gt;Kaloplocamus ramosus by Enric Madrenas&lt;\/p&gt; \" data-medium-file=\"https:\/\/i0.wp.com\/opistobranquis.info\/wp-content\/uploads\/2012\/12\/kaloplocamosus-ramosus-00.jpg?fit=300%2C201&#038;ssl=1\" data-large-file=\"https:\/\/i0.wp.com\/opistobranquis.info\/wp-content\/uploads\/2012\/12\/kaloplocamosus-ramosus-00.jpg?fit=650%2C437&#038;ssl=1\" src=\"https:\/\/i0.wp.com\/opistobranquis.info\/wp-content\/uploads\/2012\/12\/kaloplocamosus-ramosus-00.jpg?w=597&#038;h=401&#038;ssl=1\" srcset=\"https:\/\/i0.wp.com\/opistobranquis.info\/wp-content\/uploads\/2012\/12\/kaloplocamosus-ramosus-00.jpg?w=650&amp;ssl=1 650w, https:\/\/i0.wp.com\/opistobranquis.info\/wp-content\/uploads\/2012\/12\/kaloplocamosus-ramosus-00.jpg?resize=300%2C201&amp;ssl=1 300w\" width=\"597\" height=\"401\" loading=\"lazy\" data-original-width=\"597\" data-original-height=\"401\" itemprop=\"http:\/\/schema.org\/image\" title=\"Kaloplocamus ramosus by Enric Madrenas\" alt=\"Kaloplocamus ramosus by Enric Madrenas\" style=\"width: 597px; height: 401px;\" \/> <\/a> <div class=\"tiled-gallery-caption\" itemprop=\"caption description\"> Kaloplocamus ramosus by Enric Madrenas <\/div> <\/div> <\/div> <!-- close group --> <div class=\"gallery-group images-2\" style=\"width: 299px; height: 405px;\" data-original-width=\"299\" data-original-height=\"405\" > <div class=\"tiled-gallery-item tiled-gallery-item-large\" itemprop=\"associatedMedia\" itemscope itemtype=\"http:\/\/schema.org\/ImageObject\"> <a href=\"https:\/\/opistobranquis.info\/ca\/guia\/nudibranchia\/doridina\/doridoidei\/polyceroidea\/kaloplocamus-ramosus\/kaloplocamosus-ramosus-02\/\" border=\"0\" itemprop=\"url\"> <meta itemprop=\"width\" content=\"295\"> <meta itemprop=\"height\" content=\"198\"> <img decoding=\"async\" class=\"\" data-attachment-id=\"4664\" data-orig-file=\"https:\/\/opistobranquis.info\/wp-content\/uploads\/2012\/12\/kaloplocamosus-ramosus-02.jpg\" data-orig-size=\"650,437\" data-comments-opened=\"\" data-image-title=\"Kaloplocamus ramosus by Enric Madrenas\" data-image-description=\"&lt;p&gt;Kaloplocamus ramosus by Enric Madrenas&lt;\/p&gt; \" data-medium-file=\"https:\/\/i0.wp.com\/opistobranquis.info\/wp-content\/uploads\/2012\/12\/kaloplocamosus-ramosus-02.jpg?fit=300%2C201&#038;ssl=1\" data-large-file=\"https:\/\/i0.wp.com\/opistobranquis.info\/wp-content\/uploads\/2012\/12\/kaloplocamosus-ramosus-02.jpg?fit=650%2C437&#038;ssl=1\" src=\"https:\/\/i0.wp.com\/opistobranquis.info\/wp-content\/uploads\/2012\/12\/kaloplocamosus-ramosus-02.jpg?w=295&#038;h=198&#038;ssl=1\" srcset=\"https:\/\/i0.wp.com\/opistobranquis.info\/wp-content\/uploads\/2012\/12\/kaloplocamosus-ramosus-02.jpg?w=650&amp;ssl=1 650w, https:\/\/i0.wp.com\/opistobranquis.info\/wp-content\/uploads\/2012\/12\/kaloplocamosus-ramosus-02.jpg?resize=300%2C201&amp;ssl=1 300w\" width=\"295\" height=\"198\" loading=\"lazy\" data-original-width=\"295\" data-original-height=\"198\" itemprop=\"http:\/\/schema.org\/image\" title=\"Kaloplocamus ramosus by Enric Madrenas\" alt=\"Kaloplocamus ramosus by Enric Madrenas\" style=\"width: 295px; height: 198px;\" \/> <\/a> <div class=\"tiled-gallery-caption\" itemprop=\"caption description\"> Kaloplocamus ramosus by Enric Madrenas <\/div> <\/div> <div class=\"tiled-gallery-item tiled-gallery-item-large\" itemprop=\"associatedMedia\" itemscope itemtype=\"http:\/\/schema.org\/ImageObject\"> <a href=\"https:\/\/opistobranquis.info\/ca\/guia\/nudibranchia\/doridina\/doridoidei\/polyceroidea\/kaloplocamus-ramosus\/kaloplocamosus-ramosus-03\/\" border=\"0\" itemprop=\"url\"> <meta itemprop=\"width\" content=\"295\"> <meta itemprop=\"height\" content=\"199\"> <img decoding=\"async\" class=\"\" data-attachment-id=\"4665\" data-orig-file=\"https:\/\/opistobranquis.info\/wp-content\/uploads\/2012\/12\/kaloplocamosus-ramosus-03.jpg\" data-orig-size=\"650,438\" data-comments-opened=\"\" data-image-title=\"Kaloplocamus ramosus by Enric Madrenas\" data-image-description=\"&lt;p&gt;Kaloplocamus ramosus by Enric Madrenas&lt;\/p&gt; \" data-medium-file=\"https:\/\/i0.wp.com\/opistobranquis.info\/wp-content\/uploads\/2012\/12\/kaloplocamosus-ramosus-03.jpg?fit=300%2C202&#038;ssl=1\" data-large-file=\"https:\/\/i0.wp.com\/opistobranquis.info\/wp-content\/uploads\/2012\/12\/kaloplocamosus-ramosus-03.jpg?fit=650%2C438&#038;ssl=1\" src=\"https:\/\/i0.wp.com\/opistobranquis.info\/wp-content\/uploads\/2012\/12\/kaloplocamosus-ramosus-03.jpg?w=295&#038;h=199&#038;ssl=1\" srcset=\"https:\/\/i0.wp.com\/opistobranquis.info\/wp-content\/uploads\/2012\/12\/kaloplocamosus-ramosus-03.jpg?w=650&amp;ssl=1 650w, https:\/\/i0.wp.com\/opistobranquis.info\/wp-content\/uploads\/2012\/12\/kaloplocamosus-ramosus-03.jpg?resize=300%2C202&amp;ssl=1 300w\" width=\"295\" height=\"199\" loading=\"lazy\" data-original-width=\"295\" data-original-height=\"199\" itemprop=\"http:\/\/schema.org\/image\" title=\"Kaloplocamus ramosus by Enric Madrenas\" alt=\"Kaloplocamus ramosus by Enric Madrenas\" style=\"width: 295px; height: 199px;\" \/> <\/a> <div class=\"tiled-gallery-caption\" itemprop=\"caption description\"> Kaloplocamus ramosus by Enric Madrenas <\/div> <\/div> <\/div> <!-- close group --> <\/div> <!-- close row --> <div class=\"gallery-row\" style=\"width: 900px; height: 635px;\" data-original-width=\"900\" data-original-height=\"635\" > <div class=\"gallery-group images-2\" style=\"width: 470px; height: 635px;\" data-original-width=\"470\" data-original-height=\"635\" > <div class=\"tiled-gallery-item tiled-gallery-item-large\" itemprop=\"associatedMedia\" itemscope itemtype=\"http:\/\/schema.org\/ImageObject\"> <a href=\"https:\/\/opistobranquis.info\/ca\/guia\/nudibranchia\/doridina\/doridoidei\/polyceroidea\/kaloplocamus-ramosus\/kaloplocamosus-ramosus-05\/\" border=\"0\" itemprop=\"url\"> <meta itemprop=\"width\" content=\"466\"> <meta itemprop=\"height\" content=\"314\"> <img decoding=\"async\" class=\"\" data-attachment-id=\"4666\" data-orig-file=\"https:\/\/opistobranquis.info\/wp-content\/uploads\/2012\/12\/kaloplocamosus-ramosus-05.jpg\" data-orig-size=\"650,438\" data-comments-opened=\"\" data-image-title=\"Kaloplocamus ramosus by Enric Madrenas\" data-image-description=\"&lt;p&gt;Kaloplocamus ramosus by Enric Madrenas&lt;\/p&gt; \" data-medium-file=\"https:\/\/i0.wp.com\/opistobranquis.info\/wp-content\/uploads\/2012\/12\/kaloplocamosus-ramosus-05.jpg?fit=300%2C202&#038;ssl=1\" data-large-file=\"https:\/\/i0.wp.com\/opistobranquis.info\/wp-content\/uploads\/2012\/12\/kaloplocamosus-ramosus-05.jpg?fit=650%2C438&#038;ssl=1\" src=\"https:\/\/i0.wp.com\/opistobranquis.info\/wp-content\/uploads\/2012\/12\/kaloplocamosus-ramosus-05.jpg?w=466&#038;h=314&#038;ssl=1\" srcset=\"https:\/\/i0.wp.com\/opistobranquis.info\/wp-content\/uploads\/2012\/12\/kaloplocamosus-ramosus-05.jpg?w=650&amp;ssl=1 650w, https:\/\/i0.wp.com\/opistobranquis.info\/wp-content\/uploads\/2012\/12\/kaloplocamosus-ramosus-05.jpg?resize=300%2C202&amp;ssl=1 300w\" width=\"466\" height=\"314\" loading=\"lazy\" data-original-width=\"466\" data-original-height=\"314\" itemprop=\"http:\/\/schema.org\/image\" title=\"Kaloplocamus ramosus by Enric Madrenas\" alt=\"Kaloplocamus ramosus by Enric Madrenas\" style=\"width: 466px; height: 314px;\" \/> <\/a> <div class=\"tiled-gallery-caption\" itemprop=\"caption description\"> Kaloplocamus ramosus by Enric Madrenas <\/div> <\/div> <div class=\"tiled-gallery-item tiled-gallery-item-large\" itemprop=\"associatedMedia\" itemscope itemtype=\"http:\/\/schema.org\/ImageObject\"> <a href=\"https:\/\/opistobranquis.info\/ca\/guia\/nudibranchia\/doridina\/doridoidei\/polyceroidea\/kaloplocamus-ramosus\/kaloplocamosus-ramosus-06\/\" border=\"0\" itemprop=\"url\"> <meta itemprop=\"width\" content=\"466\"> <meta itemprop=\"height\" content=\"313\"> <img decoding=\"async\" class=\"\" data-attachment-id=\"4667\" data-orig-file=\"https:\/\/opistobranquis.info\/wp-content\/uploads\/2012\/12\/kaloplocamosus-ramosus-06.jpg\" data-orig-size=\"650,438\" data-comments-opened=\"\" data-image-title=\"Kaloplocamus ramosus by Enric Madrenas\" data-image-description=\"&lt;p&gt;Kaloplocamus ramosus by Enric Madrenas&lt;\/p&gt; \" data-medium-file=\"https:\/\/i0.wp.com\/opistobranquis.info\/wp-content\/uploads\/2012\/12\/kaloplocamosus-ramosus-06.jpg?fit=300%2C202&#038;ssl=1\" data-large-file=\"https:\/\/i0.wp.com\/opistobranquis.info\/wp-content\/uploads\/2012\/12\/kaloplocamosus-ramosus-06.jpg?fit=650%2C438&#038;ssl=1\" src=\"https:\/\/i0.wp.com\/opistobranquis.info\/wp-content\/uploads\/2012\/12\/kaloplocamosus-ramosus-06.jpg?w=466&#038;h=313&#038;ssl=1\" srcset=\"https:\/\/i0.wp.com\/opistobranquis.info\/wp-content\/uploads\/2012\/12\/kaloplocamosus-ramosus-06.jpg?w=650&amp;ssl=1 650w, https:\/\/i0.wp.com\/opistobranquis.info\/wp-content\/uploads\/2012\/12\/kaloplocamosus-ramosus-06.jpg?resize=300%2C202&amp;ssl=1 300w\" width=\"466\" height=\"313\" loading=\"lazy\" data-original-width=\"466\" data-original-height=\"313\" itemprop=\"http:\/\/schema.org\/image\" title=\"Kaloplocamus ramosus by Enric Madrenas\" alt=\"Kaloplocamus ramosus by Enric Madrenas\" style=\"width: 466px; height: 313px;\" \/> <\/a> <div class=\"tiled-gallery-caption\" itemprop=\"caption description\"> Kaloplocamus ramosus by Enric Madrenas <\/div> <\/div> <\/div> <!-- close group --> <div class=\"gallery-group images-1\" style=\"width: 430px; height: 635px;\" data-original-width=\"430\" data-original-height=\"635\" > <div class=\"tiled-gallery-item tiled-gallery-item-large\" itemprop=\"associatedMedia\" itemscope itemtype=\"http:\/\/schema.org\/ImageObject\"> <a href=\"https:\/\/opistobranquis.info\/ca\/guia\/nudibranchia\/doridina\/doridoidei\/polyceroidea\/kaloplocamus-ramosus\/kaloplocamosus-ramosus-11\/\" border=\"0\" itemprop=\"url\"> <meta itemprop=\"width\" content=\"426\"> <meta itemprop=\"height\" content=\"631\"> <img decoding=\"async\" class=\"\" data-attachment-id=\"4668\" data-orig-file=\"https:\/\/opistobranquis.info\/wp-content\/uploads\/2012\/12\/kaloplocamosus-ramosus-11.jpg\" data-orig-size=\"331,490\" data-comments-opened=\"\" data-image-title=\"Kaloplocamus ramosus by Enric Madrenas\" data-image-description=\"&lt;p&gt;Kaloplocamus ramosus by Enric Madrenas&lt;\/p&gt; \" data-medium-file=\"https:\/\/i0.wp.com\/opistobranquis.info\/wp-content\/uploads\/2012\/12\/kaloplocamosus-ramosus-11.jpg?fit=202%2C300&#038;ssl=1\" data-large-file=\"https:\/\/i0.wp.com\/opistobranquis.info\/wp-content\/uploads\/2012\/12\/kaloplocamosus-ramosus-11.jpg?fit=331%2C490&#038;ssl=1\" src=\"https:\/\/i0.wp.com\/opistobranquis.info\/wp-content\/uploads\/2012\/12\/kaloplocamosus-ramosus-11.jpg?w=426&#038;h=631&#038;ssl=1\" srcset=\"https:\/\/i0.wp.com\/opistobranquis.info\/wp-content\/uploads\/2012\/12\/kaloplocamosus-ramosus-11.jpg?w=331&amp;ssl=1 331w, https:\/\/i0.wp.com\/opistobranquis.info\/wp-content\/uploads\/2012\/12\/kaloplocamosus-ramosus-11.jpg?resize=202%2C300&amp;ssl=1 202w\" width=\"426\" height=\"631\" loading=\"lazy\" data-original-width=\"426\" data-original-height=\"631\" itemprop=\"http:\/\/schema.org\/image\" title=\"Kaloplocamus ramosus by Enric Madrenas\" alt=\"Kaloplocamus ramosus by Enric Madrenas\" style=\"width: 426px; height: 631px;\" \/> <\/a> <div class=\"tiled-gallery-caption\" itemprop=\"caption description\"> Kaloplocamus ramosus by Enric Madrenas <\/div> <\/div> <\/div> <!-- close group --> <\/div> <!-- close row --> <div class=\"gallery-row\" style=\"width: 900px; height: 302px;\" data-original-width=\"900\" data-original-height=\"302\" > <div class=\"gallery-group images-1\" style=\"width: 449px; height: 302px;\" data-original-width=\"449\" data-original-height=\"302\" > <div class=\"tiled-gallery-item tiled-gallery-item-large\" itemprop=\"associatedMedia\" itemscope itemtype=\"http:\/\/schema.org\/ImageObject\"> <a href=\"https:\/\/opistobranquis.info\/ca\/guia\/nudibranchia\/doridina\/doridoidei\/polyceroidea\/kaloplocamus-ramosus\/kaloplocamus-ramosus-juvenil\/\" border=\"0\" itemprop=\"url\"> <meta itemprop=\"width\" content=\"445\"> <meta itemprop=\"height\" content=\"298\"> <img decoding=\"async\" class=\"\" data-attachment-id=\"21134\" data-orig-file=\"https:\/\/opistobranquis.info\/wp-content\/uploads\/2012\/05\/Kaloplocamus-ramosus-juvenil.jpg\" data-orig-size=\"808,541\" data-comments-opened=\"\" data-image-title=\"Kaloplocamus ramosus by Jos\u00e9 Carlos Garc\u00eda G\u00f3mez\" data-image-description=\"&lt;p&gt;Kaloplocamus ramosus by Jos\u00e9 Carlos Garc\u00eda G\u00f3mez&lt;\/p&gt; \" data-medium-file=\"https:\/\/i0.wp.com\/opistobranquis.info\/wp-content\/uploads\/2012\/05\/Kaloplocamus-ramosus-juvenil.jpg?fit=300%2C201&#038;ssl=1\" data-large-file=\"https:\/\/i0.wp.com\/opistobranquis.info\/wp-content\/uploads\/2012\/05\/Kaloplocamus-ramosus-juvenil.jpg?fit=808%2C541&#038;ssl=1\" src=\"https:\/\/i0.wp.com\/opistobranquis.info\/wp-content\/uploads\/2012\/05\/Kaloplocamus-ramosus-juvenil.jpg?w=445&#038;h=298&#038;ssl=1\" srcset=\"https:\/\/i0.wp.com\/opistobranquis.info\/wp-content\/uploads\/2012\/05\/Kaloplocamus-ramosus-juvenil.jpg?w=808&amp;ssl=1 808w, https:\/\/i0.wp.com\/opistobranquis.info\/wp-content\/uploads\/2012\/05\/Kaloplocamus-ramosus-juvenil.jpg?resize=150%2C100&amp;ssl=1 150w, https:\/\/i0.wp.com\/opistobranquis.info\/wp-content\/uploads\/2012\/05\/Kaloplocamus-ramosus-juvenil.jpg?resize=300%2C201&amp;ssl=1 300w, https:\/\/i0.wp.com\/opistobranquis.info\/wp-content\/uploads\/2012\/05\/Kaloplocamus-ramosus-juvenil.jpg?resize=768%2C514&amp;ssl=1 768w\" width=\"445\" height=\"298\" loading=\"lazy\" data-original-width=\"445\" data-original-height=\"298\" itemprop=\"http:\/\/schema.org\/image\" title=\"Kaloplocamus ramosus by Jos\u00e9 Carlos Garc\u00eda G\u00f3mez\" alt=\"Kaloplocamus ramosus by Jos\u00e9 Carlos Garc\u00eda G\u00f3mez\" style=\"width: 445px; height: 298px;\" \/> <\/a> <div class=\"tiled-gallery-caption\" itemprop=\"caption description\"> Kaloplocamus ramosus by Jos\u00e9 Carlos Garc\u00eda G\u00f3mez <\/div> <\/div> <\/div> <!-- close group --> <div class=\"gallery-group images-1\" style=\"width: 451px; height: 302px;\" data-original-width=\"451\" data-original-height=\"302\" > <div class=\"tiled-gallery-item tiled-gallery-item-large\" itemprop=\"associatedMedia\" itemscope itemtype=\"http:\/\/schema.org\/ImageObject\"> <a href=\"https:\/\/opistobranquis.info\/ca\/guia\/nudibranchia\/doridina\/doridoidei\/polyceroidea\/kaloplocamus-ramosus\/kaloplocamus-ramosus-france-by-pascal-girard-2\/\" border=\"0\" itemprop=\"url\"> <meta itemprop=\"width\" content=\"447\"> <meta itemprop=\"height\" content=\"298\"> <img decoding=\"async\" class=\"\" data-attachment-id=\"36158\" data-orig-file=\"https:\/\/opistobranquis.info\/wp-content\/uploads\/2022\/12\/Kaloplocamus-ramosus-@-France-by-Pascal-Girard-2.jpg\" data-orig-size=\"1280,853\" data-comments-opened=\"\" data-image-title=\"Kaloplocamus ramosus @ France by Pascal Girard\" data-image-description=\"&lt;p&gt;Kaloplocamus ramosus @ France by Pascal Girard&lt;\/p&gt; \" data-medium-file=\"https:\/\/i0.wp.com\/opistobranquis.info\/wp-content\/uploads\/2022\/12\/Kaloplocamus-ramosus-%40-France-by-Pascal-Girard-2.jpg?fit=300%2C200&#038;ssl=1\" data-large-file=\"https:\/\/i0.wp.com\/opistobranquis.info\/wp-content\/uploads\/2022\/12\/Kaloplocamus-ramosus-%40-France-by-Pascal-Girard-2.jpg?fit=900%2C599&#038;ssl=1\" src=\"https:\/\/i0.wp.com\/opistobranquis.info\/wp-content\/uploads\/2022\/12\/Kaloplocamus-ramosus-%40-France-by-Pascal-Girard-2.jpg?w=447&#038;h=298&#038;ssl=1\" width=\"447\" height=\"298\" loading=\"lazy\" data-original-width=\"447\" data-original-height=\"298\" itemprop=\"http:\/\/schema.org\/image\" title=\"Kaloplocamus ramosus @ France by Pascal Girard\" alt=\"Kaloplocamus ramosus @ France by Pascal Girard\" style=\"width: 447px; height: 298px;\" \/> <\/a> <div class=\"tiled-gallery-caption\" itemprop=\"caption description\"> Kaloplocamus ramosus @ France by Pascal Girard <\/div> <\/div> <\/div> <!-- close group --> <\/div> <!-- close row --> <div class=\"gallery-row\" style=\"width: 900px; height: 328px;\" data-original-width=\"900\" data-original-height=\"328\" > <div class=\"gallery-group images-1\" style=\"width: 491px; height: 328px;\" data-original-width=\"491\" data-original-height=\"328\" > <div class=\"tiled-gallery-item tiled-gallery-item-large\" itemprop=\"associatedMedia\" itemscope itemtype=\"http:\/\/schema.org\/ImageObject\"> <a href=\"https:\/\/opistobranquis.info\/ca\/guia\/nudibranchia\/doridina\/doridoidei\/polyceroidea\/kaloplocamus-ramosus\/kaloplocamus-ramosus-france-by-pascal-girard\/\" border=\"0\" itemprop=\"url\"> <meta itemprop=\"width\" content=\"487\"> <meta itemprop=\"height\" content=\"324\"> <img decoding=\"async\" class=\"\" data-attachment-id=\"36159\" data-orig-file=\"https:\/\/opistobranquis.info\/wp-content\/uploads\/2022\/12\/Kaloplocamus-ramosus-@-France-by-Pascal-Girard.jpg\" data-orig-size=\"1280,853\" data-comments-opened=\"\" data-image-title=\"Kaloplocamus ramosus @ France by Pascal Girard\" data-image-description=\"&lt;p&gt;Kaloplocamus ramosus @ France by Pascal Girard&lt;\/p&gt; \" data-medium-file=\"https:\/\/i0.wp.com\/opistobranquis.info\/wp-content\/uploads\/2022\/12\/Kaloplocamus-ramosus-%40-France-by-Pascal-Girard.jpg?fit=300%2C200&#038;ssl=1\" data-large-file=\"https:\/\/i0.wp.com\/opistobranquis.info\/wp-content\/uploads\/2022\/12\/Kaloplocamus-ramosus-%40-France-by-Pascal-Girard.jpg?fit=900%2C599&#038;ssl=1\" src=\"https:\/\/i0.wp.com\/opistobranquis.info\/wp-content\/uploads\/2022\/12\/Kaloplocamus-ramosus-%40-France-by-Pascal-Girard.jpg?w=487&#038;h=324&#038;ssl=1\" width=\"487\" height=\"324\" loading=\"lazy\" data-original-width=\"487\" data-original-height=\"324\" itemprop=\"http:\/\/schema.org\/image\" title=\"Kaloplocamus ramosus @ France by Pascal Girard\" alt=\"Kaloplocamus ramosus @ France by Pascal Girard\" style=\"width: 487px; height: 324px;\" \/> <\/a> <div class=\"tiled-gallery-caption\" itemprop=\"caption description\"> Kaloplocamus ramosus @ France by Pascal Girard <\/div> <\/div> <\/div> <!-- close group --> <div class=\"gallery-group images-1\" style=\"width: 409px; height: 328px;\" data-original-width=\"409\" data-original-height=\"328\" > <div class=\"tiled-gallery-item tiled-gallery-item-large\" itemprop=\"associatedMedia\" itemscope itemtype=\"http:\/\/schema.org\/ImageObject\"> <a href=\"https:\/\/opistobranquis.info\/ca\/guia\/nudibranchia\/doridina\/doridoidei\/polyceroidea\/kaloplocamus-ramosus\/img_0035-mejorado-nr\/\" border=\"0\" itemprop=\"url\"> <meta itemprop=\"width\" content=\"405\"> <meta itemprop=\"height\" content=\"324\"> <img decoding=\"async\" class=\"\" data-attachment-id=\"45756\" data-orig-file=\"https:\/\/opistobranquis.info\/wp-content\/uploads\/2025\/01\/IMG_0035-Mejorado-NR.jpg\" data-orig-size=\"2070,1656\" data-comments-opened=\"\" data-image-title=\"Kaloplocamus ramosus @ Granada by Jos\u00e9 A. Salido\" data-image-description=\"&lt;p&gt;Kaloplocamus ramosus @ Granada by Jos\u00e9 A. Salido&lt;\/p&gt; \" data-medium-file=\"https:\/\/i0.wp.com\/opistobranquis.info\/wp-content\/uploads\/2025\/01\/IMG_0035-Mejorado-NR.jpg?fit=300%2C240&#038;ssl=1\" data-large-file=\"https:\/\/i0.wp.com\/opistobranquis.info\/wp-content\/uploads\/2025\/01\/IMG_0035-Mejorado-NR.jpg?fit=900%2C720&#038;ssl=1\" src=\"https:\/\/i0.wp.com\/opistobranquis.info\/wp-content\/uploads\/2025\/01\/IMG_0035-Mejorado-NR.jpg?w=405&#038;h=324&#038;ssl=1\" srcset=\"https:\/\/i0.wp.com\/opistobranquis.info\/wp-content\/uploads\/2025\/01\/IMG_0035-Mejorado-NR.jpg?w=2070&amp;ssl=1 2070w, https:\/\/i0.wp.com\/opistobranquis.info\/wp-content\/uploads\/2025\/01\/IMG_0035-Mejorado-NR.jpg?resize=300%2C240&amp;ssl=1 300w, https:\/\/i0.wp.com\/opistobranquis.info\/wp-content\/uploads\/2025\/01\/IMG_0035-Mejorado-NR.jpg?resize=1024%2C819&amp;ssl=1 1024w, https:\/\/i0.wp.com\/opistobranquis.info\/wp-content\/uploads\/2025\/01\/IMG_0035-Mejorado-NR.jpg?resize=150%2C120&amp;ssl=1 150w, https:\/\/i0.wp.com\/opistobranquis.info\/wp-content\/uploads\/2025\/01\/IMG_0035-Mejorado-NR.jpg?resize=1536%2C1229&amp;ssl=1 1536w, https:\/\/i0.wp.com\/opistobranquis.info\/wp-content\/uploads\/2025\/01\/IMG_0035-Mejorado-NR.jpg?resize=2048%2C1638&amp;ssl=1 2048w, https:\/\/i0.wp.com\/opistobranquis.info\/wp-content\/uploads\/2025\/01\/IMG_0035-Mejorado-NR.jpg?w=1800&amp;ssl=1 1800w\" width=\"405\" height=\"324\" loading=\"lazy\" data-original-width=\"405\" data-original-height=\"324\" itemprop=\"http:\/\/schema.org\/image\" title=\"Kaloplocamus ramosus @ Granada by Jos\u00e9 A. Salido\" alt=\"Kaloplocamus ramosus @ Granada by Jos\u00e9 A. Salido\" style=\"width: 405px; height: 324px;\" \/> <\/a> <div class=\"tiled-gallery-caption\" itemprop=\"caption description\"> Kaloplocamus ramosus @ Granada by Jos\u00e9 A. Salido <\/div> <\/div> <\/div> <!-- close group --> <\/div> <!-- close row --> <div class=\"gallery-row\" style=\"width: 900px; height: 721px;\" data-original-width=\"900\" data-original-height=\"721\" > <div class=\"gallery-group images-1\" style=\"width: 900px; height: 721px;\" data-original-width=\"900\" data-original-height=\"721\" > <div class=\"tiled-gallery-item tiled-gallery-item-large\" itemprop=\"associatedMedia\" itemscope itemtype=\"http:\/\/schema.org\/ImageObject\"> <a href=\"https:\/\/opistobranquis.info\/ca\/guia\/nudibranchia\/doridina\/doridoidei\/polyceroidea\/kaloplocamus-ramosus\/img_0056-mejorado-nr\/\" border=\"0\" itemprop=\"url\"> <meta itemprop=\"width\" content=\"896\"> <meta itemprop=\"height\" content=\"717\"> <img decoding=\"async\" class=\"\" data-attachment-id=\"45757\" data-orig-file=\"https:\/\/opistobranquis.info\/wp-content\/uploads\/2025\/01\/IMG_0056-Mejorado-NR.jpg\" data-orig-size=\"2070,1656\" data-comments-opened=\"\" data-image-title=\"Kaloplocamus ramosus @ Granada by Jos\u00e9 A. Salido\" data-image-description=\"&lt;p&gt;Kaloplocamus ramosus @ Granada by Jos\u00e9 A. Salido&lt;\/p&gt; \" data-medium-file=\"https:\/\/i0.wp.com\/opistobranquis.info\/wp-content\/uploads\/2025\/01\/IMG_0056-Mejorado-NR.jpg?fit=300%2C240&#038;ssl=1\" data-large-file=\"https:\/\/i0.wp.com\/opistobranquis.info\/wp-content\/uploads\/2025\/01\/IMG_0056-Mejorado-NR.jpg?fit=900%2C720&#038;ssl=1\" src=\"https:\/\/i0.wp.com\/opistobranquis.info\/wp-content\/uploads\/2025\/01\/IMG_0056-Mejorado-NR.jpg?w=896&#038;h=717&#038;ssl=1\" srcset=\"https:\/\/i0.wp.com\/opistobranquis.info\/wp-content\/uploads\/2025\/01\/IMG_0056-Mejorado-NR.jpg?w=2070&amp;ssl=1 2070w, https:\/\/i0.wp.com\/opistobranquis.info\/wp-content\/uploads\/2025\/01\/IMG_0056-Mejorado-NR.jpg?resize=300%2C240&amp;ssl=1 300w, https:\/\/i0.wp.com\/opistobranquis.info\/wp-content\/uploads\/2025\/01\/IMG_0056-Mejorado-NR.jpg?resize=1024%2C819&amp;ssl=1 1024w, https:\/\/i0.wp.com\/opistobranquis.info\/wp-content\/uploads\/2025\/01\/IMG_0056-Mejorado-NR.jpg?resize=150%2C120&amp;ssl=1 150w, https:\/\/i0.wp.com\/opistobranquis.info\/wp-content\/uploads\/2025\/01\/IMG_0056-Mejorado-NR.jpg?resize=1536%2C1229&amp;ssl=1 1536w, https:\/\/i0.wp.com\/opistobranquis.info\/wp-content\/uploads\/2025\/01\/IMG_0056-Mejorado-NR.jpg?resize=2048%2C1638&amp;ssl=1 2048w, https:\/\/i0.wp.com\/opistobranquis.info\/wp-content\/uploads\/2025\/01\/IMG_0056-Mejorado-NR.jpg?w=1800&amp;ssl=1 1800w\" width=\"896\" height=\"717\" loading=\"lazy\" data-original-width=\"896\" data-original-height=\"717\" itemprop=\"http:\/\/schema.org\/image\" title=\"Kaloplocamus ramosus @ Granada by Jos\u00e9 A. Salido\" alt=\"Kaloplocamus ramosus @ Granada by Jos\u00e9 A. Salido\" style=\"width: 896px; height: 717px;\" \/> <\/a> <div class=\"tiled-gallery-caption\" itemprop=\"caption description\"> Kaloplocamus ramosus @ Granada by Jos\u00e9 A. Salido <\/div> <\/div> <\/div> <!-- close group --> <\/div> <!-- close row --> <\/div><\/p>\n<p><p><strong>Bibliografia<\/strong><\/p><ul><div id=\"zotpress-74cb4b20a7c7b18615174af2568349b0\" class=\"zp-Zotpress zp-Zotpress-Bib wp-block-group\">\n\n\t\t<span class=\"ZP_API_USER_ID ZP_ATTR\">1246567<\/span>\n\t\t<span class=\"ZP_ITEM_KEY ZP_ATTR\"><\/span>\n\t\t<span class=\"ZP_COLLECTION_ID ZP_ATTR\"><\/span>\n\t\t<span class=\"ZP_TAG_ID ZP_ATTR\">Kaloplocamus ramosus<\/span>\n\t\t<span class=\"ZP_AUTHOR ZP_ATTR\"><\/span>\n\t\t<span class=\"ZP_YEAR ZP_ATTR\"><\/span>\n        <span class=\"ZP_ITEMTYPE ZP_ATTR\"><\/span>\n\t\t<span class=\"ZP_INCLUSIVE ZP_ATTR\">1<\/span>\n\t\t<span class=\"ZP_STYLE ZP_ATTR\">eunomia-revista-en-cultura-de-la-legalidad<\/span>\n\t\t<span class=\"ZP_LIMIT ZP_ATTR\">50<\/span>\n\t\t<span class=\"ZP_SORTBY ZP_ATTR\">creator<\/span>\n\t\t<span class=\"ZP_ORDER ZP_ATTR\">asc<\/span>\n\t\t<span class=\"ZP_TITLE ZP_ATTR\"><\/span>\n\t\t<span class=\"ZP_SHOWIMAGE ZP_ATTR\"><\/span>\n\t\t<span class=\"ZP_SHOWTAGS ZP_ATTR\"><\/span>\n\t\t<span class=\"ZP_DOWNLOADABLE ZP_ATTR\"><\/span>\n\t\t<span class=\"ZP_NOTES ZP_ATTR\"><\/span>\n\t\t<span class=\"ZP_ABSTRACT ZP_ATTR\"><\/span>\n\t\t<span class=\"ZP_CITEABLE ZP_ATTR\"><\/span>\n\t\t<span class=\"ZP_TARGET ZP_ATTR\">1<\/span>\n\t\t<span class=\"ZP_URLWRAP ZP_ATTR\"><\/span>\n\t\t<span class=\"ZP_FORCENUM ZP_ATTR\"><\/span>\n        <span class=\"ZP_HIGHLIGHT ZP_ATTR\"><\/span>\n        <span class=\"ZP_POSTID ZP_ATTR\">693<\/span>\n\t\t<span class=\"ZOTPRESS_PLUGIN_URL ZP_ATTR\">https:\/\/opistobranquis.info\/wp-content\/plugins\/zotpress\/<\/span>\n\n\t\t<div class=\"zp-List loading\">\n\t\t\t<div class=\"zp-SEO-Content\">\n\n\t\t\t<\/div><!-- .zp-zp-SEO-Content -->\n\t\t<\/div><!-- .zp-List -->\n\t<\/div><!--.zp-Zotpress-->\n\n<p><\/p>Bibliografia basada en els treballs de <b>Steve Long, 2006<\/b>. <a target=_blank href=https:\/\/opistobranquis.info\/wp-content\/uploads\/2016\/06\/Long-S.-2006-Bibliography-of-Opisthobranchia-1554-2000.pdf>Bibliography of Opisthobranchia 1554-2000<\/a> i <b>Gary McDonald, 2009<\/b>. <a href=http:\/\/escholarship.org\/uc\/item\/8115h0wz>Bibliographia Nudibranchia<\/a>, amb actualitzacions posteriors procedents d\u00b4altres fonts.<p><\/p><\/ul><p><\/p><p><strong>M\u00e9s informaci\u00f3<\/strong><\/p><span style=\"font-size:10pt\"><ul><ul class=\"blogroll-links\"><li><a href=\"http:\/\/www.biodiversitylibrary.org\/name\/Kaloplocamus%20ramosus\">Biodiversity Heritage Library<\/a><\/li><li><a href=\"https:\/\/litoraldegranada.ugr.es\/el-litoral\/el-litoral-sumergido\/fauna\/moluscos\/gasteropodos\/opistobranquios\/orden-nudibranchia\/doridaceos\/polyceroidea\/kaloplocamus-ramosus\/\">El Litoral de Granada<\/a><\/li><li><a href=\"https:\/\/www.flickr.com\/search\/?text=Kaloplocamus%20ramosus\">Flickr pictures<\/a><\/li><li><a href=\"http:\/\/www.opistobranquis.org\/ca\/guia\/96\">GROC<\/a><\/li><li><a href=\"http:\/\/www.irmng.org\/aphia.php?p=taxlist&#038;tName=Kaloplocamus%20ramosus\">Interim Register of Marine and Nonmarine Genera<\/a><\/li><li><a href=\"http:\/\/www.ncbi.nlm.nih.gov\/Taxonomy\/Browser\/wwwtax.cgi?mode=Undef&#038;name=Kaloplocamus%20ramosus&#038;lvl=0&#038;srchmode=1\">NCBI GenBank<\/a><\/li><li><a href=\"http:\/\/iobis.org\/mapper\/?taxon=Kaloplocamus%20ramosus\">OBIS - Search by Taxon<\/a><\/li><li><a href=\"http:\/\/www.marinespecies.org\/aphia.php?p=taxdetails&#038;id=141710\">World Register of Marine Species<\/a><\/li><\/ul><\/ul><\/span><p><strong>Citeu aquest article com: <\/strong><\/p><div style=\"display: block; background: #444444; padding: 10px 30px 10px 10px; border-radius: 5px; line-height: 18px;\"><p class=\"citacio\"><b>Ballesteros, M., Madrenas, E. &#38; Pontes, M.<\/b> (2025) <em>\"Kaloplocamus ramosus\"<\/em> a <em>OPK-Opistobranquis<\/em>. Publicat: 17\/05\/2012. Accedit: 03\/09\/2026. Disponible a (<a href=https:\/\/opistobranquis.info\/ca\/?p=693>https:\/\/opistobranquis.info\/ca\/?p=693<\/a>)<\/p><p><\/p><\/div><p><\/p><\/p>","protected":false},"excerpt":{"rendered":"<p>Kaloplocamus ramosus (Cantraine, 1835) Sin\u00f2nims Doris fimbriata Delle Chiaje, 1841 Doris ramosa Cantraine, 1835 (original) Euplocamus atlanticus Bergh, 1892 Euplocamus croceus Philippi, 1836 Euplocamus frondosus Philippi, 1839 Euplocamus japonicus Bergh, 1880 Kaloplocamus atlanticus (Bergh, 1892) Kaloplocamus aureus Odhner, 1932 Kaloplocamus filosus Cattaneo-Vietti &amp; Sordi, 1988 Descripci\u00f3 Aconsegueix una grand\u00e0ria de 25 mm. Color del cos vermell ataronjat uniforme amb el dors amb nombrosos petits tubercles de color m\u00e9s clar o\u2026<\/p>\n<p class=\"continue-reading-button\"> <a class=\"continue-reading-link\" href=\"https:\/\/opistobranquis.info\/ca\/guia\/nudibranchia\/doridina\/doridoidei\/polyceroidea\/kaloplocamus-ramosus\/\">Continua llegint<i class=\"crycon-right-dir\"><\/i><\/a><\/p>\n","protected":false},"author":291,"featured_media":4669,"parent":26113,"menu_order":6590,"comment_status":"closed","ping_status":"closed","template":"","meta":{"footnotes":""},"class_list":["post-693","page","type-page","status-publish","has-post-thumbnail","hentry"],"jetpack_sharing_enabled":true,"_links":{"self":[{"href":"https:\/\/opistobranquis.info\/ca\/wp-json\/wp\/v2\/pages\/693","targetHints":{"allow":["GET"]}}],"collection":[{"href":"https:\/\/opistobranquis.info\/ca\/wp-json\/wp\/v2\/pages"}],"about":[{"href":"https:\/\/opistobranquis.info\/ca\/wp-json\/wp\/v2\/types\/page"}],"author":[{"embeddable":true,"href":"https:\/\/opistobranquis.info\/ca\/wp-json\/wp\/v2\/users\/291"}],"replies":[{"embeddable":true,"href":"https:\/\/opistobranquis.info\/ca\/wp-json\/wp\/v2\/comments?post=693"}],"version-history":[{"count":5,"href":"https:\/\/opistobranquis.info\/ca\/wp-json\/wp\/v2\/pages\/693\/revisions"}],"predecessor-version":[{"id":45758,"href":"https:\/\/opistobranquis.info\/ca\/wp-json\/wp\/v2\/pages\/693\/revisions\/45758"}],"up":[{"embeddable":true,"href":"https:\/\/opistobranquis.info\/ca\/wp-json\/wp\/v2\/pages\/26113"}],"wp:featuredmedia":[{"embeddable":true,"href":"https:\/\/opistobranquis.info\/ca\/wp-json\/wp\/v2\/media\/4669"}],"wp:attachment":[{"href":"https:\/\/opistobranquis.info\/ca\/wp-json\/wp\/v2\/media?parent=693"}],"curies":[{"name":"wp","href":"https:\/\/api.w.org\/{rel}","templated":true}]}}