{"id":695,"date":"2012-05-17T16:55:48","date_gmt":"2012-05-17T14:55:48","guid":{"rendered":"https:\/\/opistobranquis.info\/trapania-tartanellatrapania-tartanellatrapania-tartanella"},"modified":"2025-03-09T07:56:33","modified_gmt":"2025-03-09T06:56:33","slug":"trapania-tartanella","status":"publish","type":"page","link":"https:\/\/opistobranquis.info\/ca\/guia\/nudibranchia\/doridina\/doridoidei\/onchidoridoidea\/trapania-tartanella\/","title":{"rendered":"Trapania tartanella"},"content":{"rendered":"<p><\/p>\n<h3><em>Trapania tartanella \u00a0<\/em>(von Ihering, 1886)<\/h3>\n<p><span style=\"font-size:10pt;\" class=\"aligncenter\"><div id=\"featured-img-id\"><img data-recalc-dims=\"1\" decoding=\"async\" src=\"https:\/\/i0.wp.com\/opistobranquis.info\/wp-content\/uploads\/2013\/10\/T.-tartanellaOPK.jpg?w=900&#038;ssl=1\" alt=\"Trapania tartanella (Atlantic) by Carlos Fern\u00e1ndez-Cid\" \/><\/div><center><em>Trapania tartanella (Atlantic)<\/em> per Carlos Fern\u00e1ndez-Cid<\/center><\/span><p><\/p><div class=\"opk-worms\"><h3>Informaci\u00f3 taxon\u00f2mica WoRMS<\/h3><div class=\"opk-success\">Nom acceptat actual: <strong><em>Trapania tartanella<\/em> (Ihering, 1886)<\/strong><\/div><h4>Classificaci\u00f3 actual<\/h4><table class=\"widefat striped\"><tr><th>Superdomain<\/th><td><a target=\"_blank\" href=\"https:\/\/www.marinespecies.org\/aphia.php?p=taxdetails&id=1\">Biota<\/a><\/td><\/tr><tr><th>Kingdom<\/th><td><a target=\"_blank\" href=\"https:\/\/www.marinespecies.org\/aphia.php?p=taxdetails&id=2\">Animalia<\/a><\/td><\/tr><tr><th>Phylum<\/th><td><a target=\"_blank\" href=\"https:\/\/www.marinespecies.org\/aphia.php?p=taxdetails&id=51\">Mollusca<\/a><\/td><\/tr><tr><th>Class<\/th><td><a target=\"_blank\" href=\"https:\/\/www.marinespecies.org\/aphia.php?p=taxdetails&id=101\">Gastropoda<\/a><\/td><\/tr><tr><th>Subclass<\/th><td><a target=\"_blank\" href=\"https:\/\/www.marinespecies.org\/aphia.php?p=taxdetails&id=14712\">Heterobranchia<\/a><\/td><\/tr><tr><th>Infraclass<\/th><td><a target=\"_blank\" href=\"https:\/\/www.marinespecies.org\/aphia.php?p=taxdetails&id=1057247\">Euthyneura<\/a><\/td><\/tr><tr><th>Subterclass<\/th><td><a target=\"_blank\" href=\"https:\/\/www.marinespecies.org\/aphia.php?p=taxdetails&id=1057249\">Ringipleura<\/a><\/td><\/tr><tr><th>Superorder<\/th><td><a target=\"_blank\" href=\"https:\/\/www.marinespecies.org\/aphia.php?p=taxdetails&id=411966\">Nudipleura<\/a><\/td><\/tr><tr><th>Order<\/th><td><a target=\"_blank\" href=\"https:\/\/www.marinespecies.org\/aphia.php?p=taxdetails&id=1762\">Nudibranchia<\/a><\/td><\/tr><tr><th>Suborder<\/th><td><a target=\"_blank\" href=\"https:\/\/www.marinespecies.org\/aphia.php?p=taxdetails&id=1829294\">Doridida<\/a><\/td><\/tr><tr><th>Infraorder<\/th><td><a target=\"_blank\" href=\"https:\/\/www.marinespecies.org\/aphia.php?p=taxdetails&id=246038\">Doridoidei<\/a><\/td><\/tr><tr><th>Superfamily<\/th><td><a target=\"_blank\" href=\"https:\/\/www.marinespecies.org\/aphia.php?p=taxdetails&id=246152\">Onchidoridoidea<\/a><\/td><\/tr><tr><th>Family<\/th><td><a target=\"_blank\" href=\"https:\/\/www.marinespecies.org\/aphia.php?p=taxdetails&id=174\">Goniodorididae<\/a><\/td><\/tr><tr><th>Subfamily<\/th><td><a target=\"_blank\" href=\"https:\/\/www.marinespecies.org\/aphia.php?p=taxdetails&id=570867\">Anculinae<\/a><\/td><\/tr><tr><th>Genus<\/th><td><a target=\"_blank\" href=\"https:\/\/www.marinespecies.org\/aphia.php?p=taxdetails&id=138043\"><em>Trapania<\/em><\/a><\/td><\/tr><tr><th>Species<\/th><td><a target=\"_blank\" href=\"https:\/\/www.marinespecies.org\/aphia.php?p=taxdetails&id=140047\"><em>Trapania tartanella<\/em> (Ihering, 1886)<\/a><\/td><\/tr><\/table><p class=\"footer\">Classificaci\u00f3 proporcionada pel World Register of Marine Species (WoRMS). [<a target=\"_blank\" href=\"https:\/\/www.marinespecies.org\/aphia.php?p=taxdetails&id=140047\">140047<\/a>]<\/p><\/div><strong>Nota taxon\u00f2mica:<\/strong> \u00c9s virtualment impossible distingir visualment els exemplars sense ratlles de <em>Trapania lineata<\/em> (antiga <em>T. hispalensis<\/em>) dels de <em>Trapania tartanella<\/em>, si b\u00e9 un an\u00e0lisi radular permet distingir-los perfectament, segons l&#8217;esquema publicat al <a title=\"Trapania tartanella and T. hispalensis @ Sea Slug Forum\" href=\"http:\/\/www.seaslugforum.net\/find\/20698\">Sea Slug Forum<\/a> de Bill Rudman i que reprodu\u00efm seguidament:<\/p>\n<p><div id=\"attachment_11257\" style=\"width: 310px\" class=\"wp-caption aligncenter\"><a href=\"https:\/\/i0.wp.com\/opistobranquis.info\/wp-content\/uploads\/2013\/10\/m20698d_radula-a-hispa-b-tarta.jpg?ssl=1\"><img data-recalc-dims=\"1\" loading=\"lazy\" decoding=\"async\" aria-describedby=\"caption-attachment-11257\" data-attachment-id=\"11257\" data-permalink=\"https:\/\/opistobranquis.info\/ca\/m20698d_radula-a-hispa-b-tarta\/\" data-orig-file=\"https:\/\/i0.wp.com\/opistobranquis.info\/wp-content\/uploads\/2013\/10\/m20698d_radula-a-hispa-b-tarta.jpg?fit=300%2C306&amp;ssl=1\" data-orig-size=\"300,306\" data-comments-opened=\"0\" data-image-title=\"Comparativa radula T.hispalensis (A) y T.tartanella (B)\" data-image-description=\"&lt;p&gt;Comparativa radula T.hispalensis (A) y T.tartanella (B)&lt;\/p&gt;\n\" data-image-caption=\"&lt;p&gt;Comparativa radula T.hispalensis (A) y T.tartanella (B)&lt;\/p&gt;\n\" data-large-file=\"https:\/\/i0.wp.com\/opistobranquis.info\/wp-content\/uploads\/2013\/10\/m20698d_radula-a-hispa-b-tarta.jpg?fit=300%2C306&amp;ssl=1\" class=\" wp-image-11257 \" title=\"Comparativa radula T.hispalensis (A) i T.tartanella (B)\" src=\"https:\/\/i0.wp.com\/opistobranquis.info\/wp-content\/uploads\/2013\/10\/m20698d_radula-a-hispa-b-tarta.jpg?resize=300%2C306&#038;ssl=1\" alt=\"Comparativa radula T.hispalensis (A) i T.tartanella (B)\" width=\"300\" height=\"306\" srcset=\"https:\/\/i0.wp.com\/opistobranquis.info\/wp-content\/uploads\/2013\/10\/m20698d_radula-a-hispa-b-tarta.jpg?w=300&amp;ssl=1 300w, https:\/\/i0.wp.com\/opistobranquis.info\/wp-content\/uploads\/2013\/10\/m20698d_radula-a-hispa-b-tarta.jpg?resize=147%2C150&amp;ssl=1 147w, https:\/\/i0.wp.com\/opistobranquis.info\/wp-content\/uploads\/2013\/10\/m20698d_radula-a-hispa-b-tarta.jpg?resize=294%2C300&amp;ssl=1 294w\" sizes=\"auto, (max-width: 300px) 100vw, 300px\" \/><\/a><p id=\"caption-attachment-11257\" class=\"wp-caption-text\">Comparativa radula <i>T. lineata<\/i>(A) i <i>T. tartanella<\/i> (B)<br \/>Rudman, W.B., 2007 (Sep 20). Comment on Re: Trapania tartanella and T. hispalensis by Juan Lucas Cervera. [Message in] Sea Slug Forum. Australian Museum, Sydney. Available from <a href=\"http:\/\/www.seaslugforum.net\/find\/20698\">Sea Slug Forum<\/a><\/p><\/div><strong>Sin\u00f2nims<\/strong><\/p>\n<ul>\n<li><i>Drepania tartanella<\/i>\u00a0von Ihering, 1886<\/li>\n<\/ul>\n<p><strong>Descripci\u00f3<br \/>\n<\/strong>Animals de fins a 15 mm. Cos blanc i semitransparent en gaireb\u00e9 la seva totalitat, que deixa veure els \u00f2rgans interns. S\u00f3n de color groc la meitat superior dels rin\u00f2fors, els palps orals, els angles anteriors del peu, l&#8217;extrem de les fulles branquials, la punta dels processos tentaculiformes anteriors i posteriors i la punta de la cua. Els rin\u00f2fors tenen 11-12 laminetes pigmentades de taronja i de la seva base en surt una papil allargada i gruixuda tamb\u00e9 acolorida del mateix color. La br\u00e0nquia est\u00e0 formada per tres fulles branquials tripinnadas; a cada costat de la br\u00e0nquia hi ha una papil allargada i gruixuda, tamb\u00e9 taronja en la seva meitat apical. A la cua destaca una l\u00ednia blanca mitja dorsal.<\/p>\n<p><strong>Biologia<br \/>\n<\/strong>Al litoral atl\u00e0ntic ib\u00e8ric s&#8217;ha observat a l&#8217;intermareal entre algues com\u00a0 <em>Chondrus<\/em> i <em>Cystoseira<\/em> y al infralitoral sobre l&#8217;esponja <em>Himeniacidon fruticosum<\/em>. Al Mediterrani s&#8217;ha citat sobre de esponges del g\u00e8nere <em>Ircinia<\/em>. Menja entoproctes que creixen sobre les esponges. Freq\u00fcentment amb cop\u00e8podes endopar\u00e0sits dels quals s&#8217;observen les bosses ov\u00edgeres exposades a l&#8217;exterior, generalment a la zona de les br\u00e0nquies, on s\u00f3n molt visibles.<\/p>\n<p><strong>Etimologia<\/strong><\/p>\n<ul>\n<li><em>Trapania<\/em>. El nom gen\u00e8ric original d&#8217;aquesta esp\u00e8cie era <em>Drepania<\/em>, proposat per Lafont el 1874. Pruvot-Fol el 1931 proposa canviar el nom gen\u00e8ric a <em>Trapania<\/em> per desambiguar-lo de <em>Drepania<\/em> H\u00fcbner, 1816 (un grup de lepid\u00f2pters). Madame Pruvot-Fol no indica la proced\u00e8ncia del nom, per\u00f2 hi ha dues teories: la primera seria dedicada a la ciutat de Tr\u00e0pani, capital de prov\u00edncia de la Sic\u00edlia occidental; la segona seria derivada del nom gen\u00e8ric original <em>Drepania<\/em>, derivat del grec &#8220;Drepane&#8221; que significa \u00abfal\u00e7\u00bb i presumiblement es refereix a la forma dels ap\u00e8ndixs situats als costats dels rin\u00f2fors i br\u00e0nquies en aquest g\u00e8nere. Pruvot Fol hauria triat el nou nom basant-se que t\u00e9 el mateix sentit, per\u00f2 no el mateix so i evitar aix\u00ed confusions.<\/li>\n<li><em>Tartanella<\/em>. Relacionat amb un art tradicional de pesca d&#8217;arrossegament, que rep aquest nom a It\u00e0lia, consistent en recuperar des de terra unes grans xarxes pr\u00e8viament disposades al voltant de la zona a pescar. Aparentment, l&#8217;exemplar utilitzat per a la descripci\u00f3 de l&#8217;esp\u00e8cie va ser pescat a N\u00e0pols amb aquest art.<\/li>\n<\/ul>\n<p><strong>Distribuci\u00f3<br \/>\n<\/strong>Es coneix des de les illes Brit\u00e0niques a la Pen\u00ednsula Ib\u00e8rica. A Catalunya \u00e9s una esp\u00e8cie for\u00e7a rara que nom\u00e9s ha estat observada a Es Caials (Cadaqu\u00e9s), L&#8217;Escala i Aiguagelida (Begur). <div id=\"flxmap-6a99e35979e44\" class='flxmap-container' data-flxmap='flxmap_6a99e35979e44' style=\"width:100%;height:400px;\"><\/div>\n<script data-noptimize=\"1\">\n\/* <![CDATA[ *\/\n(function(w, fn) {\n if (w.addEventListener) w.addEventListener(\"DOMContentLoaded\", fn, false);\n else if (w.attachEvent) w.attachEvent(\"onload\", fn);\n})(window, function() {\n var f = new FlexibleMap();\n f.panControl = true;\n f.mapTypeId = \"satellite\";\n f.setlocale(\"ca-ES\");\n f.kmlcache = \"5 minutes\";\n f.showKML(\"flxmap-6a99e35979e44\", \"https:\/\/opistobranquis.info\/wp-content\/uploads\/kms\/695.kmz\");\n window.flxmap_6a99e35979e44 = f;\n});\n\/* ]]> *\/\n<\/script>\n<div style=\"width:100%;text-align:center;margin:12px 0 4px 0;\">\n  <div style=\"font-size:8pt;margin-bottom:6px;\">Cites georeferenciades conegudes de l'esp\u00e8cie: <em>Trapania tartanella<\/em><\/div>\n  <table style=\"margin:0 auto;border-collapse:collapse;font-size:8pt;\">\n    <tr><td colspan=\"2\" style=\"text-align:left;padding-bottom:4px;\"><strong>Fonts:<\/strong><\/td><\/tr>\n    <tr>\n      <td style=\"vertical-align:top;padding-right:40px;\">\n        <table style=\"border-collapse:collapse;\">\n<tr><td style='padding:1px 6px 1px 0;vertical-align:middle'><img data-recalc-dims=\"1\" src=\"https:\/\/i0.wp.com\/opistobranquis.info\/wp-content\/uploads\/kms\/wht-circle-lv.png?w=900&#038;ssl=1\" style='display:block'><\/td><td style='padding:1px 0;vertical-align:middle;white-space:nowrap'>OBIS<\/td><\/tr><tr><td style='padding:1px 6px 1px 0;vertical-align:middle'><img data-recalc-dims=\"1\" src=\"https:\/\/i0.wp.com\/opistobranquis.info\/wp-content\/uploads\/kms\/ylw-circle-lv.png?w=900&#038;ssl=1\" style='display:block'><\/td><td style='padding:1px 0;vertical-align:middle;white-space:nowrap'>GROC 2010-2011<\/td><\/tr><tr><td style='padding:1px 6px 1px 0;vertical-align:middle'><img data-recalc-dims=\"1\" src=\"https:\/\/i0.wp.com\/opistobranquis.info\/wp-content\/uploads\/kms\/grn-circle-lv.png?w=900&#038;ssl=1\" style='display:block'><\/td><td style='padding:1px 0;vertical-align:middle;white-space:nowrap'>Enric Madrenas<\/td><\/tr><tr><td style='padding:1px 6px 1px 0;vertical-align:middle'><img data-recalc-dims=\"1\" src=\"https:\/\/i0.wp.com\/opistobranquis.info\/wp-content\/uploads\/kms\/orange-circle-lv.png?w=900&#038;ssl=1\" style='display:block'><\/td><td style='padding:1px 0;vertical-align:middle;white-space:nowrap'>Jo\u00e3o Pedro Silva<\/td><\/tr><tr><td style='padding:1px 6px 1px 0;vertical-align:middle'><img data-recalc-dims=\"1\" src=\"https:\/\/i0.wp.com\/opistobranquis.info\/wp-content\/uploads\/kms\/pink-circle-lv.png?w=900&#038;ssl=1\" style='display:block'><\/td><td style='padding:1px 0;vertical-align:middle;white-space:nowrap'>Bernard Picton<\/td><\/tr><tr><td style='padding:1px 6px 1px 0;vertical-align:middle'><img data-recalc-dims=\"1\" src=\"https:\/\/i0.wp.com\/opistobranquis.info\/wp-content\/uploads\/kms\/blk-circle-lv.png?w=900&#038;ssl=1\" style='display:block'><\/td><td style='padding:1px 0;vertical-align:middle;white-space:nowrap'>GBIF<\/td><\/tr>        <\/table>\n      <\/td>\n      <td style=\"vertical-align:top;\">\n        <table style=\"border-collapse:collapse;\">\n<tr><td style='padding:1px 6px 1px 0;vertical-align:middle'><img data-recalc-dims=\"1\" src=\"https:\/\/i0.wp.com\/opistobranquis.info\/wp-content\/uploads\/kms\/purple-circle-lv.png?w=900&#038;ssl=1\" style='display:block'><\/td><td style='padding:1px 0;vertical-align:middle;white-space:nowrap'>OPK<\/td><\/tr><tr><td style='padding:1px 6px 1px 0;vertical-align:middle'><img data-recalc-dims=\"1\" src=\"https:\/\/i0.wp.com\/opistobranquis.info\/wp-content\/uploads\/kms\/red-circle-lv.png?w=900&#038;ssl=1\" style='display:block'><\/td><td style='padding:1px 0;vertical-align:middle;white-space:nowrap'>VIMAR<\/td><\/tr><tr><td style='padding:1px 6px 1px 0;vertical-align:middle'><img data-recalc-dims=\"1\" src=\"https:\/\/i0.wp.com\/opistobranquis.info\/wp-content\/uploads\/kms\/blu-circle-lv.png?w=900&#038;ssl=1\" style='display:block'><\/td><td style='padding:1px 0;vertical-align:middle;white-space:nowrap'>Manuel Ballesteros<\/td><\/tr><tr><td style='padding:1px 6px 1px 0;vertical-align:middle'><img data-recalc-dims=\"1\" src=\"https:\/\/i0.wp.com\/opistobranquis.info\/wp-content\/uploads\/kms\/cyan-circle-lv.png?w=900&#038;ssl=1\" style='display:block'><\/td><td style='padding:1px 0;vertical-align:middle;white-space:nowrap'>M@re Nostrum<\/td><\/tr><tr><td style='padding:1px 6px 1px 0;vertical-align:middle'><img data-recalc-dims=\"1\" src=\"https:\/\/i0.wp.com\/opistobranquis.info\/wp-content\/uploads\/kms\/grey-circle-lv.png?w=900&#038;ssl=1\" style='display:block'><\/td><td style='padding:1px 0;vertical-align:middle;white-space:nowrap'>Altres fonts<\/td><\/tr><tr><td style='padding:1px 6px 1px 0;vertical-align:middle'><img data-recalc-dims=\"1\" src=\"https:\/\/i0.wp.com\/opistobranquis.info\/wp-content\/uploads\/kms\/marreg.png?w=900&#038;ssl=1\" style='display:block'><\/td><td style='padding:1px 0;vertical-align:middle;white-space:nowrap'>Marine Regions<\/td><\/tr>        <\/table>\n      <\/td>\n    <\/tr>\n  <\/table>\n<\/div>\n<\/p>\n<p><strong>Error:<\/strong> Chart.js no est\u00e1 disponible.<\/p>\n<p><strong>Altres fotos<\/strong><br \/>\n<div class=\"tiled-gallery type-rectangular tiled-gallery-unresized\" data-original-width=\"900\" data-carousel-extra='{&quot;blog_id&quot;:1,&quot;permalink&quot;:&quot;https:\\\/\\\/opistobranquis.info\\\/ca\\\/guia\\\/nudibranchia\\\/doridina\\\/doridoidei\\\/onchidoridoidea\\\/trapania-tartanella\\\/&quot;,&quot;likes_blog_id&quot;:44192421}' itemscope itemtype=\"http:\/\/schema.org\/ImageGallery\" > <div class=\"gallery-row\" style=\"width: 900px; height: 664px;\" data-original-width=\"900\" data-original-height=\"664\" > <div class=\"gallery-group images-1\" style=\"width: 450px; height: 664px;\" data-original-width=\"450\" data-original-height=\"664\" > <div class=\"tiled-gallery-item tiled-gallery-item-large\" itemprop=\"associatedMedia\" itemscope itemtype=\"http:\/\/schema.org\/ImageObject\"> <a href=\"https:\/\/opistobranquis.info\/ca\/guia\/nudibranchia\/doridina\/doridoidei\/onchidoridoidea\/trapania-tartanella\/trapania-cf-tartanella-011\/\" border=\"0\" itemprop=\"url\"> <meta itemprop=\"width\" content=\"446\"> <meta itemprop=\"height\" content=\"660\"> <img decoding=\"async\" class=\"\" data-attachment-id=\"4872\" data-orig-file=\"https:\/\/opistobranquis.info\/wp-content\/uploads\/2012\/12\/trapania-cf-tartanella-011-e1361625083383.jpg\" data-orig-size=\"330,488\" data-comments-opened=\"\" data-image-title=\"Trapania tartanella @ Furi\u00f3 d&amp;#8217;Aiguagelida (Begur) by Enric Madrenas\" data-image-description=\"&lt;p&gt;Trapania tartanella @ Furi\u00f3 d&amp;#8217;Aiguagelida (Begur) by Enric Madrenas&lt;\/p&gt; \" data-medium-file=\"https:\/\/i0.wp.com\/opistobranquis.info\/wp-content\/uploads\/2012\/12\/trapania-cf-tartanella-011-e1361625083383.jpg?fit=202%2C300&#038;ssl=1\" data-large-file=\"https:\/\/i0.wp.com\/opistobranquis.info\/wp-content\/uploads\/2012\/12\/trapania-cf-tartanella-011-e1361625083383.jpg?fit=330%2C488&#038;ssl=1\" src=\"https:\/\/i0.wp.com\/opistobranquis.info\/wp-content\/uploads\/2012\/12\/trapania-cf-tartanella-011-e1361625083383.jpg?w=446&#038;h=660&#038;ssl=1\" srcset=\"https:\/\/i0.wp.com\/opistobranquis.info\/wp-content\/uploads\/2012\/12\/trapania-cf-tartanella-011-e1361625083383.jpg?w=330&amp;ssl=1 330w, https:\/\/i0.wp.com\/opistobranquis.info\/wp-content\/uploads\/2012\/12\/trapania-cf-tartanella-011-e1361625083383.jpg?resize=101%2C150&amp;ssl=1 101w, https:\/\/i0.wp.com\/opistobranquis.info\/wp-content\/uploads\/2012\/12\/trapania-cf-tartanella-011-e1361625083383.jpg?resize=202%2C300&amp;ssl=1 202w\" width=\"446\" height=\"660\" loading=\"lazy\" data-original-width=\"446\" data-original-height=\"660\" itemprop=\"http:\/\/schema.org\/image\" title=\"Trapania tartanella @ Furi\u00f3 d&#039;Aiguagelida (Begur) by Enric Madrenas\" alt=\"Trapania tartanella @ Furi\u00f3 d&#039;Aiguagelida (Begur) by Enric Madrenas\" style=\"width: 446px; height: 660px;\" \/> <\/a> <div class=\"tiled-gallery-caption\" itemprop=\"caption description\"> Trapania tartanella @ Furi\u00f3 d&#8217;Aiguagelida (Begur) by Enric Madrenas <\/div> <\/div> <\/div> <!-- close group --> <div class=\"gallery-group images-1\" style=\"width: 450px; height: 664px;\" data-original-width=\"450\" data-original-height=\"664\" > <div class=\"tiled-gallery-item tiled-gallery-item-large\" itemprop=\"associatedMedia\" itemscope itemtype=\"http:\/\/schema.org\/ImageObject\"> <a href=\"https:\/\/opistobranquis.info\/ca\/guia\/nudibranchia\/doridina\/doridoidei\/onchidoridoidea\/trapania-tartanella\/trapania-cf-tartanella-041\/\" border=\"0\" itemprop=\"url\"> <meta itemprop=\"width\" content=\"446\"> <meta itemprop=\"height\" content=\"660\"> <img decoding=\"async\" class=\"\" data-attachment-id=\"4873\" data-orig-file=\"https:\/\/opistobranquis.info\/wp-content\/uploads\/2012\/12\/trapania-cf-tartanella-041-e1361625022722.jpg\" data-orig-size=\"330,488\" data-comments-opened=\"\" data-image-title=\"Trapania tartanella @ Furi\u00f3 d&amp;#8217;Aiguagelida (Begur) by Enric Madrenas\" data-image-description=\"&lt;p&gt;Trapania tartanella @ Furi\u00f3 d&amp;#8217;Aiguagelida (Begur) by Enric Madrenas&lt;\/p&gt; \" data-medium-file=\"https:\/\/i0.wp.com\/opistobranquis.info\/wp-content\/uploads\/2012\/12\/trapania-cf-tartanella-041-e1361625022722.jpg?fit=202%2C300&#038;ssl=1\" data-large-file=\"https:\/\/i0.wp.com\/opistobranquis.info\/wp-content\/uploads\/2012\/12\/trapania-cf-tartanella-041-e1361625022722.jpg?fit=330%2C488&#038;ssl=1\" src=\"https:\/\/i0.wp.com\/opistobranquis.info\/wp-content\/uploads\/2012\/12\/trapania-cf-tartanella-041-e1361625022722.jpg?w=446&#038;h=660&#038;ssl=1\" srcset=\"https:\/\/i0.wp.com\/opistobranquis.info\/wp-content\/uploads\/2012\/12\/trapania-cf-tartanella-041-e1361625022722.jpg?w=330&amp;ssl=1 330w, https:\/\/i0.wp.com\/opistobranquis.info\/wp-content\/uploads\/2012\/12\/trapania-cf-tartanella-041-e1361625022722.jpg?resize=101%2C150&amp;ssl=1 101w, https:\/\/i0.wp.com\/opistobranquis.info\/wp-content\/uploads\/2012\/12\/trapania-cf-tartanella-041-e1361625022722.jpg?resize=202%2C300&amp;ssl=1 202w\" width=\"446\" height=\"660\" loading=\"lazy\" data-original-width=\"446\" data-original-height=\"660\" itemprop=\"http:\/\/schema.org\/image\" title=\"Trapania tartanella @ Furi\u00f3 d&#039;Aiguagelida (Begur) by Enric Madrenas\" alt=\"Trapania tartanella @ Furi\u00f3 d&#039;Aiguagelida (Begur) by Enric Madrenas\" style=\"width: 446px; height: 660px;\" \/> <\/a> <div class=\"tiled-gallery-caption\" itemprop=\"caption description\"> Trapania tartanella @ Furi\u00f3 d&#8217;Aiguagelida (Begur) by Enric Madrenas <\/div> <\/div> <\/div> <!-- close group --> <\/div> <!-- close row --> <div class=\"gallery-row\" style=\"width: 900px; height: 427px;\" data-original-width=\"900\" data-original-height=\"427\" > <div class=\"gallery-group images-1\" style=\"width: 581px; height: 427px;\" data-original-width=\"581\" data-original-height=\"427\" > <div class=\"tiled-gallery-item tiled-gallery-item-large\" itemprop=\"associatedMedia\" itemscope itemtype=\"http:\/\/schema.org\/ImageObject\"> <a href=\"https:\/\/opistobranquis.info\/ca\/guia\/nudibranchia\/doridina\/doridoidei\/onchidoridoidea\/trapania-tartanella\/trapania-tartanella-00b\/\" border=\"0\" itemprop=\"url\"> <meta itemprop=\"width\" content=\"577\"> <meta itemprop=\"height\" content=\"423\"> <img decoding=\"async\" class=\"\" data-attachment-id=\"4874\" data-orig-file=\"https:\/\/opistobranquis.info\/wp-content\/uploads\/2012\/12\/trapania-hispalensis-00-e1361625187986.jpg\" data-orig-size=\"810,594\" data-comments-opened=\"\" data-image-title=\"Trapania tartanella @ Furi\u00f3 d&amp;#8217;Aiguagelida (Begur) by Enric Madrenas\" data-image-description=\"&lt;p&gt;Trapania tartanella @ Furi\u00f3 d&amp;#8217;Aiguagelida (Begur) by Enric Madrenas&lt;\/p&gt; \" data-medium-file=\"https:\/\/i0.wp.com\/opistobranquis.info\/wp-content\/uploads\/2012\/12\/trapania-hispalensis-00-e1361625187986.jpg?fit=300%2C220&#038;ssl=1\" data-large-file=\"https:\/\/i0.wp.com\/opistobranquis.info\/wp-content\/uploads\/2012\/12\/trapania-hispalensis-00-e1361625187986.jpg?fit=810%2C594&#038;ssl=1\" src=\"https:\/\/i0.wp.com\/opistobranquis.info\/wp-content\/uploads\/2012\/12\/trapania-hispalensis-00-e1361625187986.jpg?w=577&#038;h=423&#038;ssl=1\" srcset=\"https:\/\/i0.wp.com\/opistobranquis.info\/wp-content\/uploads\/2012\/12\/trapania-hispalensis-00-e1361625187986.jpg?w=810&amp;ssl=1 810w, https:\/\/i0.wp.com\/opistobranquis.info\/wp-content\/uploads\/2012\/12\/trapania-hispalensis-00-e1361625187986.jpg?resize=150%2C110&amp;ssl=1 150w, https:\/\/i0.wp.com\/opistobranquis.info\/wp-content\/uploads\/2012\/12\/trapania-hispalensis-00-e1361625187986.jpg?resize=300%2C220&amp;ssl=1 300w\" width=\"577\" height=\"423\" loading=\"lazy\" data-original-width=\"577\" data-original-height=\"423\" itemprop=\"http:\/\/schema.org\/image\" title=\"Trapania tartanella @ Furi\u00f3 d&#039;Aiguagelida (Begur) by Enric Madrenas\" alt=\"Trapania tartanella @ Furi\u00f3 d&#039;Aiguagelida (Begur) by Enric Madrenas\" style=\"width: 577px; height: 423px;\" \/> <\/a> <div class=\"tiled-gallery-caption\" itemprop=\"caption description\"> Trapania tartanella @ Furi\u00f3 d&#8217;Aiguagelida (Begur) by Enric Madrenas <\/div> <\/div> <\/div> <!-- close group --> <div class=\"gallery-group images-2\" style=\"width: 319px; height: 427px;\" data-original-width=\"319\" data-original-height=\"427\" > <div class=\"tiled-gallery-item tiled-gallery-item-large\" itemprop=\"associatedMedia\" itemscope itemtype=\"http:\/\/schema.org\/ImageObject\"> <a href=\"https:\/\/opistobranquis.info\/ca\/guia\/nudibranchia\/doridina\/doridoidei\/onchidoridoidea\/trapania-tartanella\/trapania-tartanella-2\/\" border=\"0\" itemprop=\"url\"> <meta itemprop=\"width\" content=\"315\"> <meta itemprop=\"height\" content=\"209\"> <img decoding=\"async\" class=\"\" data-attachment-id=\"4893\" data-orig-file=\"https:\/\/opistobranquis.info\/wp-content\/uploads\/2012\/12\/trapania-tartanella-e1361624889757.jpg\" data-orig-size=\"800,533\" data-comments-opened=\"\" data-image-title=\"Trapania tartanella by Luis \u00c1ngel D\u00edaz\" data-image-description=\"&lt;p&gt;Trapania tartanella by Luis \u00c1ngel D\u00edaz&lt;\/p&gt; \" data-medium-file=\"https:\/\/i0.wp.com\/opistobranquis.info\/wp-content\/uploads\/2012\/12\/trapania-tartanella-e1361624889757.jpg?fit=300%2C199&#038;ssl=1\" data-large-file=\"https:\/\/i0.wp.com\/opistobranquis.info\/wp-content\/uploads\/2012\/12\/trapania-tartanella-e1361624889757.jpg?fit=800%2C533&#038;ssl=1\" src=\"https:\/\/i0.wp.com\/opistobranquis.info\/wp-content\/uploads\/2012\/12\/trapania-tartanella-e1361624889757.jpg?w=315&#038;h=209&#038;ssl=1\" srcset=\"https:\/\/i0.wp.com\/opistobranquis.info\/wp-content\/uploads\/2012\/12\/trapania-tartanella-e1361624889757.jpg?w=800&amp;ssl=1 800w, https:\/\/i0.wp.com\/opistobranquis.info\/wp-content\/uploads\/2012\/12\/trapania-tartanella-e1361624889757.jpg?resize=150%2C99&amp;ssl=1 150w, https:\/\/i0.wp.com\/opistobranquis.info\/wp-content\/uploads\/2012\/12\/trapania-tartanella-e1361624889757.jpg?resize=300%2C199&amp;ssl=1 300w\" width=\"315\" height=\"209\" loading=\"lazy\" data-original-width=\"315\" data-original-height=\"209\" itemprop=\"http:\/\/schema.org\/image\" title=\"Trapania tartanella by Luis \u00c1ngel D\u00edaz\" alt=\"Trapania tartanella by Luis \u00c1ngel D\u00edaz\" style=\"width: 315px; height: 209px;\" \/> <\/a> <div class=\"tiled-gallery-caption\" itemprop=\"caption description\"> Trapania tartanella by Luis \u00c1ngel D\u00edaz <\/div> <\/div> <div class=\"tiled-gallery-item tiled-gallery-item-large\" itemprop=\"associatedMedia\" itemscope itemtype=\"http:\/\/schema.org\/ImageObject\"> <a href=\"https:\/\/opistobranquis.info\/ca\/guia\/nudibranchia\/doridina\/doridoidei\/onchidoridoidea\/trapania-tartanella\/trapania-tartanelaopk\/\" border=\"0\" itemprop=\"url\"> <meta itemprop=\"width\" content=\"315\"> <meta itemprop=\"height\" content=\"210\"> <img decoding=\"async\" class=\"\" data-attachment-id=\"11150\" data-orig-file=\"https:\/\/opistobranquis.info\/wp-content\/uploads\/2013\/10\/Trapania-Tartanelaopk.jpg\" data-orig-size=\"1689,1126\" data-comments-opened=\"\" data-image-title=\"Trapania tartanella (Atlantic) by Carlos Fern\u00e1ndez-Cid\" data-image-description=\"&lt;p&gt;Trapania tartanella (Atlantic) by Carlos Fern\u00e1ndez-Cid&lt;\/p&gt; \" data-medium-file=\"https:\/\/i0.wp.com\/opistobranquis.info\/wp-content\/uploads\/2013\/10\/Trapania-Tartanelaopk.jpg?fit=300%2C200&#038;ssl=1\" data-large-file=\"https:\/\/i0.wp.com\/opistobranquis.info\/wp-content\/uploads\/2013\/10\/Trapania-Tartanelaopk.jpg?fit=900%2C599&#038;ssl=1\" src=\"https:\/\/i0.wp.com\/opistobranquis.info\/wp-content\/uploads\/2013\/10\/Trapania-Tartanelaopk.jpg?w=315&#038;h=210&#038;ssl=1\" srcset=\"https:\/\/i0.wp.com\/opistobranquis.info\/wp-content\/uploads\/2013\/10\/Trapania-Tartanelaopk.jpg?w=1689&amp;ssl=1 1689w, https:\/\/i0.wp.com\/opistobranquis.info\/wp-content\/uploads\/2013\/10\/Trapania-Tartanelaopk.jpg?resize=150%2C100&amp;ssl=1 150w, https:\/\/i0.wp.com\/opistobranquis.info\/wp-content\/uploads\/2013\/10\/Trapania-Tartanelaopk.jpg?resize=300%2C200&amp;ssl=1 300w, https:\/\/i0.wp.com\/opistobranquis.info\/wp-content\/uploads\/2013\/10\/Trapania-Tartanelaopk.jpg?resize=1024%2C682&amp;ssl=1 1024w\" width=\"315\" height=\"210\" loading=\"lazy\" data-original-width=\"315\" data-original-height=\"210\" itemprop=\"http:\/\/schema.org\/image\" title=\"Trapania tartanella (Atlantic) by Carlos Fern\u00e1ndez-Cid\" alt=\"Trapania tartanella (Atlantic) by Carlos Fern\u00e1ndez-Cid\" style=\"width: 315px; height: 210px;\" \/> <\/a> <div class=\"tiled-gallery-caption\" itemprop=\"caption description\"> Trapania tartanella (Atlantic) by Carlos Fern\u00e1ndez-Cid <\/div> <\/div> <\/div> <!-- close group --> <\/div> <!-- close row --> <div class=\"gallery-row\" style=\"width: 900px; height: 402px;\" data-original-width=\"900\" data-original-height=\"402\" > <div class=\"gallery-group images-2\" style=\"width: 299px; height: 402px;\" data-original-width=\"299\" data-original-height=\"402\" > <div class=\"tiled-gallery-item tiled-gallery-item-large\" itemprop=\"associatedMedia\" itemscope itemtype=\"http:\/\/schema.org\/ImageObject\"> <a href=\"https:\/\/opistobranquis.info\/ca\/guia\/nudibranchia\/doridina\/doridoidei\/onchidoridoidea\/trapania-tartanella\/trapaniatartanela-copula-carlosfdezcid\/\" border=\"0\" itemprop=\"url\"> <meta itemprop=\"width\" content=\"295\"> <meta itemprop=\"height\" content=\"197\"> <img decoding=\"async\" class=\"\" data-attachment-id=\"13936\" data-orig-file=\"https:\/\/opistobranquis.info\/wp-content\/uploads\/2014\/09\/Trapaniatartanela-copula.CarlosFDEZCID.jpg\" data-orig-size=\"850,568\" data-comments-opened=\"\" data-image-title=\"Trapania tartanella (Atlantic) en c\u00f3pula, by Carlos Fern\u00e1ndez-Cid\" data-image-description=\"&lt;p&gt;Trapania tartanella (Atlantic) en c\u00f3pula, by Carlos Fern\u00e1ndez-Cid&lt;\/p&gt; \" data-medium-file=\"https:\/\/i0.wp.com\/opistobranquis.info\/wp-content\/uploads\/2014\/09\/Trapaniatartanela-copula.CarlosFDEZCID.jpg?fit=300%2C200&#038;ssl=1\" data-large-file=\"https:\/\/i0.wp.com\/opistobranquis.info\/wp-content\/uploads\/2014\/09\/Trapaniatartanela-copula.CarlosFDEZCID.jpg?fit=850%2C568&#038;ssl=1\" src=\"https:\/\/i0.wp.com\/opistobranquis.info\/wp-content\/uploads\/2014\/09\/Trapaniatartanela-copula.CarlosFDEZCID.jpg?w=295&#038;h=197&#038;ssl=1\" srcset=\"https:\/\/i0.wp.com\/opistobranquis.info\/wp-content\/uploads\/2014\/09\/Trapaniatartanela-copula.CarlosFDEZCID.jpg?w=850&amp;ssl=1 850w, https:\/\/i0.wp.com\/opistobranquis.info\/wp-content\/uploads\/2014\/09\/Trapaniatartanela-copula.CarlosFDEZCID.jpg?resize=150%2C100&amp;ssl=1 150w, https:\/\/i0.wp.com\/opistobranquis.info\/wp-content\/uploads\/2014\/09\/Trapaniatartanela-copula.CarlosFDEZCID.jpg?resize=300%2C200&amp;ssl=1 300w\" width=\"295\" height=\"197\" loading=\"lazy\" data-original-width=\"295\" data-original-height=\"197\" itemprop=\"http:\/\/schema.org\/image\" title=\"Trapania tartanella (Atlantic) en c\u00f3pula, by Carlos Fern\u00e1ndez-Cid\" alt=\"Trapania tartanella (Atlantic) en c\u00f3pula, by Carlos Fern\u00e1ndez-Cid\" style=\"width: 295px; height: 197px;\" \/> <\/a> <div class=\"tiled-gallery-caption\" itemprop=\"caption description\"> Trapania tartanella (Atlantic) en c\u00f3pula, by Carlos Fern\u00e1ndez-Cid <\/div> <\/div> <div class=\"tiled-gallery-item tiled-gallery-item-large\" itemprop=\"associatedMedia\" itemscope itemtype=\"http:\/\/schema.org\/ImageObject\"> <a href=\"https:\/\/opistobranquis.info\/ca\/guia\/nudibranchia\/doridina\/doridoidei\/onchidoridoidea\/trapania-tartanella\/trapaniatartanelapuesta-carlosfdezcid\/\" border=\"0\" itemprop=\"url\"> <meta itemprop=\"width\" content=\"295\"> <meta itemprop=\"height\" content=\"197\"> <img decoding=\"async\" class=\"\" data-attachment-id=\"13937\" data-orig-file=\"https:\/\/opistobranquis.info\/wp-content\/uploads\/2014\/09\/Trapaniatartanelapuesta.CARLOSFDEZCID.jpg\" data-orig-size=\"850,567\" data-comments-opened=\"\" data-image-title=\"Trapania tartanella (Atlantic) en puesta, by Carlos Fern\u00e1ndez-Cid\" data-image-description=\"&lt;p&gt;Trapania tartanella (Atlantic) en puesta, by Carlos Fern\u00e1ndez-Cid&lt;\/p&gt; \" data-medium-file=\"https:\/\/i0.wp.com\/opistobranquis.info\/wp-content\/uploads\/2014\/09\/Trapaniatartanelapuesta.CARLOSFDEZCID.jpg?fit=300%2C200&#038;ssl=1\" data-large-file=\"https:\/\/i0.wp.com\/opistobranquis.info\/wp-content\/uploads\/2014\/09\/Trapaniatartanelapuesta.CARLOSFDEZCID.jpg?fit=850%2C567&#038;ssl=1\" src=\"https:\/\/i0.wp.com\/opistobranquis.info\/wp-content\/uploads\/2014\/09\/Trapaniatartanelapuesta.CARLOSFDEZCID.jpg?w=295&#038;h=197&#038;ssl=1\" srcset=\"https:\/\/i0.wp.com\/opistobranquis.info\/wp-content\/uploads\/2014\/09\/Trapaniatartanelapuesta.CARLOSFDEZCID.jpg?w=850&amp;ssl=1 850w, https:\/\/i0.wp.com\/opistobranquis.info\/wp-content\/uploads\/2014\/09\/Trapaniatartanelapuesta.CARLOSFDEZCID.jpg?resize=150%2C100&amp;ssl=1 150w, https:\/\/i0.wp.com\/opistobranquis.info\/wp-content\/uploads\/2014\/09\/Trapaniatartanelapuesta.CARLOSFDEZCID.jpg?resize=300%2C200&amp;ssl=1 300w\" width=\"295\" height=\"197\" loading=\"lazy\" data-original-width=\"295\" data-original-height=\"197\" itemprop=\"http:\/\/schema.org\/image\" title=\"Trapania tartanella (Atlantic) en puesta, by Carlos Fern\u00e1ndez-Cid\" alt=\"Trapania tartanella (Atlantic) en puesta, by Carlos Fern\u00e1ndez-Cid\" style=\"width: 295px; height: 197px;\" \/> <\/a> <div class=\"tiled-gallery-caption\" itemprop=\"caption description\"> Trapania tartanella (Atlantic) en puesta, by Carlos Fern\u00e1ndez-Cid <\/div> <\/div> <\/div> <!-- close group --> <div class=\"gallery-group images-1\" style=\"width: 601px; height: 402px;\" data-original-width=\"601\" data-original-height=\"402\" > <div class=\"tiled-gallery-item tiled-gallery-item-large\" itemprop=\"associatedMedia\" itemscope itemtype=\"http:\/\/schema.org\/ImageObject\"> <a href=\"https:\/\/opistobranquis.info\/ca\/guia\/nudibranchia\/doridina\/doridoidei\/onchidoridoidea\/trapania-tartanella\/trapania-tartanella-portugal-by-joao-pedro-silva-2\/\" border=\"0\" itemprop=\"url\"> <meta itemprop=\"width\" content=\"597\"> <meta itemprop=\"height\" content=\"398\"> <img decoding=\"async\" class=\"\" data-attachment-id=\"17309\" data-orig-file=\"https:\/\/opistobranquis.info\/wp-content\/uploads\/2014\/12\/Trapania-tartanella-Portugal-by-Jo\u00e3o-Pedro-Silva-2.jpg\" data-orig-size=\"800,533\" data-comments-opened=\"\" data-image-title=\"Trapania tartanella (Portugal) by Jo\u00e3o Pedro Silva\" data-image-description=\"&lt;p&gt;Trapania tartanella (Portugal) by Jo\u00e3o Pedro Silva&lt;\/p&gt; \" data-medium-file=\"https:\/\/i0.wp.com\/opistobranquis.info\/wp-content\/uploads\/2014\/12\/Trapania-tartanella-Portugal-by-Jo%C3%A3o-Pedro-Silva-2.jpg?fit=300%2C200&#038;ssl=1\" data-large-file=\"https:\/\/i0.wp.com\/opistobranquis.info\/wp-content\/uploads\/2014\/12\/Trapania-tartanella-Portugal-by-Jo%C3%A3o-Pedro-Silva-2.jpg?fit=800%2C533&#038;ssl=1\" src=\"https:\/\/i0.wp.com\/opistobranquis.info\/wp-content\/uploads\/2014\/12\/Trapania-tartanella-Portugal-by-Jo%C3%A3o-Pedro-Silva-2.jpg?w=597&#038;h=398&#038;ssl=1\" width=\"597\" height=\"398\" loading=\"lazy\" data-original-width=\"597\" data-original-height=\"398\" itemprop=\"http:\/\/schema.org\/image\" title=\"Trapania tartanella (Portugal) by Jo\u00e3o Pedro Silva\" alt=\"Trapania tartanella (Portugal) by Jo\u00e3o Pedro Silva\" style=\"width: 597px; height: 398px;\" \/> <\/a> <div class=\"tiled-gallery-caption\" itemprop=\"caption description\"> Trapania tartanella (Portugal) by Jo\u00e3o Pedro Silva <\/div> <\/div> <\/div> <!-- close group --> <\/div> <!-- close row --> <div class=\"gallery-row\" style=\"width: 900px; height: 319px;\" data-original-width=\"900\" data-original-height=\"319\" > <div class=\"gallery-group images-1\" style=\"width: 476px; height: 319px;\" data-original-width=\"476\" data-original-height=\"319\" > <div class=\"tiled-gallery-item tiled-gallery-item-large\" itemprop=\"associatedMedia\" itemscope itemtype=\"http:\/\/schema.org\/ImageObject\"> <a href=\"https:\/\/opistobranquis.info\/ca\/guia\/nudibranchia\/doridina\/doridoidei\/onchidoridoidea\/trapania-tartanella\/trapania-tartanella-portugal-by-joao-pedro-silva\/\" border=\"0\" itemprop=\"url\"> <meta itemprop=\"width\" content=\"472\"> <meta itemprop=\"height\" content=\"315\"> <img decoding=\"async\" class=\"\" data-attachment-id=\"17310\" data-orig-file=\"https:\/\/opistobranquis.info\/wp-content\/uploads\/2014\/12\/Trapania-tartanella-Portugal-by-Jo\u00e3o-Pedro-Silva.jpg\" data-orig-size=\"800,533\" data-comments-opened=\"\" data-image-title=\"Trapania tartanella (Ria del Ferrol, Galicia, Spain) by Jo\u00e3o Pedro Silva\" data-image-description=\"&lt;p&gt;Trapania tartanella (Ria del Ferrol, Galicia, Spain) by Jo\u00e3o Pedro Silva&lt;\/p&gt; \" data-medium-file=\"https:\/\/i0.wp.com\/opistobranquis.info\/wp-content\/uploads\/2014\/12\/Trapania-tartanella-Portugal-by-Jo%C3%A3o-Pedro-Silva.jpg?fit=300%2C200&#038;ssl=1\" data-large-file=\"https:\/\/i0.wp.com\/opistobranquis.info\/wp-content\/uploads\/2014\/12\/Trapania-tartanella-Portugal-by-Jo%C3%A3o-Pedro-Silva.jpg?fit=800%2C533&#038;ssl=1\" src=\"https:\/\/i0.wp.com\/opistobranquis.info\/wp-content\/uploads\/2014\/12\/Trapania-tartanella-Portugal-by-Jo%C3%A3o-Pedro-Silva.jpg?w=472&#038;h=315&#038;ssl=1\" width=\"472\" height=\"315\" loading=\"lazy\" data-original-width=\"472\" data-original-height=\"315\" itemprop=\"http:\/\/schema.org\/image\" title=\"Trapania tartanella (Ria del Ferrol, Galicia, Spain) by Jo\u00e3o Pedro Silva\" alt=\"Trapania tartanella (Ria del Ferrol, Galicia, Spain) by Jo\u00e3o Pedro Silva\" style=\"width: 472px; height: 315px;\" \/> <\/a> <div class=\"tiled-gallery-caption\" itemprop=\"caption description\"> Trapania tartanella (Ria del Ferrol, Galicia, Spain) by Jo\u00e3o Pedro Silva <\/div> <\/div> <\/div> <!-- close group --> <div class=\"gallery-group images-1\" style=\"width: 424px; height: 319px;\" data-original-width=\"424\" data-original-height=\"319\" > <div class=\"tiled-gallery-item tiled-gallery-item-large\" itemprop=\"associatedMedia\" itemscope itemtype=\"http:\/\/schema.org\/ImageObject\"> <a href=\"https:\/\/opistobranquis.info\/ca\/guia\/nudibranchia\/doridina\/doridoidei\/onchidoridoidea\/trapania-tartanella\/olympus-digital-camera-211\/\" border=\"0\" itemprop=\"url\"> <meta itemprop=\"width\" content=\"420\"> <meta itemprop=\"height\" content=\"315\"> <img decoding=\"async\" class=\"\" data-attachment-id=\"24321\" data-orig-file=\"https:\/\/opistobranquis.info\/wp-content\/uploads\/2017\/12\/Trapania-tartanella-with-parasite-copepods-@-La-Herradura-Granada-Spain-5-04-2017-by-Stefan-Verheyen-2.jpg\" data-orig-size=\"1024,768\" data-comments-opened=\"\" data-image-title=\"Trapania tartanella with parasite copepods @ La Herradura, Granada, Spain 5-04-2017 by Stefan Verheyen\" data-image-description=\"&lt;p&gt;Trapania tartanella with parasite copepods @ La Herradura, Granada, Spain 5-04-2017 by Stefan Verheyen&lt;\/p&gt; \" data-medium-file=\"https:\/\/i0.wp.com\/opistobranquis.info\/wp-content\/uploads\/2017\/12\/Trapania-tartanella-with-parasite-copepods-%40-La-Herradura-Granada-Spain-5-04-2017-by-Stefan-Verheyen-2.jpg?fit=300%2C225&#038;ssl=1\" data-large-file=\"https:\/\/i0.wp.com\/opistobranquis.info\/wp-content\/uploads\/2017\/12\/Trapania-tartanella-with-parasite-copepods-%40-La-Herradura-Granada-Spain-5-04-2017-by-Stefan-Verheyen-2.jpg?fit=900%2C675&#038;ssl=1\" src=\"https:\/\/i0.wp.com\/opistobranquis.info\/wp-content\/uploads\/2017\/12\/Trapania-tartanella-with-parasite-copepods-%40-La-Herradura-Granada-Spain-5-04-2017-by-Stefan-Verheyen-2.jpg?w=420&#038;h=315&#038;ssl=1\" width=\"420\" height=\"315\" loading=\"lazy\" data-original-width=\"420\" data-original-height=\"315\" itemprop=\"http:\/\/schema.org\/image\" title=\"Trapania tartanella with parasite copepods @ La Herradura, Granada, Spain 5-04-2017 by Stefan Verheyen\" alt=\"Trapania tartanella with parasite copepods @ La Herradura, Granada, Spain 5-04-2017 by Stefan Verheyen\" style=\"width: 420px; height: 315px;\" \/> <\/a> <div class=\"tiled-gallery-caption\" itemprop=\"caption description\"> Trapania tartanella with parasite copepods @ La Herradura, Granada, Spain 5-04-2017 by Stefan Verheyen <\/div> <\/div> <\/div> <!-- close group --> <\/div> <!-- close row --> <div class=\"gallery-row\" style=\"width: 900px; height: 900px;\" data-original-width=\"900\" data-original-height=\"900\" > <div class=\"gallery-group images-1\" style=\"width: 900px; height: 900px;\" data-original-width=\"900\" data-original-height=\"900\" > <div class=\"tiled-gallery-item tiled-gallery-item-large\" itemprop=\"associatedMedia\" itemscope itemtype=\"http:\/\/schema.org\/ImageObject\"> <a href=\"https:\/\/opistobranquis.info\/ca\/guia\/nudibranchia\/doridina\/doridoidei\/onchidoridoidea\/trapania-tartanella\/trapania-tartanella-cala-olivera-eivissa-by-joan-pereyra\/\" border=\"0\" itemprop=\"url\"> <meta itemprop=\"width\" content=\"896\"> <meta itemprop=\"height\" content=\"896\"> <img decoding=\"async\" class=\"\" data-attachment-id=\"31581\" data-orig-file=\"https:\/\/opistobranquis.info\/wp-content\/uploads\/2021\/02\/Trapania-tartanella-@-Cala-Olivera-Eivissa-by-Joan-Pereyra.jpg\" data-orig-size=\"1000,1000\" data-comments-opened=\"\" data-image-title=\"Trapania tartanella @ Cala Olivera, Eivissa by Joan Pereyra\" data-image-description=\"&lt;p&gt;Trapania tartanella @ Cala Olivera, Eivissa by Joan Pereyra&lt;\/p&gt; \" data-medium-file=\"https:\/\/i0.wp.com\/opistobranquis.info\/wp-content\/uploads\/2021\/02\/Trapania-tartanella-%40-Cala-Olivera-Eivissa-by-Joan-Pereyra.jpg?fit=300%2C300&#038;ssl=1\" data-large-file=\"https:\/\/i0.wp.com\/opistobranquis.info\/wp-content\/uploads\/2021\/02\/Trapania-tartanella-%40-Cala-Olivera-Eivissa-by-Joan-Pereyra.jpg?fit=900%2C900&#038;ssl=1\" src=\"https:\/\/i0.wp.com\/opistobranquis.info\/wp-content\/uploads\/2021\/02\/Trapania-tartanella-%40-Cala-Olivera-Eivissa-by-Joan-Pereyra.jpg?w=896&#038;h=896&#038;crop=1&#038;ssl=1\" width=\"896\" height=\"896\" loading=\"lazy\" data-original-width=\"896\" data-original-height=\"896\" itemprop=\"http:\/\/schema.org\/image\" title=\"Trapania tartanella @ Cala Olivera, Eivissa by Joan Pereyra\" alt=\"Trapania tartanella @ Cala Olivera, Eivissa by Joan Pereyra\" style=\"width: 896px; height: 896px;\" \/> <\/a> <div class=\"tiled-gallery-caption\" itemprop=\"caption description\"> Trapania tartanella @ Cala Olivera, Eivissa by Joan Pereyra <\/div> <\/div> <\/div> <!-- close group --> <\/div> <!-- close row --> <\/div><\/p>\n<p><p><strong>Bibliografia<\/strong><\/p><ul><div id=\"zotpress-035807d6a4dec34c1d407a35a8667e0a\" class=\"zp-Zotpress zp-Zotpress-Bib wp-block-group\">\n\n\t\t<span class=\"ZP_API_USER_ID ZP_ATTR\">1246567<\/span>\n\t\t<span class=\"ZP_ITEM_KEY ZP_ATTR\"><\/span>\n\t\t<span class=\"ZP_COLLECTION_ID ZP_ATTR\"><\/span>\n\t\t<span class=\"ZP_TAG_ID ZP_ATTR\">Trapania tartanella<\/span>\n\t\t<span class=\"ZP_AUTHOR ZP_ATTR\"><\/span>\n\t\t<span class=\"ZP_YEAR ZP_ATTR\"><\/span>\n        <span class=\"ZP_ITEMTYPE ZP_ATTR\"><\/span>\n\t\t<span class=\"ZP_INCLUSIVE ZP_ATTR\">1<\/span>\n\t\t<span class=\"ZP_STYLE ZP_ATTR\">eunomia-revista-en-cultura-de-la-legalidad<\/span>\n\t\t<span class=\"ZP_LIMIT ZP_ATTR\">50<\/span>\n\t\t<span class=\"ZP_SORTBY ZP_ATTR\">creator<\/span>\n\t\t<span class=\"ZP_ORDER ZP_ATTR\">asc<\/span>\n\t\t<span class=\"ZP_TITLE ZP_ATTR\"><\/span>\n\t\t<span class=\"ZP_SHOWIMAGE ZP_ATTR\"><\/span>\n\t\t<span class=\"ZP_SHOWTAGS ZP_ATTR\"><\/span>\n\t\t<span class=\"ZP_DOWNLOADABLE ZP_ATTR\"><\/span>\n\t\t<span class=\"ZP_NOTES ZP_ATTR\"><\/span>\n\t\t<span class=\"ZP_ABSTRACT ZP_ATTR\"><\/span>\n\t\t<span class=\"ZP_CITEABLE ZP_ATTR\"><\/span>\n\t\t<span class=\"ZP_TARGET ZP_ATTR\">1<\/span>\n\t\t<span class=\"ZP_URLWRAP ZP_ATTR\"><\/span>\n\t\t<span class=\"ZP_FORCENUM ZP_ATTR\"><\/span>\n        <span class=\"ZP_HIGHLIGHT ZP_ATTR\"><\/span>\n        <span class=\"ZP_POSTID ZP_ATTR\">695<\/span>\n\t\t<span class=\"ZOTPRESS_PLUGIN_URL ZP_ATTR\">https:\/\/opistobranquis.info\/wp-content\/plugins\/zotpress\/<\/span>\n\n\t\t<div class=\"zp-List loading\">\n\t\t\t<div class=\"zp-SEO-Content\">\n\n\t\t\t<\/div><!-- .zp-zp-SEO-Content -->\n\t\t<\/div><!-- .zp-List -->\n\t<\/div><!--.zp-Zotpress-->\n\n<p><\/p>Bibliografia basada en els treballs de <b>Steve Long, 2006<\/b>. <a target=_blank href=https:\/\/opistobranquis.info\/wp-content\/uploads\/2016\/06\/Long-S.-2006-Bibliography-of-Opisthobranchia-1554-2000.pdf>Bibliography of Opisthobranchia 1554-2000<\/a> i <b>Gary McDonald, 2009<\/b>. <a href=http:\/\/escholarship.org\/uc\/item\/8115h0wz>Bibliographia Nudibranchia<\/a>, amb actualitzacions posteriors procedents d\u00b4altres fonts.<p><\/p><\/ul><p><\/p><p><strong>M\u00e9s informaci\u00f3<\/strong><\/p><span style=\"font-size:10pt\"><ul><ul class=\"blogroll-links\"><li><a href=\"http:\/\/www.asturnatura.com\/especie\/trapania-tartanella.html\">AsturNatura<\/a><\/li><li><a href=\"http:\/\/www.biodiversitylibrary.org\/name\/Trapania%20tartanella\">Biodiversity Heritage Library<\/a><\/li><li><a href=\"http:\/\/www.habitas.org.uk\/marinelife\/species.asp?item=W13150#\">Encyclopedia of Marine Life of Britain and Ireland<\/a><\/li><li><a href=\"https:\/\/www.flickr.com\/search\/?text=Trapania%20tartanella\">Flickr pictures<\/a><\/li><li><a href=\"http:\/\/www.opistobranquis.org\/ca\/guia\/155\">GROC<\/a><\/li><li><a href=\"http:\/\/www.irmng.org\/aphia.php?p=taxlist&#038;tName=Trapania%20tartanella\">Interim Register of Marine and Nonmarine Genera<\/a><\/li><li><a href=\"https:\/\/web.archive.org\/web\/20250116074557\/http:\/\/medslugs.de\/E\/Atl-E\/Trapania_tartanella\/Selection.htm\">MedSlugs (Atl.E)<\/a><\/li><li><a href=\"http:\/\/www.ncbi.nlm.nih.gov\/Taxonomy\/Browser\/wwwtax.cgi?mode=Undef&#038;name=Trapania%20tartanella&#038;lvl=0&#038;srchmode=1\">NCBI GenBank<\/a><\/li><li><a href=\"http:\/\/iobis.org\/mapper\/?taxon=Trapania%20tartanella\">OBIS - Search by Taxon<\/a><\/li><li><a href=\"http:\/\/www.seaslugforum.net\/showall\/traptart\">Sea Slug Forum<\/a><\/li><li><a href=\"http:\/\/www.marinespecies.org\/aphia.php?p=taxdetails&#038;id=140047\">World Register of Marine Species<\/a><\/li><\/ul><\/ul><\/span><p><strong>Citeu aquest article com: <\/strong><\/p><div style=\"display: block; background: #444444; padding: 10px 30px 10px 10px; border-radius: 5px; line-height: 18px;\"><p class=\"citacio\"><b>Ballesteros, M., Madrenas, E. &#38; Pontes, M.<\/b> (2025) <em>\"Trapania tartanella\"<\/em> a <em>OPK-Opistobranquis<\/em>. Publicat: 17\/05\/2012. Accedit: 03\/09\/2026. Disponible a (<a href=https:\/\/opistobranquis.info\/ca\/?p=695>https:\/\/opistobranquis.info\/ca\/?p=695<\/a>)<\/p><p><\/p><\/div><p><\/p><\/p>","protected":false},"excerpt":{"rendered":"<p>Trapania tartanella \u00a0(von Ihering, 1886) Nota taxon\u00f2mica: \u00c9s virtualment impossible distingir visualment els exemplars sense ratlles de Trapania lineata (antiga T. hispalensis) dels de Trapania tartanella, si b\u00e9 un an\u00e0lisi radular permet distingir-los perfectament, segons l&#8217;esquema publicat al Sea Slug Forum de Bill Rudman i que reprodu\u00efm seguidament: Sin\u00f2nims Drepania tartanella\u00a0von Ihering, 1886 Descripci\u00f3 Animals de fins a 15 mm. Cos blanc i semitransparent en gaireb\u00e9 la seva totalitat, que\u2026<\/p>\n<p class=\"continue-reading-button\"> <a class=\"continue-reading-link\" href=\"https:\/\/opistobranquis.info\/ca\/guia\/nudibranchia\/doridina\/doridoidei\/onchidoridoidea\/trapania-tartanella\/\">Continua llegint<i class=\"crycon-right-dir\"><\/i><\/a><\/p>\n","protected":false},"author":291,"featured_media":11148,"parent":26111,"menu_order":6921,"comment_status":"closed","ping_status":"closed","template":"","meta":{"footnotes":""},"class_list":["post-695","page","type-page","status-publish","has-post-thumbnail","hentry"],"jetpack_sharing_enabled":true,"_links":{"self":[{"href":"https:\/\/opistobranquis.info\/ca\/wp-json\/wp\/v2\/pages\/695","targetHints":{"allow":["GET"]}}],"collection":[{"href":"https:\/\/opistobranquis.info\/ca\/wp-json\/wp\/v2\/pages"}],"about":[{"href":"https:\/\/opistobranquis.info\/ca\/wp-json\/wp\/v2\/types\/page"}],"author":[{"embeddable":true,"href":"https:\/\/opistobranquis.info\/ca\/wp-json\/wp\/v2\/users\/291"}],"replies":[{"embeddable":true,"href":"https:\/\/opistobranquis.info\/ca\/wp-json\/wp\/v2\/comments?post=695"}],"version-history":[{"count":8,"href":"https:\/\/opistobranquis.info\/ca\/wp-json\/wp\/v2\/pages\/695\/revisions"}],"predecessor-version":[{"id":46184,"href":"https:\/\/opistobranquis.info\/ca\/wp-json\/wp\/v2\/pages\/695\/revisions\/46184"}],"up":[{"embeddable":true,"href":"https:\/\/opistobranquis.info\/ca\/wp-json\/wp\/v2\/pages\/26111"}],"wp:featuredmedia":[{"embeddable":true,"href":"https:\/\/opistobranquis.info\/ca\/wp-json\/wp\/v2\/media\/11148"}],"wp:attachment":[{"href":"https:\/\/opistobranquis.info\/ca\/wp-json\/wp\/v2\/media?parent=695"}],"curies":[{"name":"wp","href":"https:\/\/api.w.org\/{rel}","templated":true}]}}