{"id":7732,"date":"2013-08-29T20:11:48","date_gmt":"2013-08-29T18:11:48","guid":{"rendered":"https:\/\/opistobranquis.info\/asperspina-loricata"},"modified":"2018-02-11T10:48:17","modified_gmt":"2018-02-11T09:48:17","slug":"asperspina-loricata","status":"publish","type":"page","link":"https:\/\/opistobranquis.info\/ca\/guia\/acochlidiimorpha\/asperspina-loricata\/","title":{"rendered":"Asperspina loricata"},"content":{"rendered":"<p><\/p>\n<h3><em>Asperspina loricata<\/em> (Swedmark, 1968)<\/h3>\n<p><span style=\"font-size:10pt;\" class=\"aligncenter\"><div id=\"featured-img-id\"><img data-recalc-dims=\"1\" decoding=\"async\" src=\"https:\/\/i0.wp.com\/opistobranquis.info\/wp-content\/uploads\/2013\/08\/Asperpina-loricata-%40-Mesa-do-Con-R%C3%ADa-de-Arousa-05.05.1981-by-V.-Urgorri-e1425474020103.jpg?w=900&#038;ssl=1\" alt=\"Asperspina loricata @ Mesa do Con, R\u00eda de Arousa, 05.05.1981 by V. Urgorri\" \/><\/div><center><em>Asperspina loricata @ Mesa do Con, R\u00eda de Arousa, 05.05.1981<\/em> per Victoriano Urgorri<\/center><\/span><p><\/p><div class=\"opk-worms\"><h3>Informaci\u00f3 taxon\u00f2mica WoRMS<\/h3><div class=\"opk-success\">Nom acceptat actual: <strong><em>Asperspina loricata<\/em> (Swedmark, 1968)<\/strong><\/div><h4>Classificaci\u00f3 actual<\/h4><table class=\"widefat striped\"><tr><th>Superdomain<\/th><td><a target=\"_blank\" href=\"https:\/\/www.marinespecies.org\/aphia.php?p=taxdetails&id=1\">Biota<\/a><\/td><\/tr><tr><th>Kingdom<\/th><td><a target=\"_blank\" href=\"https:\/\/www.marinespecies.org\/aphia.php?p=taxdetails&id=2\">Animalia<\/a><\/td><\/tr><tr><th>Phylum<\/th><td><a target=\"_blank\" href=\"https:\/\/www.marinespecies.org\/aphia.php?p=taxdetails&id=51\">Mollusca<\/a><\/td><\/tr><tr><th>Class<\/th><td><a target=\"_blank\" href=\"https:\/\/www.marinespecies.org\/aphia.php?p=taxdetails&id=101\">Gastropoda<\/a><\/td><\/tr><tr><th>Subclass<\/th><td><a target=\"_blank\" href=\"https:\/\/www.marinespecies.org\/aphia.php?p=taxdetails&id=14712\">Heterobranchia<\/a><\/td><\/tr><tr><th>Infraclass<\/th><td><a target=\"_blank\" href=\"https:\/\/www.marinespecies.org\/aphia.php?p=taxdetails&id=1057247\">Euthyneura<\/a><\/td><\/tr><tr><th>Subterclass<\/th><td><a target=\"_blank\" href=\"https:\/\/www.marinespecies.org\/aphia.php?p=taxdetails&id=1057250\">Tectipleura<\/a><\/td><\/tr><tr><th>Superorder<\/th><td><a target=\"_blank\" href=\"https:\/\/www.marinespecies.org\/aphia.php?p=taxdetails&id=411937\">Acochlidiimorpha<\/a><\/td><\/tr><tr><th>Superfamily<\/th><td><a target=\"_blank\" href=\"https:\/\/www.marinespecies.org\/aphia.php?p=taxdetails&id=555991\">Parhedyloidea<\/a><\/td><\/tr><tr><th>Family<\/th><td><a target=\"_blank\" href=\"https:\/\/www.marinespecies.org\/aphia.php?p=taxdetails&id=13539\">Asperspinidae<\/a><\/td><\/tr><tr><th>Genus<\/th><td><a target=\"_blank\" href=\"https:\/\/www.marinespecies.org\/aphia.php?p=taxdetails&id=137680\"><em>Asperspina<\/em><\/a><\/td><\/tr><tr><th>Species<\/th><td><a target=\"_blank\" href=\"https:\/\/www.marinespecies.org\/aphia.php?p=taxdetails&id=556032\"><em>Asperspina loricata<\/em> (Swedmark, 1968)<\/a><\/td><\/tr><\/table><p class=\"footer\">Classificaci\u00f3 proporcionada pel World Register of Marine Species (WoRMS). [<a target=\"_blank\" href=\"https:\/\/www.marinespecies.org\/aphia.php?p=taxdetails&id=556032\">556032<\/a>]<\/p><\/div><strong>Sin\u00f2nims<\/strong><\/p>\n<ul>\n<li><em>Antemnella loricata<\/em> (Swedmark, 1968)<\/li>\n<li><em>Hedylopsis loricata<\/em> Swedmark, 1968<\/li>\n<\/ul>\n<p><strong>Descripci\u00f3<\/strong><\/p>\n<p><strong>Biologia<\/strong><\/p>\n<p><strong>Etimologia<\/strong><\/p>\n<ul>\n<li><em>Loricata<\/em>. Del Llat\u00ed &#8220;loricatus&#8221; derivat de &#8220;lorico&#8221;, revestit de cuirassa.<\/li>\n<\/ul>\n<p><strong>Distribuci\u00f3<\/strong><br \/>\n<div id=\"flxmap-6a9c6527ce49a\" class='flxmap-container' data-flxmap='flxmap_6a9c6527ce49a' style=\"width:100%;height:400px;\"><\/div>\n<script data-noptimize=\"1\">\n\/* <![CDATA[ *\/\n(function(w, fn) {\n if (w.addEventListener) w.addEventListener(\"DOMContentLoaded\", fn, false);\n else if (w.attachEvent) w.attachEvent(\"onload\", fn);\n})(window, function() {\n var f = new FlexibleMap();\n f.panControl = true;\n f.mapTypeId = \"satellite\";\n f.setlocale(\"ca-ES\");\n f.kmlcache = \"5 minutes\";\n f.showKML(\"flxmap-6a9c6527ce49a\", \"https:\/\/opistobranquis.info\/wp-content\/uploads\/kms\/7732.kmz\");\n window.flxmap_6a9c6527ce49a = f;\n});\n\/* ]]> *\/\n<\/script>\n<div style=\"width:100%;text-align:center;margin:12px 0 4px 0;\">\n  <div style=\"font-size:8pt;margin-bottom:6px;\">Cites georeferenciades conegudes de l'esp\u00e8cie: <em>Asperspina loricata<\/em><\/div>\n  <table style=\"margin:0 auto;border-collapse:collapse;font-size:8pt;\">\n    <tr><td colspan=\"2\" style=\"text-align:left;padding-bottom:4px;\"><strong>Fonts:<\/strong><\/td><\/tr>\n    <tr>\n      <td style=\"vertical-align:top;padding-right:40px;\">\n        <table style=\"border-collapse:collapse;\">\n<tr><td style='padding:1px 6px 1px 0;vertical-align:middle'><img data-recalc-dims=\"1\" src=\"https:\/\/i0.wp.com\/opistobranquis.info\/wp-content\/uploads\/kms\/wht-circle-lv.png?w=900&#038;ssl=1\" style='display:block'><\/td><td style='padding:1px 0;vertical-align:middle;white-space:nowrap'>OBIS<\/td><\/tr><tr><td style='padding:1px 6px 1px 0;vertical-align:middle'><img data-recalc-dims=\"1\" src=\"https:\/\/i0.wp.com\/opistobranquis.info\/wp-content\/uploads\/kms\/ylw-circle-lv.png?w=900&#038;ssl=1\" style='display:block'><\/td><td style='padding:1px 0;vertical-align:middle;white-space:nowrap'>GROC 2010-2011<\/td><\/tr><tr><td style='padding:1px 6px 1px 0;vertical-align:middle'><img data-recalc-dims=\"1\" src=\"https:\/\/i0.wp.com\/opistobranquis.info\/wp-content\/uploads\/kms\/grn-circle-lv.png?w=900&#038;ssl=1\" style='display:block'><\/td><td style='padding:1px 0;vertical-align:middle;white-space:nowrap'>Enric Madrenas<\/td><\/tr><tr><td style='padding:1px 6px 1px 0;vertical-align:middle'><img data-recalc-dims=\"1\" src=\"https:\/\/i0.wp.com\/opistobranquis.info\/wp-content\/uploads\/kms\/orange-circle-lv.png?w=900&#038;ssl=1\" style='display:block'><\/td><td style='padding:1px 0;vertical-align:middle;white-space:nowrap'>Jo\u00e3o Pedro Silva<\/td><\/tr><tr><td style='padding:1px 6px 1px 0;vertical-align:middle'><img data-recalc-dims=\"1\" src=\"https:\/\/i0.wp.com\/opistobranquis.info\/wp-content\/uploads\/kms\/pink-circle-lv.png?w=900&#038;ssl=1\" style='display:block'><\/td><td style='padding:1px 0;vertical-align:middle;white-space:nowrap'>Bernard Picton<\/td><\/tr><tr><td style='padding:1px 6px 1px 0;vertical-align:middle'><img data-recalc-dims=\"1\" src=\"https:\/\/i0.wp.com\/opistobranquis.info\/wp-content\/uploads\/kms\/blk-circle-lv.png?w=900&#038;ssl=1\" style='display:block'><\/td><td style='padding:1px 0;vertical-align:middle;white-space:nowrap'>GBIF<\/td><\/tr>        <\/table>\n      <\/td>\n      <td style=\"vertical-align:top;\">\n        <table style=\"border-collapse:collapse;\">\n<tr><td style='padding:1px 6px 1px 0;vertical-align:middle'><img data-recalc-dims=\"1\" src=\"https:\/\/i0.wp.com\/opistobranquis.info\/wp-content\/uploads\/kms\/purple-circle-lv.png?w=900&#038;ssl=1\" style='display:block'><\/td><td style='padding:1px 0;vertical-align:middle;white-space:nowrap'>OPK<\/td><\/tr><tr><td style='padding:1px 6px 1px 0;vertical-align:middle'><img data-recalc-dims=\"1\" src=\"https:\/\/i0.wp.com\/opistobranquis.info\/wp-content\/uploads\/kms\/red-circle-lv.png?w=900&#038;ssl=1\" style='display:block'><\/td><td style='padding:1px 0;vertical-align:middle;white-space:nowrap'>VIMAR<\/td><\/tr><tr><td style='padding:1px 6px 1px 0;vertical-align:middle'><img data-recalc-dims=\"1\" src=\"https:\/\/i0.wp.com\/opistobranquis.info\/wp-content\/uploads\/kms\/blu-circle-lv.png?w=900&#038;ssl=1\" style='display:block'><\/td><td style='padding:1px 0;vertical-align:middle;white-space:nowrap'>Manuel Ballesteros<\/td><\/tr><tr><td style='padding:1px 6px 1px 0;vertical-align:middle'><img data-recalc-dims=\"1\" src=\"https:\/\/i0.wp.com\/opistobranquis.info\/wp-content\/uploads\/kms\/cyan-circle-lv.png?w=900&#038;ssl=1\" style='display:block'><\/td><td style='padding:1px 0;vertical-align:middle;white-space:nowrap'>M@re Nostrum<\/td><\/tr><tr><td style='padding:1px 6px 1px 0;vertical-align:middle'><img data-recalc-dims=\"1\" src=\"https:\/\/i0.wp.com\/opistobranquis.info\/wp-content\/uploads\/kms\/grey-circle-lv.png?w=900&#038;ssl=1\" style='display:block'><\/td><td style='padding:1px 0;vertical-align:middle;white-space:nowrap'>Altres fonts<\/td><\/tr><tr><td style='padding:1px 6px 1px 0;vertical-align:middle'><img data-recalc-dims=\"1\" src=\"https:\/\/i0.wp.com\/opistobranquis.info\/wp-content\/uploads\/kms\/marreg.png?w=900&#038;ssl=1\" style='display:block'><\/td><td style='padding:1px 0;vertical-align:middle;white-space:nowrap'>Marine Regions<\/td><\/tr>        <\/table>\n      <\/td>\n    <\/tr>\n  <\/table>\n<\/div>\n<\/p>\n<p><strong>Error:<\/strong> Chart.js no est\u00e1 disponible.<\/p>\n<p><strong>Altres fotos<\/strong><br \/>\n<ul><span style=\"font-size:10pt\">No tenim (m\u00e9s) fotos de <em>Asperspina loricata<\/em><\/span><\/ul><\/p>\n<p><p><strong>Bibliografia<\/strong><\/p><ul><div id=\"zotpress-086fedd230c2c7e9718a60af0aa65ee4\" class=\"zp-Zotpress zp-Zotpress-Bib wp-block-group\">\n\n\t\t<span class=\"ZP_API_USER_ID ZP_ATTR\">1246567<\/span>\n\t\t<span class=\"ZP_ITEM_KEY ZP_ATTR\"><\/span>\n\t\t<span class=\"ZP_COLLECTION_ID ZP_ATTR\"><\/span>\n\t\t<span class=\"ZP_TAG_ID ZP_ATTR\">Asperspina loricata<\/span>\n\t\t<span class=\"ZP_AUTHOR ZP_ATTR\"><\/span>\n\t\t<span class=\"ZP_YEAR ZP_ATTR\"><\/span>\n        <span class=\"ZP_ITEMTYPE ZP_ATTR\"><\/span>\n\t\t<span class=\"ZP_INCLUSIVE ZP_ATTR\">1<\/span>\n\t\t<span class=\"ZP_STYLE ZP_ATTR\">eunomia-revista-en-cultura-de-la-legalidad<\/span>\n\t\t<span class=\"ZP_LIMIT ZP_ATTR\">50<\/span>\n\t\t<span class=\"ZP_SORTBY ZP_ATTR\">creator<\/span>\n\t\t<span class=\"ZP_ORDER ZP_ATTR\">asc<\/span>\n\t\t<span class=\"ZP_TITLE ZP_ATTR\"><\/span>\n\t\t<span class=\"ZP_SHOWIMAGE ZP_ATTR\"><\/span>\n\t\t<span class=\"ZP_SHOWTAGS ZP_ATTR\"><\/span>\n\t\t<span class=\"ZP_DOWNLOADABLE ZP_ATTR\"><\/span>\n\t\t<span class=\"ZP_NOTES ZP_ATTR\"><\/span>\n\t\t<span class=\"ZP_ABSTRACT ZP_ATTR\"><\/span>\n\t\t<span class=\"ZP_CITEABLE ZP_ATTR\"><\/span>\n\t\t<span class=\"ZP_TARGET ZP_ATTR\">1<\/span>\n\t\t<span class=\"ZP_URLWRAP ZP_ATTR\"><\/span>\n\t\t<span class=\"ZP_FORCENUM ZP_ATTR\"><\/span>\n        <span class=\"ZP_HIGHLIGHT ZP_ATTR\"><\/span>\n        <span class=\"ZP_POSTID ZP_ATTR\">7732<\/span>\n\t\t<span class=\"ZOTPRESS_PLUGIN_URL ZP_ATTR\">https:\/\/opistobranquis.info\/wp-content\/plugins\/zotpress\/<\/span>\n\n\t\t<div class=\"zp-List loading\">\n\t\t\t<div class=\"zp-SEO-Content\">\n\n\t\t\t<\/div><!-- .zp-zp-SEO-Content -->\n\t\t<\/div><!-- .zp-List -->\n\t<\/div><!--.zp-Zotpress-->\n\n<p><\/p>Bibliografia basada en els treballs de <b>Steve Long, 2006<\/b>. <a target=_blank href=https:\/\/opistobranquis.info\/wp-content\/uploads\/2016\/06\/Long-S.-2006-Bibliography-of-Opisthobranchia-1554-2000.pdf>Bibliography of Opisthobranchia 1554-2000<\/a> i <b>Gary McDonald, 2009<\/b>. <a href=http:\/\/escholarship.org\/uc\/item\/8115h0wz>Bibliographia Nudibranchia<\/a>, amb actualitzacions posteriors procedents d\u00b4altres fonts.<p><\/p><\/ul><p><\/p><p><strong>M\u00e9s informaci\u00f3<\/strong><\/p><span style=\"font-size:10pt\"><ul><ul class=\"blogroll-links\"><li><a href=\"http:\/\/www.biodiversitylibrary.org\/name\/Asperspina%20loricata\">Biodiversity Heritage Library<\/a><\/li><li><a href=\"https:\/\/www.flickr.com\/search\/?text=Asperspina%20loricata\">Flickr pictures<\/a><\/li><li><a href=\"http:\/\/www.irmng.org\/aphia.php?p=taxlist&#038;tName=Asperspina%20loricata\">Interim Register of Marine and Nonmarine Genera<\/a><\/li><li><a href=\"http:\/\/www.ncbi.nlm.nih.gov\/Taxonomy\/Browser\/wwwtax.cgi?mode=Undef&#038;name=Asperspina%20loricata&#038;lvl=0&#038;srchmode=1\">NCBI GenBank<\/a><\/li><li><a href=\"http:\/\/iobis.org\/mapper\/?taxon=Asperspina%20loricata\">OBIS - Search by Taxon<\/a><\/li><li><a href=\"http:\/\/www.marinespecies.org\/aphia.php?p=taxdetails&#038;id=556032\">World Register of Marine Species<\/a><\/li><\/ul><\/ul><\/span><p><strong>Citeu aquest article com: <\/strong><\/p><div style=\"display: block; background: #444444; padding: 10px 30px 10px 10px; border-radius: 5px; line-height: 18px;\"><p class=\"citacio\"><b>Ballesteros, M., Madrenas, E. &#38; Pontes, M.<\/b> (2025) <em>\"Asperspina loricata\"<\/em> a <em>OPK-Opistobranquis<\/em>. Publicat: 29\/08\/2013. Accedit: 05\/09\/2026. Disponible a (<a href=https:\/\/opistobranquis.info\/ca\/?p=7732>https:\/\/opistobranquis.info\/ca\/?p=7732<\/a>)<\/p><p><\/p><\/div><p><\/p><\/p>","protected":false},"excerpt":{"rendered":"<p>Asperspina loricata (Swedmark, 1968) Sin\u00f2nims Antemnella loricata (Swedmark, 1968) Hedylopsis loricata Swedmark, 1968 Descripci\u00f3 Biologia Etimologia Loricata. Del Llat\u00ed &#8220;loricatus&#8221; derivat de &#8220;lorico&#8221;, revestit de cuirassa. Distribuci\u00f3 Altres fotos<\/p>\n<p class=\"continue-reading-button\"> <a class=\"continue-reading-link\" href=\"https:\/\/opistobranquis.info\/ca\/guia\/acochlidiimorpha\/asperspina-loricata\/\">Continua llegint<i class=\"crycon-right-dir\"><\/i><\/a><\/p>\n","protected":false},"author":291,"featured_media":18638,"parent":6333,"menu_order":5,"comment_status":"closed","ping_status":"closed","template":"","meta":{"footnotes":""},"class_list":["post-7732","page","type-page","status-publish","has-post-thumbnail","hentry"],"jetpack_sharing_enabled":true,"_links":{"self":[{"href":"https:\/\/opistobranquis.info\/ca\/wp-json\/wp\/v2\/pages\/7732","targetHints":{"allow":["GET"]}}],"collection":[{"href":"https:\/\/opistobranquis.info\/ca\/wp-json\/wp\/v2\/pages"}],"about":[{"href":"https:\/\/opistobranquis.info\/ca\/wp-json\/wp\/v2\/types\/page"}],"author":[{"embeddable":true,"href":"https:\/\/opistobranquis.info\/ca\/wp-json\/wp\/v2\/users\/291"}],"replies":[{"embeddable":true,"href":"https:\/\/opistobranquis.info\/ca\/wp-json\/wp\/v2\/comments?post=7732"}],"version-history":[{"count":2,"href":"https:\/\/opistobranquis.info\/ca\/wp-json\/wp\/v2\/pages\/7732\/revisions"}],"predecessor-version":[{"id":25077,"href":"https:\/\/opistobranquis.info\/ca\/wp-json\/wp\/v2\/pages\/7732\/revisions\/25077"}],"up":[{"embeddable":true,"href":"https:\/\/opistobranquis.info\/ca\/wp-json\/wp\/v2\/pages\/6333"}],"wp:featuredmedia":[{"embeddable":true,"href":"https:\/\/opistobranquis.info\/ca\/wp-json\/wp\/v2\/media\/18638"}],"wp:attachment":[{"href":"https:\/\/opistobranquis.info\/ca\/wp-json\/wp\/v2\/media?parent=7732"}],"curies":[{"name":"wp","href":"https:\/\/api.w.org\/{rel}","templated":true}]}}