{"id":581,"date":"2012-05-16T20:19:56","date_gmt":"2012-05-16T18:19:56","guid":{"rendered":"https:\/\/opistobranquis.info\/eubranchus-farranieubranchus-farranieubranchus-farrani"},"modified":"2025-05-14T19:10:22","modified_gmt":"2025-05-14T17:10:22","slug":"amphorina-farrani","status":"publish","type":"page","link":"https:\/\/opistobranquis.info\/en\/guia\/nudibranchia\/cladobranchia\/fionoidea\/amphorina-farrani\/","title":{"rendered":"Amphorina farrani"},"content":{"rendered":"<p><\/p>\n<h3><em>Amphorina farrani<\/em> (Alder &amp; Hancock, 1844)<\/h3>\n<p><span style=\"font-size:10pt;\" class=\"aligncenter\"><div id=\"featured-img-id\"><img data-recalc-dims=\"1\" decoding=\"async\" src=\"https:\/\/i0.wp.com\/opistobranquis.info\/wp-content\/uploads\/2023\/01\/Eubranchus-farrani-by-Miquel-Pontes-MPG_1506.jpg?w=900&#038;ssl=1\" alt=\"Amphorina farrani @ Costa Brava, Spain by Miquel Pontes\" \/><\/div><center><em>Amphorina farrani @ Costa Brava, Spain<\/em> by Pontes, Miquel<\/center><\/span><p><\/p><div class=\"opk-worms\"><h3>WoRMS Taxonomic Information<\/h3><div class=\"opk-success\">Current accepted name: <strong><em>Amphorina farrani<\/em> (Alder &amp; Hancock, 1844)<\/strong><\/div><h4>Current classification<\/h4><table class=\"widefat striped\"><tr><th>Superdomain<\/th><td><a target=\"_blank\" href=\"https:\/\/www.marinespecies.org\/aphia.php?p=taxdetails&id=1\">Biota<\/a><\/td><\/tr><tr><th>Kingdom<\/th><td><a target=\"_blank\" href=\"https:\/\/www.marinespecies.org\/aphia.php?p=taxdetails&id=2\">Animalia<\/a><\/td><\/tr><tr><th>Phylum<\/th><td><a target=\"_blank\" href=\"https:\/\/www.marinespecies.org\/aphia.php?p=taxdetails&id=51\">Mollusca<\/a><\/td><\/tr><tr><th>Class<\/th><td><a target=\"_blank\" href=\"https:\/\/www.marinespecies.org\/aphia.php?p=taxdetails&id=101\">Gastropoda<\/a><\/td><\/tr><tr><th>Subclass<\/th><td><a target=\"_blank\" href=\"https:\/\/www.marinespecies.org\/aphia.php?p=taxdetails&id=14712\">Heterobranchia<\/a><\/td><\/tr><tr><th>Infraclass<\/th><td><a target=\"_blank\" href=\"https:\/\/www.marinespecies.org\/aphia.php?p=taxdetails&id=1057247\">Euthyneura<\/a><\/td><\/tr><tr><th>Subterclass<\/th><td><a target=\"_blank\" href=\"https:\/\/www.marinespecies.org\/aphia.php?p=taxdetails&id=1057249\">Ringipleura<\/a><\/td><\/tr><tr><th>Superorder<\/th><td><a target=\"_blank\" href=\"https:\/\/www.marinespecies.org\/aphia.php?p=taxdetails&id=411966\">Nudipleura<\/a><\/td><\/tr><tr><th>Order<\/th><td><a target=\"_blank\" href=\"https:\/\/www.marinespecies.org\/aphia.php?p=taxdetails&id=1762\">Nudibranchia<\/a><\/td><\/tr><tr><th>Suborder<\/th><td><a target=\"_blank\" href=\"https:\/\/www.marinespecies.org\/aphia.php?p=taxdetails&id=827889\">Cladobranchia<\/a><\/td><\/tr><tr><th>Superfamily<\/th><td><a target=\"_blank\" href=\"https:\/\/www.marinespecies.org\/aphia.php?p=taxdetails&id=412646\">Fionoidea<\/a><\/td><\/tr><tr><th>Family<\/th><td><a target=\"_blank\" href=\"https:\/\/www.marinespecies.org\/aphia.php?p=taxdetails&id=193\">Eubranchidae<\/a><\/td><\/tr><tr><th>Genus<\/th><td><a target=\"_blank\" href=\"https:\/\/www.marinespecies.org\/aphia.php?p=taxdetails&id=196953\"><em>Amphorina<\/em><\/a><\/td><\/tr><tr><th>Species<\/th><td><a target=\"_blank\" href=\"https:\/\/www.marinespecies.org\/aphia.php?p=taxdetails&id=1424909\"><em>Amphorina farrani<\/em> (Alder &amp; Hancock, 1844)<\/a><\/td><\/tr><\/table><p class=\"footer\">Classification provided by the World Register of Marine Species (WoRMS). [<a target=\"_blank\" href=\"https:\/\/www.marinespecies.org\/aphia.php?p=taxdetails&id=1424909\">1424909<\/a>]<\/p><\/div><strong>Synonyms<\/strong><\/p>\n<ul>\n<li><em>Eolis farrani<\/em> Alder &amp; Hancock, 1844: 164\u2013165; Alder &amp; Hancock, 1845: fam 3, pl. 35.<\/li>\n<li><em>Galvina farrani<\/em> (Alder &amp; Hancock, 1844): Bergh 1873: 622; Colgan 1914: 183\u2013185.<\/li>\n<li><em>Cavolina farrani<\/em> (Alder &amp; Hancock, 1844): Gray J.E. 1857: 226.<\/li>\n<li><em>Eubranchus farrani<\/em> (Alder &amp; Hancock, 1844): O\u2019Donoghue 1926: 128.<\/li>\n<li><em>Eubranchus farrani<\/em>\u00a0sensu Edmunds &amp; Kress, 1969: forms A &amp; B only: 890, fig. 2 A, B.<\/li>\n<li><em>Amphorina farrani<\/em> (Alder &amp; Hancock, 1844): Martynov 1998: 775.<\/li>\n<li><em>Amphorina alberti<\/em> Quatrefages, 1844: 146\u2013151, pl. 3, fig. 5, pl. 4, fig. 3.<\/li>\n<li><em>Aeolis adelaidae<\/em> Thompson, 1860: 49.<\/li>\n<li><em>Eolis robertianae<\/em> Mc&#8217;Intosh, 1865: 393.<\/li>\n<li><em>Eolis tricolor<\/em> sensu Friele and Hansen 1876, non Forbes 1838.<\/li>\n<li>Non <em>Amphorina alberti<\/em> sensu Trinchese 1877\u20131879 and auctt. (= <em>Trinchesia<\/em> spp.)<\/li>\n<li>Non all forms of <em>Eubranchus farrani<\/em> sensu Edmunds &amp; Kress, 1969 (several species)<\/li>\n<li>Non <em>Eubranchus farrani<\/em> sensu Schmekel &amp; Portmann 1982: 241\u2013243, taf. 14, Fig.<br \/>\n1\u20133, abb. 7.78 (= <em>Amphorina andra<\/em> sp. nov. + mixture of species)<\/li>\n<\/ul>\n<p><strong style=\"background-color: transparent;\">Description<br \/>\n<\/strong>Narrow body that could measure more than 20 mm in length, but in most cases the specimens are smaller, of 10 to 15 mm. <span style=\"font-family: Ubuntu;\">Body color is very variable, there are specimens with a completely\u00a0<\/span><span style=\"font-family: Ubuntu;\">pale body and cerata with small orange-yellow\u00a0<\/span><span style=\"font-family: Ubuntu;\">pigment spots, that never have a spot or stripe on the tail. Other specimens have distinct orange or yellow stains all along the body, and with <\/span><span style=\"font-family: Ubuntu;\">a broad subapical orange or yellow ring on each cera, sometimes with a dark brown <\/span><span style=\"font-family: Ubuntu;\">body colour, and always have\u00a0<\/span><span style=\"font-family: Ubuntu;\">an orange or yellow spot or stripe on the tip of the tail. <\/span><span style=\"font-family: Ubuntu;\">No specimens with blackish spots have been <\/span><span style=\"font-family: Ubuntu;\">observed, neither with an uniformly bright orange body.\u00a0<\/span><span style=\"font-family: Ubuntu;\">Smooth rhinophores, 1.5-2 times longer than the oral tentacles, t<\/span><span style=\"font-family: Ubuntu;\">he distal part of both rhinophores and oral tentacles is covered with orange pigment <\/span><span style=\"font-family: Ubuntu;\">and scattered small white dots without a light pinkish pigment ring.\u00a0<\/span><span style=\"font-family: Ubuntu;\">Cerata relatively long and quite swollen, forming 7-8 groups up to 5 cerata each, in increasing numbers anteriorly and decreasing posteriorly towards the tail. The heart region is located between the second cerata group. The anal opening is located in a small papilla placed right behind and slightly to the right of the cardiac area. The genital opening is located below and slightly behind the first right group of cerata. The foot\u00a0 is narrow and the anterior part shows no propodial palps or foot corners.<\/span><\/p>\n<p><strong>Biology<\/strong><br \/>\nThis species is usually found in shallow littoral bottoms, from 0.5 to 20m., where hydrozoans grow on algae as epibionts. <i>A. farrani<\/i> feeds on small hydrarians like <i>Obelia geniculata<\/i> growing on kelp, in <i>Codium fragile<\/i> and other algae or mussel shells. It can also be located under stones where hydrarians grow. The spawn is a small ribbon coiled in one turn, or one turn and half, with white or slightly pink eggs of about 90 microns (Schmekel &amp; Portmann, 1982).<\/p>\n<p><strong>Etymology<\/strong><\/p>\n<ul>\n<li><i>Farrani<\/i> = in honor of Dr. G.P. Farran of Dubl\u00edn, naturalyst and shell collector who helped in the Alder &amp; Hancock sampling campaign in the Irish shores in 1843, where the type specimen used to describe the species was collected.<\/li>\n<\/ul>\n<p><strong>Distribution<\/strong><br \/>\nThis species has been cited in Norway, the British Isles, Atlantic coasts of France and the English Channel, the Iberian Peninsula, the Canary islands, A\u00e7ores and around the Mediterranean. In the Iberian Peninsula shores it has been reported in all coastal areas. In the Catalan coast it has been observed in different localities as Cadaques, L&#8217;Escala, Tossa de Mar, Lloret de Mar, Blanes and Cubelles. <div id=\"flxmap-6a9b53693a698\" class='flxmap-container' data-flxmap='flxmap_6a9b53693a698' style=\"width:100%;height:400px;\"><\/div>\n<script data-noptimize=\"1\">\n\/* <![CDATA[ *\/\n(function(w, fn) {\n if (w.addEventListener) w.addEventListener(\"DOMContentLoaded\", fn, false);\n else if (w.attachEvent) w.attachEvent(\"onload\", fn);\n})(window, function() {\n var f = new FlexibleMap();\n f.panControl = true;\n f.mapTypeId = \"satellite\";\n f.setlocale(\"en-US\");\n f.kmlcache = \"5 minutes\";\n f.showKML(\"flxmap-6a9b53693a698\", \"https:\/\/opistobranquis.info\/wp-content\/uploads\/kms\/581.kmz\");\n window.flxmap_6a9b53693a698 = f;\n});\n\/* ]]> *\/\n<\/script>\n<div style=\"width:100%;text-align:center;margin:12px 0 4px 0;\">\n  <div style=\"font-size:8pt;margin-bottom:6px;\">Known georeferenced records of the species: <em>Amphorina farrani<\/em><\/div>\n  <table style=\"margin:0 auto;border-collapse:collapse;font-size:8pt;\">\n    <tr><td colspan=\"2\" style=\"text-align:left;padding-bottom:4px;\"><strong>Sources:<\/strong><\/td><\/tr>\n    <tr>\n      <td style=\"vertical-align:top;padding-right:40px;\">\n        <table style=\"border-collapse:collapse;\">\n<tr><td style='padding:1px 6px 1px 0;vertical-align:middle'><img data-recalc-dims=\"1\" src=\"https:\/\/i0.wp.com\/opistobranquis.info\/wp-content\/uploads\/kms\/wht-circle-lv.png?w=900&#038;ssl=1\" style='display:block'><\/td><td style='padding:1px 0;vertical-align:middle;white-space:nowrap'>OBIS<\/td><\/tr><tr><td style='padding:1px 6px 1px 0;vertical-align:middle'><img data-recalc-dims=\"1\" src=\"https:\/\/i0.wp.com\/opistobranquis.info\/wp-content\/uploads\/kms\/ylw-circle-lv.png?w=900&#038;ssl=1\" style='display:block'><\/td><td style='padding:1px 0;vertical-align:middle;white-space:nowrap'>GROC 2010-2011<\/td><\/tr><tr><td style='padding:1px 6px 1px 0;vertical-align:middle'><img data-recalc-dims=\"1\" src=\"https:\/\/i0.wp.com\/opistobranquis.info\/wp-content\/uploads\/kms\/grn-circle-lv.png?w=900&#038;ssl=1\" style='display:block'><\/td><td style='padding:1px 0;vertical-align:middle;white-space:nowrap'>Enric Madrenas<\/td><\/tr><tr><td style='padding:1px 6px 1px 0;vertical-align:middle'><img data-recalc-dims=\"1\" src=\"https:\/\/i0.wp.com\/opistobranquis.info\/wp-content\/uploads\/kms\/orange-circle-lv.png?w=900&#038;ssl=1\" style='display:block'><\/td><td style='padding:1px 0;vertical-align:middle;white-space:nowrap'>Jo\u00e3o Pedro Silva<\/td><\/tr><tr><td style='padding:1px 6px 1px 0;vertical-align:middle'><img data-recalc-dims=\"1\" src=\"https:\/\/i0.wp.com\/opistobranquis.info\/wp-content\/uploads\/kms\/pink-circle-lv.png?w=900&#038;ssl=1\" style='display:block'><\/td><td style='padding:1px 0;vertical-align:middle;white-space:nowrap'>Bernard Picton<\/td><\/tr><tr><td style='padding:1px 6px 1px 0;vertical-align:middle'><img data-recalc-dims=\"1\" src=\"https:\/\/i0.wp.com\/opistobranquis.info\/wp-content\/uploads\/kms\/blk-circle-lv.png?w=900&#038;ssl=1\" style='display:block'><\/td><td style='padding:1px 0;vertical-align:middle;white-space:nowrap'>GBIF<\/td><\/tr>        <\/table>\n      <\/td>\n      <td style=\"vertical-align:top;\">\n        <table style=\"border-collapse:collapse;\">\n<tr><td style='padding:1px 6px 1px 0;vertical-align:middle'><img data-recalc-dims=\"1\" src=\"https:\/\/i0.wp.com\/opistobranquis.info\/wp-content\/uploads\/kms\/purple-circle-lv.png?w=900&#038;ssl=1\" style='display:block'><\/td><td style='padding:1px 0;vertical-align:middle;white-space:nowrap'>OPK<\/td><\/tr><tr><td style='padding:1px 6px 1px 0;vertical-align:middle'><img data-recalc-dims=\"1\" src=\"https:\/\/i0.wp.com\/opistobranquis.info\/wp-content\/uploads\/kms\/red-circle-lv.png?w=900&#038;ssl=1\" style='display:block'><\/td><td style='padding:1px 0;vertical-align:middle;white-space:nowrap'>VIMAR<\/td><\/tr><tr><td style='padding:1px 6px 1px 0;vertical-align:middle'><img data-recalc-dims=\"1\" src=\"https:\/\/i0.wp.com\/opistobranquis.info\/wp-content\/uploads\/kms\/blu-circle-lv.png?w=900&#038;ssl=1\" style='display:block'><\/td><td style='padding:1px 0;vertical-align:middle;white-space:nowrap'>Manuel Ballesteros<\/td><\/tr><tr><td style='padding:1px 6px 1px 0;vertical-align:middle'><img data-recalc-dims=\"1\" src=\"https:\/\/i0.wp.com\/opistobranquis.info\/wp-content\/uploads\/kms\/cyan-circle-lv.png?w=900&#038;ssl=1\" style='display:block'><\/td><td style='padding:1px 0;vertical-align:middle;white-space:nowrap'>M@re Nostrum<\/td><\/tr><tr><td style='padding:1px 6px 1px 0;vertical-align:middle'><img data-recalc-dims=\"1\" src=\"https:\/\/i0.wp.com\/opistobranquis.info\/wp-content\/uploads\/kms\/grey-circle-lv.png?w=900&#038;ssl=1\" style='display:block'><\/td><td style='padding:1px 0;vertical-align:middle;white-space:nowrap'>Altres fonts<\/td><\/tr><tr><td style='padding:1px 6px 1px 0;vertical-align:middle'><img data-recalc-dims=\"1\" src=\"https:\/\/i0.wp.com\/opistobranquis.info\/wp-content\/uploads\/kms\/marreg.png?w=900&#038;ssl=1\" style='display:block'><\/td><td style='padding:1px 0;vertical-align:middle;white-space:nowrap'>Marine Regions<\/td><\/tr>        <\/table>\n      <\/td>\n    <\/tr>\n  <\/table>\n<\/div>\n<\/p>\n<p><strong>Similar species<br \/>\n<\/strong>To separate this species from the others of the genus some aspects must be taken into account:<\/p>\n<ul>\n<li>The presence of big bright yellow-orange spots on the dorsum, absent in <em>A.andra<\/em>.<\/li>\n<li>Absence of forms with black background or uniform yellow coloration, typical of A.andra.<\/li>\n<li>In specimens with these spots on dorsum and cerata, a distinct yellow-orange spot or stripe on the tail is always present, absent in <em>A.andra<\/em>, that could have a white line instead.<\/li>\n<li>Pale specimens of <em>A.farrani<\/em> have no spot or stripe on the tail tip.<\/li>\n<li>Larger size of dorsal spots (in spotted forms) than <em>A.pallida<\/em>.<\/li>\n<li>Absence of small orange or brown spots on cerata, present in some <em>A.pallida<\/em>.<\/li>\n<li>There is no light pinkish subapical ring on cerata, typical of <em>A.viriola<\/em>.<\/li>\n<li>There is no punctuated white line on edge of foot, typical of <em>A.linensis<\/em>.<\/li>\n<li>Cerata are commonly moderately swollen but without a distinctly attenuated apex, typical of <em>A.linensis<\/em>.<\/li>\n<li>The digestive gland inside the cerata is relatively broad without distinct short branches.<\/li>\n<li>They have up to four anterior rows of cerata.<\/li>\n<\/ul>\n<p><strong>Error:<\/strong> Chart.js no est\u00e1 disponible.<\/p>\n<p><strong>More pictures<\/strong><br \/>\n<div class=\"tiled-gallery type-rectangular tiled-gallery-unresized\" data-original-width=\"900\" data-carousel-extra='{&quot;blog_id&quot;:1,&quot;permalink&quot;:&quot;https:\\\/\\\/opistobranquis.info\\\/en\\\/guia\\\/nudibranchia\\\/cladobranchia\\\/fionoidea\\\/amphorina-farrani\\\/&quot;,&quot;likes_blog_id&quot;:44192421}' itemscope itemtype=\"http:\/\/schema.org\/ImageGallery\" > <div class=\"gallery-row\" style=\"width: 900px; height: 635px;\" data-original-width=\"900\" data-original-height=\"635\" > <div class=\"gallery-group images-2\" style=\"width: 468px; height: 635px;\" data-original-width=\"468\" data-original-height=\"635\" > <div class=\"tiled-gallery-item tiled-gallery-item-large\" itemprop=\"associatedMedia\" itemscope itemtype=\"http:\/\/schema.org\/ImageObject\"> <a href=\"https:\/\/opistobranquis.info\/en\/guia\/nudibranchia\/cladobranchia\/fionoidea\/amphorina-farrani\/eubranchus-farrani-03\/\" border=\"0\" itemprop=\"url\"> <meta itemprop=\"width\" content=\"464\"> <meta itemprop=\"height\" content=\"314\"> <img decoding=\"async\" class=\"\" data-attachment-id=\"4465\" data-orig-file=\"https:\/\/opistobranquis.info\/wp-content\/uploads\/2012\/12\/eubranchus-farrani-03.jpg\" data-orig-size=\"814,550\" data-comments-opened=\"\" data-image-title=\"Amphorina farrani by Enric Madrenas\" data-image-description=\"&lt;p&gt;Amphorina farrani by Enric Madrenas&lt;\/p&gt; \" data-medium-file=\"https:\/\/i0.wp.com\/opistobranquis.info\/wp-content\/uploads\/2012\/12\/eubranchus-farrani-03.jpg?fit=300%2C202&#038;ssl=1\" data-large-file=\"https:\/\/i0.wp.com\/opistobranquis.info\/wp-content\/uploads\/2012\/12\/eubranchus-farrani-03.jpg?fit=814%2C550&#038;ssl=1\" src=\"https:\/\/i0.wp.com\/opistobranquis.info\/wp-content\/uploads\/2012\/12\/eubranchus-farrani-03.jpg?w=464&#038;h=314&#038;ssl=1\" srcset=\"https:\/\/i0.wp.com\/opistobranquis.info\/wp-content\/uploads\/2012\/12\/eubranchus-farrani-03.jpg?w=814&amp;ssl=1 814w, https:\/\/i0.wp.com\/opistobranquis.info\/wp-content\/uploads\/2012\/12\/eubranchus-farrani-03.jpg?resize=300%2C202&amp;ssl=1 300w\" width=\"464\" height=\"314\" loading=\"lazy\" data-original-width=\"464\" data-original-height=\"314\" itemprop=\"http:\/\/schema.org\/image\" title=\"Amphorina farrani by Enric Madrenas\" alt=\"Amphorina farrani by Enric Madrenas\" style=\"width: 464px; height: 314px;\" \/> <\/a> <div class=\"tiled-gallery-caption\" itemprop=\"caption description\"> Amphorina farrani by Enric Madrenas <\/div> <\/div> <div class=\"tiled-gallery-item tiled-gallery-item-large\" itemprop=\"associatedMedia\" itemscope itemtype=\"http:\/\/schema.org\/ImageObject\"> <a href=\"https:\/\/opistobranquis.info\/en\/guia\/nudibranchia\/cladobranchia\/fionoidea\/amphorina-farrani\/eubranchus-farrani-11\/\" border=\"0\" itemprop=\"url\"> <meta itemprop=\"width\" content=\"464\"> <meta itemprop=\"height\" content=\"313\"> <img decoding=\"async\" class=\"\" data-attachment-id=\"4468\" data-orig-file=\"https:\/\/opistobranquis.info\/wp-content\/uploads\/2012\/12\/eubranchus-farrani-11.jpg\" data-orig-size=\"814,549\" data-comments-opened=\"\" data-image-title=\"Amphorina farrani by Enric Madrenas\" data-image-description=\"&lt;p&gt;Amphorina farrani by Enric Madrenas&lt;\/p&gt; \" data-medium-file=\"https:\/\/i0.wp.com\/opistobranquis.info\/wp-content\/uploads\/2012\/12\/eubranchus-farrani-11.jpg?fit=300%2C202&#038;ssl=1\" data-large-file=\"https:\/\/i0.wp.com\/opistobranquis.info\/wp-content\/uploads\/2012\/12\/eubranchus-farrani-11.jpg?fit=814%2C549&#038;ssl=1\" src=\"https:\/\/i0.wp.com\/opistobranquis.info\/wp-content\/uploads\/2012\/12\/eubranchus-farrani-11.jpg?w=464&#038;h=313&#038;ssl=1\" srcset=\"https:\/\/i0.wp.com\/opistobranquis.info\/wp-content\/uploads\/2012\/12\/eubranchus-farrani-11.jpg?w=814&amp;ssl=1 814w, https:\/\/i0.wp.com\/opistobranquis.info\/wp-content\/uploads\/2012\/12\/eubranchus-farrani-11.jpg?resize=300%2C202&amp;ssl=1 300w\" width=\"464\" height=\"313\" loading=\"lazy\" data-original-width=\"464\" data-original-height=\"313\" itemprop=\"http:\/\/schema.org\/image\" title=\"Amphorina farrani by Enric Madrenas\" alt=\"Amphorina farrani by Enric Madrenas\" style=\"width: 464px; height: 313px;\" \/> <\/a> <div class=\"tiled-gallery-caption\" itemprop=\"caption description\"> Amphorina farrani by Enric Madrenas <\/div> <\/div> <\/div> <!-- close group --> <div class=\"gallery-group images-1\" style=\"width: 432px; height: 635px;\" data-original-width=\"432\" data-original-height=\"635\" > <div class=\"tiled-gallery-item tiled-gallery-item-large\" itemprop=\"associatedMedia\" itemscope itemtype=\"http:\/\/schema.org\/ImageObject\"> <a href=\"https:\/\/opistobranquis.info\/en\/guia\/nudibranchia\/cladobranchia\/fionoidea\/amphorina-farrani\/eubranchus-farrani-12\/\" border=\"0\" itemprop=\"url\"> <meta itemprop=\"width\" content=\"428\"> <meta itemprop=\"height\" content=\"631\"> <img decoding=\"async\" class=\"\" data-attachment-id=\"4469\" data-orig-file=\"https:\/\/opistobranquis.info\/wp-content\/uploads\/2012\/12\/eubranchus-farrani-12.jpg\" data-orig-size=\"416,614\" data-comments-opened=\"\" data-image-title=\"Amphorina farrani by Enric Madrenas\" data-image-description=\"&lt;p&gt;Amphorina farrani by Enric Madrenas&lt;\/p&gt; \" data-medium-file=\"https:\/\/i0.wp.com\/opistobranquis.info\/wp-content\/uploads\/2012\/12\/eubranchus-farrani-12.jpg?fit=203%2C300&#038;ssl=1\" data-large-file=\"https:\/\/i0.wp.com\/opistobranquis.info\/wp-content\/uploads\/2012\/12\/eubranchus-farrani-12.jpg?fit=416%2C614&#038;ssl=1\" src=\"https:\/\/i0.wp.com\/opistobranquis.info\/wp-content\/uploads\/2012\/12\/eubranchus-farrani-12.jpg?w=428&#038;h=631&#038;ssl=1\" srcset=\"https:\/\/i0.wp.com\/opistobranquis.info\/wp-content\/uploads\/2012\/12\/eubranchus-farrani-12.jpg?w=416&amp;ssl=1 416w, https:\/\/i0.wp.com\/opistobranquis.info\/wp-content\/uploads\/2012\/12\/eubranchus-farrani-12.jpg?resize=203%2C300&amp;ssl=1 203w\" width=\"428\" height=\"631\" loading=\"lazy\" data-original-width=\"428\" data-original-height=\"631\" itemprop=\"http:\/\/schema.org\/image\" title=\"Amphorina farrani by Enric Madrenas\" alt=\"Amphorina farrani by Enric Madrenas\" style=\"width: 428px; height: 631px;\" \/> <\/a> <div class=\"tiled-gallery-caption\" itemprop=\"caption description\"> Amphorina farrani by Enric Madrenas <\/div> <\/div> <\/div> <!-- close group --> <\/div> <!-- close row --> <div class=\"gallery-row\" style=\"width: 900px; height: 268px;\" data-original-width=\"900\" data-original-height=\"268\" > <div class=\"gallery-group images-1\" style=\"width: 183px; height: 268px;\" data-original-width=\"183\" data-original-height=\"268\" > <div class=\"tiled-gallery-item tiled-gallery-item-small\" itemprop=\"associatedMedia\" itemscope itemtype=\"http:\/\/schema.org\/ImageObject\"> <a href=\"https:\/\/opistobranquis.info\/en\/guia\/nudibranchia\/cladobranchia\/fionoidea\/amphorina-farrani\/eubranchus-farrani-14\/\" border=\"0\" itemprop=\"url\"> <meta itemprop=\"width\" content=\"179\"> <meta itemprop=\"height\" content=\"264\"> <img decoding=\"async\" class=\"\" data-attachment-id=\"4470\" data-orig-file=\"https:\/\/opistobranquis.info\/wp-content\/uploads\/2012\/12\/eubranchus-farrani-14.jpg\" data-orig-size=\"416,614\" data-comments-opened=\"\" data-image-title=\"Amphorina farrani by Enric Madrenas\" data-image-description=\"&lt;p&gt;Amphorina farrani by Enric Madrenas&lt;\/p&gt; \" data-medium-file=\"https:\/\/i0.wp.com\/opistobranquis.info\/wp-content\/uploads\/2012\/12\/eubranchus-farrani-14.jpg?fit=203%2C300&#038;ssl=1\" data-large-file=\"https:\/\/i0.wp.com\/opistobranquis.info\/wp-content\/uploads\/2012\/12\/eubranchus-farrani-14.jpg?fit=416%2C614&#038;ssl=1\" src=\"https:\/\/i0.wp.com\/opistobranquis.info\/wp-content\/uploads\/2012\/12\/eubranchus-farrani-14.jpg?w=179&#038;h=264&#038;ssl=1\" srcset=\"https:\/\/i0.wp.com\/opistobranquis.info\/wp-content\/uploads\/2012\/12\/eubranchus-farrani-14.jpg?w=416&amp;ssl=1 416w, https:\/\/i0.wp.com\/opistobranquis.info\/wp-content\/uploads\/2012\/12\/eubranchus-farrani-14.jpg?resize=203%2C300&amp;ssl=1 203w\" width=\"179\" height=\"264\" loading=\"lazy\" data-original-width=\"179\" data-original-height=\"264\" itemprop=\"http:\/\/schema.org\/image\" title=\"Amphorina farrani by Enric Madrenas\" alt=\"Amphorina farrani by Enric Madrenas\" style=\"width: 179px; height: 264px;\" \/> <\/a> <div class=\"tiled-gallery-caption\" itemprop=\"caption description\"> Amphorina farrani by Enric Madrenas <\/div> <\/div> <\/div> <!-- close group --> <div class=\"gallery-group images-1\" style=\"width: 353px; height: 268px;\" data-original-width=\"353\" data-original-height=\"268\" > <div class=\"tiled-gallery-item tiled-gallery-item-large\" itemprop=\"associatedMedia\" itemscope itemtype=\"http:\/\/schema.org\/ImageObject\"> <a href=\"https:\/\/opistobranquis.info\/en\/guia\/nudibranchia\/cladobranchia\/fionoidea\/amphorina-farrani\/eubranchus-farrani-36\/\" border=\"0\" itemprop=\"url\"> <meta itemprop=\"width\" content=\"349\"> <meta itemprop=\"height\" content=\"264\"> <img decoding=\"async\" class=\"\" data-attachment-id=\"4471\" data-orig-file=\"https:\/\/opistobranquis.info\/wp-content\/uploads\/2012\/12\/eubranchus-farrani-36.jpg\" data-orig-size=\"812,614\" data-comments-opened=\"\" data-image-title=\"Amphorina farrani by Enric Madrenas\" data-image-description=\"&lt;p&gt;Amphorina farrani by Enric Madrenas&lt;\/p&gt; \" data-medium-file=\"https:\/\/i0.wp.com\/opistobranquis.info\/wp-content\/uploads\/2012\/12\/eubranchus-farrani-36.jpg?fit=300%2C226&#038;ssl=1\" data-large-file=\"https:\/\/i0.wp.com\/opistobranquis.info\/wp-content\/uploads\/2012\/12\/eubranchus-farrani-36.jpg?fit=812%2C614&#038;ssl=1\" src=\"https:\/\/i0.wp.com\/opistobranquis.info\/wp-content\/uploads\/2012\/12\/eubranchus-farrani-36.jpg?w=349&#038;h=264&#038;ssl=1\" srcset=\"https:\/\/i0.wp.com\/opistobranquis.info\/wp-content\/uploads\/2012\/12\/eubranchus-farrani-36.jpg?w=812&amp;ssl=1 812w, https:\/\/i0.wp.com\/opistobranquis.info\/wp-content\/uploads\/2012\/12\/eubranchus-farrani-36.jpg?resize=300%2C226&amp;ssl=1 300w\" width=\"349\" height=\"264\" loading=\"lazy\" data-original-width=\"349\" data-original-height=\"264\" itemprop=\"http:\/\/schema.org\/image\" title=\"Amphorina farrani by Enric Madrenas\" alt=\"Amphorina farrani by Enric Madrenas\" style=\"width: 349px; height: 264px;\" \/> <\/a> <div class=\"tiled-gallery-caption\" itemprop=\"caption description\"> Amphorina farrani with white lined tail by Enric Madrenas <\/div> <\/div> <\/div> <!-- close group --> <div class=\"gallery-group images-1\" style=\"width: 182px; height: 268px;\" data-original-width=\"182\" data-original-height=\"268\" > <div class=\"tiled-gallery-item tiled-gallery-item-small\" itemprop=\"associatedMedia\" itemscope itemtype=\"http:\/\/schema.org\/ImageObject\"> <a href=\"https:\/\/opistobranquis.info\/en\/guia\/nudibranchia\/cladobranchia\/fionoidea\/amphorina-farrani\/eubranchus-farrani-38\/\" border=\"0\" itemprop=\"url\"> <meta itemprop=\"width\" content=\"178\"> <meta itemprop=\"height\" content=\"264\"> <img decoding=\"async\" class=\"\" data-attachment-id=\"4472\" data-orig-file=\"https:\/\/opistobranquis.info\/wp-content\/uploads\/2012\/12\/eubranchus-farrani-38.jpg\" data-orig-size=\"415,614\" data-comments-opened=\"\" data-image-title=\"Amphorina farrani by Enric Madrenas\" data-image-description=\"&lt;p&gt;Amphorina farrani by Enric Madrenas&lt;\/p&gt; \" data-medium-file=\"https:\/\/i0.wp.com\/opistobranquis.info\/wp-content\/uploads\/2012\/12\/eubranchus-farrani-38.jpg?fit=202%2C300&#038;ssl=1\" data-large-file=\"https:\/\/i0.wp.com\/opistobranquis.info\/wp-content\/uploads\/2012\/12\/eubranchus-farrani-38.jpg?fit=415%2C614&#038;ssl=1\" src=\"https:\/\/i0.wp.com\/opistobranquis.info\/wp-content\/uploads\/2012\/12\/eubranchus-farrani-38.jpg?w=178&#038;h=264&#038;ssl=1\" srcset=\"https:\/\/i0.wp.com\/opistobranquis.info\/wp-content\/uploads\/2012\/12\/eubranchus-farrani-38.jpg?w=415&amp;ssl=1 415w, https:\/\/i0.wp.com\/opistobranquis.info\/wp-content\/uploads\/2012\/12\/eubranchus-farrani-38.jpg?resize=202%2C300&amp;ssl=1 202w\" width=\"178\" height=\"264\" loading=\"lazy\" data-original-width=\"178\" data-original-height=\"264\" itemprop=\"http:\/\/schema.org\/image\" title=\"Amphorina farrani by Enric Madrenas\" alt=\"Amphorina farrani by Enric Madrenas\" style=\"width: 178px; height: 264px;\" \/> <\/a> <div class=\"tiled-gallery-caption\" itemprop=\"caption description\"> Amphorina farrani by Enric Madrenas <\/div> <\/div> <\/div> <!-- close group --> <div class=\"gallery-group images-1\" style=\"width: 182px; height: 268px;\" data-original-width=\"182\" data-original-height=\"268\" > <div class=\"tiled-gallery-item tiled-gallery-item-small\" itemprop=\"associatedMedia\" itemscope itemtype=\"http:\/\/schema.org\/ImageObject\"> <a href=\"https:\/\/opistobranquis.info\/en\/guia\/nudibranchia\/cladobranchia\/fionoidea\/amphorina-farrani\/eubranchus-farrani-41\/\" border=\"0\" itemprop=\"url\"> <meta itemprop=\"width\" content=\"178\"> <meta itemprop=\"height\" content=\"264\"> <img decoding=\"async\" class=\"\" data-attachment-id=\"4473\" data-orig-file=\"https:\/\/opistobranquis.info\/wp-content\/uploads\/2012\/12\/eubranchus-farrani-41.jpg\" data-orig-size=\"415,614\" data-comments-opened=\"\" data-image-title=\"Amphorina farrani by Enric Madrenas\" data-image-description=\"&lt;p&gt;Amphorina farrani by Enric Madrenas&lt;\/p&gt; \" data-medium-file=\"https:\/\/i0.wp.com\/opistobranquis.info\/wp-content\/uploads\/2012\/12\/eubranchus-farrani-41.jpg?fit=202%2C300&#038;ssl=1\" data-large-file=\"https:\/\/i0.wp.com\/opistobranquis.info\/wp-content\/uploads\/2012\/12\/eubranchus-farrani-41.jpg?fit=415%2C614&#038;ssl=1\" src=\"https:\/\/i0.wp.com\/opistobranquis.info\/wp-content\/uploads\/2012\/12\/eubranchus-farrani-41.jpg?w=178&#038;h=264&#038;ssl=1\" srcset=\"https:\/\/i0.wp.com\/opistobranquis.info\/wp-content\/uploads\/2012\/12\/eubranchus-farrani-41.jpg?w=415&amp;ssl=1 415w, https:\/\/i0.wp.com\/opistobranquis.info\/wp-content\/uploads\/2012\/12\/eubranchus-farrani-41.jpg?resize=202%2C300&amp;ssl=1 202w\" width=\"178\" height=\"264\" loading=\"lazy\" data-original-width=\"178\" data-original-height=\"264\" itemprop=\"http:\/\/schema.org\/image\" title=\"Amphorina farrani by Enric Madrenas\" alt=\"Amphorina farrani by Enric Madrenas\" style=\"width: 178px; height: 264px;\" \/> <\/a> <div class=\"tiled-gallery-caption\" itemprop=\"caption description\"> Amphorina farrani by Enric Madrenas <\/div> <\/div> <\/div> <!-- close group --> <\/div> <!-- close row --> <div class=\"gallery-row\" style=\"width: 900px; height: 402px;\" data-original-width=\"900\" data-original-height=\"402\" > <div class=\"gallery-group images-1\" style=\"width: 601px; height: 402px;\" data-original-width=\"601\" data-original-height=\"402\" > <div class=\"tiled-gallery-item tiled-gallery-item-large\" itemprop=\"associatedMedia\" itemscope itemtype=\"http:\/\/schema.org\/ImageObject\"> <a href=\"https:\/\/opistobranquis.info\/en\/guia\/nudibranchia\/cladobranchia\/fionoidea\/amphorina-farrani\/eubranchus-farrani-galicia-by-carlos-fernandez-cid\/\" border=\"0\" itemprop=\"url\"> <meta itemprop=\"width\" content=\"597\"> <meta itemprop=\"height\" content=\"398\"> <img decoding=\"async\" class=\"\" data-attachment-id=\"18611\" data-orig-file=\"https:\/\/opistobranquis.info\/wp-content\/uploads\/2012\/05\/Eubranchus-farrani-Galicia-by-Carlos-Fern\u00e1ndez-Cid.jpg\" data-orig-size=\"1861,1240\" data-comments-opened=\"\" data-image-title=\"Amphorina farrani @ Galicia by Carlos Fern\u00e1ndez-Cid\" data-image-description=\"&lt;p&gt;Amphorina farrani @ Galicia by Carlos Fern\u00e1ndez-Cid&lt;\/p&gt; \" data-medium-file=\"https:\/\/i0.wp.com\/opistobranquis.info\/wp-content\/uploads\/2012\/05\/Eubranchus-farrani-Galicia-by-Carlos-Fern%C3%A1ndez-Cid.jpg?fit=300%2C200&#038;ssl=1\" data-large-file=\"https:\/\/i0.wp.com\/opistobranquis.info\/wp-content\/uploads\/2012\/05\/Eubranchus-farrani-Galicia-by-Carlos-Fern%C3%A1ndez-Cid.jpg?fit=900%2C599&#038;ssl=1\" src=\"https:\/\/i0.wp.com\/opistobranquis.info\/wp-content\/uploads\/2012\/05\/Eubranchus-farrani-Galicia-by-Carlos-Fern%C3%A1ndez-Cid.jpg?w=597&#038;h=398&#038;ssl=1\" width=\"597\" height=\"398\" loading=\"lazy\" data-original-width=\"597\" data-original-height=\"398\" itemprop=\"http:\/\/schema.org\/image\" title=\"Amphorina farrani @ Galicia by Carlos Fern\u00e1ndez-Cid\" alt=\"Amphorina farrani @ Galicia by Carlos Fern\u00e1ndez-Cid\" style=\"width: 597px; height: 398px;\" \/> <\/a> <div class=\"tiled-gallery-caption\" itemprop=\"caption description\"> Amphorina farrani with white lined tail @ Galicia by Carlos Fern\u00e1ndez-Cid <\/div> <\/div> <\/div> <!-- close group --> <div class=\"gallery-group images-2\" style=\"width: 299px; height: 402px;\" data-original-width=\"299\" data-original-height=\"402\" > <div class=\"tiled-gallery-item tiled-gallery-item-large\" itemprop=\"associatedMedia\" itemscope itemtype=\"http:\/\/schema.org\/ImageObject\"> <a href=\"https:\/\/opistobranquis.info\/en\/guia\/nudibranchia\/cladobranchia\/fionoidea\/amphorina-farrani\/eubranchus-farrani-ammouliani-island-halkidiki-greece-22-12-2015-by-yiannis-iliopoulos\/\" border=\"0\" itemprop=\"url\"> <meta itemprop=\"width\" content=\"295\"> <meta itemprop=\"height\" content=\"197\"> <img decoding=\"async\" class=\"\" data-attachment-id=\"21832\" data-orig-file=\"https:\/\/opistobranquis.info\/wp-content\/uploads\/2016\/05\/Eubranchus-farrani-@-Ammouliani-island-Halkidiki-Greece-22-12-2015-by-Yiannis-Iliopoulos.jpg\" data-orig-size=\"2048,1369\" data-comments-opened=\"\" data-image-title=\"Amphorina farrani @ Ammouliani island, Halkidiki, Greece 22-12-2015 by Yiannis Iliopoulos\" data-image-description=\"&lt;p&gt;Amphorina farrani @ Ammouliani island, Halkidiki, Greece 22-12-2015 by Yiannis Iliopoulos&lt;\/p&gt; \" data-medium-file=\"https:\/\/i0.wp.com\/opistobranquis.info\/wp-content\/uploads\/2016\/05\/Eubranchus-farrani-%40-Ammouliani-island-Halkidiki-Greece-22-12-2015-by-Yiannis-Iliopoulos.jpg?fit=300%2C201&#038;ssl=1\" data-large-file=\"https:\/\/i0.wp.com\/opistobranquis.info\/wp-content\/uploads\/2016\/05\/Eubranchus-farrani-%40-Ammouliani-island-Halkidiki-Greece-22-12-2015-by-Yiannis-Iliopoulos.jpg?fit=900%2C602&#038;ssl=1\" src=\"https:\/\/i0.wp.com\/opistobranquis.info\/wp-content\/uploads\/2016\/05\/Eubranchus-farrani-%40-Ammouliani-island-Halkidiki-Greece-22-12-2015-by-Yiannis-Iliopoulos.jpg?w=295&#038;h=197&#038;ssl=1\" width=\"295\" height=\"197\" loading=\"lazy\" data-original-width=\"295\" data-original-height=\"197\" itemprop=\"http:\/\/schema.org\/image\" title=\"Amphorina farrani @ Ammouliani island, Halkidiki, Greece 22-12-2015 by Yiannis Iliopoulos\" alt=\"Amphorina farrani @ Ammouliani island, Halkidiki, Greece 22-12-2015 by Yiannis Iliopoulos\" style=\"width: 295px; height: 197px;\" \/> <\/a> <div class=\"tiled-gallery-caption\" itemprop=\"caption description\"> Amphorina farrani @ Ammouliani island, Halkidiki, Greece 22-12-2015 by Yiannis Iliopoulos <\/div> <\/div> <div class=\"tiled-gallery-item tiled-gallery-item-large\" itemprop=\"associatedMedia\" itemscope itemtype=\"http:\/\/schema.org\/ImageObject\"> <a href=\"https:\/\/opistobranquis.info\/en\/guia\/nudibranchia\/cladobranchia\/fionoidea\/amphorina-farrani\/amphorina-farrani-64\/\" border=\"0\" itemprop=\"url\"> <meta itemprop=\"width\" content=\"295\"> <meta itemprop=\"height\" content=\"197\"> <img decoding=\"async\" class=\"\" data-attachment-id=\"29888\" data-orig-file=\"https:\/\/opistobranquis.info\/wp-content\/uploads\/2020\/04\/Amphorina-farrani-64.jpg\" data-orig-size=\"808,541\" data-comments-opened=\"\" data-image-title=\"Amphorina farrani by Enric Madrenas\" data-image-description=\"&lt;p&gt;Amphorina farrani by Enric Madrenas&lt;\/p&gt; \" data-medium-file=\"https:\/\/i0.wp.com\/opistobranquis.info\/wp-content\/uploads\/2020\/04\/Amphorina-farrani-64.jpg?fit=300%2C201&#038;ssl=1\" data-large-file=\"https:\/\/i0.wp.com\/opistobranquis.info\/wp-content\/uploads\/2020\/04\/Amphorina-farrani-64.jpg?fit=808%2C541&#038;ssl=1\" src=\"https:\/\/i0.wp.com\/opistobranquis.info\/wp-content\/uploads\/2020\/04\/Amphorina-farrani-64.jpg?w=295&#038;h=197&#038;ssl=1\" srcset=\"https:\/\/i0.wp.com\/opistobranquis.info\/wp-content\/uploads\/2020\/04\/Amphorina-farrani-64.jpg?w=808&amp;ssl=1 808w, https:\/\/i0.wp.com\/opistobranquis.info\/wp-content\/uploads\/2020\/04\/Amphorina-farrani-64.jpg?resize=300%2C201&amp;ssl=1 300w, https:\/\/i0.wp.com\/opistobranquis.info\/wp-content\/uploads\/2020\/04\/Amphorina-farrani-64.jpg?resize=150%2C100&amp;ssl=1 150w\" width=\"295\" height=\"197\" loading=\"lazy\" data-original-width=\"295\" data-original-height=\"197\" itemprop=\"http:\/\/schema.org\/image\" title=\"Amphorina farrani by Enric Madrenas\" alt=\"Amphorina farrani by Enric Madrenas\" style=\"width: 295px; height: 197px;\" \/> <\/a> <div class=\"tiled-gallery-caption\" itemprop=\"caption description\"> Amphorina farrani <\/div> <\/div> <\/div> <!-- close group --> <\/div> <!-- close row --> <div class=\"gallery-row\" style=\"width: 900px; height: 360px;\" data-original-width=\"900\" data-original-height=\"360\" > <div class=\"gallery-group images-1\" style=\"width: 540px; height: 360px;\" data-original-width=\"540\" data-original-height=\"360\" > <div class=\"tiled-gallery-item tiled-gallery-item-large\" itemprop=\"associatedMedia\" itemscope itemtype=\"http:\/\/schema.org\/ImageObject\"> <a href=\"https:\/\/opistobranquis.info\/en\/guia\/nudibranchia\/cladobranchia\/fionoidea\/amphorina-farrani\/amphorina-farrani-by-miquel-pontes\/\" border=\"0\" itemprop=\"url\"> <meta itemprop=\"width\" content=\"536\"> <meta itemprop=\"height\" content=\"356\"> <img decoding=\"async\" class=\"\" data-attachment-id=\"29900\" data-orig-file=\"https:\/\/opistobranquis.info\/wp-content\/uploads\/2020\/04\/Amphorina-farrani-by-Miquel-Pontes.jpg\" data-orig-size=\"1277,850\" data-comments-opened=\"\" data-image-title=\"Amphorina farrani by Miquel Pontes\" data-image-description=\"&lt;p&gt;Amphorina farrani by Miquel Pontes&lt;\/p&gt; \" data-medium-file=\"https:\/\/i0.wp.com\/opistobranquis.info\/wp-content\/uploads\/2020\/04\/Amphorina-farrani-by-Miquel-Pontes.jpg?fit=300%2C200&#038;ssl=1\" data-large-file=\"https:\/\/i0.wp.com\/opistobranquis.info\/wp-content\/uploads\/2020\/04\/Amphorina-farrani-by-Miquel-Pontes.jpg?fit=900%2C599&#038;ssl=1\" src=\"https:\/\/i0.wp.com\/opistobranquis.info\/wp-content\/uploads\/2020\/04\/Amphorina-farrani-by-Miquel-Pontes.jpg?w=536&#038;h=356&#038;ssl=1\" srcset=\"https:\/\/i0.wp.com\/opistobranquis.info\/wp-content\/uploads\/2020\/04\/Amphorina-farrani-by-Miquel-Pontes.jpg?w=1277&amp;ssl=1 1277w, https:\/\/i0.wp.com\/opistobranquis.info\/wp-content\/uploads\/2020\/04\/Amphorina-farrani-by-Miquel-Pontes.jpg?resize=300%2C200&amp;ssl=1 300w, https:\/\/i0.wp.com\/opistobranquis.info\/wp-content\/uploads\/2020\/04\/Amphorina-farrani-by-Miquel-Pontes.jpg?resize=1024%2C682&amp;ssl=1 1024w, https:\/\/i0.wp.com\/opistobranquis.info\/wp-content\/uploads\/2020\/04\/Amphorina-farrani-by-Miquel-Pontes.jpg?resize=150%2C100&amp;ssl=1 150w\" width=\"536\" height=\"356\" loading=\"lazy\" data-original-width=\"536\" data-original-height=\"356\" itemprop=\"http:\/\/schema.org\/image\" title=\"Amphorina farrani by Miquel Pontes\" alt=\"Amphorina farrani by Miquel Pontes\" style=\"width: 536px; height: 356px;\" \/> <\/a> <div class=\"tiled-gallery-caption\" itemprop=\"caption description\"> Amphorina farrani <\/div> <\/div> <\/div> <!-- close group --> <div class=\"gallery-group images-1\" style=\"width: 360px; height: 360px;\" data-original-width=\"360\" data-original-height=\"360\" > <div class=\"tiled-gallery-item tiled-gallery-item-large\" itemprop=\"associatedMedia\" itemscope itemtype=\"http:\/\/schema.org\/ImageObject\"> <a href=\"https:\/\/opistobranquis.info\/en\/guia\/nudibranchia\/cladobranchia\/fionoidea\/amphorina-farrani\/amphorina-farrani-eivissa-by-joan-pereyra\/\" border=\"0\" itemprop=\"url\"> <meta itemprop=\"width\" content=\"356\"> <meta itemprop=\"height\" content=\"356\"> <img decoding=\"async\" class=\"\" data-attachment-id=\"31579\" data-orig-file=\"https:\/\/opistobranquis.info\/wp-content\/uploads\/2021\/02\/Amphorina-farrani-@-Eivissa-by-Joan-Pereyra.jpg\" data-orig-size=\"875,875\" data-comments-opened=\"\" data-image-title=\"Amphorina farrani @ Eivissa by Joan Pereyra\" data-image-description=\"&lt;p&gt;Amphorina farrani @ Eivissa by Joan Pereyra&lt;\/p&gt; \" data-medium-file=\"https:\/\/i0.wp.com\/opistobranquis.info\/wp-content\/uploads\/2021\/02\/Amphorina-farrani-%40-Eivissa-by-Joan-Pereyra.jpg?fit=300%2C300&#038;ssl=1\" data-large-file=\"https:\/\/i0.wp.com\/opistobranquis.info\/wp-content\/uploads\/2021\/02\/Amphorina-farrani-%40-Eivissa-by-Joan-Pereyra.jpg?fit=875%2C875&#038;ssl=1\" src=\"https:\/\/i0.wp.com\/opistobranquis.info\/wp-content\/uploads\/2021\/02\/Amphorina-farrani-%40-Eivissa-by-Joan-Pereyra.jpg?w=356&#038;h=356&#038;crop=1&#038;ssl=1\" width=\"356\" height=\"356\" loading=\"lazy\" data-original-width=\"356\" data-original-height=\"356\" itemprop=\"http:\/\/schema.org\/image\" title=\"Amphorina farrani @ Eivissa by Joan Pereyra\" alt=\"Amphorina farrani @ Eivissa by Joan Pereyra\" style=\"width: 356px; height: 356px;\" \/> <\/a> <div class=\"tiled-gallery-caption\" itemprop=\"caption description\"> Amphorina farrani @ Eivissa by Joan Pereyra <\/div> <\/div> <\/div> <!-- close group --> <\/div> <!-- close row --> <div class=\"gallery-row\" style=\"width: 900px; height: 678px;\" data-original-width=\"900\" data-original-height=\"678\" > <div class=\"gallery-group images-1\" style=\"width: 600px; height: 678px;\" data-original-width=\"600\" data-original-height=\"678\" > <div class=\"tiled-gallery-item tiled-gallery-item-large\" itemprop=\"associatedMedia\" itemscope itemtype=\"http:\/\/schema.org\/ImageObject\"> <a href=\"https:\/\/opistobranquis.info\/en\/guia\/nudibranchia\/cladobranchia\/fionoidea\/amphorina-farrani\/amphorina-farrani-lescala-spain-by-eli-franco-valero\/\" border=\"0\" itemprop=\"url\"> <meta itemprop=\"width\" content=\"596\"> <meta itemprop=\"height\" content=\"674\"> <img decoding=\"async\" class=\"\" data-attachment-id=\"32461\" data-orig-file=\"https:\/\/opistobranquis.info\/wp-content\/uploads\/2021\/06\/Amphorina-farrani-@-LEscala-Spain-by-Eli-Franco-Valero.jpg\" data-orig-size=\"1080,1222\" data-comments-opened=\"\" data-image-title=\"Amphorina farrani @ L&amp;#8217;Escala, Spain by Eli Franco Valero\" data-image-description=\"&lt;p&gt;Amphorina farrani @ L\u2019Escala, Spain by Eli Franco Valero&lt;\/p&gt; \" data-medium-file=\"https:\/\/i0.wp.com\/opistobranquis.info\/wp-content\/uploads\/2021\/06\/Amphorina-farrani-%40-LEscala-Spain-by-Eli-Franco-Valero.jpg?fit=265%2C300&#038;ssl=1\" data-large-file=\"https:\/\/i0.wp.com\/opistobranquis.info\/wp-content\/uploads\/2021\/06\/Amphorina-farrani-%40-LEscala-Spain-by-Eli-Franco-Valero.jpg?fit=900%2C1018&#038;ssl=1\" src=\"https:\/\/i0.wp.com\/opistobranquis.info\/wp-content\/uploads\/2021\/06\/Amphorina-farrani-%40-LEscala-Spain-by-Eli-Franco-Valero.jpg?w=596&#038;h=674&#038;ssl=1\" width=\"596\" height=\"674\" loading=\"lazy\" data-original-width=\"596\" data-original-height=\"674\" itemprop=\"http:\/\/schema.org\/image\" title=\"Amphorina farrani @ L&#039;Escala, Spain by Eli Franco Valero\" alt=\"Amphorina farrani @ L\u2019Escala, Spain by Eli Franco Valero\" style=\"width: 596px; height: 674px;\" \/> <\/a> <div class=\"tiled-gallery-caption\" itemprop=\"caption description\"> Amphorina farrani @ L\u2019Escala, Spain by Eli Franco Valero <\/div> <\/div> <\/div> <!-- close group --> <div class=\"gallery-group images-3\" style=\"width: 300px; height: 678px;\" data-original-width=\"300\" data-original-height=\"678\" > <div class=\"tiled-gallery-item tiled-gallery-item-large\" itemprop=\"associatedMedia\" itemscope itemtype=\"http:\/\/schema.org\/ImageObject\"> <a href=\"https:\/\/opistobranquis.info\/en\/guia\/nudibranchia\/cladobranchia\/fionoidea\/amphorina-farrani\/amphorina-farrani-4-catania-italy-16-05-2022-by-salvo-gambacurta\/\" border=\"0\" itemprop=\"url\"> <meta itemprop=\"width\" content=\"296\"> <meta itemprop=\"height\" content=\"222\"> <img decoding=\"async\" class=\"\" data-attachment-id=\"34298\" data-orig-file=\"https:\/\/opistobranquis.info\/wp-content\/uploads\/2022\/06\/Amphorina-farrani-4-@-Catania-Italy-16.05.2022-by-Salvo-Gambacurta.jpg\" data-orig-size=\"2048,1536\" data-comments-opened=\"\" data-image-title=\"Amphorina farrani @ Catania, Italy 16.05.2022 by Salvo Gambacurta\" data-image-description=\"&lt;p&gt;Amphorina farrani @ Catania, Italy 16.05.2022 by Salvo Gambacurta&lt;\/p&gt; \" data-medium-file=\"https:\/\/i0.wp.com\/opistobranquis.info\/wp-content\/uploads\/2022\/06\/Amphorina-farrani-4-%40-Catania-Italy-16.05.2022-by-Salvo-Gambacurta.jpg?fit=300%2C225&#038;ssl=1\" data-large-file=\"https:\/\/i0.wp.com\/opistobranquis.info\/wp-content\/uploads\/2022\/06\/Amphorina-farrani-4-%40-Catania-Italy-16.05.2022-by-Salvo-Gambacurta.jpg?fit=900%2C675&#038;ssl=1\" src=\"https:\/\/i0.wp.com\/opistobranquis.info\/wp-content\/uploads\/2022\/06\/Amphorina-farrani-4-%40-Catania-Italy-16.05.2022-by-Salvo-Gambacurta.jpg?w=296&#038;h=222&#038;ssl=1\" width=\"296\" height=\"222\" loading=\"lazy\" data-original-width=\"296\" data-original-height=\"222\" itemprop=\"http:\/\/schema.org\/image\" title=\"Amphorina farrani @ Catania, Italy 16.05.2022 by Salvo Gambacurta\" alt=\"Amphorina farrani @ Catania, Italy 16.05.2022 by Salvo Gambacurta\" style=\"width: 296px; height: 222px;\" \/> <\/a> <div class=\"tiled-gallery-caption\" itemprop=\"caption description\"> Amphorina farrani @ Catania, Italy 16.05.2022 by Salvo Gambacurta <\/div> <\/div> <div class=\"tiled-gallery-item tiled-gallery-item-large\" itemprop=\"associatedMedia\" itemscope itemtype=\"http:\/\/schema.org\/ImageObject\"> <a href=\"https:\/\/opistobranquis.info\/en\/guia\/nudibranchia\/cladobranchia\/fionoidea\/amphorina-farrani\/amphorina-farrani-5-catania-italy-16-05-2022-by-salvo-gambacurta\/\" border=\"0\" itemprop=\"url\"> <meta itemprop=\"width\" content=\"296\"> <meta itemprop=\"height\" content=\"222\"> <img decoding=\"async\" class=\"\" data-attachment-id=\"34299\" data-orig-file=\"https:\/\/opistobranquis.info\/wp-content\/uploads\/2022\/06\/Amphorina-farrani-5-@-Catania-Italy-16.05.2022-by-Salvo-Gambacurta.jpg\" data-orig-size=\"2048,1536\" data-comments-opened=\"\" data-image-title=\"Amphorina farrani @ Catania, Italy 16.05.2022 by Salvo Gambacurta\" data-image-description=\"&lt;p&gt;Amphorina farrani @ Catania, Italy 16.05.2022 by Salvo Gambacurta&lt;\/p&gt; \" data-medium-file=\"https:\/\/i0.wp.com\/opistobranquis.info\/wp-content\/uploads\/2022\/06\/Amphorina-farrani-5-%40-Catania-Italy-16.05.2022-by-Salvo-Gambacurta.jpg?fit=300%2C225&#038;ssl=1\" data-large-file=\"https:\/\/i0.wp.com\/opistobranquis.info\/wp-content\/uploads\/2022\/06\/Amphorina-farrani-5-%40-Catania-Italy-16.05.2022-by-Salvo-Gambacurta.jpg?fit=900%2C675&#038;ssl=1\" src=\"https:\/\/i0.wp.com\/opistobranquis.info\/wp-content\/uploads\/2022\/06\/Amphorina-farrani-5-%40-Catania-Italy-16.05.2022-by-Salvo-Gambacurta.jpg?w=296&#038;h=222&#038;ssl=1\" width=\"296\" height=\"222\" loading=\"lazy\" data-original-width=\"296\" data-original-height=\"222\" itemprop=\"http:\/\/schema.org\/image\" title=\"Amphorina farrani @ Catania, Italy 16.05.2022 by Salvo Gambacurta\" alt=\"Amphorina farrani @ Catania, Italy 16.05.2022 by Salvo Gambacurta\" style=\"width: 296px; height: 222px;\" \/> <\/a> <div class=\"tiled-gallery-caption\" itemprop=\"caption description\"> Amphorina farrani @ Catania, Italy 16.05.2022 by Salvo Gambacurta <\/div> <\/div> <div class=\"tiled-gallery-item tiled-gallery-item-large\" itemprop=\"associatedMedia\" itemscope itemtype=\"http:\/\/schema.org\/ImageObject\"> <a href=\"https:\/\/opistobranquis.info\/en\/guia\/nudibranchia\/cladobranchia\/fionoidea\/amphorina-farrani\/amphorina-farrani-catania-italy-16-05-2022-by-salvo-gambacurta\/\" border=\"0\" itemprop=\"url\"> <meta itemprop=\"width\" content=\"296\"> <meta itemprop=\"height\" content=\"222\"> <img decoding=\"async\" class=\"\" data-attachment-id=\"34300\" data-orig-file=\"https:\/\/opistobranquis.info\/wp-content\/uploads\/2022\/06\/Amphorina-farrani-@-Catania-Italy-16.05.2022-by-Salvo-Gambacurta.jpg\" data-orig-size=\"2048,1536\" data-comments-opened=\"\" data-image-title=\"Amphorina farrani @ Catania, Italy 16.05.2022 by Salvo Gambacurta\" data-image-description=\"&lt;p&gt;Amphorina farrani @ Catania, Italy 16.05.2022 by Salvo Gambacurta&lt;\/p&gt; \" data-medium-file=\"https:\/\/i0.wp.com\/opistobranquis.info\/wp-content\/uploads\/2022\/06\/Amphorina-farrani-%40-Catania-Italy-16.05.2022-by-Salvo-Gambacurta.jpg?fit=300%2C225&#038;ssl=1\" data-large-file=\"https:\/\/i0.wp.com\/opistobranquis.info\/wp-content\/uploads\/2022\/06\/Amphorina-farrani-%40-Catania-Italy-16.05.2022-by-Salvo-Gambacurta.jpg?fit=900%2C675&#038;ssl=1\" src=\"https:\/\/i0.wp.com\/opistobranquis.info\/wp-content\/uploads\/2022\/06\/Amphorina-farrani-%40-Catania-Italy-16.05.2022-by-Salvo-Gambacurta.jpg?w=296&#038;h=222&#038;ssl=1\" width=\"296\" height=\"222\" loading=\"lazy\" data-original-width=\"296\" data-original-height=\"222\" itemprop=\"http:\/\/schema.org\/image\" title=\"Amphorina farrani @ Catania, Italy 16.05.2022 by Salvo Gambacurta\" alt=\"Amphorina farrani @ Catania, Italy 16.05.2022 by Salvo Gambacurta\" style=\"width: 296px; height: 222px;\" \/> <\/a> <div class=\"tiled-gallery-caption\" itemprop=\"caption description\"> Amphorina farrani @ Catania, Italy 16.05.2022 by Salvo Gambacurta <\/div> <\/div> <\/div> <!-- close group --> <\/div> <!-- close row --> <div class=\"gallery-row\" style=\"width: 900px; height: 417px;\" data-original-width=\"900\" data-original-height=\"417\" > <div class=\"gallery-group images-2\" style=\"width: 277px; height: 417px;\" data-original-width=\"277\" data-original-height=\"417\" > <div class=\"tiled-gallery-item tiled-gallery-item-large\" itemprop=\"associatedMedia\" itemscope itemtype=\"http:\/\/schema.org\/ImageObject\"> <a href=\"https:\/\/opistobranquis.info\/en\/guia\/nudibranchia\/cladobranchia\/fionoidea\/amphorina-farrani\/amphorina-farrani-2-catania-italy-16-05-2022-by-salvo-gambacurta\/\" border=\"0\" itemprop=\"url\"> <meta itemprop=\"width\" content=\"273\"> <meta itemprop=\"height\" content=\"205\"> <img decoding=\"async\" class=\"\" data-attachment-id=\"34301\" data-orig-file=\"https:\/\/opistobranquis.info\/wp-content\/uploads\/2022\/06\/Amphorina-farrani-2-@-Catania-Italy-16.05.2022-by-Salvo-Gambacurta.jpg\" data-orig-size=\"2048,1536\" data-comments-opened=\"\" data-image-title=\"Amphorina farrani @ Catania, Italy 16.05.2022 by Salvo Gambacurta\" data-image-description=\"&lt;p&gt;Amphorina farrani @ Catania, Italy 16.05.2022 by Salvo Gambacurta&lt;\/p&gt; \" data-medium-file=\"https:\/\/i0.wp.com\/opistobranquis.info\/wp-content\/uploads\/2022\/06\/Amphorina-farrani-2-%40-Catania-Italy-16.05.2022-by-Salvo-Gambacurta.jpg?fit=300%2C225&#038;ssl=1\" data-large-file=\"https:\/\/i0.wp.com\/opistobranquis.info\/wp-content\/uploads\/2022\/06\/Amphorina-farrani-2-%40-Catania-Italy-16.05.2022-by-Salvo-Gambacurta.jpg?fit=900%2C675&#038;ssl=1\" src=\"https:\/\/i0.wp.com\/opistobranquis.info\/wp-content\/uploads\/2022\/06\/Amphorina-farrani-2-%40-Catania-Italy-16.05.2022-by-Salvo-Gambacurta.jpg?w=273&#038;h=205&#038;ssl=1\" width=\"273\" height=\"205\" loading=\"lazy\" data-original-width=\"273\" data-original-height=\"205\" itemprop=\"http:\/\/schema.org\/image\" title=\"Amphorina farrani @ Catania, Italy 16.05.2022 by Salvo Gambacurta\" alt=\"Amphorina farrani @ Catania, Italy 16.05.2022 by Salvo Gambacurta\" style=\"width: 273px; height: 205px;\" \/> <\/a> <div class=\"tiled-gallery-caption\" itemprop=\"caption description\"> Amphorina farrani @ Catania, Italy 16.05.2022 by Salvo Gambacurta <\/div> <\/div> <div class=\"tiled-gallery-item tiled-gallery-item-large\" itemprop=\"associatedMedia\" itemscope itemtype=\"http:\/\/schema.org\/ImageObject\"> <a href=\"https:\/\/opistobranquis.info\/en\/guia\/nudibranchia\/cladobranchia\/fionoidea\/amphorina-farrani\/amphorina-farrani-3-catania-italy-16-05-2022-by-salvo-gambacurta\/\" border=\"0\" itemprop=\"url\"> <meta itemprop=\"width\" content=\"273\"> <meta itemprop=\"height\" content=\"204\"> <img decoding=\"async\" class=\"\" data-attachment-id=\"34302\" data-orig-file=\"https:\/\/opistobranquis.info\/wp-content\/uploads\/2022\/06\/Amphorina-farrani-3-@-Catania-Italy-16.05.2022-by-Salvo-Gambacurta.jpg\" data-orig-size=\"2048,1536\" data-comments-opened=\"\" data-image-title=\"Amphorina farrani @ Catania, Italy 16.05.2022 by Salvo Gambacurta\" data-image-description=\"&lt;p&gt;Amphorina farrani @ Catania, Italy 16.05.2022 by Salvo Gambacurta&lt;\/p&gt; \" data-medium-file=\"https:\/\/i0.wp.com\/opistobranquis.info\/wp-content\/uploads\/2022\/06\/Amphorina-farrani-3-%40-Catania-Italy-16.05.2022-by-Salvo-Gambacurta.jpg?fit=300%2C225&#038;ssl=1\" data-large-file=\"https:\/\/i0.wp.com\/opistobranquis.info\/wp-content\/uploads\/2022\/06\/Amphorina-farrani-3-%40-Catania-Italy-16.05.2022-by-Salvo-Gambacurta.jpg?fit=900%2C675&#038;ssl=1\" src=\"https:\/\/i0.wp.com\/opistobranquis.info\/wp-content\/uploads\/2022\/06\/Amphorina-farrani-3-%40-Catania-Italy-16.05.2022-by-Salvo-Gambacurta.jpg?w=273&#038;h=204&#038;ssl=1\" width=\"273\" height=\"204\" loading=\"lazy\" data-original-width=\"273\" data-original-height=\"204\" itemprop=\"http:\/\/schema.org\/image\" title=\"Amphorina farrani @ Catania, Italy 16.05.2022 by Salvo Gambacurta\" alt=\"Amphorina farrani @ Catania, Italy 16.05.2022 by Salvo Gambacurta\" style=\"width: 273px; height: 204px;\" \/> <\/a> <div class=\"tiled-gallery-caption\" itemprop=\"caption description\"> Amphorina farrani @ Catania, Italy 16.05.2022 by Salvo Gambacurta <\/div> <\/div> <\/div> <!-- close group --> <div class=\"gallery-group images-1\" style=\"width: 623px; height: 417px;\" data-original-width=\"623\" data-original-height=\"417\" > <div class=\"tiled-gallery-item tiled-gallery-item-large\" itemprop=\"associatedMedia\" itemscope itemtype=\"http:\/\/schema.org\/ImageObject\"> <a href=\"https:\/\/opistobranquis.info\/en\/guia\/nudibranchia\/cladobranchia\/fionoidea\/amphorina-farrani\/amphorina-farrani-france-by-pascal-girard-2\/\" border=\"0\" itemprop=\"url\"> <meta itemprop=\"width\" content=\"619\"> <meta itemprop=\"height\" content=\"413\"> <img decoding=\"async\" class=\"\" data-attachment-id=\"36047\" data-orig-file=\"https:\/\/opistobranquis.info\/wp-content\/uploads\/2022\/12\/Amphorina-farrani-@-France-by-Pascal-Girard-2.jpg\" data-orig-size=\"1280,853\" data-comments-opened=\"\" data-image-title=\"Amphorina farrani @ France by Pascal Girard\" data-image-description=\"&lt;p&gt;Amphorina farrani @ France by Pascal Girard&lt;\/p&gt; \" data-medium-file=\"https:\/\/i0.wp.com\/opistobranquis.info\/wp-content\/uploads\/2022\/12\/Amphorina-farrani-%40-France-by-Pascal-Girard-2.jpg?fit=300%2C200&#038;ssl=1\" data-large-file=\"https:\/\/i0.wp.com\/opistobranquis.info\/wp-content\/uploads\/2022\/12\/Amphorina-farrani-%40-France-by-Pascal-Girard-2.jpg?fit=900%2C599&#038;ssl=1\" src=\"https:\/\/i0.wp.com\/opistobranquis.info\/wp-content\/uploads\/2022\/12\/Amphorina-farrani-%40-France-by-Pascal-Girard-2.jpg?w=619&#038;h=413&#038;ssl=1\" width=\"619\" height=\"413\" loading=\"lazy\" data-original-width=\"619\" data-original-height=\"413\" itemprop=\"http:\/\/schema.org\/image\" title=\"Amphorina farrani @ France by Pascal Girard\" alt=\"Amphorina farrani @ France by Pascal Girard\" style=\"width: 619px; height: 413px;\" \/> <\/a> <div class=\"tiled-gallery-caption\" itemprop=\"caption description\"> Amphorina farrani @ France by Pascal Girard <\/div> <\/div> <\/div> <!-- close group --> <\/div> <!-- close row --> <div class=\"gallery-row\" style=\"width: 900px; height: 505px;\" data-original-width=\"900\" data-original-height=\"505\" > <div class=\"gallery-group images-1\" style=\"width: 672px; height: 505px;\" data-original-width=\"672\" data-original-height=\"505\" > <div class=\"tiled-gallery-item tiled-gallery-item-large\" itemprop=\"associatedMedia\" itemscope itemtype=\"http:\/\/schema.org\/ImageObject\"> <a href=\"https:\/\/opistobranquis.info\/en\/guia\/nudibranchia\/cladobranchia\/fionoidea\/amphorina-farrani\/amphorina-farrani-france-by-pascal-girard\/\" border=\"0\" itemprop=\"url\"> <meta itemprop=\"width\" content=\"668\"> <meta itemprop=\"height\" content=\"501\"> <img decoding=\"async\" class=\"\" data-attachment-id=\"36048\" data-orig-file=\"https:\/\/opistobranquis.info\/wp-content\/uploads\/2022\/12\/Amphorina-farrani-@-France-by-Pascal-Girard.jpg\" data-orig-size=\"1280,960\" data-comments-opened=\"\" data-image-title=\"Amphorina farrani @ France by Pascal Girard\" data-image-description=\"&lt;p&gt;Amphorina farrani @ France by Pascal Girard&lt;\/p&gt; \" data-medium-file=\"https:\/\/i0.wp.com\/opistobranquis.info\/wp-content\/uploads\/2022\/12\/Amphorina-farrani-%40-France-by-Pascal-Girard.jpg?fit=300%2C225&#038;ssl=1\" data-large-file=\"https:\/\/i0.wp.com\/opistobranquis.info\/wp-content\/uploads\/2022\/12\/Amphorina-farrani-%40-France-by-Pascal-Girard.jpg?fit=900%2C675&#038;ssl=1\" src=\"https:\/\/i0.wp.com\/opistobranquis.info\/wp-content\/uploads\/2022\/12\/Amphorina-farrani-%40-France-by-Pascal-Girard.jpg?w=668&#038;h=501&#038;ssl=1\" width=\"668\" height=\"501\" loading=\"lazy\" data-original-width=\"668\" data-original-height=\"501\" itemprop=\"http:\/\/schema.org\/image\" title=\"Amphorina farrani @ France by Pascal Girard\" alt=\"Amphorina farrani @ France by Pascal Girard\" style=\"width: 668px; height: 501px;\" \/> <\/a> <div class=\"tiled-gallery-caption\" itemprop=\"caption description\"> Amphorina farrani @ France by Pascal Girard <\/div> <\/div> <\/div> <!-- close group --> <div class=\"gallery-group images-2\" style=\"width: 228px; height: 505px;\" data-original-width=\"228\" data-original-height=\"505\" > <div class=\"tiled-gallery-item tiled-gallery-item-small\" itemprop=\"associatedMedia\" itemscope itemtype=\"http:\/\/schema.org\/ImageObject\"> <a href=\"https:\/\/opistobranquis.info\/en\/guia\/nudibranchia\/cladobranchia\/fionoidea\/amphorina-farrani\/amphorina-farrani-granada-por-luis-sanchez-tocino\/\" border=\"0\" itemprop=\"url\"> <meta itemprop=\"width\" content=\"224\"> <meta itemprop=\"height\" content=\"249\"> <img decoding=\"async\" class=\"\" data-attachment-id=\"36845\" data-orig-file=\"https:\/\/opistobranquis.info\/wp-content\/uploads\/2023\/01\/Amphorina-farrani-@-Granada-por-Luis-Sanchez-Tocino.jpg\" data-orig-size=\"1440,1600\" data-comments-opened=\"\" data-image-title=\"Amphorina farrani @ Granada por Luis S\u00e1nchez Tocino\" data-image-description=\"&lt;p&gt;Amphorina farrani @ Granada por Luis S\u00e1nchez Tocino&lt;\/p&gt; \" data-medium-file=\"https:\/\/i0.wp.com\/opistobranquis.info\/wp-content\/uploads\/2023\/01\/Amphorina-farrani-%40-Granada-por-Luis-Sanchez-Tocino.jpg?fit=270%2C300&#038;ssl=1\" data-large-file=\"https:\/\/i0.wp.com\/opistobranquis.info\/wp-content\/uploads\/2023\/01\/Amphorina-farrani-%40-Granada-por-Luis-Sanchez-Tocino.jpg?fit=900%2C1000&#038;ssl=1\" src=\"https:\/\/i0.wp.com\/opistobranquis.info\/wp-content\/uploads\/2023\/01\/Amphorina-farrani-%40-Granada-por-Luis-Sanchez-Tocino.jpg?w=224&#038;h=249&#038;ssl=1\" width=\"224\" height=\"249\" loading=\"lazy\" data-original-width=\"224\" data-original-height=\"249\" itemprop=\"http:\/\/schema.org\/image\" title=\"Amphorina farrani @ Granada por Luis S\u00e1nchez Tocino\" alt=\"Amphorina farrani @ Granada por Luis S\u00e1nchez Tocino\" style=\"width: 224px; height: 249px;\" \/> <\/a> <div class=\"tiled-gallery-caption\" itemprop=\"caption description\"> Amphorina farrani @ Granada por Luis S\u00e1nchez Tocino <\/div> <\/div> <div class=\"tiled-gallery-item tiled-gallery-item-small\" itemprop=\"associatedMedia\" itemscope itemtype=\"http:\/\/schema.org\/ImageObject\"> <a href=\"https:\/\/opistobranquis.info\/en\/guia\/nudibranchia\/cladobranchia\/fionoidea\/amphorina-farrani\/amphorina-farrani-8mm-granada-by-luis-sanchez-tocino\/\" border=\"0\" itemprop=\"url\"> <meta itemprop=\"width\" content=\"224\"> <meta itemprop=\"height\" content=\"248\"> <img decoding=\"async\" class=\"\" data-attachment-id=\"37072\" data-orig-file=\"https:\/\/opistobranquis.info\/wp-content\/uploads\/2023\/01\/Amphorina-farrani-8mm-@-Granada-by-Luis-Sanchez-Tocino.jpg\" data-orig-size=\"1440,1600\" data-comments-opened=\"\" data-image-title=\"Amphorina farrani 8mm @ Granada by Luis S\u00e1nchez Tocino\" data-image-description=\"&lt;p&gt;Amphorina farrani 8mm @ Granada by Luis S\u00e1nchez Tocino&lt;\/p&gt; \" data-medium-file=\"https:\/\/i0.wp.com\/opistobranquis.info\/wp-content\/uploads\/2023\/01\/Amphorina-farrani-8mm-%40-Granada-by-Luis-Sanchez-Tocino.jpg?fit=270%2C300&#038;ssl=1\" data-large-file=\"https:\/\/i0.wp.com\/opistobranquis.info\/wp-content\/uploads\/2023\/01\/Amphorina-farrani-8mm-%40-Granada-by-Luis-Sanchez-Tocino.jpg?fit=900%2C1000&#038;ssl=1\" src=\"https:\/\/i0.wp.com\/opistobranquis.info\/wp-content\/uploads\/2023\/01\/Amphorina-farrani-8mm-%40-Granada-by-Luis-Sanchez-Tocino.jpg?w=224&#038;h=248&#038;ssl=1\" width=\"224\" height=\"248\" loading=\"lazy\" data-original-width=\"224\" data-original-height=\"248\" itemprop=\"http:\/\/schema.org\/image\" title=\"Amphorina farrani 8mm @ Granada by Luis S\u00e1nchez Tocino\" alt=\"Amphorina farrani 8mm @ Granada by Luis S\u00e1nchez Tocino\" style=\"width: 224px; height: 248px;\" \/> <\/a> <div class=\"tiled-gallery-caption\" itemprop=\"caption description\"> Amphorina farrani 8mm @ Granada by Luis S\u00e1nchez Tocino <\/div> <\/div> <\/div> <!-- close group --> <\/div> <!-- close row --> <div class=\"gallery-row\" style=\"width: 900px; height: 602px;\" data-original-width=\"900\" data-original-height=\"602\" > <div class=\"gallery-group images-1\" style=\"width: 900px; height: 602px;\" data-original-width=\"900\" data-original-height=\"602\" > <div class=\"tiled-gallery-item tiled-gallery-item-large\" itemprop=\"associatedMedia\" itemscope itemtype=\"http:\/\/schema.org\/ImageObject\"> <a href=\"https:\/\/opistobranquis.info\/en\/guia\/nudibranchia\/cladobranchia\/fionoidea\/amphorina-farrani\/amphorina-farrani-isla-de-mouro-santander-by-martin-plana\/\" border=\"0\" itemprop=\"url\"> <meta itemprop=\"width\" content=\"896\"> <meta itemprop=\"height\" content=\"598\"> <img decoding=\"async\" class=\"\" data-attachment-id=\"46666\" data-orig-file=\"https:\/\/opistobranquis.info\/wp-content\/uploads\/2025\/05\/Amphorina-farrani-@-Isla-de-Mouro-Santander-by-Martin-Plana.jpg\" data-orig-size=\"640,427\" data-comments-opened=\"\" data-image-title=\"Amphorina farrani @ Isla de Mouro, Santander by Martin Plana\" data-image-description=\"&lt;p&gt;Amphorina farrani @ Isla de Mouro, Santander by Martin Plana&lt;\/p&gt; \" data-medium-file=\"https:\/\/i0.wp.com\/opistobranquis.info\/wp-content\/uploads\/2025\/05\/Amphorina-farrani-%40-Isla-de-Mouro-Santander-by-Martin-Plana.jpg?fit=300%2C200&#038;ssl=1\" data-large-file=\"https:\/\/i0.wp.com\/opistobranquis.info\/wp-content\/uploads\/2025\/05\/Amphorina-farrani-%40-Isla-de-Mouro-Santander-by-Martin-Plana.jpg?fit=640%2C427&#038;ssl=1\" src=\"https:\/\/i0.wp.com\/opistobranquis.info\/wp-content\/uploads\/2025\/05\/Amphorina-farrani-%40-Isla-de-Mouro-Santander-by-Martin-Plana.jpg?w=896&#038;h=598&#038;ssl=1\" width=\"896\" height=\"598\" loading=\"lazy\" data-original-width=\"896\" data-original-height=\"598\" itemprop=\"http:\/\/schema.org\/image\" title=\"Amphorina farrani @ Isla de Mouro, Santander by Martin Plana\" alt=\"Amphorina farrani @ Isla de Mouro, Santander by Martin Plana\" style=\"width: 896px; height: 598px;\" \/> <\/a> <div class=\"tiled-gallery-caption\" itemprop=\"caption description\"> Amphorina farrani @ Isla de Mouro, Santander by Martin Plana <\/div> <\/div> <\/div> <!-- close group --> <\/div> <!-- close row --> <\/div><\/p>\n<p><p><strong>Bibliography<\/strong><\/p><ul><div id=\"zotpress-2ce8ecaa6e28239d709ce61a36f62bdf\" class=\"zp-Zotpress zp-Zotpress-Bib wp-block-group\">\n\n\t\t<span class=\"ZP_API_USER_ID ZP_ATTR\">1246567<\/span>\n\t\t<span class=\"ZP_ITEM_KEY ZP_ATTR\"><\/span>\n\t\t<span class=\"ZP_COLLECTION_ID ZP_ATTR\"><\/span>\n\t\t<span class=\"ZP_TAG_ID ZP_ATTR\">Amphorina farrani<\/span>\n\t\t<span class=\"ZP_AUTHOR ZP_ATTR\"><\/span>\n\t\t<span class=\"ZP_YEAR ZP_ATTR\"><\/span>\n        <span class=\"ZP_ITEMTYPE ZP_ATTR\"><\/span>\n\t\t<span class=\"ZP_INCLUSIVE ZP_ATTR\">1<\/span>\n\t\t<span class=\"ZP_STYLE ZP_ATTR\">eunomia-revista-en-cultura-de-la-legalidad<\/span>\n\t\t<span class=\"ZP_LIMIT ZP_ATTR\">50<\/span>\n\t\t<span class=\"ZP_SORTBY ZP_ATTR\">creator<\/span>\n\t\t<span class=\"ZP_ORDER ZP_ATTR\">asc<\/span>\n\t\t<span class=\"ZP_TITLE ZP_ATTR\"><\/span>\n\t\t<span class=\"ZP_SHOWIMAGE ZP_ATTR\"><\/span>\n\t\t<span class=\"ZP_SHOWTAGS ZP_ATTR\"><\/span>\n\t\t<span class=\"ZP_DOWNLOADABLE ZP_ATTR\"><\/span>\n\t\t<span class=\"ZP_NOTES ZP_ATTR\"><\/span>\n\t\t<span class=\"ZP_ABSTRACT ZP_ATTR\"><\/span>\n\t\t<span class=\"ZP_CITEABLE ZP_ATTR\"><\/span>\n\t\t<span class=\"ZP_TARGET ZP_ATTR\">1<\/span>\n\t\t<span class=\"ZP_URLWRAP ZP_ATTR\"><\/span>\n\t\t<span class=\"ZP_FORCENUM ZP_ATTR\"><\/span>\n        <span class=\"ZP_HIGHLIGHT ZP_ATTR\"><\/span>\n        <span class=\"ZP_POSTID ZP_ATTR\">581<\/span>\n\t\t<span class=\"ZOTPRESS_PLUGIN_URL ZP_ATTR\">https:\/\/opistobranquis.info\/wp-content\/plugins\/zotpress\/<\/span>\n\n\t\t<div class=\"zp-List loading\">\n\t\t\t<div class=\"zp-SEO-Content\">\n\t\t\t\t<span class=\"ZP_CACHETIMER ZP_ATTR\"><\/span><span class=\"ZP_JSON ZP_ATTR\">%7B%22status%22%3A%22success%22%2C%22updateneeded%22%3Afalse%2C%22instance%22%3Afalse%2C%22meta%22%3A%7B%22request_last%22%3A150%2C%22request_next%22%3A50%2C%22used_cache%22%3Atrue%7D%2C%22data%22%3A%5B%7B%22key%22%3A%222C3VPFXV%22%2C%22library%22%3A%7B%22id%22%3A1246567%7D%2C%22meta%22%3A%7B%22creatorSummary%22%3A%22Abbott%22%2C%22parsedDate%22%3A%221974%22%2C%22numChildren%22%3A0%7D%2C%22bib%22%3A%22%26lt%3Bdiv%20class%3D%26quot%3Bcsl-bib-body%26quot%3B%20style%3D%26quot%3Bline-height%3A%201.35%3B%20padding-left%3A%201em%3B%20text-indent%3A-1em%3B%26quot%3B%26gt%3B%5Cn%20%20%26lt%3Bdiv%20class%3D%26quot%3Bcsl-entry%26quot%3B%26gt%3BAbbott%2C%20R.%20T.%20%281974%29.%20%26lt%3Bi%26gt%3BAmerican%20seashells.%20The%20marine%20mollusca%20of%20the%20Atlantic%20and%20Pacific%20coast%20of%20North%20America%26lt%3B%5C%2Fi%26gt%3B.%20Van%20Nostrand%2C%20New%20York.%20663%20pp.%2C%2024%20pls.%20%5BOctober%201974%5D.%26lt%3B%5C%2Fdiv%26gt%3B%5Cn%26lt%3B%5C%2Fdiv%26gt%3B%22%2C%22data%22%3A%7B%22itemType%22%3A%22book%22%2C%22title%22%3A%22American%20seashells.%20The%20marine%20mollusca%20of%20the%20Atlantic%20and%20Pacific%20coast%20of%20North%20America%22%2C%22creators%22%3A%5B%7B%22creatorType%22%3A%22author%22%2C%22firstName%22%3A%22R.%20T.%22%2C%22lastName%22%3A%22Abbott%22%7D%5D%2C%22abstractNote%22%3A%22%22%2C%22date%22%3A%221974%22%2C%22originalDate%22%3A%22%22%2C%22originalPublisher%22%3A%22%22%2C%22originalPlace%22%3A%22%22%2C%22format%22%3A%22%22%2C%22ISBN%22%3A%22%22%2C%22DOI%22%3A%22%22%2C%22citationKey%22%3A%22%22%2C%22url%22%3A%22%22%2C%22ISSN%22%3A%22%22%2C%22language%22%3A%22%22%2C%22collections%22%3A%5B%2282T5E3QX%22%5D%2C%22dateModified%22%3A%222025-03-02T16%3A30%3A11Z%22%7D%7D%2C%7B%22key%22%3A%2257G2VWWZ%22%2C%22library%22%3A%7B%22id%22%3A1246567%7D%2C%22meta%22%3A%7B%22creatorSummary%22%3A%22Alder%22%2C%22parsedDate%22%3A%221869%22%2C%22numChildren%22%3A0%7D%2C%22bib%22%3A%22%26lt%3Bdiv%20class%3D%26quot%3Bcsl-bib-body%26quot%3B%20style%3D%26quot%3Bline-height%3A%201.35%3B%20padding-left%3A%201em%3B%20text-indent%3A-1em%3B%26quot%3B%26gt%3B%5Cn%20%20%26lt%3Bdiv%20class%3D%26quot%3Bcsl-entry%26quot%3B%26gt%3BAlder%2C%20J.%20%281869%29.%20Account%20of%20the%20British%20Nudibranchiata.%20Jeffrey%26%23x2019%3Bs%20British%20Conchology%205%3A18-94.%26lt%3B%5C%2Fdiv%26gt%3B%5Cn%26lt%3B%5C%2Fdiv%26gt%3B%22%2C%22data%22%3A%7B%22itemType%22%3A%22journalArticle%22%2C%22title%22%3A%22Account%20of%20the%20British%20Nudibranchiata.%20Jeffrey%27s%20British%20Conchology%205%3A18-94.%22%2C%22creators%22%3A%5B%7B%22creatorType%22%3A%22author%22%2C%22firstName%22%3A%22J.%22%2C%22lastName%22%3A%22Alder%22%7D%5D%2C%22abstractNote%22%3A%22%22%2C%22date%22%3A%221869%22%2C%22section%22%3A%22%22%2C%22partNumber%22%3A%22%22%2C%22partTitle%22%3A%22%22%2C%22DOI%22%3A%22%22%2C%22citationKey%22%3A%22%22%2C%22url%22%3A%22%22%2C%22PMID%22%3A%22%22%2C%22PMCID%22%3A%22%22%2C%22ISSN%22%3A%22%22%2C%22language%22%3A%22%22%2C%22collections%22%3A%5B%2282T5E3QX%22%5D%2C%22dateModified%22%3A%222025-04-01T22%3A11%3A18Z%22%7D%7D%2C%7B%22key%22%3A%22RZIG5GJQ%22%2C%22library%22%3A%7B%22id%22%3A1246567%7D%2C%22meta%22%3A%7B%22creatorSummary%22%3A%22Alder%20and%20Hancock%22%2C%22parsedDate%22%3A%221844%22%2C%22numChildren%22%3A0%7D%2C%22bib%22%3A%22%26lt%3Bdiv%20class%3D%26quot%3Bcsl-bib-body%26quot%3B%20style%3D%26quot%3Bline-height%3A%201.35%3B%20padding-left%3A%201em%3B%20text-indent%3A-1em%3B%26quot%3B%26gt%3B%5Cn%20%20%26lt%3Bdiv%20class%3D%26quot%3Bcsl-entry%26quot%3B%26gt%3BAlder%2C%20J.%2C%20Hancock%2C%20A.%20%281844%29.%20Description%20d%26%23x2019%3Bun%20genre%20nouveau%20de%20mollusques%20nudibranches%2C%20et%20de%20quelques%20especes%20nouvelles%20d%26%23x2019%3Beolides.%20Annales%20des%20Sciences%20Naturelles%2C%20Paris%2C%20series%203%2C%201%3A190-191.%26lt%3B%5C%2Fdiv%26gt%3B%5Cn%26lt%3B%5C%2Fdiv%26gt%3B%22%2C%22data%22%3A%7B%22itemType%22%3A%22journalArticle%22%2C%22title%22%3A%22Description%20d%27un%20genre%20nouveau%20de%20mollusques%20nudibranches%2C%20et%20de%20quelques%20especes%20nouvelles%20d%27eolides.%20Annales%20des%20Sciences%20Naturelles%2C%20Paris%2C%20series%203%2C%201%3A190-191.%22%2C%22creators%22%3A%5B%7B%22creatorType%22%3A%22author%22%2C%22firstName%22%3A%22J.%22%2C%22lastName%22%3A%22Alder%22%7D%2C%7B%22creatorType%22%3A%22author%22%2C%22firstName%22%3A%22A.%22%2C%22lastName%22%3A%22Hancock%22%7D%5D%2C%22abstractNote%22%3A%22%22%2C%22date%22%3A%221844%22%2C%22section%22%3A%22%22%2C%22partNumber%22%3A%22%22%2C%22partTitle%22%3A%22%22%2C%22DOI%22%3A%22%22%2C%22citationKey%22%3A%22%22%2C%22url%22%3A%22%22%2C%22PMID%22%3A%22%22%2C%22PMCID%22%3A%22%22%2C%22ISSN%22%3A%22%22%2C%22language%22%3A%22%22%2C%22collections%22%3A%5B%2282T5E3QX%22%5D%2C%22dateModified%22%3A%222020-04-10T10%3A57%3A10Z%22%7D%7D%2C%7B%22key%22%3A%22XKHSN2RT%22%2C%22library%22%3A%7B%22id%22%3A1246567%7D%2C%22meta%22%3A%7B%22creatorSummary%22%3A%22Alder%20and%20Hancock%22%2C%22parsedDate%22%3A%221844%22%2C%22numChildren%22%3A0%7D%2C%22bib%22%3A%22%26lt%3Bdiv%20class%3D%26quot%3Bcsl-bib-body%26quot%3B%20style%3D%26quot%3Bline-height%3A%201.35%3B%20padding-left%3A%201em%3B%20text-indent%3A-1em%3B%26quot%3B%26gt%3B%5Cn%20%20%26lt%3Bdiv%20class%3D%26quot%3Bcsl-entry%26quot%3B%26gt%3BAlder%2C%20J.%2C%20Hancock%2C%20A.%20%281844%29.%20Description%20of%20a%20new%20genus%20of%20nudibranchiate%20Mollusca%2C%20with%20some%20new%20species%20of%20Eolis.%20%26lt%3Bi%26gt%3BAnnals%20and%20Magazine%20of%20Natural%20History%2013%3A%20161-167%20%5Bnovembre%5D%26lt%3B%5C%2Fi%26gt%3B.%26lt%3B%5C%2Fdiv%26gt%3B%5Cn%26lt%3B%5C%2Fdiv%26gt%3B%22%2C%22data%22%3A%7B%22itemType%22%3A%22journalArticle%22%2C%22title%22%3A%22Description%20of%20a%20new%20genus%20of%20nudibranchiate%20Mollusca%2C%20with%20some%20new%20species%20of%20Eolis%22%2C%22creators%22%3A%5B%7B%22creatorType%22%3A%22author%22%2C%22firstName%22%3A%22J.%22%2C%22lastName%22%3A%22Alder%22%7D%2C%7B%22creatorType%22%3A%22author%22%2C%22firstName%22%3A%22A.%22%2C%22lastName%22%3A%22Hancock%22%7D%5D%2C%22abstractNote%22%3A%22%22%2C%22date%22%3A%221844%22%2C%22section%22%3A%22%22%2C%22partNumber%22%3A%22%22%2C%22partTitle%22%3A%22%22%2C%22DOI%22%3A%22%22%2C%22citationKey%22%3A%22%22%2C%22url%22%3A%22%22%2C%22PMID%22%3A%22%22%2C%22PMCID%22%3A%22%22%2C%22ISSN%22%3A%22%22%2C%22language%22%3A%22%22%2C%22collections%22%3A%5B%2282T5E3QX%22%5D%2C%22dateModified%22%3A%222020-04-10T10%3A57%3A10Z%22%7D%7D%2C%7B%22key%22%3A%227A64MJBN%22%2C%22library%22%3A%7B%22id%22%3A1246567%7D%2C%22meta%22%3A%7B%22creatorSummary%22%3A%22Alder%20and%20Hancock%22%2C%22parsedDate%22%3A%221845%22%2C%22numChildren%22%3A0%7D%2C%22bib%22%3A%22%26lt%3Bdiv%20class%3D%26quot%3Bcsl-bib-body%26quot%3B%20style%3D%26quot%3Bline-height%3A%201.35%3B%20padding-left%3A%201em%3B%20text-indent%3A-1em%3B%26quot%3B%26gt%3B%5Cn%20%20%26lt%3Bdiv%20class%3D%26quot%3Bcsl-entry%26quot%3B%26gt%3BAlder%2C%20J.%2C%20Hancock%2C%20A.%20%281845%29.%20%26lt%3Bi%26gt%3BA%20monograph%20of%20the%20British%20nudibranchiate%20Mollusca%3A%20with%20figures%20of%20all%20the%20species.%26lt%3B%5C%2Fi%26gt%3B%20Ray%20Society%2C%20London.%26lt%3B%5C%2Fdiv%26gt%3B%5Cn%26lt%3B%5C%2Fdiv%26gt%3B%22%2C%22data%22%3A%7B%22itemType%22%3A%22book%22%2C%22title%22%3A%22A%20monograph%20of%20the%20British%20nudibranchiate%20Mollusca%3A%20with%20figures%20of%20all%20the%20species.%22%2C%22creators%22%3A%5B%7B%22creatorType%22%3A%22author%22%2C%22firstName%22%3A%22J.%22%2C%22lastName%22%3A%22Alder%22%7D%2C%7B%22creatorType%22%3A%22author%22%2C%22firstName%22%3A%22A.%22%2C%22lastName%22%3A%22Hancock%22%7D%5D%2C%22abstractNote%22%3A%22%22%2C%22date%22%3A%221845-1855%22%2C%22originalDate%22%3A%22%22%2C%22originalPublisher%22%3A%22%22%2C%22originalPlace%22%3A%22%22%2C%22format%22%3A%22%22%2C%22ISBN%22%3A%22%22%2C%22DOI%22%3A%22%22%2C%22citationKey%22%3A%22%22%2C%22url%22%3A%22%22%2C%22ISSN%22%3A%22%22%2C%22language%22%3A%22%22%2C%22collections%22%3A%5B%2282T5E3QX%22%5D%2C%22dateModified%22%3A%222020-04-10T10%3A57%3A41Z%22%7D%7D%2C%7B%22key%22%3A%22CTUJ9HRK%22%2C%22library%22%3A%7B%22id%22%3A1246567%7D%2C%22meta%22%3A%7B%22creatorSummary%22%3A%22Alder%20and%20Hancock%22%2C%22parsedDate%22%3A%221847%22%2C%22numChildren%22%3A0%7D%2C%22bib%22%3A%22%26lt%3Bdiv%20class%3D%26quot%3Bcsl-bib-body%26quot%3B%20style%3D%26quot%3Bline-height%3A%201.35%3B%20padding-left%3A%201em%3B%20text-indent%3A-1em%3B%26quot%3B%26gt%3B%5Cn%20%20%26lt%3Bdiv%20class%3D%26quot%3Bcsl-entry%26quot%3B%26gt%3BAlder%2C%20J.%2C%20Hancock%2C%20A.%20%281847%29.%20%26lt%3Bi%26gt%3BA%20monograph%20of%20the%20British%20nudibranchiate%20Mollusca%3A%20with%20figures%20of%20all%20the%20species.%20Ray%20Society%2C%20London.%26lt%3B%5C%2Fi%26gt%3B%20Ray%20Society%2C%20London.%26lt%3B%5C%2Fdiv%26gt%3B%5Cn%26lt%3B%5C%2Fdiv%26gt%3B%22%2C%22data%22%3A%7B%22itemType%22%3A%22book%22%2C%22title%22%3A%22A%20monograph%20of%20the%20British%20nudibranchiate%20Mollusca%3A%20with%20figures%20of%20all%20the%20species.%20Ray%20Society%2C%20London.%22%2C%22creators%22%3A%5B%7B%22creatorType%22%3A%22author%22%2C%22firstName%22%3A%22J.%22%2C%22lastName%22%3A%22Alder%22%7D%2C%7B%22creatorType%22%3A%22author%22%2C%22firstName%22%3A%22A.%22%2C%22lastName%22%3A%22Hancock%22%7D%5D%2C%22abstractNote%22%3A%22%22%2C%22date%22%3A%221847%22%2C%22originalDate%22%3A%22%22%2C%22originalPublisher%22%3A%22%22%2C%22originalPlace%22%3A%22%22%2C%22format%22%3A%22%22%2C%22ISBN%22%3A%22%22%2C%22DOI%22%3A%22%22%2C%22citationKey%22%3A%22%22%2C%22url%22%3A%22%22%2C%22ISSN%22%3A%22%22%2C%22language%22%3A%22%22%2C%22collections%22%3A%5B%2282T5E3QX%22%5D%2C%22dateModified%22%3A%222023-10-21T16%3A02%3A41Z%22%7D%7D%2C%7B%22key%22%3A%22DUB44H7E%22%2C%22library%22%3A%7B%22id%22%3A1246567%7D%2C%22meta%22%3A%7B%22creatorSummary%22%3A%22Alder%20and%20Hancock%22%2C%22parsedDate%22%3A%221845%22%2C%22numChildren%22%3A0%7D%2C%22bib%22%3A%22%26lt%3Bdiv%20class%3D%26quot%3Bcsl-bib-body%26quot%3B%20style%3D%26quot%3Bline-height%3A%201.35%3B%20padding-left%3A%201em%3B%20text-indent%3A-1em%3B%26quot%3B%26gt%3B%5Cn%20%20%26lt%3Bdiv%20class%3D%26quot%3Bcsl-entry%26quot%3B%26gt%3BAlder%2C%20J.%2C%20Hancock%2C%20A.%20%281845%29.%20%26lt%3Bi%26gt%3BReport%20on%20the%20British%20nudibranchiate%20Mollusca.%20Report%2014th%20Meeting%20of%20the%20British%20Association%20for%20the%20Advancement%20of%20Science%3B%20pp%2024-29.%26lt%3B%5C%2Fi%26gt%3B%26lt%3B%5C%2Fdiv%26gt%3B%5Cn%26lt%3B%5C%2Fdiv%26gt%3B%22%2C%22data%22%3A%7B%22itemType%22%3A%22book%22%2C%22title%22%3A%22Report%20on%20the%20British%20nudibranchiate%20Mollusca.%20Report%2014th%20Meeting%20of%20the%20British%20Association%20for%20the%20Advancement%20of%20Science%3B%20pp%2024-29.%22%2C%22creators%22%3A%5B%7B%22creatorType%22%3A%22author%22%2C%22firstName%22%3A%22J.%22%2C%22lastName%22%3A%22Alder%22%7D%2C%7B%22creatorType%22%3A%22author%22%2C%22firstName%22%3A%22A.%22%2C%22lastName%22%3A%22Hancock%22%7D%5D%2C%22abstractNote%22%3A%22%22%2C%22date%22%3A%221845%22%2C%22originalDate%22%3A%22%22%2C%22originalPublisher%22%3A%22%22%2C%22originalPlace%22%3A%22%22%2C%22format%22%3A%22%22%2C%22ISBN%22%3A%22%22%2C%22DOI%22%3A%22%22%2C%22citationKey%22%3A%22%22%2C%22url%22%3A%22%22%2C%22ISSN%22%3A%22%22%2C%22language%22%3A%22%22%2C%22collections%22%3A%5B%2282T5E3QX%22%5D%2C%22dateModified%22%3A%222025-02-14T12%3A25%3A28Z%22%7D%7D%2C%7B%22key%22%3A%22ZVWJEUAJ%22%2C%22library%22%3A%7B%22id%22%3A1246567%7D%2C%22meta%22%3A%7B%22creatorSummary%22%3A%22Alder%20and%20Hancock%22%2C%22parsedDate%22%3A%221855%22%2C%22numChildren%22%3A0%7D%2C%22bib%22%3A%22%26lt%3Bdiv%20class%3D%26quot%3Bcsl-bib-body%26quot%3B%20style%3D%26quot%3Bline-height%3A%201.35%3B%20padding-left%3A%201em%3B%20text-indent%3A-1em%3B%26quot%3B%26gt%3B%5Cn%20%20%26lt%3Bdiv%20class%3D%26quot%3Bcsl-entry%26quot%3B%26gt%3BAlder%2C%20J.%2C%20Hancock%2C%20A.%20%281855%29.%20%26lt%3Bi%26gt%3BA%20monograph%20of%20the%20British%20nudibranchiate%20Mollusca%3A%20with%20figures%20of%20all%20the%20species.%26lt%3B%5C%2Fi%26gt%3B%20Ray%20Society%2C%20London.%26lt%3B%5C%2Fdiv%26gt%3B%5Cn%26lt%3B%5C%2Fdiv%26gt%3B%22%2C%22data%22%3A%7B%22itemType%22%3A%22book%22%2C%22title%22%3A%22A%20monograph%20of%20the%20British%20nudibranchiate%20Mollusca%3A%20with%20figures%20of%20all%20the%20species.%22%2C%22creators%22%3A%5B%7B%22creatorType%22%3A%22author%22%2C%22firstName%22%3A%22J.%22%2C%22lastName%22%3A%22Alder%22%7D%2C%7B%22creatorType%22%3A%22author%22%2C%22firstName%22%3A%22A.%22%2C%22lastName%22%3A%22Hancock%22%7D%5D%2C%22abstractNote%22%3A%22%22%2C%22date%22%3A%221855%22%2C%22originalDate%22%3A%22%22%2C%22originalPublisher%22%3A%22%22%2C%22originalPlace%22%3A%22%22%2C%22format%22%3A%22%22%2C%22ISBN%22%3A%22%22%2C%22DOI%22%3A%22%22%2C%22citationKey%22%3A%22%22%2C%22url%22%3A%22%22%2C%22ISSN%22%3A%22%22%2C%22language%22%3A%22%22%2C%22collections%22%3A%5B%2282T5E3QX%22%5D%2C%22dateModified%22%3A%222025-04-01T22%3A11%3A18Z%22%7D%7D%2C%7B%22key%22%3A%223Z9I3MQZ%22%2C%22library%22%3A%7B%22id%22%3A1246567%7D%2C%22meta%22%3A%7B%22creatorSummary%22%3A%22Anderson%22%2C%22parsedDate%22%3A%221999%22%2C%22numChildren%22%3A0%7D%2C%22bib%22%3A%22%26lt%3Bdiv%20class%3D%26quot%3Bcsl-bib-body%26quot%3B%20style%3D%26quot%3Bline-height%3A%201.35%3B%20padding-left%3A%201em%3B%20text-indent%3A-1em%3B%26quot%3B%26gt%3B%5Cn%20%20%26lt%3Bdiv%20class%3D%26quot%3Bcsl-entry%26quot%3B%26gt%3BAnderson%2C%20J.%20%281999%29.%20Eubranchus%20farrani%20accessed%20through%3A%20Scottish%20Nudibranchs%20on%202014-12-21.%20Disponible%20en%3A%20%26lt%3Ba%20class%3D%26%23039%3Bzp-ItemURL%26%23039%3B%20target%3D%26%23039%3B_blank%26%23039%3B%20href%3D%26%23039%3Bhttp%3A%5C%2F%5C%2Fwww.nudibranch.org%5C%2FScottish%20Nudibranchs%5C%2Feubranchus-farrani.html%26%23039%3B%26gt%3Bhttp%3A%5C%2F%5C%2Fwww.nudibranch.org%5C%2FScottish%20Nudibranchs%5C%2Feubranchus-farrani.html%26lt%3B%5C%2Fa%26gt%3B%26lt%3B%5C%2Fdiv%26gt%3B%5Cn%26lt%3B%5C%2Fdiv%26gt%3B%22%2C%22data%22%3A%7B%22itemType%22%3A%22webpage%22%2C%22title%22%3A%22Eubranchus%20farrani%20accessed%20through%3A%20Scottish%20Nudibranchs%20on%202014-12-21%22%2C%22creators%22%3A%5B%7B%22creatorType%22%3A%22author%22%2C%22firstName%22%3A%22Jim%22%2C%22lastName%22%3A%22Anderson%22%7D%5D%2C%22abstractNote%22%3A%22%22%2C%22date%22%3A%221999-2014%22%2C%22DOI%22%3A%22%22%2C%22citationKey%22%3A%22%22%2C%22url%22%3A%22http%3A%5C%2F%5C%2Fwww.nudibranch.org%5C%2FScottish%20Nudibranchs%5C%2Feubranchus-farrani.html%22%2C%22language%22%3A%22%22%2C%22collections%22%3A%5B%2282T5E3QX%22%5D%2C%22dateModified%22%3A%222020-04-10T10%3A57%3A10Z%22%7D%7D%2C%7B%22key%22%3A%223DQMJM3N%22%2C%22library%22%3A%7B%22id%22%3A1246567%7D%2C%22meta%22%3A%7B%22creatorSummary%22%3A%22Avila%22%2C%22parsedDate%22%3A%221998%22%2C%22numChildren%22%3A0%7D%2C%22bib%22%3A%22%26lt%3Bdiv%20class%3D%26quot%3Bcsl-bib-body%26quot%3B%20style%3D%26quot%3Bline-height%3A%201.35%3B%20padding-left%3A%201em%3B%20text-indent%3A-1em%3B%26quot%3B%26gt%3B%5Cn%20%20%26lt%3Bdiv%20class%3D%26quot%3Bcsl-entry%26quot%3B%26gt%3BAvila%2C%20C.%20%281998%29.%20Competence%20and%20metamorphosis%20in%20the%20long-term%20planktotrophic%20larvae%20of%20the%20nudibranch%20mollusc%20Hermissenda%20crassicornis%20%28Eschscholtz%2C%201831%29.%20Journal%20of%20Experimental%20Marine%20Biology%20and%20Ecology%20231%281%29%3A81-117.%26lt%3B%5C%2Fdiv%26gt%3B%5Cn%26lt%3B%5C%2Fdiv%26gt%3B%22%2C%22data%22%3A%7B%22itemType%22%3A%22journalArticle%22%2C%22title%22%3A%22Competence%20and%20metamorphosis%20in%20the%20long-term%20planktotrophic%20larvae%20of%20the%20nudibranch%20mollusc%20Hermissenda%20crassicornis%20%28Eschscholtz%2C%201831%29.%20Journal%20of%20Experimental%20Marine%20Biology%20and%20Ecology%20231%281%29%3A81-117.%22%2C%22creators%22%3A%5B%7B%22creatorType%22%3A%22author%22%2C%22firstName%22%3A%22C.%22%2C%22lastName%22%3A%22Avila%22%7D%5D%2C%22abstractNote%22%3A%22%22%2C%22date%22%3A%221998%22%2C%22section%22%3A%22%22%2C%22partNumber%22%3A%22%22%2C%22partTitle%22%3A%22%22%2C%22DOI%22%3A%22%22%2C%22citationKey%22%3A%22%22%2C%22url%22%3A%22%22%2C%22PMID%22%3A%22%22%2C%22PMCID%22%3A%22%22%2C%22ISSN%22%3A%22%22%2C%22language%22%3A%22%22%2C%22collections%22%3A%5B%2282T5E3QX%22%5D%2C%22dateModified%22%3A%222020-04-10T10%3A57%3A10Z%22%7D%7D%2C%7B%22key%22%3A%228UQD69TB%22%2C%22library%22%3A%7B%22id%22%3A1246567%7D%2C%22meta%22%3A%7B%22creatorSummary%22%3A%22Baba%22%2C%22parsedDate%22%3A%221964%22%2C%22numChildren%22%3A0%7D%2C%22bib%22%3A%22%26lt%3Bdiv%20class%3D%26quot%3Bcsl-bib-body%26quot%3B%20style%3D%26quot%3Bline-height%3A%201.35%3B%20padding-left%3A%201em%3B%20text-indent%3A-1em%3B%26quot%3B%26gt%3B%5Cn%20%20%26lt%3Bdiv%20class%3D%26quot%3Bcsl-entry%26quot%3B%26gt%3BBaba%2C%20K.%20%281964%29.%20Description%20of%20Eubranchus%20inabai%20n%20sp%20%2C%20from%20Mukaishima%2C%20Japan%20%28Nudibranchia%20-%20Eolidoidea%29.%20Publications%20of%20the%20Seto%20Marine%20Biological%20Laboratory%2012%284%29%3A285-287.%26lt%3B%5C%2Fdiv%26gt%3B%5Cn%26lt%3B%5C%2Fdiv%26gt%3B%22%2C%22data%22%3A%7B%22itemType%22%3A%22journalArticle%22%2C%22title%22%3A%22Description%20of%20Eubranchus%20inabai%20n%20sp%20%2C%20from%20Mukaishima%2C%20Japan%20%28Nudibranchia%20-%20Eolidoidea%29.%20Publications%20of%20the%20Seto%20Marine%20Biological%20Laboratory%2012%284%29%3A285-287.%22%2C%22creators%22%3A%5B%7B%22creatorType%22%3A%22author%22%2C%22firstName%22%3A%22K.%22%2C%22lastName%22%3A%22Baba%22%7D%5D%2C%22abstractNote%22%3A%22%22%2C%22date%22%3A%221964%22%2C%22section%22%3A%22%22%2C%22partNumber%22%3A%22%22%2C%22partTitle%22%3A%22%22%2C%22DOI%22%3A%22%22%2C%22citationKey%22%3A%22%22%2C%22url%22%3A%22%22%2C%22PMID%22%3A%22%22%2C%22PMCID%22%3A%22%22%2C%22ISSN%22%3A%22%22%2C%22language%22%3A%22%22%2C%22collections%22%3A%5B%2282T5E3QX%22%5D%2C%22dateModified%22%3A%222020-04-10T10%3A57%3A41Z%22%7D%7D%2C%7B%22key%22%3A%225SZ2CEQV%22%2C%22library%22%3A%7B%22id%22%3A1246567%7D%2C%22meta%22%3A%7B%22creatorSummary%22%3A%22Ballesteros%22%2C%22parsedDate%22%3A%222007%22%2C%22numChildren%22%3A0%7D%2C%22bib%22%3A%22%26lt%3Bdiv%20class%3D%26quot%3Bcsl-bib-body%26quot%3B%20style%3D%26quot%3Bline-height%3A%201.35%3B%20padding-left%3A%201em%3B%20text-indent%3A-1em%3B%26quot%3B%26gt%3B%5Cn%20%20%26lt%3Bdiv%20class%3D%26quot%3Bcsl-entry%26quot%3B%26gt%3BBallesteros%2C%20M.%20%282007%29.%20Lista%20actualizada%20de%20los%20opistobranquios%20%28Mollusca%3A%20Gastropoda%3A%20Opisthobranchia%29%20de%20las%20costas%20catalanas.%20%26lt%3Bi%26gt%3BSpira%26lt%3B%5C%2Fi%26gt%3B%2C%20%26lt%3Bi%26gt%3B2%26lt%3B%5C%2Fi%26gt%3B%283%29%2C%20163-188.%26lt%3B%5C%2Fdiv%26gt%3B%5Cn%26lt%3B%5C%2Fdiv%26gt%3B%22%2C%22data%22%3A%7B%22itemType%22%3A%22journalArticle%22%2C%22title%22%3A%22Lista%20actualizada%20de%20los%20opistobranquios%20%28Mollusca%3A%20Gastropoda%3A%20Opisthobranchia%29%20de%20las%20costas%20catalanas%22%2C%22creators%22%3A%5B%7B%22creatorType%22%3A%22author%22%2C%22firstName%22%3A%22Manuel%22%2C%22lastName%22%3A%22Ballesteros%22%7D%5D%2C%22abstractNote%22%3A%22Updated%20checklist%20of%20the%20opisthobranchs%20%28Mollusca%3A%20Gastropoda%3A%20Opisthobranchia%29%20from%20the%20Catalan%20coasts.%20A%20taxonomic%20checklist%20of%20opisthobranch%20species%20%28Mollusca%3A%20Gastropoda%3A%20Opisthobranchia%29%20thus%20far%20recorded%20from%20littoral%20or%20deep%20waters%20from%20the%20Catalan%20coasts%20%28NE%20Iberian%20Peninsula%29%20is%20presented.%20This%20checklist%20is%20based%20on%20published%20citations%20from%20the%20literature%2C%20on%20reports%20taken%20from%20the%20Internet%2C%20on%20personal%20communications%20from%20divers%20and%20on%20numerous%20unpublished%20data%20from%20the%20author.%20Bibliographic%20references%20are%20given%20for%20each%20species%2C%20and%20in%20the%20case%20of%20unpublished%20and%20Internet%20data%2C%20specific%20localities%20where%20they%20have%20been%20collected%20or%20observed%20are%20given.%20A%20total%20of%20205%20opisthobranch%20species%20are%20thus%20far%20recorded%20in%20Catalan%20waters%3A%2036%20belonging%20to%20Cephalaspidea%20s.s.%2C%209%20to%20Architectibranchia%2C%207%20to%20Anaspidea%2C%2011%20to%20Thecosomata%2C%203%20to%20Gymnosomata%2C%2014%20to%20Sacoglossa%2C%202%20to%20Umbraculacea%2C%208%20to%20Pleurobranchacea%20and%20115%20to%20Nudibranchia%20%2855%20Doridina%2C%2014%20Dendronotina%2C%204%20Arminina%20and%2042%20Aeolidina%29.%20Of%20these%20species%2C%20three%20of%20them%20are%20new%20records%20for%20the%20Iberian%20littoral%20%28Runcina%20adriatica%2C%20R.%20brenkoae%20and%20Tritonia%20lineata%29%2C%20and%20seven%20more%20are%20new%20for%20the%20Catalan%20littoral%20%28Runcina%20coronata%2C%20R.%20ferruginea%2C%20Elysia%20translucens%2C%20Ercolania%20coerulea%2C%20Berthellina%20edwarsi%2C%20Doris%20ocelligera%20and%20Piseinotecus%20gabinieri%29.%20Taking%20into%20account%20the%20length%20of%20the%20Catalan%20littoral%20%28550%20km%29%20and%20in%20comparison%20with%20published%20data%20for%20other%20coastal%20areas%20of%20the%20Iberian%20Peninsula%2C%20it%20can%20be%20concluded%20that%20Catalan%20coasts%20are%20very%20rich%20in%20opisthobranch%20biodiversity%20and%20that%20the%20degree%20of%20knowledge%20about%20this%20group%20of%20molluscs%20is%20very%20high.%22%2C%22date%22%3A%222007%22%2C%22section%22%3A%22%22%2C%22partNumber%22%3A%22%22%2C%22partTitle%22%3A%22%22%2C%22DOI%22%3A%22%22%2C%22citationKey%22%3A%22%22%2C%22url%22%3A%22%22%2C%22PMID%22%3A%22%22%2C%22PMCID%22%3A%22%22%2C%22ISSN%22%3A%22%22%2C%22language%22%3A%22%22%2C%22collections%22%3A%5B%2282T5E3QX%22%5D%2C%22dateModified%22%3A%222025-12-15T21%3A59%3A02Z%22%7D%7D%2C%7B%22key%22%3A%22SRASB7UW%22%2C%22library%22%3A%7B%22id%22%3A1246567%7D%2C%22meta%22%3A%7B%22creatorSummary%22%3A%22Ballesteros%22%2C%22parsedDate%22%3A%221980%22%2C%22numChildren%22%3A0%7D%2C%22bib%22%3A%22%26lt%3Bdiv%20class%3D%26quot%3Bcsl-bib-body%26quot%3B%20style%3D%26quot%3Bline-height%3A%201.35%3B%20padding-left%3A%201em%3B%20text-indent%3A-1em%3B%26quot%3B%26gt%3B%5Cn%20%20%26lt%3Bdiv%20class%3D%26quot%3Bcsl-entry%26quot%3B%26gt%3BBallesteros%2C%20M.%20%281980%29.%20%26lt%3Bi%26gt%3BContribuci%26%23xF3%3Bn%20al%20conocimientos%20de%20los%20Sacoglosos%20y%20Nudibranquios%20%28Mollusca%3A%20Opisthobranchia%29.%20Estudio%20anat%26%23xF3%3Bmico%2C%20sistem%26%23xE1%3Btico%20y%20faun%26%23xED%3Bstico%20de%20las%20especies%20del%20mediterr%26%23xE1%3Bneo%20espa%26%23xF1%3Bol.%20Tesis%20Doctoral%26lt%3B%5C%2Fi%26gt%3B.%20Universitat%20de%20Barcelona%26lt%3B%5C%2Fdiv%26gt%3B%5Cn%26lt%3B%5C%2Fdiv%26gt%3B%22%2C%22data%22%3A%7B%22itemType%22%3A%22thesis%22%2C%22title%22%3A%22Contribuci%5Cu00f3n%20al%20conocimientos%20de%20los%20Sacoglosos%20y%20Nudibranquios%20%28Mollusca%3A%20Opisthobranchia%29.%20Estudio%20anat%5Cu00f3mico%2C%20sistem%5Cu00e1tico%20y%20faun%5Cu00edstico%20de%20las%20especies%20del%20mediterr%5Cu00e1neo%20espa%5Cu00f1ol.%20Tesis%20Doctoral%22%2C%22creators%22%3A%5B%7B%22creatorType%22%3A%22author%22%2C%22firstName%22%3A%22M.%22%2C%22lastName%22%3A%22Ballesteros%22%7D%5D%2C%22abstractNote%22%3A%22%22%2C%22thesisType%22%3A%22%22%2C%22university%22%3A%22Universitat%20de%20Barcelona%22%2C%22date%22%3A%221980%22%2C%22DOI%22%3A%22%22%2C%22ISBN%22%3A%22%22%2C%22citationKey%22%3A%22%22%2C%22url%22%3A%22%22%2C%22ISSN%22%3A%22%22%2C%22language%22%3A%22%22%2C%22collections%22%3A%5B%2282T5E3QX%22%5D%2C%22dateModified%22%3A%222026-03-07T09%3A49%3A39Z%22%7D%7D%2C%7B%22key%22%3A%22HAQSCATX%22%2C%22library%22%3A%7B%22id%22%3A1246567%7D%2C%22meta%22%3A%7B%22creatorSummary%22%3A%22Ballesteros%22%2C%22parsedDate%22%3A%221984%22%2C%22numChildren%22%3A0%7D%2C%22bib%22%3A%22%26lt%3Bdiv%20class%3D%26quot%3Bcsl-bib-body%26quot%3B%20style%3D%26quot%3Bline-height%3A%201.35%3B%20padding-left%3A%201em%3B%20text-indent%3A-1em%3B%26quot%3B%26gt%3B%5Cn%20%20%26lt%3Bdiv%20class%3D%26quot%3Bcsl-entry%26quot%3B%26gt%3BBallesteros%2C%20M.%20%281984%29.%20Adiciones%20a%20la%20fauna%20de%20opistobranquios%20de%20Cubellas%20%28Tarragona%29.%20%26lt%3Bi%26gt%3BMiscel%26%23xE1%3Bnea%20Zool%26%23xF3%3Bgica%26lt%3B%5C%2Fi%26gt%3B%2C%20%26lt%3Bi%26gt%3B8%26lt%3B%5C%2Fi%26gt%3B%2C%2041-49.%26lt%3B%5C%2Fdiv%26gt%3B%5Cn%26lt%3B%5C%2Fdiv%26gt%3B%22%2C%22data%22%3A%7B%22itemType%22%3A%22journalArticle%22%2C%22title%22%3A%22Adiciones%20a%20la%20fauna%20de%20opistobranquios%20de%20Cubellas%20%28Tarragona%29.%22%2C%22creators%22%3A%5B%7B%22creatorType%22%3A%22author%22%2C%22firstName%22%3A%22M.%22%2C%22lastName%22%3A%22Ballesteros%22%7D%5D%2C%22abstractNote%22%3A%22%22%2C%22date%22%3A%221984%22%2C%22section%22%3A%22%22%2C%22partNumber%22%3A%22%22%2C%22partTitle%22%3A%22%22%2C%22DOI%22%3A%22%22%2C%22citationKey%22%3A%22%22%2C%22url%22%3A%22%22%2C%22PMID%22%3A%22%22%2C%22PMCID%22%3A%22%22%2C%22ISSN%22%3A%22%22%2C%22language%22%3A%22%22%2C%22collections%22%3A%5B%2282T5E3QX%22%5D%2C%22dateModified%22%3A%222026-03-07T10%3A42%3A53Z%22%7D%7D%2C%7B%22key%22%3A%22BAE9P36R%22%2C%22library%22%3A%7B%22id%22%3A1246567%7D%2C%22meta%22%3A%7B%22creatorSummary%22%3A%22Ballesteros%20et%20al.%22%2C%22parsedDate%22%3A%222016%22%2C%22numChildren%22%3A0%7D%2C%22bib%22%3A%22%26lt%3Bdiv%20class%3D%26quot%3Bcsl-bib-body%26quot%3B%20style%3D%26quot%3Bline-height%3A%201.35%3B%20padding-left%3A%201em%3B%20text-indent%3A-1em%3B%26quot%3B%26gt%3B%5Cn%20%20%26lt%3Bdiv%20class%3D%26quot%3Bcsl-entry%26quot%3B%26gt%3BBallesteros%2C%20M.%2C%20Madrenas%2C%20E.%2C%20Pontes%2C%20M.%20%282016%29.%20Actualizaci%26%23xF3%3Bn%20del%20cat%26%23xE1%3Blogo%20de%20los%20moluscos%20opistobranquios%20%28Gastropoda%3A%20Heterobranchia%29%20de%20las%20costas%20catalanas.%20%26lt%3Bi%26gt%3BSpira%26lt%3B%5C%2Fi%26gt%3B%2C%20%26lt%3Bi%26gt%3B6%26lt%3B%5C%2Fi%26gt%3B%2C%201-28.%26lt%3B%5C%2Fdiv%26gt%3B%5Cn%26lt%3B%5C%2Fdiv%26gt%3B%22%2C%22data%22%3A%7B%22itemType%22%3A%22journalArticle%22%2C%22title%22%3A%22Actualizaci%5Cu00f3n%20del%20cat%5Cu00e1logo%20de%20los%20moluscos%20opistobranquios%20%28Gastropoda%3A%20Heterobranchia%29%20de%20las%20costas%20catalanas%22%2C%22creators%22%3A%5B%7B%22creatorType%22%3A%22author%22%2C%22firstName%22%3A%22M.%22%2C%22lastName%22%3A%22Ballesteros%22%7D%2C%7B%22creatorType%22%3A%22author%22%2C%22firstName%22%3A%22E.%22%2C%22lastName%22%3A%22Madrenas%22%7D%2C%7B%22creatorType%22%3A%22author%22%2C%22firstName%22%3A%22M.%22%2C%22lastName%22%3A%22Pontes%22%7D%5D%2C%22abstractNote%22%3A%22An%20extension%20of%20the%20checklist%20of%20opisthobranch%20species%20%28Gastropoda%3A%20Heterobranchia%29%20known%20from%20the%20Catalan%20Coasts%20is%20presented%2C%20based%20on%20numerous%20unpublished%20findings%20by%20the%20authors%20and%20reports%20confirmed%20with%20pictures%20posted%20in%20several%20Internet%20platforms.%20A%20total%20of%2053%20species%20are%20added%20to%20the%20previous%20catalog%3A%204%20Cephalaspidea%2C%209%20Runcinacea%2C%203%20Anaspidea%2C%208%20Sacoglossa%20and%2029%20Nudibranchia%20%2811%20Doridacea%2C%2010%20Aeolidacea%2C%202%20Dendronotacea%20and%206%20Cladobranchia%20incertae%20sedis%29.%20Data%20for%20the%20different%20reports%20of%20each%20of%20these%20species%20are%20provided%2C%20along%20with%20some%20biological%2C%20distribution%20or%20taxonomical%20remarks%20of%20interest.%20Finally%2C%20an%20updated%20and%20taxonomically%20sorted%20list%20of%20all%20opisthobranch%20species%20known%20for%20Catalonia%20is%20provided%2C%20including%20a%20total%20of%20257%20species%2C%20of%20which%209%20are%20basal%20Heterobranchia%2C%2035%20Cephalaspidea%2C%2013%20Runcinacea%2C%2010%20Anaspidea%2C%2022%20Sacoglossa%2C%208%20Pleurobranchomorpha%2C%202%20Umbraculida%2C%203%20Gymnosomata%2C%2011%20Thecosomata%20and%20144%20Nudibranchia%20%2866%20Doridacea%2C%2051%20Aeolidida%2C%2012%20Dendronotida%2C%2012%20Cladobranchia%20incertae%20sedis%20and%203%20Euarminida%29.%20With%20all%20the%20new%20data%20reported%20in%20this%20paper%2C%20and%20regarding%20opisthobranch%20mollusks%2C%20the%20Catalan%20Coast%20becomes%20the%20biologically%20most%20diverse%20geographical%20region%20in%20the%20Iberian%20Peninsula.%22%2C%22date%22%3A%222016%22%2C%22section%22%3A%22%22%2C%22partNumber%22%3A%22%22%2C%22partTitle%22%3A%22%22%2C%22DOI%22%3A%22%22%2C%22citationKey%22%3A%22%22%2C%22url%22%3A%22%22%2C%22PMID%22%3A%22%22%2C%22PMCID%22%3A%22%22%2C%22ISSN%22%3A%22%22%2C%22language%22%3A%22%22%2C%22collections%22%3A%5B%2282T5E3QX%22%5D%2C%22dateModified%22%3A%222025-12-15T21%3A59%3A02Z%22%7D%7D%2C%7B%22key%22%3A%22K52ZTG29%22%2C%22library%22%3A%7B%22id%22%3A1246567%7D%2C%22meta%22%3A%7B%22creatorSummary%22%3A%22Ballesteros%20et%20al.%22%2C%22parsedDate%22%3A%222015%22%2C%22numChildren%22%3A0%7D%2C%22bib%22%3A%22%26lt%3Bdiv%20class%3D%26quot%3Bcsl-bib-body%26quot%3B%20style%3D%26quot%3Bline-height%3A%201.35%3B%20padding-left%3A%201em%3B%20text-indent%3A-1em%3B%26quot%3B%26gt%3B%5Cn%20%20%26lt%3Bdiv%20class%3D%26quot%3Bcsl-entry%26quot%3B%26gt%3BBallesteros%2C%20M.%2C%20Pontes%2C%20M.%2C%20Madrenas%2C%20E.%20%282015%29.%20Opisthobranch%20from%20Medes%20Islands%20%28Marine%20Protected%20Area%2C%20Costa%20Brava%2C%20Catalonia%2C%20NE%20Spain%29%3A%2040%20years%20of%20study.%26lt%3B%5C%2Fdiv%26gt%3B%5Cn%26lt%3B%5C%2Fdiv%26gt%3B%22%2C%22data%22%3A%7B%22itemType%22%3A%22presentation%22%2C%22title%22%3A%22Opisthobranch%20from%20Medes%20Islands%20%28Marine%20Protected%20Area%2C%20Costa%20Brava%2C%20Catalonia%2C%20NE%20Spain%29%3A%2040%20years%20of%20study%22%2C%22creators%22%3A%5B%7B%22creatorType%22%3A%22presenter%22%2C%22firstName%22%3A%22M.%22%2C%22lastName%22%3A%22Ballesteros%22%7D%2C%7B%22creatorType%22%3A%22presenter%22%2C%22firstName%22%3A%22M.%22%2C%22lastName%22%3A%22Pontes%22%7D%2C%7B%22creatorType%22%3A%22presenter%22%2C%22firstName%22%3A%22E.%22%2C%22lastName%22%3A%22Madrenas%22%7D%5D%2C%22abstractNote%22%3A%22%22%2C%22date%22%3A%222015%22%2C%22sessionTitle%22%3A%22%22%2C%22DOI%22%3A%22%22%2C%22citationKey%22%3A%22%22%2C%22url%22%3A%22https%3A%5C%2F%5C%2Fwww.facebook.com%5C%2Fpeople%5C%2F5th-International-Workshop-on-Opisthobranchs%5C%2F100072425991990%5C%2F%22%2C%22language%22%3A%22English%22%2C%22collections%22%3A%5B%2282T5E3QX%22%5D%2C%22dateModified%22%3A%222025-12-15T21%3A59%3A02Z%22%7D%7D%2C%7B%22key%22%3A%22US4WQRA3%22%2C%22library%22%3A%7B%22id%22%3A1246567%7D%2C%22meta%22%3A%7B%22creatorSummary%22%3A%22Ballesteros%20et%20al.%22%2C%22parsedDate%22%3A%222026%22%2C%22numChildren%22%3A0%7D%2C%22bib%22%3A%22%26lt%3Bdiv%20class%3D%26quot%3Bcsl-bib-body%26quot%3B%20style%3D%26quot%3Bline-height%3A%201.35%3B%20padding-left%3A%201em%3B%20text-indent%3A-1em%3B%26quot%3B%26gt%3B%5Cn%20%20%26lt%3Bdiv%20class%3D%26quot%3Bcsl-entry%26quot%3B%26gt%3BBallesteros%2C%20M.%2C%20Madrenas%2C%20E.%2C%20Pontes%2C%20M.%20%282026%29.%20OPK%20-%20Opistobranquis.%20Disponible%20en%3A%20%26lt%3Ba%20class%3D%26%23039%3Bzp-ItemURL%26%23039%3B%20target%3D%26%23039%3B_blank%26%23039%3B%20href%3D%26%23039%3Bhttps%3A%5C%2F%5C%2Fopistobranquis.info%5C%2F%26%23039%3B%26gt%3Bhttps%3A%5C%2F%5C%2Fopistobranquis.info%5C%2F%26lt%3B%5C%2Fa%26gt%3B%20%5BAccedido%206%20de%20marzo%20de%202026%5D%26lt%3B%5C%2Fdiv%26gt%3B%5Cn%26lt%3B%5C%2Fdiv%26gt%3B%22%2C%22data%22%3A%7B%22itemType%22%3A%22webpage%22%2C%22title%22%3A%22OPK%20-%20Opistobranquis%22%2C%22creators%22%3A%5B%7B%22creatorType%22%3A%22author%22%2C%22firstName%22%3A%22M.%22%2C%22lastName%22%3A%22Ballesteros%22%7D%2C%7B%22creatorType%22%3A%22author%22%2C%22firstName%22%3A%22E.%22%2C%22lastName%22%3A%22Madrenas%22%7D%2C%7B%22creatorType%22%3A%22author%22%2C%22firstName%22%3A%22M.%22%2C%22lastName%22%3A%22Pontes%22%7D%5D%2C%22abstractNote%22%3A%22A%20website%20about%20the%20Mediterranean%20and%20Iberian%20opisthobranch%20species%2C%20including%20those%20from%20Eastern%20Atlantic%20shores%20and%20archipielagos.%20With%20detailed%20descriptions%2C%20pictures%2C%20videos%2C%20bibliography%20and%20links%20to%20other%20relevant%20websites.%22%2C%22date%22%3A%222026%22%2C%22DOI%22%3A%22%22%2C%22citationKey%22%3A%22%22%2C%22url%22%3A%22https%3A%5C%2F%5C%2Fopistobranquis.info%5C%2F%22%2C%22language%22%3A%22%22%2C%22collections%22%3A%5B%2222WZ5MYR%22%2C%2282T5E3QX%22%5D%2C%22dateModified%22%3A%222026-03-08T18%3A41%3A07Z%22%7D%7D%2C%7B%22key%22%3A%22ID3KAE2E%22%2C%22library%22%3A%7B%22id%22%3A1246567%7D%2C%22meta%22%3A%7B%22creatorSummary%22%3A%22Barletta%22%2C%22parsedDate%22%3A%221981%22%2C%22numChildren%22%3A0%7D%2C%22bib%22%3A%22%26lt%3Bdiv%20class%3D%26quot%3Bcsl-bib-body%26quot%3B%20style%3D%26quot%3Bline-height%3A%201.35%3B%20padding-left%3A%201em%3B%20text-indent%3A-1em%3B%26quot%3B%26gt%3B%5Cn%20%20%26lt%3Bdiv%20class%3D%26quot%3Bcsl-entry%26quot%3B%26gt%3BBarletta%2C%20G.%20%281981%29.%20Gasteropodi%20nudi%20%28Pleurobranchomorpha%2C%20Sacoglossa%2C%20Aplysiomorpha%20e%20Nudibranchia%29%20Consiglio%20Nazionale%20delle%20Richerche%2C%20Guide%20per%20il%20riconoscimento%20delle%20specie%20animali%20delle%20acque%20lagunari%20e%20costiere%20italiane%20AQ%5C%2F1%5C%2F92%2C%203.%20Quaderni%20della%20Civica%20Stazione%20Idrobiologica%20di%20Milano%20%289%29%3A1-124.%26lt%3B%5C%2Fdiv%26gt%3B%5Cn%26lt%3B%5C%2Fdiv%26gt%3B%22%2C%22data%22%3A%7B%22itemType%22%3A%22journalArticle%22%2C%22title%22%3A%22Gasteropodi%20nudi%20%28Pleurobranchomorpha%2C%20Sacoglossa%2C%20Aplysiomorpha%20e%20Nudibranchia%29%20Consiglio%20Nazionale%20delle%20Richerche%2C%20Guide%20per%20il%20riconoscimento%20delle%20specie%20animali%20delle%20acque%20lagunari%20e%20costiere%20italiane%20AQ%5C%2F1%5C%2F92%2C%203.%20Quaderni%20della%20Civica%20Stazione%20Idrobiologica%20di%20Milano%20%289%29%3A1-124.%22%2C%22creators%22%3A%5B%7B%22creatorType%22%3A%22author%22%2C%22firstName%22%3A%22G.%22%2C%22lastName%22%3A%22Barletta%22%7D%5D%2C%22abstractNote%22%3A%22%22%2C%22date%22%3A%221981%22%2C%22section%22%3A%22%22%2C%22partNumber%22%3A%22%22%2C%22partTitle%22%3A%22%22%2C%22DOI%22%3A%22%22%2C%22citationKey%22%3A%22%22%2C%22url%22%3A%22%22%2C%22PMID%22%3A%22%22%2C%22PMCID%22%3A%22%22%2C%22ISSN%22%3A%22%22%2C%22language%22%3A%22%22%2C%22collections%22%3A%5B%2282T5E3QX%22%5D%2C%22dateModified%22%3A%222025-12-15T21%3A59%3A15Z%22%7D%7D%2C%7B%22key%22%3A%22CXGNEJHZ%22%2C%22library%22%3A%7B%22id%22%3A1246567%7D%2C%22meta%22%3A%7B%22creatorSummary%22%3A%22Beaumont%22%2C%22parsedDate%22%3A%221900%22%2C%22numChildren%22%3A0%7D%2C%22bib%22%3A%22%26lt%3Bdiv%20class%3D%26quot%3Bcsl-bib-body%26quot%3B%20style%3D%26quot%3Bline-height%3A%201.35%3B%20padding-left%3A%201em%3B%20text-indent%3A-1em%3B%26quot%3B%26gt%3B%5Cn%20%20%26lt%3Bdiv%20class%3D%26quot%3Bcsl-entry%26quot%3B%26gt%3BBeaumont%2C%20W.%20I.%20%281900%29.%20%26lt%3Bi%26gt%3BPart%20II.%26%23x2013%3BThe%20benthos%20%28dredging%20and%20shore%20collecting%29.%20VII.%26%23x2013%3BReport%20on%20the%20results%20of%20dredging%20and%20shore-%20collecting%3B%20pp%20754-798%2C%20In%3A%20The%20fauna%20and%20flora%20of%20Valencia%20Harbour%20on%20the%20west%20coast%20of%20Ireland.%20Proceedings%20of%20the%20Royal%20Irish%20Academy%2C%20series%203%2C%205%283%29%3A667-854.%26lt%3B%5C%2Fi%26gt%3B%26lt%3B%5C%2Fdiv%26gt%3B%5Cn%26lt%3B%5C%2Fdiv%26gt%3B%22%2C%22data%22%3A%7B%22itemType%22%3A%22book%22%2C%22title%22%3A%22Part%20II.%5Cu2013The%20benthos%20%28dredging%20and%20shore%20collecting%29.%20VII.%5Cu2013Report%20on%20the%20results%20of%20dredging%20and%20shore-%20collecting%3B%20pp%20754-798%2C%20In%3A%20The%20fauna%20and%20flora%20of%20Valencia%20Harbour%20on%20the%20west%20coast%20of%20Ireland.%20Proceedings%20of%20the%20Royal%20Irish%20Academy%2C%20series%203%2C%205%283%29%3A667-854.%22%2C%22creators%22%3A%5B%7B%22creatorType%22%3A%22author%22%2C%22firstName%22%3A%22W.I.%22%2C%22lastName%22%3A%22Beaumont%22%7D%5D%2C%22abstractNote%22%3A%22%22%2C%22date%22%3A%221900%22%2C%22originalDate%22%3A%22%22%2C%22originalPublisher%22%3A%22%22%2C%22originalPlace%22%3A%22%22%2C%22format%22%3A%22%22%2C%22ISBN%22%3A%22%22%2C%22DOI%22%3A%22%22%2C%22citationKey%22%3A%22%22%2C%22url%22%3A%22%22%2C%22ISSN%22%3A%22%22%2C%22language%22%3A%22%22%2C%22collections%22%3A%5B%2282T5E3QX%22%5D%2C%22dateModified%22%3A%222025-02-14T12%3A25%3A23Z%22%7D%7D%2C%7B%22key%22%3A%22E9P25E66%22%2C%22library%22%3A%7B%22id%22%3A1246567%7D%2C%22meta%22%3A%7B%22creatorSummary%22%3A%22Beaumont%22%2C%22parsedDate%22%3A%221900%22%2C%22numChildren%22%3A0%7D%2C%22bib%22%3A%22%26lt%3Bdiv%20class%3D%26quot%3Bcsl-bib-body%26quot%3B%20style%3D%26quot%3Bline-height%3A%201.35%3B%20padding-left%3A%201em%3B%20text-indent%3A-1em%3B%26quot%3B%26gt%3B%5Cn%20%20%26lt%3Bdiv%20class%3D%26quot%3Bcsl-entry%26quot%3B%26gt%3BBeaumont%2C%20W.%20I.%20%281900%29.%20%26lt%3Bi%26gt%3BXII%26%23x2013%3BReport%20on%20the%20opisthobranchiate%20Mollusca%3B%20pp%20832-854%2C%20In%3A%20The%20fauna%20and%20flora%20of%20Valencia%20Harbour%20on%20the%20west%20coast%20of%20Ireland.%20Proceedings%20of%20the%20Royal%20Irish%20Academy%2C%20series%203%2C%205%283%29%3A667-854.%26lt%3B%5C%2Fi%26gt%3B%26lt%3B%5C%2Fdiv%26gt%3B%5Cn%26lt%3B%5C%2Fdiv%26gt%3B%22%2C%22data%22%3A%7B%22itemType%22%3A%22book%22%2C%22title%22%3A%22XII%5Cu2013Report%20on%20the%20opisthobranchiate%20Mollusca%3B%20pp%20832-854%2C%20In%3A%20The%20fauna%20and%20flora%20of%20Valencia%20Harbour%20on%20the%20west%20coast%20of%20Ireland.%20Proceedings%20of%20the%20Royal%20Irish%20Academy%2C%20series%203%2C%205%283%29%3A667-854.%22%2C%22creators%22%3A%5B%7B%22creatorType%22%3A%22author%22%2C%22firstName%22%3A%22W.I.%22%2C%22lastName%22%3A%22Beaumont%22%7D%5D%2C%22abstractNote%22%3A%22%22%2C%22date%22%3A%221900%22%2C%22originalDate%22%3A%22%22%2C%22originalPublisher%22%3A%22%22%2C%22originalPlace%22%3A%22%22%2C%22format%22%3A%22%22%2C%22ISBN%22%3A%22%22%2C%22DOI%22%3A%22%22%2C%22citationKey%22%3A%22%22%2C%22url%22%3A%22http%3A%5C%2F%5C%2Fbooks.google.com%5C%2Fbooks%3Fid%3D415BOzMoAscC%22%2C%22ISSN%22%3A%22%22%2C%22language%22%3A%22%22%2C%22collections%22%3A%5B%2282T5E3QX%22%5D%2C%22dateModified%22%3A%222025-02-14T12%3A25%3A23Z%22%7D%7D%2C%7B%22key%22%3A%22S5JHTP8M%22%2C%22library%22%3A%7B%22id%22%3A1246567%7D%2C%22meta%22%3A%7B%22creatorSummary%22%3A%22Bedot%22%2C%22parsedDate%22%3A%221896%22%2C%22numChildren%22%3A0%7D%2C%22bib%22%3A%22%26lt%3Bdiv%20class%3D%26quot%3Bcsl-bib-body%26quot%3B%20style%3D%26quot%3Bline-height%3A%201.35%3B%20padding-left%3A%201em%3B%20text-indent%3A-1em%3B%26quot%3B%26gt%3B%5Cn%20%20%26lt%3Bdiv%20class%3D%26quot%3Bcsl-entry%26quot%3B%26gt%3BBedot%2C%20M.%20%281896%29.%20Note%20sur%20les%20cellules%20urticantes.%20Revue%20Suisse%20de%20Zoologie%203%284%29%3A533-539%2C%20pl%2018.%26lt%3B%5C%2Fdiv%26gt%3B%5Cn%26lt%3B%5C%2Fdiv%26gt%3B%22%2C%22data%22%3A%7B%22itemType%22%3A%22journalArticle%22%2C%22title%22%3A%22Note%20sur%20les%20cellules%20urticantes.%20Revue%20Suisse%20de%20Zoologie%203%284%29%3A533-539%2C%20pl%2018.%22%2C%22creators%22%3A%5B%7B%22creatorType%22%3A%22author%22%2C%22firstName%22%3A%22M.%22%2C%22lastName%22%3A%22Bedot%22%7D%5D%2C%22abstractNote%22%3A%22%22%2C%22date%22%3A%221896%22%2C%22section%22%3A%22%22%2C%22partNumber%22%3A%22%22%2C%22partTitle%22%3A%22%22%2C%22DOI%22%3A%22%22%2C%22citationKey%22%3A%22%22%2C%22url%22%3A%22%22%2C%22PMID%22%3A%22%22%2C%22PMCID%22%3A%22%22%2C%22ISSN%22%3A%22%22%2C%22language%22%3A%22%22%2C%22collections%22%3A%5B%2282T5E3QX%22%5D%2C%22dateModified%22%3A%222020-04-10T10%3A57%3A10Z%22%7D%7D%2C%7B%22key%22%3A%2245NMNEPD%22%2C%22library%22%3A%7B%22id%22%3A1246567%7D%2C%22meta%22%3A%7B%22creatorSummary%22%3A%22Bedulli%20et%20al.%22%2C%22parsedDate%22%3A%221995%22%2C%22numChildren%22%3A0%7D%2C%22bib%22%3A%22%26lt%3Bdiv%20class%3D%26quot%3Bcsl-bib-body%26quot%3B%20style%3D%26quot%3Bline-height%3A%201.35%3B%20padding-left%3A%201em%3B%20text-indent%3A-1em%3B%26quot%3B%26gt%3B%5Cn%20%20%26lt%3Bdiv%20class%3D%26quot%3Bcsl-entry%26quot%3B%26gt%3BBedulli%2C%20D.%2C%20Cattaneo-Vietti%2C%20R.%2C%20Chemello%2C%20R.%2C%20Ghisotti%2C%20F.%2C%20Giovine%2C%20F.%20%281995%29.%20%26lt%3Bi%26gt%3BGastropoda%20Opisthobranchia%2C%20Divasibranchia%2C%20Gymnomorpha%2C%20Fascicolo%2015%2C%20pp.%201-23.%26%23xA0%3B%20In%3A%20A.%20Minelli%2C%20A.%20Ruffo%2C%20%26amp%3B%20S.%20La%20Posta%20%28Eds.%29.%20Checklist%20delle%20specie%20fauna%20italiana%26lt%3B%5C%2Fi%26gt%3B.%20Calderini.%26lt%3B%5C%2Fdiv%26gt%3B%5Cn%26lt%3B%5C%2Fdiv%26gt%3B%22%2C%22data%22%3A%7B%22itemType%22%3A%22book%22%2C%22title%22%3A%22Gastropoda%20Opisthobranchia%2C%20Divasibranchia%2C%20Gymnomorpha%2C%20Fascicolo%2015%2C%20pp.%201-23.%20%20In%3A%20A.%20Minelli%2C%20A.%20Ruffo%2C%20%26%20S.%20La%20Posta%20%28Eds.%29.%20Checklist%20delle%20specie%20fauna%20italiana%22%2C%22creators%22%3A%5B%7B%22creatorType%22%3A%22author%22%2C%22firstName%22%3A%22Daniele%22%2C%22lastName%22%3A%22Bedulli%22%7D%2C%7B%22creatorType%22%3A%22author%22%2C%22firstName%22%3A%22R.%22%2C%22lastName%22%3A%22Cattaneo-Vietti%22%7D%2C%7B%22creatorType%22%3A%22author%22%2C%22firstName%22%3A%22R.%22%2C%22lastName%22%3A%22Chemello%22%7D%2C%7B%22creatorType%22%3A%22author%22%2C%22firstName%22%3A%22F.%22%2C%22lastName%22%3A%22Ghisotti%22%7D%2C%7B%22creatorType%22%3A%22author%22%2C%22firstName%22%3A%22F.%22%2C%22lastName%22%3A%22Giovine%22%7D%5D%2C%22abstractNote%22%3A%22%22%2C%22date%22%3A%221995%22%2C%22originalDate%22%3A%22%22%2C%22originalPublisher%22%3A%22%22%2C%22originalPlace%22%3A%22%22%2C%22format%22%3A%22%22%2C%22ISBN%22%3A%22%22%2C%22DOI%22%3A%22%22%2C%22citationKey%22%3A%22%22%2C%22url%22%3A%22%22%2C%22ISSN%22%3A%22%22%2C%22language%22%3A%22%22%2C%22collections%22%3A%5B%2282T5E3QX%22%5D%2C%22dateModified%22%3A%222025-12-15T21%3A59%3A42Z%22%7D%7D%2C%7B%22key%22%3A%22VCT3CU7D%22%2C%22library%22%3A%7B%22id%22%3A1246567%7D%2C%22meta%22%3A%7B%22creatorSummary%22%3A%22Behrens%22%2C%22parsedDate%22%3A%221987%22%2C%22numChildren%22%3A0%7D%2C%22bib%22%3A%22%26lt%3Bdiv%20class%3D%26quot%3Bcsl-bib-body%26quot%3B%20style%3D%26quot%3Bline-height%3A%201.35%3B%20padding-left%3A%201em%3B%20text-indent%3A-1em%3B%26quot%3B%26gt%3B%5Cn%20%20%26lt%3Bdiv%20class%3D%26quot%3Bcsl-entry%26quot%3B%26gt%3BBehrens%2C%20D.%20W.%20%281987%29.%20Two%20new%20aeolid%20nudibranchs%20from%20southern%20California.%20Veliger%2030%281%29%3A82-89.%26lt%3B%5C%2Fdiv%26gt%3B%5Cn%26lt%3B%5C%2Fdiv%26gt%3B%22%2C%22data%22%3A%7B%22itemType%22%3A%22journalArticle%22%2C%22title%22%3A%22Two%20new%20aeolid%20nudibranchs%20from%20southern%20California.%20Veliger%2030%281%29%3A82-89.%22%2C%22creators%22%3A%5B%7B%22creatorType%22%3A%22author%22%2C%22firstName%22%3A%22D.W.%22%2C%22lastName%22%3A%22Behrens%22%7D%5D%2C%22abstractNote%22%3A%22%22%2C%22date%22%3A%221987%22%2C%22section%22%3A%22%22%2C%22partNumber%22%3A%22%22%2C%22partTitle%22%3A%22%22%2C%22DOI%22%3A%22%22%2C%22citationKey%22%3A%22%22%2C%22url%22%3A%22%22%2C%22PMID%22%3A%22%22%2C%22PMCID%22%3A%22%22%2C%22ISSN%22%3A%22%22%2C%22language%22%3A%22%22%2C%22collections%22%3A%5B%2282T5E3QX%22%5D%2C%22dateModified%22%3A%222020-04-10T10%3A57%3A10Z%22%7D%7D%2C%7B%22key%22%3A%22I727JVJE%22%2C%22library%22%3A%7B%22id%22%3A1246567%7D%2C%22meta%22%3A%7B%22creatorSummary%22%3A%22Bergh%22%2C%22parsedDate%22%3A%221868%22%2C%22numChildren%22%3A0%7D%2C%22bib%22%3A%22%26lt%3Bdiv%20class%3D%26quot%3Bcsl-bib-body%26quot%3B%20style%3D%26quot%3Bline-height%3A%201.35%3B%20padding-left%3A%201em%3B%20text-indent%3A-1em%3B%26quot%3B%26gt%3B%5Cn%20%20%26lt%3Bdiv%20class%3D%26quot%3Bcsl-entry%26quot%3B%26gt%3BBergh%2C%20L.%20S.%20R.%20%281868%29.%20Anatomiske%20Bidrag%20til%20kundskab%20om%20aeolidierne.%20Det%20Kongelige%20Danske%20Videnskabernes%20Selskabs%20Skrifter.%20Femte%20Raekke%2C%20Naturvidenskabelig%20og%20Mathematisk%20Afdeling%20Kjobenhavn%207%3A139-316%2C%20pls.%20I-IX.%26lt%3B%5C%2Fdiv%26gt%3B%5Cn%26lt%3B%5C%2Fdiv%26gt%3B%22%2C%22data%22%3A%7B%22itemType%22%3A%22journalArticle%22%2C%22title%22%3A%22Anatomiske%20Bidrag%20til%20kundskab%20om%20aeolidierne.%20Det%20Kongelige%20Danske%20Videnskabernes%20Selskabs%20Skrifter.%20Femte%20Raekke%2C%20Naturvidenskabelig%20og%20Mathematisk%20Afdeling%20Kjobenhavn%207%3A139-316%2C%20pls.%20I-IX.%22%2C%22creators%22%3A%5B%7B%22creatorType%22%3A%22author%22%2C%22firstName%22%3A%22L.S.R.%22%2C%22lastName%22%3A%22Bergh%22%7D%5D%2C%22abstractNote%22%3A%22%22%2C%22date%22%3A%221868%22%2C%22section%22%3A%22%22%2C%22partNumber%22%3A%22%22%2C%22partTitle%22%3A%22%22%2C%22DOI%22%3A%22%22%2C%22citationKey%22%3A%22%22%2C%22url%22%3A%22%22%2C%22PMID%22%3A%22%22%2C%22PMCID%22%3A%22%22%2C%22ISSN%22%3A%22%22%2C%22language%22%3A%22%22%2C%22collections%22%3A%5B%2282T5E3QX%22%5D%2C%22dateModified%22%3A%222020-04-10T10%3A57%3A27Z%22%7D%7D%2C%7B%22key%22%3A%227TSNJMRE%22%2C%22library%22%3A%7B%22id%22%3A1246567%7D%2C%22meta%22%3A%7B%22creatorSummary%22%3A%22Bergh%22%2C%22parsedDate%22%3A%221887%22%2C%22numChildren%22%3A0%7D%2C%22bib%22%3A%22%26lt%3Bdiv%20class%3D%26quot%3Bcsl-bib-body%26quot%3B%20style%3D%26quot%3Bline-height%3A%201.35%3B%20padding-left%3A%201em%3B%20text-indent%3A-1em%3B%26quot%3B%26gt%3B%5Cn%20%20%26lt%3Bdiv%20class%3D%26quot%3Bcsl-entry%26quot%3B%26gt%3BBergh%2C%20L.%20S.%20R.%20%281887%29.%20VIII.%20Die%20Nudibranchien%20Gesammelt%20warhrend%20der%20fahrten%20des%20%26%23x201C%3BWillem-Barents%26%23x201D%3B%20in%20das%20n%26%23xF6%3Brdliche%20Eismeer.%20%26lt%3Bi%26gt%3BBijdragen%20tot%20de%20Dierkunde%20afleverung%2C%20Amsterdam.%20Onderzoekingstochter%20van%26%23xA0%3B%20de%20%26%23x201C%3BWillem-Barents%26%23x201D%3B%20Exped.%20Gedeelte%2013%284%29%3A1-37%2C%20pls.%201-3.%26lt%3B%5C%2Fi%26gt%3B%26lt%3B%5C%2Fdiv%26gt%3B%5Cn%26lt%3B%5C%2Fdiv%26gt%3B%22%2C%22data%22%3A%7B%22itemType%22%3A%22journalArticle%22%2C%22title%22%3A%22VIII.%20Die%20Nudibranchien%20Gesammelt%20warhrend%20der%20fahrten%20des%20%5Cu201cWillem-Barents%5Cu201d%20in%20das%20n%5Cu00f6rdliche%20Eismeer%22%2C%22creators%22%3A%5B%7B%22creatorType%22%3A%22author%22%2C%22firstName%22%3A%22L.S.R.%22%2C%22lastName%22%3A%22Bergh%22%7D%5D%2C%22abstractNote%22%3A%22%22%2C%22date%22%3A%221887%22%2C%22section%22%3A%22%22%2C%22partNumber%22%3A%22%22%2C%22partTitle%22%3A%22%22%2C%22DOI%22%3A%22%22%2C%22citationKey%22%3A%22%22%2C%22url%22%3A%22%22%2C%22PMID%22%3A%22%22%2C%22PMCID%22%3A%22%22%2C%22ISSN%22%3A%22%22%2C%22language%22%3A%22%22%2C%22collections%22%3A%5B%2282T5E3QX%22%5D%2C%22dateModified%22%3A%222020-04-10T10%3A58%3A47Z%22%7D%7D%2C%7B%22key%22%3A%229VXFNRZT%22%2C%22library%22%3A%7B%22id%22%3A1246567%7D%2C%22meta%22%3A%7B%22creatorSummary%22%3A%22Bergh%22%2C%22parsedDate%22%3A%221873%22%2C%22numChildren%22%3A0%7D%2C%22bib%22%3A%22%26lt%3Bdiv%20class%3D%26quot%3Bcsl-bib-body%26quot%3B%20style%3D%26quot%3Bline-height%3A%201.35%3B%20padding-left%3A%201em%3B%20text-indent%3A-1em%3B%26quot%3B%26gt%3B%5Cn%20%20%26lt%3Bdiv%20class%3D%26quot%3Bcsl-entry%26quot%3B%26gt%3BBergh%2C%20L.%20S.%20R.%20%281873%29.%20Beitrage%20zur%20Kenntniss%20der%20Aeolidiaden.%20I.%20Verhandlungen%20der%20koniglich-kaiserlich%20Zoologisch-botanischen%20Gesellschaft%20in%20Wien%20%28Abhandlungen%29%2023%284%29%3A597-628%2C%20pls.%207-10.%26lt%3B%5C%2Fdiv%26gt%3B%5Cn%26lt%3B%5C%2Fdiv%26gt%3B%22%2C%22data%22%3A%7B%22itemType%22%3A%22journalArticle%22%2C%22title%22%3A%22Beitrage%20zur%20Kenntniss%20der%20Aeolidiaden.%20I.%20Verhandlungen%20der%20koniglich-kaiserlich%20Zoologisch-botanischen%20Gesellschaft%20in%20Wien%20%28Abhandlungen%29%2023%284%29%3A597-628%2C%20pls.%207-10.%22%2C%22creators%22%3A%5B%7B%22creatorType%22%3A%22author%22%2C%22firstName%22%3A%22L.S.R.%22%2C%22lastName%22%3A%22Bergh%22%7D%5D%2C%22abstractNote%22%3A%22%22%2C%22date%22%3A%221873%22%2C%22section%22%3A%22%22%2C%22partNumber%22%3A%22%22%2C%22partTitle%22%3A%22%22%2C%22DOI%22%3A%22%22%2C%22citationKey%22%3A%22%22%2C%22url%22%3A%22%22%2C%22PMID%22%3A%22%22%2C%22PMCID%22%3A%22%22%2C%22ISSN%22%3A%22%22%2C%22language%22%3A%22%22%2C%22collections%22%3A%5B%2282T5E3QX%22%5D%2C%22dateModified%22%3A%222020-04-10T10%3A58%3A47Z%22%7D%7D%2C%7B%22key%22%3A%22ZQ6B6RWI%22%2C%22library%22%3A%7B%22id%22%3A1246567%7D%2C%22meta%22%3A%7B%22creatorSummary%22%3A%22Bergh%22%2C%22parsedDate%22%3A%221877%22%2C%22numChildren%22%3A0%7D%2C%22bib%22%3A%22%26lt%3Bdiv%20class%3D%26quot%3Bcsl-bib-body%26quot%3B%20style%3D%26quot%3Bline-height%3A%201.35%3B%20padding-left%3A%201em%3B%20text-indent%3A-1em%3B%26quot%3B%26gt%3B%5Cn%20%20%26lt%3Bdiv%20class%3D%26quot%3Bcsl-entry%26quot%3B%26gt%3BBergh%2C%20L.%20S.%20R.%20%281877%29.%20Beitrage%20zur%20kenntniss%20der%20Aeolidiaden.%20V.%20Verhandlungen%20der%20koniglich-kaiserlich%20Zoologisch-botanischen%20Gesellschaft%20in%20Wien%20%28Abhandlungen%29%2027%3A807-840%2C%20pls.%2011-13.%26lt%3B%5C%2Fdiv%26gt%3B%5Cn%26lt%3B%5C%2Fdiv%26gt%3B%22%2C%22data%22%3A%7B%22itemType%22%3A%22journalArticle%22%2C%22title%22%3A%22Beitrage%20zur%20kenntniss%20der%20Aeolidiaden.%20V.%20Verhandlungen%20der%20koniglich-kaiserlich%20Zoologisch-botanischen%20Gesellschaft%20in%20Wien%20%28Abhandlungen%29%2027%3A807-840%2C%20pls.%2011-13.%22%2C%22creators%22%3A%5B%7B%22creatorType%22%3A%22author%22%2C%22firstName%22%3A%22L.S.R.%22%2C%22lastName%22%3A%22Bergh%22%7D%5D%2C%22abstractNote%22%3A%22%22%2C%22date%22%3A%221877%22%2C%22section%22%3A%22%22%2C%22partNumber%22%3A%22%22%2C%22partTitle%22%3A%22%22%2C%22DOI%22%3A%22%22%2C%22citationKey%22%3A%22%22%2C%22url%22%3A%22%22%2C%22PMID%22%3A%22%22%2C%22PMCID%22%3A%22%22%2C%22ISSN%22%3A%22%22%2C%22language%22%3A%22%22%2C%22collections%22%3A%5B%2282T5E3QX%22%5D%2C%22dateModified%22%3A%222020-04-10T10%3A58%3A47Z%22%7D%7D%2C%7B%22key%22%3A%22RAPNK86T%22%2C%22library%22%3A%7B%22id%22%3A1246567%7D%2C%22meta%22%3A%7B%22creatorSummary%22%3A%22Bergh%22%2C%22parsedDate%22%3A%221882%22%2C%22numChildren%22%3A0%7D%2C%22bib%22%3A%22%26lt%3Bdiv%20class%3D%26quot%3Bcsl-bib-body%26quot%3B%20style%3D%26quot%3Bline-height%3A%201.35%3B%20padding-left%3A%201em%3B%20text-indent%3A-1em%3B%26quot%3B%26gt%3B%5Cn%20%20%26lt%3Bdiv%20class%3D%26quot%3Bcsl-entry%26quot%3B%26gt%3BBergh%2C%20L.%20S.%20R.%20%281882%29.%20Beitrage%20zur%20Kenntniss%20der%20Aeolidiaden.%20VII.%20%26lt%3Bi%26gt%3BVerhandlungen%20der%20koniglich-kaiserlich%20Zoologisch-botanischen%20Gesellschaft%20in%20Wien%20%28Abhandlungen%29%2032%3A7-74%2C%20pls.%201-6.%26lt%3B%5C%2Fi%26gt%3B%26lt%3B%5C%2Fdiv%26gt%3B%5Cn%26lt%3B%5C%2Fdiv%26gt%3B%22%2C%22data%22%3A%7B%22itemType%22%3A%22journalArticle%22%2C%22title%22%3A%22Beitrage%20zur%20Kenntniss%20der%20Aeolidiaden.%20VII.%22%2C%22creators%22%3A%5B%7B%22creatorType%22%3A%22author%22%2C%22firstName%22%3A%22L.S.R.%22%2C%22lastName%22%3A%22Bergh%22%7D%5D%2C%22abstractNote%22%3A%22%22%2C%22date%22%3A%221882%22%2C%22section%22%3A%22%22%2C%22partNumber%22%3A%22%22%2C%22partTitle%22%3A%22%22%2C%22DOI%22%3A%22%22%2C%22citationKey%22%3A%22%22%2C%22url%22%3A%22%22%2C%22PMID%22%3A%22%22%2C%22PMCID%22%3A%22%22%2C%22ISSN%22%3A%22%22%2C%22language%22%3A%22%22%2C%22collections%22%3A%5B%2282T5E3QX%22%5D%2C%22dateModified%22%3A%222023-02-17T17%3A15%3A31Z%22%7D%7D%2C%7B%22key%22%3A%22ZA4RMR6M%22%2C%22library%22%3A%7B%22id%22%3A1246567%7D%2C%22meta%22%3A%7B%22creatorSummary%22%3A%22Bergh%22%2C%22parsedDate%22%3A%221890%22%2C%22numChildren%22%3A0%7D%2C%22bib%22%3A%22%26lt%3Bdiv%20class%3D%26quot%3Bcsl-bib-body%26quot%3B%20style%3D%26quot%3Bline-height%3A%201.35%3B%20padding-left%3A%201em%3B%20text-indent%3A-1em%3B%26quot%3B%26gt%3B%5Cn%20%20%26lt%3Bdiv%20class%3D%26quot%3Bcsl-entry%26quot%3B%26gt%3BBergh%2C%20L.%20S.%20R.%20%281890%29.%20Die%20cladohepatischen%20Nudibranchien.%20Zoologische%20Jahrbucher%2C%20Abtheilung%20fur%20Systematik%20Geographie%20und%20Biologie%20der%20Thiere%205%3A1-75.%26lt%3B%5C%2Fdiv%26gt%3B%5Cn%26lt%3B%5C%2Fdiv%26gt%3B%22%2C%22data%22%3A%7B%22itemType%22%3A%22journalArticle%22%2C%22title%22%3A%22Die%20cladohepatischen%20Nudibranchien.%20Zoologische%20Jahrbucher%2C%20Abtheilung%20fur%20Systematik%20Geographie%20und%20Biologie%20der%20Thiere%205%3A1-75.%22%2C%22creators%22%3A%5B%7B%22creatorType%22%3A%22author%22%2C%22firstName%22%3A%22L.S.R.%22%2C%22lastName%22%3A%22Bergh%22%7D%5D%2C%22abstractNote%22%3A%22%22%2C%22date%22%3A%221890%22%2C%22section%22%3A%22%22%2C%22partNumber%22%3A%22%22%2C%22partTitle%22%3A%22%22%2C%22DOI%22%3A%22%22%2C%22citationKey%22%3A%22%22%2C%22url%22%3A%22%22%2C%22PMID%22%3A%22%22%2C%22PMCID%22%3A%22%22%2C%22ISSN%22%3A%22%22%2C%22language%22%3A%22%22%2C%22collections%22%3A%5B%2282T5E3QX%22%5D%2C%22dateModified%22%3A%222023-07-24T11%3A50%3A07Z%22%7D%7D%2C%7B%22key%22%3A%225NB5M3ZR%22%2C%22library%22%3A%7B%22id%22%3A1246567%7D%2C%22meta%22%3A%7B%22creatorSummary%22%3A%22Bergh%22%2C%22parsedDate%22%3A%221908%22%2C%22numChildren%22%3A0%7D%2C%22bib%22%3A%22%26lt%3Bdiv%20class%3D%26quot%3Bcsl-bib-body%26quot%3B%20style%3D%26quot%3Bline-height%3A%201.35%3B%20padding-left%3A%201em%3B%20text-indent%3A-1em%3B%26quot%3B%26gt%3B%5Cn%20%20%26lt%3Bdiv%20class%3D%26quot%3Bcsl-entry%26quot%3B%26gt%3BBergh%2C%20L.%20S.%20R.%20%281908%29.%20%26lt%3Bi%26gt%3BMalacologische%20Untersuchungen%2C%20In%3A%20Reisen%20im%20Archipel%20der%20Philippinen%20von%20Dr%20Carl%20Gottfried%20Semper.%20Zweiter%20Theil.%20Wissenschaftliche%20Resultate.%20Band%209%2C%20Theil%206%2C%20Heft%203%3B%20pp%20119-181%2C%20pls.%209-12.%26lt%3B%5C%2Fi%26gt%3B%26lt%3B%5C%2Fdiv%26gt%3B%5Cn%26lt%3B%5C%2Fdiv%26gt%3B%22%2C%22data%22%3A%7B%22itemType%22%3A%22book%22%2C%22title%22%3A%22Malacologische%20Untersuchungen%2C%20In%3A%20Reisen%20im%20Archipel%20der%20Philippinen%20von%20Dr%20Carl%20Gottfried%20Semper.%20Zweiter%20Theil.%20Wissenschaftliche%20Resultate.%20Band%209%2C%20Theil%206%2C%20Heft%203%3B%20pp%20119-181%2C%20pls.%209-12.%22%2C%22creators%22%3A%5B%7B%22creatorType%22%3A%22author%22%2C%22firstName%22%3A%22L.S.R.%22%2C%22lastName%22%3A%22Bergh%22%7D%5D%2C%22abstractNote%22%3A%22%22%2C%22date%22%3A%221908%22%2C%22originalDate%22%3A%22%22%2C%22originalPublisher%22%3A%22%22%2C%22originalPlace%22%3A%22%22%2C%22format%22%3A%22%22%2C%22ISBN%22%3A%22%22%2C%22DOI%22%3A%22%22%2C%22citationKey%22%3A%22%22%2C%22url%22%3A%22%22%2C%22ISSN%22%3A%22%22%2C%22language%22%3A%22%22%2C%22collections%22%3A%5B%2282T5E3QX%22%5D%2C%22dateModified%22%3A%222025-02-14T12%3A25%3A22Z%22%7D%7D%2C%7B%22key%22%3A%22GA35RD4B%22%2C%22library%22%3A%7B%22id%22%3A1246567%7D%2C%22meta%22%3A%7B%22creatorSummary%22%3A%22Bergh%22%2C%22parsedDate%22%3A%221892%22%2C%22numChildren%22%3A0%7D%2C%22bib%22%3A%22%26lt%3Bdiv%20class%3D%26quot%3Bcsl-bib-body%26quot%3B%20style%3D%26quot%3Bline-height%3A%201.35%3B%20padding-left%3A%201em%3B%20text-indent%3A-1em%3B%26quot%3B%26gt%3B%5Cn%20%20%26lt%3Bdiv%20class%3D%26quot%3Bcsl-entry%26quot%3B%26gt%3BBergh%2C%20R.%20%281892%29.%20%26lt%3Bi%26gt%3BSystem%20der%20Nudibranchiaten%20Gasteropoden%26lt%3B%5C%2Fi%26gt%3B.%20Malacologische%20Untersuchungen.%20In%3A%20Reisen%20im%20Archipel%20der%20Philippinen%20von%20Dr.%20Carl%20Gottfried%20Semper.%20Zweiter%20Theil%23Wissenschaftliche%20Resultate.%20Band%207%2C%20Theil%205.%20%5Bpp.%201%26%23x2013%3B51%2C%20pls%201%26%23x2013%3B4%2C%20Mar.%201897%3B%20pp.%2053%26%23x2013%3B115%2C%20pls%205%26%23x2013%3B8%2C%20Dec.%201897%3B%20pp.%20117%26%23x2013%3B158%2C%20pls%209%26%23x2013%3B12%2C%20Nov.%201898%3B%20pp.%20159%26%23x2013%3B208%2C%20pls%2013%26%23x2013%3B16%2C%2027%20Mar.%201900%3B%20pp.%20209%26%23x2013%3B256%2C%20pls%2017%26%23x2013%3B20%2C%2029%20Jan.%201901%3B%20pp.%20257%26%23x2013%3B312%2C%20pls.%2021%26%23x2013%3B24%2C%2015%20Oct.%201901%3B%20pp.%20313%26%23x2013%3B382%2C%20pls%2025%26%23x2013%3B29%2C%207%20Oct.%201902%5D.%26lt%3B%5C%2Fdiv%26gt%3B%5Cn%26lt%3B%5C%2Fdiv%26gt%3B%22%2C%22data%22%3A%7B%22itemType%22%3A%22book%22%2C%22title%22%3A%22System%20der%20Nudibranchiaten%20Gasteropoden%22%2C%22creators%22%3A%5B%7B%22creatorType%22%3A%22author%22%2C%22firstName%22%3A%22Rudolph%22%2C%22lastName%22%3A%22Bergh%22%7D%5D%2C%22abstractNote%22%3A%22%22%2C%22date%22%3A%221892%22%2C%22originalDate%22%3A%22%22%2C%22originalPublisher%22%3A%22%22%2C%22originalPlace%22%3A%22%22%2C%22format%22%3A%22%22%2C%22ISBN%22%3A%22%22%2C%22DOI%22%3A%22%22%2C%22citationKey%22%3A%22%22%2C%22url%22%3A%22%22%2C%22ISSN%22%3A%22%22%2C%22language%22%3A%22%22%2C%22collections%22%3A%5B%2282T5E3QX%22%5D%2C%22dateModified%22%3A%222025-12-15T21%3A59%3A42Z%22%7D%7D%2C%7B%22key%22%3A%22MWM9RSNF%22%2C%22library%22%3A%7B%22id%22%3A1246567%7D%2C%22meta%22%3A%7B%22creatorSummary%22%3A%22Bergh%22%2C%22parsedDate%22%3A%221878%22%2C%22numChildren%22%3A0%7D%2C%22bib%22%3A%22%26lt%3Bdiv%20class%3D%26quot%3Bcsl-bib-body%26quot%3B%20style%3D%26quot%3Bline-height%3A%201.35%3B%20padding-left%3A%201em%3B%20text-indent%3A-1em%3B%26quot%3B%26gt%3B%5Cn%20%20%26lt%3Bdiv%20class%3D%26quot%3Bcsl-entry%26quot%3B%26gt%3BBergh%2C%20L.%20S.%20R.%20%281878%29.%20%26lt%3Bi%26gt%3BMalacologische%20Untersuchungen%2C%20In%3A%20Reisen%20im%20Archipel%20der%20Philippinen%20von%20Dr%20Carl%20Gottfried%20Semper.%20Zweiter%20Theil.%20Wissenschaftliche%20Resultate.%20Band%202%2C%20Theil%202%2C%20Heft%2014%3B%20pp%20603-645%2C%20I-L%2C%20pls.%2066-68.%26lt%3B%5C%2Fi%26gt%3B%26lt%3B%5C%2Fdiv%26gt%3B%5Cn%26lt%3B%5C%2Fdiv%26gt%3B%22%2C%22data%22%3A%7B%22itemType%22%3A%22book%22%2C%22title%22%3A%22Malacologische%20Untersuchungen%2C%20In%3A%20Reisen%20im%20Archipel%20der%20Philippinen%20von%20Dr%20Carl%20Gottfried%20Semper.%20Zweiter%20Theil.%20Wissenschaftliche%20Resultate.%20Band%202%2C%20Theil%202%2C%20Heft%2014%3B%20pp%20603-645%2C%20I-L%2C%20pls.%2066-68.%22%2C%22creators%22%3A%5B%7B%22creatorType%22%3A%22author%22%2C%22firstName%22%3A%22L.S.R.%22%2C%22lastName%22%3A%22Bergh%22%7D%5D%2C%22abstractNote%22%3A%22%22%2C%22date%22%3A%221878%22%2C%22originalDate%22%3A%22%22%2C%22originalPublisher%22%3A%22%22%2C%22originalPlace%22%3A%22%22%2C%22format%22%3A%22%22%2C%22ISBN%22%3A%22%22%2C%22DOI%22%3A%22%22%2C%22citationKey%22%3A%22%22%2C%22url%22%3A%22%22%2C%22ISSN%22%3A%22%22%2C%22language%22%3A%22%22%2C%22collections%22%3A%5B%2282T5E3QX%22%5D%2C%22dateModified%22%3A%222025-12-15T22%3A38%3A30Z%22%7D%7D%2C%7B%22key%22%3A%22Z5J826HY%22%2C%22library%22%3A%7B%22id%22%3A1246567%7D%2C%22meta%22%3A%7B%22creatorSummary%22%3A%22Betti%20et%20al.%22%2C%22parsedDate%22%3A%222021%22%2C%22numChildren%22%3A0%7D%2C%22bib%22%3A%22%26lt%3Bdiv%20class%3D%26quot%3Bcsl-bib-body%26quot%3B%20style%3D%26quot%3Bline-height%3A%201.35%3B%20padding-left%3A%201em%3B%20text-indent%3A-1em%3B%26quot%3B%26gt%3B%5Cn%20%20%26lt%3Bdiv%20class%3D%26quot%3Bcsl-entry%26quot%3B%26gt%3BBetti%2C%20F.%2C%20Bavestrello%2C%20G.%2C%20Cattaneo-Vietti%2C%20R.%20%282021%29.%20Preliminary%20evidence%20of%20fluorescence%20in%20Mediterranean%20heterobranchs.%20%26lt%3Bi%26gt%3BJournal%20of%20Molluscan%20Studies%26lt%3B%5C%2Fi%26gt%3B%2C%20%26lt%3Bi%26gt%3B87%26lt%3B%5C%2Fi%26gt%3B%2C%20eyaa040.%20%26lt%3Ba%20class%3D%26%23039%3Bzp-DOIURL%26%23039%3B%20target%3D%26%23039%3B_blank%26%23039%3B%20href%3D%26%23039%3Bhttps%3A%5C%2F%5C%2Fdoi.org%5C%2F10.1093%5C%2Fmollus%5C%2Feyaa040%26%23039%3B%26gt%3Bhttps%3A%5C%2F%5C%2Fdoi.org%5C%2F10.1093%5C%2Fmollus%5C%2Feyaa040%26lt%3B%5C%2Fa%26gt%3B%26lt%3B%5C%2Fdiv%26gt%3B%5Cn%26lt%3B%5C%2Fdiv%26gt%3B%22%2C%22data%22%3A%7B%22itemType%22%3A%22journalArticle%22%2C%22title%22%3A%22Preliminary%20evidence%20of%20fluorescence%20in%20Mediterranean%20heterobranchs%22%2C%22creators%22%3A%5B%7B%22creatorType%22%3A%22author%22%2C%22firstName%22%3A%22F.%22%2C%22lastName%22%3A%22Betti%22%7D%2C%7B%22creatorType%22%3A%22author%22%2C%22firstName%22%3A%22G.%22%2C%22lastName%22%3A%22Bavestrello%22%7D%2C%7B%22creatorType%22%3A%22author%22%2C%22firstName%22%3A%22R.%22%2C%22lastName%22%3A%22Cattaneo-Vietti%22%7D%5D%2C%22abstractNote%22%3A%22Biofluorescence%2C%20the%20ability%20to%20exploit%20light%20with%20short%20wavelengths%2C%20such%20as%20ultraviolet%20%28UV%29%20and%20blue%2C%20and%20re-emit%20it%20with%20lower%20energy%20and%20longer%20wavelengths%2C%20is%20considered%20a%20widespread%20phenomenon%20among%20marine%20animals%20and%20has%20many%20ecological%20roles%20in%20intra-%20and%20interspecific%20communication.%20Heterobranch%20sea%20slugs%20are%20believed%20to%20rely%20almost%20exclusively%20on%20their%20colour%20patterns%20for%20survival%2C%20with%20coloration%20serving%20as%20camouflage%20or%20as%20a%20warning%20to%20predators%20of%20heterobranch%20toxicity%20%28aposematic%20coloration%29.%20Since%20solar%20light%20is%20progressively%20absorbed%20by%20seawater%20with%20a%20constant%20loss%20of%20longer%20wavelengths%2C%20it%20is%20unclear%20how%20heterobranch%20coloration%20canmaintain%20its%20ecological%20role%20below%20the%20water%20surface.%20The%20present%20study%20investigates%2C%20for%20the%20first%20time%2C%20in%20situ%20biofluorescence%20in%2053%20species%20of%20Mediterranean%20Heterobranchia%20to%20determine%20whether%20these%20animals%20rely%20on%20light%20emission%20to%20enhance%20the%20visibility%20of%20their%20colour%20patterns.%20The%20ability%20to%20fluoresce%20when%20illuminated%20by%20UV%20and%20blue%20light%20%28wavelengths%20%26lt%3B470%20nm%29%20appeared%20to%20be%20quite%20widespread%20among%20nudibranchs%20%28i.e.%20found%20in%20c.%20one-third%20of%20the%20encountered%20species%29%2C%20while%20no%20evidence%20of%20light%20emission%20was%20found%20in%20non-nudibranch%20heterobranchs.%20The%20majority%20of%20fluorescent%20species%20were%20Cladobranchia%20belonging%20to%20the%20superfamilies%20Fionoidea%20and%20Aeolidioidea.%20Nudibranchs%20fluoresced%20in%20four%20different%20colours%2C%20with%20green%20being%20the%20most%20common.%20Light%20emission%20was%20often%20restricted%20to%20particular%20body%20regions%2C%20such%20as%20the%20cerata%20of%20Cladobranchia.%20These%20preliminary%20data%20might%20indicate%20that%20fluorescence%20plays%20an%20essential%20role%20in%20the%20enhancement%20of%20nudibranch%20aposematic%20coloration.%22%2C%22date%22%3A%222021%22%2C%22section%22%3A%22%22%2C%22partNumber%22%3A%22%22%2C%22partTitle%22%3A%22%22%2C%22DOI%22%3A%2210.1093%5C%2Fmollus%5C%2Feyaa040%22%2C%22citationKey%22%3A%22%22%2C%22url%22%3A%22%22%2C%22PMID%22%3A%22%22%2C%22PMCID%22%3A%22%22%2C%22ISSN%22%3A%22%22%2C%22language%22%3A%22%22%2C%22collections%22%3A%5B%2282T5E3QX%22%5D%2C%22dateModified%22%3A%222025-12-15T21%3A57%3A21Z%22%7D%7D%2C%7B%22key%22%3A%2269ANZ7W3%22%2C%22library%22%3A%7B%22id%22%3A1246567%7D%2C%22meta%22%3A%7B%22creatorSummary%22%3A%22Bielecki%20et%20al.%22%2C%22parsedDate%22%3A%222011%22%2C%22numChildren%22%3A0%7D%2C%22bib%22%3A%22%26lt%3Bdiv%20class%3D%26quot%3Bcsl-bib-body%26quot%3B%20style%3D%26quot%3Bline-height%3A%201.35%3B%20padding-left%3A%201em%3B%20text-indent%3A-1em%3B%26quot%3B%26gt%3B%5Cn%20%20%26lt%3Bdiv%20class%3D%26quot%3Bcsl-entry%26quot%3B%26gt%3BBielecki%2C%20S.%2C%20Cavignaux%2C%20G.%2C%20Crouzet%2C%20J.%20M.%2C%20Grall%2C%20S.%20%282011%29.%20%26lt%3Bi%26gt%3BDes%20limaces%20de%20r%26%23xEA%3Bve%26lt%3B%5C%2Fi%26gt%3B%26lt%3B%5C%2Fdiv%26gt%3B%5Cn%26lt%3B%5C%2Fdiv%26gt%3B%22%2C%22data%22%3A%7B%22itemType%22%3A%22book%22%2C%22title%22%3A%22Des%20limaces%20de%20r%5Cu00eave%22%2C%22creators%22%3A%5B%7B%22creatorType%22%3A%22author%22%2C%22firstName%22%3A%22S.%22%2C%22lastName%22%3A%22Bielecki%22%7D%2C%7B%22creatorType%22%3A%22author%22%2C%22firstName%22%3A%22G.%22%2C%22lastName%22%3A%22Cavignaux%22%7D%2C%7B%22creatorType%22%3A%22author%22%2C%22firstName%22%3A%22J.M.%22%2C%22lastName%22%3A%22Crouzet%22%7D%2C%7B%22creatorType%22%3A%22author%22%2C%22firstName%22%3A%22S.%22%2C%22lastName%22%3A%22Grall%22%7D%5D%2C%22abstractNote%22%3A%22%22%2C%22date%22%3A%222011%22%2C%22originalDate%22%3A%22%22%2C%22originalPublisher%22%3A%22%22%2C%22originalPlace%22%3A%22%22%2C%22format%22%3A%22%22%2C%22ISBN%22%3A%22978-2-7466-2698-0%22%2C%22DOI%22%3A%22%22%2C%22citationKey%22%3A%22%22%2C%22url%22%3A%22%22%2C%22ISSN%22%3A%22%22%2C%22language%22%3A%22%22%2C%22collections%22%3A%5B%2282T5E3QX%22%5D%2C%22dateModified%22%3A%222025-12-15T21%3A59%3A02Z%22%7D%7D%2C%7B%22key%22%3A%224AHRET63%22%2C%22library%22%3A%7B%22id%22%3A1246567%7D%2C%22meta%22%3A%7B%22creatorSummary%22%3A%22Brown%20and%20Picton%22%2C%22parsedDate%22%3A%221979%22%2C%22numChildren%22%3A0%7D%2C%22bib%22%3A%22%26lt%3Bdiv%20class%3D%26quot%3Bcsl-bib-body%26quot%3B%20style%3D%26quot%3Bline-height%3A%201.35%3B%20padding-left%3A%201em%3B%20text-indent%3A-1em%3B%26quot%3B%26gt%3B%5Cn%20%20%26lt%3Bdiv%20class%3D%26quot%3Bcsl-entry%26quot%3B%26gt%3BBrown%2C%20G.%20H.%2C%20Picton%2C%20B.%20E.%20%281979%29.%20%26lt%3Bi%26gt%3BNudibranchs%20of%20the%20British%20Isles%20%26%23x2014%3B%20a%20colour%20guide.%26lt%3B%5C%2Fi%26gt%3B%20Underwater%20Conservation%20Society%2C%20Manchester%2C%20by%20R.%20Earll.%26lt%3B%5C%2Fdiv%26gt%3B%5Cn%26lt%3B%5C%2Fdiv%26gt%3B%22%2C%22data%22%3A%7B%22itemType%22%3A%22book%22%2C%22title%22%3A%22Nudibranchs%20of%20the%20British%20Isles%20%5Cu2014%20a%20colour%20guide.%22%2C%22creators%22%3A%5B%7B%22creatorType%22%3A%22author%22%2C%22firstName%22%3A%22G.%20H.%22%2C%22lastName%22%3A%22Brown%22%7D%2C%7B%22creatorType%22%3A%22author%22%2C%22firstName%22%3A%22B.E.%22%2C%22lastName%22%3A%22Picton%22%7D%5D%2C%22abstractNote%22%3A%22%22%2C%22date%22%3A%221979%22%2C%22originalDate%22%3A%22%22%2C%22originalPublisher%22%3A%22%22%2C%22originalPlace%22%3A%22%22%2C%22format%22%3A%22%22%2C%22ISBN%22%3A%22%22%2C%22DOI%22%3A%22%22%2C%22citationKey%22%3A%22%22%2C%22url%22%3A%22%22%2C%22ISSN%22%3A%22%22%2C%22language%22%3A%22%22%2C%22collections%22%3A%5B%2282T5E3QX%22%5D%2C%22dateModified%22%3A%222025-03-08T09%3A02%3A30Z%22%7D%7D%2C%7B%22key%22%3A%22RVS9HWBC%22%2C%22library%22%3A%7B%22id%22%3A1246567%7D%2C%22meta%22%3A%7B%22creatorSummary%22%3A%22Calado%20et%20al.%22%2C%22parsedDate%22%3A%222003%22%2C%22numChildren%22%3A0%7D%2C%22bib%22%3A%22%26lt%3Bdiv%20class%3D%26quot%3Bcsl-bib-body%26quot%3B%20style%3D%26quot%3Bline-height%3A%201.35%3B%20padding-left%3A%201em%3B%20text-indent%3A-1em%3B%26quot%3B%26gt%3B%5Cn%20%20%26lt%3Bdiv%20class%3D%26quot%3Bcsl-entry%26quot%3B%26gt%3BCalado%2C%20G.%2C%20Malaquias%2C%20M.%2C%20Gavaia%2C%20C.%2C%20Cervera%2C%20J.%20L.%2C%20Megina%2C%20C.%2C%20Dayrat%2C%20B.%2C%20Camacho%2C%20Y.%20et%26%23xA0%3Bal.%20%282003%29.%20New%20data%20on%20opisthobranchs%20%28Mollusca%3A%20Gastropoda%29%20from%20the%20southwestern%20coast%20of%20Portugal.%20%26lt%3Bi%26gt%3BBolet%26%23xED%3Bn%20Instituto%20Espa%26%23xF1%3Bol%20de%20Oceanograf%26%23xED%3Ba%2019%20%281-4%29%3A%20199-204.%26lt%3B%5C%2Fi%26gt%3B%26lt%3B%5C%2Fdiv%26gt%3B%5Cn%26lt%3B%5C%2Fdiv%26gt%3B%22%2C%22data%22%3A%7B%22itemType%22%3A%22journalArticle%22%2C%22title%22%3A%22New%20data%20on%20opisthobranchs%20%28Mollusca%3A%20Gastropoda%29%20from%20the%20southwestern%20coast%20of%20Portugal.%22%2C%22creators%22%3A%5B%7B%22creatorType%22%3A%22author%22%2C%22firstName%22%3A%22G.%22%2C%22lastName%22%3A%22Calado%22%7D%2C%7B%22creatorType%22%3A%22author%22%2C%22firstName%22%3A%22M.%22%2C%22lastName%22%3A%22Malaquias%22%7D%2C%7B%22creatorType%22%3A%22author%22%2C%22firstName%22%3A%22C.%22%2C%22lastName%22%3A%22Gavaia%22%7D%2C%7B%22creatorType%22%3A%22author%22%2C%22firstName%22%3A%22J.L.%22%2C%22lastName%22%3A%22Cervera%22%7D%2C%7B%22creatorType%22%3A%22author%22%2C%22firstName%22%3A%22C.%22%2C%22lastName%22%3A%22Megina%22%7D%2C%7B%22creatorType%22%3A%22author%22%2C%22firstName%22%3A%22B.%22%2C%22lastName%22%3A%22Dayrat%22%7D%2C%7B%22creatorType%22%3A%22author%22%2C%22firstName%22%3A%22Y.%22%2C%22lastName%22%3A%22Camacho%22%7D%2C%7B%22creatorType%22%3A%22author%22%2C%22firstName%22%3A%22M.%22%2C%22lastName%22%3A%22Pola%22%7D%2C%7B%22creatorType%22%3A%22author%22%2C%22firstName%22%3A%22C.%22%2C%22lastName%22%3A%22Grance%22%7D%5D%2C%22abstractNote%22%3A%22%22%2C%22date%22%3A%222003%22%2C%22section%22%3A%22%22%2C%22partNumber%22%3A%22%22%2C%22partTitle%22%3A%22%22%2C%22DOI%22%3A%22%22%2C%22citationKey%22%3A%22%22%2C%22url%22%3A%22%22%2C%22PMID%22%3A%22%22%2C%22PMCID%22%3A%22%22%2C%22ISSN%22%3A%22%22%2C%22language%22%3A%22%22%2C%22collections%22%3A%5B%2282T5E3QX%22%5D%2C%22dateModified%22%3A%222025-12-15T21%3A59%3A02Z%22%7D%7D%2C%7B%22key%22%3A%22WFVJHX62%22%2C%22library%22%3A%7B%22id%22%3A1246567%7D%2C%22meta%22%3A%7B%22creatorSummary%22%3A%22Calado%20et%20al.%22%2C%22parsedDate%22%3A%221999%22%2C%22numChildren%22%3A0%7D%2C%22bib%22%3A%22%26lt%3Bdiv%20class%3D%26quot%3Bcsl-bib-body%26quot%3B%20style%3D%26quot%3Bline-height%3A%201.35%3B%20padding-left%3A%201em%3B%20text-indent%3A-1em%3B%26quot%3B%26gt%3B%5Cn%20%20%26lt%3Bdiv%20class%3D%26quot%3Bcsl-entry%26quot%3B%26gt%3BCalado%2C%20G.%2C%20Urgorri%2C%20V.%2C%20Gaspar%2C%20R.%2C%20Cristobo%2C%20F.%20J.%20%281999%29.%20Cat%26%23xE1%3Blogo%20de%20los%20moluscos%20opistobranquios%20bent%26%23xF3%3Bnicos%20de%20las%20costas%20de%20Set%26%23xFA%3Bbal-Espichel%20%28Portugal%29.%20%26lt%3Bi%26gt%3BNova%20Acta%20Cient%26%23xED%3Bfica%20Compostelana%20%28Biolox%26%23xED%3Ba%29%209%3A%20285-294.%26lt%3B%5C%2Fi%26gt%3B%26lt%3B%5C%2Fdiv%26gt%3B%5Cn%26lt%3B%5C%2Fdiv%26gt%3B%22%2C%22data%22%3A%7B%22itemType%22%3A%22journalArticle%22%2C%22title%22%3A%22Cat%5Cu00e1logo%20de%20los%20moluscos%20opistobranquios%20bent%5Cu00f3nicos%20de%20las%20costas%20de%20Set%5Cu00fabal-Espichel%20%28Portugal%29.%22%2C%22creators%22%3A%5B%7B%22creatorType%22%3A%22author%22%2C%22firstName%22%3A%22G.%22%2C%22lastName%22%3A%22Calado%22%7D%2C%7B%22creatorType%22%3A%22author%22%2C%22firstName%22%3A%22V.%22%2C%22lastName%22%3A%22Urgorri%22%7D%2C%7B%22creatorType%22%3A%22author%22%2C%22firstName%22%3A%22R%22%2C%22lastName%22%3A%22Gaspar%22%7D%2C%7B%22creatorType%22%3A%22author%22%2C%22firstName%22%3A%22F.J.%22%2C%22lastName%22%3A%22Cristobo%22%7D%5D%2C%22abstractNote%22%3A%22%22%2C%22date%22%3A%221999%22%2C%22section%22%3A%22%22%2C%22partNumber%22%3A%22%22%2C%22partTitle%22%3A%22%22%2C%22DOI%22%3A%22%22%2C%22citationKey%22%3A%22%22%2C%22url%22%3A%22%22%2C%22PMID%22%3A%22%22%2C%22PMCID%22%3A%22%22%2C%22ISSN%22%3A%22%22%2C%22language%22%3A%22%22%2C%22collections%22%3A%5B%2282T5E3QX%22%5D%2C%22dateModified%22%3A%222025-12-15T21%3A59%3A02Z%22%7D%7D%2C%7B%22key%22%3A%228N7V53F2%22%2C%22library%22%3A%7B%22id%22%3A1246567%7D%2C%22meta%22%3A%7B%22creatorSummary%22%3A%22Cattaneo-Vietti%22%2C%22parsedDate%22%3A%221990%22%2C%22numChildren%22%3A0%7D%2C%22bib%22%3A%22%26lt%3Bdiv%20class%3D%26quot%3Bcsl-bib-body%26quot%3B%20style%3D%26quot%3Bline-height%3A%201.35%3B%20padding-left%3A%201em%3B%20text-indent%3A-1em%3B%26quot%3B%26gt%3B%5Cn%20%20%26lt%3Bdiv%20class%3D%26quot%3Bcsl-entry%26quot%3B%26gt%3BCattaneo-Vietti%2C%20R.%20%281990%29.%20Colore%20e%20mimetismo%20negli%20opistobranchi.%20Lavori%20della%20Societa%20di%20Malacologia%2023%3A217-228.%26lt%3B%5C%2Fdiv%26gt%3B%5Cn%26lt%3B%5C%2Fdiv%26gt%3B%22%2C%22data%22%3A%7B%22itemType%22%3A%22journalArticle%22%2C%22title%22%3A%22Colore%20e%20mimetismo%20negli%20opistobranchi.%20Lavori%20della%20Societa%20di%20Malacologia%2023%3A217-228.%22%2C%22creators%22%3A%5B%7B%22creatorType%22%3A%22author%22%2C%22firstName%22%3A%22R.%22%2C%22lastName%22%3A%22Cattaneo-Vietti%22%7D%5D%2C%22abstractNote%22%3A%22%22%2C%22date%22%3A%221990%22%2C%22section%22%3A%22%22%2C%22partNumber%22%3A%22%22%2C%22partTitle%22%3A%22%22%2C%22DOI%22%3A%22%22%2C%22citationKey%22%3A%22%22%2C%22url%22%3A%22%22%2C%22PMID%22%3A%22%22%2C%22PMCID%22%3A%22%22%2C%22ISSN%22%3A%22%22%2C%22language%22%3A%22%22%2C%22collections%22%3A%5B%2282T5E3QX%22%5D%2C%22dateModified%22%3A%222023-07-24T11%3A51%3A19Z%22%7D%7D%2C%7B%22key%22%3A%22TJNIQK8N%22%2C%22library%22%3A%7B%22id%22%3A1246567%7D%2C%22meta%22%3A%7B%22creatorSummary%22%3A%22Cattaneo-Vietti%22%2C%22parsedDate%22%3A%221986%22%2C%22numChildren%22%3A0%7D%2C%22bib%22%3A%22%26lt%3Bdiv%20class%3D%26quot%3Bcsl-bib-body%26quot%3B%20style%3D%26quot%3Bline-height%3A%201.35%3B%20padding-left%3A%201em%3B%20text-indent%3A-1em%3B%26quot%3B%26gt%3B%5Cn%20%20%26lt%3Bdiv%20class%3D%26quot%3Bcsl-entry%26quot%3B%26gt%3BCattaneo-Vietti%2C%20R.%20%281986%29.%20Alcune%20considerazioni%20sui%20molluschi%20opistobranchi%20del%20Mar%20Ligure.%20%26lt%3Bi%26gt%3BLavori%20Societa%20Italiana%20di%20Malacologia%2022%3A85-96.%26lt%3B%5C%2Fi%26gt%3B%26lt%3B%5C%2Fdiv%26gt%3B%5Cn%26lt%3B%5C%2Fdiv%26gt%3B%22%2C%22data%22%3A%7B%22itemType%22%3A%22journalArticle%22%2C%22title%22%3A%22Alcune%20considerazioni%20sui%20molluschi%20opistobranchi%20del%20Mar%20Ligure.%22%2C%22creators%22%3A%5B%7B%22creatorType%22%3A%22author%22%2C%22firstName%22%3A%22R.%22%2C%22lastName%22%3A%22Cattaneo-Vietti%22%7D%5D%2C%22abstractNote%22%3A%22%22%2C%22date%22%3A%221986%22%2C%22section%22%3A%22%22%2C%22partNumber%22%3A%22%22%2C%22partTitle%22%3A%22%22%2C%22DOI%22%3A%22%22%2C%22citationKey%22%3A%22%22%2C%22url%22%3A%22%22%2C%22PMID%22%3A%22%22%2C%22PMCID%22%3A%22%22%2C%22ISSN%22%3A%22%22%2C%22language%22%3A%22%22%2C%22collections%22%3A%5B%2282T5E3QX%22%5D%2C%22dateModified%22%3A%222025-12-15T21%3A59%3A42Z%22%7D%7D%2C%7B%22key%22%3A%22BESQIQHG%22%2C%22library%22%3A%7B%22id%22%3A1246567%7D%2C%22meta%22%3A%7B%22creatorSummary%22%3A%22Cattaneo-Vietti%20and%20Barletta%22%2C%22parsedDate%22%3A%221984%22%2C%22numChildren%22%3A0%7D%2C%22bib%22%3A%22%26lt%3Bdiv%20class%3D%26quot%3Bcsl-bib-body%26quot%3B%20style%3D%26quot%3Bline-height%3A%201.35%3B%20padding-left%3A%201em%3B%20text-indent%3A-1em%3B%26quot%3B%26gt%3B%5Cn%20%20%26lt%3Bdiv%20class%3D%26quot%3Bcsl-entry%26quot%3B%26gt%3BCattaneo-Vietti%2C%20R.%2C%20Barletta%2C%20G.%20%281984%29.%20Elenco%20preliminare%20dei%20molluschi%20opistobranchi%20viventi%20nel%20Mediterraneo%20%28Sacoglossa%2C%20Pleurobranchomorpha%2C%20Acochlidiacea%2C%20Aplysiomorpha%2C%20Nudibranchia%29.%20Bollettino%20Malacologico%20%28Pubblicazione%20Mensile%20Edita%20dalla%20Societa%20Italiana%20di%20Malacologia%29%2020%289-12%29%3A195-218.%26lt%3B%5C%2Fdiv%26gt%3B%5Cn%26lt%3B%5C%2Fdiv%26gt%3B%22%2C%22data%22%3A%7B%22itemType%22%3A%22journalArticle%22%2C%22title%22%3A%22Elenco%20preliminare%20dei%20molluschi%20opistobranchi%20viventi%20nel%20Mediterraneo%20%28Sacoglossa%2C%20Pleurobranchomorpha%2C%20Acochlidiacea%2C%20Aplysiomorpha%2C%20Nudibranchia%29.%20Bollettino%20Malacologico%20%28Pubblicazione%20Mensile%20Edita%20dalla%20Societa%20Italiana%20di%20Malacologia%29%2020%289-12%29%3A195-218.%22%2C%22creators%22%3A%5B%7B%22creatorType%22%3A%22author%22%2C%22firstName%22%3A%22R.%22%2C%22lastName%22%3A%22Cattaneo-Vietti%22%7D%2C%7B%22creatorType%22%3A%22author%22%2C%22firstName%22%3A%22G.%22%2C%22lastName%22%3A%22Barletta%22%7D%5D%2C%22abstractNote%22%3A%22%22%2C%22date%22%3A%221984%22%2C%22section%22%3A%22%22%2C%22partNumber%22%3A%22%22%2C%22partTitle%22%3A%22%22%2C%22DOI%22%3A%22%22%2C%22citationKey%22%3A%22%22%2C%22url%22%3A%22%22%2C%22PMID%22%3A%22%22%2C%22PMCID%22%3A%22%22%2C%22ISSN%22%3A%22%22%2C%22language%22%3A%22%22%2C%22collections%22%3A%5B%2282T5E3QX%22%5D%2C%22dateModified%22%3A%222026-05-14T13%3A00%3A20Z%22%7D%7D%2C%7B%22key%22%3A%22XS7BP7FA%22%2C%22library%22%3A%7B%22id%22%3A1246567%7D%2C%22meta%22%3A%7B%22creatorSummary%22%3A%22Cattaneo-Vietti%20and%20Chemello%22%2C%22parsedDate%22%3A%221987%22%2C%22numChildren%22%3A0%7D%2C%22bib%22%3A%22%26lt%3Bdiv%20class%3D%26quot%3Bcsl-bib-body%26quot%3B%20style%3D%26quot%3Bline-height%3A%201.35%3B%20padding-left%3A%201em%3B%20text-indent%3A-1em%3B%26quot%3B%26gt%3B%5Cn%20%20%26lt%3Bdiv%20class%3D%26quot%3Bcsl-entry%26quot%3B%26gt%3BCattaneo-Vietti%2C%20R.%2C%20Chemello%2C%20R.%20%281987%29.%20Alcune%20considerazioni%20sui%20molluschi%20opistobranchi%20della%20Sicilia.%20%26lt%3Bi%26gt%3BBollettino%20Malacologico%20%28Pubblicazione%20Mensile%20Edita%20dalla%20Societa%20Italiana%20di%20Malacologia%29%2023%285-8%29%3A207-222.%26lt%3B%5C%2Fi%26gt%3B%26lt%3B%5C%2Fdiv%26gt%3B%5Cn%26lt%3B%5C%2Fdiv%26gt%3B%22%2C%22data%22%3A%7B%22itemType%22%3A%22journalArticle%22%2C%22title%22%3A%22Alcune%20considerazioni%20sui%20molluschi%20opistobranchi%20della%20Sicilia.%22%2C%22creators%22%3A%5B%7B%22creatorType%22%3A%22author%22%2C%22firstName%22%3A%22R.%22%2C%22lastName%22%3A%22Cattaneo-Vietti%22%7D%2C%7B%22creatorType%22%3A%22author%22%2C%22firstName%22%3A%22R.%22%2C%22lastName%22%3A%22Chemello%22%7D%5D%2C%22abstractNote%22%3A%22%22%2C%22date%22%3A%221987%22%2C%22section%22%3A%22%22%2C%22partNumber%22%3A%22%22%2C%22partTitle%22%3A%22%22%2C%22DOI%22%3A%22%22%2C%22citationKey%22%3A%22%22%2C%22url%22%3A%22%22%2C%22PMID%22%3A%22%22%2C%22PMCID%22%3A%22%22%2C%22ISSN%22%3A%22%22%2C%22language%22%3A%22%22%2C%22collections%22%3A%5B%2282T5E3QX%22%5D%2C%22dateModified%22%3A%222025-12-15T21%3A59%3A42Z%22%7D%7D%2C%7B%22key%22%3A%226NSGWX88%22%2C%22library%22%3A%7B%22id%22%3A1246567%7D%2C%22meta%22%3A%7B%22creatorSummary%22%3A%22Cattaneo-Vietti%20and%20Thompson%22%2C%22parsedDate%22%3A%221989%22%2C%22numChildren%22%3A0%7D%2C%22bib%22%3A%22%26lt%3Bdiv%20class%3D%26quot%3Bcsl-bib-body%26quot%3B%20style%3D%26quot%3Bline-height%3A%201.35%3B%20padding-left%3A%201em%3B%20text-indent%3A-1em%3B%26quot%3B%26gt%3B%5Cn%20%20%26lt%3Bdiv%20class%3D%26quot%3Bcsl-entry%26quot%3B%26gt%3BCattaneo-Vietti%2C%20R.%2C%20Thompson%2C%20T.%20E.%20%281989%29.%20Mediterranean%20opisthobranch%20molluscs%3A%20a%20zoogeographic%20approach.%20Bollettino%20Malacologico%20%28Pubblicazione%20Mensile%20Edita%20dalla%20Societa%20Italiana%20di%20Malacologia%29%2025%285-8%29%3A183-204.%26lt%3B%5C%2Fdiv%26gt%3B%5Cn%26lt%3B%5C%2Fdiv%26gt%3B%22%2C%22data%22%3A%7B%22itemType%22%3A%22journalArticle%22%2C%22title%22%3A%22Mediterranean%20opisthobranch%20molluscs%3A%20a%20zoogeographic%20approach.%20Bollettino%20Malacologico%20%28Pubblicazione%20Mensile%20Edita%20dalla%20Societa%20Italiana%20di%20Malacologia%29%2025%285-8%29%3A183-204.%22%2C%22creators%22%3A%5B%7B%22creatorType%22%3A%22author%22%2C%22firstName%22%3A%22R.%22%2C%22lastName%22%3A%22Cattaneo-Vietti%22%7D%2C%7B%22creatorType%22%3A%22author%22%2C%22firstName%22%3A%22T.E.%22%2C%22lastName%22%3A%22Thompson%22%7D%5D%2C%22abstractNote%22%3A%22%22%2C%22date%22%3A%221989%22%2C%22section%22%3A%22%22%2C%22partNumber%22%3A%22%22%2C%22partTitle%22%3A%22%22%2C%22DOI%22%3A%22%22%2C%22citationKey%22%3A%22%22%2C%22url%22%3A%22%22%2C%22PMID%22%3A%22%22%2C%22PMCID%22%3A%22%22%2C%22ISSN%22%3A%22%22%2C%22language%22%3A%22%22%2C%22collections%22%3A%5B%2282T5E3QX%22%5D%2C%22dateModified%22%3A%222025-12-15T21%3A59%3A42Z%22%7D%7D%2C%7B%22key%22%3A%22FKXZHEIQ%22%2C%22library%22%3A%7B%22id%22%3A1246567%7D%2C%22meta%22%3A%7B%22creatorSummary%22%3A%22Cattaneo-Vietti%20et%20al.%22%2C%22parsedDate%22%3A%221990%22%2C%22numChildren%22%3A0%7D%2C%22bib%22%3A%22%26lt%3Bdiv%20class%3D%26quot%3Bcsl-bib-body%26quot%3B%20style%3D%26quot%3Bline-height%3A%201.35%3B%20padding-left%3A%201em%3B%20text-indent%3A-1em%3B%26quot%3B%26gt%3B%5Cn%20%20%26lt%3Bdiv%20class%3D%26quot%3Bcsl-entry%26quot%3B%26gt%3BCattaneo-Vietti%2C%20R.%2C%20Chemello%2C%20R.%2C%20Giannuzzi-Savelli%2C%20R.%20%281990%29.%20%26lt%3Bi%26gt%3BAtlas%20of%20Mediterranean%20Nudibranchs%26lt%3B%5C%2Fi%26gt%3B.%20La%20Conchiglia.%26lt%3B%5C%2Fdiv%26gt%3B%5Cn%26lt%3B%5C%2Fdiv%26gt%3B%22%2C%22data%22%3A%7B%22itemType%22%3A%22book%22%2C%22title%22%3A%22Atlas%20of%20Mediterranean%20Nudibranchs%22%2C%22creators%22%3A%5B%7B%22creatorType%22%3A%22author%22%2C%22firstName%22%3A%22Riccardo%22%2C%22lastName%22%3A%22Cattaneo-Vietti%22%7D%2C%7B%22creatorType%22%3A%22author%22%2C%22firstName%22%3A%22Renato%22%2C%22lastName%22%3A%22Chemello%22%7D%2C%7B%22creatorType%22%3A%22author%22%2C%22firstName%22%3A%22Riccardo%22%2C%22lastName%22%3A%22Giannuzzi-Savelli%22%7D%5D%2C%22abstractNote%22%3A%22%22%2C%22date%22%3A%221990%22%2C%22originalDate%22%3A%22%22%2C%22originalPublisher%22%3A%22%22%2C%22originalPlace%22%3A%22%22%2C%22format%22%3A%22%22%2C%22ISBN%22%3A%22%22%2C%22DOI%22%3A%22%22%2C%22citationKey%22%3A%22%22%2C%22url%22%3A%22%22%2C%22ISSN%22%3A%22%22%2C%22language%22%3A%22%22%2C%22collections%22%3A%5B%2282T5E3QX%22%5D%2C%22dateModified%22%3A%222025-12-15T21%3A59%3A02Z%22%7D%7D%2C%7B%22key%22%3A%2233IV5UE8%22%2C%22library%22%3A%7B%22id%22%3A1246567%7D%2C%22meta%22%3A%7B%22creatorSummary%22%3A%22Cella%20et%20al.%22%2C%22parsedDate%22%3A%222016%22%2C%22numChildren%22%3A0%7D%2C%22bib%22%3A%22%26lt%3Bdiv%20class%3D%26quot%3Bcsl-bib-body%26quot%3B%20style%3D%26quot%3Bline-height%3A%201.35%3B%20padding-left%3A%201em%3B%20text-indent%3A-1em%3B%26quot%3B%26gt%3B%5Cn%20%20%26lt%3Bdiv%20class%3D%26quot%3Bcsl-entry%26quot%3B%26gt%3BCella%2C%20K.%2C%20Carmona%2C%20L.%2C%20Ekimova%2C%20I.%2C%20Chichvarkhin%2C%20A.%2C%20Schepetov%2C%20D.%2C%20Gosliner%2C%20T.%20M.%20%282016%29.%20A%20Radical%20Solution%3A%20The%20Phylogeny%20of%20the%20Nudibranch%20Family%20Fionidae.%20%26lt%3Bi%26gt%3BPLoS%20ONE%2012%5C%2F2016%3B%2011%2812%29%3Ae0167800%26lt%3B%5C%2Fi%26gt%3B.%20%26lt%3Ba%20class%3D%26%23039%3Bzp-DOIURL%26%23039%3B%20target%3D%26%23039%3B_blank%26%23039%3B%20href%3D%26%23039%3Bhttps%3A%5C%2F%5C%2Fdoi.org%5C%2F10.1371%5C%2Fjournal.pone.0167800%26%23039%3B%26gt%3Bhttps%3A%5C%2F%5C%2Fdoi.org%5C%2F10.1371%5C%2Fjournal.pone.0167800%26lt%3B%5C%2Fa%26gt%3B%26lt%3B%5C%2Fdiv%26gt%3B%5Cn%26lt%3B%5C%2Fdiv%26gt%3B%22%2C%22data%22%3A%7B%22itemType%22%3A%22journalArticle%22%2C%22title%22%3A%22A%20Radical%20Solution%3A%20The%20Phylogeny%20of%20the%20Nudibranch%20Family%20Fionidae%22%2C%22creators%22%3A%5B%7B%22creatorType%22%3A%22author%22%2C%22firstName%22%3A%22K.%22%2C%22lastName%22%3A%22Cella%22%7D%2C%7B%22creatorType%22%3A%22author%22%2C%22firstName%22%3A%22L.%22%2C%22lastName%22%3A%22Carmona%22%7D%2C%7B%22creatorType%22%3A%22author%22%2C%22firstName%22%3A%22I.%22%2C%22lastName%22%3A%22Ekimova%22%7D%2C%7B%22creatorType%22%3A%22author%22%2C%22firstName%22%3A%22A.%22%2C%22lastName%22%3A%22Chichvarkhin%22%7D%2C%7B%22creatorType%22%3A%22author%22%2C%22firstName%22%3A%22D.%22%2C%22lastName%22%3A%22Schepetov%22%7D%2C%7B%22creatorType%22%3A%22author%22%2C%22firstName%22%3A%22T.M.%22%2C%22lastName%22%3A%22Gosliner%22%7D%5D%2C%22abstractNote%22%3A%22Tergipedidae%20represents%20a%20diverse%20and%20successful%20group%20of%20aeolid%20nudibranchs%2C%20with%20approximately%20200%20species%20distributed%20throughout%20most%20marine%20ecosystems%20and%20spanning%20all%20biogeographical%20regions%20of%20the%20oceans.%20However%2C%20the%20systematics%20of%20this%20family%20remains%20poorly%20understood%20since%20no%20modern%20phylogenetic%20study%20has%20been%20undertaken%20to%20support%20any%20of%20the%20proposed%20classifications.%20The%20present%20study%20is%20the%20first%20molecular%20phylogeny%20of%20Tergipedidae%20based%20on%20partial%20sequences%20of%20two%20mitochondrial%20%28COI%20and%2016S%29%20genes%20and%20one%20nuclear%20gene%20%28H3%29.%20Maximum%20likelihood%2C%20maximum%20parsimony%20and%20Bayesian%20analysis%20were%20conducted%20in%20order%20to%20elucidate%20the%20systematics%20of%20this%20family.%20Our%20results%20do%20not%20recover%20the%20traditional%20Tergipedidae%20as%20monophyletic%2C%20since%20it%20belongs%20to%20a%20larger%20clade%20that%20includes%20the%20families%20Eubranchidae%2C%20Fionidae%20and%20Calmidae.%20This%20newly%20recovered%20clade%20is%20here%20referred%20to%20as%20Fionidae%2C%20the%20oldest%20name%20for%20this%20taxon.%20In%20addition%2C%20the%20present%20molecular%20phylogeny%20does%20not%20recover%20the%20traditional%20systematic%20relationships%20at%20a%20generic%20level%2C%20and%20therefore%2C%20systematic%20changes%20are%20required.%20We%20recognize%20the%20following%20clades%20within%20Fionidae%3A%20Calma%2C%20Cuthona%2C%20Cuthonella%2C%20Eubranchus%2C%20Fiona%2C%20Murmania%2C%20Tenellia%2C%20Tergipes%2C%20Tergiposacca%20gen.%20nov.%2C%20Rubramoena%20gen.%20nov.%20and%20Abronica%20gen.%20nov.%20The%20type%20species%20of%20Tergiposacca%2C%20T.%20longicerata%20nov.%20sp.%20is%20described.%20The%20other%20two%20new%20genera%20have%20a%20previously%20described%20species%20as%20their%20type%20species.%20Most%20of%20these%20taxa%2C%20with%20the%20exceptions%20of%20Eubranchus%2C%20Tergipes%20and%20Fiona%20are%20composed%20of%20radically%20different%20constituent%20species%20from%20their%20traditional%20membership%2C%20but%20appear%20to%20be%20supported%20by%20morphological%20synapomorphies%20as%20well%20as%20molecular%20data.%20Aenigmastyletus%2C%20Catriona%2C%20Phestilla%2C%20Tenellia%20and%20Trinchesia%20are%20nested%20within%20other%20clades%20and%2C%20thus%20are%20here%20considered%20as%20synonyms%20of%20the%20larger%20clades.%20The%20phylogenetic%20position%20and%20validity%20of%20Myja%2C%20Guyvalvoria%2C%20Leostyletus%20and%20Subcuthona%20still%20need%20to%20be%20tested%20in%20future%20studies%20when%20material%20becomes%20available.%22%2C%22date%22%3A%222016%22%2C%22section%22%3A%22%22%2C%22partNumber%22%3A%22%22%2C%22partTitle%22%3A%22%22%2C%22DOI%22%3A%2210.1371%5C%2Fjournal.pone.0167800%22%2C%22citationKey%22%3A%22%22%2C%22url%22%3A%22%22%2C%22PMID%22%3A%22%22%2C%22PMCID%22%3A%22%22%2C%22ISSN%22%3A%22%22%2C%22language%22%3A%22%22%2C%22collections%22%3A%5B%2282T5E3QX%22%5D%2C%22dateModified%22%3A%222025-02-18T15%3A36%3A04Z%22%7D%7D%2C%7B%22key%22%3A%22NJMRP2SH%22%2C%22library%22%3A%7B%22id%22%3A1246567%7D%2C%22meta%22%3A%7B%22creatorSummary%22%3A%22Cervera%20and%20Garc%5Cu00eda-G%5Cu00f3mez%22%2C%22parsedDate%22%3A%221986%22%2C%22numChildren%22%3A0%7D%2C%22bib%22%3A%22%26lt%3Bdiv%20class%3D%26quot%3Bcsl-bib-body%26quot%3B%20style%3D%26quot%3Bline-height%3A%201.35%3B%20padding-left%3A%201em%3B%20text-indent%3A-1em%3B%26quot%3B%26gt%3B%5Cn%20%20%26lt%3Bdiv%20class%3D%26quot%3Bcsl-entry%26quot%3B%26gt%3BCervera%2C%20J.%20L.%2C%20Garc%26%23xED%3Ba-G%26%23xF3%3Bmez%2C%20J.%20C.%20%281986%29.%20Moluscos%20opistobranquios%20del%20litoral%20occidental%20andaluz%3A%20nuevas%20aportaciones%20faun%26%23xED%3Bsticas.%20%26lt%3Bi%26gt%3BIberus%206%20%282%29%3A%20201-207.%26lt%3B%5C%2Fi%26gt%3B%26lt%3B%5C%2Fdiv%26gt%3B%5Cn%26lt%3B%5C%2Fdiv%26gt%3B%22%2C%22data%22%3A%7B%22itemType%22%3A%22journalArticle%22%2C%22title%22%3A%22Moluscos%20opistobranquios%20del%20litoral%20occidental%20andaluz%3A%20nuevas%20aportaciones%20faun%5Cu00edsticas.%22%2C%22creators%22%3A%5B%7B%22creatorType%22%3A%22author%22%2C%22firstName%22%3A%22J.%20L.%22%2C%22lastName%22%3A%22Cervera%22%7D%2C%7B%22creatorType%22%3A%22author%22%2C%22firstName%22%3A%22J.%20C.%22%2C%22lastName%22%3A%22Garc%5Cu00eda-G%5Cu00f3mez%22%7D%5D%2C%22abstractNote%22%3A%22%22%2C%22date%22%3A%221986%22%2C%22section%22%3A%22%22%2C%22partNumber%22%3A%22%22%2C%22partTitle%22%3A%22%22%2C%22DOI%22%3A%22%22%2C%22citationKey%22%3A%22%22%2C%22url%22%3A%22%22%2C%22PMID%22%3A%22%22%2C%22PMCID%22%3A%22%22%2C%22ISSN%22%3A%22%22%2C%22language%22%3A%22%22%2C%22collections%22%3A%5B%2282T5E3QX%22%5D%2C%22dateModified%22%3A%222025-12-15T21%3A59%3A02Z%22%7D%7D%2C%7B%22key%22%3A%22ET2HBM6T%22%2C%22library%22%3A%7B%22id%22%3A1246567%7D%2C%22meta%22%3A%7B%22creatorSummary%22%3A%22Cervera%20et%20al.%22%2C%22parsedDate%22%3A%221988%22%2C%22numChildren%22%3A0%7D%2C%22bib%22%3A%22%26lt%3Bdiv%20class%3D%26quot%3Bcsl-bib-body%26quot%3B%20style%3D%26quot%3Bline-height%3A%201.35%3B%20padding-left%3A%201em%3B%20text-indent%3A-1em%3B%26quot%3B%26gt%3B%5Cn%20%20%26lt%3Bdiv%20class%3D%26quot%3Bcsl-entry%26quot%3B%26gt%3BCervera%2C%20J.%20L.%2C%20Templado%2C%20J.%2C%20Garc%26%23xED%3Ba-G%26%23xF3%3Bmez%2C%20J.%20C.%2C%20Ballesteros%2C%20M.%2C%20Ortea%2C%20J.%2C%20Garc%26%23xED%3Ba%2C%20F.%20J.%2C%20Ros%2C%20J.%2C%20Luque%2C%20A.%20A.%20%281988%29.%20Cat%26%23xE1%3Blogo%20actualizado%20y%20comentado%20de%20los%20Opistobranquios%20%28Mollusca%2C%20Gastropoda%29%20de%20la%20Pen%26%23xED%3Bnsula%20Ib%26%23xE9%3Brica%2C%20Baleares%20y%20Canarias%2C%20con%20algunas%20referencias%20a%20Ceuta%20y%20la%20isla%20de%20Albor%26%23xE1%3Bn.%20%26lt%3Bi%26gt%3BIberus%26lt%3B%5C%2Fi%26gt%3B%2C%20%26lt%3Bi%26gt%3BSupl.%201%26lt%3B%5C%2Fi%26gt%3B%2C%201-84.%26lt%3B%5C%2Fdiv%26gt%3B%5Cn%26lt%3B%5C%2Fdiv%26gt%3B%22%2C%22data%22%3A%7B%22itemType%22%3A%22journalArticle%22%2C%22title%22%3A%22Cat%5Cu00e1logo%20actualizado%20y%20comentado%20de%20los%20Opistobranquios%20%28Mollusca%2C%20Gastropoda%29%20de%20la%20Pen%5Cu00ednsula%20Ib%5Cu00e9rica%2C%20Baleares%20y%20Canarias%2C%20con%20algunas%20referencias%20a%20Ceuta%20y%20la%20isla%20de%20Albor%5Cu00e1n.%22%2C%22creators%22%3A%5B%7B%22creatorType%22%3A%22author%22%2C%22firstName%22%3A%22J.L.%22%2C%22lastName%22%3A%22Cervera%22%7D%2C%7B%22creatorType%22%3A%22author%22%2C%22firstName%22%3A%22J.%22%2C%22lastName%22%3A%22Templado%22%7D%2C%7B%22creatorType%22%3A%22author%22%2C%22firstName%22%3A%22J.C.%22%2C%22lastName%22%3A%22Garc%5Cu00eda-G%5Cu00f3mez%22%7D%2C%7B%22creatorType%22%3A%22author%22%2C%22firstName%22%3A%22M.%22%2C%22lastName%22%3A%22Ballesteros%22%7D%2C%7B%22creatorType%22%3A%22author%22%2C%22firstName%22%3A%22J.%22%2C%22lastName%22%3A%22Ortea%22%7D%2C%7B%22creatorType%22%3A%22author%22%2C%22firstName%22%3A%22F.J.%22%2C%22lastName%22%3A%22Garc%5Cu00eda%22%7D%2C%7B%22creatorType%22%3A%22author%22%2C%22firstName%22%3A%22J.%22%2C%22lastName%22%3A%22Ros%22%7D%2C%7B%22creatorType%22%3A%22author%22%2C%22firstName%22%3A%22A.A.%22%2C%22lastName%22%3A%22Luque%22%7D%5D%2C%22abstractNote%22%3A%22%22%2C%22date%22%3A%221988%22%2C%22section%22%3A%22%22%2C%22partNumber%22%3A%22%22%2C%22partTitle%22%3A%22%22%2C%22DOI%22%3A%22%22%2C%22citationKey%22%3A%22%22%2C%22url%22%3A%22%22%2C%22PMID%22%3A%22%22%2C%22PMCID%22%3A%22%22%2C%22ISSN%22%3A%22%22%2C%22language%22%3A%22%22%2C%22collections%22%3A%5B%2282T5E3QX%22%5D%2C%22dateModified%22%3A%222026-03-07T16%3A00%3A29Z%22%7D%7D%2C%7B%22key%22%3A%22HM8AG4CQ%22%2C%22library%22%3A%7B%22id%22%3A1246567%7D%2C%22meta%22%3A%7B%22creatorSummary%22%3A%22Cervera%20et%20al.%22%2C%22parsedDate%22%3A%222004%22%2C%22numChildren%22%3A0%7D%2C%22bib%22%3A%22%26lt%3Bdiv%20class%3D%26quot%3Bcsl-bib-body%26quot%3B%20style%3D%26quot%3Bline-height%3A%201.35%3B%20padding-left%3A%201em%3B%20text-indent%3A-1em%3B%26quot%3B%26gt%3B%5Cn%20%20%26lt%3Bdiv%20class%3D%26quot%3Bcsl-entry%26quot%3B%26gt%3BCervera%2C%20J.%20L.%2C%20Calado%2C%20G.%2C%20Gavaia%2C%20C.%2C%20Malaqu%26%23xED%3Bas%2C%20M.%20A.%20E.%2C%20Templado%2C%20J.%2C%20Ballesteros%2C%20M.%2C%20Garc%26%23xED%3Ba-G%26%23xF3%3Bmez%2C%20J.%20C.%2C%20Megina%2C%20C.%20%282004%29.%20An%20annotated%20and%20updated%20checklist%20of%20the%20opisthobranchs%20%28Mollusca%3A%20Gastropoda%29%20from%20Spain%20and%20Portugal%20%28including%20islands%20and%20archipelagos%29.%20%26lt%3Bi%26gt%3BBolet%26%23xED%3Bn%20Instituto%20Espa%26%23xF1%3Bol%20de%20Oceanograf%26%23xED%3Ba%26lt%3B%5C%2Fi%26gt%3B%2C%20%26lt%3Bi%26gt%3B20%26lt%3B%5C%2Fi%26gt%3B%281-4%29%2C%201-111.%26lt%3B%5C%2Fdiv%26gt%3B%5Cn%26lt%3B%5C%2Fdiv%26gt%3B%22%2C%22data%22%3A%7B%22itemType%22%3A%22journalArticle%22%2C%22title%22%3A%22An%20annotated%20and%20updated%20checklist%20of%20the%20opisthobranchs%20%28Mollusca%3A%20Gastropoda%29%20from%20Spain%20and%20Portugal%20%28including%20islands%20and%20archipelagos%29.%22%2C%22creators%22%3A%5B%7B%22creatorType%22%3A%22author%22%2C%22firstName%22%3A%22J.L.%22%2C%22lastName%22%3A%22Cervera%22%7D%2C%7B%22creatorType%22%3A%22author%22%2C%22firstName%22%3A%22G.%22%2C%22lastName%22%3A%22Calado%22%7D%2C%7B%22creatorType%22%3A%22author%22%2C%22firstName%22%3A%22C.%22%2C%22lastName%22%3A%22Gavaia%22%7D%2C%7B%22creatorType%22%3A%22author%22%2C%22firstName%22%3A%22M.A.E.%22%2C%22lastName%22%3A%22Malaqu%5Cu00edas%22%7D%2C%7B%22creatorType%22%3A%22author%22%2C%22firstName%22%3A%22J.%22%2C%22lastName%22%3A%22Templado%22%7D%2C%7B%22creatorType%22%3A%22author%22%2C%22firstName%22%3A%22M.%22%2C%22lastName%22%3A%22Ballesteros%22%7D%2C%7B%22creatorType%22%3A%22author%22%2C%22firstName%22%3A%22J.C.%22%2C%22lastName%22%3A%22Garc%5Cu00eda-G%5Cu00f3mez%22%7D%2C%7B%22creatorType%22%3A%22author%22%2C%22firstName%22%3A%22C.%22%2C%22lastName%22%3A%22Megina%22%7D%5D%2C%22abstractNote%22%3A%22The%20present%20publication%20is%20a%20new%20annotated%20and%20updated%20checklist%20of%20the%20opisthobranchs%20%28Mollusca%2C%20Gastropoda%29%20from%20the%20Spanish%20and%20Portuguese%20coasts%2C%20including%20their%20Atlantic%20archipelagos%20%28Azores%2C%20Madeira%2C%20Selvagens%20and%20Canary%20Islands%29.%20The%20bathyal%20species%20recorded%20from%20the%20continental%20shelf%20of%20all%20these%20areas%20are%20also%20included.%20Incorporating%20a%20review%20of%20the%20literature%2C%20523%20species%20are%20included%20on%20the%20present%20checklist%2C%2023%20belonging%20to%20Architectibranchia%2C%20111%20to%20Cephalaspidea%20s.%20s.%2C%2014%20to%20Anaspidea%2C%204%20to%20Acochlidiomorpha%2C%2037%20to%20Thecosomata%2C%207%20to%20Gymnosomata%2C%2043%20to%20Sacoglossa%2C%203%20to%20Umbraculoidea%2C%2016%20to%20Pleurobranchoidea%20and%20265%20to%20Nudibranchia%3A%20127%20Doridoidea%2C%2042%20Dendronotoidea%2C%209%20Arminoidea%2C%20and%2087%20Aeolidoidea.%20The%20records%20these%20species%20have%20been%20divided%20into%2012%20geographic%20sectors%3A%201%29%20Spanish%20coast%20on%20the%20Bay%20of%20Biscay%3B%202%29%20Galicia%3B%203%29%20mainland%20coast%20of%20Portugal%3B%204%29%20Andalusian%20Atlantic%20coast%3B%205%29%20Straits%20of%20Gibraltar%2C%20including%20Ceuta%20%28northern%20Africa%29%3B%206%29%20Andalusian%20Mediterranean%20coast%2C%20including%20Albor%5Cu00e1n%20Island%3B%207%29%20Spanish%20Levant%2C%20from%20Cape%20Gata%20to%20Catalonia%3B%208%29%20Catalonia%2C%20including%20the%20Columbretes%20Islands%3B%209%29%20Balearic%20Islands%3B%2010%29%20Canary%20and%20Selvagens%20Islands%3B%2011%29%20Madeira%3B%20and%2012%29%20the%20Azores.%20The%20biogeographical%20relationships%20among%20these%20selected%20areas%20are%20discussed%20in%20the%20present%20paper%5Cu2019s%20Conclusions.%20Taxonomic%20comments%20about%20many%20of%20the%20taxa%20cited%20are%20also%20included.%20It%20is%20noteworthy%20that%20since%201975%2C%20a%20total%20of%20117%20specific%20taxa%20have%20been%20described%20as%20new%20to%20science%20in%20the%20studied%20area.%20Some%20of%20them%20are%20currently%20considered%20synonyms%2C%20and%20others%20are%20pending%20an%20adequate%20revision.%22%2C%22date%22%3A%222004%22%2C%22section%22%3A%22%22%2C%22partNumber%22%3A%22%22%2C%22partTitle%22%3A%22%22%2C%22DOI%22%3A%22%22%2C%22citationKey%22%3A%22%22%2C%22url%22%3A%22%22%2C%22PMID%22%3A%22%22%2C%22PMCID%22%3A%22%22%2C%22ISSN%22%3A%22%22%2C%22language%22%3A%22%22%2C%22collections%22%3A%5B%2282T5E3QX%22%5D%2C%22dateModified%22%3A%222026-07-11T14%3A14%3A59Z%22%7D%7D%2C%7B%22key%22%3A%2274DHBH48%22%2C%22library%22%3A%7B%22id%22%3A1246567%7D%2C%22meta%22%3A%7B%22creatorSummary%22%3A%22Cornet%20and%20Marchad%22%2C%22parsedDate%22%3A%221951%22%2C%22numChildren%22%3A0%7D%2C%22bib%22%3A%22%26lt%3Bdiv%20class%3D%26quot%3Bcsl-bib-body%26quot%3B%20style%3D%26quot%3Bline-height%3A%201.35%3B%20padding-left%3A%201em%3B%20text-indent%3A-1em%3B%26quot%3B%26gt%3B%5Cn%20%20%26lt%3Bdiv%20class%3D%26quot%3Bcsl-entry%26quot%3B%26gt%3BCornet%2C%20R.%2C%20Marchad%2C%20M.%20%281951%29.%20Inventaire%20de%20la%20faune%20marine%20de%20Roscoff%20Mollusques.%20%26lt%3Bi%26gt%3BTravaux%20de%20la%20Station%20Biologique%20de%20Roscoff%2C%20Suppl%205%3A1-80.%26lt%3B%5C%2Fi%26gt%3B%26lt%3B%5C%2Fdiv%26gt%3B%5Cn%26lt%3B%5C%2Fdiv%26gt%3B%22%2C%22data%22%3A%7B%22itemType%22%3A%22journalArticle%22%2C%22title%22%3A%22Inventaire%20de%20la%20faune%20marine%20de%20Roscoff%20Mollusques.%22%2C%22creators%22%3A%5B%7B%22creatorType%22%3A%22author%22%2C%22firstName%22%3A%22R.%22%2C%22lastName%22%3A%22Cornet%22%7D%2C%7B%22creatorType%22%3A%22author%22%2C%22firstName%22%3A%22M.%22%2C%22lastName%22%3A%22Marchad%22%7D%5D%2C%22abstractNote%22%3A%22%22%2C%22date%22%3A%221951%22%2C%22section%22%3A%22%22%2C%22partNumber%22%3A%22%22%2C%22partTitle%22%3A%22%22%2C%22DOI%22%3A%22%22%2C%22citationKey%22%3A%22%22%2C%22url%22%3A%22%22%2C%22PMID%22%3A%22%22%2C%22PMCID%22%3A%22%22%2C%22ISSN%22%3A%22%22%2C%22language%22%3A%22%22%2C%22collections%22%3A%5B%2282T5E3QX%22%5D%2C%22dateModified%22%3A%222025-02-14T12%3A25%3A19Z%22%7D%7D%2C%7B%22key%22%3A%22NI45FHEN%22%2C%22library%22%3A%7B%22id%22%3A1246567%7D%2C%22meta%22%3A%7B%22creatorSummary%22%3A%22Dacosta%20et%20al.%22%2C%22parsedDate%22%3A%222009%22%2C%22numChildren%22%3A0%7D%2C%22bib%22%3A%22%26lt%3Bdiv%20class%3D%26quot%3Bcsl-bib-body%26quot%3B%20style%3D%26quot%3Bline-height%3A%201.35%3B%20padding-left%3A%201em%3B%20text-indent%3A-1em%3B%26quot%3B%26gt%3B%5Cn%20%20%26lt%3Bdiv%20class%3D%26quot%3Bcsl-entry%26quot%3B%26gt%3BDacosta%2C%20J.%20M.%2C%20Pontes%2C%20M.%2C%20Oll%26%23xE9%3B%20i%20Callau%2C%20A.%2C%20Aguilar%2C%20L.%20%282009%29.%20Seguiment%20de%20mol%26%23xB7%3Bluscs%20opistobranquis%20a%20la%20platja%20des%20Caials%20%28Cadaqu%26%23xE9%3Bs%2C%20Alt%20Empord%26%23xE0%3B%29.%20Contribuci%26%23xF3%3B%20al%20cat%26%23xE0%3Bleg%20del%20Parc%20Natural%20de%20Cap%20de%20Creus.%20%26lt%3Bi%26gt%3BAnnals%20de%20l%26%23x2019%3BInstitut%20d%26%23x2019%3BEstudis%20Empordanesos%26lt%3B%5C%2Fi%26gt%3B%2C%20%26lt%3Bi%26gt%3B40%26lt%3B%5C%2Fi%26gt%3B%2C%20107-130.%20%26lt%3Ba%20class%3D%26%23039%3Bzp-DOIURL%26%23039%3B%20target%3D%26%23039%3B_blank%26%23039%3B%20href%3D%26%23039%3Bhttps%3A%5C%2F%5C%2Fdoi.org%5C%2F10.2436%5C%2F20.8010.01.8%26%23039%3B%26gt%3Bhttps%3A%5C%2F%5C%2Fdoi.org%5C%2F10.2436%5C%2F20.8010.01.8%26lt%3B%5C%2Fa%26gt%3B%26lt%3B%5C%2Fdiv%26gt%3B%5Cn%26lt%3B%5C%2Fdiv%26gt%3B%22%2C%22data%22%3A%7B%22itemType%22%3A%22journalArticle%22%2C%22title%22%3A%22Seguiment%20de%20mol%5Cu00b7luscs%20opistobranquis%20a%20la%20platja%20des%20Caials%20%28Cadaqu%5Cu00e9s%2C%20Alt%20Empord%5Cu00e0%29.%20Contribuci%5Cu00f3%20al%20cat%5Cu00e0leg%20del%20Parc%20Natural%20de%20Cap%20de%20Creus%22%2C%22creators%22%3A%5B%7B%22creatorType%22%3A%22author%22%2C%22firstName%22%3A%22J.M.%22%2C%22lastName%22%3A%22Dacosta%22%7D%2C%7B%22creatorType%22%3A%22author%22%2C%22firstName%22%3A%22M.%22%2C%22lastName%22%3A%22Pontes%22%7D%2C%7B%22creatorType%22%3A%22author%22%2C%22firstName%22%3A%22A.%22%2C%22lastName%22%3A%22Oll%5Cu00e9%20i%20Callau%22%7D%2C%7B%22creatorType%22%3A%22author%22%2C%22firstName%22%3A%22L.%22%2C%22lastName%22%3A%22Aguilar%22%7D%5D%2C%22abstractNote%22%3A%22%22%2C%22date%22%3A%222009%22%2C%22section%22%3A%22%22%2C%22partNumber%22%3A%22%22%2C%22partTitle%22%3A%22%22%2C%22DOI%22%3A%2210.2436%5C%2F20.8010.01.8%22%2C%22citationKey%22%3A%22%22%2C%22url%22%3A%22%22%2C%22PMID%22%3A%22%22%2C%22PMCID%22%3A%22%22%2C%22ISSN%22%3A%22%22%2C%22language%22%3A%22%22%2C%22collections%22%3A%5B%2282T5E3QX%22%5D%2C%22dateModified%22%3A%222025-12-15T21%3A57%3A21Z%22%7D%7D%2C%7B%22key%22%3A%22RGXIKNEB%22%2C%22library%22%3A%7B%22id%22%3A1246567%7D%2C%22meta%22%3A%7B%22creatorSummary%22%3A%22Dautzenberg%20and%20Fischer%22%2C%22parsedDate%22%3A%221925%22%2C%22numChildren%22%3A0%7D%2C%22bib%22%3A%22%26lt%3Bdiv%20class%3D%26quot%3Bcsl-bib-body%26quot%3B%20style%3D%26quot%3Bline-height%3A%201.35%3B%20padding-left%3A%201em%3B%20text-indent%3A-1em%3B%26quot%3B%26gt%3B%5Cn%20%20%26lt%3Bdiv%20class%3D%26quot%3Bcsl-entry%26quot%3B%26gt%3BDautzenberg%2C%20P.%2C%20Fischer%2C%20P.%20H.%20%281925%29.%20Les%20mollusques%20marins%20du%20Finistere%20et%20en%20particulier%20de%20la%20region%20de%20Roscoff.%20Travaux%20de%20la%20Station%20Biologique%20de%20Roscoff%203%3A1-180.%26lt%3B%5C%2Fdiv%26gt%3B%5Cn%26lt%3B%5C%2Fdiv%26gt%3B%22%2C%22data%22%3A%7B%22itemType%22%3A%22journalArticle%22%2C%22title%22%3A%22Les%20mollusques%20marins%20du%20Finistere%20et%20en%20particulier%20de%20la%20region%20de%20Roscoff.%20Travaux%20de%20la%20Station%20Biologique%20de%20Roscoff%203%3A1-180.%22%2C%22creators%22%3A%5B%7B%22creatorType%22%3A%22author%22%2C%22firstName%22%3A%22P.%22%2C%22lastName%22%3A%22Dautzenberg%22%7D%2C%7B%22creatorType%22%3A%22author%22%2C%22firstName%22%3A%22P.H.%22%2C%22lastName%22%3A%22Fischer%22%7D%5D%2C%22abstractNote%22%3A%22%22%2C%22date%22%3A%221925%22%2C%22section%22%3A%22%22%2C%22partNumber%22%3A%22%22%2C%22partTitle%22%3A%22%22%2C%22DOI%22%3A%22%22%2C%22citationKey%22%3A%22%22%2C%22url%22%3A%22%22%2C%22PMID%22%3A%22%22%2C%22PMCID%22%3A%22%22%2C%22ISSN%22%3A%22%22%2C%22language%22%3A%22%22%2C%22collections%22%3A%5B%2282T5E3QX%22%5D%2C%22dateModified%22%3A%222025-02-14T12%3A25%3A21Z%22%7D%7D%5D%7D<\/span>\n\n\t\t\t\t<div id=\"zp-ID-581-1246567-2C3VPFXV\" data-zp-author-date='Abbott-1974' data-zp-date-author='1974-Abbott' data-zp-date='1974' data-zp-year='1974' data-zp-itemtype='book' class=\"zp-Entry zpSearchResultsItem\">\n<div class=\"csl-bib-body\" style=\"line-height: 1.35; padding-left: 1em; text-indent:-1em;\">\n  <div class=\"csl-entry\">Abbott, R. T. (1974). <i>American seashells. The marine mollusca of the Atlantic and Pacific coast of North America<\/i>. Van Nostrand, New York. 663 pp., 24 pls. [October 1974].<\/div>\n<\/div>\n\t\t\t\t<\/div><!-- .zp-Entry .zpSearchResultsItem -->\t\t\t\t<div id=\"zp-ID-581-1246567-57G2VWWZ\" data-zp-author-date='Alder-1869' data-zp-date-author='1869-Alder' data-zp-date='1869' data-zp-year='1869' data-zp-itemtype='journalArticle' class=\"zp-Entry zpSearchResultsItem\">\n<div class=\"csl-bib-body\" style=\"line-height: 1.35; padding-left: 1em; text-indent:-1em;\">\n  <div class=\"csl-entry\">Alder, J. (1869). Account of the British Nudibranchiata. Jeffrey\u2019s British Conchology 5:18-94.<\/div>\n<\/div>\n\t\t\t\t<\/div><!-- .zp-Entry .zpSearchResultsItem -->\t\t\t\t<div id=\"zp-ID-581-1246567-RZIG5GJQ\" data-zp-author-date='Alder-and-Hancock-1844' data-zp-date-author='1844-Alder-and-Hancock' data-zp-date='1844' data-zp-year='1844' data-zp-itemtype='journalArticle' class=\"zp-Entry zpSearchResultsItem\">\n<div class=\"csl-bib-body\" style=\"line-height: 1.35; padding-left: 1em; text-indent:-1em;\">\n  <div class=\"csl-entry\">Alder, J., Hancock, A. (1844). Description d\u2019un genre nouveau de mollusques nudibranches, et de quelques especes nouvelles d\u2019eolides. Annales des Sciences Naturelles, Paris, series 3, 1:190-191.<\/div>\n<\/div>\n\t\t\t\t<\/div><!-- .zp-Entry .zpSearchResultsItem -->\t\t\t\t<div id=\"zp-ID-581-1246567-XKHSN2RT\" data-zp-author-date='Alder-and-Hancock-1844' data-zp-date-author='1844-Alder-and-Hancock' data-zp-date='1844' data-zp-year='1844' data-zp-itemtype='journalArticle' class=\"zp-Entry zpSearchResultsItem\">\n<div class=\"csl-bib-body\" style=\"line-height: 1.35; padding-left: 1em; text-indent:-1em;\">\n  <div class=\"csl-entry\">Alder, J., Hancock, A. (1844). Description of a new genus of nudibranchiate Mollusca, with some new species of Eolis. <i>Annals and Magazine of Natural History 13: 161-167 [novembre]<\/i>.<\/div>\n<\/div>\n\t\t\t\t<\/div><!-- .zp-Entry .zpSearchResultsItem -->\t\t\t\t<div id=\"zp-ID-581-1246567-7A64MJBN\" data-zp-author-date='Alder-and-Hancock-1845' data-zp-date-author='1845-Alder-and-Hancock' data-zp-date='1845' data-zp-year='1845' data-zp-itemtype='book' class=\"zp-Entry zpSearchResultsItem\">\n<div class=\"csl-bib-body\" style=\"line-height: 1.35; padding-left: 1em; text-indent:-1em;\">\n  <div class=\"csl-entry\">Alder, J., Hancock, A. (1845). <i>A monograph of the British nudibranchiate Mollusca: with figures of all the species.<\/i> Ray Society, London.<\/div>\n<\/div>\n\t\t\t\t<\/div><!-- .zp-Entry .zpSearchResultsItem -->\t\t\t\t<div id=\"zp-ID-581-1246567-CTUJ9HRK\" data-zp-author-date='Alder-and-Hancock-1847' data-zp-date-author='1847-Alder-and-Hancock' data-zp-date='1847' data-zp-year='1847' data-zp-itemtype='book' class=\"zp-Entry zpSearchResultsItem\">\n<div class=\"csl-bib-body\" style=\"line-height: 1.35; padding-left: 1em; text-indent:-1em;\">\n  <div class=\"csl-entry\">Alder, J., Hancock, A. (1847). <i>A monograph of the British nudibranchiate Mollusca: with figures of all the species. Ray Society, London.<\/i> Ray Society, London.<\/div>\n<\/div>\n\t\t\t\t<\/div><!-- .zp-Entry .zpSearchResultsItem -->\t\t\t\t<div id=\"zp-ID-581-1246567-DUB44H7E\" data-zp-author-date='Alder-and-Hancock-1845' data-zp-date-author='1845-Alder-and-Hancock' data-zp-date='1845' data-zp-year='1845' data-zp-itemtype='book' class=\"zp-Entry zpSearchResultsItem\">\n<div class=\"csl-bib-body\" style=\"line-height: 1.35; padding-left: 1em; text-indent:-1em;\">\n  <div class=\"csl-entry\">Alder, J., Hancock, A. (1845). <i>Report on the British nudibranchiate Mollusca. Report 14th Meeting of the British Association for the Advancement of Science; pp 24-29.<\/i><\/div>\n<\/div>\n\t\t\t\t<\/div><!-- .zp-Entry .zpSearchResultsItem -->\t\t\t\t<div id=\"zp-ID-581-1246567-ZVWJEUAJ\" data-zp-author-date='Alder-and-Hancock-1855' data-zp-date-author='1855-Alder-and-Hancock' data-zp-date='1855' data-zp-year='1855' data-zp-itemtype='book' class=\"zp-Entry zpSearchResultsItem\">\n<div class=\"csl-bib-body\" style=\"line-height: 1.35; padding-left: 1em; text-indent:-1em;\">\n  <div class=\"csl-entry\">Alder, J., Hancock, A. (1855). <i>A monograph of the British nudibranchiate Mollusca: with figures of all the species.<\/i> Ray Society, London.<\/div>\n<\/div>\n\t\t\t\t<\/div><!-- .zp-Entry .zpSearchResultsItem -->\t\t\t\t<div id=\"zp-ID-581-1246567-3Z9I3MQZ\" data-zp-author-date='Anderson-1999' data-zp-date-author='1999-Anderson' data-zp-date='1999' data-zp-year='1999' data-zp-itemtype='webpage' class=\"zp-Entry zpSearchResultsItem\">\n<div class=\"csl-bib-body\" style=\"line-height: 1.35; padding-left: 1em; text-indent:-1em;\">\n  <div class=\"csl-entry\">Anderson, J. (1999). Eubranchus farrani accessed through: Scottish Nudibranchs on 2014-12-21. Disponible en: <a class=&#039;zp-ItemURL&#039; target=&#039;_blank&#039; href=&#039;http:\/\/www.nudibranch.org\/Scottish Nudibranchs\/eubranchus-farrani.html&#039;>http:\/\/www.nudibranch.org\/Scottish Nudibranchs\/eubranchus-farrani.html<\/a><\/div>\n<\/div>\n\t\t\t\t<\/div><!-- .zp-Entry .zpSearchResultsItem -->\t\t\t\t<div id=\"zp-ID-581-1246567-3DQMJM3N\" data-zp-author-date='Avila-1998' data-zp-date-author='1998-Avila' data-zp-date='1998' data-zp-year='1998' data-zp-itemtype='journalArticle' class=\"zp-Entry zpSearchResultsItem\">\n<div class=\"csl-bib-body\" style=\"line-height: 1.35; padding-left: 1em; text-indent:-1em;\">\n  <div class=\"csl-entry\">Avila, C. (1998). Competence and metamorphosis in the long-term planktotrophic larvae of the nudibranch mollusc Hermissenda crassicornis (Eschscholtz, 1831). Journal of Experimental Marine Biology and Ecology 231(1):81-117.<\/div>\n<\/div>\n\t\t\t\t<\/div><!-- .zp-Entry .zpSearchResultsItem -->\t\t\t\t<div id=\"zp-ID-581-1246567-8UQD69TB\" data-zp-author-date='Baba-1964' data-zp-date-author='1964-Baba' data-zp-date='1964' data-zp-year='1964' data-zp-itemtype='journalArticle' class=\"zp-Entry zpSearchResultsItem\">\n<div class=\"csl-bib-body\" style=\"line-height: 1.35; padding-left: 1em; text-indent:-1em;\">\n  <div class=\"csl-entry\">Baba, K. (1964). Description of Eubranchus inabai n sp , from Mukaishima, Japan (Nudibranchia - Eolidoidea). Publications of the Seto Marine Biological Laboratory 12(4):285-287.<\/div>\n<\/div>\n\t\t\t\t<\/div><!-- .zp-Entry .zpSearchResultsItem -->\t\t\t\t<div id=\"zp-ID-581-1246567-5SZ2CEQV\" data-zp-author-date='Ballesteros-2007' data-zp-date-author='2007-Ballesteros' data-zp-date='2007' data-zp-year='2007' data-zp-itemtype='journalArticle' class=\"zp-Entry zpSearchResultsItem\">\n<div class=\"csl-bib-body\" style=\"line-height: 1.35; padding-left: 1em; text-indent:-1em;\">\n  <div class=\"csl-entry\">Ballesteros, M. (2007). Lista actualizada de los opistobranquios (Mollusca: Gastropoda: Opisthobranchia) de las costas catalanas. <i>Spira<\/i>, <i>2<\/i>(3), 163-188.<\/div>\n<\/div>\n\t\t\t\t<\/div><!-- .zp-Entry .zpSearchResultsItem -->\t\t\t\t<div id=\"zp-ID-581-1246567-SRASB7UW\" data-zp-author-date='Ballesteros-1980' data-zp-date-author='1980-Ballesteros' data-zp-date='1980' data-zp-year='1980' data-zp-itemtype='thesis' class=\"zp-Entry zpSearchResultsItem\">\n<div class=\"csl-bib-body\" style=\"line-height: 1.35; padding-left: 1em; text-indent:-1em;\">\n  <div class=\"csl-entry\">Ballesteros, M. (1980). <i>Contribuci\u00f3n al conocimientos de los Sacoglosos y Nudibranquios (Mollusca: Opisthobranchia). Estudio anat\u00f3mico, sistem\u00e1tico y faun\u00edstico de las especies del mediterr\u00e1neo espa\u00f1ol. Tesis Doctoral<\/i>. Universitat de Barcelona<\/div>\n<\/div>\n\t\t\t\t<\/div><!-- .zp-Entry .zpSearchResultsItem -->\t\t\t\t<div id=\"zp-ID-581-1246567-HAQSCATX\" data-zp-author-date='Ballesteros-1984' data-zp-date-author='1984-Ballesteros' data-zp-date='1984' data-zp-year='1984' data-zp-itemtype='journalArticle' class=\"zp-Entry zpSearchResultsItem\">\n<div class=\"csl-bib-body\" style=\"line-height: 1.35; padding-left: 1em; text-indent:-1em;\">\n  <div class=\"csl-entry\">Ballesteros, M. (1984). Adiciones a la fauna de opistobranquios de Cubellas (Tarragona). <i>Miscel\u00e1nea Zool\u00f3gica<\/i>, <i>8<\/i>, 41-49.<\/div>\n<\/div>\n\t\t\t\t<\/div><!-- .zp-Entry .zpSearchResultsItem -->\t\t\t\t<div id=\"zp-ID-581-1246567-BAE9P36R\" data-zp-author-date='Ballesteros-et-al.-2016' data-zp-date-author='2016-Ballesteros-et-al.' data-zp-date='2016' data-zp-year='2016' data-zp-itemtype='journalArticle' class=\"zp-Entry zpSearchResultsItem\">\n<div class=\"csl-bib-body\" style=\"line-height: 1.35; padding-left: 1em; text-indent:-1em;\">\n  <div class=\"csl-entry\">Ballesteros, M., Madrenas, E., Pontes, M. (2016). Actualizaci\u00f3n del cat\u00e1logo de los moluscos opistobranquios (Gastropoda: Heterobranchia) de las costas catalanas. <i>Spira<\/i>, <i>6<\/i>, 1-28.<\/div>\n<\/div>\n\t\t\t\t<\/div><!-- .zp-Entry .zpSearchResultsItem -->\t\t\t\t<div id=\"zp-ID-581-1246567-K52ZTG29\" data-zp-author-date='Ballesteros-et-al.-2015' data-zp-date-author='2015-Ballesteros-et-al.' data-zp-date='2015' data-zp-year='2015' data-zp-itemtype='presentation' class=\"zp-Entry zpSearchResultsItem\">\n<div class=\"csl-bib-body\" style=\"line-height: 1.35; padding-left: 1em; text-indent:-1em;\">\n  <div class=\"csl-entry\">Ballesteros, M., Pontes, M., Madrenas, E. (2015). Opisthobranch from Medes Islands (Marine Protected Area, Costa Brava, Catalonia, NE Spain): 40 years of study.<\/div>\n<\/div>\n\t\t\t\t<\/div><!-- .zp-Entry .zpSearchResultsItem -->\t\t\t\t<div id=\"zp-ID-581-1246567-US4WQRA3\" data-zp-author-date='Ballesteros-et-al.-2026' data-zp-date-author='2026-Ballesteros-et-al.' data-zp-date='2026' data-zp-year='2026' data-zp-itemtype='webpage' class=\"zp-Entry zpSearchResultsItem\">\n<div class=\"csl-bib-body\" style=\"line-height: 1.35; padding-left: 1em; text-indent:-1em;\">\n  <div class=\"csl-entry\">Ballesteros, M., Madrenas, E., Pontes, M. (2026). OPK - Opistobranquis. Disponible en: <a class=&#039;zp-ItemURL&#039; target=&#039;_blank&#039; href=&#039;https:\/\/opistobranquis.info\/&#039;>https:\/\/opistobranquis.info\/<\/a> [Accedido 6 de marzo de 2026]<\/div>\n<\/div>\n\t\t\t\t<\/div><!-- .zp-Entry .zpSearchResultsItem -->\t\t\t\t<div id=\"zp-ID-581-1246567-ID3KAE2E\" data-zp-author-date='Barletta-1981' data-zp-date-author='1981-Barletta' data-zp-date='1981' data-zp-year='1981' data-zp-itemtype='journalArticle' class=\"zp-Entry zpSearchResultsItem\">\n<div class=\"csl-bib-body\" style=\"line-height: 1.35; padding-left: 1em; text-indent:-1em;\">\n  <div class=\"csl-entry\">Barletta, G. (1981). Gasteropodi nudi (Pleurobranchomorpha, Sacoglossa, Aplysiomorpha e Nudibranchia) Consiglio Nazionale delle Richerche, Guide per il riconoscimento delle specie animali delle acque lagunari e costiere italiane AQ\/1\/92, 3. Quaderni della Civica Stazione Idrobiologica di Milano (9):1-124.<\/div>\n<\/div>\n\t\t\t\t<\/div><!-- .zp-Entry .zpSearchResultsItem -->\t\t\t\t<div id=\"zp-ID-581-1246567-CXGNEJHZ\" data-zp-author-date='Beaumont-1900' data-zp-date-author='1900-Beaumont' data-zp-date='1900' data-zp-year='1900' data-zp-itemtype='book' class=\"zp-Entry zpSearchResultsItem\">\n<div class=\"csl-bib-body\" style=\"line-height: 1.35; padding-left: 1em; text-indent:-1em;\">\n  <div class=\"csl-entry\">Beaumont, W. I. (1900). <i>Part II.\u2013The benthos (dredging and shore collecting). VII.\u2013Report on the results of dredging and shore- collecting; pp 754-798, In: The fauna and flora of Valencia Harbour on the west coast of Ireland. Proceedings of the Royal Irish Academy, series 3, 5(3):667-854.<\/i><\/div>\n<\/div>\n\t\t\t\t<\/div><!-- .zp-Entry .zpSearchResultsItem -->\t\t\t\t<div id=\"zp-ID-581-1246567-E9P25E66\" data-zp-author-date='Beaumont-1900' data-zp-date-author='1900-Beaumont' data-zp-date='1900' data-zp-year='1900' data-zp-itemtype='book' class=\"zp-Entry zpSearchResultsItem\">\n<div class=\"csl-bib-body\" style=\"line-height: 1.35; padding-left: 1em; text-indent:-1em;\">\n  <div class=\"csl-entry\">Beaumont, W. I. (1900). <i>XII\u2013Report on the opisthobranchiate Mollusca; pp 832-854, In: The fauna and flora of Valencia Harbour on the west coast of Ireland. Proceedings of the Royal Irish Academy, series 3, 5(3):667-854.<\/i><\/div>\n<\/div>\n\t\t\t\t<\/div><!-- .zp-Entry .zpSearchResultsItem -->\t\t\t\t<div id=\"zp-ID-581-1246567-S5JHTP8M\" data-zp-author-date='Bedot-1896' data-zp-date-author='1896-Bedot' data-zp-date='1896' data-zp-year='1896' data-zp-itemtype='journalArticle' class=\"zp-Entry zpSearchResultsItem\">\n<div class=\"csl-bib-body\" style=\"line-height: 1.35; padding-left: 1em; text-indent:-1em;\">\n  <div class=\"csl-entry\">Bedot, M. (1896). Note sur les cellules urticantes. Revue Suisse de Zoologie 3(4):533-539, pl 18.<\/div>\n<\/div>\n\t\t\t\t<\/div><!-- .zp-Entry .zpSearchResultsItem -->\t\t\t\t<div id=\"zp-ID-581-1246567-45NMNEPD\" data-zp-author-date='Bedulli-et-al.-1995' data-zp-date-author='1995-Bedulli-et-al.' data-zp-date='1995' data-zp-year='1995' data-zp-itemtype='book' class=\"zp-Entry zpSearchResultsItem\">\n<div class=\"csl-bib-body\" style=\"line-height: 1.35; padding-left: 1em; text-indent:-1em;\">\n  <div class=\"csl-entry\">Bedulli, D., Cattaneo-Vietti, R., Chemello, R., Ghisotti, F., Giovine, F. (1995). <i>Gastropoda Opisthobranchia, Divasibranchia, Gymnomorpha, Fascicolo 15, pp. 1-23.\u00a0 In: A. Minelli, A. Ruffo, & S. La Posta (Eds.). Checklist delle specie fauna italiana<\/i>. Calderini.<\/div>\n<\/div>\n\t\t\t\t<\/div><!-- .zp-Entry .zpSearchResultsItem -->\t\t\t\t<div id=\"zp-ID-581-1246567-VCT3CU7D\" data-zp-author-date='Behrens-1987' data-zp-date-author='1987-Behrens' data-zp-date='1987' data-zp-year='1987' data-zp-itemtype='journalArticle' class=\"zp-Entry zpSearchResultsItem\">\n<div class=\"csl-bib-body\" style=\"line-height: 1.35; padding-left: 1em; text-indent:-1em;\">\n  <div class=\"csl-entry\">Behrens, D. W. (1987). Two new aeolid nudibranchs from southern California. Veliger 30(1):82-89.<\/div>\n<\/div>\n\t\t\t\t<\/div><!-- .zp-Entry .zpSearchResultsItem -->\t\t\t\t<div id=\"zp-ID-581-1246567-I727JVJE\" data-zp-author-date='Bergh-1868' data-zp-date-author='1868-Bergh' data-zp-date='1868' data-zp-year='1868' data-zp-itemtype='journalArticle' class=\"zp-Entry zpSearchResultsItem\">\n<div class=\"csl-bib-body\" style=\"line-height: 1.35; padding-left: 1em; text-indent:-1em;\">\n  <div class=\"csl-entry\">Bergh, L. S. R. (1868). Anatomiske Bidrag til kundskab om aeolidierne. Det Kongelige Danske Videnskabernes Selskabs Skrifter. Femte Raekke, Naturvidenskabelig og Mathematisk Afdeling Kjobenhavn 7:139-316, pls. I-IX.<\/div>\n<\/div>\n\t\t\t\t<\/div><!-- .zp-Entry .zpSearchResultsItem -->\t\t\t\t<div id=\"zp-ID-581-1246567-7TSNJMRE\" data-zp-author-date='Bergh-1887' data-zp-date-author='1887-Bergh' data-zp-date='1887' data-zp-year='1887' data-zp-itemtype='journalArticle' class=\"zp-Entry zpSearchResultsItem\">\n<div class=\"csl-bib-body\" style=\"line-height: 1.35; padding-left: 1em; text-indent:-1em;\">\n  <div class=\"csl-entry\">Bergh, L. S. R. (1887). VIII. Die Nudibranchien Gesammelt warhrend der fahrten des \u201cWillem-Barents\u201d in das n\u00f6rdliche Eismeer. <i>Bijdragen tot de Dierkunde afleverung, Amsterdam. Onderzoekingstochter van\u00a0 de \u201cWillem-Barents\u201d Exped. Gedeelte 13(4):1-37, pls. 1-3.<\/i><\/div>\n<\/div>\n\t\t\t\t<\/div><!-- .zp-Entry .zpSearchResultsItem -->\t\t\t\t<div id=\"zp-ID-581-1246567-9VXFNRZT\" data-zp-author-date='Bergh-1873' data-zp-date-author='1873-Bergh' data-zp-date='1873' data-zp-year='1873' data-zp-itemtype='journalArticle' class=\"zp-Entry zpSearchResultsItem\">\n<div class=\"csl-bib-body\" style=\"line-height: 1.35; padding-left: 1em; text-indent:-1em;\">\n  <div class=\"csl-entry\">Bergh, L. S. R. (1873). Beitrage zur Kenntniss der Aeolidiaden. I. Verhandlungen der koniglich-kaiserlich Zoologisch-botanischen Gesellschaft in Wien (Abhandlungen) 23(4):597-628, pls. 7-10.<\/div>\n<\/div>\n\t\t\t\t<\/div><!-- .zp-Entry .zpSearchResultsItem -->\t\t\t\t<div id=\"zp-ID-581-1246567-ZQ6B6RWI\" data-zp-author-date='Bergh-1877' data-zp-date-author='1877-Bergh' data-zp-date='1877' data-zp-year='1877' data-zp-itemtype='journalArticle' class=\"zp-Entry zpSearchResultsItem\">\n<div class=\"csl-bib-body\" style=\"line-height: 1.35; padding-left: 1em; text-indent:-1em;\">\n  <div class=\"csl-entry\">Bergh, L. S. R. (1877). Beitrage zur kenntniss der Aeolidiaden. V. Verhandlungen der koniglich-kaiserlich Zoologisch-botanischen Gesellschaft in Wien (Abhandlungen) 27:807-840, pls. 11-13.<\/div>\n<\/div>\n\t\t\t\t<\/div><!-- .zp-Entry .zpSearchResultsItem -->\t\t\t\t<div id=\"zp-ID-581-1246567-RAPNK86T\" data-zp-author-date='Bergh-1882' data-zp-date-author='1882-Bergh' data-zp-date='1882' data-zp-year='1882' data-zp-itemtype='journalArticle' class=\"zp-Entry zpSearchResultsItem\">\n<div class=\"csl-bib-body\" style=\"line-height: 1.35; padding-left: 1em; text-indent:-1em;\">\n  <div class=\"csl-entry\">Bergh, L. S. R. (1882). Beitrage zur Kenntniss der Aeolidiaden. VII. <i>Verhandlungen der koniglich-kaiserlich Zoologisch-botanischen Gesellschaft in Wien (Abhandlungen) 32:7-74, pls. 1-6.<\/i><\/div>\n<\/div>\n\t\t\t\t<\/div><!-- .zp-Entry .zpSearchResultsItem -->\t\t\t\t<div id=\"zp-ID-581-1246567-ZA4RMR6M\" data-zp-author-date='Bergh-1890' data-zp-date-author='1890-Bergh' data-zp-date='1890' data-zp-year='1890' data-zp-itemtype='journalArticle' class=\"zp-Entry zpSearchResultsItem\">\n<div class=\"csl-bib-body\" style=\"line-height: 1.35; padding-left: 1em; text-indent:-1em;\">\n  <div class=\"csl-entry\">Bergh, L. S. R. (1890). Die cladohepatischen Nudibranchien. Zoologische Jahrbucher, Abtheilung fur Systematik Geographie und Biologie der Thiere 5:1-75.<\/div>\n<\/div>\n\t\t\t\t<\/div><!-- .zp-Entry .zpSearchResultsItem -->\t\t\t\t<div id=\"zp-ID-581-1246567-5NB5M3ZR\" data-zp-author-date='Bergh-1908' data-zp-date-author='1908-Bergh' data-zp-date='1908' data-zp-year='1908' data-zp-itemtype='book' class=\"zp-Entry zpSearchResultsItem\">\n<div class=\"csl-bib-body\" style=\"line-height: 1.35; padding-left: 1em; text-indent:-1em;\">\n  <div class=\"csl-entry\">Bergh, L. S. R. (1908). <i>Malacologische Untersuchungen, In: Reisen im Archipel der Philippinen von Dr Carl Gottfried Semper. Zweiter Theil. Wissenschaftliche Resultate. Band 9, Theil 6, Heft 3; pp 119-181, pls. 9-12.<\/i><\/div>\n<\/div>\n\t\t\t\t<\/div><!-- .zp-Entry .zpSearchResultsItem -->\t\t\t\t<div id=\"zp-ID-581-1246567-GA35RD4B\" data-zp-author-date='Bergh-1892' data-zp-date-author='1892-Bergh' data-zp-date='1892' data-zp-year='1892' data-zp-itemtype='book' class=\"zp-Entry zpSearchResultsItem\">\n<div class=\"csl-bib-body\" style=\"line-height: 1.35; padding-left: 1em; text-indent:-1em;\">\n  <div class=\"csl-entry\">Bergh, R. (1892). <i>System der Nudibranchiaten Gasteropoden<\/i>. Malacologische Untersuchungen. In: Reisen im Archipel der Philippinen von Dr. Carl Gottfried Semper. Zweiter Theil#Wissenschaftliche Resultate. Band 7, Theil 5. [pp. 1\u201351, pls 1\u20134, Mar. 1897; pp. 53\u2013115, pls 5\u20138, Dec. 1897; pp. 117\u2013158, pls 9\u201312, Nov. 1898; pp. 159\u2013208, pls 13\u201316, 27 Mar. 1900; pp. 209\u2013256, pls 17\u201320, 29 Jan. 1901; pp. 257\u2013312, pls. 21\u201324, 15 Oct. 1901; pp. 313\u2013382, pls 25\u201329, 7 Oct. 1902].<\/div>\n<\/div>\n\t\t\t\t<\/div><!-- .zp-Entry .zpSearchResultsItem -->\t\t\t\t<div id=\"zp-ID-581-1246567-MWM9RSNF\" data-zp-author-date='Bergh-1878' data-zp-date-author='1878-Bergh' data-zp-date='1878' data-zp-year='1878' data-zp-itemtype='book' class=\"zp-Entry zpSearchResultsItem\">\n<div class=\"csl-bib-body\" style=\"line-height: 1.35; padding-left: 1em; text-indent:-1em;\">\n  <div class=\"csl-entry\">Bergh, L. S. R. (1878). <i>Malacologische Untersuchungen, In: Reisen im Archipel der Philippinen von Dr Carl Gottfried Semper. Zweiter Theil. Wissenschaftliche Resultate. Band 2, Theil 2, Heft 14; pp 603-645, I-L, pls. 66-68.<\/i><\/div>\n<\/div>\n\t\t\t\t<\/div><!-- .zp-Entry .zpSearchResultsItem -->\t\t\t\t<div id=\"zp-ID-581-1246567-Z5J826HY\" data-zp-author-date='Betti-et-al.-2021' data-zp-date-author='2021-Betti-et-al.' data-zp-date='2021' data-zp-year='2021' data-zp-itemtype='journalArticle' class=\"zp-Entry zpSearchResultsItem\">\n<div class=\"csl-bib-body\" style=\"line-height: 1.35; padding-left: 1em; text-indent:-1em;\">\n  <div class=\"csl-entry\">Betti, F., Bavestrello, G., Cattaneo-Vietti, R. (2021). Preliminary evidence of fluorescence in Mediterranean heterobranchs. <i>Journal of Molluscan Studies<\/i>, <i>87<\/i>, eyaa040. <a class=&#039;zp-DOIURL&#039; target=&#039;_blank&#039; href=&#039;https:\/\/doi.org\/10.1093\/mollus\/eyaa040&#039;>https:\/\/doi.org\/10.1093\/mollus\/eyaa040<\/a><\/div>\n<\/div>\n\t\t\t\t<\/div><!-- .zp-Entry .zpSearchResultsItem -->\t\t\t\t<div id=\"zp-ID-581-1246567-69ANZ7W3\" data-zp-author-date='Bielecki-et-al.-2011' data-zp-date-author='2011-Bielecki-et-al.' data-zp-date='2011' data-zp-year='2011' data-zp-itemtype='book' class=\"zp-Entry zpSearchResultsItem\">\n<div class=\"csl-bib-body\" style=\"line-height: 1.35; padding-left: 1em; text-indent:-1em;\">\n  <div class=\"csl-entry\">Bielecki, S., Cavignaux, G., Crouzet, J. M., Grall, S. (2011). <i>Des limaces de r\u00eave<\/i><\/div>\n<\/div>\n\t\t\t\t<\/div><!-- .zp-Entry .zpSearchResultsItem -->\t\t\t\t<div id=\"zp-ID-581-1246567-4AHRET63\" data-zp-author-date='Brown-and-Picton-1979' data-zp-date-author='1979-Brown-and-Picton' data-zp-date='1979' data-zp-year='1979' data-zp-itemtype='book' class=\"zp-Entry zpSearchResultsItem\">\n<div class=\"csl-bib-body\" style=\"line-height: 1.35; padding-left: 1em; text-indent:-1em;\">\n  <div class=\"csl-entry\">Brown, G. H., Picton, B. E. (1979). <i>Nudibranchs of the British Isles \u2014 a colour guide.<\/i> Underwater Conservation Society, Manchester, by R. Earll.<\/div>\n<\/div>\n\t\t\t\t<\/div><!-- .zp-Entry .zpSearchResultsItem -->\t\t\t\t<div id=\"zp-ID-581-1246567-RVS9HWBC\" data-zp-author-date='Calado-et-al.-2003' data-zp-date-author='2003-Calado-et-al.' data-zp-date='2003' data-zp-year='2003' data-zp-itemtype='journalArticle' class=\"zp-Entry zpSearchResultsItem\">\n<div class=\"csl-bib-body\" style=\"line-height: 1.35; padding-left: 1em; text-indent:-1em;\">\n  <div class=\"csl-entry\">Calado, G., Malaquias, M., Gavaia, C., Cervera, J. L., Megina, C., Dayrat, B., Camacho, Y. et\u00a0al. (2003). New data on opisthobranchs (Mollusca: Gastropoda) from the southwestern coast of Portugal. <i>Bolet\u00edn Instituto Espa\u00f1ol de Oceanograf\u00eda 19 (1-4): 199-204.<\/i><\/div>\n<\/div>\n\t\t\t\t<\/div><!-- .zp-Entry .zpSearchResultsItem -->\t\t\t\t<div id=\"zp-ID-581-1246567-WFVJHX62\" data-zp-author-date='Calado-et-al.-1999' data-zp-date-author='1999-Calado-et-al.' data-zp-date='1999' data-zp-year='1999' data-zp-itemtype='journalArticle' class=\"zp-Entry zpSearchResultsItem\">\n<div class=\"csl-bib-body\" style=\"line-height: 1.35; padding-left: 1em; text-indent:-1em;\">\n  <div class=\"csl-entry\">Calado, G., Urgorri, V., Gaspar, R., Cristobo, F. J. (1999). Cat\u00e1logo de los moluscos opistobranquios bent\u00f3nicos de las costas de Set\u00fabal-Espichel (Portugal). <i>Nova Acta Cient\u00edfica Compostelana (Biolox\u00eda) 9: 285-294.<\/i><\/div>\n<\/div>\n\t\t\t\t<\/div><!-- .zp-Entry .zpSearchResultsItem -->\t\t\t\t<div id=\"zp-ID-581-1246567-8N7V53F2\" data-zp-author-date='Cattaneo-Vietti-1990' data-zp-date-author='1990-Cattaneo-Vietti' data-zp-date='1990' data-zp-year='1990' data-zp-itemtype='journalArticle' class=\"zp-Entry zpSearchResultsItem\">\n<div class=\"csl-bib-body\" style=\"line-height: 1.35; padding-left: 1em; text-indent:-1em;\">\n  <div class=\"csl-entry\">Cattaneo-Vietti, R. (1990). Colore e mimetismo negli opistobranchi. Lavori della Societa di Malacologia 23:217-228.<\/div>\n<\/div>\n\t\t\t\t<\/div><!-- .zp-Entry .zpSearchResultsItem -->\t\t\t\t<div id=\"zp-ID-581-1246567-TJNIQK8N\" data-zp-author-date='Cattaneo-Vietti-1986' data-zp-date-author='1986-Cattaneo-Vietti' data-zp-date='1986' data-zp-year='1986' data-zp-itemtype='journalArticle' class=\"zp-Entry zpSearchResultsItem\">\n<div class=\"csl-bib-body\" style=\"line-height: 1.35; padding-left: 1em; text-indent:-1em;\">\n  <div class=\"csl-entry\">Cattaneo-Vietti, R. (1986). Alcune considerazioni sui molluschi opistobranchi del Mar Ligure. <i>Lavori Societa Italiana di Malacologia 22:85-96.<\/i><\/div>\n<\/div>\n\t\t\t\t<\/div><!-- .zp-Entry .zpSearchResultsItem -->\t\t\t\t<div id=\"zp-ID-581-1246567-BESQIQHG\" data-zp-author-date='Cattaneo-Vietti-and-Barletta-1984' data-zp-date-author='1984-Cattaneo-Vietti-and-Barletta' data-zp-date='1984' data-zp-year='1984' data-zp-itemtype='journalArticle' class=\"zp-Entry zpSearchResultsItem\">\n<div class=\"csl-bib-body\" style=\"line-height: 1.35; padding-left: 1em; text-indent:-1em;\">\n  <div class=\"csl-entry\">Cattaneo-Vietti, R., Barletta, G. (1984). Elenco preliminare dei molluschi opistobranchi viventi nel Mediterraneo (Sacoglossa, Pleurobranchomorpha, Acochlidiacea, Aplysiomorpha, Nudibranchia). Bollettino Malacologico (Pubblicazione Mensile Edita dalla Societa Italiana di Malacologia) 20(9-12):195-218.<\/div>\n<\/div>\n\t\t\t\t<\/div><!-- .zp-Entry .zpSearchResultsItem -->\t\t\t\t<div id=\"zp-ID-581-1246567-XS7BP7FA\" data-zp-author-date='Cattaneo-Vietti-and-Chemello-1987' data-zp-date-author='1987-Cattaneo-Vietti-and-Chemello' data-zp-date='1987' data-zp-year='1987' data-zp-itemtype='journalArticle' class=\"zp-Entry zpSearchResultsItem\">\n<div class=\"csl-bib-body\" style=\"line-height: 1.35; padding-left: 1em; text-indent:-1em;\">\n  <div class=\"csl-entry\">Cattaneo-Vietti, R., Chemello, R. (1987). Alcune considerazioni sui molluschi opistobranchi della Sicilia. <i>Bollettino Malacologico (Pubblicazione Mensile Edita dalla Societa Italiana di Malacologia) 23(5-8):207-222.<\/i><\/div>\n<\/div>\n\t\t\t\t<\/div><!-- .zp-Entry .zpSearchResultsItem -->\t\t\t\t<div id=\"zp-ID-581-1246567-6NSGWX88\" data-zp-author-date='Cattaneo-Vietti-and-Thompson-1989' data-zp-date-author='1989-Cattaneo-Vietti-and-Thompson' data-zp-date='1989' data-zp-year='1989' data-zp-itemtype='journalArticle' class=\"zp-Entry zpSearchResultsItem\">\n<div class=\"csl-bib-body\" style=\"line-height: 1.35; padding-left: 1em; text-indent:-1em;\">\n  <div class=\"csl-entry\">Cattaneo-Vietti, R., Thompson, T. E. (1989). Mediterranean opisthobranch molluscs: a zoogeographic approach. Bollettino Malacologico (Pubblicazione Mensile Edita dalla Societa Italiana di Malacologia) 25(5-8):183-204.<\/div>\n<\/div>\n\t\t\t\t<\/div><!-- .zp-Entry .zpSearchResultsItem -->\t\t\t\t<div id=\"zp-ID-581-1246567-FKXZHEIQ\" data-zp-author-date='Cattaneo-Vietti-et-al.-1990' data-zp-date-author='1990-Cattaneo-Vietti-et-al.' data-zp-date='1990' data-zp-year='1990' data-zp-itemtype='book' class=\"zp-Entry zpSearchResultsItem\">\n<div class=\"csl-bib-body\" style=\"line-height: 1.35; padding-left: 1em; text-indent:-1em;\">\n  <div class=\"csl-entry\">Cattaneo-Vietti, R., Chemello, R., Giannuzzi-Savelli, R. (1990). <i>Atlas of Mediterranean Nudibranchs<\/i>. La Conchiglia.<\/div>\n<\/div>\n\t\t\t\t<\/div><!-- .zp-Entry .zpSearchResultsItem -->\t\t\t\t<div id=\"zp-ID-581-1246567-33IV5UE8\" data-zp-author-date='Cella-et-al.-2016' data-zp-date-author='2016-Cella-et-al.' data-zp-date='2016' data-zp-year='2016' data-zp-itemtype='journalArticle' class=\"zp-Entry zpSearchResultsItem\">\n<div class=\"csl-bib-body\" style=\"line-height: 1.35; padding-left: 1em; text-indent:-1em;\">\n  <div class=\"csl-entry\">Cella, K., Carmona, L., Ekimova, I., Chichvarkhin, A., Schepetov, D., Gosliner, T. M. (2016). A Radical Solution: The Phylogeny of the Nudibranch Family Fionidae. <i>PLoS ONE 12\/2016; 11(12):e0167800<\/i>. <a class=&#039;zp-DOIURL&#039; target=&#039;_blank&#039; href=&#039;https:\/\/doi.org\/10.1371\/journal.pone.0167800&#039;>https:\/\/doi.org\/10.1371\/journal.pone.0167800<\/a><\/div>\n<\/div>\n\t\t\t\t<\/div><!-- .zp-Entry .zpSearchResultsItem -->\t\t\t\t<div id=\"zp-ID-581-1246567-NJMRP2SH\" data-zp-author-date='Cervera-and-Garc\u00eda-G\u00f3mez-1986' data-zp-date-author='1986-Cervera-and-Garc\u00eda-G\u00f3mez' data-zp-date='1986' data-zp-year='1986' data-zp-itemtype='journalArticle' class=\"zp-Entry zpSearchResultsItem\">\n<div class=\"csl-bib-body\" style=\"line-height: 1.35; padding-left: 1em; text-indent:-1em;\">\n  <div class=\"csl-entry\">Cervera, J. L., Garc\u00eda-G\u00f3mez, J. C. (1986). Moluscos opistobranquios del litoral occidental andaluz: nuevas aportaciones faun\u00edsticas. <i>Iberus 6 (2): 201-207.<\/i><\/div>\n<\/div>\n\t\t\t\t<\/div><!-- .zp-Entry .zpSearchResultsItem -->\t\t\t\t<div id=\"zp-ID-581-1246567-ET2HBM6T\" data-zp-author-date='Cervera-et-al.-1988' data-zp-date-author='1988-Cervera-et-al.' data-zp-date='1988' data-zp-year='1988' data-zp-itemtype='journalArticle' class=\"zp-Entry zpSearchResultsItem\">\n<div class=\"csl-bib-body\" style=\"line-height: 1.35; padding-left: 1em; text-indent:-1em;\">\n  <div class=\"csl-entry\">Cervera, J. L., Templado, J., Garc\u00eda-G\u00f3mez, J. C., Ballesteros, M., Ortea, J., Garc\u00eda, F. J., Ros, J., Luque, A. A. (1988). Cat\u00e1logo actualizado y comentado de los Opistobranquios (Mollusca, Gastropoda) de la Pen\u00ednsula Ib\u00e9rica, Baleares y Canarias, con algunas referencias a Ceuta y la isla de Albor\u00e1n. <i>Iberus<\/i>, <i>Supl. 1<\/i>, 1-84.<\/div>\n<\/div>\n\t\t\t\t<\/div><!-- .zp-Entry .zpSearchResultsItem -->\t\t\t\t<div id=\"zp-ID-581-1246567-HM8AG4CQ\" data-zp-author-date='Cervera-et-al.-2004' data-zp-date-author='2004-Cervera-et-al.' data-zp-date='2004' data-zp-year='2004' data-zp-itemtype='journalArticle' class=\"zp-Entry zpSearchResultsItem\">\n<div class=\"csl-bib-body\" style=\"line-height: 1.35; padding-left: 1em; text-indent:-1em;\">\n  <div class=\"csl-entry\">Cervera, J. L., Calado, G., Gavaia, C., Malaqu\u00edas, M. A. E., Templado, J., Ballesteros, M., Garc\u00eda-G\u00f3mez, J. C., Megina, C. (2004). An annotated and updated checklist of the opisthobranchs (Mollusca: Gastropoda) from Spain and Portugal (including islands and archipelagos). <i>Bolet\u00edn Instituto Espa\u00f1ol de Oceanograf\u00eda<\/i>, <i>20<\/i>(1-4), 1-111.<\/div>\n<\/div>\n\t\t\t\t<\/div><!-- .zp-Entry .zpSearchResultsItem -->\t\t\t\t<div id=\"zp-ID-581-1246567-74DHBH48\" data-zp-author-date='Cornet-and-Marchad-1951' data-zp-date-author='1951-Cornet-and-Marchad' data-zp-date='1951' data-zp-year='1951' data-zp-itemtype='journalArticle' class=\"zp-Entry zpSearchResultsItem\">\n<div class=\"csl-bib-body\" style=\"line-height: 1.35; padding-left: 1em; text-indent:-1em;\">\n  <div class=\"csl-entry\">Cornet, R., Marchad, M. (1951). Inventaire de la faune marine de Roscoff Mollusques. <i>Travaux de la Station Biologique de Roscoff, Suppl 5:1-80.<\/i><\/div>\n<\/div>\n\t\t\t\t<\/div><!-- .zp-Entry .zpSearchResultsItem -->\t\t\t\t<div id=\"zp-ID-581-1246567-NI45FHEN\" data-zp-author-date='Dacosta-et-al.-2009' data-zp-date-author='2009-Dacosta-et-al.' data-zp-date='2009' data-zp-year='2009' data-zp-itemtype='journalArticle' class=\"zp-Entry zpSearchResultsItem\">\n<div class=\"csl-bib-body\" style=\"line-height: 1.35; padding-left: 1em; text-indent:-1em;\">\n  <div class=\"csl-entry\">Dacosta, J. M., Pontes, M., Oll\u00e9 i Callau, A., Aguilar, L. (2009). Seguiment de mol\u00b7luscs opistobranquis a la platja des Caials (Cadaqu\u00e9s, Alt Empord\u00e0). Contribuci\u00f3 al cat\u00e0leg del Parc Natural de Cap de Creus. <i>Annals de l\u2019Institut d\u2019Estudis Empordanesos<\/i>, <i>40<\/i>, 107-130. <a class=&#039;zp-DOIURL&#039; target=&#039;_blank&#039; href=&#039;https:\/\/doi.org\/10.2436\/20.8010.01.8&#039;>https:\/\/doi.org\/10.2436\/20.8010.01.8<\/a><\/div>\n<\/div>\n\t\t\t\t<\/div><!-- .zp-Entry .zpSearchResultsItem -->\t\t\t\t<div id=\"zp-ID-581-1246567-RGXIKNEB\" data-zp-author-date='Dautzenberg-and-Fischer-1925' data-zp-date-author='1925-Dautzenberg-and-Fischer' data-zp-date='1925' data-zp-year='1925' data-zp-itemtype='journalArticle' class=\"zp-Entry zpSearchResultsItem\">\n<div class=\"csl-bib-body\" style=\"line-height: 1.35; padding-left: 1em; text-indent:-1em;\">\n  <div class=\"csl-entry\">Dautzenberg, P., Fischer, P. H. (1925). Les mollusques marins du Finistere et en particulier de la region de Roscoff. Travaux de la Station Biologique de Roscoff 3:1-180.<\/div>\n<\/div>\n\t\t\t\t<\/div><!-- .zp-Entry .zpSearchResultsItem -->\n\t\t\t<\/div><!-- .zp-zp-SEO-Content -->\n\t\t<\/div><!-- .zp-List -->\n\t<\/div><!--.zp-Zotpress-->\n\n<p><\/p>Bibliography based on the works by <b>Steve Long, 2006<\/b>. <a target=_blank href=https:\/\/opistobranquis.info\/wp-content\/uploads\/2016\/06\/Long-S.-2006-Bibliography-of-Opisthobranchia-1554-2000.pdf>Bibliography of Opisthobranchia 1554-2000<\/a> and <b>Gary McDonald, 2009<\/b>. <a href=http:\/\/escholarship.org\/uc\/item\/8115h0wz>Bibliographia Nudibranchia<\/a>, with later updates from other resources.<p><\/p><\/ul><p><\/p><p><strong>Further reading<\/strong><\/p><span style=\"font-size:10pt\"><ul><ul class=\"blogroll-links\"><li><a href=\"http:\/\/www.aphotomarine.com\/sea_slug_amphorina_farrani.html\">APhotoMarine<\/a><\/li><li><a href=\"http:\/\/www.asturnatura.com\/especie\/eubranchus-farrani.html\">AsturNatura<\/a><\/li><li><a href=\"http:\/\/www.biodiversitylibrary.org\/name\/Eubranchus%20farrani\">Biodiversity Heritage Library<\/a><\/li><li><a href=\"http:\/\/www.biologiamarina.org\/eubranco-arancione\/\">BiologiaMarina.org<\/a><\/li><li><a href=\"http:\/\/www.cibsub.com\/bioespecie_es-eubranchus_farrani-27810\">CIB - Club Immersio Biologia<\/a><\/li><li><a href=\"http:\/\/doris.ffessm.fr\/fiche2.asp?fiche_numero=1413\">DORIS<\/a><\/li><li><a href=\"https:\/\/litoraldegranada.ugr.es\/el-litoral\/el-litoral-sumergido\/fauna\/moluscos\/gasteropodos\/opistobranquios\/orden-nudibranchia\/fionoidea\/amphorina-farrani\/\">El Litoral de Granada<\/a><\/li><li><a href=\"http:\/\/www.habitas.org.uk\/marinelife\/species.asp?item=W15130#\">Encyclopedia of Marine Life of Britain and Ireland<\/a><\/li><li><a href=\"https:\/\/www.flickr.com\/search\/?text=Eubranchus%20farrani\">Flickr pictures<\/a><\/li><li><a href=\"http:\/\/www.opistobranquis.org\/ca\/guia\/40\">GROC<\/a><\/li><li><a href=\"http:\/\/www.irmng.org\/aphia.php?p=taxlist&#038;tName=Eubranchus%20farrani\">Interim Register of Marine and Nonmarine Genera<\/a><\/li><li><a href=\"https:\/\/www.seawater.no\/fauna\/mollusca\/farrani.html\">Marine Flora and Fauna of Norway<\/a><\/li><li><a href=\"https:\/\/web.archive.org\/web\/20250116074557\/http:\/\/medslugs.de\/E\/Atl-E\/Amphorina_farrani\/Selection.htm\">MedSlugs (Atl.E)<\/a><\/li><li><a href=\"https:\/\/web.archive.org\/web\/20250116074557\/http:\/\/medslugs.de\/E\/Atl-NE\/Amphorina_farrani\/Selection.htm\">MedSlugs (Atl.NE)<\/a><\/li><li><a href=\"https:\/\/web.archive.org\/web\/20250116074557\/http:\/\/medslugs.de\/E\/Med\/Amphorina_farrani\/Selection.htm\">MedSlugs (Med)<\/a><\/li><li><a href=\"https:\/\/www.ncbi.nlm.nih.gov\/Taxonomy\/Browser\/wwwtax.cgi?mode=Undef&#038;name=Amphorina%20farrani&#038;lvl=0&#038;srchmode=1\">NCBI GenBank<\/a><\/li><li><a href=\"https:\/\/obis.org\/taxon\/139766\">OBIS - Search by Taxon<\/a><\/li><li><a href=\"http:\/\/www.nudibranch.org\/Scottish%20Nudibranchs\/amphorina-farrani.html\">Scottish Nudibranchs<\/a><\/li><li><a href=\"http:\/\/www.seaslugforum.net\/showall\/eubrfarr\">Sea Slug Forum<\/a><\/li><li><a href=\"http:\/\/www.conchsoc.net\/spaccount\/Eubranchus-farrani\">The Conchological Society of Great Britain and Ireland<\/a><\/li><li><a href=\"http:\/\/www.marinespecies.org\/aphia.php?p=taxdetails&#038;id=1424909\">World Register of Marine Species<\/a><\/li><\/ul><\/ul><\/span><p><strong>Cite this article as: <\/strong><\/p><div style=\"display: block; background: #444444; padding: 10px 30px 10px 10px; border-radius: 5px; line-height: 18px;\"><p class=\"citacio\"><b>Ballesteros, M., Madrenas, E. &#38; Pontes, M.<\/b> (2025) <em>\"Amphorina farrani\"<\/em> in <em>OPK-Opistobranquis<\/em>. Published: 16\/05\/2012. Accessed: 05\/09\/2026. Available at (<a href=https:\/\/opistobranquis.info\/en\/?p=581>https:\/\/opistobranquis.info\/en\/?p=581<\/a>)<\/p><p><\/p><\/div><p><\/p><\/p>","protected":false},"excerpt":{"rendered":"<p>Amphorina farrani (Alder &amp; Hancock, 1844) Synonyms Eolis farrani Alder &amp; Hancock, 1844: 164\u2013165; Alder &amp; Hancock, 1845: fam 3, pl. 35. Galvina farrani (Alder &amp; Hancock, 1844): Bergh 1873: 622; Colgan 1914: 183\u2013185. Cavolina farrani (Alder &amp; Hancock, 1844): Gray J.E. 1857: 226. Eubranchus farrani (Alder &amp; Hancock, 1844): O\u2019Donoghue 1926: 128. Eubranchus farrani\u00a0sensu Edmunds &amp; Kress, 1969: forms A &amp; B only: 890, fig. 2 A, B. Amphorina\u2026<\/p>\n<p class=\"continue-reading-button\"> <a class=\"continue-reading-link\" href=\"https:\/\/opistobranquis.info\/en\/guia\/nudibranchia\/cladobranchia\/fionoidea\/amphorina-farrani\/\">Continue reading<i class=\"crycon-right-dir\"><\/i><\/a><\/p>\n","protected":false},"author":291,"featured_media":36599,"parent":25630,"menu_order":8194,"comment_status":"closed","ping_status":"closed","template":"","meta":{"footnotes":""},"class_list":["post-581","page","type-page","status-publish","has-post-thumbnail","hentry"],"jetpack_sharing_enabled":true,"_links":{"self":[{"href":"https:\/\/opistobranquis.info\/en\/wp-json\/wp\/v2\/pages\/581","targetHints":{"allow":["GET"]}}],"collection":[{"href":"https:\/\/opistobranquis.info\/en\/wp-json\/wp\/v2\/pages"}],"about":[{"href":"https:\/\/opistobranquis.info\/en\/wp-json\/wp\/v2\/types\/page"}],"author":[{"embeddable":true,"href":"https:\/\/opistobranquis.info\/en\/wp-json\/wp\/v2\/users\/291"}],"replies":[{"embeddable":true,"href":"https:\/\/opistobranquis.info\/en\/wp-json\/wp\/v2\/comments?post=581"}],"version-history":[{"count":17,"href":"https:\/\/opistobranquis.info\/en\/wp-json\/wp\/v2\/pages\/581\/revisions"}],"predecessor-version":[{"id":46449,"href":"https:\/\/opistobranquis.info\/en\/wp-json\/wp\/v2\/pages\/581\/revisions\/46449"}],"up":[{"embeddable":true,"href":"https:\/\/opistobranquis.info\/en\/wp-json\/wp\/v2\/pages\/25630"}],"wp:featuredmedia":[{"embeddable":true,"href":"https:\/\/opistobranquis.info\/en\/wp-json\/wp\/v2\/media\/36599"}],"wp:attachment":[{"href":"https:\/\/opistobranquis.info\/en\/wp-json\/wp\/v2\/media?parent=581"}],"curies":[{"name":"wp","href":"https:\/\/api.w.org\/{rel}","templated":true}]}}