{"id":607,"date":"2012-05-17T07:41:30","date_gmt":"2012-05-17T05:41:30","guid":{"rendered":"https:\/\/opistobranquis.info\/dicata-odhneridicata-odhneridicata-odhneri"},"modified":"2025-06-12T21:36:53","modified_gmt":"2025-06-12T19:36:53","slug":"dicata-odhneri","status":"publish","type":"page","link":"https:\/\/opistobranquis.info\/en\/guia\/nudibranchia\/cladobranchia\/aeolidioidea\/facelinidae\/dicata-odhneri\/","title":{"rendered":"Dicata odhneri"},"content":{"rendered":"<p><\/p>\n<h3><em>Dicata odhneri<\/em>\u00a0Schmekel, 1967<\/h3>\n<p><span style=\"font-size:10pt;\" class=\"aligncenter\"><div id=\"featured-img-id\"><img data-recalc-dims=\"1\" decoding=\"async\" src=\"https:\/\/i0.wp.com\/opistobranquis.info\/wp-content\/uploads\/2014\/10\/365028_06_2013-MarPic-Dicata-odhneri-by-Cataldo-Licchelli.jpg?w=900&#038;ssl=1\" alt=\"Dicata odhneri by Cataldo Licchelli\" \/><\/div><center><em>Dicata odhneri Observed at Mar Piccolo, Taranto, Puglia, Italia (29\/06\/2014)<\/em> by Cataldo Licchelli<\/center><\/span><p><\/p><div class=\"opk-worms\"><h3>WoRMS Taxonomic Information<\/h3><div class=\"opk-success\">Current accepted name: <strong><em>Dicata odhneri<\/em> Schmekel, 1967<\/strong><\/div><h4>Current classification<\/h4><table class=\"widefat striped\"><tr><th>Superdomain<\/th><td><a target=\"_blank\" href=\"https:\/\/www.marinespecies.org\/aphia.php?p=taxdetails&id=1\">Biota<\/a><\/td><\/tr><tr><th>Kingdom<\/th><td><a target=\"_blank\" href=\"https:\/\/www.marinespecies.org\/aphia.php?p=taxdetails&id=2\">Animalia<\/a><\/td><\/tr><tr><th>Phylum<\/th><td><a target=\"_blank\" href=\"https:\/\/www.marinespecies.org\/aphia.php?p=taxdetails&id=51\">Mollusca<\/a><\/td><\/tr><tr><th>Class<\/th><td><a target=\"_blank\" href=\"https:\/\/www.marinespecies.org\/aphia.php?p=taxdetails&id=101\">Gastropoda<\/a><\/td><\/tr><tr><th>Subclass<\/th><td><a target=\"_blank\" href=\"https:\/\/www.marinespecies.org\/aphia.php?p=taxdetails&id=14712\">Heterobranchia<\/a><\/td><\/tr><tr><th>Infraclass<\/th><td><a target=\"_blank\" href=\"https:\/\/www.marinespecies.org\/aphia.php?p=taxdetails&id=1057247\">Euthyneura<\/a><\/td><\/tr><tr><th>Subterclass<\/th><td><a target=\"_blank\" href=\"https:\/\/www.marinespecies.org\/aphia.php?p=taxdetails&id=1057249\">Ringipleura<\/a><\/td><\/tr><tr><th>Superorder<\/th><td><a target=\"_blank\" href=\"https:\/\/www.marinespecies.org\/aphia.php?p=taxdetails&id=411966\">Nudipleura<\/a><\/td><\/tr><tr><th>Order<\/th><td><a target=\"_blank\" href=\"https:\/\/www.marinespecies.org\/aphia.php?p=taxdetails&id=1762\">Nudibranchia<\/a><\/td><\/tr><tr><th>Suborder<\/th><td><a target=\"_blank\" href=\"https:\/\/www.marinespecies.org\/aphia.php?p=taxdetails&id=827889\">Cladobranchia<\/a><\/td><\/tr><tr><th>Superfamily<\/th><td><a target=\"_blank\" href=\"https:\/\/www.marinespecies.org\/aphia.php?p=taxdetails&id=189\">Aeolidioidea<\/a><\/td><\/tr><tr><th>Family<\/th><td><a target=\"_blank\" href=\"https:\/\/www.marinespecies.org\/aphia.php?p=taxdetails&id=191\">Facelinidae<\/a><\/td><\/tr><tr><th>Genus<\/th><td><a target=\"_blank\" href=\"https:\/\/www.marinespecies.org\/aphia.php?p=taxdetails&id=138004\"><em>Dicata<\/em><\/a><\/td><\/tr><tr><th>Species<\/th><td><a target=\"_blank\" href=\"https:\/\/www.marinespecies.org\/aphia.php?p=taxdetails&id=139937\"><em>Dicata odhneri<\/em> Schmekel, 1967<\/a><\/td><\/tr><\/table><p class=\"footer\">Classification provided by the World Register of Marine Species (WoRMS). [<a target=\"_blank\" href=\"https:\/\/www.marinespecies.org\/aphia.php?p=taxdetails&id=139937\">139937<\/a>]<\/p><\/div><strong>Synonyms<\/strong><\/p>\n<ul>\n<li><i>Favorinus albus<\/i> Odhner, 1914<\/li>\n<\/ul>\n<p><strong>Description<br \/>\n<\/strong>This is a small aeolidacean as the specimens rarely exceed 10 mm in length. It&#8217;s an easy species to identify because of its colour homogeneity: the whole body is white except the final third of the rhinophores and oral tentacles, that are bright\u00a0yellow. In some specimens the opaque white pigment of\u00a0the body is dispersed and then the body is slightly translucent while, in Atlantic specimens,\u00a0the absence of white pigment in the cerata makes them look somewhat dark. Rhinophores are smooth throughout its length and oral tentacles are somewhat shorter than the rhinophores. The eyes are barely visible right\u00a0behind the base of each rhinophore. The cerata are gathered in 7-8 groups on each side of the body, and consist of only one row of cerata; they are elongated, fusiform and somewhat narrower at the base. The tip of the cerata is sharp and usually slightly\u00a0depigmented. The foot is white and in his front end it has\u00a0two triangular shaped\u00a0propodial palps.<\/p>\n<p><strong>Biology<br \/>\n<\/strong>The biology of this newly described species is still very little known. Its small size and cryptic coloration on many\u00a0substrates make it go\u00a0unnoticed to the eye of the diver. It has been cited\u00a0laying among\u00a0algae, sponges and colonies of gymnoblastic hidrozoans of the genus\u00a0<em>Podocoryne<\/em>, between 6 and 45 m deep. The spawn is\u00a0a spiral ribbon with\u00a0white eggs about 80 microns in diameter (Schmekel, 1967).<\/p>\n<p><strong>Etymology<\/strong><\/p>\n<ul>\n<li><em>Dicata<\/em>: from Latin <em>&#8220;dicata<\/em>&#8220;, present passive participle of &#8220;<em>dicar<\/em>&#8220;, means &#8220;dedicated to &#8230;&#8221;<\/li>\n<li><em>Odhneri<\/em>. Dedicated to Prof.Dr.Nils Hjalmar Odhner (1884-1973), specialist on molluscs at the Swedish Museum of Natural History, Stockholm, succeded Bock (q.v.) as professor of invertebrate zoology and director of this museum department in 1946, until his retirement in 1949, when he was succeded by Karl Lang (q.v.). However, he continued to work and published (from 1907 on) until 1968. His interest in molluscs was broad, albeit his special area concerned opisthobranchs.<\/li>\n<\/ul>\n<p><strong>Distribution<br \/>\n<\/strong>This species is distributed throughout the western Mediterranean and European Atlantic coasts up to the British Isles, including the Azores and the Canary islands. In the Iberian Peninsula (Cervera et al. 2004) it has been reported in the coast of Portugal, in the Andalusian Mediterranean and along the Catalan coast (Es Caials, Cadaqu\u00e9s, Roses) (Ballesteros, 2007), although findings are rare. <div id=\"flxmap-6a99a8ac269d0\" class='flxmap-container' data-flxmap='flxmap_6a99a8ac269d0' style=\"width:100%;height:400px;\"><\/div>\n<script data-noptimize=\"1\">\n\/* <![CDATA[ *\/\n(function(w, fn) {\n if (w.addEventListener) w.addEventListener(\"DOMContentLoaded\", fn, false);\n else if (w.attachEvent) w.attachEvent(\"onload\", fn);\n})(window, function() {\n var f = new FlexibleMap();\n f.panControl = true;\n f.mapTypeId = \"satellite\";\n f.setlocale(\"en-US\");\n f.kmlcache = \"5 minutes\";\n f.showKML(\"flxmap-6a99a8ac269d0\", \"https:\/\/opistobranquis.info\/wp-content\/uploads\/kms\/607.kmz\");\n window.flxmap_6a99a8ac269d0 = f;\n});\n\/* ]]> *\/\n<\/script>\n<div style=\"width:100%;text-align:center;margin:12px 0 4px 0;\">\n  <div style=\"font-size:8pt;margin-bottom:6px;\">Known georeferenced records of the species: <em>Dicata odhneri<\/em><\/div>\n  <table style=\"margin:0 auto;border-collapse:collapse;font-size:8pt;\">\n    <tr><td colspan=\"2\" style=\"text-align:left;padding-bottom:4px;\"><strong>Sources:<\/strong><\/td><\/tr>\n    <tr>\n      <td style=\"vertical-align:top;padding-right:40px;\">\n        <table style=\"border-collapse:collapse;\">\n<tr><td style='padding:1px 6px 1px 0;vertical-align:middle'><img data-recalc-dims=\"1\" src=\"https:\/\/i0.wp.com\/opistobranquis.info\/wp-content\/uploads\/kms\/wht-circle-lv.png?w=900&#038;ssl=1\" style='display:block'><\/td><td style='padding:1px 0;vertical-align:middle;white-space:nowrap'>OBIS<\/td><\/tr><tr><td style='padding:1px 6px 1px 0;vertical-align:middle'><img data-recalc-dims=\"1\" src=\"https:\/\/i0.wp.com\/opistobranquis.info\/wp-content\/uploads\/kms\/ylw-circle-lv.png?w=900&#038;ssl=1\" style='display:block'><\/td><td style='padding:1px 0;vertical-align:middle;white-space:nowrap'>GROC 2010-2011<\/td><\/tr><tr><td style='padding:1px 6px 1px 0;vertical-align:middle'><img data-recalc-dims=\"1\" src=\"https:\/\/i0.wp.com\/opistobranquis.info\/wp-content\/uploads\/kms\/grn-circle-lv.png?w=900&#038;ssl=1\" style='display:block'><\/td><td style='padding:1px 0;vertical-align:middle;white-space:nowrap'>Enric Madrenas<\/td><\/tr><tr><td style='padding:1px 6px 1px 0;vertical-align:middle'><img data-recalc-dims=\"1\" src=\"https:\/\/i0.wp.com\/opistobranquis.info\/wp-content\/uploads\/kms\/orange-circle-lv.png?w=900&#038;ssl=1\" style='display:block'><\/td><td style='padding:1px 0;vertical-align:middle;white-space:nowrap'>Jo\u00e3o Pedro Silva<\/td><\/tr><tr><td style='padding:1px 6px 1px 0;vertical-align:middle'><img data-recalc-dims=\"1\" src=\"https:\/\/i0.wp.com\/opistobranquis.info\/wp-content\/uploads\/kms\/pink-circle-lv.png?w=900&#038;ssl=1\" style='display:block'><\/td><td style='padding:1px 0;vertical-align:middle;white-space:nowrap'>Bernard Picton<\/td><\/tr><tr><td style='padding:1px 6px 1px 0;vertical-align:middle'><img data-recalc-dims=\"1\" src=\"https:\/\/i0.wp.com\/opistobranquis.info\/wp-content\/uploads\/kms\/blk-circle-lv.png?w=900&#038;ssl=1\" style='display:block'><\/td><td style='padding:1px 0;vertical-align:middle;white-space:nowrap'>GBIF<\/td><\/tr>        <\/table>\n      <\/td>\n      <td style=\"vertical-align:top;\">\n        <table style=\"border-collapse:collapse;\">\n<tr><td style='padding:1px 6px 1px 0;vertical-align:middle'><img data-recalc-dims=\"1\" src=\"https:\/\/i0.wp.com\/opistobranquis.info\/wp-content\/uploads\/kms\/purple-circle-lv.png?w=900&#038;ssl=1\" style='display:block'><\/td><td style='padding:1px 0;vertical-align:middle;white-space:nowrap'>OPK<\/td><\/tr><tr><td style='padding:1px 6px 1px 0;vertical-align:middle'><img data-recalc-dims=\"1\" src=\"https:\/\/i0.wp.com\/opistobranquis.info\/wp-content\/uploads\/kms\/red-circle-lv.png?w=900&#038;ssl=1\" style='display:block'><\/td><td style='padding:1px 0;vertical-align:middle;white-space:nowrap'>VIMAR<\/td><\/tr><tr><td style='padding:1px 6px 1px 0;vertical-align:middle'><img data-recalc-dims=\"1\" src=\"https:\/\/i0.wp.com\/opistobranquis.info\/wp-content\/uploads\/kms\/blu-circle-lv.png?w=900&#038;ssl=1\" style='display:block'><\/td><td style='padding:1px 0;vertical-align:middle;white-space:nowrap'>Manuel Ballesteros<\/td><\/tr><tr><td style='padding:1px 6px 1px 0;vertical-align:middle'><img data-recalc-dims=\"1\" src=\"https:\/\/i0.wp.com\/opistobranquis.info\/wp-content\/uploads\/kms\/cyan-circle-lv.png?w=900&#038;ssl=1\" style='display:block'><\/td><td style='padding:1px 0;vertical-align:middle;white-space:nowrap'>M@re Nostrum<\/td><\/tr><tr><td style='padding:1px 6px 1px 0;vertical-align:middle'><img data-recalc-dims=\"1\" src=\"https:\/\/i0.wp.com\/opistobranquis.info\/wp-content\/uploads\/kms\/grey-circle-lv.png?w=900&#038;ssl=1\" style='display:block'><\/td><td style='padding:1px 0;vertical-align:middle;white-space:nowrap'>Altres fonts<\/td><\/tr><tr><td style='padding:1px 6px 1px 0;vertical-align:middle'><img data-recalc-dims=\"1\" src=\"https:\/\/i0.wp.com\/opistobranquis.info\/wp-content\/uploads\/kms\/marreg.png?w=900&#038;ssl=1\" style='display:block'><\/td><td style='padding:1px 0;vertical-align:middle;white-space:nowrap'>Marine Regions<\/td><\/tr>        <\/table>\n      <\/td>\n    <\/tr>\n  <\/table>\n<\/div>\n<\/p>\n<p><strong>Similar species<br \/>\n<\/strong><a href=\"https:\/\/opistobranquis.info\/guia\/nudibranchia\/cladobranchia\/fionoidea\/trinchesia-miniostriata\/\"><em>Trinchesia miniostriata<\/em><\/a>, with similar colour and size, rhinophores and oral tentacles lack the yellow tips, has red lined on the rear side of rhinophores, missing on <em>D.odhneri<\/em>.<\/p>\n<p><strong>Error:<\/strong> Chart.js no est\u00e1 disponible.<\/p>\n<p><strong>Videos<\/strong><\/p>\n<p><iframe loading=\"lazy\" src=\"https:\/\/player.vimeo.com\/video\/466478561?dnt=1&amp;app_id=122963\" width=\"900\" height=\"506\" frameborder=\"0\" allow=\"autoplay; fullscreen\" allowfullscreen><\/iframe><\/p>\n<p>&nbsp;<\/p>\n<p><strong>More pictures<br \/>\n<\/strong><div class=\"tiled-gallery type-rectangular tiled-gallery-unresized\" data-original-width=\"900\" data-carousel-extra='{&quot;blog_id&quot;:1,&quot;permalink&quot;:&quot;https:\\\/\\\/opistobranquis.info\\\/en\\\/guia\\\/nudibranchia\\\/cladobranchia\\\/aeolidioidea\\\/facelinidae\\\/dicata-odhneri\\\/&quot;,&quot;likes_blog_id&quot;:44192421}' itemscope itemtype=\"http:\/\/schema.org\/ImageGallery\" > <div class=\"gallery-row\" style=\"width: 900px; height: 453px;\" data-original-width=\"900\" data-original-height=\"453\" > <div class=\"gallery-group images-1\" style=\"width: 598px; height: 453px;\" data-original-width=\"598\" data-original-height=\"453\" > <div class=\"tiled-gallery-item tiled-gallery-item-large\" itemprop=\"associatedMedia\" itemscope itemtype=\"http:\/\/schema.org\/ImageObject\"> <a href=\"https:\/\/opistobranquis.info\/en\/guia\/nudibranchia\/cladobranchia\/aeolidioidea\/facelinidae\/dicata-odhneri\/dicata-odhneri-00\/\" border=\"0\" itemprop=\"url\"> <meta itemprop=\"width\" content=\"594\"> <meta itemprop=\"height\" content=\"449\"> <img decoding=\"async\" class=\"\" data-attachment-id=\"4346\" data-orig-file=\"https:\/\/opistobranquis.info\/wp-content\/uploads\/2012\/12\/dicata-odhneri-00.jpg\" data-orig-size=\"812,614\" data-comments-opened=\"\" data-image-title=\"Dicata odhneri by Enric Madrenas\" data-image-description=\"&lt;p&gt;Dicata odhneri by Enric Madrenas&lt;\/p&gt; \" data-medium-file=\"https:\/\/i0.wp.com\/opistobranquis.info\/wp-content\/uploads\/2012\/12\/dicata-odhneri-00.jpg?fit=300%2C226&#038;ssl=1\" data-large-file=\"https:\/\/i0.wp.com\/opistobranquis.info\/wp-content\/uploads\/2012\/12\/dicata-odhneri-00.jpg?fit=812%2C614&#038;ssl=1\" src=\"https:\/\/i0.wp.com\/opistobranquis.info\/wp-content\/uploads\/2012\/12\/dicata-odhneri-00.jpg?w=594&#038;h=449&#038;ssl=1\" srcset=\"https:\/\/i0.wp.com\/opistobranquis.info\/wp-content\/uploads\/2012\/12\/dicata-odhneri-00.jpg?w=812&amp;ssl=1 812w, https:\/\/i0.wp.com\/opistobranquis.info\/wp-content\/uploads\/2012\/12\/dicata-odhneri-00.jpg?resize=300%2C226&amp;ssl=1 300w\" width=\"594\" height=\"449\" loading=\"lazy\" data-original-width=\"594\" data-original-height=\"449\" itemprop=\"http:\/\/schema.org\/image\" title=\"Dicata odhneri by Enric Madrenas\" alt=\"Dicata odhneri by Enric Madrenas\" style=\"width: 594px; height: 449px;\" \/> <\/a> <div class=\"tiled-gallery-caption\" itemprop=\"caption description\"> Dicata odhneri by Enric Madrenas <\/div> <\/div> <\/div> <!-- close group --> <div class=\"gallery-group images-2\" style=\"width: 302px; height: 453px;\" data-original-width=\"302\" data-original-height=\"453\" > <div class=\"tiled-gallery-item tiled-gallery-item-large\" itemprop=\"associatedMedia\" itemscope itemtype=\"http:\/\/schema.org\/ImageObject\"> <a href=\"https:\/\/opistobranquis.info\/en\/guia\/nudibranchia\/cladobranchia\/aeolidioidea\/facelinidae\/dicata-odhneri\/dicata-odhneri-02\/\" border=\"0\" itemprop=\"url\"> <meta itemprop=\"width\" content=\"298\"> <meta itemprop=\"height\" content=\"226\"> <img decoding=\"async\" class=\"\" data-attachment-id=\"4347\" data-orig-file=\"https:\/\/opistobranquis.info\/wp-content\/uploads\/2012\/12\/dicata-odhneri-02.jpg\" data-orig-size=\"812,614\" data-comments-opened=\"\" data-image-title=\"Dicata odhneri by Enric Madrenas\" data-image-description=\"&lt;p&gt;Dicata odhneri by Enric Madrenas&lt;\/p&gt; \" data-medium-file=\"https:\/\/i0.wp.com\/opistobranquis.info\/wp-content\/uploads\/2012\/12\/dicata-odhneri-02.jpg?fit=300%2C226&#038;ssl=1\" data-large-file=\"https:\/\/i0.wp.com\/opistobranquis.info\/wp-content\/uploads\/2012\/12\/dicata-odhneri-02.jpg?fit=812%2C614&#038;ssl=1\" src=\"https:\/\/i0.wp.com\/opistobranquis.info\/wp-content\/uploads\/2012\/12\/dicata-odhneri-02.jpg?w=298&#038;h=226&#038;ssl=1\" width=\"298\" height=\"226\" loading=\"lazy\" data-original-width=\"298\" data-original-height=\"226\" itemprop=\"http:\/\/schema.org\/image\" title=\"Dicata odhneri by Enric Madrenas\" alt=\"Dicata odhneri by Enric Madrenas\" style=\"width: 298px; height: 226px;\" \/> <\/a> <div class=\"tiled-gallery-caption\" itemprop=\"caption description\"> Dicata odhneri by Enric Madrenas <\/div> <\/div> <div class=\"tiled-gallery-item tiled-gallery-item-large\" itemprop=\"associatedMedia\" itemscope itemtype=\"http:\/\/schema.org\/ImageObject\"> <a href=\"https:\/\/opistobranquis.info\/en\/guia\/nudibranchia\/cladobranchia\/aeolidioidea\/facelinidae\/dicata-odhneri\/dicata_odhneri_04\/\" border=\"0\" itemprop=\"url\"> <meta itemprop=\"width\" content=\"298\"> <meta itemprop=\"height\" content=\"219\"> <img decoding=\"async\" class=\"\" data-attachment-id=\"11367\" data-orig-file=\"https:\/\/opistobranquis.info\/wp-content\/uploads\/2013\/10\/Dicata_odhneri_04.jpg\" data-orig-size=\"600,441\" data-comments-opened=\"\" data-image-title=\"Dicata odhneri by Enric Madrenas\" data-image-description=\"&lt;p&gt;Dicata odhneri by Enric Madrenas&lt;\/p&gt; \" data-medium-file=\"https:\/\/i0.wp.com\/opistobranquis.info\/wp-content\/uploads\/2013\/10\/Dicata_odhneri_04.jpg?fit=300%2C220&#038;ssl=1\" data-large-file=\"https:\/\/i0.wp.com\/opistobranquis.info\/wp-content\/uploads\/2013\/10\/Dicata_odhneri_04.jpg?fit=600%2C441&#038;ssl=1\" src=\"https:\/\/i0.wp.com\/opistobranquis.info\/wp-content\/uploads\/2013\/10\/Dicata_odhneri_04.jpg?w=298&#038;h=219&#038;ssl=1\" srcset=\"https:\/\/i0.wp.com\/opistobranquis.info\/wp-content\/uploads\/2013\/10\/Dicata_odhneri_04.jpg?w=600&amp;ssl=1 600w, https:\/\/i0.wp.com\/opistobranquis.info\/wp-content\/uploads\/2013\/10\/Dicata_odhneri_04.jpg?resize=150%2C110&amp;ssl=1 150w, https:\/\/i0.wp.com\/opistobranquis.info\/wp-content\/uploads\/2013\/10\/Dicata_odhneri_04.jpg?resize=300%2C220&amp;ssl=1 300w\" width=\"298\" height=\"219\" loading=\"lazy\" data-original-width=\"298\" data-original-height=\"219\" itemprop=\"http:\/\/schema.org\/image\" title=\"Dicata odhneri by Enric Madrenas\" alt=\"Dicata odhneri by Enric Madrenas\" style=\"width: 298px; height: 219px;\" \/> <\/a> <div class=\"tiled-gallery-caption\" itemprop=\"caption description\"> Dicata odhneri by Enric Madrenas <\/div> <\/div> <\/div> <!-- close group --> <\/div> <!-- close row --> <div class=\"gallery-row\" style=\"width: 900px; height: 339px;\" data-original-width=\"900\" data-original-height=\"339\" > <div class=\"gallery-group images-1\" style=\"width: 450px; height: 339px;\" data-original-width=\"450\" data-original-height=\"339\" > <div class=\"tiled-gallery-item tiled-gallery-item-large\" itemprop=\"associatedMedia\" itemscope itemtype=\"http:\/\/schema.org\/ImageObject\"> <a href=\"https:\/\/opistobranquis.info\/en\/guia\/nudibranchia\/cladobranchia\/aeolidioidea\/facelinidae\/dicata-odhneri\/dicata-odhneri-photograph-bernard-picton\/\" border=\"0\" itemprop=\"url\"> <meta itemprop=\"width\" content=\"446\"> <meta itemprop=\"height\" content=\"335\"> <img decoding=\"async\" class=\"\" data-attachment-id=\"16163\" data-orig-file=\"https:\/\/opistobranquis.info\/wp-content\/uploads\/2012\/05\/Dicata-odhneri-Photograph-\u00a9Bernard-Picton.jpg\" data-orig-size=\"800,600\" data-comments-opened=\"\" data-image-title=\"Dicata odhneri by Bernard Picton\" data-image-description=\"&lt;p&gt;Dicata odhneri by Bernard Picton&lt;\/p&gt; \" data-medium-file=\"https:\/\/i0.wp.com\/opistobranquis.info\/wp-content\/uploads\/2012\/05\/Dicata-odhneri-Photograph-%C2%A9Bernard-Picton.jpg?fit=300%2C225&#038;ssl=1\" data-large-file=\"https:\/\/i0.wp.com\/opistobranquis.info\/wp-content\/uploads\/2012\/05\/Dicata-odhneri-Photograph-%C2%A9Bernard-Picton.jpg?fit=800%2C600&#038;ssl=1\" src=\"https:\/\/i0.wp.com\/opistobranquis.info\/wp-content\/uploads\/2012\/05\/Dicata-odhneri-Photograph-%C2%A9Bernard-Picton.jpg?w=446&#038;h=335&#038;ssl=1\" width=\"446\" height=\"335\" loading=\"lazy\" data-original-width=\"446\" data-original-height=\"335\" itemprop=\"http:\/\/schema.org\/image\" title=\"Dicata odhneri by Bernard Picton\" alt=\"Dicata odhneri by Bernard Picton\" style=\"width: 446px; height: 335px;\" \/> <\/a> <div class=\"tiled-gallery-caption\" itemprop=\"caption description\"> Dicata odhneri by Bernard Picton <\/div> <\/div> <\/div> <!-- close group --> <div class=\"gallery-group images-1\" style=\"width: 450px; height: 339px;\" data-original-width=\"450\" data-original-height=\"339\" > <div class=\"tiled-gallery-item tiled-gallery-item-large\" itemprop=\"associatedMedia\" itemscope itemtype=\"http:\/\/schema.org\/ImageObject\"> <a href=\"https:\/\/opistobranquis.info\/en\/guia\/nudibranchia\/cladobranchia\/aeolidioidea\/facelinidae\/dicata-odhneri\/olympus-digital-camera-44\/\" border=\"0\" itemprop=\"url\"> <meta itemprop=\"width\" content=\"446\"> <meta itemprop=\"height\" content=\"335\"> <img decoding=\"async\" class=\"\" data-attachment-id=\"17884\" data-orig-file=\"https:\/\/opistobranquis.info\/wp-content\/uploads\/2015\/01\/Dicata-odhneri-@-Tarifa-by-Manuel-Mart\u00ednez-Chac\u00f3n.jpg\" data-orig-size=\"800,600\" data-comments-opened=\"\" data-image-title=\"Dicata odhneri @ Tarifa by Manuel Mart\u00ednez Chac\u00f3n\" data-image-description=\"&lt;p&gt;Dicata odhneri @ Tarifa by Manuel Mart\u00ednez Chac\u00f3n&lt;\/p&gt; \" data-medium-file=\"https:\/\/i0.wp.com\/opistobranquis.info\/wp-content\/uploads\/2015\/01\/Dicata-odhneri-%40-Tarifa-by-Manuel-Mart%C3%ADnez-Chac%C3%B3n.jpg?fit=300%2C225&#038;ssl=1\" data-large-file=\"https:\/\/i0.wp.com\/opistobranquis.info\/wp-content\/uploads\/2015\/01\/Dicata-odhneri-%40-Tarifa-by-Manuel-Mart%C3%ADnez-Chac%C3%B3n.jpg?fit=800%2C600&#038;ssl=1\" src=\"https:\/\/i0.wp.com\/opistobranquis.info\/wp-content\/uploads\/2015\/01\/Dicata-odhneri-%40-Tarifa-by-Manuel-Mart%C3%ADnez-Chac%C3%B3n.jpg?w=446&#038;h=335&#038;ssl=1\" width=\"446\" height=\"335\" loading=\"lazy\" data-original-width=\"446\" data-original-height=\"335\" itemprop=\"http:\/\/schema.org\/image\" title=\"Dicata odhneri @ Tarifa by Manuel Mart\u00ednez Chac\u00f3n\" alt=\"Dicata odhneri @ Tarifa by Manuel Mart\u00ednez Chac\u00f3n\" style=\"width: 446px; height: 335px;\" \/> <\/a> <div class=\"tiled-gallery-caption\" itemprop=\"caption description\"> Dicata odhneri @ Tarifa by Manuel Mart\u00ednez Chac\u00f3n <\/div> <\/div> <\/div> <!-- close group --> <\/div> <!-- close row --> <div class=\"gallery-row\" style=\"width: 900px; height: 425px;\" data-original-width=\"900\" data-original-height=\"425\" > <div class=\"gallery-group images-2\" style=\"width: 335px; height: 425px;\" data-original-width=\"335\" data-original-height=\"425\" > <div class=\"tiled-gallery-item tiled-gallery-item-large\" itemprop=\"associatedMedia\" itemscope itemtype=\"http:\/\/schema.org\/ImageObject\"> <a href=\"https:\/\/opistobranquis.info\/en\/guia\/nudibranchia\/cladobranchia\/aeolidioidea\/facelinidae\/dicata-odhneri\/img_6854-dicata-odhneri-playa-de-las-canteras-gran-canaria-by-alberto-navarro\/\" border=\"0\" itemprop=\"url\"> <meta itemprop=\"width\" content=\"331\"> <meta itemprop=\"height\" content=\"196\"> <img decoding=\"async\" class=\"\" data-attachment-id=\"22592\" data-orig-file=\"https:\/\/opistobranquis.info\/wp-content\/uploads\/2012\/05\/IMG_6854-Dicata-odhneri-@-Playa-de-las-Canteras-Gran-Canaria-by-Alberto-Navarro.jpg\" data-orig-size=\"1024,608\" data-comments-opened=\"\" data-image-title=\"Dicata odhneri @ Playa de las Canteras, Gran Canaria by Alberto Navarro\" data-image-description=\"&lt;p&gt;Dicata odhneri @ Playa de las Canteras, Gran Canaria by Alberto Navarro&lt;\/p&gt; \" data-medium-file=\"https:\/\/i0.wp.com\/opistobranquis.info\/wp-content\/uploads\/2012\/05\/IMG_6854-Dicata-odhneri-%40-Playa-de-las-Canteras-Gran-Canaria-by-Alberto-Navarro.jpg?fit=300%2C178&#038;ssl=1\" data-large-file=\"https:\/\/i0.wp.com\/opistobranquis.info\/wp-content\/uploads\/2012\/05\/IMG_6854-Dicata-odhneri-%40-Playa-de-las-Canteras-Gran-Canaria-by-Alberto-Navarro.jpg?fit=900%2C534&#038;ssl=1\" src=\"https:\/\/i0.wp.com\/opistobranquis.info\/wp-content\/uploads\/2012\/05\/IMG_6854-Dicata-odhneri-%40-Playa-de-las-Canteras-Gran-Canaria-by-Alberto-Navarro.jpg?w=331&#038;h=196&#038;ssl=1\" width=\"331\" height=\"196\" loading=\"lazy\" data-original-width=\"331\" data-original-height=\"196\" itemprop=\"http:\/\/schema.org\/image\" title=\"Dicata odhneri @ Playa de las Canteras, Gran Canaria by Alberto Navarro\" alt=\"Dicata odhneri @ Playa de las Canteras, Gran Canaria by Alberto Navarro\" style=\"width: 331px; height: 196px;\" \/> <\/a> <div class=\"tiled-gallery-caption\" itemprop=\"caption description\"> Dicata odhneri @ Playa de las Canteras, Gran Canaria by Alberto Navarro <\/div> <\/div> <div class=\"tiled-gallery-item tiled-gallery-item-large\" itemprop=\"associatedMedia\" itemscope itemtype=\"http:\/\/schema.org\/ImageObject\"> <a href=\"https:\/\/opistobranquis.info\/en\/guia\/nudibranchia\/cladobranchia\/aeolidioidea\/facelinidae\/dicata-odhneri\/dicata-odhneri-sicily-italy-by-lara-orselli-4\/\" border=\"0\" itemprop=\"url\"> <meta itemprop=\"width\" content=\"331\"> <meta itemprop=\"height\" content=\"221\"> <img decoding=\"async\" class=\"\" data-attachment-id=\"30805\" data-orig-file=\"https:\/\/opistobranquis.info\/wp-content\/uploads\/2020\/11\/Dicata-odhneri-@-Sicily-Italy-by-Lara-Orselli-4.jpg\" data-orig-size=\"1141,761\" data-comments-opened=\"\" data-image-title=\"Dicata odhneri @ Sicily, Italy by Lara Orselli\" data-image-description=\"&lt;p&gt;Dicata odhneri @ Sicily, Italy by Lara Orselli&lt;\/p&gt; \" data-medium-file=\"https:\/\/i0.wp.com\/opistobranquis.info\/wp-content\/uploads\/2020\/11\/Dicata-odhneri-%40-Sicily-Italy-by-Lara-Orselli-4.jpg?fit=300%2C200&#038;ssl=1\" data-large-file=\"https:\/\/i0.wp.com\/opistobranquis.info\/wp-content\/uploads\/2020\/11\/Dicata-odhneri-%40-Sicily-Italy-by-Lara-Orselli-4.jpg?fit=900%2C600&#038;ssl=1\" src=\"https:\/\/i0.wp.com\/opistobranquis.info\/wp-content\/uploads\/2020\/11\/Dicata-odhneri-%40-Sicily-Italy-by-Lara-Orselli-4.jpg?w=331&#038;h=221&#038;ssl=1\" width=\"331\" height=\"221\" loading=\"lazy\" data-original-width=\"331\" data-original-height=\"221\" itemprop=\"http:\/\/schema.org\/image\" title=\"Dicata odhneri @ Sicily, Italy by Lara Orselli\" alt=\"Dicata odhneri @ Sicily, Italy by Lara Orselli\" style=\"width: 331px; height: 221px;\" \/> <\/a> <div class=\"tiled-gallery-caption\" itemprop=\"caption description\"> Dicata odhneri @ Sicily, Italy by Lara Orselli <\/div> <\/div> <\/div> <!-- close group --> <div class=\"gallery-group images-1\" style=\"width: 565px; height: 425px;\" data-original-width=\"565\" data-original-height=\"425\" > <div class=\"tiled-gallery-item tiled-gallery-item-large\" itemprop=\"associatedMedia\" itemscope itemtype=\"http:\/\/schema.org\/ImageObject\"> <a href=\"https:\/\/opistobranquis.info\/en\/guia\/nudibranchia\/cladobranchia\/aeolidioidea\/facelinidae\/dicata-odhneri\/dicata-odhneri-by-nani-diez-1627571413742\/\" border=\"0\" itemprop=\"url\"> <meta itemprop=\"width\" content=\"561\"> <meta itemprop=\"height\" content=\"421\"> <img decoding=\"async\" class=\"\" data-attachment-id=\"32707\" data-orig-file=\"https:\/\/opistobranquis.info\/wp-content\/uploads\/2021\/08\/Dicata-odhneri-by-Nani-Diez-1627571413742.jpg\" data-orig-size=\"1080,810\" data-comments-opened=\"\" data-image-title=\"Dicata odhneri by Nani D\u00edez\" data-image-description=\"&lt;p&gt;Dicata odhneri by Nani D\u00edez&lt;\/p&gt; \" data-medium-file=\"https:\/\/i0.wp.com\/opistobranquis.info\/wp-content\/uploads\/2021\/08\/Dicata-odhneri-by-Nani-Diez-1627571413742.jpg?fit=300%2C225&#038;ssl=1\" data-large-file=\"https:\/\/i0.wp.com\/opistobranquis.info\/wp-content\/uploads\/2021\/08\/Dicata-odhneri-by-Nani-Diez-1627571413742.jpg?fit=900%2C675&#038;ssl=1\" src=\"https:\/\/i0.wp.com\/opistobranquis.info\/wp-content\/uploads\/2021\/08\/Dicata-odhneri-by-Nani-Diez-1627571413742.jpg?w=561&#038;h=421&#038;ssl=1\" srcset=\"https:\/\/i0.wp.com\/opistobranquis.info\/wp-content\/uploads\/2021\/08\/Dicata-odhneri-by-Nani-Diez-1627571413742.jpg?w=1080&amp;ssl=1 1080w, https:\/\/i0.wp.com\/opistobranquis.info\/wp-content\/uploads\/2021\/08\/Dicata-odhneri-by-Nani-Diez-1627571413742.jpg?resize=300%2C225&amp;ssl=1 300w, https:\/\/i0.wp.com\/opistobranquis.info\/wp-content\/uploads\/2021\/08\/Dicata-odhneri-by-Nani-Diez-1627571413742.jpg?resize=1024%2C768&amp;ssl=1 1024w, https:\/\/i0.wp.com\/opistobranquis.info\/wp-content\/uploads\/2021\/08\/Dicata-odhneri-by-Nani-Diez-1627571413742.jpg?resize=150%2C113&amp;ssl=1 150w\" width=\"561\" height=\"421\" loading=\"lazy\" data-original-width=\"561\" data-original-height=\"421\" itemprop=\"http:\/\/schema.org\/image\" title=\"Dicata odhneri by Nani D\u00edez\" alt=\"Dicata odhneri by Nani D\u00edez\" style=\"width: 561px; height: 421px;\" \/> <\/a> <div class=\"tiled-gallery-caption\" itemprop=\"caption description\"> Dicata odhneri by Nani D\u00edez <\/div> <\/div> <\/div> <!-- close group --> <\/div> <!-- close row --> <div class=\"gallery-row\" style=\"width: 900px; height: 286px;\" data-original-width=\"900\" data-original-height=\"286\" > <div class=\"gallery-group images-1\" style=\"width: 474px; height: 286px;\" data-original-width=\"474\" data-original-height=\"286\" > <div class=\"tiled-gallery-item tiled-gallery-item-large\" itemprop=\"associatedMedia\" itemscope itemtype=\"http:\/\/schema.org\/ImageObject\"> <a href=\"https:\/\/opistobranquis.info\/en\/guia\/nudibranchia\/cladobranchia\/aeolidioidea\/facelinidae\/dicata-odhneri\/dicata-odhneri-by-nani-diez-1627571413782\/\" border=\"0\" itemprop=\"url\"> <meta itemprop=\"width\" content=\"470\"> <meta itemprop=\"height\" content=\"282\"> <img decoding=\"async\" class=\"\" data-attachment-id=\"32708\" data-orig-file=\"https:\/\/opistobranquis.info\/wp-content\/uploads\/2021\/08\/Dicata-odhneri-by-Nani-Diez-1627571413782.jpg\" data-orig-size=\"1080,648\" data-comments-opened=\"\" data-image-title=\"Dicata odhneri by Nani D\u00edez\" data-image-description=\"&lt;p&gt;Dicata odhneri by Nani D\u00edez&lt;\/p&gt; \" data-medium-file=\"https:\/\/i0.wp.com\/opistobranquis.info\/wp-content\/uploads\/2021\/08\/Dicata-odhneri-by-Nani-Diez-1627571413782.jpg?fit=300%2C180&#038;ssl=1\" data-large-file=\"https:\/\/i0.wp.com\/opistobranquis.info\/wp-content\/uploads\/2021\/08\/Dicata-odhneri-by-Nani-Diez-1627571413782.jpg?fit=900%2C540&#038;ssl=1\" src=\"https:\/\/i0.wp.com\/opistobranquis.info\/wp-content\/uploads\/2021\/08\/Dicata-odhneri-by-Nani-Diez-1627571413782.jpg?w=470&#038;h=282&#038;ssl=1\" srcset=\"https:\/\/i0.wp.com\/opistobranquis.info\/wp-content\/uploads\/2021\/08\/Dicata-odhneri-by-Nani-Diez-1627571413782.jpg?w=1080&amp;ssl=1 1080w, https:\/\/i0.wp.com\/opistobranquis.info\/wp-content\/uploads\/2021\/08\/Dicata-odhneri-by-Nani-Diez-1627571413782.jpg?resize=300%2C180&amp;ssl=1 300w, https:\/\/i0.wp.com\/opistobranquis.info\/wp-content\/uploads\/2021\/08\/Dicata-odhneri-by-Nani-Diez-1627571413782.jpg?resize=1024%2C614&amp;ssl=1 1024w, https:\/\/i0.wp.com\/opistobranquis.info\/wp-content\/uploads\/2021\/08\/Dicata-odhneri-by-Nani-Diez-1627571413782.jpg?resize=150%2C90&amp;ssl=1 150w\" width=\"470\" height=\"282\" loading=\"lazy\" data-original-width=\"470\" data-original-height=\"282\" itemprop=\"http:\/\/schema.org\/image\" title=\"Dicata odhneri by Nani D\u00edez\" alt=\"Dicata odhneri by Nani D\u00edez\" style=\"width: 470px; height: 282px;\" \/> <\/a> <div class=\"tiled-gallery-caption\" itemprop=\"caption description\"> Dicata odhneri by Nani D\u00edez <\/div> <\/div> <\/div> <!-- close group --> <div class=\"gallery-group images-1\" style=\"width: 426px; height: 286px;\" data-original-width=\"426\" data-original-height=\"286\" > <div class=\"tiled-gallery-item tiled-gallery-item-large\" itemprop=\"associatedMedia\" itemscope itemtype=\"http:\/\/schema.org\/ImageObject\"> <a href=\"https:\/\/opistobranquis.info\/en\/guia\/nudibranchia\/cladobranchia\/aeolidioidea\/facelinidae\/dicata-odhneri\/dicata-odhneri-by-jose-carlos-garcia-gomez\/\" border=\"0\" itemprop=\"url\"> <meta itemprop=\"width\" content=\"422\"> <meta itemprop=\"height\" content=\"282\"> <img decoding=\"async\" class=\"\" data-attachment-id=\"36463\" data-orig-file=\"https:\/\/opistobranquis.info\/wp-content\/uploads\/2023\/01\/Dicata-odhneri-by-Jose-Carlos-Garcia-Gomez.jpg\" data-orig-size=\"1200,801\" data-comments-opened=\"\" data-image-title=\"Dicata odhneri @ Tarifa (Spain) by Jos\u00e9 Carlos Garc\u00eda G\u00f3mez\" data-image-description=\"&lt;p&gt;Dicata odhneri @ Tarifa (Spain) by Jos\u00e9 Carlos Garc\u00eda G\u00f3mez&lt;\/p&gt; \" data-medium-file=\"https:\/\/i0.wp.com\/opistobranquis.info\/wp-content\/uploads\/2023\/01\/Dicata-odhneri-by-Jose-Carlos-Garcia-Gomez.jpg?fit=300%2C200&#038;ssl=1\" data-large-file=\"https:\/\/i0.wp.com\/opistobranquis.info\/wp-content\/uploads\/2023\/01\/Dicata-odhneri-by-Jose-Carlos-Garcia-Gomez.jpg?fit=900%2C601&#038;ssl=1\" src=\"https:\/\/i0.wp.com\/opistobranquis.info\/wp-content\/uploads\/2023\/01\/Dicata-odhneri-by-Jose-Carlos-Garcia-Gomez.jpg?w=422&#038;h=282&#038;ssl=1\" srcset=\"https:\/\/i0.wp.com\/opistobranquis.info\/wp-content\/uploads\/2023\/01\/Dicata-odhneri-by-Jose-Carlos-Garcia-Gomez.jpg?w=1200&amp;ssl=1 1200w, https:\/\/i0.wp.com\/opistobranquis.info\/wp-content\/uploads\/2023\/01\/Dicata-odhneri-by-Jose-Carlos-Garcia-Gomez.jpg?resize=300%2C200&amp;ssl=1 300w, https:\/\/i0.wp.com\/opistobranquis.info\/wp-content\/uploads\/2023\/01\/Dicata-odhneri-by-Jose-Carlos-Garcia-Gomez.jpg?resize=1024%2C684&amp;ssl=1 1024w, https:\/\/i0.wp.com\/opistobranquis.info\/wp-content\/uploads\/2023\/01\/Dicata-odhneri-by-Jose-Carlos-Garcia-Gomez.jpg?resize=150%2C100&amp;ssl=1 150w\" width=\"422\" height=\"282\" loading=\"lazy\" data-original-width=\"422\" data-original-height=\"282\" itemprop=\"http:\/\/schema.org\/image\" title=\"Dicata odhneri @ Tarifa (Spain) by Jos\u00e9 Carlos Garc\u00eda G\u00f3mez\" alt=\"Dicata odhneri @ Tarifa (Spain) by Jos\u00e9 Carlos Garc\u00eda G\u00f3mez\" style=\"width: 422px; height: 282px;\" \/> <\/a> <div class=\"tiled-gallery-caption\" itemprop=\"caption description\"> Dicata odhneri @ Tarifa (Spain) by Jos\u00e9 Carlos Garc\u00eda G\u00f3mez <\/div> <\/div> <\/div> <!-- close group --> <\/div> <!-- close row --> <\/div><\/p>\n<p><p><strong>Bibliography<\/strong><\/p><ul><div id=\"zotpress-12077efc2d2a0e7124c44086a9aa2254\" class=\"zp-Zotpress zp-Zotpress-Bib wp-block-group\">\n\n\t\t<span class=\"ZP_API_USER_ID ZP_ATTR\">1246567<\/span>\n\t\t<span class=\"ZP_ITEM_KEY ZP_ATTR\"><\/span>\n\t\t<span class=\"ZP_COLLECTION_ID ZP_ATTR\"><\/span>\n\t\t<span class=\"ZP_TAG_ID ZP_ATTR\">Dicata odhneri<\/span>\n\t\t<span class=\"ZP_AUTHOR ZP_ATTR\"><\/span>\n\t\t<span class=\"ZP_YEAR ZP_ATTR\"><\/span>\n        <span class=\"ZP_ITEMTYPE ZP_ATTR\"><\/span>\n\t\t<span class=\"ZP_INCLUSIVE ZP_ATTR\">1<\/span>\n\t\t<span class=\"ZP_STYLE ZP_ATTR\">eunomia-revista-en-cultura-de-la-legalidad<\/span>\n\t\t<span class=\"ZP_LIMIT ZP_ATTR\">50<\/span>\n\t\t<span class=\"ZP_SORTBY ZP_ATTR\">creator<\/span>\n\t\t<span class=\"ZP_ORDER ZP_ATTR\">asc<\/span>\n\t\t<span class=\"ZP_TITLE ZP_ATTR\"><\/span>\n\t\t<span class=\"ZP_SHOWIMAGE ZP_ATTR\"><\/span>\n\t\t<span class=\"ZP_SHOWTAGS ZP_ATTR\"><\/span>\n\t\t<span class=\"ZP_DOWNLOADABLE ZP_ATTR\"><\/span>\n\t\t<span class=\"ZP_NOTES ZP_ATTR\"><\/span>\n\t\t<span class=\"ZP_ABSTRACT ZP_ATTR\"><\/span>\n\t\t<span class=\"ZP_CITEABLE ZP_ATTR\"><\/span>\n\t\t<span class=\"ZP_TARGET ZP_ATTR\">1<\/span>\n\t\t<span class=\"ZP_URLWRAP ZP_ATTR\"><\/span>\n\t\t<span class=\"ZP_FORCENUM ZP_ATTR\"><\/span>\n        <span class=\"ZP_HIGHLIGHT ZP_ATTR\"><\/span>\n        <span class=\"ZP_POSTID ZP_ATTR\">607<\/span>\n\t\t<span class=\"ZOTPRESS_PLUGIN_URL ZP_ATTR\">https:\/\/opistobranquis.info\/wp-content\/plugins\/zotpress\/<\/span>\n\n\t\t<div class=\"zp-List loading\">\n\t\t\t<div class=\"zp-SEO-Content\">\n\n\t\t\t<\/div><!-- .zp-zp-SEO-Content -->\n\t\t<\/div><!-- .zp-List -->\n\t<\/div><!--.zp-Zotpress-->\n\n<p><\/p>Bibliography based on the works by <b>Steve Long, 2006<\/b>. <a target=_blank href=https:\/\/opistobranquis.info\/wp-content\/uploads\/2016\/06\/Long-S.-2006-Bibliography-of-Opisthobranchia-1554-2000.pdf>Bibliography of Opisthobranchia 1554-2000<\/a> and <b>Gary McDonald, 2009<\/b>. <a href=http:\/\/escholarship.org\/uc\/item\/8115h0wz>Bibliographia Nudibranchia<\/a>, with later updates from other resources.<p><\/p><\/ul><p><\/p><p><strong>Further reading<\/strong><\/p><span style=\"font-size:10pt\"><ul><ul class=\"blogroll-links\"><li><a href=\"http:\/\/www.asturnatura.com\/especie\/dicata-odhneri.html\">AsturNatura<\/a><\/li><li><a href=\"http:\/\/www.biodiversitylibrary.org\/name\/Dicata%20odhneri\">Biodiversity Heritage Library<\/a><\/li><li><a href=\"http:\/\/www.biologiamarina.org\/dacata\/\">BiologiaMarina.org<\/a><\/li><li><a href=\"http:\/\/www.cibsub.com\/bioespecie_es-dicata_odhneri-28179\">CIB - Club Immersio Biologia<\/a><\/li><li><a href=\"http:\/\/doris.ffessm.fr\/fiche2.asp?fiche_numero=606\">DORIS<\/a><\/li><li><a href=\"https:\/\/litoraldegranada.ugr.es\/el-litoral\/el-litoral-sumergido\/fauna\/moluscos\/gasteropodos\/opistobranquios\/orden-nudibranchia\/aeolidioideos\/dicata-odhneri\/\">El Litoral de Granada<\/a><\/li><li><a href=\"http:\/\/www.habitas.org.uk\/marinelife\/species.asp?item=W15460#\">Encyclopedia of Marine Life of Britain and Ireland<\/a><\/li><li><a href=\"https:\/\/www.flickr.com\/search\/?text=Dicata%20odhneri\">Flickr pictures<\/a><\/li><li><a href=\"http:\/\/www.opistobranquis.org\/ca\/guia\/36\">GROC<\/a><\/li><li><a href=\"http:\/\/www.irmng.org\/aphia.php?p=taxlist&#038;tName=Dicata%20odhneri\">Interim Register of Marine and Nonmarine Genera<\/a><\/li><li><a href=\"http:\/\/www.ncbi.nlm.nih.gov\/Taxonomy\/Browser\/wwwtax.cgi?mode=Undef&#038;name=Dicata%20odhneri&#038;lvl=0&#038;srchmode=1\">NCBI GenBank<\/a><\/li><li><a href=\"http:\/\/iobis.org\/mapper\/?taxon=Dicata%20odhneri\">OBIS - Search by Taxon<\/a><\/li><li><a href=\"http:\/\/www.marinespecies.org\/aphia.php?p=taxdetails&#038;id=139937\">World Register of Marine Species<\/a><\/li><\/ul><\/ul><\/span><p><strong>Cite this article as: <\/strong><\/p><div style=\"display: block; background: #444444; padding: 10px 30px 10px 10px; border-radius: 5px; line-height: 18px;\"><p class=\"citacio\"><b>Ballesteros, M., Madrenas, E. &#38; Pontes, M.<\/b> (2025) <em>\"Dicata odhneri\"<\/em> in <em>OPK-Opistobranquis<\/em>. Published: 17\/05\/2012. Accessed: 03\/09\/2026. Available at (<a href=https:\/\/opistobranquis.info\/en\/?p=607>https:\/\/opistobranquis.info\/en\/?p=607<\/a>)<\/p><p><\/p><\/div><p><\/p><\/p>","protected":false},"excerpt":{"rendered":"<p>Dicata odhneri\u00a0Schmekel, 1967 Synonyms Favorinus albus Odhner, 1914 Description This is a small aeolidacean as the specimens rarely exceed 10 mm in length. It&#8217;s an easy species to identify because of its colour homogeneity: the whole body is white except the final third of the rhinophores and oral tentacles, that are bright\u00a0yellow. In some specimens the opaque white pigment of\u00a0the body is dispersed and then the body is slightly translucent\u2026<\/p>\n<p class=\"continue-reading-button\"> <a class=\"continue-reading-link\" href=\"https:\/\/opistobranquis.info\/en\/guia\/nudibranchia\/cladobranchia\/aeolidioidea\/facelinidae\/dicata-odhneri\/\">Continue reading<i class=\"crycon-right-dir\"><\/i><\/a><\/p>\n","protected":false},"author":291,"featured_media":16498,"parent":46890,"menu_order":11,"comment_status":"closed","ping_status":"closed","template":"","meta":{"footnotes":""},"class_list":["post-607","page","type-page","status-publish","has-post-thumbnail","hentry"],"jetpack_sharing_enabled":true,"_links":{"self":[{"href":"https:\/\/opistobranquis.info\/en\/wp-json\/wp\/v2\/pages\/607","targetHints":{"allow":["GET"]}}],"collection":[{"href":"https:\/\/opistobranquis.info\/en\/wp-json\/wp\/v2\/pages"}],"about":[{"href":"https:\/\/opistobranquis.info\/en\/wp-json\/wp\/v2\/types\/page"}],"author":[{"embeddable":true,"href":"https:\/\/opistobranquis.info\/en\/wp-json\/wp\/v2\/users\/291"}],"replies":[{"embeddable":true,"href":"https:\/\/opistobranquis.info\/en\/wp-json\/wp\/v2\/comments?post=607"}],"version-history":[{"count":6,"href":"https:\/\/opistobranquis.info\/en\/wp-json\/wp\/v2\/pages\/607\/revisions"}],"predecessor-version":[{"id":31048,"href":"https:\/\/opistobranquis.info\/en\/wp-json\/wp\/v2\/pages\/607\/revisions\/31048"}],"up":[{"embeddable":true,"href":"https:\/\/opistobranquis.info\/en\/wp-json\/wp\/v2\/pages\/46890"}],"wp:featuredmedia":[{"embeddable":true,"href":"https:\/\/opistobranquis.info\/en\/wp-json\/wp\/v2\/media\/16498"}],"wp:attachment":[{"href":"https:\/\/opistobranquis.info\/en\/wp-json\/wp\/v2\/media?parent=607"}],"curies":[{"name":"wp","href":"https:\/\/api.w.org\/{rel}","templated":true}]}}