{"id":10677,"date":"2013-10-04T22:55:50","date_gmt":"2013-10-04T20:55:50","guid":{"rendered":"https:\/\/opistobranquis.info\/?page_id=10677"},"modified":"2024-07-21T18:31:53","modified_gmt":"2024-07-21T16:31:53","slug":"tyrannodoris-europaea","status":"publish","type":"page","link":"https:\/\/opistobranquis.info\/es\/guia\/nudibranchia\/doridina\/doridoidei\/polyceroidea\/tyrannodoris-europaea\/","title":{"rendered":"Tyrannodoris europaea"},"content":{"rendered":"<p><\/p>\n<h3><em>Tyrannodoris europaea<\/em> (Garc\u00eda-G\u00f3mez, 1985)<\/h3>\n<p><span style=\"font-size:10pt;\" class=\"aligncenter\"><div id=\"featured-img-id\"><img data-recalc-dims=\"1\" decoding=\"async\" src=\"https:\/\/i0.wp.com\/opistobranquis.info\/wp-content\/uploads\/2024\/07\/Tyrannodoris-europaea-01-Granada.jpg?w=900&#038;ssl=1\" alt=\"Tyrannodoris europaea @ Motril (Granada) by Enric Madrenas\" \/><\/div><center><em>Tyrannodoris europaea @ Motril (Granada)<\/em> por Enric Madrenas<\/center><\/span><p><\/p><div class=\"opk-worms\"><h3>Informaci\u00f3n taxon\u00f3mica WoRMS<\/h3><div class=\"opk-success\">Nombre aceptado actual: <strong><em>Tyrannodoris europaea<\/em> (Garc\u00eda-G\u00f3mez, 1985)<\/strong><\/div><h4>Clasificaci\u00f3n actual<\/h4><table class=\"widefat striped\"><tr><th>Superdomain<\/th><td><a target=\"_blank\" href=\"https:\/\/www.marinespecies.org\/aphia.php?p=taxdetails&id=1\">Biota<\/a><\/td><\/tr><tr><th>Kingdom<\/th><td><a target=\"_blank\" href=\"https:\/\/www.marinespecies.org\/aphia.php?p=taxdetails&id=2\">Animalia<\/a><\/td><\/tr><tr><th>Phylum<\/th><td><a target=\"_blank\" href=\"https:\/\/www.marinespecies.org\/aphia.php?p=taxdetails&id=51\">Mollusca<\/a><\/td><\/tr><tr><th>Class<\/th><td><a target=\"_blank\" href=\"https:\/\/www.marinespecies.org\/aphia.php?p=taxdetails&id=101\">Gastropoda<\/a><\/td><\/tr><tr><th>Subclass<\/th><td><a target=\"_blank\" href=\"https:\/\/www.marinespecies.org\/aphia.php?p=taxdetails&id=14712\">Heterobranchia<\/a><\/td><\/tr><tr><th>Infraclass<\/th><td><a target=\"_blank\" href=\"https:\/\/www.marinespecies.org\/aphia.php?p=taxdetails&id=1057247\">Euthyneura<\/a><\/td><\/tr><tr><th>Subterclass<\/th><td><a target=\"_blank\" href=\"https:\/\/www.marinespecies.org\/aphia.php?p=taxdetails&id=1057249\">Ringipleura<\/a><\/td><\/tr><tr><th>Superorder<\/th><td><a target=\"_blank\" href=\"https:\/\/www.marinespecies.org\/aphia.php?p=taxdetails&id=411966\">Nudipleura<\/a><\/td><\/tr><tr><th>Order<\/th><td><a target=\"_blank\" href=\"https:\/\/www.marinespecies.org\/aphia.php?p=taxdetails&id=1762\">Nudibranchia<\/a><\/td><\/tr><tr><th>Suborder<\/th><td><a target=\"_blank\" href=\"https:\/\/www.marinespecies.org\/aphia.php?p=taxdetails&id=1829294\">Doridida<\/a><\/td><\/tr><tr><th>Infraorder<\/th><td><a target=\"_blank\" href=\"https:\/\/www.marinespecies.org\/aphia.php?p=taxdetails&id=246038\">Doridoidei<\/a><\/td><\/tr><tr><th>Superfamily<\/th><td><a target=\"_blank\" href=\"https:\/\/www.marinespecies.org\/aphia.php?p=taxdetails&id=412569\">Polyceroidea<\/a><\/td><\/tr><tr><th>Family<\/th><td><a target=\"_blank\" href=\"https:\/\/www.marinespecies.org\/aphia.php?p=taxdetails&id=177\">Polyceridae<\/a><\/td><\/tr><tr><th>Subfamily<\/th><td><a target=\"_blank\" href=\"https:\/\/www.marinespecies.org\/aphia.php?p=taxdetails&id=412576\">Nembrothinae<\/a><\/td><\/tr><tr><th>Genus<\/th><td><a target=\"_blank\" href=\"https:\/\/www.marinespecies.org\/aphia.php?p=taxdetails&id=1036119\"><em>Tyrannodoris<\/em><\/a><\/td><\/tr><tr><th>Species<\/th><td><a target=\"_blank\" href=\"https:\/\/www.marinespecies.org\/aphia.php?p=taxdetails&id=1036127\"><em>Tyrannodoris europaea<\/em> (Garc\u00eda-G\u00f3mez, 1985)<\/a><\/td><\/tr><\/table><p class=\"footer\">Clasificaci\u00f3n proporcionada por el World Register of Marine Species (WoRMS). [<a target=\"_blank\" href=\"https:\/\/www.marinespecies.org\/aphia.php?p=taxdetails&id=1036127\">1036127<\/a>]<\/p><\/div><strong>Nota taxon\u00f3mica: <\/strong>Esta especie fue originalmente publicada como <em>Roboastra europaea<\/em> Garc\u00eda-G\u00f3mez, 1985. Willan &amp; Chang (2017) movieron todas las especies del g\u00e9nero <em>Roboastra<\/em> Bergh, 1877\u00a0 excepto la especie tipo <em>Roboastra gracilis<\/em> (Bergh, 1877) al nuevo g\u00e9nero\u00a0<em>Tyrannodoris<\/em> Willan &amp; Chang, 2017.<\/p>\n<p><strong>Sin\u00f3nimos<\/strong><\/p>\n<ul>\n<li><em>Roboastra europaea<\/em><\/li>\n<\/ul>\n<p><strong>Descripci\u00f3n<br \/>\n<\/strong>El cuerpo es alargado, limaciforme, de color principalmente gris o azul gris\u00e1ceo, con l\u00edneas amarillas y naranjas. Los animales m\u00e1s j\u00f3venes muestran una coloraci\u00f3n m\u00e1s intensa. El dorso muestra franjas alargadas de color gris claro bordeadas de naranja, casi sim\u00e9tricas en ambos lados y redondeadas en sus extremos. Los bordes naranjas separan las \u00e1reas gris claro y amarillas que constituyen el resto de la superficie pigmentada. El borde del manto es suave y no tiene un \u00e1ngulo pronunciado. Los costados del animal est\u00e1n coloreados siguiendo el mismo patr\u00f3n crom\u00e1tico que el dorso, pero los colores son menos consp\u00edcuos y se fusionan entre s\u00ed. El pie es de color gris claro, casi blanco, alargado y terminado en una cola apuntada. El velo cef\u00e1lico es redondeado, poco llamativo y no tiene l\u00f3bulos. Los rin\u00f3foros son perfoliados, de color gris o gris rojizo, y\u00a0 pueden retraerse en sus vainas. En su parte distal tienen 35 laminillas apretadas, coloreadas con un tono m\u00e1s intenso que el resto del cuerpo. La base y las puntas de los rin\u00f3foros son de color gris claro, al igual que los bordes exteriores de las vainas. Hay 5 branquias bipinnadas amarillas, no retr\u00e1ctiles, con las puntas grises y con el raquis anaranjado. Las 3 branquias centrales son m\u00e1s grandes que las 2 laterales. La cara interna de las branquias tiene ramificaciones gris\u00e1ceas que siempre est\u00e1n orientadas hacia atr\u00e1s. Los tent\u00e1culos orales son cortos y robustos, de color gris y con surcos dorso-laterales en parte de su longitud. Los tent\u00e1culos propodiales son peque\u00f1os y romos. La papila anal es ligeramente roja o rojo anaranjado y tiene 5 l\u00f3bulos internos; las branquias forman un semic\u00edrculo a su alrededor. El poro renal se encuentra delante y a la derecha de la papila anal, muy cerca de ella. El poro genital es bastante visible y se encuentra en el lado derecho del cuerpo, m\u00e1s cerca de los rin\u00f3foros que de las branquias.<\/p>\n<p><strong>Biolog\u00eda<br \/>\n<\/strong>La puestas est\u00e1 formada por una cinta larga y estrecha, sujeta al sustrato (algas rojas) por el borde inferior. El borde superior est\u00e1 ligeramente ondulado y toda la masa se dispone formando una espiral holgada de unas 4 vueltas. Tiene 6-7 mm de alto y una secci\u00f3n transversal de la cinta muestra 3-5 filas de c\u00e1psulas verticales. La mayor\u00eda de las c\u00e1psulas suelen contener un \u00fanico huevo y son redondeadas con un tama\u00f1o de aproximadamente 100 micras de di\u00e1metro, mientras que algunas c\u00e1psulas contienen 2 huevos, tienen forma ovoide y su eje m\u00e1s largo mide unas 150 micras. Los miembros de este g\u00e9nero son carn\u00edvoros voraces, atacando y devorando otros polic\u00e9ridos de cuerpo blando: <em>Polycera<\/em> spp., <em>Polycerella<\/em> Spp., <em>Limacia<\/em> spp., <em>Tambja <\/em>spp., as\u00ed como otros \u2018fanerobranquios\u2019 (ver Megina &amp; Cervera 2003). Esta especie es muy voraz y muestra un curioso comportamiento can\u00edbal: si encuentra un ejemplar m\u00e1s peque\u00f1o de la misma especie, inmediatamente ataca y devora implacablemente a su presa, pero si el otro ejemplar es lo suficientemente grande, el encuentro puede acabar en un apareamiento.<\/p>\n<p><strong>Etimolog\u00eda<\/strong><\/p>\n<ul>\n<li><em>Tyrannodoris<\/em>. El nombre gen\u00e9rico deriva de la combinaci\u00f3n de la palabra latina &#8220;tyrannus&#8221; (terrible) y &#8220;doris&#8221;.<\/li>\n<li><em>Europaea<\/em>. De\u00a0Europa.<\/li>\n<\/ul>\n<p><strong>Distribuci\u00f3n<\/strong><br \/>\nEsta especie es conocida principalmente en el Estrecho de Gibraltar y del sur de la Pen\u00ednsula Ib\u00e9rica. Se ha confirmado su presencia en Madeira tras la captura de un ejemplar en el puerto de Funchal. Tambi\u00e9n se ha citado en el suroeste de Portugal (Calado et al., 2003) y en las costas catalanas (noreste de Espa\u00f1a) (Schick, com. Pers.). Poddubetskaia y Petit de Voice (Sea Slug Forum, 2003) lo citan en Dakar (Senegal), el registro m\u00e1s meridional de esta especie en el Atl\u00e1ntico. <div id=\"flxmap-6a99a6e9619e4\" class='flxmap-container' data-flxmap='flxmap_6a99a6e9619e4' style=\"width:100%;height:400px;\"><\/div>\n<script data-noptimize=\"1\">\n\/* <![CDATA[ *\/\n(function(w, fn) {\n if (w.addEventListener) w.addEventListener(\"DOMContentLoaded\", fn, false);\n else if (w.attachEvent) w.attachEvent(\"onload\", fn);\n})(window, function() {\n var f = new FlexibleMap();\n f.panControl = true;\n f.mapTypeId = \"satellite\";\n f.setlocale(\"es-ES\");\n f.kmlcache = \"5 minutes\";\n f.showKML(\"flxmap-6a99a6e9619e4\", \"https:\/\/opistobranquis.info\/wp-content\/uploads\/kms\/10677.kmz\");\n window.flxmap_6a99a6e9619e4 = f;\n});\n\/* ]]> *\/\n<\/script>\n<div style=\"width:100%;text-align:center;margin:12px 0 4px 0;\">\n  <div style=\"font-size:8pt;margin-bottom:6px;\">Citas georeferenciadas conocidas de la especie: <em>Tyrannodoris europaea<\/em><\/div>\n  <table style=\"margin:0 auto;border-collapse:collapse;font-size:8pt;\">\n    <tr><td colspan=\"2\" style=\"text-align:left;padding-bottom:4px;\"><strong>Fonts:<\/strong><\/td><\/tr>\n    <tr>\n      <td style=\"vertical-align:top;padding-right:40px;\">\n        <table style=\"border-collapse:collapse;\">\n<tr><td style='padding:1px 6px 1px 0;vertical-align:middle'><img data-recalc-dims=\"1\" src=\"https:\/\/i0.wp.com\/opistobranquis.info\/wp-content\/uploads\/kms\/wht-circle-lv.png?w=900&#038;ssl=1\" style='display:block'><\/td><td style='padding:1px 0;vertical-align:middle;white-space:nowrap'>OBIS<\/td><\/tr><tr><td style='padding:1px 6px 1px 0;vertical-align:middle'><img data-recalc-dims=\"1\" src=\"https:\/\/i0.wp.com\/opistobranquis.info\/wp-content\/uploads\/kms\/ylw-circle-lv.png?w=900&#038;ssl=1\" style='display:block'><\/td><td style='padding:1px 0;vertical-align:middle;white-space:nowrap'>GROC 2010-2011<\/td><\/tr><tr><td style='padding:1px 6px 1px 0;vertical-align:middle'><img data-recalc-dims=\"1\" src=\"https:\/\/i0.wp.com\/opistobranquis.info\/wp-content\/uploads\/kms\/grn-circle-lv.png?w=900&#038;ssl=1\" style='display:block'><\/td><td style='padding:1px 0;vertical-align:middle;white-space:nowrap'>Enric Madrenas<\/td><\/tr><tr><td style='padding:1px 6px 1px 0;vertical-align:middle'><img data-recalc-dims=\"1\" src=\"https:\/\/i0.wp.com\/opistobranquis.info\/wp-content\/uploads\/kms\/orange-circle-lv.png?w=900&#038;ssl=1\" style='display:block'><\/td><td style='padding:1px 0;vertical-align:middle;white-space:nowrap'>Jo\u00e3o Pedro Silva<\/td><\/tr><tr><td style='padding:1px 6px 1px 0;vertical-align:middle'><img data-recalc-dims=\"1\" src=\"https:\/\/i0.wp.com\/opistobranquis.info\/wp-content\/uploads\/kms\/pink-circle-lv.png?w=900&#038;ssl=1\" style='display:block'><\/td><td style='padding:1px 0;vertical-align:middle;white-space:nowrap'>Bernard Picton<\/td><\/tr><tr><td style='padding:1px 6px 1px 0;vertical-align:middle'><img data-recalc-dims=\"1\" src=\"https:\/\/i0.wp.com\/opistobranquis.info\/wp-content\/uploads\/kms\/blk-circle-lv.png?w=900&#038;ssl=1\" style='display:block'><\/td><td style='padding:1px 0;vertical-align:middle;white-space:nowrap'>GBIF<\/td><\/tr>        <\/table>\n      <\/td>\n      <td style=\"vertical-align:top;\">\n        <table style=\"border-collapse:collapse;\">\n<tr><td style='padding:1px 6px 1px 0;vertical-align:middle'><img data-recalc-dims=\"1\" src=\"https:\/\/i0.wp.com\/opistobranquis.info\/wp-content\/uploads\/kms\/purple-circle-lv.png?w=900&#038;ssl=1\" style='display:block'><\/td><td style='padding:1px 0;vertical-align:middle;white-space:nowrap'>OPK<\/td><\/tr><tr><td style='padding:1px 6px 1px 0;vertical-align:middle'><img data-recalc-dims=\"1\" src=\"https:\/\/i0.wp.com\/opistobranquis.info\/wp-content\/uploads\/kms\/red-circle-lv.png?w=900&#038;ssl=1\" style='display:block'><\/td><td style='padding:1px 0;vertical-align:middle;white-space:nowrap'>VIMAR<\/td><\/tr><tr><td style='padding:1px 6px 1px 0;vertical-align:middle'><img data-recalc-dims=\"1\" src=\"https:\/\/i0.wp.com\/opistobranquis.info\/wp-content\/uploads\/kms\/blu-circle-lv.png?w=900&#038;ssl=1\" style='display:block'><\/td><td style='padding:1px 0;vertical-align:middle;white-space:nowrap'>Manuel Ballesteros<\/td><\/tr><tr><td style='padding:1px 6px 1px 0;vertical-align:middle'><img data-recalc-dims=\"1\" src=\"https:\/\/i0.wp.com\/opistobranquis.info\/wp-content\/uploads\/kms\/cyan-circle-lv.png?w=900&#038;ssl=1\" style='display:block'><\/td><td style='padding:1px 0;vertical-align:middle;white-space:nowrap'>M@re Nostrum<\/td><\/tr><tr><td style='padding:1px 6px 1px 0;vertical-align:middle'><img data-recalc-dims=\"1\" src=\"https:\/\/i0.wp.com\/opistobranquis.info\/wp-content\/uploads\/kms\/grey-circle-lv.png?w=900&#038;ssl=1\" style='display:block'><\/td><td style='padding:1px 0;vertical-align:middle;white-space:nowrap'>Altres fonts<\/td><\/tr><tr><td style='padding:1px 6px 1px 0;vertical-align:middle'><img data-recalc-dims=\"1\" src=\"https:\/\/i0.wp.com\/opistobranquis.info\/wp-content\/uploads\/kms\/marreg.png?w=900&#038;ssl=1\" style='display:block'><\/td><td style='padding:1px 0;vertical-align:middle;white-space:nowrap'>Marine Regions<\/td><\/tr>        <\/table>\n      <\/td>\n    <\/tr>\n  <\/table>\n<\/div>\n<\/p>\n<p><strong>Error:<\/strong> Chart.js no est\u00e1 disponible.<\/p>\n<p><strong>V\u00eddeos<\/strong><\/p>\n<p><iframe loading=\"lazy\" src=\"https:\/\/player.vimeo.com\/video\/540275842?dnt=1&amp;app_id=122963\" width=\"900\" height=\"506\" frameborder=\"0\" allow=\"autoplay; fullscreen; picture-in-picture; clipboard-write\"><\/iframe><\/p>\n<p><iframe loading=\"lazy\" src=\"https:\/\/player.vimeo.com\/video\/784334356?dnt=1&amp;app_id=122963\" width=\"900\" height=\"506\" frameborder=\"0\" allow=\"autoplay; fullscreen; picture-in-picture; clipboard-write\"><\/iframe><\/p>\n<p><iframe loading=\"lazy\" src=\"https:\/\/player.vimeo.com\/video\/784805027?dnt=1&amp;app_id=122963\" width=\"900\" height=\"506\" frameborder=\"0\" allow=\"autoplay; fullscreen; picture-in-picture; clipboard-write\"><\/iframe><\/p>\n<p><iframe loading=\"lazy\" src=\"https:\/\/player.vimeo.com\/video\/589739834?dnt=1&amp;app_id=122963\" width=\"900\" height=\"506\" frameborder=\"0\" allow=\"autoplay; fullscreen; picture-in-picture; clipboard-write\"><\/iframe><\/p>\n<p><iframe loading=\"lazy\" src=\"https:\/\/player.vimeo.com\/video\/900347953?dnt=1&amp;app_id=122963\" width=\"900\" height=\"506\" frameborder=\"0\" allow=\"autoplay; fullscreen; picture-in-picture; clipboard-write\"><\/iframe><\/p>\n<p>&nbsp;<\/p>\n<p><strong>Otras fotos<\/strong><br \/>\n<div class=\"tiled-gallery type-rectangular tiled-gallery-unresized\" data-original-width=\"900\" data-carousel-extra='{&quot;blog_id&quot;:1,&quot;permalink&quot;:&quot;https:\\\/\\\/opistobranquis.info\\\/es\\\/guia\\\/nudibranchia\\\/doridina\\\/doridoidei\\\/polyceroidea\\\/tyrannodoris-europaea\\\/&quot;,&quot;likes_blog_id&quot;:44192421}' itemscope itemtype=\"http:\/\/schema.org\/ImageGallery\" > <div class=\"gallery-row\" style=\"width: 900px; height: 600px;\" data-original-width=\"900\" data-original-height=\"600\" > <div class=\"gallery-group images-3\" style=\"width: 306px; height: 600px;\" data-original-width=\"306\" data-original-height=\"600\" > <div class=\"tiled-gallery-item tiled-gallery-item-large\" itemprop=\"associatedMedia\" itemscope itemtype=\"http:\/\/schema.org\/ImageObject\"> <a href=\"https:\/\/opistobranquis.info\/es\/guia\/nudibranchia\/doridina\/doridoidei\/polyceroidea\/tyrannodoris-europaea\/roboastra_europaea\/\" border=\"0\" itemprop=\"url\"> <meta itemprop=\"width\" content=\"302\"> <meta itemprop=\"height\" content=\"202\"> <img decoding=\"async\" class=\"\" data-attachment-id=\"10679\" data-orig-file=\"https:\/\/opistobranquis.info\/wp-content\/uploads\/2013\/10\/Roboastra_europaea.jpg\" data-orig-size=\"800,533\" data-comments-opened=\"\" data-image-title=\"Tyrannodoris europaea by Jo\u00e3o Pedro Silva\" data-image-description=\"&lt;p&gt;Tyrannodoris europaea by Jo\u00e3o Pedro Silva&lt;\/p&gt; \" data-medium-file=\"https:\/\/i0.wp.com\/opistobranquis.info\/wp-content\/uploads\/2013\/10\/Roboastra_europaea.jpg?fit=300%2C199&#038;ssl=1\" data-large-file=\"https:\/\/i0.wp.com\/opistobranquis.info\/wp-content\/uploads\/2013\/10\/Roboastra_europaea.jpg?fit=800%2C533&#038;ssl=1\" src=\"https:\/\/i0.wp.com\/opistobranquis.info\/wp-content\/uploads\/2013\/10\/Roboastra_europaea.jpg?w=302&#038;h=202&#038;ssl=1\" srcset=\"https:\/\/i0.wp.com\/opistobranquis.info\/wp-content\/uploads\/2013\/10\/Roboastra_europaea.jpg?w=800&amp;ssl=1 800w, https:\/\/i0.wp.com\/opistobranquis.info\/wp-content\/uploads\/2013\/10\/Roboastra_europaea.jpg?resize=150%2C99&amp;ssl=1 150w\" width=\"302\" height=\"202\" loading=\"lazy\" data-original-width=\"302\" data-original-height=\"202\" itemprop=\"http:\/\/schema.org\/image\" title=\"Tyrannodoris europaea by Jo\u00e3o Pedro Silva\" alt=\"Tyrannodoris europaea by Jo\u00e3o Pedro Silva\" style=\"width: 302px; height: 202px;\" \/> <\/a> <div class=\"tiled-gallery-caption\" itemprop=\"caption description\"> Tyrannodoris europaea by Jo\u00e3o Pedro Silva <\/div> <\/div> <div class=\"tiled-gallery-item tiled-gallery-item-large\" itemprop=\"associatedMedia\" itemscope itemtype=\"http:\/\/schema.org\/ImageObject\"> <a href=\"https:\/\/opistobranquis.info\/es\/guia\/nudibranchia\/doridina\/doridoidei\/polyceroidea\/tyrannodoris-europaea\/roboastra_europaea2\/\" border=\"0\" itemprop=\"url\"> <meta itemprop=\"width\" content=\"302\"> <meta itemprop=\"height\" content=\"202\"> <img decoding=\"async\" class=\"\" data-attachment-id=\"10680\" data-orig-file=\"https:\/\/opistobranquis.info\/wp-content\/uploads\/2013\/10\/Roboastra_europaea2.jpg\" data-orig-size=\"800,533\" data-comments-opened=\"\" data-image-title=\"Tyrannodoris europaea by Jo\u00e3o Pedro Silva\" data-image-description=\"&lt;p&gt;Tyrannodoris europaea by Jo\u00e3o Pedro Silva&lt;\/p&gt; \" data-medium-file=\"https:\/\/i0.wp.com\/opistobranquis.info\/wp-content\/uploads\/2013\/10\/Roboastra_europaea2.jpg?fit=300%2C199&#038;ssl=1\" data-large-file=\"https:\/\/i0.wp.com\/opistobranquis.info\/wp-content\/uploads\/2013\/10\/Roboastra_europaea2.jpg?fit=800%2C533&#038;ssl=1\" src=\"https:\/\/i0.wp.com\/opistobranquis.info\/wp-content\/uploads\/2013\/10\/Roboastra_europaea2.jpg?w=302&#038;h=202&#038;ssl=1\" srcset=\"https:\/\/i0.wp.com\/opistobranquis.info\/wp-content\/uploads\/2013\/10\/Roboastra_europaea2.jpg?w=800&amp;ssl=1 800w, https:\/\/i0.wp.com\/opistobranquis.info\/wp-content\/uploads\/2013\/10\/Roboastra_europaea2.jpg?resize=150%2C99&amp;ssl=1 150w\" width=\"302\" height=\"202\" loading=\"lazy\" data-original-width=\"302\" data-original-height=\"202\" itemprop=\"http:\/\/schema.org\/image\" title=\"Tyrannodoris europaea by Jo\u00e3o Pedro Silva\" alt=\"Tyrannodoris europaea by Jo\u00e3o Pedro Silva\" style=\"width: 302px; height: 202px;\" \/> <\/a> <div class=\"tiled-gallery-caption\" itemprop=\"caption description\"> Tyrannodoris europaea by Jo\u00e3o Pedro Silva <\/div> <\/div> <div class=\"tiled-gallery-item tiled-gallery-item-large\" itemprop=\"associatedMedia\" itemscope itemtype=\"http:\/\/schema.org\/ImageObject\"> <a href=\"https:\/\/opistobranquis.info\/es\/guia\/nudibranchia\/doridina\/doridoidei\/polyceroidea\/tyrannodoris-europaea\/roboastra-europaea-by-sergio-lopez-gonzalez-www-granadasubmarina-org\/\" border=\"0\" itemprop=\"url\"> <meta itemprop=\"width\" content=\"302\"> <meta itemprop=\"height\" content=\"184\"> <img decoding=\"async\" class=\"\" data-attachment-id=\"16712\" data-orig-file=\"https:\/\/opistobranquis.info\/wp-content\/uploads\/2014\/11\/Roboastra-europaea-by-Sergio-L\u00f3pez-Gonz\u00e1lez-www.granadasubmarina.org_.jpg\" data-orig-size=\"800,488\" data-comments-opened=\"\" data-image-title=\"Tyrannodoris europaea by Sergio L\u00f3pez Gonz\u00e1lez (www.granadasubmarina.org)\" data-image-description=\"&lt;p&gt;Tyrannodoris europaea by Sergio L\u00f3pez Gonz\u00e1lez (www.granadasubmarina.org)&lt;\/p&gt; \" data-medium-file=\"https:\/\/i0.wp.com\/opistobranquis.info\/wp-content\/uploads\/2014\/11\/Roboastra-europaea-by-Sergio-L%C3%B3pez-Gonz%C3%A1lez-www.granadasubmarina.org_.jpg?fit=300%2C183&#038;ssl=1\" data-large-file=\"https:\/\/i0.wp.com\/opistobranquis.info\/wp-content\/uploads\/2014\/11\/Roboastra-europaea-by-Sergio-L%C3%B3pez-Gonz%C3%A1lez-www.granadasubmarina.org_.jpg?fit=800%2C488&#038;ssl=1\" src=\"https:\/\/i0.wp.com\/opistobranquis.info\/wp-content\/uploads\/2014\/11\/Roboastra-europaea-by-Sergio-L%C3%B3pez-Gonz%C3%A1lez-www.granadasubmarina.org_.jpg?w=302&#038;h=184&#038;ssl=1\" width=\"302\" height=\"184\" loading=\"lazy\" data-original-width=\"302\" data-original-height=\"184\" itemprop=\"http:\/\/schema.org\/image\" title=\"Tyrannodoris europaea by Sergio L\u00f3pez Gonz\u00e1lez (www.granadasubmarina.org)\" alt=\"Tyrannodoris europaea by Sergio L\u00f3pez Gonz\u00e1lez (www.granadasubmarina.org)\" style=\"width: 302px; height: 184px;\" \/> <\/a> <div class=\"tiled-gallery-caption\" itemprop=\"caption description\"> Tyrannodoris europaea by Sergio L\u00f3pez Gonz\u00e1lez (www.granadasubmarina.org) <\/div> <\/div> <\/div> <!-- close group --> <div class=\"gallery-group images-1\" style=\"width: 594px; height: 600px;\" data-original-width=\"594\" data-original-height=\"600\" > <div class=\"tiled-gallery-item tiled-gallery-item-large\" itemprop=\"associatedMedia\" itemscope itemtype=\"http:\/\/schema.org\/ImageObject\"> <a href=\"https:\/\/opistobranquis.info\/es\/guia\/nudibranchia\/doridina\/doridoidei\/polyceroidea\/tyrannodoris-europaea\/radula-de-roboastra-europaea-by-luis-sanchez-tocino\/\" border=\"0\" itemprop=\"url\"> <meta itemprop=\"width\" content=\"590\"> <meta itemprop=\"height\" content=\"596\"> <img decoding=\"async\" class=\"\" data-attachment-id=\"17036\" data-orig-file=\"https:\/\/opistobranquis.info\/wp-content\/uploads\/2014\/12\/Radula-de-Roboastra-europaea-by-Luis-S\u00e1nchez-Tocino.png\" data-orig-size=\"581,587\" data-comments-opened=\"\" data-image-title=\"Radula de Tyrannodoris europaea by Luis S\u00e1nchez-Tocino\" data-image-description=\"&lt;p&gt;Radula de Tyrannodoris europaea by Luis S\u00e1nchez-Tocino&lt;\/p&gt; \" data-medium-file=\"https:\/\/i0.wp.com\/opistobranquis.info\/wp-content\/uploads\/2014\/12\/Radula-de-Roboastra-europaea-by-Luis-S%C3%A1nchez-Tocino.png?fit=296%2C300&#038;ssl=1\" data-large-file=\"https:\/\/i0.wp.com\/opistobranquis.info\/wp-content\/uploads\/2014\/12\/Radula-de-Roboastra-europaea-by-Luis-S%C3%A1nchez-Tocino.png?fit=581%2C587&#038;ssl=1\" src=\"https:\/\/i0.wp.com\/opistobranquis.info\/wp-content\/uploads\/2014\/12\/Radula-de-Roboastra-europaea-by-Luis-S%C3%A1nchez-Tocino.png?w=590&#038;h=596&#038;ssl=1\" width=\"590\" height=\"596\" loading=\"lazy\" data-original-width=\"590\" data-original-height=\"596\" itemprop=\"http:\/\/schema.org\/image\" title=\"Radula de Tyrannodoris europaea by Luis S\u00e1nchez-Tocino\" alt=\"Radula de Tyrannodoris europaea by Luis S\u00e1nchez-Tocino\" style=\"width: 590px; height: 596px;\" \/> <\/a> <div class=\"tiled-gallery-caption\" itemprop=\"caption description\"> Radula de Tyrannodoris europaea by Luis S\u00e1nchez-Tocino <\/div> <\/div> <\/div> <!-- close group --> <\/div> <!-- close row --> <div class=\"gallery-row\" style=\"width: 900px; height: 610px;\" data-original-width=\"900\" data-original-height=\"610\" > <div class=\"gallery-group images-2\" style=\"width: 442px; height: 610px;\" data-original-width=\"442\" data-original-height=\"610\" > <div class=\"tiled-gallery-item tiled-gallery-item-large\" itemprop=\"associatedMedia\" itemscope itemtype=\"http:\/\/schema.org\/ImageObject\"> <a href=\"https:\/\/opistobranquis.info\/es\/guia\/nudibranchia\/doridina\/doridoidei\/polyceroidea\/tyrannodoris-europaea\/olympus-digital-camera-37\/\" border=\"0\" itemprop=\"url\"> <meta itemprop=\"width\" content=\"438\"> <meta itemprop=\"height\" content=\"274\"> <img decoding=\"async\" class=\"\" data-attachment-id=\"17618\" data-orig-file=\"https:\/\/opistobranquis.info\/wp-content\/uploads\/2013\/10\/Roboastra-europaea-@-Tarifa-by-Manuel-Mart\u00ednez-Chac\u00f3n.jpg\" data-orig-size=\"800,501\" data-comments-opened=\"\" data-image-title=\"Tyrannodoris europaea @ Tarifa by Manuel Mart\u00ednez Chac\u00f3n\" data-image-description=\"&lt;p&gt;Tyrannodoris europaea @ Tarifa by Manuel Mart\u00ednez Chac\u00f3n&lt;\/p&gt; \" data-medium-file=\"https:\/\/i0.wp.com\/opistobranquis.info\/wp-content\/uploads\/2013\/10\/Roboastra-europaea-%40-Tarifa-by-Manuel-Mart%C3%ADnez-Chac%C3%B3n.jpg?fit=300%2C188&#038;ssl=1\" data-large-file=\"https:\/\/i0.wp.com\/opistobranquis.info\/wp-content\/uploads\/2013\/10\/Roboastra-europaea-%40-Tarifa-by-Manuel-Mart%C3%ADnez-Chac%C3%B3n.jpg?fit=800%2C501&#038;ssl=1\" src=\"https:\/\/i0.wp.com\/opistobranquis.info\/wp-content\/uploads\/2013\/10\/Roboastra-europaea-%40-Tarifa-by-Manuel-Mart%C3%ADnez-Chac%C3%B3n.jpg?w=438&#038;h=274&#038;ssl=1\" width=\"438\" height=\"274\" loading=\"lazy\" data-original-width=\"438\" data-original-height=\"274\" itemprop=\"http:\/\/schema.org\/image\" title=\"Tyrannodoris europaea @ Tarifa by Manuel Mart\u00ednez Chac\u00f3n\" alt=\"Tyrannodoris europaea @ Tarifa by Manuel Mart\u00ednez Chac\u00f3n\" style=\"width: 438px; height: 274px;\" \/> <\/a> <div class=\"tiled-gallery-caption\" itemprop=\"caption description\"> Tyrannodoris europaea @ Tarifa by Manuel Mart\u00ednez Chac\u00f3n <\/div> <\/div> <div class=\"tiled-gallery-item tiled-gallery-item-large\" itemprop=\"associatedMedia\" itemscope itemtype=\"http:\/\/schema.org\/ImageObject\"> <a href=\"https:\/\/opistobranquis.info\/es\/guia\/nudibranchia\/doridina\/doridoidei\/polyceroidea\/tyrannodoris-europaea\/olympus-digital-camera-69\/\" border=\"0\" itemprop=\"url\"> <meta itemprop=\"width\" content=\"438\"> <meta itemprop=\"height\" content=\"328\"> <img decoding=\"async\" class=\"\" data-attachment-id=\"20060\" data-orig-file=\"https:\/\/opistobranquis.info\/wp-content\/uploads\/2013\/10\/Roboastra-europaea-@-Isla-de-Tarifa-Cadiz-Spain-Atl.-shore-10-10-2015-by-Manuel-Mart\u00ednez-Chac\u00f3n.jpg\" data-orig-size=\"800,600\" data-comments-opened=\"\" data-image-title=\"Tyrannodoris europaea @ Isla de Tarifa (Cadiz, Spain, Atl. shore) 10-10-2015 by Manuel Mart\u00ednez Chac\u00f3n\" data-image-description=\"&lt;p&gt;Tyrannodoris europaea @ Isla de Tarifa (Cadiz, Spain, Atl. shore) 10-10-2015 by Manuel Mart\u00ednez Chac\u00f3n&lt;\/p&gt; \" data-medium-file=\"https:\/\/i0.wp.com\/opistobranquis.info\/wp-content\/uploads\/2013\/10\/Roboastra-europaea-%40-Isla-de-Tarifa-Cadiz-Spain-Atl.-shore-10-10-2015-by-Manuel-Mart%C3%ADnez-Chac%C3%B3n.jpg?fit=300%2C225&#038;ssl=1\" data-large-file=\"https:\/\/i0.wp.com\/opistobranquis.info\/wp-content\/uploads\/2013\/10\/Roboastra-europaea-%40-Isla-de-Tarifa-Cadiz-Spain-Atl.-shore-10-10-2015-by-Manuel-Mart%C3%ADnez-Chac%C3%B3n.jpg?fit=800%2C600&#038;ssl=1\" src=\"https:\/\/i0.wp.com\/opistobranquis.info\/wp-content\/uploads\/2013\/10\/Roboastra-europaea-%40-Isla-de-Tarifa-Cadiz-Spain-Atl.-shore-10-10-2015-by-Manuel-Mart%C3%ADnez-Chac%C3%B3n.jpg?w=438&#038;h=328&#038;ssl=1\" width=\"438\" height=\"328\" loading=\"lazy\" data-original-width=\"438\" data-original-height=\"328\" itemprop=\"http:\/\/schema.org\/image\" title=\"Tyrannodoris europaea @ Isla de Tarifa (Cadiz, Spain, Atl. shore) 10-10-2015 by Manuel Mart\u00ednez Chac\u00f3n\" alt=\"Tyrannodoris europaea @ Isla de Tarifa (Cadiz, Spain, Atl. shore) 10-10-2015 by Manuel Mart\u00ednez Chac\u00f3n\" style=\"width: 438px; height: 328px;\" \/> <\/a> <div class=\"tiled-gallery-caption\" itemprop=\"caption description\"> Tyrannodoris europaea @ Isla de Tarifa (Cadiz, Spain, Atl. shore) 10-10-2015 <\/div> <\/div> <\/div> <!-- close group --> <div class=\"gallery-group images-1\" style=\"width: 458px; height: 610px;\" data-original-width=\"458\" data-original-height=\"610\" > <div class=\"tiled-gallery-item tiled-gallery-item-large\" itemprop=\"associatedMedia\" itemscope itemtype=\"http:\/\/schema.org\/ImageObject\"> <a href=\"https:\/\/opistobranquis.info\/es\/guia\/nudibranchia\/doridina\/doridoidei\/polyceroidea\/tyrannodoris-europaea\/olympus-digital-camera-70\/\" border=\"0\" itemprop=\"url\"> <meta itemprop=\"width\" content=\"454\"> <meta itemprop=\"height\" content=\"606\"> <img decoding=\"async\" class=\"\" data-attachment-id=\"20061\" data-orig-file=\"https:\/\/opistobranquis.info\/wp-content\/uploads\/2013\/10\/Roboastra-europaea-@-Isla-de-Tarifa-Cadiz-Spain-Atl.-shore-10-10-2015-by-Manuel-Mart\u00ednez-Chac\u00f3n-2.jpg\" data-orig-size=\"800,1067\" data-comments-opened=\"\" data-image-title=\"Tyrannodoris europaea @ Isla de Tarifa (Cadiz, Spain, Atl. shore) 10-10-2015 by Manuel Mart\u00ednez Chac\u00f3n\" data-image-description=\"&lt;p&gt;Tyrannodoris europaea @ Isla de Tarifa (Cadiz, Spain, Atl. shore) 10-10-2015 by Manuel Mart\u00ednez Chac\u00f3n&lt;\/p&gt; \" data-medium-file=\"https:\/\/i0.wp.com\/opistobranquis.info\/wp-content\/uploads\/2013\/10\/Roboastra-europaea-%40-Isla-de-Tarifa-Cadiz-Spain-Atl.-shore-10-10-2015-by-Manuel-Mart%C3%ADnez-Chac%C3%B3n-2.jpg?fit=225%2C300&#038;ssl=1\" data-large-file=\"https:\/\/i0.wp.com\/opistobranquis.info\/wp-content\/uploads\/2013\/10\/Roboastra-europaea-%40-Isla-de-Tarifa-Cadiz-Spain-Atl.-shore-10-10-2015-by-Manuel-Mart%C3%ADnez-Chac%C3%B3n-2.jpg?fit=768%2C1024&#038;ssl=1\" src=\"https:\/\/i0.wp.com\/opistobranquis.info\/wp-content\/uploads\/2013\/10\/Roboastra-europaea-%40-Isla-de-Tarifa-Cadiz-Spain-Atl.-shore-10-10-2015-by-Manuel-Mart%C3%ADnez-Chac%C3%B3n-2.jpg?w=454&#038;h=606&#038;ssl=1\" width=\"454\" height=\"606\" loading=\"lazy\" data-original-width=\"454\" data-original-height=\"606\" itemprop=\"http:\/\/schema.org\/image\" title=\"Tyrannodoris europaea @ Isla de Tarifa (Cadiz, Spain, Atl. shore) 10-10-2015 by Manuel Mart\u00ednez Chac\u00f3n\" alt=\"Tyrannodoris europaea @ Isla de Tarifa (Cadiz, Spain, Atl. shore) 10-10-2015 by Manuel Mart\u00ednez Chac\u00f3n\" style=\"width: 454px; height: 606px;\" \/> <\/a> <div class=\"tiled-gallery-caption\" itemprop=\"caption description\"> Tyrannodoris europaea @ Isla de Tarifa (Cadiz, Spain, Atl. shore) 10-10-2015 by Manuel Mart\u00ednez Chac\u00f3n <\/div> <\/div> <\/div> <!-- close group --> <\/div> <!-- close row --> <div class=\"gallery-row\" style=\"width: 900px; height: 395px;\" data-original-width=\"900\" data-original-height=\"395\" > <div class=\"gallery-group images-1\" style=\"width: 606px; height: 395px;\" data-original-width=\"606\" data-original-height=\"395\" > <div class=\"tiled-gallery-item tiled-gallery-item-large\" itemprop=\"associatedMedia\" itemscope itemtype=\"http:\/\/schema.org\/ImageObject\"> <a href=\"https:\/\/opistobranquis.info\/es\/guia\/nudibranchia\/doridina\/doridoidei\/polyceroidea\/tyrannodoris-europaea\/roboastra-europaea-2\/\" border=\"0\" itemprop=\"url\"> <meta itemprop=\"width\" content=\"602\"> <meta itemprop=\"height\" content=\"391\"> <img decoding=\"async\" class=\"\" data-attachment-id=\"21174\" data-orig-file=\"https:\/\/opistobranquis.info\/wp-content\/uploads\/2013\/10\/Roboastra-europaea.jpg\" data-orig-size=\"808,525\" data-comments-opened=\"\" data-image-title=\"Tyrannodoris europaea by Jos\u00e9 Carlos Garc\u00eda G\u00f3mez\" data-image-description=\"&lt;p&gt;Tyrannodoris europaea by Jos\u00e9 Carlos Garc\u00eda G\u00f3mez&lt;\/p&gt; \" data-medium-file=\"https:\/\/i0.wp.com\/opistobranquis.info\/wp-content\/uploads\/2013\/10\/Roboastra-europaea.jpg?fit=300%2C195&#038;ssl=1\" data-large-file=\"https:\/\/i0.wp.com\/opistobranquis.info\/wp-content\/uploads\/2013\/10\/Roboastra-europaea.jpg?fit=808%2C525&#038;ssl=1\" src=\"https:\/\/i0.wp.com\/opistobranquis.info\/wp-content\/uploads\/2013\/10\/Roboastra-europaea.jpg?w=602&#038;h=391&#038;ssl=1\" srcset=\"https:\/\/i0.wp.com\/opistobranquis.info\/wp-content\/uploads\/2013\/10\/Roboastra-europaea.jpg?w=808&amp;ssl=1 808w, https:\/\/i0.wp.com\/opistobranquis.info\/wp-content\/uploads\/2013\/10\/Roboastra-europaea.jpg?resize=150%2C97&amp;ssl=1 150w, https:\/\/i0.wp.com\/opistobranquis.info\/wp-content\/uploads\/2013\/10\/Roboastra-europaea.jpg?resize=300%2C195&amp;ssl=1 300w, https:\/\/i0.wp.com\/opistobranquis.info\/wp-content\/uploads\/2013\/10\/Roboastra-europaea.jpg?resize=768%2C499&amp;ssl=1 768w\" width=\"602\" height=\"391\" loading=\"lazy\" data-original-width=\"602\" data-original-height=\"391\" itemprop=\"http:\/\/schema.org\/image\" title=\"Tyrannodoris europaea by Jos\u00e9 Carlos Garc\u00eda G\u00f3mez\" alt=\"Tyrannodoris europaea by Jos\u00e9 Carlos Garc\u00eda G\u00f3mez\" style=\"width: 602px; height: 391px;\" \/> <\/a> <div class=\"tiled-gallery-caption\" itemprop=\"caption description\"> Tyrannodoris europaea by Jos\u00e9 Carlos Garc\u00eda G\u00f3mez <\/div> <\/div> <\/div> <!-- close group --> <div class=\"gallery-group images-2\" style=\"width: 294px; height: 395px;\" data-original-width=\"294\" data-original-height=\"395\" > <div class=\"tiled-gallery-item tiled-gallery-item-large\" itemprop=\"associatedMedia\" itemscope itemtype=\"http:\/\/schema.org\/ImageObject\"> <a href=\"https:\/\/opistobranquis.info\/es\/guia\/nudibranchia\/doridina\/doridoidei\/polyceroidea\/tyrannodoris-europaea\/tyrannodoris-europaea-port-of-motril-granada-spain-20-04-2021-by-luis-sanchez-tocino-2\/\" border=\"0\" itemprop=\"url\"> <meta itemprop=\"width\" content=\"290\"> <meta itemprop=\"height\" content=\"194\"> <img decoding=\"async\" class=\"\" data-attachment-id=\"32181\" data-orig-file=\"https:\/\/opistobranquis.info\/wp-content\/uploads\/2021\/04\/Tyrannodoris-europaea-@-Port-of-Motril-Granada-Spain-20.04.2021-by-Luis-Sanchez-Tocino-2.jpg\" data-orig-size=\"1000,666\" data-comments-opened=\"\" data-image-title=\"Tyrannodoris europaea @ Port of Motril, Granada, Spain 20.04.2021 by Luis S\u00e1nchez Tocino\" data-image-description=\"&lt;p&gt;Tyrannodoris europaea @ Port of Motril, Granada, Spain 20.04.2021 by Luis S\u00e1nchez Tocino&lt;\/p&gt; \" data-medium-file=\"https:\/\/i0.wp.com\/opistobranquis.info\/wp-content\/uploads\/2021\/04\/Tyrannodoris-europaea-%40-Port-of-Motril-Granada-Spain-20.04.2021-by-Luis-Sanchez-Tocino-2.jpg?fit=300%2C200&#038;ssl=1\" data-large-file=\"https:\/\/i0.wp.com\/opistobranquis.info\/wp-content\/uploads\/2021\/04\/Tyrannodoris-europaea-%40-Port-of-Motril-Granada-Spain-20.04.2021-by-Luis-Sanchez-Tocino-2.jpg?fit=900%2C599&#038;ssl=1\" src=\"https:\/\/i0.wp.com\/opistobranquis.info\/wp-content\/uploads\/2021\/04\/Tyrannodoris-europaea-%40-Port-of-Motril-Granada-Spain-20.04.2021-by-Luis-Sanchez-Tocino-2.jpg?w=290&#038;h=194&#038;ssl=1\" width=\"290\" height=\"194\" loading=\"lazy\" data-original-width=\"290\" data-original-height=\"194\" itemprop=\"http:\/\/schema.org\/image\" title=\"Tyrannodoris europaea @ Port of Motril, Granada, Spain 20.04.2021 by Luis S\u00e1nchez Tocino\" alt=\"Tyrannodoris europaea @ Port of Motril, Granada, Spain 20.04.2021 by Luis S\u00e1nchez Tocino\" style=\"width: 290px; height: 194px;\" \/> <\/a> <div class=\"tiled-gallery-caption\" itemprop=\"caption description\"> Tyrannodoris europaea @ Port of Motril, Granada, Spain 20.04.2021 by Luis S\u00e1nchez Tocino <\/div> <\/div> <div class=\"tiled-gallery-item tiled-gallery-item-large\" itemprop=\"associatedMedia\" itemscope itemtype=\"http:\/\/schema.org\/ImageObject\"> <a href=\"https:\/\/opistobranquis.info\/es\/guia\/nudibranchia\/doridina\/doridoidei\/polyceroidea\/tyrannodoris-europaea\/tyrannodoris-europaea-port-of-motril-granada-spain-20-04-2021-by-luis-sanchez-tocino-3\/\" border=\"0\" itemprop=\"url\"> <meta itemprop=\"width\" content=\"290\"> <meta itemprop=\"height\" content=\"193\"> <img decoding=\"async\" class=\"\" data-attachment-id=\"32182\" data-orig-file=\"https:\/\/opistobranquis.info\/wp-content\/uploads\/2021\/04\/Tyrannodoris-europaea-@-Port-of-Motril-Granada-Spain-20.04.2021-by-Luis-Sanchez-Tocino-3.jpg\" data-orig-size=\"1080,719\" data-comments-opened=\"\" data-image-title=\"Tyrannodoris europaea @ Port of Motril, Granada, Spain 20.04.2021 by Luis S\u00e1nchez Tocino\" data-image-description=\"&lt;p&gt;Tyrannodoris europaea @ Port of Motril, Granada, Spain 20.04.2021 by Luis S\u00e1nchez Tocino&lt;\/p&gt; \" data-medium-file=\"https:\/\/i0.wp.com\/opistobranquis.info\/wp-content\/uploads\/2021\/04\/Tyrannodoris-europaea-%40-Port-of-Motril-Granada-Spain-20.04.2021-by-Luis-Sanchez-Tocino-3.jpg?fit=300%2C200&#038;ssl=1\" data-large-file=\"https:\/\/i0.wp.com\/opistobranquis.info\/wp-content\/uploads\/2021\/04\/Tyrannodoris-europaea-%40-Port-of-Motril-Granada-Spain-20.04.2021-by-Luis-Sanchez-Tocino-3.jpg?fit=900%2C599&#038;ssl=1\" src=\"https:\/\/i0.wp.com\/opistobranquis.info\/wp-content\/uploads\/2021\/04\/Tyrannodoris-europaea-%40-Port-of-Motril-Granada-Spain-20.04.2021-by-Luis-Sanchez-Tocino-3.jpg?w=290&#038;h=193&#038;ssl=1\" width=\"290\" height=\"193\" loading=\"lazy\" data-original-width=\"290\" data-original-height=\"193\" itemprop=\"http:\/\/schema.org\/image\" title=\"Tyrannodoris europaea @ Port of Motril, Granada, Spain 20.04.2021 by Luis S\u00e1nchez Tocino\" alt=\"Tyrannodoris europaea @ Port of Motril, Granada, Spain 20.04.2021 by Luis S\u00e1nchez Tocino\" style=\"width: 290px; height: 193px;\" \/> <\/a> <div class=\"tiled-gallery-caption\" itemprop=\"caption description\"> Tyrannodoris europaea @ Port of Motril, Granada, Spain 20.04.2021 by Luis S\u00e1nchez Tocino <\/div> <\/div> <\/div> <!-- close group --> <\/div> <!-- close row --> <div class=\"gallery-row\" style=\"width: 900px; height: 375px;\" data-original-width=\"900\" data-original-height=\"375\" > <div class=\"gallery-group images-1\" style=\"width: 562px; height: 375px;\" data-original-width=\"562\" data-original-height=\"375\" > <div class=\"tiled-gallery-item tiled-gallery-item-large\" itemprop=\"associatedMedia\" itemscope itemtype=\"http:\/\/schema.org\/ImageObject\"> <a href=\"https:\/\/opistobranquis.info\/es\/guia\/nudibranchia\/doridina\/doridoidei\/polyceroidea\/tyrannodoris-europaea\/tyrannodoris-europaea-port-of-motril-granada-spain-20-04-2021-by-luis-sanchez-tocino\/\" border=\"0\" itemprop=\"url\"> <meta itemprop=\"width\" content=\"558\"> <meta itemprop=\"height\" content=\"371\"> <img decoding=\"async\" class=\"\" data-attachment-id=\"32183\" data-orig-file=\"https:\/\/opistobranquis.info\/wp-content\/uploads\/2021\/04\/Tyrannodoris-europaea-@-Port-of-Motril-Granada-Spain-20.04.2021-by-Luis-Sanchez-Tocino.jpg\" data-orig-size=\"1000,666\" data-comments-opened=\"\" data-image-title=\"Tyrannodoris europaea @ Port of Motril, Granada, Spain 20.04.2021 by Luis S\u00e1nchez Tocino\" data-image-description=\"&lt;p&gt;Tyrannodoris europaea @ Port of Motril, Granada, Spain 20.04.2021 by Luis S\u00e1nchez Tocino&lt;\/p&gt; \" data-medium-file=\"https:\/\/i0.wp.com\/opistobranquis.info\/wp-content\/uploads\/2021\/04\/Tyrannodoris-europaea-%40-Port-of-Motril-Granada-Spain-20.04.2021-by-Luis-Sanchez-Tocino.jpg?fit=300%2C200&#038;ssl=1\" data-large-file=\"https:\/\/i0.wp.com\/opistobranquis.info\/wp-content\/uploads\/2021\/04\/Tyrannodoris-europaea-%40-Port-of-Motril-Granada-Spain-20.04.2021-by-Luis-Sanchez-Tocino.jpg?fit=900%2C599&#038;ssl=1\" src=\"https:\/\/i0.wp.com\/opistobranquis.info\/wp-content\/uploads\/2021\/04\/Tyrannodoris-europaea-%40-Port-of-Motril-Granada-Spain-20.04.2021-by-Luis-Sanchez-Tocino.jpg?w=558&#038;h=371&#038;ssl=1\" width=\"558\" height=\"371\" loading=\"lazy\" data-original-width=\"558\" data-original-height=\"371\" itemprop=\"http:\/\/schema.org\/image\" title=\"Tyrannodoris europaea @ Port of Motril, Granada, Spain 20.04.2021 by Luis S\u00e1nchez Tocino\" alt=\"Tyrannodoris europaea @ Port of Motril, Granada, Spain 20.04.2021 by Luis S\u00e1nchez Tocino\" style=\"width: 558px; height: 371px;\" \/> <\/a> <div class=\"tiled-gallery-caption\" itemprop=\"caption description\"> Tyrannodoris europaea @ Port of Motril, Granada, Spain 20.04.2021 by Luis S\u00e1nchez Tocino <\/div> <\/div> <\/div> <!-- close group --> <div class=\"gallery-group images-1\" style=\"width: 338px; height: 375px;\" data-original-width=\"338\" data-original-height=\"375\" > <div class=\"tiled-gallery-item tiled-gallery-item-large\" itemprop=\"associatedMedia\" itemscope itemtype=\"http:\/\/schema.org\/ImageObject\"> <a href=\"https:\/\/opistobranquis.info\/es\/guia\/nudibranchia\/doridina\/doridoidei\/polyceroidea\/tyrannodoris-europaea\/tyrannodoris-europaea-granada-por-luis-sanchez-tocino\/\" border=\"0\" itemprop=\"url\"> <meta itemprop=\"width\" content=\"334\"> <meta itemprop=\"height\" content=\"371\"> <img decoding=\"async\" class=\"\" data-attachment-id=\"36839\" data-orig-file=\"https:\/\/opistobranquis.info\/wp-content\/uploads\/2023\/01\/Tyrannodoris-europaea-@-Granada-por-Luis-Sanchez-Tocino.jpg\" data-orig-size=\"864,960\" data-comments-opened=\"\" data-image-title=\"Tyrannodoris europaea @ Granada por Luis S\u00e1nchez Tocino\" data-image-description=\"&lt;p&gt;Tyrannodoris europaea @ Granada por Luis S\u00e1nchez Tocino&lt;\/p&gt; \" data-medium-file=\"https:\/\/i0.wp.com\/opistobranquis.info\/wp-content\/uploads\/2023\/01\/Tyrannodoris-europaea-%40-Granada-por-Luis-Sanchez-Tocino.jpg?fit=270%2C300&#038;ssl=1\" data-large-file=\"https:\/\/i0.wp.com\/opistobranquis.info\/wp-content\/uploads\/2023\/01\/Tyrannodoris-europaea-%40-Granada-por-Luis-Sanchez-Tocino.jpg?fit=864%2C960&#038;ssl=1\" src=\"https:\/\/i0.wp.com\/opistobranquis.info\/wp-content\/uploads\/2023\/01\/Tyrannodoris-europaea-%40-Granada-por-Luis-Sanchez-Tocino.jpg?w=334&#038;h=371&#038;ssl=1\" width=\"334\" height=\"371\" loading=\"lazy\" data-original-width=\"334\" data-original-height=\"371\" itemprop=\"http:\/\/schema.org\/image\" title=\"Tyrannodoris europaea @ Granada por Luis S\u00e1nchez Tocino\" alt=\"Tyrannodoris europaea @ Granada por Luis S\u00e1nchez Tocino\" style=\"width: 334px; height: 371px;\" \/> <\/a> <div class=\"tiled-gallery-caption\" itemprop=\"caption description\"> Tyrannodoris europaea @ Granada por Luis S\u00e1nchez Tocino <\/div> <\/div> <\/div> <!-- close group --> <\/div> <!-- close row --> <div class=\"gallery-row\" style=\"width: 900px; height: 1124px;\" data-original-width=\"900\" data-original-height=\"1124\" > <div class=\"gallery-group images-1\" style=\"width: 900px; height: 1124px;\" data-original-width=\"900\" data-original-height=\"1124\" > <div class=\"tiled-gallery-item tiled-gallery-item-large\" itemprop=\"associatedMedia\" itemscope itemtype=\"http:\/\/schema.org\/ImageObject\"> <a href=\"https:\/\/opistobranquis.info\/es\/guia\/nudibranchia\/doridina\/doridoidei\/polyceroidea\/tyrannodoris-europaea\/tyrannodoris-europaea-juvenile-feeding-on-a-polycera-granada-by-luis-sanchez-tocino\/\" border=\"0\" itemprop=\"url\"> <meta itemprop=\"width\" content=\"896\"> <meta itemprop=\"height\" content=\"1120\"> <img decoding=\"async\" class=\"\" data-attachment-id=\"42833\" data-orig-file=\"https:\/\/opistobranquis.info\/wp-content\/uploads\/2024\/01\/Tyrannodoris-europaea-juvenile-feeding-on-a-Polycera-@-Granada-by-Luis-Sanchez-Tocino.jpg\" data-orig-size=\"1000,1250\" data-comments-opened=\"\" data-image-title=\"Tyrannodoris europaea juvenile feeding on a Polycera @ Granada by Luis S\u00e1nchez Tocino\" data-image-description=\"&lt;p&gt;Tyrannodoris europaea juvenile feeding on a Polycera @ Granada by Luis S\u00e1nchez Tocino&lt;\/p&gt; \" data-medium-file=\"https:\/\/i0.wp.com\/opistobranquis.info\/wp-content\/uploads\/2024\/01\/Tyrannodoris-europaea-juvenile-feeding-on-a-Polycera-%40-Granada-by-Luis-Sanchez-Tocino.jpg?fit=240%2C300&#038;ssl=1\" data-large-file=\"https:\/\/i0.wp.com\/opistobranquis.info\/wp-content\/uploads\/2024\/01\/Tyrannodoris-europaea-juvenile-feeding-on-a-Polycera-%40-Granada-by-Luis-Sanchez-Tocino.jpg?fit=819%2C1024&#038;ssl=1\" src=\"https:\/\/i0.wp.com\/opistobranquis.info\/wp-content\/uploads\/2024\/01\/Tyrannodoris-europaea-juvenile-feeding-on-a-Polycera-%40-Granada-by-Luis-Sanchez-Tocino.jpg?w=896&#038;h=1120&#038;ssl=1\" width=\"896\" height=\"1120\" loading=\"lazy\" data-original-width=\"896\" data-original-height=\"1120\" itemprop=\"http:\/\/schema.org\/image\" title=\"Tyrannodoris europaea juvenile feeding on a Polycera @ Granada by Luis S\u00e1nchez Tocino\" alt=\"Tyrannodoris europaea juvenile feeding on a Polycera @ Granada by Luis S\u00e1nchez Tocino\" style=\"width: 896px; height: 1120px;\" \/> <\/a> <div class=\"tiled-gallery-caption\" itemprop=\"caption description\"> Tyrannodoris europaea juvenile feeding on a Polycera @ Granada by Luis S\u00e1nchez Tocino <\/div> <\/div> <\/div> <!-- close group --> <\/div> <!-- close row --> <\/div><\/p>\n<p><strong>Bibliograf\u00eda<\/strong><\/p><ul><div id=\"zotpress-0ef0f3d153295c62a8a4a7b234c737b4\" class=\"zp-Zotpress zp-Zotpress-Bib wp-block-group\">\n\n\t\t<span class=\"ZP_API_USER_ID ZP_ATTR\">1246567<\/span>\n\t\t<span class=\"ZP_ITEM_KEY ZP_ATTR\"><\/span>\n\t\t<span class=\"ZP_COLLECTION_ID ZP_ATTR\"><\/span>\n\t\t<span class=\"ZP_TAG_ID ZP_ATTR\">Tyrannodoris europaea<\/span>\n\t\t<span class=\"ZP_AUTHOR ZP_ATTR\"><\/span>\n\t\t<span class=\"ZP_YEAR ZP_ATTR\"><\/span>\n        <span class=\"ZP_ITEMTYPE ZP_ATTR\"><\/span>\n\t\t<span class=\"ZP_INCLUSIVE ZP_ATTR\">1<\/span>\n\t\t<span class=\"ZP_STYLE ZP_ATTR\">eunomia-revista-en-cultura-de-la-legalidad<\/span>\n\t\t<span class=\"ZP_LIMIT ZP_ATTR\">50<\/span>\n\t\t<span class=\"ZP_SORTBY ZP_ATTR\">creator<\/span>\n\t\t<span class=\"ZP_ORDER ZP_ATTR\">asc<\/span>\n\t\t<span class=\"ZP_TITLE ZP_ATTR\"><\/span>\n\t\t<span class=\"ZP_SHOWIMAGE ZP_ATTR\"><\/span>\n\t\t<span class=\"ZP_SHOWTAGS ZP_ATTR\"><\/span>\n\t\t<span class=\"ZP_DOWNLOADABLE ZP_ATTR\"><\/span>\n\t\t<span class=\"ZP_NOTES ZP_ATTR\"><\/span>\n\t\t<span class=\"ZP_ABSTRACT ZP_ATTR\"><\/span>\n\t\t<span class=\"ZP_CITEABLE ZP_ATTR\"><\/span>\n\t\t<span class=\"ZP_TARGET ZP_ATTR\">1<\/span>\n\t\t<span class=\"ZP_URLWRAP ZP_ATTR\"><\/span>\n\t\t<span class=\"ZP_FORCENUM ZP_ATTR\"><\/span>\n        <span class=\"ZP_HIGHLIGHT ZP_ATTR\"><\/span>\n        <span class=\"ZP_POSTID ZP_ATTR\">10677<\/span>\n\t\t<span class=\"ZOTPRESS_PLUGIN_URL ZP_ATTR\">https:\/\/opistobranquis.info\/wp-content\/plugins\/zotpress\/<\/span>\n\n\t\t<div class=\"zp-List loading\">\n\t\t\t<div class=\"zp-SEO-Content\">\n\n\t\t\t<\/div><!-- .zp-zp-SEO-Content -->\n\t\t<\/div><!-- .zp-List -->\n\t<\/div><!--.zp-Zotpress-->\n\n<p><\/p>Bibliograf\u00eda basada en los trabajos de <b>Steve Long, 2006<\/b>. <a target=_blank href=https:\/\/opistobranquis.info\/wp-content\/uploads\/2016\/06\/Long-S.-2006-Bibliography-of-Opisthobranchia-1554-2000.pdf>Bibliography of Opisthobranchia 1554-2000<\/a> y <b>Gary McDonald, 2009<\/b>. <a href=http:\/\/escholarship.org\/uc\/item\/8115h0wz>Bibliographia Nudibranchia<\/a>, con actualizaciones posteriores procedentes de otras fuentes.<p><\/p><\/ul><p><\/p><p><strong>M\u00e1s informaci\u00f3n<\/strong><\/p><span style=\"font-size:10pt\"><ul><ul class=\"blogroll-links\"><li><a href=\"http:\/\/www.biodiversitylibrary.org\/name\/Roboastra%20europaea\">Biodiversity Heritage Library<\/a><\/li><li><a href=\"https:\/\/litoraldegranada.ugr.es\/el-litoral\/el-litoral-sumergido\/fauna\/moluscos\/gasteropodos\/opistobranquios\/orden-nudibranchia\/doridaceos\/polyceroidea\/tyrannodoris-europaea\/\">El Litoral de Granada<\/a><\/li><li><a href=\"https:\/\/www.flickr.com\/search\/?text=Tyrannodoris%20europaea\">Flickr pictures<\/a><\/li><li><a href=\"http:\/\/www.irmng.org\/aphia.php?p=taxlist&#038;tName=Tyrannodoris%20europaea\">Interim Register of Marine and Nonmarine Genera<\/a><\/li><li><a href=\"http:\/\/www.ncbi.nlm.nih.gov\/Taxonomy\/Browser\/wwwtax.cgi?mode=Undef&#038;name=Roboastra%20europaea&#038;lvl=0&#038;srchmode=1\">NCBI GenBank<\/a><\/li><li><a href=\"http:\/\/iobis.org\/mapper\/?taxon=Roboastra%20europaea\">OBIS - Search by Taxon<\/a><\/li><li><a href=\"http:\/\/www.seaslugforum.net\/showall\/roboeuro\">Sea Slug Forum<\/a><\/li><li><a href=\"http:\/\/www.marinespecies.org\/aphia.php?p=taxdetails&#038;id=1036127\">World Register of Marine Species<\/a><\/li><\/ul><\/ul><\/span><p><strong>Citar este art\u00edculo como: <\/strong><\/p><div style=\"display: block; background: #444444; padding: 10px 30px 10px 10px; border-radius: 5px; line-height: 18px;\"><p class=\"citacio\"><b>Pontes, Miquel, Manuel Ballesteros, Enric Madrenas<\/b> (2025) <em>\"Tyrannodoris europaea\"<\/em> en <em>OPK-Opistobranquis<\/em>. Publicado: 04\/10\/2013. Accedido: 03\/09\/2026. Disponible en (<a href=https:\/\/opistobranquis.info\/es\/?p=10677>https:\/\/opistobranquis.info\/es\/?p=10677<\/a>)<\/p><p><\/p><\/div><p><\/p><\/p>","protected":false},"excerpt":{"rendered":"<p>Tyrannodoris europaea (Garc\u00eda-G\u00f3mez, 1985) Nota taxon\u00f3mica: Esta especie fue originalmente publicada como Roboastra europaea Garc\u00eda-G\u00f3mez, 1985. Willan &amp; Chang (2017) movieron todas las especies del g\u00e9nero Roboastra Bergh, 1877\u00a0 excepto la especie tipo Roboastra gracilis (Bergh, 1877) al nuevo g\u00e9nero\u00a0Tyrannodoris Willan &amp; Chang, 2017. Sin\u00f3nimos Roboastra europaea Descripci\u00f3n El cuerpo es alargado, limaciforme, de color principalmente gris o azul gris\u00e1ceo, con l\u00edneas amarillas y naranjas. Los animales m\u00e1s j\u00f3venes muestran\u2026<\/p>\n<p class=\"continue-reading-button\"> <a class=\"continue-reading-link\" href=\"https:\/\/opistobranquis.info\/es\/guia\/nudibranchia\/doridina\/doridoidei\/polyceroidea\/tyrannodoris-europaea\/\">Sigue leyendo<i class=\"crycon-right-dir\"><\/i><\/a><\/p>\n","protected":false},"author":423,"featured_media":44621,"parent":26113,"menu_order":6884,"comment_status":"closed","ping_status":"closed","template":"","meta":{"footnotes":""},"class_list":["post-10677","page","type-page","status-publish","has-post-thumbnail","hentry"],"jetpack_sharing_enabled":true,"_links":{"self":[{"href":"https:\/\/opistobranquis.info\/es\/wp-json\/wp\/v2\/pages\/10677","targetHints":{"allow":["GET"]}}],"collection":[{"href":"https:\/\/opistobranquis.info\/es\/wp-json\/wp\/v2\/pages"}],"about":[{"href":"https:\/\/opistobranquis.info\/es\/wp-json\/wp\/v2\/types\/page"}],"author":[{"embeddable":true,"href":"https:\/\/opistobranquis.info\/es\/wp-json\/wp\/v2\/users\/423"}],"replies":[{"embeddable":true,"href":"https:\/\/opistobranquis.info\/es\/wp-json\/wp\/v2\/comments?post=10677"}],"version-history":[{"count":17,"href":"https:\/\/opistobranquis.info\/es\/wp-json\/wp\/v2\/pages\/10677\/revisions"}],"predecessor-version":[{"id":44622,"href":"https:\/\/opistobranquis.info\/es\/wp-json\/wp\/v2\/pages\/10677\/revisions\/44622"}],"up":[{"embeddable":true,"href":"https:\/\/opistobranquis.info\/es\/wp-json\/wp\/v2\/pages\/26113"}],"wp:featuredmedia":[{"embeddable":true,"href":"https:\/\/opistobranquis.info\/es\/wp-json\/wp\/v2\/media\/44621"}],"wp:attachment":[{"href":"https:\/\/opistobranquis.info\/es\/wp-json\/wp\/v2\/media?parent=10677"}],"curies":[{"name":"wp","href":"https:\/\/api.w.org\/{rel}","templated":true}]}}