{"id":11343,"date":"2013-10-15T20:40:46","date_gmt":"2013-10-15T18:40:46","guid":{"rendered":"https:\/\/opistobranquis.info\/?page_id=11343"},"modified":"2026-09-04T00:25:40","modified_gmt":"2026-09-03T22:25:40","slug":"felimare-bilineata","status":"publish","type":"page","link":"https:\/\/opistobranquis.info\/es\/guia\/nudibranchia\/doridina\/doridoidei\/chromodoridoidea\/felimare-bilineata\/","title":{"rendered":"Felimare bilineata"},"content":{"rendered":"<p><\/p>\n<h3><em>Felimare bilineata<\/em> (Pruvot-Fol, 1953)<\/h3>\n<p><span style=\"font-size:10pt;\" class=\"aligncenter\"><div id=\"featured-img-id\"><img data-recalc-dims=\"1\" decoding=\"async\" src=\"https:\/\/i0.wp.com\/opistobranquis.info\/wp-content\/uploads\/2022\/10\/Felimare-bilineata-55.jpg?w=900&#038;ssl=1\" alt=\"Felimare bilineata @ Costa Brava, Spain by Enric Madrenas\" \/><\/div><center><em>Felimare bilineata @ Costa Brava, Spain<\/em> por Enric Madrenas<\/center><\/span><p><\/p><div class=\"opk-worms\"><h3>Informaci\u00f3n taxon\u00f3mica WoRMS<\/h3><div class=\"opk-success\">Nombre aceptado actual: <strong><em>Felimare bilineata<\/em> (Pruvot-Fol, 1953)<\/strong><\/div><h4>Clasificaci\u00f3n actual<\/h4><table class=\"widefat striped\"><tr><th>Superdomain<\/th><td><a target=\"_blank\" href=\"https:\/\/www.marinespecies.org\/aphia.php?p=taxdetails&id=1\">Biota<\/a><\/td><\/tr><tr><th>Kingdom<\/th><td><a target=\"_blank\" href=\"https:\/\/www.marinespecies.org\/aphia.php?p=taxdetails&id=2\">Animalia<\/a><\/td><\/tr><tr><th>Phylum<\/th><td><a target=\"_blank\" href=\"https:\/\/www.marinespecies.org\/aphia.php?p=taxdetails&id=51\">Mollusca<\/a><\/td><\/tr><tr><th>Class<\/th><td><a target=\"_blank\" href=\"https:\/\/www.marinespecies.org\/aphia.php?p=taxdetails&id=101\">Gastropoda<\/a><\/td><\/tr><tr><th>Subclass<\/th><td><a target=\"_blank\" href=\"https:\/\/www.marinespecies.org\/aphia.php?p=taxdetails&id=14712\">Heterobranchia<\/a><\/td><\/tr><tr><th>Infraclass<\/th><td><a target=\"_blank\" href=\"https:\/\/www.marinespecies.org\/aphia.php?p=taxdetails&id=1057247\">Euthyneura<\/a><\/td><\/tr><tr><th>Subterclass<\/th><td><a target=\"_blank\" href=\"https:\/\/www.marinespecies.org\/aphia.php?p=taxdetails&id=1057249\">Ringipleura<\/a><\/td><\/tr><tr><th>Superorder<\/th><td><a target=\"_blank\" href=\"https:\/\/www.marinespecies.org\/aphia.php?p=taxdetails&id=411966\">Nudipleura<\/a><\/td><\/tr><tr><th>Order<\/th><td><a target=\"_blank\" href=\"https:\/\/www.marinespecies.org\/aphia.php?p=taxdetails&id=1762\">Nudibranchia<\/a><\/td><\/tr><tr><th>Suborder<\/th><td><a target=\"_blank\" href=\"https:\/\/www.marinespecies.org\/aphia.php?p=taxdetails&id=1829294\">Doridida<\/a><\/td><\/tr><tr><th>Infraorder<\/th><td><a target=\"_blank\" href=\"https:\/\/www.marinespecies.org\/aphia.php?p=taxdetails&id=246038\">Doridoidei<\/a><\/td><\/tr><tr><th>Superfamily<\/th><td><a target=\"_blank\" href=\"https:\/\/www.marinespecies.org\/aphia.php?p=taxdetails&id=1370609\">Chromodoridoidea<\/a><\/td><\/tr><tr><th>Family<\/th><td><a target=\"_blank\" href=\"https:\/\/www.marinespecies.org\/aphia.php?p=taxdetails&id=23003\">Chromodorididae<\/a><\/td><\/tr><tr><th>Subfamily<\/th><td><a target=\"_blank\" href=\"https:\/\/www.marinespecies.org\/aphia.php?p=taxdetails&id=549835\">Miamirinae<\/a><\/td><\/tr><tr><th>Genus<\/th><td><a target=\"_blank\" href=\"https:\/\/www.marinespecies.org\/aphia.php?p=taxdetails&id=558624\"><em>Felimare<\/em><\/a><\/td><\/tr><tr><th>Species<\/th><td><a target=\"_blank\" href=\"https:\/\/www.marinespecies.org\/aphia.php?p=taxdetails&id=597516\"><em>Felimare bilineata<\/em> (Pruvot-Fol, 1953)<\/a><\/td><\/tr><\/table><p class=\"footer\">Clasificaci\u00f3n proporcionada por el World Register of Marine Species (WoRMS). [<a target=\"_blank\" href=\"https:\/\/www.marinespecies.org\/aphia.php?p=taxdetails&id=597516\">597516<\/a>]<\/p><\/div><p><strong>Nota taxon\u00f3mica:\u00a0<\/strong>Las especies europeas atl\u00e1nticas y mediterr\u00e1neas de los g\u00e9neros <em>Hypselodoris<\/em> y <em>Chromodoris<\/em>, despu\u00e9s del an\u00e1lisis molecular de los Chromodorididae \u00a0de Johnson &amp; Gosliner (2012, <em><a href=\"http:\/\/www.plosone.org\/article\/fetchObject.action?uri=info%3Adoi%2F10.1371%2Fjournal.pone.0033479&amp;representation=PDF\">Traditional taxonomic groupings mask evolutionary history: A molecular phylogeny and new classification of the chromodorid nudibranchs<\/a><\/em>.\u00a0<em>PLoS ONE<\/em>\u00a07(4): 33479) se han incluido en los g\u00e9neros <em>Felimare<\/em> Ev. Marcus &amp; Er. Marcus, 1967 (las especies de <em>Hypselodoris<\/em>) y <em>Felimida <\/em>Ev. Marcus, 1971 (las especies del g\u00e9nero <em>Chromodoris<\/em>)<\/p><strong>Sin\u00f3nimos<\/strong><\/p>\n<ul>\n<li><span id=\"aphia_ct_tu_564009\"><strong><i>Glossodoris bilineata<\/i> Pruvot-Fol, 1953 (original)<\/strong><\/span><\/li>\n<li><span id=\"aphia_ct_tu_139147\"><i>Hypselodoris bilineata<\/i> (Pruvot-Fol, 1953)<\/span><\/li>\n<\/ul>\n<p><strong>Descripci\u00f3n<br \/>\n<\/strong>Puede alcanzar 25 mm de longitud. Cuerpo largo y estrecho de color azul oscuro, con una l\u00ednea amarilla que recorre el margen del dorso a todo su alrededor. El nombre espec\u00edfico se debe a una doble l\u00ednea amarilla medio dorsal que va desde la zona posterior de los rin\u00f3foros hasta la branquia; esta l\u00ednea forma un arco ancho delante de los rin\u00f3foros y rodea a la vaina branquial, prolong\u00e1ndose un poco por detr\u00e1s de ella. Rin\u00f3foros y hojas branquiales tambi\u00e9n azules, con el raquis dorsal amarillo. En la pared lateral del cuerpo, una l\u00ednea amarilla cont\u00ednua y otras discont\u00ednuas debajo de ella que se contin\u00faan en la cola de manera irregular. El pie es tambi\u00e9n de color azulado y forma un par de tent\u00e1culos propodiales triangulares. La boca tiene un par de palpos orales cortos.<\/p>\n<p><strong>Biolog\u00eda<br \/>\n<\/strong>Vive en substratos rocosos con abundancia de algas, hidrozoos y las esponjas de las que se alimenta.<\/p>\n<p><strong>Etimolog\u00eda<\/strong><\/p>\n<ul>\n<li><em>Bilineata<\/em>. Del Lat\u00edn &#8220;bi&#8221;, dos + &#8220;linea&#8221;, l\u00ednea, raya.<\/li>\n<\/ul>\n<p><strong>Distribuci\u00f3n<br \/>\n<\/strong>Esta especie ha sido citada en la costa atl\u00e1ntica de Marruecos, Madeira, las Islas Canarias, las Islas Baleares y en toda la costa de la Pen\u00ednsula Ib\u00e9rica desde Portugal hasta Catalu\u00f1a. Es una especie relativamente frecuente en el sur de la costa catalana, pero tambi\u00e9n se ha observado en ciertos lugares del Maresme y la Costa Brava (donde es rara).\u00a0<div id=\"flxmap-6a9a984138e0d\" class='flxmap-container' data-flxmap='flxmap_6a9a984138e0d' style=\"width:100%;height:400px;\"><\/div>\n<script data-noptimize=\"1\">\n\/* <![CDATA[ *\/\n(function(w, fn) {\n if (w.addEventListener) w.addEventListener(\"DOMContentLoaded\", fn, false);\n else if (w.attachEvent) w.attachEvent(\"onload\", fn);\n})(window, function() {\n var f = new FlexibleMap();\n f.panControl = true;\n f.mapTypeId = \"satellite\";\n f.setlocale(\"es-ES\");\n f.kmlcache = \"5 minutes\";\n f.showKML(\"flxmap-6a9a984138e0d\", \"https:\/\/opistobranquis.info\/wp-content\/uploads\/kms\/11343.kmz\");\n window.flxmap_6a9a984138e0d = f;\n});\n\/* ]]> *\/\n<\/script>\n<div style=\"width:100%;text-align:center;margin:12px 0 4px 0;\">\n  <div style=\"font-size:8pt;margin-bottom:6px;\">Citas georeferenciadas conocidas de la especie: <em>Felimare bilineata<\/em><\/div>\n  <table style=\"margin:0 auto;border-collapse:collapse;font-size:8pt;\">\n    <tr><td colspan=\"2\" style=\"text-align:left;padding-bottom:4px;\"><strong>Fonts:<\/strong><\/td><\/tr>\n    <tr>\n      <td style=\"vertical-align:top;padding-right:40px;\">\n        <table style=\"border-collapse:collapse;\">\n<tr><td style='padding:1px 6px 1px 0;vertical-align:middle'><img data-recalc-dims=\"1\" src=\"https:\/\/i0.wp.com\/opistobranquis.info\/wp-content\/uploads\/kms\/wht-circle-lv.png?w=900&#038;ssl=1\" style='display:block'><\/td><td style='padding:1px 0;vertical-align:middle;white-space:nowrap'>OBIS<\/td><\/tr><tr><td style='padding:1px 6px 1px 0;vertical-align:middle'><img data-recalc-dims=\"1\" src=\"https:\/\/i0.wp.com\/opistobranquis.info\/wp-content\/uploads\/kms\/ylw-circle-lv.png?w=900&#038;ssl=1\" style='display:block'><\/td><td style='padding:1px 0;vertical-align:middle;white-space:nowrap'>GROC 2010-2011<\/td><\/tr><tr><td style='padding:1px 6px 1px 0;vertical-align:middle'><img data-recalc-dims=\"1\" src=\"https:\/\/i0.wp.com\/opistobranquis.info\/wp-content\/uploads\/kms\/grn-circle-lv.png?w=900&#038;ssl=1\" style='display:block'><\/td><td style='padding:1px 0;vertical-align:middle;white-space:nowrap'>Enric Madrenas<\/td><\/tr><tr><td style='padding:1px 6px 1px 0;vertical-align:middle'><img data-recalc-dims=\"1\" src=\"https:\/\/i0.wp.com\/opistobranquis.info\/wp-content\/uploads\/kms\/orange-circle-lv.png?w=900&#038;ssl=1\" style='display:block'><\/td><td style='padding:1px 0;vertical-align:middle;white-space:nowrap'>Jo\u00e3o Pedro Silva<\/td><\/tr><tr><td style='padding:1px 6px 1px 0;vertical-align:middle'><img data-recalc-dims=\"1\" src=\"https:\/\/i0.wp.com\/opistobranquis.info\/wp-content\/uploads\/kms\/pink-circle-lv.png?w=900&#038;ssl=1\" style='display:block'><\/td><td style='padding:1px 0;vertical-align:middle;white-space:nowrap'>Bernard Picton<\/td><\/tr><tr><td style='padding:1px 6px 1px 0;vertical-align:middle'><img data-recalc-dims=\"1\" src=\"https:\/\/i0.wp.com\/opistobranquis.info\/wp-content\/uploads\/kms\/blk-circle-lv.png?w=900&#038;ssl=1\" style='display:block'><\/td><td style='padding:1px 0;vertical-align:middle;white-space:nowrap'>GBIF<\/td><\/tr>        <\/table>\n      <\/td>\n      <td style=\"vertical-align:top;\">\n        <table style=\"border-collapse:collapse;\">\n<tr><td style='padding:1px 6px 1px 0;vertical-align:middle'><img data-recalc-dims=\"1\" src=\"https:\/\/i0.wp.com\/opistobranquis.info\/wp-content\/uploads\/kms\/purple-circle-lv.png?w=900&#038;ssl=1\" style='display:block'><\/td><td style='padding:1px 0;vertical-align:middle;white-space:nowrap'>OPK<\/td><\/tr><tr><td style='padding:1px 6px 1px 0;vertical-align:middle'><img data-recalc-dims=\"1\" src=\"https:\/\/i0.wp.com\/opistobranquis.info\/wp-content\/uploads\/kms\/red-circle-lv.png?w=900&#038;ssl=1\" style='display:block'><\/td><td style='padding:1px 0;vertical-align:middle;white-space:nowrap'>VIMAR<\/td><\/tr><tr><td style='padding:1px 6px 1px 0;vertical-align:middle'><img data-recalc-dims=\"1\" src=\"https:\/\/i0.wp.com\/opistobranquis.info\/wp-content\/uploads\/kms\/blu-circle-lv.png?w=900&#038;ssl=1\" style='display:block'><\/td><td style='padding:1px 0;vertical-align:middle;white-space:nowrap'>Manuel Ballesteros<\/td><\/tr><tr><td style='padding:1px 6px 1px 0;vertical-align:middle'><img data-recalc-dims=\"1\" src=\"https:\/\/i0.wp.com\/opistobranquis.info\/wp-content\/uploads\/kms\/cyan-circle-lv.png?w=900&#038;ssl=1\" style='display:block'><\/td><td style='padding:1px 0;vertical-align:middle;white-space:nowrap'>M@re Nostrum<\/td><\/tr><tr><td style='padding:1px 6px 1px 0;vertical-align:middle'><img data-recalc-dims=\"1\" src=\"https:\/\/i0.wp.com\/opistobranquis.info\/wp-content\/uploads\/kms\/grey-circle-lv.png?w=900&#038;ssl=1\" style='display:block'><\/td><td style='padding:1px 0;vertical-align:middle;white-space:nowrap'>Altres fonts<\/td><\/tr><tr><td style='padding:1px 6px 1px 0;vertical-align:middle'><img data-recalc-dims=\"1\" src=\"https:\/\/i0.wp.com\/opistobranquis.info\/wp-content\/uploads\/kms\/marreg.png?w=900&#038;ssl=1\" style='display:block'><\/td><td style='padding:1px 0;vertical-align:middle;white-space:nowrap'>Marine Regions<\/td><\/tr>        <\/table>\n      <\/td>\n    <\/tr>\n  <\/table>\n<\/div>\n<\/p>\n<p><strong>Error:<\/strong> Chart.js no est\u00e1 disponible.<\/p>\n<p><strong>Videos<\/strong><\/p>\n<p><iframe loading=\"lazy\" src=\"https:\/\/player.vimeo.com\/video\/406782583?h=3d4bc502b8&amp;dnt=1&amp;app_id=122963\" width=\"900\" height=\"506\" frameborder=\"0\" allow=\"autoplay; fullscreen; picture-in-picture\" allowfullscreen><\/iframe><\/p>\n<p><iframe loading=\"lazy\" src=\"https:\/\/player.vimeo.com\/video\/784333070?h=9a3ec100ef&amp;dnt=1&amp;app_id=122963\" width=\"900\" height=\"506\" frameborder=\"0\" allow=\"autoplay; fullscreen; picture-in-picture\" allowfullscreen><\/iframe><\/p>\n<p>&nbsp;<\/p>\n<p><strong>Otras fotos<br \/>\n<\/strong><div class=\"tiled-gallery type-rectangular tiled-gallery-unresized\" data-original-width=\"900\" data-carousel-extra='{&quot;blog_id&quot;:1,&quot;permalink&quot;:&quot;https:\\\/\\\/opistobranquis.info\\\/es\\\/guia\\\/nudibranchia\\\/doridina\\\/doridoidei\\\/chromodoridoidea\\\/felimare-bilineata\\\/&quot;,&quot;likes_blog_id&quot;:44192421}' itemscope itemtype=\"http:\/\/schema.org\/ImageGallery\" > <div class=\"gallery-row\" style=\"width: 900px; height: 433px;\" data-original-width=\"900\" data-original-height=\"433\" > <div class=\"gallery-group images-1\" style=\"width: 614px; height: 433px;\" data-original-width=\"614\" data-original-height=\"433\" > <div class=\"tiled-gallery-item tiled-gallery-item-large\" itemprop=\"associatedMedia\" itemscope itemtype=\"http:\/\/schema.org\/ImageObject\"> <a href=\"https:\/\/opistobranquis.info\/es\/guia\/nudibranchia\/doridina\/doridoidei\/chromodoridoidea\/felimare-bilineata\/tochypbil03\/\" border=\"0\" itemprop=\"url\"> <meta itemprop=\"width\" content=\"610\"> <meta itemprop=\"height\" content=\"429\"> <img decoding=\"async\" class=\"\" data-attachment-id=\"11345\" data-orig-file=\"https:\/\/opistobranquis.info\/wp-content\/uploads\/2013\/10\/tochypbil03.jpg\" data-orig-size=\"580,408\" data-comments-opened=\"\" data-image-title=\"Felimare bilineata @ Granada by Luis S\u00e1nchez Tocino\" data-image-description=\"&lt;p&gt;Felimare bilineata @ Granada by Luis S\u00e1nchez Tocino&lt;\/p&gt; \" data-medium-file=\"https:\/\/i0.wp.com\/opistobranquis.info\/wp-content\/uploads\/2013\/10\/tochypbil03.jpg?fit=300%2C211&#038;ssl=1\" data-large-file=\"https:\/\/i0.wp.com\/opistobranquis.info\/wp-content\/uploads\/2013\/10\/tochypbil03.jpg?fit=580%2C408&#038;ssl=1\" src=\"https:\/\/i0.wp.com\/opistobranquis.info\/wp-content\/uploads\/2013\/10\/tochypbil03.jpg?w=610&#038;h=429&#038;ssl=1\" srcset=\"https:\/\/i0.wp.com\/opistobranquis.info\/wp-content\/uploads\/2013\/10\/tochypbil03.jpg?w=580&amp;ssl=1 580w, https:\/\/i0.wp.com\/opistobranquis.info\/wp-content\/uploads\/2013\/10\/tochypbil03.jpg?resize=150%2C105&amp;ssl=1 150w, https:\/\/i0.wp.com\/opistobranquis.info\/wp-content\/uploads\/2013\/10\/tochypbil03.jpg?resize=300%2C211&amp;ssl=1 300w\" width=\"610\" height=\"429\" loading=\"lazy\" data-original-width=\"610\" data-original-height=\"429\" itemprop=\"http:\/\/schema.org\/image\" title=\"Felimare bilineata @ Granada by Luis S\u00e1nchez Tocino\" alt=\"Felimare bilineata @ Granada by Luis S\u00e1nchez Tocino\" style=\"width: 610px; height: 429px;\" \/> <\/a> <div class=\"tiled-gallery-caption\" itemprop=\"caption description\"> Felimare bilineata @ Granada by Luis S\u00e1nchez Tocino <\/div> <\/div> <\/div> <!-- close group --> <div class=\"gallery-group images-2\" style=\"width: 286px; height: 433px;\" data-original-width=\"286\" data-original-height=\"433\" > <div class=\"tiled-gallery-item tiled-gallery-item-large\" itemprop=\"associatedMedia\" itemscope itemtype=\"http:\/\/schema.org\/ImageObject\"> <a href=\"https:\/\/opistobranquis.info\/es\/guia\/nudibranchia\/doridina\/doridoidei\/chromodoridoidea\/felimare-bilineata\/felibili-rino004\/\" border=\"0\" itemprop=\"url\"> <meta itemprop=\"width\" content=\"282\"> <meta itemprop=\"height\" content=\"213\"> <img decoding=\"async\" class=\"\" data-attachment-id=\"11346\" data-orig-file=\"https:\/\/opistobranquis.info\/wp-content\/uploads\/2013\/10\/felibili-rino004.jpg\" data-orig-size=\"275,207\" data-comments-opened=\"\" data-image-title=\"Felimare bilineata, vista superior rin\u00f2for\" data-image-description=\"&lt;p&gt;Felimare bilineata, vista superior rin\u00f2for&lt;\/p&gt; \" data-medium-file=\"https:\/\/i0.wp.com\/opistobranquis.info\/wp-content\/uploads\/2013\/10\/felibili-rino004.jpg?fit=275%2C207&#038;ssl=1\" data-large-file=\"https:\/\/i0.wp.com\/opistobranquis.info\/wp-content\/uploads\/2013\/10\/felibili-rino004.jpg?fit=275%2C207&#038;ssl=1\" src=\"https:\/\/i0.wp.com\/opistobranquis.info\/wp-content\/uploads\/2013\/10\/felibili-rino004.jpg?w=282&#038;h=213&#038;ssl=1\" srcset=\"https:\/\/i0.wp.com\/opistobranquis.info\/wp-content\/uploads\/2013\/10\/felibili-rino004.jpg?w=275&amp;ssl=1 275w, https:\/\/i0.wp.com\/opistobranquis.info\/wp-content\/uploads\/2013\/10\/felibili-rino004.jpg?resize=150%2C112&amp;ssl=1 150w\" width=\"282\" height=\"213\" loading=\"lazy\" data-original-width=\"282\" data-original-height=\"213\" itemprop=\"http:\/\/schema.org\/image\" title=\"Felimare bilineata, vista superior rin\u00f2for\" alt=\"Felimare bilineata, vista superior rin\u00f2for\" style=\"width: 282px; height: 213px;\" \/> <\/a> <div class=\"tiled-gallery-caption\" itemprop=\"caption description\"> Felimare bilineata, vista superior rin\u00f2for <\/div> <\/div> <div class=\"tiled-gallery-item tiled-gallery-item-large\" itemprop=\"associatedMedia\" itemscope itemtype=\"http:\/\/schema.org\/ImageObject\"> <a href=\"https:\/\/opistobranquis.info\/es\/guia\/nudibranchia\/doridina\/doridoidei\/chromodoridoidea\/felimare-bilineata\/felibili-rino006\/\" border=\"0\" itemprop=\"url\"> <meta itemprop=\"width\" content=\"282\"> <meta itemprop=\"height\" content=\"212\"> <img decoding=\"async\" class=\"\" data-attachment-id=\"11347\" data-orig-file=\"https:\/\/opistobranquis.info\/wp-content\/uploads\/2013\/10\/felibili-rino006.jpg\" data-orig-size=\"275,207\" data-comments-opened=\"\" data-image-title=\"Felimare bilineata, vista lateral rin\u00f2for\" data-image-description=\"&lt;p&gt;Felimare bilineata, vista lateral rin\u00f2for&lt;\/p&gt; \" data-medium-file=\"https:\/\/i0.wp.com\/opistobranquis.info\/wp-content\/uploads\/2013\/10\/felibili-rino006.jpg?fit=275%2C207&#038;ssl=1\" data-large-file=\"https:\/\/i0.wp.com\/opistobranquis.info\/wp-content\/uploads\/2013\/10\/felibili-rino006.jpg?fit=275%2C207&#038;ssl=1\" src=\"https:\/\/i0.wp.com\/opistobranquis.info\/wp-content\/uploads\/2013\/10\/felibili-rino006.jpg?w=282&#038;h=212&#038;ssl=1\" srcset=\"https:\/\/i0.wp.com\/opistobranquis.info\/wp-content\/uploads\/2013\/10\/felibili-rino006.jpg?w=275&amp;ssl=1 275w, https:\/\/i0.wp.com\/opistobranquis.info\/wp-content\/uploads\/2013\/10\/felibili-rino006.jpg?resize=150%2C112&amp;ssl=1 150w\" width=\"282\" height=\"212\" loading=\"lazy\" data-original-width=\"282\" data-original-height=\"212\" itemprop=\"http:\/\/schema.org\/image\" title=\"Felimare bilineata, vista lateral rin\u00f2for\" alt=\"Felimare bilineata, vista lateral rin\u00f2for\" style=\"width: 282px; height: 212px;\" \/> <\/a> <div class=\"tiled-gallery-caption\" itemprop=\"caption description\"> Felimare bilineata, vista lateral rin\u00f2for <\/div> <\/div> <\/div> <!-- close group --> <\/div> <!-- close row --> <div class=\"gallery-row\" style=\"width: 900px; height: 464px;\" data-original-width=\"900\" data-original-height=\"464\" > <div class=\"gallery-group images-2\" style=\"width: 302px; height: 464px;\" data-original-width=\"302\" data-original-height=\"464\" > <div class=\"tiled-gallery-item tiled-gallery-item-large\" itemprop=\"associatedMedia\" itemscope itemtype=\"http:\/\/schema.org\/ImageObject\"> <a href=\"https:\/\/opistobranquis.info\/es\/guia\/nudibranchia\/doridina\/doridoidei\/chromodoridoidea\/felimare-bilineata\/felibili-tuber016\/\" border=\"0\" itemprop=\"url\"> <meta itemprop=\"width\" content=\"298\"> <meta itemprop=\"height\" content=\"225\"> <img decoding=\"async\" class=\"\" data-attachment-id=\"11348\" data-orig-file=\"https:\/\/opistobranquis.info\/wp-content\/uploads\/2013\/10\/felibili-tuber016.jpg\" data-orig-size=\"275,207\" data-comments-opened=\"\" data-image-title=\"Felimare bilineata, tubercles del notus\" data-image-description=\"&lt;p&gt;Felimare bilineata, tubercles del notus&lt;\/p&gt; \" data-medium-file=\"https:\/\/i0.wp.com\/opistobranquis.info\/wp-content\/uploads\/2013\/10\/felibili-tuber016.jpg?fit=275%2C207&#038;ssl=1\" data-large-file=\"https:\/\/i0.wp.com\/opistobranquis.info\/wp-content\/uploads\/2013\/10\/felibili-tuber016.jpg?fit=275%2C207&#038;ssl=1\" src=\"https:\/\/i0.wp.com\/opistobranquis.info\/wp-content\/uploads\/2013\/10\/felibili-tuber016.jpg?w=298&#038;h=225&#038;ssl=1\" srcset=\"https:\/\/i0.wp.com\/opistobranquis.info\/wp-content\/uploads\/2013\/10\/felibili-tuber016.jpg?w=275&amp;ssl=1 275w, https:\/\/i0.wp.com\/opistobranquis.info\/wp-content\/uploads\/2013\/10\/felibili-tuber016.jpg?resize=150%2C112&amp;ssl=1 150w\" width=\"298\" height=\"225\" loading=\"lazy\" data-original-width=\"298\" data-original-height=\"225\" itemprop=\"http:\/\/schema.org\/image\" title=\"Felimare bilineata, tubercles del notus\" alt=\"Felimare bilineata, tubercles del notus\" style=\"width: 298px; height: 225px;\" \/> <\/a> <div class=\"tiled-gallery-caption\" itemprop=\"caption description\"> Felimare bilineata, tubercles del notus <\/div> <\/div> <div class=\"tiled-gallery-item tiled-gallery-item-large\" itemprop=\"associatedMedia\" itemscope itemtype=\"http:\/\/schema.org\/ImageObject\"> <a href=\"https:\/\/opistobranquis.info\/es\/guia\/nudibranchia\/doridina\/doridoidei\/chromodoridoidea\/felimare-bilineata\/felibili-bran008\/\" border=\"0\" itemprop=\"url\"> <meta itemprop=\"width\" content=\"298\"> <meta itemprop=\"height\" content=\"231\"> <img decoding=\"async\" class=\"\" data-attachment-id=\"11349\" data-orig-file=\"https:\/\/opistobranquis.info\/wp-content\/uploads\/2013\/10\/felibili-bran008.jpg\" data-orig-size=\"275,213\" data-comments-opened=\"\" data-image-title=\"Felimare bilineata, vista superior branquies i anus\" data-image-description=\"&lt;p&gt;Felimare bilineata, vista superior branquies i anus&lt;\/p&gt; \" data-medium-file=\"https:\/\/i0.wp.com\/opistobranquis.info\/wp-content\/uploads\/2013\/10\/felibili-bran008.jpg?fit=275%2C213&#038;ssl=1\" data-large-file=\"https:\/\/i0.wp.com\/opistobranquis.info\/wp-content\/uploads\/2013\/10\/felibili-bran008.jpg?fit=275%2C213&#038;ssl=1\" src=\"https:\/\/i0.wp.com\/opistobranquis.info\/wp-content\/uploads\/2013\/10\/felibili-bran008.jpg?w=298&#038;h=231&#038;ssl=1\" srcset=\"https:\/\/i0.wp.com\/opistobranquis.info\/wp-content\/uploads\/2013\/10\/felibili-bran008.jpg?w=275&amp;ssl=1 275w, https:\/\/i0.wp.com\/opistobranquis.info\/wp-content\/uploads\/2013\/10\/felibili-bran008.jpg?resize=150%2C116&amp;ssl=1 150w\" width=\"298\" height=\"231\" loading=\"lazy\" data-original-width=\"298\" data-original-height=\"231\" itemprop=\"http:\/\/schema.org\/image\" title=\"Felimare bilineata, vista superior branquies i anus\" alt=\"Felimare bilineata, vista superior branquies i anus\" style=\"width: 298px; height: 231px;\" \/> <\/a> <div class=\"tiled-gallery-caption\" itemprop=\"caption description\"> Felimare bilineata, vista superior branquies i anus <\/div> <\/div> <\/div> <!-- close group --> <div class=\"gallery-group images-1\" style=\"width: 598px; height: 464px;\" data-original-width=\"598\" data-original-height=\"464\" > <div class=\"tiled-gallery-item tiled-gallery-item-large\" itemprop=\"associatedMedia\" itemscope itemtype=\"http:\/\/schema.org\/ImageObject\"> <a href=\"https:\/\/opistobranquis.info\/es\/guia\/nudibranchia\/doridina\/doridoidei\/chromodoridoidea\/felimare-bilineata\/felibilibran010\/\" border=\"0\" itemprop=\"url\"> <meta itemprop=\"width\" content=\"594\"> <meta itemprop=\"height\" content=\"460\"> <img decoding=\"async\" class=\"\" data-attachment-id=\"11350\" data-orig-file=\"https:\/\/opistobranquis.info\/wp-content\/uploads\/2013\/10\/felibilibran010.jpg\" data-orig-size=\"275,213\" data-comments-opened=\"\" data-image-title=\"Felimare bilineata, vista lateral branquies\" data-image-description=\"&lt;p&gt;Felimare bilineata, vista lateral branquies&lt;\/p&gt; \" data-medium-file=\"https:\/\/i0.wp.com\/opistobranquis.info\/wp-content\/uploads\/2013\/10\/felibilibran010.jpg?fit=275%2C213&#038;ssl=1\" data-large-file=\"https:\/\/i0.wp.com\/opistobranquis.info\/wp-content\/uploads\/2013\/10\/felibilibran010.jpg?fit=275%2C213&#038;ssl=1\" src=\"https:\/\/i0.wp.com\/opistobranquis.info\/wp-content\/uploads\/2013\/10\/felibilibran010.jpg?w=594&#038;h=460&#038;ssl=1\" srcset=\"https:\/\/i0.wp.com\/opistobranquis.info\/wp-content\/uploads\/2013\/10\/felibilibran010.jpg?w=275&amp;ssl=1 275w, https:\/\/i0.wp.com\/opistobranquis.info\/wp-content\/uploads\/2013\/10\/felibilibran010.jpg?resize=150%2C116&amp;ssl=1 150w\" width=\"594\" height=\"460\" loading=\"lazy\" data-original-width=\"594\" data-original-height=\"460\" itemprop=\"http:\/\/schema.org\/image\" title=\"Felimare bilineata, vista lateral branquies\" alt=\"Felimare bilineata, vista lateral branquies\" style=\"width: 594px; height: 460px;\" \/> <\/a> <div class=\"tiled-gallery-caption\" itemprop=\"caption description\"> Felimare bilineata, vista lateral branquies <\/div> <\/div> <\/div> <!-- close group --> <\/div> <!-- close row --> <div class=\"gallery-row\" style=\"width: 900px; height: 340px;\" data-original-width=\"900\" data-original-height=\"340\" > <div class=\"gallery-group images-1\" style=\"width: 450px; height: 340px;\" data-original-width=\"450\" data-original-height=\"340\" > <div class=\"tiled-gallery-item tiled-gallery-item-large\" itemprop=\"associatedMedia\" itemscope itemtype=\"http:\/\/schema.org\/ImageObject\"> <a href=\"https:\/\/opistobranquis.info\/es\/guia\/nudibranchia\/doridina\/doridoidei\/chromodoridoidea\/felimare-bilineata\/felibili-cara014\/\" border=\"0\" itemprop=\"url\"> <meta itemprop=\"width\" content=\"446\"> <meta itemprop=\"height\" content=\"336\"> <img decoding=\"async\" class=\"\" data-attachment-id=\"11351\" data-orig-file=\"https:\/\/opistobranquis.info\/wp-content\/uploads\/2013\/10\/felibili-cara014.jpg\" data-orig-size=\"275,207\" data-comments-opened=\"\" data-image-title=\"Felimare bilineata, tentacles orals\" data-image-description=\"&lt;p&gt;Felimare bilineata, tentacles orals&lt;\/p&gt; \" data-medium-file=\"https:\/\/i0.wp.com\/opistobranquis.info\/wp-content\/uploads\/2013\/10\/felibili-cara014.jpg?fit=275%2C207&#038;ssl=1\" data-large-file=\"https:\/\/i0.wp.com\/opistobranquis.info\/wp-content\/uploads\/2013\/10\/felibili-cara014.jpg?fit=275%2C207&#038;ssl=1\" src=\"https:\/\/i0.wp.com\/opistobranquis.info\/wp-content\/uploads\/2013\/10\/felibili-cara014.jpg?w=446&#038;h=336&#038;ssl=1\" srcset=\"https:\/\/i0.wp.com\/opistobranquis.info\/wp-content\/uploads\/2013\/10\/felibili-cara014.jpg?w=275&amp;ssl=1 275w, https:\/\/i0.wp.com\/opistobranquis.info\/wp-content\/uploads\/2013\/10\/felibili-cara014.jpg?resize=150%2C112&amp;ssl=1 150w\" width=\"446\" height=\"336\" loading=\"lazy\" data-original-width=\"446\" data-original-height=\"336\" itemprop=\"http:\/\/schema.org\/image\" title=\"Felimare bilineata, tentacles orals\" alt=\"Felimare bilineata, tentacles orals\" style=\"width: 446px; height: 336px;\" \/> <\/a> <div class=\"tiled-gallery-caption\" itemprop=\"caption description\"> Felimare bilineata, tentacles orals <\/div> <\/div> <\/div> <!-- close group --> <div class=\"gallery-group images-1\" style=\"width: 450px; height: 340px;\" data-original-width=\"450\" data-original-height=\"340\" > <div class=\"tiled-gallery-item tiled-gallery-item-large\" itemprop=\"associatedMedia\" itemscope itemtype=\"http:\/\/schema.org\/ImageObject\"> <a href=\"https:\/\/opistobranquis.info\/es\/guia\/nudibranchia\/doridina\/doridoidei\/chromodoridoidea\/felimare-bilineata\/felibili-peu012\/\" border=\"0\" itemprop=\"url\"> <meta itemprop=\"width\" content=\"446\"> <meta itemprop=\"height\" content=\"336\"> <img decoding=\"async\" class=\"\" data-attachment-id=\"11352\" data-orig-file=\"https:\/\/opistobranquis.info\/wp-content\/uploads\/2013\/10\/felibili-peu012.jpg\" data-orig-size=\"275,207\" data-comments-opened=\"\" data-image-title=\"Felimare bilineata, front\" data-image-description=\"&lt;p&gt;Felimare bilineata, front&lt;\/p&gt; \" data-medium-file=\"https:\/\/i0.wp.com\/opistobranquis.info\/wp-content\/uploads\/2013\/10\/felibili-peu012.jpg?fit=275%2C207&#038;ssl=1\" data-large-file=\"https:\/\/i0.wp.com\/opistobranquis.info\/wp-content\/uploads\/2013\/10\/felibili-peu012.jpg?fit=275%2C207&#038;ssl=1\" src=\"https:\/\/i0.wp.com\/opistobranquis.info\/wp-content\/uploads\/2013\/10\/felibili-peu012.jpg?w=446&#038;h=336&#038;ssl=1\" srcset=\"https:\/\/i0.wp.com\/opistobranquis.info\/wp-content\/uploads\/2013\/10\/felibili-peu012.jpg?w=275&amp;ssl=1 275w, https:\/\/i0.wp.com\/opistobranquis.info\/wp-content\/uploads\/2013\/10\/felibili-peu012.jpg?resize=150%2C112&amp;ssl=1 150w\" width=\"446\" height=\"336\" loading=\"lazy\" data-original-width=\"446\" data-original-height=\"336\" itemprop=\"http:\/\/schema.org\/image\" title=\"Felimare bilineata, front\" alt=\"Felimare bilineata, front\" style=\"width: 446px; height: 336px;\" \/> <\/a> <div class=\"tiled-gallery-caption\" itemprop=\"caption description\"> Felimare bilineata, front <\/div> <\/div> <\/div> <!-- close group --> <\/div> <!-- close row --> <div class=\"gallery-row\" style=\"width: 900px; height: 720px;\" data-original-width=\"900\" data-original-height=\"720\" > <div class=\"gallery-group images-3\" style=\"width: 358px; height: 720px;\" data-original-width=\"358\" data-original-height=\"720\" > <div class=\"tiled-gallery-item tiled-gallery-item-large\" itemprop=\"associatedMedia\" itemscope itemtype=\"http:\/\/schema.org\/ImageObject\"> <a href=\"https:\/\/opistobranquis.info\/es\/guia\/nudibranchia\/doridina\/doridoidei\/chromodoridoidea\/felimare-bilineata\/felimare-bilineata-2-portugal-by-joao-pedro-silva\/\" border=\"0\" itemprop=\"url\"> <meta itemprop=\"width\" content=\"354\"> <meta itemprop=\"height\" content=\"236\"> <img decoding=\"async\" class=\"\" data-attachment-id=\"15936\" data-orig-file=\"https:\/\/opistobranquis.info\/wp-content\/uploads\/2014\/10\/Felimare-bilineata-2-Portugal-by-Joao-Pedro-Silva.jpg\" data-orig-size=\"800,533\" data-comments-opened=\"\" data-image-title=\"Felimare bilineata (Portugal) by Joao Pedro Silva\" data-image-description=\"&lt;p&gt;Felimare bilineata (Portugal) by Joao Pedro Silva&lt;\/p&gt; \" data-medium-file=\"https:\/\/i0.wp.com\/opistobranquis.info\/wp-content\/uploads\/2014\/10\/Felimare-bilineata-2-Portugal-by-Joao-Pedro-Silva.jpg?fit=300%2C199&#038;ssl=1\" data-large-file=\"https:\/\/i0.wp.com\/opistobranquis.info\/wp-content\/uploads\/2014\/10\/Felimare-bilineata-2-Portugal-by-Joao-Pedro-Silva.jpg?fit=800%2C533&#038;ssl=1\" src=\"https:\/\/i0.wp.com\/opistobranquis.info\/wp-content\/uploads\/2014\/10\/Felimare-bilineata-2-Portugal-by-Joao-Pedro-Silva.jpg?w=354&#038;h=236&#038;ssl=1\" srcset=\"https:\/\/i0.wp.com\/opistobranquis.info\/wp-content\/uploads\/2014\/10\/Felimare-bilineata-2-Portugal-by-Joao-Pedro-Silva.jpg?w=800&amp;ssl=1 800w, https:\/\/i0.wp.com\/opistobranquis.info\/wp-content\/uploads\/2014\/10\/Felimare-bilineata-2-Portugal-by-Joao-Pedro-Silva.jpg?resize=150%2C99&amp;ssl=1 150w, https:\/\/i0.wp.com\/opistobranquis.info\/wp-content\/uploads\/2014\/10\/Felimare-bilineata-2-Portugal-by-Joao-Pedro-Silva.jpg?resize=300%2C199&amp;ssl=1 300w\" width=\"354\" height=\"236\" loading=\"lazy\" data-original-width=\"354\" data-original-height=\"236\" itemprop=\"http:\/\/schema.org\/image\" title=\"Felimare bilineata (Portugal) by Joao Pedro Silva\" alt=\"Felimare bilineata (Portugal) by Joao Pedro Silva\" style=\"width: 354px; height: 236px;\" \/> <\/a> <div class=\"tiled-gallery-caption\" itemprop=\"caption description\"> Felimare bilineata (Portugal) <\/div> <\/div> <div class=\"tiled-gallery-item tiled-gallery-item-large\" itemprop=\"associatedMedia\" itemscope itemtype=\"http:\/\/schema.org\/ImageObject\"> <a href=\"https:\/\/opistobranquis.info\/es\/guia\/nudibranchia\/doridina\/doridoidei\/chromodoridoidea\/felimare-bilineata\/felimare-bilineata-3-portugal-by-joao-pedro-silva\/\" border=\"0\" itemprop=\"url\"> <meta itemprop=\"width\" content=\"354\"> <meta itemprop=\"height\" content=\"236\"> <img decoding=\"async\" class=\"\" data-attachment-id=\"15937\" data-orig-file=\"https:\/\/opistobranquis.info\/wp-content\/uploads\/2014\/10\/Felimare-bilineata-3-Portugal-by-Joao-Pedro-Silva.jpg\" data-orig-size=\"800,533\" data-comments-opened=\"\" data-image-title=\"Felimare bilineata (Portugal) by Joao Pedro Silva\" data-image-description=\"&lt;p&gt;Felimare bilineata (Portugal) by Joao Pedro Silva&lt;\/p&gt; \" data-medium-file=\"https:\/\/i0.wp.com\/opistobranquis.info\/wp-content\/uploads\/2014\/10\/Felimare-bilineata-3-Portugal-by-Joao-Pedro-Silva.jpg?fit=300%2C199&#038;ssl=1\" data-large-file=\"https:\/\/i0.wp.com\/opistobranquis.info\/wp-content\/uploads\/2014\/10\/Felimare-bilineata-3-Portugal-by-Joao-Pedro-Silva.jpg?fit=800%2C533&#038;ssl=1\" src=\"https:\/\/i0.wp.com\/opistobranquis.info\/wp-content\/uploads\/2014\/10\/Felimare-bilineata-3-Portugal-by-Joao-Pedro-Silva.jpg?w=354&#038;h=236&#038;ssl=1\" srcset=\"https:\/\/i0.wp.com\/opistobranquis.info\/wp-content\/uploads\/2014\/10\/Felimare-bilineata-3-Portugal-by-Joao-Pedro-Silva.jpg?w=800&amp;ssl=1 800w, https:\/\/i0.wp.com\/opistobranquis.info\/wp-content\/uploads\/2014\/10\/Felimare-bilineata-3-Portugal-by-Joao-Pedro-Silva.jpg?resize=150%2C99&amp;ssl=1 150w, https:\/\/i0.wp.com\/opistobranquis.info\/wp-content\/uploads\/2014\/10\/Felimare-bilineata-3-Portugal-by-Joao-Pedro-Silva.jpg?resize=300%2C199&amp;ssl=1 300w\" width=\"354\" height=\"236\" loading=\"lazy\" data-original-width=\"354\" data-original-height=\"236\" itemprop=\"http:\/\/schema.org\/image\" title=\"Felimare bilineata (Portugal) by Joao Pedro Silva\" alt=\"Felimare bilineata (Portugal) by Joao Pedro Silva\" style=\"width: 354px; height: 236px;\" \/> <\/a> <div class=\"tiled-gallery-caption\" itemprop=\"caption description\"> Felimare bilineata (Portugal) by Joao Pedro Silva <\/div> <\/div> <div class=\"tiled-gallery-item tiled-gallery-item-large\" itemprop=\"associatedMedia\" itemscope itemtype=\"http:\/\/schema.org\/ImageObject\"> <a href=\"https:\/\/opistobranquis.info\/es\/guia\/nudibranchia\/doridina\/doridoidei\/chromodoridoidea\/felimare-bilineata\/felimare-bilineata-portugal-by-joao-pedro-silva\/\" border=\"0\" itemprop=\"url\"> <meta itemprop=\"width\" content=\"354\"> <meta itemprop=\"height\" content=\"236\"> <img decoding=\"async\" class=\"\" data-attachment-id=\"15938\" data-orig-file=\"https:\/\/opistobranquis.info\/wp-content\/uploads\/2014\/10\/Felimare-bilineata-Portugal-by-Joao-Pedro-Silva.jpg\" data-orig-size=\"800,533\" data-comments-opened=\"\" data-image-title=\"Felimare bilineata (Portugal) by Joao Pedro Silva\" data-image-description=\"&lt;p&gt;Felimare bilineata (Portugal) by Joao Pedro Silva&lt;\/p&gt; \" data-medium-file=\"https:\/\/i0.wp.com\/opistobranquis.info\/wp-content\/uploads\/2014\/10\/Felimare-bilineata-Portugal-by-Joao-Pedro-Silva.jpg?fit=300%2C199&#038;ssl=1\" data-large-file=\"https:\/\/i0.wp.com\/opistobranquis.info\/wp-content\/uploads\/2014\/10\/Felimare-bilineata-Portugal-by-Joao-Pedro-Silva.jpg?fit=800%2C533&#038;ssl=1\" src=\"https:\/\/i0.wp.com\/opistobranquis.info\/wp-content\/uploads\/2014\/10\/Felimare-bilineata-Portugal-by-Joao-Pedro-Silva.jpg?w=354&#038;h=236&#038;ssl=1\" srcset=\"https:\/\/i0.wp.com\/opistobranquis.info\/wp-content\/uploads\/2014\/10\/Felimare-bilineata-Portugal-by-Joao-Pedro-Silva.jpg?w=800&amp;ssl=1 800w, https:\/\/i0.wp.com\/opistobranquis.info\/wp-content\/uploads\/2014\/10\/Felimare-bilineata-Portugal-by-Joao-Pedro-Silva.jpg?resize=150%2C99&amp;ssl=1 150w, https:\/\/i0.wp.com\/opistobranquis.info\/wp-content\/uploads\/2014\/10\/Felimare-bilineata-Portugal-by-Joao-Pedro-Silva.jpg?resize=300%2C199&amp;ssl=1 300w\" width=\"354\" height=\"236\" loading=\"lazy\" data-original-width=\"354\" data-original-height=\"236\" itemprop=\"http:\/\/schema.org\/image\" title=\"Felimare bilineata (Portugal) by Joao Pedro Silva\" alt=\"Felimare bilineata (Portugal) by Joao Pedro Silva\" style=\"width: 354px; height: 236px;\" \/> <\/a> <div class=\"tiled-gallery-caption\" itemprop=\"caption description\"> Felimare bilineata (Portugal) by Joao Pedro Silva <\/div> <\/div> <\/div> <!-- close group --> <div class=\"gallery-group images-1\" style=\"width: 542px; height: 720px;\" data-original-width=\"542\" data-original-height=\"720\" > <div class=\"tiled-gallery-item tiled-gallery-item-large\" itemprop=\"associatedMedia\" itemscope itemtype=\"http:\/\/schema.org\/ImageObject\"> <a href=\"https:\/\/opistobranquis.info\/es\/guia\/nudibranchia\/doridina\/doridoidei\/chromodoridoidea\/felimare-bilineata\/radula-de-felimare-bilineata-by-luis-sanchez-tocino\/\" border=\"0\" itemprop=\"url\"> <meta itemprop=\"width\" content=\"538\"> <meta itemprop=\"height\" content=\"716\"> <img decoding=\"async\" class=\"\" data-attachment-id=\"17025\" data-orig-file=\"https:\/\/opistobranquis.info\/wp-content\/uploads\/2014\/12\/Radula-de-Felimare-bilineata-by-Luis-S\u00e1nchez-Tocino.png\" data-orig-size=\"589,785\" data-comments-opened=\"\" data-image-title=\"Radula de Felimare bilineata by Luis S\u00e1nchez-Tocino\" data-image-description=\"&lt;p&gt;Radula de Felimare bilineata by Luis S\u00e1nchez-Tocino&lt;\/p&gt; \" data-medium-file=\"https:\/\/i0.wp.com\/opistobranquis.info\/wp-content\/uploads\/2014\/12\/Radula-de-Felimare-bilineata-by-Luis-S%C3%A1nchez-Tocino.png?fit=225%2C300&#038;ssl=1\" data-large-file=\"https:\/\/i0.wp.com\/opistobranquis.info\/wp-content\/uploads\/2014\/12\/Radula-de-Felimare-bilineata-by-Luis-S%C3%A1nchez-Tocino.png?fit=589%2C785&#038;ssl=1\" src=\"https:\/\/i0.wp.com\/opistobranquis.info\/wp-content\/uploads\/2014\/12\/Radula-de-Felimare-bilineata-by-Luis-S%C3%A1nchez-Tocino.png?w=538&#038;h=716&#038;ssl=1\" width=\"538\" height=\"716\" loading=\"lazy\" data-original-width=\"538\" data-original-height=\"716\" itemprop=\"http:\/\/schema.org\/image\" title=\"Radula de Felimare bilineata by Luis S\u00e1nchez-Tocino\" alt=\"Radula de Felimare bilineata by Luis S\u00e1nchez-Tocino\" style=\"width: 538px; height: 716px;\" \/> <\/a> <div class=\"tiled-gallery-caption\" itemprop=\"caption description\"> Radula de Felimare bilineata by Luis S\u00e1nchez-Tocino <\/div> <\/div> <\/div> <!-- close group --> <\/div> <!-- close row --> <div class=\"gallery-row\" style=\"width: 900px; height: 787px;\" data-original-width=\"900\" data-original-height=\"787\" > <div class=\"gallery-group images-1\" style=\"width: 524px; height: 787px;\" data-original-width=\"524\" data-original-height=\"787\" > <div class=\"tiled-gallery-item tiled-gallery-item-large\" itemprop=\"associatedMedia\" itemscope itemtype=\"http:\/\/schema.org\/ImageObject\"> <a href=\"https:\/\/opistobranquis.info\/es\/guia\/nudibranchia\/doridina\/doridoidei\/chromodoridoidea\/felimare-bilineata\/felimare-bilineata-canarias-by-aketza-herrero-2\/\" border=\"0\" itemprop=\"url\"> <meta itemprop=\"width\" content=\"520\"> <meta itemprop=\"height\" content=\"783\"> <img decoding=\"async\" class=\"\" data-attachment-id=\"21797\" data-orig-file=\"https:\/\/opistobranquis.info\/wp-content\/uploads\/2013\/10\/Felimare-bilineata-Canarias-by-Aketza-Herrero-2.jpg\" data-orig-size=\"768,1156\" data-comments-opened=\"\" data-image-title=\"Felimare bilineata (Canarias) by Aketza Herrero\" data-image-description=\"&lt;p&gt;Felimare bilineata (Canarias) by Aketza Herrero&lt;\/p&gt; \" data-medium-file=\"https:\/\/i0.wp.com\/opistobranquis.info\/wp-content\/uploads\/2013\/10\/Felimare-bilineata-Canarias-by-Aketza-Herrero-2.jpg?fit=199%2C300&#038;ssl=1\" data-large-file=\"https:\/\/i0.wp.com\/opistobranquis.info\/wp-content\/uploads\/2013\/10\/Felimare-bilineata-Canarias-by-Aketza-Herrero-2.jpg?fit=680%2C1024&#038;ssl=1\" src=\"https:\/\/i0.wp.com\/opistobranquis.info\/wp-content\/uploads\/2013\/10\/Felimare-bilineata-Canarias-by-Aketza-Herrero-2.jpg?w=520&#038;h=783&#038;ssl=1\" srcset=\"https:\/\/i0.wp.com\/opistobranquis.info\/wp-content\/uploads\/2013\/10\/Felimare-bilineata-Canarias-by-Aketza-Herrero-2.jpg?w=768&amp;ssl=1 768w, https:\/\/i0.wp.com\/opistobranquis.info\/wp-content\/uploads\/2013\/10\/Felimare-bilineata-Canarias-by-Aketza-Herrero-2.jpg?resize=100%2C150&amp;ssl=1 100w, https:\/\/i0.wp.com\/opistobranquis.info\/wp-content\/uploads\/2013\/10\/Felimare-bilineata-Canarias-by-Aketza-Herrero-2.jpg?resize=199%2C300&amp;ssl=1 199w, https:\/\/i0.wp.com\/opistobranquis.info\/wp-content\/uploads\/2013\/10\/Felimare-bilineata-Canarias-by-Aketza-Herrero-2.jpg?resize=680%2C1024&amp;ssl=1 680w\" width=\"520\" height=\"783\" loading=\"lazy\" data-original-width=\"520\" data-original-height=\"783\" itemprop=\"http:\/\/schema.org\/image\" title=\"Felimare bilineata (Canarias) by Aketza Herrero\" alt=\"Felimare bilineata (Canarias) by Aketza Herrero\" style=\"width: 520px; height: 783px;\" \/> <\/a> <div class=\"tiled-gallery-caption\" itemprop=\"caption description\"> Felimare bilineata (Canarias) by Aketza Herrero <\/div> <\/div> <\/div> <!-- close group --> <div class=\"gallery-group images-3\" style=\"width: 376px; height: 787px;\" data-original-width=\"376\" data-original-height=\"787\" > <div class=\"tiled-gallery-item tiled-gallery-item-large\" itemprop=\"associatedMedia\" itemscope itemtype=\"http:\/\/schema.org\/ImageObject\"> <a href=\"https:\/\/opistobranquis.info\/es\/guia\/nudibranchia\/doridina\/doridoidei\/chromodoridoidea\/felimare-bilineata\/felimare-bilineata-canarias-by-aketza-herrero\/\" border=\"0\" itemprop=\"url\"> <meta itemprop=\"width\" content=\"372\"> <meta itemprop=\"height\" content=\"247\"> <img decoding=\"async\" class=\"\" data-attachment-id=\"21798\" data-orig-file=\"https:\/\/opistobranquis.info\/wp-content\/uploads\/2013\/10\/Felimare-bilineata-Canarias-by-Aketza-Herrero.jpg\" data-orig-size=\"640,425\" data-comments-opened=\"\" data-image-title=\"Felimare bilineata (Canarias) by Aketza Herrero\" data-image-description=\"&lt;p&gt;Felimare bilineata (Canarias) by Aketza Herrero&lt;\/p&gt; \" data-medium-file=\"https:\/\/i0.wp.com\/opistobranquis.info\/wp-content\/uploads\/2013\/10\/Felimare-bilineata-Canarias-by-Aketza-Herrero.jpg?fit=300%2C199&#038;ssl=1\" data-large-file=\"https:\/\/i0.wp.com\/opistobranquis.info\/wp-content\/uploads\/2013\/10\/Felimare-bilineata-Canarias-by-Aketza-Herrero.jpg?fit=640%2C425&#038;ssl=1\" src=\"https:\/\/i0.wp.com\/opistobranquis.info\/wp-content\/uploads\/2013\/10\/Felimare-bilineata-Canarias-by-Aketza-Herrero.jpg?w=372&#038;h=247&#038;ssl=1\" srcset=\"https:\/\/i0.wp.com\/opistobranquis.info\/wp-content\/uploads\/2013\/10\/Felimare-bilineata-Canarias-by-Aketza-Herrero.jpg?w=640&amp;ssl=1 640w, https:\/\/i0.wp.com\/opistobranquis.info\/wp-content\/uploads\/2013\/10\/Felimare-bilineata-Canarias-by-Aketza-Herrero.jpg?resize=150%2C100&amp;ssl=1 150w, https:\/\/i0.wp.com\/opistobranquis.info\/wp-content\/uploads\/2013\/10\/Felimare-bilineata-Canarias-by-Aketza-Herrero.jpg?resize=300%2C199&amp;ssl=1 300w\" width=\"372\" height=\"247\" loading=\"lazy\" data-original-width=\"372\" data-original-height=\"247\" itemprop=\"http:\/\/schema.org\/image\" title=\"Felimare bilineata (Canarias) by Aketza Herrero\" alt=\"Felimare bilineata (Canarias) by Aketza Herrero\" style=\"width: 372px; height: 247px;\" \/> <\/a> <div class=\"tiled-gallery-caption\" itemprop=\"caption description\"> Felimare bilineata (Canarias) by Aketza Herrero <\/div> <\/div> <div class=\"tiled-gallery-item tiled-gallery-item-large\" itemprop=\"associatedMedia\" itemscope itemtype=\"http:\/\/schema.org\/ImageObject\"> <a href=\"https:\/\/opistobranquis.info\/es\/guia\/nudibranchia\/doridina\/doridoidei\/chromodoridoidea\/felimare-bilineata\/olympus-digital-camera-157\/\" border=\"0\" itemprop=\"url\"> <meta itemprop=\"width\" content=\"372\"> <meta itemprop=\"height\" content=\"279\"> <img decoding=\"async\" class=\"\" data-attachment-id=\"24263\" data-orig-file=\"https:\/\/opistobranquis.info\/wp-content\/uploads\/2017\/12\/Felimare-bilineata-@-La-Herradura-Granada-Spain-3-04-2017-by-Stefan-Verheyen-2.jpg\" data-orig-size=\"1024,768\" data-comments-opened=\"\" data-image-title=\"Felimare bilineata @ La Herradura, Granada, Spain 3-04-2017 by Stefan Verheyen\" data-image-description=\"&lt;p&gt;Felimare bilineata @ La Herradura, Granada, Spain 3-04-2017 by Stefan Verheyen&lt;\/p&gt; \" data-medium-file=\"https:\/\/i0.wp.com\/opistobranquis.info\/wp-content\/uploads\/2017\/12\/Felimare-bilineata-%40-La-Herradura-Granada-Spain-3-04-2017-by-Stefan-Verheyen-2.jpg?fit=300%2C225&#038;ssl=1\" data-large-file=\"https:\/\/i0.wp.com\/opistobranquis.info\/wp-content\/uploads\/2017\/12\/Felimare-bilineata-%40-La-Herradura-Granada-Spain-3-04-2017-by-Stefan-Verheyen-2.jpg?fit=900%2C675&#038;ssl=1\" src=\"https:\/\/i0.wp.com\/opistobranquis.info\/wp-content\/uploads\/2017\/12\/Felimare-bilineata-%40-La-Herradura-Granada-Spain-3-04-2017-by-Stefan-Verheyen-2.jpg?w=372&#038;h=279&#038;ssl=1\" width=\"372\" height=\"279\" loading=\"lazy\" data-original-width=\"372\" data-original-height=\"279\" itemprop=\"http:\/\/schema.org\/image\" title=\"Felimare bilineata @ La Herradura, Granada, Spain 3-04-2017 by Stefan Verheyen\" alt=\"Felimare bilineata @ La Herradura, Granada, Spain 3-04-2017 by Stefan Verheyen\" style=\"width: 372px; height: 279px;\" \/> <\/a> <div class=\"tiled-gallery-caption\" itemprop=\"caption description\"> Felimare bilineata @ La Herradura, Granada, Spain 3-04-2017 by Stefan Verheyen <\/div> <\/div> <div class=\"tiled-gallery-item tiled-gallery-item-large\" itemprop=\"associatedMedia\" itemscope itemtype=\"http:\/\/schema.org\/ImageObject\"> <a href=\"https:\/\/opistobranquis.info\/es\/guia\/nudibranchia\/doridina\/doridoidei\/chromodoridoidea\/felimare-bilineata\/felimare-bilineata-13\/\" border=\"0\" itemprop=\"url\"> <meta itemprop=\"width\" content=\"372\"> <meta itemprop=\"height\" content=\"249\"> <img decoding=\"async\" class=\"\" data-attachment-id=\"27378\" data-orig-file=\"https:\/\/opistobranquis.info\/wp-content\/uploads\/2018\/09\/Felimare-bilineata-13.jpg\" data-orig-size=\"808,541\" data-comments-opened=\"\" data-image-title=\"Felimare bilineata @ Costa Brava, Spain by Enric Madrenas\" data-image-description=\"&lt;p&gt;Felimare bilineata @ Costa Brava, Spain by Enric Madrenas&lt;\/p&gt; \" data-medium-file=\"https:\/\/i0.wp.com\/opistobranquis.info\/wp-content\/uploads\/2018\/09\/Felimare-bilineata-13.jpg?fit=300%2C201&#038;ssl=1\" data-large-file=\"https:\/\/i0.wp.com\/opistobranquis.info\/wp-content\/uploads\/2018\/09\/Felimare-bilineata-13.jpg?fit=808%2C541&#038;ssl=1\" src=\"https:\/\/i0.wp.com\/opistobranquis.info\/wp-content\/uploads\/2018\/09\/Felimare-bilineata-13.jpg?w=372&#038;h=249&#038;ssl=1\" srcset=\"https:\/\/i0.wp.com\/opistobranquis.info\/wp-content\/uploads\/2018\/09\/Felimare-bilineata-13.jpg?w=808&amp;ssl=1 808w, https:\/\/i0.wp.com\/opistobranquis.info\/wp-content\/uploads\/2018\/09\/Felimare-bilineata-13.jpg?resize=150%2C100&amp;ssl=1 150w, https:\/\/i0.wp.com\/opistobranquis.info\/wp-content\/uploads\/2018\/09\/Felimare-bilineata-13.jpg?resize=300%2C201&amp;ssl=1 300w\" width=\"372\" height=\"249\" loading=\"lazy\" data-original-width=\"372\" data-original-height=\"249\" itemprop=\"http:\/\/schema.org\/image\" title=\"Felimare bilineata @ Costa Brava, Spain by Enric Madrenas\" alt=\"Felimare bilineata @ Costa Brava, Spain by Enric Madrenas\" style=\"width: 372px; height: 249px;\" \/> <\/a> <div class=\"tiled-gallery-caption\" itemprop=\"caption description\"> Felimare bilineata @ Costa Brava, Spain <\/div> <\/div> <\/div> <!-- close group --> <\/div> <!-- close row --> <div class=\"gallery-row\" style=\"width: 900px; height: 600px;\" data-original-width=\"900\" data-original-height=\"600\" > <div class=\"gallery-group images-1\" style=\"width: 900px; height: 600px;\" data-original-width=\"900\" data-original-height=\"600\" > <div class=\"tiled-gallery-item tiled-gallery-item-large\" itemprop=\"associatedMedia\" itemscope itemtype=\"http:\/\/schema.org\/ImageObject\"> <a href=\"https:\/\/opistobranquis.info\/es\/guia\/nudibranchia\/doridina\/doridoidei\/chromodoridoidea\/felimare-bilineata\/felimare-bilineata-by-jose-carlos-garcia-gomez\/\" border=\"0\" itemprop=\"url\"> <meta itemprop=\"width\" content=\"896\"> <meta itemprop=\"height\" content=\"596\"> <img decoding=\"async\" class=\"\" data-attachment-id=\"36601\" data-orig-file=\"https:\/\/opistobranquis.info\/wp-content\/uploads\/2023\/01\/Felimare-bilineata-by-Jose-Carlos-Garcia-Gomez.jpg\" data-orig-size=\"1200,798\" data-comments-opened=\"\" data-image-title=\"Felimare bilineata by Jos\u00e9 Carlos Garc\u00eda G\u00f3mez\" data-image-description=\"&lt;p&gt;Felimare bilineata by Jos\u00e9 Carlos Garc\u00eda G\u00f3mez&lt;\/p&gt; \" data-medium-file=\"https:\/\/i0.wp.com\/opistobranquis.info\/wp-content\/uploads\/2023\/01\/Felimare-bilineata-by-Jose-Carlos-Garcia-Gomez.jpg?fit=300%2C200&#038;ssl=1\" data-large-file=\"https:\/\/i0.wp.com\/opistobranquis.info\/wp-content\/uploads\/2023\/01\/Felimare-bilineata-by-Jose-Carlos-Garcia-Gomez.jpg?fit=900%2C599&#038;ssl=1\" src=\"https:\/\/i0.wp.com\/opistobranquis.info\/wp-content\/uploads\/2023\/01\/Felimare-bilineata-by-Jose-Carlos-Garcia-Gomez.jpg?w=896&#038;h=596&#038;ssl=1\" srcset=\"https:\/\/i0.wp.com\/opistobranquis.info\/wp-content\/uploads\/2023\/01\/Felimare-bilineata-by-Jose-Carlos-Garcia-Gomez.jpg?w=1200&amp;ssl=1 1200w, https:\/\/i0.wp.com\/opistobranquis.info\/wp-content\/uploads\/2023\/01\/Felimare-bilineata-by-Jose-Carlos-Garcia-Gomez.jpg?resize=300%2C200&amp;ssl=1 300w, https:\/\/i0.wp.com\/opistobranquis.info\/wp-content\/uploads\/2023\/01\/Felimare-bilineata-by-Jose-Carlos-Garcia-Gomez.jpg?resize=1024%2C681&amp;ssl=1 1024w, https:\/\/i0.wp.com\/opistobranquis.info\/wp-content\/uploads\/2023\/01\/Felimare-bilineata-by-Jose-Carlos-Garcia-Gomez.jpg?resize=150%2C100&amp;ssl=1 150w\" width=\"896\" height=\"596\" loading=\"lazy\" data-original-width=\"896\" data-original-height=\"596\" itemprop=\"http:\/\/schema.org\/image\" title=\"Felimare bilineata by Jos\u00e9 Carlos Garc\u00eda G\u00f3mez\" alt=\"Felimare bilineata by Jos\u00e9 Carlos Garc\u00eda G\u00f3mez\" style=\"width: 896px; height: 596px;\" \/> <\/a> <div class=\"tiled-gallery-caption\" itemprop=\"caption description\"> Felimare bilineata by Jos\u00e9 Carlos Garc\u00eda G\u00f3mez <\/div> <\/div> <\/div> <!-- close group --> <\/div> <!-- close row --> <\/div>Fotos de microscopia: \u00a9 Luis S\u00e1nchez Tocino, reproducido con autorizaci\u00f3n.<\/p>\n<p><strong>Bibliograf\u00eda<\/strong><\/p><ul><div id=\"zotpress-c4b4b7001ae6927f2d0253e42c8f30ca\" class=\"zp-Zotpress zp-Zotpress-Bib wp-block-group\">\n\n\t\t<span class=\"ZP_API_USER_ID ZP_ATTR\">1246567<\/span>\n\t\t<span class=\"ZP_ITEM_KEY ZP_ATTR\"><\/span>\n\t\t<span class=\"ZP_COLLECTION_ID ZP_ATTR\"><\/span>\n\t\t<span class=\"ZP_TAG_ID ZP_ATTR\">Felimare bilineata<\/span>\n\t\t<span class=\"ZP_AUTHOR ZP_ATTR\"><\/span>\n\t\t<span class=\"ZP_YEAR ZP_ATTR\"><\/span>\n        <span class=\"ZP_ITEMTYPE ZP_ATTR\"><\/span>\n\t\t<span class=\"ZP_INCLUSIVE ZP_ATTR\">1<\/span>\n\t\t<span class=\"ZP_STYLE ZP_ATTR\">eunomia-revista-en-cultura-de-la-legalidad<\/span>\n\t\t<span class=\"ZP_LIMIT ZP_ATTR\">50<\/span>\n\t\t<span class=\"ZP_SORTBY ZP_ATTR\">creator<\/span>\n\t\t<span class=\"ZP_ORDER ZP_ATTR\">asc<\/span>\n\t\t<span class=\"ZP_TITLE ZP_ATTR\"><\/span>\n\t\t<span class=\"ZP_SHOWIMAGE ZP_ATTR\"><\/span>\n\t\t<span class=\"ZP_SHOWTAGS ZP_ATTR\"><\/span>\n\t\t<span class=\"ZP_DOWNLOADABLE ZP_ATTR\"><\/span>\n\t\t<span class=\"ZP_NOTES ZP_ATTR\"><\/span>\n\t\t<span class=\"ZP_ABSTRACT ZP_ATTR\"><\/span>\n\t\t<span class=\"ZP_CITEABLE ZP_ATTR\"><\/span>\n\t\t<span class=\"ZP_TARGET ZP_ATTR\">1<\/span>\n\t\t<span class=\"ZP_URLWRAP ZP_ATTR\"><\/span>\n\t\t<span class=\"ZP_FORCENUM ZP_ATTR\"><\/span>\n        <span class=\"ZP_HIGHLIGHT ZP_ATTR\"><\/span>\n        <span class=\"ZP_POSTID ZP_ATTR\">11343<\/span>\n\t\t<span class=\"ZOTPRESS_PLUGIN_URL ZP_ATTR\">https:\/\/opistobranquis.info\/wp-content\/plugins\/zotpress\/<\/span>\n\n\t\t<div class=\"zp-List loading\">\n\t\t\t<div class=\"zp-SEO-Content\">\n\n\t\t\t<\/div><!-- .zp-zp-SEO-Content -->\n\t\t<\/div><!-- .zp-List -->\n\t<\/div><!--.zp-Zotpress-->\n\n<p><\/p>Bibliograf\u00eda basada en los trabajos de <b>Steve Long, 2006<\/b>. <a target=_blank href=https:\/\/opistobranquis.info\/wp-content\/uploads\/2016\/06\/Long-S.-2006-Bibliography-of-Opisthobranchia-1554-2000.pdf>Bibliography of Opisthobranchia 1554-2000<\/a> y <b>Gary McDonald, 2009<\/b>. <a href=http:\/\/escholarship.org\/uc\/item\/8115h0wz>Bibliographia Nudibranchia<\/a>, con actualizaciones posteriores procedentes de otras fuentes.<p><\/p><\/ul><p><\/p><p><strong>M\u00e1s informaci\u00f3n<\/strong><\/p><span style=\"font-size:10pt\"><ul><ul class=\"blogroll-links\"><li><a href=\"http:\/\/www.biodiversitylibrary.org\/name\/Hypselodoris%20bilineata\">Biodiversity Heritage Library<\/a><\/li><li><a href=\"http:\/\/www.cibsub.com\/bioespecie_es-felimare_bilineata-41599\">CIB - Club Immersio Biologia<\/a><\/li><li><a href=\"https:\/\/litoraldegranada.ugr.es\/el-litoral\/el-litoral-sumergido\/fauna\/moluscos\/gasteropodos\/opistobranquios\/orden-nudibranchia\/doridaceos\/doridoideos\/felimare-cantabrica\/\">El Litoral de Granada<\/a><\/li><li><a href=\"https:\/\/www.flickr.com\/search\/?text=Felimare%20bilineata\">Flickr pictures<\/a><\/li><li><a href=\"http:\/\/www.opistobranquis.org\/ca\/guia\/89\">GROC<\/a><\/li><li><a href=\"http:\/\/www.irmng.org\/aphia.php?p=taxlist&#038;tName=Felimare%20bilineata\">Interim Register of Marine and Nonmarine Genera<\/a><\/li><li><a href=\"http:\/\/www.ncbi.nlm.nih.gov\/Taxonomy\/Browser\/wwwtax.cgi?mode=Undef&#038;name=Felimare%20bilineata&#038;lvl=0&#038;srchmode=1\">NCBI GenBank<\/a><\/li><li><a href=\"http:\/\/iobis.org\/mapper\/?taxon=Felimare%20bilineata\">OBIS - Search by Taxon<\/a><\/li><li><a href=\"http:\/\/www.seaslugforum.net\/showall\/hypsbili\">Sea Slug Forum<\/a><\/li><li><a href=\"http:\/\/www.marinespecies.org\/aphia.php?p=taxdetails&#038;id=597516\">World Register of Marine Species<\/a><\/li><\/ul><\/ul><\/span><p><strong>Citar este art\u00edculo como: <\/strong><\/p><div style=\"display: block; background: #444444; padding: 10px 30px 10px 10px; border-radius: 5px; line-height: 18px;\"><p class=\"citacio\"><b>Ballesteros, M., Madrenas, E. &#38; Pontes, M.<\/b> (2025) <em>\"Felimare bilineata\"<\/em> en <em>OPK-Opistobranquis<\/em>. Publicado: 15\/10\/2013. Accedido: 04\/09\/2026. Disponible en (<a href=https:\/\/opistobranquis.info\/es\/?p=11343>https:\/\/opistobranquis.info\/es\/?p=11343<\/a>)<\/p><p><\/p><\/div><p><\/p><\/p>","protected":false},"excerpt":{"rendered":"<p>Felimare bilineata (Pruvot-Fol, 1953) Sin\u00f3nimos Glossodoris bilineata Pruvot-Fol, 1953 (original) Hypselodoris bilineata (Pruvot-Fol, 1953) Descripci\u00f3n Puede alcanzar 25 mm de longitud. Cuerpo largo y estrecho de color azul oscuro, con una l\u00ednea amarilla que recorre el margen del dorso a todo su alrededor. El nombre espec\u00edfico se debe a una doble l\u00ednea amarilla medio dorsal que va desde la zona posterior de los rin\u00f3foros hasta la branquia; esta l\u00ednea forma\u2026<\/p>\n<p class=\"continue-reading-button\"> <a class=\"continue-reading-link\" href=\"https:\/\/opistobranquis.info\/es\/guia\/nudibranchia\/doridina\/doridoidei\/chromodoridoidea\/felimare-bilineata\/\">Sigue leyendo<i class=\"crycon-right-dir\"><\/i><\/a><\/p>\n","protected":false},"author":291,"featured_media":35090,"parent":48630,"menu_order":7,"comment_status":"closed","ping_status":"closed","template":"","meta":{"footnotes":""},"class_list":["post-11343","page","type-page","status-publish","has-post-thumbnail","hentry"],"jetpack_sharing_enabled":true,"_links":{"self":[{"href":"https:\/\/opistobranquis.info\/es\/wp-json\/wp\/v2\/pages\/11343","targetHints":{"allow":["GET"]}}],"collection":[{"href":"https:\/\/opistobranquis.info\/es\/wp-json\/wp\/v2\/pages"}],"about":[{"href":"https:\/\/opistobranquis.info\/es\/wp-json\/wp\/v2\/types\/page"}],"author":[{"embeddable":true,"href":"https:\/\/opistobranquis.info\/es\/wp-json\/wp\/v2\/users\/291"}],"replies":[{"embeddable":true,"href":"https:\/\/opistobranquis.info\/es\/wp-json\/wp\/v2\/comments?post=11343"}],"version-history":[{"count":10,"href":"https:\/\/opistobranquis.info\/es\/wp-json\/wp\/v2\/pages\/11343\/revisions"}],"predecessor-version":[{"id":35931,"href":"https:\/\/opistobranquis.info\/es\/wp-json\/wp\/v2\/pages\/11343\/revisions\/35931"}],"up":[{"embeddable":true,"href":"https:\/\/opistobranquis.info\/es\/wp-json\/wp\/v2\/pages\/48630"}],"wp:featuredmedia":[{"embeddable":true,"href":"https:\/\/opistobranquis.info\/es\/wp-json\/wp\/v2\/media\/35090"}],"wp:attachment":[{"href":"https:\/\/opistobranquis.info\/es\/wp-json\/wp\/v2\/media?parent=11343"}],"curies":[{"name":"wp","href":"https:\/\/api.w.org\/{rel}","templated":true}]}}