{"id":12176,"date":"2014-08-13T13:11:55","date_gmt":"2014-08-13T11:11:55","guid":{"rendered":"https:\/\/opistobranquis.info\/?page_id=12176"},"modified":"2025-01-18T14:22:22","modified_gmt":"2025-01-18T13:22:22","slug":"lobiger-serradifalci","status":"publish","type":"page","link":"https:\/\/opistobranquis.info\/es\/guia\/sacoglossa\/oxynooidea\/lobiger-serradifalci\/","title":{"rendered":"Lobiger serradifalci"},"content":{"rendered":"<p><\/p>\n<h3><em>Lobiger serradifalci<\/em> (Calcara, 1840)<\/h3>\n<p><span style=\"font-size:10pt;\" class=\"aligncenter\"><div id=\"featured-img-id\"><img data-recalc-dims=\"1\" decoding=\"async\" src=\"https:\/\/i0.wp.com\/opistobranquis.info\/wp-content\/uploads\/2022\/09\/Lobiger-serradifalci-00-1.jpg?w=900&#038;ssl=1\" alt=\"Lobiger serradifalci by Enric Madrenas\" \/><\/div><center><em>Lobiger serradifalci<\/em> por Enric Madrenas<\/center><\/span><p><\/p><div class=\"opk-worms\"><h3>Informaci\u00f3n taxon\u00f3mica WoRMS<\/h3><div class=\"opk-success\">Nombre aceptado actual: <strong><em>Lobiger serradifalci<\/em> (Calcara, 1840)<\/strong><\/div><h4>Clasificaci\u00f3n actual<\/h4><table class=\"widefat striped\"><tr><th>Superdomain<\/th><td><a target=\"_blank\" href=\"https:\/\/www.marinespecies.org\/aphia.php?p=taxdetails&id=1\">Biota<\/a><\/td><\/tr><tr><th>Kingdom<\/th><td><a target=\"_blank\" href=\"https:\/\/www.marinespecies.org\/aphia.php?p=taxdetails&id=2\">Animalia<\/a><\/td><\/tr><tr><th>Phylum<\/th><td><a target=\"_blank\" href=\"https:\/\/www.marinespecies.org\/aphia.php?p=taxdetails&id=51\">Mollusca<\/a><\/td><\/tr><tr><th>Class<\/th><td><a target=\"_blank\" href=\"https:\/\/www.marinespecies.org\/aphia.php?p=taxdetails&id=101\">Gastropoda<\/a><\/td><\/tr><tr><th>Subclass<\/th><td><a target=\"_blank\" href=\"https:\/\/www.marinespecies.org\/aphia.php?p=taxdetails&id=14712\">Heterobranchia<\/a><\/td><\/tr><tr><th>Infraclass<\/th><td><a target=\"_blank\" href=\"https:\/\/www.marinespecies.org\/aphia.php?p=taxdetails&id=1057247\">Euthyneura<\/a><\/td><\/tr><tr><th>Subterclass<\/th><td><a target=\"_blank\" href=\"https:\/\/www.marinespecies.org\/aphia.php?p=taxdetails&id=1057250\">Tectipleura<\/a><\/td><\/tr><tr><th>Superorder<\/th><td><a target=\"_blank\" href=\"https:\/\/www.marinespecies.org\/aphia.php?p=taxdetails&id=167\">Sacoglossa<\/a><\/td><\/tr><tr><th>Superfamily<\/th><td><a target=\"_blank\" href=\"https:\/\/www.marinespecies.org\/aphia.php?p=taxdetails&id=411955\">Oxynooidea<\/a><\/td><\/tr><tr><th>Family<\/th><td><a target=\"_blank\" href=\"https:\/\/www.marinespecies.org\/aphia.php?p=taxdetails&id=153471\">Oxynoidae<\/a><\/td><\/tr><tr><th>Genus<\/th><td><a target=\"_blank\" href=\"https:\/\/www.marinespecies.org\/aphia.php?p=taxdetails&id=138308\"><em>Lobiger<\/em><\/a><\/td><\/tr><tr><th>Species<\/th><td><a target=\"_blank\" href=\"https:\/\/www.marinespecies.org\/aphia.php?p=taxdetails&id=140671\"><em>Lobiger serradifalci<\/em> (Calcara, 1840)<\/a><\/td><\/tr><\/table><p class=\"footer\">Clasificaci\u00f3n proporcionada por el World Register of Marine Species (WoRMS). [<a target=\"_blank\" href=\"https:\/\/www.marinespecies.org\/aphia.php?p=taxdetails&id=140671\">140671<\/a>]<\/p><\/div><strong>Sin\u00f3nimos<\/strong><\/p>\n<ul>\n<li><strong><span id=\"aphia_ct_tu_747934\"><i>Bullea serradifalci<\/i> Calcara, 1840 (original)<\/span><\/strong><\/li>\n<li><span id=\"aphia_ct_tu_212842\"><i>Lobiger philippii<\/i> Krohn, 1847<\/span><\/li>\n<\/ul>\n<p><strong>Descripci\u00f3n<br \/>\n<\/strong>El cuerpo es alargado, alcanzando una longitud m\u00e1xima de 40 mm. Su coloraci\u00f3n es predominantemente amarilla con un tinte verdoso, oscureci\u00e9ndose en la cabeza, la cola y las superficies externas de los parapodios, y con un tono m\u00e1s claro en sus superficies internas. Cada lado del cuerpo presenta extensiones parapodiales que forman dos l\u00f3bulos prominentes con m\u00e1rgenes ondulados. Se observan tub\u00e9rculos c\u00f3nicos romos, dispersos por las superficies externas de los parapodios, el cuerpo y la cola. Anteriormente, el pie tiene esquinas redondeado y carece de un surco transversal. La cola es apuntada y mide aproximadamente la mitad de la longitud total del cuerpo. Una l\u00ednea negra longitudinal caracter\u00edstica recorre cada lado de la cabeza y el cuello, extendi\u00e9ndose desde la base de los rin\u00f3foros hasta el borde de la cavidad del manto. La cabeza presenta dos l\u00f3bulos orales y un par de rin\u00f3foros enrollados longitudinalmente, que se abren ventralmente. Los bordes de los parapodios est\u00e1n bordeados por una l\u00ednea blanca, con una l\u00ednea roja en su interior. Muchos tub\u00e9rculos del lado anterior del cuerpo tienen marcas blancas, mientras que los del lado posterior tienen marcas rojas. La concha oval es transl\u00facida y delgada, muy reducida, y su peque\u00f1a espiral impide que el animal se retraiga completamente en ella. El gonoporo masculino se encuentra justo detr\u00e1s del rin\u00f3foro delantero derecho, mientras que el poro femenino se encuentra m\u00e1s cerca de la cola. El ano se encuentra la parte inferior trasera de la cavidad del manto. Una gran branquia plegada se extiende de derecha a izquierda a trav\u00e9s de la parte superior de la cavidad del manto.<\/p>\n<p><strong>Biolog\u00eda<br \/>\n<\/strong>Habita zonas infralitorales, donde se alimenta principalmente de <em>Caulerpa prolifera<\/em>, camufl\u00e1ndose bien con su entorno. Esta especie deposita las masas de huevos en las hojas de las algas que habita, formando una espiral plana de unas dos vueltas y media con huevos muy peque\u00f1os de color blanco transl\u00facido. Los huevos eclosionan en v\u00e9ligers de nataci\u00f3n libre despu\u00e9s de aproximadamente 16 d\u00edas a una temperatura de 16\u00b0C. Como mecanismo defensivo, los l\u00f3bulos parapodiales y la punta de la cola pueden autotomizarse cuando se molesta al animal.<br \/>\nTambi\u00e9n se ha observado que <em>L.serradifalci<\/em> se alimenta de <em>Caulerpa taxifolia<\/em>, una especie introducida accidentalmente en el Mediterr\u00e1neo por el Acuario de M\u00f3naco. Sin embargo, en lugar de controlar la propagaci\u00f3n de esta alga invasora, puede exacerbarla (Zuljevic et al., 2001) pues, en el Mediterr\u00e1neo, <em>C. taxifolia<\/em> se reproduce vegetativamente, rompi\u00e9ndose peque\u00f1os fragmentos y estableciendo nuevos brotes. Al perforar las paredes celulares de su hu\u00e9sped para alimentarse, <em>Lobiger serradifalci<\/em> debilita las algas, aumentando la probabilidad de fragmentaci\u00f3n y dispersi\u00f3n.<\/p>\n<p><strong>Etimolog\u00eda<\/strong><\/p>\n<ul>\n<li><em>Lobiger.\u00a0<\/em>Del Lat\u00edn &#8220;lobus&#8221;, l\u00f3bulo + &#8220;gero&#8221;\/ &#8220;gerere&#8221;, llevar.<\/li>\n<li><em>Serradifalci<\/em>. En honor al arque\u00f3logo siciliano Antonino Lo Faso-Pietrasanta, duque de Serradifalco y miembro del Real Instituto de Francia.<\/li>\n<\/ul>\n<p><strong>Distribuci\u00f3n<br \/>\n<\/strong>Esta especie se encuentra en todo el Mediterr\u00e1neo y las regiones atl\u00e1nticas adyacentes, extendi\u00e9ndose hasta el sur hasta Santo Tom\u00e9 y Pr\u00edncipe y Cabo Verde. <div id=\"flxmap-6a9d235299470\" class='flxmap-container' data-flxmap='flxmap_6a9d235299470' style=\"width:100%;height:400px;\"><\/div>\n<script data-noptimize=\"1\">\n\/* <![CDATA[ *\/\n(function(w, fn) {\n if (w.addEventListener) w.addEventListener(\"DOMContentLoaded\", fn, false);\n else if (w.attachEvent) w.attachEvent(\"onload\", fn);\n})(window, function() {\n var f = new FlexibleMap();\n f.panControl = true;\n f.mapTypeId = \"satellite\";\n f.setlocale(\"es-ES\");\n f.kmlcache = \"5 minutes\";\n f.showKML(\"flxmap-6a9d235299470\", \"https:\/\/opistobranquis.info\/wp-content\/uploads\/kms\/12176.kmz\");\n window.flxmap_6a9d235299470 = f;\n});\n\/* ]]> *\/\n<\/script>\n<div style=\"width:100%;text-align:center;margin:12px 0 4px 0;\">\n  <div style=\"font-size:8pt;margin-bottom:6px;\">Citas georeferenciadas conocidas de la especie: <em>Lobiger serradifalci<\/em><\/div>\n  <table style=\"margin:0 auto;border-collapse:collapse;font-size:8pt;\">\n    <tr><td colspan=\"2\" style=\"text-align:left;padding-bottom:4px;\"><strong>Fonts:<\/strong><\/td><\/tr>\n    <tr>\n      <td style=\"vertical-align:top;padding-right:40px;\">\n        <table style=\"border-collapse:collapse;\">\n<tr><td style='padding:1px 6px 1px 0;vertical-align:middle'><img data-recalc-dims=\"1\" src=\"https:\/\/i0.wp.com\/opistobranquis.info\/wp-content\/uploads\/kms\/wht-circle-lv.png?w=900&#038;ssl=1\" style='display:block'><\/td><td style='padding:1px 0;vertical-align:middle;white-space:nowrap'>OBIS<\/td><\/tr><tr><td style='padding:1px 6px 1px 0;vertical-align:middle'><img data-recalc-dims=\"1\" src=\"https:\/\/i0.wp.com\/opistobranquis.info\/wp-content\/uploads\/kms\/ylw-circle-lv.png?w=900&#038;ssl=1\" style='display:block'><\/td><td style='padding:1px 0;vertical-align:middle;white-space:nowrap'>GROC 2010-2011<\/td><\/tr><tr><td style='padding:1px 6px 1px 0;vertical-align:middle'><img data-recalc-dims=\"1\" src=\"https:\/\/i0.wp.com\/opistobranquis.info\/wp-content\/uploads\/kms\/grn-circle-lv.png?w=900&#038;ssl=1\" style='display:block'><\/td><td style='padding:1px 0;vertical-align:middle;white-space:nowrap'>Enric Madrenas<\/td><\/tr><tr><td style='padding:1px 6px 1px 0;vertical-align:middle'><img data-recalc-dims=\"1\" src=\"https:\/\/i0.wp.com\/opistobranquis.info\/wp-content\/uploads\/kms\/orange-circle-lv.png?w=900&#038;ssl=1\" style='display:block'><\/td><td style='padding:1px 0;vertical-align:middle;white-space:nowrap'>Jo\u00e3o Pedro Silva<\/td><\/tr><tr><td style='padding:1px 6px 1px 0;vertical-align:middle'><img data-recalc-dims=\"1\" src=\"https:\/\/i0.wp.com\/opistobranquis.info\/wp-content\/uploads\/kms\/pink-circle-lv.png?w=900&#038;ssl=1\" style='display:block'><\/td><td style='padding:1px 0;vertical-align:middle;white-space:nowrap'>Bernard Picton<\/td><\/tr><tr><td style='padding:1px 6px 1px 0;vertical-align:middle'><img data-recalc-dims=\"1\" src=\"https:\/\/i0.wp.com\/opistobranquis.info\/wp-content\/uploads\/kms\/blk-circle-lv.png?w=900&#038;ssl=1\" style='display:block'><\/td><td style='padding:1px 0;vertical-align:middle;white-space:nowrap'>GBIF<\/td><\/tr>        <\/table>\n      <\/td>\n      <td style=\"vertical-align:top;\">\n        <table style=\"border-collapse:collapse;\">\n<tr><td style='padding:1px 6px 1px 0;vertical-align:middle'><img data-recalc-dims=\"1\" src=\"https:\/\/i0.wp.com\/opistobranquis.info\/wp-content\/uploads\/kms\/purple-circle-lv.png?w=900&#038;ssl=1\" style='display:block'><\/td><td style='padding:1px 0;vertical-align:middle;white-space:nowrap'>OPK<\/td><\/tr><tr><td style='padding:1px 6px 1px 0;vertical-align:middle'><img data-recalc-dims=\"1\" src=\"https:\/\/i0.wp.com\/opistobranquis.info\/wp-content\/uploads\/kms\/red-circle-lv.png?w=900&#038;ssl=1\" style='display:block'><\/td><td style='padding:1px 0;vertical-align:middle;white-space:nowrap'>VIMAR<\/td><\/tr><tr><td style='padding:1px 6px 1px 0;vertical-align:middle'><img data-recalc-dims=\"1\" src=\"https:\/\/i0.wp.com\/opistobranquis.info\/wp-content\/uploads\/kms\/blu-circle-lv.png?w=900&#038;ssl=1\" style='display:block'><\/td><td style='padding:1px 0;vertical-align:middle;white-space:nowrap'>Manuel Ballesteros<\/td><\/tr><tr><td style='padding:1px 6px 1px 0;vertical-align:middle'><img data-recalc-dims=\"1\" src=\"https:\/\/i0.wp.com\/opistobranquis.info\/wp-content\/uploads\/kms\/cyan-circle-lv.png?w=900&#038;ssl=1\" style='display:block'><\/td><td style='padding:1px 0;vertical-align:middle;white-space:nowrap'>M@re Nostrum<\/td><\/tr><tr><td style='padding:1px 6px 1px 0;vertical-align:middle'><img data-recalc-dims=\"1\" src=\"https:\/\/i0.wp.com\/opistobranquis.info\/wp-content\/uploads\/kms\/grey-circle-lv.png?w=900&#038;ssl=1\" style='display:block'><\/td><td style='padding:1px 0;vertical-align:middle;white-space:nowrap'>Altres fonts<\/td><\/tr><tr><td style='padding:1px 6px 1px 0;vertical-align:middle'><img data-recalc-dims=\"1\" src=\"https:\/\/i0.wp.com\/opistobranquis.info\/wp-content\/uploads\/kms\/marreg.png?w=900&#038;ssl=1\" style='display:block'><\/td><td style='padding:1px 0;vertical-align:middle;white-space:nowrap'>Marine Regions<\/td><\/tr>        <\/table>\n      <\/td>\n    <\/tr>\n  <\/table>\n<\/div>\n<\/p>\n<p><strong>Error:<\/strong> Chart.js no est\u00e1 disponible.<\/p>\n<p><strong>Otras fotos<br \/>\n<\/strong><div class=\"tiled-gallery type-rectangular tiled-gallery-unresized\" data-original-width=\"900\" data-carousel-extra='{&quot;blog_id&quot;:1,&quot;permalink&quot;:&quot;https:\\\/\\\/opistobranquis.info\\\/es\\\/guia\\\/sacoglossa\\\/oxynooidea\\\/lobiger-serradifalci\\\/&quot;,&quot;likes_blog_id&quot;:44192421}' itemscope itemtype=\"http:\/\/schema.org\/ImageGallery\" > <div class=\"gallery-row\" style=\"width: 900px; height: 417px;\" data-original-width=\"900\" data-original-height=\"417\" > <div class=\"gallery-group images-1\" style=\"width: 598px; height: 417px;\" data-original-width=\"598\" data-original-height=\"417\" > <div class=\"tiled-gallery-item tiled-gallery-item-large\" itemprop=\"associatedMedia\" itemscope itemtype=\"http:\/\/schema.org\/ImageObject\"> <a href=\"https:\/\/opistobranquis.info\/es\/guia\/sacoglossa\/oxynooidea\/lobiger-serradifalci\/th_lobiger-serradifalci-by-baki-yokes-20020502-uc-adalar-turquia-5m-on-caulerpa-racemosa-var-cylindracea\/\" border=\"0\" itemprop=\"url\"> <meta itemprop=\"width\" content=\"594\"> <meta itemprop=\"height\" content=\"413\"> <img decoding=\"async\" class=\"\" data-attachment-id=\"14638\" data-orig-file=\"https:\/\/opistobranquis.info\/wp-content\/uploads\/2014\/09\/th_Lobiger-serradifalci-by-Baki-Yokes-@-20020502-Uc-Adalar-Turquia-5m-on-Caulerpa-racemosa-var.cylindracea.jpg\" data-orig-size=\"800,557\" data-comments-opened=\"\" data-image-title=\"Lobiger serradifalci by Baki Yokes @ 20020502 Uc Adalar, Turquia 5m, on Caulerpa racemosa var.cylindracea\" data-image-description=\"&lt;p&gt;Lobiger serradifalci by Baki Yokes @ 20020502 Uc Adalar, Turquia 5m, on Caulerpa racemosa var.cylindracea&lt;\/p&gt; \" data-medium-file=\"https:\/\/i0.wp.com\/opistobranquis.info\/wp-content\/uploads\/2014\/09\/th_Lobiger-serradifalci-by-Baki-Yokes-%40-20020502-Uc-Adalar-Turquia-5m-on-Caulerpa-racemosa-var.cylindracea.jpg?fit=300%2C208&#038;ssl=1\" data-large-file=\"https:\/\/i0.wp.com\/opistobranquis.info\/wp-content\/uploads\/2014\/09\/th_Lobiger-serradifalci-by-Baki-Yokes-%40-20020502-Uc-Adalar-Turquia-5m-on-Caulerpa-racemosa-var.cylindracea.jpg?fit=800%2C557&#038;ssl=1\" src=\"https:\/\/i0.wp.com\/opistobranquis.info\/wp-content\/uploads\/2014\/09\/th_Lobiger-serradifalci-by-Baki-Yokes-%40-20020502-Uc-Adalar-Turquia-5m-on-Caulerpa-racemosa-var.cylindracea.jpg?w=594&#038;h=413&#038;ssl=1\" width=\"594\" height=\"413\" loading=\"lazy\" data-original-width=\"594\" data-original-height=\"413\" itemprop=\"http:\/\/schema.org\/image\" title=\"Lobiger serradifalci by Baki Yokes @ 20020502 Uc Adalar, Turquia 5m, on Caulerpa racemosa var.cylindracea\" alt=\"Lobiger serradifalci by Baki Yokes @ 20020502 Uc Adalar, Turquia 5m, on Caulerpa racemosa var.cylindracea\" style=\"width: 594px; height: 413px;\" \/> <\/a> <div class=\"tiled-gallery-caption\" itemprop=\"caption description\"> Lobiger serradifalci by Baki Yokes @ 20020502 Uc Adalar, Turquia 5m, on Caulerpa racemosa var.cylindracea <\/div> <\/div> <\/div> <!-- close group --> <div class=\"gallery-group images-2\" style=\"width: 302px; height: 417px;\" data-original-width=\"302\" data-original-height=\"417\" > <div class=\"tiled-gallery-item tiled-gallery-item-large\" itemprop=\"associatedMedia\" itemscope itemtype=\"http:\/\/schema.org\/ImageObject\"> <a href=\"https:\/\/opistobranquis.info\/es\/guia\/sacoglossa\/oxynooidea\/lobiger-serradifalci\/th_lobiger-serradifalci-by-baki-yokes-20051204-uc-adalar-turquia-28m-on-caulerpa-prolifera\/\" border=\"0\" itemprop=\"url\"> <meta itemprop=\"width\" content=\"298\"> <meta itemprop=\"height\" content=\"213\"> <img decoding=\"async\" class=\"\" data-attachment-id=\"14639\" data-orig-file=\"https:\/\/opistobranquis.info\/wp-content\/uploads\/2014\/09\/th_Lobiger-serradifalci-by-Baki-Yokes-@-20051204-Uc-Adalar-Turquia-28m-on-Caulerpa-prolifera.jpg\" data-orig-size=\"800,571\" data-comments-opened=\"\" data-image-title=\"Lobiger serradifalci by Baki Yokes @ 20051204 Uc Adalar, Turquia 28m, on Caulerpa prolifera\" data-image-description=\"&lt;p&gt;Lobiger serradifalci by Baki Yokes @ 20051204 Uc Adalar, Turquia 28m, on Caulerpa prolifera&lt;\/p&gt; \" data-medium-file=\"https:\/\/i0.wp.com\/opistobranquis.info\/wp-content\/uploads\/2014\/09\/th_Lobiger-serradifalci-by-Baki-Yokes-%40-20051204-Uc-Adalar-Turquia-28m-on-Caulerpa-prolifera.jpg?fit=300%2C214&#038;ssl=1\" data-large-file=\"https:\/\/i0.wp.com\/opistobranquis.info\/wp-content\/uploads\/2014\/09\/th_Lobiger-serradifalci-by-Baki-Yokes-%40-20051204-Uc-Adalar-Turquia-28m-on-Caulerpa-prolifera.jpg?fit=800%2C571&#038;ssl=1\" src=\"https:\/\/i0.wp.com\/opistobranquis.info\/wp-content\/uploads\/2014\/09\/th_Lobiger-serradifalci-by-Baki-Yokes-%40-20051204-Uc-Adalar-Turquia-28m-on-Caulerpa-prolifera.jpg?w=298&#038;h=213&#038;ssl=1\" width=\"298\" height=\"213\" loading=\"lazy\" data-original-width=\"298\" data-original-height=\"213\" itemprop=\"http:\/\/schema.org\/image\" title=\"Lobiger serradifalci by Baki Yokes @ 20051204 Uc Adalar, Turquia 28m, on Caulerpa prolifera\" alt=\"Lobiger serradifalci by Baki Yokes @ 20051204 Uc Adalar, Turquia 28m, on Caulerpa prolifera\" style=\"width: 298px; height: 213px;\" \/> <\/a> <div class=\"tiled-gallery-caption\" itemprop=\"caption description\"> Lobiger serradifalci by Baki Yokes @ 20051204 Uc Adalar, Turquia 28m, on Caulerpa prolifera <\/div> <\/div> <div class=\"tiled-gallery-item tiled-gallery-item-large\" itemprop=\"associatedMedia\" itemscope itemtype=\"http:\/\/schema.org\/ImageObject\"> <a href=\"https:\/\/opistobranquis.info\/es\/guia\/sacoglossa\/oxynooidea\/lobiger-serradifalci\/lobiger-serradifalci-by-enrico-ricchitelli\/\" border=\"0\" itemprop=\"url\"> <meta itemprop=\"width\" content=\"298\"> <meta itemprop=\"height\" content=\"196\"> <img decoding=\"async\" class=\"\" data-attachment-id=\"17063\" data-orig-file=\"https:\/\/opistobranquis.info\/wp-content\/uploads\/2014\/12\/Lobiger-serradifalci-by-Enrico-Ricchitelli.jpg\" data-orig-size=\"800,527\" data-comments-opened=\"\" data-image-title=\"Lobiger serradifalci by Enric Madrenas\" data-image-description=\"&lt;p&gt;Lobiger serradifalci by Enric Madrenas&lt;\/p&gt; \" data-medium-file=\"https:\/\/i0.wp.com\/opistobranquis.info\/wp-content\/uploads\/2014\/12\/Lobiger-serradifalci-by-Enrico-Ricchitelli.jpg?fit=300%2C197&#038;ssl=1\" data-large-file=\"https:\/\/i0.wp.com\/opistobranquis.info\/wp-content\/uploads\/2014\/12\/Lobiger-serradifalci-by-Enrico-Ricchitelli.jpg?fit=800%2C527&#038;ssl=1\" src=\"https:\/\/i0.wp.com\/opistobranquis.info\/wp-content\/uploads\/2014\/12\/Lobiger-serradifalci-by-Enrico-Ricchitelli.jpg?w=298&#038;h=196&#038;ssl=1\" srcset=\"https:\/\/i0.wp.com\/opistobranquis.info\/wp-content\/uploads\/2014\/12\/Lobiger-serradifalci-by-Enrico-Ricchitelli.jpg?w=800&amp;ssl=1 800w, https:\/\/i0.wp.com\/opistobranquis.info\/wp-content\/uploads\/2014\/12\/Lobiger-serradifalci-by-Enrico-Ricchitelli.jpg?resize=150%2C98&amp;ssl=1 150w, https:\/\/i0.wp.com\/opistobranquis.info\/wp-content\/uploads\/2014\/12\/Lobiger-serradifalci-by-Enrico-Ricchitelli.jpg?resize=300%2C197&amp;ssl=1 300w\" width=\"298\" height=\"196\" loading=\"lazy\" data-original-width=\"298\" data-original-height=\"196\" itemprop=\"http:\/\/schema.org\/image\" title=\"Lobiger serradifalci by Enric Madrenas\" alt=\"Lobiger serradifalci by Enric Madrenas\" style=\"width: 298px; height: 196px;\" \/> <\/a> <div class=\"tiled-gallery-caption\" itemprop=\"caption description\"> Lobiger serradifalci <\/div> <\/div> <\/div> <!-- close group --> <\/div> <!-- close row --> <div class=\"gallery-row\" style=\"width: 900px; height: 399px;\" data-original-width=\"900\" data-original-height=\"399\" > <div class=\"gallery-group images-2\" style=\"width: 297px; height: 399px;\" data-original-width=\"297\" data-original-height=\"399\" > <div class=\"tiled-gallery-item tiled-gallery-item-large\" itemprop=\"associatedMedia\" itemscope itemtype=\"http:\/\/schema.org\/ImageObject\"> <a href=\"https:\/\/opistobranquis.info\/es\/guia\/sacoglossa\/oxynooidea\/lobiger-serradifalci\/lobiger-serradifalci-2\/\" border=\"0\" itemprop=\"url\"> <meta itemprop=\"width\" content=\"293\"> <meta itemprop=\"height\" content=\"194\"> <img decoding=\"async\" class=\"\" data-attachment-id=\"21141\" data-orig-file=\"https:\/\/opistobranquis.info\/wp-content\/uploads\/2014\/08\/Lobiger-serradifalci-2.jpg\" data-orig-size=\"808,535\" data-comments-opened=\"\" data-image-title=\"Lobiger serradifalci by Jos\u00e9 Carlos Garc\u00eda G\u00f3mez\" data-image-description=\"&lt;p&gt;Lobiger serradifalci by Jos\u00e9 Carlos Garc\u00eda G\u00f3mez&lt;\/p&gt; \" data-medium-file=\"https:\/\/i0.wp.com\/opistobranquis.info\/wp-content\/uploads\/2014\/08\/Lobiger-serradifalci-2.jpg?fit=300%2C199&#038;ssl=1\" data-large-file=\"https:\/\/i0.wp.com\/opistobranquis.info\/wp-content\/uploads\/2014\/08\/Lobiger-serradifalci-2.jpg?fit=808%2C535&#038;ssl=1\" src=\"https:\/\/i0.wp.com\/opistobranquis.info\/wp-content\/uploads\/2014\/08\/Lobiger-serradifalci-2.jpg?w=293&#038;h=194&#038;ssl=1\" srcset=\"https:\/\/i0.wp.com\/opistobranquis.info\/wp-content\/uploads\/2014\/08\/Lobiger-serradifalci-2.jpg?w=808&amp;ssl=1 808w, https:\/\/i0.wp.com\/opistobranquis.info\/wp-content\/uploads\/2014\/08\/Lobiger-serradifalci-2.jpg?resize=150%2C99&amp;ssl=1 150w, https:\/\/i0.wp.com\/opistobranquis.info\/wp-content\/uploads\/2014\/08\/Lobiger-serradifalci-2.jpg?resize=300%2C199&amp;ssl=1 300w, https:\/\/i0.wp.com\/opistobranquis.info\/wp-content\/uploads\/2014\/08\/Lobiger-serradifalci-2.jpg?resize=768%2C509&amp;ssl=1 768w\" width=\"293\" height=\"194\" loading=\"lazy\" data-original-width=\"293\" data-original-height=\"194\" itemprop=\"http:\/\/schema.org\/image\" title=\"Lobiger serradifalci by Jos\u00e9 Carlos Garc\u00eda G\u00f3mez\" alt=\"Lobiger serradifalci by Jos\u00e9 Carlos Garc\u00eda G\u00f3mez\" style=\"width: 293px; height: 194px;\" \/> <\/a> <div class=\"tiled-gallery-caption\" itemprop=\"caption description\"> Lobiger serradifalci by Jos\u00e9 Carlos Garc\u00eda G\u00f3mez <\/div> <\/div> <div class=\"tiled-gallery-item tiled-gallery-item-large\" itemprop=\"associatedMedia\" itemscope itemtype=\"http:\/\/schema.org\/ImageObject\"> <a href=\"https:\/\/opistobranquis.info\/es\/guia\/sacoglossa\/oxynooidea\/lobiger-serradifalci\/lobiger-cf-serradifalci-3\/\" border=\"0\" itemprop=\"url\"> <meta itemprop=\"width\" content=\"293\"> <meta itemprop=\"height\" content=\"197\"> <img decoding=\"async\" class=\"\" data-attachment-id=\"21142\" data-orig-file=\"https:\/\/opistobranquis.info\/wp-content\/uploads\/2014\/08\/Lobiger-cf.-serradifalci-3.jpg\" data-orig-size=\"808,541\" data-comments-opened=\"\" data-image-title=\"Lobiger serradifalci by Jos\u00e9 Carlos Garc\u00eda G\u00f3mez\" data-image-description=\"&lt;p&gt;Lobiger serradifalci by Jos\u00e9 Carlos Garc\u00eda G\u00f3mez&lt;\/p&gt; \" data-medium-file=\"https:\/\/i0.wp.com\/opistobranquis.info\/wp-content\/uploads\/2014\/08\/Lobiger-cf.-serradifalci-3.jpg?fit=300%2C201&#038;ssl=1\" data-large-file=\"https:\/\/i0.wp.com\/opistobranquis.info\/wp-content\/uploads\/2014\/08\/Lobiger-cf.-serradifalci-3.jpg?fit=808%2C541&#038;ssl=1\" src=\"https:\/\/i0.wp.com\/opistobranquis.info\/wp-content\/uploads\/2014\/08\/Lobiger-cf.-serradifalci-3.jpg?w=293&#038;h=197&#038;ssl=1\" srcset=\"https:\/\/i0.wp.com\/opistobranquis.info\/wp-content\/uploads\/2014\/08\/Lobiger-cf.-serradifalci-3.jpg?w=808&amp;ssl=1 808w, https:\/\/i0.wp.com\/opistobranquis.info\/wp-content\/uploads\/2014\/08\/Lobiger-cf.-serradifalci-3.jpg?resize=150%2C100&amp;ssl=1 150w, https:\/\/i0.wp.com\/opistobranquis.info\/wp-content\/uploads\/2014\/08\/Lobiger-cf.-serradifalci-3.jpg?resize=300%2C201&amp;ssl=1 300w, https:\/\/i0.wp.com\/opistobranquis.info\/wp-content\/uploads\/2014\/08\/Lobiger-cf.-serradifalci-3.jpg?resize=768%2C514&amp;ssl=1 768w\" width=\"293\" height=\"197\" loading=\"lazy\" data-original-width=\"293\" data-original-height=\"197\" itemprop=\"http:\/\/schema.org\/image\" title=\"Lobiger serradifalci by Jos\u00e9 Carlos Garc\u00eda G\u00f3mez\" alt=\"Lobiger serradifalci by Jos\u00e9 Carlos Garc\u00eda G\u00f3mez\" style=\"width: 293px; height: 197px;\" \/> <\/a> <div class=\"tiled-gallery-caption\" itemprop=\"caption description\"> Lobiger serradifalci by Jos\u00e9 Carlos Garc\u00eda G\u00f3mez <\/div> <\/div> <\/div> <!-- close group --> <div class=\"gallery-group images-1\" style=\"width: 603px; height: 399px;\" data-original-width=\"603\" data-original-height=\"399\" > <div class=\"tiled-gallery-item tiled-gallery-item-large\" itemprop=\"associatedMedia\" itemscope itemtype=\"http:\/\/schema.org\/ImageObject\"> <a href=\"https:\/\/opistobranquis.info\/es\/guia\/sacoglossa\/oxynooidea\/lobiger-serradifalci\/lobiger-serradifalci-0\/\" border=\"0\" itemprop=\"url\"> <meta itemprop=\"width\" content=\"599\"> <meta itemprop=\"height\" content=\"395\"> <img decoding=\"async\" class=\"\" data-attachment-id=\"21143\" data-orig-file=\"https:\/\/opistobranquis.info\/wp-content\/uploads\/2014\/08\/Lobiger-serradifalci-0.jpg\" data-orig-size=\"808,533\" data-comments-opened=\"\" data-image-title=\"Lobiger serradifalci by Jos\u00e9 Carlos Garc\u00eda G\u00f3mez\" data-image-description=\"&lt;p&gt;Lobiger serradifalci by Jos\u00e9 Carlos Garc\u00eda G\u00f3mez&lt;\/p&gt; \" data-medium-file=\"https:\/\/i0.wp.com\/opistobranquis.info\/wp-content\/uploads\/2014\/08\/Lobiger-serradifalci-0.jpg?fit=300%2C198&#038;ssl=1\" data-large-file=\"https:\/\/i0.wp.com\/opistobranquis.info\/wp-content\/uploads\/2014\/08\/Lobiger-serradifalci-0.jpg?fit=808%2C533&#038;ssl=1\" src=\"https:\/\/i0.wp.com\/opistobranquis.info\/wp-content\/uploads\/2014\/08\/Lobiger-serradifalci-0.jpg?w=599&#038;h=395&#038;ssl=1\" srcset=\"https:\/\/i0.wp.com\/opistobranquis.info\/wp-content\/uploads\/2014\/08\/Lobiger-serradifalci-0.jpg?w=808&amp;ssl=1 808w, https:\/\/i0.wp.com\/opistobranquis.info\/wp-content\/uploads\/2014\/08\/Lobiger-serradifalci-0.jpg?resize=150%2C99&amp;ssl=1 150w, https:\/\/i0.wp.com\/opistobranquis.info\/wp-content\/uploads\/2014\/08\/Lobiger-serradifalci-0.jpg?resize=300%2C198&amp;ssl=1 300w, https:\/\/i0.wp.com\/opistobranquis.info\/wp-content\/uploads\/2014\/08\/Lobiger-serradifalci-0.jpg?resize=768%2C507&amp;ssl=1 768w\" width=\"599\" height=\"395\" loading=\"lazy\" data-original-width=\"599\" data-original-height=\"395\" itemprop=\"http:\/\/schema.org\/image\" title=\"Lobiger serradifalci by Jos\u00e9 Carlos Garc\u00eda G\u00f3mez\" alt=\"Lobiger serradifalci by Jos\u00e9 Carlos Garc\u00eda G\u00f3mez\" style=\"width: 599px; height: 395px;\" \/> <\/a> <div class=\"tiled-gallery-caption\" itemprop=\"caption description\"> Lobiger serradifalci by Jos\u00e9 Carlos Garc\u00eda G\u00f3mez <\/div> <\/div> <\/div> <!-- close group --> <\/div> <!-- close row --> <div class=\"gallery-row\" style=\"width: 900px; height: 320px;\" data-original-width=\"900\" data-original-height=\"320\" > <div class=\"gallery-group images-1\" style=\"width: 475px; height: 320px;\" data-original-width=\"475\" data-original-height=\"320\" > <div class=\"tiled-gallery-item tiled-gallery-item-large\" itemprop=\"associatedMedia\" itemscope itemtype=\"http:\/\/schema.org\/ImageObject\"> <a href=\"https:\/\/opistobranquis.info\/es\/guia\/sacoglossa\/oxynooidea\/lobiger-serradifalci\/lobiger-serradifalci-1\/\" border=\"0\" itemprop=\"url\"> <meta itemprop=\"width\" content=\"471\"> <meta itemprop=\"height\" content=\"316\"> <img decoding=\"async\" class=\"\" data-attachment-id=\"21144\" data-orig-file=\"https:\/\/opistobranquis.info\/wp-content\/uploads\/2014\/08\/Lobiger-serradifalci-1.jpg\" data-orig-size=\"808,542\" data-comments-opened=\"\" data-image-title=\"Lobiger serradifalci by Jos\u00e9 Carlos Garc\u00eda G\u00f3mez\" data-image-description=\"&lt;p&gt;Lobiger serradifalci by Jos\u00e9 Carlos Garc\u00eda G\u00f3mez&lt;\/p&gt; \" data-medium-file=\"https:\/\/i0.wp.com\/opistobranquis.info\/wp-content\/uploads\/2014\/08\/Lobiger-serradifalci-1.jpg?fit=300%2C201&#038;ssl=1\" data-large-file=\"https:\/\/i0.wp.com\/opistobranquis.info\/wp-content\/uploads\/2014\/08\/Lobiger-serradifalci-1.jpg?fit=808%2C542&#038;ssl=1\" src=\"https:\/\/i0.wp.com\/opistobranquis.info\/wp-content\/uploads\/2014\/08\/Lobiger-serradifalci-1.jpg?w=471&#038;h=316&#038;ssl=1\" srcset=\"https:\/\/i0.wp.com\/opistobranquis.info\/wp-content\/uploads\/2014\/08\/Lobiger-serradifalci-1.jpg?w=808&amp;ssl=1 808w, https:\/\/i0.wp.com\/opistobranquis.info\/wp-content\/uploads\/2014\/08\/Lobiger-serradifalci-1.jpg?resize=150%2C101&amp;ssl=1 150w, https:\/\/i0.wp.com\/opistobranquis.info\/wp-content\/uploads\/2014\/08\/Lobiger-serradifalci-1.jpg?resize=300%2C201&amp;ssl=1 300w, https:\/\/i0.wp.com\/opistobranquis.info\/wp-content\/uploads\/2014\/08\/Lobiger-serradifalci-1.jpg?resize=768%2C515&amp;ssl=1 768w\" width=\"471\" height=\"316\" loading=\"lazy\" data-original-width=\"471\" data-original-height=\"316\" itemprop=\"http:\/\/schema.org\/image\" title=\"Lobiger serradifalci by Jos\u00e9 Carlos Garc\u00eda G\u00f3mez\" alt=\"Lobiger serradifalci by Jos\u00e9 Carlos Garc\u00eda G\u00f3mez\" style=\"width: 471px; height: 316px;\" \/> <\/a> <div class=\"tiled-gallery-caption\" itemprop=\"caption description\"> Lobiger serradifalci by Jos\u00e9 Carlos Garc\u00eda G\u00f3mez <\/div> <\/div> <\/div> <!-- close group --> <div class=\"gallery-group images-1\" style=\"width: 425px; height: 320px;\" data-original-width=\"425\" data-original-height=\"320\" > <div class=\"tiled-gallery-item tiled-gallery-item-large\" itemprop=\"associatedMedia\" itemscope itemtype=\"http:\/\/schema.org\/ImageObject\"> <a href=\"https:\/\/opistobranquis.info\/es\/guia\/sacoglossa\/oxynooidea\/lobiger-serradifalci\/lobiger-serradifalci-bali-by-arya-widhi\/\" border=\"0\" itemprop=\"url\"> <meta itemprop=\"width\" content=\"421\"> <meta itemprop=\"height\" content=\"316\"> <img decoding=\"async\" class=\"\" data-attachment-id=\"21401\" data-orig-file=\"https:\/\/opistobranquis.info\/wp-content\/uploads\/2014\/08\/Lobiger-serradifalci-@-Bali-by-Arya-Widhi.jpg\" data-orig-size=\"1280,960\" data-comments-opened=\"\" data-image-title=\"Lobiger sp. @ Bali by Arya Widhi\" data-image-description=\"&lt;p&gt;Lobiger sp. @ Bali by Arya Widhi&lt;\/p&gt; \" data-medium-file=\"https:\/\/i0.wp.com\/opistobranquis.info\/wp-content\/uploads\/2014\/08\/Lobiger-serradifalci-%40-Bali-by-Arya-Widhi.jpg?fit=300%2C225&#038;ssl=1\" data-large-file=\"https:\/\/i0.wp.com\/opistobranquis.info\/wp-content\/uploads\/2014\/08\/Lobiger-serradifalci-%40-Bali-by-Arya-Widhi.jpg?fit=900%2C675&#038;ssl=1\" src=\"https:\/\/i0.wp.com\/opistobranquis.info\/wp-content\/uploads\/2014\/08\/Lobiger-serradifalci-%40-Bali-by-Arya-Widhi.jpg?w=421&#038;h=316&#038;ssl=1\" width=\"421\" height=\"316\" loading=\"lazy\" data-original-width=\"421\" data-original-height=\"316\" itemprop=\"http:\/\/schema.org\/image\" title=\"Lobiger sp. @ Bali by Arya Widhi\" alt=\"Lobiger sp. @ Bali by Arya Widhi\" style=\"width: 421px; height: 316px;\" \/> <\/a> <div class=\"tiled-gallery-caption\" itemprop=\"caption description\"> Lobiger sp. @ Bali by Arya Widhi <\/div> <\/div> <\/div> <!-- close group --> <\/div> <!-- close row --> <div class=\"gallery-row\" style=\"width: 900px; height: 320px;\" data-original-width=\"900\" data-original-height=\"320\" > <div class=\"gallery-group images-1\" style=\"width: 425px; height: 320px;\" data-original-width=\"425\" data-original-height=\"320\" > <div class=\"tiled-gallery-item tiled-gallery-item-large\" itemprop=\"associatedMedia\" itemscope itemtype=\"http:\/\/schema.org\/ImageObject\"> <a href=\"https:\/\/opistobranquis.info\/es\/guia\/sacoglossa\/oxynooidea\/lobiger-serradifalci\/lobiger-serradifalci-bali-by-arya-widhi-2\/\" border=\"0\" itemprop=\"url\"> <meta itemprop=\"width\" content=\"421\"> <meta itemprop=\"height\" content=\"316\"> <img decoding=\"async\" class=\"\" data-attachment-id=\"21402\" data-orig-file=\"https:\/\/opistobranquis.info\/wp-content\/uploads\/2014\/08\/Lobiger-serradifalci-@-Bali-by-Arya-Widhi-2.jpg\" data-orig-size=\"1280,960\" data-comments-opened=\"\" data-image-title=\"Lobiger sp. @ Bali by Arya Widhi\" data-image-description=\"&lt;p&gt;Lobiger sp. @ Bali by Arya Widhi&lt;\/p&gt; \" data-medium-file=\"https:\/\/i0.wp.com\/opistobranquis.info\/wp-content\/uploads\/2014\/08\/Lobiger-serradifalci-%40-Bali-by-Arya-Widhi-2.jpg?fit=300%2C225&#038;ssl=1\" data-large-file=\"https:\/\/i0.wp.com\/opistobranquis.info\/wp-content\/uploads\/2014\/08\/Lobiger-serradifalci-%40-Bali-by-Arya-Widhi-2.jpg?fit=900%2C675&#038;ssl=1\" src=\"https:\/\/i0.wp.com\/opistobranquis.info\/wp-content\/uploads\/2014\/08\/Lobiger-serradifalci-%40-Bali-by-Arya-Widhi-2.jpg?w=421&#038;h=316&#038;ssl=1\" width=\"421\" height=\"316\" loading=\"lazy\" data-original-width=\"421\" data-original-height=\"316\" itemprop=\"http:\/\/schema.org\/image\" title=\"Lobiger sp. @ Bali by Arya Widhi\" alt=\"Lobiger sp. @ Bali by Arya Widhi\" style=\"width: 421px; height: 316px;\" \/> <\/a> <div class=\"tiled-gallery-caption\" itemprop=\"caption description\"> Lobiger sp. @ Bali by Arya Widhi <\/div> <\/div> <\/div> <!-- close group --> <div class=\"gallery-group images-1\" style=\"width: 475px; height: 320px;\" data-original-width=\"475\" data-original-height=\"320\" > <div class=\"tiled-gallery-item tiled-gallery-item-large\" itemprop=\"associatedMedia\" itemscope itemtype=\"http:\/\/schema.org\/ImageObject\"> <a href=\"https:\/\/opistobranquis.info\/es\/guia\/sacoglossa\/oxynooidea\/lobiger-serradifalci\/lobiger-serradifalci-24\/\" border=\"0\" itemprop=\"url\"> <meta itemprop=\"width\" content=\"471\"> <meta itemprop=\"height\" content=\"316\"> <img decoding=\"async\" class=\"\" data-attachment-id=\"35820\" data-orig-file=\"https:\/\/opistobranquis.info\/wp-content\/uploads\/2022\/12\/Lobiger-serradifalci-24.jpg\" data-orig-size=\"1034,693\" data-comments-opened=\"\" data-image-title=\"Lobiger serradifalci @ Palam\u00f3s by Enric Madrenas\" data-image-description=\"&lt;p&gt;Lobiger serradifalci @ Palam\u00f3s by Enric Madrenas&lt;\/p&gt; \" data-medium-file=\"https:\/\/i0.wp.com\/opistobranquis.info\/wp-content\/uploads\/2022\/12\/Lobiger-serradifalci-24.jpg?fit=300%2C201&#038;ssl=1\" data-large-file=\"https:\/\/i0.wp.com\/opistobranquis.info\/wp-content\/uploads\/2022\/12\/Lobiger-serradifalci-24.jpg?fit=900%2C603&#038;ssl=1\" src=\"https:\/\/i0.wp.com\/opistobranquis.info\/wp-content\/uploads\/2022\/12\/Lobiger-serradifalci-24.jpg?w=471&#038;h=316&#038;ssl=1\" srcset=\"https:\/\/i0.wp.com\/opistobranquis.info\/wp-content\/uploads\/2022\/12\/Lobiger-serradifalci-24.jpg?w=1034&amp;ssl=1 1034w, https:\/\/i0.wp.com\/opistobranquis.info\/wp-content\/uploads\/2022\/12\/Lobiger-serradifalci-24.jpg?resize=300%2C201&amp;ssl=1 300w, https:\/\/i0.wp.com\/opistobranquis.info\/wp-content\/uploads\/2022\/12\/Lobiger-serradifalci-24.jpg?resize=1024%2C686&amp;ssl=1 1024w, https:\/\/i0.wp.com\/opistobranquis.info\/wp-content\/uploads\/2022\/12\/Lobiger-serradifalci-24.jpg?resize=150%2C101&amp;ssl=1 150w\" width=\"471\" height=\"316\" loading=\"lazy\" data-original-width=\"471\" data-original-height=\"316\" itemprop=\"http:\/\/schema.org\/image\" title=\"Lobiger serradifalci @ Palam\u00f3s by Enric Madrenas\" alt=\"Lobiger serradifalci @ Palam\u00f3s by Enric Madrenas\" style=\"width: 471px; height: 316px;\" \/> <\/a> <div class=\"tiled-gallery-caption\" itemprop=\"caption description\"> Lobiger serradifalci @ Palam\u00f3s by Enric Madrenas <\/div> <\/div> <\/div> <!-- close group --> <\/div> <!-- close row --> <div class=\"gallery-row\" style=\"width: 900px; height: 434px;\" data-original-width=\"900\" data-original-height=\"434\" > <div class=\"gallery-group images-1\" style=\"width: 577px; height: 434px;\" data-original-width=\"577\" data-original-height=\"434\" > <div class=\"tiled-gallery-item tiled-gallery-item-large\" itemprop=\"associatedMedia\" itemscope itemtype=\"http:\/\/schema.org\/ImageObject\"> <a href=\"https:\/\/opistobranquis.info\/es\/guia\/sacoglossa\/oxynooidea\/lobiger-serradifalci\/lobiger-serradifalci-with-egg-spawn-on-caulerpa-prolifera-eivissa-by-joan-pereyra-5\/\" border=\"0\" itemprop=\"url\"> <meta itemprop=\"width\" content=\"573\"> <meta itemprop=\"height\" content=\"430\"> <img decoding=\"async\" class=\"\" data-attachment-id=\"36404\" data-orig-file=\"https:\/\/opistobranquis.info\/wp-content\/uploads\/2023\/01\/Lobiger-serradifalci-with-egg-spawn-on-Caulerpa-prolifera-@-Eivissa-by-Joan-Pereyra-5.jpg\" data-orig-size=\"875,657\" data-comments-opened=\"\" data-image-title=\"Lobiger serradifalci @ Eivissa by Joan Pereyra\" data-image-description=\"&lt;p&gt;Lobiger serradifalci @ Eivissa by Joan Pereyra&lt;\/p&gt; \" data-medium-file=\"https:\/\/i0.wp.com\/opistobranquis.info\/wp-content\/uploads\/2023\/01\/Lobiger-serradifalci-with-egg-spawn-on-Caulerpa-prolifera-%40-Eivissa-by-Joan-Pereyra-5.jpg?fit=300%2C225&#038;ssl=1\" data-large-file=\"https:\/\/i0.wp.com\/opistobranquis.info\/wp-content\/uploads\/2023\/01\/Lobiger-serradifalci-with-egg-spawn-on-Caulerpa-prolifera-%40-Eivissa-by-Joan-Pereyra-5.jpg?fit=875%2C657&#038;ssl=1\" src=\"https:\/\/i0.wp.com\/opistobranquis.info\/wp-content\/uploads\/2023\/01\/Lobiger-serradifalci-with-egg-spawn-on-Caulerpa-prolifera-%40-Eivissa-by-Joan-Pereyra-5.jpg?w=573&#038;h=430&#038;ssl=1\" width=\"573\" height=\"430\" loading=\"lazy\" data-original-width=\"573\" data-original-height=\"430\" itemprop=\"http:\/\/schema.org\/image\" title=\"Lobiger serradifalci @ Eivissa by Joan Pereyra\" alt=\"Lobiger serradifalci @ Eivissa by Joan Pereyra\" style=\"width: 573px; height: 430px;\" \/> <\/a> <div class=\"tiled-gallery-caption\" itemprop=\"caption description\"> Lobiger serradifalci @ Eivissa by Joan Pereyra <\/div> <\/div> <\/div> <!-- close group --> <div class=\"gallery-group images-2\" style=\"width: 323px; height: 434px;\" data-original-width=\"323\" data-original-height=\"434\" > <div class=\"tiled-gallery-item tiled-gallery-item-large\" itemprop=\"associatedMedia\" itemscope itemtype=\"http:\/\/schema.org\/ImageObject\"> <a href=\"https:\/\/opistobranquis.info\/es\/guia\/sacoglossa\/oxynooidea\/lobiger-serradifalci\/lobiger-serradifalci-with-egg-spawn-on-caulerpa-prolifera-eivissa-by-joan-pereyra-6\/\" border=\"0\" itemprop=\"url\"> <meta itemprop=\"width\" content=\"319\"> <meta itemprop=\"height\" content=\"213\"> <img decoding=\"async\" class=\"\" data-attachment-id=\"36405\" data-orig-file=\"https:\/\/opistobranquis.info\/wp-content\/uploads\/2023\/01\/Lobiger-serradifalci-with-egg-spawn-on-Caulerpa-prolifera-@-Eivissa-by-Joan-Pereyra-6.jpg\" data-orig-size=\"875,583\" data-comments-opened=\"\" data-image-title=\"Lobiger serradifalci on Caulerpa prolifera @ Eivissa by Joan Pereyra\" data-image-description=\"&lt;p&gt;Lobiger serradifalci on Caulerpa prolifera @ Eivissa by Joan Pereyra&lt;\/p&gt; \" data-medium-file=\"https:\/\/i0.wp.com\/opistobranquis.info\/wp-content\/uploads\/2023\/01\/Lobiger-serradifalci-with-egg-spawn-on-Caulerpa-prolifera-%40-Eivissa-by-Joan-Pereyra-6.jpg?fit=300%2C200&#038;ssl=1\" data-large-file=\"https:\/\/i0.wp.com\/opistobranquis.info\/wp-content\/uploads\/2023\/01\/Lobiger-serradifalci-with-egg-spawn-on-Caulerpa-prolifera-%40-Eivissa-by-Joan-Pereyra-6.jpg?fit=875%2C583&#038;ssl=1\" src=\"https:\/\/i0.wp.com\/opistobranquis.info\/wp-content\/uploads\/2023\/01\/Lobiger-serradifalci-with-egg-spawn-on-Caulerpa-prolifera-%40-Eivissa-by-Joan-Pereyra-6.jpg?w=319&#038;h=213&#038;ssl=1\" width=\"319\" height=\"213\" loading=\"lazy\" data-original-width=\"319\" data-original-height=\"213\" itemprop=\"http:\/\/schema.org\/image\" title=\"Lobiger serradifalci on Caulerpa prolifera @ Eivissa by Joan Pereyra\" alt=\"Lobiger serradifalci on Caulerpa prolifera @ Eivissa by Joan Pereyra\" style=\"width: 319px; height: 213px;\" \/> <\/a> <div class=\"tiled-gallery-caption\" itemprop=\"caption description\"> Lobiger serradifalci on Caulerpa prolifera @ Eivissa by Joan Pereyra <\/div> <\/div> <div class=\"tiled-gallery-item tiled-gallery-item-large\" itemprop=\"associatedMedia\" itemscope itemtype=\"http:\/\/schema.org\/ImageObject\"> <a href=\"https:\/\/opistobranquis.info\/es\/guia\/sacoglossa\/oxynooidea\/lobiger-serradifalci\/lobiger-serradifalci-with-egg-spawn-on-caulerpa-prolifera-eivissa-by-joan-pereyra-8\/\" border=\"0\" itemprop=\"url\"> <meta itemprop=\"width\" content=\"319\"> <meta itemprop=\"height\" content=\"213\"> <img decoding=\"async\" class=\"\" data-attachment-id=\"36407\" data-orig-file=\"https:\/\/opistobranquis.info\/wp-content\/uploads\/2023\/01\/Lobiger-serradifalci-with-egg-spawn-on-Caulerpa-prolifera-@-Eivissa-by-Joan-Pereyra-8.jpg\" data-orig-size=\"936,624\" data-comments-opened=\"\" data-image-title=\"Lobiger serradifalci @ Eivissa by Joan Pereyra\" data-image-description=\"&lt;p&gt;Lobiger serradifalci @ Eivissa by Joan Pereyra&lt;\/p&gt; \" data-medium-file=\"https:\/\/i0.wp.com\/opistobranquis.info\/wp-content\/uploads\/2023\/01\/Lobiger-serradifalci-with-egg-spawn-on-Caulerpa-prolifera-%40-Eivissa-by-Joan-Pereyra-8.jpg?fit=300%2C200&#038;ssl=1\" data-large-file=\"https:\/\/i0.wp.com\/opistobranquis.info\/wp-content\/uploads\/2023\/01\/Lobiger-serradifalci-with-egg-spawn-on-Caulerpa-prolifera-%40-Eivissa-by-Joan-Pereyra-8.jpg?fit=900%2C600&#038;ssl=1\" src=\"https:\/\/i0.wp.com\/opistobranquis.info\/wp-content\/uploads\/2023\/01\/Lobiger-serradifalci-with-egg-spawn-on-Caulerpa-prolifera-%40-Eivissa-by-Joan-Pereyra-8.jpg?w=319&#038;h=213&#038;ssl=1\" width=\"319\" height=\"213\" loading=\"lazy\" data-original-width=\"319\" data-original-height=\"213\" itemprop=\"http:\/\/schema.org\/image\" title=\"Lobiger serradifalci @ Eivissa by Joan Pereyra\" alt=\"Lobiger serradifalci @ Eivissa by Joan Pereyra\" style=\"width: 319px; height: 213px;\" \/> <\/a> <div class=\"tiled-gallery-caption\" itemprop=\"caption description\"> Lobiger serradifalci @ Eivissa by Joan Pereyra <\/div> <\/div> <\/div> <!-- close group --> <\/div> <!-- close row --> <div class=\"gallery-row\" style=\"width: 900px; height: 434px;\" data-original-width=\"900\" data-original-height=\"434\" > <div class=\"gallery-group images-2\" style=\"width: 323px; height: 434px;\" data-original-width=\"323\" data-original-height=\"434\" > <div class=\"tiled-gallery-item tiled-gallery-item-large\" itemprop=\"associatedMedia\" itemscope itemtype=\"http:\/\/schema.org\/ImageObject\"> <a href=\"https:\/\/opistobranquis.info\/es\/guia\/sacoglossa\/oxynooidea\/lobiger-serradifalci\/lobiger-serradifalci-with-egg-spawn-on-caulerpa-prolifera-eivissa-by-joan-pereyra-9\/\" border=\"0\" itemprop=\"url\"> <meta itemprop=\"width\" content=\"319\"> <meta itemprop=\"height\" content=\"213\"> <img decoding=\"async\" class=\"\" data-attachment-id=\"36408\" data-orig-file=\"https:\/\/opistobranquis.info\/wp-content\/uploads\/2023\/01\/Lobiger-serradifalci-with-egg-spawn-on-Caulerpa-prolifera-@-Eivissa-by-Joan-Pereyra-9.jpg\" data-orig-size=\"936,624\" data-comments-opened=\"\" data-image-title=\"Lobiger serradifalci @ Eivissa by Joan Pereyra\" data-image-description=\"&lt;p&gt;Lobiger serradifalci @ Eivissa by Joan Pereyra&lt;\/p&gt; \" data-medium-file=\"https:\/\/i0.wp.com\/opistobranquis.info\/wp-content\/uploads\/2023\/01\/Lobiger-serradifalci-with-egg-spawn-on-Caulerpa-prolifera-%40-Eivissa-by-Joan-Pereyra-9.jpg?fit=300%2C200&#038;ssl=1\" data-large-file=\"https:\/\/i0.wp.com\/opistobranquis.info\/wp-content\/uploads\/2023\/01\/Lobiger-serradifalci-with-egg-spawn-on-Caulerpa-prolifera-%40-Eivissa-by-Joan-Pereyra-9.jpg?fit=900%2C600&#038;ssl=1\" src=\"https:\/\/i0.wp.com\/opistobranquis.info\/wp-content\/uploads\/2023\/01\/Lobiger-serradifalci-with-egg-spawn-on-Caulerpa-prolifera-%40-Eivissa-by-Joan-Pereyra-9.jpg?w=319&#038;h=213&#038;ssl=1\" width=\"319\" height=\"213\" loading=\"lazy\" data-original-width=\"319\" data-original-height=\"213\" itemprop=\"http:\/\/schema.org\/image\" title=\"Lobiger serradifalci @ Eivissa by Joan Pereyra\" alt=\"Lobiger serradifalci @ Eivissa by Joan Pereyra\" style=\"width: 319px; height: 213px;\" \/> <\/a> <div class=\"tiled-gallery-caption\" itemprop=\"caption description\"> Lobiger serradifalci @ Eivissa by Joan Pereyra <\/div> <\/div> <div class=\"tiled-gallery-item tiled-gallery-item-large\" itemprop=\"associatedMedia\" itemscope itemtype=\"http:\/\/schema.org\/ImageObject\"> <a href=\"https:\/\/opistobranquis.info\/es\/guia\/sacoglossa\/oxynooidea\/lobiger-serradifalci\/lobiger-serradifalci-with-egg-spawn-on-caulerpa-prolifera-eivissa-by-joan-pereyra\/\" border=\"0\" itemprop=\"url\"> <meta itemprop=\"width\" content=\"319\"> <meta itemprop=\"height\" content=\"213\"> <img decoding=\"async\" class=\"\" data-attachment-id=\"36409\" data-orig-file=\"https:\/\/opistobranquis.info\/wp-content\/uploads\/2023\/01\/Lobiger-serradifalci-with-egg-spawn-on-Caulerpa-prolifera-@-Eivissa-by-Joan-Pereyra.jpg\" data-orig-size=\"875,583\" data-comments-opened=\"\" data-image-title=\"Lobiger serradifalci with egg spawn on Caulerpa prolifera @ Eivissa by Joan Pereyra\" data-image-description=\"&lt;p&gt;Lobiger serradifalci with egg spawn on Caulerpa prolifera @ Eivissa by Joan Pereyra&lt;\/p&gt; \" data-medium-file=\"https:\/\/i0.wp.com\/opistobranquis.info\/wp-content\/uploads\/2023\/01\/Lobiger-serradifalci-with-egg-spawn-on-Caulerpa-prolifera-%40-Eivissa-by-Joan-Pereyra.jpg?fit=300%2C200&#038;ssl=1\" data-large-file=\"https:\/\/i0.wp.com\/opistobranquis.info\/wp-content\/uploads\/2023\/01\/Lobiger-serradifalci-with-egg-spawn-on-Caulerpa-prolifera-%40-Eivissa-by-Joan-Pereyra.jpg?fit=875%2C583&#038;ssl=1\" src=\"https:\/\/i0.wp.com\/opistobranquis.info\/wp-content\/uploads\/2023\/01\/Lobiger-serradifalci-with-egg-spawn-on-Caulerpa-prolifera-%40-Eivissa-by-Joan-Pereyra.jpg?w=319&#038;h=213&#038;ssl=1\" width=\"319\" height=\"213\" loading=\"lazy\" data-original-width=\"319\" data-original-height=\"213\" itemprop=\"http:\/\/schema.org\/image\" title=\"Lobiger serradifalci with egg spawn on Caulerpa prolifera @ Eivissa by Joan Pereyra\" alt=\"Lobiger serradifalci with egg spawn on Caulerpa prolifera @ Eivissa by Joan Pereyra\" style=\"width: 319px; height: 213px;\" \/> <\/a> <div class=\"tiled-gallery-caption\" itemprop=\"caption description\"> Lobiger serradifalci with egg spawn on Caulerpa prolifera @ Eivissa by Joan Pereyra <\/div> <\/div> <\/div> <!-- close group --> <div class=\"gallery-group images-1\" style=\"width: 577px; height: 434px;\" data-original-width=\"577\" data-original-height=\"434\" > <div class=\"tiled-gallery-item tiled-gallery-item-large\" itemprop=\"associatedMedia\" itemscope itemtype=\"http:\/\/schema.org\/ImageObject\"> <a href=\"https:\/\/opistobranquis.info\/es\/guia\/sacoglossa\/oxynooidea\/lobiger-serradifalci\/lobiger-serradifalci-with-egg-spawn-on-caulerpa-prolifera-eivissa-by-joan-pereyra-3\/\" border=\"0\" itemprop=\"url\"> <meta itemprop=\"width\" content=\"573\"> <meta itemprop=\"height\" content=\"430\"> <img decoding=\"async\" class=\"\" data-attachment-id=\"36414\" data-orig-file=\"https:\/\/opistobranquis.info\/wp-content\/uploads\/2023\/01\/Lobiger-serradifalci-with-egg-spawn-on-Caulerpa-prolifera-@-Eivissa-by-Joan-Pereyra-3.jpg\" data-orig-size=\"875,657\" data-comments-opened=\"\" data-image-title=\"Lobiger serradifalci on Caulerpa prolifera @ Eivissa by Joan Pereyra\" data-image-description=\"&lt;p&gt;Lobiger serradifalci on Caulerpa prolifera @ Eivissa by Joan Pereyra&lt;\/p&gt; \" data-medium-file=\"https:\/\/i0.wp.com\/opistobranquis.info\/wp-content\/uploads\/2023\/01\/Lobiger-serradifalci-with-egg-spawn-on-Caulerpa-prolifera-%40-Eivissa-by-Joan-Pereyra-3.jpg?fit=300%2C225&#038;ssl=1\" data-large-file=\"https:\/\/i0.wp.com\/opistobranquis.info\/wp-content\/uploads\/2023\/01\/Lobiger-serradifalci-with-egg-spawn-on-Caulerpa-prolifera-%40-Eivissa-by-Joan-Pereyra-3.jpg?fit=875%2C657&#038;ssl=1\" src=\"https:\/\/i0.wp.com\/opistobranquis.info\/wp-content\/uploads\/2023\/01\/Lobiger-serradifalci-with-egg-spawn-on-Caulerpa-prolifera-%40-Eivissa-by-Joan-Pereyra-3.jpg?w=573&#038;h=430&#038;ssl=1\" width=\"573\" height=\"430\" loading=\"lazy\" data-original-width=\"573\" data-original-height=\"430\" itemprop=\"http:\/\/schema.org\/image\" title=\"Lobiger serradifalci on Caulerpa prolifera @ Eivissa by Joan Pereyra\" alt=\"Lobiger serradifalci on Caulerpa prolifera @ Eivissa by Joan Pereyra\" style=\"width: 573px; height: 430px;\" \/> <\/a> <div class=\"tiled-gallery-caption\" itemprop=\"caption description\"> Lobiger serradifalci on Caulerpa prolifera @ Eivissa by Joan Pereyra <\/div> <\/div> <\/div> <!-- close group --> <\/div> <!-- close row --> <\/div><\/p>\n<p><strong>Bibliograf\u00eda<\/strong><\/p><ul><div id=\"zotpress-78001a47c522b05ee2d4d399dc88015f\" class=\"zp-Zotpress zp-Zotpress-Bib wp-block-group\">\n\n\t\t<span class=\"ZP_API_USER_ID ZP_ATTR\">1246567<\/span>\n\t\t<span class=\"ZP_ITEM_KEY ZP_ATTR\"><\/span>\n\t\t<span class=\"ZP_COLLECTION_ID ZP_ATTR\"><\/span>\n\t\t<span class=\"ZP_TAG_ID ZP_ATTR\">Lobiger serradifalci<\/span>\n\t\t<span class=\"ZP_AUTHOR ZP_ATTR\"><\/span>\n\t\t<span class=\"ZP_YEAR ZP_ATTR\"><\/span>\n        <span class=\"ZP_ITEMTYPE ZP_ATTR\"><\/span>\n\t\t<span class=\"ZP_INCLUSIVE ZP_ATTR\">1<\/span>\n\t\t<span class=\"ZP_STYLE ZP_ATTR\">eunomia-revista-en-cultura-de-la-legalidad<\/span>\n\t\t<span class=\"ZP_LIMIT ZP_ATTR\">50<\/span>\n\t\t<span class=\"ZP_SORTBY ZP_ATTR\">creator<\/span>\n\t\t<span class=\"ZP_ORDER ZP_ATTR\">asc<\/span>\n\t\t<span class=\"ZP_TITLE ZP_ATTR\"><\/span>\n\t\t<span class=\"ZP_SHOWIMAGE ZP_ATTR\"><\/span>\n\t\t<span class=\"ZP_SHOWTAGS ZP_ATTR\"><\/span>\n\t\t<span class=\"ZP_DOWNLOADABLE ZP_ATTR\"><\/span>\n\t\t<span class=\"ZP_NOTES ZP_ATTR\"><\/span>\n\t\t<span class=\"ZP_ABSTRACT ZP_ATTR\"><\/span>\n\t\t<span class=\"ZP_CITEABLE ZP_ATTR\"><\/span>\n\t\t<span class=\"ZP_TARGET ZP_ATTR\">1<\/span>\n\t\t<span class=\"ZP_URLWRAP ZP_ATTR\"><\/span>\n\t\t<span class=\"ZP_FORCENUM ZP_ATTR\"><\/span>\n        <span class=\"ZP_HIGHLIGHT ZP_ATTR\"><\/span>\n        <span class=\"ZP_POSTID ZP_ATTR\">12176<\/span>\n\t\t<span class=\"ZOTPRESS_PLUGIN_URL ZP_ATTR\">https:\/\/opistobranquis.info\/wp-content\/plugins\/zotpress\/<\/span>\n\n\t\t<div class=\"zp-List loading\">\n\t\t\t<div class=\"zp-SEO-Content\">\n\n\t\t\t<\/div><!-- .zp-zp-SEO-Content -->\n\t\t<\/div><!-- .zp-List -->\n\t<\/div><!--.zp-Zotpress-->\n\n<p><\/p>Bibliograf\u00eda basada en los trabajos de <b>Steve Long, 2006<\/b>. <a target=_blank href=https:\/\/opistobranquis.info\/wp-content\/uploads\/2016\/06\/Long-S.-2006-Bibliography-of-Opisthobranchia-1554-2000.pdf>Bibliography of Opisthobranchia 1554-2000<\/a> y <b>Gary McDonald, 2009<\/b>. <a href=http:\/\/escholarship.org\/uc\/item\/8115h0wz>Bibliographia Nudibranchia<\/a>, con actualizaciones posteriores procedentes de otras fuentes.<p><\/p><\/ul><p><\/p><p><strong>M\u00e1s informaci\u00f3n<\/strong><\/p><span style=\"font-size:10pt\"><ul><ul class=\"blogroll-links\"><li><a href=\"https:\/\/allspira.com\/product\/lobiger-serradifalci-3\/\">All Spira<\/a><\/li><li><a href=\"http:\/\/www.idscaro.net\/sci\/04_med\/class\/fam3\/species\/lobiger_serra1.htm\">Atlas of Mediterranean Sea Shells<\/a><\/li><li><a href=\"http:\/\/www.biodiversitylibrary.org\/name\/Lobiger%20serradifalci\">Biodiversity Heritage Library<\/a><\/li><li><a href=\"http:\/\/www.biologiamarina.org\/lobiger\/\">BiologiaMarina.org<\/a><\/li><li><a href=\"https:\/\/www.flickr.com\/search\/?text=Lobiger%20serradifalci\">Flickr pictures<\/a><\/li><li><a href=\"http:\/\/www.irmng.org\/aphia.php?p=taxlist&#038;tName=Lobiger%20serradifalci\">Interim Register of Marine and Nonmarine Genera<\/a><\/li><li><a href=\"http:\/\/www.ncbi.nlm.nih.gov\/Taxonomy\/Browser\/wwwtax.cgi?mode=Undef&#038;name=Lobiger%20serradifalci&#038;lvl=0&#038;srchmode=1\">NCBI GenBank<\/a><\/li><li><a href=\"http:\/\/iobis.org\/mapper\/?taxon=Lobiger%20serradifalci\">OBIS - Search by Taxon<\/a><\/li><li><a href=\"http:\/\/www.seaslugforum.net\/showall\/lobiserr\">SeaSlug Forum<\/a><\/li><li><a href=\"http:\/\/www.marinespecies.org\/aphia.php?p=taxdetails&#038;id=140671\">World Register of Marine Species<\/a><\/li><\/ul><\/ul><\/span><p><strong>Citar este art\u00edculo como: <\/strong><\/p><div style=\"display: block; background: #444444; padding: 10px 30px 10px 10px; border-radius: 5px; line-height: 18px;\"><p class=\"citacio\"><b>Pontes, Miquel<\/b> (2025) <em>\"Lobiger serradifalci\"<\/em> en <em>OPK-Opistobranquis<\/em>. Publicado: 13\/08\/2014. Accedido: 06\/09\/2026. Disponible en (<a href=https:\/\/opistobranquis.info\/es\/?p=12176>https:\/\/opistobranquis.info\/es\/?p=12176<\/a>)<\/p><p><\/p><\/div><p><\/p><\/p>","protected":false},"excerpt":{"rendered":"<p>Lobiger serradifalci (Calcara, 1840) Sin\u00f3nimos Bullea serradifalci Calcara, 1840 (original) Lobiger philippii Krohn, 1847 Descripci\u00f3n El cuerpo es alargado, alcanzando una longitud m\u00e1xima de 40 mm. Su coloraci\u00f3n es predominantemente amarilla con un tinte verdoso, oscureci\u00e9ndose en la cabeza, la cola y las superficies externas de los parapodios, y con un tono m\u00e1s claro en sus superficies internas. Cada lado del cuerpo presenta extensiones parapodiales que forman dos l\u00f3bulos prominentes\u2026<\/p>\n<p class=\"continue-reading-button\"> <a class=\"continue-reading-link\" href=\"https:\/\/opistobranquis.info\/es\/guia\/sacoglossa\/oxynooidea\/lobiger-serradifalci\/\">Sigue leyendo<i class=\"crycon-right-dir\"><\/i><\/a><\/p>\n","protected":false},"author":5,"featured_media":34829,"parent":26132,"menu_order":3185,"comment_status":"closed","ping_status":"closed","template":"","meta":{"footnotes":""},"class_list":["post-12176","page","type-page","status-publish","has-post-thumbnail","hentry"],"jetpack_sharing_enabled":true,"_links":{"self":[{"href":"https:\/\/opistobranquis.info\/es\/wp-json\/wp\/v2\/pages\/12176","targetHints":{"allow":["GET"]}}],"collection":[{"href":"https:\/\/opistobranquis.info\/es\/wp-json\/wp\/v2\/pages"}],"about":[{"href":"https:\/\/opistobranquis.info\/es\/wp-json\/wp\/v2\/types\/page"}],"author":[{"embeddable":true,"href":"https:\/\/opistobranquis.info\/es\/wp-json\/wp\/v2\/users\/5"}],"replies":[{"embeddable":true,"href":"https:\/\/opistobranquis.info\/es\/wp-json\/wp\/v2\/comments?post=12176"}],"version-history":[{"count":6,"href":"https:\/\/opistobranquis.info\/es\/wp-json\/wp\/v2\/pages\/12176\/revisions"}],"predecessor-version":[{"id":45770,"href":"https:\/\/opistobranquis.info\/es\/wp-json\/wp\/v2\/pages\/12176\/revisions\/45770"}],"up":[{"embeddable":true,"href":"https:\/\/opistobranquis.info\/es\/wp-json\/wp\/v2\/pages\/26132"}],"wp:featuredmedia":[{"embeddable":true,"href":"https:\/\/opistobranquis.info\/es\/wp-json\/wp\/v2\/media\/34829"}],"wp:attachment":[{"href":"https:\/\/opistobranquis.info\/es\/wp-json\/wp\/v2\/media?parent=12176"}],"curies":[{"name":"wp","href":"https:\/\/api.w.org\/{rel}","templated":true}]}}