{"id":16022,"date":"2014-10-15T06:26:32","date_gmt":"2014-10-15T04:26:32","guid":{"rendered":"https:\/\/opistobranquis.info\/?page_id=16022"},"modified":"2025-06-12T09:22:59","modified_gmt":"2025-06-12T07:22:59","slug":"carronella-pellucida","status":"publish","type":"page","link":"https:\/\/opistobranquis.info\/es\/guia\/nudibranchia\/cladobranchia\/aeolidioidea\/flabellinidae\/carronella-pellucida\/","title":{"rendered":"Carronella pellucida"},"content":{"rendered":"<p><\/p>\n<h3><em>Carronella pellucida<\/em>\u00a0(Alder &amp; Hancock, 1843)<\/h3>\n<p><span style=\"font-size:10pt;\" class=\"aligncenter\"><div id=\"featured-img-id\"><img data-recalc-dims=\"1\" decoding=\"async\" src=\"https:\/\/i0.wp.com\/opistobranquis.info\/wp-content\/uploads\/2014\/10\/th_Flabellina-pellucida-Sweden.jpg?w=900&#038;ssl=1\" alt=\"Carronella pellucida by Klas Malmberg (Sweden)\" \/><\/div><center><em>Carronella pellucida (Sweden)<\/em> por Klas Malmberg<\/center><\/span><p><\/p><div class=\"opk-worms\"><h3>Informaci\u00f3n taxon\u00f3mica WoRMS<\/h3><div class=\"opk-alert\">El nombre solicitado Carronella pellucida no est\u00e1 actualmente aceptado (superseded combination).<br>Nombre aceptado actual: <strong><em>Flabellina pellucida<\/em> (Alder &amp; Hancock, 1843)<\/strong><\/div><h4>Clasificaci\u00f3n actual<\/h4><table class=\"widefat striped\"><tr><th>Superdomain<\/th><td><a target=\"_blank\" href=\"https:\/\/www.marinespecies.org\/aphia.php?p=taxdetails&id=1\">Biota<\/a><\/td><\/tr><tr><th>Kingdom<\/th><td><a target=\"_blank\" href=\"https:\/\/www.marinespecies.org\/aphia.php?p=taxdetails&id=2\">Animalia<\/a><\/td><\/tr><tr><th>Phylum<\/th><td><a target=\"_blank\" href=\"https:\/\/www.marinespecies.org\/aphia.php?p=taxdetails&id=51\">Mollusca<\/a><\/td><\/tr><tr><th>Class<\/th><td><a target=\"_blank\" href=\"https:\/\/www.marinespecies.org\/aphia.php?p=taxdetails&id=101\">Gastropoda<\/a><\/td><\/tr><tr><th>Subclass<\/th><td><a target=\"_blank\" href=\"https:\/\/www.marinespecies.org\/aphia.php?p=taxdetails&id=14712\">Heterobranchia<\/a><\/td><\/tr><tr><th>Infraclass<\/th><td><a target=\"_blank\" href=\"https:\/\/www.marinespecies.org\/aphia.php?p=taxdetails&id=1057247\">Euthyneura<\/a><\/td><\/tr><tr><th>Subterclass<\/th><td><a target=\"_blank\" href=\"https:\/\/www.marinespecies.org\/aphia.php?p=taxdetails&id=1057249\">Ringipleura<\/a><\/td><\/tr><tr><th>Superorder<\/th><td><a target=\"_blank\" href=\"https:\/\/www.marinespecies.org\/aphia.php?p=taxdetails&id=411966\">Nudipleura<\/a><\/td><\/tr><tr><th>Order<\/th><td><a target=\"_blank\" href=\"https:\/\/www.marinespecies.org\/aphia.php?p=taxdetails&id=1762\">Nudibranchia<\/a><\/td><\/tr><tr><th>Suborder<\/th><td><a target=\"_blank\" href=\"https:\/\/www.marinespecies.org\/aphia.php?p=taxdetails&id=827889\">Cladobranchia<\/a><\/td><\/tr><tr><th>Superfamily<\/th><td><a target=\"_blank\" href=\"https:\/\/www.marinespecies.org\/aphia.php?p=taxdetails&id=412646\">Fionoidea<\/a><\/td><\/tr><tr><th>Family<\/th><td><a target=\"_blank\" href=\"https:\/\/www.marinespecies.org\/aphia.php?p=taxdetails&id=190\">Flabellinidae<\/a><\/td><\/tr><tr><th>Genus<\/th><td><a target=\"_blank\" href=\"https:\/\/www.marinespecies.org\/aphia.php?p=taxdetails&id=138019\"><em>Flabellina<\/em><\/a><\/td><\/tr><tr><th>Species<\/th><td><a target=\"_blank\" href=\"https:\/\/www.marinespecies.org\/aphia.php?p=taxdetails&id=139994\"><em>Flabellina pellucida<\/em> (Alder &amp; Hancock, 1843)<\/a><\/td><\/tr><\/table><p class=\"footer\">Clasificaci\u00f3n proporcionada por el World Register of Marine Species (WoRMS). [<a target=\"_blank\" href=\"https:\/\/www.marinespecies.org\/aphia.php?p=taxdetails&id=139994\">139994<\/a>]<\/p><\/div><p><strong>Nota taxon\u00f3mica<\/strong>: La clasificaci\u00f3n de los Flabellinidae hab\u00eda permanecido bastante estable hasta que en 2017 aparecieron una serie de trabajos (Furfaro et al. 2017; Korshunova et al. 2017) que pretend\u00edan aclarar el estatus de la familia Flabellinidae. El objetivo principal del trabajo de Furfaro et al. era caracterizar  molecularmente las especies mediterr\u00e1neas mientras que el trabajo de Korshunova et al. pretend\u00eda ahondar en las relaciones filogen\u00e9ticas entre diversos miembros de la familia Flabellinidae y las dem\u00e1s familias de los aeolid\u00e1ceos.<br>Ambos trabajos se basaban en la combinaci\u00f3n de t\u00e9cnicas moleculares y morfologicas y, de hecho, no ofrecen resultados muy distintos, pero s\u00ed difieren en el tama\u00f1o y procedencia de las muestras estudiadas y, sobre todo, en la interpretaci\u00f3n de dichos resultados. Tras la aparici\u00f3n del trabajo de Furfaro et al., muchas especies Mediterr\u00e1neas de los g\u00e9neros <i>Calmella<\/i>, <i>Flabellina<\/i> y <i>Piseinotecus<\/i> se agruparon bajo el g\u00e9nero com\u00fan <i>Flabellina<\/i>, pero tuvieron determinados problemas con algunas especies que no encajaban bien con la clasificaci\u00f3n propuesta (p.e. <i>Flabellina babai<\/i>), descubrieron que las poblaciones mediterr\u00e1nea y atl\u00e1ntica de <i>Flabellina ischitana<\/i> corresponden en realidad a dos especies cripticas diferentes, y constataron los problemas del grupo cr\u00edptico <i>Calmella cavolini <\/i>\/ <i>Flabellina confusa <\/i>\/ <i>Piseinotecus gaditanus<\/i>por lo que indicaron la necesidad de nuevos estudios para aclarar su estatus. <br>Curiosamente estos estudios se estaban llevando pr\u00e1cticamente en paralelo por el grupo de Korshunova et al. pero sobre una muestra de especies mucho m\u00e1s amplia y que comprend\u00eda ejemplares del \u00c1rtico, Atl\u00e1ntico norte, oc\u00e9ano Pac\u00edfico e \u00cdndico. Este segundo trabajo confirma la polif\u00edlia de la familia Flabellinidae, pero su forma de interpretar los resultados representa una verdadera revoluci\u00f3n para la taxonom\u00eda de los aeolid\u00e1ceos, especialmente para la familia Flabellinidae.<br>Ambos trabajos observan que hay dos clados (grupos) bien diferenciados de Flabellinidae: el de <i>Coryphella pedata <\/i>y similares, con cerata que salen directamente del dorso, y el de <i>Flabellina affinis <\/i>y similares, que tienen los cerata de cada grupo pedunculados. Aunque Furfaro et al. consideran a las especies de ambos clados pertenecientes al g\u00e9nero <i>Flabellina<\/i> dentro de la familia Flabellinidae, Korshunova et al. diferencia dos familias: Coryphellidae y Flabellinidae sensu stricto, creando adem\u00e1s multitud de g\u00e9neros diferentes en estas familias para incluir a las especies que estudian. Su propuesta taxon\u00f3mica, curiosamente, da respuesta a los problemas hallados por Furfaro et al.<br>En cierta manera ambos trabajos se complementan, si bien en el trabajo de Korshunova et al. se evidencia la falta de estudios sobre las especies de flabellinidos tropicales y del sur de Am\u00e9rica y \u00c1frica, por lo que a\u00fan no se ha dicho la \u00faltima palabra. La propuesta de creaci\u00f3n de nuevos g\u00e9neros para reunir peque\u00f1os grupos de especies, en vez de g\u00e9neros multiespec\u00edficos, parece ser la tendencia en algunos de los trabajos filogen\u00e9ticos de los \u00faltimos a\u00f1os. Puede consultarse una discusi\u00f3n detallada de esta apasionante controversia en (<a href=\"https:\/\/opistobranquis.info\/es\/flabellinidae\/\">https:\/\/opistobranquis.info\/es\/flabellinidae\/<\/a>).<\/p><strong>Sin\u00f3nimos<\/strong><\/p>\n<ul>\n<li><span id=\"aphia_ct_tu_146858\"><i>Flabellina pellucida (Alder &amp; Hancock, 1843)<\/i><\/span><\/li>\n<li><span id=\"aphia_ct_tu_146858\"><i>Coryphella pellucida<\/i> (Alder &amp; Hancock, 1843)<\/span><\/li>\n<li><span id=\"aphia_ct_tu_748256\"><i>Coryphella rutila<\/i> Verrill, 1879<\/span><\/li>\n<li><strong><span id=\"aphia_ct_tu_748629\"><i>Eolis pellucida<\/i> Alder &amp; Hancock, 1843\u00a0(original)<\/span><\/strong><\/li>\n<\/ul>\n<p><strong>Descripci\u00f3n<br \/>\n<\/strong><span class=\"\" title=\"\">Puede alcanzar<\/span> <span title=\"\">un tama\u00f1o<\/span> <span title=\"\">de hasta 40<\/span> <span title=\"\">mm.<\/span> <span title=\"\">El color<\/span> <span title=\"\">base<\/span> <span title=\"\">del cuerpo<\/span> <span title=\"\">es blanco<\/span> <span class=\"\" title=\"\">hialino<\/span><span title=\"\">.<\/span> <span title=\"\">Los<\/span> <span title=\"\">tent\u00e1culos<\/span> <span title=\"\">orales<\/span> <span title=\"\">y los<\/span> <span title=\"\">rin\u00f3foros<\/span> <span title=\"\">tienen la<\/span> <span title=\"\">parte<\/span> <span title=\"\">distal<\/span> <span class=\"\" title=\"\">de color<\/span> <span title=\"\">blanco opaco<\/span><span title=\"\">.<\/span> <span title=\"\">Los<\/span> <span title=\"\">rin\u00f3foros<\/span> <span title=\"\">son lisos<\/span><span title=\"\">.<\/span> <span title=\"\">Hay<\/span> <span title=\"\">numerosos<\/span> <span title=\"\">ceratas<\/span> <span class=\"\" title=\"\">reunidos<\/span> <span title=\"\">en 6-7<\/span> <span title=\"\">grupos<\/span> <span title=\"\">a cada lado<\/span> <span title=\"\">del dorso,<\/span> <span title=\"\">los dos primeros<\/span> <span class=\"\" title=\"\">bien definidos<\/span><span title=\"\">.<\/span> <span title=\"\">El primer<\/span> <span title=\"\">grupo tiene<\/span> <span title=\"\">hasta unos<\/span> <span title=\"\">20<\/span> <span title=\"\">ceratas<\/span><span title=\"\">.<\/span> \u00c9<span title=\"\">stos son<\/span> <span class=\"\" title=\"\">largos y finos<\/span><span title=\"\">,<\/span> <span title=\"\">hialinos<\/span> <span title=\"\">y con la<\/span> <span title=\"\">gl\u00e1ndula<\/span> <span title=\"\">digestiva<\/span> <span title=\"\">de color<\/span> <span title=\"\">marr\u00f3n o<\/span> <span class=\"\" title=\"\">rojiza visible en su interior<\/span><span title=\"\">;<\/span> <span title=\"\">el extremo apical de los<\/span> <span title=\"\">ceratas<\/span> <span title=\"\">es blanco<\/span> <span title=\"\">opaco.<\/span> <span title=\"\">El pie<\/span> <span title=\"\">tiene en<\/span> <span class=\"\" title=\"\">su extremo<\/span> <span title=\"\">anterior<\/span> <span title=\"\">un par<\/span> <span title=\"\">de tent\u00e1culos<\/span> <span title=\"\">propodiales<\/span> finos y <span class=\"\" title=\"\">curvados.<\/span><\/p>\n<p><strong>Biolog\u00eda<br \/>\n<\/strong><span title=\"\">Vive<\/span> <span class=\"\" title=\"\">en sustratos<\/span> <span class=\"\" title=\"\">rocosos<\/span> <span title=\"\">o<\/span> <span title=\"\">en cabos <\/span><span title=\"\">sumergidos,<\/span> <span title=\"\">sobre<\/span> <span title=\"\">las colonias<\/span> <span class=\"\" title=\"\">de hidrozoos<\/span> que constituyen su alimento<span title=\"\">.<\/span> Se alimenta de <span title=\"\">los p\u00f3lipos<\/span> <span title=\"\">de diferentes<\/span> <span title=\"\">especies<\/span> <span title=\"\">de hidrozoos<\/span> <span class=\"\" title=\"\">los g\u00e9neros<\/span> <span title=\"\"><em>Tubularia<\/em>,<\/span> <em><span title=\"\">Eudendrium<\/span><\/em><span title=\"\">,<\/span> <em><span title=\"\">Hydrallmania<\/span><\/em> <span title=\"\">y<\/span> <em><span class=\"\" title=\"\">Kirchenpaueria<\/span><\/em><span title=\"\">.<\/span><\/p>\n<p><strong>Etimolog\u00eda<\/strong><\/p>\n<ul>\n<li><em>Carronella<\/em>. Por el Loch Carron, un &#8220;loch&#8221; marino en la costa occidental de los Highlands escoceses, donde se han hallado numerosos ejemplares de <em>Eolis pellucida<\/em> a lo largo de los a\u00f1os.<\/li>\n<li><em>Pellucida<\/em>. Del Lat\u00edn \u201cpell\u016bcida\u201d, transparente.<\/li>\n<\/ul>\n<p><strong>Distribuci\u00f3n<br \/>\n<\/strong>Es una especie amfiatl\u00e1ntica, citada tanto en el norte de Europa (desde el sur de Irlanda e Inglaterra hasta Noruega y Rusia) como en las costas Atl\u00e1nticas de Canad\u00e1, Estados Unidos (Maine y Massachussets) y en Groenlandia. La \u00fanica cita mediterr\u00e1nea corresponde a Ros (1975) que la cita en Blanes, Girona, Espa\u00f1a, pero no ha vuelto a ser vista desde entonces pese a las intensas y cont\u00ednuas prospecciones realizadas a lo largo de las costas ib\u00e9ricas. <div id=\"flxmap-6a99a46dacc00\" class='flxmap-container' data-flxmap='flxmap_6a99a46dacc00' style=\"width:100%;height:400px;\"><\/div>\n<script data-noptimize=\"1\">\n\/* <![CDATA[ *\/\n(function(w, fn) {\n if (w.addEventListener) w.addEventListener(\"DOMContentLoaded\", fn, false);\n else if (w.attachEvent) w.attachEvent(\"onload\", fn);\n})(window, function() {\n var f = new FlexibleMap();\n f.panControl = true;\n f.mapTypeId = \"satellite\";\n f.setlocale(\"es-ES\");\n f.kmlcache = \"5 minutes\";\n f.showKML(\"flxmap-6a99a46dacc00\", \"https:\/\/opistobranquis.info\/wp-content\/uploads\/kms\/16022.kmz\");\n window.flxmap_6a99a46dacc00 = f;\n});\n\/* ]]> *\/\n<\/script>\n<div style=\"width:100%;text-align:center;margin:12px 0 4px 0;\">\n  <div style=\"font-size:8pt;margin-bottom:6px;\">Citas georeferenciadas conocidas de la especie: <em>Carronella pellucida<\/em><\/div>\n  <table style=\"margin:0 auto;border-collapse:collapse;font-size:8pt;\">\n    <tr><td colspan=\"2\" style=\"text-align:left;padding-bottom:4px;\"><strong>Fonts:<\/strong><\/td><\/tr>\n    <tr>\n      <td style=\"vertical-align:top;padding-right:40px;\">\n        <table style=\"border-collapse:collapse;\">\n<tr><td style='padding:1px 6px 1px 0;vertical-align:middle'><img data-recalc-dims=\"1\" src=\"https:\/\/i0.wp.com\/opistobranquis.info\/wp-content\/uploads\/kms\/wht-circle-lv.png?w=900&#038;ssl=1\" style='display:block'><\/td><td style='padding:1px 0;vertical-align:middle;white-space:nowrap'>OBIS<\/td><\/tr><tr><td style='padding:1px 6px 1px 0;vertical-align:middle'><img data-recalc-dims=\"1\" src=\"https:\/\/i0.wp.com\/opistobranquis.info\/wp-content\/uploads\/kms\/ylw-circle-lv.png?w=900&#038;ssl=1\" style='display:block'><\/td><td style='padding:1px 0;vertical-align:middle;white-space:nowrap'>GROC 2010-2011<\/td><\/tr><tr><td style='padding:1px 6px 1px 0;vertical-align:middle'><img data-recalc-dims=\"1\" src=\"https:\/\/i0.wp.com\/opistobranquis.info\/wp-content\/uploads\/kms\/grn-circle-lv.png?w=900&#038;ssl=1\" style='display:block'><\/td><td style='padding:1px 0;vertical-align:middle;white-space:nowrap'>Enric Madrenas<\/td><\/tr><tr><td style='padding:1px 6px 1px 0;vertical-align:middle'><img data-recalc-dims=\"1\" src=\"https:\/\/i0.wp.com\/opistobranquis.info\/wp-content\/uploads\/kms\/orange-circle-lv.png?w=900&#038;ssl=1\" style='display:block'><\/td><td style='padding:1px 0;vertical-align:middle;white-space:nowrap'>Jo\u00e3o Pedro Silva<\/td><\/tr><tr><td style='padding:1px 6px 1px 0;vertical-align:middle'><img data-recalc-dims=\"1\" src=\"https:\/\/i0.wp.com\/opistobranquis.info\/wp-content\/uploads\/kms\/pink-circle-lv.png?w=900&#038;ssl=1\" style='display:block'><\/td><td style='padding:1px 0;vertical-align:middle;white-space:nowrap'>Bernard Picton<\/td><\/tr><tr><td style='padding:1px 6px 1px 0;vertical-align:middle'><img data-recalc-dims=\"1\" src=\"https:\/\/i0.wp.com\/opistobranquis.info\/wp-content\/uploads\/kms\/blk-circle-lv.png?w=900&#038;ssl=1\" style='display:block'><\/td><td style='padding:1px 0;vertical-align:middle;white-space:nowrap'>GBIF<\/td><\/tr>        <\/table>\n      <\/td>\n      <td style=\"vertical-align:top;\">\n        <table style=\"border-collapse:collapse;\">\n<tr><td style='padding:1px 6px 1px 0;vertical-align:middle'><img data-recalc-dims=\"1\" src=\"https:\/\/i0.wp.com\/opistobranquis.info\/wp-content\/uploads\/kms\/purple-circle-lv.png?w=900&#038;ssl=1\" style='display:block'><\/td><td style='padding:1px 0;vertical-align:middle;white-space:nowrap'>OPK<\/td><\/tr><tr><td style='padding:1px 6px 1px 0;vertical-align:middle'><img data-recalc-dims=\"1\" src=\"https:\/\/i0.wp.com\/opistobranquis.info\/wp-content\/uploads\/kms\/red-circle-lv.png?w=900&#038;ssl=1\" style='display:block'><\/td><td style='padding:1px 0;vertical-align:middle;white-space:nowrap'>VIMAR<\/td><\/tr><tr><td style='padding:1px 6px 1px 0;vertical-align:middle'><img data-recalc-dims=\"1\" src=\"https:\/\/i0.wp.com\/opistobranquis.info\/wp-content\/uploads\/kms\/blu-circle-lv.png?w=900&#038;ssl=1\" style='display:block'><\/td><td style='padding:1px 0;vertical-align:middle;white-space:nowrap'>Manuel Ballesteros<\/td><\/tr><tr><td style='padding:1px 6px 1px 0;vertical-align:middle'><img data-recalc-dims=\"1\" src=\"https:\/\/i0.wp.com\/opistobranquis.info\/wp-content\/uploads\/kms\/cyan-circle-lv.png?w=900&#038;ssl=1\" style='display:block'><\/td><td style='padding:1px 0;vertical-align:middle;white-space:nowrap'>M@re Nostrum<\/td><\/tr><tr><td style='padding:1px 6px 1px 0;vertical-align:middle'><img data-recalc-dims=\"1\" src=\"https:\/\/i0.wp.com\/opistobranquis.info\/wp-content\/uploads\/kms\/grey-circle-lv.png?w=900&#038;ssl=1\" style='display:block'><\/td><td style='padding:1px 0;vertical-align:middle;white-space:nowrap'>Altres fonts<\/td><\/tr><tr><td style='padding:1px 6px 1px 0;vertical-align:middle'><img data-recalc-dims=\"1\" src=\"https:\/\/i0.wp.com\/opistobranquis.info\/wp-content\/uploads\/kms\/marreg.png?w=900&#038;ssl=1\" style='display:block'><\/td><td style='padding:1px 0;vertical-align:middle;white-space:nowrap'>Marine Regions<\/td><\/tr>        <\/table>\n      <\/td>\n    <\/tr>\n  <\/table>\n<\/div>\n<\/p>\n<p><strong>Especies similares<\/strong><br \/>\n<em>Carronella enne<\/em>, una especie de profundidad, originaria del Atl\u00e1ntico norte, muy similar a <em>C. pellucida<\/em> de la que se separa s\u00f3lo mediante an\u00e1lisis moleculares.<\/p>\n<p><strong>Error:<\/strong> Chart.js no est\u00e1 disponible.<\/p>\n<p><strong>Otras fotos<\/strong><br \/>\n<ul><span style=\"font-size:10pt\">No tenemos (m\u00e1s) fotos de <em>Carronella pellucida<\/em><\/span><\/ul><\/p>\n<p><strong>Bibliograf\u00eda<\/strong><\/p><ul><div id=\"zotpress-630f219881b2b43fddc5ba6cd1860b1a\" class=\"zp-Zotpress zp-Zotpress-Bib wp-block-group\">\n\n\t\t<span class=\"ZP_API_USER_ID ZP_ATTR\">1246567<\/span>\n\t\t<span class=\"ZP_ITEM_KEY ZP_ATTR\"><\/span>\n\t\t<span class=\"ZP_COLLECTION_ID ZP_ATTR\"><\/span>\n\t\t<span class=\"ZP_TAG_ID ZP_ATTR\">Carronella pellucida<\/span>\n\t\t<span class=\"ZP_AUTHOR ZP_ATTR\"><\/span>\n\t\t<span class=\"ZP_YEAR ZP_ATTR\"><\/span>\n        <span class=\"ZP_ITEMTYPE ZP_ATTR\"><\/span>\n\t\t<span class=\"ZP_INCLUSIVE ZP_ATTR\">1<\/span>\n\t\t<span class=\"ZP_STYLE ZP_ATTR\">eunomia-revista-en-cultura-de-la-legalidad<\/span>\n\t\t<span class=\"ZP_LIMIT ZP_ATTR\">50<\/span>\n\t\t<span class=\"ZP_SORTBY ZP_ATTR\">creator<\/span>\n\t\t<span class=\"ZP_ORDER ZP_ATTR\">asc<\/span>\n\t\t<span class=\"ZP_TITLE ZP_ATTR\"><\/span>\n\t\t<span class=\"ZP_SHOWIMAGE ZP_ATTR\"><\/span>\n\t\t<span class=\"ZP_SHOWTAGS ZP_ATTR\"><\/span>\n\t\t<span class=\"ZP_DOWNLOADABLE ZP_ATTR\"><\/span>\n\t\t<span class=\"ZP_NOTES ZP_ATTR\"><\/span>\n\t\t<span class=\"ZP_ABSTRACT ZP_ATTR\"><\/span>\n\t\t<span class=\"ZP_CITEABLE ZP_ATTR\"><\/span>\n\t\t<span class=\"ZP_TARGET ZP_ATTR\">1<\/span>\n\t\t<span class=\"ZP_URLWRAP ZP_ATTR\"><\/span>\n\t\t<span class=\"ZP_FORCENUM ZP_ATTR\"><\/span>\n        <span class=\"ZP_HIGHLIGHT ZP_ATTR\"><\/span>\n        <span class=\"ZP_POSTID ZP_ATTR\">16022<\/span>\n\t\t<span class=\"ZOTPRESS_PLUGIN_URL ZP_ATTR\">https:\/\/opistobranquis.info\/wp-content\/plugins\/zotpress\/<\/span>\n\n\t\t<div class=\"zp-List loading\">\n\t\t\t<div class=\"zp-SEO-Content\">\n\n\t\t\t<\/div><!-- .zp-zp-SEO-Content -->\n\t\t<\/div><!-- .zp-List -->\n\t<\/div><!--.zp-Zotpress-->\n\n<p><\/p>Bibliograf\u00eda basada en los trabajos de <b>Steve Long, 2006<\/b>. <a target=_blank href=https:\/\/opistobranquis.info\/wp-content\/uploads\/2016\/06\/Long-S.-2006-Bibliography-of-Opisthobranchia-1554-2000.pdf>Bibliography of Opisthobranchia 1554-2000<\/a> y <b>Gary McDonald, 2009<\/b>. <a href=http:\/\/escholarship.org\/uc\/item\/8115h0wz>Bibliographia Nudibranchia<\/a>, con actualizaciones posteriores procedentes de otras fuentes.<p><\/p><\/ul><p><\/p><p><strong>M\u00e1s informaci\u00f3n<\/strong><\/p><span style=\"font-size:10pt\"><ul><ul class=\"blogroll-links\"><li><a href=\"http:\/\/www.biodiversitylibrary.org\/name\/Flabellina%20pellucida\">Biodiversity Heritage Library<\/a><\/li><li><a href=\"http:\/\/www.habitas.org.uk\/marinelife\/species.asp?item=W14610#\">Encyclopedia of Marine Life of Britain and Ireland<\/a><\/li><li><a href=\"https:\/\/www.flickr.com\/search\/?text=Carronella%20pellucida\">Flickr pictures<\/a><\/li><li><a href=\"http:\/\/www.irmng.org\/aphia.php?p=taxlist&#038;tName=Carronella%20pellucida\">Interim Register of Marine and Nonmarine Genera<\/a><\/li><li><a href=\"http:\/\/www.ncbi.nlm.nih.gov\/Taxonomy\/Browser\/wwwtax.cgi?mode=Undef&#038;name=Flabellina%20pellucida&#038;lvl=0&#038;srchmode=1\">NCBI GenBank<\/a><\/li><li><a href=\"http:\/\/iobis.org\/mapper\/?taxon=Flabellina%20pellucida\">OBIS - Search by Taxon<\/a><\/li><li><a href=\"http:\/\/www.nudibranch.org\/Scottish%20Nudibranchs\/carronella-pellucida.html\">Scottish Nudibranchs<\/a><\/li><li><a href=\"https:\/\/conchsoc.net\/spAccount\/Carronella-pellucida-(Alder-&#038;-Hancock,-1843)\">The Conchological Society of Great Britain and Ireland<\/a><\/li><li><a href=\"http:\/\/www.marinespecies.org\/aphia.php?p=taxdetails&#038;id=139994\">World Register of Marine Species<\/a><\/li><\/ul><\/ul><\/span><p><strong>Citar este art\u00edculo como: <\/strong><\/p><div style=\"display: block; background: #444444; padding: 10px 30px 10px 10px; border-radius: 5px; line-height: 18px;\"><p class=\"citacio\"><b>Ballesteros, M., Madrenas, E. &#38; Pontes, M.<\/b> (2025) <em>\"Carronella pellucida\"<\/em> en <em>OPK-Opistobranquis<\/em>. Publicado: 15\/10\/2014. Accedido: 03\/09\/2026. Disponible en (<a href=https:\/\/opistobranquis.info\/es\/?p=16022>https:\/\/opistobranquis.info\/es\/?p=16022<\/a>)<\/p><p><\/p><\/div><p><\/p><\/p>","protected":false},"excerpt":{"rendered":"<p>Carronella pellucida\u00a0(Alder &amp; Hancock, 1843) Sin\u00f3nimos Flabellina pellucida (Alder &amp; Hancock, 1843) Coryphella pellucida (Alder &amp; Hancock, 1843) Coryphella rutila Verrill, 1879 Eolis pellucida Alder &amp; Hancock, 1843\u00a0(original) Descripci\u00f3n Puede alcanzar un tama\u00f1o de hasta 40 mm. El color base del cuerpo es blanco hialino. Los tent\u00e1culos orales y los rin\u00f3foros tienen la parte distal de color blanco opaco. Los rin\u00f3foros son lisos. Hay numerosos ceratas reunidos en 6-7 grupos\u2026<\/p>\n<p class=\"continue-reading-button\"> <a class=\"continue-reading-link\" href=\"https:\/\/opistobranquis.info\/es\/guia\/nudibranchia\/cladobranchia\/aeolidioidea\/flabellinidae\/carronella-pellucida\/\">Sigue leyendo<i class=\"crycon-right-dir\"><\/i><\/a><\/p>\n","protected":false},"author":291,"featured_media":15608,"parent":46869,"menu_order":2,"comment_status":"closed","ping_status":"closed","template":"","meta":{"footnotes":""},"class_list":["post-16022","page","type-page","status-publish","has-post-thumbnail","hentry"],"jetpack_sharing_enabled":true,"_links":{"self":[{"href":"https:\/\/opistobranquis.info\/es\/wp-json\/wp\/v2\/pages\/16022","targetHints":{"allow":["GET"]}}],"collection":[{"href":"https:\/\/opistobranquis.info\/es\/wp-json\/wp\/v2\/pages"}],"about":[{"href":"https:\/\/opistobranquis.info\/es\/wp-json\/wp\/v2\/types\/page"}],"author":[{"embeddable":true,"href":"https:\/\/opistobranquis.info\/es\/wp-json\/wp\/v2\/users\/291"}],"replies":[{"embeddable":true,"href":"https:\/\/opistobranquis.info\/es\/wp-json\/wp\/v2\/comments?post=16022"}],"version-history":[{"count":6,"href":"https:\/\/opistobranquis.info\/es\/wp-json\/wp\/v2\/pages\/16022\/revisions"}],"predecessor-version":[{"id":31175,"href":"https:\/\/opistobranquis.info\/es\/wp-json\/wp\/v2\/pages\/16022\/revisions\/31175"}],"up":[{"embeddable":true,"href":"https:\/\/opistobranquis.info\/es\/wp-json\/wp\/v2\/pages\/46869"}],"wp:featuredmedia":[{"embeddable":true,"href":"https:\/\/opistobranquis.info\/es\/wp-json\/wp\/v2\/media\/15608"}],"wp:attachment":[{"href":"https:\/\/opistobranquis.info\/es\/wp-json\/wp\/v2\/media?parent=16022"}],"curies":[{"name":"wp","href":"https:\/\/api.w.org\/{rel}","templated":true}]}}