{"id":18492,"date":"2015-02-22T14:07:07","date_gmt":"2015-02-22T13:07:07","guid":{"rendered":"https:\/\/opistobranquis.info\/?page_id=18492"},"modified":"2018-02-22T16:47:38","modified_gmt":"2018-02-22T15:47:38","slug":"elysia-papillosa","status":"publish","type":"page","link":"https:\/\/opistobranquis.info\/es\/guia\/sacoglossa\/plakobranchoidea\/elysia-papillosa\/","title":{"rendered":"Elysia papillosa"},"content":{"rendered":"<p><em>Elysia papillosa<\/em>\u00a0 A.E. Verrill, 1901<\/p>\n<p><span style=\"font-size:10pt;\" class=\"aligncenter\"><div id=\"featured-img-id\"><img data-recalc-dims=\"1\" decoding=\"async\" src=\"https:\/\/i0.wp.com\/opistobranquis.info\/wp-content\/uploads\/2015\/02\/Elysia-papillosa-%40-Key-Largo-Florida-USA-by-Manuel-Malaqu%C3%ADas.jpg?w=900&#038;ssl=1\" alt=\"Elysia papillosa @ Key Largo, Florida (USA) by Manuel Malaqu\u00edas\" \/><\/div><center><em>Elysia papillosa @ Key Largo, Florida (USA)<\/em> por Manuel Malaquias<\/center><\/span><p><\/p><div class=\"opk-worms\"><h3>Informaci\u00f3n taxon\u00f3mica WoRMS<\/h3><div class=\"opk-success\">Nombre aceptado actual: <strong><em>Elysia papillosa<\/em> A. E. Verrill, 1901<\/strong><\/div><h4>Clasificaci\u00f3n actual<\/h4><table class=\"widefat striped\"><tr><th>Superdomain<\/th><td><a target=\"_blank\" href=\"https:\/\/www.marinespecies.org\/aphia.php?p=taxdetails&id=1\">Biota<\/a><\/td><\/tr><tr><th>Kingdom<\/th><td><a target=\"_blank\" href=\"https:\/\/www.marinespecies.org\/aphia.php?p=taxdetails&id=2\">Animalia<\/a><\/td><\/tr><tr><th>Phylum<\/th><td><a target=\"_blank\" href=\"https:\/\/www.marinespecies.org\/aphia.php?p=taxdetails&id=51\">Mollusca<\/a><\/td><\/tr><tr><th>Class<\/th><td><a target=\"_blank\" href=\"https:\/\/www.marinespecies.org\/aphia.php?p=taxdetails&id=101\">Gastropoda<\/a><\/td><\/tr><tr><th>Subclass<\/th><td><a target=\"_blank\" href=\"https:\/\/www.marinespecies.org\/aphia.php?p=taxdetails&id=14712\">Heterobranchia<\/a><\/td><\/tr><tr><th>Infraclass<\/th><td><a target=\"_blank\" href=\"https:\/\/www.marinespecies.org\/aphia.php?p=taxdetails&id=1057247\">Euthyneura<\/a><\/td><\/tr><tr><th>Subterclass<\/th><td><a target=\"_blank\" href=\"https:\/\/www.marinespecies.org\/aphia.php?p=taxdetails&id=1057250\">Tectipleura<\/a><\/td><\/tr><tr><th>Superorder<\/th><td><a target=\"_blank\" href=\"https:\/\/www.marinespecies.org\/aphia.php?p=taxdetails&id=167\">Sacoglossa<\/a><\/td><\/tr><tr><th>Superfamily<\/th><td><a target=\"_blank\" href=\"https:\/\/www.marinespecies.org\/aphia.php?p=taxdetails&id=411959\">Plakobranchoidea<\/a><\/td><\/tr><tr><th>Family<\/th><td><a target=\"_blank\" href=\"https:\/\/www.marinespecies.org\/aphia.php?p=taxdetails&id=411960\">Plakobranchidae<\/a><\/td><\/tr><tr><th>Genus<\/th><td><a target=\"_blank\" href=\"https:\/\/www.marinespecies.org\/aphia.php?p=taxdetails&id=137928\"><em>Elysia<\/em><\/a><\/td><\/tr><tr><th>Species<\/th><td><a target=\"_blank\" href=\"https:\/\/www.marinespecies.org\/aphia.php?p=taxdetails&id=181213\"><em>Elysia papillosa<\/em> A. E. Verrill, 1901<\/a><\/td><\/tr><\/table><p class=\"footer\">Clasificaci\u00f3n proporcionada por el World Register of Marine Species (WoRMS). [<a target=\"_blank\" href=\"https:\/\/www.marinespecies.org\/aphia.php?p=taxdetails&id=181213\">181213<\/a>]<\/p><\/div><strong>Descripci\u00f3n<\/strong><\/p>\n<p><strong>Biolog\u00eda<\/strong><\/p>\n<p><strong>Etimolog\u00eda<\/strong><\/p>\n<ul>\n<li><em>Elysia <\/em>es un nombre que proviene del lat\u00edn <em>Elyseum<\/em>: el\u00edseo, una \u201cespecie de para\u00edso\u201d donde, segun las creencias del paganismo, ten\u00edan que ir las almas de aquellos que, al morir, merec\u00edan este premio\u201d. Frieder Sauer comenta que<em>Elysia<\/em> significa <em>celestial<\/em>.<\/li>\n<li><em>Papillosa<\/em>. Derivado de la palabra latina &#8220;papilla&#8221;, que significa &#8220;con papilas&#8221;. Una papila es una peque\u00f1a elevaci\u00f3n de la piel, con forma de pez\u00f3n.<\/li>\n<\/ul>\n<p><strong>Distribuci\u00f3n<\/strong><br \/>\n<div id=\"flxmap-6a9c87192e230\" class='flxmap-container' data-flxmap='flxmap_6a9c87192e230' style=\"width:100%;height:400px;\"><\/div>\n<script data-noptimize=\"1\">\n\/* <![CDATA[ *\/\n(function(w, fn) {\n if (w.addEventListener) w.addEventListener(\"DOMContentLoaded\", fn, false);\n else if (w.attachEvent) w.attachEvent(\"onload\", fn);\n})(window, function() {\n var f = new FlexibleMap();\n f.panControl = true;\n f.mapTypeId = \"satellite\";\n f.setlocale(\"es-ES\");\n f.kmlcache = \"5 minutes\";\n f.showKML(\"flxmap-6a9c87192e230\", \"https:\/\/opistobranquis.info\/wp-content\/uploads\/kms\/18492.kmz\");\n window.flxmap_6a9c87192e230 = f;\n});\n\/* ]]> *\/\n<\/script>\n<div style=\"width:100%;text-align:center;margin:12px 0 4px 0;\">\n  <div style=\"font-size:8pt;margin-bottom:6px;\">Citas georeferenciadas conocidas de la especie: <em>Elysia papillosa<\/em><\/div>\n  <table style=\"margin:0 auto;border-collapse:collapse;font-size:8pt;\">\n    <tr><td colspan=\"2\" style=\"text-align:left;padding-bottom:4px;\"><strong>Fonts:<\/strong><\/td><\/tr>\n    <tr>\n      <td style=\"vertical-align:top;padding-right:40px;\">\n        <table style=\"border-collapse:collapse;\">\n<tr><td style='padding:1px 6px 1px 0;vertical-align:middle'><img data-recalc-dims=\"1\" src=\"https:\/\/i0.wp.com\/opistobranquis.info\/wp-content\/uploads\/kms\/wht-circle-lv.png?w=900&#038;ssl=1\" style='display:block'><\/td><td style='padding:1px 0;vertical-align:middle;white-space:nowrap'>OBIS<\/td><\/tr><tr><td style='padding:1px 6px 1px 0;vertical-align:middle'><img data-recalc-dims=\"1\" src=\"https:\/\/i0.wp.com\/opistobranquis.info\/wp-content\/uploads\/kms\/ylw-circle-lv.png?w=900&#038;ssl=1\" style='display:block'><\/td><td style='padding:1px 0;vertical-align:middle;white-space:nowrap'>GROC 2010-2011<\/td><\/tr><tr><td style='padding:1px 6px 1px 0;vertical-align:middle'><img data-recalc-dims=\"1\" src=\"https:\/\/i0.wp.com\/opistobranquis.info\/wp-content\/uploads\/kms\/grn-circle-lv.png?w=900&#038;ssl=1\" style='display:block'><\/td><td style='padding:1px 0;vertical-align:middle;white-space:nowrap'>Enric Madrenas<\/td><\/tr><tr><td style='padding:1px 6px 1px 0;vertical-align:middle'><img data-recalc-dims=\"1\" src=\"https:\/\/i0.wp.com\/opistobranquis.info\/wp-content\/uploads\/kms\/orange-circle-lv.png?w=900&#038;ssl=1\" style='display:block'><\/td><td style='padding:1px 0;vertical-align:middle;white-space:nowrap'>Jo\u00e3o Pedro Silva<\/td><\/tr><tr><td style='padding:1px 6px 1px 0;vertical-align:middle'><img data-recalc-dims=\"1\" src=\"https:\/\/i0.wp.com\/opistobranquis.info\/wp-content\/uploads\/kms\/pink-circle-lv.png?w=900&#038;ssl=1\" style='display:block'><\/td><td style='padding:1px 0;vertical-align:middle;white-space:nowrap'>Bernard Picton<\/td><\/tr><tr><td style='padding:1px 6px 1px 0;vertical-align:middle'><img data-recalc-dims=\"1\" src=\"https:\/\/i0.wp.com\/opistobranquis.info\/wp-content\/uploads\/kms\/blk-circle-lv.png?w=900&#038;ssl=1\" style='display:block'><\/td><td style='padding:1px 0;vertical-align:middle;white-space:nowrap'>GBIF<\/td><\/tr>        <\/table>\n      <\/td>\n      <td style=\"vertical-align:top;\">\n        <table style=\"border-collapse:collapse;\">\n<tr><td style='padding:1px 6px 1px 0;vertical-align:middle'><img data-recalc-dims=\"1\" src=\"https:\/\/i0.wp.com\/opistobranquis.info\/wp-content\/uploads\/kms\/purple-circle-lv.png?w=900&#038;ssl=1\" style='display:block'><\/td><td style='padding:1px 0;vertical-align:middle;white-space:nowrap'>OPK<\/td><\/tr><tr><td style='padding:1px 6px 1px 0;vertical-align:middle'><img data-recalc-dims=\"1\" src=\"https:\/\/i0.wp.com\/opistobranquis.info\/wp-content\/uploads\/kms\/red-circle-lv.png?w=900&#038;ssl=1\" style='display:block'><\/td><td style='padding:1px 0;vertical-align:middle;white-space:nowrap'>VIMAR<\/td><\/tr><tr><td style='padding:1px 6px 1px 0;vertical-align:middle'><img data-recalc-dims=\"1\" src=\"https:\/\/i0.wp.com\/opistobranquis.info\/wp-content\/uploads\/kms\/blu-circle-lv.png?w=900&#038;ssl=1\" style='display:block'><\/td><td style='padding:1px 0;vertical-align:middle;white-space:nowrap'>Manuel Ballesteros<\/td><\/tr><tr><td style='padding:1px 6px 1px 0;vertical-align:middle'><img data-recalc-dims=\"1\" src=\"https:\/\/i0.wp.com\/opistobranquis.info\/wp-content\/uploads\/kms\/cyan-circle-lv.png?w=900&#038;ssl=1\" style='display:block'><\/td><td style='padding:1px 0;vertical-align:middle;white-space:nowrap'>M@re Nostrum<\/td><\/tr><tr><td style='padding:1px 6px 1px 0;vertical-align:middle'><img data-recalc-dims=\"1\" src=\"https:\/\/i0.wp.com\/opistobranquis.info\/wp-content\/uploads\/kms\/grey-circle-lv.png?w=900&#038;ssl=1\" style='display:block'><\/td><td style='padding:1px 0;vertical-align:middle;white-space:nowrap'>Altres fonts<\/td><\/tr><tr><td style='padding:1px 6px 1px 0;vertical-align:middle'><img data-recalc-dims=\"1\" src=\"https:\/\/i0.wp.com\/opistobranquis.info\/wp-content\/uploads\/kms\/marreg.png?w=900&#038;ssl=1\" style='display:block'><\/td><td style='padding:1px 0;vertical-align:middle;white-space:nowrap'>Marine Regions<\/td><\/tr>        <\/table>\n      <\/td>\n    <\/tr>\n  <\/table>\n<\/div>\n<\/p>\n<p><strong>Error:<\/strong> Chart.js no est\u00e1 disponible.<\/p>\n<p><strong>Otras fotos<br \/>\n<\/strong><div class=\"tiled-gallery type-rectangular tiled-gallery-unresized\" data-original-width=\"900\" data-carousel-extra='{&quot;blog_id&quot;:1,&quot;permalink&quot;:&quot;https:\\\/\\\/opistobranquis.info\\\/es\\\/guia\\\/sacoglossa\\\/plakobranchoidea\\\/elysia-papillosa\\\/&quot;,&quot;likes_blog_id&quot;:44192421}' itemscope itemtype=\"http:\/\/schema.org\/ImageGallery\" > <div class=\"gallery-row\" style=\"width: 900px; height: 423px;\" data-original-width=\"900\" data-original-height=\"423\" > <div class=\"gallery-group images-1\" style=\"width: 632px; height: 423px;\" data-original-width=\"632\" data-original-height=\"423\" > <div class=\"tiled-gallery-item tiled-gallery-item-large\" itemprop=\"associatedMedia\" itemscope itemtype=\"http:\/\/schema.org\/ImageObject\"> <a href=\"https:\/\/opistobranquis.info\/es\/guia\/sacoglossa\/plakobranchoidea\/elysia-papillosa\/elysia-papillosa-madeira-02-2005-by-peter-wirtz\/\" border=\"0\" itemprop=\"url\"> <meta itemprop=\"width\" content=\"628\"> <meta itemprop=\"height\" content=\"419\"> <img decoding=\"async\" class=\"\" data-attachment-id=\"18494\" data-orig-file=\"https:\/\/opistobranquis.info\/wp-content\/uploads\/2015\/02\/Elysia-papillosa-@-Madeira-02-2005-by-Peter-Wirtz.jpg\" data-orig-size=\"600,400\" data-comments-opened=\"\" data-image-title=\"Elysia papillosa @ Madeira 02-2005 by Peter Wirtz\" data-image-description=\"&lt;p&gt;Elysia papillosa @ Madeira 02-2005 by Peter Wirtz&lt;\/p&gt; \" data-medium-file=\"https:\/\/i0.wp.com\/opistobranquis.info\/wp-content\/uploads\/2015\/02\/Elysia-papillosa-%40-Madeira-02-2005-by-Peter-Wirtz.jpg?fit=300%2C200&#038;ssl=1\" data-large-file=\"https:\/\/i0.wp.com\/opistobranquis.info\/wp-content\/uploads\/2015\/02\/Elysia-papillosa-%40-Madeira-02-2005-by-Peter-Wirtz.jpg?fit=600%2C400&#038;ssl=1\" src=\"https:\/\/i0.wp.com\/opistobranquis.info\/wp-content\/uploads\/2015\/02\/Elysia-papillosa-%40-Madeira-02-2005-by-Peter-Wirtz.jpg?w=628&#038;h=419&#038;ssl=1\" width=\"628\" height=\"419\" loading=\"lazy\" data-original-width=\"628\" data-original-height=\"419\" itemprop=\"http:\/\/schema.org\/image\" title=\"Elysia papillosa @ Madeira 02-2005 by Peter Wirtz\" alt=\"Elysia papillosa @ Madeira 02-2005 by Peter Wirtz\" style=\"width: 628px; height: 419px;\" \/> <\/a> <div class=\"tiled-gallery-caption\" itemprop=\"caption description\"> Elysia papillosa @ Madeira 02-2005 by Peter Wirtz <\/div> <\/div> <\/div> <!-- close group --> <div class=\"gallery-group images-2\" style=\"width: 268px; height: 423px;\" data-original-width=\"268\" data-original-height=\"423\" > <div class=\"tiled-gallery-item tiled-gallery-item-large\" itemprop=\"associatedMedia\" itemscope itemtype=\"http:\/\/schema.org\/ImageObject\"> <a href=\"https:\/\/opistobranquis.info\/es\/guia\/sacoglossa\/plakobranchoidea\/elysia-papillosa\/elysia-papillosa-stocking-island-exuma-bahamas-03-02-2004-by-anne-dupont\/\" border=\"0\" itemprop=\"url\"> <meta itemprop=\"width\" content=\"264\"> <meta itemprop=\"height\" content=\"239\"> <img decoding=\"async\" class=\"\" data-attachment-id=\"18495\" data-orig-file=\"https:\/\/opistobranquis.info\/wp-content\/uploads\/2015\/02\/Elysia-papillosa-@-Stocking-Island-Exuma-Bahamas-03-02-2004-by-Anne-DuPont.jpg\" data-orig-size=\"531,480\" data-comments-opened=\"\" data-image-title=\"Elysia papillosa @ Stocking Island, Exuma, Bahamas 03-02-2004 by Anne DuPont\" data-image-description=\"&lt;p&gt;Elysia papillosa @ Stocking Island, Exuma, Bahamas 03-02-2004 by Anne DuPont&lt;\/p&gt; \" data-medium-file=\"https:\/\/i0.wp.com\/opistobranquis.info\/wp-content\/uploads\/2015\/02\/Elysia-papillosa-%40-Stocking-Island-Exuma-Bahamas-03-02-2004-by-Anne-DuPont.jpg?fit=300%2C271&#038;ssl=1\" data-large-file=\"https:\/\/i0.wp.com\/opistobranquis.info\/wp-content\/uploads\/2015\/02\/Elysia-papillosa-%40-Stocking-Island-Exuma-Bahamas-03-02-2004-by-Anne-DuPont.jpg?fit=531%2C480&#038;ssl=1\" src=\"https:\/\/i0.wp.com\/opistobranquis.info\/wp-content\/uploads\/2015\/02\/Elysia-papillosa-%40-Stocking-Island-Exuma-Bahamas-03-02-2004-by-Anne-DuPont.jpg?w=264&#038;h=239&#038;ssl=1\" width=\"264\" height=\"239\" loading=\"lazy\" data-original-width=\"264\" data-original-height=\"239\" itemprop=\"http:\/\/schema.org\/image\" title=\"Elysia papillosa @ Stocking Island, Exuma, Bahamas 03-02-2004 by Anne DuPont\" alt=\"Elysia papillosa @ Stocking Island, Exuma, Bahamas 03-02-2004 by Anne DuPont\" style=\"width: 264px; height: 239px;\" \/> <\/a> <div class=\"tiled-gallery-caption\" itemprop=\"caption description\"> Elysia papillosa @ Stocking Island, Exuma, Bahamas 03-02-2004 by Anne DuPont <\/div> <\/div> <div class=\"tiled-gallery-item tiled-gallery-item-large\" itemprop=\"associatedMedia\" itemscope itemtype=\"http:\/\/schema.org\/ImageObject\"> <a href=\"https:\/\/opistobranquis.info\/es\/guia\/sacoglossa\/plakobranchoidea\/elysia-papillosa\/elysia-papillosa-2-stocking-island-exuma-bahamas-03-02-2004-by-anne-dupont\/\" border=\"0\" itemprop=\"url\"> <meta itemprop=\"width\" content=\"264\"> <meta itemprop=\"height\" content=\"176\"> <img decoding=\"async\" class=\"\" data-attachment-id=\"18496\" data-orig-file=\"https:\/\/opistobranquis.info\/wp-content\/uploads\/2015\/02\/Elysia-papillosa-2-@-Stocking-Island-Exuma-Bahamas-03-02-2004-by-Anne-DuPont.jpg\" data-orig-size=\"600,400\" data-comments-opened=\"\" data-image-title=\"Elysia papillosa @ Stocking Island, Exuma, Bahamas 03-02-2004 by Anne DuPont\" data-image-description=\"&lt;p&gt;Elysia papillosa @ Stocking Island, Exuma, Bahamas 03-02-2004 by Anne DuPont&lt;\/p&gt; \" data-medium-file=\"https:\/\/i0.wp.com\/opistobranquis.info\/wp-content\/uploads\/2015\/02\/Elysia-papillosa-2-%40-Stocking-Island-Exuma-Bahamas-03-02-2004-by-Anne-DuPont.jpg?fit=300%2C200&#038;ssl=1\" data-large-file=\"https:\/\/i0.wp.com\/opistobranquis.info\/wp-content\/uploads\/2015\/02\/Elysia-papillosa-2-%40-Stocking-Island-Exuma-Bahamas-03-02-2004-by-Anne-DuPont.jpg?fit=600%2C400&#038;ssl=1\" src=\"https:\/\/i0.wp.com\/opistobranquis.info\/wp-content\/uploads\/2015\/02\/Elysia-papillosa-2-%40-Stocking-Island-Exuma-Bahamas-03-02-2004-by-Anne-DuPont.jpg?w=264&#038;h=176&#038;ssl=1\" width=\"264\" height=\"176\" loading=\"lazy\" data-original-width=\"264\" data-original-height=\"176\" itemprop=\"http:\/\/schema.org\/image\" title=\"Elysia papillosa @ Stocking Island, Exuma, Bahamas 03-02-2004 by Anne DuPont\" alt=\"Elysia papillosa @ Stocking Island, Exuma, Bahamas 03-02-2004 by Anne DuPont\" style=\"width: 264px; height: 176px;\" \/> <\/a> <div class=\"tiled-gallery-caption\" itemprop=\"caption description\"> Elysia papillosa @ Stocking Island, Exuma, Bahamas 03-02-2004 <\/div> <\/div> <\/div> <!-- close group --> <\/div> <!-- close row --> <div class=\"gallery-row\" style=\"width: 900px; height: 587px;\" data-original-width=\"900\" data-original-height=\"587\" > <div class=\"gallery-group images-1\" style=\"width: 900px; height: 587px;\" data-original-width=\"900\" data-original-height=\"587\" > <div class=\"tiled-gallery-item tiled-gallery-item-large\" itemprop=\"associatedMedia\" itemscope itemtype=\"http:\/\/schema.org\/ImageObject\"> <a href=\"https:\/\/opistobranquis.info\/es\/guia\/sacoglossa\/plakobranchoidea\/elysia-papillosa\/elysia-papillosa-taliarte-gran-canaria-3-11-2016-by-jose-juan-calderin-penate\/\" border=\"0\" itemprop=\"url\"> <meta itemprop=\"width\" content=\"896\"> <meta itemprop=\"height\" content=\"583\"> <img decoding=\"async\" class=\"\" data-attachment-id=\"22806\" data-orig-file=\"https:\/\/opistobranquis.info\/wp-content\/uploads\/2016\/11\/Elysia-papillosa-@-Taliarte-Gran-Canaria-3-11-2016-by-Jos\u00e9-Juan-Calder\u00edn-Pe\u00f1ate.jpg\" data-orig-size=\"892,580\" data-comments-opened=\"\" data-image-title=\"Elysia papillosa @ Taliarte, Gran Canaria 3-11-2016 by Jos\u00e9 Juan Calder\u00edn Pe\u00f1ate\" data-image-description=\"&lt;p&gt;Elysia papillosa @ Taliarte, Gran Canaria 3-11-2016 by Jos\u00e9 Juan Calder\u00edn Pe\u00f1ate&lt;\/p&gt; \" data-medium-file=\"https:\/\/i0.wp.com\/opistobranquis.info\/wp-content\/uploads\/2016\/11\/Elysia-papillosa-%40-Taliarte-Gran-Canaria-3-11-2016-by-Jos%C3%A9-Juan-Calder%C3%ADn-Pe%C3%B1ate.jpg?fit=300%2C195&#038;ssl=1\" data-large-file=\"https:\/\/i0.wp.com\/opistobranquis.info\/wp-content\/uploads\/2016\/11\/Elysia-papillosa-%40-Taliarte-Gran-Canaria-3-11-2016-by-Jos%C3%A9-Juan-Calder%C3%ADn-Pe%C3%B1ate.jpg?fit=892%2C580&#038;ssl=1\" src=\"https:\/\/i0.wp.com\/opistobranquis.info\/wp-content\/uploads\/2016\/11\/Elysia-papillosa-%40-Taliarte-Gran-Canaria-3-11-2016-by-Jos%C3%A9-Juan-Calder%C3%ADn-Pe%C3%B1ate.jpg?w=896&#038;h=583&#038;ssl=1\" width=\"896\" height=\"583\" loading=\"lazy\" data-original-width=\"896\" data-original-height=\"583\" itemprop=\"http:\/\/schema.org\/image\" title=\"Elysia papillosa @ Taliarte, Gran Canaria 3-11-2016 by Jos\u00e9 Juan Calder\u00edn Pe\u00f1ate\" alt=\"Elysia papillosa @ Taliarte, Gran Canaria 3-11-2016 by Jos\u00e9 Juan Calder\u00edn Pe\u00f1ate\" style=\"width: 896px; height: 583px;\" \/> <\/a> <div class=\"tiled-gallery-caption\" itemprop=\"caption description\"> Elysia papillosa @ Taliarte, Gran Canaria 3-11-2016 by Jos\u00e9 Juan Calder\u00edn Pe\u00f1ate <\/div> <\/div> <\/div> <!-- close group --> <\/div> <!-- close row --> <\/div><\/p>\n<p><strong>Bibliograf\u00eda<\/strong><\/p><ul><div id=\"zotpress-3ec1a2c7b7977529c862532b68281c10\" class=\"zp-Zotpress zp-Zotpress-Bib wp-block-group\">\n\n\t\t<span class=\"ZP_API_USER_ID ZP_ATTR\">1246567<\/span>\n\t\t<span class=\"ZP_ITEM_KEY ZP_ATTR\"><\/span>\n\t\t<span class=\"ZP_COLLECTION_ID ZP_ATTR\"><\/span>\n\t\t<span class=\"ZP_TAG_ID ZP_ATTR\">Elysia papillosa<\/span>\n\t\t<span class=\"ZP_AUTHOR ZP_ATTR\"><\/span>\n\t\t<span class=\"ZP_YEAR ZP_ATTR\"><\/span>\n        <span class=\"ZP_ITEMTYPE ZP_ATTR\"><\/span>\n\t\t<span class=\"ZP_INCLUSIVE ZP_ATTR\">1<\/span>\n\t\t<span class=\"ZP_STYLE ZP_ATTR\">eunomia-revista-en-cultura-de-la-legalidad<\/span>\n\t\t<span class=\"ZP_LIMIT ZP_ATTR\">50<\/span>\n\t\t<span class=\"ZP_SORTBY ZP_ATTR\">creator<\/span>\n\t\t<span class=\"ZP_ORDER ZP_ATTR\">asc<\/span>\n\t\t<span class=\"ZP_TITLE ZP_ATTR\"><\/span>\n\t\t<span class=\"ZP_SHOWIMAGE ZP_ATTR\"><\/span>\n\t\t<span class=\"ZP_SHOWTAGS ZP_ATTR\"><\/span>\n\t\t<span class=\"ZP_DOWNLOADABLE ZP_ATTR\"><\/span>\n\t\t<span class=\"ZP_NOTES ZP_ATTR\"><\/span>\n\t\t<span class=\"ZP_ABSTRACT ZP_ATTR\"><\/span>\n\t\t<span class=\"ZP_CITEABLE ZP_ATTR\"><\/span>\n\t\t<span class=\"ZP_TARGET ZP_ATTR\">1<\/span>\n\t\t<span class=\"ZP_URLWRAP ZP_ATTR\"><\/span>\n\t\t<span class=\"ZP_FORCENUM ZP_ATTR\"><\/span>\n        <span class=\"ZP_HIGHLIGHT ZP_ATTR\"><\/span>\n        <span class=\"ZP_POSTID ZP_ATTR\">18492<\/span>\n\t\t<span class=\"ZOTPRESS_PLUGIN_URL ZP_ATTR\">https:\/\/opistobranquis.info\/wp-content\/plugins\/zotpress\/<\/span>\n\n\t\t<div class=\"zp-List loading\">\n\t\t\t<div class=\"zp-SEO-Content\">\n\n\t\t\t<\/div><!-- .zp-zp-SEO-Content -->\n\t\t<\/div><!-- .zp-List -->\n\t<\/div><!--.zp-Zotpress-->\n\n<p><\/p>Bibliograf\u00eda basada en los trabajos de <b>Steve Long, 2006<\/b>. <a target=_blank href=https:\/\/opistobranquis.info\/wp-content\/uploads\/2016\/06\/Long-S.-2006-Bibliography-of-Opisthobranchia-1554-2000.pdf>Bibliography of Opisthobranchia 1554-2000<\/a> y <b>Gary McDonald, 2009<\/b>. <a href=http:\/\/escholarship.org\/uc\/item\/8115h0wz>Bibliographia Nudibranchia<\/a>, con actualizaciones posteriores procedentes de otras fuentes.<p><\/p><\/ul><p><\/p><p><strong>M\u00e1s informaci\u00f3n<\/strong><\/p><span style=\"font-size:10pt\"><ul><ul class=\"blogroll-links\"><li><a href=\"http:\/\/www.biodiversitylibrary.org\/name\/Elysia%20papillosa\">Biodiversity Heritage Library<\/a><\/li><li><a href=\"https:\/\/www.flickr.com\/search\/?text=Elysia%20papillosa\">Flickr pictures<\/a><\/li><li><a href=\"http:\/\/www.irmng.org\/aphia.php?p=taxlist&#038;tName=Elysia%20papillosa\">Interim Register of Marine and Nonmarine Genera<\/a><\/li><li><a href=\"http:\/\/www.ncbi.nlm.nih.gov\/Taxonomy\/Browser\/wwwtax.cgi?mode=Undef&#038;name=Elysia%20papillosa&#038;lvl=0&#038;srchmode=1\">NCBI GenBank<\/a><\/li><li><a href=\"http:\/\/iobis.org\/mapper\/?taxon=Elysia%20papillosa\">OBIS - Search by Taxon<\/a><\/li><li><a href=\"http:\/\/www.seaslugforum.net\/showall\/elyspapi\">Sea Slug Forum<\/a><\/li><li><a href=\"http:\/\/www.marinespecies.org\/aphia.php?p=taxdetails&#038;id=181213\">World Register of Marine Species<\/a><\/li><\/ul><\/ul><\/span><p><strong>Citar este art\u00edculo como: <\/strong><\/p><div style=\"display: block; background: #444444; padding: 10px 30px 10px 10px; border-radius: 5px; line-height: 18px;\"><p class=\"citacio\"><b>Ballesteros, M., Madrenas, E. &#38; Pontes, M.<\/b> (2025) <em>\"Elysia papillosa\"<\/em> en <em>OPK-Opistobranquis<\/em>. Publicado: 22\/02\/2015. Accedido: 05\/09\/2026. Disponible en (<a href=https:\/\/opistobranquis.info\/es\/?p=18492>https:\/\/opistobranquis.info\/es\/?p=18492<\/a>)<\/p><p><\/p><\/div><p><\/p><\/p>","protected":false},"excerpt":{"rendered":"<p>Elysia papillosa\u00a0 A.E. Verrill, 1901 Descripci\u00f3n Biolog\u00eda Etimolog\u00eda Elysia es un nombre que proviene del lat\u00edn Elyseum: el\u00edseo, una \u201cespecie de para\u00edso\u201d donde, segun las creencias del paganismo, ten\u00edan que ir las almas de aquellos que, al morir, merec\u00edan este premio\u201d. Frieder Sauer comenta queElysia significa celestial. Papillosa. Derivado de la palabra latina &#8220;papilla&#8221;, que significa &#8220;con papilas&#8221;. Una papila es una peque\u00f1a elevaci\u00f3n de la piel, con forma de\u2026<\/p>\n<p class=\"continue-reading-button\"> <a class=\"continue-reading-link\" href=\"https:\/\/opistobranquis.info\/es\/guia\/sacoglossa\/plakobranchoidea\/elysia-papillosa\/\">Sigue leyendo<i class=\"crycon-right-dir\"><\/i><\/a><\/p>\n","protected":false},"author":291,"featured_media":21459,"parent":26133,"menu_order":3111,"comment_status":"closed","ping_status":"closed","template":"","meta":{"footnotes":""},"class_list":["post-18492","page","type-page","status-publish","has-post-thumbnail","hentry"],"jetpack_sharing_enabled":true,"_links":{"self":[{"href":"https:\/\/opistobranquis.info\/es\/wp-json\/wp\/v2\/pages\/18492","targetHints":{"allow":["GET"]}}],"collection":[{"href":"https:\/\/opistobranquis.info\/es\/wp-json\/wp\/v2\/pages"}],"about":[{"href":"https:\/\/opistobranquis.info\/es\/wp-json\/wp\/v2\/types\/page"}],"author":[{"embeddable":true,"href":"https:\/\/opistobranquis.info\/es\/wp-json\/wp\/v2\/users\/291"}],"replies":[{"embeddable":true,"href":"https:\/\/opistobranquis.info\/es\/wp-json\/wp\/v2\/comments?post=18492"}],"version-history":[{"count":1,"href":"https:\/\/opistobranquis.info\/es\/wp-json\/wp\/v2\/pages\/18492\/revisions"}],"predecessor-version":[{"id":25257,"href":"https:\/\/opistobranquis.info\/es\/wp-json\/wp\/v2\/pages\/18492\/revisions\/25257"}],"up":[{"embeddable":true,"href":"https:\/\/opistobranquis.info\/es\/wp-json\/wp\/v2\/pages\/26133"}],"wp:featuredmedia":[{"embeddable":true,"href":"https:\/\/opistobranquis.info\/es\/wp-json\/wp\/v2\/media\/21459"}],"wp:attachment":[{"href":"https:\/\/opistobranquis.info\/es\/wp-json\/wp\/v2\/media?parent=18492"}],"curies":[{"name":"wp","href":"https:\/\/api.w.org\/{rel}","templated":true}]}}