{"id":18503,"date":"2015-02-22T19:45:49","date_gmt":"2015-02-22T18:45:49","guid":{"rendered":"https:\/\/opistobranquis.info\/?page_id=18503"},"modified":"2025-06-12T09:20:56","modified_gmt":"2025-06-12T07:20:56","slug":"flabellina-dushia","status":"publish","type":"page","link":"https:\/\/opistobranquis.info\/es\/guia\/nudibranchia\/cladobranchia\/aeolidioidea\/flabellinidae\/flabellina-dushia\/","title":{"rendered":"Flabellina dushia"},"content":{"rendered":"<p><\/p>\n<h3><em>Flabellina dushia<\/em>\u00a0(Marcus &amp; Marcus, 1963)<\/h3>\n<p><span style=\"font-size:10pt;\" class=\"aligncenter\"><div id=\"featured-img-id\"><img data-recalc-dims=\"1\" decoding=\"async\" src=\"https:\/\/i0.wp.com\/opistobranquis.info\/wp-content\/uploads\/2023\/11\/Flabellina-dushia-%40-Pta.Sa-Galera-Mallorca-03-by-Tia-Pons-scaled.jpg?w=900&#038;ssl=1\" alt=\"Flabellina dushia @ Pta.Sa Galera, Mallorca by Ti\u00e0 Pons\" \/><\/div><center><em>Flabellina dushia @ Pta.Sa Galera, Mallorca<\/em> por Ti\u00e0 Pons<\/center><\/span><p><\/p><div class=\"opk-worms\"><h3>Informaci\u00f3n taxon\u00f3mica WoRMS<\/h3><div class=\"opk-alert\">El nombre solicitado Flabellina dushia no est\u00e1 actualmente aceptado (superseded combination).<br>Nombre aceptado actual: <strong><em>Edmundsella dushia<\/em> (Ev. Marcus &amp; Er. Marcus, 1963)<\/strong><\/div><h4>Clasificaci\u00f3n actual<\/h4><table class=\"widefat striped\"><tr><th>Superdomain<\/th><td><a target=\"_blank\" href=\"https:\/\/www.marinespecies.org\/aphia.php?p=taxdetails&id=1\">Biota<\/a><\/td><\/tr><tr><th>Kingdom<\/th><td><a target=\"_blank\" href=\"https:\/\/www.marinespecies.org\/aphia.php?p=taxdetails&id=2\">Animalia<\/a><\/td><\/tr><tr><th>Phylum<\/th><td><a target=\"_blank\" href=\"https:\/\/www.marinespecies.org\/aphia.php?p=taxdetails&id=51\">Mollusca<\/a><\/td><\/tr><tr><th>Class<\/th><td><a target=\"_blank\" href=\"https:\/\/www.marinespecies.org\/aphia.php?p=taxdetails&id=101\">Gastropoda<\/a><\/td><\/tr><tr><th>Subclass<\/th><td><a target=\"_blank\" href=\"https:\/\/www.marinespecies.org\/aphia.php?p=taxdetails&id=14712\">Heterobranchia<\/a><\/td><\/tr><tr><th>Infraclass<\/th><td><a target=\"_blank\" href=\"https:\/\/www.marinespecies.org\/aphia.php?p=taxdetails&id=1057247\">Euthyneura<\/a><\/td><\/tr><tr><th>Subterclass<\/th><td><a target=\"_blank\" href=\"https:\/\/www.marinespecies.org\/aphia.php?p=taxdetails&id=1057249\">Ringipleura<\/a><\/td><\/tr><tr><th>Superorder<\/th><td><a target=\"_blank\" href=\"https:\/\/www.marinespecies.org\/aphia.php?p=taxdetails&id=411966\">Nudipleura<\/a><\/td><\/tr><tr><th>Order<\/th><td><a target=\"_blank\" href=\"https:\/\/www.marinespecies.org\/aphia.php?p=taxdetails&id=1762\">Nudibranchia<\/a><\/td><\/tr><tr><th>Suborder<\/th><td><a target=\"_blank\" href=\"https:\/\/www.marinespecies.org\/aphia.php?p=taxdetails&id=827889\">Cladobranchia<\/a><\/td><\/tr><tr><th>Superfamily<\/th><td><a target=\"_blank\" href=\"https:\/\/www.marinespecies.org\/aphia.php?p=taxdetails&id=412646\">Fionoidea<\/a><\/td><\/tr><tr><th>Family<\/th><td><a target=\"_blank\" href=\"https:\/\/www.marinespecies.org\/aphia.php?p=taxdetails&id=190\">Flabellinidae<\/a><\/td><\/tr><tr><th>Genus<\/th><td><a target=\"_blank\" href=\"https:\/\/www.marinespecies.org\/aphia.php?p=taxdetails&id=1047600\"><em>Edmundsella<\/em><\/a><\/td><\/tr><tr><th>Species<\/th><td><a target=\"_blank\" href=\"https:\/\/www.marinespecies.org\/aphia.php?p=taxdetails&id=1892868\"><em>Edmundsella dushia<\/em> (Ev. Marcus &amp; Er. Marcus, 1963)<\/a><\/td><\/tr><\/table><p class=\"footer\">Clasificaci\u00f3n proporcionada por el World Register of Marine Species (WoRMS). [<a target=\"_blank\" href=\"https:\/\/www.marinespecies.org\/aphia.php?p=taxdetails&id=1892868\">1892868<\/a>]<\/p><\/div><span style=\"font-family: Ubuntu;\"><p><strong>Nota taxon\u00f3mica<\/strong>: La clasificaci\u00f3n de los Flabellinidae hab\u00eda permanecido bastante estable hasta que en 2017 aparecieron una serie de trabajos (Furfaro et al. 2017; Korshunova et al. 2017) que pretend\u00edan aclarar el estatus de la familia Flabellinidae. El objetivo principal del trabajo de Furfaro et al. era caracterizar  molecularmente las especies mediterr\u00e1neas mientras que el trabajo de Korshunova et al. pretend\u00eda ahondar en las relaciones filogen\u00e9ticas entre diversos miembros de la familia Flabellinidae y las dem\u00e1s familias de los aeolid\u00e1ceos.<br>Ambos trabajos se basaban en la combinaci\u00f3n de t\u00e9cnicas moleculares y morfologicas y, de hecho, no ofrecen resultados muy distintos, pero s\u00ed difieren en el tama\u00f1o y procedencia de las muestras estudiadas y, sobre todo, en la interpretaci\u00f3n de dichos resultados. Tras la aparici\u00f3n del trabajo de Furfaro et al., muchas especies Mediterr\u00e1neas de los g\u00e9neros <i>Calmella<\/i>, <i>Flabellina<\/i> y <i>Piseinotecus<\/i> se agruparon bajo el g\u00e9nero com\u00fan <i>Flabellina<\/i>, pero tuvieron determinados problemas con algunas especies que no encajaban bien con la clasificaci\u00f3n propuesta (p.e. <i>Flabellina babai<\/i>), descubrieron que las poblaciones mediterr\u00e1nea y atl\u00e1ntica de <i>Flabellina ischitana<\/i> corresponden en realidad a dos especies cripticas diferentes, y constataron los problemas del grupo cr\u00edptico <i>Calmella cavolini <\/i>\/ <i>Flabellina confusa <\/i>\/ <i>Piseinotecus gaditanus<\/i>por lo que indicaron la necesidad de nuevos estudios para aclarar su estatus. <br>Curiosamente estos estudios se estaban llevando pr\u00e1cticamente en paralelo por el grupo de Korshunova et al. pero sobre una muestra de especies mucho m\u00e1s amplia y que comprend\u00eda ejemplares del \u00c1rtico, Atl\u00e1ntico norte, oc\u00e9ano Pac\u00edfico e \u00cdndico. Este segundo trabajo confirma la polif\u00edlia de la familia Flabellinidae, pero su forma de interpretar los resultados representa una verdadera revoluci\u00f3n para la taxonom\u00eda de los aeolid\u00e1ceos, especialmente para la familia Flabellinidae.<br>Ambos trabajos observan que hay dos clados (grupos) bien diferenciados de Flabellinidae: el de <i>Coryphella pedata <\/i>y similares, con cerata que salen directamente del dorso, y el de <i>Flabellina affinis <\/i>y similares, que tienen los cerata de cada grupo pedunculados. Aunque Furfaro et al. consideran a las especies de ambos clados pertenecientes al g\u00e9nero <i>Flabellina<\/i> dentro de la familia Flabellinidae, Korshunova et al. diferencia dos familias: Coryphellidae y Flabellinidae sensu stricto, creando adem\u00e1s multitud de g\u00e9neros diferentes en estas familias para incluir a las especies que estudian. Su propuesta taxon\u00f3mica, curiosamente, da respuesta a los problemas hallados por Furfaro et al.<br>En cierta manera ambos trabajos se complementan, si bien en el trabajo de Korshunova et al. se evidencia la falta de estudios sobre las especies de flabellinidos tropicales y del sur de Am\u00e9rica y \u00c1frica, por lo que a\u00fan no se ha dicho la \u00faltima palabra. La propuesta de creaci\u00f3n de nuevos g\u00e9neros para reunir peque\u00f1os grupos de especies, en vez de g\u00e9neros multiespec\u00edficos, parece ser la tendencia en algunos de los trabajos filogen\u00e9ticos de los \u00faltimos a\u00f1os. Puede consultarse una discusi\u00f3n detallada de esta apasionante controversia en (<a href=\"https:\/\/opistobranquis.info\/es\/flabellinidae\/\">https:\/\/opistobranquis.info\/es\/flabellinidae\/<\/a>).<\/p><\/span><strong>Sin\u00f3nimos<\/strong><\/p>\n<ul>\n<li><i>Coryphella dushia<\/i> Marcus Ev. &amp; Er., 1963<\/li>\n<\/ul>\n<p><strong>Descripci\u00f3n<\/strong><\/p>\n<p><strong>Biolog\u00eda<\/strong><\/p>\n<p><strong>Etimolog\u00eda<\/strong><\/p>\n<ul>\n<li><em>Flabellina,<\/em> derivado del Lat\u00edn &#8220;Flabellum&#8221; que significa &#8220;abanico&#8221;.<\/li>\n<li><em>Dushi<\/em>. Lo m\u00e1s probable es que est\u00e9 relacionado con la palabra popular en Cura\u00e7ao &#8220;Dushi&#8221;, que tiene muchos\u00a0significados, pero significa sobre todo dulce, agradable o bueno. Este nombre fue utilizado por la Dra. Diva Diniz Corr\u00eaa para un nuevo g\u00e9nero de nemertinos, y es bien conocida la estrecha relaci\u00f3n de la Dra. Corr\u00eaa con el matrimonio Marcus.<\/li>\n<\/ul>\n<p><strong>Distribuci\u00f3n<\/strong><br \/>\n<div id=\"flxmap-6a99a4669bc7a\" class='flxmap-container' data-flxmap='flxmap_6a99a4669bc7a' style=\"width:100%;height:400px;\"><\/div>\n<script data-noptimize=\"1\">\n\/* <![CDATA[ *\/\n(function(w, fn) {\n if (w.addEventListener) w.addEventListener(\"DOMContentLoaded\", fn, false);\n else if (w.attachEvent) w.attachEvent(\"onload\", fn);\n})(window, function() {\n var f = new FlexibleMap();\n f.panControl = true;\n f.mapTypeId = \"satellite\";\n f.setlocale(\"es-ES\");\n f.kmlcache = \"5 minutes\";\n f.showKML(\"flxmap-6a99a4669bc7a\", \"https:\/\/opistobranquis.info\/wp-content\/uploads\/kms\/18503.kmz\");\n window.flxmap_6a99a4669bc7a = f;\n});\n\/* ]]> *\/\n<\/script>\n<div style=\"width:100%;text-align:center;margin:12px 0 4px 0;\">\n  <div style=\"font-size:8pt;margin-bottom:6px;\">Citas georeferenciadas conocidas de la especie: <em>Flabellina dushia<\/em><\/div>\n  <table style=\"margin:0 auto;border-collapse:collapse;font-size:8pt;\">\n    <tr><td colspan=\"2\" style=\"text-align:left;padding-bottom:4px;\"><strong>Fonts:<\/strong><\/td><\/tr>\n    <tr>\n      <td style=\"vertical-align:top;padding-right:40px;\">\n        <table style=\"border-collapse:collapse;\">\n<tr><td style='padding:1px 6px 1px 0;vertical-align:middle'><img data-recalc-dims=\"1\" src=\"https:\/\/i0.wp.com\/opistobranquis.info\/wp-content\/uploads\/kms\/wht-circle-lv.png?w=900&#038;ssl=1\" style='display:block'><\/td><td style='padding:1px 0;vertical-align:middle;white-space:nowrap'>OBIS<\/td><\/tr><tr><td style='padding:1px 6px 1px 0;vertical-align:middle'><img data-recalc-dims=\"1\" src=\"https:\/\/i0.wp.com\/opistobranquis.info\/wp-content\/uploads\/kms\/ylw-circle-lv.png?w=900&#038;ssl=1\" style='display:block'><\/td><td style='padding:1px 0;vertical-align:middle;white-space:nowrap'>GROC 2010-2011<\/td><\/tr><tr><td style='padding:1px 6px 1px 0;vertical-align:middle'><img data-recalc-dims=\"1\" src=\"https:\/\/i0.wp.com\/opistobranquis.info\/wp-content\/uploads\/kms\/grn-circle-lv.png?w=900&#038;ssl=1\" style='display:block'><\/td><td style='padding:1px 0;vertical-align:middle;white-space:nowrap'>Enric Madrenas<\/td><\/tr><tr><td style='padding:1px 6px 1px 0;vertical-align:middle'><img data-recalc-dims=\"1\" src=\"https:\/\/i0.wp.com\/opistobranquis.info\/wp-content\/uploads\/kms\/orange-circle-lv.png?w=900&#038;ssl=1\" style='display:block'><\/td><td style='padding:1px 0;vertical-align:middle;white-space:nowrap'>Jo\u00e3o Pedro Silva<\/td><\/tr><tr><td style='padding:1px 6px 1px 0;vertical-align:middle'><img data-recalc-dims=\"1\" src=\"https:\/\/i0.wp.com\/opistobranquis.info\/wp-content\/uploads\/kms\/pink-circle-lv.png?w=900&#038;ssl=1\" style='display:block'><\/td><td style='padding:1px 0;vertical-align:middle;white-space:nowrap'>Bernard Picton<\/td><\/tr><tr><td style='padding:1px 6px 1px 0;vertical-align:middle'><img data-recalc-dims=\"1\" src=\"https:\/\/i0.wp.com\/opistobranquis.info\/wp-content\/uploads\/kms\/blk-circle-lv.png?w=900&#038;ssl=1\" style='display:block'><\/td><td style='padding:1px 0;vertical-align:middle;white-space:nowrap'>GBIF<\/td><\/tr>        <\/table>\n      <\/td>\n      <td style=\"vertical-align:top;\">\n        <table style=\"border-collapse:collapse;\">\n<tr><td style='padding:1px 6px 1px 0;vertical-align:middle'><img data-recalc-dims=\"1\" src=\"https:\/\/i0.wp.com\/opistobranquis.info\/wp-content\/uploads\/kms\/purple-circle-lv.png?w=900&#038;ssl=1\" style='display:block'><\/td><td style='padding:1px 0;vertical-align:middle;white-space:nowrap'>OPK<\/td><\/tr><tr><td style='padding:1px 6px 1px 0;vertical-align:middle'><img data-recalc-dims=\"1\" src=\"https:\/\/i0.wp.com\/opistobranquis.info\/wp-content\/uploads\/kms\/red-circle-lv.png?w=900&#038;ssl=1\" style='display:block'><\/td><td style='padding:1px 0;vertical-align:middle;white-space:nowrap'>VIMAR<\/td><\/tr><tr><td style='padding:1px 6px 1px 0;vertical-align:middle'><img data-recalc-dims=\"1\" src=\"https:\/\/i0.wp.com\/opistobranquis.info\/wp-content\/uploads\/kms\/blu-circle-lv.png?w=900&#038;ssl=1\" style='display:block'><\/td><td style='padding:1px 0;vertical-align:middle;white-space:nowrap'>Manuel Ballesteros<\/td><\/tr><tr><td style='padding:1px 6px 1px 0;vertical-align:middle'><img data-recalc-dims=\"1\" src=\"https:\/\/i0.wp.com\/opistobranquis.info\/wp-content\/uploads\/kms\/cyan-circle-lv.png?w=900&#038;ssl=1\" style='display:block'><\/td><td style='padding:1px 0;vertical-align:middle;white-space:nowrap'>M@re Nostrum<\/td><\/tr><tr><td style='padding:1px 6px 1px 0;vertical-align:middle'><img data-recalc-dims=\"1\" src=\"https:\/\/i0.wp.com\/opistobranquis.info\/wp-content\/uploads\/kms\/grey-circle-lv.png?w=900&#038;ssl=1\" style='display:block'><\/td><td style='padding:1px 0;vertical-align:middle;white-space:nowrap'>Altres fonts<\/td><\/tr><tr><td style='padding:1px 6px 1px 0;vertical-align:middle'><img data-recalc-dims=\"1\" src=\"https:\/\/i0.wp.com\/opistobranquis.info\/wp-content\/uploads\/kms\/marreg.png?w=900&#038;ssl=1\" style='display:block'><\/td><td style='padding:1px 0;vertical-align:middle;white-space:nowrap'>Marine Regions<\/td><\/tr>        <\/table>\n      <\/td>\n    <\/tr>\n  <\/table>\n<\/div>\n<\/p>\n<p><strong>Error:<\/strong> Chart.js no est\u00e1 disponible.<\/p>\n<p><strong>Otras fotos<br \/>\n<\/strong><div class=\"tiled-gallery type-rectangular tiled-gallery-unresized\" data-original-width=\"900\" data-carousel-extra='{&quot;blog_id&quot;:1,&quot;permalink&quot;:&quot;https:\\\/\\\/opistobranquis.info\\\/es\\\/guia\\\/nudibranchia\\\/cladobranchia\\\/aeolidioidea\\\/flabellinidae\\\/flabellina-dushia\\\/&quot;,&quot;likes_blog_id&quot;:44192421}' itemscope itemtype=\"http:\/\/schema.org\/ImageGallery\" > <div class=\"gallery-row\" style=\"width: 900px; height: 428px;\" data-original-width=\"900\" data-original-height=\"428\" > <div class=\"gallery-group images-1\" style=\"width: 603px; height: 428px;\" data-original-width=\"603\" data-original-height=\"428\" > <div class=\"tiled-gallery-item tiled-gallery-item-large\" itemprop=\"associatedMedia\" itemscope itemtype=\"http:\/\/schema.org\/ImageObject\"> <a href=\"https:\/\/opistobranquis.info\/es\/guia\/nudibranchia\/cladobranchia\/aeolidioidea\/flabellinidae\/flabellina-dushia\/flabellina-dushia-lake-worth-lagoon-west-palm-beach-florida-usa-8-07-2007-by-anne-dupont\/\" border=\"0\" itemprop=\"url\"> <meta itemprop=\"width\" content=\"599\"> <meta itemprop=\"height\" content=\"424\"> <img decoding=\"async\" class=\"\" data-attachment-id=\"18505\" data-orig-file=\"https:\/\/opistobranquis.info\/wp-content\/uploads\/2015\/02\/Flabellina-dushia-@-Lake-Worth-lagoon-West-Palm-Beach-Florida-USA-8-07-2007-by-Anne-DuPont.jpg\" data-orig-size=\"800,566\" data-comments-opened=\"\" data-image-title=\"Flabellina dushia @ Lake Worth lagoon, West Palm Beach, Florida, USA 8-07-2007 by Anne DuPont\" data-image-description=\"&lt;p&gt;Flabellina dushia @ Lake Worth lagoon, West Palm Beach, Florida, USA 8-07-2007 by Anne DuPont&lt;\/p&gt; \" data-medium-file=\"https:\/\/i0.wp.com\/opistobranquis.info\/wp-content\/uploads\/2015\/02\/Flabellina-dushia-%40-Lake-Worth-lagoon-West-Palm-Beach-Florida-USA-8-07-2007-by-Anne-DuPont.jpg?fit=300%2C212&#038;ssl=1\" data-large-file=\"https:\/\/i0.wp.com\/opistobranquis.info\/wp-content\/uploads\/2015\/02\/Flabellina-dushia-%40-Lake-Worth-lagoon-West-Palm-Beach-Florida-USA-8-07-2007-by-Anne-DuPont.jpg?fit=800%2C566&#038;ssl=1\" src=\"https:\/\/i0.wp.com\/opistobranquis.info\/wp-content\/uploads\/2015\/02\/Flabellina-dushia-%40-Lake-Worth-lagoon-West-Palm-Beach-Florida-USA-8-07-2007-by-Anne-DuPont.jpg?w=599&#038;h=424&#038;ssl=1\" width=\"599\" height=\"424\" loading=\"lazy\" data-original-width=\"599\" data-original-height=\"424\" itemprop=\"http:\/\/schema.org\/image\" title=\"Flabellina dushia @ Lake Worth lagoon, West Palm Beach, Florida, USA 8-07-2007 by Anne DuPont\" alt=\"Flabellina dushia @ Lake Worth lagoon, West Palm Beach, Florida, USA 8-07-2007 by Anne DuPont\" style=\"width: 599px; height: 424px;\" \/> <\/a> <div class=\"tiled-gallery-caption\" itemprop=\"caption description\"> Flabellina dushia @ Lake Worth lagoon, West Palm Beach, Florida, USA 8-07-2007 <\/div> <\/div> <\/div> <!-- close group --> <div class=\"gallery-group images-2\" style=\"width: 297px; height: 428px;\" data-original-width=\"297\" data-original-height=\"428\" > <div class=\"tiled-gallery-item tiled-gallery-item-large\" itemprop=\"associatedMedia\" itemscope itemtype=\"http:\/\/schema.org\/ImageObject\"> <a href=\"https:\/\/opistobranquis.info\/es\/guia\/nudibranchia\/cladobranchia\/aeolidioidea\/flabellinidae\/flabellina-dushia\/flabellina-dushia-lake-worth-lagoon-west-palm-beach-florida-usa-24-06-2007-by-anne-dupont\/\" border=\"0\" itemprop=\"url\"> <meta itemprop=\"width\" content=\"293\"> <meta itemprop=\"height\" content=\"225\"> <img decoding=\"async\" class=\"\" data-attachment-id=\"18506\" data-orig-file=\"https:\/\/opistobranquis.info\/wp-content\/uploads\/2015\/02\/Flabellina-dushia-@-Lake-Worth-lagoon-West-Palm-Beach-Florida-USA-24-06-2007-by-Anne-DuPont.jpg\" data-orig-size=\"750,577\" data-comments-opened=\"\" data-image-title=\"Flabellina dushia @ Lake Worth lagoon, West Palm Beach, Florida, USA 24-06-2007 by Anne DuPont\" data-image-description=\"&lt;p&gt;Flabellina dushia @ Lake Worth lagoon, West Palm Beach, Florida, USA 24-06-2007 by Anne DuPont&lt;\/p&gt; \" data-medium-file=\"https:\/\/i0.wp.com\/opistobranquis.info\/wp-content\/uploads\/2015\/02\/Flabellina-dushia-%40-Lake-Worth-lagoon-West-Palm-Beach-Florida-USA-24-06-2007-by-Anne-DuPont.jpg?fit=300%2C231&#038;ssl=1\" data-large-file=\"https:\/\/i0.wp.com\/opistobranquis.info\/wp-content\/uploads\/2015\/02\/Flabellina-dushia-%40-Lake-Worth-lagoon-West-Palm-Beach-Florida-USA-24-06-2007-by-Anne-DuPont.jpg?fit=750%2C577&#038;ssl=1\" src=\"https:\/\/i0.wp.com\/opistobranquis.info\/wp-content\/uploads\/2015\/02\/Flabellina-dushia-%40-Lake-Worth-lagoon-West-Palm-Beach-Florida-USA-24-06-2007-by-Anne-DuPont.jpg?w=293&#038;h=225&#038;ssl=1\" width=\"293\" height=\"225\" loading=\"lazy\" data-original-width=\"293\" data-original-height=\"225\" itemprop=\"http:\/\/schema.org\/image\" title=\"Flabellina dushia @ Lake Worth lagoon, West Palm Beach, Florida, USA 24-06-2007 by Anne DuPont\" alt=\"Flabellina dushia @ Lake Worth lagoon, West Palm Beach, Florida, USA 24-06-2007 by Anne DuPont\" style=\"width: 293px; height: 225px;\" \/> <\/a> <div class=\"tiled-gallery-caption\" itemprop=\"caption description\"> Flabellina dushia @ Lake Worth lagoon, West Palm Beach, Florida, USA 24-06-2007 by Anne DuPont <\/div> <\/div> <div class=\"tiled-gallery-item tiled-gallery-item-large\" itemprop=\"associatedMedia\" itemscope itemtype=\"http:\/\/schema.org\/ImageObject\"> <a href=\"https:\/\/opistobranquis.info\/es\/guia\/nudibranchia\/cladobranchia\/aeolidioidea\/flabellinidae\/flabellina-dushia\/flabellina-dushia-02\/\" border=\"0\" itemprop=\"url\"> <meta itemprop=\"width\" content=\"293\"> <meta itemprop=\"height\" content=\"195\"> <img decoding=\"async\" class=\"\" data-attachment-id=\"35541\" data-orig-file=\"https:\/\/opistobranquis.info\/wp-content\/uploads\/2022\/12\/Flabellina-dushia-02.png\" data-orig-size=\"1080,719\" data-comments-opened=\"\" data-image-title=\"Flabellina dushia @ Gran Canaria by Mario Matute\" data-image-description=\"&lt;p&gt;Flabellina dushia @ Gran Canaria by Mario Matute&lt;\/p&gt; \" data-medium-file=\"https:\/\/i0.wp.com\/opistobranquis.info\/wp-content\/uploads\/2022\/12\/Flabellina-dushia-02.png?fit=300%2C200&#038;ssl=1\" data-large-file=\"https:\/\/i0.wp.com\/opistobranquis.info\/wp-content\/uploads\/2022\/12\/Flabellina-dushia-02.png?fit=900%2C599&#038;ssl=1\" src=\"https:\/\/i0.wp.com\/opistobranquis.info\/wp-content\/uploads\/2022\/12\/Flabellina-dushia-02.png?w=293&#038;h=195&#038;ssl=1\" srcset=\"https:\/\/i0.wp.com\/opistobranquis.info\/wp-content\/uploads\/2022\/12\/Flabellina-dushia-02.png?w=1080&amp;ssl=1 1080w, https:\/\/i0.wp.com\/opistobranquis.info\/wp-content\/uploads\/2022\/12\/Flabellina-dushia-02.png?resize=300%2C200&amp;ssl=1 300w, https:\/\/i0.wp.com\/opistobranquis.info\/wp-content\/uploads\/2022\/12\/Flabellina-dushia-02.png?resize=1024%2C682&amp;ssl=1 1024w, https:\/\/i0.wp.com\/opistobranquis.info\/wp-content\/uploads\/2022\/12\/Flabellina-dushia-02.png?resize=150%2C100&amp;ssl=1 150w\" width=\"293\" height=\"195\" loading=\"lazy\" data-original-width=\"293\" data-original-height=\"195\" itemprop=\"http:\/\/schema.org\/image\" title=\"Flabellina dushia @ Gran Canaria by Mario Matute\" alt=\"Flabellina dushia @ Gran Canaria by Mario Matute\" style=\"width: 293px; height: 195px;\" \/> <\/a> <div class=\"tiled-gallery-caption\" itemprop=\"caption description\"> Flabellina dushia @ Gran Canaria by Mario Matute <\/div> <\/div> <\/div> <!-- close group --> <\/div> <!-- close row --> <div class=\"gallery-row\" style=\"width: 900px; height: 392px;\" data-original-width=\"900\" data-original-height=\"392\" > <div class=\"gallery-group images-1\" style=\"width: 586px; height: 392px;\" data-original-width=\"586\" data-original-height=\"392\" > <div class=\"tiled-gallery-item tiled-gallery-item-large\" itemprop=\"associatedMedia\" itemscope itemtype=\"http:\/\/schema.org\/ImageObject\"> <a href=\"https:\/\/opistobranquis.info\/es\/guia\/nudibranchia\/cladobranchia\/aeolidioidea\/flabellinidae\/flabellina-dushia\/flabellina-dushia-03\/\" border=\"0\" itemprop=\"url\"> <meta itemprop=\"width\" content=\"582\"> <meta itemprop=\"height\" content=\"388\"> <img decoding=\"async\" class=\"\" data-attachment-id=\"35542\" data-orig-file=\"https:\/\/opistobranquis.info\/wp-content\/uploads\/2022\/12\/Flabellina-dushia-03.jpg\" data-orig-size=\"1080,720\" data-comments-opened=\"\" data-image-title=\"Flabellina dushia @ Gran Canaria by Mario Matute\" data-image-description=\"&lt;p&gt;Flabellina dushia @ Gran Canaria by Mario Matute&lt;\/p&gt; \" data-medium-file=\"https:\/\/i0.wp.com\/opistobranquis.info\/wp-content\/uploads\/2022\/12\/Flabellina-dushia-03.jpg?fit=300%2C200&#038;ssl=1\" data-large-file=\"https:\/\/i0.wp.com\/opistobranquis.info\/wp-content\/uploads\/2022\/12\/Flabellina-dushia-03.jpg?fit=900%2C600&#038;ssl=1\" src=\"https:\/\/i0.wp.com\/opistobranquis.info\/wp-content\/uploads\/2022\/12\/Flabellina-dushia-03.jpg?w=582&#038;h=388&#038;ssl=1\" srcset=\"https:\/\/i0.wp.com\/opistobranquis.info\/wp-content\/uploads\/2022\/12\/Flabellina-dushia-03.jpg?w=1080&amp;ssl=1 1080w, https:\/\/i0.wp.com\/opistobranquis.info\/wp-content\/uploads\/2022\/12\/Flabellina-dushia-03.jpg?resize=300%2C200&amp;ssl=1 300w, https:\/\/i0.wp.com\/opistobranquis.info\/wp-content\/uploads\/2022\/12\/Flabellina-dushia-03.jpg?resize=1024%2C683&amp;ssl=1 1024w, https:\/\/i0.wp.com\/opistobranquis.info\/wp-content\/uploads\/2022\/12\/Flabellina-dushia-03.jpg?resize=150%2C100&amp;ssl=1 150w\" width=\"582\" height=\"388\" loading=\"lazy\" data-original-width=\"582\" data-original-height=\"388\" itemprop=\"http:\/\/schema.org\/image\" title=\"Flabellina dushia @ Gran Canaria by Mario Matute\" alt=\"Flabellina dushia @ Gran Canaria by Mario Matute\" style=\"width: 582px; height: 388px;\" \/> <\/a> <div class=\"tiled-gallery-caption\" itemprop=\"caption description\"> Flabellina dushia @ Gran Canaria by Mario Matute <\/div> <\/div> <\/div> <!-- close group --> <div class=\"gallery-group images-1\" style=\"width: 314px; height: 392px;\" data-original-width=\"314\" data-original-height=\"392\" > <div class=\"tiled-gallery-item tiled-gallery-item-large\" itemprop=\"associatedMedia\" itemscope itemtype=\"http:\/\/schema.org\/ImageObject\"> <a href=\"https:\/\/opistobranquis.info\/es\/guia\/nudibranchia\/cladobranchia\/aeolidioidea\/flabellinidae\/flabellina-dushia\/olympus-digital-camera-315\/\" border=\"0\" itemprop=\"url\"> <meta itemprop=\"width\" content=\"310\"> <meta itemprop=\"height\" content=\"388\"> <img decoding=\"async\" class=\"\" data-attachment-id=\"42516\" data-orig-file=\"https:\/\/opistobranquis.info\/wp-content\/uploads\/2023\/11\/Flabellina-dushia-@-Pta.Sa-Galera-Mallorca-01-by-Tia-Pons-scaled.jpg\" data-orig-size=\"2048,2560\" data-comments-opened=\"\" data-image-title=\"Flabellina dushia @ Pta.Sa Galera, Mallorca by Ti\u00e0 Pons\" data-image-description=\"&lt;p&gt;Flabellina dushia @ Pta.Sa Galera, Mallorca by Ti\u00e0 Pons&lt;\/p&gt; \" data-medium-file=\"https:\/\/i0.wp.com\/opistobranquis.info\/wp-content\/uploads\/2023\/11\/Flabellina-dushia-%40-Pta.Sa-Galera-Mallorca-01-by-Tia-Pons-scaled.jpg?fit=240%2C300&#038;ssl=1\" data-large-file=\"https:\/\/i0.wp.com\/opistobranquis.info\/wp-content\/uploads\/2023\/11\/Flabellina-dushia-%40-Pta.Sa-Galera-Mallorca-01-by-Tia-Pons-scaled.jpg?fit=819%2C1024&#038;ssl=1\" src=\"https:\/\/i0.wp.com\/opistobranquis.info\/wp-content\/uploads\/2023\/11\/Flabellina-dushia-%40-Pta.Sa-Galera-Mallorca-01-by-Tia-Pons-scaled.jpg?w=310&#038;h=388&#038;ssl=1\" width=\"310\" height=\"388\" loading=\"lazy\" data-original-width=\"310\" data-original-height=\"388\" itemprop=\"http:\/\/schema.org\/image\" title=\"Flabellina dushia @ Pta.Sa Galera, Mallorca by Ti\u00e0 Pons\" alt=\"Flabellina dushia @ Pta.Sa Galera, Mallorca by Ti\u00e0 Pons\" style=\"width: 310px; height: 388px;\" \/> <\/a> <div class=\"tiled-gallery-caption\" itemprop=\"caption description\"> Flabellina dushia @ Pta.Sa Galera, Mallorca by Ti\u00e0 Pons <\/div> <\/div> <\/div> <!-- close group --> <\/div> <!-- close row --> <div class=\"gallery-row\" style=\"width: 900px; height: 1124px;\" data-original-width=\"900\" data-original-height=\"1124\" > <div class=\"gallery-group images-1\" style=\"width: 900px; height: 1124px;\" data-original-width=\"900\" data-original-height=\"1124\" > <div class=\"tiled-gallery-item tiled-gallery-item-large\" itemprop=\"associatedMedia\" itemscope itemtype=\"http:\/\/schema.org\/ImageObject\"> <a href=\"https:\/\/opistobranquis.info\/es\/guia\/nudibranchia\/cladobranchia\/aeolidioidea\/flabellinidae\/flabellina-dushia\/olympus-digital-camera-316\/\" border=\"0\" itemprop=\"url\"> <meta itemprop=\"width\" content=\"896\"> <meta itemprop=\"height\" content=\"1120\"> <img decoding=\"async\" class=\"\" data-attachment-id=\"42517\" data-orig-file=\"https:\/\/opistobranquis.info\/wp-content\/uploads\/2023\/11\/Flabellina-dushia-@-Pta.Sa-Galera-Mallorca-02-by-Tia-Pons-scaled.jpg\" data-orig-size=\"2048,2560\" data-comments-opened=\"\" data-image-title=\"Flabellina dushia @ Pta.Sa Galera, Mallorca by Ti\u00e0 Pons\" data-image-description=\"&lt;p&gt;Flabellina dushia @ Pta.Sa Galera, Mallorca by Ti\u00e0 Pons&lt;\/p&gt; \" data-medium-file=\"https:\/\/i0.wp.com\/opistobranquis.info\/wp-content\/uploads\/2023\/11\/Flabellina-dushia-%40-Pta.Sa-Galera-Mallorca-02-by-Tia-Pons-scaled.jpg?fit=240%2C300&#038;ssl=1\" data-large-file=\"https:\/\/i0.wp.com\/opistobranquis.info\/wp-content\/uploads\/2023\/11\/Flabellina-dushia-%40-Pta.Sa-Galera-Mallorca-02-by-Tia-Pons-scaled.jpg?fit=819%2C1024&#038;ssl=1\" src=\"https:\/\/i0.wp.com\/opistobranquis.info\/wp-content\/uploads\/2023\/11\/Flabellina-dushia-%40-Pta.Sa-Galera-Mallorca-02-by-Tia-Pons-scaled.jpg?w=896&#038;h=1120&#038;ssl=1\" width=\"896\" height=\"1120\" loading=\"lazy\" data-original-width=\"896\" data-original-height=\"1120\" itemprop=\"http:\/\/schema.org\/image\" title=\"Flabellina dushia @ Pta.Sa Galera, Mallorca by Ti\u00e0 Pons\" alt=\"Flabellina dushia @ Pta.Sa Galera, Mallorca by Ti\u00e0 Pons\" style=\"width: 896px; height: 1120px;\" \/> <\/a> <div class=\"tiled-gallery-caption\" itemprop=\"caption description\"> Flabellina dushia @ Pta.Sa Galera, Mallorca by Ti\u00e0 Pons <\/div> <\/div> <\/div> <!-- close group --> <\/div> <!-- close row --> <\/div><\/p>\n<p><strong>Bibliograf\u00eda<\/strong><\/p><ul><div id=\"zotpress-124b07b429e565661fbf0404aa181023\" class=\"zp-Zotpress zp-Zotpress-Bib wp-block-group\">\n\n\t\t<span class=\"ZP_API_USER_ID ZP_ATTR\">1246567<\/span>\n\t\t<span class=\"ZP_ITEM_KEY ZP_ATTR\"><\/span>\n\t\t<span class=\"ZP_COLLECTION_ID ZP_ATTR\"><\/span>\n\t\t<span class=\"ZP_TAG_ID ZP_ATTR\">Flabellina dushia<\/span>\n\t\t<span class=\"ZP_AUTHOR ZP_ATTR\"><\/span>\n\t\t<span class=\"ZP_YEAR ZP_ATTR\"><\/span>\n        <span class=\"ZP_ITEMTYPE ZP_ATTR\"><\/span>\n\t\t<span class=\"ZP_INCLUSIVE ZP_ATTR\">1<\/span>\n\t\t<span class=\"ZP_STYLE ZP_ATTR\">eunomia-revista-en-cultura-de-la-legalidad<\/span>\n\t\t<span class=\"ZP_LIMIT ZP_ATTR\">50<\/span>\n\t\t<span class=\"ZP_SORTBY ZP_ATTR\">creator<\/span>\n\t\t<span class=\"ZP_ORDER ZP_ATTR\">asc<\/span>\n\t\t<span class=\"ZP_TITLE ZP_ATTR\"><\/span>\n\t\t<span class=\"ZP_SHOWIMAGE ZP_ATTR\"><\/span>\n\t\t<span class=\"ZP_SHOWTAGS ZP_ATTR\"><\/span>\n\t\t<span class=\"ZP_DOWNLOADABLE ZP_ATTR\"><\/span>\n\t\t<span class=\"ZP_NOTES ZP_ATTR\"><\/span>\n\t\t<span class=\"ZP_ABSTRACT ZP_ATTR\"><\/span>\n\t\t<span class=\"ZP_CITEABLE ZP_ATTR\"><\/span>\n\t\t<span class=\"ZP_TARGET ZP_ATTR\">1<\/span>\n\t\t<span class=\"ZP_URLWRAP ZP_ATTR\"><\/span>\n\t\t<span class=\"ZP_FORCENUM ZP_ATTR\"><\/span>\n        <span class=\"ZP_HIGHLIGHT ZP_ATTR\"><\/span>\n        <span class=\"ZP_POSTID ZP_ATTR\">18503<\/span>\n\t\t<span class=\"ZOTPRESS_PLUGIN_URL ZP_ATTR\">https:\/\/opistobranquis.info\/wp-content\/plugins\/zotpress\/<\/span>\n\n\t\t<div class=\"zp-List loading\">\n\t\t\t<div class=\"zp-SEO-Content\">\n\n\t\t\t<\/div><!-- .zp-zp-SEO-Content -->\n\t\t<\/div><!-- .zp-List -->\n\t<\/div><!--.zp-Zotpress-->\n\n<p><\/p>Bibliograf\u00eda basada en los trabajos de <b>Steve Long, 2006<\/b>. <a target=_blank href=https:\/\/opistobranquis.info\/wp-content\/uploads\/2016\/06\/Long-S.-2006-Bibliography-of-Opisthobranchia-1554-2000.pdf>Bibliography of Opisthobranchia 1554-2000<\/a> y <b>Gary McDonald, 2009<\/b>. <a href=http:\/\/escholarship.org\/uc\/item\/8115h0wz>Bibliographia Nudibranchia<\/a>, con actualizaciones posteriores procedentes de otras fuentes.<p><\/p><\/ul><p><\/p><p><strong>M\u00e1s informaci\u00f3n<\/strong><\/p><span style=\"font-size:10pt\"><ul><ul class=\"blogroll-links\"><li><a href=\"http:\/\/www.biodiversitylibrary.org\/name\/Flabellina%20dushia\">Biodiversity Heritage Library<\/a><\/li><li><a href=\"https:\/\/www.flickr.com\/search\/?text=Flabellina%20dushia\">Flickr pictures<\/a><\/li><li><a href=\"http:\/\/www.irmng.org\/aphia.php?p=taxlist&#038;tName=Flabellina%20dushia\">Interim Register of Marine and Nonmarine Genera<\/a><\/li><li><a href=\"http:\/\/www.jaxshells.org\/adushia.htm\">JaxShells<\/a><\/li><li><a href=\"http:\/\/www.ncbi.nlm.nih.gov\/Taxonomy\/Browser\/wwwtax.cgi?mode=Undef&#038;name=Flabellina%20dushia&#038;lvl=0&#038;srchmode=1\">NCBI GenBank<\/a><\/li><li><a href=\"http:\/\/iobis.org\/mapper\/?taxon=Flabellina%20dushia\">OBIS - Search by Taxon<\/a><\/li><li><a href=\"http:\/\/www.seaslugforum.net\/showall\/flabdush\">Sea Slug Forum<\/a><\/li><li><a href=\"http:\/\/www.marinespecies.org\/aphia.php?p=taxdetails&#038;id=181254\">World Register of Marine Species<\/a><\/li><\/ul><\/ul><\/span><p><strong>Citar este art\u00edculo como: <\/strong><\/p><div style=\"display: block; background: #444444; padding: 10px 30px 10px 10px; border-radius: 5px; line-height: 18px;\"><p class=\"citacio\"><b>Ballesteros, M., Madrenas, E. &#38; Pontes, M.<\/b> (2025) <em>\"Flabellina dushia\"<\/em> en <em>OPK-Opistobranquis<\/em>. Publicado: 22\/02\/2015. Accedido: 03\/09\/2026. Disponible en (<a href=https:\/\/opistobranquis.info\/es\/?p=18503>https:\/\/opistobranquis.info\/es\/?p=18503<\/a>)<\/p><p><\/p><\/div><p><\/p><\/p>","protected":false},"excerpt":{"rendered":"<p>Flabellina dushia\u00a0(Marcus &amp; Marcus, 1963) Sin\u00f3nimos Coryphella dushia Marcus Ev. &amp; Er., 1963 Descripci\u00f3n Biolog\u00eda Etimolog\u00eda Flabellina, derivado del Lat\u00edn &#8220;Flabellum&#8221; que significa &#8220;abanico&#8221;. Dushi. Lo m\u00e1s probable es que est\u00e9 relacionado con la palabra popular en Cura\u00e7ao &#8220;Dushi&#8221;, que tiene muchos\u00a0significados, pero significa sobre todo dulce, agradable o bueno. Este nombre fue utilizado por la Dra. Diva Diniz Corr\u00eaa para un nuevo g\u00e9nero de nemertinos, y es bien conocida\u2026<\/p>\n<p class=\"continue-reading-button\"> <a class=\"continue-reading-link\" href=\"https:\/\/opistobranquis.info\/es\/guia\/nudibranchia\/cladobranchia\/aeolidioidea\/flabellinidae\/flabellina-dushia\/\">Sigue leyendo<i class=\"crycon-right-dir\"><\/i><\/a><\/p>\n","protected":false},"author":291,"featured_media":42518,"parent":46869,"menu_order":15,"comment_status":"closed","ping_status":"closed","template":"","meta":{"footnotes":""},"class_list":["post-18503","page","type-page","status-publish","has-post-thumbnail","hentry"],"jetpack_sharing_enabled":true,"_links":{"self":[{"href":"https:\/\/opistobranquis.info\/es\/wp-json\/wp\/v2\/pages\/18503","targetHints":{"allow":["GET"]}}],"collection":[{"href":"https:\/\/opistobranquis.info\/es\/wp-json\/wp\/v2\/pages"}],"about":[{"href":"https:\/\/opistobranquis.info\/es\/wp-json\/wp\/v2\/types\/page"}],"author":[{"embeddable":true,"href":"https:\/\/opistobranquis.info\/es\/wp-json\/wp\/v2\/users\/291"}],"replies":[{"embeddable":true,"href":"https:\/\/opistobranquis.info\/es\/wp-json\/wp\/v2\/comments?post=18503"}],"version-history":[{"count":4,"href":"https:\/\/opistobranquis.info\/es\/wp-json\/wp\/v2\/pages\/18503\/revisions"}],"predecessor-version":[{"id":35543,"href":"https:\/\/opistobranquis.info\/es\/wp-json\/wp\/v2\/pages\/18503\/revisions\/35543"}],"up":[{"embeddable":true,"href":"https:\/\/opistobranquis.info\/es\/wp-json\/wp\/v2\/pages\/46869"}],"wp:featuredmedia":[{"embeddable":true,"href":"https:\/\/opistobranquis.info\/es\/wp-json\/wp\/v2\/media\/42518"}],"wp:attachment":[{"href":"https:\/\/opistobranquis.info\/es\/wp-json\/wp\/v2\/media?parent=18503"}],"curies":[{"name":"wp","href":"https:\/\/api.w.org\/{rel}","templated":true}]}}