{"id":2124,"date":"2012-08-28T12:31:10","date_gmt":"2012-08-28T10:31:10","guid":{"rendered":"https:\/\/opistobranquis.info\/armina-maculataarmina-maculataarmina-maculata"},"modified":"2020-04-12T16:11:32","modified_gmt":"2020-04-12T14:11:32","slug":"armina-maculata","status":"publish","type":"page","link":"https:\/\/opistobranquis.info\/es\/guia\/nudibranchia\/cladobranchia\/arminoidea\/armina-maculata\/","title":{"rendered":"Armina maculata"},"content":{"rendered":"<p><\/p>\n<h3><em>Armina maculata<\/em> (Rafinesque, 1814)<\/h3>\n<p><span style=\"font-size:10pt;\" class=\"aligncenter\"><div id=\"featured-img-id\"><img data-recalc-dims=\"1\" decoding=\"async\" src=\"https:\/\/i0.wp.com\/opistobranquis.info\/wp-content\/uploads\/2013\/10\/Armina_maculata.jpg?w=900&#038;ssl=1\" alt=\"Armina maculata\" \/><\/div><center><em>Armina maculata<\/em> por Jo\u00e3o Pedro Silva<\/center><\/span><p><\/p><div class=\"opk-worms\"><h3>Informaci\u00f3n taxon\u00f3mica WoRMS<\/h3><div class=\"opk-success\">Nombre aceptado actual: <strong><em>Armina maculata<\/em> Rafinesque, 1814<\/strong><\/div><h4>Clasificaci\u00f3n actual<\/h4><table class=\"widefat striped\"><tr><th>Superdomain<\/th><td><a target=\"_blank\" href=\"https:\/\/www.marinespecies.org\/aphia.php?p=taxdetails&id=1\">Biota<\/a><\/td><\/tr><tr><th>Kingdom<\/th><td><a target=\"_blank\" href=\"https:\/\/www.marinespecies.org\/aphia.php?p=taxdetails&id=2\">Animalia<\/a><\/td><\/tr><tr><th>Phylum<\/th><td><a target=\"_blank\" href=\"https:\/\/www.marinespecies.org\/aphia.php?p=taxdetails&id=51\">Mollusca<\/a><\/td><\/tr><tr><th>Class<\/th><td><a target=\"_blank\" href=\"https:\/\/www.marinespecies.org\/aphia.php?p=taxdetails&id=101\">Gastropoda<\/a><\/td><\/tr><tr><th>Subclass<\/th><td><a target=\"_blank\" href=\"https:\/\/www.marinespecies.org\/aphia.php?p=taxdetails&id=14712\">Heterobranchia<\/a><\/td><\/tr><tr><th>Infraclass<\/th><td><a target=\"_blank\" href=\"https:\/\/www.marinespecies.org\/aphia.php?p=taxdetails&id=1057247\">Euthyneura<\/a><\/td><\/tr><tr><th>Subterclass<\/th><td><a target=\"_blank\" href=\"https:\/\/www.marinespecies.org\/aphia.php?p=taxdetails&id=1057249\">Ringipleura<\/a><\/td><\/tr><tr><th>Superorder<\/th><td><a target=\"_blank\" href=\"https:\/\/www.marinespecies.org\/aphia.php?p=taxdetails&id=411966\">Nudipleura<\/a><\/td><\/tr><tr><th>Order<\/th><td><a target=\"_blank\" href=\"https:\/\/www.marinespecies.org\/aphia.php?p=taxdetails&id=1762\">Nudibranchia<\/a><\/td><\/tr><tr><th>Suborder<\/th><td><a target=\"_blank\" href=\"https:\/\/www.marinespecies.org\/aphia.php?p=taxdetails&id=827889\">Cladobranchia<\/a><\/td><\/tr><tr><th>Superfamily<\/th><td><a target=\"_blank\" href=\"https:\/\/www.marinespecies.org\/aphia.php?p=taxdetails&id=1763\">Arminoidea<\/a><\/td><\/tr><tr><th>Family<\/th><td><a target=\"_blank\" href=\"https:\/\/www.marinespecies.org\/aphia.php?p=taxdetails&id=2087\">Arminidae<\/a><\/td><\/tr><tr><th>Genus<\/th><td><a target=\"_blank\" href=\"https:\/\/www.marinespecies.org\/aphia.php?p=taxdetails&id=137677\"><em>Armina<\/em><\/a><\/td><\/tr><tr><th>Species<\/th><td><a target=\"_blank\" href=\"https:\/\/www.marinespecies.org\/aphia.php?p=taxdetails&id=138805\"><em>Armina maculata<\/em> Rafinesque, 1814<\/a><\/td><\/tr><\/table><p class=\"footer\">Clasificaci\u00f3n proporcionada por el World Register of Marine Species (WoRMS). [<a target=\"_blank\" href=\"https:\/\/www.marinespecies.org\/aphia.php?p=taxdetails&id=138805\">138805<\/a>]<\/p><\/div><strong>Sin\u00f3nimos<\/strong><\/p>\n<ul>\n<li><em>Diphyllidia ocellata<\/em> Deshayes, 1838<\/li>\n<li><em>Diphyllidia pustulosa<\/em> Philippi, 1836<\/li>\n<li><em>Diphyllidia verrucosa<\/em> Cantraine, 1835<\/li>\n<\/ul>\n<p><b>Descripci\u00f3n<\/b><br \/>\nSe trata de una especie de armin\u00e1ceo de talla grande , que puede alcanzar 120 mm de longitud. El cuerpo es alargado, alto y afilado posteriormente. La coloraci\u00f3n y morfolog\u00eda del dorso es muy caracter\u00edstica y la hace inconfundible con otras especies del g\u00e9nero: color amarillo-anaranjado con aparentes manchas blancas redondeadas y de diferentes tama\u00f1os que se corresponden con elevaciones aplanadas o puntiagudas del manto. Puede haber tambi\u00e9n en el dorso peque\u00f1os tub\u00e9rculos pigmentados de blanco o amarillos. Los rin\u00f3foros son muy cortos y de color blanquecino y se encuentran unidos por su base, sobresaliendo de una peque\u00f1a invaginaci\u00f3n de la zona central anterior del manto; la porci\u00f3n distal de los rin\u00f3foros posee de 13 a 15 laminillas, verticales, algunas de ellas bifurcadas o trifurcadas. En la cara inferior del manto y a ambos lados del cuerpo se encuentran una serie de laminillas que entre otros caracteres definen al g\u00e9nero <i>Armina<\/i>: hay laminillas anteriores dispuestas en sentido longitudinal y de color blanquecino, que posiblemente tengan misi\u00f3n respiratoria. Las laminillas posteriores, mucho m\u00e1s numerosas recorren aproximadamente 2\/3 de la cara inferior del manto, est\u00e1n alineadas algo oblicuamente respecto al eje del cuerpo y son de color amarillento. En la pared lateral derecha del cuerpo, el orificio genital se encuentra justo detr\u00e1s del grupo de laminillas respiratorias mientras que el orificio anal se observa m\u00e1s atr\u00e1s, aproximadamente en la zona media de las laminillas oblicuas. El pie es de color crema y diferencia en su zona anterior un escudo cef\u00e1lico caracter\u00edstico adaptado para facilitar el enterramiento del animal en el substrato. Entre el escudo cef\u00e1lico y el resto del pie hay un bulbo bucal que puede ser parcialmente evaginado para capturar el alimento. En la parte posterior del pie se aprecia un surco alargado poco profundo de color blanco que se corresponde con la gl\u00e1ndula pedia.<\/p>\n<p><b>Biolog\u00eda<\/b><br \/>\nEsta especie vive en fondos blandos de arena o de fango con abundancia de gorgonias (<i>Eunicella verrucosa<\/i>), tunicados (<i>Microcosmus sulcatus<\/i>), alcion\u00e1ceos (<i>Alcyonium palmatum<\/i>) y pennatul\u00e1ceos. En estos fondos puede enterrarse con ayuda del peculiar escudo cef\u00e1lico. Tiene h\u00e1bitos nocturnos, deambulando de noche sobre el sedimento en busca de su alimento que suele ser el pennatul\u00e1ceo <i>Veretillum cinomorium<\/i> y enterr\u00e1ndose durante el d\u00eda.<\/p>\n<p><strong>Etimolog\u00eda<\/strong><\/p>\n<ul>\n<li><em>Armina<\/em>. Nombre propio femenino germ\u00e1nico que significa &#8220;soldado&#8221; o &#8220;guerrera&#8221;.<\/li>\n<li><em>Maculata<\/em>, del Lat\u00edn &#8220;maculatus&#8221;, punteado o manchado.<\/li>\n<\/ul>\n<p><strong>Distribuci\u00f3n <\/strong><br \/>\n<i>Armina maculata<\/i> es una especie eminentemente mediterr\u00e1nea que tambi\u00e9n se ha citado en las costas atl\u00e1nticas pr\u00f3ximas como las de Portugal, Madeira, Marruecos y Angola. En la Pen\u00ednsula Ib\u00e9rica ha sido localizada en Portugal, en las costas andaluzas atl\u00e1nticas y mediterr\u00e1neas y zona del Estrecho de Gibraltar, Catalunya y Baleares. Es una especie relativamente frecuente entre el \u201cdescarte\u201d de los arrastreros comerciales que faenan en los caladeros del litoral catal\u00e1n como los situados frente a Blanes, frente a la ciudad de Barcelona y frente a las costas del Garraf, entre 70 y 150 m de profundidad.<br \/>\n<div id=\"flxmap-6a9ad166bcda3\" class='flxmap-container' data-flxmap='flxmap_6a9ad166bcda3' style=\"width:100%;height:400px;\"><\/div>\n<script data-noptimize=\"1\">\n\/* <![CDATA[ *\/\n(function(w, fn) {\n if (w.addEventListener) w.addEventListener(\"DOMContentLoaded\", fn, false);\n else if (w.attachEvent) w.attachEvent(\"onload\", fn);\n})(window, function() {\n var f = new FlexibleMap();\n f.panControl = true;\n f.mapTypeId = \"satellite\";\n f.setlocale(\"es-ES\");\n f.kmlcache = \"5 minutes\";\n f.showKML(\"flxmap-6a9ad166bcda3\", \"https:\/\/opistobranquis.info\/wp-content\/uploads\/kms\/2124.kmz\");\n window.flxmap_6a9ad166bcda3 = f;\n});\n\/* ]]> *\/\n<\/script>\n<div style=\"width:100%;text-align:center;margin:12px 0 4px 0;\">\n  <div style=\"font-size:8pt;margin-bottom:6px;\">Citas georeferenciadas conocidas de la especie: <em>Armina maculata<\/em><\/div>\n  <table style=\"margin:0 auto;border-collapse:collapse;font-size:8pt;\">\n    <tr><td colspan=\"2\" style=\"text-align:left;padding-bottom:4px;\"><strong>Fonts:<\/strong><\/td><\/tr>\n    <tr>\n      <td style=\"vertical-align:top;padding-right:40px;\">\n        <table style=\"border-collapse:collapse;\">\n<tr><td style='padding:1px 6px 1px 0;vertical-align:middle'><img data-recalc-dims=\"1\" src=\"https:\/\/i0.wp.com\/opistobranquis.info\/wp-content\/uploads\/kms\/wht-circle-lv.png?w=900&#038;ssl=1\" style='display:block'><\/td><td style='padding:1px 0;vertical-align:middle;white-space:nowrap'>OBIS<\/td><\/tr><tr><td style='padding:1px 6px 1px 0;vertical-align:middle'><img data-recalc-dims=\"1\" src=\"https:\/\/i0.wp.com\/opistobranquis.info\/wp-content\/uploads\/kms\/ylw-circle-lv.png?w=900&#038;ssl=1\" style='display:block'><\/td><td style='padding:1px 0;vertical-align:middle;white-space:nowrap'>GROC 2010-2011<\/td><\/tr><tr><td style='padding:1px 6px 1px 0;vertical-align:middle'><img data-recalc-dims=\"1\" src=\"https:\/\/i0.wp.com\/opistobranquis.info\/wp-content\/uploads\/kms\/grn-circle-lv.png?w=900&#038;ssl=1\" style='display:block'><\/td><td style='padding:1px 0;vertical-align:middle;white-space:nowrap'>Enric Madrenas<\/td><\/tr><tr><td style='padding:1px 6px 1px 0;vertical-align:middle'><img data-recalc-dims=\"1\" src=\"https:\/\/i0.wp.com\/opistobranquis.info\/wp-content\/uploads\/kms\/orange-circle-lv.png?w=900&#038;ssl=1\" style='display:block'><\/td><td style='padding:1px 0;vertical-align:middle;white-space:nowrap'>Jo\u00e3o Pedro Silva<\/td><\/tr><tr><td style='padding:1px 6px 1px 0;vertical-align:middle'><img data-recalc-dims=\"1\" src=\"https:\/\/i0.wp.com\/opistobranquis.info\/wp-content\/uploads\/kms\/pink-circle-lv.png?w=900&#038;ssl=1\" style='display:block'><\/td><td style='padding:1px 0;vertical-align:middle;white-space:nowrap'>Bernard Picton<\/td><\/tr><tr><td style='padding:1px 6px 1px 0;vertical-align:middle'><img data-recalc-dims=\"1\" src=\"https:\/\/i0.wp.com\/opistobranquis.info\/wp-content\/uploads\/kms\/blk-circle-lv.png?w=900&#038;ssl=1\" style='display:block'><\/td><td style='padding:1px 0;vertical-align:middle;white-space:nowrap'>GBIF<\/td><\/tr>        <\/table>\n      <\/td>\n      <td style=\"vertical-align:top;\">\n        <table style=\"border-collapse:collapse;\">\n<tr><td style='padding:1px 6px 1px 0;vertical-align:middle'><img data-recalc-dims=\"1\" src=\"https:\/\/i0.wp.com\/opistobranquis.info\/wp-content\/uploads\/kms\/purple-circle-lv.png?w=900&#038;ssl=1\" style='display:block'><\/td><td style='padding:1px 0;vertical-align:middle;white-space:nowrap'>OPK<\/td><\/tr><tr><td style='padding:1px 6px 1px 0;vertical-align:middle'><img data-recalc-dims=\"1\" src=\"https:\/\/i0.wp.com\/opistobranquis.info\/wp-content\/uploads\/kms\/red-circle-lv.png?w=900&#038;ssl=1\" style='display:block'><\/td><td style='padding:1px 0;vertical-align:middle;white-space:nowrap'>VIMAR<\/td><\/tr><tr><td style='padding:1px 6px 1px 0;vertical-align:middle'><img data-recalc-dims=\"1\" src=\"https:\/\/i0.wp.com\/opistobranquis.info\/wp-content\/uploads\/kms\/blu-circle-lv.png?w=900&#038;ssl=1\" style='display:block'><\/td><td style='padding:1px 0;vertical-align:middle;white-space:nowrap'>Manuel Ballesteros<\/td><\/tr><tr><td style='padding:1px 6px 1px 0;vertical-align:middle'><img data-recalc-dims=\"1\" src=\"https:\/\/i0.wp.com\/opistobranquis.info\/wp-content\/uploads\/kms\/cyan-circle-lv.png?w=900&#038;ssl=1\" style='display:block'><\/td><td style='padding:1px 0;vertical-align:middle;white-space:nowrap'>M@re Nostrum<\/td><\/tr><tr><td style='padding:1px 6px 1px 0;vertical-align:middle'><img data-recalc-dims=\"1\" src=\"https:\/\/i0.wp.com\/opistobranquis.info\/wp-content\/uploads\/kms\/grey-circle-lv.png?w=900&#038;ssl=1\" style='display:block'><\/td><td style='padding:1px 0;vertical-align:middle;white-space:nowrap'>Altres fonts<\/td><\/tr><tr><td style='padding:1px 6px 1px 0;vertical-align:middle'><img data-recalc-dims=\"1\" src=\"https:\/\/i0.wp.com\/opistobranquis.info\/wp-content\/uploads\/kms\/marreg.png?w=900&#038;ssl=1\" style='display:block'><\/td><td style='padding:1px 0;vertical-align:middle;white-space:nowrap'>Marine Regions<\/td><\/tr>        <\/table>\n      <\/td>\n    <\/tr>\n  <\/table>\n<\/div>\n<\/p>\n<p><strong>Error:<\/strong> Chart.js no est\u00e1 disponible.<\/p>\n<p><strong>Videos<\/strong><\/p>\n<p><iframe loading=\"lazy\" title=\"Armina-maculata-@-Granada-by-Luis-S&amp;aacute;nchez-Tocino\" src=\"https:\/\/player.vimeo.com\/video\/406773699?dnt=1&amp;app_id=122963\" width=\"900\" height=\"506\" frameborder=\"0\" allow=\"autoplay; fullscreen\" allowfullscreen><\/iframe><\/p>\n<p>&nbsp;<\/p>\n<p><strong>Otras fotos<\/strong><br \/>\n<div class=\"tiled-gallery type-rectangular tiled-gallery-unresized\" data-original-width=\"900\" data-carousel-extra='{&quot;blog_id&quot;:1,&quot;permalink&quot;:&quot;https:\\\/\\\/opistobranquis.info\\\/es\\\/guia\\\/nudibranchia\\\/cladobranchia\\\/arminoidea\\\/armina-maculata\\\/&quot;,&quot;likes_blog_id&quot;:44192421}' itemscope itemtype=\"http:\/\/schema.org\/ImageGallery\" > <div class=\"gallery-row\" style=\"width: 900px; height: 421px;\" data-original-width=\"900\" data-original-height=\"421\" > <div class=\"gallery-group images-1\" style=\"width: 618px; height: 421px;\" data-original-width=\"618\" data-original-height=\"421\" > <div class=\"tiled-gallery-item tiled-gallery-item-large\" itemprop=\"associatedMedia\" itemscope itemtype=\"http:\/\/schema.org\/ImageObject\"> <a href=\"https:\/\/opistobranquis.info\/es\/guia\/nudibranchia\/cladobranchia\/arminoidea\/armina-maculata\/armina-maculata-foto-anna-domenech\/\" border=\"0\" itemprop=\"url\"> <meta itemprop=\"width\" content=\"614\"> <meta itemprop=\"height\" content=\"417\"> <img decoding=\"async\" class=\"\" data-attachment-id=\"4120\" data-orig-file=\"https:\/\/opistobranquis.info\/wp-content\/uploads\/2012\/12\/armina-maculata-foto-anna-domenech-e1380051490882.jpg\" data-orig-size=\"750,510\" data-comments-opened=\"\" data-image-title=\"armina-maculata-foto-anna-domenech\" data-image-description=\"\" data-medium-file=\"https:\/\/i0.wp.com\/opistobranquis.info\/wp-content\/uploads\/2012\/12\/armina-maculata-foto-anna-domenech-e1380051490882.jpg?fit=300%2C204&#038;ssl=1\" data-large-file=\"https:\/\/i0.wp.com\/opistobranquis.info\/wp-content\/uploads\/2012\/12\/armina-maculata-foto-anna-domenech-e1380051490882.jpg?fit=654%2C1024&#038;ssl=1\" src=\"https:\/\/i0.wp.com\/opistobranquis.info\/wp-content\/uploads\/2012\/12\/armina-maculata-foto-anna-domenech-e1380051490882.jpg?w=614&#038;h=417&#038;ssl=1\" srcset=\"https:\/\/i0.wp.com\/opistobranquis.info\/wp-content\/uploads\/2012\/12\/armina-maculata-foto-anna-domenech-e1380051490882.jpg?w=750&amp;ssl=1 750w, https:\/\/i0.wp.com\/opistobranquis.info\/wp-content\/uploads\/2012\/12\/armina-maculata-foto-anna-domenech-e1380051490882.jpg?resize=150%2C102&amp;ssl=1 150w, https:\/\/i0.wp.com\/opistobranquis.info\/wp-content\/uploads\/2012\/12\/armina-maculata-foto-anna-domenech-e1380051490882.jpg?resize=300%2C204&amp;ssl=1 300w\" width=\"614\" height=\"417\" loading=\"lazy\" data-original-width=\"614\" data-original-height=\"417\" itemprop=\"http:\/\/schema.org\/image\" title=\"armina-maculata-foto-anna-domenech\" alt=\"armina-maculata-foto-anna-domenech\" style=\"width: 614px; height: 417px;\" \/> <\/a> <\/div> <\/div> <!-- close group --> <div class=\"gallery-group images-1\" style=\"width: 282px; height: 421px;\" data-original-width=\"282\" data-original-height=\"421\" > <div class=\"tiled-gallery-item tiled-gallery-item-large\" itemprop=\"associatedMedia\" itemscope itemtype=\"http:\/\/schema.org\/ImageObject\"> <a href=\"https:\/\/opistobranquis.info\/es\/guia\/nudibranchia\/cladobranchia\/arminoidea\/armina-maculata\/armina_maculata2\/\" border=\"0\" itemprop=\"url\"> <meta itemprop=\"width\" content=\"278\"> <meta itemprop=\"height\" content=\"417\"> <img decoding=\"async\" class=\"\" data-attachment-id=\"10637\" data-orig-file=\"https:\/\/opistobranquis.info\/wp-content\/uploads\/2013\/10\/Armina_maculata2.jpg\" data-orig-size=\"533,800\" data-comments-opened=\"\" data-image-title=\"Armina maculata\" data-image-description=\"&lt;p&gt;Armina maculata&lt;\/p&gt; \" data-medium-file=\"https:\/\/i0.wp.com\/opistobranquis.info\/wp-content\/uploads\/2013\/10\/Armina_maculata2.jpg?fit=199%2C300&#038;ssl=1\" data-large-file=\"https:\/\/i0.wp.com\/opistobranquis.info\/wp-content\/uploads\/2013\/10\/Armina_maculata2.jpg?fit=533%2C800&#038;ssl=1\" src=\"https:\/\/i0.wp.com\/opistobranquis.info\/wp-content\/uploads\/2013\/10\/Armina_maculata2.jpg?w=278&#038;h=417&#038;ssl=1\" srcset=\"https:\/\/i0.wp.com\/opistobranquis.info\/wp-content\/uploads\/2013\/10\/Armina_maculata2.jpg?w=533&amp;ssl=1 533w, https:\/\/i0.wp.com\/opistobranquis.info\/wp-content\/uploads\/2013\/10\/Armina_maculata2.jpg?resize=99%2C150&amp;ssl=1 99w, https:\/\/i0.wp.com\/opistobranquis.info\/wp-content\/uploads\/2013\/10\/Armina_maculata2.jpg?resize=199%2C300&amp;ssl=1 199w\" width=\"278\" height=\"417\" loading=\"lazy\" data-original-width=\"278\" data-original-height=\"417\" itemprop=\"http:\/\/schema.org\/image\" title=\"Armina maculata\" alt=\"Armina maculata\" style=\"width: 278px; height: 417px;\" \/> <\/a> <div class=\"tiled-gallery-caption\" itemprop=\"caption description\"> Armina maculata <\/div> <\/div> <\/div> <!-- close group --> <\/div> <!-- close row --> <div class=\"gallery-row\" style=\"width: 900px; height: 402px;\" data-original-width=\"900\" data-original-height=\"402\" > <div class=\"gallery-group images-1\" style=\"width: 601px; height: 402px;\" data-original-width=\"601\" data-original-height=\"402\" > <div class=\"tiled-gallery-item tiled-gallery-item-large\" itemprop=\"associatedMedia\" itemscope itemtype=\"http:\/\/schema.org\/ImageObject\"> <a href=\"https:\/\/opistobranquis.info\/es\/guia\/nudibranchia\/cladobranchia\/arminoidea\/armina-maculata\/armina_maculata3\/\" border=\"0\" itemprop=\"url\"> <meta itemprop=\"width\" content=\"597\"> <meta itemprop=\"height\" content=\"398\"> <img decoding=\"async\" class=\"\" data-attachment-id=\"10638\" data-orig-file=\"https:\/\/opistobranquis.info\/wp-content\/uploads\/2013\/10\/Armina_maculata3.jpg\" data-orig-size=\"800,533\" data-comments-opened=\"\" data-image-title=\"Armina maculata\" data-image-description=\"&lt;p&gt;Armina maculata&lt;\/p&gt; \" data-medium-file=\"https:\/\/i0.wp.com\/opistobranquis.info\/wp-content\/uploads\/2013\/10\/Armina_maculata3.jpg?fit=300%2C199&#038;ssl=1\" data-large-file=\"https:\/\/i0.wp.com\/opistobranquis.info\/wp-content\/uploads\/2013\/10\/Armina_maculata3.jpg?fit=800%2C533&#038;ssl=1\" src=\"https:\/\/i0.wp.com\/opistobranquis.info\/wp-content\/uploads\/2013\/10\/Armina_maculata3.jpg?w=597&#038;h=398&#038;ssl=1\" srcset=\"https:\/\/i0.wp.com\/opistobranquis.info\/wp-content\/uploads\/2013\/10\/Armina_maculata3.jpg?w=800&amp;ssl=1 800w, https:\/\/i0.wp.com\/opistobranquis.info\/wp-content\/uploads\/2013\/10\/Armina_maculata3.jpg?resize=150%2C99&amp;ssl=1 150w, https:\/\/i0.wp.com\/opistobranquis.info\/wp-content\/uploads\/2013\/10\/Armina_maculata3.jpg?resize=300%2C199&amp;ssl=1 300w\" width=\"597\" height=\"398\" loading=\"lazy\" data-original-width=\"597\" data-original-height=\"398\" itemprop=\"http:\/\/schema.org\/image\" title=\"Armina maculata\" alt=\"Armina maculata\" style=\"width: 597px; height: 398px;\" \/> <\/a> <div class=\"tiled-gallery-caption\" itemprop=\"caption description\"> Armina maculata <\/div> <\/div> <\/div> <!-- close group --> <div class=\"gallery-group images-2\" style=\"width: 299px; height: 402px;\" data-original-width=\"299\" data-original-height=\"402\" > <div class=\"tiled-gallery-item tiled-gallery-item-large\" itemprop=\"associatedMedia\" itemscope itemtype=\"http:\/\/schema.org\/ImageObject\"> <a href=\"https:\/\/opistobranquis.info\/es\/guia\/nudibranchia\/cladobranchia\/arminoidea\/armina-maculata\/armina_maculata4\/\" border=\"0\" itemprop=\"url\"> <meta itemprop=\"width\" content=\"295\"> <meta itemprop=\"height\" content=\"197\"> <img decoding=\"async\" class=\"\" data-attachment-id=\"10639\" data-orig-file=\"https:\/\/opistobranquis.info\/wp-content\/uploads\/2013\/10\/Armina_maculata4.jpg\" data-orig-size=\"800,533\" data-comments-opened=\"\" data-image-title=\"Armina maculata\" data-image-description=\"&lt;p&gt;Armina maculata&lt;\/p&gt; \" data-medium-file=\"https:\/\/i0.wp.com\/opistobranquis.info\/wp-content\/uploads\/2013\/10\/Armina_maculata4.jpg?fit=300%2C199&#038;ssl=1\" data-large-file=\"https:\/\/i0.wp.com\/opistobranquis.info\/wp-content\/uploads\/2013\/10\/Armina_maculata4.jpg?fit=800%2C533&#038;ssl=1\" src=\"https:\/\/i0.wp.com\/opistobranquis.info\/wp-content\/uploads\/2013\/10\/Armina_maculata4.jpg?w=295&#038;h=197&#038;ssl=1\" srcset=\"https:\/\/i0.wp.com\/opistobranquis.info\/wp-content\/uploads\/2013\/10\/Armina_maculata4.jpg?w=800&amp;ssl=1 800w, https:\/\/i0.wp.com\/opistobranquis.info\/wp-content\/uploads\/2013\/10\/Armina_maculata4.jpg?resize=150%2C99&amp;ssl=1 150w, https:\/\/i0.wp.com\/opistobranquis.info\/wp-content\/uploads\/2013\/10\/Armina_maculata4.jpg?resize=300%2C199&amp;ssl=1 300w\" width=\"295\" height=\"197\" loading=\"lazy\" data-original-width=\"295\" data-original-height=\"197\" itemprop=\"http:\/\/schema.org\/image\" title=\"Armina maculata\" alt=\"Armina maculata\" style=\"width: 295px; height: 197px;\" \/> <\/a> <div class=\"tiled-gallery-caption\" itemprop=\"caption description\"> Armina maculata <\/div> <\/div> <div class=\"tiled-gallery-item tiled-gallery-item-large\" itemprop=\"associatedMedia\" itemscope itemtype=\"http:\/\/schema.org\/ImageObject\"> <a href=\"https:\/\/opistobranquis.info\/es\/guia\/nudibranchia\/cladobranchia\/arminoidea\/armina-maculata\/armina_maculata5\/\" border=\"0\" itemprop=\"url\"> <meta itemprop=\"width\" content=\"295\"> <meta itemprop=\"height\" content=\"197\"> <img decoding=\"async\" class=\"\" data-attachment-id=\"10640\" data-orig-file=\"https:\/\/opistobranquis.info\/wp-content\/uploads\/2013\/10\/Armina_maculata5.jpg\" data-orig-size=\"800,533\" data-comments-opened=\"\" data-image-title=\"Armina maculata\" data-image-description=\"&lt;p&gt;Armina maculata&lt;\/p&gt; \" data-medium-file=\"https:\/\/i0.wp.com\/opistobranquis.info\/wp-content\/uploads\/2013\/10\/Armina_maculata5.jpg?fit=300%2C199&#038;ssl=1\" data-large-file=\"https:\/\/i0.wp.com\/opistobranquis.info\/wp-content\/uploads\/2013\/10\/Armina_maculata5.jpg?fit=800%2C533&#038;ssl=1\" src=\"https:\/\/i0.wp.com\/opistobranquis.info\/wp-content\/uploads\/2013\/10\/Armina_maculata5.jpg?w=295&#038;h=197&#038;ssl=1\" srcset=\"https:\/\/i0.wp.com\/opistobranquis.info\/wp-content\/uploads\/2013\/10\/Armina_maculata5.jpg?w=800&amp;ssl=1 800w, https:\/\/i0.wp.com\/opistobranquis.info\/wp-content\/uploads\/2013\/10\/Armina_maculata5.jpg?resize=150%2C99&amp;ssl=1 150w, https:\/\/i0.wp.com\/opistobranquis.info\/wp-content\/uploads\/2013\/10\/Armina_maculata5.jpg?resize=300%2C199&amp;ssl=1 300w\" width=\"295\" height=\"197\" loading=\"lazy\" data-original-width=\"295\" data-original-height=\"197\" itemprop=\"http:\/\/schema.org\/image\" title=\"Armina maculata\" alt=\"Armina maculata\" style=\"width: 295px; height: 197px;\" \/> <\/a> <div class=\"tiled-gallery-caption\" itemprop=\"caption description\"> Armina maculata <\/div> <\/div> <\/div> <!-- close group --> <\/div> <!-- close row --> <div class=\"gallery-row\" style=\"width: 900px; height: 151px;\" data-original-width=\"900\" data-original-height=\"151\" > <div class=\"gallery-group images-1\" style=\"width: 224px; height: 151px;\" data-original-width=\"224\" data-original-height=\"151\" > <div class=\"tiled-gallery-item tiled-gallery-item-small\" itemprop=\"associatedMedia\" itemscope itemtype=\"http:\/\/schema.org\/ImageObject\"> <a href=\"https:\/\/opistobranquis.info\/es\/guia\/nudibranchia\/cladobranchia\/arminoidea\/armina-maculata\/armina-maculata-100mm-ria-de-vigo-galicia-spain-4m-by-carlos-fernandez-cid-p1170914\/\" border=\"0\" itemprop=\"url\"> <meta itemprop=\"width\" content=\"220\"> <meta itemprop=\"height\" content=\"147\"> <img decoding=\"async\" class=\"\" data-attachment-id=\"17922\" data-orig-file=\"https:\/\/opistobranquis.info\/wp-content\/uploads\/2015\/01\/Armina-maculata-100mm-@-R\u00eda-de-Vigo-Galicia-Spain-4m-by-Carlos-Fern\u00e1ndez-Cid-P1170914.jpg\" data-orig-size=\"800,533\" data-comments-opened=\"\" data-image-title=\"Armina maculata (100mm) @ R\u00eda de Vigo (Galicia, Spain) 4m by Carlos Fern\u00e1ndez Cid (P1170914)\" data-image-description=\"&lt;p&gt;Armina maculata (100mm) @ R\u00eda de Vigo (Galicia, Spain) 4m by Carlos Fern\u00e1ndez Cid&lt;\/p&gt; \" data-medium-file=\"https:\/\/i0.wp.com\/opistobranquis.info\/wp-content\/uploads\/2015\/01\/Armina-maculata-100mm-%40-R%C3%ADa-de-Vigo-Galicia-Spain-4m-by-Carlos-Fern%C3%A1ndez-Cid-P1170914.jpg?fit=300%2C200&#038;ssl=1\" data-large-file=\"https:\/\/i0.wp.com\/opistobranquis.info\/wp-content\/uploads\/2015\/01\/Armina-maculata-100mm-%40-R%C3%ADa-de-Vigo-Galicia-Spain-4m-by-Carlos-Fern%C3%A1ndez-Cid-P1170914.jpg?fit=800%2C533&#038;ssl=1\" src=\"https:\/\/i0.wp.com\/opistobranquis.info\/wp-content\/uploads\/2015\/01\/Armina-maculata-100mm-%40-R%C3%ADa-de-Vigo-Galicia-Spain-4m-by-Carlos-Fern%C3%A1ndez-Cid-P1170914.jpg?w=220&#038;h=147&#038;ssl=1\" width=\"220\" height=\"147\" loading=\"lazy\" data-original-width=\"220\" data-original-height=\"147\" itemprop=\"http:\/\/schema.org\/image\" title=\"Armina maculata (100mm) @ R\u00eda de Vigo (Galicia, Spain) 4m by Carlos Fern\u00e1ndez Cid (P1170914)\" alt=\"Armina maculata (100mm) @ R\u00eda de Vigo (Galicia, Spain) 4m by Carlos Fern\u00e1ndez Cid\" style=\"width: 220px; height: 147px;\" \/> <\/a> <div class=\"tiled-gallery-caption\" itemprop=\"caption description\"> Armina maculata (100mm) @ R\u00eda de Vigo (Galicia, Spain) 4m by Carlos Fern\u00e1ndez Cid <\/div> <\/div> <\/div> <!-- close group --> <div class=\"gallery-group images-1\" style=\"width: 225px; height: 151px;\" data-original-width=\"225\" data-original-height=\"151\" > <div class=\"tiled-gallery-item tiled-gallery-item-small\" itemprop=\"associatedMedia\" itemscope itemtype=\"http:\/\/schema.org\/ImageObject\"> <a href=\"https:\/\/opistobranquis.info\/es\/guia\/nudibranchia\/cladobranchia\/arminoidea\/armina-maculata\/armina-maculata-100mm-ria-de-vigo-galicia-spain-4m-by-carlos-fernandez-cid-p1170907\/\" border=\"0\" itemprop=\"url\"> <meta itemprop=\"width\" content=\"221\"> <meta itemprop=\"height\" content=\"147\"> <img decoding=\"async\" class=\"\" data-attachment-id=\"17923\" data-orig-file=\"https:\/\/opistobranquis.info\/wp-content\/uploads\/2015\/01\/Armina-maculata-100mm-@-R\u00eda-de-Vigo-Galicia-Spain-4m-by-Carlos-Fern\u00e1ndez-Cid-P1170907.jpg\" data-orig-size=\"800,532\" data-comments-opened=\"\" data-image-title=\"Armina maculata (100mm) @ R\u00eda de Vigo (Galicia, Spain) 4m by Carlos Fern\u00e1ndez Cid (P1170907)\" data-image-description=\"&lt;p&gt;Armina maculata (100mm) @ R\u00eda de Vigo (Galicia, Spain) 4m by Carlos Fern\u00e1ndez Cid&lt;\/p&gt; \" data-medium-file=\"https:\/\/i0.wp.com\/opistobranquis.info\/wp-content\/uploads\/2015\/01\/Armina-maculata-100mm-%40-R%C3%ADa-de-Vigo-Galicia-Spain-4m-by-Carlos-Fern%C3%A1ndez-Cid-P1170907.jpg?fit=300%2C200&#038;ssl=1\" data-large-file=\"https:\/\/i0.wp.com\/opistobranquis.info\/wp-content\/uploads\/2015\/01\/Armina-maculata-100mm-%40-R%C3%ADa-de-Vigo-Galicia-Spain-4m-by-Carlos-Fern%C3%A1ndez-Cid-P1170907.jpg?fit=800%2C532&#038;ssl=1\" src=\"https:\/\/i0.wp.com\/opistobranquis.info\/wp-content\/uploads\/2015\/01\/Armina-maculata-100mm-%40-R%C3%ADa-de-Vigo-Galicia-Spain-4m-by-Carlos-Fern%C3%A1ndez-Cid-P1170907.jpg?w=221&#038;h=147&#038;ssl=1\" width=\"221\" height=\"147\" loading=\"lazy\" data-original-width=\"221\" data-original-height=\"147\" itemprop=\"http:\/\/schema.org\/image\" title=\"Armina maculata (100mm) @ R\u00eda de Vigo (Galicia, Spain) 4m by Carlos Fern\u00e1ndez Cid (P1170907)\" alt=\"Armina maculata (100mm) @ R\u00eda de Vigo (Galicia, Spain) 4m by Carlos Fern\u00e1ndez Cid\" style=\"width: 221px; height: 147px;\" \/> <\/a> <div class=\"tiled-gallery-caption\" itemprop=\"caption description\"> Armina maculata (100mm) @ R\u00eda de Vigo (Galicia, Spain) 4m by Carlos Fern\u00e1ndez Cid <\/div> <\/div> <\/div> <!-- close group --> <div class=\"gallery-group images-1\" style=\"width: 223px; height: 151px;\" data-original-width=\"223\" data-original-height=\"151\" > <div class=\"tiled-gallery-item tiled-gallery-item-small\" itemprop=\"associatedMedia\" itemscope itemtype=\"http:\/\/schema.org\/ImageObject\"> <a href=\"https:\/\/opistobranquis.info\/es\/guia\/nudibranchia\/cladobranchia\/arminoidea\/armina-maculata\/armina-maculata-2\/\" border=\"0\" itemprop=\"url\"> <meta itemprop=\"width\" content=\"219\"> <meta itemprop=\"height\" content=\"147\"> <img decoding=\"async\" class=\"\" data-attachment-id=\"20984\" data-orig-file=\"https:\/\/opistobranquis.info\/wp-content\/uploads\/2012\/08\/Armina-maculata.jpg\" data-orig-size=\"808,541\" data-comments-opened=\"\" data-image-title=\"Armina maculata by Jos\u00e9 Carlos Garc\u00eda G\u00f3mez\" data-image-description=\"&lt;p&gt;Armina maculata by Jos\u00e9 Carlos Garc\u00eda G\u00f3mez&lt;\/p&gt; \" data-medium-file=\"https:\/\/i0.wp.com\/opistobranquis.info\/wp-content\/uploads\/2012\/08\/Armina-maculata.jpg?fit=300%2C201&#038;ssl=1\" data-large-file=\"https:\/\/i0.wp.com\/opistobranquis.info\/wp-content\/uploads\/2012\/08\/Armina-maculata.jpg?fit=808%2C541&#038;ssl=1\" src=\"https:\/\/i0.wp.com\/opistobranquis.info\/wp-content\/uploads\/2012\/08\/Armina-maculata.jpg?w=219&#038;h=147&#038;ssl=1\" srcset=\"https:\/\/i0.wp.com\/opistobranquis.info\/wp-content\/uploads\/2012\/08\/Armina-maculata.jpg?w=808&amp;ssl=1 808w, https:\/\/i0.wp.com\/opistobranquis.info\/wp-content\/uploads\/2012\/08\/Armina-maculata.jpg?resize=150%2C100&amp;ssl=1 150w, https:\/\/i0.wp.com\/opistobranquis.info\/wp-content\/uploads\/2012\/08\/Armina-maculata.jpg?resize=300%2C201&amp;ssl=1 300w, https:\/\/i0.wp.com\/opistobranquis.info\/wp-content\/uploads\/2012\/08\/Armina-maculata.jpg?resize=768%2C514&amp;ssl=1 768w\" width=\"219\" height=\"147\" loading=\"lazy\" data-original-width=\"219\" data-original-height=\"147\" itemprop=\"http:\/\/schema.org\/image\" title=\"Armina maculata by Jos\u00e9 Carlos Garc\u00eda G\u00f3mez\" alt=\"Armina maculata by Jos\u00e9 Carlos Garc\u00eda G\u00f3mez\" style=\"width: 219px; height: 147px;\" \/> <\/a> <div class=\"tiled-gallery-caption\" itemprop=\"caption description\"> Armina maculata by Jos\u00e9 Carlos Garc\u00eda G\u00f3mez <\/div> <\/div> <\/div> <!-- close group --> <div class=\"gallery-group images-1\" style=\"width: 228px; height: 151px;\" data-original-width=\"228\" data-original-height=\"151\" > <div class=\"tiled-gallery-item tiled-gallery-item-small\" itemprop=\"associatedMedia\" itemscope itemtype=\"http:\/\/schema.org\/ImageObject\"> <a href=\"https:\/\/opistobranquis.info\/es\/guia\/nudibranchia\/cladobranchia\/arminoidea\/armina-maculata\/armina-maculata-1\/\" border=\"0\" itemprop=\"url\"> <meta itemprop=\"width\" content=\"224\"> <meta itemprop=\"height\" content=\"147\"> <img decoding=\"async\" class=\"\" data-attachment-id=\"20985\" data-orig-file=\"https:\/\/opistobranquis.info\/wp-content\/uploads\/2012\/08\/Armina-maculata-1.jpg\" data-orig-size=\"808,528\" data-comments-opened=\"\" data-image-title=\"Armina maculata by Jos\u00e9 Carlos Garc\u00eda G\u00f3mez\" data-image-description=\"&lt;p&gt;Armina maculata by Jos\u00e9 Carlos Garc\u00eda G\u00f3mez&lt;\/p&gt; \" data-medium-file=\"https:\/\/i0.wp.com\/opistobranquis.info\/wp-content\/uploads\/2012\/08\/Armina-maculata-1.jpg?fit=300%2C196&#038;ssl=1\" data-large-file=\"https:\/\/i0.wp.com\/opistobranquis.info\/wp-content\/uploads\/2012\/08\/Armina-maculata-1.jpg?fit=808%2C528&#038;ssl=1\" src=\"https:\/\/i0.wp.com\/opistobranquis.info\/wp-content\/uploads\/2012\/08\/Armina-maculata-1.jpg?w=224&#038;h=147&#038;ssl=1\" srcset=\"https:\/\/i0.wp.com\/opistobranquis.info\/wp-content\/uploads\/2012\/08\/Armina-maculata-1.jpg?w=808&amp;ssl=1 808w, https:\/\/i0.wp.com\/opistobranquis.info\/wp-content\/uploads\/2012\/08\/Armina-maculata-1.jpg?resize=150%2C98&amp;ssl=1 150w, https:\/\/i0.wp.com\/opistobranquis.info\/wp-content\/uploads\/2012\/08\/Armina-maculata-1.jpg?resize=300%2C196&amp;ssl=1 300w, https:\/\/i0.wp.com\/opistobranquis.info\/wp-content\/uploads\/2012\/08\/Armina-maculata-1.jpg?resize=768%2C502&amp;ssl=1 768w\" width=\"224\" height=\"147\" loading=\"lazy\" data-original-width=\"224\" data-original-height=\"147\" itemprop=\"http:\/\/schema.org\/image\" title=\"Armina maculata by Jos\u00e9 Carlos Garc\u00eda G\u00f3mez\" alt=\"Armina maculata by Jos\u00e9 Carlos Garc\u00eda G\u00f3mez\" style=\"width: 224px; height: 147px;\" \/> <\/a> <div class=\"tiled-gallery-caption\" itemprop=\"caption description\"> Armina maculata by Jos\u00e9 Carlos Garc\u00eda G\u00f3mez <\/div> <\/div> <\/div> <!-- close group --> <\/div> <!-- close row --> <\/div><\/p>\n<p><strong>Bibliograf\u00eda<\/strong><\/p><ul><div id=\"zotpress-d310927a3f595692ed03191de103b332\" class=\"zp-Zotpress zp-Zotpress-Bib wp-block-group\">\n\n\t\t<span class=\"ZP_API_USER_ID ZP_ATTR\">1246567<\/span>\n\t\t<span class=\"ZP_ITEM_KEY ZP_ATTR\"><\/span>\n\t\t<span class=\"ZP_COLLECTION_ID ZP_ATTR\"><\/span>\n\t\t<span class=\"ZP_TAG_ID ZP_ATTR\">Armina maculata<\/span>\n\t\t<span class=\"ZP_AUTHOR ZP_ATTR\"><\/span>\n\t\t<span class=\"ZP_YEAR ZP_ATTR\"><\/span>\n        <span class=\"ZP_ITEMTYPE ZP_ATTR\"><\/span>\n\t\t<span class=\"ZP_INCLUSIVE ZP_ATTR\">1<\/span>\n\t\t<span class=\"ZP_STYLE ZP_ATTR\">eunomia-revista-en-cultura-de-la-legalidad<\/span>\n\t\t<span class=\"ZP_LIMIT ZP_ATTR\">50<\/span>\n\t\t<span class=\"ZP_SORTBY ZP_ATTR\">creator<\/span>\n\t\t<span class=\"ZP_ORDER ZP_ATTR\">asc<\/span>\n\t\t<span class=\"ZP_TITLE ZP_ATTR\"><\/span>\n\t\t<span class=\"ZP_SHOWIMAGE ZP_ATTR\"><\/span>\n\t\t<span class=\"ZP_SHOWTAGS ZP_ATTR\"><\/span>\n\t\t<span class=\"ZP_DOWNLOADABLE ZP_ATTR\"><\/span>\n\t\t<span class=\"ZP_NOTES ZP_ATTR\"><\/span>\n\t\t<span class=\"ZP_ABSTRACT ZP_ATTR\"><\/span>\n\t\t<span class=\"ZP_CITEABLE ZP_ATTR\"><\/span>\n\t\t<span class=\"ZP_TARGET ZP_ATTR\">1<\/span>\n\t\t<span class=\"ZP_URLWRAP ZP_ATTR\"><\/span>\n\t\t<span class=\"ZP_FORCENUM ZP_ATTR\"><\/span>\n        <span class=\"ZP_HIGHLIGHT ZP_ATTR\"><\/span>\n        <span class=\"ZP_POSTID ZP_ATTR\">2124<\/span>\n\t\t<span class=\"ZOTPRESS_PLUGIN_URL ZP_ATTR\">https:\/\/opistobranquis.info\/wp-content\/plugins\/zotpress\/<\/span>\n\n\t\t<div class=\"zp-List loading\">\n\t\t\t<div class=\"zp-SEO-Content\">\n\n\t\t\t<\/div><!-- .zp-zp-SEO-Content -->\n\t\t<\/div><!-- .zp-List -->\n\t<\/div><!--.zp-Zotpress-->\n\n<p><\/p>Bibliograf\u00eda basada en los trabajos de <b>Steve Long, 2006<\/b>. <a target=_blank href=https:\/\/opistobranquis.info\/wp-content\/uploads\/2016\/06\/Long-S.-2006-Bibliography-of-Opisthobranchia-1554-2000.pdf>Bibliography of Opisthobranchia 1554-2000<\/a> y <b>Gary McDonald, 2009<\/b>. <a href=http:\/\/escholarship.org\/uc\/item\/8115h0wz>Bibliographia Nudibranchia<\/a>, con actualizaciones posteriores procedentes de otras fuentes.<p><\/p><\/ul><p><\/p><p><strong>M\u00e1s informaci\u00f3n<\/strong><\/p><span style=\"font-size:10pt\"><ul><ul class=\"blogroll-links\"><li><a href=\"http:\/\/www.biodiversitylibrary.org\/name\/Armina%20maculata\">Biodiversity Heritage Library<\/a><\/li><li><a href=\"http:\/\/doris.ffessm.fr\/fiche2.asp?fiche_numero=341\">DORIS<\/a><\/li><li><a href=\"https:\/\/litoraldegranada.ugr.es\/el-litoral\/el-litoral-sumergido\/fauna\/moluscos\/gasteropodos\/opistobranquios\/orden-nudibranchia\/arminoidea\/armina-maculata\/\">El Litoral de Granada<\/a><\/li><li><a href=\"https:\/\/www.flickr.com\/search\/?text=Armina%20maculata\">Flickr pictures<\/a><\/li><li><a href=\"http:\/\/www.opistobranquis.org\/ca\/guia\/138\">GROC<\/a><\/li><li><a href=\"http:\/\/www.irmng.org\/aphia.php?p=taxlist&#038;tName=Armina%20maculata\">Interim Register of Marine and Nonmarine Genera<\/a><\/li><li><a href=\"https:\/\/web.archive.org\/web\/20250116074557\/http:\/\/medslugs.de\/E\/Med\/Armina_maculata\/Selection.htm\">MedSlugs (Med)<\/a><\/li><li><a href=\"http:\/\/www.ncbi.nlm.nih.gov\/Taxonomy\/Browser\/wwwtax.cgi?mode=Undef&#038;name=Armina%20maculata&#038;lvl=0&#038;srchmode=1\">NCBI GenBank<\/a><\/li><li><a href=\"http:\/\/iobis.org\/mapper\/?taxon=Armina%20maculata\">OBIS - Search by Taxon<\/a><\/li><li><a href=\"http:\/\/www.seaslugforum.net\/showall\/armimacu\">Sea Slug Forum<\/a><\/li><li><a href=\"http:\/\/www.marinespecies.org\/aphia.php?p=taxdetails&#038;id=138805\">World Register of Marine Species<\/a><\/li><\/ul><\/ul><\/span><p><strong>Citar este art\u00edculo como: <\/strong><\/p><div style=\"display: block; background: #444444; padding: 10px 30px 10px 10px; border-radius: 5px; line-height: 18px;\"><p class=\"citacio\"><b>Ballesteros, M., Madrenas, E. &#38; Pontes, M.<\/b> (2025) <em>\"Armina maculata\"<\/em> en <em>OPK-Opistobranquis<\/em>. Publicado: 28\/08\/2012. Accedido: 04\/09\/2026. Disponible en (<a href=https:\/\/opistobranquis.info\/es\/?p=2124>https:\/\/opistobranquis.info\/es\/?p=2124<\/a>)<\/p><p><\/p><\/div><p><\/p><\/p>","protected":false},"excerpt":{"rendered":"<p>Armina maculata (Rafinesque, 1814) Sin\u00f3nimos Diphyllidia ocellata Deshayes, 1838 Diphyllidia pustulosa Philippi, 1836 Diphyllidia verrucosa Cantraine, 1835 Descripci\u00f3n Se trata de una especie de armin\u00e1ceo de talla grande , que puede alcanzar 120 mm de longitud. El cuerpo es alargado, alto y afilado posteriormente. La coloraci\u00f3n y morfolog\u00eda del dorso es muy caracter\u00edstica y la hace inconfundible con otras especies del g\u00e9nero: color amarillo-anaranjado con aparentes manchas blancas redondeadas y\u2026<\/p>\n<p class=\"continue-reading-button\"> <a class=\"continue-reading-link\" href=\"https:\/\/opistobranquis.info\/es\/guia\/nudibranchia\/cladobranchia\/arminoidea\/armina-maculata\/\">Sigue leyendo<i class=\"crycon-right-dir\"><\/i><\/a><\/p>\n","protected":false},"author":291,"featured_media":10636,"parent":454,"menu_order":7100,"comment_status":"closed","ping_status":"closed","template":"","meta":{"footnotes":""},"class_list":["post-2124","page","type-page","status-publish","has-post-thumbnail","hentry"],"jetpack_sharing_enabled":true,"_links":{"self":[{"href":"https:\/\/opistobranquis.info\/es\/wp-json\/wp\/v2\/pages\/2124","targetHints":{"allow":["GET"]}}],"collection":[{"href":"https:\/\/opistobranquis.info\/es\/wp-json\/wp\/v2\/pages"}],"about":[{"href":"https:\/\/opistobranquis.info\/es\/wp-json\/wp\/v2\/types\/page"}],"author":[{"embeddable":true,"href":"https:\/\/opistobranquis.info\/es\/wp-json\/wp\/v2\/users\/291"}],"replies":[{"embeddable":true,"href":"https:\/\/opistobranquis.info\/es\/wp-json\/wp\/v2\/comments?post=2124"}],"version-history":[{"count":3,"href":"https:\/\/opistobranquis.info\/es\/wp-json\/wp\/v2\/pages\/2124\/revisions"}],"predecessor-version":[{"id":29922,"href":"https:\/\/opistobranquis.info\/es\/wp-json\/wp\/v2\/pages\/2124\/revisions\/29922"}],"up":[{"embeddable":true,"href":"https:\/\/opistobranquis.info\/es\/wp-json\/wp\/v2\/pages\/454"}],"wp:featuredmedia":[{"embeddable":true,"href":"https:\/\/opistobranquis.info\/es\/wp-json\/wp\/v2\/media\/10636"}],"wp:attachment":[{"href":"https:\/\/opistobranquis.info\/es\/wp-json\/wp\/v2\/media?parent=2124"}],"curies":[{"name":"wp","href":"https:\/\/api.w.org\/{rel}","templated":true}]}}