{"id":21311,"date":"2016-01-15T19:19:57","date_gmt":"2016-01-15T18:19:57","guid":{"rendered":"https:\/\/opistobranquis.info\/?page_id=21311"},"modified":"2019-01-05T00:20:49","modified_gmt":"2019-01-04T23:20:49","slug":"caliphylla-viridis","status":"publish","type":"page","link":"https:\/\/opistobranquis.info\/es\/guia\/sacoglossa\/plakobranchoidea\/caliphylla-viridis\/","title":{"rendered":"Caliphylla viridis"},"content":{"rendered":"<p><\/p>\n<h3><i>Caliphylla viridis<\/i> (Deshayes, 1857)<\/h3>\n<p><span style=\"font-size:10pt;\" class=\"aligncenter\"><div id=\"featured-img-id\"><img data-recalc-dims=\"1\" decoding=\"async\" src=\"https:\/\/i0.wp.com\/opistobranquis.info\/wp-content\/uploads\/2017\/12\/05-Polybranchia-viridis-Malta-per-Enric-Madrenas.jpg?w=900&#038;ssl=1\" alt=\"Caliphylla viridis @ Malta by Enric Madrenas\" \/><\/div><center><em>Caliphylla viridis @ Malta<\/em> por Enric Madrenas<\/center><\/span><p><\/p><div class=\"opk-worms\"><h3>Informaci\u00f3n taxon\u00f3mica WoRMS<\/h3><div class=\"opk-success\">Nombre aceptado actual: <strong><em>Caliphylla viridis<\/em> (Deshayes, 1857)<\/strong><\/div><h4>Clasificaci\u00f3n actual<\/h4><table class=\"widefat striped\"><tr><th>Superdomain<\/th><td><a target=\"_blank\" href=\"https:\/\/www.marinespecies.org\/aphia.php?p=taxdetails&id=1\">Biota<\/a><\/td><\/tr><tr><th>Kingdom<\/th><td><a target=\"_blank\" href=\"https:\/\/www.marinespecies.org\/aphia.php?p=taxdetails&id=2\">Animalia<\/a><\/td><\/tr><tr><th>Phylum<\/th><td><a target=\"_blank\" href=\"https:\/\/www.marinespecies.org\/aphia.php?p=taxdetails&id=51\">Mollusca<\/a><\/td><\/tr><tr><th>Class<\/th><td><a target=\"_blank\" href=\"https:\/\/www.marinespecies.org\/aphia.php?p=taxdetails&id=101\">Gastropoda<\/a><\/td><\/tr><tr><th>Subclass<\/th><td><a target=\"_blank\" href=\"https:\/\/www.marinespecies.org\/aphia.php?p=taxdetails&id=14712\">Heterobranchia<\/a><\/td><\/tr><tr><th>Infraclass<\/th><td><a target=\"_blank\" href=\"https:\/\/www.marinespecies.org\/aphia.php?p=taxdetails&id=1057247\">Euthyneura<\/a><\/td><\/tr><tr><th>Subterclass<\/th><td><a target=\"_blank\" href=\"https:\/\/www.marinespecies.org\/aphia.php?p=taxdetails&id=1057250\">Tectipleura<\/a><\/td><\/tr><tr><th>Superorder<\/th><td><a target=\"_blank\" href=\"https:\/\/www.marinespecies.org\/aphia.php?p=taxdetails&id=167\">Sacoglossa<\/a><\/td><\/tr><tr><th>Superfamily<\/th><td><a target=\"_blank\" href=\"https:\/\/www.marinespecies.org\/aphia.php?p=taxdetails&id=411959\">Plakobranchoidea<\/a><\/td><\/tr><tr><th>Family<\/th><td><a target=\"_blank\" href=\"https:\/\/www.marinespecies.org\/aphia.php?p=taxdetails&id=196329\">Caliphyllidae<\/a><\/td><\/tr><tr><th>Genus<\/th><td><a target=\"_blank\" href=\"https:\/\/www.marinespecies.org\/aphia.php?p=taxdetails&id=494334\"><em>Caliphylla<\/em><\/a><\/td><\/tr><tr><th>Species<\/th><td><a target=\"_blank\" href=\"https:\/\/www.marinespecies.org\/aphia.php?p=taxdetails&id=1296132\"><em>Caliphylla viridis<\/em> (Deshayes, 1857)<\/a><\/td><\/tr><\/table><p class=\"footer\">Clasificaci\u00f3n proporcionada por el World Register of Marine Species (WoRMS). [<a target=\"_blank\" href=\"https:\/\/www.marinespecies.org\/aphia.php?p=taxdetails&id=1296132\">1296132<\/a>]<\/p><\/div><strong>Sin\u00f3nimos<\/strong><\/p>\n<ul>\n<li><span id=\"aphia_ct_tu_548847\"><strong><i>Hermaea viridis<\/i> Deshayes, 1857 (original)<\/strong><\/span><\/li>\n<li><span id=\"aphia_ct_tu_865112\"><i>Phyllobranchillus viridis<\/i> (Deshayes, 1857)<\/span><\/li>\n<li><em>Polybranchia viridis<\/em> (Deshayes, 1857)<\/li>\n<\/ul>\n<p><strong>Descripci\u00f3n<\/strong><\/p>\n<p><strong>Biolog\u00eda<\/strong><\/p>\n<p><strong>Etimolog\u00eda<\/strong><\/p>\n<ul>\n<li><em>Caliphylla<\/em>. Del Griego \u201ckalos\u201d, bello + \u201cphyllon\u201d, hoja.<\/li>\n<li><em>Viridis<\/em>.\u00a0Del Lat\u00edn &#8220;viridis&#8221;, verde.<\/li>\n<\/ul>\n<p><strong>Distribuci\u00f3n<\/strong><br \/>\n<div id=\"flxmap-6a9c65728470d\" class='flxmap-container' data-flxmap='flxmap_6a9c65728470d' style=\"width:100%;height:400px;\"><\/div>\n<script data-noptimize=\"1\">\n\/* <![CDATA[ *\/\n(function(w, fn) {\n if (w.addEventListener) w.addEventListener(\"DOMContentLoaded\", fn, false);\n else if (w.attachEvent) w.attachEvent(\"onload\", fn);\n})(window, function() {\n var f = new FlexibleMap();\n f.panControl = true;\n f.mapTypeId = \"satellite\";\n f.setlocale(\"es-ES\");\n f.kmlcache = \"5 minutes\";\n f.showKML(\"flxmap-6a9c65728470d\", \"https:\/\/opistobranquis.info\/wp-content\/uploads\/kms\/21311.kmz\");\n window.flxmap_6a9c65728470d = f;\n});\n\/* ]]> *\/\n<\/script>\n<div style=\"width:100%;text-align:center;margin:12px 0 4px 0;\">\n  <div style=\"font-size:8pt;margin-bottom:6px;\">Citas georeferenciadas conocidas de la especie: <em>Caliphylla viridis<\/em><\/div>\n  <table style=\"margin:0 auto;border-collapse:collapse;font-size:8pt;\">\n    <tr><td colspan=\"2\" style=\"text-align:left;padding-bottom:4px;\"><strong>Fonts:<\/strong><\/td><\/tr>\n    <tr>\n      <td style=\"vertical-align:top;padding-right:40px;\">\n        <table style=\"border-collapse:collapse;\">\n<tr><td style='padding:1px 6px 1px 0;vertical-align:middle'><img data-recalc-dims=\"1\" src=\"https:\/\/i0.wp.com\/opistobranquis.info\/wp-content\/uploads\/kms\/wht-circle-lv.png?w=900&#038;ssl=1\" style='display:block'><\/td><td style='padding:1px 0;vertical-align:middle;white-space:nowrap'>OBIS<\/td><\/tr><tr><td style='padding:1px 6px 1px 0;vertical-align:middle'><img data-recalc-dims=\"1\" src=\"https:\/\/i0.wp.com\/opistobranquis.info\/wp-content\/uploads\/kms\/ylw-circle-lv.png?w=900&#038;ssl=1\" style='display:block'><\/td><td style='padding:1px 0;vertical-align:middle;white-space:nowrap'>GROC 2010-2011<\/td><\/tr><tr><td style='padding:1px 6px 1px 0;vertical-align:middle'><img data-recalc-dims=\"1\" src=\"https:\/\/i0.wp.com\/opistobranquis.info\/wp-content\/uploads\/kms\/grn-circle-lv.png?w=900&#038;ssl=1\" style='display:block'><\/td><td style='padding:1px 0;vertical-align:middle;white-space:nowrap'>Enric Madrenas<\/td><\/tr><tr><td style='padding:1px 6px 1px 0;vertical-align:middle'><img data-recalc-dims=\"1\" src=\"https:\/\/i0.wp.com\/opistobranquis.info\/wp-content\/uploads\/kms\/orange-circle-lv.png?w=900&#038;ssl=1\" style='display:block'><\/td><td style='padding:1px 0;vertical-align:middle;white-space:nowrap'>Jo\u00e3o Pedro Silva<\/td><\/tr><tr><td style='padding:1px 6px 1px 0;vertical-align:middle'><img data-recalc-dims=\"1\" src=\"https:\/\/i0.wp.com\/opistobranquis.info\/wp-content\/uploads\/kms\/pink-circle-lv.png?w=900&#038;ssl=1\" style='display:block'><\/td><td style='padding:1px 0;vertical-align:middle;white-space:nowrap'>Bernard Picton<\/td><\/tr><tr><td style='padding:1px 6px 1px 0;vertical-align:middle'><img data-recalc-dims=\"1\" src=\"https:\/\/i0.wp.com\/opistobranquis.info\/wp-content\/uploads\/kms\/blk-circle-lv.png?w=900&#038;ssl=1\" style='display:block'><\/td><td style='padding:1px 0;vertical-align:middle;white-space:nowrap'>GBIF<\/td><\/tr>        <\/table>\n      <\/td>\n      <td style=\"vertical-align:top;\">\n        <table style=\"border-collapse:collapse;\">\n<tr><td style='padding:1px 6px 1px 0;vertical-align:middle'><img data-recalc-dims=\"1\" src=\"https:\/\/i0.wp.com\/opistobranquis.info\/wp-content\/uploads\/kms\/purple-circle-lv.png?w=900&#038;ssl=1\" style='display:block'><\/td><td style='padding:1px 0;vertical-align:middle;white-space:nowrap'>OPK<\/td><\/tr><tr><td style='padding:1px 6px 1px 0;vertical-align:middle'><img data-recalc-dims=\"1\" src=\"https:\/\/i0.wp.com\/opistobranquis.info\/wp-content\/uploads\/kms\/red-circle-lv.png?w=900&#038;ssl=1\" style='display:block'><\/td><td style='padding:1px 0;vertical-align:middle;white-space:nowrap'>VIMAR<\/td><\/tr><tr><td style='padding:1px 6px 1px 0;vertical-align:middle'><img data-recalc-dims=\"1\" src=\"https:\/\/i0.wp.com\/opistobranquis.info\/wp-content\/uploads\/kms\/blu-circle-lv.png?w=900&#038;ssl=1\" style='display:block'><\/td><td style='padding:1px 0;vertical-align:middle;white-space:nowrap'>Manuel Ballesteros<\/td><\/tr><tr><td style='padding:1px 6px 1px 0;vertical-align:middle'><img data-recalc-dims=\"1\" src=\"https:\/\/i0.wp.com\/opistobranquis.info\/wp-content\/uploads\/kms\/cyan-circle-lv.png?w=900&#038;ssl=1\" style='display:block'><\/td><td style='padding:1px 0;vertical-align:middle;white-space:nowrap'>M@re Nostrum<\/td><\/tr><tr><td style='padding:1px 6px 1px 0;vertical-align:middle'><img data-recalc-dims=\"1\" src=\"https:\/\/i0.wp.com\/opistobranquis.info\/wp-content\/uploads\/kms\/grey-circle-lv.png?w=900&#038;ssl=1\" style='display:block'><\/td><td style='padding:1px 0;vertical-align:middle;white-space:nowrap'>Altres fonts<\/td><\/tr><tr><td style='padding:1px 6px 1px 0;vertical-align:middle'><img data-recalc-dims=\"1\" src=\"https:\/\/i0.wp.com\/opistobranquis.info\/wp-content\/uploads\/kms\/marreg.png?w=900&#038;ssl=1\" style='display:block'><\/td><td style='padding:1px 0;vertical-align:middle;white-space:nowrap'>Marine Regions<\/td><\/tr>        <\/table>\n      <\/td>\n    <\/tr>\n  <\/table>\n<\/div>\n<\/p>\n<p><strong>Error:<\/strong> Chart.js no est\u00e1 disponible.<\/p>\n<p><strong>Otras fotos<br \/>\n<\/strong><div class=\"tiled-gallery type-rectangular tiled-gallery-unresized\" data-original-width=\"900\" data-carousel-extra='{&quot;blog_id&quot;:1,&quot;permalink&quot;:&quot;https:\\\/\\\/opistobranquis.info\\\/es\\\/guia\\\/sacoglossa\\\/plakobranchoidea\\\/caliphylla-viridis\\\/&quot;,&quot;likes_blog_id&quot;:44192421}' itemscope itemtype=\"http:\/\/schema.org\/ImageGallery\" > <div class=\"gallery-row\" style=\"width: 900px; height: 228px;\" data-original-width=\"900\" data-original-height=\"228\" > <div class=\"gallery-group images-1\" style=\"width: 153px; height: 228px;\" data-original-width=\"153\" data-original-height=\"228\" > <div class=\"tiled-gallery-item tiled-gallery-item-small\" itemprop=\"associatedMedia\" itemscope itemtype=\"http:\/\/schema.org\/ImageObject\"> <a href=\"https:\/\/opistobranquis.info\/es\/guia\/sacoglossa\/plakobranchoidea\/caliphylla-viridis\/polybranchia-viridis-islas-canarias-by-aketza-herrero-3\/\" border=\"0\" itemprop=\"url\"> <meta itemprop=\"width\" content=\"149\"> <meta itemprop=\"height\" content=\"224\"> <img decoding=\"async\" class=\"\" data-attachment-id=\"21313\" data-orig-file=\"https:\/\/opistobranquis.info\/wp-content\/uploads\/2016\/01\/Polybranchia-viridis-@-Islas-Canarias-by-Aketza-Herrero-3.jpg\" data-orig-size=\"399,600\" data-comments-opened=\"\" data-image-title=\"Caliphylla viridis @ Islas Canarias by Aketza Herrero\" data-image-description=\"&lt;p&gt;Caliphylla viridis @ Islas Canarias by Aketza Herrero&lt;\/p&gt; \" data-medium-file=\"https:\/\/i0.wp.com\/opistobranquis.info\/wp-content\/uploads\/2016\/01\/Polybranchia-viridis-%40-Islas-Canarias-by-Aketza-Herrero-3.jpg?fit=200%2C300&#038;ssl=1\" data-large-file=\"https:\/\/i0.wp.com\/opistobranquis.info\/wp-content\/uploads\/2016\/01\/Polybranchia-viridis-%40-Islas-Canarias-by-Aketza-Herrero-3.jpg?fit=399%2C600&#038;ssl=1\" src=\"https:\/\/i0.wp.com\/opistobranquis.info\/wp-content\/uploads\/2016\/01\/Polybranchia-viridis-%40-Islas-Canarias-by-Aketza-Herrero-3.jpg?w=149&#038;h=224&#038;ssl=1\" width=\"149\" height=\"224\" loading=\"lazy\" data-original-width=\"149\" data-original-height=\"224\" itemprop=\"http:\/\/schema.org\/image\" title=\"Caliphylla viridis @ Islas Canarias by Aketza Herrero\" alt=\"Caliphylla viridis @ Islas Canarias by Aketza Herrero\" style=\"width: 149px; height: 224px;\" \/> <\/a> <div class=\"tiled-gallery-caption\" itemprop=\"caption description\"> Caliphylla viridis @ Islas Canarias by Aketza Herrero <\/div> <\/div> <\/div> <!-- close group --> <div class=\"gallery-group images-1\" style=\"width: 292px; height: 228px;\" data-original-width=\"292\" data-original-height=\"228\" > <div class=\"tiled-gallery-item tiled-gallery-item-large\" itemprop=\"associatedMedia\" itemscope itemtype=\"http:\/\/schema.org\/ImageObject\"> <a href=\"https:\/\/opistobranquis.info\/es\/guia\/sacoglossa\/plakobranchoidea\/caliphylla-viridis\/polybranchia-viridis-islas-canarias-by-aketza-herrero-1\/\" border=\"0\" itemprop=\"url\"> <meta itemprop=\"width\" content=\"288\"> <meta itemprop=\"height\" content=\"224\"> <img decoding=\"async\" class=\"\" data-attachment-id=\"21314\" data-orig-file=\"https:\/\/opistobranquis.info\/wp-content\/uploads\/2016\/01\/Polybranchia-viridis-@-Islas-Canarias-by-Aketza-Herrero-1.jpg\" data-orig-size=\"515,400\" data-comments-opened=\"\" data-image-title=\"Caliphylla viridis @ Islas Canarias by Aketza Herrero\" data-image-description=\"&lt;p&gt;Caliphylla viridis @ Islas Canarias by Aketza Herrero&lt;\/p&gt; \" data-medium-file=\"https:\/\/i0.wp.com\/opistobranquis.info\/wp-content\/uploads\/2016\/01\/Polybranchia-viridis-%40-Islas-Canarias-by-Aketza-Herrero-1.jpg?fit=300%2C233&#038;ssl=1\" data-large-file=\"https:\/\/i0.wp.com\/opistobranquis.info\/wp-content\/uploads\/2016\/01\/Polybranchia-viridis-%40-Islas-Canarias-by-Aketza-Herrero-1.jpg?fit=515%2C400&#038;ssl=1\" src=\"https:\/\/i0.wp.com\/opistobranquis.info\/wp-content\/uploads\/2016\/01\/Polybranchia-viridis-%40-Islas-Canarias-by-Aketza-Herrero-1.jpg?w=288&#038;h=224&#038;ssl=1\" width=\"288\" height=\"224\" loading=\"lazy\" data-original-width=\"288\" data-original-height=\"224\" itemprop=\"http:\/\/schema.org\/image\" title=\"Caliphylla viridis @ Islas Canarias by Aketza Herrero\" alt=\"Caliphylla viridis @ Islas Canarias by Aketza Herrero\" style=\"width: 288px; height: 224px;\" \/> <\/a> <div class=\"tiled-gallery-caption\" itemprop=\"caption description\"> Caliphylla viridis @ Islas Canarias by Aketza Herrero <\/div> <\/div> <\/div> <!-- close group --> <div class=\"gallery-group images-1\" style=\"width: 153px; height: 228px;\" data-original-width=\"153\" data-original-height=\"228\" > <div class=\"tiled-gallery-item tiled-gallery-item-small\" itemprop=\"associatedMedia\" itemscope itemtype=\"http:\/\/schema.org\/ImageObject\"> <a href=\"https:\/\/opistobranquis.info\/es\/guia\/sacoglossa\/plakobranchoidea\/caliphylla-viridis\/polybranchia-viridis-islas-canarias-by-aketza-herrero-2\/\" border=\"0\" itemprop=\"url\"> <meta itemprop=\"width\" content=\"149\"> <meta itemprop=\"height\" content=\"224\"> <img decoding=\"async\" class=\"\" data-attachment-id=\"21315\" data-orig-file=\"https:\/\/opistobranquis.info\/wp-content\/uploads\/2016\/01\/Polybranchia-viridis-@-Islas-Canarias-by-Aketza-Herrero-2.jpg\" data-orig-size=\"399,600\" data-comments-opened=\"\" data-image-title=\"Caliphylla viridis @ Islas Canarias by Aketza Herrero\" data-image-description=\"&lt;p&gt;Caliphylla viridis @ Islas Canarias by Aketza Herrero&lt;\/p&gt; \" data-medium-file=\"https:\/\/i0.wp.com\/opistobranquis.info\/wp-content\/uploads\/2016\/01\/Polybranchia-viridis-%40-Islas-Canarias-by-Aketza-Herrero-2.jpg?fit=200%2C300&#038;ssl=1\" data-large-file=\"https:\/\/i0.wp.com\/opistobranquis.info\/wp-content\/uploads\/2016\/01\/Polybranchia-viridis-%40-Islas-Canarias-by-Aketza-Herrero-2.jpg?fit=399%2C600&#038;ssl=1\" src=\"https:\/\/i0.wp.com\/opistobranquis.info\/wp-content\/uploads\/2016\/01\/Polybranchia-viridis-%40-Islas-Canarias-by-Aketza-Herrero-2.jpg?w=149&#038;h=224&#038;ssl=1\" width=\"149\" height=\"224\" loading=\"lazy\" data-original-width=\"149\" data-original-height=\"224\" itemprop=\"http:\/\/schema.org\/image\" title=\"Caliphylla viridis @ Islas Canarias by Aketza Herrero\" alt=\"Caliphylla viridis @ Islas Canarias by Aketza Herrero\" style=\"width: 149px; height: 224px;\" \/> <\/a> <div class=\"tiled-gallery-caption\" itemprop=\"caption description\"> Caliphylla viridis @ Islas Canarias by Aketza Herrero <\/div> <\/div> <\/div> <!-- close group --> <div class=\"gallery-group images-1\" style=\"width: 302px; height: 228px;\" data-original-width=\"302\" data-original-height=\"228\" > <div class=\"tiled-gallery-item tiled-gallery-item-large\" itemprop=\"associatedMedia\" itemscope itemtype=\"http:\/\/schema.org\/ImageObject\"> <a href=\"https:\/\/opistobranquis.info\/es\/guia\/sacoglossa\/plakobranchoidea\/caliphylla-viridis\/polybranchia-viridis-la-restinga-el-hierro-islas-canarias-19-08-2013-by-peter-wirtz\/\" border=\"0\" itemprop=\"url\"> <meta itemprop=\"width\" content=\"298\"> <meta itemprop=\"height\" content=\"224\"> <img decoding=\"async\" class=\"\" data-attachment-id=\"21317\" data-orig-file=\"https:\/\/opistobranquis.info\/wp-content\/uploads\/2016\/01\/Polybranchia-viridis-@-La-Restinga-El-Hierro-Islas-Canarias-19-08-2013-by-Peter-Wirtz.jpg\" data-orig-size=\"888,666\" data-comments-opened=\"\" data-image-title=\"Caliphylla viridis @ La Restinga (El Hierro, Islas Canarias) 19-08-2013 by Peter Wirtz\" data-image-description=\"&lt;p&gt;Caliphylla viridis @ La Restinga (El Hierro, Islas Canarias) 19-08-2013 by Peter Wirtz&lt;\/p&gt; \" data-medium-file=\"https:\/\/i0.wp.com\/opistobranquis.info\/wp-content\/uploads\/2016\/01\/Polybranchia-viridis-%40-La-Restinga-El-Hierro-Islas-Canarias-19-08-2013-by-Peter-Wirtz.jpg?fit=300%2C225&#038;ssl=1\" data-large-file=\"https:\/\/i0.wp.com\/opistobranquis.info\/wp-content\/uploads\/2016\/01\/Polybranchia-viridis-%40-La-Restinga-El-Hierro-Islas-Canarias-19-08-2013-by-Peter-Wirtz.jpg?fit=888%2C666&#038;ssl=1\" src=\"https:\/\/i0.wp.com\/opistobranquis.info\/wp-content\/uploads\/2016\/01\/Polybranchia-viridis-%40-La-Restinga-El-Hierro-Islas-Canarias-19-08-2013-by-Peter-Wirtz.jpg?w=298&#038;h=224&#038;ssl=1\" width=\"298\" height=\"224\" loading=\"lazy\" data-original-width=\"298\" data-original-height=\"224\" itemprop=\"http:\/\/schema.org\/image\" title=\"Caliphylla viridis @ La Restinga (El Hierro, Islas Canarias) 19-08-2013 by Peter Wirtz\" alt=\"Caliphylla viridis @ La Restinga (El Hierro, Islas Canarias) 19-08-2013 by Peter Wirtz\" style=\"width: 298px; height: 224px;\" \/> <\/a> <div class=\"tiled-gallery-caption\" itemprop=\"caption description\"> Caliphylla viridis @ La Restinga (El Hierro, Islas Canarias) 19-08-2013 <\/div> <\/div> <\/div> <!-- close group --> <\/div> <!-- close row --> <\/div><\/p>\n<p><strong>Bibliograf\u00eda<\/strong><\/p><ul><div id=\"zotpress-d621d022a2bec37659e3c1fac9b9ff78\" class=\"zp-Zotpress zp-Zotpress-Bib wp-block-group\">\n\n\t\t<span class=\"ZP_API_USER_ID ZP_ATTR\">1246567<\/span>\n\t\t<span class=\"ZP_ITEM_KEY ZP_ATTR\"><\/span>\n\t\t<span class=\"ZP_COLLECTION_ID ZP_ATTR\"><\/span>\n\t\t<span class=\"ZP_TAG_ID ZP_ATTR\">Caliphylla viridis<\/span>\n\t\t<span class=\"ZP_AUTHOR ZP_ATTR\"><\/span>\n\t\t<span class=\"ZP_YEAR ZP_ATTR\"><\/span>\n        <span class=\"ZP_ITEMTYPE ZP_ATTR\"><\/span>\n\t\t<span class=\"ZP_INCLUSIVE ZP_ATTR\">1<\/span>\n\t\t<span class=\"ZP_STYLE ZP_ATTR\">eunomia-revista-en-cultura-de-la-legalidad<\/span>\n\t\t<span class=\"ZP_LIMIT ZP_ATTR\">50<\/span>\n\t\t<span class=\"ZP_SORTBY ZP_ATTR\">creator<\/span>\n\t\t<span class=\"ZP_ORDER ZP_ATTR\">asc<\/span>\n\t\t<span class=\"ZP_TITLE ZP_ATTR\"><\/span>\n\t\t<span class=\"ZP_SHOWIMAGE ZP_ATTR\"><\/span>\n\t\t<span class=\"ZP_SHOWTAGS ZP_ATTR\"><\/span>\n\t\t<span class=\"ZP_DOWNLOADABLE ZP_ATTR\"><\/span>\n\t\t<span class=\"ZP_NOTES ZP_ATTR\"><\/span>\n\t\t<span class=\"ZP_ABSTRACT ZP_ATTR\"><\/span>\n\t\t<span class=\"ZP_CITEABLE ZP_ATTR\"><\/span>\n\t\t<span class=\"ZP_TARGET ZP_ATTR\">1<\/span>\n\t\t<span class=\"ZP_URLWRAP ZP_ATTR\"><\/span>\n\t\t<span class=\"ZP_FORCENUM ZP_ATTR\"><\/span>\n        <span class=\"ZP_HIGHLIGHT ZP_ATTR\"><\/span>\n        <span class=\"ZP_POSTID ZP_ATTR\">21311<\/span>\n\t\t<span class=\"ZOTPRESS_PLUGIN_URL ZP_ATTR\">https:\/\/opistobranquis.info\/wp-content\/plugins\/zotpress\/<\/span>\n\n\t\t<div class=\"zp-List loading\">\n\t\t\t<div class=\"zp-SEO-Content\">\n\n\t\t\t<\/div><!-- .zp-zp-SEO-Content -->\n\t\t<\/div><!-- .zp-List -->\n\t<\/div><!--.zp-Zotpress-->\n\n<p><\/p>Bibliograf\u00eda basada en los trabajos de <b>Steve Long, 2006<\/b>. <a target=_blank href=https:\/\/opistobranquis.info\/wp-content\/uploads\/2016\/06\/Long-S.-2006-Bibliography-of-Opisthobranchia-1554-2000.pdf>Bibliography of Opisthobranchia 1554-2000<\/a> y <b>Gary McDonald, 2009<\/b>. <a href=http:\/\/escholarship.org\/uc\/item\/8115h0wz>Bibliographia Nudibranchia<\/a>, con actualizaciones posteriores procedentes de otras fuentes.<p><\/p><\/ul><p><\/p><p><strong>M\u00e1s informaci\u00f3n<\/strong><\/p><span style=\"font-size:10pt\"><ul><ul class=\"blogroll-links\"><li><a href=\"http:\/\/www.biodiversitylibrary.org\/name\/Caliphylla%20viridis\">Biodiversity Heritage Library<\/a><\/li><li><a href=\"https:\/\/www.flickr.com\/search\/?text=Caliphylla%20viridis\">Flickr pictures<\/a><\/li><li><a href=\"http:\/\/www.irmng.org\/aphia.php?p=taxlist&#038;tName=Caliphylla%20viridis\">Interim Register of Marine and Nonmarine Genera<\/a><\/li><li><a href=\"http:\/\/www.ncbi.nlm.nih.gov\/Taxonomy\/Browser\/wwwtax.cgi?mode=Undef&#038;name=Caliphylla%20viridis&#038;lvl=0&#038;srchmode=1\">NCBI GenBank<\/a><\/li><li><a href=\"http:\/\/iobis.org\/mapper\/?taxon=Caliphylla%20viridis\">OBIS - Search by Taxon<\/a><\/li><li><a href=\"http:\/\/www.seaslugforum.net\/showall\/polyviri\">Sea Slug Forum<\/a><\/li><li><a href=\"http:\/\/slugsite.us\/bow\/pan\/viridus.html\">The Slug Site<\/a><\/li><li><a href=\"http:\/\/www.marinespecies.org\/aphia.php?p=taxdetails&#038;id=140089\">World Register of Marine Species<\/a><\/li><\/ul><\/ul><\/span><p><strong>Citar este art\u00edculo como: <\/strong><\/p><div style=\"display: block; background: #444444; padding: 10px 30px 10px 10px; border-radius: 5px; line-height: 18px;\"><p class=\"citacio\"><b>Ballesteros, M., Madrenas, E. &#38; Pontes, M.<\/b> (2025) <em>\"Caliphylla viridis\"<\/em> en <em>OPK-Opistobranquis<\/em>. Publicado: 15\/01\/2016. Accedido: 05\/09\/2026. Disponible en (<a href=https:\/\/opistobranquis.info\/es\/?p=21311>https:\/\/opistobranquis.info\/es\/?p=21311<\/a>)<\/p><p><\/p><\/div><p><\/p><\/p>","protected":false},"excerpt":{"rendered":"<p>Caliphylla viridis (Deshayes, 1857) Sin\u00f3nimos Hermaea viridis Deshayes, 1857 (original) Phyllobranchillus viridis (Deshayes, 1857) Polybranchia viridis (Deshayes, 1857) Descripci\u00f3n Biolog\u00eda Etimolog\u00eda Caliphylla. Del Griego \u201ckalos\u201d, bello + \u201cphyllon\u201d, hoja. Viridis.\u00a0Del Lat\u00edn &#8220;viridis&#8221;, verde. Distribuci\u00f3n Otras fotos<\/p>\n<p class=\"continue-reading-button\"> <a class=\"continue-reading-link\" href=\"https:\/\/opistobranquis.info\/es\/guia\/sacoglossa\/plakobranchoidea\/caliphylla-viridis\/\">Sigue leyendo<i class=\"crycon-right-dir\"><\/i><\/a><\/p>\n","protected":false},"author":291,"featured_media":24479,"parent":26133,"menu_order":3051,"comment_status":"closed","ping_status":"closed","template":"","meta":{"footnotes":""},"class_list":["post-21311","page","type-page","status-publish","has-post-thumbnail","hentry"],"jetpack_sharing_enabled":true,"_links":{"self":[{"href":"https:\/\/opistobranquis.info\/es\/wp-json\/wp\/v2\/pages\/21311","targetHints":{"allow":["GET"]}}],"collection":[{"href":"https:\/\/opistobranquis.info\/es\/wp-json\/wp\/v2\/pages"}],"about":[{"href":"https:\/\/opistobranquis.info\/es\/wp-json\/wp\/v2\/types\/page"}],"author":[{"embeddable":true,"href":"https:\/\/opistobranquis.info\/es\/wp-json\/wp\/v2\/users\/291"}],"replies":[{"embeddable":true,"href":"https:\/\/opistobranquis.info\/es\/wp-json\/wp\/v2\/comments?post=21311"}],"version-history":[{"count":4,"href":"https:\/\/opistobranquis.info\/es\/wp-json\/wp\/v2\/pages\/21311\/revisions"}],"predecessor-version":[{"id":27900,"href":"https:\/\/opistobranquis.info\/es\/wp-json\/wp\/v2\/pages\/21311\/revisions\/27900"}],"up":[{"embeddable":true,"href":"https:\/\/opistobranquis.info\/es\/wp-json\/wp\/v2\/pages\/26133"}],"wp:featuredmedia":[{"embeddable":true,"href":"https:\/\/opistobranquis.info\/es\/wp-json\/wp\/v2\/media\/24479"}],"wp:attachment":[{"href":"https:\/\/opistobranquis.info\/es\/wp-json\/wp\/v2\/media?parent=21311"}],"curies":[{"name":"wp","href":"https:\/\/api.w.org\/{rel}","templated":true}]}}