{"id":21645,"date":"2016-04-24T14:56:21","date_gmt":"2016-04-24T12:56:21","guid":{"rendered":"https:\/\/opistobranquis.info\/?page_id=21645"},"modified":"2025-06-13T11:11:51","modified_gmt":"2025-06-13T09:11:51","slug":"phylliroe-lichtensteinii","status":"publish","type":"page","link":"https:\/\/opistobranquis.info\/es\/guia\/nudibranchia\/cladobranchia\/dendronotoidea\/phylliroe-lichtensteinii\/","title":{"rendered":"Phylliroe lichtensteinii"},"content":{"rendered":"<p><\/p>\n<h3><i>Phylliroe lichtensteinii<\/i>\u00a0 Eschscholtz, 1825<\/h3>\n<p><span style=\"font-size:10pt;\" class=\"aligncenter\"><div id=\"featured-img-id\"><img data-recalc-dims=\"1\" decoding=\"async\" src=\"https:\/\/i0.wp.com\/opistobranquis.info\/wp-content\/uploads\/2016\/04\/Phylliroe-lichtensteinii-3-01-2016-by-Linda-Ianello-2.jpg?w=900&#038;ssl=1\" alt=\"Phylliroe lichtensteinii 3-01-2017 by Linda Ianello\" \/><\/div><center><em>Phylliroe lichtensteinii 3-01-2017<\/em> por Linda Ianniello<\/center><\/span><p><\/p><div class=\"opk-worms\"><h3>Informaci\u00f3n taxon\u00f3mica WoRMS<\/h3><div class=\"opk-success\">Nombre aceptado actual: <strong><em>Phylliroe lichtensteinii<\/em> (Eschscholtz, 1825)<\/strong><\/div><h4>Clasificaci\u00f3n actual<\/h4><table class=\"widefat striped\"><tr><th>Superdomain<\/th><td><a target=\"_blank\" href=\"https:\/\/www.marinespecies.org\/aphia.php?p=taxdetails&id=1\">Biota<\/a><\/td><\/tr><tr><th>Kingdom<\/th><td><a target=\"_blank\" href=\"https:\/\/www.marinespecies.org\/aphia.php?p=taxdetails&id=2\">Animalia<\/a><\/td><\/tr><tr><th>Phylum<\/th><td><a target=\"_blank\" href=\"https:\/\/www.marinespecies.org\/aphia.php?p=taxdetails&id=51\">Mollusca<\/a><\/td><\/tr><tr><th>Class<\/th><td><a target=\"_blank\" href=\"https:\/\/www.marinespecies.org\/aphia.php?p=taxdetails&id=101\">Gastropoda<\/a><\/td><\/tr><tr><th>Subclass<\/th><td><a target=\"_blank\" href=\"https:\/\/www.marinespecies.org\/aphia.php?p=taxdetails&id=14712\">Heterobranchia<\/a><\/td><\/tr><tr><th>Infraclass<\/th><td><a target=\"_blank\" href=\"https:\/\/www.marinespecies.org\/aphia.php?p=taxdetails&id=1057247\">Euthyneura<\/a><\/td><\/tr><tr><th>Subterclass<\/th><td><a target=\"_blank\" href=\"https:\/\/www.marinespecies.org\/aphia.php?p=taxdetails&id=1057249\">Ringipleura<\/a><\/td><\/tr><tr><th>Superorder<\/th><td><a target=\"_blank\" href=\"https:\/\/www.marinespecies.org\/aphia.php?p=taxdetails&id=411966\">Nudipleura<\/a><\/td><\/tr><tr><th>Order<\/th><td><a target=\"_blank\" href=\"https:\/\/www.marinespecies.org\/aphia.php?p=taxdetails&id=1762\">Nudibranchia<\/a><\/td><\/tr><tr><th>Suborder<\/th><td><a target=\"_blank\" href=\"https:\/\/www.marinespecies.org\/aphia.php?p=taxdetails&id=827889\">Cladobranchia<\/a><\/td><\/tr><tr><th>Superfamily<\/th><td><a target=\"_blank\" href=\"https:\/\/www.marinespecies.org\/aphia.php?p=taxdetails&id=182\">Dendronotoidea<\/a><\/td><\/tr><tr><th>Family<\/th><td><a target=\"_blank\" href=\"https:\/\/www.marinespecies.org\/aphia.php?p=taxdetails&id=23094\">Phylliroidae<\/a><\/td><\/tr><tr><th>Genus<\/th><td><a target=\"_blank\" href=\"https:\/\/www.marinespecies.org\/aphia.php?p=taxdetails&id=138350\"><em>Phylliroe<\/em><\/a><\/td><\/tr><tr><th>Species<\/th><td><a target=\"_blank\" href=\"https:\/\/www.marinespecies.org\/aphia.php?p=taxdetails&id=536862\"><em>Phylliroe lichtensteinii<\/em> (Eschscholtz, 1825)<\/a><\/td><\/tr><\/table><p class=\"footer\">Clasificaci\u00f3n proporcionada por el World Register of Marine Species (WoRMS). [<a target=\"_blank\" href=\"https:\/\/www.marinespecies.org\/aphia.php?p=taxdetails&id=536862\">536862<\/a>]<\/p><\/div><strong>Sin\u00f3nimos<\/strong><\/p>\n<ul>\n<li><span id=\"aphia_ct_tu_749850\"><i>Phylliroe amboinensis<\/i> Quoy &amp; Gaimard, 1832<\/span><\/li>\n<li><span id=\"aphia_ct_tu_140777\"><i>Phylliroe atlantica<\/i> Bergh, 1871<\/span><\/li>\n<li><span id=\"aphia_ct_tu_749852\"><i>Phylliroe lichtensteini<\/i> Eschscholtz, 1825<\/span><\/li>\n<li><span id=\"aphia_ct_tu_749853\"><i>Phylliroe rubra<\/i> Quoy &amp; Gaimard, 1832<\/span><\/li>\n<li><em>Phylliroe pelagica<\/em> H. Adams &amp; A. Adams, 1858<\/li>\n<li><em>Phylliroe roseum<\/em> D&#8217;Orbigny, 1836<\/li>\n<\/ul>\n<p><strong>Descripci\u00f3n<br \/>\n<\/strong>Tiene el cuerpo aplanado lateralmente con una silueta parecida a la de un pez. De hasta 55 mm de longitud, sin papilas y la carne completamente transparente. La cola es corta, menos del 16% de la longitud del cuerpo. El pie se reduce a una gl\u00e1ndula pedal que no altera el contorno del cuerpo. La cabeza, situada delante de unos rin\u00f3foros relativamente peque\u00f1os, est\u00e1 orientada hacia abajo, con una boca en posici\u00f3n terminal. El ano se encuentra en el costado derecho, hacia el centro del cuerpo. La gl\u00e1ndula digestiva y los otros \u00f3rganos internos son visibles a trav\u00e9s de la piel por transparencia. La literatura es bastante confusa con las especies de <em>Phylliroe<\/em>, los rasgos de la determinaci\u00f3n de las especies var\u00edan desde la presencia de una restricci\u00f3n en la gl\u00e1ndula digestiva al n\u00famero de g\u00f3nadas, y luego depende\u00a0del n\u00famero de g\u00f3nadas: <em>P.bucephala<\/em>\u00a0parece tener 2 g\u00f3nadas, mientras que <em>P .lichtensteinii<\/em>\u00a0parece tener de 3 a 5, pero el hecho es que estas hermosas especies han sido descuidadas en muchos estudios y su identificaci\u00f3n no est\u00e1 clara.<\/p>\n<p><strong>Biolog\u00eda<br \/>\n<\/strong>Esta especie es hermafrodita. Los juveniles parece que parasitan la medusa del cnidario <em>Zanclea<\/em>, enganchandose al interior de la umbrela, de la que se alimentan y se mantienen hasta llegar a la edad adulta. En este momento su dieta ya no se limita a <em>Zanclea<\/em>, aunque las observaciones sobre su conducta alimentaria son escasas. Se ha observado un <em>Phylliroe<\/em> acercarse a un enjambre de larvas de <em>Oikopleura albicans<\/em> desde abajo, tomando una presa con sus mand\u00edbulas denticuladas y trag\u00e1rsela en menos de medio minuto. Los adultos tambi\u00e9n han sido observados aliment\u00e1ndose de la medusa <em>Aequorea<\/em>. Esta es una especie pel\u00e1gica altamente bioluminiscente y emite destellos de luz cuando se la molesta.\u00a0Parece preferir las capas superiores del agua aunque la distribuci\u00f3n vertical de esta especie apunta a que vive a profundidades de unos 60 metros\u00a0(Fern\u00e1ndez-\u00c1lamo, 1997) y, por las noches, participa en una migraci\u00f3n vertical hacia la superf\u00edcie. No le gusta la luz, por lo que, cuando es descubierto, empieza a nadar inmediatamente hacia el fondo (L.Ianello, com.pers.).<\/p>\n<p><strong>Etimolog\u00eda<\/strong><\/p>\n<ul>\n<li><em>Phylliroe<\/em>, del Griego &#8220;phyllon&#8221;, hoja + &#8220;roe&#8221;, corriente de agua.<\/li>\n<li><em>Lichtensteinii<\/em>, rinde homenaje a Martin Heinrich Liechtenstein, m\u00e9dico, explorador y naturalista alem\u00e1n que, en 1844, public\u00f3 descripciones de animales recogidos alrededor de Australia. Trabaj\u00f3 en el Instituto Zool\u00f3gico de Berl\u00edn.<\/li>\n<\/ul>\n<p><strong>Distribuci\u00f3n<br \/>\n<\/strong>Esta especie se conoce de las zonas c\u00e1lidas de los oc\u00e9anos Atl\u00e1ntico y Pac\u00edfico, tambi\u00e9n en el Mediterr\u00e1neo.<br \/>\n<div id=\"flxmap-6a99a469aec44\" class='flxmap-container' data-flxmap='flxmap_6a99a469aec44' style=\"width:100%;height:400px;\"><\/div>\n<script data-noptimize=\"1\">\n\/* <![CDATA[ *\/\n(function(w, fn) {\n if (w.addEventListener) w.addEventListener(\"DOMContentLoaded\", fn, false);\n else if (w.attachEvent) w.attachEvent(\"onload\", fn);\n})(window, function() {\n var f = new FlexibleMap();\n f.panControl = true;\n f.mapTypeId = \"satellite\";\n f.setlocale(\"es-ES\");\n f.kmlcache = \"5 minutes\";\n f.showKML(\"flxmap-6a99a469aec44\", \"https:\/\/opistobranquis.info\/wp-content\/uploads\/kms\/21645.kmz\");\n window.flxmap_6a99a469aec44 = f;\n});\n\/* ]]> *\/\n<\/script>\n<div style=\"width:100%;text-align:center;margin:12px 0 4px 0;\">\n  <div style=\"font-size:8pt;margin-bottom:6px;\">Citas georeferenciadas conocidas de la especie: <em>Phylliroe lichtensteinii<\/em><\/div>\n  <table style=\"margin:0 auto;border-collapse:collapse;font-size:8pt;\">\n    <tr><td colspan=\"2\" style=\"text-align:left;padding-bottom:4px;\"><strong>Fonts:<\/strong><\/td><\/tr>\n    <tr>\n      <td style=\"vertical-align:top;padding-right:40px;\">\n        <table style=\"border-collapse:collapse;\">\n<tr><td style='padding:1px 6px 1px 0;vertical-align:middle'><img data-recalc-dims=\"1\" src=\"https:\/\/i0.wp.com\/opistobranquis.info\/wp-content\/uploads\/kms\/wht-circle-lv.png?w=900&#038;ssl=1\" style='display:block'><\/td><td style='padding:1px 0;vertical-align:middle;white-space:nowrap'>OBIS<\/td><\/tr><tr><td style='padding:1px 6px 1px 0;vertical-align:middle'><img data-recalc-dims=\"1\" src=\"https:\/\/i0.wp.com\/opistobranquis.info\/wp-content\/uploads\/kms\/ylw-circle-lv.png?w=900&#038;ssl=1\" style='display:block'><\/td><td style='padding:1px 0;vertical-align:middle;white-space:nowrap'>GROC 2010-2011<\/td><\/tr><tr><td style='padding:1px 6px 1px 0;vertical-align:middle'><img data-recalc-dims=\"1\" src=\"https:\/\/i0.wp.com\/opistobranquis.info\/wp-content\/uploads\/kms\/grn-circle-lv.png?w=900&#038;ssl=1\" style='display:block'><\/td><td style='padding:1px 0;vertical-align:middle;white-space:nowrap'>Enric Madrenas<\/td><\/tr><tr><td style='padding:1px 6px 1px 0;vertical-align:middle'><img data-recalc-dims=\"1\" src=\"https:\/\/i0.wp.com\/opistobranquis.info\/wp-content\/uploads\/kms\/orange-circle-lv.png?w=900&#038;ssl=1\" style='display:block'><\/td><td style='padding:1px 0;vertical-align:middle;white-space:nowrap'>Jo\u00e3o Pedro Silva<\/td><\/tr><tr><td style='padding:1px 6px 1px 0;vertical-align:middle'><img data-recalc-dims=\"1\" src=\"https:\/\/i0.wp.com\/opistobranquis.info\/wp-content\/uploads\/kms\/pink-circle-lv.png?w=900&#038;ssl=1\" style='display:block'><\/td><td style='padding:1px 0;vertical-align:middle;white-space:nowrap'>Bernard Picton<\/td><\/tr><tr><td style='padding:1px 6px 1px 0;vertical-align:middle'><img data-recalc-dims=\"1\" src=\"https:\/\/i0.wp.com\/opistobranquis.info\/wp-content\/uploads\/kms\/blk-circle-lv.png?w=900&#038;ssl=1\" style='display:block'><\/td><td style='padding:1px 0;vertical-align:middle;white-space:nowrap'>GBIF<\/td><\/tr>        <\/table>\n      <\/td>\n      <td style=\"vertical-align:top;\">\n        <table style=\"border-collapse:collapse;\">\n<tr><td style='padding:1px 6px 1px 0;vertical-align:middle'><img data-recalc-dims=\"1\" src=\"https:\/\/i0.wp.com\/opistobranquis.info\/wp-content\/uploads\/kms\/purple-circle-lv.png?w=900&#038;ssl=1\" style='display:block'><\/td><td style='padding:1px 0;vertical-align:middle;white-space:nowrap'>OPK<\/td><\/tr><tr><td style='padding:1px 6px 1px 0;vertical-align:middle'><img data-recalc-dims=\"1\" src=\"https:\/\/i0.wp.com\/opistobranquis.info\/wp-content\/uploads\/kms\/red-circle-lv.png?w=900&#038;ssl=1\" style='display:block'><\/td><td style='padding:1px 0;vertical-align:middle;white-space:nowrap'>VIMAR<\/td><\/tr><tr><td style='padding:1px 6px 1px 0;vertical-align:middle'><img data-recalc-dims=\"1\" src=\"https:\/\/i0.wp.com\/opistobranquis.info\/wp-content\/uploads\/kms\/blu-circle-lv.png?w=900&#038;ssl=1\" style='display:block'><\/td><td style='padding:1px 0;vertical-align:middle;white-space:nowrap'>Manuel Ballesteros<\/td><\/tr><tr><td style='padding:1px 6px 1px 0;vertical-align:middle'><img data-recalc-dims=\"1\" src=\"https:\/\/i0.wp.com\/opistobranquis.info\/wp-content\/uploads\/kms\/cyan-circle-lv.png?w=900&#038;ssl=1\" style='display:block'><\/td><td style='padding:1px 0;vertical-align:middle;white-space:nowrap'>M@re Nostrum<\/td><\/tr><tr><td style='padding:1px 6px 1px 0;vertical-align:middle'><img data-recalc-dims=\"1\" src=\"https:\/\/i0.wp.com\/opistobranquis.info\/wp-content\/uploads\/kms\/grey-circle-lv.png?w=900&#038;ssl=1\" style='display:block'><\/td><td style='padding:1px 0;vertical-align:middle;white-space:nowrap'>Altres fonts<\/td><\/tr><tr><td style='padding:1px 6px 1px 0;vertical-align:middle'><img data-recalc-dims=\"1\" src=\"https:\/\/i0.wp.com\/opistobranquis.info\/wp-content\/uploads\/kms\/marreg.png?w=900&#038;ssl=1\" style='display:block'><\/td><td style='padding:1px 0;vertical-align:middle;white-space:nowrap'>Marine Regions<\/td><\/tr>        <\/table>\n      <\/td>\n    <\/tr>\n  <\/table>\n<\/div>\n<\/p>\n<p><strong>Error:<\/strong> Chart.js no est\u00e1 disponible.<\/p>\n<p><strong>V\u00eddeos<\/strong><\/p>\n<p><iframe loading=\"lazy\" src=\"https:\/\/player.vimeo.com\/video\/502480437?dnt=1&amp;app_id=122963\" width=\"900\" height=\"506\" frameborder=\"0\" allow=\"autoplay; fullscreen; picture-in-picture\" allowfullscreen><\/iframe><\/p>\n<p>&nbsp;<\/p>\n<p><strong>Otras fotos<br \/>\n<\/strong><div class=\"tiled-gallery type-rectangular tiled-gallery-unresized\" data-original-width=\"900\" data-carousel-extra='{&quot;blog_id&quot;:1,&quot;permalink&quot;:&quot;https:\\\/\\\/opistobranquis.info\\\/es\\\/guia\\\/nudibranchia\\\/cladobranchia\\\/dendronotoidea\\\/phylliroe-lichtensteinii\\\/&quot;,&quot;likes_blog_id&quot;:44192421}' itemscope itemtype=\"http:\/\/schema.org\/ImageGallery\" > <div class=\"gallery-row\" style=\"width: 900px; height: 258px;\" data-original-width=\"900\" data-original-height=\"258\" > <div class=\"gallery-group images-1\" style=\"width: 380px; height: 258px;\" data-original-width=\"380\" data-original-height=\"258\" > <div class=\"tiled-gallery-item tiled-gallery-item-large\" itemprop=\"associatedMedia\" itemscope itemtype=\"http:\/\/schema.org\/ImageObject\"> <a href=\"https:\/\/opistobranquis.info\/es\/guia\/nudibranchia\/cladobranchia\/dendronotoidea\/phylliroe-lichtensteinii\/phylliroe-lichtensteinii-pelagic-nudibranch-blackwater-roatan-honduras-in-nudibase-facebook-by-mauricio-riquelme-aqualife-photography-2\/\" border=\"0\" itemprop=\"url\"> <meta itemprop=\"width\" content=\"376\"> <meta itemprop=\"height\" content=\"254\"> <img decoding=\"async\" class=\"\" data-attachment-id=\"21650\" data-orig-file=\"https:\/\/opistobranquis.info\/wp-content\/uploads\/2016\/04\/Phylliroe-lichtensteinii-pelagic-nudibranch-@-Blackwater-Roatan-Honduras-in-Nudibase-Facebook-by-Mauricio-Riquelme-Aqualife-Photography-1.jpg\" data-orig-size=\"800,540\" data-comments-opened=\"\" data-image-title=\"Phylliroe lichtensteinii, pelagic nudibranch @ Blackwater, Roatan, Honduras in (Nudibase, Facebook) by Mauricio Riquelme (Aqualife Photography)\" data-image-description=\"&lt;p&gt;Phylliroe lichtensteinii, pelagic nudibranch @ Blackwater, Roatan, Honduras in (Nudibase, Facebook) by Mauricio Riquelme (Aqualife Photography)&lt;\/p&gt; \" data-medium-file=\"https:\/\/i0.wp.com\/opistobranquis.info\/wp-content\/uploads\/2016\/04\/Phylliroe-lichtensteinii-pelagic-nudibranch-%40-Blackwater-Roatan-Honduras-in-Nudibase-Facebook-by-Mauricio-Riquelme-Aqualife-Photography-1.jpg?fit=300%2C203&#038;ssl=1\" data-large-file=\"https:\/\/i0.wp.com\/opistobranquis.info\/wp-content\/uploads\/2016\/04\/Phylliroe-lichtensteinii-pelagic-nudibranch-%40-Blackwater-Roatan-Honduras-in-Nudibase-Facebook-by-Mauricio-Riquelme-Aqualife-Photography-1.jpg?fit=800%2C540&#038;ssl=1\" src=\"https:\/\/i0.wp.com\/opistobranquis.info\/wp-content\/uploads\/2016\/04\/Phylliroe-lichtensteinii-pelagic-nudibranch-%40-Blackwater-Roatan-Honduras-in-Nudibase-Facebook-by-Mauricio-Riquelme-Aqualife-Photography-1.jpg?w=376&#038;h=254&#038;ssl=1\" width=\"376\" height=\"254\" loading=\"lazy\" data-original-width=\"376\" data-original-height=\"254\" itemprop=\"http:\/\/schema.org\/image\" title=\"Phylliroe lichtensteinii, pelagic nudibranch @ Blackwater, Roatan, Honduras in (Nudibase, Facebook) by Mauricio Riquelme (Aqualife Photography)\" alt=\"Phylliroe lichtensteinii, pelagic nudibranch @ Blackwater, Roatan, Honduras in (Nudibase, Facebook) by Mauricio Riquelme (Aqualife Photography)\" style=\"width: 376px; height: 254px;\" \/> <\/a> <div class=\"tiled-gallery-caption\" itemprop=\"caption description\"> Phylliroe lichtensteinii, pelagic nudibranch @ Blackwater, Roatan, Honduras in (Nudibase, Facebook) by Mauricio Riquelme (Aqualife Photography) <\/div> <\/div> <\/div> <!-- close group --> <div class=\"gallery-group images-1\" style=\"width: 173px; height: 258px;\" data-original-width=\"173\" data-original-height=\"258\" > <div class=\"tiled-gallery-item tiled-gallery-item-small\" itemprop=\"associatedMedia\" itemscope itemtype=\"http:\/\/schema.org\/ImageObject\"> <a href=\"https:\/\/opistobranquis.info\/es\/guia\/nudibranchia\/cladobranchia\/dendronotoidea\/phylliroe-lichtensteinii\/phylliroe-bucephala-peron-lesueur-1810-or-phylliroe-lichtens\/\" border=\"0\" itemprop=\"url\"> <meta itemprop=\"width\" content=\"169\"> <meta itemprop=\"height\" content=\"254\"> <img decoding=\"async\" class=\"\" data-attachment-id=\"23312\" data-orig-file=\"https:\/\/opistobranquis.info\/wp-content\/uploads\/2016\/04\/Phylliroe-lichtensteinii-3-01-2016-by-Linda-Ianello-01032017_016.jpg\" data-orig-size=\"933,1400\" data-comments-opened=\"\" data-image-title=\"Phylliroe lichtensteinii 3-01-2017 by Linda Ianello\" data-image-description=\"&lt;p&gt;Phylliroe lichtensteinii 3-01-2017 by Linda Ianello&lt;\/p&gt; \" data-medium-file=\"https:\/\/i0.wp.com\/opistobranquis.info\/wp-content\/uploads\/2016\/04\/Phylliroe-lichtensteinii-3-01-2016-by-Linda-Ianello-01032017_016.jpg?fit=200%2C300&#038;ssl=1\" data-large-file=\"https:\/\/i0.wp.com\/opistobranquis.info\/wp-content\/uploads\/2016\/04\/Phylliroe-lichtensteinii-3-01-2016-by-Linda-Ianello-01032017_016.jpg?fit=682%2C1024&#038;ssl=1\" src=\"https:\/\/i0.wp.com\/opistobranquis.info\/wp-content\/uploads\/2016\/04\/Phylliroe-lichtensteinii-3-01-2016-by-Linda-Ianello-01032017_016.jpg?w=169&#038;h=254&#038;ssl=1\" srcset=\"https:\/\/i0.wp.com\/opistobranquis.info\/wp-content\/uploads\/2016\/04\/Phylliroe-lichtensteinii-3-01-2016-by-Linda-Ianello-01032017_016.jpg?w=933&amp;ssl=1 933w, https:\/\/i0.wp.com\/opistobranquis.info\/wp-content\/uploads\/2016\/04\/Phylliroe-lichtensteinii-3-01-2016-by-Linda-Ianello-01032017_016.jpg?resize=100%2C150&amp;ssl=1 100w, https:\/\/i0.wp.com\/opistobranquis.info\/wp-content\/uploads\/2016\/04\/Phylliroe-lichtensteinii-3-01-2016-by-Linda-Ianello-01032017_016.jpg?resize=200%2C300&amp;ssl=1 200w, https:\/\/i0.wp.com\/opistobranquis.info\/wp-content\/uploads\/2016\/04\/Phylliroe-lichtensteinii-3-01-2016-by-Linda-Ianello-01032017_016.jpg?resize=682%2C1024&amp;ssl=1 682w\" width=\"169\" height=\"254\" loading=\"lazy\" data-original-width=\"169\" data-original-height=\"254\" itemprop=\"http:\/\/schema.org\/image\" title=\"Phylliroe lichtensteinii 3-01-2017 by Linda Ianello\" alt=\"Phylliroe lichtensteinii 3-01-2017 by Linda Ianello\" style=\"width: 169px; height: 254px;\" \/> <\/a> <div class=\"tiled-gallery-caption\" itemprop=\"caption description\"> Phylliroe lichtensteinii 3-01-2017 by Linda Ianello <\/div> <\/div> <\/div> <!-- close group --> <div class=\"gallery-group images-1\" style=\"width: 174px; height: 258px;\" data-original-width=\"174\" data-original-height=\"258\" > <div class=\"tiled-gallery-item tiled-gallery-item-small\" itemprop=\"associatedMedia\" itemscope itemtype=\"http:\/\/schema.org\/ImageObject\"> <a href=\"https:\/\/opistobranquis.info\/es\/guia\/nudibranchia\/cladobranchia\/dendronotoidea\/phylliroe-lichtensteinii\/phylliroe-lichtensteinii-3-01-2016-by-linda-ianello\/\" border=\"0\" itemprop=\"url\"> <meta itemprop=\"width\" content=\"170\"> <meta itemprop=\"height\" content=\"254\"> <img decoding=\"async\" class=\"\" data-attachment-id=\"23313\" data-orig-file=\"https:\/\/opistobranquis.info\/wp-content\/uploads\/2016\/04\/Phylliroe-lichtensteinii-3-01-2016-by-Linda-Ianello.jpg\" data-orig-size=\"683,1024\" data-comments-opened=\"\" data-image-title=\"Phylliroe lichtensteinii 3-01-2017 by Linda Ianello\" data-image-description=\"&lt;p&gt;Phylliroe lichtensteinii 3-01-2017 by Linda Ianello&lt;\/p&gt; \" data-medium-file=\"https:\/\/i0.wp.com\/opistobranquis.info\/wp-content\/uploads\/2016\/04\/Phylliroe-lichtensteinii-3-01-2016-by-Linda-Ianello.jpg?fit=200%2C300&#038;ssl=1\" data-large-file=\"https:\/\/i0.wp.com\/opistobranquis.info\/wp-content\/uploads\/2016\/04\/Phylliroe-lichtensteinii-3-01-2016-by-Linda-Ianello.jpg?fit=683%2C1024&#038;ssl=1\" src=\"https:\/\/i0.wp.com\/opistobranquis.info\/wp-content\/uploads\/2016\/04\/Phylliroe-lichtensteinii-3-01-2016-by-Linda-Ianello.jpg?w=170&#038;h=254&#038;ssl=1\" srcset=\"https:\/\/i0.wp.com\/opistobranquis.info\/wp-content\/uploads\/2016\/04\/Phylliroe-lichtensteinii-3-01-2016-by-Linda-Ianello.jpg?w=683&amp;ssl=1 683w, https:\/\/i0.wp.com\/opistobranquis.info\/wp-content\/uploads\/2016\/04\/Phylliroe-lichtensteinii-3-01-2016-by-Linda-Ianello.jpg?resize=100%2C150&amp;ssl=1 100w, https:\/\/i0.wp.com\/opistobranquis.info\/wp-content\/uploads\/2016\/04\/Phylliroe-lichtensteinii-3-01-2016-by-Linda-Ianello.jpg?resize=200%2C300&amp;ssl=1 200w\" width=\"170\" height=\"254\" loading=\"lazy\" data-original-width=\"170\" data-original-height=\"254\" itemprop=\"http:\/\/schema.org\/image\" title=\"Phylliroe lichtensteinii 3-01-2017 by Linda Ianello\" alt=\"Phylliroe lichtensteinii 3-01-2017 by Linda Ianello\" style=\"width: 170px; height: 254px;\" \/> <\/a> <div class=\"tiled-gallery-caption\" itemprop=\"caption description\"> Phylliroe lichtensteinii 3-01-2017 by Linda Ianello <\/div> <\/div> <\/div> <!-- close group --> <div class=\"gallery-group images-1\" style=\"width: 173px; height: 258px;\" data-original-width=\"173\" data-original-height=\"258\" > <div class=\"tiled-gallery-item tiled-gallery-item-small\" itemprop=\"associatedMedia\" itemscope itemtype=\"http:\/\/schema.org\/ImageObject\"> <a href=\"https:\/\/opistobranquis.info\/es\/guia\/nudibranchia\/cladobranchia\/dendronotoidea\/phylliroe-lichtensteinii\/phylliroe-bucephala-peron-lesueur-1810-or-phylliroe-lichtens-2\/\" border=\"0\" itemprop=\"url\"> <meta itemprop=\"width\" content=\"169\"> <meta itemprop=\"height\" content=\"254\"> <img decoding=\"async\" class=\"\" data-attachment-id=\"23314\" data-orig-file=\"https:\/\/opistobranquis.info\/wp-content\/uploads\/2016\/04\/Phylliroe-lichtensteinii-22-08-2015-by-Linda-Ianello-08222015_078.jpg\" data-orig-size=\"930,1400\" data-comments-opened=\"\" data-image-title=\"Phylliroe lichtensteinii 22-08-2015 by Linda Ianello\" data-image-description=\"&lt;p&gt;Phylliroe lichtensteinii 22-08-2015 by Linda Ianello &lt;\/p&gt; \" data-medium-file=\"https:\/\/i0.wp.com\/opistobranquis.info\/wp-content\/uploads\/2016\/04\/Phylliroe-lichtensteinii-22-08-2015-by-Linda-Ianello-08222015_078.jpg?fit=199%2C300&#038;ssl=1\" data-large-file=\"https:\/\/i0.wp.com\/opistobranquis.info\/wp-content\/uploads\/2016\/04\/Phylliroe-lichtensteinii-22-08-2015-by-Linda-Ianello-08222015_078.jpg?fit=680%2C1024&#038;ssl=1\" src=\"https:\/\/i0.wp.com\/opistobranquis.info\/wp-content\/uploads\/2016\/04\/Phylliroe-lichtensteinii-22-08-2015-by-Linda-Ianello-08222015_078.jpg?w=169&#038;h=254&#038;ssl=1\" srcset=\"https:\/\/i0.wp.com\/opistobranquis.info\/wp-content\/uploads\/2016\/04\/Phylliroe-lichtensteinii-22-08-2015-by-Linda-Ianello-08222015_078.jpg?w=930&amp;ssl=1 930w, https:\/\/i0.wp.com\/opistobranquis.info\/wp-content\/uploads\/2016\/04\/Phylliroe-lichtensteinii-22-08-2015-by-Linda-Ianello-08222015_078.jpg?resize=100%2C150&amp;ssl=1 100w, https:\/\/i0.wp.com\/opistobranquis.info\/wp-content\/uploads\/2016\/04\/Phylliroe-lichtensteinii-22-08-2015-by-Linda-Ianello-08222015_078.jpg?resize=199%2C300&amp;ssl=1 199w, https:\/\/i0.wp.com\/opistobranquis.info\/wp-content\/uploads\/2016\/04\/Phylliroe-lichtensteinii-22-08-2015-by-Linda-Ianello-08222015_078.jpg?resize=680%2C1024&amp;ssl=1 680w\" width=\"169\" height=\"254\" loading=\"lazy\" data-original-width=\"169\" data-original-height=\"254\" itemprop=\"http:\/\/schema.org\/image\" title=\"Phylliroe lichtensteinii 22-08-2015 by Linda Ianello\" alt=\"Phylliroe lichtensteinii 22-08-2015 by Linda Ianello\" style=\"width: 169px; height: 254px;\" \/> <\/a> <div class=\"tiled-gallery-caption\" itemprop=\"caption description\"> Phylliroe lichtensteinii 22-08-2015 by Linda Ianello <\/div> <\/div> <\/div> <!-- close group --> <\/div> <!-- close row --> <div class=\"gallery-row\" style=\"width: 900px; height: 413px;\" data-original-width=\"900\" data-original-height=\"413\" > <div class=\"gallery-group images-1\" style=\"width: 620px; height: 413px;\" data-original-width=\"620\" data-original-height=\"413\" > <div class=\"tiled-gallery-item tiled-gallery-item-large\" itemprop=\"associatedMedia\" itemscope itemtype=\"http:\/\/schema.org\/ImageObject\"> <a href=\"https:\/\/opistobranquis.info\/es\/guia\/nudibranchia\/cladobranchia\/dendronotoidea\/phylliroe-lichtensteinii\/phylliroe-bucephala-peron-lesueur-1810-or-phylliroe-lichtens-3\/\" border=\"0\" itemprop=\"url\"> <meta itemprop=\"width\" content=\"616\"> <meta itemprop=\"height\" content=\"409\"> <img decoding=\"async\" class=\"\" data-attachment-id=\"23315\" data-orig-file=\"https:\/\/opistobranquis.info\/wp-content\/uploads\/2016\/04\/Phylliroe-lichtensteinii-28-04-2016-by-Linda-Ianello-04282016_040.jpg\" data-orig-size=\"1400,930\" data-comments-opened=\"\" data-image-title=\"Phylliroe lichtensteinii 28-04-2016 by Linda Ianello\" data-image-description=\"&lt;p&gt;Phylliroe lichtensteinii 28-04-2016 by Linda Ianello&lt;\/p&gt; \" data-medium-file=\"https:\/\/i0.wp.com\/opistobranquis.info\/wp-content\/uploads\/2016\/04\/Phylliroe-lichtensteinii-28-04-2016-by-Linda-Ianello-04282016_040.jpg?fit=300%2C199&#038;ssl=1\" data-large-file=\"https:\/\/i0.wp.com\/opistobranquis.info\/wp-content\/uploads\/2016\/04\/Phylliroe-lichtensteinii-28-04-2016-by-Linda-Ianello-04282016_040.jpg?fit=900%2C598&#038;ssl=1\" src=\"https:\/\/i0.wp.com\/opistobranquis.info\/wp-content\/uploads\/2016\/04\/Phylliroe-lichtensteinii-28-04-2016-by-Linda-Ianello-04282016_040.jpg?w=616&#038;h=409&#038;ssl=1\" srcset=\"https:\/\/i0.wp.com\/opistobranquis.info\/wp-content\/uploads\/2016\/04\/Phylliroe-lichtensteinii-28-04-2016-by-Linda-Ianello-04282016_040.jpg?w=1400&amp;ssl=1 1400w, https:\/\/i0.wp.com\/opistobranquis.info\/wp-content\/uploads\/2016\/04\/Phylliroe-lichtensteinii-28-04-2016-by-Linda-Ianello-04282016_040.jpg?resize=150%2C100&amp;ssl=1 150w, https:\/\/i0.wp.com\/opistobranquis.info\/wp-content\/uploads\/2016\/04\/Phylliroe-lichtensteinii-28-04-2016-by-Linda-Ianello-04282016_040.jpg?resize=300%2C199&amp;ssl=1 300w, https:\/\/i0.wp.com\/opistobranquis.info\/wp-content\/uploads\/2016\/04\/Phylliroe-lichtensteinii-28-04-2016-by-Linda-Ianello-04282016_040.jpg?resize=1024%2C680&amp;ssl=1 1024w\" width=\"616\" height=\"409\" loading=\"lazy\" data-original-width=\"616\" data-original-height=\"409\" itemprop=\"http:\/\/schema.org\/image\" title=\"Phylliroe lichtensteinii 28-04-2016 by Linda Ianello\" alt=\"Phylliroe lichtensteinii 28-04-2016 by Linda Ianello\" style=\"width: 616px; height: 409px;\" \/> <\/a> <div class=\"tiled-gallery-caption\" itemprop=\"caption description\"> Phylliroe lichtensteinii 28-04-2016 by Linda Ianello <\/div> <\/div> <\/div> <!-- close group --> <div class=\"gallery-group images-2\" style=\"width: 280px; height: 413px;\" data-original-width=\"280\" data-original-height=\"413\" > <div class=\"tiled-gallery-item tiled-gallery-item-large\" itemprop=\"associatedMedia\" itemscope itemtype=\"http:\/\/schema.org\/ImageObject\"> <a href=\"https:\/\/opistobranquis.info\/es\/guia\/nudibranchia\/cladobranchia\/dendronotoidea\/phylliroe-lichtensteinii\/phylliroe-bucephala-peron-lesueur-1810-or-phylliroe-lichtens-4\/\" border=\"0\" itemprop=\"url\"> <meta itemprop=\"width\" content=\"276\"> <meta itemprop=\"height\" content=\"184\"> <img decoding=\"async\" class=\"\" data-attachment-id=\"23316\" data-orig-file=\"https:\/\/opistobranquis.info\/wp-content\/uploads\/2016\/04\/Phylliroe-lichtensteinii-28-04-2016-by-Linda-Ianello-04282016_045.jpg\" data-orig-size=\"1400,930\" data-comments-opened=\"\" data-image-title=\"Phylliroe lichtensteinii 28-04-2016 by Linda Ianello\" data-image-description=\"&lt;p&gt;Phylliroe lichtensteinii 28-04-2016 by Linda Ianello&lt;\/p&gt; \" data-medium-file=\"https:\/\/i0.wp.com\/opistobranquis.info\/wp-content\/uploads\/2016\/04\/Phylliroe-lichtensteinii-28-04-2016-by-Linda-Ianello-04282016_045.jpg?fit=300%2C199&#038;ssl=1\" data-large-file=\"https:\/\/i0.wp.com\/opistobranquis.info\/wp-content\/uploads\/2016\/04\/Phylliroe-lichtensteinii-28-04-2016-by-Linda-Ianello-04282016_045.jpg?fit=900%2C598&#038;ssl=1\" src=\"https:\/\/i0.wp.com\/opistobranquis.info\/wp-content\/uploads\/2016\/04\/Phylliroe-lichtensteinii-28-04-2016-by-Linda-Ianello-04282016_045.jpg?w=276&#038;h=184&#038;ssl=1\" srcset=\"https:\/\/i0.wp.com\/opistobranquis.info\/wp-content\/uploads\/2016\/04\/Phylliroe-lichtensteinii-28-04-2016-by-Linda-Ianello-04282016_045.jpg?w=1400&amp;ssl=1 1400w, https:\/\/i0.wp.com\/opistobranquis.info\/wp-content\/uploads\/2016\/04\/Phylliroe-lichtensteinii-28-04-2016-by-Linda-Ianello-04282016_045.jpg?resize=150%2C100&amp;ssl=1 150w, https:\/\/i0.wp.com\/opistobranquis.info\/wp-content\/uploads\/2016\/04\/Phylliroe-lichtensteinii-28-04-2016-by-Linda-Ianello-04282016_045.jpg?resize=300%2C199&amp;ssl=1 300w, https:\/\/i0.wp.com\/opistobranquis.info\/wp-content\/uploads\/2016\/04\/Phylliroe-lichtensteinii-28-04-2016-by-Linda-Ianello-04282016_045.jpg?resize=1024%2C680&amp;ssl=1 1024w\" width=\"276\" height=\"184\" loading=\"lazy\" data-original-width=\"276\" data-original-height=\"184\" itemprop=\"http:\/\/schema.org\/image\" title=\"Phylliroe lichtensteinii 28-04-2016 by Linda Ianello\" alt=\"Phylliroe lichtensteinii 28-04-2016 by Linda Ianello\" style=\"width: 276px; height: 184px;\" \/> <\/a> <div class=\"tiled-gallery-caption\" itemprop=\"caption description\"> Phylliroe lichtensteinii 28-04-2016 by Linda Ianello <\/div> <\/div> <div class=\"tiled-gallery-item tiled-gallery-item-large\" itemprop=\"associatedMedia\" itemscope itemtype=\"http:\/\/schema.org\/ImageObject\"> <a href=\"https:\/\/opistobranquis.info\/es\/guia\/nudibranchia\/cladobranchia\/dendronotoidea\/phylliroe-lichtensteinii\/phylliroe-lichtensteinii-by-judy-townsend\/\" border=\"0\" itemprop=\"url\"> <meta itemprop=\"width\" content=\"276\"> <meta itemprop=\"height\" content=\"221\"> <img decoding=\"async\" class=\"\" data-attachment-id=\"23317\" data-orig-file=\"https:\/\/opistobranquis.info\/wp-content\/uploads\/2016\/04\/Phylliroe-lichtensteinii-by-Judy-Townsend.jpg\" data-orig-size=\"898,720\" data-comments-opened=\"\" data-image-title=\"Phylliroe lichtensteinii by Judy Townsend\" data-image-description=\"&lt;p&gt;Phylliroe lichtensteinii by Judy Townsend&lt;\/p&gt; \" data-medium-file=\"https:\/\/i0.wp.com\/opistobranquis.info\/wp-content\/uploads\/2016\/04\/Phylliroe-lichtensteinii-by-Judy-Townsend.jpg?fit=300%2C241&#038;ssl=1\" data-large-file=\"https:\/\/i0.wp.com\/opistobranquis.info\/wp-content\/uploads\/2016\/04\/Phylliroe-lichtensteinii-by-Judy-Townsend.jpg?fit=898%2C720&#038;ssl=1\" src=\"https:\/\/i0.wp.com\/opistobranquis.info\/wp-content\/uploads\/2016\/04\/Phylliroe-lichtensteinii-by-Judy-Townsend.jpg?w=276&#038;h=221&#038;ssl=1\" srcset=\"https:\/\/i0.wp.com\/opistobranquis.info\/wp-content\/uploads\/2016\/04\/Phylliroe-lichtensteinii-by-Judy-Townsend.jpg?w=898&amp;ssl=1 898w, https:\/\/i0.wp.com\/opistobranquis.info\/wp-content\/uploads\/2016\/04\/Phylliroe-lichtensteinii-by-Judy-Townsend.jpg?resize=150%2C120&amp;ssl=1 150w, https:\/\/i0.wp.com\/opistobranquis.info\/wp-content\/uploads\/2016\/04\/Phylliroe-lichtensteinii-by-Judy-Townsend.jpg?resize=300%2C241&amp;ssl=1 300w\" width=\"276\" height=\"221\" loading=\"lazy\" data-original-width=\"276\" data-original-height=\"221\" itemprop=\"http:\/\/schema.org\/image\" title=\"Phylliroe lichtensteinii by Judy Townsend\" alt=\"Phylliroe lichtensteinii by Judy Townsend\" style=\"width: 276px; height: 221px;\" \/> <\/a> <div class=\"tiled-gallery-caption\" itemprop=\"caption description\"> Phylliroe lichtensteinii by Judy Townsend <\/div> <\/div> <\/div> <!-- close group --> <\/div> <!-- close row --> <div class=\"gallery-row\" style=\"width: 900px; height: 601px;\" data-original-width=\"900\" data-original-height=\"601\" > <div class=\"gallery-group images-1\" style=\"width: 900px; height: 601px;\" data-original-width=\"900\" data-original-height=\"601\" > <div class=\"tiled-gallery-item tiled-gallery-item-large\" itemprop=\"associatedMedia\" itemscope itemtype=\"http:\/\/schema.org\/ImageObject\"> <a href=\"https:\/\/opistobranquis.info\/es\/guia\/nudibranchia\/cladobranchia\/dendronotoidea\/phylliroe-lichtensteinii\/phylliroe-lichtensteinii-3-01-2016-by-linda-ianello-2-2\/\" border=\"0\" itemprop=\"url\"> <meta itemprop=\"width\" content=\"896\"> <meta itemprop=\"height\" content=\"597\"> <img decoding=\"async\" class=\"\" data-attachment-id=\"23318\" data-orig-file=\"https:\/\/opistobranquis.info\/wp-content\/uploads\/2016\/04\/Phylliroe-lichtensteinii-3-01-2016-by-Linda-Ianello-2-1.jpg\" data-orig-size=\"1400,933\" data-comments-opened=\"\" data-image-title=\"Phylliroe lichtensteinii 3-01-2017 by Linda Ianello\" data-image-description=\"&lt;p&gt;Phylliroe lichtensteinii 3-01-2017 by Linda Ianello&lt;\/p&gt; \" data-medium-file=\"https:\/\/i0.wp.com\/opistobranquis.info\/wp-content\/uploads\/2016\/04\/Phylliroe-lichtensteinii-3-01-2016-by-Linda-Ianello-2-1.jpg?fit=300%2C200&#038;ssl=1\" data-large-file=\"https:\/\/i0.wp.com\/opistobranquis.info\/wp-content\/uploads\/2016\/04\/Phylliroe-lichtensteinii-3-01-2016-by-Linda-Ianello-2-1.jpg?fit=900%2C599&#038;ssl=1\" src=\"https:\/\/i0.wp.com\/opistobranquis.info\/wp-content\/uploads\/2016\/04\/Phylliroe-lichtensteinii-3-01-2016-by-Linda-Ianello-2-1.jpg?w=896&#038;h=597&#038;ssl=1\" srcset=\"https:\/\/i0.wp.com\/opistobranquis.info\/wp-content\/uploads\/2016\/04\/Phylliroe-lichtensteinii-3-01-2016-by-Linda-Ianello-2-1.jpg?w=1400&amp;ssl=1 1400w, https:\/\/i0.wp.com\/opistobranquis.info\/wp-content\/uploads\/2016\/04\/Phylliroe-lichtensteinii-3-01-2016-by-Linda-Ianello-2-1.jpg?resize=150%2C100&amp;ssl=1 150w, https:\/\/i0.wp.com\/opistobranquis.info\/wp-content\/uploads\/2016\/04\/Phylliroe-lichtensteinii-3-01-2016-by-Linda-Ianello-2-1.jpg?resize=300%2C200&amp;ssl=1 300w, https:\/\/i0.wp.com\/opistobranquis.info\/wp-content\/uploads\/2016\/04\/Phylliroe-lichtensteinii-3-01-2016-by-Linda-Ianello-2-1.jpg?resize=1024%2C682&amp;ssl=1 1024w\" width=\"896\" height=\"597\" loading=\"lazy\" data-original-width=\"896\" data-original-height=\"597\" itemprop=\"http:\/\/schema.org\/image\" title=\"Phylliroe lichtensteinii 3-01-2017 by Linda Ianello\" alt=\"Phylliroe lichtensteinii 3-01-2017 by Linda Ianello\" style=\"width: 896px; height: 597px;\" \/> <\/a> <div class=\"tiled-gallery-caption\" itemprop=\"caption description\"> Phylliroe lichtensteinii 3-01-2017 <\/div> <\/div> <\/div> <!-- close group --> <\/div> <!-- close row --> <\/div><\/p>\n<p><strong>Bibliograf\u00eda<\/strong><\/p><ul><div id=\"zotpress-389985704171bf4bb9009bc88aa87984\" class=\"zp-Zotpress zp-Zotpress-Bib wp-block-group\">\n\n\t\t<span class=\"ZP_API_USER_ID ZP_ATTR\">1246567<\/span>\n\t\t<span class=\"ZP_ITEM_KEY ZP_ATTR\"><\/span>\n\t\t<span class=\"ZP_COLLECTION_ID ZP_ATTR\"><\/span>\n\t\t<span class=\"ZP_TAG_ID ZP_ATTR\">Phylliroe lichtensteinii<\/span>\n\t\t<span class=\"ZP_AUTHOR ZP_ATTR\"><\/span>\n\t\t<span class=\"ZP_YEAR ZP_ATTR\"><\/span>\n        <span class=\"ZP_ITEMTYPE ZP_ATTR\"><\/span>\n\t\t<span class=\"ZP_INCLUSIVE ZP_ATTR\">1<\/span>\n\t\t<span class=\"ZP_STYLE ZP_ATTR\">eunomia-revista-en-cultura-de-la-legalidad<\/span>\n\t\t<span class=\"ZP_LIMIT ZP_ATTR\">50<\/span>\n\t\t<span class=\"ZP_SORTBY ZP_ATTR\">creator<\/span>\n\t\t<span class=\"ZP_ORDER ZP_ATTR\">asc<\/span>\n\t\t<span class=\"ZP_TITLE ZP_ATTR\"><\/span>\n\t\t<span class=\"ZP_SHOWIMAGE ZP_ATTR\"><\/span>\n\t\t<span class=\"ZP_SHOWTAGS ZP_ATTR\"><\/span>\n\t\t<span class=\"ZP_DOWNLOADABLE ZP_ATTR\"><\/span>\n\t\t<span class=\"ZP_NOTES ZP_ATTR\"><\/span>\n\t\t<span class=\"ZP_ABSTRACT ZP_ATTR\"><\/span>\n\t\t<span class=\"ZP_CITEABLE ZP_ATTR\"><\/span>\n\t\t<span class=\"ZP_TARGET ZP_ATTR\">1<\/span>\n\t\t<span class=\"ZP_URLWRAP ZP_ATTR\"><\/span>\n\t\t<span class=\"ZP_FORCENUM ZP_ATTR\"><\/span>\n        <span class=\"ZP_HIGHLIGHT ZP_ATTR\"><\/span>\n        <span class=\"ZP_POSTID ZP_ATTR\">21645<\/span>\n\t\t<span class=\"ZOTPRESS_PLUGIN_URL ZP_ATTR\">https:\/\/opistobranquis.info\/wp-content\/plugins\/zotpress\/<\/span>\n\n\t\t<div class=\"zp-List loading\">\n\t\t\t<div class=\"zp-SEO-Content\">\n\n\t\t\t<\/div><!-- .zp-zp-SEO-Content -->\n\t\t<\/div><!-- .zp-List -->\n\t<\/div><!--.zp-Zotpress-->\n\n<p><\/p>Bibliograf\u00eda basada en los trabajos de <b>Steve Long, 2006<\/b>. <a target=_blank href=https:\/\/opistobranquis.info\/wp-content\/uploads\/2016\/06\/Long-S.-2006-Bibliography-of-Opisthobranchia-1554-2000.pdf>Bibliography of Opisthobranchia 1554-2000<\/a> y <b>Gary McDonald, 2009<\/b>. <a href=http:\/\/escholarship.org\/uc\/item\/8115h0wz>Bibliographia Nudibranchia<\/a>, con actualizaciones posteriores procedentes de otras fuentes.<p><\/p><\/ul><p><\/p><p><strong>M\u00e1s informaci\u00f3n<\/strong><\/p><span style=\"font-size:10pt\"><ul><ul class=\"blogroll-links\"><li><a href=\"http:\/\/www.biodiversitylibrary.org\/name\/Phylliroe%20lichtensteinii\">Biodiversity Heritage Library<\/a><\/li><li><a href=\"https:\/\/www.flickr.com\/search\/?text=Phylliroe%20lichtensteinii\">Flickr pictures<\/a><\/li><li><a href=\"http:\/\/www.irmng.org\/aphia.php?p=taxlist&#038;tName=Phylliroe%20lichtensteinii\">Interim Register of Marine and Nonmarine Genera<\/a><\/li><li><a href=\"http:\/\/www.ncbi.nlm.nih.gov\/Taxonomy\/Browser\/wwwtax.cgi?mode=Undef&#038;name=Phylliroe%20lichtensteinii&#038;lvl=0&#038;srchmode=1\">NCBI GenBank<\/a><\/li><li><a href=\"http:\/\/iobis.org\/mapper\/?taxon=Phylliroe%20lichtensteinii\">OBIS - Search by Taxon<\/a><\/li><li><a href=\"http:\/\/www.seaslugforum.net\/showall\/phyllich\">Sea Slug Forum<\/a><\/li><li><a href=\"http:\/\/seaslugs.free.fr\/nudibranche\/a_phylliroe_sp1.htm\">South-west Indian Ocean Seaslug site<\/a><\/li><li><a href=\"http:\/\/slugsite.tierranet.com\/wirtz98\/p_2_4.htm\">The Slug Site<\/a><\/li><li><a href=\"http:\/\/www.marinespecies.org\/aphia.php?p=taxdetails&#038;id=536862\">World Register of Marine Species<\/a><\/li><\/ul><\/ul><\/span><p><strong>Citar este art\u00edculo como: <\/strong><\/p><div style=\"display: block; background: #444444; padding: 10px 30px 10px 10px; border-radius: 5px; line-height: 18px;\"><p class=\"citacio\"><b>Pontes, Miquel, Manuel Ballesteros, Enric Madrenas<\/b> (2025) <em>\"Phylliroe lichtensteinii\"<\/em> en <em>OPK-Opistobranquis<\/em>. Publicado: 24\/04\/2016. Accedido: 03\/09\/2026. Disponible en (<a href=https:\/\/opistobranquis.info\/es\/?p=21645>https:\/\/opistobranquis.info\/es\/?p=21645<\/a>)<\/p><p><\/p><\/div><p><\/p><\/p>","protected":false},"excerpt":{"rendered":"<p>Phylliroe lichtensteinii\u00a0 Eschscholtz, 1825 Sin\u00f3nimos Phylliroe amboinensis Quoy &amp; Gaimard, 1832 Phylliroe atlantica Bergh, 1871 Phylliroe lichtensteini Eschscholtz, 1825 Phylliroe rubra Quoy &amp; Gaimard, 1832 Phylliroe pelagica H. Adams &amp; A. Adams, 1858 Phylliroe roseum D&#8217;Orbigny, 1836 Descripci\u00f3n Tiene el cuerpo aplanado lateralmente con una silueta parecida a la de un pez. De hasta 55 mm de longitud, sin papilas y la carne completamente transparente. La cola es corta, menos\u2026<\/p>\n<p class=\"continue-reading-button\"> <a class=\"continue-reading-link\" href=\"https:\/\/opistobranquis.info\/es\/guia\/nudibranchia\/cladobranchia\/dendronotoidea\/phylliroe-lichtensteinii\/\">Sigue leyendo<i class=\"crycon-right-dir\"><\/i><\/a><\/p>\n","protected":false},"author":423,"featured_media":23311,"parent":452,"menu_order":6975,"comment_status":"closed","ping_status":"closed","template":"","meta":{"footnotes":""},"class_list":["post-21645","page","type-page","status-publish","has-post-thumbnail","hentry"],"jetpack_sharing_enabled":true,"_links":{"self":[{"href":"https:\/\/opistobranquis.info\/es\/wp-json\/wp\/v2\/pages\/21645","targetHints":{"allow":["GET"]}}],"collection":[{"href":"https:\/\/opistobranquis.info\/es\/wp-json\/wp\/v2\/pages"}],"about":[{"href":"https:\/\/opistobranquis.info\/es\/wp-json\/wp\/v2\/types\/page"}],"author":[{"embeddable":true,"href":"https:\/\/opistobranquis.info\/es\/wp-json\/wp\/v2\/users\/423"}],"replies":[{"embeddable":true,"href":"https:\/\/opistobranquis.info\/es\/wp-json\/wp\/v2\/comments?post=21645"}],"version-history":[{"count":2,"href":"https:\/\/opistobranquis.info\/es\/wp-json\/wp\/v2\/pages\/21645\/revisions"}],"predecessor-version":[{"id":31433,"href":"https:\/\/opistobranquis.info\/es\/wp-json\/wp\/v2\/pages\/21645\/revisions\/31433"}],"up":[{"embeddable":true,"href":"https:\/\/opistobranquis.info\/es\/wp-json\/wp\/v2\/pages\/452"}],"wp:featuredmedia":[{"embeddable":true,"href":"https:\/\/opistobranquis.info\/es\/wp-json\/wp\/v2\/media\/23311"}],"wp:attachment":[{"href":"https:\/\/opistobranquis.info\/es\/wp-json\/wp\/v2\/media?parent=21645"}],"curies":[{"name":"wp","href":"https:\/\/api.w.org\/{rel}","templated":true}]}}