{"id":2167,"date":"2012-08-28T16:54:09","date_gmt":"2012-08-28T14:54:09","guid":{"rendered":"https:\/\/opistobranquis.info\/armina-tigrinaarmina-tigrinaarmina-tigrina"},"modified":"2021-08-06T10:12:46","modified_gmt":"2021-08-06T08:12:46","slug":"armina-tigrina","status":"publish","type":"page","link":"https:\/\/opistobranquis.info\/es\/guia\/nudibranchia\/cladobranchia\/arminoidea\/armina-tigrina\/","title":{"rendered":"Armina tigrina"},"content":{"rendered":"<p><\/p>\n<h3><em>Armina tigrina<\/em> (Rafinesque, 1814)<\/h3>\n<p><span style=\"font-size:10pt;\" class=\"aligncenter\"><div id=\"featured-img-id\"><img data-recalc-dims=\"1\" decoding=\"async\" src=\"https:\/\/i0.wp.com\/opistobranquis.info\/wp-content\/uploads\/2013\/10\/Armina_tigrina.jpg?w=900&#038;ssl=1\" alt=\"Armina tigrina by Jo\u00e3o Pedro Silva\" \/><\/div><center><em>Armina tigrina<\/em> por Jo\u00e3o Pedro Silva<\/center><\/span><p><\/p><div class=\"opk-worms\"><h3>Informaci\u00f3n taxon\u00f3mica WoRMS<\/h3><div class=\"opk-success\">Nombre aceptado actual: <strong><em>Armina tigrina<\/em> Rafinesque, 1814<\/strong><\/div><h4>Clasificaci\u00f3n actual<\/h4><table class=\"widefat striped\"><tr><th>Superdomain<\/th><td><a target=\"_blank\" href=\"https:\/\/www.marinespecies.org\/aphia.php?p=taxdetails&id=1\">Biota<\/a><\/td><\/tr><tr><th>Kingdom<\/th><td><a target=\"_blank\" href=\"https:\/\/www.marinespecies.org\/aphia.php?p=taxdetails&id=2\">Animalia<\/a><\/td><\/tr><tr><th>Phylum<\/th><td><a target=\"_blank\" href=\"https:\/\/www.marinespecies.org\/aphia.php?p=taxdetails&id=51\">Mollusca<\/a><\/td><\/tr><tr><th>Class<\/th><td><a target=\"_blank\" href=\"https:\/\/www.marinespecies.org\/aphia.php?p=taxdetails&id=101\">Gastropoda<\/a><\/td><\/tr><tr><th>Subclass<\/th><td><a target=\"_blank\" href=\"https:\/\/www.marinespecies.org\/aphia.php?p=taxdetails&id=14712\">Heterobranchia<\/a><\/td><\/tr><tr><th>Infraclass<\/th><td><a target=\"_blank\" href=\"https:\/\/www.marinespecies.org\/aphia.php?p=taxdetails&id=1057247\">Euthyneura<\/a><\/td><\/tr><tr><th>Subterclass<\/th><td><a target=\"_blank\" href=\"https:\/\/www.marinespecies.org\/aphia.php?p=taxdetails&id=1057249\">Ringipleura<\/a><\/td><\/tr><tr><th>Superorder<\/th><td><a target=\"_blank\" href=\"https:\/\/www.marinespecies.org\/aphia.php?p=taxdetails&id=411966\">Nudipleura<\/a><\/td><\/tr><tr><th>Order<\/th><td><a target=\"_blank\" href=\"https:\/\/www.marinespecies.org\/aphia.php?p=taxdetails&id=1762\">Nudibranchia<\/a><\/td><\/tr><tr><th>Suborder<\/th><td><a target=\"_blank\" href=\"https:\/\/www.marinespecies.org\/aphia.php?p=taxdetails&id=827889\">Cladobranchia<\/a><\/td><\/tr><tr><th>Superfamily<\/th><td><a target=\"_blank\" href=\"https:\/\/www.marinespecies.org\/aphia.php?p=taxdetails&id=1763\">Arminoidea<\/a><\/td><\/tr><tr><th>Family<\/th><td><a target=\"_blank\" href=\"https:\/\/www.marinespecies.org\/aphia.php?p=taxdetails&id=2087\">Arminidae<\/a><\/td><\/tr><tr><th>Genus<\/th><td><a target=\"_blank\" href=\"https:\/\/www.marinespecies.org\/aphia.php?p=taxdetails&id=137677\"><em>Armina<\/em><\/a><\/td><\/tr><tr><th>Species<\/th><td><a target=\"_blank\" href=\"https:\/\/www.marinespecies.org\/aphia.php?p=taxdetails&id=138807\"><em>Armina tigrina<\/em> Rafinesque, 1814<\/a><\/td><\/tr><\/table><p class=\"footer\">Clasificaci\u00f3n proporcionada por el World Register of Marine Species (WoRMS). [<a target=\"_blank\" href=\"https:\/\/www.marinespecies.org\/aphia.php?p=taxdetails&id=138807\">138807<\/a>]<\/p><\/div><strong>Sin\u00f3nimos<\/strong><\/p>\n<ul>\n<li><em>Diphyllidia lineata<\/em> Otto, 1820<\/li>\n<li><em>Pleurophyllidia cuvieri<\/em> Meckel, 1823 (synonym)<\/li>\n<li><em>Pleurophyllidia undulata<\/em> Meckel, 1816<\/li>\n<\/ul>\n<p><b>Descripci\u00f3n<\/b><br \/>\nSe trata de una especie grande de armin\u00e1ceo, que puede llegar a alcanzar m\u00e1s de 10 cm de longitud. Como otras especies del mismo g\u00e9nero el cuerpo es de contorno triangular y afilado por la cola. El dorso del animal es gris oscuro de fondo pero posee de 30 a 40 estr\u00edas longitudinales blanquecinas que corresponden a elevaciones del manto de trayecto algo irregular. El borde del manto suele ser de color blanco. La cabeza se protege por un escudo cef\u00e1lico de color rosado cuyo borde superior es negro y que se prolonga a ambos lados por dos estructuras a modo de palpos. Los rin\u00f3foros son peque\u00f1os, de color oscuro excepto el extremo superior que es blanco, y salen juntos de la base, poseyendo, como en las otras especies del g\u00e9nero, en su porci\u00f3n distal laminillas verticales. A lo largo de los m\u00e1rgenes del manto se pueden apreciar alineados numerosos orificios que posiblemente se deban a gl\u00e1ndulas que segregan sustancias defensivas. En la cara inferior del manto se encuentran las branquias, situadas en la zona anterior, y en forma de laminillas muy apretadas dispuestas en sentido longitudinal, finas y de color blanquecino; detr\u00e1s de ellas se encuentran las laminillas laterales, entre 45 y 55, son m\u00e1s gruesas, de color pardo y siguen una direcci\u00f3n algo oblicua respecto al eje longitudinal del cuerpo, llegando hasta casi la zona caudal del manto. El orificio genital se encuentra en el extremo de una papila muy protuberante en la pared lateral derecha del cuerpo, justo en la zona entre las laminillas branquiales y el comienzo de las l\u00e1minas laterales. La papila anal es menos aparente que la genital, encontr\u00e1ndose en la pared derecha del cuerpo, aproximadamente al inicio del tercio posterior. El pie es ancho y de color rosado aunque su zona dorsal es gris oscuro, teniendo el borde de color blanquecino, como el borde del manto. En la regi\u00f3n m\u00e1s posterior el pie se puede apreciar un surco alargado que corresponde a la gl\u00e1ndula pedia.<\/p>\n<p><b>Biolog\u00eda<\/b><br \/>\nMuy poco se sabe de la biolog\u00eda de <i>Armina tigrina<\/i>, que como otras especies del mismo g\u00e9nero vive en fondos arenosos o fangosos, a partir de unos 10 m de profundidad, donde puede enterrarse con ayuda del escudo cef\u00e1lico. Tiene actividad principalmente nocturna, estando durante las horas de luz enterrada en el sedimento. Posiblemente se alimente de pennatul\u00e1ceos (ver otra especie del Pac\u00edfico muy similar, <i>Armina californica<\/i>, fotografiada aliment\u00e1ndose de un pennatul\u00e1ceo <em>Ptilosarcus gurneyi, <\/em><a href=\"http:\/\/www.seaslugforum.net\/find\/14913\" target=\"_blank\" rel=\"noopener\">http:\/\/www.seaslugforum.net\/find\/14913<\/a>), y este video, nominado para los\u00a0<span style=\"color: #333333;\">Emmy, filmado en el Puget Sound cerca de Anacortes, WA, por Champ Williams<\/span>:<\/p>\n<p><iframe loading=\"lazy\" title=\"Pack of hungry sea slugs ravages sea pen colony\" width=\"900\" height=\"506\" src=\"https:\/\/www.youtube.com\/embed\/trdXKyZphPg?feature=oembed\" frameborder=\"0\" allow=\"accelerometer; autoplay; clipboard-write; encrypted-media; gyroscope; picture-in-picture\" allowfullscreen><\/iframe><\/p>\n<p>&nbsp;<\/p>\n<p><strong>Etimolog\u00eda<\/strong><\/p>\n<ul>\n<li><em>Armina<\/em>. Nombre propio femenino germ\u00e1nico que significa \u201csoldado\u201d o \u201cguerrera\u201d.<\/li>\n<li><em>Tigrina<\/em>, relativo a tigre.<\/li>\n<\/ul>\n<p><strong>Distribuci\u00f3n<\/strong><br \/>\nEsta especie vive principalmente en el Mediterr\u00e1neo occidental, donde ha sido citada en las costas de Sicilia, Golfo de N\u00e1poles y Portofino (Italia), costas mediterr\u00e1neas de Francia (Banyuls, Cros de Cagnes), la costa del Sol espa\u00f1ola, las costas levantinas ib\u00e9ricas y Catalunya. Fuera del Mediterr\u00e1neo ha sido citada en Portugal y en la costa de Senegal. En las costas catalanas parece ser una especie relativamente frecuente en ciertos caladeros de arrastre de pesca comercial como La Planassa y Les Quaranta situados frente a Blanes (70-140 m de profundidad) y frente a la costa del Delta del Ebro (entre 10-20 m de profundidad). <div id=\"flxmap-6a9a1b59c12a0\" class='flxmap-container' data-flxmap='flxmap_6a9a1b59c12a0' style=\"width:100%;height:400px;\"><\/div>\n<script data-noptimize=\"1\">\n\/* <![CDATA[ *\/\n(function(w, fn) {\n if (w.addEventListener) w.addEventListener(\"DOMContentLoaded\", fn, false);\n else if (w.attachEvent) w.attachEvent(\"onload\", fn);\n})(window, function() {\n var f = new FlexibleMap();\n f.panControl = true;\n f.mapTypeId = \"satellite\";\n f.setlocale(\"es-ES\");\n f.kmlcache = \"5 minutes\";\n f.showKML(\"flxmap-6a9a1b59c12a0\", \"https:\/\/opistobranquis.info\/wp-content\/uploads\/kms\/2167.kmz\");\n window.flxmap_6a9a1b59c12a0 = f;\n});\n\/* ]]> *\/\n<\/script>\n<div style=\"width:100%;text-align:center;margin:12px 0 4px 0;\">\n  <div style=\"font-size:8pt;margin-bottom:6px;\">Citas georeferenciadas conocidas de la especie: <em>Armina tigrina<\/em><\/div>\n  <table style=\"margin:0 auto;border-collapse:collapse;font-size:8pt;\">\n    <tr><td colspan=\"2\" style=\"text-align:left;padding-bottom:4px;\"><strong>Fonts:<\/strong><\/td><\/tr>\n    <tr>\n      <td style=\"vertical-align:top;padding-right:40px;\">\n        <table style=\"border-collapse:collapse;\">\n<tr><td style='padding:1px 6px 1px 0;vertical-align:middle'><img data-recalc-dims=\"1\" src=\"https:\/\/i0.wp.com\/opistobranquis.info\/wp-content\/uploads\/kms\/wht-circle-lv.png?w=900&#038;ssl=1\" style='display:block'><\/td><td style='padding:1px 0;vertical-align:middle;white-space:nowrap'>OBIS<\/td><\/tr><tr><td style='padding:1px 6px 1px 0;vertical-align:middle'><img data-recalc-dims=\"1\" src=\"https:\/\/i0.wp.com\/opistobranquis.info\/wp-content\/uploads\/kms\/ylw-circle-lv.png?w=900&#038;ssl=1\" style='display:block'><\/td><td style='padding:1px 0;vertical-align:middle;white-space:nowrap'>GROC 2010-2011<\/td><\/tr><tr><td style='padding:1px 6px 1px 0;vertical-align:middle'><img data-recalc-dims=\"1\" src=\"https:\/\/i0.wp.com\/opistobranquis.info\/wp-content\/uploads\/kms\/grn-circle-lv.png?w=900&#038;ssl=1\" style='display:block'><\/td><td style='padding:1px 0;vertical-align:middle;white-space:nowrap'>Enric Madrenas<\/td><\/tr><tr><td style='padding:1px 6px 1px 0;vertical-align:middle'><img data-recalc-dims=\"1\" src=\"https:\/\/i0.wp.com\/opistobranquis.info\/wp-content\/uploads\/kms\/orange-circle-lv.png?w=900&#038;ssl=1\" style='display:block'><\/td><td style='padding:1px 0;vertical-align:middle;white-space:nowrap'>Jo\u00e3o Pedro Silva<\/td><\/tr><tr><td style='padding:1px 6px 1px 0;vertical-align:middle'><img data-recalc-dims=\"1\" src=\"https:\/\/i0.wp.com\/opistobranquis.info\/wp-content\/uploads\/kms\/pink-circle-lv.png?w=900&#038;ssl=1\" style='display:block'><\/td><td style='padding:1px 0;vertical-align:middle;white-space:nowrap'>Bernard Picton<\/td><\/tr><tr><td style='padding:1px 6px 1px 0;vertical-align:middle'><img data-recalc-dims=\"1\" src=\"https:\/\/i0.wp.com\/opistobranquis.info\/wp-content\/uploads\/kms\/blk-circle-lv.png?w=900&#038;ssl=1\" style='display:block'><\/td><td style='padding:1px 0;vertical-align:middle;white-space:nowrap'>GBIF<\/td><\/tr>        <\/table>\n      <\/td>\n      <td style=\"vertical-align:top;\">\n        <table style=\"border-collapse:collapse;\">\n<tr><td style='padding:1px 6px 1px 0;vertical-align:middle'><img data-recalc-dims=\"1\" src=\"https:\/\/i0.wp.com\/opistobranquis.info\/wp-content\/uploads\/kms\/purple-circle-lv.png?w=900&#038;ssl=1\" style='display:block'><\/td><td style='padding:1px 0;vertical-align:middle;white-space:nowrap'>OPK<\/td><\/tr><tr><td style='padding:1px 6px 1px 0;vertical-align:middle'><img data-recalc-dims=\"1\" src=\"https:\/\/i0.wp.com\/opistobranquis.info\/wp-content\/uploads\/kms\/red-circle-lv.png?w=900&#038;ssl=1\" style='display:block'><\/td><td style='padding:1px 0;vertical-align:middle;white-space:nowrap'>VIMAR<\/td><\/tr><tr><td style='padding:1px 6px 1px 0;vertical-align:middle'><img data-recalc-dims=\"1\" src=\"https:\/\/i0.wp.com\/opistobranquis.info\/wp-content\/uploads\/kms\/blu-circle-lv.png?w=900&#038;ssl=1\" style='display:block'><\/td><td style='padding:1px 0;vertical-align:middle;white-space:nowrap'>Manuel Ballesteros<\/td><\/tr><tr><td style='padding:1px 6px 1px 0;vertical-align:middle'><img data-recalc-dims=\"1\" src=\"https:\/\/i0.wp.com\/opistobranquis.info\/wp-content\/uploads\/kms\/cyan-circle-lv.png?w=900&#038;ssl=1\" style='display:block'><\/td><td style='padding:1px 0;vertical-align:middle;white-space:nowrap'>M@re Nostrum<\/td><\/tr><tr><td style='padding:1px 6px 1px 0;vertical-align:middle'><img data-recalc-dims=\"1\" src=\"https:\/\/i0.wp.com\/opistobranquis.info\/wp-content\/uploads\/kms\/grey-circle-lv.png?w=900&#038;ssl=1\" style='display:block'><\/td><td style='padding:1px 0;vertical-align:middle;white-space:nowrap'>Altres fonts<\/td><\/tr><tr><td style='padding:1px 6px 1px 0;vertical-align:middle'><img data-recalc-dims=\"1\" src=\"https:\/\/i0.wp.com\/opistobranquis.info\/wp-content\/uploads\/kms\/marreg.png?w=900&#038;ssl=1\" style='display:block'><\/td><td style='padding:1px 0;vertical-align:middle;white-space:nowrap'>Marine Regions<\/td><\/tr>        <\/table>\n      <\/td>\n    <\/tr>\n  <\/table>\n<\/div>\n<\/p>\n<p><strong>Error:<\/strong> Chart.js no est\u00e1 disponible.<\/p>\n<p><strong>V\u00eddeos<\/strong><\/p>\n<p><iframe loading=\"lazy\" title=\"Armina tigrina - Armine tigre\u0301e\" width=\"900\" height=\"506\" src=\"https:\/\/www.youtube.com\/embed\/5PV8ck_uiM4?feature=oembed\" frameborder=\"0\" allow=\"accelerometer; autoplay; clipboard-write; encrypted-media; gyroscope; picture-in-picture\" allowfullscreen><\/iframe><\/p>\n<p>&nbsp;<\/p>\n<p><strong>Otras fotos<\/strong><br \/>\n<div class=\"tiled-gallery type-rectangular tiled-gallery-unresized\" data-original-width=\"900\" data-carousel-extra='{&quot;blog_id&quot;:1,&quot;permalink&quot;:&quot;https:\\\/\\\/opistobranquis.info\\\/es\\\/guia\\\/nudibranchia\\\/cladobranchia\\\/arminoidea\\\/armina-tigrina\\\/&quot;,&quot;likes_blog_id&quot;:44192421}' itemscope itemtype=\"http:\/\/schema.org\/ImageGallery\" > <div class=\"gallery-row\" style=\"width: 900px; height: 391px;\" data-original-width=\"900\" data-original-height=\"391\" > <div class=\"gallery-group images-2\" style=\"width: 314px; height: 391px;\" data-original-width=\"314\" data-original-height=\"391\" > <div class=\"tiled-gallery-item tiled-gallery-item-large\" itemprop=\"associatedMedia\" itemscope itemtype=\"http:\/\/schema.org\/ImageObject\"> <a href=\"https:\/\/opistobranquis.info\/es\/guia\/nudibranchia\/cladobranchia\/arminoidea\/armina-tigrina\/armina-tigrina001\/\" border=\"0\" itemprop=\"url\"> <meta itemprop=\"width\" content=\"310\"> <meta itemprop=\"height\" content=\"192\"> <img decoding=\"async\" class=\"\" data-attachment-id=\"4126\" data-orig-file=\"https:\/\/opistobranquis.info\/wp-content\/uploads\/2012\/12\/armina-tigrina001.jpg\" data-orig-size=\"808,499\" data-comments-opened=\"\" data-image-title=\"Armina tigrina by Manuel Ballesteros\" data-image-description=\"&lt;p&gt;Armina tigrina by Manuel Ballesteros&lt;\/p&gt; \" data-medium-file=\"https:\/\/i0.wp.com\/opistobranquis.info\/wp-content\/uploads\/2012\/12\/armina-tigrina001.jpg?fit=300%2C185&#038;ssl=1\" data-large-file=\"https:\/\/i0.wp.com\/opistobranquis.info\/wp-content\/uploads\/2012\/12\/armina-tigrina001.jpg?fit=808%2C499&#038;ssl=1\" src=\"https:\/\/i0.wp.com\/opistobranquis.info\/wp-content\/uploads\/2012\/12\/armina-tigrina001.jpg?w=310&#038;h=192&#038;ssl=1\" srcset=\"https:\/\/i0.wp.com\/opistobranquis.info\/wp-content\/uploads\/2012\/12\/armina-tigrina001.jpg?w=808&amp;ssl=1 808w, https:\/\/i0.wp.com\/opistobranquis.info\/wp-content\/uploads\/2012\/12\/armina-tigrina001.jpg?resize=300%2C185&amp;ssl=1 300w\" width=\"310\" height=\"192\" loading=\"lazy\" data-original-width=\"310\" data-original-height=\"192\" itemprop=\"http:\/\/schema.org\/image\" title=\"Armina tigrina by Manuel Ballesteros\" alt=\"Armina tigrina by Manuel Ballesteros\" style=\"width: 310px; height: 192px;\" \/> <\/a> <div class=\"tiled-gallery-caption\" itemprop=\"caption description\"> Armina tigrina by Manuel Ballesteros <\/div> <\/div> <div class=\"tiled-gallery-item tiled-gallery-item-large\" itemprop=\"associatedMedia\" itemscope itemtype=\"http:\/\/schema.org\/ImageObject\"> <a href=\"https:\/\/opistobranquis.info\/es\/guia\/nudibranchia\/cladobranchia\/arminoidea\/armina-tigrina\/armina-tigrina002\/\" border=\"0\" itemprop=\"url\"> <meta itemprop=\"width\" content=\"310\"> <meta itemprop=\"height\" content=\"191\"> <img decoding=\"async\" class=\"\" data-attachment-id=\"4127\" data-orig-file=\"https:\/\/opistobranquis.info\/wp-content\/uploads\/2012\/12\/armina-tigrina002.jpg\" data-orig-size=\"808,499\" data-comments-opened=\"\" data-image-title=\"Armina tigrina by Manuel Ballesteros\" data-image-description=\"&lt;p&gt;Armina tigrina by Manuel Ballesteros&lt;\/p&gt; \" data-medium-file=\"https:\/\/i0.wp.com\/opistobranquis.info\/wp-content\/uploads\/2012\/12\/armina-tigrina002.jpg?fit=300%2C185&#038;ssl=1\" data-large-file=\"https:\/\/i0.wp.com\/opistobranquis.info\/wp-content\/uploads\/2012\/12\/armina-tigrina002.jpg?fit=808%2C499&#038;ssl=1\" src=\"https:\/\/i0.wp.com\/opistobranquis.info\/wp-content\/uploads\/2012\/12\/armina-tigrina002.jpg?w=310&#038;h=191&#038;ssl=1\" srcset=\"https:\/\/i0.wp.com\/opistobranquis.info\/wp-content\/uploads\/2012\/12\/armina-tigrina002.jpg?w=808&amp;ssl=1 808w, https:\/\/i0.wp.com\/opistobranquis.info\/wp-content\/uploads\/2012\/12\/armina-tigrina002.jpg?resize=300%2C185&amp;ssl=1 300w\" width=\"310\" height=\"191\" loading=\"lazy\" data-original-width=\"310\" data-original-height=\"191\" itemprop=\"http:\/\/schema.org\/image\" title=\"Armina tigrina by Manuel Ballesteros\" alt=\"Armina tigrina by Manuel Ballesteros\" style=\"width: 310px; height: 191px;\" \/> <\/a> <div class=\"tiled-gallery-caption\" itemprop=\"caption description\"> Armina tigrina by Manuel Ballesteros <\/div> <\/div> <\/div> <!-- close group --> <div class=\"gallery-group images-1\" style=\"width: 586px; height: 391px;\" data-original-width=\"586\" data-original-height=\"391\" > <div class=\"tiled-gallery-item tiled-gallery-item-large\" itemprop=\"associatedMedia\" itemscope itemtype=\"http:\/\/schema.org\/ImageObject\"> <a href=\"https:\/\/opistobranquis.info\/es\/guia\/nudibranchia\/cladobranchia\/arminoidea\/armina-tigrina\/armina_tigrina2\/\" border=\"0\" itemprop=\"url\"> <meta itemprop=\"width\" content=\"582\"> <meta itemprop=\"height\" content=\"387\"> <img decoding=\"async\" class=\"\" data-attachment-id=\"10646\" data-orig-file=\"https:\/\/opistobranquis.info\/wp-content\/uploads\/2013\/10\/Armina_tigrina2.jpg\" data-orig-size=\"800,533\" data-comments-opened=\"\" data-image-title=\"Armina tigrina by Jo\u00e3o Pedro Silva\" data-image-description=\"&lt;p&gt;Armina tigrina by Jo\u00e3o Pedro Silva&lt;\/p&gt; \" data-medium-file=\"https:\/\/i0.wp.com\/opistobranquis.info\/wp-content\/uploads\/2013\/10\/Armina_tigrina2.jpg?fit=300%2C199&#038;ssl=1\" data-large-file=\"https:\/\/i0.wp.com\/opistobranquis.info\/wp-content\/uploads\/2013\/10\/Armina_tigrina2.jpg?fit=800%2C533&#038;ssl=1\" src=\"https:\/\/i0.wp.com\/opistobranquis.info\/wp-content\/uploads\/2013\/10\/Armina_tigrina2.jpg?w=582&#038;h=387&#038;ssl=1\" srcset=\"https:\/\/i0.wp.com\/opistobranquis.info\/wp-content\/uploads\/2013\/10\/Armina_tigrina2.jpg?w=800&amp;ssl=1 800w, https:\/\/i0.wp.com\/opistobranquis.info\/wp-content\/uploads\/2013\/10\/Armina_tigrina2.jpg?resize=150%2C99&amp;ssl=1 150w, https:\/\/i0.wp.com\/opistobranquis.info\/wp-content\/uploads\/2013\/10\/Armina_tigrina2.jpg?resize=300%2C199&amp;ssl=1 300w\" width=\"582\" height=\"387\" loading=\"lazy\" data-original-width=\"582\" data-original-height=\"387\" itemprop=\"http:\/\/schema.org\/image\" title=\"Armina tigrina by Jo\u00e3o Pedro Silva\" alt=\"Armina tigrina by Jo\u00e3o Pedro Silva\" style=\"width: 582px; height: 387px;\" \/> <\/a> <div class=\"tiled-gallery-caption\" itemprop=\"caption description\"> Armina tigrina by Jo\u00e3o Pedro Silva <\/div> <\/div> <\/div> <!-- close group --> <\/div> <!-- close row --> <div class=\"gallery-row\" style=\"width: 900px; height: 403px;\" data-original-width=\"900\" data-original-height=\"403\" > <div class=\"gallery-group images-1\" style=\"width: 603px; height: 403px;\" data-original-width=\"603\" data-original-height=\"403\" > <div class=\"tiled-gallery-item tiled-gallery-item-large\" itemprop=\"associatedMedia\" itemscope itemtype=\"http:\/\/schema.org\/ImageObject\"> <a href=\"https:\/\/opistobranquis.info\/es\/guia\/nudibranchia\/cladobranchia\/arminoidea\/armina-tigrina\/img_1644-s-m-b-debonis-19mag10-armina-tigrina-by-cataldo-licchelli\/\" border=\"0\" itemprop=\"url\"> <meta itemprop=\"width\" content=\"599\"> <meta itemprop=\"height\" content=\"399\"> <img decoding=\"async\" class=\"\" data-attachment-id=\"16490\" data-orig-file=\"https:\/\/opistobranquis.info\/wp-content\/uploads\/2014\/10\/IMG_1644-S.M.B.-DeBonis-19Mag10-Armina-tigrina-by-Cataldo-Licchelli.jpg\" data-orig-size=\"800,533\" data-comments-opened=\"\" data-image-title=\"Armina tigrina by Cataldo Licchelli\" data-image-description=\"&lt;p&gt;Armina tigrina Observed at S. Maria al Bagno, Lecce, Puglia, Italia (19\/05\/2010) by Cataldo Licchelli&lt;\/p&gt; \" data-medium-file=\"https:\/\/i0.wp.com\/opistobranquis.info\/wp-content\/uploads\/2014\/10\/IMG_1644-S.M.B.-DeBonis-19Mag10-Armina-tigrina-by-Cataldo-Licchelli.jpg?fit=300%2C199&#038;ssl=1\" data-large-file=\"https:\/\/i0.wp.com\/opistobranquis.info\/wp-content\/uploads\/2014\/10\/IMG_1644-S.M.B.-DeBonis-19Mag10-Armina-tigrina-by-Cataldo-Licchelli.jpg?fit=800%2C533&#038;ssl=1\" src=\"https:\/\/i0.wp.com\/opistobranquis.info\/wp-content\/uploads\/2014\/10\/IMG_1644-S.M.B.-DeBonis-19Mag10-Armina-tigrina-by-Cataldo-Licchelli.jpg?w=599&#038;h=399&#038;ssl=1\" srcset=\"https:\/\/i0.wp.com\/opistobranquis.info\/wp-content\/uploads\/2014\/10\/IMG_1644-S.M.B.-DeBonis-19Mag10-Armina-tigrina-by-Cataldo-Licchelli.jpg?w=800&amp;ssl=1 800w, https:\/\/i0.wp.com\/opistobranquis.info\/wp-content\/uploads\/2014\/10\/IMG_1644-S.M.B.-DeBonis-19Mag10-Armina-tigrina-by-Cataldo-Licchelli.jpg?resize=150%2C99&amp;ssl=1 150w, https:\/\/i0.wp.com\/opistobranquis.info\/wp-content\/uploads\/2014\/10\/IMG_1644-S.M.B.-DeBonis-19Mag10-Armina-tigrina-by-Cataldo-Licchelli.jpg?resize=300%2C199&amp;ssl=1 300w\" width=\"599\" height=\"399\" loading=\"lazy\" data-original-width=\"599\" data-original-height=\"399\" itemprop=\"http:\/\/schema.org\/image\" title=\"Armina tigrina by Cataldo Licchelli\" alt=\"Armina tigrina by Cataldo Licchelli\" style=\"width: 599px; height: 399px;\" \/> <\/a> <div class=\"tiled-gallery-caption\" itemprop=\"caption description\"> Armina tigrina Observed at S. Maria al Bagno, Lecce, Puglia, Italia (19\/05\/2010) by Cataldo Licchelli <\/div> <\/div> <\/div> <!-- close group --> <div class=\"gallery-group images-2\" style=\"width: 297px; height: 403px;\" data-original-width=\"297\" data-original-height=\"403\" > <div class=\"tiled-gallery-item tiled-gallery-item-large\" itemprop=\"associatedMedia\" itemscope itemtype=\"http:\/\/schema.org\/ImageObject\"> <a href=\"https:\/\/opistobranquis.info\/es\/guia\/nudibranchia\/cladobranchia\/arminoidea\/armina-tigrina\/img_1646_s-m-b-debonis-19mag10-armina-tigrina-by-cataldo-licchelli\/\" border=\"0\" itemprop=\"url\"> <meta itemprop=\"width\" content=\"293\"> <meta itemprop=\"height\" content=\"195\"> <img decoding=\"async\" class=\"\" data-attachment-id=\"16491\" data-orig-file=\"https:\/\/opistobranquis.info\/wp-content\/uploads\/2014\/10\/IMG_1646_S.M.B.-DeBonis-19Mag10-Armina-tigrina-by-Cataldo-Licchelli.jpg\" data-orig-size=\"800,533\" data-comments-opened=\"\" data-image-title=\"Armina tigrina by Cataldo Licchelli\" data-image-description=\"&lt;p&gt;Armina tigrina Observed at S. Maria al Bagno, Lecce, Puglia, Italia (19\/05\/2010) by Cataldo Licchelli&lt;\/p&gt; \" data-medium-file=\"https:\/\/i0.wp.com\/opistobranquis.info\/wp-content\/uploads\/2014\/10\/IMG_1646_S.M.B.-DeBonis-19Mag10-Armina-tigrina-by-Cataldo-Licchelli.jpg?fit=300%2C199&#038;ssl=1\" data-large-file=\"https:\/\/i0.wp.com\/opistobranquis.info\/wp-content\/uploads\/2014\/10\/IMG_1646_S.M.B.-DeBonis-19Mag10-Armina-tigrina-by-Cataldo-Licchelli.jpg?fit=800%2C533&#038;ssl=1\" src=\"https:\/\/i0.wp.com\/opistobranquis.info\/wp-content\/uploads\/2014\/10\/IMG_1646_S.M.B.-DeBonis-19Mag10-Armina-tigrina-by-Cataldo-Licchelli.jpg?w=293&#038;h=195&#038;ssl=1\" srcset=\"https:\/\/i0.wp.com\/opistobranquis.info\/wp-content\/uploads\/2014\/10\/IMG_1646_S.M.B.-DeBonis-19Mag10-Armina-tigrina-by-Cataldo-Licchelli.jpg?w=800&amp;ssl=1 800w, https:\/\/i0.wp.com\/opistobranquis.info\/wp-content\/uploads\/2014\/10\/IMG_1646_S.M.B.-DeBonis-19Mag10-Armina-tigrina-by-Cataldo-Licchelli.jpg?resize=150%2C99&amp;ssl=1 150w, https:\/\/i0.wp.com\/opistobranquis.info\/wp-content\/uploads\/2014\/10\/IMG_1646_S.M.B.-DeBonis-19Mag10-Armina-tigrina-by-Cataldo-Licchelli.jpg?resize=300%2C199&amp;ssl=1 300w\" width=\"293\" height=\"195\" loading=\"lazy\" data-original-width=\"293\" data-original-height=\"195\" itemprop=\"http:\/\/schema.org\/image\" title=\"Armina tigrina by Cataldo Licchelli\" alt=\"Armina tigrina by Cataldo Licchelli\" style=\"width: 293px; height: 195px;\" \/> <\/a> <div class=\"tiled-gallery-caption\" itemprop=\"caption description\"> Armina tigrina Observed at S. Maria al Bagno, Lecce, Puglia, Italia (19\/05\/2010) by Cataldo Licchelli <\/div> <\/div> <div class=\"tiled-gallery-item tiled-gallery-item-large\" itemprop=\"associatedMedia\" itemscope itemtype=\"http:\/\/schema.org\/ImageObject\"> <a href=\"https:\/\/opistobranquis.info\/es\/guia\/nudibranchia\/cladobranchia\/arminoidea\/armina-tigrina\/armina-tigrina-by-sergio-lopez-gonzalez\/\" border=\"0\" itemprop=\"url\"> <meta itemprop=\"width\" content=\"293\"> <meta itemprop=\"height\" content=\"200\"> <img decoding=\"async\" class=\"\" data-attachment-id=\"16839\" data-orig-file=\"https:\/\/opistobranquis.info\/wp-content\/uploads\/2014\/11\/Armina-tigrina-by-Sergio-L\u00f3pez-Gonz\u00e1lez.jpg\" data-orig-size=\"800,544\" data-comments-opened=\"\" data-image-title=\"Armina tigrina by Sergio L\u00f3pez Gonz\u00e1lez\" data-image-description=\"&lt;p&gt;Armina tigrina by Sergio L\u00f3pez Gonz\u00e1lez&lt;\/p&gt; \" data-medium-file=\"https:\/\/i0.wp.com\/opistobranquis.info\/wp-content\/uploads\/2014\/11\/Armina-tigrina-by-Sergio-L%C3%B3pez-Gonz%C3%A1lez.jpg?fit=300%2C204&#038;ssl=1\" data-large-file=\"https:\/\/i0.wp.com\/opistobranquis.info\/wp-content\/uploads\/2014\/11\/Armina-tigrina-by-Sergio-L%C3%B3pez-Gonz%C3%A1lez.jpg?fit=800%2C544&#038;ssl=1\" src=\"https:\/\/i0.wp.com\/opistobranquis.info\/wp-content\/uploads\/2014\/11\/Armina-tigrina-by-Sergio-L%C3%B3pez-Gonz%C3%A1lez.jpg?w=293&#038;h=200&#038;ssl=1\" width=\"293\" height=\"200\" loading=\"lazy\" data-original-width=\"293\" data-original-height=\"200\" itemprop=\"http:\/\/schema.org\/image\" title=\"Armina tigrina by Sergio L\u00f3pez Gonz\u00e1lez\" alt=\"Armina tigrina by Sergio L\u00f3pez Gonz\u00e1lez\" style=\"width: 293px; height: 200px;\" \/> <\/a> <div class=\"tiled-gallery-caption\" itemprop=\"caption description\"> Armina tigrina by Sergio L\u00f3pez Gonz\u00e1lez <\/div> <\/div> <\/div> <!-- close group --> <\/div> <!-- close row --> <div class=\"gallery-row\" style=\"width: 900px; height: 301px;\" data-original-width=\"900\" data-original-height=\"301\" > <div class=\"gallery-group images-1\" style=\"width: 450px; height: 301px;\" data-original-width=\"450\" data-original-height=\"301\" > <div class=\"tiled-gallery-item tiled-gallery-item-large\" itemprop=\"associatedMedia\" itemscope itemtype=\"http:\/\/schema.org\/ImageObject\"> <a href=\"https:\/\/opistobranquis.info\/es\/guia\/nudibranchia\/cladobranchia\/arminoidea\/armina-tigrina\/armina-tigrina-france-by-pascal-girard\/\" border=\"0\" itemprop=\"url\"> <meta itemprop=\"width\" content=\"446\"> <meta itemprop=\"height\" content=\"297\"> <img decoding=\"async\" class=\"\" data-attachment-id=\"32698\" data-orig-file=\"https:\/\/opistobranquis.info\/wp-content\/uploads\/2021\/08\/Armina-tigrina-@-France-by-Pascal-Girard.jpg\" data-orig-size=\"1078,718\" data-comments-opened=\"\" data-image-title=\"Armina tigrina @ France by Pascal Girard\" data-image-description=\"&lt;p&gt;Armina tigrina @ France by Pascal Girard&lt;\/p&gt; \" data-medium-file=\"https:\/\/i0.wp.com\/opistobranquis.info\/wp-content\/uploads\/2021\/08\/Armina-tigrina-%40-France-by-Pascal-Girard.jpg?fit=300%2C200&#038;ssl=1\" data-large-file=\"https:\/\/i0.wp.com\/opistobranquis.info\/wp-content\/uploads\/2021\/08\/Armina-tigrina-%40-France-by-Pascal-Girard.jpg?fit=900%2C599&#038;ssl=1\" src=\"https:\/\/i0.wp.com\/opistobranquis.info\/wp-content\/uploads\/2021\/08\/Armina-tigrina-%40-France-by-Pascal-Girard.jpg?w=446&#038;h=297&#038;ssl=1\" width=\"446\" height=\"297\" loading=\"lazy\" data-original-width=\"446\" data-original-height=\"297\" itemprop=\"http:\/\/schema.org\/image\" title=\"Armina tigrina @ France by Pascal Girard\" alt=\"Armina tigrina @ France by Pascal Girard\" style=\"width: 446px; height: 297px;\" \/> <\/a> <div class=\"tiled-gallery-caption\" itemprop=\"caption description\"> Armina tigrina @ France by Pascal Girard <\/div> <\/div> <\/div> <!-- close group --> <div class=\"gallery-group images-1\" style=\"width: 450px; height: 301px;\" data-original-width=\"450\" data-original-height=\"301\" > <div class=\"tiled-gallery-item tiled-gallery-item-large\" itemprop=\"associatedMedia\" itemscope itemtype=\"http:\/\/schema.org\/ImageObject\"> <a href=\"https:\/\/opistobranquis.info\/es\/guia\/nudibranchia\/cladobranchia\/arminoidea\/armina-tigrina\/armina-tigrina-france-by-pascal-girard-2\/\" border=\"0\" itemprop=\"url\"> <meta itemprop=\"width\" content=\"446\"> <meta itemprop=\"height\" content=\"297\"> <img decoding=\"async\" class=\"\" data-attachment-id=\"36055\" data-orig-file=\"https:\/\/opistobranquis.info\/wp-content\/uploads\/2022\/12\/Armina-tigrina-@-France-by-Pascal-Girard.jpg\" data-orig-size=\"1280,853\" data-comments-opened=\"\" data-image-title=\"Armina tigrina @ France by Pascal Girard\" data-image-description=\"&lt;p&gt;Armina tigrina @ France by Pascal Girard&lt;\/p&gt; \" data-medium-file=\"https:\/\/i0.wp.com\/opistobranquis.info\/wp-content\/uploads\/2022\/12\/Armina-tigrina-%40-France-by-Pascal-Girard.jpg?fit=300%2C200&#038;ssl=1\" data-large-file=\"https:\/\/i0.wp.com\/opistobranquis.info\/wp-content\/uploads\/2022\/12\/Armina-tigrina-%40-France-by-Pascal-Girard.jpg?fit=900%2C599&#038;ssl=1\" src=\"https:\/\/i0.wp.com\/opistobranquis.info\/wp-content\/uploads\/2022\/12\/Armina-tigrina-%40-France-by-Pascal-Girard.jpg?w=446&#038;h=297&#038;ssl=1\" width=\"446\" height=\"297\" loading=\"lazy\" data-original-width=\"446\" data-original-height=\"297\" itemprop=\"http:\/\/schema.org\/image\" title=\"Armina tigrina @ France by Pascal Girard\" alt=\"Armina tigrina @ France by Pascal Girard\" style=\"width: 446px; height: 297px;\" \/> <\/a> <div class=\"tiled-gallery-caption\" itemprop=\"caption description\"> Armina tigrina @ France by Pascal Girard <\/div> <\/div> <\/div> <!-- close group --> <\/div> <!-- close row --> <\/div><\/p>\n<p><strong>Bibliograf\u00eda<\/strong><\/p><ul><div id=\"zotpress-ec212358f5a9ad3b1f5fa6004cf421a8\" class=\"zp-Zotpress zp-Zotpress-Bib wp-block-group\">\n\n\t\t<span class=\"ZP_API_USER_ID ZP_ATTR\">1246567<\/span>\n\t\t<span class=\"ZP_ITEM_KEY ZP_ATTR\"><\/span>\n\t\t<span class=\"ZP_COLLECTION_ID ZP_ATTR\"><\/span>\n\t\t<span class=\"ZP_TAG_ID ZP_ATTR\">Armina tigrina<\/span>\n\t\t<span class=\"ZP_AUTHOR ZP_ATTR\"><\/span>\n\t\t<span class=\"ZP_YEAR ZP_ATTR\"><\/span>\n        <span class=\"ZP_ITEMTYPE ZP_ATTR\"><\/span>\n\t\t<span class=\"ZP_INCLUSIVE ZP_ATTR\">1<\/span>\n\t\t<span class=\"ZP_STYLE ZP_ATTR\">eunomia-revista-en-cultura-de-la-legalidad<\/span>\n\t\t<span class=\"ZP_LIMIT ZP_ATTR\">50<\/span>\n\t\t<span class=\"ZP_SORTBY ZP_ATTR\">creator<\/span>\n\t\t<span class=\"ZP_ORDER ZP_ATTR\">asc<\/span>\n\t\t<span class=\"ZP_TITLE ZP_ATTR\"><\/span>\n\t\t<span class=\"ZP_SHOWIMAGE ZP_ATTR\"><\/span>\n\t\t<span class=\"ZP_SHOWTAGS ZP_ATTR\"><\/span>\n\t\t<span class=\"ZP_DOWNLOADABLE ZP_ATTR\"><\/span>\n\t\t<span class=\"ZP_NOTES ZP_ATTR\"><\/span>\n\t\t<span class=\"ZP_ABSTRACT ZP_ATTR\"><\/span>\n\t\t<span class=\"ZP_CITEABLE ZP_ATTR\"><\/span>\n\t\t<span class=\"ZP_TARGET ZP_ATTR\">1<\/span>\n\t\t<span class=\"ZP_URLWRAP ZP_ATTR\"><\/span>\n\t\t<span class=\"ZP_FORCENUM ZP_ATTR\"><\/span>\n        <span class=\"ZP_HIGHLIGHT ZP_ATTR\"><\/span>\n        <span class=\"ZP_POSTID ZP_ATTR\">2167<\/span>\n\t\t<span class=\"ZOTPRESS_PLUGIN_URL ZP_ATTR\">https:\/\/opistobranquis.info\/wp-content\/plugins\/zotpress\/<\/span>\n\n\t\t<div class=\"zp-List loading\">\n\t\t\t<div class=\"zp-SEO-Content\">\n\n\t\t\t<\/div><!-- .zp-zp-SEO-Content -->\n\t\t<\/div><!-- .zp-List -->\n\t<\/div><!--.zp-Zotpress-->\n\n<p><\/p>Bibliograf\u00eda basada en los trabajos de <b>Steve Long, 2006<\/b>. <a target=_blank href=https:\/\/opistobranquis.info\/wp-content\/uploads\/2016\/06\/Long-S.-2006-Bibliography-of-Opisthobranchia-1554-2000.pdf>Bibliography of Opisthobranchia 1554-2000<\/a> y <b>Gary McDonald, 2009<\/b>. <a href=http:\/\/escholarship.org\/uc\/item\/8115h0wz>Bibliographia Nudibranchia<\/a>, con actualizaciones posteriores procedentes de otras fuentes.<p><\/p><\/ul><p><\/p><p><strong>M\u00e1s informaci\u00f3n<\/strong><\/p><span style=\"font-size:10pt\"><ul><ul class=\"blogroll-links\"><li><a href=\"http:\/\/www.biodiversitylibrary.org\/name\/Armina%20tigrina\">Biodiversity Heritage Library<\/a><\/li><li><a href=\"http:\/\/doris.ffessm.fr\/fiche2.asp?fiche_numero=2641\">DORIS<\/a><\/li><li><a href=\"https:\/\/litoraldegranada.ugr.es\/el-litoral\/el-litoral-sumergido\/fauna\/moluscos\/gasteropodos\/opistobranquios\/orden-nudibranchia\/arminoidea\/armina-tigrina\/\">El Litoral de Granada<\/a><\/li><li><a href=\"https:\/\/www.flickr.com\/search\/?text=Armina%20tigrina\">Flickr pictures<\/a><\/li><li><a href=\"http:\/\/www.irmng.org\/aphia.php?p=taxlist&#038;tName=Armina%20tigrina\">Interim Register of Marine and Nonmarine Genera<\/a><\/li><li><a href=\"https:\/\/isramar.ocean.org.il\/isramarbio\/TaxonInfo.aspx?AphiaID=138807\">ISRAMAR<\/a><\/li><li><a href=\"http:\/\/www.ncbi.nlm.nih.gov\/Taxonomy\/Browser\/wwwtax.cgi?mode=Undef&#038;name=Armina%20tigrina&#038;lvl=0&#038;srchmode=1\">NCBI GenBank<\/a><\/li><li><a href=\"http:\/\/iobis.org\/mapper\/?taxon=Armina%20tigrina\">OBIS - Search by Taxon<\/a><\/li><li><a href=\"http:\/\/www.seaslugforum.net\/showall\/armitigr\">Sea Slug Forum<\/a><\/li><li><a href=\"http:\/\/www.marinespecies.org\/aphia.php?p=taxdetails&#038;id=138807\">World Register of Marine Species<\/a><\/li><\/ul><\/ul><\/span><p><strong>Citar este art\u00edculo como: <\/strong><\/p><div style=\"display: block; background: #444444; padding: 10px 30px 10px 10px; border-radius: 5px; line-height: 18px;\"><p class=\"citacio\"><b>Ballesteros, M., Madrenas, E. &#38; Pontes, M.<\/b> (2025) <em>\"Armina tigrina\"<\/em> en <em>OPK-Opistobranquis<\/em>. Publicado: 28\/08\/2012. Accedido: 04\/09\/2026. Disponible en (<a href=https:\/\/opistobranquis.info\/es\/?p=2167>https:\/\/opistobranquis.info\/es\/?p=2167<\/a>)<\/p><p><\/p><\/div><p><\/p><\/p>","protected":false},"excerpt":{"rendered":"<p>Armina tigrina (Rafinesque, 1814) Sin\u00f3nimos Diphyllidia lineata Otto, 1820 Pleurophyllidia cuvieri Meckel, 1823 (synonym) Pleurophyllidia undulata Meckel, 1816 Descripci\u00f3n Se trata de una especie grande de armin\u00e1ceo, que puede llegar a alcanzar m\u00e1s de 10 cm de longitud. Como otras especies del mismo g\u00e9nero el cuerpo es de contorno triangular y afilado por la cola. El dorso del animal es gris oscuro de fondo pero posee de 30 a 40\u2026<\/p>\n<p class=\"continue-reading-button\"> <a class=\"continue-reading-link\" href=\"https:\/\/opistobranquis.info\/es\/guia\/nudibranchia\/cladobranchia\/arminoidea\/armina-tigrina\/\">Sigue leyendo<i class=\"crycon-right-dir\"><\/i><\/a><\/p>\n","protected":false},"author":291,"featured_media":10645,"parent":454,"menu_order":7120,"comment_status":"closed","ping_status":"closed","template":"","meta":{"footnotes":""},"class_list":["post-2167","page","type-page","status-publish","has-post-thumbnail","hentry"],"jetpack_sharing_enabled":true,"_links":{"self":[{"href":"https:\/\/opistobranquis.info\/es\/wp-json\/wp\/v2\/pages\/2167","targetHints":{"allow":["GET"]}}],"collection":[{"href":"https:\/\/opistobranquis.info\/es\/wp-json\/wp\/v2\/pages"}],"about":[{"href":"https:\/\/opistobranquis.info\/es\/wp-json\/wp\/v2\/types\/page"}],"author":[{"embeddable":true,"href":"https:\/\/opistobranquis.info\/es\/wp-json\/wp\/v2\/users\/291"}],"replies":[{"embeddable":true,"href":"https:\/\/opistobranquis.info\/es\/wp-json\/wp\/v2\/comments?post=2167"}],"version-history":[{"count":4,"href":"https:\/\/opistobranquis.info\/es\/wp-json\/wp\/v2\/pages\/2167\/revisions"}],"predecessor-version":[{"id":32682,"href":"https:\/\/opistobranquis.info\/es\/wp-json\/wp\/v2\/pages\/2167\/revisions\/32682"}],"up":[{"embeddable":true,"href":"https:\/\/opistobranquis.info\/es\/wp-json\/wp\/v2\/pages\/454"}],"wp:featuredmedia":[{"embeddable":true,"href":"https:\/\/opistobranquis.info\/es\/wp-json\/wp\/v2\/media\/10645"}],"wp:attachment":[{"href":"https:\/\/opistobranquis.info\/es\/wp-json\/wp\/v2\/media?parent=2167"}],"curies":[{"name":"wp","href":"https:\/\/api.w.org\/{rel}","templated":true}]}}