{"id":22440,"date":"2016-09-20T22:57:00","date_gmt":"2016-09-20T20:57:00","guid":{"rendered":"https:\/\/opistobranquis.info\/?page_id=22440"},"modified":"2018-02-13T16:26:54","modified_gmt":"2018-02-13T15:26:54","slug":"berthella-africana","status":"publish","type":"page","link":"https:\/\/opistobranquis.info\/es\/guia\/pleurobranchida\/berthella-africana\/","title":{"rendered":"Berthella africana"},"content":{"rendered":"<p><\/p>\n<h3><em>Berthella africana<\/em> (Pruvot-Fol, 1953)<\/h3>\n<p><span style=\"font-size:10pt;\" class=\"aligncenter\"><div id=\"featured-img-id\"><img data-recalc-dims=\"1\" decoding=\"async\" src=\"https:\/\/i0.wp.com\/opistobranquis.info\/wp-content\/uploads\/2016\/09\/Berthella-africana-%40-Taliarte-Gran-Canaria-25-07-2014-by-Jose-Juan-Calder%C3%ADn-Pe%C3%B1ate.jpg?w=900&#038;ssl=1\" alt=\"Berthella africana @ Taliarte, Gran Canaria 25-07-2014 by Jose Juan Calder\u00edn Pe\u00f1ate\" \/><\/div><center><em>Berthella africana @ Taliarte, Gran Canaria 25-07-2014<\/em> por Jos\u00e9 Juan Calder\u00edn Pe\u00f1ate<\/center><\/span><p><\/p><div class=\"opk-worms\"><h3>Informaci\u00f3n taxon\u00f3mica WoRMS<\/h3><div class=\"opk-success\">Nombre aceptado actual: <strong><em>Berthella africana<\/em> (Pruvot-Fol, 1953)<\/strong><\/div><h4>Clasificaci\u00f3n actual<\/h4><table class=\"widefat striped\"><tr><th>Superdomain<\/th><td><a target=\"_blank\" href=\"https:\/\/www.marinespecies.org\/aphia.php?p=taxdetails&id=1\">Biota<\/a><\/td><\/tr><tr><th>Kingdom<\/th><td><a target=\"_blank\" href=\"https:\/\/www.marinespecies.org\/aphia.php?p=taxdetails&id=2\">Animalia<\/a><\/td><\/tr><tr><th>Phylum<\/th><td><a target=\"_blank\" href=\"https:\/\/www.marinespecies.org\/aphia.php?p=taxdetails&id=51\">Mollusca<\/a><\/td><\/tr><tr><th>Class<\/th><td><a target=\"_blank\" href=\"https:\/\/www.marinespecies.org\/aphia.php?p=taxdetails&id=101\">Gastropoda<\/a><\/td><\/tr><tr><th>Subclass<\/th><td><a target=\"_blank\" href=\"https:\/\/www.marinespecies.org\/aphia.php?p=taxdetails&id=14712\">Heterobranchia<\/a><\/td><\/tr><tr><th>Infraclass<\/th><td><a target=\"_blank\" href=\"https:\/\/www.marinespecies.org\/aphia.php?p=taxdetails&id=1057247\">Euthyneura<\/a><\/td><\/tr><tr><th>Subterclass<\/th><td><a target=\"_blank\" href=\"https:\/\/www.marinespecies.org\/aphia.php?p=taxdetails&id=1057249\">Ringipleura<\/a><\/td><\/tr><tr><th>Superorder<\/th><td><a target=\"_blank\" href=\"https:\/\/www.marinespecies.org\/aphia.php?p=taxdetails&id=411966\">Nudipleura<\/a><\/td><\/tr><tr><th>Order<\/th><td><a target=\"_blank\" href=\"https:\/\/www.marinespecies.org\/aphia.php?p=taxdetails&id=1059020\">Pleurobranchida<\/a><\/td><\/tr><tr><th>Superfamily<\/th><td><a target=\"_blank\" href=\"https:\/\/www.marinespecies.org\/aphia.php?p=taxdetails&id=412548\">Pleurobranchoidea<\/a><\/td><\/tr><tr><th>Family<\/th><td><a target=\"_blank\" href=\"https:\/\/www.marinespecies.org\/aphia.php?p=taxdetails&id=1755\">Pleurobranchidae<\/a><\/td><\/tr><tr><th>Genus<\/th><td><a target=\"_blank\" href=\"https:\/\/www.marinespecies.org\/aphia.php?p=taxdetails&id=138361\"><em>Berthella<\/em><\/a><\/td><\/tr><tr><th>Species<\/th><td><a target=\"_blank\" href=\"https:\/\/www.marinespecies.org\/aphia.php?p=taxdetails&id=181220\"><em>Berthella africana<\/em> (Pruvot-Fol, 1953)<\/a><\/td><\/tr><\/table><p class=\"footer\">Clasificaci\u00f3n proporcionada por el World Register of Marine Species (WoRMS). [<a target=\"_blank\" href=\"https:\/\/www.marinespecies.org\/aphia.php?p=taxdetails&id=181220\">181220<\/a>]<\/p><\/div><strong>Sin\u00f3nimos<\/strong><\/p>\n<ul>\n<li><em>Berthella canariensis<\/em> Cervera, Gosliner, Garc\u00eda-G\u00f3mez &amp; Ortea, 2000<\/li>\n<li><em>Berthellina africana<\/em> Pruvot-Fol, 1953<\/li>\n<\/ul>\n<p>Seg\u00fan Ortea at al. (2012) la descripci\u00f3n de <em>Berthella canariensis<\/em> Cervera, Gosliner, Garc\u00eda-G\u00f3mez y Ortea, 2009, realizada a partir de un \u00fanico ejemplar hallado en Gran Canaria, no tuvo en cuenta la singular variabilidad crom\u00e1tica de <em>Berthella africana<\/em> en funci\u00f3n de la edad del ejemplar, por lo que en la actualidad <em>B. canariensis<\/em> se considera sin\u00f3nima de <em>B. africana<\/em>.<\/p>\n<p><strong>Descripci\u00f3n<br \/>\n<\/strong>El cuerpo puede alcanzar una longitud de 42mm, aunque su talla habitual ronda los 25mm. El manto, que no tiene esp\u00edculas, es liso y recubre totalmente el pie del animal, excepto en su extremo posterior. El color del cuerpo var\u00eda de beige muy claro a gris o marr\u00f3n, con manchas m\u00e1s oscuras repartidas por todo el dorso. Al microscopio se observa que las manchas oscuras est\u00e1n formadas por un punteado rojo m\u00e1s o menos denso, dispuesto en peque\u00f1os c\u00edrculos alrededor de unos peque\u00f1os tub\u00e9rculos en la piel. En algunos ejemplares se observa tambi\u00e9n la presencia de una serie de manchas de color blanco opaco, mucho menos numerosas que las oscuras. Tiene una caracter\u00edstica mancha negra en el centro del manto. La concha interna es peque\u00f1a y situada hacia la parte posterior del animal, aunque falta en algunos ejemplares. Los rin\u00f3foros son tubulares\u00a0y est\u00e1n unidos por su base. El velo oral es liso, estriado en los bordes laterales, y se observa algo por delante del manto. El pie, de color blancuzco y transl\u00facido en algunos ejemplares, es bilabiado en su parte anterior. Los orificios genitales, descritos como un agujero redondo y una hendidura, se sit\u00faan en el lado derecho del animal, sobre un peque\u00f1o mamel\u00f3n, en el nacimiento de la branquia, siempre protegidos por un pliegue externo (flap) que var\u00eda seg\u00fan el tama\u00f1o y la madurez del animal. La branquia bipinnada no suele verse en los animales vivos, ya que est\u00e1 tapada por el manto, pero no es muy grande y tiene el eje liso en los animales de menor tama\u00f1o mientras que en los ejemplares adultos se observan una serie de tub\u00e9rculos dispuestos de forma alterna en dos filas. No se observa la gl\u00e1ndula pedal en la parte posterior del pi\u00e9.<\/p>\n<p><strong>Biolog\u00eda<br \/>\n<\/strong>Suele vivir en aguas someras, pues ha sido hallado desde el intermareal hasta los 14 metros de profundidad.<\/p>\n<p><strong>Etimolog\u00eda<\/strong><\/p>\n<ul>\n<li><em>Berthella<\/em>. Probablemente dedicada a Sabin Berthelot (1794-1880), un naturalista franc\u00e9s que se enrol\u00f3 en la Marina y particip\u00f3 en las guerras napole\u00f3nicas. Vivi\u00f3 parte de su vida en las Islas Canarias, desempe\u00f1ando el cargo de c\u00f3nsul franc\u00e9s en Tenerife. Escribi\u00f3 la Historia Natural de Canarias y dirigi\u00f3 el Jard\u00edn Bot\u00e1nico del Puerto de la Cruz.<\/li>\n<li><em>Africana<\/em>. De \u00c1frica, donde fue hallada por primera vez.<\/li>\n<\/ul>\n<p><strong>Distribuci\u00f3n<br \/>\n<\/strong><em>Berthella africana<\/em> se distribuye por el litoral atl\u00e1ntico de Marruecos (localidad tipo: Temara) y por las islas Canarias, donde se la considera poco frecuente, con algunos hallazgos en la Bah\u00eda de Gando, en Taliarte y en la playa del Cabr\u00f3n (en Gran Canaria), y en Igueste de San Andr\u00e9s, Las Eras y Punta del Hidalgo (en Tenerife).<br \/>\n<div id=\"flxmap-6a9caa2e0e5fd\" class='flxmap-container' data-flxmap='flxmap_6a9caa2e0e5fd' style=\"width:100%;height:400px;\"><\/div>\n<script data-noptimize=\"1\">\n\/* <![CDATA[ *\/\n(function(w, fn) {\n if (w.addEventListener) w.addEventListener(\"DOMContentLoaded\", fn, false);\n else if (w.attachEvent) w.attachEvent(\"onload\", fn);\n})(window, function() {\n var f = new FlexibleMap();\n f.panControl = true;\n f.mapTypeId = \"satellite\";\n f.setlocale(\"es-ES\");\n f.kmlcache = \"5 minutes\";\n f.showKML(\"flxmap-6a9caa2e0e5fd\", \"https:\/\/opistobranquis.info\/wp-content\/uploads\/kms\/22440.kmz\");\n window.flxmap_6a9caa2e0e5fd = f;\n});\n\/* ]]> *\/\n<\/script>\n<div style=\"width:100%;text-align:center;margin:12px 0 4px 0;\">\n  <div style=\"font-size:8pt;margin-bottom:6px;\">Citas georeferenciadas conocidas de la especie: <em>Berthella africana<\/em><\/div>\n  <table style=\"margin:0 auto;border-collapse:collapse;font-size:8pt;\">\n    <tr><td colspan=\"2\" style=\"text-align:left;padding-bottom:4px;\"><strong>Fonts:<\/strong><\/td><\/tr>\n    <tr>\n      <td style=\"vertical-align:top;padding-right:40px;\">\n        <table style=\"border-collapse:collapse;\">\n<tr><td style='padding:1px 6px 1px 0;vertical-align:middle'><img data-recalc-dims=\"1\" src=\"https:\/\/i0.wp.com\/opistobranquis.info\/wp-content\/uploads\/kms\/wht-circle-lv.png?w=900&#038;ssl=1\" style='display:block'><\/td><td style='padding:1px 0;vertical-align:middle;white-space:nowrap'>OBIS<\/td><\/tr><tr><td style='padding:1px 6px 1px 0;vertical-align:middle'><img data-recalc-dims=\"1\" src=\"https:\/\/i0.wp.com\/opistobranquis.info\/wp-content\/uploads\/kms\/ylw-circle-lv.png?w=900&#038;ssl=1\" style='display:block'><\/td><td style='padding:1px 0;vertical-align:middle;white-space:nowrap'>GROC 2010-2011<\/td><\/tr><tr><td style='padding:1px 6px 1px 0;vertical-align:middle'><img data-recalc-dims=\"1\" src=\"https:\/\/i0.wp.com\/opistobranquis.info\/wp-content\/uploads\/kms\/grn-circle-lv.png?w=900&#038;ssl=1\" style='display:block'><\/td><td style='padding:1px 0;vertical-align:middle;white-space:nowrap'>Enric Madrenas<\/td><\/tr><tr><td style='padding:1px 6px 1px 0;vertical-align:middle'><img data-recalc-dims=\"1\" src=\"https:\/\/i0.wp.com\/opistobranquis.info\/wp-content\/uploads\/kms\/orange-circle-lv.png?w=900&#038;ssl=1\" style='display:block'><\/td><td style='padding:1px 0;vertical-align:middle;white-space:nowrap'>Jo\u00e3o Pedro Silva<\/td><\/tr><tr><td style='padding:1px 6px 1px 0;vertical-align:middle'><img data-recalc-dims=\"1\" src=\"https:\/\/i0.wp.com\/opistobranquis.info\/wp-content\/uploads\/kms\/pink-circle-lv.png?w=900&#038;ssl=1\" style='display:block'><\/td><td style='padding:1px 0;vertical-align:middle;white-space:nowrap'>Bernard Picton<\/td><\/tr><tr><td style='padding:1px 6px 1px 0;vertical-align:middle'><img data-recalc-dims=\"1\" src=\"https:\/\/i0.wp.com\/opistobranquis.info\/wp-content\/uploads\/kms\/blk-circle-lv.png?w=900&#038;ssl=1\" style='display:block'><\/td><td style='padding:1px 0;vertical-align:middle;white-space:nowrap'>GBIF<\/td><\/tr>        <\/table>\n      <\/td>\n      <td style=\"vertical-align:top;\">\n        <table style=\"border-collapse:collapse;\">\n<tr><td style='padding:1px 6px 1px 0;vertical-align:middle'><img data-recalc-dims=\"1\" src=\"https:\/\/i0.wp.com\/opistobranquis.info\/wp-content\/uploads\/kms\/purple-circle-lv.png?w=900&#038;ssl=1\" style='display:block'><\/td><td style='padding:1px 0;vertical-align:middle;white-space:nowrap'>OPK<\/td><\/tr><tr><td style='padding:1px 6px 1px 0;vertical-align:middle'><img data-recalc-dims=\"1\" src=\"https:\/\/i0.wp.com\/opistobranquis.info\/wp-content\/uploads\/kms\/red-circle-lv.png?w=900&#038;ssl=1\" style='display:block'><\/td><td style='padding:1px 0;vertical-align:middle;white-space:nowrap'>VIMAR<\/td><\/tr><tr><td style='padding:1px 6px 1px 0;vertical-align:middle'><img data-recalc-dims=\"1\" src=\"https:\/\/i0.wp.com\/opistobranquis.info\/wp-content\/uploads\/kms\/blu-circle-lv.png?w=900&#038;ssl=1\" style='display:block'><\/td><td style='padding:1px 0;vertical-align:middle;white-space:nowrap'>Manuel Ballesteros<\/td><\/tr><tr><td style='padding:1px 6px 1px 0;vertical-align:middle'><img data-recalc-dims=\"1\" src=\"https:\/\/i0.wp.com\/opistobranquis.info\/wp-content\/uploads\/kms\/cyan-circle-lv.png?w=900&#038;ssl=1\" style='display:block'><\/td><td style='padding:1px 0;vertical-align:middle;white-space:nowrap'>M@re Nostrum<\/td><\/tr><tr><td style='padding:1px 6px 1px 0;vertical-align:middle'><img data-recalc-dims=\"1\" src=\"https:\/\/i0.wp.com\/opistobranquis.info\/wp-content\/uploads\/kms\/grey-circle-lv.png?w=900&#038;ssl=1\" style='display:block'><\/td><td style='padding:1px 0;vertical-align:middle;white-space:nowrap'>Altres fonts<\/td><\/tr><tr><td style='padding:1px 6px 1px 0;vertical-align:middle'><img data-recalc-dims=\"1\" src=\"https:\/\/i0.wp.com\/opistobranquis.info\/wp-content\/uploads\/kms\/marreg.png?w=900&#038;ssl=1\" style='display:block'><\/td><td style='padding:1px 0;vertical-align:middle;white-space:nowrap'>Marine Regions<\/td><\/tr>        <\/table>\n      <\/td>\n    <\/tr>\n  <\/table>\n<\/div>\n<\/p>\n<p><strong>Error:<\/strong> Chart.js no est\u00e1 disponible.<\/p>\n<p><strong>Otras fotos<br \/>\n<\/strong><div class=\"tiled-gallery type-rectangular tiled-gallery-unresized\" data-original-width=\"900\" data-carousel-extra='{&quot;blog_id&quot;:1,&quot;permalink&quot;:&quot;https:\\\/\\\/opistobranquis.info\\\/es\\\/guia\\\/pleurobranchida\\\/berthella-africana\\\/&quot;,&quot;likes_blog_id&quot;:44192421}' itemscope itemtype=\"http:\/\/schema.org\/ImageGallery\" > <div class=\"gallery-row\" style=\"width: 900px; height: 320px;\" data-original-width=\"900\" data-original-height=\"320\" > <div class=\"gallery-group images-1\" style=\"width: 525px; height: 320px;\" data-original-width=\"525\" data-original-height=\"320\" > <div class=\"tiled-gallery-item tiled-gallery-item-large\" itemprop=\"associatedMedia\" itemscope itemtype=\"http:\/\/schema.org\/ImageObject\"> <a href=\"https:\/\/opistobranquis.info\/es\/guia\/pleurobranchida\/berthella-africana\/berthella-africana-taliarte-gran-canaria-25-07-2014-by-jose-juan-calderin-penate-2\/\" border=\"0\" itemprop=\"url\"> <meta itemprop=\"width\" content=\"521\"> <meta itemprop=\"height\" content=\"316\"> <img decoding=\"async\" class=\"\" data-attachment-id=\"22442\" data-orig-file=\"https:\/\/opistobranquis.info\/wp-content\/uploads\/2016\/09\/Berthella-africana-@-Taliarte-Gran-Canaria-25-07-2014-by-Jose-Juan-Calder\u00edn-Pe\u00f1ate-2.jpg\" data-orig-size=\"1280,776\" data-comments-opened=\"\" data-image-title=\"Berthella africana @ Taliarte, Gran Canaria 25-07-2014 by Jose Juan Calder\u00edn Pe\u00f1ate\" data-image-description=\"&lt;p&gt;Berthella africana @ Taliarte, Gran Canaria 25-07-2014 by Jose Juan Calder\u00edn Pe\u00f1ate&lt;\/p&gt; \" data-medium-file=\"https:\/\/i0.wp.com\/opistobranquis.info\/wp-content\/uploads\/2016\/09\/Berthella-africana-%40-Taliarte-Gran-Canaria-25-07-2014-by-Jose-Juan-Calder%C3%ADn-Pe%C3%B1ate-2.jpg?fit=300%2C182&#038;ssl=1\" data-large-file=\"https:\/\/i0.wp.com\/opistobranquis.info\/wp-content\/uploads\/2016\/09\/Berthella-africana-%40-Taliarte-Gran-Canaria-25-07-2014-by-Jose-Juan-Calder%C3%ADn-Pe%C3%B1ate-2.jpg?fit=900%2C546&#038;ssl=1\" src=\"https:\/\/i0.wp.com\/opistobranquis.info\/wp-content\/uploads\/2016\/09\/Berthella-africana-%40-Taliarte-Gran-Canaria-25-07-2014-by-Jose-Juan-Calder%C3%ADn-Pe%C3%B1ate-2.jpg?w=521&#038;h=316&#038;ssl=1\" width=\"521\" height=\"316\" loading=\"lazy\" data-original-width=\"521\" data-original-height=\"316\" itemprop=\"http:\/\/schema.org\/image\" title=\"Berthella africana @ Taliarte, Gran Canaria 25-07-2014 by Jose Juan Calder\u00edn Pe\u00f1ate\" alt=\"Berthella africana @ Taliarte, Gran Canaria 25-07-2014 by Jose Juan Calder\u00edn Pe\u00f1ate\" style=\"width: 521px; height: 316px;\" \/> <\/a> <div class=\"tiled-gallery-caption\" itemprop=\"caption description\"> Berthella africana @ Taliarte, Gran Canaria 25-07-2014 by Jose Juan Calder\u00edn Pe\u00f1ate <\/div> <\/div> <\/div> <!-- close group --> <div class=\"gallery-group images-1\" style=\"width: 375px; height: 320px;\" data-original-width=\"375\" data-original-height=\"320\" > <div class=\"tiled-gallery-item tiled-gallery-item-large\" itemprop=\"associatedMedia\" itemscope itemtype=\"http:\/\/schema.org\/ImageObject\"> <a href=\"https:\/\/opistobranquis.info\/es\/guia\/pleurobranchida\/berthella-africana\/berthella-africana-taliarte-gran-canaria-25-07-2014-by-jose-juan-calderin-penate-3\/\" border=\"0\" itemprop=\"url\"> <meta itemprop=\"width\" content=\"371\"> <meta itemprop=\"height\" content=\"316\"> <img decoding=\"async\" class=\"\" data-attachment-id=\"22444\" data-orig-file=\"https:\/\/opistobranquis.info\/wp-content\/uploads\/2016\/09\/Berthella-africana-@-Taliarte-Gran-Canaria-25-07-2014-by-Jose-Juan-Calder\u00edn-Pe\u00f1ate-3.jpg\" data-orig-size=\"1280,1090\" data-comments-opened=\"\" data-image-title=\"Berthella africana @ Taliarte, Gran Canaria 25-07-2014 by Jose Juan Calder\u00edn Pe\u00f1ate\" data-image-description=\"&lt;p&gt;Berthella africana @ Taliarte, Gran Canaria 25-07-2014 by Jose Juan Calder\u00edn Pe\u00f1ate&lt;\/p&gt; \" data-medium-file=\"https:\/\/i0.wp.com\/opistobranquis.info\/wp-content\/uploads\/2016\/09\/Berthella-africana-%40-Taliarte-Gran-Canaria-25-07-2014-by-Jose-Juan-Calder%C3%ADn-Pe%C3%B1ate-3.jpg?fit=300%2C255&#038;ssl=1\" data-large-file=\"https:\/\/i0.wp.com\/opistobranquis.info\/wp-content\/uploads\/2016\/09\/Berthella-africana-%40-Taliarte-Gran-Canaria-25-07-2014-by-Jose-Juan-Calder%C3%ADn-Pe%C3%B1ate-3.jpg?fit=900%2C766&#038;ssl=1\" src=\"https:\/\/i0.wp.com\/opistobranquis.info\/wp-content\/uploads\/2016\/09\/Berthella-africana-%40-Taliarte-Gran-Canaria-25-07-2014-by-Jose-Juan-Calder%C3%ADn-Pe%C3%B1ate-3.jpg?w=371&#038;h=316&#038;ssl=1\" width=\"371\" height=\"316\" loading=\"lazy\" data-original-width=\"371\" data-original-height=\"316\" itemprop=\"http:\/\/schema.org\/image\" title=\"Berthella africana @ Taliarte, Gran Canaria 25-07-2014 by Jose Juan Calder\u00edn Pe\u00f1ate\" alt=\"Berthella africana @ Taliarte, Gran Canaria 25-07-2014 by Jose Juan Calder\u00edn Pe\u00f1ate\" style=\"width: 371px; height: 316px;\" \/> <\/a> <div class=\"tiled-gallery-caption\" itemprop=\"caption description\"> Berthella africana @ Taliarte, Gran Canaria 25-07-2014 by Jose Juan Calder\u00edn Pe\u00f1ate <\/div> <\/div> <\/div> <!-- close group --> <\/div> <!-- close row --> <\/div><\/p>\n<p><strong>Bibliograf\u00eda<\/strong><\/p><ul><div id=\"zotpress-40c80cf6860c79fb6ea8be7dca53ae45\" class=\"zp-Zotpress zp-Zotpress-Bib wp-block-group\">\n\n\t\t<span class=\"ZP_API_USER_ID ZP_ATTR\">1246567<\/span>\n\t\t<span class=\"ZP_ITEM_KEY ZP_ATTR\"><\/span>\n\t\t<span class=\"ZP_COLLECTION_ID ZP_ATTR\"><\/span>\n\t\t<span class=\"ZP_TAG_ID ZP_ATTR\">Berthella africana<\/span>\n\t\t<span class=\"ZP_AUTHOR ZP_ATTR\"><\/span>\n\t\t<span class=\"ZP_YEAR ZP_ATTR\"><\/span>\n        <span class=\"ZP_ITEMTYPE ZP_ATTR\"><\/span>\n\t\t<span class=\"ZP_INCLUSIVE ZP_ATTR\">1<\/span>\n\t\t<span class=\"ZP_STYLE ZP_ATTR\">eunomia-revista-en-cultura-de-la-legalidad<\/span>\n\t\t<span class=\"ZP_LIMIT ZP_ATTR\">50<\/span>\n\t\t<span class=\"ZP_SORTBY ZP_ATTR\">creator<\/span>\n\t\t<span class=\"ZP_ORDER ZP_ATTR\">asc<\/span>\n\t\t<span class=\"ZP_TITLE ZP_ATTR\"><\/span>\n\t\t<span class=\"ZP_SHOWIMAGE ZP_ATTR\"><\/span>\n\t\t<span class=\"ZP_SHOWTAGS ZP_ATTR\"><\/span>\n\t\t<span class=\"ZP_DOWNLOADABLE ZP_ATTR\"><\/span>\n\t\t<span class=\"ZP_NOTES ZP_ATTR\"><\/span>\n\t\t<span class=\"ZP_ABSTRACT ZP_ATTR\"><\/span>\n\t\t<span class=\"ZP_CITEABLE ZP_ATTR\"><\/span>\n\t\t<span class=\"ZP_TARGET ZP_ATTR\">1<\/span>\n\t\t<span class=\"ZP_URLWRAP ZP_ATTR\"><\/span>\n\t\t<span class=\"ZP_FORCENUM ZP_ATTR\"><\/span>\n        <span class=\"ZP_HIGHLIGHT ZP_ATTR\"><\/span>\n        <span class=\"ZP_POSTID ZP_ATTR\">22440<\/span>\n\t\t<span class=\"ZOTPRESS_PLUGIN_URL ZP_ATTR\">https:\/\/opistobranquis.info\/wp-content\/plugins\/zotpress\/<\/span>\n\n\t\t<div class=\"zp-List loading\">\n\t\t\t<div class=\"zp-SEO-Content\">\n\n\t\t\t<\/div><!-- .zp-zp-SEO-Content -->\n\t\t<\/div><!-- .zp-List -->\n\t<\/div><!--.zp-Zotpress-->\n\n<p><\/p>Bibliograf\u00eda basada en los trabajos de <b>Steve Long, 2006<\/b>. <a target=_blank href=https:\/\/opistobranquis.info\/wp-content\/uploads\/2016\/06\/Long-S.-2006-Bibliography-of-Opisthobranchia-1554-2000.pdf>Bibliography of Opisthobranchia 1554-2000<\/a> y <b>Gary McDonald, 2009<\/b>. <a href=http:\/\/escholarship.org\/uc\/item\/8115h0wz>Bibliographia Nudibranchia<\/a>, con actualizaciones posteriores procedentes de otras fuentes.<p><\/p><\/ul><p><\/p><p><strong>M\u00e1s informaci\u00f3n<\/strong><\/p><span style=\"font-size:10pt\"><ul><ul class=\"blogroll-links\"><li><a href=\"http:\/\/www.biodiversitylibrary.org\/name\/Berthella%20africana\">Biodiversity Heritage Library<\/a><\/li><li><a href=\"http:\/\/viciusmax.wixsite.com\/vida-marina\/nudibranquios\">Fauna Marina de Canarias by Alfredo Mart\u00edn<\/a><\/li><li><a href=\"https:\/\/www.flickr.com\/search\/?text=Berthella%20africana\">Flickr pictures<\/a><\/li><li><a href=\"http:\/\/www.irmng.org\/aphia.php?p=taxlist&#038;tName=Berthella%20africana\">Interim Register of Marine and Nonmarine Genera<\/a><\/li><li><a href=\"http:\/\/www.ncbi.nlm.nih.gov\/Taxonomy\/Browser\/wwwtax.cgi?mode=Undef&#038;name=Berthella%20africana&#038;lvl=0&#038;srchmode=1\">NCBI GenBank<\/a><\/li><li><a href=\"http:\/\/iobis.org\/mapper\/?taxon=Berthella%20africana\">OBIS - Search by Taxon<\/a><\/li><li><a href=\"http:\/\/www.seaslugforum.net\/showall\/bertafri\">Sea Slug Forum<\/a><\/li><li><a href=\"http:\/\/www.marinespecies.org\/aphia.php?p=taxdetails&#038;id=181220\">World Register of Marine Species<\/a><\/li><\/ul><\/ul><\/span><p><strong>Citar este art\u00edculo como: <\/strong><\/p><div style=\"display: block; background: #444444; padding: 10px 30px 10px 10px; border-radius: 5px; line-height: 18px;\"><p class=\"citacio\"><b>Pontes, Miquel, Manuel Ballesteros, Enric Madrenas<\/b> (2025) <em>\"Berthella africana\"<\/em> en <em>OPK-Opistobranquis<\/em>. Publicado: 20\/09\/2016. Accedido: 06\/09\/2026. Disponible en (<a href=https:\/\/opistobranquis.info\/es\/?p=22440>https:\/\/opistobranquis.info\/es\/?p=22440<\/a>)<\/p><p><\/p><\/div><p><\/p><\/p>","protected":false},"excerpt":{"rendered":"<p>Berthella africana (Pruvot-Fol, 1953) Sin\u00f3nimos Berthella canariensis Cervera, Gosliner, Garc\u00eda-G\u00f3mez &amp; Ortea, 2000 Berthellina africana Pruvot-Fol, 1953 Seg\u00fan Ortea at al. (2012) la descripci\u00f3n de Berthella canariensis Cervera, Gosliner, Garc\u00eda-G\u00f3mez y Ortea, 2009, realizada a partir de un \u00fanico ejemplar hallado en Gran Canaria, no tuvo en cuenta la singular variabilidad crom\u00e1tica de Berthella africana en funci\u00f3n de la edad del ejemplar, por lo que en la actualidad B. canariensis\u2026<\/p>\n<p class=\"continue-reading-button\"> <a class=\"continue-reading-link\" href=\"https:\/\/opistobranquis.info\/es\/guia\/pleurobranchida\/berthella-africana\/\">Sigue leyendo<i class=\"crycon-right-dir\"><\/i><\/a><\/p>\n","protected":false},"author":423,"featured_media":22443,"parent":7852,"menu_order":5047,"comment_status":"closed","ping_status":"closed","template":"","meta":{"footnotes":""},"class_list":["post-22440","page","type-page","status-publish","has-post-thumbnail","hentry"],"jetpack_sharing_enabled":true,"_links":{"self":[{"href":"https:\/\/opistobranquis.info\/es\/wp-json\/wp\/v2\/pages\/22440","targetHints":{"allow":["GET"]}}],"collection":[{"href":"https:\/\/opistobranquis.info\/es\/wp-json\/wp\/v2\/pages"}],"about":[{"href":"https:\/\/opistobranquis.info\/es\/wp-json\/wp\/v2\/types\/page"}],"author":[{"embeddable":true,"href":"https:\/\/opistobranquis.info\/es\/wp-json\/wp\/v2\/users\/423"}],"replies":[{"embeddable":true,"href":"https:\/\/opistobranquis.info\/es\/wp-json\/wp\/v2\/comments?post=22440"}],"version-history":[{"count":1,"href":"https:\/\/opistobranquis.info\/es\/wp-json\/wp\/v2\/pages\/22440\/revisions"}],"predecessor-version":[{"id":25332,"href":"https:\/\/opistobranquis.info\/es\/wp-json\/wp\/v2\/pages\/22440\/revisions\/25332"}],"up":[{"embeddable":true,"href":"https:\/\/opistobranquis.info\/es\/wp-json\/wp\/v2\/pages\/7852"}],"wp:featuredmedia":[{"embeddable":true,"href":"https:\/\/opistobranquis.info\/es\/wp-json\/wp\/v2\/media\/22443"}],"wp:attachment":[{"href":"https:\/\/opistobranquis.info\/es\/wp-json\/wp\/v2\/media?parent=22440"}],"curies":[{"name":"wp","href":"https:\/\/api.w.org\/{rel}","templated":true}]}}