{"id":2286,"date":"2012-08-30T08:25:36","date_gmt":"2012-08-30T06:25:36","guid":{"rendered":"https:\/\/opistobranquis.info\/embletonia-pulchraembletonia-pulchraembletonia-pulchra"},"modified":"2026-05-22T18:39:37","modified_gmt":"2026-05-22T16:39:37","slug":"embletonia-pulchra","status":"publish","type":"page","link":"https:\/\/opistobranquis.info\/es\/guia\/nudibranchia\/cladobranchia\/embletonioidea\/embletonia-pulchra\/","title":{"rendered":"Embletonia pulchra"},"content":{"rendered":"<p><\/p>\n<h3><em>Embletonia pulchra<\/em> (Alder et Hancock, 1844)<\/h3>\n<p><span style=\"font-size:10pt;\" class=\"aligncenter\"><div id=\"featured-img-id\"><img data-recalc-dims=\"1\" decoding=\"async\" src=\"https:\/\/i0.wp.com\/opistobranquis.info\/wp-content\/uploads\/2012\/08\/Embletonia-pulchra-Photograph-%C2%A9Bernard-Picton.jpg?w=900&#038;ssl=1\" alt=\"Embletonia pulchra by Bernard Picton\" \/><\/div><center><em>Embletonia pulchra<\/em> por Bernard Picton<\/center><\/span><p><\/p><div class=\"opk-worms\"><h3>Informaci\u00f3n taxon\u00f3mica WoRMS<\/h3><div class=\"opk-success\">Nombre aceptado actual: <strong><em>Embletonia pulchra<\/em> (Alder &amp; Hancock, 1844)<\/strong><\/div><h4>Clasificaci\u00f3n actual<\/h4><table class=\"widefat striped\"><tr><th>Superdomain<\/th><td><a target=\"_blank\" href=\"https:\/\/www.marinespecies.org\/aphia.php?p=taxdetails&id=1\">Biota<\/a><\/td><\/tr><tr><th>Kingdom<\/th><td><a target=\"_blank\" href=\"https:\/\/www.marinespecies.org\/aphia.php?p=taxdetails&id=2\">Animalia<\/a><\/td><\/tr><tr><th>Phylum<\/th><td><a target=\"_blank\" href=\"https:\/\/www.marinespecies.org\/aphia.php?p=taxdetails&id=51\">Mollusca<\/a><\/td><\/tr><tr><th>Class<\/th><td><a target=\"_blank\" href=\"https:\/\/www.marinespecies.org\/aphia.php?p=taxdetails&id=101\">Gastropoda<\/a><\/td><\/tr><tr><th>Subclass<\/th><td><a target=\"_blank\" href=\"https:\/\/www.marinespecies.org\/aphia.php?p=taxdetails&id=14712\">Heterobranchia<\/a><\/td><\/tr><tr><th>Infraclass<\/th><td><a target=\"_blank\" href=\"https:\/\/www.marinespecies.org\/aphia.php?p=taxdetails&id=1057247\">Euthyneura<\/a><\/td><\/tr><tr><th>Subterclass<\/th><td><a target=\"_blank\" href=\"https:\/\/www.marinespecies.org\/aphia.php?p=taxdetails&id=1057249\">Ringipleura<\/a><\/td><\/tr><tr><th>Superorder<\/th><td><a target=\"_blank\" href=\"https:\/\/www.marinespecies.org\/aphia.php?p=taxdetails&id=411966\">Nudipleura<\/a><\/td><\/tr><tr><th>Order<\/th><td><a target=\"_blank\" href=\"https:\/\/www.marinespecies.org\/aphia.php?p=taxdetails&id=1762\">Nudibranchia<\/a><\/td><\/tr><tr><th>Suborder<\/th><td><a target=\"_blank\" href=\"https:\/\/www.marinespecies.org\/aphia.php?p=taxdetails&id=827889\">Cladobranchia<\/a><\/td><\/tr><tr><th>Superfamily<\/th><td><a target=\"_blank\" href=\"https:\/\/www.marinespecies.org\/aphia.php?p=taxdetails&id=1829364\">Embletonioidea<\/a><\/td><\/tr><tr><th>Family<\/th><td><a target=\"_blank\" href=\"https:\/\/www.marinespecies.org\/aphia.php?p=taxdetails&id=153452\">Embletoniidae<\/a><\/td><\/tr><tr><th>Genus<\/th><td><a target=\"_blank\" href=\"https:\/\/www.marinespecies.org\/aphia.php?p=taxdetails&id=138544\"><em>Embletonia<\/em><\/a><\/td><\/tr><tr><th>Species<\/th><td><a target=\"_blank\" href=\"https:\/\/www.marinespecies.org\/aphia.php?p=taxdetails&id=141638\"><em>Embletonia pulchra<\/em> (Alder &amp; Hancock, 1844)<\/a><\/td><\/tr><\/table><p class=\"footer\">Clasificaci\u00f3n proporcionada por el World Register of Marine Species (WoRMS). [<a target=\"_blank\" href=\"https:\/\/www.marinespecies.org\/aphia.php?p=taxdetails&id=141638\">141638<\/a>]<\/p><\/div><strong>Sin\u00f3nimos<\/strong><\/p>\n<ul>\n<li><span id=\"aphia_ct_tu_153297\"><i>Embletonia faurei<\/i> Labb\u00e9, 1923<\/span><\/li>\n<li><strong><span id=\"aphia_ct_tu_607111\"><i>Pterochilus pulcher<\/i> Alder &amp; Hancock, 1844 (original)<\/span><\/strong><\/li>\n<\/ul>\n<p><strong>Descripci\u00f3n<br \/>\n<\/strong>Especie de nudibranquio de peque\u00f1a talla que puede alcanzar 6-7 mm de longitud. El cuerpo tiene una coloraci\u00f3n general crema, semitransparente. Margen anterior de la cabeza bilobulado, formando una especie de velo cef\u00e1lico y sin tent\u00e1culos orales. Los rin\u00f3foros son relativamente cortos y del mismo color que el cuerpo, carecen de laminillas. Los ojos se encuentran algo por detr\u00e1s de la base de los rin\u00f3foros. S\u00f3lo hay 6-7 cerata a cada lado del cuerpo, los primeros de cada lado est\u00e1n bien separados del resto, que suelen disponerse bastante posteriormente, de modo que los \u00faltimos sobrepasan el extremo de la cola. Los cerata son cortos y algo globosos, tienen el \u00e1pice ancho en cuyo centro se observa una peque\u00f1a incisi\u00f3n. Los dos primeros cerata de un lado y otro est\u00e1n situados a la misma altura mientras que los dem\u00e1s son claramente alternados. Los ceratas no tienen cnidosacos en su extremo. La gl\u00e1ndula digestiva es de tonos pardo-verduzcos o anaranjados. En animales que no han comido durante d\u00edas, la gl\u00e1ndula digestiva a parece como un fino cord\u00f3n que recorre el dorso principalmente por su zona izquierda y que emite ramificaciones a cada uno de los ceratas. Ventralmente, la boca aparece en el centro del velo cef\u00e1lico frontal y carece de palpos labiales. El pie es estrecho y redondeado anteriormente y la cola muy corta.<\/p>\n<p><strong>Biolog\u00eda<br \/>\n<\/strong>Se trata de una especie de la que se disponen de muy pocos datos de su biolog\u00eda. Se la ha citado viviendo bajo piedras, en boyas flotantes, sobre hidrozoos (<i>Nemertesia, Hydrallmania<\/i>), en fondos de anfioxos, en fondos de arena y mixtos de arena-cascajo, de 0 a 60 de profundidad (Urgorri. 1981). Al parecer se alimenta de hidrozoos, aunque en condiciones de laboratorio se ha podido comprobar que varios ejemplares fueron capaces de devorar anf\u00edpodos y moluscos solenogastros. La puesta es en forma de cord\u00f3n fino, enrollado en una espiral de dos vueltas y media y con dos hileras de huevos en su interior.<\/p>\n<p><strong>Etimolog\u00eda<\/strong><\/p>\n<ul>\n<li><em>Embletonia <\/em>en honor de Denis Embleton, un anatomista victoriano de la Newcastle University.<\/li>\n<li><em>Pulchra<\/em>, significa bonita.<\/li>\n<\/ul>\n<p><strong>Distribuci\u00f3n<br \/>\n<\/strong>Esta especie vive en aguas europeas desde Noruega hasta el Mediterr\u00e1neo occidental y Mar Negro. En la Pen\u00ednsula Ib\u00e9rica ha sido citada en las costas gallegas, Portugal, \u00e1rea del Estrecho de Gibraltar, las costas levantinas y Catalunya. En las costas catalanas se conoce de Es Caials, Cala Aiguafreda y la cova de La Vaca en las islas Medas.<br \/>\n<div id=\"flxmap-6a9a06dcc4424\" class='flxmap-container' data-flxmap='flxmap_6a9a06dcc4424' style=\"width:100%;height:400px;\"><\/div>\n<script data-noptimize=\"1\">\n\/* <![CDATA[ *\/\n(function(w, fn) {\n if (w.addEventListener) w.addEventListener(\"DOMContentLoaded\", fn, false);\n else if (w.attachEvent) w.attachEvent(\"onload\", fn);\n})(window, function() {\n var f = new FlexibleMap();\n f.panControl = true;\n f.mapTypeId = \"satellite\";\n f.setlocale(\"es-ES\");\n f.kmlcache = \"5 minutes\";\n f.showKML(\"flxmap-6a9a06dcc4424\", \"https:\/\/opistobranquis.info\/wp-content\/uploads\/kms\/2286.kmz\");\n window.flxmap_6a9a06dcc4424 = f;\n});\n\/* ]]> *\/\n<\/script>\n<div style=\"width:100%;text-align:center;margin:12px 0 4px 0;\">\n  <div style=\"font-size:8pt;margin-bottom:6px;\">Citas georeferenciadas conocidas de la especie: <em>Embletonia pulchra<\/em><\/div>\n  <table style=\"margin:0 auto;border-collapse:collapse;font-size:8pt;\">\n    <tr><td colspan=\"2\" style=\"text-align:left;padding-bottom:4px;\"><strong>Fonts:<\/strong><\/td><\/tr>\n    <tr>\n      <td style=\"vertical-align:top;padding-right:40px;\">\n        <table style=\"border-collapse:collapse;\">\n<tr><td style='padding:1px 6px 1px 0;vertical-align:middle'><img data-recalc-dims=\"1\" src=\"https:\/\/i0.wp.com\/opistobranquis.info\/wp-content\/uploads\/kms\/wht-circle-lv.png?w=900&#038;ssl=1\" style='display:block'><\/td><td style='padding:1px 0;vertical-align:middle;white-space:nowrap'>OBIS<\/td><\/tr><tr><td style='padding:1px 6px 1px 0;vertical-align:middle'><img data-recalc-dims=\"1\" src=\"https:\/\/i0.wp.com\/opistobranquis.info\/wp-content\/uploads\/kms\/ylw-circle-lv.png?w=900&#038;ssl=1\" style='display:block'><\/td><td style='padding:1px 0;vertical-align:middle;white-space:nowrap'>GROC 2010-2011<\/td><\/tr><tr><td style='padding:1px 6px 1px 0;vertical-align:middle'><img data-recalc-dims=\"1\" src=\"https:\/\/i0.wp.com\/opistobranquis.info\/wp-content\/uploads\/kms\/grn-circle-lv.png?w=900&#038;ssl=1\" style='display:block'><\/td><td style='padding:1px 0;vertical-align:middle;white-space:nowrap'>Enric Madrenas<\/td><\/tr><tr><td style='padding:1px 6px 1px 0;vertical-align:middle'><img data-recalc-dims=\"1\" src=\"https:\/\/i0.wp.com\/opistobranquis.info\/wp-content\/uploads\/kms\/orange-circle-lv.png?w=900&#038;ssl=1\" style='display:block'><\/td><td style='padding:1px 0;vertical-align:middle;white-space:nowrap'>Jo\u00e3o Pedro Silva<\/td><\/tr><tr><td style='padding:1px 6px 1px 0;vertical-align:middle'><img data-recalc-dims=\"1\" src=\"https:\/\/i0.wp.com\/opistobranquis.info\/wp-content\/uploads\/kms\/pink-circle-lv.png?w=900&#038;ssl=1\" style='display:block'><\/td><td style='padding:1px 0;vertical-align:middle;white-space:nowrap'>Bernard Picton<\/td><\/tr><tr><td style='padding:1px 6px 1px 0;vertical-align:middle'><img data-recalc-dims=\"1\" src=\"https:\/\/i0.wp.com\/opistobranquis.info\/wp-content\/uploads\/kms\/blk-circle-lv.png?w=900&#038;ssl=1\" style='display:block'><\/td><td style='padding:1px 0;vertical-align:middle;white-space:nowrap'>GBIF<\/td><\/tr>        <\/table>\n      <\/td>\n      <td style=\"vertical-align:top;\">\n        <table style=\"border-collapse:collapse;\">\n<tr><td style='padding:1px 6px 1px 0;vertical-align:middle'><img data-recalc-dims=\"1\" src=\"https:\/\/i0.wp.com\/opistobranquis.info\/wp-content\/uploads\/kms\/purple-circle-lv.png?w=900&#038;ssl=1\" style='display:block'><\/td><td style='padding:1px 0;vertical-align:middle;white-space:nowrap'>OPK<\/td><\/tr><tr><td style='padding:1px 6px 1px 0;vertical-align:middle'><img data-recalc-dims=\"1\" src=\"https:\/\/i0.wp.com\/opistobranquis.info\/wp-content\/uploads\/kms\/red-circle-lv.png?w=900&#038;ssl=1\" style='display:block'><\/td><td style='padding:1px 0;vertical-align:middle;white-space:nowrap'>VIMAR<\/td><\/tr><tr><td style='padding:1px 6px 1px 0;vertical-align:middle'><img data-recalc-dims=\"1\" src=\"https:\/\/i0.wp.com\/opistobranquis.info\/wp-content\/uploads\/kms\/blu-circle-lv.png?w=900&#038;ssl=1\" style='display:block'><\/td><td style='padding:1px 0;vertical-align:middle;white-space:nowrap'>Manuel Ballesteros<\/td><\/tr><tr><td style='padding:1px 6px 1px 0;vertical-align:middle'><img data-recalc-dims=\"1\" src=\"https:\/\/i0.wp.com\/opistobranquis.info\/wp-content\/uploads\/kms\/cyan-circle-lv.png?w=900&#038;ssl=1\" style='display:block'><\/td><td style='padding:1px 0;vertical-align:middle;white-space:nowrap'>M@re Nostrum<\/td><\/tr><tr><td style='padding:1px 6px 1px 0;vertical-align:middle'><img data-recalc-dims=\"1\" src=\"https:\/\/i0.wp.com\/opistobranquis.info\/wp-content\/uploads\/kms\/grey-circle-lv.png?w=900&#038;ssl=1\" style='display:block'><\/td><td style='padding:1px 0;vertical-align:middle;white-space:nowrap'>Altres fonts<\/td><\/tr><tr><td style='padding:1px 6px 1px 0;vertical-align:middle'><img data-recalc-dims=\"1\" src=\"https:\/\/i0.wp.com\/opistobranquis.info\/wp-content\/uploads\/kms\/marreg.png?w=900&#038;ssl=1\" style='display:block'><\/td><td style='padding:1px 0;vertical-align:middle;white-space:nowrap'>Marine Regions<\/td><\/tr>        <\/table>\n      <\/td>\n    <\/tr>\n  <\/table>\n<\/div>\n<\/p>\n<p><strong>Especies similares<\/strong><br \/>\nPor sus caracter\u00edsticas f\u00edsicas no se confunde con ninguna otra especie.<\/p>\n<p><strong>Error:<\/strong> Chart.js no est\u00e1 disponible.<\/p>\n<p><strong>Videos<\/strong><\/p>\n<p><iframe loading=\"lazy\" src=\"https:\/\/player.vimeo.com\/video\/536965072?dnt=1&amp;app_id=122963\" width=\"426\" height=\"240\" frameborder=\"0\" allow=\"autoplay; fullscreen; picture-in-picture; clipboard-write; encrypted-media; web-share\" referrerpolicy=\"strict-origin-when-cross-origin\"><\/iframe><\/p>\n<p>&nbsp;<\/p>\n<p><strong>Otras fotos<br \/>\n<\/strong><div class=\"tiled-gallery type-rectangular tiled-gallery-unresized\" data-original-width=\"900\" data-carousel-extra='{&quot;blog_id&quot;:1,&quot;permalink&quot;:&quot;https:\\\/\\\/opistobranquis.info\\\/es\\\/guia\\\/nudibranchia\\\/cladobranchia\\\/embletonioidea\\\/embletonia-pulchra\\\/&quot;,&quot;likes_blog_id&quot;:44192421}' itemscope itemtype=\"http:\/\/schema.org\/ImageGallery\" > <div class=\"gallery-row\" style=\"width: 900px; height: 339px;\" data-original-width=\"900\" data-original-height=\"339\" > <div class=\"gallery-group images-1\" style=\"width: 450px; height: 339px;\" data-original-width=\"450\" data-original-height=\"339\" > <div class=\"tiled-gallery-item tiled-gallery-item-large\" itemprop=\"associatedMedia\" itemscope itemtype=\"http:\/\/schema.org\/ImageObject\"> <a href=\"https:\/\/opistobranquis.info\/es\/guia\/nudibranchia\/cladobranchia\/embletonioidea\/embletonia-pulchra\/embletonia-pulchra-the-president-eyemouth-uk-18-06-2017-by-jim-anderson\/\" border=\"0\" itemprop=\"url\"> <meta itemprop=\"width\" content=\"446\"> <meta itemprop=\"height\" content=\"335\"> <img decoding=\"async\" class=\"\" data-attachment-id=\"48400\" data-orig-file=\"https:\/\/opistobranquis.info\/wp-content\/uploads\/2026\/05\/Embletonia-pulchra-@-The-President-Eyemouth-UK-18.06.2017-by-Jim-Anderson.jpg\" data-orig-size=\"890,668\" data-comments-opened=\"\" data-image-title=\"Embletonia pulchra @ The President, Eyemouth, UK 18.06.2017 by Jim Anderson\" data-image-description=\"&lt;p&gt;Embletonia pulchra @ The President, Eyemouth, UK 18.06.2017 by Jim Anderson&lt;\/p&gt; \" data-medium-file=\"https:\/\/i0.wp.com\/opistobranquis.info\/wp-content\/uploads\/2026\/05\/Embletonia-pulchra-%40-The-President-Eyemouth-UK-18.06.2017-by-Jim-Anderson.jpg?fit=300%2C225&#038;ssl=1\" data-large-file=\"https:\/\/i0.wp.com\/opistobranquis.info\/wp-content\/uploads\/2026\/05\/Embletonia-pulchra-%40-The-President-Eyemouth-UK-18.06.2017-by-Jim-Anderson.jpg?fit=890%2C668&#038;ssl=1\" src=\"https:\/\/i0.wp.com\/opistobranquis.info\/wp-content\/uploads\/2026\/05\/Embletonia-pulchra-%40-The-President-Eyemouth-UK-18.06.2017-by-Jim-Anderson.jpg?w=446&#038;h=335&#038;ssl=1\" width=\"446\" height=\"335\" loading=\"lazy\" data-original-width=\"446\" data-original-height=\"335\" itemprop=\"http:\/\/schema.org\/image\" title=\"Embletonia pulchra @ The President, Eyemouth, UK 18.06.2017 by Jim Anderson\" alt=\"Embletonia pulchra @ The President, Eyemouth, UK 18.06.2017 by Jim Anderson\" style=\"width: 446px; height: 335px;\" \/> <\/a> <div class=\"tiled-gallery-caption\" itemprop=\"caption description\"> Embletonia pulchra @ The President, Eyemouth, UK 18.06.2017 by Jim Anderson <\/div> <\/div> <\/div> <!-- close group --> <div class=\"gallery-group images-1\" style=\"width: 450px; height: 339px;\" data-original-width=\"450\" data-original-height=\"339\" > <div class=\"tiled-gallery-item tiled-gallery-item-large\" itemprop=\"associatedMedia\" itemscope itemtype=\"http:\/\/schema.org\/ImageObject\"> <a href=\"https:\/\/opistobranquis.info\/es\/guia\/nudibranchia\/cladobranchia\/embletonioidea\/embletonia-pulchra\/embletonia-pulchra-greenends-gulley-eyemouth-uk-15-06-2017-by-jim-anderson\/\" border=\"0\" itemprop=\"url\"> <meta itemprop=\"width\" content=\"446\"> <meta itemprop=\"height\" content=\"335\"> <img decoding=\"async\" class=\"\" data-attachment-id=\"48401\" data-orig-file=\"https:\/\/opistobranquis.info\/wp-content\/uploads\/2026\/05\/Embletonia-pulchra-@-Greenends-Gulley-Eyemouth-UK-15.06.2017-by-Jim-Anderson.jpg\" data-orig-size=\"890,668\" data-comments-opened=\"\" data-image-title=\"Embletonia pulchra @ Greenends Gulley, Eyemouth, UK 15.06.2017 by Jim Anderson\" data-image-description=\"&lt;p&gt;Embletonia pulchra @ Greenends Gulley, Eyemouth, UK 15.06.2017 by Jim Anderson&lt;\/p&gt; \" data-medium-file=\"https:\/\/i0.wp.com\/opistobranquis.info\/wp-content\/uploads\/2026\/05\/Embletonia-pulchra-%40-Greenends-Gulley-Eyemouth-UK-15.06.2017-by-Jim-Anderson.jpg?fit=300%2C225&#038;ssl=1\" data-large-file=\"https:\/\/i0.wp.com\/opistobranquis.info\/wp-content\/uploads\/2026\/05\/Embletonia-pulchra-%40-Greenends-Gulley-Eyemouth-UK-15.06.2017-by-Jim-Anderson.jpg?fit=890%2C668&#038;ssl=1\" src=\"https:\/\/i0.wp.com\/opistobranquis.info\/wp-content\/uploads\/2026\/05\/Embletonia-pulchra-%40-Greenends-Gulley-Eyemouth-UK-15.06.2017-by-Jim-Anderson.jpg?w=446&#038;h=335&#038;ssl=1\" width=\"446\" height=\"335\" loading=\"lazy\" data-original-width=\"446\" data-original-height=\"335\" itemprop=\"http:\/\/schema.org\/image\" title=\"Embletonia pulchra @ Greenends Gulley, Eyemouth, UK 15.06.2017 by Jim Anderson\" alt=\"Embletonia pulchra @ Greenends Gulley, Eyemouth, UK 15.06.2017 by Jim Anderson\" style=\"width: 446px; height: 335px;\" \/> <\/a> <div class=\"tiled-gallery-caption\" itemprop=\"caption description\"> Embletonia pulchra @ Greenends Gulley, Eyemouth, UK 15.06.2017 by Jim Anderson <\/div> <\/div> <\/div> <!-- close group --> <\/div> <!-- close row --> <\/div><\/p>\n<p><strong>Bibliograf\u00eda<\/strong><\/p><ul><div id=\"zotpress-9a3610bc09f35a2448267c9f4e420912\" class=\"zp-Zotpress zp-Zotpress-Bib wp-block-group\">\n\n\t\t<span class=\"ZP_API_USER_ID ZP_ATTR\">1246567<\/span>\n\t\t<span class=\"ZP_ITEM_KEY ZP_ATTR\"><\/span>\n\t\t<span class=\"ZP_COLLECTION_ID ZP_ATTR\"><\/span>\n\t\t<span class=\"ZP_TAG_ID ZP_ATTR\">Embletonia pulchra<\/span>\n\t\t<span class=\"ZP_AUTHOR ZP_ATTR\"><\/span>\n\t\t<span class=\"ZP_YEAR ZP_ATTR\"><\/span>\n        <span class=\"ZP_ITEMTYPE ZP_ATTR\"><\/span>\n\t\t<span class=\"ZP_INCLUSIVE ZP_ATTR\">1<\/span>\n\t\t<span class=\"ZP_STYLE ZP_ATTR\">eunomia-revista-en-cultura-de-la-legalidad<\/span>\n\t\t<span class=\"ZP_LIMIT ZP_ATTR\">50<\/span>\n\t\t<span class=\"ZP_SORTBY ZP_ATTR\">creator<\/span>\n\t\t<span class=\"ZP_ORDER ZP_ATTR\">asc<\/span>\n\t\t<span class=\"ZP_TITLE ZP_ATTR\"><\/span>\n\t\t<span class=\"ZP_SHOWIMAGE ZP_ATTR\"><\/span>\n\t\t<span class=\"ZP_SHOWTAGS ZP_ATTR\"><\/span>\n\t\t<span class=\"ZP_DOWNLOADABLE ZP_ATTR\"><\/span>\n\t\t<span class=\"ZP_NOTES ZP_ATTR\"><\/span>\n\t\t<span class=\"ZP_ABSTRACT ZP_ATTR\"><\/span>\n\t\t<span class=\"ZP_CITEABLE ZP_ATTR\"><\/span>\n\t\t<span class=\"ZP_TARGET ZP_ATTR\">1<\/span>\n\t\t<span class=\"ZP_URLWRAP ZP_ATTR\"><\/span>\n\t\t<span class=\"ZP_FORCENUM ZP_ATTR\"><\/span>\n        <span class=\"ZP_HIGHLIGHT ZP_ATTR\"><\/span>\n        <span class=\"ZP_POSTID ZP_ATTR\">2286<\/span>\n\t\t<span class=\"ZOTPRESS_PLUGIN_URL ZP_ATTR\">https:\/\/opistobranquis.info\/wp-content\/plugins\/zotpress\/<\/span>\n\n\t\t<div class=\"zp-List loading\">\n\t\t\t<div class=\"zp-SEO-Content\">\n\n\t\t\t<\/div><!-- .zp-zp-SEO-Content -->\n\t\t<\/div><!-- .zp-List -->\n\t<\/div><!--.zp-Zotpress-->\n\n<p><\/p>Bibliograf\u00eda basada en los trabajos de <b>Steve Long, 2006<\/b>. <a target=_blank href=https:\/\/opistobranquis.info\/wp-content\/uploads\/2016\/06\/Long-S.-2006-Bibliography-of-Opisthobranchia-1554-2000.pdf>Bibliography of Opisthobranchia 1554-2000<\/a> y <b>Gary McDonald, 2009<\/b>. <a href=http:\/\/escholarship.org\/uc\/item\/8115h0wz>Bibliographia Nudibranchia<\/a>, con actualizaciones posteriores procedentes de otras fuentes.<p><\/p><\/ul><p><\/p><p><strong>M\u00e1s informaci\u00f3n<\/strong><\/p><span style=\"font-size:10pt\"><ul><ul class=\"blogroll-links\"><li><a href=\"http:\/\/www.biodiversitylibrary.org\/name\/Embletonia%20pulchra\">Biodiversity Heritage Library<\/a><\/li><li><a href=\"https:\/\/litoraldegranada.ugr.es\/el-litoral\/el-litoral-sumergido\/fauna\/moluscos\/gasteropodos\/opistobranquios\/orden-nudibranchia\/fionoidea\/embletonia-pulchra\/\">El Litoral de Granada<\/a><\/li><li><a href=\"http:\/\/www.habitas.org.uk\/marinelife\/species.asp?item=W15060#\">Encyclopedia of Marine Life of Britain and Ireland<\/a><\/li><li><a href=\"https:\/\/www.flickr.com\/search\/?text=Embletonia%20pulchra\">Flickr pictures<\/a><\/li><li><a href=\"http:\/\/www.opistobranquis.org\/ca\/guia\/130\">GROC<\/a><\/li><li><a href=\"http:\/\/www.irmng.org\/aphia.php?p=taxlist&#038;tName=Embletonia%20pulchra\">Interim Register of Marine and Nonmarine Genera<\/a><\/li><li><a href=\"http:\/\/www.ncbi.nlm.nih.gov\/Taxonomy\/Browser\/wwwtax.cgi?mode=Undef&#038;name=Embletonia%20pulchra&#038;lvl=0&#038;srchmode=1\">NCBI GenBank<\/a><\/li><li><a href=\"http:\/\/iobis.org\/mapper\/?taxon=Embletonia%20pulchra\">OBIS - Search by Taxon<\/a><\/li><li><a href=\"http:\/\/www.seaslugforum.net\/showall\/emblpulc\">Sea Slug Forum<\/a><\/li><li><a href=\"http:\/\/www.marinespecies.org\/aphia.php?p=taxdetails&#038;id=141638\">World Register of Marine Species<\/a><\/li><\/ul><\/ul><\/span><p><strong>Citar este art\u00edculo como: <\/strong><\/p><div style=\"display: block; background: #444444; padding: 10px 30px 10px 10px; border-radius: 5px; line-height: 18px;\"><p class=\"citacio\"><b>Ballesteros, M., Madrenas, E. &#38; Pontes, M.<\/b> (2025) <em>\"Embletonia pulchra\"<\/em> en <em>OPK-Opistobranquis<\/em>. Publicado: 30\/08\/2012. Accedido: 04\/09\/2026. Disponible en (<a href=https:\/\/opistobranquis.info\/es\/?p=2286>https:\/\/opistobranquis.info\/es\/?p=2286<\/a>)<\/p><p><\/p><\/div><p><\/p><\/p>","protected":false},"excerpt":{"rendered":"<p>Embletonia pulchra (Alder et Hancock, 1844) Sin\u00f3nimos Embletonia faurei Labb\u00e9, 1923 Pterochilus pulcher Alder &amp; Hancock, 1844 (original) Descripci\u00f3n Especie de nudibranquio de peque\u00f1a talla que puede alcanzar 6-7 mm de longitud. El cuerpo tiene una coloraci\u00f3n general crema, semitransparente. Margen anterior de la cabeza bilobulado, formando una especie de velo cef\u00e1lico y sin tent\u00e1culos orales. Los rin\u00f3foros son relativamente cortos y del mismo color que el cuerpo, carecen de\u2026<\/p>\n<p class=\"continue-reading-button\"> <a class=\"continue-reading-link\" href=\"https:\/\/opistobranquis.info\/es\/guia\/nudibranchia\/cladobranchia\/embletonioidea\/embletonia-pulchra\/\">Sigue leyendo<i class=\"crycon-right-dir\"><\/i><\/a><\/p>\n","protected":false},"author":291,"featured_media":16204,"parent":47784,"menu_order":6052,"comment_status":"closed","ping_status":"closed","template":"","meta":{"footnotes":""},"class_list":["post-2286","page","type-page","status-publish","has-post-thumbnail","hentry"],"jetpack_sharing_enabled":true,"_links":{"self":[{"href":"https:\/\/opistobranquis.info\/es\/wp-json\/wp\/v2\/pages\/2286","targetHints":{"allow":["GET"]}}],"collection":[{"href":"https:\/\/opistobranquis.info\/es\/wp-json\/wp\/v2\/pages"}],"about":[{"href":"https:\/\/opistobranquis.info\/es\/wp-json\/wp\/v2\/types\/page"}],"author":[{"embeddable":true,"href":"https:\/\/opistobranquis.info\/es\/wp-json\/wp\/v2\/users\/291"}],"replies":[{"embeddable":true,"href":"https:\/\/opistobranquis.info\/es\/wp-json\/wp\/v2\/comments?post=2286"}],"version-history":[{"count":14,"href":"https:\/\/opistobranquis.info\/es\/wp-json\/wp\/v2\/pages\/2286\/revisions"}],"predecessor-version":[{"id":48399,"href":"https:\/\/opistobranquis.info\/es\/wp-json\/wp\/v2\/pages\/2286\/revisions\/48399"}],"up":[{"embeddable":true,"href":"https:\/\/opistobranquis.info\/es\/wp-json\/wp\/v2\/pages\/47784"}],"wp:featuredmedia":[{"embeddable":true,"href":"https:\/\/opistobranquis.info\/es\/wp-json\/wp\/v2\/media\/16204"}],"wp:attachment":[{"href":"https:\/\/opistobranquis.info\/es\/wp-json\/wp\/v2\/media?parent=2286"}],"curies":[{"name":"wp","href":"https:\/\/api.w.org\/{rel}","templated":true}]}}