{"id":2446,"date":"2012-10-28T16:22:09","date_gmt":"2012-10-28T15:22:09","guid":{"rendered":"https:\/\/opistobranquis.info\/cadlina-pellucidacadlina-pellucidacadlina-pellucida"},"modified":"2026-04-29T15:22:08","modified_gmt":"2026-04-29T13:22:08","slug":"cadlina-pellucida","status":"publish","type":"page","link":"https:\/\/opistobranquis.info\/es\/guia\/nudibranchia\/doridina\/doridoidei\/doridoidea\/cadlina-pellucida\/","title":{"rendered":"Cadlina pellucida"},"content":{"rendered":"<p><\/p>\n<h3><em>Cadlina pellucida <\/em>(Risso, 1826)<\/h3>\n<p><span style=\"font-size:10pt;\" class=\"aligncenter\"><div id=\"featured-img-id\"><img data-recalc-dims=\"1\" decoding=\"async\" src=\"https:\/\/i0.wp.com\/opistobranquis.info\/wp-content\/uploads\/2012\/12\/cadlina-pellucida.jpg?w=900&#038;ssl=1\" alt=\"Cadlina pellucida\" \/><\/div><center><em>Cadlina pellucida<\/em> por Luis \u00c1ngel D\u00edaz \u00c1lvarez<\/center><\/span><p><\/p><div class=\"opk-worms\"><h3>Informaci\u00f3n taxon\u00f3mica WoRMS<\/h3><div class=\"opk-success\">Nombre aceptado actual: <strong><em>Cadlina pellucida<\/em> (Risso, 1826)<\/strong><\/div><h4>Clasificaci\u00f3n actual<\/h4><table class=\"widefat striped\"><tr><th>Superdomain<\/th><td><a target=\"_blank\" href=\"https:\/\/www.marinespecies.org\/aphia.php?p=taxdetails&id=1\">Biota<\/a><\/td><\/tr><tr><th>Kingdom<\/th><td><a target=\"_blank\" href=\"https:\/\/www.marinespecies.org\/aphia.php?p=taxdetails&id=2\">Animalia<\/a><\/td><\/tr><tr><th>Phylum<\/th><td><a target=\"_blank\" href=\"https:\/\/www.marinespecies.org\/aphia.php?p=taxdetails&id=51\">Mollusca<\/a><\/td><\/tr><tr><th>Class<\/th><td><a target=\"_blank\" href=\"https:\/\/www.marinespecies.org\/aphia.php?p=taxdetails&id=101\">Gastropoda<\/a><\/td><\/tr><tr><th>Subclass<\/th><td><a target=\"_blank\" href=\"https:\/\/www.marinespecies.org\/aphia.php?p=taxdetails&id=14712\">Heterobranchia<\/a><\/td><\/tr><tr><th>Infraclass<\/th><td><a target=\"_blank\" href=\"https:\/\/www.marinespecies.org\/aphia.php?p=taxdetails&id=1057247\">Euthyneura<\/a><\/td><\/tr><tr><th>Subterclass<\/th><td><a target=\"_blank\" href=\"https:\/\/www.marinespecies.org\/aphia.php?p=taxdetails&id=1057249\">Ringipleura<\/a><\/td><\/tr><tr><th>Superorder<\/th><td><a target=\"_blank\" href=\"https:\/\/www.marinespecies.org\/aphia.php?p=taxdetails&id=411966\">Nudipleura<\/a><\/td><\/tr><tr><th>Order<\/th><td><a target=\"_blank\" href=\"https:\/\/www.marinespecies.org\/aphia.php?p=taxdetails&id=1762\">Nudibranchia<\/a><\/td><\/tr><tr><th>Suborder<\/th><td><a target=\"_blank\" href=\"https:\/\/www.marinespecies.org\/aphia.php?p=taxdetails&id=1829294\">Doridida<\/a><\/td><\/tr><tr><th>Infraorder<\/th><td><a target=\"_blank\" href=\"https:\/\/www.marinespecies.org\/aphia.php?p=taxdetails&id=246038\">Doridoidei<\/a><\/td><\/tr><tr><th>Superfamily<\/th><td><a target=\"_blank\" href=\"https:\/\/www.marinespecies.org\/aphia.php?p=taxdetails&id=1370609\">Chromodoridoidea<\/a><\/td><\/tr><tr><th>Family<\/th><td><a target=\"_blank\" href=\"https:\/\/www.marinespecies.org\/aphia.php?p=taxdetails&id=151277\">Cadlinidae<\/a><\/td><\/tr><tr><th>Genus<\/th><td><a target=\"_blank\" href=\"https:\/\/www.marinespecies.org\/aphia.php?p=taxdetails&id=137781\"><em>Cadlina<\/em><\/a><\/td><\/tr><tr><th>Species<\/th><td><a target=\"_blank\" href=\"https:\/\/www.marinespecies.org\/aphia.php?p=taxdetails&id=139135\"><em>Cadlina pellucida<\/em> (Risso, 1826)<\/a><\/td><\/tr><\/table><p class=\"footer\">Clasificaci\u00f3n proporcionada por el World Register of Marine Species (WoRMS). [<a target=\"_blank\" href=\"https:\/\/www.marinespecies.org\/aphia.php?p=taxdetails&id=139135\">139135<\/a>]<\/p><\/div><strong>Nota taxon\u00f3mica: <\/strong>El g\u00e9nero <em>Cadlina<\/em> constituye un linaje singular dentro de los dorid\u00e1ceos. Tradicionalmente fue incluido en la familia Chromodorididae; sin embargo, estudios morfol\u00f3gicos y moleculares han conducido a su separaci\u00f3n en la familia Cadlinidae (World Register of Marine Species, 2024). Este cambio se sustenta en caracteres anat\u00f3micos distintivos, entre ellos la estructura de la r\u00e1dula, la presencia de gl\u00e1ndulas d\u00e9rmicas espec\u00edficas y diferencias en el sistema reproductor, que separan claramente a <em>Cadlina<\/em> de los cromodor\u00eddidos cl\u00e1sicos (Johnson, 2011; Vald\u00e9s, 2002). Un punto relevante es que el g\u00e9nero ha sido objeto de revisi\u00f3n mediante filogenia molecular. El trabajo de Johnson (2011), basado en secuencias de ADN mitocondrial y nuclear, demostr\u00f3 que <em>Cadlina<\/em> forma un clado bien soportado, independiente dentro de Doridoidea, lo que refuerza su estatus familiar propio (Johnson, 2011). Estudios recientes sugieren que el g\u00e9nero <em>Cadlina<\/em> presenta diversidad cr\u00edptica significativa, especialmente en regiones templadas y fr\u00edas del hemisferio norte, donde especies morfol\u00f3gicamente similares pueden diferenciarse \u00fanicamente mediante caracteres moleculares (Johnson, 2011). En este contexto, la identificaci\u00f3n basada exclusivamente en rasgos externos -como ocurre frecuentemente en el trabajo de campo- puede inducir a error. En cuanto a <em>Cadlina pellucida<\/em>, se trata de una especie v\u00e1lida y aceptada actualmente, descrita originalmente como <em>Doris pellucida<\/em> por Antoine Risso en 1826. Su combinaci\u00f3n diagn\u00f3stica -manto transl\u00facido con gl\u00e1ndulas visibles y rin\u00f3foros oscuros- ha sido considerada estable en la literatura, aunque la delimitaci\u00f3n espec\u00edfica dentro del g\u00e9nero ha sido hist\u00f3ricamente compleja debido a la variabilidad morfol\u00f3gica y a la existencia de especies cr\u00edpticas (Johnson, 2011).<\/p>\n<p><strong>Sin\u00f3nimos<\/strong><\/p>\n<ul>\n<li><em>Cadlina clarae<\/em>\u00a0Ihering, 1880<\/li>\n<li><em>Doris pellucida<\/em>\u00a0Risso, 1826<\/li>\n<li><em>Echinochila pellucida<\/em>\u00a0(Risso, 1826)<\/li>\n<\/ul>\n<p><strong>Descripci\u00f3n<br \/>\n<\/strong>Dorid\u00e1ceo de peque\u00f1o tama\u00f1o que raramente supera los 20\u201325 mm de longitud total, con un cuerpo de contorno ovalado y relativamente aplanado. El manto es amplio, convexo y de color blanco transl\u00facido o semitransparente, lo que confiere al animal un aspecto \u201clechoso\u201d caracter\u00edstico. Sobre el dorso se disponen tub\u00e9rculos o peque\u00f1as protuberancias m\u00e1s opacas de tama\u00f1o variable, que pueden organizarse parcialmente en l\u00edneas paralelas hacia el margen del manto. En el espesor del manto se observan gl\u00e1ndulas blanquecinas o amarillentas, visibles por transparencia. Los rin\u00f3foros son cortos, lamelados y retr\u00e1ctiles, de color oscuro (pardo a negruzco), constituyendo un rasgo diagn\u00f3stico frente a especies pr\u00f3ximas. La regi\u00f3n branquial est\u00e1 formada por un penacho de 5\u20137 branquias tripinnadas y de color oscuro, dispuestas en corona alrededor de la papila anal en la parte posterior del dorso.<\/p>\n<p><strong>Biolog\u00eda<br \/>\n<\/strong>Se alimenta de esponjas, incluyendo especies como <em>Spongia agaricina, Halisarca dujardini, Stylotella columella<\/em> y otras del g\u00e9nero <em>Sycon<\/em>. Las puestas son peque\u00f1as y se localizan habitualmente en cavidades, grietas o zonas poco iluminadas del h\u00e1bitat, generalmente pr\u00f3ximas a su alimento. Se observa con frecuencia en microh\u00e1bitats cr\u00edpticos (oquedades, zonas umbr\u00edas), asociado a la distribuci\u00f3n de sus presas.<\/p>\n<p><strong>Etimolog\u00eda<\/strong><\/p>\n<ul>\n<li><em>Pellucida<\/em>. Del\u00a0Latin &#8220;pell\u016bcida&#8221;,<span style=\"color: #252525;\">\u00a0<\/span><span class=\"mention-gloss\" style=\"color: #252525;\">transparente<\/span><span style=\"color: #252525;\">.<\/span><\/li>\n<\/ul>\n<p><strong>Distribuci\u00f3n<br \/>\n<\/strong>Presenta una distribuci\u00f3n amplia en aguas templadas y fr\u00edas del hemisferio norte. Est\u00e1 documentada en el oc\u00e9ano \u00c1rtico, el Atl\u00e1ntico nororiental (incluyendo las costas de la pen\u00ednsula Ib\u00e9rica y Francia) y en el Mediterr\u00e1neo occidental, aunque generalmente se la considera una especie poco frecuente o rara. <div id=\"flxmap-6a99da43138da\" class='flxmap-container' data-flxmap='flxmap_6a99da43138da' style=\"width:100%;height:400px;\"><\/div>\n<script data-noptimize=\"1\">\n\/* <![CDATA[ *\/\n(function(w, fn) {\n if (w.addEventListener) w.addEventListener(\"DOMContentLoaded\", fn, false);\n else if (w.attachEvent) w.attachEvent(\"onload\", fn);\n})(window, function() {\n var f = new FlexibleMap();\n f.panControl = true;\n f.mapTypeId = \"satellite\";\n f.setlocale(\"es-ES\");\n f.kmlcache = \"5 minutes\";\n f.showKML(\"flxmap-6a99da43138da\", \"https:\/\/opistobranquis.info\/wp-content\/uploads\/kms\/2446.kmz\");\n window.flxmap_6a99da43138da = f;\n});\n\/* ]]> *\/\n<\/script>\n<div style=\"width:100%;text-align:center;margin:12px 0 4px 0;\">\n  <div style=\"font-size:8pt;margin-bottom:6px;\">Citas georeferenciadas conocidas de la especie: <em>Cadlina pellucida<\/em><\/div>\n  <table style=\"margin:0 auto;border-collapse:collapse;font-size:8pt;\">\n    <tr><td colspan=\"2\" style=\"text-align:left;padding-bottom:4px;\"><strong>Fonts:<\/strong><\/td><\/tr>\n    <tr>\n      <td style=\"vertical-align:top;padding-right:40px;\">\n        <table style=\"border-collapse:collapse;\">\n<tr><td style='padding:1px 6px 1px 0;vertical-align:middle'><img data-recalc-dims=\"1\" src=\"https:\/\/i0.wp.com\/opistobranquis.info\/wp-content\/uploads\/kms\/wht-circle-lv.png?w=900&#038;ssl=1\" style='display:block'><\/td><td style='padding:1px 0;vertical-align:middle;white-space:nowrap'>OBIS<\/td><\/tr><tr><td style='padding:1px 6px 1px 0;vertical-align:middle'><img data-recalc-dims=\"1\" src=\"https:\/\/i0.wp.com\/opistobranquis.info\/wp-content\/uploads\/kms\/ylw-circle-lv.png?w=900&#038;ssl=1\" style='display:block'><\/td><td style='padding:1px 0;vertical-align:middle;white-space:nowrap'>GROC 2010-2011<\/td><\/tr><tr><td style='padding:1px 6px 1px 0;vertical-align:middle'><img data-recalc-dims=\"1\" src=\"https:\/\/i0.wp.com\/opistobranquis.info\/wp-content\/uploads\/kms\/grn-circle-lv.png?w=900&#038;ssl=1\" style='display:block'><\/td><td style='padding:1px 0;vertical-align:middle;white-space:nowrap'>Enric Madrenas<\/td><\/tr><tr><td style='padding:1px 6px 1px 0;vertical-align:middle'><img data-recalc-dims=\"1\" src=\"https:\/\/i0.wp.com\/opistobranquis.info\/wp-content\/uploads\/kms\/orange-circle-lv.png?w=900&#038;ssl=1\" style='display:block'><\/td><td style='padding:1px 0;vertical-align:middle;white-space:nowrap'>Jo\u00e3o Pedro Silva<\/td><\/tr><tr><td style='padding:1px 6px 1px 0;vertical-align:middle'><img data-recalc-dims=\"1\" src=\"https:\/\/i0.wp.com\/opistobranquis.info\/wp-content\/uploads\/kms\/pink-circle-lv.png?w=900&#038;ssl=1\" style='display:block'><\/td><td style='padding:1px 0;vertical-align:middle;white-space:nowrap'>Bernard Picton<\/td><\/tr><tr><td style='padding:1px 6px 1px 0;vertical-align:middle'><img data-recalc-dims=\"1\" src=\"https:\/\/i0.wp.com\/opistobranquis.info\/wp-content\/uploads\/kms\/blk-circle-lv.png?w=900&#038;ssl=1\" style='display:block'><\/td><td style='padding:1px 0;vertical-align:middle;white-space:nowrap'>GBIF<\/td><\/tr>        <\/table>\n      <\/td>\n      <td style=\"vertical-align:top;\">\n        <table style=\"border-collapse:collapse;\">\n<tr><td style='padding:1px 6px 1px 0;vertical-align:middle'><img data-recalc-dims=\"1\" src=\"https:\/\/i0.wp.com\/opistobranquis.info\/wp-content\/uploads\/kms\/purple-circle-lv.png?w=900&#038;ssl=1\" style='display:block'><\/td><td style='padding:1px 0;vertical-align:middle;white-space:nowrap'>OPK<\/td><\/tr><tr><td style='padding:1px 6px 1px 0;vertical-align:middle'><img data-recalc-dims=\"1\" src=\"https:\/\/i0.wp.com\/opistobranquis.info\/wp-content\/uploads\/kms\/red-circle-lv.png?w=900&#038;ssl=1\" style='display:block'><\/td><td style='padding:1px 0;vertical-align:middle;white-space:nowrap'>VIMAR<\/td><\/tr><tr><td style='padding:1px 6px 1px 0;vertical-align:middle'><img data-recalc-dims=\"1\" src=\"https:\/\/i0.wp.com\/opistobranquis.info\/wp-content\/uploads\/kms\/blu-circle-lv.png?w=900&#038;ssl=1\" style='display:block'><\/td><td style='padding:1px 0;vertical-align:middle;white-space:nowrap'>Manuel Ballesteros<\/td><\/tr><tr><td style='padding:1px 6px 1px 0;vertical-align:middle'><img data-recalc-dims=\"1\" src=\"https:\/\/i0.wp.com\/opistobranquis.info\/wp-content\/uploads\/kms\/cyan-circle-lv.png?w=900&#038;ssl=1\" style='display:block'><\/td><td style='padding:1px 0;vertical-align:middle;white-space:nowrap'>M@re Nostrum<\/td><\/tr><tr><td style='padding:1px 6px 1px 0;vertical-align:middle'><img data-recalc-dims=\"1\" src=\"https:\/\/i0.wp.com\/opistobranquis.info\/wp-content\/uploads\/kms\/grey-circle-lv.png?w=900&#038;ssl=1\" style='display:block'><\/td><td style='padding:1px 0;vertical-align:middle;white-space:nowrap'>Altres fonts<\/td><\/tr><tr><td style='padding:1px 6px 1px 0;vertical-align:middle'><img data-recalc-dims=\"1\" src=\"https:\/\/i0.wp.com\/opistobranquis.info\/wp-content\/uploads\/kms\/marreg.png?w=900&#038;ssl=1\" style='display:block'><\/td><td style='padding:1px 0;vertical-align:middle;white-space:nowrap'>Marine Regions<\/td><\/tr>        <\/table>\n      <\/td>\n    <\/tr>\n  <\/table>\n<\/div>\n<\/p>\n<p><strong>Error:<\/strong> Chart.js no est\u00e1 disponible.<\/p>\n<p><strong>Especies similares<br \/>\n<\/strong>Puede confundirse con <em>Cadlina laevis<\/em>, de la que se distinguen porque <em>Cadlina pellucida<\/em> tiene los rin\u00f3foros oscuros (marrones o negruzcos), mientras que <em>Cadlina laevis<\/em> los tiene blancos o de color p\u00e1lido. Adem\u00e1s, <em>C. pellucida<\/em> tiende a presentar un manto m\u00e1s transl\u00facido y un patr\u00f3n de tub\u00e9rculos menos uniforme.<\/p>\n<p><strong>Videos<\/strong><\/p>\n<p><iframe loading=\"lazy\" src=\"https:\/\/player.vimeo.com\/video\/474301703?dnt=1&amp;app_id=122963\" width=\"900\" height=\"506\" frameborder=\"0\" allow=\"autoplay; fullscreen; picture-in-picture; clipboard-write; encrypted-media; web-share\" referrerpolicy=\"strict-origin-when-cross-origin\"><\/iframe><\/p>\n<p><iframe loading=\"lazy\" src=\"https:\/\/player.vimeo.com\/video\/406774879?dnt=1&amp;app_id=122963\" width=\"900\" height=\"506\" frameborder=\"0\" allow=\"autoplay; fullscreen; picture-in-picture; clipboard-write; encrypted-media; web-share\" referrerpolicy=\"strict-origin-when-cross-origin\"><\/iframe><\/p>\n<p><iframe loading=\"lazy\" src=\"https:\/\/player.vimeo.com\/video\/406775374?dnt=1&amp;app_id=122963\" width=\"900\" height=\"506\" frameborder=\"0\" allow=\"autoplay; fullscreen; picture-in-picture; clipboard-write; encrypted-media; web-share\" referrerpolicy=\"strict-origin-when-cross-origin\"><\/iframe><\/p>\n<h6 style=\"text-align: center;\">V\u00eddeos de Lu\u00eds S\u00e1nchez Tocino (Universidad de Granada)<\/h6>\n<p>&nbsp;<\/p>\n<p><strong>Otras fotos<br \/>\n<\/strong><div class=\"tiled-gallery type-rectangular tiled-gallery-unresized\" data-original-width=\"900\" data-carousel-extra='{&quot;blog_id&quot;:1,&quot;permalink&quot;:&quot;https:\\\/\\\/opistobranquis.info\\\/es\\\/guia\\\/nudibranchia\\\/doridina\\\/doridoidei\\\/doridoidea\\\/cadlina-pellucida\\\/&quot;,&quot;likes_blog_id&quot;:44192421}' itemscope itemtype=\"http:\/\/schema.org\/ImageGallery\" > <div class=\"gallery-row\" style=\"width: 900px; height: 635px;\" data-original-width=\"900\" data-original-height=\"635\" > <div class=\"gallery-group images-2\" style=\"width: 475px; height: 635px;\" data-original-width=\"475\" data-original-height=\"635\" > <div class=\"tiled-gallery-item tiled-gallery-item-large\" itemprop=\"associatedMedia\" itemscope itemtype=\"http:\/\/schema.org\/ImageObject\"> <a href=\"https:\/\/opistobranquis.info\/es\/guia\/nudibranchia\/doridina\/doridoidei\/doridoidea\/cadlina-pellucida\/cadlina-pellucida-2-portugal-by-joao-pedro-silva\/\" border=\"0\" itemprop=\"url\"> <meta itemprop=\"width\" content=\"471\"> <meta itemprop=\"height\" content=\"314\"> <img decoding=\"async\" class=\"\" data-attachment-id=\"15910\" data-orig-file=\"https:\/\/opistobranquis.info\/wp-content\/uploads\/2014\/10\/Cadlina-pellucida-2-Portugal-by-Joao-Pedro-Silva.jpg\" data-orig-size=\"800,533\" data-comments-opened=\"\" data-image-title=\"Cadlina pellucida (Portugal) by Joao Pedro Silva\" data-image-description=\"&lt;p&gt;Cadlina pellucida (Portugal) by Joao Pedro Silva&lt;\/p&gt; \" data-medium-file=\"https:\/\/i0.wp.com\/opistobranquis.info\/wp-content\/uploads\/2014\/10\/Cadlina-pellucida-2-Portugal-by-Joao-Pedro-Silva.jpg?fit=300%2C199&#038;ssl=1\" data-large-file=\"https:\/\/i0.wp.com\/opistobranquis.info\/wp-content\/uploads\/2014\/10\/Cadlina-pellucida-2-Portugal-by-Joao-Pedro-Silva.jpg?fit=800%2C533&#038;ssl=1\" src=\"https:\/\/i0.wp.com\/opistobranquis.info\/wp-content\/uploads\/2014\/10\/Cadlina-pellucida-2-Portugal-by-Joao-Pedro-Silva.jpg?w=471&#038;h=314&#038;ssl=1\" srcset=\"https:\/\/i0.wp.com\/opistobranquis.info\/wp-content\/uploads\/2014\/10\/Cadlina-pellucida-2-Portugal-by-Joao-Pedro-Silva.jpg?w=800&amp;ssl=1 800w, https:\/\/i0.wp.com\/opistobranquis.info\/wp-content\/uploads\/2014\/10\/Cadlina-pellucida-2-Portugal-by-Joao-Pedro-Silva.jpg?resize=150%2C99&amp;ssl=1 150w, https:\/\/i0.wp.com\/opistobranquis.info\/wp-content\/uploads\/2014\/10\/Cadlina-pellucida-2-Portugal-by-Joao-Pedro-Silva.jpg?resize=300%2C199&amp;ssl=1 300w\" width=\"471\" height=\"314\" loading=\"lazy\" data-original-width=\"471\" data-original-height=\"314\" itemprop=\"http:\/\/schema.org\/image\" title=\"Cadlina pellucida (Portugal) by Joao Pedro Silva\" alt=\"Cadlina pellucida (Portugal) by Joao Pedro Silva\" style=\"width: 471px; height: 314px;\" \/> <\/a> <div class=\"tiled-gallery-caption\" itemprop=\"caption description\"> Cadlina pellucida (Portugal) by Joao Pedro Silva <\/div> <\/div> <div class=\"tiled-gallery-item tiled-gallery-item-large\" itemprop=\"associatedMedia\" itemscope itemtype=\"http:\/\/schema.org\/ImageObject\"> <a href=\"https:\/\/opistobranquis.info\/es\/guia\/nudibranchia\/doridina\/doridoidei\/doridoidea\/cadlina-pellucida\/cadlina-pellucida-3-portugal-by-joao-pedro-silva\/\" border=\"0\" itemprop=\"url\"> <meta itemprop=\"width\" content=\"471\"> <meta itemprop=\"height\" content=\"313\"> <img decoding=\"async\" class=\"\" data-attachment-id=\"15911\" data-orig-file=\"https:\/\/opistobranquis.info\/wp-content\/uploads\/2014\/10\/Cadlina-pellucida-3-Portugal-by-Joao-Pedro-Silva.jpg\" data-orig-size=\"800,533\" data-comments-opened=\"\" data-image-title=\"Cadlina pellucida (Portugal) by Joao Pedro Silva\" data-image-description=\"&lt;p&gt;Cadlina pellucida (Portugal) by Joao Pedro Silva&lt;\/p&gt; \" data-medium-file=\"https:\/\/i0.wp.com\/opistobranquis.info\/wp-content\/uploads\/2014\/10\/Cadlina-pellucida-3-Portugal-by-Joao-Pedro-Silva.jpg?fit=300%2C199&#038;ssl=1\" data-large-file=\"https:\/\/i0.wp.com\/opistobranquis.info\/wp-content\/uploads\/2014\/10\/Cadlina-pellucida-3-Portugal-by-Joao-Pedro-Silva.jpg?fit=800%2C533&#038;ssl=1\" src=\"https:\/\/i0.wp.com\/opistobranquis.info\/wp-content\/uploads\/2014\/10\/Cadlina-pellucida-3-Portugal-by-Joao-Pedro-Silva.jpg?w=471&#038;h=313&#038;ssl=1\" srcset=\"https:\/\/i0.wp.com\/opistobranquis.info\/wp-content\/uploads\/2014\/10\/Cadlina-pellucida-3-Portugal-by-Joao-Pedro-Silva.jpg?w=800&amp;ssl=1 800w, https:\/\/i0.wp.com\/opistobranquis.info\/wp-content\/uploads\/2014\/10\/Cadlina-pellucida-3-Portugal-by-Joao-Pedro-Silva.jpg?resize=150%2C99&amp;ssl=1 150w, https:\/\/i0.wp.com\/opistobranquis.info\/wp-content\/uploads\/2014\/10\/Cadlina-pellucida-3-Portugal-by-Joao-Pedro-Silva.jpg?resize=300%2C199&amp;ssl=1 300w\" width=\"471\" height=\"313\" loading=\"lazy\" data-original-width=\"471\" data-original-height=\"313\" itemprop=\"http:\/\/schema.org\/image\" title=\"Cadlina pellucida (Portugal) by Joao Pedro Silva\" alt=\"Cadlina pellucida (Portugal) by Joao Pedro Silva\" style=\"width: 471px; height: 313px;\" \/> <\/a> <div class=\"tiled-gallery-caption\" itemprop=\"caption description\"> Cadlina pellucida (Portugal) by Joao Pedro Silva <\/div> <\/div> <\/div> <!-- close group --> <div class=\"gallery-group images-1\" style=\"width: 425px; height: 635px;\" data-original-width=\"425\" data-original-height=\"635\" > <div class=\"tiled-gallery-item tiled-gallery-item-large\" itemprop=\"associatedMedia\" itemscope itemtype=\"http:\/\/schema.org\/ImageObject\"> <a href=\"https:\/\/opistobranquis.info\/es\/guia\/nudibranchia\/doridina\/doridoidei\/doridoidea\/cadlina-pellucida\/cadlina-pellucida-portugal-by-joao-pedro-silva\/\" border=\"0\" itemprop=\"url\"> <meta itemprop=\"width\" content=\"421\"> <meta itemprop=\"height\" content=\"631\"> <img decoding=\"async\" class=\"\" data-attachment-id=\"15912\" data-orig-file=\"https:\/\/opistobranquis.info\/wp-content\/uploads\/2014\/10\/Cadlina-pellucida-Portugal-by-Joao-Pedro-Silva.jpg\" data-orig-size=\"533,799\" data-comments-opened=\"\" data-image-title=\"Cadlina pellucida (Portugal) by Joao Pedro Silva\" data-image-description=\"&lt;p&gt;Cadlina pellucida (Portugal) by Joao Pedro Silva&lt;\/p&gt; \" data-medium-file=\"https:\/\/i0.wp.com\/opistobranquis.info\/wp-content\/uploads\/2014\/10\/Cadlina-pellucida-Portugal-by-Joao-Pedro-Silva.jpg?fit=200%2C300&#038;ssl=1\" data-large-file=\"https:\/\/i0.wp.com\/opistobranquis.info\/wp-content\/uploads\/2014\/10\/Cadlina-pellucida-Portugal-by-Joao-Pedro-Silva.jpg?fit=533%2C799&#038;ssl=1\" src=\"https:\/\/i0.wp.com\/opistobranquis.info\/wp-content\/uploads\/2014\/10\/Cadlina-pellucida-Portugal-by-Joao-Pedro-Silva.jpg?w=421&#038;h=631&#038;ssl=1\" srcset=\"https:\/\/i0.wp.com\/opistobranquis.info\/wp-content\/uploads\/2014\/10\/Cadlina-pellucida-Portugal-by-Joao-Pedro-Silva.jpg?w=533&amp;ssl=1 533w, https:\/\/i0.wp.com\/opistobranquis.info\/wp-content\/uploads\/2014\/10\/Cadlina-pellucida-Portugal-by-Joao-Pedro-Silva.jpg?resize=100%2C150&amp;ssl=1 100w, https:\/\/i0.wp.com\/opistobranquis.info\/wp-content\/uploads\/2014\/10\/Cadlina-pellucida-Portugal-by-Joao-Pedro-Silva.jpg?resize=200%2C300&amp;ssl=1 200w\" width=\"421\" height=\"631\" loading=\"lazy\" data-original-width=\"421\" data-original-height=\"631\" itemprop=\"http:\/\/schema.org\/image\" title=\"Cadlina pellucida (Portugal) by Joao Pedro Silva\" alt=\"Cadlina pellucida (Portugal) by Joao Pedro Silva\" style=\"width: 421px; height: 631px;\" \/> <\/a> <div class=\"tiled-gallery-caption\" itemprop=\"caption description\"> Cadlina pellucida (Portugal) by Joao Pedro Silva <\/div> <\/div> <\/div> <!-- close group --> <\/div> <!-- close row --> <div class=\"gallery-row\" style=\"width: 900px; height: 464px;\" data-original-width=\"900\" data-original-height=\"464\" > <div class=\"gallery-group images-1\" style=\"width: 575px; height: 464px;\" data-original-width=\"575\" data-original-height=\"464\" > <div class=\"tiled-gallery-item tiled-gallery-item-large\" itemprop=\"associatedMedia\" itemscope itemtype=\"http:\/\/schema.org\/ImageObject\"> <a href=\"https:\/\/opistobranquis.info\/es\/guia\/nudibranchia\/doridina\/doridoidei\/doridoidea\/cadlina-pellucida\/cadlina-pellucida-isla-del-toro-mallorca-18-08-2011-in-40-m-by-lenka-juskanicova\/\" border=\"0\" itemprop=\"url\"> <meta itemprop=\"width\" content=\"571\"> <meta itemprop=\"height\" content=\"460\"> <img decoding=\"async\" class=\"\" data-attachment-id=\"18900\" data-orig-file=\"https:\/\/opistobranquis.info\/wp-content\/uploads\/2012\/10\/Cadlina-pellucida-@-Isla-del-Toro-Mallorca-18-08-2011-in-40-m-by-Lenka-Juskani\u010dov\u00e1.jpg\" data-orig-size=\"615,496\" data-comments-opened=\"\" data-image-title=\"Cadlina pellucida @ Isla del Toro, Mallorca 18-08-2011 in 40 m by Lenka Juskani\u010dov\u00e1\" data-image-description=\"&lt;p&gt;Cadlina pellucida @ Isla del Toro, Mallorca 18-08-2011 in 40 m by Lenka Juskani\u010dov\u00e1&lt;\/p&gt; \" data-medium-file=\"https:\/\/i0.wp.com\/opistobranquis.info\/wp-content\/uploads\/2012\/10\/Cadlina-pellucida-%40-Isla-del-Toro-Mallorca-18-08-2011-in-40-m-by-Lenka-Juskani%C4%8Dov%C3%A1.jpg?fit=300%2C242&#038;ssl=1\" data-large-file=\"https:\/\/i0.wp.com\/opistobranquis.info\/wp-content\/uploads\/2012\/10\/Cadlina-pellucida-%40-Isla-del-Toro-Mallorca-18-08-2011-in-40-m-by-Lenka-Juskani%C4%8Dov%C3%A1.jpg?fit=615%2C496&#038;ssl=1\" src=\"https:\/\/i0.wp.com\/opistobranquis.info\/wp-content\/uploads\/2012\/10\/Cadlina-pellucida-%40-Isla-del-Toro-Mallorca-18-08-2011-in-40-m-by-Lenka-Juskani%C4%8Dov%C3%A1.jpg?w=571&#038;h=460&#038;ssl=1\" width=\"571\" height=\"460\" loading=\"lazy\" data-original-width=\"571\" data-original-height=\"460\" itemprop=\"http:\/\/schema.org\/image\" title=\"Cadlina pellucida @ Isla del Toro, Mallorca 18-08-2011 in 40 m by Lenka Juskani\u010dov\u00e1\" alt=\"Cadlina pellucida @ Isla del Toro, Mallorca 18-08-2011 in 40 m by Lenka Juskani\u010dov\u00e1\" style=\"width: 571px; height: 460px;\" \/> <\/a> <div class=\"tiled-gallery-caption\" itemprop=\"caption description\"> Cadlina pellucida @ Isla del Toro, Mallorca 18-08-2011 in 40 m by Lenka Juskani\u010dov\u00e1 <\/div> <\/div> <\/div> <!-- close group --> <div class=\"gallery-group images-2\" style=\"width: 325px; height: 464px;\" data-original-width=\"325\" data-original-height=\"464\" > <div class=\"tiled-gallery-item tiled-gallery-item-large\" itemprop=\"associatedMedia\" itemscope itemtype=\"http:\/\/schema.org\/ImageObject\"> <a href=\"https:\/\/opistobranquis.info\/es\/guia\/nudibranchia\/doridina\/doridoidei\/doridoidea\/cadlina-pellucida\/cadlina-pellucida-albufeira-portugal-7-05-2016-by-stefan-verhayen\/\" border=\"0\" itemprop=\"url\"> <meta itemprop=\"width\" content=\"321\"> <meta itemprop=\"height\" content=\"241\"> <img decoding=\"async\" class=\"\" data-attachment-id=\"23423\" data-orig-file=\"https:\/\/opistobranquis.info\/wp-content\/uploads\/2017\/03\/Cadlina-pellucida-@-Albufeira-Portugal-7-05-2016-by-Stefan-Verhayen.jpg\" data-orig-size=\"960,720\" data-comments-opened=\"\" data-image-title=\"Cadlina pellucida @ Albufeira, Portugal 7-05-2016 by Stefan Verheyen\" data-image-description=\"&lt;p&gt;Cadlina pellucida @ Albufeira, Portugal 7-05-2016 by Stefan Verheyen&lt;\/p&gt; \" data-medium-file=\"https:\/\/i0.wp.com\/opistobranquis.info\/wp-content\/uploads\/2017\/03\/Cadlina-pellucida-%40-Albufeira-Portugal-7-05-2016-by-Stefan-Verhayen.jpg?fit=300%2C225&#038;ssl=1\" data-large-file=\"https:\/\/i0.wp.com\/opistobranquis.info\/wp-content\/uploads\/2017\/03\/Cadlina-pellucida-%40-Albufeira-Portugal-7-05-2016-by-Stefan-Verhayen.jpg?fit=900%2C675&#038;ssl=1\" src=\"https:\/\/i0.wp.com\/opistobranquis.info\/wp-content\/uploads\/2017\/03\/Cadlina-pellucida-%40-Albufeira-Portugal-7-05-2016-by-Stefan-Verhayen.jpg?w=321&#038;h=241&#038;ssl=1\" width=\"321\" height=\"241\" loading=\"lazy\" data-original-width=\"321\" data-original-height=\"241\" itemprop=\"http:\/\/schema.org\/image\" title=\"Cadlina pellucida @ Albufeira, Portugal 7-05-2016 by Stefan Verheyen\" alt=\"Cadlina pellucida @ Albufeira, Portugal 7-05-2016 by Stefan Verhayen\" style=\"width: 321px; height: 241px;\" \/> <\/a> <div class=\"tiled-gallery-caption\" itemprop=\"caption description\"> Cadlina pellucida @ Albufeira, Portugal 7-05-2016 by Stefan Verheyen <\/div> <\/div> <div class=\"tiled-gallery-item tiled-gallery-item-large\" itemprop=\"associatedMedia\" itemscope itemtype=\"http:\/\/schema.org\/ImageObject\"> <a href=\"https:\/\/opistobranquis.info\/es\/guia\/nudibranchia\/doridina\/doridoidei\/doridoidea\/cadlina-pellucida\/cadlina-pellucida-04-2\/\" border=\"0\" itemprop=\"url\"> <meta itemprop=\"width\" content=\"321\"> <meta itemprop=\"height\" content=\"215\"> <img decoding=\"async\" class=\"\" data-attachment-id=\"32893\" data-orig-file=\"https:\/\/opistobranquis.info\/wp-content\/uploads\/2021\/10\/Cadlina-pellucida-04-1.jpg\" data-orig-size=\"1034,693\" data-comments-opened=\"\" data-image-title=\"Cadlina pellucida by Enric Madrenas\" data-image-description=\"&lt;p&gt;Cadlina pellucida by Enric Madrenas&lt;\/p&gt; \" data-medium-file=\"https:\/\/i0.wp.com\/opistobranquis.info\/wp-content\/uploads\/2021\/10\/Cadlina-pellucida-04-1.jpg?fit=300%2C201&#038;ssl=1\" data-large-file=\"https:\/\/i0.wp.com\/opistobranquis.info\/wp-content\/uploads\/2021\/10\/Cadlina-pellucida-04-1.jpg?fit=900%2C603&#038;ssl=1\" src=\"https:\/\/i0.wp.com\/opistobranquis.info\/wp-content\/uploads\/2021\/10\/Cadlina-pellucida-04-1.jpg?w=321&#038;h=215&#038;ssl=1\" srcset=\"https:\/\/i0.wp.com\/opistobranquis.info\/wp-content\/uploads\/2021\/10\/Cadlina-pellucida-04-1.jpg?w=1034&amp;ssl=1 1034w, https:\/\/i0.wp.com\/opistobranquis.info\/wp-content\/uploads\/2021\/10\/Cadlina-pellucida-04-1.jpg?resize=300%2C201&amp;ssl=1 300w, https:\/\/i0.wp.com\/opistobranquis.info\/wp-content\/uploads\/2021\/10\/Cadlina-pellucida-04-1.jpg?resize=1024%2C686&amp;ssl=1 1024w, https:\/\/i0.wp.com\/opistobranquis.info\/wp-content\/uploads\/2021\/10\/Cadlina-pellucida-04-1.jpg?resize=150%2C101&amp;ssl=1 150w\" width=\"321\" height=\"215\" loading=\"lazy\" data-original-width=\"321\" data-original-height=\"215\" itemprop=\"http:\/\/schema.org\/image\" title=\"Cadlina pellucida by Enric Madrenas\" alt=\"Cadlina pellucida @ L&#039;Escala, by Enric Madrenas\" style=\"width: 321px; height: 215px;\" \/> <\/a> <div class=\"tiled-gallery-caption\" itemprop=\"caption description\"> Cadlina pellucida <\/div> <\/div> <\/div> <!-- close group --> <\/div> <!-- close row --> <div class=\"gallery-row\" style=\"width: 900px; height: 605px;\" data-original-width=\"900\" data-original-height=\"605\" > <div class=\"gallery-group images-1\" style=\"width: 900px; height: 605px;\" data-original-width=\"900\" data-original-height=\"605\" > <div class=\"tiled-gallery-item tiled-gallery-item-large\" itemprop=\"associatedMedia\" itemscope itemtype=\"http:\/\/schema.org\/ImageObject\"> <a href=\"https:\/\/opistobranquis.info\/es\/guia\/nudibranchia\/doridina\/doridoidei\/doridoidea\/cadlina-pellucida\/cadlina-pellucida-06-3\/\" border=\"0\" itemprop=\"url\"> <meta itemprop=\"width\" content=\"896\"> <meta itemprop=\"height\" content=\"601\"> <img decoding=\"async\" class=\"\" data-attachment-id=\"32905\" data-orig-file=\"https:\/\/opistobranquis.info\/wp-content\/uploads\/2021\/10\/Cadlina-pellucida-06-2.jpg\" data-orig-size=\"1034,693\" data-comments-opened=\"\" data-image-title=\"Cadlina pellucida by Enric Madrenas\" data-image-description=\"&lt;p&gt;Cadlina pellucida by Enric Madrenas&lt;\/p&gt; \" data-medium-file=\"https:\/\/i0.wp.com\/opistobranquis.info\/wp-content\/uploads\/2021\/10\/Cadlina-pellucida-06-2.jpg?fit=300%2C201&#038;ssl=1\" data-large-file=\"https:\/\/i0.wp.com\/opistobranquis.info\/wp-content\/uploads\/2021\/10\/Cadlina-pellucida-06-2.jpg?fit=900%2C603&#038;ssl=1\" src=\"https:\/\/i0.wp.com\/opistobranquis.info\/wp-content\/uploads\/2021\/10\/Cadlina-pellucida-06-2.jpg?w=896&#038;h=601&#038;ssl=1\" srcset=\"https:\/\/i0.wp.com\/opistobranquis.info\/wp-content\/uploads\/2021\/10\/Cadlina-pellucida-06-2.jpg?w=1034&amp;ssl=1 1034w, https:\/\/i0.wp.com\/opistobranquis.info\/wp-content\/uploads\/2021\/10\/Cadlina-pellucida-06-2.jpg?resize=300%2C201&amp;ssl=1 300w, https:\/\/i0.wp.com\/opistobranquis.info\/wp-content\/uploads\/2021\/10\/Cadlina-pellucida-06-2.jpg?resize=1024%2C686&amp;ssl=1 1024w, https:\/\/i0.wp.com\/opistobranquis.info\/wp-content\/uploads\/2021\/10\/Cadlina-pellucida-06-2.jpg?resize=150%2C101&amp;ssl=1 150w\" width=\"896\" height=\"601\" loading=\"lazy\" data-original-width=\"896\" data-original-height=\"601\" itemprop=\"http:\/\/schema.org\/image\" title=\"Cadlina pellucida by Enric Madrenas\" alt=\"Cadlina pellucida by Enric Madrenas\" style=\"width: 896px; height: 601px;\" \/> <\/a> <div class=\"tiled-gallery-caption\" itemprop=\"caption description\"> Cadlina pellucida <\/div> <\/div> <\/div> <!-- close group --> <\/div> <!-- close row --> <\/div><\/p>\n<p><strong><br \/>\n<\/strong><strong>Bibliograf\u00eda<\/strong><\/p><ul><div id=\"zotpress-1a82eed3e6dfa24550ba19845dfb442e\" class=\"zp-Zotpress zp-Zotpress-Bib wp-block-group\">\n\n\t\t<span class=\"ZP_API_USER_ID ZP_ATTR\">1246567<\/span>\n\t\t<span class=\"ZP_ITEM_KEY ZP_ATTR\"><\/span>\n\t\t<span class=\"ZP_COLLECTION_ID ZP_ATTR\"><\/span>\n\t\t<span class=\"ZP_TAG_ID ZP_ATTR\">Cadlina pellucida<\/span>\n\t\t<span class=\"ZP_AUTHOR ZP_ATTR\"><\/span>\n\t\t<span class=\"ZP_YEAR ZP_ATTR\"><\/span>\n        <span class=\"ZP_ITEMTYPE ZP_ATTR\"><\/span>\n\t\t<span class=\"ZP_INCLUSIVE ZP_ATTR\">1<\/span>\n\t\t<span class=\"ZP_STYLE ZP_ATTR\">eunomia-revista-en-cultura-de-la-legalidad<\/span>\n\t\t<span class=\"ZP_LIMIT ZP_ATTR\">50<\/span>\n\t\t<span class=\"ZP_SORTBY ZP_ATTR\">creator<\/span>\n\t\t<span class=\"ZP_ORDER ZP_ATTR\">asc<\/span>\n\t\t<span class=\"ZP_TITLE ZP_ATTR\"><\/span>\n\t\t<span class=\"ZP_SHOWIMAGE ZP_ATTR\"><\/span>\n\t\t<span class=\"ZP_SHOWTAGS ZP_ATTR\"><\/span>\n\t\t<span class=\"ZP_DOWNLOADABLE ZP_ATTR\"><\/span>\n\t\t<span class=\"ZP_NOTES ZP_ATTR\"><\/span>\n\t\t<span class=\"ZP_ABSTRACT ZP_ATTR\"><\/span>\n\t\t<span class=\"ZP_CITEABLE ZP_ATTR\"><\/span>\n\t\t<span class=\"ZP_TARGET ZP_ATTR\">1<\/span>\n\t\t<span class=\"ZP_URLWRAP ZP_ATTR\"><\/span>\n\t\t<span class=\"ZP_FORCENUM ZP_ATTR\"><\/span>\n        <span class=\"ZP_HIGHLIGHT ZP_ATTR\"><\/span>\n        <span class=\"ZP_POSTID ZP_ATTR\">2446<\/span>\n\t\t<span class=\"ZOTPRESS_PLUGIN_URL ZP_ATTR\">https:\/\/opistobranquis.info\/wp-content\/plugins\/zotpress\/<\/span>\n\n\t\t<div class=\"zp-List loading\">\n\t\t\t<div class=\"zp-SEO-Content\">\n\n\t\t\t<\/div><!-- .zp-zp-SEO-Content -->\n\t\t<\/div><!-- .zp-List -->\n\t<\/div><!--.zp-Zotpress-->\n\n<p><\/p>Bibliograf\u00eda basada en los trabajos de <b>Steve Long, 2006<\/b>. <a target=_blank href=https:\/\/opistobranquis.info\/wp-content\/uploads\/2016\/06\/Long-S.-2006-Bibliography-of-Opisthobranchia-1554-2000.pdf>Bibliography of Opisthobranchia 1554-2000<\/a> y <b>Gary McDonald, 2009<\/b>. <a href=http:\/\/escholarship.org\/uc\/item\/8115h0wz>Bibliographia Nudibranchia<\/a>, con actualizaciones posteriores procedentes de otras fuentes.<p><\/p><\/ul><p><\/p><p><strong>M\u00e1s informaci\u00f3n<\/strong><\/p><span style=\"font-size:10pt\"><ul><ul class=\"blogroll-links\"><li><a href=\"http:\/\/www.asturnatura.com\/especie\/cadlina-pellucida.html\">AsturNatura<\/a><\/li><li><a href=\"http:\/\/www.biodiversitylibrary.org\/name\/Cadlina%20pellucida\">Biodiversity Heritage Library<\/a><\/li><li><a href=\"https:\/\/litoraldegranada.ugr.es\/el-litoral\/el-litoral-sumergido\/fauna\/moluscos\/gasteropodos\/opistobranquios\/orden-nudibranchia\/doridaceos\/doridoideos\/cadlina-pellucida\/\">El Litoral de Granada<\/a><\/li><li><a href=\"https:\/\/www.flickr.com\/photos\/56388191@N08\/sets\/72177720298025629\/\">European Sea Slugs by Morddyn<\/a><\/li><li><a href=\"https:\/\/www.flickr.com\/search\/?text=Cadlina%20pellucida\">Flickr pictures<\/a><\/li><li><a href=\"http:\/\/www.opistobranquis.org\/ca\/guia\/71\">GROC<\/a><\/li><li><a href=\"http:\/\/www.irmng.org\/aphia.php?p=taxlist&#038;tName=Cadlina%20pellucida\">Interim Register of Marine and Nonmarine Genera<\/a><\/li><li><a href=\"http:\/\/www.ncbi.nlm.nih.gov\/Taxonomy\/Browser\/wwwtax.cgi?mode=Undef&#038;name=Cadlina%20pellucida&#038;lvl=0&#038;srchmode=1\">NCBI GenBank<\/a><\/li><li><a href=\"http:\/\/iobis.org\/mapper\/?taxon=Cadlina%20pellucida\">OBIS - Search by Taxon<\/a><\/li><li><a href=\"http:\/\/www.seaslugforum.net\/showall\/cadlpell\">Sea Slug Forum<\/a><\/li><li><a href=\"https:\/\/conchsoc.net\/spAccount\/cadlina-pellucida\">The Conchological Society of Great Britain and Ireland<\/a><\/li><li><a href=\"http:\/\/www.marinespecies.org\/aphia.php?p=taxdetails&#038;id=139135\">World Register of Marine Species<\/a><\/li><\/ul><\/ul><\/span><p><strong>Citar este art\u00edculo como: <\/strong><\/p><div style=\"display: block; background: #444444; padding: 10px 30px 10px 10px; border-radius: 5px; line-height: 18px;\"><p class=\"citacio\"><b>Pontes, Miquel<\/b> (2025) <em>\"Cadlina pellucida\"<\/em> en <em>OPK-Opistobranquis<\/em>. Publicado: 28\/10\/2012. Accedido: 03\/09\/2026. Disponible en (<a href=https:\/\/opistobranquis.info\/es\/?p=2446>https:\/\/opistobranquis.info\/es\/?p=2446<\/a>)<\/p><p><\/p><\/div><p><\/p><\/p>","protected":false},"excerpt":{"rendered":"<p>Cadlina pellucida (Risso, 1826) Nota taxon\u00f3mica: El g\u00e9nero Cadlina constituye un linaje singular dentro de los dorid\u00e1ceos. Tradicionalmente fue incluido en la familia Chromodorididae; sin embargo, estudios morfol\u00f3gicos y moleculares han conducido a su separaci\u00f3n en la familia Cadlinidae (World Register of Marine Species, 2024). Este cambio se sustenta en caracteres anat\u00f3micos distintivos, entre ellos la estructura de la r\u00e1dula, la presencia de gl\u00e1ndulas d\u00e9rmicas espec\u00edficas y diferencias en el\u2026<\/p>\n<p class=\"continue-reading-button\"> <a class=\"continue-reading-link\" href=\"https:\/\/opistobranquis.info\/es\/guia\/nudibranchia\/doridina\/doridoidei\/doridoidea\/cadlina-pellucida\/\">Sigue leyendo<i class=\"crycon-right-dir\"><\/i><\/a><\/p>\n","protected":false},"author":5,"featured_media":4183,"parent":26109,"menu_order":6244,"comment_status":"closed","ping_status":"closed","template":"","meta":{"footnotes":""},"class_list":["post-2446","page","type-page","status-publish","has-post-thumbnail","hentry"],"jetpack_sharing_enabled":true,"_links":{"self":[{"href":"https:\/\/opistobranquis.info\/es\/wp-json\/wp\/v2\/pages\/2446","targetHints":{"allow":["GET"]}}],"collection":[{"href":"https:\/\/opistobranquis.info\/es\/wp-json\/wp\/v2\/pages"}],"about":[{"href":"https:\/\/opistobranquis.info\/es\/wp-json\/wp\/v2\/types\/page"}],"author":[{"embeddable":true,"href":"https:\/\/opistobranquis.info\/es\/wp-json\/wp\/v2\/users\/5"}],"replies":[{"embeddable":true,"href":"https:\/\/opistobranquis.info\/es\/wp-json\/wp\/v2\/comments?post=2446"}],"version-history":[{"count":12,"href":"https:\/\/opistobranquis.info\/es\/wp-json\/wp\/v2\/pages\/2446\/revisions"}],"predecessor-version":[{"id":48322,"href":"https:\/\/opistobranquis.info\/es\/wp-json\/wp\/v2\/pages\/2446\/revisions\/48322"}],"up":[{"embeddable":true,"href":"https:\/\/opistobranquis.info\/es\/wp-json\/wp\/v2\/pages\/26109"}],"wp:featuredmedia":[{"embeddable":true,"href":"https:\/\/opistobranquis.info\/es\/wp-json\/wp\/v2\/media\/4183"}],"wp:attachment":[{"href":"https:\/\/opistobranquis.info\/es\/wp-json\/wp\/v2\/media?parent=2446"}],"curies":[{"name":"wp","href":"https:\/\/api.w.org\/{rel}","templated":true}]}}