{"id":24885,"date":"2018-02-04T09:59:12","date_gmt":"2018-02-04T08:59:12","guid":{"rendered":"https:\/\/opistobranquis.info\/?page_id=24885"},"modified":"2025-03-02T12:39:47","modified_gmt":"2025-03-02T11:39:47","slug":"thordisa-azmanii","status":"publish","type":"page","link":"https:\/\/opistobranquis.info\/es\/guia\/nudibranchia\/doridina\/doridoidei\/doridoidea\/thordisa-azmanii\/","title":{"rendered":"Thordisa azmanii"},"content":{"rendered":"<p><\/p>\n<h3><em>Thordisa azmanii<\/em> Cervera &amp; Garc\u00eda-G\u00f3mez, 1989<\/h3>\n<p><span style=\"font-size:10pt;\" class=\"aligncenter\"><div id=\"featured-img-id\"><img data-recalc-dims=\"1\" decoding=\"async\" src=\"https:\/\/i0.wp.com\/opistobranquis.info\/wp-content\/uploads\/2025\/03\/Thordisa-azmanii-16.jpg?w=900&#038;ssl=1\" alt=\"Thordisa azmanii @ L&#039;Escala by Enric Madrenas\" \/><\/div><center><em>Thordisa azmanii @ L'Escala<\/em> por Enric Madrenas<\/center><\/span><p><\/p><div class=\"opk-worms\"><h3>Informaci\u00f3n taxon\u00f3mica WoRMS<\/h3><div class=\"opk-success\">Nombre aceptado actual: <strong><em>Thordisa azmanii<\/em> Cervera &amp; Garc\u00eda-G\u00f3mez, 1989<\/strong><\/div><h4>Clasificaci\u00f3n actual<\/h4><table class=\"widefat striped\"><tr><th>Superdomain<\/th><td><a target=\"_blank\" href=\"https:\/\/www.marinespecies.org\/aphia.php?p=taxdetails&id=1\">Biota<\/a><\/td><\/tr><tr><th>Kingdom<\/th><td><a target=\"_blank\" href=\"https:\/\/www.marinespecies.org\/aphia.php?p=taxdetails&id=2\">Animalia<\/a><\/td><\/tr><tr><th>Phylum<\/th><td><a target=\"_blank\" href=\"https:\/\/www.marinespecies.org\/aphia.php?p=taxdetails&id=51\">Mollusca<\/a><\/td><\/tr><tr><th>Class<\/th><td><a target=\"_blank\" href=\"https:\/\/www.marinespecies.org\/aphia.php?p=taxdetails&id=101\">Gastropoda<\/a><\/td><\/tr><tr><th>Subclass<\/th><td><a target=\"_blank\" href=\"https:\/\/www.marinespecies.org\/aphia.php?p=taxdetails&id=14712\">Heterobranchia<\/a><\/td><\/tr><tr><th>Infraclass<\/th><td><a target=\"_blank\" href=\"https:\/\/www.marinespecies.org\/aphia.php?p=taxdetails&id=1057247\">Euthyneura<\/a><\/td><\/tr><tr><th>Subterclass<\/th><td><a target=\"_blank\" href=\"https:\/\/www.marinespecies.org\/aphia.php?p=taxdetails&id=1057249\">Ringipleura<\/a><\/td><\/tr><tr><th>Superorder<\/th><td><a target=\"_blank\" href=\"https:\/\/www.marinespecies.org\/aphia.php?p=taxdetails&id=411966\">Nudipleura<\/a><\/td><\/tr><tr><th>Order<\/th><td><a target=\"_blank\" href=\"https:\/\/www.marinespecies.org\/aphia.php?p=taxdetails&id=1762\">Nudibranchia<\/a><\/td><\/tr><tr><th>Suborder<\/th><td><a target=\"_blank\" href=\"https:\/\/www.marinespecies.org\/aphia.php?p=taxdetails&id=1052385\">Doridina<\/a><\/td><\/tr><tr><th>Infraorder<\/th><td><a target=\"_blank\" href=\"https:\/\/www.marinespecies.org\/aphia.php?p=taxdetails&id=246038\">Doridoidei<\/a><\/td><\/tr><tr><th>Superfamily<\/th><td><a target=\"_blank\" href=\"https:\/\/www.marinespecies.org\/aphia.php?p=taxdetails&id=173\">Doridoidea<\/a><\/td><\/tr><tr><th>Family<\/th><td><a target=\"_blank\" href=\"https:\/\/www.marinespecies.org\/aphia.php?p=taxdetails&id=1761\">Discodorididae<\/a><\/td><\/tr><tr><th>Genus<\/th><td><a target=\"_blank\" href=\"https:\/\/www.marinespecies.org\/aphia.php?p=taxdetails&id=137900\"><em>Thordisa<\/em><\/a><\/td><\/tr><tr><th>Species<\/th><td><a target=\"_blank\" href=\"https:\/\/www.marinespecies.org\/aphia.php?p=taxdetails&id=139590\"><em>Thordisa azmanii<\/em> Cervera &amp; Garc\u00eda-G\u00f3mez, 1989<\/a><\/td><\/tr><\/table><p class=\"footer\">Clasificaci\u00f3n proporcionada por el World Register of Marine Species (WoRMS). [<a target=\"_blank\" href=\"https:\/\/www.marinespecies.org\/aphia.php?p=taxdetails&id=139590\">139590<\/a>]<\/p><\/div><strong>Nota taxon\u00f3mica:\u00a0<\/strong>Ortea &amp; Mart\u00ednez (1991) consideran que esta especie es la misma que <em>Thordisa diuda<\/em> Marcus, 1955 pero esta propuesta ha sido rechazada por Cervera et al (2004) y por Alvim &amp; Diaz Pimenta (2013).<\/p>\n<p><strong>Descripci\u00f3n<br \/>\n<\/strong>El cuerpo tiene forma ovalada y puede alcanzar una longitud m\u00e1xima de unos 15mm. Es de color naranja a marr\u00f3n oscuro, con el dorso convexo y de textura espiculosa. El manto, cuyos bordes tienen peque\u00f1os puntos blancos, est\u00e1 cubierto de tub\u00e9rculos espiculados de forma c\u00f3nica de diferentes tama\u00f1os, los mayores est\u00e1n manchados de color blanco en el extremo, y los de menor tama\u00f1o aparecen alineados en los bordes del manto y de las vainas rinof\u00f3ricas y branquiales, lo que les da una apariencia irregular. La parte inferior del manto permite observar la disposici\u00f3n radial de las esp\u00edculas en el tejido, as\u00ed como agrupaciones ramificadas. El pie, de color amarillo claro, es bilabiado y espiculoso, y ocasionalmente se extiende por detr\u00e1s del manto cuando el animal est\u00e1 en movimiento. El borde posterior del pie tiene min\u00fasculas manchas blancas. Los tent\u00e1culos orales son cortos y tienen forma cil\u00edndrica. Los rin\u00f3foros, de color marr\u00f3n oscuro, tienen entre 9 y 11 laminillas, las puntas de las 3 o 4 m\u00e1s distales est\u00e1n manchadas de blanco. La pluma branquial tiene de 5 a 7 hojas bipinnadas, de color marr\u00f3n oscuro en su parte basal y color blanco en la parte distal, rodeando la papila anal.<\/p>\n<p><strong>Biolog\u00eda<br \/>\n<\/strong>Los ejemplares hallados en Galicia (Alm\u00f3n et al. 2011) viv\u00edan sobre esponjas del g\u00e9nero <em>Raspailia<\/em>: en concreto\u00a0<em>Raspailia hispida<\/em> (Montagu, 1818), <em>Raspailia (Raspailia) ramosa<\/em> (Montagu, 1818) y <em>Raspailia (Raspailia) cf. viminalis<\/em> (Schmidt, 1862) y se supone que se alimentan de ellas, pero no se ha podido comprobar. La puesta consiste en una cinta de color amarillo claro, fijada por uno de sus lados al substrato -generalmente en la mencionada esponja-, enrollada en una espiral de entre una y dos vueltas, con huevos de unas 100 micras de di\u00e1metro, dispuestos transversalmente en filas de unos 25 en dos capas superpuestas (Ortea et Mart\u00ednez, 1990). Observada a una cierta distancia el aspecto general de este nudibranquio es similar a la del briozoo <em>Cellepora pumicosa<\/em>, lo que podr\u00eda entenderse como una forma de camuflaje en la que el animal adopta el aspecto de una especie poco atractiva para los depredadores. El noto espiculoso facilita la retenci\u00f3n de part\u00edculas de detritus en la misma forma que las esponjas <em>Raspailia<\/em>, de forma que pueden pasar inadvertidos a los depredadores.<\/p>\n<p><strong>Etimolog\u00eda<\/strong><\/p>\n<ul>\n<li><em>Thordisa<\/em>. Nombre femenino de origen n\u00f3rdico, citado en las Sagas. Una mujer agradable a la vista, altiva y m\u00e1s bien dura de coraz\u00f3n.<\/li>\n<li><em>Azmanii<\/em>, en honor del Dr. J. Azmani (M.D.), por &#8220;eliminar una enfermedad cr\u00f3nica de uno de nosotros&#8221; (Cervera et Garc\u00eda-G\u00f3mez, 1989).<\/li>\n<\/ul>\n<p><strong>Distribuci\u00f3n<br \/>\n<\/strong>Esta especie ha sido citada en las costas atl\u00e1nticas de la Pen\u00ednsula Ib\u00e9rica: en C\u00e1diz (Cervera &amp; Garc\u00eda G\u00f3mez, 1989), en Portugal (Garc\u00eda G\u00f3mez, 1991), en la r\u00eda de Arousa, Galicia (Almon <em>et al<\/em>., 2011 ) y en Cudillero, Asturias (Ortea &amp; Mart\u00ednez, 1990 como <em>T.diuda<\/em>). Los ejemplares de Asturias y C\u00e1diz se recogieron en el intermareal, mientras que los de Galicia se hallaron en inmersi\u00f3n a 20 metros, por lo que su distribuci\u00f3n batim\u00e9trica no est\u00e1 clara. Tambi\u00e9n ha sido encontrada en las costas de St. Agnes, Cornwall, Gran Breta\u00f1a (Picton, 1978 [in] Medslugs) y en Ouessant, en la Breta\u00f1a francesa (Roche, F. [in] NE Atlantic Nudibranchs, 2018), tambi\u00e9n en las Azores (Chan &amp; Gosliner, 2007). Hay una cita de Cabo Verde (Ortea &amp; Cabrera, 1999) como <em>T.diuda<\/em> que probablemente corresponde a <em>T.azmanii<\/em>, ya que los autores la asimilan a los hallazgos del Norte de Espa\u00f1a, aunque (Alvim <em>et<\/em> Pimenta, 2013 ) s\u00f3lo indican que no es <em>T.diuda<\/em>. Hay muy pocas citas de esta especie en el Mediterr\u00e1neo: hasta el momento s\u00f3lo se ha encontrado en Granada (S\u00e1nchez Tocino <em>et al<\/em>., 2000) y en L&#8217;Escala, Gerona (Madrenas, E. com. pers.). El hallazgo de Federico Betti en Numana, Italia en 2010, se ha verificado que no pertenece al g\u00e9nero <em>Thordisa<\/em>, sino al g\u00e9nero <em>Doris<\/em>. <div id=\"flxmap-6a9b885a78b9a\" class='flxmap-container' data-flxmap='flxmap_6a9b885a78b9a' style=\"width:100%;height:400px;\"><\/div>\n<script data-noptimize=\"1\">\n\/* <![CDATA[ *\/\n(function(w, fn) {\n if (w.addEventListener) w.addEventListener(\"DOMContentLoaded\", fn, false);\n else if (w.attachEvent) w.attachEvent(\"onload\", fn);\n})(window, function() {\n var f = new FlexibleMap();\n f.panControl = true;\n f.mapTypeId = \"satellite\";\n f.setlocale(\"es-ES\");\n f.kmlcache = \"5 minutes\";\n f.showKML(\"flxmap-6a9b885a78b9a\", \"https:\/\/opistobranquis.info\/wp-content\/uploads\/kms\/24885.kmz\");\n window.flxmap_6a9b885a78b9a = f;\n});\n\/* ]]> *\/\n<\/script>\n<div style=\"width:100%;text-align:center;margin:12px 0 4px 0;\">\n  <div style=\"font-size:8pt;margin-bottom:6px;\">Citas georeferenciadas conocidas de la especie: <em>Thordisa azmanii<\/em><\/div>\n  <table style=\"margin:0 auto;border-collapse:collapse;font-size:8pt;\">\n    <tr><td colspan=\"2\" style=\"text-align:left;padding-bottom:4px;\"><strong>Fonts:<\/strong><\/td><\/tr>\n    <tr>\n      <td style=\"vertical-align:top;padding-right:40px;\">\n        <table style=\"border-collapse:collapse;\">\n<tr><td style='padding:1px 6px 1px 0;vertical-align:middle'><img data-recalc-dims=\"1\" src=\"https:\/\/i0.wp.com\/opistobranquis.info\/wp-content\/uploads\/kms\/wht-circle-lv.png?w=900&#038;ssl=1\" style='display:block'><\/td><td style='padding:1px 0;vertical-align:middle;white-space:nowrap'>OBIS<\/td><\/tr><tr><td style='padding:1px 6px 1px 0;vertical-align:middle'><img data-recalc-dims=\"1\" src=\"https:\/\/i0.wp.com\/opistobranquis.info\/wp-content\/uploads\/kms\/ylw-circle-lv.png?w=900&#038;ssl=1\" style='display:block'><\/td><td style='padding:1px 0;vertical-align:middle;white-space:nowrap'>GROC 2010-2011<\/td><\/tr><tr><td style='padding:1px 6px 1px 0;vertical-align:middle'><img data-recalc-dims=\"1\" src=\"https:\/\/i0.wp.com\/opistobranquis.info\/wp-content\/uploads\/kms\/grn-circle-lv.png?w=900&#038;ssl=1\" style='display:block'><\/td><td style='padding:1px 0;vertical-align:middle;white-space:nowrap'>Enric Madrenas<\/td><\/tr><tr><td style='padding:1px 6px 1px 0;vertical-align:middle'><img data-recalc-dims=\"1\" src=\"https:\/\/i0.wp.com\/opistobranquis.info\/wp-content\/uploads\/kms\/orange-circle-lv.png?w=900&#038;ssl=1\" style='display:block'><\/td><td style='padding:1px 0;vertical-align:middle;white-space:nowrap'>Jo\u00e3o Pedro Silva<\/td><\/tr><tr><td style='padding:1px 6px 1px 0;vertical-align:middle'><img data-recalc-dims=\"1\" src=\"https:\/\/i0.wp.com\/opistobranquis.info\/wp-content\/uploads\/kms\/pink-circle-lv.png?w=900&#038;ssl=1\" style='display:block'><\/td><td style='padding:1px 0;vertical-align:middle;white-space:nowrap'>Bernard Picton<\/td><\/tr><tr><td style='padding:1px 6px 1px 0;vertical-align:middle'><img data-recalc-dims=\"1\" src=\"https:\/\/i0.wp.com\/opistobranquis.info\/wp-content\/uploads\/kms\/blk-circle-lv.png?w=900&#038;ssl=1\" style='display:block'><\/td><td style='padding:1px 0;vertical-align:middle;white-space:nowrap'>GBIF<\/td><\/tr>        <\/table>\n      <\/td>\n      <td style=\"vertical-align:top;\">\n        <table style=\"border-collapse:collapse;\">\n<tr><td style='padding:1px 6px 1px 0;vertical-align:middle'><img data-recalc-dims=\"1\" src=\"https:\/\/i0.wp.com\/opistobranquis.info\/wp-content\/uploads\/kms\/purple-circle-lv.png?w=900&#038;ssl=1\" style='display:block'><\/td><td style='padding:1px 0;vertical-align:middle;white-space:nowrap'>OPK<\/td><\/tr><tr><td style='padding:1px 6px 1px 0;vertical-align:middle'><img data-recalc-dims=\"1\" src=\"https:\/\/i0.wp.com\/opistobranquis.info\/wp-content\/uploads\/kms\/red-circle-lv.png?w=900&#038;ssl=1\" style='display:block'><\/td><td style='padding:1px 0;vertical-align:middle;white-space:nowrap'>VIMAR<\/td><\/tr><tr><td style='padding:1px 6px 1px 0;vertical-align:middle'><img data-recalc-dims=\"1\" src=\"https:\/\/i0.wp.com\/opistobranquis.info\/wp-content\/uploads\/kms\/blu-circle-lv.png?w=900&#038;ssl=1\" style='display:block'><\/td><td style='padding:1px 0;vertical-align:middle;white-space:nowrap'>Manuel Ballesteros<\/td><\/tr><tr><td style='padding:1px 6px 1px 0;vertical-align:middle'><img data-recalc-dims=\"1\" src=\"https:\/\/i0.wp.com\/opistobranquis.info\/wp-content\/uploads\/kms\/cyan-circle-lv.png?w=900&#038;ssl=1\" style='display:block'><\/td><td style='padding:1px 0;vertical-align:middle;white-space:nowrap'>M@re Nostrum<\/td><\/tr><tr><td style='padding:1px 6px 1px 0;vertical-align:middle'><img data-recalc-dims=\"1\" src=\"https:\/\/i0.wp.com\/opistobranquis.info\/wp-content\/uploads\/kms\/grey-circle-lv.png?w=900&#038;ssl=1\" style='display:block'><\/td><td style='padding:1px 0;vertical-align:middle;white-space:nowrap'>Altres fonts<\/td><\/tr><tr><td style='padding:1px 6px 1px 0;vertical-align:middle'><img data-recalc-dims=\"1\" src=\"https:\/\/i0.wp.com\/opistobranquis.info\/wp-content\/uploads\/kms\/marreg.png?w=900&#038;ssl=1\" style='display:block'><\/td><td style='padding:1px 0;vertical-align:middle;white-space:nowrap'>Marine Regions<\/td><\/tr>        <\/table>\n      <\/td>\n    <\/tr>\n  <\/table>\n<\/div>\n<\/p>\n<p><strong>Error:<\/strong> Chart.js no est\u00e1 disponible.<\/p>\n<p><strong>Otras fotos<br \/>\n<\/strong><div class=\"tiled-gallery type-rectangular tiled-gallery-unresized\" data-original-width=\"900\" data-carousel-extra='{&quot;blog_id&quot;:1,&quot;permalink&quot;:&quot;https:\\\/\\\/opistobranquis.info\\\/es\\\/guia\\\/nudibranchia\\\/doridina\\\/doridoidei\\\/doridoidea\\\/thordisa-azmanii\\\/&quot;,&quot;likes_blog_id&quot;:44192421}' itemscope itemtype=\"http:\/\/schema.org\/ImageGallery\" > <div class=\"gallery-row\" style=\"width: 900px; height: 451px;\" data-original-width=\"900\" data-original-height=\"451\" > <div class=\"gallery-group images-1\" style=\"width: 600px; height: 451px;\" data-original-width=\"600\" data-original-height=\"451\" > <div class=\"tiled-gallery-item tiled-gallery-item-large\" itemprop=\"associatedMedia\" itemscope itemtype=\"http:\/\/schema.org\/ImageObject\"> <a href=\"https:\/\/opistobranquis.info\/es\/guia\/nudibranchia\/doridina\/doridoidei\/doridoidea\/thordisa-azmanii\/tazmanii-4\/\" border=\"0\" itemprop=\"url\"> <meta itemprop=\"width\" content=\"596\"> <meta itemprop=\"height\" content=\"447\"> <img decoding=\"async\" class=\"\" data-attachment-id=\"24889\" data-orig-file=\"https:\/\/opistobranquis.info\/wp-content\/uploads\/2018\/02\/Tazmanii-4.jpg\" data-orig-size=\"720,540\" data-comments-opened=\"\" data-image-title=\"Thordisa azmanii @ Granada by Luis S\u00e1nchez Tocino\" data-image-description=\"&lt;p&gt;Thordisa azmanii @ Granada by Luis S\u00e1nchez Tocino&lt;\/p&gt; \" data-medium-file=\"https:\/\/i0.wp.com\/opistobranquis.info\/wp-content\/uploads\/2018\/02\/Tazmanii-4.jpg?fit=300%2C225&#038;ssl=1\" data-large-file=\"https:\/\/i0.wp.com\/opistobranquis.info\/wp-content\/uploads\/2018\/02\/Tazmanii-4.jpg?fit=720%2C540&#038;ssl=1\" src=\"https:\/\/i0.wp.com\/opistobranquis.info\/wp-content\/uploads\/2018\/02\/Tazmanii-4.jpg?w=596&#038;h=447&#038;ssl=1\" srcset=\"https:\/\/i0.wp.com\/opistobranquis.info\/wp-content\/uploads\/2018\/02\/Tazmanii-4.jpg?w=720&amp;ssl=1 720w, https:\/\/i0.wp.com\/opistobranquis.info\/wp-content\/uploads\/2018\/02\/Tazmanii-4.jpg?resize=150%2C113&amp;ssl=1 150w, https:\/\/i0.wp.com\/opistobranquis.info\/wp-content\/uploads\/2018\/02\/Tazmanii-4.jpg?resize=300%2C225&amp;ssl=1 300w\" width=\"596\" height=\"447\" loading=\"lazy\" data-original-width=\"596\" data-original-height=\"447\" itemprop=\"http:\/\/schema.org\/image\" title=\"Thordisa azmanii @ Granada by Luis S\u00e1nchez Tocino\" alt=\"Thordisa azmanii @ Granada by Luis S\u00e1nchez Tocino\" style=\"width: 596px; height: 447px;\" \/> <\/a> <div class=\"tiled-gallery-caption\" itemprop=\"caption description\"> Thordisa azmanii @ Granada by Luis S\u00e1nchez Tocino <\/div> <\/div> <\/div> <!-- close group --> <div class=\"gallery-group images-2\" style=\"width: 300px; height: 451px;\" data-original-width=\"300\" data-original-height=\"451\" > <div class=\"tiled-gallery-item tiled-gallery-item-large\" itemprop=\"associatedMedia\" itemscope itemtype=\"http:\/\/schema.org\/ImageObject\"> <a href=\"https:\/\/opistobranquis.info\/es\/guia\/nudibranchia\/doridina\/doridoidei\/doridoidea\/thordisa-azmanii\/tazmanii\/\" border=\"0\" itemprop=\"url\"> <meta itemprop=\"width\" content=\"296\"> <meta itemprop=\"height\" content=\"222\"> <img decoding=\"async\" class=\"\" data-attachment-id=\"24890\" data-orig-file=\"https:\/\/opistobranquis.info\/wp-content\/uploads\/2018\/02\/Tazmanii.jpg\" data-orig-size=\"768,576\" data-comments-opened=\"\" data-image-title=\"Thordisa azmanii @ Granada by Luis S\u00e1nchez Tocino\" data-image-description=\"&lt;p&gt;Thordisa azmanii @ Granada by Luis S\u00e1nchez Tocino&lt;\/p&gt; \" data-medium-file=\"https:\/\/i0.wp.com\/opistobranquis.info\/wp-content\/uploads\/2018\/02\/Tazmanii.jpg?fit=300%2C225&#038;ssl=1\" data-large-file=\"https:\/\/i0.wp.com\/opistobranquis.info\/wp-content\/uploads\/2018\/02\/Tazmanii.jpg?fit=768%2C576&#038;ssl=1\" src=\"https:\/\/i0.wp.com\/opistobranquis.info\/wp-content\/uploads\/2018\/02\/Tazmanii.jpg?w=296&#038;h=222&#038;ssl=1\" srcset=\"https:\/\/i0.wp.com\/opistobranquis.info\/wp-content\/uploads\/2018\/02\/Tazmanii.jpg?w=768&amp;ssl=1 768w, https:\/\/i0.wp.com\/opistobranquis.info\/wp-content\/uploads\/2018\/02\/Tazmanii.jpg?resize=150%2C113&amp;ssl=1 150w, https:\/\/i0.wp.com\/opistobranquis.info\/wp-content\/uploads\/2018\/02\/Tazmanii.jpg?resize=300%2C225&amp;ssl=1 300w\" width=\"296\" height=\"222\" loading=\"lazy\" data-original-width=\"296\" data-original-height=\"222\" itemprop=\"http:\/\/schema.org\/image\" title=\"Thordisa azmanii @ Granada by Luis S\u00e1nchez Tocino\" alt=\"Thordisa azmanii @ Granada by Luis S\u00e1nchez Tocino\" style=\"width: 296px; height: 222px;\" \/> <\/a> <div class=\"tiled-gallery-caption\" itemprop=\"caption description\"> Thordisa azmanii @ Granada by Luis S\u00e1nchez Tocino <\/div> <\/div> <div class=\"tiled-gallery-item tiled-gallery-item-large\" itemprop=\"associatedMedia\" itemscope itemtype=\"http:\/\/schema.org\/ImageObject\"> <a href=\"https:\/\/opistobranquis.info\/es\/guia\/nudibranchia\/doridina\/doridoidei\/doridoidea\/thordisa-azmanii\/tazmanii-2\/\" border=\"0\" itemprop=\"url\"> <meta itemprop=\"width\" content=\"296\"> <meta itemprop=\"height\" content=\"221\"> <img decoding=\"async\" class=\"\" data-attachment-id=\"24891\" data-orig-file=\"https:\/\/opistobranquis.info\/wp-content\/uploads\/2018\/02\/Tazmanii-2.jpg\" data-orig-size=\"768,576\" data-comments-opened=\"\" data-image-title=\"Thordisa azmanii @ Granada by Luis S\u00e1nchez Tocino\" data-image-description=\"&lt;p&gt;Thordisa azmanii @ Granada by Luis S\u00e1nchez Tocino&lt;\/p&gt; \" data-medium-file=\"https:\/\/i0.wp.com\/opistobranquis.info\/wp-content\/uploads\/2018\/02\/Tazmanii-2.jpg?fit=300%2C225&#038;ssl=1\" data-large-file=\"https:\/\/i0.wp.com\/opistobranquis.info\/wp-content\/uploads\/2018\/02\/Tazmanii-2.jpg?fit=768%2C576&#038;ssl=1\" src=\"https:\/\/i0.wp.com\/opistobranquis.info\/wp-content\/uploads\/2018\/02\/Tazmanii-2.jpg?w=296&#038;h=221&#038;ssl=1\" srcset=\"https:\/\/i0.wp.com\/opistobranquis.info\/wp-content\/uploads\/2018\/02\/Tazmanii-2.jpg?w=768&amp;ssl=1 768w, https:\/\/i0.wp.com\/opistobranquis.info\/wp-content\/uploads\/2018\/02\/Tazmanii-2.jpg?resize=150%2C113&amp;ssl=1 150w, https:\/\/i0.wp.com\/opistobranquis.info\/wp-content\/uploads\/2018\/02\/Tazmanii-2.jpg?resize=300%2C225&amp;ssl=1 300w\" width=\"296\" height=\"221\" loading=\"lazy\" data-original-width=\"296\" data-original-height=\"221\" itemprop=\"http:\/\/schema.org\/image\" title=\"Thordisa azmanii @ Granada by Luis S\u00e1nchez Tocino\" alt=\"Thordisa azmanii @ Granada by Luis S\u00e1nchez Tocino\" style=\"width: 296px; height: 221px;\" \/> <\/a> <div class=\"tiled-gallery-caption\" itemprop=\"caption description\"> Thordisa azmanii @ Granada by Luis S\u00e1nchez Tocino <\/div> <\/div> <\/div> <!-- close group --> <\/div> <!-- close row --> <div class=\"gallery-row\" style=\"width: 900px; height: 339px;\" data-original-width=\"900\" data-original-height=\"339\" > <div class=\"gallery-group images-1\" style=\"width: 450px; height: 339px;\" data-original-width=\"450\" data-original-height=\"339\" > <div class=\"tiled-gallery-item tiled-gallery-item-large\" itemprop=\"associatedMedia\" itemscope itemtype=\"http:\/\/schema.org\/ImageObject\"> <a href=\"https:\/\/opistobranquis.info\/es\/guia\/nudibranchia\/doridina\/doridoidei\/doridoidea\/thordisa-azmanii\/tazmanii-3\/\" border=\"0\" itemprop=\"url\"> <meta itemprop=\"width\" content=\"446\"> <meta itemprop=\"height\" content=\"335\"> <img decoding=\"async\" class=\"\" data-attachment-id=\"24892\" data-orig-file=\"https:\/\/opistobranquis.info\/wp-content\/uploads\/2018\/02\/Tazmanii-3.jpg\" data-orig-size=\"768,576\" data-comments-opened=\"\" data-image-title=\"Thordisa azmanii @ Granada by Luis S\u00e1nchez Tocino\" data-image-description=\"&lt;p&gt;Thordisa azmanii @ Granada by Luis S\u00e1nchez Tocino&lt;\/p&gt; \" data-medium-file=\"https:\/\/i0.wp.com\/opistobranquis.info\/wp-content\/uploads\/2018\/02\/Tazmanii-3.jpg?fit=300%2C225&#038;ssl=1\" data-large-file=\"https:\/\/i0.wp.com\/opistobranquis.info\/wp-content\/uploads\/2018\/02\/Tazmanii-3.jpg?fit=768%2C576&#038;ssl=1\" src=\"https:\/\/i0.wp.com\/opistobranquis.info\/wp-content\/uploads\/2018\/02\/Tazmanii-3.jpg?w=446&#038;h=335&#038;ssl=1\" srcset=\"https:\/\/i0.wp.com\/opistobranquis.info\/wp-content\/uploads\/2018\/02\/Tazmanii-3.jpg?w=768&amp;ssl=1 768w, https:\/\/i0.wp.com\/opistobranquis.info\/wp-content\/uploads\/2018\/02\/Tazmanii-3.jpg?resize=150%2C113&amp;ssl=1 150w, https:\/\/i0.wp.com\/opistobranquis.info\/wp-content\/uploads\/2018\/02\/Tazmanii-3.jpg?resize=300%2C225&amp;ssl=1 300w\" width=\"446\" height=\"335\" loading=\"lazy\" data-original-width=\"446\" data-original-height=\"335\" itemprop=\"http:\/\/schema.org\/image\" title=\"Thordisa azmanii @ Granada by Luis S\u00e1nchez Tocino\" alt=\"Thordisa azmanii @ Granada by Luis S\u00e1nchez Tocino\" style=\"width: 446px; height: 335px;\" \/> <\/a> <div class=\"tiled-gallery-caption\" itemprop=\"caption description\"> Thordisa azmanii @ Granada by Luis S\u00e1nchez Tocino <\/div> <\/div> <\/div> <!-- close group --> <div class=\"gallery-group images-1\" style=\"width: 450px; height: 339px;\" data-original-width=\"450\" data-original-height=\"339\" > <div class=\"tiled-gallery-item tiled-gallery-item-large\" itemprop=\"associatedMedia\" itemscope itemtype=\"http:\/\/schema.org\/ImageObject\"> <a href=\"https:\/\/opistobranquis.info\/es\/guia\/nudibranchia\/doridina\/doridoidei\/doridoidea\/thordisa-azmanii\/thordisa-azmanii-cornwall-uk-25-03-1978-cc-by-sa-by-bernard-picton\/\" border=\"0\" itemprop=\"url\"> <meta itemprop=\"width\" content=\"446\"> <meta itemprop=\"height\" content=\"335\"> <img decoding=\"async\" class=\"\" data-attachment-id=\"24895\" data-orig-file=\"https:\/\/opistobranquis.info\/wp-content\/uploads\/2018\/02\/Thordisa-azmanii-@-Cornwall-UK-25-03-1978-CC-BY-SA-by-Bernard-Picton.jpg\" data-orig-size=\"888,666\" data-comments-opened=\"\" data-image-title=\"Thordisa azmanii @ St.Agnes, Cornwall, United Kingdom 25-03-1978 CC-BY-SA by Bernard Picton\" data-image-description=\"&lt;p&gt;Thordisa azmanii @ St.Agnes, Cornwall, United Kingdom 25-03-1978 CC-BY-SA by Bernard Picton&lt;\/p&gt; \" data-medium-file=\"https:\/\/i0.wp.com\/opistobranquis.info\/wp-content\/uploads\/2018\/02\/Thordisa-azmanii-%40-Cornwall-UK-25-03-1978-CC-BY-SA-by-Bernard-Picton.jpg?fit=300%2C225&#038;ssl=1\" data-large-file=\"https:\/\/i0.wp.com\/opistobranquis.info\/wp-content\/uploads\/2018\/02\/Thordisa-azmanii-%40-Cornwall-UK-25-03-1978-CC-BY-SA-by-Bernard-Picton.jpg?fit=888%2C666&#038;ssl=1\" src=\"https:\/\/i0.wp.com\/opistobranquis.info\/wp-content\/uploads\/2018\/02\/Thordisa-azmanii-%40-Cornwall-UK-25-03-1978-CC-BY-SA-by-Bernard-Picton.jpg?w=446&#038;h=335&#038;ssl=1\" width=\"446\" height=\"335\" loading=\"lazy\" data-original-width=\"446\" data-original-height=\"335\" itemprop=\"http:\/\/schema.org\/image\" title=\"Thordisa azmanii @ St.Agnes, Cornwall, United Kingdom 25-03-1978 CC-BY-SA by Bernard Picton\" alt=\"Thordisa azmanii @ St.Agnes, Cornwall, United Kingdom 25-03-1978 CC-BY-SA by Bernard Picton\" style=\"width: 446px; height: 335px;\" \/> <\/a> <div class=\"tiled-gallery-caption\" itemprop=\"caption description\"> Thordisa azmanii @ St.Agnes, Cornwall, United Kingdom 25-03-1978 CC-BY-SA by Bernard Picton <\/div> <\/div> <\/div> <!-- close group --> <\/div> <!-- close row --> <div class=\"gallery-row\" style=\"width: 900px; height: 541px;\" data-original-width=\"900\" data-original-height=\"541\" > <div class=\"gallery-group images-1\" style=\"width: 900px; height: 541px;\" data-original-width=\"900\" data-original-height=\"541\" > <div class=\"tiled-gallery-item tiled-gallery-item-large\" itemprop=\"associatedMedia\" itemscope itemtype=\"http:\/\/schema.org\/ImageObject\"> <a href=\"https:\/\/opistobranquis.info\/es\/guia\/nudibranchia\/doridina\/doridoidei\/doridoidea\/thordisa-azmanii\/thordisa-azmanii-bajo-o-champinon-ria-de-arousa-galicia-spain-10-06-2011-in-22m-by-jacinto-perez-dieste\/\" border=\"0\" itemprop=\"url\"> <meta itemprop=\"width\" content=\"896\"> <meta itemprop=\"height\" content=\"537\"> <img decoding=\"async\" class=\"\" data-attachment-id=\"24919\" data-orig-file=\"https:\/\/opistobranquis.info\/wp-content\/uploads\/2018\/02\/Thordisa-azmanii-@-Bajo-O-Champi\u00f1on-Ria-de-Arousa-Galicia-Spain-10-06-2011-in-22m-by-Jacinto-P\u00e9rez-Dieste.jpg\" data-orig-size=\"1024,614\" data-comments-opened=\"\" data-image-title=\"Thordisa azmanii @ Bajo O Champi\u00f1on, Ria de Arousa, Galicia, Spain 10-06-2011 in 22m by Jacinto P\u00e9rez Dieste\" data-image-description=\"&lt;p&gt;Thordisa azmanii @ Bajo O Champi\u00f1on, Ria de Arousa, Galicia, Spain 10-06-2011 in 22m by Jacinto P\u00e9rez Dieste&lt;\/p&gt; \" data-medium-file=\"https:\/\/i0.wp.com\/opistobranquis.info\/wp-content\/uploads\/2018\/02\/Thordisa-azmanii-%40-Bajo-O-Champi%C3%B1on-Ria-de-Arousa-Galicia-Spain-10-06-2011-in-22m-by-Jacinto-P%C3%A9rez-Dieste.jpg?fit=300%2C180&#038;ssl=1\" data-large-file=\"https:\/\/i0.wp.com\/opistobranquis.info\/wp-content\/uploads\/2018\/02\/Thordisa-azmanii-%40-Bajo-O-Champi%C3%B1on-Ria-de-Arousa-Galicia-Spain-10-06-2011-in-22m-by-Jacinto-P%C3%A9rez-Dieste.jpg?fit=900%2C540&#038;ssl=1\" src=\"https:\/\/i0.wp.com\/opistobranquis.info\/wp-content\/uploads\/2018\/02\/Thordisa-azmanii-%40-Bajo-O-Champi%C3%B1on-Ria-de-Arousa-Galicia-Spain-10-06-2011-in-22m-by-Jacinto-P%C3%A9rez-Dieste.jpg?w=896&#038;h=537&#038;ssl=1\" width=\"896\" height=\"537\" loading=\"lazy\" data-original-width=\"896\" data-original-height=\"537\" itemprop=\"http:\/\/schema.org\/image\" title=\"Thordisa azmanii @ Bajo O Champi\u00f1on, Ria de Arousa, Galicia, Spain 10-06-2011 in 22m by Jacinto P\u00e9rez Dieste\" alt=\"Thordisa azmanii @ Bajo O Champi\u00f1on, Ria de Arousa, Galicia, Spain 10-06-2011 in 22m by Jacinto P\u00e9rez Dieste\" style=\"width: 896px; height: 537px;\" \/> <\/a> <div class=\"tiled-gallery-caption\" itemprop=\"caption description\"> Thordisa azmanii @ Bajo O Champi\u00f1on, Ria de Arousa, Galicia, Spain 10-06-2011 in 22m <\/div> <\/div> <\/div> <!-- close group --> <\/div> <!-- close row --> <\/div><\/p>\n<p><strong>Bibliograf\u00eda<\/strong><\/p><ul><div id=\"zotpress-a9a0766e1e5722f73d21c5b9b71b5ab1\" class=\"zp-Zotpress zp-Zotpress-Bib wp-block-group\">\n\n\t\t<span class=\"ZP_API_USER_ID ZP_ATTR\">1246567<\/span>\n\t\t<span class=\"ZP_ITEM_KEY ZP_ATTR\"><\/span>\n\t\t<span class=\"ZP_COLLECTION_ID ZP_ATTR\"><\/span>\n\t\t<span class=\"ZP_TAG_ID ZP_ATTR\">Thordisa azmanii<\/span>\n\t\t<span class=\"ZP_AUTHOR ZP_ATTR\"><\/span>\n\t\t<span class=\"ZP_YEAR ZP_ATTR\"><\/span>\n        <span class=\"ZP_ITEMTYPE ZP_ATTR\"><\/span>\n\t\t<span class=\"ZP_INCLUSIVE ZP_ATTR\">1<\/span>\n\t\t<span class=\"ZP_STYLE ZP_ATTR\">eunomia-revista-en-cultura-de-la-legalidad<\/span>\n\t\t<span class=\"ZP_LIMIT ZP_ATTR\">50<\/span>\n\t\t<span class=\"ZP_SORTBY ZP_ATTR\">creator<\/span>\n\t\t<span class=\"ZP_ORDER ZP_ATTR\">asc<\/span>\n\t\t<span class=\"ZP_TITLE ZP_ATTR\"><\/span>\n\t\t<span class=\"ZP_SHOWIMAGE ZP_ATTR\"><\/span>\n\t\t<span class=\"ZP_SHOWTAGS ZP_ATTR\"><\/span>\n\t\t<span class=\"ZP_DOWNLOADABLE ZP_ATTR\"><\/span>\n\t\t<span class=\"ZP_NOTES ZP_ATTR\"><\/span>\n\t\t<span class=\"ZP_ABSTRACT ZP_ATTR\"><\/span>\n\t\t<span class=\"ZP_CITEABLE ZP_ATTR\"><\/span>\n\t\t<span class=\"ZP_TARGET ZP_ATTR\">1<\/span>\n\t\t<span class=\"ZP_URLWRAP ZP_ATTR\"><\/span>\n\t\t<span class=\"ZP_FORCENUM ZP_ATTR\"><\/span>\n        <span class=\"ZP_HIGHLIGHT ZP_ATTR\"><\/span>\n        <span class=\"ZP_POSTID ZP_ATTR\">24885<\/span>\n\t\t<span class=\"ZOTPRESS_PLUGIN_URL ZP_ATTR\">https:\/\/opistobranquis.info\/wp-content\/plugins\/zotpress\/<\/span>\n\n\t\t<div class=\"zp-List loading\">\n\t\t\t<div class=\"zp-SEO-Content\">\n\n\t\t\t<\/div><!-- .zp-zp-SEO-Content -->\n\t\t<\/div><!-- .zp-List -->\n\t<\/div><!--.zp-Zotpress-->\n\n<p><\/p>Bibliograf\u00eda basada en los trabajos de <b>Steve Long, 2006<\/b>. <a target=_blank href=https:\/\/opistobranquis.info\/wp-content\/uploads\/2016\/06\/Long-S.-2006-Bibliography-of-Opisthobranchia-1554-2000.pdf>Bibliography of Opisthobranchia 1554-2000<\/a> y <b>Gary McDonald, 2009<\/b>. <a href=http:\/\/escholarship.org\/uc\/item\/8115h0wz>Bibliographia Nudibranchia<\/a>, con actualizaciones posteriores procedentes de otras fuentes.<p><\/p><\/ul><p><\/p><p><strong>M\u00e1s informaci\u00f3n<\/strong><\/p><span style=\"font-size:10pt\"><ul><ul class=\"blogroll-links\"><li><a href=\"http:\/\/www.asturnatura.com\/especie\/thordisa-azmanii.html\">AsturNatura<\/a><\/li><li><a href=\"http:\/\/www.biodiversitylibrary.org\/name\/Thordisa%20azmanii\">Biodiversity Heritage Library<\/a><\/li><li><a href=\"https:\/\/litoraldegranada.ugr.es\/el-litoral\/el-litoral-sumergido\/fauna\/moluscos\/gasteropodos\/opistobranquios\/orden-nudibranchia\/doridaceos\/doridoideos\/thordisa-azmanii\/\">El Litoral de Granada<\/a><\/li><li><a href=\"https:\/\/www.flickr.com\/search\/?text=Thordisa%20azmanii\">Flickr pictures<\/a><\/li><li><a href=\"https:\/\/www.naturamediterraneo.com\/forum\/topic.asp?TOPIC_ID=130750\">Forum Natura Mediterraneo<\/a><\/li><li><a href=\"https:\/\/www.inaturalist.org\/taxa\/567255-Thordisa-azmanii\">iNaturalist<\/a><\/li><li><a href=\"http:\/\/www.irmng.org\/aphia.php?p=taxlist&#038;tName=Thordisa%20azmanii\">Interim Register of Marine and Nonmarine Genera<\/a><\/li><li><a href=\"http:\/\/www.ncbi.nlm.nih.gov\/Taxonomy\/Browser\/wwwtax.cgi?mode=Undef&#038;name=Thordisa%20azmanii&#038;lvl=0&#038;srchmode=1\">NCBI GenBank<\/a><\/li><li><a href=\"http:\/\/iobis.org\/mapper\/?taxon=Thordisa%20azmanii\">OBIS - Search by Taxon<\/a><\/li><li><a href=\"http:\/\/www.seaslugforum.net\/showall\/thorazma\">Sea Slug Forum<\/a><\/li><li><a href=\"http:\/\/www.marinespecies.org\/aphia.php?p=taxdetails&#038;id=139590\">World Register of Marine Species<\/a><\/li><\/ul><\/ul><\/span><p><strong>Citar este art\u00edculo como: <\/strong><\/p><div style=\"display: block; background: #444444; padding: 10px 30px 10px 10px; border-radius: 5px; line-height: 18px;\"><p class=\"citacio\"><b>Ballesteros, M., Madrenas, E. &#38; Pontes, M.<\/b> (2025) <em>\"Thordisa azmanii\"<\/em> en <em>OPK-Opistobranquis<\/em>. Publicado: 04\/02\/2018. Accedido: 05\/09\/2026. Disponible en (<a href=https:\/\/opistobranquis.info\/es\/?p=24885>https:\/\/opistobranquis.info\/es\/?p=24885<\/a>)<\/p><p><\/p><\/div><p><\/p><\/p>","protected":false},"excerpt":{"rendered":"<p>Thordisa azmanii Cervera &amp; Garc\u00eda-G\u00f3mez, 1989 Nota taxon\u00f3mica:\u00a0Ortea &amp; Mart\u00ednez (1991) consideran que esta especie es la misma que Thordisa diuda Marcus, 1955 pero esta propuesta ha sido rechazada por Cervera et al (2004) y por Alvim &amp; Diaz Pimenta (2013). Descripci\u00f3n El cuerpo tiene forma ovalada y puede alcanzar una longitud m\u00e1xima de unos 15mm. Es de color naranja a marr\u00f3n oscuro, con el dorso convexo y de textura\u2026<\/p>\n<p class=\"continue-reading-button\"> <a class=\"continue-reading-link\" href=\"https:\/\/opistobranquis.info\/es\/guia\/nudibranchia\/doridina\/doridoidei\/doridoidea\/thordisa-azmanii\/\">Sigue leyendo<i class=\"crycon-right-dir\"><\/i><\/a><\/p>\n","protected":false},"author":291,"featured_media":46086,"parent":26109,"menu_order":43,"comment_status":"closed","ping_status":"closed","template":"","meta":{"footnotes":""},"class_list":["post-24885","page","type-page","status-publish","has-post-thumbnail","hentry"],"jetpack_sharing_enabled":true,"_links":{"self":[{"href":"https:\/\/opistobranquis.info\/es\/wp-json\/wp\/v2\/pages\/24885","targetHints":{"allow":["GET"]}}],"collection":[{"href":"https:\/\/opistobranquis.info\/es\/wp-json\/wp\/v2\/pages"}],"about":[{"href":"https:\/\/opistobranquis.info\/es\/wp-json\/wp\/v2\/types\/page"}],"author":[{"embeddable":true,"href":"https:\/\/opistobranquis.info\/es\/wp-json\/wp\/v2\/users\/291"}],"replies":[{"embeddable":true,"href":"https:\/\/opistobranquis.info\/es\/wp-json\/wp\/v2\/comments?post=24885"}],"version-history":[{"count":12,"href":"https:\/\/opistobranquis.info\/es\/wp-json\/wp\/v2\/pages\/24885\/revisions"}],"predecessor-version":[{"id":46087,"href":"https:\/\/opistobranquis.info\/es\/wp-json\/wp\/v2\/pages\/24885\/revisions\/46087"}],"up":[{"embeddable":true,"href":"https:\/\/opistobranquis.info\/es\/wp-json\/wp\/v2\/pages\/26109"}],"wp:featuredmedia":[{"embeddable":true,"href":"https:\/\/opistobranquis.info\/es\/wp-json\/wp\/v2\/media\/46086"}],"wp:attachment":[{"href":"https:\/\/opistobranquis.info\/es\/wp-json\/wp\/v2\/media?parent=24885"}],"curies":[{"name":"wp","href":"https:\/\/api.w.org\/{rel}","templated":true}]}}