{"id":251,"date":"2012-05-14T21:22:48","date_gmt":"2012-05-14T19:22:48","guid":{"rendered":"https:\/\/opistobranquis.info\/runcina-adriaticaruncina-adriaticaruncina-adriatica"},"modified":"2018-02-12T06:53:23","modified_gmt":"2018-02-12T05:53:23","slug":"runcina-adriatica","status":"publish","type":"page","link":"https:\/\/opistobranquis.info\/es\/guia\/runcinoidea\/runcina-adriatica\/","title":{"rendered":"Runcina adriatica"},"content":{"rendered":"<p><\/p>\n<h3><em>Runcina adriatica<\/em> (Thompson, 1980)<\/h3>\n<p><span style=\"font-size:10pt;\" class=\"aligncenter\"><div id=\"featured-img-id\"><img data-recalc-dims=\"1\" decoding=\"async\" src=\"https:\/\/i0.wp.com\/opistobranquis.info\/wp-content\/uploads\/2012\/05\/Runcina-adriatica-by-Enric-Madrenas.jpg?w=900&#038;ssl=1\" alt=\"Runcina adriatica by Enric Madrenas\" \/><\/div><center><em>Runcina adriatica<\/em> por Enric Madrenas<\/center><\/span><p><\/p><div class=\"opk-worms\"><h3>Informaci\u00f3n taxon\u00f3mica WoRMS<\/h3><div class=\"opk-success\">Nombre aceptado actual: <strong><em>Runcina adriatica<\/em> T. E. Thompson, 1980<\/strong><\/div><h4>Clasificaci\u00f3n actual<\/h4><table class=\"widefat striped\"><tr><th>Superdomain<\/th><td><a target=\"_blank\" href=\"https:\/\/www.marinespecies.org\/aphia.php?p=taxdetails&id=1\">Biota<\/a><\/td><\/tr><tr><th>Kingdom<\/th><td><a target=\"_blank\" href=\"https:\/\/www.marinespecies.org\/aphia.php?p=taxdetails&id=2\">Animalia<\/a><\/td><\/tr><tr><th>Phylum<\/th><td><a target=\"_blank\" href=\"https:\/\/www.marinespecies.org\/aphia.php?p=taxdetails&id=51\">Mollusca<\/a><\/td><\/tr><tr><th>Class<\/th><td><a target=\"_blank\" href=\"https:\/\/www.marinespecies.org\/aphia.php?p=taxdetails&id=101\">Gastropoda<\/a><\/td><\/tr><tr><th>Subclass<\/th><td><a target=\"_blank\" href=\"https:\/\/www.marinespecies.org\/aphia.php?p=taxdetails&id=14712\">Heterobranchia<\/a><\/td><\/tr><tr><th>Infraclass<\/th><td><a target=\"_blank\" href=\"https:\/\/www.marinespecies.org\/aphia.php?p=taxdetails&id=1057247\">Euthyneura<\/a><\/td><\/tr><tr><th>Subterclass<\/th><td><a target=\"_blank\" href=\"https:\/\/www.marinespecies.org\/aphia.php?p=taxdetails&id=1057250\">Tectipleura<\/a><\/td><\/tr><tr><th>Order<\/th><td><a target=\"_blank\" href=\"https:\/\/www.marinespecies.org\/aphia.php?p=taxdetails&id=1059014\">Runcinida<\/a><\/td><\/tr><tr><th>Superfamily<\/th><td><a target=\"_blank\" href=\"https:\/\/www.marinespecies.org\/aphia.php?p=taxdetails&id=411898\">Runcinoidea<\/a><\/td><\/tr><tr><th>Family<\/th><td><a target=\"_blank\" href=\"https:\/\/www.marinespecies.org\/aphia.php?p=taxdetails&id=1751\">Runcinidae<\/a><\/td><\/tr><tr><th>Genus<\/th><td><a target=\"_blank\" href=\"https:\/\/www.marinespecies.org\/aphia.php?p=taxdetails&id=138462\"><em>Runcina<\/em><\/a><\/td><\/tr><tr><th>Species<\/th><td><a target=\"_blank\" href=\"https:\/\/www.marinespecies.org\/aphia.php?p=taxdetails&id=141405\"><em>Runcina adriatica<\/em> T. E. Thompson, 1980<\/a><\/td><\/tr><\/table><p class=\"footer\">Clasificaci\u00f3n proporcionada por el World Register of Marine Species (WoRMS). [<a target=\"_blank\" href=\"https:\/\/www.marinespecies.org\/aphia.php?p=taxdetails&id=141405\">141405<\/a>]<\/p><\/div><b>Descripci\u00f3n<br \/>\n<\/b>Los animales miden entre 1,5 y 2,5 mm de longitud.El cuerpo es de color marr\u00f3n oscuro y est\u00e1 recubierto casi enteramente por manchas negras tanto en el dorso como en el pie. Hay tambi\u00e9n numerosas puntuaciones blanquecinas o de color crema que pueden concentrarse formando manchas o bandas, entre las cuales destaca una banda transversal, en ocasiones incompleta, a la altura del primer tercio del cuerpo y otra m\u00e1s difusa longitudinal que va desde la cabeza hasta la zona posterior del notum, donde conecta con otra banda blanca m\u00e1s densa situada al borde del notum. Las zonas laterales de la regi\u00f3n cef\u00e1lica tambi\u00e9n son de tonos claros debido a las puntuaciones blanquecinas. Los ojos son visibles en estas \u00e1reas claras cef\u00e1licas. En algunos ejemplares las manchas negras del dorso se concentran formando otras bandas negras por detr\u00e1s de la banda transversal blanca anterior y por delante de la de la zona posterior del dorso. En el pie las manchas negras tambien suelen formar una banda banda oscura central que se aprecia en la cola. El notum est\u00e1 levantado en la zona posterior formando una cresta paleal, bajo la que se encuentran dos peque\u00f1as branquias semitransparentes.<\/p>\n<p><b>Biolog\u00eda<br \/>\n<\/b>En el Mediterr\u00e1neo parece ser una especie muy frecuente viviendo entre los rizomas de <i>Posidonia oceanica<\/i>, lo cual confirman estudios recientes. Es una especie herb\u00edvora que por su peque\u00f1o tama\u00f1o y cripsis sobre los rizomas de <i>Posidonia<\/i> es muy dif\u00edcil observar en la naturaleza.<\/p>\n<p><strong>Etimolog\u00eda<\/strong><\/p>\n<ul>\n<li><em>Runcina<\/em>. Del Lat\u00edn \u201cruncina\u201d, cepillo de carpintero, \u00fatil que se emplea para alisar la superficie de la madera.<\/li>\n<li><em>Adriatica<\/em>. De\u00a0o perteneciente\u00a0al Mar Adri\u00e1tico. Del Lat\u00edn &#8220;Adriaticus&#8221;, de &#8220;Adria&#8221;, un enclave etrusco en la costa norte del Mar Adri\u00e1tico.<\/li>\n<\/ul>\n<p><strong>Distribuci\u00f3n<br \/>\n<\/strong><i>Runcina adriatica<\/i> fue descrita en 1980 por Thompson en base a ejemplares recolectados en las costas de la actual Croacia. Posteriormente se ha vuelto a recolectar de nuevo en aguas de Croacia, en Canarias y en las Azores. En la Pen\u00ednsula Ib\u00e9rica s\u00f3lo es conocida en diversas localidades de la Costa Brava como Tossa de Mar.<br \/>\n<div id=\"flxmap-6a9ce76884e3f\" class='flxmap-container' data-flxmap='flxmap_6a9ce76884e3f' style=\"width:100%;height:400px;\"><\/div>\n<script data-noptimize=\"1\">\n\/* <![CDATA[ *\/\n(function(w, fn) {\n if (w.addEventListener) w.addEventListener(\"DOMContentLoaded\", fn, false);\n else if (w.attachEvent) w.attachEvent(\"onload\", fn);\n})(window, function() {\n var f = new FlexibleMap();\n f.panControl = true;\n f.mapTypeId = \"satellite\";\n f.setlocale(\"es-ES\");\n f.kmlcache = \"5 minutes\";\n f.showKML(\"flxmap-6a9ce76884e3f\", \"https:\/\/opistobranquis.info\/wp-content\/uploads\/kms\/251.kmz\");\n window.flxmap_6a9ce76884e3f = f;\n});\n\/* ]]> *\/\n<\/script>\n<div style=\"width:100%;text-align:center;margin:12px 0 4px 0;\">\n  <div style=\"font-size:8pt;margin-bottom:6px;\">Citas georeferenciadas conocidas de la especie: <em>Runcina adriatica<\/em><\/div>\n  <table style=\"margin:0 auto;border-collapse:collapse;font-size:8pt;\">\n    <tr><td colspan=\"2\" style=\"text-align:left;padding-bottom:4px;\"><strong>Fonts:<\/strong><\/td><\/tr>\n    <tr>\n      <td style=\"vertical-align:top;padding-right:40px;\">\n        <table style=\"border-collapse:collapse;\">\n<tr><td style='padding:1px 6px 1px 0;vertical-align:middle'><img data-recalc-dims=\"1\" src=\"https:\/\/i0.wp.com\/opistobranquis.info\/wp-content\/uploads\/kms\/wht-circle-lv.png?w=900&#038;ssl=1\" style='display:block'><\/td><td style='padding:1px 0;vertical-align:middle;white-space:nowrap'>OBIS<\/td><\/tr><tr><td style='padding:1px 6px 1px 0;vertical-align:middle'><img data-recalc-dims=\"1\" src=\"https:\/\/i0.wp.com\/opistobranquis.info\/wp-content\/uploads\/kms\/ylw-circle-lv.png?w=900&#038;ssl=1\" style='display:block'><\/td><td style='padding:1px 0;vertical-align:middle;white-space:nowrap'>GROC 2010-2011<\/td><\/tr><tr><td style='padding:1px 6px 1px 0;vertical-align:middle'><img data-recalc-dims=\"1\" src=\"https:\/\/i0.wp.com\/opistobranquis.info\/wp-content\/uploads\/kms\/grn-circle-lv.png?w=900&#038;ssl=1\" style='display:block'><\/td><td style='padding:1px 0;vertical-align:middle;white-space:nowrap'>Enric Madrenas<\/td><\/tr><tr><td style='padding:1px 6px 1px 0;vertical-align:middle'><img data-recalc-dims=\"1\" src=\"https:\/\/i0.wp.com\/opistobranquis.info\/wp-content\/uploads\/kms\/orange-circle-lv.png?w=900&#038;ssl=1\" style='display:block'><\/td><td style='padding:1px 0;vertical-align:middle;white-space:nowrap'>Jo\u00e3o Pedro Silva<\/td><\/tr><tr><td style='padding:1px 6px 1px 0;vertical-align:middle'><img data-recalc-dims=\"1\" src=\"https:\/\/i0.wp.com\/opistobranquis.info\/wp-content\/uploads\/kms\/pink-circle-lv.png?w=900&#038;ssl=1\" style='display:block'><\/td><td style='padding:1px 0;vertical-align:middle;white-space:nowrap'>Bernard Picton<\/td><\/tr><tr><td style='padding:1px 6px 1px 0;vertical-align:middle'><img data-recalc-dims=\"1\" src=\"https:\/\/i0.wp.com\/opistobranquis.info\/wp-content\/uploads\/kms\/blk-circle-lv.png?w=900&#038;ssl=1\" style='display:block'><\/td><td style='padding:1px 0;vertical-align:middle;white-space:nowrap'>GBIF<\/td><\/tr>        <\/table>\n      <\/td>\n      <td style=\"vertical-align:top;\">\n        <table style=\"border-collapse:collapse;\">\n<tr><td style='padding:1px 6px 1px 0;vertical-align:middle'><img data-recalc-dims=\"1\" src=\"https:\/\/i0.wp.com\/opistobranquis.info\/wp-content\/uploads\/kms\/purple-circle-lv.png?w=900&#038;ssl=1\" style='display:block'><\/td><td style='padding:1px 0;vertical-align:middle;white-space:nowrap'>OPK<\/td><\/tr><tr><td style='padding:1px 6px 1px 0;vertical-align:middle'><img data-recalc-dims=\"1\" src=\"https:\/\/i0.wp.com\/opistobranquis.info\/wp-content\/uploads\/kms\/red-circle-lv.png?w=900&#038;ssl=1\" style='display:block'><\/td><td style='padding:1px 0;vertical-align:middle;white-space:nowrap'>VIMAR<\/td><\/tr><tr><td style='padding:1px 6px 1px 0;vertical-align:middle'><img data-recalc-dims=\"1\" src=\"https:\/\/i0.wp.com\/opistobranquis.info\/wp-content\/uploads\/kms\/blu-circle-lv.png?w=900&#038;ssl=1\" style='display:block'><\/td><td style='padding:1px 0;vertical-align:middle;white-space:nowrap'>Manuel Ballesteros<\/td><\/tr><tr><td style='padding:1px 6px 1px 0;vertical-align:middle'><img data-recalc-dims=\"1\" src=\"https:\/\/i0.wp.com\/opistobranquis.info\/wp-content\/uploads\/kms\/cyan-circle-lv.png?w=900&#038;ssl=1\" style='display:block'><\/td><td style='padding:1px 0;vertical-align:middle;white-space:nowrap'>M@re Nostrum<\/td><\/tr><tr><td style='padding:1px 6px 1px 0;vertical-align:middle'><img data-recalc-dims=\"1\" src=\"https:\/\/i0.wp.com\/opistobranquis.info\/wp-content\/uploads\/kms\/grey-circle-lv.png?w=900&#038;ssl=1\" style='display:block'><\/td><td style='padding:1px 0;vertical-align:middle;white-space:nowrap'>Altres fonts<\/td><\/tr><tr><td style='padding:1px 6px 1px 0;vertical-align:middle'><img data-recalc-dims=\"1\" src=\"https:\/\/i0.wp.com\/opistobranquis.info\/wp-content\/uploads\/kms\/marreg.png?w=900&#038;ssl=1\" style='display:block'><\/td><td style='padding:1px 0;vertical-align:middle;white-space:nowrap'>Marine Regions<\/td><\/tr>        <\/table>\n      <\/td>\n    <\/tr>\n  <\/table>\n<\/div>\n<\/p>\n<p><strong>Error:<\/strong> Chart.js no est\u00e1 disponible.<\/p>\n<p><strong>Otras fotos<br \/>\n<\/strong><div class=\"tiled-gallery type-rectangular tiled-gallery-unresized\" data-original-width=\"900\" data-carousel-extra='{&quot;blog_id&quot;:1,&quot;permalink&quot;:&quot;https:\\\/\\\/opistobranquis.info\\\/es\\\/guia\\\/runcinoidea\\\/runcina-adriatica\\\/&quot;,&quot;likes_blog_id&quot;:44192421}' itemscope itemtype=\"http:\/\/schema.org\/ImageGallery\" > <div class=\"gallery-row\" style=\"width: 900px; height: 390px;\" data-original-width=\"900\" data-original-height=\"390\" > <div class=\"gallery-group images-1\" style=\"width: 614px; height: 390px;\" data-original-width=\"614\" data-original-height=\"390\" > <div class=\"tiled-gallery-item tiled-gallery-item-large\" itemprop=\"associatedMedia\" itemscope itemtype=\"http:\/\/schema.org\/ImageObject\"> <a href=\"https:\/\/opistobranquis.info\/es\/guia\/runcinoidea\/runcina-adriatica\/radriatica\/\" border=\"0\" itemprop=\"url\"> <meta itemprop=\"width\" content=\"610\"> <meta itemprop=\"height\" content=\"386\"> <img decoding=\"async\" class=\"\" data-attachment-id=\"4059\" data-orig-file=\"https:\/\/opistobranquis.info\/wp-content\/uploads\/2012\/12\/adriatica2-recortada.jpg\" data-orig-size=\"648,410\" data-comments-opened=\"\" data-image-title=\"Runcina adriatica by Manuel Ballesteros\" data-image-description=\"&lt;p&gt;Runcina adriatica by Manuel Ballesteros&lt;\/p&gt; \" data-medium-file=\"https:\/\/i0.wp.com\/opistobranquis.info\/wp-content\/uploads\/2012\/12\/adriatica2-recortada.jpg?fit=300%2C189&#038;ssl=1\" data-large-file=\"https:\/\/i0.wp.com\/opistobranquis.info\/wp-content\/uploads\/2012\/12\/adriatica2-recortada.jpg?fit=648%2C410&#038;ssl=1\" src=\"https:\/\/i0.wp.com\/opistobranquis.info\/wp-content\/uploads\/2012\/12\/adriatica2-recortada.jpg?w=610&#038;h=386&#038;ssl=1\" srcset=\"https:\/\/i0.wp.com\/opistobranquis.info\/wp-content\/uploads\/2012\/12\/adriatica2-recortada.jpg?w=648&amp;ssl=1 648w, https:\/\/i0.wp.com\/opistobranquis.info\/wp-content\/uploads\/2012\/12\/adriatica2-recortada.jpg?resize=300%2C189&amp;ssl=1 300w\" width=\"610\" height=\"386\" loading=\"lazy\" data-original-width=\"610\" data-original-height=\"386\" itemprop=\"http:\/\/schema.org\/image\" title=\"Runcina adriatica by Manuel Ballesteros\" alt=\"Runcina adriatica by Manuel Ballesteros\" style=\"width: 610px; height: 386px;\" \/> <\/a> <div class=\"tiled-gallery-caption\" itemprop=\"caption description\"> Runcina adriatica <\/div> <\/div> <\/div> <!-- close group --> <div class=\"gallery-group images-2\" style=\"width: 286px; height: 390px;\" data-original-width=\"286\" data-original-height=\"390\" > <div class=\"tiled-gallery-item tiled-gallery-item-large\" itemprop=\"associatedMedia\" itemscope itemtype=\"http:\/\/schema.org\/ImageObject\"> <a href=\"https:\/\/opistobranquis.info\/es\/guia\/runcinoidea\/runcina-adriatica\/th_rcapreensis\/\" border=\"0\" itemprop=\"url\"> <meta itemprop=\"width\" content=\"282\"> <meta itemprop=\"height\" content=\"193\"> <img decoding=\"async\" class=\"\" data-attachment-id=\"10334\" data-orig-file=\"https:\/\/opistobranquis.info\/wp-content\/uploads\/2013\/08\/th_rcapreensis.jpg\" data-orig-size=\"800,548\" data-comments-opened=\"\" data-image-title=\"Runcina adriatica by Manuel Ballesteros\" data-image-description=\"&lt;p&gt;Runcina adriatica by Manuel Ballesteros&lt;\/p&gt; \" data-medium-file=\"https:\/\/i0.wp.com\/opistobranquis.info\/wp-content\/uploads\/2013\/08\/th_rcapreensis.jpg?fit=300%2C205&#038;ssl=1\" data-large-file=\"https:\/\/i0.wp.com\/opistobranquis.info\/wp-content\/uploads\/2013\/08\/th_rcapreensis.jpg?fit=800%2C548&#038;ssl=1\" src=\"https:\/\/i0.wp.com\/opistobranquis.info\/wp-content\/uploads\/2013\/08\/th_rcapreensis.jpg?w=282&#038;h=193&#038;ssl=1\" srcset=\"https:\/\/i0.wp.com\/opistobranquis.info\/wp-content\/uploads\/2013\/08\/th_rcapreensis.jpg?w=800&amp;ssl=1 800w, https:\/\/i0.wp.com\/opistobranquis.info\/wp-content\/uploads\/2013\/08\/th_rcapreensis.jpg?resize=150%2C102&amp;ssl=1 150w, https:\/\/i0.wp.com\/opistobranquis.info\/wp-content\/uploads\/2013\/08\/th_rcapreensis.jpg?resize=300%2C205&amp;ssl=1 300w\" width=\"282\" height=\"193\" loading=\"lazy\" data-original-width=\"282\" data-original-height=\"193\" itemprop=\"http:\/\/schema.org\/image\" title=\"Runcina adriatica by Manuel Ballesteros\" alt=\"Runcina adriatica by Manuel Ballesteros\" style=\"width: 282px; height: 193px;\" \/> <\/a> <div class=\"tiled-gallery-caption\" itemprop=\"caption description\"> Runcina adriatica by Manuel Ballesteros <\/div> <\/div> <div class=\"tiled-gallery-item tiled-gallery-item-large\" itemprop=\"associatedMedia\" itemscope itemtype=\"http:\/\/schema.org\/ImageObject\"> <a href=\"https:\/\/opistobranquis.info\/es\/guia\/runcinoidea\/runcina-adriatica\/runcina-capreensis-02\/\" border=\"0\" itemprop=\"url\"> <meta itemprop=\"width\" content=\"282\"> <meta itemprop=\"height\" content=\"189\"> <img decoding=\"async\" class=\"\" data-attachment-id=\"12502\" data-orig-file=\"https:\/\/opistobranquis.info\/wp-content\/uploads\/2013\/08\/Runcina-capreensis-02.jpg\" data-orig-size=\"808,541\" data-comments-opened=\"\" data-image-title=\"Runcina adriatica by Enric Madrenas\" data-image-description=\"&lt;p&gt;Runcina adriatica by Enric Madrenas&lt;\/p&gt; \" data-medium-file=\"https:\/\/i0.wp.com\/opistobranquis.info\/wp-content\/uploads\/2013\/08\/Runcina-capreensis-02.jpg?fit=300%2C200&#038;ssl=1\" data-large-file=\"https:\/\/i0.wp.com\/opistobranquis.info\/wp-content\/uploads\/2013\/08\/Runcina-capreensis-02.jpg?fit=808%2C541&#038;ssl=1\" src=\"https:\/\/i0.wp.com\/opistobranquis.info\/wp-content\/uploads\/2013\/08\/Runcina-capreensis-02.jpg?w=282&#038;h=189&#038;ssl=1\" srcset=\"https:\/\/i0.wp.com\/opistobranquis.info\/wp-content\/uploads\/2013\/08\/Runcina-capreensis-02.jpg?w=808&amp;ssl=1 808w, https:\/\/i0.wp.com\/opistobranquis.info\/wp-content\/uploads\/2013\/08\/Runcina-capreensis-02.jpg?resize=150%2C100&amp;ssl=1 150w, https:\/\/i0.wp.com\/opistobranquis.info\/wp-content\/uploads\/2013\/08\/Runcina-capreensis-02.jpg?resize=300%2C200&amp;ssl=1 300w\" width=\"282\" height=\"189\" loading=\"lazy\" data-original-width=\"282\" data-original-height=\"189\" itemprop=\"http:\/\/schema.org\/image\" title=\"Runcina adriatica by Enric Madrenas\" alt=\"Runcina adriatica by Enric Madrenas\" style=\"width: 282px; height: 189px;\" \/> <\/a> <div class=\"tiled-gallery-caption\" itemprop=\"caption description\"> Runcina adriatica <\/div> <\/div> <\/div> <!-- close group --> <\/div> <!-- close row --> <div class=\"gallery-row\" style=\"width: 900px; height: 416px;\" data-original-width=\"900\" data-original-height=\"416\" > <div class=\"gallery-group images-1\" style=\"width: 619px; height: 416px;\" data-original-width=\"619\" data-original-height=\"416\" > <div class=\"tiled-gallery-item tiled-gallery-item-large\" itemprop=\"associatedMedia\" itemscope itemtype=\"http:\/\/schema.org\/ImageObject\"> <a href=\"https:\/\/opistobranquis.info\/es\/guia\/runcinoidea\/runcina-adriatica\/runcina-adriatica-011\/\" border=\"0\" itemprop=\"url\"> <meta itemprop=\"width\" content=\"615\"> <meta itemprop=\"height\" content=\"412\"> <img decoding=\"async\" class=\"\" data-attachment-id=\"23491\" data-orig-file=\"https:\/\/opistobranquis.info\/wp-content\/uploads\/2012\/05\/Runcina-adriatica-011.jpg\" data-orig-size=\"808,541\" data-comments-opened=\"\" data-image-title=\"Runcina adriatica by Enric Madrenas\" data-image-description=\"&lt;p&gt;Runcina adriatica by Enric Madrenas&lt;\/p&gt; \" data-medium-file=\"https:\/\/i0.wp.com\/opistobranquis.info\/wp-content\/uploads\/2012\/05\/Runcina-adriatica-011.jpg?fit=300%2C201&#038;ssl=1\" data-large-file=\"https:\/\/i0.wp.com\/opistobranquis.info\/wp-content\/uploads\/2012\/05\/Runcina-adriatica-011.jpg?fit=808%2C541&#038;ssl=1\" src=\"https:\/\/i0.wp.com\/opistobranquis.info\/wp-content\/uploads\/2012\/05\/Runcina-adriatica-011.jpg?w=615&#038;h=412&#038;ssl=1\" srcset=\"https:\/\/i0.wp.com\/opistobranquis.info\/wp-content\/uploads\/2012\/05\/Runcina-adriatica-011.jpg?w=808&amp;ssl=1 808w, https:\/\/i0.wp.com\/opistobranquis.info\/wp-content\/uploads\/2012\/05\/Runcina-adriatica-011.jpg?resize=150%2C100&amp;ssl=1 150w, https:\/\/i0.wp.com\/opistobranquis.info\/wp-content\/uploads\/2012\/05\/Runcina-adriatica-011.jpg?resize=300%2C201&amp;ssl=1 300w\" width=\"615\" height=\"412\" loading=\"lazy\" data-original-width=\"615\" data-original-height=\"412\" itemprop=\"http:\/\/schema.org\/image\" title=\"Runcina adriatica by Enric Madrenas\" alt=\"Runcina adriatica by Enric Madrenas\" style=\"width: 615px; height: 412px;\" \/> <\/a> <div class=\"tiled-gallery-caption\" itemprop=\"caption description\"> Runcina adriatica by Enric Madrenas <\/div> <\/div> <\/div> <!-- close group --> <div class=\"gallery-group images-1\" style=\"width: 281px; height: 416px;\" data-original-width=\"281\" data-original-height=\"416\" > <div class=\"tiled-gallery-item tiled-gallery-item-large\" itemprop=\"associatedMedia\" itemscope itemtype=\"http:\/\/schema.org\/ImageObject\"> <a href=\"https:\/\/opistobranquis.info\/es\/guia\/runcinoidea\/runcina-adriatica\/runcina-adriatica-038\/\" border=\"0\" itemprop=\"url\"> <meta itemprop=\"width\" content=\"277\"> <meta itemprop=\"height\" content=\"412\"> <img decoding=\"async\" class=\"\" data-attachment-id=\"23492\" data-orig-file=\"https:\/\/opistobranquis.info\/wp-content\/uploads\/2012\/05\/Runcina-adriatica-038.jpg\" data-orig-size=\"408,608\" data-comments-opened=\"\" data-image-title=\"Runcina adriatica by Enric Madrenas\" data-image-description=\"&lt;p&gt;Runcina adriatica by Enric Madrenas&lt;\/p&gt; \" data-medium-file=\"https:\/\/i0.wp.com\/opistobranquis.info\/wp-content\/uploads\/2012\/05\/Runcina-adriatica-038.jpg?fit=201%2C300&#038;ssl=1\" data-large-file=\"https:\/\/i0.wp.com\/opistobranquis.info\/wp-content\/uploads\/2012\/05\/Runcina-adriatica-038.jpg?fit=408%2C608&#038;ssl=1\" src=\"https:\/\/i0.wp.com\/opistobranquis.info\/wp-content\/uploads\/2012\/05\/Runcina-adriatica-038.jpg?w=277&#038;h=412&#038;ssl=1\" srcset=\"https:\/\/i0.wp.com\/opistobranquis.info\/wp-content\/uploads\/2012\/05\/Runcina-adriatica-038.jpg?w=408&amp;ssl=1 408w, https:\/\/i0.wp.com\/opistobranquis.info\/wp-content\/uploads\/2012\/05\/Runcina-adriatica-038.jpg?resize=101%2C150&amp;ssl=1 101w, https:\/\/i0.wp.com\/opistobranquis.info\/wp-content\/uploads\/2012\/05\/Runcina-adriatica-038.jpg?resize=201%2C300&amp;ssl=1 201w\" width=\"277\" height=\"412\" loading=\"lazy\" data-original-width=\"277\" data-original-height=\"412\" itemprop=\"http:\/\/schema.org\/image\" title=\"Runcina adriatica by Enric Madrenas\" alt=\"Runcina adriatica by Enric Madrenas\" style=\"width: 277px; height: 412px;\" \/> <\/a> <div class=\"tiled-gallery-caption\" itemprop=\"caption description\"> Runcina adriatica by Enric Madrenas <\/div> <\/div> <\/div> <!-- close group --> <\/div> <!-- close row --> <div class=\"gallery-row\" style=\"width: 900px; height: 1339px;\" data-original-width=\"900\" data-original-height=\"1339\" > <div class=\"gallery-group images-1\" style=\"width: 900px; height: 1339px;\" data-original-width=\"900\" data-original-height=\"1339\" > <div class=\"tiled-gallery-item tiled-gallery-item-large\" itemprop=\"associatedMedia\" itemscope itemtype=\"http:\/\/schema.org\/ImageObject\"> <a href=\"https:\/\/opistobranquis.info\/es\/guia\/runcinoidea\/runcina-adriatica\/runcina-adriatica-033\/\" border=\"0\" itemprop=\"url\"> <meta itemprop=\"width\" content=\"896\"> <meta itemprop=\"height\" content=\"1335\"> <img decoding=\"async\" class=\"\" data-attachment-id=\"23493\" data-orig-file=\"https:\/\/opistobranquis.info\/wp-content\/uploads\/2012\/05\/Runcina-adriatica-033.jpg\" data-orig-size=\"408,608\" data-comments-opened=\"\" data-image-title=\"Runcina adriatica by Enric Madrenas\" data-image-description=\"&lt;p&gt;Runcina adriatica by Enric Madrenas&lt;\/p&gt; \" data-medium-file=\"https:\/\/i0.wp.com\/opistobranquis.info\/wp-content\/uploads\/2012\/05\/Runcina-adriatica-033.jpg?fit=201%2C300&#038;ssl=1\" data-large-file=\"https:\/\/i0.wp.com\/opistobranquis.info\/wp-content\/uploads\/2012\/05\/Runcina-adriatica-033.jpg?fit=408%2C608&#038;ssl=1\" src=\"https:\/\/i0.wp.com\/opistobranquis.info\/wp-content\/uploads\/2012\/05\/Runcina-adriatica-033.jpg?w=896&#038;h=1335&#038;ssl=1\" srcset=\"https:\/\/i0.wp.com\/opistobranquis.info\/wp-content\/uploads\/2012\/05\/Runcina-adriatica-033.jpg?w=408&amp;ssl=1 408w, https:\/\/i0.wp.com\/opistobranquis.info\/wp-content\/uploads\/2012\/05\/Runcina-adriatica-033.jpg?resize=101%2C150&amp;ssl=1 101w, https:\/\/i0.wp.com\/opistobranquis.info\/wp-content\/uploads\/2012\/05\/Runcina-adriatica-033.jpg?resize=201%2C300&amp;ssl=1 201w\" width=\"896\" height=\"1335\" loading=\"lazy\" data-original-width=\"896\" data-original-height=\"1335\" itemprop=\"http:\/\/schema.org\/image\" title=\"Runcina adriatica by Enric Madrenas\" alt=\"Runcina adriatica by Enric Madrenas\" style=\"width: 896px; height: 1335px;\" \/> <\/a> <div class=\"tiled-gallery-caption\" itemprop=\"caption description\"> Runcina adriatica by Enric Madrenas <\/div> <\/div> <\/div> <!-- close group --> <\/div> <!-- close row --> <\/div><\/p>\n<p><strong>Bibliograf\u00eda<\/strong><\/p><ul><div id=\"zotpress-ac2fb31dc827f1074f90606cee2a5382\" class=\"zp-Zotpress zp-Zotpress-Bib wp-block-group\">\n\n\t\t<span class=\"ZP_API_USER_ID ZP_ATTR\">1246567<\/span>\n\t\t<span class=\"ZP_ITEM_KEY ZP_ATTR\"><\/span>\n\t\t<span class=\"ZP_COLLECTION_ID ZP_ATTR\"><\/span>\n\t\t<span class=\"ZP_TAG_ID ZP_ATTR\">Runcina adriatica<\/span>\n\t\t<span class=\"ZP_AUTHOR ZP_ATTR\"><\/span>\n\t\t<span class=\"ZP_YEAR ZP_ATTR\"><\/span>\n        <span class=\"ZP_ITEMTYPE ZP_ATTR\"><\/span>\n\t\t<span class=\"ZP_INCLUSIVE ZP_ATTR\">1<\/span>\n\t\t<span class=\"ZP_STYLE ZP_ATTR\">eunomia-revista-en-cultura-de-la-legalidad<\/span>\n\t\t<span class=\"ZP_LIMIT ZP_ATTR\">50<\/span>\n\t\t<span class=\"ZP_SORTBY ZP_ATTR\">creator<\/span>\n\t\t<span class=\"ZP_ORDER ZP_ATTR\">asc<\/span>\n\t\t<span class=\"ZP_TITLE ZP_ATTR\"><\/span>\n\t\t<span class=\"ZP_SHOWIMAGE ZP_ATTR\"><\/span>\n\t\t<span class=\"ZP_SHOWTAGS ZP_ATTR\"><\/span>\n\t\t<span class=\"ZP_DOWNLOADABLE ZP_ATTR\"><\/span>\n\t\t<span class=\"ZP_NOTES ZP_ATTR\"><\/span>\n\t\t<span class=\"ZP_ABSTRACT ZP_ATTR\"><\/span>\n\t\t<span class=\"ZP_CITEABLE ZP_ATTR\"><\/span>\n\t\t<span class=\"ZP_TARGET ZP_ATTR\">1<\/span>\n\t\t<span class=\"ZP_URLWRAP ZP_ATTR\"><\/span>\n\t\t<span class=\"ZP_FORCENUM ZP_ATTR\"><\/span>\n        <span class=\"ZP_HIGHLIGHT ZP_ATTR\"><\/span>\n        <span class=\"ZP_POSTID ZP_ATTR\">251<\/span>\n\t\t<span class=\"ZOTPRESS_PLUGIN_URL ZP_ATTR\">https:\/\/opistobranquis.info\/wp-content\/plugins\/zotpress\/<\/span>\n\n\t\t<div class=\"zp-List loading\">\n\t\t\t<div class=\"zp-SEO-Content\">\n\n\t\t\t<\/div><!-- .zp-zp-SEO-Content -->\n\t\t<\/div><!-- .zp-List -->\n\t<\/div><!--.zp-Zotpress-->\n\n<p><\/p>Bibliograf\u00eda basada en los trabajos de <b>Steve Long, 2006<\/b>. <a target=_blank href=https:\/\/opistobranquis.info\/wp-content\/uploads\/2016\/06\/Long-S.-2006-Bibliography-of-Opisthobranchia-1554-2000.pdf>Bibliography of Opisthobranchia 1554-2000<\/a> y <b>Gary McDonald, 2009<\/b>. <a href=http:\/\/escholarship.org\/uc\/item\/8115h0wz>Bibliographia Nudibranchia<\/a>, con actualizaciones posteriores procedentes de otras fuentes.<p><\/p><\/ul><p><\/p><p><strong>M\u00e1s informaci\u00f3n<\/strong><\/p><span style=\"font-size:10pt\"><ul><ul class=\"blogroll-links\"><li><a href=\"http:\/\/www.biodiversitylibrary.org\/name\/Runcina%20adriatica\">Biodiversity Heritage Library<\/a><\/li><li><a href=\"https:\/\/www.flickr.com\/search\/?text=Runcina%20adriatica\">Flickr pictures<\/a><\/li><li><a href=\"http:\/\/www.irmng.org\/aphia.php?p=taxlist&#038;tName=Runcina%20adriatica\">Interim Register of Marine and Nonmarine Genera<\/a><\/li><li><a href=\"http:\/\/www.ncbi.nlm.nih.gov\/Taxonomy\/Browser\/wwwtax.cgi?mode=Undef&#038;name=Runcina%20adriatica&#038;lvl=0&#038;srchmode=1\">NCBI GenBank<\/a><\/li><li><a href=\"http:\/\/iobis.org\/mapper\/?taxon=Runcina%20adriatica\">OBIS - Search by Taxon<\/a><\/li><li><a href=\"http:\/\/www.seaslugforum.net\/showall\/runcadri\">Sea Slug Forum<\/a><\/li><li><a href=\"http:\/\/www.marinespecies.org\/aphia.php?p=taxdetails&#038;id=141405\">World Register of Marine Species<\/a><\/li><\/ul><\/ul><\/span><p><strong>Citar este art\u00edculo como: <\/strong><\/p><div style=\"display: block; background: #444444; padding: 10px 30px 10px 10px; border-radius: 5px; line-height: 18px;\"><p class=\"citacio\"><b>Ballesteros, M., Madrenas, E. &#38; Pontes, M.<\/b> (2025) <em>\"Runcina adriatica\"<\/em> en <em>OPK-Opistobranquis<\/em>. Publicado: 14\/05\/2012. Accedido: 06\/09\/2026. Disponible en (<a href=https:\/\/opistobranquis.info\/es\/?p=251>https:\/\/opistobranquis.info\/es\/?p=251<\/a>)<\/p><p><\/p><\/div><p><\/p><\/p>","protected":false},"excerpt":{"rendered":"<p>Runcina adriatica (Thompson, 1980) Descripci\u00f3n Los animales miden entre 1,5 y 2,5 mm de longitud.El cuerpo es de color marr\u00f3n oscuro y est\u00e1 recubierto casi enteramente por manchas negras tanto en el dorso como en el pie. Hay tambi\u00e9n numerosas puntuaciones blanquecinas o de color crema que pueden concentrarse formando manchas o bandas, entre las cuales destaca una banda transversal, en ocasiones incompleta, a la altura del primer tercio del\u2026<\/p>\n<p class=\"continue-reading-button\"> <a class=\"continue-reading-link\" href=\"https:\/\/opistobranquis.info\/es\/guia\/runcinoidea\/runcina-adriatica\/\">Sigue leyendo<i class=\"crycon-right-dir\"><\/i><\/a><\/p>\n","protected":false},"author":291,"featured_media":23482,"parent":7365,"menu_order":2115,"comment_status":"closed","ping_status":"closed","template":"","meta":{"footnotes":""},"class_list":["post-251","page","type-page","status-publish","has-post-thumbnail","hentry"],"jetpack_sharing_enabled":true,"_links":{"self":[{"href":"https:\/\/opistobranquis.info\/es\/wp-json\/wp\/v2\/pages\/251","targetHints":{"allow":["GET"]}}],"collection":[{"href":"https:\/\/opistobranquis.info\/es\/wp-json\/wp\/v2\/pages"}],"about":[{"href":"https:\/\/opistobranquis.info\/es\/wp-json\/wp\/v2\/types\/page"}],"author":[{"embeddable":true,"href":"https:\/\/opistobranquis.info\/es\/wp-json\/wp\/v2\/users\/291"}],"replies":[{"embeddable":true,"href":"https:\/\/opistobranquis.info\/es\/wp-json\/wp\/v2\/comments?post=251"}],"version-history":[{"count":3,"href":"https:\/\/opistobranquis.info\/es\/wp-json\/wp\/v2\/pages\/251\/revisions"}],"predecessor-version":[{"id":25231,"href":"https:\/\/opistobranquis.info\/es\/wp-json\/wp\/v2\/pages\/251\/revisions\/25231"}],"up":[{"embeddable":true,"href":"https:\/\/opistobranquis.info\/es\/wp-json\/wp\/v2\/pages\/7365"}],"wp:featuredmedia":[{"embeddable":true,"href":"https:\/\/opistobranquis.info\/es\/wp-json\/wp\/v2\/media\/23482"}],"wp:attachment":[{"href":"https:\/\/opistobranquis.info\/es\/wp-json\/wp\/v2\/media?parent=251"}],"curies":[{"name":"wp","href":"https:\/\/api.w.org\/{rel}","templated":true}]}}