{"id":31312,"date":"2021-01-09T17:00:22","date_gmt":"2021-01-09T16:00:22","guid":{"rendered":"https:\/\/opistobranquis.info\/?page_id=31312"},"modified":"2022-12-27T20:32:32","modified_gmt":"2022-12-27T19:32:32","slug":"limacia-inesae","status":"publish","type":"page","link":"https:\/\/opistobranquis.info\/es\/guia\/nudibranchia\/doridina\/doridoidei\/polyceroidea\/limacia-inesae\/","title":{"rendered":"Limacia inesae"},"content":{"rendered":"<p><\/p>\n<h3><em>Limacia inesae <\/em>Toms, Pola, von der Heyden &amp; Gosliner, 2021<\/h3>\n<p><span style=\"font-size:10pt;\" class=\"aligncenter\"><div id=\"featured-img-id\"><img data-recalc-dims=\"1\" decoding=\"async\" src=\"https:\/\/i0.wp.com\/opistobranquis.info\/wp-content\/uploads\/2012\/12\/limacia-clavigera-53.jpg?w=900&#038;ssl=1\" alt=\"Limacia inesae by Enric Madrenas\" \/><\/div><center><em>Limacia inesae<\/em> por Enric Madrenas<\/center><\/span><p><\/p><div class=\"opk-worms\"><h3>Informaci\u00f3n taxon\u00f3mica WoRMS<\/h3><div class=\"opk-success\">Nombre aceptado actual: <strong><em>Limacia inesae<\/em> Toms, Pola, Von der Heyden &amp; Gosliner, 2021<\/strong><\/div><h4>Clasificaci\u00f3n actual<\/h4><table class=\"widefat striped\"><tr><th>Superdomain<\/th><td><a target=\"_blank\" href=\"https:\/\/www.marinespecies.org\/aphia.php?p=taxdetails&id=1\">Biota<\/a><\/td><\/tr><tr><th>Kingdom<\/th><td><a target=\"_blank\" href=\"https:\/\/www.marinespecies.org\/aphia.php?p=taxdetails&id=2\">Animalia<\/a><\/td><\/tr><tr><th>Phylum<\/th><td><a target=\"_blank\" href=\"https:\/\/www.marinespecies.org\/aphia.php?p=taxdetails&id=51\">Mollusca<\/a><\/td><\/tr><tr><th>Class<\/th><td><a target=\"_blank\" href=\"https:\/\/www.marinespecies.org\/aphia.php?p=taxdetails&id=101\">Gastropoda<\/a><\/td><\/tr><tr><th>Subclass<\/th><td><a target=\"_blank\" href=\"https:\/\/www.marinespecies.org\/aphia.php?p=taxdetails&id=14712\">Heterobranchia<\/a><\/td><\/tr><tr><th>Infraclass<\/th><td><a target=\"_blank\" href=\"https:\/\/www.marinespecies.org\/aphia.php?p=taxdetails&id=1057247\">Euthyneura<\/a><\/td><\/tr><tr><th>Subterclass<\/th><td><a target=\"_blank\" href=\"https:\/\/www.marinespecies.org\/aphia.php?p=taxdetails&id=1057249\">Ringipleura<\/a><\/td><\/tr><tr><th>Superorder<\/th><td><a target=\"_blank\" href=\"https:\/\/www.marinespecies.org\/aphia.php?p=taxdetails&id=411966\">Nudipleura<\/a><\/td><\/tr><tr><th>Order<\/th><td><a target=\"_blank\" href=\"https:\/\/www.marinespecies.org\/aphia.php?p=taxdetails&id=1762\">Nudibranchia<\/a><\/td><\/tr><tr><th>Suborder<\/th><td><a target=\"_blank\" href=\"https:\/\/www.marinespecies.org\/aphia.php?p=taxdetails&id=1829294\">Doridida<\/a><\/td><\/tr><tr><th>Infraorder<\/th><td><a target=\"_blank\" href=\"https:\/\/www.marinespecies.org\/aphia.php?p=taxdetails&id=246038\">Doridoidei<\/a><\/td><\/tr><tr><th>Superfamily<\/th><td><a target=\"_blank\" href=\"https:\/\/www.marinespecies.org\/aphia.php?p=taxdetails&id=412569\">Polyceroidea<\/a><\/td><\/tr><tr><th>Family<\/th><td><a target=\"_blank\" href=\"https:\/\/www.marinespecies.org\/aphia.php?p=taxdetails&id=177\">Polyceridae<\/a><\/td><\/tr><tr><th>Subfamily<\/th><td><a target=\"_blank\" href=\"https:\/\/www.marinespecies.org\/aphia.php?p=taxdetails&id=412577\">Triophinae<\/a><\/td><\/tr><tr><th>Genus<\/th><td><a target=\"_blank\" href=\"https:\/\/www.marinespecies.org\/aphia.php?p=taxdetails&id=138368\"><em>Limacia<\/em><\/a><\/td><\/tr><tr><th>Species<\/th><td><a target=\"_blank\" href=\"https:\/\/www.marinespecies.org\/aphia.php?p=taxdetails&id=1475195\"><em>Limacia inesae<\/em> Toms, Pola, Von der Heyden &amp; Gosliner, 2021<\/a><\/td><\/tr><\/table><p class=\"footer\">Clasificaci\u00f3n proporcionada por el World Register of Marine Species (WoRMS). [<a target=\"_blank\" href=\"https:\/\/www.marinespecies.org\/aphia.php?p=taxdetails&id=1475195\">1475195<\/a>]<\/p><\/div><strong>Nota taxon\u00f3mica<\/strong>: Hist\u00f3ricamente confundida con <em>Limacia clavigera<\/em>, seg\u00fan el trabajo de Toms et al. (2021), la especie <em>Limacia clavigera<\/em> parece estar estrictamente distribuida en aguas atl\u00e1nticas desde Noruega hasta las costas de Andaluc\u00eda occidental (Espa\u00f1a), mientras que los ejemplares de <em>Limacia inesae<\/em>, de menor tama\u00f1o que los de la otra especie, se distribuyen por el Mediterr\u00e1neo, Canarias, Madeira y Azores.<\/p>\n<p><strong>Descripci\u00f3n<br \/>\n<\/strong>Los animales vivos miden hasta 12 mm de longitud. La forma del cuerpo es rectangular, estrech\u00e1ndose hacia el extremo triangular del pie. Cuerpo de color blanco uniforme, muy espiculado, con los \u00f3rganos internos a veces visibles por transparencia. Cuerpo rodeado por una cresta de aproximadamente 2-4 mm ubicada por encima del borde del pie, con 14-22 papilas en forma de dedos que se proyectan desde la cresta, apuntando hacia arriba o lateralmente. Las papilas son de grosor similar en toda su longitud, tienen los \u00e1pices de color naranja y, a menudo, son m\u00e1s cortas o faltan en la regi\u00f3n central del cuerpo. Las papilas alrededor del velo oral crecen m\u00e1s apretadas entre s\u00ed, son m\u00e1s delgadas y tienen las puntas anaranjadas muy espiculadas. Los tent\u00e1culos orales sobresalen de ambos lados de la boca, son m\u00e1s cortos que las papilas orales y est\u00e1n enrollados longitudinalmente, con las puntas un poco anaranjadas. El dorso tiene entre 6 y 9 tub\u00e9rculos elevados de punta anaranjada, dispuestos longitudinalmente a lo largo de la l\u00ednea dorsal media. Los rin\u00f3foros son blancos con puntas anaranjadas y bastante grandes en comparaci\u00f3n con el tama\u00f1o del cuerpo. Son retr\u00e1ctiles y perfoliados, con 10-14 laminillas. La branquia est\u00e1 formada por 3 hojas simples o bipinnadas, cuyas puntas pueden ser anaranjadas o blancas. Hay ranuras laterales de funci\u00f3n desconocida ubicadas entre los rin\u00f3foros y los tent\u00e1culos orales.<\/p>\n<p><strong>Biolog\u00eda<br \/>\n<\/strong><em>Limacia inesae<\/em> vive en paredes rocosas poco iluminadas con abundancia de invertebrados s\u00e9siles, bajo rocas y en hojas de <em>Posidonia oceanica<\/em> con briozoos. Se ha encontrado sobre muchas especies de briozoos, algunos de los cuales pueden ser su alimento, como <em>Aetea truncata, Caberea boryi, Celleporina hassalli, Chorizopora brongniarti, Cryptosula pallasiana, Electra pilosa, Escharella immersa, Escharina vulgaris, Hippodiplosia<\/em> spp., <em>Pentapora foliacea, Membranipora membranacea, Microporella ciliata, Parasmittina raigii, Porella concinna, Savignella lafonti, Schismopora avicularis,, Schizomavella<\/em> spp., <em>Schizobrachiella sanguinea, Schizoporella unicornis, Smittina reticulata<\/em> y <em>Umbonula littoralis<\/em> (McDonald &amp; Nybakken, 1999). La puesta est\u00e1 formada por un cord\u00f3n enrollado en una espiral plana de varias vueltas con huevos blancos.<\/p>\n<p><strong>Etimolog\u00eda<\/strong><\/p>\n<ul>\n<li><span style=\"color: #000000;\"><em>Limacia<strong style=\"color: #777777;\">.\u00a0<\/strong><\/em>Del Latin &#8220;limax&#8221;, babosa, viscoso.<\/span><\/li>\n<li><em>Inesae<\/em>. Dedicada a In\u00e9s Pola, hija de la segunda autora del art\u00edculo en que se describe la especie.<\/li>\n<\/ul>\n<p><strong>Distribuci\u00f3n<br \/>\n<\/strong>Es una especie que habita en el Mediterr\u00e1neo, desde Gibraltar a Turqu\u00eda, tambi\u00e9n se encuentra en Canarias, en Madeira y en las Azores. en el sur de la Pen\u00ednsula Ib\u00e9rica es simp\u00e1trica con <em>Limacia clavigera<\/em>.<div id=\"flxmap-6a999c1edab8a\" class='flxmap-container' data-flxmap='flxmap_6a999c1edab8a' style=\"width:100%;height:400px;\"><\/div>\n<script data-noptimize=\"1\">\n\/* <![CDATA[ *\/\n(function(w, fn) {\n if (w.addEventListener) w.addEventListener(\"DOMContentLoaded\", fn, false);\n else if (w.attachEvent) w.attachEvent(\"onload\", fn);\n})(window, function() {\n var f = new FlexibleMap();\n f.panControl = true;\n f.mapTypeId = \"satellite\";\n f.setlocale(\"es-ES\");\n f.kmlcache = \"5 minutes\";\n f.showKML(\"flxmap-6a999c1edab8a\", \"https:\/\/opistobranquis.info\/wp-content\/uploads\/kms\/31312.kmz\");\n window.flxmap_6a999c1edab8a = f;\n});\n\/* ]]> *\/\n<\/script>\n<div style=\"width:100%;text-align:center;margin:12px 0 4px 0;\">\n  <div style=\"font-size:8pt;margin-bottom:6px;\">Citas georeferenciadas conocidas de la especie: <em>Limacia inesae<\/em><\/div>\n  <table style=\"margin:0 auto;border-collapse:collapse;font-size:8pt;\">\n    <tr><td colspan=\"2\" style=\"text-align:left;padding-bottom:4px;\"><strong>Fonts:<\/strong><\/td><\/tr>\n    <tr>\n      <td style=\"vertical-align:top;padding-right:40px;\">\n        <table style=\"border-collapse:collapse;\">\n<tr><td style='padding:1px 6px 1px 0;vertical-align:middle'><img data-recalc-dims=\"1\" src=\"https:\/\/i0.wp.com\/opistobranquis.info\/wp-content\/uploads\/kms\/wht-circle-lv.png?w=900&#038;ssl=1\" style='display:block'><\/td><td style='padding:1px 0;vertical-align:middle;white-space:nowrap'>OBIS<\/td><\/tr><tr><td style='padding:1px 6px 1px 0;vertical-align:middle'><img data-recalc-dims=\"1\" src=\"https:\/\/i0.wp.com\/opistobranquis.info\/wp-content\/uploads\/kms\/ylw-circle-lv.png?w=900&#038;ssl=1\" style='display:block'><\/td><td style='padding:1px 0;vertical-align:middle;white-space:nowrap'>GROC 2010-2011<\/td><\/tr><tr><td style='padding:1px 6px 1px 0;vertical-align:middle'><img data-recalc-dims=\"1\" src=\"https:\/\/i0.wp.com\/opistobranquis.info\/wp-content\/uploads\/kms\/grn-circle-lv.png?w=900&#038;ssl=1\" style='display:block'><\/td><td style='padding:1px 0;vertical-align:middle;white-space:nowrap'>Enric Madrenas<\/td><\/tr><tr><td style='padding:1px 6px 1px 0;vertical-align:middle'><img data-recalc-dims=\"1\" src=\"https:\/\/i0.wp.com\/opistobranquis.info\/wp-content\/uploads\/kms\/orange-circle-lv.png?w=900&#038;ssl=1\" style='display:block'><\/td><td style='padding:1px 0;vertical-align:middle;white-space:nowrap'>Jo\u00e3o Pedro Silva<\/td><\/tr><tr><td style='padding:1px 6px 1px 0;vertical-align:middle'><img data-recalc-dims=\"1\" src=\"https:\/\/i0.wp.com\/opistobranquis.info\/wp-content\/uploads\/kms\/pink-circle-lv.png?w=900&#038;ssl=1\" style='display:block'><\/td><td style='padding:1px 0;vertical-align:middle;white-space:nowrap'>Bernard Picton<\/td><\/tr><tr><td style='padding:1px 6px 1px 0;vertical-align:middle'><img data-recalc-dims=\"1\" src=\"https:\/\/i0.wp.com\/opistobranquis.info\/wp-content\/uploads\/kms\/blk-circle-lv.png?w=900&#038;ssl=1\" style='display:block'><\/td><td style='padding:1px 0;vertical-align:middle;white-space:nowrap'>GBIF<\/td><\/tr>        <\/table>\n      <\/td>\n      <td style=\"vertical-align:top;\">\n        <table style=\"border-collapse:collapse;\">\n<tr><td style='padding:1px 6px 1px 0;vertical-align:middle'><img data-recalc-dims=\"1\" src=\"https:\/\/i0.wp.com\/opistobranquis.info\/wp-content\/uploads\/kms\/purple-circle-lv.png?w=900&#038;ssl=1\" style='display:block'><\/td><td style='padding:1px 0;vertical-align:middle;white-space:nowrap'>OPK<\/td><\/tr><tr><td style='padding:1px 6px 1px 0;vertical-align:middle'><img data-recalc-dims=\"1\" src=\"https:\/\/i0.wp.com\/opistobranquis.info\/wp-content\/uploads\/kms\/red-circle-lv.png?w=900&#038;ssl=1\" style='display:block'><\/td><td style='padding:1px 0;vertical-align:middle;white-space:nowrap'>VIMAR<\/td><\/tr><tr><td style='padding:1px 6px 1px 0;vertical-align:middle'><img data-recalc-dims=\"1\" src=\"https:\/\/i0.wp.com\/opistobranquis.info\/wp-content\/uploads\/kms\/blu-circle-lv.png?w=900&#038;ssl=1\" style='display:block'><\/td><td style='padding:1px 0;vertical-align:middle;white-space:nowrap'>Manuel Ballesteros<\/td><\/tr><tr><td style='padding:1px 6px 1px 0;vertical-align:middle'><img data-recalc-dims=\"1\" src=\"https:\/\/i0.wp.com\/opistobranquis.info\/wp-content\/uploads\/kms\/cyan-circle-lv.png?w=900&#038;ssl=1\" style='display:block'><\/td><td style='padding:1px 0;vertical-align:middle;white-space:nowrap'>M@re Nostrum<\/td><\/tr><tr><td style='padding:1px 6px 1px 0;vertical-align:middle'><img data-recalc-dims=\"1\" src=\"https:\/\/i0.wp.com\/opistobranquis.info\/wp-content\/uploads\/kms\/grey-circle-lv.png?w=900&#038;ssl=1\" style='display:block'><\/td><td style='padding:1px 0;vertical-align:middle;white-space:nowrap'>Altres fonts<\/td><\/tr><tr><td style='padding:1px 6px 1px 0;vertical-align:middle'><img data-recalc-dims=\"1\" src=\"https:\/\/i0.wp.com\/opistobranquis.info\/wp-content\/uploads\/kms\/marreg.png?w=900&#038;ssl=1\" style='display:block'><\/td><td style='padding:1px 0;vertical-align:middle;white-space:nowrap'>Marine Regions<\/td><\/tr>        <\/table>\n      <\/td>\n    <\/tr>\n  <\/table>\n<\/div>\n<\/p>\n<p><strong>Especies similares<\/strong><br \/>\n<a href=\"https:\/\/opistobranquis.info\/guia\/nudibranchia\/doridina\/doridoidei\/polyceroidea\/limacia-clavigera\/\"><em>Limacia clavigera<\/em><\/a> tiene numerosos tub\u00e9rculos dispuestos irregularmente en el notum, mientras que <em>Limacia inesae<\/em> tiene una sola fila de tub\u00e9rculos a lo largo de la l\u00ednea media dorsal. <em>L. clavigera<\/em> puede alcanzar los 30 mm de longitud y suele tener entre 15 y 20 mm de longitud, mientras que <em>L. inesae<\/em> alcanza una longitud m\u00e1xima de 12 mm. <em>L. clavigera<\/em> tiene entre 20 y 24 ap\u00e9ndices laterales, mientras que <em>L. inesae<\/em> tiene entre 14 y 22. <a href=\"https:\/\/opistobranquis.info\/guia\/nudibranchia\/doridina\/doridoidei\/polyceroidea\/limacia-iberica\/\"><em>Limacia iberica<\/em> <\/a>tiene una sola fila de tub\u00e9rculos en el dorso como <em>L. inesae<\/em>, pero <em>L. iberica<\/em> tiene tub\u00e9rculos dorsales dispersos por delante de los rin\u00f3foros, que est\u00e1n ausentes en <em>L. inesae<\/em>. <em>L. iberica<\/em> tiene muchos m\u00e1s ap\u00e9ndices laterales (alrededor de 50) con puntas blancas, mientras que <em>L. inesae<\/em> tiene entre 14-22, todas con puntas anaranjadas.<\/p>\n<p><strong>Error:<\/strong> Chart.js no est\u00e1 disponible.<\/p>\n<p><strong>Videos<\/strong><\/p>\n<p><iframe loading=\"lazy\" src=\"https:\/\/player.vimeo.com\/video\/406784958?h=2c952306cf&amp;dnt=1&amp;app_id=122963\" width=\"900\" height=\"506\" frameborder=\"0\" allow=\"autoplay; fullscreen; picture-in-picture\" allowfullscreen><\/iframe><\/p>\n<p><iframe loading=\"lazy\" src=\"https:\/\/player.vimeo.com\/video\/784333744?h=11b7b556aa&amp;dnt=1&amp;app_id=122963\" width=\"900\" height=\"506\" frameborder=\"0\" allow=\"autoplay; fullscreen; picture-in-picture\" allowfullscreen><\/iframe><\/p>\n<p><iframe loading=\"lazy\" src=\"https:\/\/player.vimeo.com\/video\/406784850?h=673adeb3ec&amp;dnt=1&amp;app_id=122963\" width=\"900\" height=\"506\" frameborder=\"0\" allow=\"autoplay; fullscreen; picture-in-picture\" allowfullscreen><\/iframe><\/p>\n<p>&nbsp;<\/p>\n<p><strong>Otras fotos<br \/>\n<\/strong><div class=\"tiled-gallery type-rectangular tiled-gallery-unresized\" data-original-width=\"900\" data-carousel-extra='{&quot;blog_id&quot;:1,&quot;permalink&quot;:&quot;https:\\\/\\\/opistobranquis.info\\\/es\\\/guia\\\/nudibranchia\\\/doridina\\\/doridoidei\\\/polyceroidea\\\/limacia-inesae\\\/&quot;,&quot;likes_blog_id&quot;:44192421}' itemscope itemtype=\"http:\/\/schema.org\/ImageGallery\" > <div class=\"gallery-row\" style=\"width: 900px; height: 664px;\" data-original-width=\"900\" data-original-height=\"664\" > <div class=\"gallery-group images-1\" style=\"width: 450px; height: 664px;\" data-original-width=\"450\" data-original-height=\"664\" > <div class=\"tiled-gallery-item tiled-gallery-item-large\" itemprop=\"associatedMedia\" itemscope itemtype=\"http:\/\/schema.org\/ImageObject\"> <a href=\"https:\/\/opistobranquis.info\/es\/guia\/nudibranchia\/doridina\/doridoidei\/polyceroidea\/limacia-inesae\/limacia-clavigera-01\/\" border=\"0\" itemprop=\"url\"> <meta itemprop=\"width\" content=\"446\"> <meta itemprop=\"height\" content=\"660\"> <img decoding=\"async\" class=\"\" data-attachment-id=\"4670\" data-orig-file=\"https:\/\/opistobranquis.info\/wp-content\/uploads\/2012\/12\/limacia-clavigera-01.jpg\" data-orig-size=\"412,610\" data-comments-opened=\"\" data-image-title=\"Limacia inesae by Enric Madrenas\" data-image-description=\"&lt;p&gt;Limacia inesae by Enric Madrenas&lt;\/p&gt; \" data-medium-file=\"https:\/\/i0.wp.com\/opistobranquis.info\/wp-content\/uploads\/2012\/12\/limacia-clavigera-01.jpg?fit=202%2C300&#038;ssl=1\" data-large-file=\"https:\/\/i0.wp.com\/opistobranquis.info\/wp-content\/uploads\/2012\/12\/limacia-clavigera-01.jpg?fit=412%2C610&#038;ssl=1\" src=\"https:\/\/i0.wp.com\/opistobranquis.info\/wp-content\/uploads\/2012\/12\/limacia-clavigera-01.jpg?w=446&#038;h=660&#038;ssl=1\" srcset=\"https:\/\/i0.wp.com\/opistobranquis.info\/wp-content\/uploads\/2012\/12\/limacia-clavigera-01.jpg?w=412&amp;ssl=1 412w, https:\/\/i0.wp.com\/opistobranquis.info\/wp-content\/uploads\/2012\/12\/limacia-clavigera-01.jpg?resize=202%2C300&amp;ssl=1 202w\" width=\"446\" height=\"660\" loading=\"lazy\" data-original-width=\"446\" data-original-height=\"660\" itemprop=\"http:\/\/schema.org\/image\" title=\"Limacia inesae by Enric Madrenas\" alt=\"Limacia inesae by Enric Madrenas\" style=\"width: 446px; height: 660px;\" \/> <\/a> <div class=\"tiled-gallery-caption\" itemprop=\"caption description\"> Limacia inesae by Enric Madrenas <\/div> <\/div> <\/div> <!-- close group --> <div class=\"gallery-group images-1\" style=\"width: 450px; height: 664px;\" data-original-width=\"450\" data-original-height=\"664\" > <div class=\"tiled-gallery-item tiled-gallery-item-large\" itemprop=\"associatedMedia\" itemscope itemtype=\"http:\/\/schema.org\/ImageObject\"> <a href=\"https:\/\/opistobranquis.info\/es\/guia\/nudibranchia\/doridina\/doridoidei\/polyceroidea\/limacia-inesae\/limacia-clavigera-02\/\" border=\"0\" itemprop=\"url\"> <meta itemprop=\"width\" content=\"446\"> <meta itemprop=\"height\" content=\"660\"> <img decoding=\"async\" class=\"\" data-attachment-id=\"4671\" data-orig-file=\"https:\/\/opistobranquis.info\/wp-content\/uploads\/2012\/12\/limacia-clavigera-02.jpg\" data-orig-size=\"412,610\" data-comments-opened=\"\" data-image-title=\"Limacia inesae by Enric Madrenas\" data-image-description=\"&lt;p&gt;Limacia inesae by Enric Madrenas&lt;\/p&gt; \" data-medium-file=\"https:\/\/i0.wp.com\/opistobranquis.info\/wp-content\/uploads\/2012\/12\/limacia-clavigera-02.jpg?fit=202%2C300&#038;ssl=1\" data-large-file=\"https:\/\/i0.wp.com\/opistobranquis.info\/wp-content\/uploads\/2012\/12\/limacia-clavigera-02.jpg?fit=412%2C610&#038;ssl=1\" src=\"https:\/\/i0.wp.com\/opistobranquis.info\/wp-content\/uploads\/2012\/12\/limacia-clavigera-02.jpg?w=446&#038;h=660&#038;ssl=1\" srcset=\"https:\/\/i0.wp.com\/opistobranquis.info\/wp-content\/uploads\/2012\/12\/limacia-clavigera-02.jpg?w=412&amp;ssl=1 412w, https:\/\/i0.wp.com\/opistobranquis.info\/wp-content\/uploads\/2012\/12\/limacia-clavigera-02.jpg?resize=202%2C300&amp;ssl=1 202w\" width=\"446\" height=\"660\" loading=\"lazy\" data-original-width=\"446\" data-original-height=\"660\" itemprop=\"http:\/\/schema.org\/image\" title=\"Limacia inesae by Enric Madrenas\" alt=\"Limacia inesae by Enric Madrenas\" style=\"width: 446px; height: 660px;\" \/> <\/a> <div class=\"tiled-gallery-caption\" itemprop=\"caption description\"> Limacia inesae by Enric Madrenas <\/div> <\/div> <\/div> <!-- close group --> <\/div> <!-- close row --> <div class=\"gallery-row\" style=\"width: 900px; height: 406px;\" data-original-width=\"900\" data-original-height=\"406\" > <div class=\"gallery-group images-1\" style=\"width: 600px; height: 406px;\" data-original-width=\"600\" data-original-height=\"406\" > <div class=\"tiled-gallery-item tiled-gallery-item-large\" itemprop=\"associatedMedia\" itemscope itemtype=\"http:\/\/schema.org\/ImageObject\"> <a href=\"https:\/\/opistobranquis.info\/es\/guia\/nudibranchia\/doridina\/doridoidei\/polyceroidea\/limacia-inesae\/limacia-clavigera-03\/\" border=\"0\" itemprop=\"url\"> <meta itemprop=\"width\" content=\"596\"> <meta itemprop=\"height\" content=\"402\"> <img decoding=\"async\" class=\"\" data-attachment-id=\"4672\" data-orig-file=\"https:\/\/opistobranquis.info\/wp-content\/uploads\/2012\/12\/limacia-clavigera-03.jpg\" data-orig-size=\"810,546\" data-comments-opened=\"\" data-image-title=\"Limacia inesae by Enric Madrenas\" data-image-description=\"&lt;p&gt;Limacia inesae by Enric Madrenas&lt;\/p&gt; \" data-medium-file=\"https:\/\/i0.wp.com\/opistobranquis.info\/wp-content\/uploads\/2012\/12\/limacia-clavigera-03.jpg?fit=300%2C202&#038;ssl=1\" data-large-file=\"https:\/\/i0.wp.com\/opistobranquis.info\/wp-content\/uploads\/2012\/12\/limacia-clavigera-03.jpg?fit=810%2C546&#038;ssl=1\" src=\"https:\/\/i0.wp.com\/opistobranquis.info\/wp-content\/uploads\/2012\/12\/limacia-clavigera-03.jpg?w=596&#038;h=402&#038;ssl=1\" srcset=\"https:\/\/i0.wp.com\/opistobranquis.info\/wp-content\/uploads\/2012\/12\/limacia-clavigera-03.jpg?w=810&amp;ssl=1 810w, https:\/\/i0.wp.com\/opistobranquis.info\/wp-content\/uploads\/2012\/12\/limacia-clavigera-03.jpg?resize=300%2C202&amp;ssl=1 300w\" width=\"596\" height=\"402\" loading=\"lazy\" data-original-width=\"596\" data-original-height=\"402\" itemprop=\"http:\/\/schema.org\/image\" title=\"Limacia inesae by Enric Madrenas\" alt=\"Limacia inesae by Enric Madrenas\" style=\"width: 596px; height: 402px;\" \/> <\/a> <div class=\"tiled-gallery-caption\" itemprop=\"caption description\"> Limacia inesae by Enric Madrenas <\/div> <\/div> <\/div> <!-- close group --> <div class=\"gallery-group images-2\" style=\"width: 300px; height: 406px;\" data-original-width=\"300\" data-original-height=\"406\" > <div class=\"tiled-gallery-item tiled-gallery-item-large\" itemprop=\"associatedMedia\" itemscope itemtype=\"http:\/\/schema.org\/ImageObject\"> <a href=\"https:\/\/opistobranquis.info\/es\/guia\/nudibranchia\/doridina\/doridoidei\/polyceroidea\/limacia-inesae\/limacia-clavigera-06\/\" border=\"0\" itemprop=\"url\"> <meta itemprop=\"width\" content=\"296\"> <meta itemprop=\"height\" content=\"199\"> <img decoding=\"async\" class=\"\" data-attachment-id=\"4673\" data-orig-file=\"https:\/\/opistobranquis.info\/wp-content\/uploads\/2012\/12\/limacia-clavigera-06.jpg\" data-orig-size=\"810,545\" data-comments-opened=\"\" data-image-title=\"Limacia inesae by Enric Madrenas\" data-image-description=\"&lt;p&gt;Limacia inesae by Enric Madrenas&lt;\/p&gt; \" data-medium-file=\"https:\/\/i0.wp.com\/opistobranquis.info\/wp-content\/uploads\/2012\/12\/limacia-clavigera-06.jpg?fit=300%2C201&#038;ssl=1\" data-large-file=\"https:\/\/i0.wp.com\/opistobranquis.info\/wp-content\/uploads\/2012\/12\/limacia-clavigera-06.jpg?fit=810%2C545&#038;ssl=1\" src=\"https:\/\/i0.wp.com\/opistobranquis.info\/wp-content\/uploads\/2012\/12\/limacia-clavigera-06.jpg?w=296&#038;h=199&#038;ssl=1\" srcset=\"https:\/\/i0.wp.com\/opistobranquis.info\/wp-content\/uploads\/2012\/12\/limacia-clavigera-06.jpg?w=810&amp;ssl=1 810w, https:\/\/i0.wp.com\/opistobranquis.info\/wp-content\/uploads\/2012\/12\/limacia-clavigera-06.jpg?resize=300%2C201&amp;ssl=1 300w\" width=\"296\" height=\"199\" loading=\"lazy\" data-original-width=\"296\" data-original-height=\"199\" itemprop=\"http:\/\/schema.org\/image\" title=\"Limacia inesae by Enric Madrenas\" alt=\"Limacia inesae by Enric Madrenas\" style=\"width: 296px; height: 199px;\" \/> <\/a> <div class=\"tiled-gallery-caption\" itemprop=\"caption description\"> Limacia inesae by Enric Madrenas <\/div> <\/div> <div class=\"tiled-gallery-item tiled-gallery-item-large\" itemprop=\"associatedMedia\" itemscope itemtype=\"http:\/\/schema.org\/ImageObject\"> <a href=\"https:\/\/opistobranquis.info\/es\/guia\/nudibranchia\/doridina\/doridoidei\/polyceroidea\/limacia-inesae\/limacia-clavigera-14\/\" border=\"0\" itemprop=\"url\"> <meta itemprop=\"width\" content=\"296\"> <meta itemprop=\"height\" content=\"199\"> <img decoding=\"async\" class=\"\" data-attachment-id=\"4674\" data-orig-file=\"https:\/\/opistobranquis.info\/wp-content\/uploads\/2012\/12\/limacia-clavigera-14.jpg\" data-orig-size=\"810,546\" data-comments-opened=\"\" data-image-title=\"Limacia inesae by Enric Madrenas\" data-image-description=\"&lt;p&gt;Limacia inesae by Enric Madrenas&lt;\/p&gt; \" data-medium-file=\"https:\/\/i0.wp.com\/opistobranquis.info\/wp-content\/uploads\/2012\/12\/limacia-clavigera-14.jpg?fit=300%2C202&#038;ssl=1\" data-large-file=\"https:\/\/i0.wp.com\/opistobranquis.info\/wp-content\/uploads\/2012\/12\/limacia-clavigera-14.jpg?fit=810%2C546&#038;ssl=1\" src=\"https:\/\/i0.wp.com\/opistobranquis.info\/wp-content\/uploads\/2012\/12\/limacia-clavigera-14.jpg?w=296&#038;h=199&#038;ssl=1\" srcset=\"https:\/\/i0.wp.com\/opistobranquis.info\/wp-content\/uploads\/2012\/12\/limacia-clavigera-14.jpg?w=810&amp;ssl=1 810w, https:\/\/i0.wp.com\/opistobranquis.info\/wp-content\/uploads\/2012\/12\/limacia-clavigera-14.jpg?resize=300%2C202&amp;ssl=1 300w\" width=\"296\" height=\"199\" loading=\"lazy\" data-original-width=\"296\" data-original-height=\"199\" itemprop=\"http:\/\/schema.org\/image\" title=\"Limacia inesae by Enric Madrenas\" alt=\"Limacia inesae by Enric Madrenas\" style=\"width: 296px; height: 199px;\" \/> <\/a> <div class=\"tiled-gallery-caption\" itemprop=\"caption description\"> Limacia inesae by Enric Madrenas <\/div> <\/div> <\/div> <!-- close group --> <\/div> <!-- close row --> <div class=\"gallery-row\" style=\"width: 900px; height: 248px;\" data-original-width=\"900\" data-original-height=\"248\" > <div class=\"gallery-group images-1\" style=\"width: 366px; height: 248px;\" data-original-width=\"366\" data-original-height=\"248\" > <div class=\"tiled-gallery-item tiled-gallery-item-large\" itemprop=\"associatedMedia\" itemscope itemtype=\"http:\/\/schema.org\/ImageObject\"> <a href=\"https:\/\/opistobranquis.info\/es\/guia\/nudibranchia\/doridina\/doridoidei\/polyceroidea\/limacia-inesae\/limacia-clavigera-20\/\" border=\"0\" itemprop=\"url\"> <meta itemprop=\"width\" content=\"362\"> <meta itemprop=\"height\" content=\"244\"> <img decoding=\"async\" class=\"\" data-attachment-id=\"4675\" data-orig-file=\"https:\/\/opistobranquis.info\/wp-content\/uploads\/2012\/12\/limacia-clavigera-20.jpg\" data-orig-size=\"810,546\" data-comments-opened=\"\" data-image-title=\"Limacia inesae by Enric Madrenas\" data-image-description=\"&lt;p&gt;Limacia inesae by Enric Madrenas&lt;\/p&gt; \" data-medium-file=\"https:\/\/i0.wp.com\/opistobranquis.info\/wp-content\/uploads\/2012\/12\/limacia-clavigera-20.jpg?fit=300%2C202&#038;ssl=1\" data-large-file=\"https:\/\/i0.wp.com\/opistobranquis.info\/wp-content\/uploads\/2012\/12\/limacia-clavigera-20.jpg?fit=810%2C546&#038;ssl=1\" src=\"https:\/\/i0.wp.com\/opistobranquis.info\/wp-content\/uploads\/2012\/12\/limacia-clavigera-20.jpg?w=362&#038;h=244&#038;ssl=1\" srcset=\"https:\/\/i0.wp.com\/opistobranquis.info\/wp-content\/uploads\/2012\/12\/limacia-clavigera-20.jpg?w=810&amp;ssl=1 810w, https:\/\/i0.wp.com\/opistobranquis.info\/wp-content\/uploads\/2012\/12\/limacia-clavigera-20.jpg?resize=300%2C202&amp;ssl=1 300w\" width=\"362\" height=\"244\" loading=\"lazy\" data-original-width=\"362\" data-original-height=\"244\" itemprop=\"http:\/\/schema.org\/image\" title=\"Limacia inesae by Enric Madrenas\" alt=\"Limacia inesae by Enric Madrenas\" style=\"width: 362px; height: 244px;\" \/> <\/a> <div class=\"tiled-gallery-caption\" itemprop=\"caption description\"> Limacia inesae by Enric Madrenas <\/div> <\/div> <\/div> <!-- close group --> <div class=\"gallery-group images-1\" style=\"width: 168px; height: 248px;\" data-original-width=\"168\" data-original-height=\"248\" > <div class=\"tiled-gallery-item tiled-gallery-item-small\" itemprop=\"associatedMedia\" itemscope itemtype=\"http:\/\/schema.org\/ImageObject\"> <a href=\"https:\/\/opistobranquis.info\/es\/guia\/nudibranchia\/doridina\/doridoidei\/polyceroidea\/limacia-inesae\/limacia-clavigera-21\/\" border=\"0\" itemprop=\"url\"> <meta itemprop=\"width\" content=\"164\"> <meta itemprop=\"height\" content=\"244\"> <img decoding=\"async\" class=\"\" data-attachment-id=\"4676\" data-orig-file=\"https:\/\/opistobranquis.info\/wp-content\/uploads\/2012\/12\/limacia-clavigera-21.jpg\" data-orig-size=\"412,610\" data-comments-opened=\"\" data-image-title=\"Limacia inesae by Enric Madrenas\" data-image-description=\"&lt;p&gt;Limacia inesae by Enric Madrenas&lt;\/p&gt; \" data-medium-file=\"https:\/\/i0.wp.com\/opistobranquis.info\/wp-content\/uploads\/2012\/12\/limacia-clavigera-21.jpg?fit=202%2C300&#038;ssl=1\" data-large-file=\"https:\/\/i0.wp.com\/opistobranquis.info\/wp-content\/uploads\/2012\/12\/limacia-clavigera-21.jpg?fit=412%2C610&#038;ssl=1\" src=\"https:\/\/i0.wp.com\/opistobranquis.info\/wp-content\/uploads\/2012\/12\/limacia-clavigera-21.jpg?w=164&#038;h=244&#038;ssl=1\" srcset=\"https:\/\/i0.wp.com\/opistobranquis.info\/wp-content\/uploads\/2012\/12\/limacia-clavigera-21.jpg?w=412&amp;ssl=1 412w, https:\/\/i0.wp.com\/opistobranquis.info\/wp-content\/uploads\/2012\/12\/limacia-clavigera-21.jpg?resize=202%2C300&amp;ssl=1 202w\" width=\"164\" height=\"244\" loading=\"lazy\" data-original-width=\"164\" data-original-height=\"244\" itemprop=\"http:\/\/schema.org\/image\" title=\"Limacia inesae by Enric Madrenas\" alt=\"Limacia inesae by Enric Madrenas\" style=\"width: 164px; height: 244px;\" \/> <\/a> <div class=\"tiled-gallery-caption\" itemprop=\"caption description\"> Limacia inesae by Enric Madrenas <\/div> <\/div> <\/div> <!-- close group --> <div class=\"gallery-group images-1\" style=\"width: 366px; height: 248px;\" data-original-width=\"366\" data-original-height=\"248\" > <div class=\"tiled-gallery-item tiled-gallery-item-large\" itemprop=\"associatedMedia\" itemscope itemtype=\"http:\/\/schema.org\/ImageObject\"> <a href=\"https:\/\/opistobranquis.info\/es\/guia\/nudibranchia\/doridina\/doridoidei\/polyceroidea\/limacia-inesae\/limacia-clavigera-31-amb-lichenopora-radiata\/\" border=\"0\" itemprop=\"url\"> <meta itemprop=\"width\" content=\"362\"> <meta itemprop=\"height\" content=\"244\"> <img decoding=\"async\" class=\"\" data-attachment-id=\"4677\" data-orig-file=\"https:\/\/opistobranquis.info\/wp-content\/uploads\/2012\/12\/limacia-clavigera-31-amb-lichenopora-radiata.jpg\" data-orig-size=\"810,546\" data-comments-opened=\"\" data-image-title=\"Limacia inesae by Enric Madrenas\" data-image-description=\"&lt;p&gt;Limacia inesae by Enric Madrenas&lt;\/p&gt; \" data-medium-file=\"https:\/\/i0.wp.com\/opistobranquis.info\/wp-content\/uploads\/2012\/12\/limacia-clavigera-31-amb-lichenopora-radiata.jpg?fit=300%2C202&#038;ssl=1\" data-large-file=\"https:\/\/i0.wp.com\/opistobranquis.info\/wp-content\/uploads\/2012\/12\/limacia-clavigera-31-amb-lichenopora-radiata.jpg?fit=810%2C546&#038;ssl=1\" src=\"https:\/\/i0.wp.com\/opistobranquis.info\/wp-content\/uploads\/2012\/12\/limacia-clavigera-31-amb-lichenopora-radiata.jpg?w=362&#038;h=244&#038;ssl=1\" srcset=\"https:\/\/i0.wp.com\/opistobranquis.info\/wp-content\/uploads\/2012\/12\/limacia-clavigera-31-amb-lichenopora-radiata.jpg?w=810&amp;ssl=1 810w, https:\/\/i0.wp.com\/opistobranquis.info\/wp-content\/uploads\/2012\/12\/limacia-clavigera-31-amb-lichenopora-radiata.jpg?resize=300%2C202&amp;ssl=1 300w\" width=\"362\" height=\"244\" loading=\"lazy\" data-original-width=\"362\" data-original-height=\"244\" itemprop=\"http:\/\/schema.org\/image\" title=\"Limacia inesae by Enric Madrenas\" alt=\"Limacia inesae by Enric Madrenas\" style=\"width: 362px; height: 244px;\" \/> <\/a> <div class=\"tiled-gallery-caption\" itemprop=\"caption description\"> Limacia inesae by Enric Madrenas <\/div> <\/div> <\/div> <!-- close group --> <\/div> <!-- close row --> <div class=\"gallery-row\" style=\"width: 900px; height: 413px;\" data-original-width=\"900\" data-original-height=\"413\" > <div class=\"gallery-group images-2\" style=\"width: 288px; height: 413px;\" data-original-width=\"288\" data-original-height=\"413\" > <div class=\"tiled-gallery-item tiled-gallery-item-large\" itemprop=\"associatedMedia\" itemscope itemtype=\"http:\/\/schema.org\/ImageObject\"> <a href=\"https:\/\/opistobranquis.info\/es\/guia\/nudibranchia\/doridina\/doridoidei\/polyceroidea\/limacia-inesae\/limacia-clavigera-40\/\" border=\"0\" itemprop=\"url\"> <meta itemprop=\"width\" content=\"284\"> <meta itemprop=\"height\" content=\"191\"> <img decoding=\"async\" class=\"\" data-attachment-id=\"4678\" data-orig-file=\"https:\/\/opistobranquis.info\/wp-content\/uploads\/2012\/12\/limacia-clavigera-40.jpg\" data-orig-size=\"810,545\" data-comments-opened=\"\" data-image-title=\"Limacia inesae mating by Enric Madrenas\" data-image-description=\"&lt;p&gt;Limacia inesae mating by Enric Madrenas&lt;\/p&gt; \" data-medium-file=\"https:\/\/i0.wp.com\/opistobranquis.info\/wp-content\/uploads\/2012\/12\/limacia-clavigera-40.jpg?fit=300%2C201&#038;ssl=1\" data-large-file=\"https:\/\/i0.wp.com\/opistobranquis.info\/wp-content\/uploads\/2012\/12\/limacia-clavigera-40.jpg?fit=810%2C545&#038;ssl=1\" src=\"https:\/\/i0.wp.com\/opistobranquis.info\/wp-content\/uploads\/2012\/12\/limacia-clavigera-40.jpg?w=284&#038;h=191&#038;ssl=1\" srcset=\"https:\/\/i0.wp.com\/opistobranquis.info\/wp-content\/uploads\/2012\/12\/limacia-clavigera-40.jpg?w=810&amp;ssl=1 810w, https:\/\/i0.wp.com\/opistobranquis.info\/wp-content\/uploads\/2012\/12\/limacia-clavigera-40.jpg?resize=300%2C201&amp;ssl=1 300w\" width=\"284\" height=\"191\" loading=\"lazy\" data-original-width=\"284\" data-original-height=\"191\" itemprop=\"http:\/\/schema.org\/image\" title=\"Limacia inesae mating by Enric Madrenas\" alt=\"Limacia inesae mating by Enric Madrenas\" style=\"width: 284px; height: 191px;\" \/> <\/a> <div class=\"tiled-gallery-caption\" itemprop=\"caption description\"> Limacia inesae mating by Enric Madrenas <\/div> <\/div> <div class=\"tiled-gallery-item tiled-gallery-item-large\" itemprop=\"associatedMedia\" itemscope itemtype=\"http:\/\/schema.org\/ImageObject\"> <a href=\"https:\/\/opistobranquis.info\/es\/guia\/nudibranchia\/doridina\/doridoidei\/polyceroidea\/limacia-inesae\/limacia-clavigera-48\/\" border=\"0\" itemprop=\"url\"> <meta itemprop=\"width\" content=\"284\"> <meta itemprop=\"height\" content=\"214\"> <img decoding=\"async\" class=\"\" data-attachment-id=\"4679\" data-orig-file=\"https:\/\/opistobranquis.info\/wp-content\/uploads\/2012\/12\/limacia-clavigera-48.jpg\" data-orig-size=\"808,610\" data-comments-opened=\"\" data-image-title=\"Limacia inesae by Enric Madrenas\" data-image-description=\"&lt;p&gt;Limacia inesae by Enric Madrenas&lt;\/p&gt; \" data-medium-file=\"https:\/\/i0.wp.com\/opistobranquis.info\/wp-content\/uploads\/2012\/12\/limacia-clavigera-48.jpg?fit=300%2C226&#038;ssl=1\" data-large-file=\"https:\/\/i0.wp.com\/opistobranquis.info\/wp-content\/uploads\/2012\/12\/limacia-clavigera-48.jpg?fit=808%2C610&#038;ssl=1\" src=\"https:\/\/i0.wp.com\/opistobranquis.info\/wp-content\/uploads\/2012\/12\/limacia-clavigera-48.jpg?w=284&#038;h=214&#038;ssl=1\" srcset=\"https:\/\/i0.wp.com\/opistobranquis.info\/wp-content\/uploads\/2012\/12\/limacia-clavigera-48.jpg?w=808&amp;ssl=1 808w, https:\/\/i0.wp.com\/opistobranquis.info\/wp-content\/uploads\/2012\/12\/limacia-clavigera-48.jpg?resize=300%2C226&amp;ssl=1 300w\" width=\"284\" height=\"214\" loading=\"lazy\" data-original-width=\"284\" data-original-height=\"214\" itemprop=\"http:\/\/schema.org\/image\" title=\"Limacia inesae by Enric Madrenas\" alt=\"Limacia inesae by Enric Madrenas\" style=\"width: 284px; height: 214px;\" \/> <\/a> <div class=\"tiled-gallery-caption\" itemprop=\"caption description\"> Limacia inesae by Enric Madrenas <\/div> <\/div> <\/div> <!-- close group --> <div class=\"gallery-group images-1\" style=\"width: 612px; height: 413px;\" data-original-width=\"612\" data-original-height=\"413\" > <div class=\"tiled-gallery-item tiled-gallery-item-large\" itemprop=\"associatedMedia\" itemscope itemtype=\"http:\/\/schema.org\/ImageObject\"> <a href=\"https:\/\/opistobranquis.info\/es\/guia\/nudibranchia\/doridina\/doridoidei\/polyceroidea\/limacia-inesae\/limacia-clavigera-55\/\" border=\"0\" itemprop=\"url\"> <meta itemprop=\"width\" content=\"608\"> <meta itemprop=\"height\" content=\"409\"> <img decoding=\"async\" class=\"\" data-attachment-id=\"4681\" data-orig-file=\"https:\/\/opistobranquis.info\/wp-content\/uploads\/2012\/12\/limacia-clavigera-55.jpg\" data-orig-size=\"810,545\" data-comments-opened=\"\" data-image-title=\"Limacia inesae by Enric Madrenas\" data-image-description=\"&lt;p&gt;Limacia inesae by Enric Madrenas&lt;\/p&gt; \" data-medium-file=\"https:\/\/i0.wp.com\/opistobranquis.info\/wp-content\/uploads\/2012\/12\/limacia-clavigera-55.jpg?fit=300%2C201&#038;ssl=1\" data-large-file=\"https:\/\/i0.wp.com\/opistobranquis.info\/wp-content\/uploads\/2012\/12\/limacia-clavigera-55.jpg?fit=810%2C545&#038;ssl=1\" src=\"https:\/\/i0.wp.com\/opistobranquis.info\/wp-content\/uploads\/2012\/12\/limacia-clavigera-55.jpg?w=608&#038;h=409&#038;ssl=1\" srcset=\"https:\/\/i0.wp.com\/opistobranquis.info\/wp-content\/uploads\/2012\/12\/limacia-clavigera-55.jpg?w=810&amp;ssl=1 810w, https:\/\/i0.wp.com\/opistobranquis.info\/wp-content\/uploads\/2012\/12\/limacia-clavigera-55.jpg?resize=300%2C201&amp;ssl=1 300w\" width=\"608\" height=\"409\" loading=\"lazy\" data-original-width=\"608\" data-original-height=\"409\" itemprop=\"http:\/\/schema.org\/image\" title=\"Limacia inesae by Enric Madrenas\" alt=\"Limacia inesae by Enric Madrenas\" style=\"width: 608px; height: 409px;\" \/> <\/a> <div class=\"tiled-gallery-caption\" itemprop=\"caption description\"> Limacia inesae by Enric Madrenas <\/div> <\/div> <\/div> <!-- close group --> <\/div> <!-- close row --> <div class=\"gallery-row\" style=\"width: 900px; height: 386px;\" data-original-width=\"900\" data-original-height=\"386\" > <div class=\"gallery-group images-1\" style=\"width: 387px; height: 386px;\" data-original-width=\"387\" data-original-height=\"386\" > <div class=\"tiled-gallery-item tiled-gallery-item-large\" itemprop=\"associatedMedia\" itemscope itemtype=\"http:\/\/schema.org\/ImageObject\"> <a href=\"https:\/\/opistobranquis.info\/es\/guia\/nudibranchia\/doridina\/doridoidei\/polyceroidea\/limacia-inesae\/radula-de-limacia-clavigera-by-luis-sanchez-tocino\/\" border=\"0\" itemprop=\"url\"> <meta itemprop=\"width\" content=\"383\"> <meta itemprop=\"height\" content=\"382\"> <img decoding=\"async\" class=\"\" data-attachment-id=\"17031\" data-orig-file=\"https:\/\/opistobranquis.info\/wp-content\/uploads\/2014\/12\/Radula-de-Limacia-clavigera-by-Luis-S\u00e1nchez-Tocino.png\" data-orig-size=\"571,570\" data-comments-opened=\"\" data-image-title=\"Radula de Limacia inesae by Luis S\u00e1nchez-Tocino\" data-image-description=\"&lt;p&gt;Radula de Limacia inesae by Luis S\u00e1nchez-Tocino&lt;\/p&gt; \" data-medium-file=\"https:\/\/i0.wp.com\/opistobranquis.info\/wp-content\/uploads\/2014\/12\/Radula-de-Limacia-clavigera-by-Luis-S%C3%A1nchez-Tocino.png?fit=300%2C300&#038;ssl=1\" data-large-file=\"https:\/\/i0.wp.com\/opistobranquis.info\/wp-content\/uploads\/2014\/12\/Radula-de-Limacia-clavigera-by-Luis-S%C3%A1nchez-Tocino.png?fit=571%2C570&#038;ssl=1\" src=\"https:\/\/i0.wp.com\/opistobranquis.info\/wp-content\/uploads\/2014\/12\/Radula-de-Limacia-clavigera-by-Luis-S%C3%A1nchez-Tocino.png?w=383&#038;h=382&#038;ssl=1\" width=\"383\" height=\"382\" loading=\"lazy\" data-original-width=\"383\" data-original-height=\"382\" itemprop=\"http:\/\/schema.org\/image\" title=\"Radula de Limacia inesae by Luis S\u00e1nchez-Tocino\" alt=\"Radula de Limacia inesae by Luis S\u00e1nchez-Tocino\" style=\"width: 383px; height: 382px;\" \/> <\/a> <div class=\"tiled-gallery-caption\" itemprop=\"caption description\"> Radula de Limacia inesae by Luis S\u00e1nchez-Tocino <\/div> <\/div> <\/div> <!-- close group --> <div class=\"gallery-group images-1\" style=\"width: 513px; height: 386px;\" data-original-width=\"513\" data-original-height=\"386\" > <div class=\"tiled-gallery-item tiled-gallery-item-large\" itemprop=\"associatedMedia\" itemscope itemtype=\"http:\/\/schema.org\/ImageObject\"> <a href=\"https:\/\/opistobranquis.info\/es\/guia\/nudibranchia\/doridina\/doridoidei\/polyceroidea\/limacia-inesae\/olympus-digital-camera-189\/\" border=\"0\" itemprop=\"url\"> <meta itemprop=\"width\" content=\"509\"> <meta itemprop=\"height\" content=\"382\"> <img decoding=\"async\" class=\"\" data-attachment-id=\"24297\" data-orig-file=\"https:\/\/opistobranquis.info\/wp-content\/uploads\/2017\/12\/Limacia-clavigera-@-La-Herradura-Granada-Spain-3-04-2017-by-Stefan-Verheyen-2.jpg\" data-orig-size=\"1024,768\" data-comments-opened=\"\" data-image-title=\"Limacia inesae @ La Herradura, Granada, Spain 3-04-2017 by Stefan Verheyen\" data-image-description=\"&lt;p&gt;Limacia inesae @ La Herradura, Granada, Spain 3-04-2017 by Stefan Verheyen&lt;\/p&gt; \" data-medium-file=\"https:\/\/i0.wp.com\/opistobranquis.info\/wp-content\/uploads\/2017\/12\/Limacia-clavigera-%40-La-Herradura-Granada-Spain-3-04-2017-by-Stefan-Verheyen-2.jpg?fit=300%2C225&#038;ssl=1\" data-large-file=\"https:\/\/i0.wp.com\/opistobranquis.info\/wp-content\/uploads\/2017\/12\/Limacia-clavigera-%40-La-Herradura-Granada-Spain-3-04-2017-by-Stefan-Verheyen-2.jpg?fit=900%2C675&#038;ssl=1\" src=\"https:\/\/i0.wp.com\/opistobranquis.info\/wp-content\/uploads\/2017\/12\/Limacia-clavigera-%40-La-Herradura-Granada-Spain-3-04-2017-by-Stefan-Verheyen-2.jpg?w=509&#038;h=382&#038;ssl=1\" width=\"509\" height=\"382\" loading=\"lazy\" data-original-width=\"509\" data-original-height=\"382\" itemprop=\"http:\/\/schema.org\/image\" title=\"Limacia inesae @ La Herradura, Granada, Spain 3-04-2017 by Stefan Verheyen\" alt=\"Limacia inesae @ La Herradura, Granada, Spain 3-04-2017 by Stefan Verheyen\" style=\"width: 509px; height: 382px;\" \/> <\/a> <div class=\"tiled-gallery-caption\" itemprop=\"caption description\"> Limacia inesae @ La Herradura, Granada, Spain 3-04-2017 by Stefan Verheyen <\/div> <\/div> <\/div> <!-- close group --> <\/div> <!-- close row --> <div class=\"gallery-row\" style=\"width: 900px; height: 402px;\" data-original-width=\"900\" data-original-height=\"402\" > <div class=\"gallery-group images-1\" style=\"width: 601px; height: 402px;\" data-original-width=\"601\" data-original-height=\"402\" > <div class=\"tiled-gallery-item tiled-gallery-item-large\" itemprop=\"associatedMedia\" itemscope itemtype=\"http:\/\/schema.org\/ImageObject\"> <a href=\"https:\/\/opistobranquis.info\/es\/guia\/nudibranchia\/doridina\/doridoidei\/polyceroidea\/limacia-inesae\/limacia-clavigera-copula-sa-tuna-begur-spain-10-12-2017-by-joana-colomer-_dsc9690-crop\/\" border=\"0\" itemprop=\"url\"> <meta itemprop=\"width\" content=\"597\"> <meta itemprop=\"height\" content=\"398\"> <img decoding=\"async\" class=\"\" data-attachment-id=\"24355\" data-orig-file=\"https:\/\/opistobranquis.info\/wp-content\/uploads\/2017\/12\/Limacia-clavigera-copula-@-Sa-Tuna-Begur-Spain-10-12-2017-by-Joana-Colomer-_DSC9690-crop.jpg\" data-orig-size=\"1024,683\" data-comments-opened=\"\" data-image-title=\"Limacia inesae (copula) @ Sa Tuna, Begur, Spain 10-12-2017 by Joana Colomer\" data-image-description=\"&lt;p&gt;Limacia inesae (copula) @ Sa Tuna, Begur, Spain 10-12-2017 by Joana Colomer&lt;\/p&gt; \" data-medium-file=\"https:\/\/i0.wp.com\/opistobranquis.info\/wp-content\/uploads\/2017\/12\/Limacia-clavigera-copula-%40-Sa-Tuna-Begur-Spain-10-12-2017-by-Joana-Colomer-_DSC9690-crop.jpg?fit=300%2C200&#038;ssl=1\" data-large-file=\"https:\/\/i0.wp.com\/opistobranquis.info\/wp-content\/uploads\/2017\/12\/Limacia-clavigera-copula-%40-Sa-Tuna-Begur-Spain-10-12-2017-by-Joana-Colomer-_DSC9690-crop.jpg?fit=900%2C600&#038;ssl=1\" src=\"https:\/\/i0.wp.com\/opistobranquis.info\/wp-content\/uploads\/2017\/12\/Limacia-clavigera-copula-%40-Sa-Tuna-Begur-Spain-10-12-2017-by-Joana-Colomer-_DSC9690-crop.jpg?w=597&#038;h=398&#038;ssl=1\" width=\"597\" height=\"398\" loading=\"lazy\" data-original-width=\"597\" data-original-height=\"398\" itemprop=\"http:\/\/schema.org\/image\" title=\"Limacia inesae (copula) @ Sa Tuna, Begur, Spain 10-12-2017 by Joana Colomer\" alt=\"Limacia inesae (copula) @ Sa Tuna, Begur, Spain 10-12-2017 by Joana Colomer\" style=\"width: 597px; height: 398px;\" \/> <\/a> <div class=\"tiled-gallery-caption\" itemprop=\"caption description\"> Limacia inesae (copula) @ Sa Tuna, Begur, Spain 10-12-2017 by Joana Colomer <\/div> <\/div> <\/div> <!-- close group --> <div class=\"gallery-group images-2\" style=\"width: 299px; height: 402px;\" data-original-width=\"299\" data-original-height=\"402\" > <div class=\"tiled-gallery-item tiled-gallery-item-large\" itemprop=\"associatedMedia\" itemscope itemtype=\"http:\/\/schema.org\/ImageObject\"> <a href=\"https:\/\/opistobranquis.info\/es\/guia\/nudibranchia\/doridina\/doridoidei\/polyceroidea\/limacia-inesae\/limacia-clavigera-copula-sa-tuna-begur-spain-10-12-2017-by-joana-colomer-_dsc9690-general\/\" border=\"0\" itemprop=\"url\"> <meta itemprop=\"width\" content=\"295\"> <meta itemprop=\"height\" content=\"197\"> <img decoding=\"async\" class=\"\" data-attachment-id=\"24356\" data-orig-file=\"https:\/\/opistobranquis.info\/wp-content\/uploads\/2017\/12\/Limacia-clavigera-copula-@-Sa-Tuna-Begur-Spain-10-12-2017-by-Joana-Colomer-_DSC9690-general.jpg\" data-orig-size=\"1024,683\" data-comments-opened=\"\" data-image-title=\"Limacia inesae (copula) @ Sa Tuna, Begur, Spain 10-12-2017 by Joana Colomer\" data-image-description=\"&lt;p&gt;Limacia inesae (copula) @ Sa Tuna, Begur, Spain 10-12-2017 by Joana Colomer&lt;\/p&gt; \" data-medium-file=\"https:\/\/i0.wp.com\/opistobranquis.info\/wp-content\/uploads\/2017\/12\/Limacia-clavigera-copula-%40-Sa-Tuna-Begur-Spain-10-12-2017-by-Joana-Colomer-_DSC9690-general.jpg?fit=300%2C200&#038;ssl=1\" data-large-file=\"https:\/\/i0.wp.com\/opistobranquis.info\/wp-content\/uploads\/2017\/12\/Limacia-clavigera-copula-%40-Sa-Tuna-Begur-Spain-10-12-2017-by-Joana-Colomer-_DSC9690-general.jpg?fit=900%2C600&#038;ssl=1\" src=\"https:\/\/i0.wp.com\/opistobranquis.info\/wp-content\/uploads\/2017\/12\/Limacia-clavigera-copula-%40-Sa-Tuna-Begur-Spain-10-12-2017-by-Joana-Colomer-_DSC9690-general.jpg?w=295&#038;h=197&#038;ssl=1\" width=\"295\" height=\"197\" loading=\"lazy\" data-original-width=\"295\" data-original-height=\"197\" itemprop=\"http:\/\/schema.org\/image\" title=\"Limacia inesae (copula) @ Sa Tuna, Begur, Spain 10-12-2017 by Joana Colomer\" alt=\"Limacia inesae (copula) @ Sa Tuna, Begur, Spain 10-12-2017 by Joana Colomer\" style=\"width: 295px; height: 197px;\" \/> <\/a> <div class=\"tiled-gallery-caption\" itemprop=\"caption description\"> Limacia inesae (copula) @ Sa Tuna, Begur, Spain 10-12-2017 by Joana Colomer <\/div> <\/div> <div class=\"tiled-gallery-item tiled-gallery-item-large\" itemprop=\"associatedMedia\" itemscope itemtype=\"http:\/\/schema.org\/ImageObject\"> <a href=\"https:\/\/opistobranquis.info\/es\/guia\/nudibranchia\/doridina\/doridoidei\/polyceroidea\/limacia-inesae\/limacia-inesae-by-miquel-pontes-mpg_1926\/\" border=\"0\" itemprop=\"url\"> <meta itemprop=\"width\" content=\"295\"> <meta itemprop=\"height\" content=\"197\"> <img decoding=\"async\" class=\"\" data-attachment-id=\"31316\" data-orig-file=\"https:\/\/opistobranquis.info\/wp-content\/uploads\/2021\/01\/Limacia-inesae-by-Miquel-Pontes-MPG_1926.jpg\" data-orig-size=\"1280,854\" data-comments-opened=\"\" data-image-title=\"Limacia inesae by Miquel Pontes\" data-image-description=\"&lt;p&gt;Limacia inesae by Miquel Pontes&lt;\/p&gt; \" data-medium-file=\"https:\/\/i0.wp.com\/opistobranquis.info\/wp-content\/uploads\/2021\/01\/Limacia-inesae-by-Miquel-Pontes-MPG_1926.jpg?fit=300%2C200&#038;ssl=1\" data-large-file=\"https:\/\/i0.wp.com\/opistobranquis.info\/wp-content\/uploads\/2021\/01\/Limacia-inesae-by-Miquel-Pontes-MPG_1926.jpg?fit=900%2C600&#038;ssl=1\" src=\"https:\/\/i0.wp.com\/opistobranquis.info\/wp-content\/uploads\/2021\/01\/Limacia-inesae-by-Miquel-Pontes-MPG_1926.jpg?w=295&#038;h=197&#038;ssl=1\" srcset=\"https:\/\/i0.wp.com\/opistobranquis.info\/wp-content\/uploads\/2021\/01\/Limacia-inesae-by-Miquel-Pontes-MPG_1926.jpg?w=1280&amp;ssl=1 1280w, https:\/\/i0.wp.com\/opistobranquis.info\/wp-content\/uploads\/2021\/01\/Limacia-inesae-by-Miquel-Pontes-MPG_1926.jpg?resize=300%2C200&amp;ssl=1 300w, https:\/\/i0.wp.com\/opistobranquis.info\/wp-content\/uploads\/2021\/01\/Limacia-inesae-by-Miquel-Pontes-MPG_1926.jpg?resize=1024%2C683&amp;ssl=1 1024w, https:\/\/i0.wp.com\/opistobranquis.info\/wp-content\/uploads\/2021\/01\/Limacia-inesae-by-Miquel-Pontes-MPG_1926.jpg?resize=150%2C100&amp;ssl=1 150w\" width=\"295\" height=\"197\" loading=\"lazy\" data-original-width=\"295\" data-original-height=\"197\" itemprop=\"http:\/\/schema.org\/image\" title=\"Limacia inesae by Miquel Pontes\" alt=\"Limacia inesae by Miquel Pontes\" style=\"width: 295px; height: 197px;\" \/> <\/a> <div class=\"tiled-gallery-caption\" itemprop=\"caption description\"> Limacia inesae by Miquel Pontes <\/div> <\/div> <\/div> <!-- close group --> <\/div> <!-- close row --> <div class=\"gallery-row\" style=\"width: 900px; height: 302px;\" data-original-width=\"900\" data-original-height=\"302\" > <div class=\"gallery-group images-1\" style=\"width: 450px; height: 302px;\" data-original-width=\"450\" data-original-height=\"302\" > <div class=\"tiled-gallery-item tiled-gallery-item-large\" itemprop=\"associatedMedia\" itemscope itemtype=\"http:\/\/schema.org\/ImageObject\"> <a href=\"https:\/\/opistobranquis.info\/es\/guia\/nudibranchia\/doridina\/doridoidei\/polyceroidea\/limacia-inesae\/limacia-inesae-by-miquel-pontes-mpg_5952\/\" border=\"0\" itemprop=\"url\"> <meta itemprop=\"width\" content=\"446\"> <meta itemprop=\"height\" content=\"298\"> <img decoding=\"async\" class=\"\" data-attachment-id=\"31317\" data-orig-file=\"https:\/\/opistobranquis.info\/wp-content\/uploads\/2021\/01\/Limacia-inesae-by-Miquel-Pontes-MPG_5952.jpg\" data-orig-size=\"1280,854\" data-comments-opened=\"\" data-image-title=\"Limacia inesae by Miquel Pontes\" data-image-description=\"&lt;p&gt;Limacia inesae by Miquel Pontes&lt;\/p&gt; \" data-medium-file=\"https:\/\/i0.wp.com\/opistobranquis.info\/wp-content\/uploads\/2021\/01\/Limacia-inesae-by-Miquel-Pontes-MPG_5952.jpg?fit=300%2C200&#038;ssl=1\" data-large-file=\"https:\/\/i0.wp.com\/opistobranquis.info\/wp-content\/uploads\/2021\/01\/Limacia-inesae-by-Miquel-Pontes-MPG_5952.jpg?fit=900%2C600&#038;ssl=1\" src=\"https:\/\/i0.wp.com\/opistobranquis.info\/wp-content\/uploads\/2021\/01\/Limacia-inesae-by-Miquel-Pontes-MPG_5952.jpg?w=446&#038;h=298&#038;ssl=1\" srcset=\"https:\/\/i0.wp.com\/opistobranquis.info\/wp-content\/uploads\/2021\/01\/Limacia-inesae-by-Miquel-Pontes-MPG_5952.jpg?w=1280&amp;ssl=1 1280w, https:\/\/i0.wp.com\/opistobranquis.info\/wp-content\/uploads\/2021\/01\/Limacia-inesae-by-Miquel-Pontes-MPG_5952.jpg?resize=300%2C200&amp;ssl=1 300w, https:\/\/i0.wp.com\/opistobranquis.info\/wp-content\/uploads\/2021\/01\/Limacia-inesae-by-Miquel-Pontes-MPG_5952.jpg?resize=1024%2C683&amp;ssl=1 1024w, https:\/\/i0.wp.com\/opistobranquis.info\/wp-content\/uploads\/2021\/01\/Limacia-inesae-by-Miquel-Pontes-MPG_5952.jpg?resize=150%2C100&amp;ssl=1 150w\" width=\"446\" height=\"298\" loading=\"lazy\" data-original-width=\"446\" data-original-height=\"298\" itemprop=\"http:\/\/schema.org\/image\" title=\"Limacia inesae by Miquel Pontes\" alt=\"Limacia inesae by Miquel Pontes\" style=\"width: 446px; height: 298px;\" \/> <\/a> <div class=\"tiled-gallery-caption\" itemprop=\"caption description\"> Limacia inesae by Miquel Pontes <\/div> <\/div> <\/div> <!-- close group --> <div class=\"gallery-group images-1\" style=\"width: 450px; height: 302px;\" data-original-width=\"450\" data-original-height=\"302\" > <div class=\"tiled-gallery-item tiled-gallery-item-large\" itemprop=\"associatedMedia\" itemscope itemtype=\"http:\/\/schema.org\/ImageObject\"> <a href=\"https:\/\/opistobranquis.info\/es\/guia\/nudibranchia\/doridina\/doridoidei\/polyceroidea\/limacia-inesae\/limacia-inesae-by-miquel-pontes-mpg_8776\/\" border=\"0\" itemprop=\"url\"> <meta itemprop=\"width\" content=\"446\"> <meta itemprop=\"height\" content=\"298\"> <img decoding=\"async\" class=\"\" data-attachment-id=\"31318\" data-orig-file=\"https:\/\/opistobranquis.info\/wp-content\/uploads\/2021\/01\/Limacia-inesae-by-Miquel-Pontes-MPG_8776.jpg\" data-orig-size=\"1280,854\" data-comments-opened=\"\" data-image-title=\"Limacia inesae with spawn by Miquel Pontes\" data-image-description=\"&lt;p&gt;Limacia inesae with spawn by Miquel Pontes&lt;\/p&gt; \" data-medium-file=\"https:\/\/i0.wp.com\/opistobranquis.info\/wp-content\/uploads\/2021\/01\/Limacia-inesae-by-Miquel-Pontes-MPG_8776.jpg?fit=300%2C200&#038;ssl=1\" data-large-file=\"https:\/\/i0.wp.com\/opistobranquis.info\/wp-content\/uploads\/2021\/01\/Limacia-inesae-by-Miquel-Pontes-MPG_8776.jpg?fit=900%2C600&#038;ssl=1\" src=\"https:\/\/i0.wp.com\/opistobranquis.info\/wp-content\/uploads\/2021\/01\/Limacia-inesae-by-Miquel-Pontes-MPG_8776.jpg?w=446&#038;h=298&#038;ssl=1\" srcset=\"https:\/\/i0.wp.com\/opistobranquis.info\/wp-content\/uploads\/2021\/01\/Limacia-inesae-by-Miquel-Pontes-MPG_8776.jpg?w=1280&amp;ssl=1 1280w, https:\/\/i0.wp.com\/opistobranquis.info\/wp-content\/uploads\/2021\/01\/Limacia-inesae-by-Miquel-Pontes-MPG_8776.jpg?resize=300%2C200&amp;ssl=1 300w, https:\/\/i0.wp.com\/opistobranquis.info\/wp-content\/uploads\/2021\/01\/Limacia-inesae-by-Miquel-Pontes-MPG_8776.jpg?resize=1024%2C683&amp;ssl=1 1024w, https:\/\/i0.wp.com\/opistobranquis.info\/wp-content\/uploads\/2021\/01\/Limacia-inesae-by-Miquel-Pontes-MPG_8776.jpg?resize=150%2C100&amp;ssl=1 150w\" width=\"446\" height=\"298\" loading=\"lazy\" data-original-width=\"446\" data-original-height=\"298\" itemprop=\"http:\/\/schema.org\/image\" title=\"Limacia inesae with spawn by Miquel Pontes\" alt=\"Limacia inesae with spawn by Miquel Pontes\" style=\"width: 446px; height: 298px;\" \/> <\/a> <div class=\"tiled-gallery-caption\" itemprop=\"caption description\"> Limacia inesae with spawn by Miquel Pontes <\/div> <\/div> <\/div> <!-- close group --> <\/div> <!-- close row --> <div class=\"gallery-row\" style=\"width: 900px; height: 498px;\" data-original-width=\"900\" data-original-height=\"498\" > <div class=\"gallery-group images-2\" style=\"width: 372px; height: 498px;\" data-original-width=\"372\" data-original-height=\"498\" > <div class=\"tiled-gallery-item tiled-gallery-item-large\" itemprop=\"associatedMedia\" itemscope itemtype=\"http:\/\/schema.org\/ImageObject\"> <a href=\"https:\/\/opistobranquis.info\/es\/guia\/nudibranchia\/doridina\/doridoidei\/polyceroidea\/limacia-inesae\/limacia-inesae-by-miquel-pontes-mpg_9092\/\" border=\"0\" itemprop=\"url\"> <meta itemprop=\"width\" content=\"368\"> <meta itemprop=\"height\" content=\"245\"> <img decoding=\"async\" class=\"\" data-attachment-id=\"31319\" data-orig-file=\"https:\/\/opistobranquis.info\/wp-content\/uploads\/2021\/01\/Limacia-inesae-by-Miquel-Pontes-MPG_9092.jpg\" data-orig-size=\"1280,853\" data-comments-opened=\"\" data-image-title=\"Limacia inesae by Miquel Pontes\" data-image-description=\"&lt;p&gt;Limacia inesae by Miquel Pontes&lt;\/p&gt; \" data-medium-file=\"https:\/\/i0.wp.com\/opistobranquis.info\/wp-content\/uploads\/2021\/01\/Limacia-inesae-by-Miquel-Pontes-MPG_9092.jpg?fit=300%2C200&#038;ssl=1\" data-large-file=\"https:\/\/i0.wp.com\/opistobranquis.info\/wp-content\/uploads\/2021\/01\/Limacia-inesae-by-Miquel-Pontes-MPG_9092.jpg?fit=900%2C599&#038;ssl=1\" src=\"https:\/\/i0.wp.com\/opistobranquis.info\/wp-content\/uploads\/2021\/01\/Limacia-inesae-by-Miquel-Pontes-MPG_9092.jpg?w=368&#038;h=245&#038;ssl=1\" srcset=\"https:\/\/i0.wp.com\/opistobranquis.info\/wp-content\/uploads\/2021\/01\/Limacia-inesae-by-Miquel-Pontes-MPG_9092.jpg?w=1280&amp;ssl=1 1280w, https:\/\/i0.wp.com\/opistobranquis.info\/wp-content\/uploads\/2021\/01\/Limacia-inesae-by-Miquel-Pontes-MPG_9092.jpg?resize=300%2C200&amp;ssl=1 300w, https:\/\/i0.wp.com\/opistobranquis.info\/wp-content\/uploads\/2021\/01\/Limacia-inesae-by-Miquel-Pontes-MPG_9092.jpg?resize=1024%2C682&amp;ssl=1 1024w, https:\/\/i0.wp.com\/opistobranquis.info\/wp-content\/uploads\/2021\/01\/Limacia-inesae-by-Miquel-Pontes-MPG_9092.jpg?resize=150%2C100&amp;ssl=1 150w\" width=\"368\" height=\"245\" loading=\"lazy\" data-original-width=\"368\" data-original-height=\"245\" itemprop=\"http:\/\/schema.org\/image\" title=\"Limacia inesae by Miquel Pontes\" alt=\"Limacia inesae by Miquel Pontes\" style=\"width: 368px; height: 245px;\" \/> <\/a> <div class=\"tiled-gallery-caption\" itemprop=\"caption description\"> Limacia inesae by Miquel Pontes <\/div> <\/div> <div class=\"tiled-gallery-item tiled-gallery-item-large\" itemprop=\"associatedMedia\" itemscope itemtype=\"http:\/\/schema.org\/ImageObject\"> <a href=\"https:\/\/opistobranquis.info\/es\/guia\/nudibranchia\/doridina\/doridoidei\/polyceroidea\/limacia-inesae\/limacia-clavigera-limacia-inesae-granada-by-luis-sanchez-tocino\/\" border=\"0\" itemprop=\"url\"> <meta itemprop=\"width\" content=\"368\"> <meta itemprop=\"height\" content=\"245\"> <img decoding=\"async\" class=\"\" data-attachment-id=\"31329\" data-orig-file=\"https:\/\/opistobranquis.info\/wp-content\/uploads\/2021\/01\/Limacia-clavigera-Limacia-inesae-@-Granada-by-Luis-Sanchez-Tocino.jpg\" data-orig-size=\"1000,666\" data-comments-opened=\"\" data-image-title=\"Limacia clavigera &amp;#038; Limacia inesae @ Granada by Luis S\u00e1nchez Tocino\" data-image-description=\"&lt;p&gt;Limacia clavigera &amp;#038; Limacia inesae @ Granada by Luis S\u00e1nchez Tocino&lt;\/p&gt; \" data-medium-file=\"https:\/\/i0.wp.com\/opistobranquis.info\/wp-content\/uploads\/2021\/01\/Limacia-clavigera-Limacia-inesae-%40-Granada-by-Luis-Sanchez-Tocino.jpg?fit=300%2C200&#038;ssl=1\" data-large-file=\"https:\/\/i0.wp.com\/opistobranquis.info\/wp-content\/uploads\/2021\/01\/Limacia-clavigera-Limacia-inesae-%40-Granada-by-Luis-Sanchez-Tocino.jpg?fit=900%2C599&#038;ssl=1\" src=\"https:\/\/i0.wp.com\/opistobranquis.info\/wp-content\/uploads\/2021\/01\/Limacia-clavigera-Limacia-inesae-%40-Granada-by-Luis-Sanchez-Tocino.jpg?w=368&#038;h=245&#038;ssl=1\" width=\"368\" height=\"245\" loading=\"lazy\" data-original-width=\"368\" data-original-height=\"245\" itemprop=\"http:\/\/schema.org\/image\" title=\"Limacia clavigera &amp; Limacia inesae @ Granada by Luis S\u00e1nchez Tocino\" alt=\"Limacia clavigera &amp; Limacia inesae @ Granada by Luis S\u00e1nchez Tocino\" style=\"width: 368px; height: 245px;\" \/> <\/a> <div class=\"tiled-gallery-caption\" itemprop=\"caption description\"> Limacia clavigera &#038; Limacia inesae @ Granada by Luis S\u00e1nchez Tocino <\/div> <\/div> <\/div> <!-- close group --> <div class=\"gallery-group images-1\" style=\"width: 528px; height: 498px;\" data-original-width=\"528\" data-original-height=\"498\" > <div class=\"tiled-gallery-item tiled-gallery-item-large\" itemprop=\"associatedMedia\" itemscope itemtype=\"http:\/\/schema.org\/ImageObject\"> <a href=\"https:\/\/opistobranquis.info\/es\/guia\/nudibranchia\/doridina\/doridoidei\/polyceroidea\/limacia-inesae\/limacia-inesae-copula-by-nani-diez-img_20210213_092156_688\/\" border=\"0\" itemprop=\"url\"> <meta itemprop=\"width\" content=\"524\"> <meta itemprop=\"height\" content=\"494\"> <img decoding=\"async\" class=\"\" data-attachment-id=\"31959\" data-orig-file=\"https:\/\/opistobranquis.info\/wp-content\/uploads\/2021\/03\/Limacia-inesae-copula-by-Nani-Diez-IMG_20210213_092156_688.jpg\" data-orig-size=\"1280,1206\" data-comments-opened=\"\" data-image-title=\"Limacia inesae mating by Nani D\u00edez\" data-image-description=\"&lt;p&gt;Limacia inesae mating by Nani D\u00edez&lt;\/p&gt; \" data-medium-file=\"https:\/\/i0.wp.com\/opistobranquis.info\/wp-content\/uploads\/2021\/03\/Limacia-inesae-copula-by-Nani-Diez-IMG_20210213_092156_688.jpg?fit=300%2C283&#038;ssl=1\" data-large-file=\"https:\/\/i0.wp.com\/opistobranquis.info\/wp-content\/uploads\/2021\/03\/Limacia-inesae-copula-by-Nani-Diez-IMG_20210213_092156_688.jpg?fit=900%2C848&#038;ssl=1\" src=\"https:\/\/i0.wp.com\/opistobranquis.info\/wp-content\/uploads\/2021\/03\/Limacia-inesae-copula-by-Nani-Diez-IMG_20210213_092156_688.jpg?w=524&#038;h=494&#038;ssl=1\" srcset=\"https:\/\/i0.wp.com\/opistobranquis.info\/wp-content\/uploads\/2021\/03\/Limacia-inesae-copula-by-Nani-Diez-IMG_20210213_092156_688.jpg?w=1280&amp;ssl=1 1280w, https:\/\/i0.wp.com\/opistobranquis.info\/wp-content\/uploads\/2021\/03\/Limacia-inesae-copula-by-Nani-Diez-IMG_20210213_092156_688.jpg?resize=300%2C283&amp;ssl=1 300w, https:\/\/i0.wp.com\/opistobranquis.info\/wp-content\/uploads\/2021\/03\/Limacia-inesae-copula-by-Nani-Diez-IMG_20210213_092156_688.jpg?resize=1024%2C965&amp;ssl=1 1024w, https:\/\/i0.wp.com\/opistobranquis.info\/wp-content\/uploads\/2021\/03\/Limacia-inesae-copula-by-Nani-Diez-IMG_20210213_092156_688.jpg?resize=150%2C141&amp;ssl=1 150w\" width=\"524\" height=\"494\" loading=\"lazy\" data-original-width=\"524\" data-original-height=\"494\" itemprop=\"http:\/\/schema.org\/image\" title=\"Limacia inesae mating by Nani D\u00edez\" alt=\"Limacia inesae mating by Nani D\u00edez\" style=\"width: 524px; height: 494px;\" \/> <\/a> <div class=\"tiled-gallery-caption\" itemprop=\"caption description\"> Limacia inesae mating by Nani D\u00edez <\/div> <\/div> <\/div> <!-- close group --> <\/div> <!-- close row --> <div class=\"gallery-row\" style=\"width: 900px; height: 364px;\" data-original-width=\"900\" data-original-height=\"364\" > <div class=\"gallery-group images-1\" style=\"width: 544px; height: 364px;\" data-original-width=\"544\" data-original-height=\"364\" > <div class=\"tiled-gallery-item tiled-gallery-item-large\" itemprop=\"associatedMedia\" itemscope itemtype=\"http:\/\/schema.org\/ImageObject\"> <a href=\"https:\/\/opistobranquis.info\/es\/guia\/nudibranchia\/doridina\/doridoidei\/polyceroidea\/limacia-inesae\/limacia-inesae-france-by-pascal-girard\/\" border=\"0\" itemprop=\"url\"> <meta itemprop=\"width\" content=\"540\"> <meta itemprop=\"height\" content=\"360\"> <img decoding=\"async\" class=\"\" data-attachment-id=\"36160\" data-orig-file=\"https:\/\/opistobranquis.info\/wp-content\/uploads\/2022\/12\/Limacia-inesae-@-France-by-Pascal-Girard.jpg\" data-orig-size=\"1080,720\" data-comments-opened=\"\" data-image-title=\"Limacia inesae @ France by Pascal Girard\" data-image-description=\"\" data-medium-file=\"https:\/\/i0.wp.com\/opistobranquis.info\/wp-content\/uploads\/2022\/12\/Limacia-inesae-%40-France-by-Pascal-Girard.jpg?fit=300%2C200&#038;ssl=1\" data-large-file=\"https:\/\/i0.wp.com\/opistobranquis.info\/wp-content\/uploads\/2022\/12\/Limacia-inesae-%40-France-by-Pascal-Girard.jpg?fit=900%2C600&#038;ssl=1\" src=\"https:\/\/i0.wp.com\/opistobranquis.info\/wp-content\/uploads\/2022\/12\/Limacia-inesae-%40-France-by-Pascal-Girard.jpg?w=540&#038;h=360&#038;ssl=1\" width=\"540\" height=\"360\" loading=\"lazy\" data-original-width=\"540\" data-original-height=\"360\" itemprop=\"http:\/\/schema.org\/image\" title=\"Limacia inesae @ France by Pascal Girard\" alt=\"Limacia inesae @ France by Pascal Girard\" style=\"width: 540px; height: 360px;\" \/> <\/a> <\/div> <\/div> <!-- close group --> <div class=\"gallery-group images-1\" style=\"width: 356px; height: 364px;\" data-original-width=\"356\" data-original-height=\"364\" > <div class=\"tiled-gallery-item tiled-gallery-item-large\" itemprop=\"associatedMedia\" itemscope itemtype=\"http:\/\/schema.org\/ImageObject\"> <a href=\"https:\/\/opistobranquis.info\/es\/guia\/nudibranchia\/doridina\/doridoidei\/polyceroidea\/limacia-inesae\/limacia-inesae-granada-por-luis-sanchez-tocino\/\" border=\"0\" itemprop=\"url\"> <meta itemprop=\"width\" content=\"352\"> <meta itemprop=\"height\" content=\"360\"> <img decoding=\"async\" class=\"\" data-attachment-id=\"36874\" data-orig-file=\"https:\/\/opistobranquis.info\/wp-content\/uploads\/2023\/01\/Limacia-inesae-@-Granada-por-Luis-Sanchez-Tocino.jpg\" data-orig-size=\"1431,1466\" data-comments-opened=\"\" data-image-title=\"Limacia inesae @ Granada por Luis S\u00e1nchez Tocino\" data-image-description=\"&lt;p&gt;Limacia inesae @ Granada por Luis S\u00e1nchez Tocino&lt;\/p&gt; \" data-medium-file=\"https:\/\/i0.wp.com\/opistobranquis.info\/wp-content\/uploads\/2023\/01\/Limacia-inesae-%40-Granada-por-Luis-Sanchez-Tocino.jpg?fit=293%2C300&#038;ssl=1\" data-large-file=\"https:\/\/i0.wp.com\/opistobranquis.info\/wp-content\/uploads\/2023\/01\/Limacia-inesae-%40-Granada-por-Luis-Sanchez-Tocino.jpg?fit=900%2C922&#038;ssl=1\" src=\"https:\/\/i0.wp.com\/opistobranquis.info\/wp-content\/uploads\/2023\/01\/Limacia-inesae-%40-Granada-por-Luis-Sanchez-Tocino.jpg?w=352&#038;h=360&#038;ssl=1\" width=\"352\" height=\"360\" loading=\"lazy\" data-original-width=\"352\" data-original-height=\"360\" itemprop=\"http:\/\/schema.org\/image\" title=\"Limacia inesae @ Granada por Luis S\u00e1nchez Tocino\" alt=\"Limacia inesae @ Granada por Luis S\u00e1nchez Tocino\" style=\"width: 352px; height: 360px;\" \/> <\/a> <div class=\"tiled-gallery-caption\" itemprop=\"caption description\"> Limacia inesae @ Granada por Luis S\u00e1nchez Tocino <\/div> <\/div> <\/div> <!-- close group --> <\/div> <!-- close row --> <\/div><\/p>\n<p><strong>Bibliograf\u00eda<\/strong><\/p><ul><div id=\"zotpress-bcac641d4dc5832f924e854470b8cb70\" class=\"zp-Zotpress zp-Zotpress-Bib wp-block-group\">\n\n\t\t<span class=\"ZP_API_USER_ID ZP_ATTR\">1246567<\/span>\n\t\t<span class=\"ZP_ITEM_KEY ZP_ATTR\"><\/span>\n\t\t<span class=\"ZP_COLLECTION_ID ZP_ATTR\"><\/span>\n\t\t<span class=\"ZP_TAG_ID ZP_ATTR\">Limacia inesae<\/span>\n\t\t<span class=\"ZP_AUTHOR ZP_ATTR\"><\/span>\n\t\t<span class=\"ZP_YEAR ZP_ATTR\"><\/span>\n        <span class=\"ZP_ITEMTYPE ZP_ATTR\"><\/span>\n\t\t<span class=\"ZP_INCLUSIVE ZP_ATTR\">1<\/span>\n\t\t<span class=\"ZP_STYLE ZP_ATTR\">eunomia-revista-en-cultura-de-la-legalidad<\/span>\n\t\t<span class=\"ZP_LIMIT ZP_ATTR\">50<\/span>\n\t\t<span class=\"ZP_SORTBY ZP_ATTR\">creator<\/span>\n\t\t<span class=\"ZP_ORDER ZP_ATTR\">asc<\/span>\n\t\t<span class=\"ZP_TITLE ZP_ATTR\"><\/span>\n\t\t<span class=\"ZP_SHOWIMAGE ZP_ATTR\"><\/span>\n\t\t<span class=\"ZP_SHOWTAGS ZP_ATTR\"><\/span>\n\t\t<span class=\"ZP_DOWNLOADABLE ZP_ATTR\"><\/span>\n\t\t<span class=\"ZP_NOTES ZP_ATTR\"><\/span>\n\t\t<span class=\"ZP_ABSTRACT ZP_ATTR\"><\/span>\n\t\t<span class=\"ZP_CITEABLE ZP_ATTR\"><\/span>\n\t\t<span class=\"ZP_TARGET ZP_ATTR\">1<\/span>\n\t\t<span class=\"ZP_URLWRAP ZP_ATTR\"><\/span>\n\t\t<span class=\"ZP_FORCENUM ZP_ATTR\"><\/span>\n        <span class=\"ZP_HIGHLIGHT ZP_ATTR\"><\/span>\n        <span class=\"ZP_POSTID ZP_ATTR\">31312<\/span>\n\t\t<span class=\"ZOTPRESS_PLUGIN_URL ZP_ATTR\">https:\/\/opistobranquis.info\/wp-content\/plugins\/zotpress\/<\/span>\n\n\t\t<div class=\"zp-List loading\">\n\t\t\t<div class=\"zp-SEO-Content\">\n\n\t\t\t<\/div><!-- .zp-zp-SEO-Content -->\n\t\t<\/div><!-- .zp-List -->\n\t<\/div><!--.zp-Zotpress-->\n\n<p><\/p>Bibliograf\u00eda basada en los trabajos de <b>Steve Long, 2006<\/b>. <a target=_blank href=https:\/\/opistobranquis.info\/wp-content\/uploads\/2016\/06\/Long-S.-2006-Bibliography-of-Opisthobranchia-1554-2000.pdf>Bibliography of Opisthobranchia 1554-2000<\/a> y <b>Gary McDonald, 2009<\/b>. <a href=http:\/\/escholarship.org\/uc\/item\/8115h0wz>Bibliographia Nudibranchia<\/a>, con actualizaciones posteriores procedentes de otras fuentes.<p><\/p><\/ul><p><\/p><p><strong>M\u00e1s informaci\u00f3n<\/strong><\/p><span style=\"font-size:10pt\"><ul><ul class=\"blogroll-links\"><li><a href=\"http:\/\/www.biodiversitylibrary.org\/name\/Limacia%20clavigera\">Biodiversity Heritage Library<\/a><\/li><li><a href=\"http:\/\/www.biologiamarina.org\/limacia-clavigera\/\">BiologiaMarina.org<\/a><\/li><li><a href=\"http:\/\/www.cibsub.com\/bioespecie_es-limacia_clavigera-27830\">CIB - Club Immersio Biologia<\/a><\/li><li><a href=\"http:\/\/doris.ffessm.fr\/fiche2.asp?fiche_numero=145\">DORIS<\/a><\/li><li><a href=\"https:\/\/litoraldegranada.ugr.es\/el-litoral\/el-litoral-sumergido\/fauna\/moluscos\/gasteropodos\/opistobranquios\/orden-nudibranchia\/doridaceos\/polyceroidea\/limacia-clavigera\/\">El Litoral de Granada<\/a><\/li><li><a href=\"http:\/\/www.opistobranquis.org\/ca\/guia\/97\">GROC<\/a><\/li><li><a href=\"http:\/\/marenostrum.org\/vidamarina\/animalia\/invertebrados\/moluscos\/gasteropodos\/opistobranquios\/lclavigera\/index.htm\">M@re Nostrum<\/a><\/li><li><a href=\"https:\/\/web.archive.org\/web\/20250116074557\/http:\/\/medslugs.de\/E\/Med\/Limacia_inesae\/Selection.htm\">MedSlugs (Med)<\/a><\/li><li><a href=\"http:\/\/slugsite.us\/bow\/wirtz\/wirtz2.htm\">The SlugSite<\/a><\/li><li><a href=\"http:\/\/slugsite.us\/bow\/wirtz98\/p_5_1.htm\">The SlugSite<\/a><\/li><li><a href=\"http:\/\/www.marinespecies.org\/aphia.php?p=taxdetails&#038;id=1475195\">World Register of Marine Species<\/a><\/li><\/ul><\/ul><\/span><p><strong>Citar este art\u00edculo como: <\/strong><\/p><div style=\"display: block; background: #444444; padding: 10px 30px 10px 10px; border-radius: 5px; line-height: 18px;\"><p class=\"citacio\"><b>Pontes, Miquel<\/b> (2025) <em>\"Limacia inesae\"<\/em> en <em>OPK-Opistobranquis<\/em>. Publicado: 09\/01\/2021. Accedido: 03\/09\/2026. Disponible en (<a href=https:\/\/opistobranquis.info\/es\/?p=31312>https:\/\/opistobranquis.info\/es\/?p=31312<\/a>)<\/p><p><\/p><\/div><p><\/p><\/p>","protected":false},"excerpt":{"rendered":"<p>Limacia inesae Toms, Pola, von der Heyden &amp; Gosliner, 2021 Nota taxon\u00f3mica: Hist\u00f3ricamente confundida con Limacia clavigera, seg\u00fan el trabajo de Toms et al. (2021), la especie Limacia clavigera parece estar estrictamente distribuida en aguas atl\u00e1nticas desde Noruega hasta las costas de Andaluc\u00eda occidental (Espa\u00f1a), mientras que los ejemplares de Limacia inesae, de menor tama\u00f1o que los de la otra especie, se distribuyen por el Mediterr\u00e1neo, Canarias, Madeira y Azores.\u2026<\/p>\n<p class=\"continue-reading-button\"> <a class=\"continue-reading-link\" href=\"https:\/\/opistobranquis.info\/es\/guia\/nudibranchia\/doridina\/doridoidei\/polyceroidea\/limacia-inesae\/\">Sigue leyendo<i class=\"crycon-right-dir\"><\/i><\/a><\/p>\n","protected":false},"author":5,"featured_media":4680,"parent":26113,"menu_order":6607,"comment_status":"closed","ping_status":"closed","template":"","meta":{"footnotes":""},"class_list":["post-31312","page","type-page","status-publish","has-post-thumbnail","hentry"],"jetpack_sharing_enabled":true,"_links":{"self":[{"href":"https:\/\/opistobranquis.info\/es\/wp-json\/wp\/v2\/pages\/31312","targetHints":{"allow":["GET"]}}],"collection":[{"href":"https:\/\/opistobranquis.info\/es\/wp-json\/wp\/v2\/pages"}],"about":[{"href":"https:\/\/opistobranquis.info\/es\/wp-json\/wp\/v2\/types\/page"}],"author":[{"embeddable":true,"href":"https:\/\/opistobranquis.info\/es\/wp-json\/wp\/v2\/users\/5"}],"replies":[{"embeddable":true,"href":"https:\/\/opistobranquis.info\/es\/wp-json\/wp\/v2\/comments?post=31312"}],"version-history":[{"count":9,"href":"https:\/\/opistobranquis.info\/es\/wp-json\/wp\/v2\/pages\/31312\/revisions"}],"predecessor-version":[{"id":35961,"href":"https:\/\/opistobranquis.info\/es\/wp-json\/wp\/v2\/pages\/31312\/revisions\/35961"}],"up":[{"embeddable":true,"href":"https:\/\/opistobranquis.info\/es\/wp-json\/wp\/v2\/pages\/26113"}],"wp:featuredmedia":[{"embeddable":true,"href":"https:\/\/opistobranquis.info\/es\/wp-json\/wp\/v2\/media\/4680"}],"wp:attachment":[{"href":"https:\/\/opistobranquis.info\/es\/wp-json\/wp\/v2\/media?parent=31312"}],"curies":[{"name":"wp","href":"https:\/\/api.w.org\/{rel}","templated":true}]}}