{"id":37081,"date":"2023-01-29T15:25:59","date_gmt":"2023-01-29T14:25:59","guid":{"rendered":"https:\/\/opistobranquis.info\/?page_id=37081"},"modified":"2023-01-29T15:25:59","modified_gmt":"2023-01-29T14:25:59","slug":"doriopsilla-rarispinosa","status":"publish","type":"page","link":"https:\/\/opistobranquis.info\/es\/guia\/nudibranchia\/doridina\/doridoidei\/phyllidioidea\/doriopsilla-rarispinosa\/","title":{"rendered":"Doriopsilla rarispinosa"},"content":{"rendered":"<p><\/p>\n<h3><em>Doriopsilla rarispinosa <\/em>Pruvot-Fol, 1951<\/h3>\n<p><span style=\"font-size:10pt;\" class=\"aligncenter\"><div id=\"featured-img-id\"><img data-recalc-dims=\"1\" decoding=\"async\" src=\"https:\/\/i0.wp.com\/opistobranquis.info\/wp-content\/uploads\/2012\/05\/Doriopsilla-aerolata-31.jpg?w=900&#038;ssl=1\" alt=\"Doriopsilla rarispinosa @ Costa Brava by Enric Madrenas\" \/><\/div><center><em>Doriopsilla rarispinosa @ Costa Brava<\/em> por Enric Madrenas<\/center><\/span><p><\/p><div class=\"opk-worms\"><h3>Informaci\u00f3n taxon\u00f3mica WoRMS<\/h3><div class=\"opk-success\">Nombre aceptado actual: <strong><em>Doriopsilla rarispinosa<\/em> Pruvot-Fol, 1951<\/strong><\/div><h4>Clasificaci\u00f3n actual<\/h4><table class=\"widefat striped\"><tr><th>Superdomain<\/th><td><a target=\"_blank\" href=\"https:\/\/www.marinespecies.org\/aphia.php?p=taxdetails&id=1\">Biota<\/a><\/td><\/tr><tr><th>Kingdom<\/th><td><a target=\"_blank\" href=\"https:\/\/www.marinespecies.org\/aphia.php?p=taxdetails&id=2\">Animalia<\/a><\/td><\/tr><tr><th>Phylum<\/th><td><a target=\"_blank\" href=\"https:\/\/www.marinespecies.org\/aphia.php?p=taxdetails&id=51\">Mollusca<\/a><\/td><\/tr><tr><th>Class<\/th><td><a target=\"_blank\" href=\"https:\/\/www.marinespecies.org\/aphia.php?p=taxdetails&id=101\">Gastropoda<\/a><\/td><\/tr><tr><th>Subclass<\/th><td><a target=\"_blank\" href=\"https:\/\/www.marinespecies.org\/aphia.php?p=taxdetails&id=14712\">Heterobranchia<\/a><\/td><\/tr><tr><th>Infraclass<\/th><td><a target=\"_blank\" href=\"https:\/\/www.marinespecies.org\/aphia.php?p=taxdetails&id=1057247\">Euthyneura<\/a><\/td><\/tr><tr><th>Subterclass<\/th><td><a target=\"_blank\" href=\"https:\/\/www.marinespecies.org\/aphia.php?p=taxdetails&id=1057249\">Ringipleura<\/a><\/td><\/tr><tr><th>Superorder<\/th><td><a target=\"_blank\" href=\"https:\/\/www.marinespecies.org\/aphia.php?p=taxdetails&id=411966\">Nudipleura<\/a><\/td><\/tr><tr><th>Order<\/th><td><a target=\"_blank\" href=\"https:\/\/www.marinespecies.org\/aphia.php?p=taxdetails&id=1762\">Nudibranchia<\/a><\/td><\/tr><tr><th>Suborder<\/th><td><a target=\"_blank\" href=\"https:\/\/www.marinespecies.org\/aphia.php?p=taxdetails&id=1829294\">Doridida<\/a><\/td><\/tr><tr><th>Infraorder<\/th><td><a target=\"_blank\" href=\"https:\/\/www.marinespecies.org\/aphia.php?p=taxdetails&id=246038\">Doridoidei<\/a><\/td><\/tr><tr><th>Superfamily<\/th><td><a target=\"_blank\" href=\"https:\/\/www.marinespecies.org\/aphia.php?p=taxdetails&id=412563\">Phyllidioidea<\/a><\/td><\/tr><tr><th>Family<\/th><td><a target=\"_blank\" href=\"https:\/\/www.marinespecies.org\/aphia.php?p=taxdetails&id=23026\">Dendrodorididae<\/a><\/td><\/tr><tr><th>Genus<\/th><td><a target=\"_blank\" href=\"https:\/\/www.marinespecies.org\/aphia.php?p=taxdetails&id=137884\"><em>Doriopsilla<\/em><\/a><\/td><\/tr><tr><th>Species<\/th><td><a target=\"_blank\" href=\"https:\/\/www.marinespecies.org\/aphia.php?p=taxdetails&id=537051\"><em>Doriopsilla rarispinosa<\/em> Pruvot-Fol, 1951<\/a><\/td><\/tr><\/table><p class=\"footer\">Clasificaci\u00f3n proporcionada por el World Register of Marine Species (WoRMS). [<a target=\"_blank\" href=\"https:\/\/www.marinespecies.org\/aphia.php?p=taxdetails&id=537051\">537051<\/a>]<\/p><\/div><strong>Nota taxon\u00f3mica<br \/>\n<\/strong>Los resultados del estudio de Furfaro et al (2022) revelaron que <em>Doriopsilla areolata<\/em>, tal y como se conceb\u00eda hasta el momento, es un complejo de especies cr\u00edpticas que incluye al menos dos especies diferentes, <em>D. areolata<\/em> y <em>D. rarispinosa<\/em>, end\u00e9micas del Mediterr\u00e1neo. <em>D. rarispinosa<\/em> se consideraba hasta el momento un sin\u00f3nimo de <em>D. areolata<\/em> pero este trabajo la restableci\u00f3 como una especie v\u00e1lida en base a an\u00e1lisis moleculares.<\/p>\n<p><b style=\"background-color: transparent;\">Descripci\u00f3n<br \/>\n<\/b>Esta especie puede alcanzar los 25 mm de longitud. Cuerpo aplanado, parecido a una esponja. Su coloraci\u00f3n general es variable, puede ir desde un color de fondo amarillo dorado hasta casi blanco, con tonos m\u00e1s oscuros que corresponden a los \u00f3rganos internos del cuerpo, visibles por una cierta transparencia de los tejidos. El dorso est\u00e1 decorado por varias manchas circulares de color blanco opaco que rodean unos tub\u00e9rculos dorsales aplanados, y dos o m\u00e1s de estas manchas pueden unirse para formar una sola m\u00e1s grande. El manto ventral es muy espiculado, con\u00a0<span style=\"font-family: Ubuntu;\">m\u00e1rgenes <\/span><span style=\"font-family: Ubuntu;\">amplios. Los rin\u00f3foros miden unos 3 mm de largo, de color un poco m\u00e1s p\u00e1lido que el color del cuerpo est\u00e1n rematados por un mucr\u00f3n relativamente grande. La base de los rin\u00f3foros es semitransparente. La branquia consta de 5 hojas tripinnadas o cuadripinnadas de unos 10 mm de largo y de color marr\u00f3n p\u00e1lido o amarillento. El pie es estrecho y espiculado, con esp\u00edculas dispuestas transversalmente. La boca carece de palpos labiales como en todos los Dendrodorididae.<\/span><\/p>\n<p><b>Biolog\u00eda<br \/>\n<\/b><em>D. rarispinosa<\/em> se encuentra a menudo en la zona intermareal, debajo de piedras con esponjas y brotr\u00edlidos, pese a que se desconoce la fuente de alimento de esta especie. La puesta es transparente y est\u00e1 compuesta por una cinta de secci\u00f3n piramidal adherida al sustrato formando una espiral ancha de una sola vuelta. Los huevos tienen un tama\u00f1o de 12 micras y est\u00e1n contenidos en una c\u00e1psula ov\u00edgera de unas 35 micras.<\/p>\n<p><strong>Etimolog\u00eda<\/strong><\/p>\n<ul>\n<li><em>Doriopsilla<\/em>, g\u00e9nero descrito por Rudolf Bergh en 1880 en su trabajo &#8220;Die Doriopsen des Mittelmeeres&#8221;. <em>Doriopsilla<\/em> deriva de Doris, una ninfa marina en la mitolog\u00eda griega + &#8220;-opsis&#8221;, &#8220;similar a&#8221; o &#8220;con forma de&#8221; + &#8220;-illa&#8221;, un diminutivo. El significado ser\u00eda &#8220;con aspecto de un peque\u00f1o Doris&#8221;.<\/li>\n<li><i>rarispinosa <\/i>viene del lat\u00edn &#8220;rarus&#8221;, y &#8220;spina&#8221;, porque tiene unas espinas raras de color negro en el conducto deferente.<\/li>\n<\/ul>\n<p><strong>Distribuci\u00f3n<br \/>\n<\/strong>Esta especie, descrita en Banyuls-sur-mer se circunscribe hasta el momento al Mediterr\u00e1neo occidental (Furfaro et al., 2022) donde parece ser end\u00e9mica, ya que no se ha encontrado en zonas marinas vecinas. <div id=\"flxmap-6a99e3bb726f8\" class='flxmap-container' data-flxmap='flxmap_6a99e3bb726f8' style=\"width:100%;height:400px;\"><\/div>\n<script data-noptimize=\"1\">\n\/* <![CDATA[ *\/\n(function(w, fn) {\n if (w.addEventListener) w.addEventListener(\"DOMContentLoaded\", fn, false);\n else if (w.attachEvent) w.attachEvent(\"onload\", fn);\n})(window, function() {\n var f = new FlexibleMap();\n f.panControl = true;\n f.mapTypeId = \"satellite\";\n f.setlocale(\"es-ES\");\n f.kmlcache = \"5 minutes\";\n f.showKML(\"flxmap-6a99e3bb726f8\", \"https:\/\/opistobranquis.info\/wp-content\/uploads\/kms\/37081.kmz\");\n window.flxmap_6a99e3bb726f8 = f;\n});\n\/* ]]> *\/\n<\/script>\n<div style=\"width:100%;text-align:center;margin:12px 0 4px 0;\">\n  <div style=\"font-size:8pt;margin-bottom:6px;\">Citas georeferenciadas conocidas de la especie: <em>Doriopsilla rarispinosa<\/em><\/div>\n  <table style=\"margin:0 auto;border-collapse:collapse;font-size:8pt;\">\n    <tr><td colspan=\"2\" style=\"text-align:left;padding-bottom:4px;\"><strong>Fonts:<\/strong><\/td><\/tr>\n    <tr>\n      <td style=\"vertical-align:top;padding-right:40px;\">\n        <table style=\"border-collapse:collapse;\">\n<tr><td style='padding:1px 6px 1px 0;vertical-align:middle'><img data-recalc-dims=\"1\" src=\"https:\/\/i0.wp.com\/opistobranquis.info\/wp-content\/uploads\/kms\/wht-circle-lv.png?w=900&#038;ssl=1\" style='display:block'><\/td><td style='padding:1px 0;vertical-align:middle;white-space:nowrap'>OBIS<\/td><\/tr><tr><td style='padding:1px 6px 1px 0;vertical-align:middle'><img data-recalc-dims=\"1\" src=\"https:\/\/i0.wp.com\/opistobranquis.info\/wp-content\/uploads\/kms\/ylw-circle-lv.png?w=900&#038;ssl=1\" style='display:block'><\/td><td style='padding:1px 0;vertical-align:middle;white-space:nowrap'>GROC 2010-2011<\/td><\/tr><tr><td style='padding:1px 6px 1px 0;vertical-align:middle'><img data-recalc-dims=\"1\" src=\"https:\/\/i0.wp.com\/opistobranquis.info\/wp-content\/uploads\/kms\/grn-circle-lv.png?w=900&#038;ssl=1\" style='display:block'><\/td><td style='padding:1px 0;vertical-align:middle;white-space:nowrap'>Enric Madrenas<\/td><\/tr><tr><td style='padding:1px 6px 1px 0;vertical-align:middle'><img data-recalc-dims=\"1\" src=\"https:\/\/i0.wp.com\/opistobranquis.info\/wp-content\/uploads\/kms\/orange-circle-lv.png?w=900&#038;ssl=1\" style='display:block'><\/td><td style='padding:1px 0;vertical-align:middle;white-space:nowrap'>Jo\u00e3o Pedro Silva<\/td><\/tr><tr><td style='padding:1px 6px 1px 0;vertical-align:middle'><img data-recalc-dims=\"1\" src=\"https:\/\/i0.wp.com\/opistobranquis.info\/wp-content\/uploads\/kms\/pink-circle-lv.png?w=900&#038;ssl=1\" style='display:block'><\/td><td style='padding:1px 0;vertical-align:middle;white-space:nowrap'>Bernard Picton<\/td><\/tr><tr><td style='padding:1px 6px 1px 0;vertical-align:middle'><img data-recalc-dims=\"1\" src=\"https:\/\/i0.wp.com\/opistobranquis.info\/wp-content\/uploads\/kms\/blk-circle-lv.png?w=900&#038;ssl=1\" style='display:block'><\/td><td style='padding:1px 0;vertical-align:middle;white-space:nowrap'>GBIF<\/td><\/tr>        <\/table>\n      <\/td>\n      <td style=\"vertical-align:top;\">\n        <table style=\"border-collapse:collapse;\">\n<tr><td style='padding:1px 6px 1px 0;vertical-align:middle'><img data-recalc-dims=\"1\" src=\"https:\/\/i0.wp.com\/opistobranquis.info\/wp-content\/uploads\/kms\/purple-circle-lv.png?w=900&#038;ssl=1\" style='display:block'><\/td><td style='padding:1px 0;vertical-align:middle;white-space:nowrap'>OPK<\/td><\/tr><tr><td style='padding:1px 6px 1px 0;vertical-align:middle'><img data-recalc-dims=\"1\" src=\"https:\/\/i0.wp.com\/opistobranquis.info\/wp-content\/uploads\/kms\/red-circle-lv.png?w=900&#038;ssl=1\" style='display:block'><\/td><td style='padding:1px 0;vertical-align:middle;white-space:nowrap'>VIMAR<\/td><\/tr><tr><td style='padding:1px 6px 1px 0;vertical-align:middle'><img data-recalc-dims=\"1\" src=\"https:\/\/i0.wp.com\/opistobranquis.info\/wp-content\/uploads\/kms\/blu-circle-lv.png?w=900&#038;ssl=1\" style='display:block'><\/td><td style='padding:1px 0;vertical-align:middle;white-space:nowrap'>Manuel Ballesteros<\/td><\/tr><tr><td style='padding:1px 6px 1px 0;vertical-align:middle'><img data-recalc-dims=\"1\" src=\"https:\/\/i0.wp.com\/opistobranquis.info\/wp-content\/uploads\/kms\/cyan-circle-lv.png?w=900&#038;ssl=1\" style='display:block'><\/td><td style='padding:1px 0;vertical-align:middle;white-space:nowrap'>M@re Nostrum<\/td><\/tr><tr><td style='padding:1px 6px 1px 0;vertical-align:middle'><img data-recalc-dims=\"1\" src=\"https:\/\/i0.wp.com\/opistobranquis.info\/wp-content\/uploads\/kms\/grey-circle-lv.png?w=900&#038;ssl=1\" style='display:block'><\/td><td style='padding:1px 0;vertical-align:middle;white-space:nowrap'>Altres fonts<\/td><\/tr><tr><td style='padding:1px 6px 1px 0;vertical-align:middle'><img data-recalc-dims=\"1\" src=\"https:\/\/i0.wp.com\/opistobranquis.info\/wp-content\/uploads\/kms\/marreg.png?w=900&#038;ssl=1\" style='display:block'><\/td><td style='padding:1px 0;vertical-align:middle;white-space:nowrap'>Marine Regions<\/td><\/tr>        <\/table>\n      <\/td>\n    <\/tr>\n  <\/table>\n<\/div>\n<\/p>\n<p><strong>Error:<\/strong> Chart.js no est\u00e1 disponible.<\/p>\n<p><strong>Videos<\/strong><\/p>\n<p><iframe loading=\"lazy\" title=\"Doris are\u0301ole\u0301e - Doriopsilla areolata - Palavas (France)\" width=\"900\" height=\"506\" src=\"https:\/\/www.youtube.com\/embed\/wydwseaTnvE?feature=oembed\" frameborder=\"0\" allow=\"accelerometer; autoplay; clipboard-write; encrypted-media; gyroscope; picture-in-picture; web-share\" allowfullscreen><\/iframe><\/p>\n<p>&nbsp;<\/p>\n<p><strong>Otras fotos<br \/>\n<\/strong><div class=\"tiled-gallery type-rectangular tiled-gallery-unresized\" data-original-width=\"900\" data-carousel-extra='{&quot;blog_id&quot;:1,&quot;permalink&quot;:&quot;https:\\\/\\\/opistobranquis.info\\\/es\\\/guia\\\/nudibranchia\\\/doridina\\\/doridoidei\\\/phyllidioidea\\\/doriopsilla-rarispinosa\\\/&quot;,&quot;likes_blog_id&quot;:44192421}' itemscope itemtype=\"http:\/\/schema.org\/ImageGallery\" > <div class=\"gallery-row\" style=\"width: 900px; height: 446px;\" data-original-width=\"900\" data-original-height=\"446\" > <div class=\"gallery-group images-1\" style=\"width: 589px; height: 446px;\" data-original-width=\"589\" data-original-height=\"446\" > <div class=\"tiled-gallery-item tiled-gallery-item-large\" itemprop=\"associatedMedia\" itemscope itemtype=\"http:\/\/schema.org\/ImageObject\"> <a href=\"https:\/\/opistobranquis.info\/es\/guia\/nudibranchia\/doridina\/doridoidei\/phyllidioidea\/doriopsilla-rarispinosa\/doriopsilla-aerolata-00\/\" border=\"0\" itemprop=\"url\"> <meta itemprop=\"width\" content=\"585\"> <meta itemprop=\"height\" content=\"442\"> <img decoding=\"async\" class=\"\" data-attachment-id=\"4372\" data-orig-file=\"https:\/\/opistobranquis.info\/wp-content\/uploads\/2012\/12\/doriopsilla-aerolata-00.jpg\" data-orig-size=\"649,490\" data-comments-opened=\"\" data-image-title=\"Doriopsilla rarispinosa @ Costa Brava by Enric Madrenas\" data-image-description=\"&lt;p&gt;Doriopsilla rarispinosa @ Costa Brava by Enric Madrenas&lt;\/p&gt; \" data-medium-file=\"https:\/\/i0.wp.com\/opistobranquis.info\/wp-content\/uploads\/2012\/12\/doriopsilla-aerolata-00.jpg?fit=300%2C226&#038;ssl=1\" data-large-file=\"https:\/\/i0.wp.com\/opistobranquis.info\/wp-content\/uploads\/2012\/12\/doriopsilla-aerolata-00.jpg?fit=649%2C490&#038;ssl=1\" src=\"https:\/\/i0.wp.com\/opistobranquis.info\/wp-content\/uploads\/2012\/12\/doriopsilla-aerolata-00.jpg?w=585&#038;h=442&#038;ssl=1\" srcset=\"https:\/\/i0.wp.com\/opistobranquis.info\/wp-content\/uploads\/2012\/12\/doriopsilla-aerolata-00.jpg?w=649&amp;ssl=1 649w, https:\/\/i0.wp.com\/opistobranquis.info\/wp-content\/uploads\/2012\/12\/doriopsilla-aerolata-00.jpg?resize=300%2C226&amp;ssl=1 300w\" width=\"585\" height=\"442\" loading=\"lazy\" data-original-width=\"585\" data-original-height=\"442\" itemprop=\"http:\/\/schema.org\/image\" title=\"Doriopsilla rarispinosa @ Costa Brava by Enric Madrenas\" alt=\"Doriopsilla rarispinosa @ Costa Brava by Enric Madrenas\" style=\"width: 585px; height: 442px;\" \/> <\/a> <div class=\"tiled-gallery-caption\" itemprop=\"caption description\"> Doriopsilla rarispinosa @ Costa Brava by Enric Madrenas <\/div> <\/div> <\/div> <!-- close group --> <div class=\"gallery-group images-2\" style=\"width: 311px; height: 446px;\" data-original-width=\"311\" data-original-height=\"446\" > <div class=\"tiled-gallery-item tiled-gallery-item-large\" itemprop=\"associatedMedia\" itemscope itemtype=\"http:\/\/schema.org\/ImageObject\"> <a href=\"https:\/\/opistobranquis.info\/es\/guia\/nudibranchia\/doridina\/doridoidei\/phyllidioidea\/doriopsilla-rarispinosa\/doriopsilla-aerolata-06\/\" border=\"0\" itemprop=\"url\"> <meta itemprop=\"width\" content=\"307\"> <meta itemprop=\"height\" content=\"231\"> <img decoding=\"async\" class=\"\" data-attachment-id=\"4373\" data-orig-file=\"https:\/\/opistobranquis.info\/wp-content\/uploads\/2012\/12\/doriopsilla-aerolata-06.jpg\" data-orig-size=\"649,490\" data-comments-opened=\"\" data-image-title=\"Doriopsilla rarispinosa @ Costa Brava by Enric Madrenas\" data-image-description=\"&lt;p&gt;Doriopsilla rarispinosa @ Costa Brava by Enric Madrenas&lt;\/p&gt; \" data-medium-file=\"https:\/\/i0.wp.com\/opistobranquis.info\/wp-content\/uploads\/2012\/12\/doriopsilla-aerolata-06.jpg?fit=300%2C226&#038;ssl=1\" data-large-file=\"https:\/\/i0.wp.com\/opistobranquis.info\/wp-content\/uploads\/2012\/12\/doriopsilla-aerolata-06.jpg?fit=649%2C490&#038;ssl=1\" src=\"https:\/\/i0.wp.com\/opistobranquis.info\/wp-content\/uploads\/2012\/12\/doriopsilla-aerolata-06.jpg?w=307&#038;h=231&#038;ssl=1\" srcset=\"https:\/\/i0.wp.com\/opistobranquis.info\/wp-content\/uploads\/2012\/12\/doriopsilla-aerolata-06.jpg?w=649&amp;ssl=1 649w, https:\/\/i0.wp.com\/opistobranquis.info\/wp-content\/uploads\/2012\/12\/doriopsilla-aerolata-06.jpg?resize=300%2C226&amp;ssl=1 300w\" width=\"307\" height=\"231\" loading=\"lazy\" data-original-width=\"307\" data-original-height=\"231\" itemprop=\"http:\/\/schema.org\/image\" title=\"Doriopsilla rarispinosa @ Costa Brava by Enric Madrenas\" alt=\"Doriopsilla rarispinosa @ Costa Brava by Enric Madrenas\" style=\"width: 307px; height: 231px;\" \/> <\/a> <div class=\"tiled-gallery-caption\" itemprop=\"caption description\"> Doriopsilla rarispinosa @ Costa Brava by Enric Madrenas <\/div> <\/div> <div class=\"tiled-gallery-item tiled-gallery-item-large\" itemprop=\"associatedMedia\" itemscope itemtype=\"http:\/\/schema.org\/ImageObject\"> <a href=\"https:\/\/opistobranquis.info\/es\/guia\/nudibranchia\/doridina\/doridoidei\/phyllidioidea\/doriopsilla-rarispinosa\/doriopsilla-aerolata-10\/\" border=\"0\" itemprop=\"url\"> <meta itemprop=\"width\" content=\"307\"> <meta itemprop=\"height\" content=\"207\"> <img decoding=\"async\" class=\"\" data-attachment-id=\"4374\" data-orig-file=\"https:\/\/opistobranquis.info\/wp-content\/uploads\/2012\/12\/doriopsilla-aerolata-10.jpg\" data-orig-size=\"650,438\" data-comments-opened=\"\" data-image-title=\"Doriopsilla rarispinosa @ Costa Brava by Enric Madrenas\" data-image-description=\"&lt;p&gt;Doriopsilla rarispinosa @ Costa Brava by Enric Madrenas&lt;\/p&gt; \" data-medium-file=\"https:\/\/i0.wp.com\/opistobranquis.info\/wp-content\/uploads\/2012\/12\/doriopsilla-aerolata-10.jpg?fit=300%2C202&#038;ssl=1\" data-large-file=\"https:\/\/i0.wp.com\/opistobranquis.info\/wp-content\/uploads\/2012\/12\/doriopsilla-aerolata-10.jpg?fit=650%2C438&#038;ssl=1\" src=\"https:\/\/i0.wp.com\/opistobranquis.info\/wp-content\/uploads\/2012\/12\/doriopsilla-aerolata-10.jpg?w=307&#038;h=207&#038;ssl=1\" srcset=\"https:\/\/i0.wp.com\/opistobranquis.info\/wp-content\/uploads\/2012\/12\/doriopsilla-aerolata-10.jpg?w=650&amp;ssl=1 650w, https:\/\/i0.wp.com\/opistobranquis.info\/wp-content\/uploads\/2012\/12\/doriopsilla-aerolata-10.jpg?resize=300%2C202&amp;ssl=1 300w\" width=\"307\" height=\"207\" loading=\"lazy\" data-original-width=\"307\" data-original-height=\"207\" itemprop=\"http:\/\/schema.org\/image\" title=\"Doriopsilla rarispinosa @ Costa Brava by Enric Madrenas\" alt=\"Doriopsilla rarispinosa @ Costa Brava by Enric Madrenas\" style=\"width: 307px; height: 207px;\" \/> <\/a> <div class=\"tiled-gallery-caption\" itemprop=\"caption description\"> Doriopsilla rarispinosa @ Costa Brava by Enric Madrenas <\/div> <\/div> <\/div> <!-- close group --> <\/div> <!-- close row --> <div class=\"gallery-row\" style=\"width: 900px; height: 410px;\" data-original-width=\"900\" data-original-height=\"410\" > <div class=\"gallery-group images-2\" style=\"width: 310px; height: 410px;\" data-original-width=\"310\" data-original-height=\"410\" > <div class=\"tiled-gallery-item tiled-gallery-item-large\" itemprop=\"associatedMedia\" itemscope itemtype=\"http:\/\/schema.org\/ImageObject\"> <a href=\"https:\/\/opistobranquis.info\/es\/guia\/nudibranchia\/doridina\/doridoidei\/phyllidioidea\/doriopsilla-rarispinosa\/doriopsilla-aerolata-081\/\" border=\"0\" itemprop=\"url\"> <meta itemprop=\"width\" content=\"306\"> <meta itemprop=\"height\" content=\"206\"> <img decoding=\"async\" class=\"\" data-attachment-id=\"4375\" data-orig-file=\"https:\/\/opistobranquis.info\/wp-content\/uploads\/2012\/12\/doriopsilla-aerolata-081.jpg\" data-orig-size=\"650,438\" data-comments-opened=\"\" data-image-title=\"Doriopsilla rarispinosa @ Costa Brava by Enric Madrenas\" data-image-description=\"&lt;p&gt;Doriopsilla rarispinosa @ Costa Brava by Enric Madrenas&lt;\/p&gt; \" data-medium-file=\"https:\/\/i0.wp.com\/opistobranquis.info\/wp-content\/uploads\/2012\/12\/doriopsilla-aerolata-081.jpg?fit=300%2C202&#038;ssl=1\" data-large-file=\"https:\/\/i0.wp.com\/opistobranquis.info\/wp-content\/uploads\/2012\/12\/doriopsilla-aerolata-081.jpg?fit=650%2C438&#038;ssl=1\" src=\"https:\/\/i0.wp.com\/opistobranquis.info\/wp-content\/uploads\/2012\/12\/doriopsilla-aerolata-081.jpg?w=306&#038;h=206&#038;ssl=1\" srcset=\"https:\/\/i0.wp.com\/opistobranquis.info\/wp-content\/uploads\/2012\/12\/doriopsilla-aerolata-081.jpg?w=650&amp;ssl=1 650w, https:\/\/i0.wp.com\/opistobranquis.info\/wp-content\/uploads\/2012\/12\/doriopsilla-aerolata-081.jpg?resize=300%2C202&amp;ssl=1 300w\" width=\"306\" height=\"206\" loading=\"lazy\" data-original-width=\"306\" data-original-height=\"206\" itemprop=\"http:\/\/schema.org\/image\" title=\"Doriopsilla rarispinosa @ Costa Brava by Enric Madrenas\" alt=\"Doriopsilla rarispinosa @ Costa Brava by Enric Madrenas\" style=\"width: 306px; height: 206px;\" \/> <\/a> <div class=\"tiled-gallery-caption\" itemprop=\"caption description\"> Doriopsilla rarispinosa @ Costa Brava by Enric Madrenas <\/div> <\/div> <div class=\"tiled-gallery-item tiled-gallery-item-large\" itemprop=\"associatedMedia\" itemscope itemtype=\"http:\/\/schema.org\/ImageObject\"> <a href=\"https:\/\/opistobranquis.info\/es\/guia\/nudibranchia\/doridina\/doridoidei\/phyllidioidea\/doriopsilla-rarispinosa\/th_doriopsilla-areolata-by-manuel-ballesteros-6\/\" border=\"0\" itemprop=\"url\"> <meta itemprop=\"width\" content=\"306\"> <meta itemprop=\"height\" content=\"196\"> <img decoding=\"async\" class=\"\" data-attachment-id=\"15993\" data-orig-file=\"https:\/\/opistobranquis.info\/wp-content\/uploads\/2014\/10\/th_Doriopsilla-areolata-by-Manuel-Ballesteros-6.jpg\" data-orig-size=\"800,512\" data-comments-opened=\"\" data-image-title=\"Doriopsilla rarispinosa by Manuel Ballesteros\" data-image-description=\"&lt;p&gt;Doriopsilla rarispinosa by Manuel Ballesteros&lt;\/p&gt; \" data-medium-file=\"https:\/\/i0.wp.com\/opistobranquis.info\/wp-content\/uploads\/2014\/10\/th_Doriopsilla-areolata-by-Manuel-Ballesteros-6.jpg?fit=300%2C192&#038;ssl=1\" data-large-file=\"https:\/\/i0.wp.com\/opistobranquis.info\/wp-content\/uploads\/2014\/10\/th_Doriopsilla-areolata-by-Manuel-Ballesteros-6.jpg?fit=800%2C512&#038;ssl=1\" src=\"https:\/\/i0.wp.com\/opistobranquis.info\/wp-content\/uploads\/2014\/10\/th_Doriopsilla-areolata-by-Manuel-Ballesteros-6.jpg?w=306&#038;h=196&#038;ssl=1\" srcset=\"https:\/\/i0.wp.com\/opistobranquis.info\/wp-content\/uploads\/2014\/10\/th_Doriopsilla-areolata-by-Manuel-Ballesteros-6.jpg?w=800&amp;ssl=1 800w, https:\/\/i0.wp.com\/opistobranquis.info\/wp-content\/uploads\/2014\/10\/th_Doriopsilla-areolata-by-Manuel-Ballesteros-6.jpg?resize=150%2C96&amp;ssl=1 150w, https:\/\/i0.wp.com\/opistobranquis.info\/wp-content\/uploads\/2014\/10\/th_Doriopsilla-areolata-by-Manuel-Ballesteros-6.jpg?resize=300%2C192&amp;ssl=1 300w\" width=\"306\" height=\"196\" loading=\"lazy\" data-original-width=\"306\" data-original-height=\"196\" itemprop=\"http:\/\/schema.org\/image\" title=\"Doriopsilla rarispinosa by Manuel Ballesteros\" alt=\"Doriopsilla rarispinosa by Manuel Ballesteros\" style=\"width: 306px; height: 196px;\" \/> <\/a> <div class=\"tiled-gallery-caption\" itemprop=\"caption description\"> Doriopsilla rarispinosa by Manuel Ballesteros <\/div> <\/div> <\/div> <!-- close group --> <div class=\"gallery-group images-1\" style=\"width: 590px; height: 410px;\" data-original-width=\"590\" data-original-height=\"410\" > <div class=\"tiled-gallery-item tiled-gallery-item-large\" itemprop=\"associatedMedia\" itemscope itemtype=\"http:\/\/schema.org\/ImageObject\"> <a href=\"https:\/\/opistobranquis.info\/es\/guia\/nudibranchia\/doridina\/doridoidei\/phyllidioidea\/doriopsilla-rarispinosa\/th_doriopsilla-areolata-by-manuel-ballesteros-4\/\" border=\"0\" itemprop=\"url\"> <meta itemprop=\"width\" content=\"586\"> <meta itemprop=\"height\" content=\"406\"> <img decoding=\"async\" class=\"\" data-attachment-id=\"15995\" data-orig-file=\"https:\/\/opistobranquis.info\/wp-content\/uploads\/2014\/10\/th_Doriopsilla-areolata-by-Manuel-Ballesteros-4.jpg\" data-orig-size=\"800,554\" data-comments-opened=\"\" data-image-title=\"Doriopsilla rarispinosa by Manuel Ballesteros\" data-image-description=\"&lt;p&gt;Doriopsilla rarispinosa by Manuel Ballesteros&lt;\/p&gt; \" data-medium-file=\"https:\/\/i0.wp.com\/opistobranquis.info\/wp-content\/uploads\/2014\/10\/th_Doriopsilla-areolata-by-Manuel-Ballesteros-4.jpg?fit=300%2C207&#038;ssl=1\" data-large-file=\"https:\/\/i0.wp.com\/opistobranquis.info\/wp-content\/uploads\/2014\/10\/th_Doriopsilla-areolata-by-Manuel-Ballesteros-4.jpg?fit=800%2C554&#038;ssl=1\" src=\"https:\/\/i0.wp.com\/opistobranquis.info\/wp-content\/uploads\/2014\/10\/th_Doriopsilla-areolata-by-Manuel-Ballesteros-4.jpg?w=586&#038;h=406&#038;ssl=1\" srcset=\"https:\/\/i0.wp.com\/opistobranquis.info\/wp-content\/uploads\/2014\/10\/th_Doriopsilla-areolata-by-Manuel-Ballesteros-4.jpg?w=800&amp;ssl=1 800w, https:\/\/i0.wp.com\/opistobranquis.info\/wp-content\/uploads\/2014\/10\/th_Doriopsilla-areolata-by-Manuel-Ballesteros-4.jpg?resize=150%2C103&amp;ssl=1 150w, https:\/\/i0.wp.com\/opistobranquis.info\/wp-content\/uploads\/2014\/10\/th_Doriopsilla-areolata-by-Manuel-Ballesteros-4.jpg?resize=300%2C207&amp;ssl=1 300w\" width=\"586\" height=\"406\" loading=\"lazy\" data-original-width=\"586\" data-original-height=\"406\" itemprop=\"http:\/\/schema.org\/image\" title=\"Doriopsilla rarispinosa by Manuel Ballesteros\" alt=\"Doriopsilla rarispinosa by Manuel Ballesteros\" style=\"width: 586px; height: 406px;\" \/> <\/a> <div class=\"tiled-gallery-caption\" itemprop=\"caption description\"> Doriopsilla rarispinosa by Manuel Ballesteros <\/div> <\/div> <\/div> <!-- close group --> <\/div> <!-- close row --> <div class=\"gallery-row\" style=\"width: 900px; height: 296px;\" data-original-width=\"900\" data-original-height=\"296\" > <div class=\"gallery-group images-1\" style=\"width: 461px; height: 296px;\" data-original-width=\"461\" data-original-height=\"296\" > <div class=\"tiled-gallery-item tiled-gallery-item-large\" itemprop=\"associatedMedia\" itemscope itemtype=\"http:\/\/schema.org\/ImageObject\"> <a href=\"https:\/\/opistobranquis.info\/es\/guia\/nudibranchia\/doridina\/doridoidei\/phyllidioidea\/doriopsilla-rarispinosa\/doriopsilla-areolata-la-foradada-lestartit-30-01-2016-by-jordi-regas-lr\/\" border=\"0\" itemprop=\"url\"> <meta itemprop=\"width\" content=\"457\"> <meta itemprop=\"height\" content=\"292\"> <img decoding=\"async\" class=\"\" data-attachment-id=\"21426\" data-orig-file=\"https:\/\/opistobranquis.info\/wp-content\/uploads\/2012\/05\/Doriopsilla-areolata-@-La-Foradada-LEstartit-30-01-2016-by-Jordi-Reg\u00e0s-lr.jpg\" data-orig-size=\"1024,653\" data-comments-opened=\"\" data-image-title=\"Doriopsilla rarispinosa @ La Foradada (L&amp;#8217;Estartit) 30-01-2016 by Jordi Reg\u00e0s\" data-image-description=\"&lt;p&gt;Doriopsilla rarispinosa @ La Foradada (L&amp;#8217;Estartit) 30-01-2016 by Jordi Reg\u00e0s&lt;\/p&gt; \" data-medium-file=\"https:\/\/i0.wp.com\/opistobranquis.info\/wp-content\/uploads\/2012\/05\/Doriopsilla-areolata-%40-La-Foradada-LEstartit-30-01-2016-by-Jordi-Reg%C3%A0s-lr.jpg?fit=300%2C191&#038;ssl=1\" data-large-file=\"https:\/\/i0.wp.com\/opistobranquis.info\/wp-content\/uploads\/2012\/05\/Doriopsilla-areolata-%40-La-Foradada-LEstartit-30-01-2016-by-Jordi-Reg%C3%A0s-lr.jpg?fit=900%2C574&#038;ssl=1\" src=\"https:\/\/i0.wp.com\/opistobranquis.info\/wp-content\/uploads\/2012\/05\/Doriopsilla-areolata-%40-La-Foradada-LEstartit-30-01-2016-by-Jordi-Reg%C3%A0s-lr.jpg?w=457&#038;h=292&#038;ssl=1\" width=\"457\" height=\"292\" loading=\"lazy\" data-original-width=\"457\" data-original-height=\"292\" itemprop=\"http:\/\/schema.org\/image\" title=\"Doriopsilla rarispinosa @ La Foradada (L&#039;Estartit) 30-01-2016 by Jordi Reg\u00e0s\" alt=\"Doriopsilla rarispinosa @ La Foradada (L&#039;Estartit) 30-01-2016 by Jordi Reg\u00e0s\" style=\"width: 457px; height: 292px;\" \/> <\/a> <div class=\"tiled-gallery-caption\" itemprop=\"caption description\"> Doriopsilla rarispinosa @ La Foradada (L&#8217;Estartit) 30-01-2016 by Jordi Reg\u00e0s <\/div> <\/div> <\/div> <!-- close group --> <div class=\"gallery-group images-1\" style=\"width: 439px; height: 296px;\" data-original-width=\"439\" data-original-height=\"296\" > <div class=\"tiled-gallery-item tiled-gallery-item-large\" itemprop=\"associatedMedia\" itemscope itemtype=\"http:\/\/schema.org\/ImageObject\"> <a href=\"https:\/\/opistobranquis.info\/es\/guia\/nudibranchia\/doridina\/doridoidei\/phyllidioidea\/doriopsilla-rarispinosa\/doriopsilla-aerolata-punta-del-romani-lescala-31-10-2016-by-enric-madrenas\/\" border=\"0\" itemprop=\"url\"> <meta itemprop=\"width\" content=\"435\"> <meta itemprop=\"height\" content=\"292\"> <img decoding=\"async\" class=\"\" data-attachment-id=\"22738\" data-orig-file=\"https:\/\/opistobranquis.info\/wp-content\/uploads\/2016\/11\/Doriopsilla-aerolata-@-Punta-del-Roman\u00ed-LEscala-31-10-2016-by-Enric-Madrenas.jpg\" data-orig-size=\"810,543\" data-comments-opened=\"\" data-image-title=\"Doriopsilla rarispinosa @ Punta del Roman\u00ed, L&amp;#8217;Escala 31-10-2016 by Enric Madrenas\" data-image-description=\"&lt;p&gt;Doriopsilla rarispinosa @ Punta del Roman\u00ed, L&amp;#8217;Escala 31-10-2016 by Enric Madrenas&lt;\/p&gt; \" data-medium-file=\"https:\/\/i0.wp.com\/opistobranquis.info\/wp-content\/uploads\/2016\/11\/Doriopsilla-aerolata-%40-Punta-del-Roman%C3%AD-LEscala-31-10-2016-by-Enric-Madrenas.jpg?fit=300%2C201&#038;ssl=1\" data-large-file=\"https:\/\/i0.wp.com\/opistobranquis.info\/wp-content\/uploads\/2016\/11\/Doriopsilla-aerolata-%40-Punta-del-Roman%C3%AD-LEscala-31-10-2016-by-Enric-Madrenas.jpg?fit=810%2C543&#038;ssl=1\" src=\"https:\/\/i0.wp.com\/opistobranquis.info\/wp-content\/uploads\/2016\/11\/Doriopsilla-aerolata-%40-Punta-del-Roman%C3%AD-LEscala-31-10-2016-by-Enric-Madrenas.jpg?w=435&#038;h=292&#038;ssl=1\" width=\"435\" height=\"292\" loading=\"lazy\" data-original-width=\"435\" data-original-height=\"292\" itemprop=\"http:\/\/schema.org\/image\" title=\"Doriopsilla rarispinosa @ Punta del Roman\u00ed, L&#039;Escala 31-10-2016 by Enric Madrenas\" alt=\"Doriopsilla rarispinosa @ Punta del Roman\u00ed, L&#039;Escala 31-10-2016 by Enric Madrenas\" style=\"width: 435px; height: 292px;\" \/> <\/a> <div class=\"tiled-gallery-caption\" itemprop=\"caption description\"> Doriopsilla rarispinosa @ Punta del Roman\u00ed, L&#8217;Escala 31-10-2016 by Enric Madrenas <\/div> <\/div> <\/div> <!-- close group --> <\/div> <!-- close row --> <div class=\"gallery-row\" style=\"width: 900px; height: 276px;\" data-original-width=\"900\" data-original-height=\"276\" > <div class=\"gallery-group images-1\" style=\"width: 412px; height: 276px;\" data-original-width=\"412\" data-original-height=\"276\" > <div class=\"tiled-gallery-item tiled-gallery-item-large\" itemprop=\"associatedMedia\" itemscope itemtype=\"http:\/\/schema.org\/ImageObject\"> <a href=\"https:\/\/opistobranquis.info\/es\/guia\/nudibranchia\/doridina\/doridoidei\/phyllidioidea\/doriopsilla-rarispinosa\/doriopsilla-areolata-france-by-pascal-girard\/\" border=\"0\" itemprop=\"url\"> <meta itemprop=\"width\" content=\"408\"> <meta itemprop=\"height\" content=\"272\"> <img decoding=\"async\" class=\"\" data-attachment-id=\"31569\" data-orig-file=\"https:\/\/opistobranquis.info\/wp-content\/uploads\/2021\/02\/Doriopsilla-areolata-@-France-by-Pascal-Girard.jpg\" data-orig-size=\"1080,720\" data-comments-opened=\"\" data-image-title=\"Doriopsilla rarispinosa @ France by Pascal Girard\" data-image-description=\"&lt;p&gt;Doriopsilla rarispinosa @ France by Pascal Girard&lt;\/p&gt; \" data-medium-file=\"https:\/\/i0.wp.com\/opistobranquis.info\/wp-content\/uploads\/2021\/02\/Doriopsilla-areolata-%40-France-by-Pascal-Girard.jpg?fit=300%2C200&#038;ssl=1\" data-large-file=\"https:\/\/i0.wp.com\/opistobranquis.info\/wp-content\/uploads\/2021\/02\/Doriopsilla-areolata-%40-France-by-Pascal-Girard.jpg?fit=900%2C600&#038;ssl=1\" src=\"https:\/\/i0.wp.com\/opistobranquis.info\/wp-content\/uploads\/2021\/02\/Doriopsilla-areolata-%40-France-by-Pascal-Girard.jpg?w=408&#038;h=272&#038;ssl=1\" width=\"408\" height=\"272\" loading=\"lazy\" data-original-width=\"408\" data-original-height=\"272\" itemprop=\"http:\/\/schema.org\/image\" title=\"Doriopsilla rarispinosa @ France by Pascal Girard\" alt=\"Doriopsilla rarispinosa @ France by Pascal Girard\" style=\"width: 408px; height: 272px;\" \/> <\/a> <div class=\"tiled-gallery-caption\" itemprop=\"caption description\"> Doriopsilla rarispinosa @ France by Pascal Girard <\/div> <\/div> <\/div> <!-- close group --> <div class=\"gallery-group images-1\" style=\"width: 488px; height: 276px;\" data-original-width=\"488\" data-original-height=\"276\" > <div class=\"tiled-gallery-item tiled-gallery-item-large\" itemprop=\"associatedMedia\" itemscope itemtype=\"http:\/\/schema.org\/ImageObject\"> <a href=\"https:\/\/opistobranquis.info\/es\/guia\/nudibranchia\/doridina\/doridoidei\/phyllidioidea\/doriopsilla-rarispinosa\/doriopsilla-areolata-2-france-by-pascal-girard\/\" border=\"0\" itemprop=\"url\"> <meta itemprop=\"width\" content=\"484\"> <meta itemprop=\"height\" content=\"272\"> <img decoding=\"async\" class=\"\" data-attachment-id=\"31570\" data-orig-file=\"https:\/\/opistobranquis.info\/wp-content\/uploads\/2021\/02\/Doriopsilla-areolata-2-@-France-by-Pascal-Girard.jpg\" data-orig-size=\"1280,720\" data-comments-opened=\"\" data-image-title=\"Doriopsilla rarispinosa @ France by Pascal Girard\" data-image-description=\"&lt;p&gt;Doriopsilla rarispinosa @ France by Pascal Girard&lt;\/p&gt; \" data-medium-file=\"https:\/\/i0.wp.com\/opistobranquis.info\/wp-content\/uploads\/2021\/02\/Doriopsilla-areolata-2-%40-France-by-Pascal-Girard.jpg?fit=300%2C169&#038;ssl=1\" data-large-file=\"https:\/\/i0.wp.com\/opistobranquis.info\/wp-content\/uploads\/2021\/02\/Doriopsilla-areolata-2-%40-France-by-Pascal-Girard.jpg?fit=900%2C506&#038;ssl=1\" src=\"https:\/\/i0.wp.com\/opistobranquis.info\/wp-content\/uploads\/2021\/02\/Doriopsilla-areolata-2-%40-France-by-Pascal-Girard.jpg?w=484&#038;h=272&#038;ssl=1\" width=\"484\" height=\"272\" loading=\"lazy\" data-original-width=\"484\" data-original-height=\"272\" itemprop=\"http:\/\/schema.org\/image\" title=\"Doriopsilla rarispinosa @ France by Pascal Girard\" alt=\"Doriopsilla rarispinosa @ France by Pascal Girard\" style=\"width: 484px; height: 272px;\" \/> <\/a> <div class=\"tiled-gallery-caption\" itemprop=\"caption description\"> Doriopsilla rarispinosa @ France by Pascal Girard <\/div> <\/div> <\/div> <!-- close group --> <\/div> <!-- close row --> <div class=\"gallery-row\" style=\"width: 900px; height: 437px;\" data-original-width=\"900\" data-original-height=\"437\" > <div class=\"gallery-group images-1\" style=\"width: 581px; height: 437px;\" data-original-width=\"581\" data-original-height=\"437\" > <div class=\"tiled-gallery-item tiled-gallery-item-large\" itemprop=\"associatedMedia\" itemscope itemtype=\"http:\/\/schema.org\/ImageObject\"> <a href=\"https:\/\/opistobranquis.info\/es\/guia\/nudibranchia\/doridina\/doridoidei\/phyllidioidea\/doriopsilla-rarispinosa\/doriopsilla-areolata-by-nani-diez-img_20210304_200906_781\/\" border=\"0\" itemprop=\"url\"> <meta itemprop=\"width\" content=\"577\"> <meta itemprop=\"height\" content=\"433\"> <img decoding=\"async\" class=\"\" data-attachment-id=\"31942\" data-orig-file=\"https:\/\/opistobranquis.info\/wp-content\/uploads\/2021\/03\/Doriopsilla-areolata-by-Nani-Diez-IMG_20210304_200906_781.jpg\" data-orig-size=\"1280,960\" data-comments-opened=\"\" data-image-title=\"Doriopsilla rarispinosa by Nani D\u00edez\" data-image-description=\"&lt;p&gt;Doriopsilla rarispinosa by Nani D\u00edez&lt;\/p&gt; \" data-medium-file=\"https:\/\/i0.wp.com\/opistobranquis.info\/wp-content\/uploads\/2021\/03\/Doriopsilla-areolata-by-Nani-Diez-IMG_20210304_200906_781.jpg?fit=300%2C225&#038;ssl=1\" data-large-file=\"https:\/\/i0.wp.com\/opistobranquis.info\/wp-content\/uploads\/2021\/03\/Doriopsilla-areolata-by-Nani-Diez-IMG_20210304_200906_781.jpg?fit=900%2C675&#038;ssl=1\" src=\"https:\/\/i0.wp.com\/opistobranquis.info\/wp-content\/uploads\/2021\/03\/Doriopsilla-areolata-by-Nani-Diez-IMG_20210304_200906_781.jpg?w=577&#038;h=433&#038;ssl=1\" srcset=\"https:\/\/i0.wp.com\/opistobranquis.info\/wp-content\/uploads\/2021\/03\/Doriopsilla-areolata-by-Nani-Diez-IMG_20210304_200906_781.jpg?w=1280&amp;ssl=1 1280w, https:\/\/i0.wp.com\/opistobranquis.info\/wp-content\/uploads\/2021\/03\/Doriopsilla-areolata-by-Nani-Diez-IMG_20210304_200906_781.jpg?resize=300%2C225&amp;ssl=1 300w, https:\/\/i0.wp.com\/opistobranquis.info\/wp-content\/uploads\/2021\/03\/Doriopsilla-areolata-by-Nani-Diez-IMG_20210304_200906_781.jpg?resize=1024%2C768&amp;ssl=1 1024w, https:\/\/i0.wp.com\/opistobranquis.info\/wp-content\/uploads\/2021\/03\/Doriopsilla-areolata-by-Nani-Diez-IMG_20210304_200906_781.jpg?resize=150%2C113&amp;ssl=1 150w\" width=\"577\" height=\"433\" loading=\"lazy\" data-original-width=\"577\" data-original-height=\"433\" itemprop=\"http:\/\/schema.org\/image\" title=\"Doriopsilla rarispinosa by Nani D\u00edez\" alt=\"Doriopsilla rarispinosa by Nani D\u00edez\" style=\"width: 577px; height: 433px;\" \/> <\/a> <div class=\"tiled-gallery-caption\" itemprop=\"caption description\"> Doriopsilla rarispinosa by Nani D\u00edez <\/div> <\/div> <\/div> <!-- close group --> <div class=\"gallery-group images-2\" style=\"width: 319px; height: 437px;\" data-original-width=\"319\" data-original-height=\"437\" > <div class=\"tiled-gallery-item tiled-gallery-item-large\" itemprop=\"associatedMedia\" itemscope itemtype=\"http:\/\/schema.org\/ImageObject\"> <a href=\"https:\/\/opistobranquis.info\/es\/guia\/nudibranchia\/doridina\/doridoidei\/phyllidioidea\/doriopsilla-rarispinosa\/doriopsilla-rarispinosa-france-by-pascal-girard\/\" border=\"0\" itemprop=\"url\"> <meta itemprop=\"width\" content=\"315\"> <meta itemprop=\"height\" content=\"210\"> <img decoding=\"async\" class=\"\" data-attachment-id=\"36082\" data-orig-file=\"https:\/\/opistobranquis.info\/wp-content\/uploads\/2022\/12\/Doriopsilla-rarispinosa-@-France-by-Pascal-Girard.jpg\" data-orig-size=\"1080,720\" data-comments-opened=\"\" data-image-title=\"Doriopsilla rarispinosa @ France by Pascal Girard\" data-image-description=\"&lt;p&gt;Doriopsilla rarispinosa @ France by Pascal Girard&lt;\/p&gt; \" data-medium-file=\"https:\/\/i0.wp.com\/opistobranquis.info\/wp-content\/uploads\/2022\/12\/Doriopsilla-rarispinosa-%40-France-by-Pascal-Girard.jpg?fit=300%2C200&#038;ssl=1\" data-large-file=\"https:\/\/i0.wp.com\/opistobranquis.info\/wp-content\/uploads\/2022\/12\/Doriopsilla-rarispinosa-%40-France-by-Pascal-Girard.jpg?fit=900%2C600&#038;ssl=1\" src=\"https:\/\/i0.wp.com\/opistobranquis.info\/wp-content\/uploads\/2022\/12\/Doriopsilla-rarispinosa-%40-France-by-Pascal-Girard.jpg?w=315&#038;h=210&#038;ssl=1\" width=\"315\" height=\"210\" loading=\"lazy\" data-original-width=\"315\" data-original-height=\"210\" itemprop=\"http:\/\/schema.org\/image\" title=\"Doriopsilla rarispinosa @ France by Pascal Girard\" alt=\"Doriopsilla rarispinosa @ France by Pascal Girard\" style=\"width: 315px; height: 210px;\" \/> <\/a> <div class=\"tiled-gallery-caption\" itemprop=\"caption description\"> Doriopsilla rarispinosa @ France by Pascal Girard <\/div> <\/div> <div class=\"tiled-gallery-item tiled-gallery-item-large\" itemprop=\"associatedMedia\" itemscope itemtype=\"http:\/\/schema.org\/ImageObject\"> <a href=\"https:\/\/opistobranquis.info\/es\/guia\/nudibranchia\/doridina\/doridoidei\/phyllidioidea\/doriopsilla-rarispinosa\/doriopsilla-rarispinosa-with-spawn-france-by-pascal-girard\/\" border=\"0\" itemprop=\"url\"> <meta itemprop=\"width\" content=\"315\"> <meta itemprop=\"height\" content=\"219\"> <img decoding=\"async\" class=\"\" data-attachment-id=\"36083\" data-orig-file=\"https:\/\/opistobranquis.info\/wp-content\/uploads\/2022\/12\/Doriopsilla-rarispinosa-with-spawn-@-France-by-Pascal-Girard.jpg\" data-orig-size=\"1280,889\" data-comments-opened=\"\" data-image-title=\"Doriopsilla rarispinosa with spawn @ France by Pascal Girard\" data-image-description=\"&lt;p&gt;Doriopsilla rarispinosa with spawn @ France by Pascal Girard&lt;\/p&gt; \" data-medium-file=\"https:\/\/i0.wp.com\/opistobranquis.info\/wp-content\/uploads\/2022\/12\/Doriopsilla-rarispinosa-with-spawn-%40-France-by-Pascal-Girard.jpg?fit=300%2C208&#038;ssl=1\" data-large-file=\"https:\/\/i0.wp.com\/opistobranquis.info\/wp-content\/uploads\/2022\/12\/Doriopsilla-rarispinosa-with-spawn-%40-France-by-Pascal-Girard.jpg?fit=900%2C625&#038;ssl=1\" src=\"https:\/\/i0.wp.com\/opistobranquis.info\/wp-content\/uploads\/2022\/12\/Doriopsilla-rarispinosa-with-spawn-%40-France-by-Pascal-Girard.jpg?w=315&#038;h=219&#038;ssl=1\" width=\"315\" height=\"219\" loading=\"lazy\" data-original-width=\"315\" data-original-height=\"219\" itemprop=\"http:\/\/schema.org\/image\" title=\"Doriopsilla rarispinosa with spawn @ France by Pascal Girard\" alt=\"Doriopsilla rarispinosa with spawn @ France by Pascal Girard\" style=\"width: 315px; height: 219px;\" \/> <\/a> <div class=\"tiled-gallery-caption\" itemprop=\"caption description\"> Doriopsilla rarispinosa with spawn @ France by Pascal Girard <\/div> <\/div> <\/div> <!-- close group --> <\/div> <!-- close row --> <\/div><\/p>\n<p><strong>Bibliograf\u00eda<\/strong><\/p><ul><div id=\"zotpress-34a36b157aa63c1821da45e1842cd18d\" class=\"zp-Zotpress zp-Zotpress-Bib wp-block-group\">\n\n\t\t<span class=\"ZP_API_USER_ID ZP_ATTR\">1246567<\/span>\n\t\t<span class=\"ZP_ITEM_KEY ZP_ATTR\"><\/span>\n\t\t<span class=\"ZP_COLLECTION_ID ZP_ATTR\"><\/span>\n\t\t<span class=\"ZP_TAG_ID ZP_ATTR\">Doriopsilla rarispinosa<\/span>\n\t\t<span class=\"ZP_AUTHOR ZP_ATTR\"><\/span>\n\t\t<span class=\"ZP_YEAR ZP_ATTR\"><\/span>\n        <span class=\"ZP_ITEMTYPE ZP_ATTR\"><\/span>\n\t\t<span class=\"ZP_INCLUSIVE ZP_ATTR\">1<\/span>\n\t\t<span class=\"ZP_STYLE ZP_ATTR\">eunomia-revista-en-cultura-de-la-legalidad<\/span>\n\t\t<span class=\"ZP_LIMIT ZP_ATTR\">50<\/span>\n\t\t<span class=\"ZP_SORTBY ZP_ATTR\">creator<\/span>\n\t\t<span class=\"ZP_ORDER ZP_ATTR\">asc<\/span>\n\t\t<span class=\"ZP_TITLE ZP_ATTR\"><\/span>\n\t\t<span class=\"ZP_SHOWIMAGE ZP_ATTR\"><\/span>\n\t\t<span class=\"ZP_SHOWTAGS ZP_ATTR\"><\/span>\n\t\t<span class=\"ZP_DOWNLOADABLE ZP_ATTR\"><\/span>\n\t\t<span class=\"ZP_NOTES ZP_ATTR\"><\/span>\n\t\t<span class=\"ZP_ABSTRACT ZP_ATTR\"><\/span>\n\t\t<span class=\"ZP_CITEABLE ZP_ATTR\"><\/span>\n\t\t<span class=\"ZP_TARGET ZP_ATTR\">1<\/span>\n\t\t<span class=\"ZP_URLWRAP ZP_ATTR\"><\/span>\n\t\t<span class=\"ZP_FORCENUM ZP_ATTR\"><\/span>\n        <span class=\"ZP_HIGHLIGHT ZP_ATTR\"><\/span>\n        <span class=\"ZP_POSTID ZP_ATTR\">37081<\/span>\n\t\t<span class=\"ZOTPRESS_PLUGIN_URL ZP_ATTR\">https:\/\/opistobranquis.info\/wp-content\/plugins\/zotpress\/<\/span>\n\n\t\t<div class=\"zp-List loading\">\n\t\t\t<div class=\"zp-SEO-Content\">\n\n\t\t\t<\/div><!-- .zp-zp-SEO-Content -->\n\t\t<\/div><!-- .zp-List -->\n\t<\/div><!--.zp-Zotpress-->\n\n<p><\/p>Bibliograf\u00eda basada en los trabajos de <b>Steve Long, 2006<\/b>. <a target=_blank href=https:\/\/opistobranquis.info\/wp-content\/uploads\/2016\/06\/Long-S.-2006-Bibliography-of-Opisthobranchia-1554-2000.pdf>Bibliography of Opisthobranchia 1554-2000<\/a> y <b>Gary McDonald, 2009<\/b>. <a href=http:\/\/escholarship.org\/uc\/item\/8115h0wz>Bibliographia Nudibranchia<\/a>, con actualizaciones posteriores procedentes de otras fuentes.<p><\/p><\/ul><p><\/p><p><strong>M\u00e1s informaci\u00f3n<\/strong><\/p><span style=\"font-size:10pt\"><ul><ul class=\"blogroll-links\"><li><a href=\"https:\/\/www.cibsub.cat\/bioespecie_es-doriopsilla_rarispinosa-81381\">CIB<\/a><\/li><li><a href=\"https:\/\/doris.ffessm.fr\/Especes\/Doriopsilla-rarispinosa-Doris-farinee-5591\">DORIS<\/a><\/li><li><a href=\"https:\/\/litoraldegranada.ugr.es\/el-litoral\/el-litoral-sumergido\/fauna\/moluscos\/gasteropodos\/opistobranquios\/orden-nudibranchia\/doridaceos\/phyllidioidea\/doriopsilla-rarispinosa\/\">El Litoral de Granada<\/a><\/li><li><a href=\"https:\/\/www.gbif.org\/species\/6519929\">GBIF<\/a><\/li><li><a href=\"https:\/\/opistobranquis.org\/es\/guia\/85\">GROC<\/a><\/li><li><a href=\"https:\/\/www.researchgate.net\/publication\/360001097_The_Sea_Slug_Doriopsilla_areolata_Bergh_1880_Mollusca_Gastropoda_in_the_Mediterranean_Sea_Another_Case_of_Cryptic_Diversity\">ResearchGate<\/a><\/li><li><a href=\"https:\/\/www.salentosommerso.it\/pp_nudibranchia\/Doriopsilla%20areolata\/pp_Doriopsilla%20areolata.php\">Salento Sommerso<\/a><\/li><li><a href=\"https:\/\/vidamarina.info\/?p=4181\">Vida Marina<\/a><\/li><li><a href=\"https:\/\/marinespecies.org\/aphia.php?p=taxdetails&#038;id=537051\">World Register of Marine Species<\/a><\/li><\/ul><\/ul><\/span><p><strong>Citar este art\u00edculo como: <\/strong><\/p><div style=\"display: block; background: #444444; padding: 10px 30px 10px 10px; border-radius: 5px; line-height: 18px;\"><p class=\"citacio\"><b>Pontes, Miquel<\/b> (2025) <em>\"Doriopsilla rarispinosa\"<\/em> en <em>OPK-Opistobranquis<\/em>. Publicado: 29\/01\/2023. Accedido: 03\/09\/2026. Disponible en (<a href=https:\/\/opistobranquis.info\/es\/?p=37081>https:\/\/opistobranquis.info\/es\/?p=37081<\/a>)<\/p><p><\/p><\/div><p><\/p><\/p>","protected":false},"excerpt":{"rendered":"<p>Doriopsilla rarispinosa Pruvot-Fol, 1951 Nota taxon\u00f3mica Los resultados del estudio de Furfaro et al (2022) revelaron que Doriopsilla areolata, tal y como se conceb\u00eda hasta el momento, es un complejo de especies cr\u00edpticas que incluye al menos dos especies diferentes, D. areolata y D. rarispinosa, end\u00e9micas del Mediterr\u00e1neo. D. rarispinosa se consideraba hasta el momento un sin\u00f3nimo de D. areolata pero este trabajo la restableci\u00f3 como una especie v\u00e1lida en\u2026<\/p>\n<p class=\"continue-reading-button\"> <a class=\"continue-reading-link\" href=\"https:\/\/opistobranquis.info\/es\/guia\/nudibranchia\/doridina\/doridoidei\/phyllidioidea\/doriopsilla-rarispinosa\/\">Sigue leyendo<i class=\"crycon-right-dir\"><\/i><\/a><\/p>\n","protected":false},"author":5,"featured_media":14428,"parent":26112,"menu_order":6421,"comment_status":"closed","ping_status":"closed","template":"","meta":{"footnotes":""},"class_list":["post-37081","page","type-page","status-publish","has-post-thumbnail","hentry"],"jetpack_sharing_enabled":true,"_links":{"self":[{"href":"https:\/\/opistobranquis.info\/es\/wp-json\/wp\/v2\/pages\/37081","targetHints":{"allow":["GET"]}}],"collection":[{"href":"https:\/\/opistobranquis.info\/es\/wp-json\/wp\/v2\/pages"}],"about":[{"href":"https:\/\/opistobranquis.info\/es\/wp-json\/wp\/v2\/types\/page"}],"author":[{"embeddable":true,"href":"https:\/\/opistobranquis.info\/es\/wp-json\/wp\/v2\/users\/5"}],"replies":[{"embeddable":true,"href":"https:\/\/opistobranquis.info\/es\/wp-json\/wp\/v2\/comments?post=37081"}],"version-history":[{"count":4,"href":"https:\/\/opistobranquis.info\/es\/wp-json\/wp\/v2\/pages\/37081\/revisions"}],"predecessor-version":[{"id":37088,"href":"https:\/\/opistobranquis.info\/es\/wp-json\/wp\/v2\/pages\/37081\/revisions\/37088"}],"up":[{"embeddable":true,"href":"https:\/\/opistobranquis.info\/es\/wp-json\/wp\/v2\/pages\/26112"}],"wp:featuredmedia":[{"embeddable":true,"href":"https:\/\/opistobranquis.info\/es\/wp-json\/wp\/v2\/media\/14428"}],"wp:attachment":[{"href":"https:\/\/opistobranquis.info\/es\/wp-json\/wp\/v2\/media?parent=37081"}],"curies":[{"name":"wp","href":"https:\/\/api.w.org\/{rel}","templated":true}]}}