{"id":410,"date":"2012-05-15T21:10:10","date_gmt":"2012-05-15T19:10:10","guid":{"rendered":"https:\/\/opistobranquis.info\/okenia-mediterraneaokenia-mediterraneaokenia-mediterranea"},"modified":"2025-04-09T11:10:14","modified_gmt":"2025-04-09T09:10:14","slug":"okenia-mediterranea","status":"publish","type":"page","link":"https:\/\/opistobranquis.info\/es\/guia\/nudibranchia\/doridina\/doridoidei\/onchidoridoidea\/okenia-mediterranea\/","title":{"rendered":"Okenia mediterranea"},"content":{"rendered":"<p><\/p>\n<h3><em>Okenia mediterranea <\/em>(von Ihering, 1886)<\/h3>\n<p><span style=\"font-size:10pt;\" class=\"aligncenter\"><div id=\"featured-img-id\"><img data-recalc-dims=\"1\" decoding=\"async\" src=\"https:\/\/i0.wp.com\/opistobranquis.info\/wp-content\/uploads\/2025\/04\/Okenia-mediterranea-63.jpg?w=900&#038;ssl=1\" alt=\"Okenia mediterranea @ L&#039;Escala, Spain by Enric Madrenas\" \/><\/div><center><em>Okenia mediterranea @ L'Escala, Spain<\/em> por Enric Madrenas<\/center><\/span><p><\/p><div class=\"opk-worms\"><h3>Informaci\u00f3n taxon\u00f3mica WoRMS<\/h3><div class=\"opk-success\">Nombre aceptado actual: <strong><em>Okenia mediterranea<\/em> (Ihering, 1886)<\/strong><\/div><h4>Clasificaci\u00f3n actual<\/h4><table class=\"widefat striped\"><tr><th>Superdomain<\/th><td><a target=\"_blank\" href=\"https:\/\/www.marinespecies.org\/aphia.php?p=taxdetails&id=1\">Biota<\/a><\/td><\/tr><tr><th>Kingdom<\/th><td><a target=\"_blank\" href=\"https:\/\/www.marinespecies.org\/aphia.php?p=taxdetails&id=2\">Animalia<\/a><\/td><\/tr><tr><th>Phylum<\/th><td><a target=\"_blank\" href=\"https:\/\/www.marinespecies.org\/aphia.php?p=taxdetails&id=51\">Mollusca<\/a><\/td><\/tr><tr><th>Class<\/th><td><a target=\"_blank\" href=\"https:\/\/www.marinespecies.org\/aphia.php?p=taxdetails&id=101\">Gastropoda<\/a><\/td><\/tr><tr><th>Subclass<\/th><td><a target=\"_blank\" href=\"https:\/\/www.marinespecies.org\/aphia.php?p=taxdetails&id=14712\">Heterobranchia<\/a><\/td><\/tr><tr><th>Infraclass<\/th><td><a target=\"_blank\" href=\"https:\/\/www.marinespecies.org\/aphia.php?p=taxdetails&id=1057247\">Euthyneura<\/a><\/td><\/tr><tr><th>Subterclass<\/th><td><a target=\"_blank\" href=\"https:\/\/www.marinespecies.org\/aphia.php?p=taxdetails&id=1057249\">Ringipleura<\/a><\/td><\/tr><tr><th>Superorder<\/th><td><a target=\"_blank\" href=\"https:\/\/www.marinespecies.org\/aphia.php?p=taxdetails&id=411966\">Nudipleura<\/a><\/td><\/tr><tr><th>Order<\/th><td><a target=\"_blank\" href=\"https:\/\/www.marinespecies.org\/aphia.php?p=taxdetails&id=1762\">Nudibranchia<\/a><\/td><\/tr><tr><th>Suborder<\/th><td><a target=\"_blank\" href=\"https:\/\/www.marinespecies.org\/aphia.php?p=taxdetails&id=1829294\">Doridida<\/a><\/td><\/tr><tr><th>Infraorder<\/th><td><a target=\"_blank\" href=\"https:\/\/www.marinespecies.org\/aphia.php?p=taxdetails&id=246038\">Doridoidei<\/a><\/td><\/tr><tr><th>Superfamily<\/th><td><a target=\"_blank\" href=\"https:\/\/www.marinespecies.org\/aphia.php?p=taxdetails&id=246152\">Onchidoridoidea<\/a><\/td><\/tr><tr><th>Family<\/th><td><a target=\"_blank\" href=\"https:\/\/www.marinespecies.org\/aphia.php?p=taxdetails&id=174\">Goniodorididae<\/a><\/td><\/tr><tr><th>Subfamily<\/th><td><a target=\"_blank\" href=\"https:\/\/www.marinespecies.org\/aphia.php?p=taxdetails&id=1723339\">Goniodoridinae<\/a><\/td><\/tr><tr><th>Genus<\/th><td><a target=\"_blank\" href=\"https:\/\/www.marinespecies.org\/aphia.php?p=taxdetails&id=138042\"><em>Okenia<\/em><\/a><\/td><\/tr><tr><th>Species<\/th><td><a target=\"_blank\" href=\"https:\/\/www.marinespecies.org\/aphia.php?p=taxdetails&id=140040\"><em>Okenia mediterranea<\/em> (Ihering, 1886)<\/a><\/td><\/tr><\/table><p class=\"footer\">Clasificaci\u00f3n proporcionada por el World Register of Marine Species (WoRMS). [<a target=\"_blank\" href=\"https:\/\/www.marinespecies.org\/aphia.php?p=taxdetails&id=140040\">140040<\/a>]<\/p><\/div><strong>Sin\u00f3nimos<\/strong><\/p>\n<ul>\n<li><i>Idalia mediterranea<\/i> Ihering, 1886<\/li>\n<\/ul>\n<p><strong>Descripci\u00f3n<br \/>\n<\/strong>Esta especie mide hasta 15 mm y tiene un cuerpo ovalado de color blanco transl\u00facido con muchas superficies cubiertas de blanco opaco, y con muchas manchas de color naranja rojizo sobre amarillo en el dorso de la mayor\u00eda de los espec\u00edmenes. Hay 9-12 pares de papilas laterales con las puntas de color naranja sobre amarillo, el primer par m\u00e1s largo que el resto y las \u00faltimas dos papilas unidas en sus bases a cada lado (Cervera et al., 1991). Hay una cresta con 4-5 papilas cortas, parcialmente fusionadas a lo largo de la l\u00ednea media del dorso, que va desde los rin\u00f3foros hasta las branquias, tambi\u00e9n coloreadas en naranja sobre amarillo, y una fila de 2-3 papilas o tub\u00e9rculos cortos de color similar (s\u00f3lo presentes en los ejemplares adultos) a cada lado de la cresta central. Una forma menos com\u00fan de esta especie muestra \u00fanicamente las marcas amarillas, sin las marcas naranjas (Rudman, 2001). Las branquias y los rin\u00f3foros son relativamente largos y est\u00e1n coloreados con el mismo patr\u00f3n que los otros procesos corporales. Los rin\u00f3foros tienen de 12-20 laminillas finas y est\u00e1n acabadas en punta. La branquia se compone de 5-9 hojas unipinnadas de color blanco con el raquis amarillo, con 3-15 lamelas cada uno (Cervera et al., 1991), rodeando una prominente papila anal situada en la parte posterior del dorso. El poro genital se encuentra en el flanco derecho del animal, detr\u00e1s de los rin\u00f3foros. La cabeza tiene un velo frontal bilobulado con cuatro digitaciones. El pie tiene forma triangular en la cola, que es blanca con una l\u00ednea mediana amarilla, salpicada con puntos anaranjados en los ejemplares m\u00e1s grandes.<\/p>\n<p><strong>Biolog\u00eda<br \/>\n<\/strong>Esta especie aparentemente se alimenta de los briozoos incrustantes ctenostomados <em>Alcyonidium mytili<\/em> Dalyell, 1.848 (ver Cervera et al., 1991), aunque Cattaneo-Vietti et al (1990) reportaban que se alimenta de la gorgonia roja <em>Paramuricea clavata<\/em> y esta informaci\u00f3n fue utilizada por otros autores posteriores. El rango batim\u00e9trico reportado es el coral\u00edgeno, por debajo de los 30 metros de profundidad, pero nosotros hemos encontrado este animal en agua mucho m\u00e1s superficial (12-15 metros), por lo que este rango debe ser revisado. Su puesta consiste en una cinta de secci\u00f3n circular de 10-12 mm de largo, dispuesta formando un c\u00edrculo abierto, habitualmente sobre el briozoo <em>Alcyonidium<\/em>. Las c\u00e1psulas de huevos miden entre 71 y 97 micras y contienen un \u00fanico huevo blanco esf\u00e9rico de 58-78 micras de di\u00e1metro. <em>Okenia mediterranea<\/em> podr\u00eda ser confundido con otras especies de <em>Okenia<\/em>, pero el patr\u00f3n de coloraci\u00f3n y la disposici\u00f3n de las papilas difieren. <em>Okenia sapelona<\/em> (Marcus y Marcus, 1967) es una especie muy parecida (s\u00f3lo difiere en un tono azul de las superficies blancas) que podr\u00eda corresponder a una distribuci\u00f3n Atl\u00e1ntica occidental de <em>Okenia mediterr\u00e1nea<\/em> (v\u00e9ase Vald\u00e9s &amp; Ortea, 1995 y Rudman, 2001), si ese fuera el caso <em>O. mediterranea<\/em> se convertir\u00eda en una especie anfiatl\u00e0ntica. La confusi\u00f3n surge del hecho de que las caracter\u00edsticas externas de esta especie parecen cambiar con la edad (Vald\u00e9s &amp; Ortea, 1995).<\/p>\n<p><strong>Etimolog\u00eda<\/strong><\/p>\n<ul>\n<li><em>Okenia<\/em>. Dedicado al Prof. Dr. Ludwig Gilbert Lorenz Oken, (1779-1851), fil\u00f3sofo natural aleman, editor de la revista \u201cIsis\u201d y publicador del libro \u201cLehrbuch der Naturgeschichte\u201d.<\/li>\n<li><em>Mediterranea<\/em>. Del Lat\u00edn &#8220;m\u00e9dium&#8221;, medio, espacio intermedio, centro + &#8220;terra&#8221;, tierra. Del Mar Mediterr\u00e1neo.<\/li>\n<\/ul>\n<p><strong>Distribuci\u00f3n<br \/>\n<\/strong>Esta especie ha sido reportada en N\u00e1poles, Italia (Ihering, 1886; Schmekel, 1979; Schmekel &amp; Portmann, 1982), en Numana, Italia (Cristian Magnani en Rudman, 2001), en Sicilia, Italia (Vald\u00e9s y Ortea, 1995), en Lecce, Italia (Fabio Vitale y Cataldo Licchelli, 2016), en Antalya, Turqu\u00eda (Haluk Akbatur en Rudman, 2001), tambi\u00e9n en Granada, Espa\u00f1a (S\u00e1nchez-Tocino, 2000), en Algeciras, Espa\u00f1a (Alma S\u00e1nchez en Rudman, 2001), en Almeria, Espa\u00f1a (Moreno &amp; Templado, 1998), en Vigo, Espa\u00f1a (Vald\u00e9s y Ortea, 1995; Carlos Fern\u00e1ndez-Cid, 2017), \u00a0en Palam\u00f3s, Espa\u00f1a (Enric Madrenas, 2009), en L&#8217;Escala, Espa\u00f1a (Enric Madrenas, 2017) y en Illes Medes, Espa\u00f1a (Guillem Mas, 2013), \u00a0Tambi\u00e9n en Sines, Portugal (Calado et al. 2003) i en Madeira, Portugal (Vald\u00e9s y Ortea, 1995). Se considera muy rara.<br \/>\n<div id=\"flxmap-6a99a6ef64db2\" class='flxmap-container' data-flxmap='flxmap_6a99a6ef64db2' style=\"width:100%;height:400px;\"><\/div>\n<script data-noptimize=\"1\">\n\/* <![CDATA[ *\/\n(function(w, fn) {\n if (w.addEventListener) w.addEventListener(\"DOMContentLoaded\", fn, false);\n else if (w.attachEvent) w.attachEvent(\"onload\", fn);\n})(window, function() {\n var f = new FlexibleMap();\n f.panControl = true;\n f.mapTypeId = \"satellite\";\n f.setlocale(\"es-ES\");\n f.kmlcache = \"5 minutes\";\n f.showKML(\"flxmap-6a99a6ef64db2\", \"https:\/\/opistobranquis.info\/wp-content\/uploads\/kms\/410.kmz\");\n window.flxmap_6a99a6ef64db2 = f;\n});\n\/* ]]> *\/\n<\/script>\n<div style=\"width:100%;text-align:center;margin:12px 0 4px 0;\">\n  <div style=\"font-size:8pt;margin-bottom:6px;\">Citas georeferenciadas conocidas de la especie: <em>Okenia mediterranea<\/em><\/div>\n  <table style=\"margin:0 auto;border-collapse:collapse;font-size:8pt;\">\n    <tr><td colspan=\"2\" style=\"text-align:left;padding-bottom:4px;\"><strong>Fonts:<\/strong><\/td><\/tr>\n    <tr>\n      <td style=\"vertical-align:top;padding-right:40px;\">\n        <table style=\"border-collapse:collapse;\">\n<tr><td style='padding:1px 6px 1px 0;vertical-align:middle'><img data-recalc-dims=\"1\" src=\"https:\/\/i0.wp.com\/opistobranquis.info\/wp-content\/uploads\/kms\/wht-circle-lv.png?w=900&#038;ssl=1\" style='display:block'><\/td><td style='padding:1px 0;vertical-align:middle;white-space:nowrap'>OBIS<\/td><\/tr><tr><td style='padding:1px 6px 1px 0;vertical-align:middle'><img data-recalc-dims=\"1\" src=\"https:\/\/i0.wp.com\/opistobranquis.info\/wp-content\/uploads\/kms\/ylw-circle-lv.png?w=900&#038;ssl=1\" style='display:block'><\/td><td style='padding:1px 0;vertical-align:middle;white-space:nowrap'>GROC 2010-2011<\/td><\/tr><tr><td style='padding:1px 6px 1px 0;vertical-align:middle'><img data-recalc-dims=\"1\" src=\"https:\/\/i0.wp.com\/opistobranquis.info\/wp-content\/uploads\/kms\/grn-circle-lv.png?w=900&#038;ssl=1\" style='display:block'><\/td><td style='padding:1px 0;vertical-align:middle;white-space:nowrap'>Enric Madrenas<\/td><\/tr><tr><td style='padding:1px 6px 1px 0;vertical-align:middle'><img data-recalc-dims=\"1\" src=\"https:\/\/i0.wp.com\/opistobranquis.info\/wp-content\/uploads\/kms\/orange-circle-lv.png?w=900&#038;ssl=1\" style='display:block'><\/td><td style='padding:1px 0;vertical-align:middle;white-space:nowrap'>Jo\u00e3o Pedro Silva<\/td><\/tr><tr><td style='padding:1px 6px 1px 0;vertical-align:middle'><img data-recalc-dims=\"1\" src=\"https:\/\/i0.wp.com\/opistobranquis.info\/wp-content\/uploads\/kms\/pink-circle-lv.png?w=900&#038;ssl=1\" style='display:block'><\/td><td style='padding:1px 0;vertical-align:middle;white-space:nowrap'>Bernard Picton<\/td><\/tr><tr><td style='padding:1px 6px 1px 0;vertical-align:middle'><img data-recalc-dims=\"1\" src=\"https:\/\/i0.wp.com\/opistobranquis.info\/wp-content\/uploads\/kms\/blk-circle-lv.png?w=900&#038;ssl=1\" style='display:block'><\/td><td style='padding:1px 0;vertical-align:middle;white-space:nowrap'>GBIF<\/td><\/tr>        <\/table>\n      <\/td>\n      <td style=\"vertical-align:top;\">\n        <table style=\"border-collapse:collapse;\">\n<tr><td style='padding:1px 6px 1px 0;vertical-align:middle'><img data-recalc-dims=\"1\" src=\"https:\/\/i0.wp.com\/opistobranquis.info\/wp-content\/uploads\/kms\/purple-circle-lv.png?w=900&#038;ssl=1\" style='display:block'><\/td><td style='padding:1px 0;vertical-align:middle;white-space:nowrap'>OPK<\/td><\/tr><tr><td style='padding:1px 6px 1px 0;vertical-align:middle'><img data-recalc-dims=\"1\" src=\"https:\/\/i0.wp.com\/opistobranquis.info\/wp-content\/uploads\/kms\/red-circle-lv.png?w=900&#038;ssl=1\" style='display:block'><\/td><td style='padding:1px 0;vertical-align:middle;white-space:nowrap'>VIMAR<\/td><\/tr><tr><td style='padding:1px 6px 1px 0;vertical-align:middle'><img data-recalc-dims=\"1\" src=\"https:\/\/i0.wp.com\/opistobranquis.info\/wp-content\/uploads\/kms\/blu-circle-lv.png?w=900&#038;ssl=1\" style='display:block'><\/td><td style='padding:1px 0;vertical-align:middle;white-space:nowrap'>Manuel Ballesteros<\/td><\/tr><tr><td style='padding:1px 6px 1px 0;vertical-align:middle'><img data-recalc-dims=\"1\" src=\"https:\/\/i0.wp.com\/opistobranquis.info\/wp-content\/uploads\/kms\/cyan-circle-lv.png?w=900&#038;ssl=1\" style='display:block'><\/td><td style='padding:1px 0;vertical-align:middle;white-space:nowrap'>M@re Nostrum<\/td><\/tr><tr><td style='padding:1px 6px 1px 0;vertical-align:middle'><img data-recalc-dims=\"1\" src=\"https:\/\/i0.wp.com\/opistobranquis.info\/wp-content\/uploads\/kms\/grey-circle-lv.png?w=900&#038;ssl=1\" style='display:block'><\/td><td style='padding:1px 0;vertical-align:middle;white-space:nowrap'>Altres fonts<\/td><\/tr><tr><td style='padding:1px 6px 1px 0;vertical-align:middle'><img data-recalc-dims=\"1\" src=\"https:\/\/i0.wp.com\/opistobranquis.info\/wp-content\/uploads\/kms\/marreg.png?w=900&#038;ssl=1\" style='display:block'><\/td><td style='padding:1px 0;vertical-align:middle;white-space:nowrap'>Marine Regions<\/td><\/tr>        <\/table>\n      <\/td>\n    <\/tr>\n  <\/table>\n<\/div>\n<\/p>\n<p><strong>Error:<\/strong> Chart.js no est\u00e1 disponible.<\/p>\n<p><strong>Otras fotos<\/strong><br \/>\n<div class=\"tiled-gallery type-rectangular tiled-gallery-unresized\" data-original-width=\"900\" data-carousel-extra='{&quot;blog_id&quot;:1,&quot;permalink&quot;:&quot;https:\\\/\\\/opistobranquis.info\\\/es\\\/guia\\\/nudibranchia\\\/doridina\\\/doridoidei\\\/onchidoridoidea\\\/okenia-mediterranea\\\/&quot;,&quot;likes_blog_id&quot;:44192421}' itemscope itemtype=\"http:\/\/schema.org\/ImageGallery\" > <div class=\"gallery-row\" style=\"width: 900px; height: 780px;\" data-original-width=\"900\" data-original-height=\"780\" > <div class=\"gallery-group images-1\" style=\"width: 528px; height: 780px;\" data-original-width=\"528\" data-original-height=\"780\" > <div class=\"tiled-gallery-item tiled-gallery-item-large\" itemprop=\"associatedMedia\" itemscope itemtype=\"http:\/\/schema.org\/ImageObject\"> <a href=\"https:\/\/opistobranquis.info\/es\/guia\/nudibranchia\/doridina\/doridoidei\/onchidoridoidea\/okenia-mediterranea\/okenia-mediterranea-00\/\" border=\"0\" itemprop=\"url\"> <meta itemprop=\"width\" content=\"524\"> <meta itemprop=\"height\" content=\"776\"> <img decoding=\"async\" class=\"\" data-attachment-id=\"4708\" data-orig-file=\"https:\/\/opistobranquis.info\/wp-content\/uploads\/2012\/12\/okenia-mediterranea-00.jpg\" data-orig-size=\"412,610\" data-comments-opened=\"\" data-image-title=\"Okenia mediterranea @ Palam\u00f3s (2009) by Enric Madrenas\" data-image-description=\"&lt;p&gt;Okenia mediterranea @ Palam\u00f3s (2009) by Enric Madrenas&lt;\/p&gt; \" data-medium-file=\"https:\/\/i0.wp.com\/opistobranquis.info\/wp-content\/uploads\/2012\/12\/okenia-mediterranea-00.jpg?fit=202%2C300&#038;ssl=1\" data-large-file=\"https:\/\/i0.wp.com\/opistobranquis.info\/wp-content\/uploads\/2012\/12\/okenia-mediterranea-00.jpg?fit=412%2C610&#038;ssl=1\" src=\"https:\/\/i0.wp.com\/opistobranquis.info\/wp-content\/uploads\/2012\/12\/okenia-mediterranea-00.jpg?w=524&#038;h=776&#038;ssl=1\" srcset=\"https:\/\/i0.wp.com\/opistobranquis.info\/wp-content\/uploads\/2012\/12\/okenia-mediterranea-00.jpg?w=412&amp;ssl=1 412w, https:\/\/i0.wp.com\/opistobranquis.info\/wp-content\/uploads\/2012\/12\/okenia-mediterranea-00.jpg?resize=202%2C300&amp;ssl=1 202w\" width=\"524\" height=\"776\" loading=\"lazy\" data-original-width=\"524\" data-original-height=\"776\" itemprop=\"http:\/\/schema.org\/image\" title=\"Okenia mediterranea @ Palam\u00f3s (2009) by Enric Madrenas\" alt=\"Okenia mediterranea @ Palam\u00f3s (2009) by Enric Madrenas\" style=\"width: 524px; height: 776px;\" \/> <\/a> <div class=\"tiled-gallery-caption\" itemprop=\"caption description\"> Okenia mediterranea @ Palam\u00f3s (2009) by Enric Madrenas <\/div> <\/div> <\/div> <!-- close group --> <div class=\"gallery-group images-3\" style=\"width: 372px; height: 780px;\" data-original-width=\"372\" data-original-height=\"780\" > <div class=\"tiled-gallery-item tiled-gallery-item-large\" itemprop=\"associatedMedia\" itemscope itemtype=\"http:\/\/schema.org\/ImageObject\"> <a href=\"https:\/\/opistobranquis.info\/es\/guia\/nudibranchia\/doridina\/doridoidei\/onchidoridoidea\/okenia-mediterranea\/okenia-mediterranea-01\/\" border=\"0\" itemprop=\"url\"> <meta itemprop=\"width\" content=\"368\"> <meta itemprop=\"height\" content=\"247\"> <img decoding=\"async\" class=\"\" data-attachment-id=\"4709\" data-orig-file=\"https:\/\/opistobranquis.info\/wp-content\/uploads\/2012\/12\/okenia-mediterranea-01.jpg\" data-orig-size=\"810,545\" data-comments-opened=\"\" data-image-title=\"Okenia mediterranea @ Palam\u00f3s (2009) by Enric Madrenas\" data-image-description=\"&lt;p&gt;Okenia mediterranea @ Palam\u00f3s (2009) by Enric Madrenas&lt;\/p&gt; \" data-medium-file=\"https:\/\/i0.wp.com\/opistobranquis.info\/wp-content\/uploads\/2012\/12\/okenia-mediterranea-01.jpg?fit=300%2C201&#038;ssl=1\" data-large-file=\"https:\/\/i0.wp.com\/opistobranquis.info\/wp-content\/uploads\/2012\/12\/okenia-mediterranea-01.jpg?fit=810%2C545&#038;ssl=1\" src=\"https:\/\/i0.wp.com\/opistobranquis.info\/wp-content\/uploads\/2012\/12\/okenia-mediterranea-01.jpg?w=368&#038;h=247&#038;ssl=1\" srcset=\"https:\/\/i0.wp.com\/opistobranquis.info\/wp-content\/uploads\/2012\/12\/okenia-mediterranea-01.jpg?w=810&amp;ssl=1 810w, https:\/\/i0.wp.com\/opistobranquis.info\/wp-content\/uploads\/2012\/12\/okenia-mediterranea-01.jpg?resize=300%2C201&amp;ssl=1 300w\" width=\"368\" height=\"247\" loading=\"lazy\" data-original-width=\"368\" data-original-height=\"247\" itemprop=\"http:\/\/schema.org\/image\" title=\"Okenia mediterranea @ Palam\u00f3s (2009) by Enric Madrenas\" alt=\"Okenia mediterranea @ Palam\u00f3s (2009) by Enric Madrenas\" style=\"width: 368px; height: 247px;\" \/> <\/a> <div class=\"tiled-gallery-caption\" itemprop=\"caption description\"> Okenia mediterranea @ Palam\u00f3s (2009) by Enric Madrenas <\/div> <\/div> <div class=\"tiled-gallery-item tiled-gallery-item-large\" itemprop=\"associatedMedia\" itemscope itemtype=\"http:\/\/schema.org\/ImageObject\"> <a href=\"https:\/\/opistobranquis.info\/es\/guia\/nudibranchia\/doridina\/doridoidei\/onchidoridoidea\/okenia-mediterranea\/okenia-mediterraneaopk\/\" border=\"0\" itemprop=\"url\"> <meta itemprop=\"width\" content=\"368\"> <meta itemprop=\"height\" content=\"276\"> <img decoding=\"async\" class=\"\" data-attachment-id=\"11142\" data-orig-file=\"https:\/\/opistobranquis.info\/wp-content\/uploads\/2013\/10\/Okenia-mediterraneaOPK.jpg\" data-orig-size=\"800,600\" data-comments-opened=\"\" data-image-title=\"Okenia mediterranea @ Islas C\u00edes, Ria de Vigo (Spain) by Carlos Fern\u00e1ndez-Cid\" data-image-description=\"&lt;p&gt;Okenia mediterranea @ Islas C\u00edes, Ria de Vigo (Spain) by Carlos Fern\u00e1ndez-Cid&lt;\/p&gt; \" data-medium-file=\"https:\/\/i0.wp.com\/opistobranquis.info\/wp-content\/uploads\/2013\/10\/Okenia-mediterraneaOPK.jpg?fit=300%2C225&#038;ssl=1\" data-large-file=\"https:\/\/i0.wp.com\/opistobranquis.info\/wp-content\/uploads\/2013\/10\/Okenia-mediterraneaOPK.jpg?fit=800%2C600&#038;ssl=1\" src=\"https:\/\/i0.wp.com\/opistobranquis.info\/wp-content\/uploads\/2013\/10\/Okenia-mediterraneaOPK.jpg?w=368&#038;h=276&#038;ssl=1\" srcset=\"https:\/\/i0.wp.com\/opistobranquis.info\/wp-content\/uploads\/2013\/10\/Okenia-mediterraneaOPK.jpg?w=800&amp;ssl=1 800w, https:\/\/i0.wp.com\/opistobranquis.info\/wp-content\/uploads\/2013\/10\/Okenia-mediterraneaOPK.jpg?resize=150%2C112&amp;ssl=1 150w, https:\/\/i0.wp.com\/opistobranquis.info\/wp-content\/uploads\/2013\/10\/Okenia-mediterraneaOPK.jpg?resize=300%2C225&amp;ssl=1 300w\" width=\"368\" height=\"276\" loading=\"lazy\" data-original-width=\"368\" data-original-height=\"276\" itemprop=\"http:\/\/schema.org\/image\" title=\"Okenia mediterranea @ Islas C\u00edes, Ria de Vigo (Spain) by Carlos Fern\u00e1ndez-Cid\" alt=\"Okenia mediterranea @ Islas C\u00edes, Ria de Vigo (Spain) by Carlos Fern\u00e1ndez-Cid\" style=\"width: 368px; height: 276px;\" \/> <\/a> <div class=\"tiled-gallery-caption\" itemprop=\"caption description\"> Okenia mediterranea @ Islas C\u00edes, Ria de Vigo (Spain) by Carlos Fern\u00e1ndez-Cid <\/div> <\/div> <div class=\"tiled-gallery-item tiled-gallery-item-large\" itemprop=\"associatedMedia\" itemscope itemtype=\"http:\/\/schema.org\/ImageObject\"> <a href=\"https:\/\/opistobranquis.info\/es\/guia\/nudibranchia\/doridina\/doridoidei\/onchidoridoidea\/okenia-mediterranea\/okenia-mediterranea-opk\/\" border=\"0\" itemprop=\"url\"> <meta itemprop=\"width\" content=\"368\"> <meta itemprop=\"height\" content=\"245\"> <img decoding=\"async\" class=\"\" data-attachment-id=\"11143\" data-orig-file=\"https:\/\/opistobranquis.info\/wp-content\/uploads\/2013\/10\/Okenia-Mediterranea-opk.jpg\" data-orig-size=\"800,533\" data-comments-opened=\"\" data-image-title=\"Okenia mediterranea @ Islas C\u00edes, Ria de Vigo (Spain) by Carlos Fern\u00e1ndez-Cid\" data-image-description=\"&lt;p&gt;Okenia mediterranea @ Islas C\u00edes, Ria de Vigo (Spain) by Carlos Fern\u00e1ndez-Cid&lt;\/p&gt; \" data-medium-file=\"https:\/\/i0.wp.com\/opistobranquis.info\/wp-content\/uploads\/2013\/10\/Okenia-Mediterranea-opk.jpg?fit=300%2C199&#038;ssl=1\" data-large-file=\"https:\/\/i0.wp.com\/opistobranquis.info\/wp-content\/uploads\/2013\/10\/Okenia-Mediterranea-opk.jpg?fit=800%2C533&#038;ssl=1\" src=\"https:\/\/i0.wp.com\/opistobranquis.info\/wp-content\/uploads\/2013\/10\/Okenia-Mediterranea-opk.jpg?w=368&#038;h=245&#038;ssl=1\" srcset=\"https:\/\/i0.wp.com\/opistobranquis.info\/wp-content\/uploads\/2013\/10\/Okenia-Mediterranea-opk.jpg?w=800&amp;ssl=1 800w, https:\/\/i0.wp.com\/opistobranquis.info\/wp-content\/uploads\/2013\/10\/Okenia-Mediterranea-opk.jpg?resize=150%2C99&amp;ssl=1 150w, https:\/\/i0.wp.com\/opistobranquis.info\/wp-content\/uploads\/2013\/10\/Okenia-Mediterranea-opk.jpg?resize=300%2C199&amp;ssl=1 300w\" width=\"368\" height=\"245\" loading=\"lazy\" data-original-width=\"368\" data-original-height=\"245\" itemprop=\"http:\/\/schema.org\/image\" title=\"Okenia mediterranea @ Islas C\u00edes, Ria de Vigo (Spain) by Carlos Fern\u00e1ndez-Cid\" alt=\"Okenia mediterranea @ Islas C\u00edes, Ria de Vigo (Spain) by Carlos Fern\u00e1ndez-Cid\" style=\"width: 368px; height: 245px;\" \/> <\/a> <div class=\"tiled-gallery-caption\" itemprop=\"caption description\"> Okenia mediterranea @ Islas C\u00edes, Ria de Vigo (Spain) by Carlos Fern\u00e1ndez-Cid <\/div> <\/div> <\/div> <!-- close group --> <\/div> <!-- close row --> <div class=\"gallery-row\" style=\"width: 900px; height: 403px;\" data-original-width=\"900\" data-original-height=\"403\" > <div class=\"gallery-group images-1\" style=\"width: 601px; height: 403px;\" data-original-width=\"601\" data-original-height=\"403\" > <div class=\"tiled-gallery-item tiled-gallery-item-large\" itemprop=\"associatedMedia\" itemscope itemtype=\"http:\/\/schema.org\/ImageObject\"> <a href=\"https:\/\/opistobranquis.info\/es\/guia\/nudibranchia\/doridina\/doridoidei\/onchidoridoidea\/okenia-mediterranea\/okenia-mediterranea-opk3\/\" border=\"0\" itemprop=\"url\"> <meta itemprop=\"width\" content=\"597\"> <meta itemprop=\"height\" content=\"399\"> <img decoding=\"async\" class=\"\" data-attachment-id=\"11144\" data-orig-file=\"https:\/\/opistobranquis.info\/wp-content\/uploads\/2013\/10\/Okenia-Mediterranea-opk3.jpg\" data-orig-size=\"800,534\" data-comments-opened=\"\" data-image-title=\"Okenia mediterranea @ Islas C\u00edes, Ria de Vigo (Spain) by Carlos Fern\u00e1ndez-Cid\" data-image-description=\"&lt;p&gt;Okenia mediterranea @ Islas C\u00edes, Ria de Vigo (Spain) by Carlos Fern\u00e1ndez-Cid&lt;\/p&gt; \" data-medium-file=\"https:\/\/i0.wp.com\/opistobranquis.info\/wp-content\/uploads\/2013\/10\/Okenia-Mediterranea-opk3.jpg?fit=300%2C200&#038;ssl=1\" data-large-file=\"https:\/\/i0.wp.com\/opistobranquis.info\/wp-content\/uploads\/2013\/10\/Okenia-Mediterranea-opk3.jpg?fit=800%2C534&#038;ssl=1\" src=\"https:\/\/i0.wp.com\/opistobranquis.info\/wp-content\/uploads\/2013\/10\/Okenia-Mediterranea-opk3.jpg?w=597&#038;h=399&#038;ssl=1\" srcset=\"https:\/\/i0.wp.com\/opistobranquis.info\/wp-content\/uploads\/2013\/10\/Okenia-Mediterranea-opk3.jpg?w=800&amp;ssl=1 800w, https:\/\/i0.wp.com\/opistobranquis.info\/wp-content\/uploads\/2013\/10\/Okenia-Mediterranea-opk3.jpg?resize=150%2C100&amp;ssl=1 150w, https:\/\/i0.wp.com\/opistobranquis.info\/wp-content\/uploads\/2013\/10\/Okenia-Mediterranea-opk3.jpg?resize=300%2C200&amp;ssl=1 300w\" width=\"597\" height=\"399\" loading=\"lazy\" data-original-width=\"597\" data-original-height=\"399\" itemprop=\"http:\/\/schema.org\/image\" title=\"Okenia mediterranea @ Islas C\u00edes, Ria de Vigo (Spain) by Carlos Fern\u00e1ndez-Cid\" alt=\"Okenia mediterranea @ Islas C\u00edes, Ria de Vigo (Spain) by Carlos Fern\u00e1ndez-Cid\" style=\"width: 597px; height: 399px;\" \/> <\/a> <div class=\"tiled-gallery-caption\" itemprop=\"caption description\"> Okenia mediterranea @ Islas C\u00edes, Ria de Vigo (Spain) by Carlos Fern\u00e1ndez-Cid <\/div> <\/div> <\/div> <!-- close group --> <div class=\"gallery-group images-2\" style=\"width: 299px; height: 403px;\" data-original-width=\"299\" data-original-height=\"403\" > <div class=\"tiled-gallery-item tiled-gallery-item-large\" itemprop=\"associatedMedia\" itemscope itemtype=\"http:\/\/schema.org\/ImageObject\"> <a href=\"https:\/\/opistobranquis.info\/es\/guia\/nudibranchia\/doridina\/doridoidei\/onchidoridoidea\/okenia-mediterranea\/okenia-mediterranea-1\/\" border=\"0\" itemprop=\"url\"> <meta itemprop=\"width\" content=\"295\"> <meta itemprop=\"height\" content=\"196\"> <img decoding=\"async\" class=\"\" data-attachment-id=\"21147\" data-orig-file=\"https:\/\/opistobranquis.info\/wp-content\/uploads\/2012\/05\/Okenia-mediterranea-1.jpg\" data-orig-size=\"808,537\" data-comments-opened=\"\" data-image-title=\"Okenia mediterranea by Jos\u00e9 Carlos Garc\u00eda G\u00f3mez\" data-image-description=\"&lt;p&gt;Okenia mediterranea by Jos\u00e9 Carlos Garc\u00eda G\u00f3mez&lt;\/p&gt; \" data-medium-file=\"https:\/\/i0.wp.com\/opistobranquis.info\/wp-content\/uploads\/2012\/05\/Okenia-mediterranea-1.jpg?fit=300%2C199&#038;ssl=1\" data-large-file=\"https:\/\/i0.wp.com\/opistobranquis.info\/wp-content\/uploads\/2012\/05\/Okenia-mediterranea-1.jpg?fit=808%2C537&#038;ssl=1\" src=\"https:\/\/i0.wp.com\/opistobranquis.info\/wp-content\/uploads\/2012\/05\/Okenia-mediterranea-1.jpg?w=295&#038;h=196&#038;ssl=1\" srcset=\"https:\/\/i0.wp.com\/opistobranquis.info\/wp-content\/uploads\/2012\/05\/Okenia-mediterranea-1.jpg?w=808&amp;ssl=1 808w, https:\/\/i0.wp.com\/opistobranquis.info\/wp-content\/uploads\/2012\/05\/Okenia-mediterranea-1.jpg?resize=150%2C100&amp;ssl=1 150w, https:\/\/i0.wp.com\/opistobranquis.info\/wp-content\/uploads\/2012\/05\/Okenia-mediterranea-1.jpg?resize=300%2C199&amp;ssl=1 300w, https:\/\/i0.wp.com\/opistobranquis.info\/wp-content\/uploads\/2012\/05\/Okenia-mediterranea-1.jpg?resize=768%2C510&amp;ssl=1 768w\" width=\"295\" height=\"196\" loading=\"lazy\" data-original-width=\"295\" data-original-height=\"196\" itemprop=\"http:\/\/schema.org\/image\" title=\"Okenia mediterranea by Jos\u00e9 Carlos Garc\u00eda G\u00f3mez\" alt=\"Okenia mediterranea by Jos\u00e9 Carlos Garc\u00eda G\u00f3mez\" style=\"width: 295px; height: 196px;\" \/> <\/a> <div class=\"tiled-gallery-caption\" itemprop=\"caption description\"> Okenia mediterranea by Jos\u00e9 Carlos Garc\u00eda G\u00f3mez <\/div> <\/div> <div class=\"tiled-gallery-item tiled-gallery-item-large\" itemprop=\"associatedMedia\" itemscope itemtype=\"http:\/\/schema.org\/ImageObject\"> <a href=\"https:\/\/opistobranquis.info\/es\/guia\/nudibranchia\/doridina\/doridoidei\/onchidoridoidea\/okenia-mediterranea\/okenia-mediterranea-0\/\" border=\"0\" itemprop=\"url\"> <meta itemprop=\"width\" content=\"295\"> <meta itemprop=\"height\" content=\"199\"> <img decoding=\"async\" class=\"\" data-attachment-id=\"21148\" data-orig-file=\"https:\/\/opistobranquis.info\/wp-content\/uploads\/2012\/05\/Okenia-mediterranea-0.jpg\" data-orig-size=\"808,546\" data-comments-opened=\"\" data-image-title=\"Okenia mediterranea by Jos\u00e9 Carlos Garc\u00eda G\u00f3mez\" data-image-description=\"&lt;p&gt;Okenia mediterranea by Jos\u00e9 Carlos Garc\u00eda G\u00f3mez&lt;\/p&gt; \" data-medium-file=\"https:\/\/i0.wp.com\/opistobranquis.info\/wp-content\/uploads\/2012\/05\/Okenia-mediterranea-0.jpg?fit=300%2C203&#038;ssl=1\" data-large-file=\"https:\/\/i0.wp.com\/opistobranquis.info\/wp-content\/uploads\/2012\/05\/Okenia-mediterranea-0.jpg?fit=808%2C546&#038;ssl=1\" src=\"https:\/\/i0.wp.com\/opistobranquis.info\/wp-content\/uploads\/2012\/05\/Okenia-mediterranea-0.jpg?w=295&#038;h=199&#038;ssl=1\" srcset=\"https:\/\/i0.wp.com\/opistobranquis.info\/wp-content\/uploads\/2012\/05\/Okenia-mediterranea-0.jpg?w=808&amp;ssl=1 808w, https:\/\/i0.wp.com\/opistobranquis.info\/wp-content\/uploads\/2012\/05\/Okenia-mediterranea-0.jpg?resize=150%2C101&amp;ssl=1 150w, https:\/\/i0.wp.com\/opistobranquis.info\/wp-content\/uploads\/2012\/05\/Okenia-mediterranea-0.jpg?resize=300%2C203&amp;ssl=1 300w, https:\/\/i0.wp.com\/opistobranquis.info\/wp-content\/uploads\/2012\/05\/Okenia-mediterranea-0.jpg?resize=768%2C519&amp;ssl=1 768w\" width=\"295\" height=\"199\" loading=\"lazy\" data-original-width=\"295\" data-original-height=\"199\" itemprop=\"http:\/\/schema.org\/image\" title=\"Okenia mediterranea by Jos\u00e9 Carlos Garc\u00eda G\u00f3mez\" alt=\"Okenia mediterranea by Jos\u00e9 Carlos Garc\u00eda G\u00f3mez\" style=\"width: 295px; height: 199px;\" \/> <\/a> <div class=\"tiled-gallery-caption\" itemprop=\"caption description\"> Okenia mediterranea by Jos\u00e9 Carlos Garc\u00eda G\u00f3mez <\/div> <\/div> <\/div> <!-- close group --> <\/div> <!-- close row --> <div class=\"gallery-row\" style=\"width: 900px; height: 415px;\" data-original-width=\"900\" data-original-height=\"415\" > <div class=\"gallery-group images-1\" style=\"width: 622px; height: 415px;\" data-original-width=\"622\" data-original-height=\"415\" > <div class=\"tiled-gallery-item tiled-gallery-item-large\" itemprop=\"associatedMedia\" itemscope itemtype=\"http:\/\/schema.org\/ImageObject\"> <a href=\"https:\/\/opistobranquis.info\/es\/guia\/nudibranchia\/doridina\/doridoidei\/onchidoridoidea\/okenia-mediterranea\/okenia-mediterranea-santa-maria-al-bagno-lecce-italy-28-05-2016-by-fabio-vitale\/\" border=\"0\" itemprop=\"url\"> <meta itemprop=\"width\" content=\"618\"> <meta itemprop=\"height\" content=\"411\"> <img decoding=\"async\" class=\"\" data-attachment-id=\"22177\" data-orig-file=\"https:\/\/opistobranquis.info\/wp-content\/uploads\/2012\/05\/Okenia-mediterranea-@-Santa-Maria-al-Bagno-Lecce-Italy-28-05-2016-by-Fabio-Vitale.jpg\" data-orig-size=\"707,471\" data-comments-opened=\"\" data-image-title=\"Okenia mediterranea @ Santa Maria al Bagno, Lecce, Italy 28-05-2016 by Fabio Vitale\" data-image-description=\"&lt;p&gt;Okenia mediterranea @ Santa Maria al Bagno, Lecce, Italy 28-05-2016 by Fabio Vitale&lt;\/p&gt; \" data-medium-file=\"https:\/\/i0.wp.com\/opistobranquis.info\/wp-content\/uploads\/2012\/05\/Okenia-mediterranea-%40-Santa-Maria-al-Bagno-Lecce-Italy-28-05-2016-by-Fabio-Vitale.jpg?fit=300%2C200&#038;ssl=1\" data-large-file=\"https:\/\/i0.wp.com\/opistobranquis.info\/wp-content\/uploads\/2012\/05\/Okenia-mediterranea-%40-Santa-Maria-al-Bagno-Lecce-Italy-28-05-2016-by-Fabio-Vitale.jpg?fit=707%2C471&#038;ssl=1\" src=\"https:\/\/i0.wp.com\/opistobranquis.info\/wp-content\/uploads\/2012\/05\/Okenia-mediterranea-%40-Santa-Maria-al-Bagno-Lecce-Italy-28-05-2016-by-Fabio-Vitale.jpg?w=618&#038;h=411&#038;ssl=1\" width=\"618\" height=\"411\" loading=\"lazy\" data-original-width=\"618\" data-original-height=\"411\" itemprop=\"http:\/\/schema.org\/image\" title=\"Okenia mediterranea @ Santa Maria al Bagno, Lecce, Italy 28-05-2016 by Fabio Vitale\" alt=\"Okenia mediterranea @ Santa Maria al Bagno, Lecce, Italy 28-05-2016 by Fabio Vitale\" style=\"width: 618px; height: 411px;\" \/> <\/a> <div class=\"tiled-gallery-caption\" itemprop=\"caption description\"> Okenia mediterranea @ Santa Maria al Bagno, Lecce, Italy 28-05-2016 by Fabio Vitale <\/div> <\/div> <\/div> <!-- close group --> <div class=\"gallery-group images-1\" style=\"width: 278px; height: 415px;\" data-original-width=\"278\" data-original-height=\"415\" > <div class=\"tiled-gallery-item tiled-gallery-item-large\" itemprop=\"associatedMedia\" itemscope itemtype=\"http:\/\/schema.org\/ImageObject\"> <a href=\"https:\/\/opistobranquis.info\/es\/guia\/nudibranchia\/doridina\/doridoidei\/onchidoridoidea\/okenia-mediterranea\/okenia-mediterranea-front-santa-maria-al-bagno-lecce-italy-28-05-2016-by-cataldo-licchelli\/\" border=\"0\" itemprop=\"url\"> <meta itemprop=\"width\" content=\"274\"> <meta itemprop=\"height\" content=\"411\"> <img decoding=\"async\" class=\"\" data-attachment-id=\"22178\" data-orig-file=\"https:\/\/opistobranquis.info\/wp-content\/uploads\/2012\/05\/Okenia-mediterranea-front-@-Santa-Maria-al-Bagno-Lecce-Italy-28-05-2016-by-Cataldo-Licchelli.jpg\" data-orig-size=\"512,768\" data-comments-opened=\"\" data-image-title=\"Okenia mediterranea (front) @ Santa Maria al Bagno, Lecce, Italy 28-05-2016 by Cataldo Licchelli\" data-image-description=\"&lt;p&gt;Okenia mediterranea (front) @ Santa Maria al Bagno, Lecce, Italy 28-05-2016 by Cataldo Licchelli&lt;\/p&gt; \" data-medium-file=\"https:\/\/i0.wp.com\/opistobranquis.info\/wp-content\/uploads\/2012\/05\/Okenia-mediterranea-front-%40-Santa-Maria-al-Bagno-Lecce-Italy-28-05-2016-by-Cataldo-Licchelli.jpg?fit=200%2C300&#038;ssl=1\" data-large-file=\"https:\/\/i0.wp.com\/opistobranquis.info\/wp-content\/uploads\/2012\/05\/Okenia-mediterranea-front-%40-Santa-Maria-al-Bagno-Lecce-Italy-28-05-2016-by-Cataldo-Licchelli.jpg?fit=512%2C768&#038;ssl=1\" src=\"https:\/\/i0.wp.com\/opistobranquis.info\/wp-content\/uploads\/2012\/05\/Okenia-mediterranea-front-%40-Santa-Maria-al-Bagno-Lecce-Italy-28-05-2016-by-Cataldo-Licchelli.jpg?w=274&#038;h=411&#038;ssl=1\" width=\"274\" height=\"411\" loading=\"lazy\" data-original-width=\"274\" data-original-height=\"411\" itemprop=\"http:\/\/schema.org\/image\" title=\"Okenia mediterranea (front) @ Santa Maria al Bagno, Lecce, Italy 28-05-2016 by Cataldo Licchelli\" alt=\"Okenia mediterranea (front) @ Santa Maria al Bagno, Lecce, Italy 28-05-2016 by Cataldo Licchelli\" style=\"width: 274px; height: 411px;\" \/> <\/a> <div class=\"tiled-gallery-caption\" itemprop=\"caption description\"> Okenia mediterranea (front) @ Santa Maria al Bagno, Lecce, Italy 28-05-2016 by Cataldo Licchelli <\/div> <\/div> <\/div> <!-- close group --> <\/div> <!-- close row --> <div class=\"gallery-row\" style=\"width: 900px; height: 418px;\" data-original-width=\"900\" data-original-height=\"418\" > <div class=\"gallery-group images-1\" style=\"width: 280px; height: 418px;\" data-original-width=\"280\" data-original-height=\"418\" > <div class=\"tiled-gallery-item tiled-gallery-item-large\" itemprop=\"associatedMedia\" itemscope itemtype=\"http:\/\/schema.org\/ImageObject\"> <a href=\"https:\/\/opistobranquis.info\/es\/guia\/nudibranchia\/doridina\/doridoidei\/onchidoridoidea\/okenia-mediterranea\/okenia-mediterranea-santa-maria-al-bagno-lecce-italy-28-05-2016-by-cataldo-licchelli\/\" border=\"0\" itemprop=\"url\"> <meta itemprop=\"width\" content=\"276\"> <meta itemprop=\"height\" content=\"414\"> <img decoding=\"async\" class=\"\" data-attachment-id=\"22179\" data-orig-file=\"https:\/\/opistobranquis.info\/wp-content\/uploads\/2012\/05\/Okenia-mediterranea-@-Santa-Maria-al-Bagno-Lecce-Italy-28-05-2016-by-Cataldo-Licchelli.jpg\" data-orig-size=\"512,768\" data-comments-opened=\"\" data-image-title=\"Okenia mediterranea @ Santa Maria al Bagno, Lecce, Italy 28-05-2016 by Cataldo Licchelli\" data-image-description=\"&lt;p&gt;Okenia mediterranea @ Santa Maria al Bagno, Lecce, Italy 28-05-2016 by Cataldo Licchelli&lt;\/p&gt; \" data-medium-file=\"https:\/\/i0.wp.com\/opistobranquis.info\/wp-content\/uploads\/2012\/05\/Okenia-mediterranea-%40-Santa-Maria-al-Bagno-Lecce-Italy-28-05-2016-by-Cataldo-Licchelli.jpg?fit=200%2C300&#038;ssl=1\" data-large-file=\"https:\/\/i0.wp.com\/opistobranquis.info\/wp-content\/uploads\/2012\/05\/Okenia-mediterranea-%40-Santa-Maria-al-Bagno-Lecce-Italy-28-05-2016-by-Cataldo-Licchelli.jpg?fit=512%2C768&#038;ssl=1\" src=\"https:\/\/i0.wp.com\/opistobranquis.info\/wp-content\/uploads\/2012\/05\/Okenia-mediterranea-%40-Santa-Maria-al-Bagno-Lecce-Italy-28-05-2016-by-Cataldo-Licchelli.jpg?w=276&#038;h=414&#038;ssl=1\" width=\"276\" height=\"414\" loading=\"lazy\" data-original-width=\"276\" data-original-height=\"414\" itemprop=\"http:\/\/schema.org\/image\" title=\"Okenia mediterranea @ Santa Maria al Bagno, Lecce, Italy 28-05-2016 by Cataldo Licchelli\" alt=\"Okenia mediterranea @ Santa Maria al Bagno, Lecce, Italy 28-05-2016 by Cataldo Licchelli\" style=\"width: 276px; height: 414px;\" \/> <\/a> <div class=\"tiled-gallery-caption\" itemprop=\"caption description\"> Okenia mediterranea @ Santa Maria al Bagno, Lecce, Italy 28-05-2016 by Cataldo Licchelli <\/div> <\/div> <\/div> <!-- close group --> <div class=\"gallery-group images-1\" style=\"width: 620px; height: 418px;\" data-original-width=\"620\" data-original-height=\"418\" > <div class=\"tiled-gallery-item tiled-gallery-item-large\" itemprop=\"associatedMedia\" itemscope itemtype=\"http:\/\/schema.org\/ImageObject\"> <a href=\"https:\/\/opistobranquis.info\/es\/guia\/nudibranchia\/doridina\/doridoidei\/onchidoridoidea\/okenia-mediterranea\/okenia-mediterranea-by-enric-madrenas-02\/\" border=\"0\" itemprop=\"url\"> <meta itemprop=\"width\" content=\"616\"> <meta itemprop=\"height\" content=\"414\"> <img decoding=\"async\" class=\"\" data-attachment-id=\"23470\" data-orig-file=\"https:\/\/opistobranquis.info\/wp-content\/uploads\/2012\/05\/Okenia-mediterranea-by-Enric-Madrenas-02.jpg\" data-orig-size=\"1040,699\" data-comments-opened=\"\" data-image-title=\"Okenia mediterranea @ L&amp;#8217;Escala, Spain by Enric Madrenas\" data-image-description=\"&lt;p&gt;Okenia mediterranea @ L&amp;#8217;Escala, Spain by Enric Madrenas&lt;\/p&gt; \" data-medium-file=\"https:\/\/i0.wp.com\/opistobranquis.info\/wp-content\/uploads\/2012\/05\/Okenia-mediterranea-by-Enric-Madrenas-02.jpg?fit=300%2C202&#038;ssl=1\" data-large-file=\"https:\/\/i0.wp.com\/opistobranquis.info\/wp-content\/uploads\/2012\/05\/Okenia-mediterranea-by-Enric-Madrenas-02.jpg?fit=900%2C605&#038;ssl=1\" src=\"https:\/\/i0.wp.com\/opistobranquis.info\/wp-content\/uploads\/2012\/05\/Okenia-mediterranea-by-Enric-Madrenas-02.jpg?w=616&#038;h=414&#038;ssl=1\" srcset=\"https:\/\/i0.wp.com\/opistobranquis.info\/wp-content\/uploads\/2012\/05\/Okenia-mediterranea-by-Enric-Madrenas-02.jpg?w=1040&amp;ssl=1 1040w, https:\/\/i0.wp.com\/opistobranquis.info\/wp-content\/uploads\/2012\/05\/Okenia-mediterranea-by-Enric-Madrenas-02.jpg?resize=150%2C101&amp;ssl=1 150w, https:\/\/i0.wp.com\/opistobranquis.info\/wp-content\/uploads\/2012\/05\/Okenia-mediterranea-by-Enric-Madrenas-02.jpg?resize=300%2C202&amp;ssl=1 300w, https:\/\/i0.wp.com\/opistobranquis.info\/wp-content\/uploads\/2012\/05\/Okenia-mediterranea-by-Enric-Madrenas-02.jpg?resize=1024%2C688&amp;ssl=1 1024w\" width=\"616\" height=\"414\" loading=\"lazy\" data-original-width=\"616\" data-original-height=\"414\" itemprop=\"http:\/\/schema.org\/image\" title=\"Okenia mediterranea @ L&#039;Escala, Spain by Enric Madrenas\" alt=\"Okenia mediterranea @ L&#039;Escala, Spain by Enric Madrenas\" style=\"width: 616px; height: 414px;\" \/> <\/a> <div class=\"tiled-gallery-caption\" itemprop=\"caption description\"> Okenia mediterranea @ L&#8217;Escala, Spain by Enric Madrenas <\/div> <\/div> <\/div> <!-- close group --> <\/div> <!-- close row --> <div class=\"gallery-row\" style=\"width: 900px; height: 782px;\" data-original-width=\"900\" data-original-height=\"782\" > <div class=\"gallery-group images-1\" style=\"width: 528px; height: 782px;\" data-original-width=\"528\" data-original-height=\"782\" > <div class=\"tiled-gallery-item tiled-gallery-item-large\" itemprop=\"associatedMedia\" itemscope itemtype=\"http:\/\/schema.org\/ImageObject\"> <a href=\"https:\/\/opistobranquis.info\/es\/guia\/nudibranchia\/doridina\/doridoidei\/onchidoridoidea\/okenia-mediterranea\/okenia-mediterranea-by-enric-madrenas-05\/\" border=\"0\" itemprop=\"url\"> <meta itemprop=\"width\" content=\"524\"> <meta itemprop=\"height\" content=\"778\"> <img decoding=\"async\" class=\"\" data-attachment-id=\"23471\" data-orig-file=\"https:\/\/opistobranquis.info\/wp-content\/uploads\/2012\/05\/Okenia-mediterranea-by-Enric-Madrenas-05.jpg\" data-orig-size=\"528,784\" data-comments-opened=\"\" data-image-title=\"Okenia mediterranea @ L&amp;#8217;Escala, Spain by Enric Madrenas\" data-image-description=\"&lt;p&gt;Okenia mediterranea @ L&amp;#8217;Escala, Spain by Enric Madrenas&lt;\/p&gt; \" data-medium-file=\"https:\/\/i0.wp.com\/opistobranquis.info\/wp-content\/uploads\/2012\/05\/Okenia-mediterranea-by-Enric-Madrenas-05.jpg?fit=202%2C300&#038;ssl=1\" data-large-file=\"https:\/\/i0.wp.com\/opistobranquis.info\/wp-content\/uploads\/2012\/05\/Okenia-mediterranea-by-Enric-Madrenas-05.jpg?fit=528%2C784&#038;ssl=1\" src=\"https:\/\/i0.wp.com\/opistobranquis.info\/wp-content\/uploads\/2012\/05\/Okenia-mediterranea-by-Enric-Madrenas-05.jpg?w=524&#038;h=778&#038;ssl=1\" srcset=\"https:\/\/i0.wp.com\/opistobranquis.info\/wp-content\/uploads\/2012\/05\/Okenia-mediterranea-by-Enric-Madrenas-05.jpg?w=528&amp;ssl=1 528w, https:\/\/i0.wp.com\/opistobranquis.info\/wp-content\/uploads\/2012\/05\/Okenia-mediterranea-by-Enric-Madrenas-05.jpg?resize=101%2C150&amp;ssl=1 101w, https:\/\/i0.wp.com\/opistobranquis.info\/wp-content\/uploads\/2012\/05\/Okenia-mediterranea-by-Enric-Madrenas-05.jpg?resize=202%2C300&amp;ssl=1 202w\" width=\"524\" height=\"778\" loading=\"lazy\" data-original-width=\"524\" data-original-height=\"778\" itemprop=\"http:\/\/schema.org\/image\" title=\"Okenia mediterranea @ L&#039;Escala, Spain by Enric Madrenas\" alt=\"Okenia mediterranea @ L&#039;Escala, Spain by Enric Madrenas\" style=\"width: 524px; height: 778px;\" \/> <\/a> <div class=\"tiled-gallery-caption\" itemprop=\"caption description\"> Okenia mediterranea @ L&#8217;Escala, Spain by Enric Madrenas <\/div> <\/div> <\/div> <!-- close group --> <div class=\"gallery-group images-3\" style=\"width: 372px; height: 782px;\" data-original-width=\"372\" data-original-height=\"782\" > <div class=\"tiled-gallery-item tiled-gallery-item-large\" itemprop=\"associatedMedia\" itemscope itemtype=\"http:\/\/schema.org\/ImageObject\"> <a href=\"https:\/\/opistobranquis.info\/es\/guia\/nudibranchia\/doridina\/doridoidei\/onchidoridoidea\/okenia-mediterranea\/okenia-mediterranea-by-enric-madrenas-07\/\" border=\"0\" itemprop=\"url\"> <meta itemprop=\"width\" content=\"368\"> <meta itemprop=\"height\" content=\"247\"> <img decoding=\"async\" class=\"\" data-attachment-id=\"23472\" data-orig-file=\"https:\/\/opistobranquis.info\/wp-content\/uploads\/2012\/05\/Okenia-mediterranea-by-Enric-Madrenas-07.jpg\" data-orig-size=\"1040,699\" data-comments-opened=\"\" data-image-title=\"Okenia mediterranea @ L&amp;#8217;Escala, Spain by Enric Madrenas\" data-image-description=\"&lt;p&gt;Okenia mediterranea @ L&amp;#8217;Escala, Spain by Enric Madrenas&lt;\/p&gt; \" data-medium-file=\"https:\/\/i0.wp.com\/opistobranquis.info\/wp-content\/uploads\/2012\/05\/Okenia-mediterranea-by-Enric-Madrenas-07.jpg?fit=300%2C202&#038;ssl=1\" data-large-file=\"https:\/\/i0.wp.com\/opistobranquis.info\/wp-content\/uploads\/2012\/05\/Okenia-mediterranea-by-Enric-Madrenas-07.jpg?fit=900%2C605&#038;ssl=1\" src=\"https:\/\/i0.wp.com\/opistobranquis.info\/wp-content\/uploads\/2012\/05\/Okenia-mediterranea-by-Enric-Madrenas-07.jpg?w=368&#038;h=247&#038;ssl=1\" srcset=\"https:\/\/i0.wp.com\/opistobranquis.info\/wp-content\/uploads\/2012\/05\/Okenia-mediterranea-by-Enric-Madrenas-07.jpg?w=1040&amp;ssl=1 1040w, https:\/\/i0.wp.com\/opistobranquis.info\/wp-content\/uploads\/2012\/05\/Okenia-mediterranea-by-Enric-Madrenas-07.jpg?resize=150%2C101&amp;ssl=1 150w, https:\/\/i0.wp.com\/opistobranquis.info\/wp-content\/uploads\/2012\/05\/Okenia-mediterranea-by-Enric-Madrenas-07.jpg?resize=300%2C202&amp;ssl=1 300w, https:\/\/i0.wp.com\/opistobranquis.info\/wp-content\/uploads\/2012\/05\/Okenia-mediterranea-by-Enric-Madrenas-07.jpg?resize=1024%2C688&amp;ssl=1 1024w\" width=\"368\" height=\"247\" loading=\"lazy\" data-original-width=\"368\" data-original-height=\"247\" itemprop=\"http:\/\/schema.org\/image\" title=\"Okenia mediterranea @ L&#039;Escala, Spain by Enric Madrenas\" alt=\"Okenia mediterranea @ L&#039;Escala, Spain by Enric Madrenas\" style=\"width: 368px; height: 247px;\" \/> <\/a> <div class=\"tiled-gallery-caption\" itemprop=\"caption description\"> Okenia mediterranea @ L&#8217;Escala, Spain <\/div> <\/div> <div class=\"tiled-gallery-item tiled-gallery-item-large\" itemprop=\"associatedMedia\" itemscope itemtype=\"http:\/\/schema.org\/ImageObject\"> <a href=\"https:\/\/opistobranquis.info\/es\/guia\/nudibranchia\/doridina\/doridoidei\/onchidoridoidea\/okenia-mediterranea\/okenia-mediterranea-18m-by-marta-carrasco\/\" border=\"0\" itemprop=\"url\"> <meta itemprop=\"width\" content=\"368\"> <meta itemprop=\"height\" content=\"276\"> <img decoding=\"async\" class=\"\" data-attachment-id=\"27909\" data-orig-file=\"https:\/\/opistobranquis.info\/wp-content\/uploads\/2019\/01\/Okenia-mediterranea-@-18m-by-Marta-Carrasco.jpg\" data-orig-size=\"1280,960\" data-comments-opened=\"\" data-image-title=\"Okenia mediterranea @ Tossa de Mar 18m by Marta Carrasco\" data-image-description=\"&lt;p&gt;Okenia mediterranea @ Tossa de Mar 18m by Marta Carrasco&lt;\/p&gt; \" data-medium-file=\"https:\/\/i0.wp.com\/opistobranquis.info\/wp-content\/uploads\/2019\/01\/Okenia-mediterranea-%40-18m-by-Marta-Carrasco.jpg?fit=300%2C225&#038;ssl=1\" data-large-file=\"https:\/\/i0.wp.com\/opistobranquis.info\/wp-content\/uploads\/2019\/01\/Okenia-mediterranea-%40-18m-by-Marta-Carrasco.jpg?fit=900%2C675&#038;ssl=1\" src=\"https:\/\/i0.wp.com\/opistobranquis.info\/wp-content\/uploads\/2019\/01\/Okenia-mediterranea-%40-18m-by-Marta-Carrasco.jpg?w=368&#038;h=276&#038;ssl=1\" width=\"368\" height=\"276\" loading=\"lazy\" data-original-width=\"368\" data-original-height=\"276\" itemprop=\"http:\/\/schema.org\/image\" title=\"Okenia mediterranea @ Tossa de Mar 18m by Marta Carrasco\" alt=\"Okenia mediterranea @ Tossa de Mar 18m by Marta Carrasco\" style=\"width: 368px; height: 276px;\" \/> <\/a> <div class=\"tiled-gallery-caption\" itemprop=\"caption description\"> Okenia mediterranea @ Tossa de Mar 18m by Marta Carrasco <\/div> <\/div> <div class=\"tiled-gallery-item tiled-gallery-item-large\" itemprop=\"associatedMedia\" itemscope itemtype=\"http:\/\/schema.org\/ImageObject\"> <a href=\"https:\/\/opistobranquis.info\/es\/guia\/nudibranchia\/doridina\/doridoidei\/onchidoridoidea\/okenia-mediterranea\/okenia-mediterranea-55\/\" border=\"0\" itemprop=\"url\"> <meta itemprop=\"width\" content=\"368\"> <meta itemprop=\"height\" content=\"247\"> <img decoding=\"async\" class=\"\" data-attachment-id=\"44619\" data-orig-file=\"https:\/\/opistobranquis.info\/wp-content\/uploads\/2024\/07\/Okenia-mediterranea-55.jpg\" data-orig-size=\"810,543\" data-comments-opened=\"\" data-image-title=\"Okenia mediterranea @ L&amp;#8217;Escala, Spain by Enric Madrenas\" data-image-description=\"&lt;p&gt;Okenia mediterranea @ L&amp;#8217;Escala, Spain by Enric Madrenas&lt;\/p&gt; \" data-medium-file=\"https:\/\/i0.wp.com\/opistobranquis.info\/wp-content\/uploads\/2024\/07\/Okenia-mediterranea-55.jpg?fit=300%2C201&#038;ssl=1\" data-large-file=\"https:\/\/i0.wp.com\/opistobranquis.info\/wp-content\/uploads\/2024\/07\/Okenia-mediterranea-55.jpg?fit=810%2C543&#038;ssl=1\" src=\"https:\/\/i0.wp.com\/opistobranquis.info\/wp-content\/uploads\/2024\/07\/Okenia-mediterranea-55.jpg?w=368&#038;h=247&#038;ssl=1\" srcset=\"https:\/\/i0.wp.com\/opistobranquis.info\/wp-content\/uploads\/2024\/07\/Okenia-mediterranea-55.jpg?w=810&amp;ssl=1 810w, https:\/\/i0.wp.com\/opistobranquis.info\/wp-content\/uploads\/2024\/07\/Okenia-mediterranea-55.jpg?resize=300%2C201&amp;ssl=1 300w, https:\/\/i0.wp.com\/opistobranquis.info\/wp-content\/uploads\/2024\/07\/Okenia-mediterranea-55.jpg?resize=150%2C101&amp;ssl=1 150w\" width=\"368\" height=\"247\" loading=\"lazy\" data-original-width=\"368\" data-original-height=\"247\" itemprop=\"http:\/\/schema.org\/image\" title=\"Okenia mediterranea @ L&#039;Escala, Spain by Enric Madrenas\" alt=\"Okenia mediterranea @ L&#039;Escala, Spain by Enric Madrenas\" style=\"width: 368px; height: 247px;\" \/> <\/a> <div class=\"tiled-gallery-caption\" itemprop=\"caption description\"> Okenia mediterranea @ L&#8217;Escala, Spain by Enric Madrenas <\/div> <\/div> <\/div> <!-- close group --> <\/div> <!-- close row --> <div class=\"gallery-row\" style=\"width: 900px; height: 605px;\" data-original-width=\"900\" data-original-height=\"605\" > <div class=\"gallery-group images-1\" style=\"width: 900px; height: 605px;\" data-original-width=\"900\" data-original-height=\"605\" > <div class=\"tiled-gallery-item tiled-gallery-item-large\" itemprop=\"associatedMedia\" itemscope itemtype=\"http:\/\/schema.org\/ImageObject\"> <a href=\"https:\/\/opistobranquis.info\/es\/guia\/nudibranchia\/doridina\/doridoidei\/onchidoridoidea\/okenia-mediterranea\/okenia-mediterranea-57\/\" border=\"0\" itemprop=\"url\"> <meta itemprop=\"width\" content=\"896\"> <meta itemprop=\"height\" content=\"601\"> <img decoding=\"async\" class=\"\" data-attachment-id=\"45711\" data-orig-file=\"https:\/\/opistobranquis.info\/wp-content\/uploads\/2025\/01\/Okenia-mediterranea-57.jpg\" data-orig-size=\"1034,693\" data-comments-opened=\"\" data-image-title=\"Okenia mediterranea @ L&amp;#8217;Escala, Spain by Enric Madrenas\" data-image-description=\"&lt;p&gt;Okenia mediterranea @ L&amp;#8217;Escala, Spain by Enric Madrenas&lt;\/p&gt; \" data-medium-file=\"https:\/\/i0.wp.com\/opistobranquis.info\/wp-content\/uploads\/2025\/01\/Okenia-mediterranea-57.jpg?fit=300%2C201&#038;ssl=1\" data-large-file=\"https:\/\/i0.wp.com\/opistobranquis.info\/wp-content\/uploads\/2025\/01\/Okenia-mediterranea-57.jpg?fit=900%2C603&#038;ssl=1\" src=\"https:\/\/i0.wp.com\/opistobranquis.info\/wp-content\/uploads\/2025\/01\/Okenia-mediterranea-57.jpg?w=896&#038;h=601&#038;ssl=1\" srcset=\"https:\/\/i0.wp.com\/opistobranquis.info\/wp-content\/uploads\/2025\/01\/Okenia-mediterranea-57.jpg?w=1034&amp;ssl=1 1034w, https:\/\/i0.wp.com\/opistobranquis.info\/wp-content\/uploads\/2025\/01\/Okenia-mediterranea-57.jpg?resize=300%2C201&amp;ssl=1 300w, https:\/\/i0.wp.com\/opistobranquis.info\/wp-content\/uploads\/2025\/01\/Okenia-mediterranea-57.jpg?resize=1024%2C686&amp;ssl=1 1024w, https:\/\/i0.wp.com\/opistobranquis.info\/wp-content\/uploads\/2025\/01\/Okenia-mediterranea-57.jpg?resize=150%2C101&amp;ssl=1 150w\" width=\"896\" height=\"601\" loading=\"lazy\" data-original-width=\"896\" data-original-height=\"601\" itemprop=\"http:\/\/schema.org\/image\" title=\"Okenia mediterranea @ L&#039;Escala, Spain by Enric Madrenas\" alt=\"Okenia mediterranea @ L&#039;Escala, Spain by Enric Madrenas\" style=\"width: 896px; height: 601px;\" \/> <\/a> <div class=\"tiled-gallery-caption\" itemprop=\"caption description\"> Okenia mediterranea @ L&#8217;Escala, Spain by Enric Madrenas <\/div> <\/div> <\/div> <!-- close group --> <\/div> <!-- close row --> <\/div><\/p>\n<p><strong>Bibliograf\u00eda<\/strong><\/p><ul><div id=\"zotpress-57b66fd57f61cf75edfec566db54a8ee\" class=\"zp-Zotpress zp-Zotpress-Bib wp-block-group\">\n\n\t\t<span class=\"ZP_API_USER_ID ZP_ATTR\">1246567<\/span>\n\t\t<span class=\"ZP_ITEM_KEY ZP_ATTR\"><\/span>\n\t\t<span class=\"ZP_COLLECTION_ID ZP_ATTR\"><\/span>\n\t\t<span class=\"ZP_TAG_ID ZP_ATTR\">Okenia mediterranea<\/span>\n\t\t<span class=\"ZP_AUTHOR ZP_ATTR\"><\/span>\n\t\t<span class=\"ZP_YEAR ZP_ATTR\"><\/span>\n        <span class=\"ZP_ITEMTYPE ZP_ATTR\"><\/span>\n\t\t<span class=\"ZP_INCLUSIVE ZP_ATTR\">1<\/span>\n\t\t<span class=\"ZP_STYLE ZP_ATTR\">eunomia-revista-en-cultura-de-la-legalidad<\/span>\n\t\t<span class=\"ZP_LIMIT ZP_ATTR\">50<\/span>\n\t\t<span class=\"ZP_SORTBY ZP_ATTR\">creator<\/span>\n\t\t<span class=\"ZP_ORDER ZP_ATTR\">asc<\/span>\n\t\t<span class=\"ZP_TITLE ZP_ATTR\"><\/span>\n\t\t<span class=\"ZP_SHOWIMAGE ZP_ATTR\"><\/span>\n\t\t<span class=\"ZP_SHOWTAGS ZP_ATTR\"><\/span>\n\t\t<span class=\"ZP_DOWNLOADABLE ZP_ATTR\"><\/span>\n\t\t<span class=\"ZP_NOTES ZP_ATTR\"><\/span>\n\t\t<span class=\"ZP_ABSTRACT ZP_ATTR\"><\/span>\n\t\t<span class=\"ZP_CITEABLE ZP_ATTR\"><\/span>\n\t\t<span class=\"ZP_TARGET ZP_ATTR\">1<\/span>\n\t\t<span class=\"ZP_URLWRAP ZP_ATTR\"><\/span>\n\t\t<span class=\"ZP_FORCENUM ZP_ATTR\"><\/span>\n        <span class=\"ZP_HIGHLIGHT ZP_ATTR\"><\/span>\n        <span class=\"ZP_POSTID ZP_ATTR\">410<\/span>\n\t\t<span class=\"ZOTPRESS_PLUGIN_URL ZP_ATTR\">https:\/\/opistobranquis.info\/wp-content\/plugins\/zotpress\/<\/span>\n\n\t\t<div class=\"zp-List loading\">\n\t\t\t<div class=\"zp-SEO-Content\">\n\n\t\t\t<\/div><!-- .zp-zp-SEO-Content -->\n\t\t<\/div><!-- .zp-List -->\n\t<\/div><!--.zp-Zotpress-->\n\n<p><\/p>Bibliograf\u00eda basada en los trabajos de <b>Steve Long, 2006<\/b>. <a target=_blank href=https:\/\/opistobranquis.info\/wp-content\/uploads\/2016\/06\/Long-S.-2006-Bibliography-of-Opisthobranchia-1554-2000.pdf>Bibliography of Opisthobranchia 1554-2000<\/a> y <b>Gary McDonald, 2009<\/b>. <a href=http:\/\/escholarship.org\/uc\/item\/8115h0wz>Bibliographia Nudibranchia<\/a>, con actualizaciones posteriores procedentes de otras fuentes.<p><\/p><\/ul><p><\/p><p><strong>M\u00e1s informaci\u00f3n<\/strong><\/p><span style=\"font-size:10pt\"><ul><ul class=\"blogroll-links\"><li><a href=\"http:\/\/www.biodiversitylibrary.org\/name\/Okenia%20mediterranea\">Biodiversity Heritage Library<\/a><\/li><li><a href=\"http:\/\/www.cibsub.com\/bioespecie_es-okenia_mediterranea-1624\">CIB - Club Immersio Biologia<\/a><\/li><li><a href=\"https:\/\/litoraldegranada.ugr.es\/el-litoral\/el-litoral-sumergido\/fauna\/moluscos\/gasteropodos\/opistobranquios\/orden-nudibranchia\/doridaceos\/onchidoridoidea\/okenia-mediterranea\/\">El Litoral de Granada<\/a><\/li><li><a href=\"https:\/\/www.flickr.com\/search\/?text=Okenia%20mediterranea\">Flickr pictures<\/a><\/li><li><a href=\"http:\/\/www.opistobranquis.org\/ca\/guia\/98\">GROC<\/a><\/li><li><a href=\"http:\/\/www.irmng.org\/aphia.php?p=taxlist&#038;tName=Okenia%20mediterranea\">Interim Register of Marine and Nonmarine Genera<\/a><\/li><li><a href=\"https:\/\/web.archive.org\/web\/20250116074557\/http:\/\/medslugs.de\/E\/Atl-E\/Okenia_mediterranea.htm\">MedSlugs (Atl.E)<\/a><\/li><li><a href=\"https:\/\/web.archive.org\/web\/20250116074557\/http:\/\/medslugs.de\/E\/Med\/Okenia_mediterranea.htm\">MedSlugs (Med)<\/a><\/li><li><a href=\"http:\/\/www.ncbi.nlm.nih.gov\/Taxonomy\/Browser\/wwwtax.cgi?mode=Undef&#038;name=Okenia%20mediterranea&#038;lvl=0&#038;srchmode=1\">NCBI GenBank<\/a><\/li><li><a href=\"http:\/\/iobis.org\/mapper\/?taxon=Okenia%20mediterranea\">OBIS - Search by Taxon<\/a><\/li><li><a href=\"http:\/\/www.seaslugforum.net\/showall\/okenmedi\">Sea Slug Forum<\/a><\/li><li><a href=\"http:\/\/www.marinespecies.org\/aphia.php?p=taxdetails&#038;id=140040\">World Register of Marine Species<\/a><\/li><\/ul><\/ul><\/span><p><strong>Citar este art\u00edculo como: <\/strong><\/p><div style=\"display: block; background: #444444; padding: 10px 30px 10px 10px; border-radius: 5px; line-height: 18px;\"><p class=\"citacio\"><b>Ballesteros, M., Madrenas, E. &#38; Pontes, M.<\/b> (2025) <em>\"Okenia mediterranea\"<\/em> en <em>OPK-Opistobranquis<\/em>. Publicado: 15\/05\/2012. Accedido: 03\/09\/2026. Disponible en (<a href=https:\/\/opistobranquis.info\/es\/?p=410>https:\/\/opistobranquis.info\/es\/?p=410<\/a>)<\/p><p><\/p><\/div><p><\/p><\/p>","protected":false},"excerpt":{"rendered":"<p>Okenia mediterranea (von Ihering, 1886) Sin\u00f3nimos Idalia mediterranea Ihering, 1886 Descripci\u00f3n Esta especie mide hasta 15 mm y tiene un cuerpo ovalado de color blanco transl\u00facido con muchas superficies cubiertas de blanco opaco, y con muchas manchas de color naranja rojizo sobre amarillo en el dorso de la mayor\u00eda de los espec\u00edmenes. Hay 9-12 pares de papilas laterales con las puntas de color naranja sobre amarillo, el primer par m\u00e1s\u2026<\/p>\n<p class=\"continue-reading-button\"> <a class=\"continue-reading-link\" href=\"https:\/\/opistobranquis.info\/es\/guia\/nudibranchia\/doridina\/doridoidei\/onchidoridoidea\/okenia-mediterranea\/\">Sigue leyendo<i class=\"crycon-right-dir\"><\/i><\/a><\/p>\n","protected":false},"author":291,"featured_media":46445,"parent":26111,"menu_order":6665,"comment_status":"closed","ping_status":"closed","template":"","meta":{"footnotes":""},"class_list":["post-410","page","type-page","status-publish","has-post-thumbnail","hentry"],"jetpack_sharing_enabled":true,"_links":{"self":[{"href":"https:\/\/opistobranquis.info\/es\/wp-json\/wp\/v2\/pages\/410","targetHints":{"allow":["GET"]}}],"collection":[{"href":"https:\/\/opistobranquis.info\/es\/wp-json\/wp\/v2\/pages"}],"about":[{"href":"https:\/\/opistobranquis.info\/es\/wp-json\/wp\/v2\/types\/page"}],"author":[{"embeddable":true,"href":"https:\/\/opistobranquis.info\/es\/wp-json\/wp\/v2\/users\/291"}],"replies":[{"embeddable":true,"href":"https:\/\/opistobranquis.info\/es\/wp-json\/wp\/v2\/comments?post=410"}],"version-history":[{"count":6,"href":"https:\/\/opistobranquis.info\/es\/wp-json\/wp\/v2\/pages\/410\/revisions"}],"predecessor-version":[{"id":44620,"href":"https:\/\/opistobranquis.info\/es\/wp-json\/wp\/v2\/pages\/410\/revisions\/44620"}],"up":[{"embeddable":true,"href":"https:\/\/opistobranquis.info\/es\/wp-json\/wp\/v2\/pages\/26111"}],"wp:featuredmedia":[{"embeddable":true,"href":"https:\/\/opistobranquis.info\/es\/wp-json\/wp\/v2\/media\/46445"}],"wp:attachment":[{"href":"https:\/\/opistobranquis.info\/es\/wp-json\/wp\/v2\/media?parent=410"}],"curies":[{"name":"wp","href":"https:\/\/api.w.org\/{rel}","templated":true}]}}