{"id":42602,"date":"2023-12-07T20:18:07","date_gmt":"2023-12-07T19:18:07","guid":{"rendered":"https:\/\/opistobranquis.info\/?page_id=42602"},"modified":"2024-05-26T21:07:36","modified_gmt":"2024-05-26T19:07:36","slug":"trinchesia-ilonae","status":"publish","type":"page","link":"https:\/\/opistobranquis.info\/es\/guia\/nudibranchia\/cladobranchia\/fionoidea\/trinchesia-ilonae\/","title":{"rendered":"Trinchesia ilonae"},"content":{"rendered":"<p><\/p>\n<h3><em>Trinchesia ilonae<\/em> Schmekel, 1968<\/h3>\n<p><span style=\"font-size:10pt;\" class=\"aligncenter\"><div id=\"featured-img-id\"><img data-recalc-dims=\"1\" decoding=\"async\" src=\"https:\/\/i0.wp.com\/opistobranquis.info\/wp-content\/uploads\/2024\/05\/Trinchesia-ilonae-%40-Thau-France-by-Pascal-Girard.jpg?w=900&#038;ssl=1\" alt=\"Trinchesia ilonae @ Thau, France by Pascal Girard\" \/><\/div><center><em>Trinchesia ilonae @ Thau, France<\/em> por Pascal Girard<\/center><\/span><p><\/p><div class=\"opk-worms\"><h3>Informaci\u00f3n taxon\u00f3mica WoRMS<\/h3><div class=\"opk-alert\">El nombre solicitado Trinchesia ilonae no est\u00e1 actualmente aceptado (superseded combination).<br>Nombre aceptado actual: <strong><em>Tenellia ilonae<\/em> Schmekel, 1968<\/strong><\/div><h4>Clasificaci\u00f3n actual<\/h4><table class=\"widefat striped\"><tr><th>Superdomain<\/th><td><a target=\"_blank\" href=\"https:\/\/www.marinespecies.org\/aphia.php?p=taxdetails&id=1\">Biota<\/a><\/td><\/tr><tr><th>Kingdom<\/th><td><a target=\"_blank\" href=\"https:\/\/www.marinespecies.org\/aphia.php?p=taxdetails&id=2\">Animalia<\/a><\/td><\/tr><tr><th>Phylum<\/th><td><a target=\"_blank\" href=\"https:\/\/www.marinespecies.org\/aphia.php?p=taxdetails&id=51\">Mollusca<\/a><\/td><\/tr><tr><th>Class<\/th><td><a target=\"_blank\" href=\"https:\/\/www.marinespecies.org\/aphia.php?p=taxdetails&id=101\">Gastropoda<\/a><\/td><\/tr><tr><th>Subclass<\/th><td><a target=\"_blank\" href=\"https:\/\/www.marinespecies.org\/aphia.php?p=taxdetails&id=14712\">Heterobranchia<\/a><\/td><\/tr><tr><th>Infraclass<\/th><td><a target=\"_blank\" href=\"https:\/\/www.marinespecies.org\/aphia.php?p=taxdetails&id=1057247\">Euthyneura<\/a><\/td><\/tr><tr><th>Subterclass<\/th><td><a target=\"_blank\" href=\"https:\/\/www.marinespecies.org\/aphia.php?p=taxdetails&id=1057249\">Ringipleura<\/a><\/td><\/tr><tr><th>Superorder<\/th><td><a target=\"_blank\" href=\"https:\/\/www.marinespecies.org\/aphia.php?p=taxdetails&id=411966\">Nudipleura<\/a><\/td><\/tr><tr><th>Order<\/th><td><a target=\"_blank\" href=\"https:\/\/www.marinespecies.org\/aphia.php?p=taxdetails&id=1762\">Nudibranchia<\/a><\/td><\/tr><tr><th>Suborder<\/th><td><a target=\"_blank\" href=\"https:\/\/www.marinespecies.org\/aphia.php?p=taxdetails&id=827889\">Cladobranchia<\/a><\/td><\/tr><tr><th>Superfamily<\/th><td><a target=\"_blank\" href=\"https:\/\/www.marinespecies.org\/aphia.php?p=taxdetails&id=412646\">Fionoidea<\/a><\/td><\/tr><tr><th>Family<\/th><td><a target=\"_blank\" href=\"https:\/\/www.marinespecies.org\/aphia.php?p=taxdetails&id=151283\">Trinchesiidae<\/a><\/td><\/tr><tr><th>Genus<\/th><td><a target=\"_blank\" href=\"https:\/\/www.marinespecies.org\/aphia.php?p=taxdetails&id=138545\"><em>Tenellia<\/em><\/a><\/td><\/tr><tr><th>Species<\/th><td><a target=\"_blank\" href=\"https:\/\/www.marinespecies.org\/aphia.php?p=taxdetails&id=1793352\"><em>Tenellia ilonae<\/em> Schmekel, 1968<\/a><\/td><\/tr><\/table><p class=\"footer\">Clasificaci\u00f3n proporcionada por el World Register of Marine Species (WoRMS). [<a target=\"_blank\" href=\"https:\/\/www.marinespecies.org\/aphia.php?p=taxdetails&id=1793352\">1793352<\/a>]<\/p><\/div><p><strong>Nota taxon\u00f3mica<\/strong>: Los an\u00e1lisis filogen\u00e9ticos realizados por Cella et al. (2016) revelaron que la familia Tergipedidae tradicional es polifil\u00e9tica y pertenece a un clado monofil\u00e9tico mayor que incluye miembros de las familias tradicionales Eubranchidae, Fionidae y Calmidae; este fue un resultado inesperado, ya que la validez de estos taxones y su distinci\u00f3n de los Tergipedidae nunca hab\u00eda sido cuestionada antes. Se propone unir las familias Tergipedidae, Eubranchidae, Calmidae y Fionidae bajo el nombre de Fionidae. Dentro de Fionidae, los resultados obtenidos demostraron la necesidad de desarrollar una nueva clasificaci\u00f3n pues las clasificaciones anteriores (por ejemplo, separando <i>Catriona<\/i>, <i>Cuthona<\/i> y <i>Trinchesia<\/i> como taxones distintos) eran inconsistentes con la filogenia resultante. Estos an\u00e1lisis tambi\u00e9n recuperan un clado (<i>Tenellia<\/i>) que incluye a todos los miembros de los g\u00e9neros <i>Tenellia<\/i>, <i>Trinchesia<\/i>, <i>Phestilla<\/i>, <i>Catriona<\/i> y la mayor\u00eda de las especies descritas y no descritas de <i>Cuthona<\/i>. Se proponen nuevos g\u00e9neros <i>Rubramoena<\/i>, <i>Abronica<\/i> y <i>Tergiposacca<\/i> para agrupar otras especies. Tambi\u00e9n sugiere que Fionidae es rico en complejos de especies cr\u00edpticas, dif\u00edciles de separar por los caracteres taxon\u00f3micos tradicionales, y con una gran diversidad de especies no detectadas previamente.<br>Pocos meses despu\u00e9s Korshunova et al. (2017) retoman el estudio de la filogenia de los Tergipedidae y utilizando no s\u00f3lo datos moleculares sino tambi\u00e9n morfol\u00f3gicos y ontogen\u00e9ticos realizan una cr\u00edtica severa al trabajo de Cella et al. (2016), proponiendo reinstaurar las familias Calmidae, Eubranchidae, Fionidae, Tergipedidae, Cuthonidae, Cuthonellidae y Trinchesiidae, siendo esta \u00faltima la m\u00e1s abundante en taxones espec\u00edficos. Tambi\u00e9n reinstauran los g\u00e9neros <i>Catriona<\/i>, <i>Diaphoreolis<\/i>, <i>Phestilla<\/i> y <i>Trinchesia<\/i> que en el trabajo de Cella et al. (2016) hab\u00edan sido incluidos dentro del g\u00e9nero <i>Tenellia<\/i>. Korshunova et al. describen adem\u00e1s un g\u00e9nero nuevo, <i>Zelentia<\/i> que incluye a <i>Z. pustulata<\/i> (especie tipo <i>Eolis pustulata<\/i> Alder &amp; Hancock, 1854), a <i>Z. fulgens<\/i> (MacFarland, 1966) y a una nueva especie del Mar de Barents, <i>Z. ninel<\/i>, indicando p-distances importantes entre las tres especies (entre 10.49% y 13.83%). Todos los g\u00e9neros anteriores, Korshunova et al. (2017) los consideran dentro de la familia Trinchesiidae. Tambi\u00e9n cuestionan la validez del g\u00e9nero <i>Rubramoena<\/i> de Cella et al.<br>La posici\u00f3n de WoRMS es de tipo conservador, manteniendo las familias Cuthonidae, Calmidae, Cuthonellidae, Eubranchidae, Fionidae, Pseodovermidae, Tergipedidae y Trinchesiidae dentro de la superfamilia Fionoidea. Las especies europeas que, hasta hace poco, estaban consideradas como <i>Cuthona<\/i>, WoRMS las considera dentro del g\u00e9nero <i>Trinchesia<\/i>, como <i>T.albopunctata<\/i>, <i>T.caerulea<\/i>, <i>T.foliata<\/i>, <i>T.genovae<\/i>, <i>T.granosa<\/i>, <i>T.ilonae<\/i>, <i>T.miniostriata<\/i> y <i>T.ocellata<\/i>. <i>Rubramoena<\/i> es tambi\u00e9n considerado un g\u00e9nero v\u00e1lido en WoRMS. Estas opiniones son las que consideramos en OPK mientras no haya otros datos m\u00e1s concluyentes.<\/p><strong>Sin\u00f3nimos<\/strong><\/p>\n<ul>\n<li><em>Cuthona ilonae<\/em> (Schmekel, 1968)<\/li>\n<\/ul>\n<p><strong>Descripci\u00f3n<br \/>\n<\/strong>Cuerpo alargado y fino, de color blanco transl\u00facido, con una longitud m\u00e1xima de 4 mm. Los rin\u00f3foros, la parte dorsal de los tent\u00e1culos orales, la cabeza y el dorso del cuerpo est\u00e1n recubiertos de manchas blancas de forma irregular, que tambi\u00e9n aparecen, pero con una distribuci\u00f3n m\u00e1s uniforme, formando bandas en los cerata. Los rin\u00f3foros son digitiformes, lisos y relativamente largos, hasta un tercio de la longitud total del cuerpo, y est\u00e1n unidos en su base. Un anillo caracter\u00edstico, de color rosa oscuro o violeta, bordeado por \u00e1reas transparentes, separa el tercio distal de los rin\u00f3foros. Manchas brillantes del mismo color est\u00e1n presentes en la base interna de todos los cerata y forman algunas manchas en la parte dorsal del cuerpo. Los tent\u00e1culos orales miden la mitad que los rin\u00f3foros. Tiene hasta 6 filas de cerata dispuestas a los lados del cuerpo, con hasta 3 cerata en cada fila, en cada lado. La cola y la parte media del cuerpo no tienen cerata. Cada cera tiene forma de peonza, con los extremos distales acabados en punta, donde se hallan los cnidosacos de color blanco. La gl\u00e1ndula digestiva es visible a trav\u00e9s de la piel de los cerata, basalmente es de color marr\u00f3n oscuro, pero se va aclarando hacia el extremo distal. El ano y el nefroprocto est\u00e1n situados entre la tercera y cuarta fila de cerata del lado derecho del cuerpo, cerca de los cerata interiores de la cuarta fila. El gonoporo est\u00e1 situado bajo la primera fila de cerata del lado derecho. Los tent\u00e1culos propodiales son redondeados.<\/p>\n<p><strong>Biolog\u00eda<br \/>\n<\/strong>La puesta es un cord\u00f3n dispuesto en espiral formando una sola vuelta con huevos de color blanco de un di\u00e1metro de 0,12mm. Las larvas veliger eclosionan al cabo de 11 d\u00edas y pasan a formar parte del plancton. Se cree que se alimenta del hidrozoo <em>Campanularia johnstoni<\/em> (Urgorri &amp; Besteiro, 1984; 1986).<\/p>\n<p><strong>Etimolog\u00eda<\/strong><\/p>\n<ul>\n<li><em><strong>Trinchesia<\/strong><\/em>. En honor del Profesor Salvatore Trinchese (1836-1897), opistobranqui\u00f3logo italiano, Profesor de Zoolog\u00eda en la Universidad de Bolonia y sucesor de Paolo Panceri como Profesor de Anatom\u00eda Comparada en la Universidad de N\u00e1poles.<\/li>\n<li><em><strong>Ilonae<\/strong><\/em>. En honor de Ilona Richter. Ilustradora cient\u00edfica originaria de Szeged, Hungr\u00eda, desde 1952 trabaj\u00f3 para el Museo H\u00fangaro de Ciencias Naturales, el Museo Nacional de Hungr\u00eda, la Estaci\u00f3n Zool\u00f3gica de N\u00e1poles, el Laboratoire Arago de Banyuls-sur-Mer y la Academia de Ciencias de Hungr\u00eda, en la que se jubil\u00f3 en 1990. Trabaj\u00f3 para el Dr. Adolf Portman, del Instituto Zool\u00f3gico de la Universidad de Basilea y para la Dra. Luise Schmekel, del Instituto Zool\u00f3gico de la Universidad de M\u00fcnster\/Westfalia, ilustrando su conocida monograf\u00eda \u201cOpisthobranchia des Mittelmeeres\u201d.<\/li>\n<\/ul>\n<p><strong>Distribuci\u00f3n<br \/>\n<\/strong>Schmekel (1968) describe la especie en base a ejemplares hallados en el Golfo de N\u00e1poles, en las cercanas islas de Ischia y Capri (Italia), as\u00ed como en Banyuls-sur-Mer (Francia), siempre entre las hojas de <em>Posidonia oceanica<\/em>, entre 10 y 35 metros de profundidad. Templado (1982) captura esta especie a unos 4 metros de profundidad en Cabo de Palos (Murcia, Espa\u00f1a) sobre rizomas de <em>Posidonia oceanica<\/em>. Urgorri &amp; Besteiro (1986) la encuentran en la R\u00eda de Ferrol (Galicia, Espa\u00f1a) con ejemplares capturados entre 2 y 5 metros de produndidad sobre algas rojas, <em>Codium<\/em> y <em>Cystoseira<\/em>, tambi\u00e9n entre las hojas de <em>Zostera marina<\/em>. Garc\u00eda G\u00f3mez, et al (1991) citan ejemplares de esta especie en Sagres (Portugal) a unos 20 metros de profundidad.<div id=\"flxmap-6a99a46fa6ee1\" class='flxmap-container' data-flxmap='flxmap_6a99a46fa6ee1' style=\"width:100%;height:400px;\"><\/div>\n<script data-noptimize=\"1\">\n\/* <![CDATA[ *\/\n(function(w, fn) {\n if (w.addEventListener) w.addEventListener(\"DOMContentLoaded\", fn, false);\n else if (w.attachEvent) w.attachEvent(\"onload\", fn);\n})(window, function() {\n var f = new FlexibleMap();\n f.panControl = true;\n f.mapTypeId = \"satellite\";\n f.setlocale(\"es-ES\");\n f.kmlcache = \"5 minutes\";\n f.showKML(\"flxmap-6a99a46fa6ee1\", \"https:\/\/opistobranquis.info\/wp-content\/uploads\/kms\/42602.kmz\");\n window.flxmap_6a99a46fa6ee1 = f;\n});\n\/* ]]> *\/\n<\/script>\n<div style=\"width:100%;text-align:center;margin:12px 0 4px 0;\">\n  <div style=\"font-size:8pt;margin-bottom:6px;\">Citas georeferenciadas conocidas de la especie: <em>Trinchesia ilonae<\/em><\/div>\n  <table style=\"margin:0 auto;border-collapse:collapse;font-size:8pt;\">\n    <tr><td colspan=\"2\" style=\"text-align:left;padding-bottom:4px;\"><strong>Fonts:<\/strong><\/td><\/tr>\n    <tr>\n      <td style=\"vertical-align:top;padding-right:40px;\">\n        <table style=\"border-collapse:collapse;\">\n<tr><td style='padding:1px 6px 1px 0;vertical-align:middle'><img data-recalc-dims=\"1\" src=\"https:\/\/i0.wp.com\/opistobranquis.info\/wp-content\/uploads\/kms\/wht-circle-lv.png?w=900&#038;ssl=1\" style='display:block'><\/td><td style='padding:1px 0;vertical-align:middle;white-space:nowrap'>OBIS<\/td><\/tr><tr><td style='padding:1px 6px 1px 0;vertical-align:middle'><img data-recalc-dims=\"1\" src=\"https:\/\/i0.wp.com\/opistobranquis.info\/wp-content\/uploads\/kms\/ylw-circle-lv.png?w=900&#038;ssl=1\" style='display:block'><\/td><td style='padding:1px 0;vertical-align:middle;white-space:nowrap'>GROC 2010-2011<\/td><\/tr><tr><td style='padding:1px 6px 1px 0;vertical-align:middle'><img data-recalc-dims=\"1\" src=\"https:\/\/i0.wp.com\/opistobranquis.info\/wp-content\/uploads\/kms\/grn-circle-lv.png?w=900&#038;ssl=1\" style='display:block'><\/td><td style='padding:1px 0;vertical-align:middle;white-space:nowrap'>Enric Madrenas<\/td><\/tr><tr><td style='padding:1px 6px 1px 0;vertical-align:middle'><img data-recalc-dims=\"1\" src=\"https:\/\/i0.wp.com\/opistobranquis.info\/wp-content\/uploads\/kms\/orange-circle-lv.png?w=900&#038;ssl=1\" style='display:block'><\/td><td style='padding:1px 0;vertical-align:middle;white-space:nowrap'>Jo\u00e3o Pedro Silva<\/td><\/tr><tr><td style='padding:1px 6px 1px 0;vertical-align:middle'><img data-recalc-dims=\"1\" src=\"https:\/\/i0.wp.com\/opistobranquis.info\/wp-content\/uploads\/kms\/pink-circle-lv.png?w=900&#038;ssl=1\" style='display:block'><\/td><td style='padding:1px 0;vertical-align:middle;white-space:nowrap'>Bernard Picton<\/td><\/tr><tr><td style='padding:1px 6px 1px 0;vertical-align:middle'><img data-recalc-dims=\"1\" src=\"https:\/\/i0.wp.com\/opistobranquis.info\/wp-content\/uploads\/kms\/blk-circle-lv.png?w=900&#038;ssl=1\" style='display:block'><\/td><td style='padding:1px 0;vertical-align:middle;white-space:nowrap'>GBIF<\/td><\/tr>        <\/table>\n      <\/td>\n      <td style=\"vertical-align:top;\">\n        <table style=\"border-collapse:collapse;\">\n<tr><td style='padding:1px 6px 1px 0;vertical-align:middle'><img data-recalc-dims=\"1\" src=\"https:\/\/i0.wp.com\/opistobranquis.info\/wp-content\/uploads\/kms\/purple-circle-lv.png?w=900&#038;ssl=1\" style='display:block'><\/td><td style='padding:1px 0;vertical-align:middle;white-space:nowrap'>OPK<\/td><\/tr><tr><td style='padding:1px 6px 1px 0;vertical-align:middle'><img data-recalc-dims=\"1\" src=\"https:\/\/i0.wp.com\/opistobranquis.info\/wp-content\/uploads\/kms\/red-circle-lv.png?w=900&#038;ssl=1\" style='display:block'><\/td><td style='padding:1px 0;vertical-align:middle;white-space:nowrap'>VIMAR<\/td><\/tr><tr><td style='padding:1px 6px 1px 0;vertical-align:middle'><img data-recalc-dims=\"1\" src=\"https:\/\/i0.wp.com\/opistobranquis.info\/wp-content\/uploads\/kms\/blu-circle-lv.png?w=900&#038;ssl=1\" style='display:block'><\/td><td style='padding:1px 0;vertical-align:middle;white-space:nowrap'>Manuel Ballesteros<\/td><\/tr><tr><td style='padding:1px 6px 1px 0;vertical-align:middle'><img data-recalc-dims=\"1\" src=\"https:\/\/i0.wp.com\/opistobranquis.info\/wp-content\/uploads\/kms\/cyan-circle-lv.png?w=900&#038;ssl=1\" style='display:block'><\/td><td style='padding:1px 0;vertical-align:middle;white-space:nowrap'>M@re Nostrum<\/td><\/tr><tr><td style='padding:1px 6px 1px 0;vertical-align:middle'><img data-recalc-dims=\"1\" src=\"https:\/\/i0.wp.com\/opistobranquis.info\/wp-content\/uploads\/kms\/grey-circle-lv.png?w=900&#038;ssl=1\" style='display:block'><\/td><td style='padding:1px 0;vertical-align:middle;white-space:nowrap'>Altres fonts<\/td><\/tr><tr><td style='padding:1px 6px 1px 0;vertical-align:middle'><img data-recalc-dims=\"1\" src=\"https:\/\/i0.wp.com\/opistobranquis.info\/wp-content\/uploads\/kms\/marreg.png?w=900&#038;ssl=1\" style='display:block'><\/td><td style='padding:1px 0;vertical-align:middle;white-space:nowrap'>Marine Regions<\/td><\/tr>        <\/table>\n      <\/td>\n    <\/tr>\n  <\/table>\n<\/div>\n<\/p>\n<p><strong>Error:<\/strong> Chart.js no est\u00e1 disponible.<\/p>\n<p><strong>Otras fotos<br \/>\n<\/strong><div class=\"tiled-gallery type-rectangular tiled-gallery-unresized\" data-original-width=\"900\" data-carousel-extra='{&quot;blog_id&quot;:1,&quot;permalink&quot;:&quot;https:\\\/\\\/opistobranquis.info\\\/es\\\/guia\\\/nudibranchia\\\/cladobranchia\\\/fionoidea\\\/trinchesia-ilonae\\\/&quot;,&quot;likes_blog_id&quot;:44192421}' itemscope itemtype=\"http:\/\/schema.org\/ImageGallery\" > <div class=\"gallery-row\" style=\"width: 900px; height: 402px;\" data-original-width=\"900\" data-original-height=\"402\" > <div class=\"gallery-group images-1\" style=\"width: 601px; height: 402px;\" data-original-width=\"601\" data-original-height=\"402\" > <div class=\"tiled-gallery-item tiled-gallery-item-large\" itemprop=\"associatedMedia\" itemscope itemtype=\"http:\/\/schema.org\/ImageObject\"> <a href=\"https:\/\/opistobranquis.info\/es\/guia\/nudibranchia\/cladobranchia\/fionoidea\/trinchesia-ilonae\/trinchesia-ilonae-by-schmeckel-portmann-1982-portada\/\" border=\"0\" itemprop=\"url\"> <meta itemprop=\"width\" content=\"597\"> <meta itemprop=\"height\" content=\"398\"> <img decoding=\"async\" class=\"\" data-attachment-id=\"42609\" data-orig-file=\"https:\/\/opistobranquis.info\/wp-content\/uploads\/2023\/12\/Trinchesia-ilonae-by-Schmeckel-Portmann-1982-portada.jpg\" data-orig-size=\"1513,1008\" data-comments-opened=\"\" data-image-title=\"Trinchesia ilonae by Schmeckel &amp;#038; Portmann (1982)\" data-image-description=\"&lt;p&gt;Trinchesia ilonae by Schmeckel &amp;#038; Portmann (1982) &lt;\/p&gt; \" data-medium-file=\"https:\/\/i0.wp.com\/opistobranquis.info\/wp-content\/uploads\/2023\/12\/Trinchesia-ilonae-by-Schmeckel-Portmann-1982-portada.jpg?fit=300%2C200&#038;ssl=1\" data-large-file=\"https:\/\/i0.wp.com\/opistobranquis.info\/wp-content\/uploads\/2023\/12\/Trinchesia-ilonae-by-Schmeckel-Portmann-1982-portada.jpg?fit=900%2C599&#038;ssl=1\" src=\"https:\/\/i0.wp.com\/opistobranquis.info\/wp-content\/uploads\/2023\/12\/Trinchesia-ilonae-by-Schmeckel-Portmann-1982-portada.jpg?w=597&#038;h=398&#038;ssl=1\" srcset=\"https:\/\/i0.wp.com\/opistobranquis.info\/wp-content\/uploads\/2023\/12\/Trinchesia-ilonae-by-Schmeckel-Portmann-1982-portada.jpg?w=1513&amp;ssl=1 1513w, https:\/\/i0.wp.com\/opistobranquis.info\/wp-content\/uploads\/2023\/12\/Trinchesia-ilonae-by-Schmeckel-Portmann-1982-portada.jpg?resize=300%2C200&amp;ssl=1 300w, https:\/\/i0.wp.com\/opistobranquis.info\/wp-content\/uploads\/2023\/12\/Trinchesia-ilonae-by-Schmeckel-Portmann-1982-portada.jpg?resize=1024%2C682&amp;ssl=1 1024w, https:\/\/i0.wp.com\/opistobranquis.info\/wp-content\/uploads\/2023\/12\/Trinchesia-ilonae-by-Schmeckel-Portmann-1982-portada.jpg?resize=150%2C100&amp;ssl=1 150w\" width=\"597\" height=\"398\" loading=\"lazy\" data-original-width=\"597\" data-original-height=\"398\" itemprop=\"http:\/\/schema.org\/image\" title=\"Trinchesia ilonae by Schmeckel &amp; Portmann (1982)\" alt=\"Trinchesia ilonae by Schmeckel &amp; Portmann (1982)\" style=\"width: 597px; height: 398px;\" \/> <\/a> <div class=\"tiled-gallery-caption\" itemprop=\"caption description\"> Trinchesia ilonae <\/div> <\/div> <\/div> <!-- close group --> <div class=\"gallery-group images-2\" style=\"width: 299px; height: 402px;\" data-original-width=\"299\" data-original-height=\"402\" > <div class=\"tiled-gallery-item tiled-gallery-item-large\" itemprop=\"associatedMedia\" itemscope itemtype=\"http:\/\/schema.org\/ImageObject\"> <a href=\"https:\/\/opistobranquis.info\/es\/guia\/nudibranchia\/cladobranchia\/fionoidea\/trinchesia-ilonae\/trinchesia-ilonae-ria-de-ferrol-by-victoriano-urgorri-1997\/\" border=\"0\" itemprop=\"url\"> <meta itemprop=\"width\" content=\"295\"> <meta itemprop=\"height\" content=\"172\"> <img decoding=\"async\" class=\"\" data-attachment-id=\"42611\" data-orig-file=\"https:\/\/opistobranquis.info\/wp-content\/uploads\/2023\/12\/Trinchesia-ilonae-@-Ria-de-Ferrol-by-Victoriano-Urgorri-1997.jpg\" data-orig-size=\"822,480\" data-comments-opened=\"\" data-image-title=\"Trinchesia ilonae @ (R\u00eda de Ferrol) by Victoriano Urgorri (1997)\" data-image-description=\"&lt;p&gt;Trinchesia ilonae @ (R\u00eda de Ferrol) by Victoriano Urgorri (1997)&lt;\/p&gt; \" data-medium-file=\"https:\/\/i0.wp.com\/opistobranquis.info\/wp-content\/uploads\/2023\/12\/Trinchesia-ilonae-%40-Ria-de-Ferrol-by-Victoriano-Urgorri-1997.jpg?fit=300%2C175&#038;ssl=1\" data-large-file=\"https:\/\/i0.wp.com\/opistobranquis.info\/wp-content\/uploads\/2023\/12\/Trinchesia-ilonae-%40-Ria-de-Ferrol-by-Victoriano-Urgorri-1997.jpg?fit=822%2C480&#038;ssl=1\" src=\"https:\/\/i0.wp.com\/opistobranquis.info\/wp-content\/uploads\/2023\/12\/Trinchesia-ilonae-%40-Ria-de-Ferrol-by-Victoriano-Urgorri-1997.jpg?w=295&#038;h=172&#038;ssl=1\" width=\"295\" height=\"172\" loading=\"lazy\" data-original-width=\"295\" data-original-height=\"172\" itemprop=\"http:\/\/schema.org\/image\" title=\"Trinchesia ilonae @ (R\u00eda de Ferrol) by Victoriano Urgorri (1997)\" alt=\"Trinchesia ilonae @ (R\u00eda de Ferrol) by Victoriano Urgorri (1997)\" style=\"width: 295px; height: 172px;\" \/> <\/a> <div class=\"tiled-gallery-caption\" itemprop=\"caption description\"> Trinchesia ilonae @ (R\u00eda de Ferrol) by Victoriano Urgorri (1997) <\/div> <\/div> <div class=\"tiled-gallery-item tiled-gallery-item-large\" itemprop=\"associatedMedia\" itemscope itemtype=\"http:\/\/schema.org\/ImageObject\"> <a href=\"https:\/\/opistobranquis.info\/es\/guia\/nudibranchia\/cladobranchia\/fionoidea\/trinchesia-ilonae\/trinchesia-ilonae-thau-france-by-pascal-girard-3\/\" border=\"0\" itemprop=\"url\"> <meta itemprop=\"width\" content=\"295\"> <meta itemprop=\"height\" content=\"222\"> <img decoding=\"async\" class=\"\" data-attachment-id=\"44195\" data-orig-file=\"https:\/\/opistobranquis.info\/wp-content\/uploads\/2024\/05\/Trinchesia-ilonae-@-Thau-France-by-Pascal-Girard-3.jpg\" data-orig-size=\"2048,1536\" data-comments-opened=\"\" data-image-title=\"Trinchesia ilonae @ Thau, France by Pascal Girard\" data-image-description=\"&lt;p&gt;Trinchesia ilonae @ Thau, France by Pascal Girard&lt;\/p&gt; \" data-medium-file=\"https:\/\/i0.wp.com\/opistobranquis.info\/wp-content\/uploads\/2024\/05\/Trinchesia-ilonae-%40-Thau-France-by-Pascal-Girard-3.jpg?fit=300%2C225&#038;ssl=1\" data-large-file=\"https:\/\/i0.wp.com\/opistobranquis.info\/wp-content\/uploads\/2024\/05\/Trinchesia-ilonae-%40-Thau-France-by-Pascal-Girard-3.jpg?fit=900%2C675&#038;ssl=1\" src=\"https:\/\/i0.wp.com\/opistobranquis.info\/wp-content\/uploads\/2024\/05\/Trinchesia-ilonae-%40-Thau-France-by-Pascal-Girard-3.jpg?w=295&#038;h=222&#038;ssl=1\" width=\"295\" height=\"222\" loading=\"lazy\" data-original-width=\"295\" data-original-height=\"222\" itemprop=\"http:\/\/schema.org\/image\" title=\"Trinchesia ilonae @ Thau, France by Pascal Girard\" alt=\"Trinchesia ilonae @ Thau, France by Pascal Girard\" style=\"width: 295px; height: 222px;\" \/> <\/a> <div class=\"tiled-gallery-caption\" itemprop=\"caption description\"> Trinchesia ilonae @ Thau, France by Pascal Girard <\/div> <\/div> <\/div> <!-- close group --> <\/div> <!-- close row --> <div class=\"gallery-row\" style=\"width: 900px; height: 676px;\" data-original-width=\"900\" data-original-height=\"676\" > <div class=\"gallery-group images-1\" style=\"width: 900px; height: 676px;\" data-original-width=\"900\" data-original-height=\"676\" > <div class=\"tiled-gallery-item tiled-gallery-item-large\" itemprop=\"associatedMedia\" itemscope itemtype=\"http:\/\/schema.org\/ImageObject\"> <a href=\"https:\/\/opistobranquis.info\/es\/guia\/nudibranchia\/cladobranchia\/fionoidea\/trinchesia-ilonae\/trinchesia-ilonae-thau-france-by-pascal-girard-2\/\" border=\"0\" itemprop=\"url\"> <meta itemprop=\"width\" content=\"896\"> <meta itemprop=\"height\" content=\"672\"> <img decoding=\"async\" class=\"\" data-attachment-id=\"44196\" data-orig-file=\"https:\/\/opistobranquis.info\/wp-content\/uploads\/2024\/05\/Trinchesia-ilonae-@-Thau-France-by-Pascal-Girard-2.jpg\" data-orig-size=\"2048,1536\" data-comments-opened=\"\" data-image-title=\"Trinchesia ilonae @ Thau, France by Pascal Girard\" data-image-description=\"&lt;p&gt;Trinchesia ilonae @ Thau, France by Pascal Girard&lt;\/p&gt; \" data-medium-file=\"https:\/\/i0.wp.com\/opistobranquis.info\/wp-content\/uploads\/2024\/05\/Trinchesia-ilonae-%40-Thau-France-by-Pascal-Girard-2.jpg?fit=300%2C225&#038;ssl=1\" data-large-file=\"https:\/\/i0.wp.com\/opistobranquis.info\/wp-content\/uploads\/2024\/05\/Trinchesia-ilonae-%40-Thau-France-by-Pascal-Girard-2.jpg?fit=900%2C675&#038;ssl=1\" src=\"https:\/\/i0.wp.com\/opistobranquis.info\/wp-content\/uploads\/2024\/05\/Trinchesia-ilonae-%40-Thau-France-by-Pascal-Girard-2.jpg?w=896&#038;h=672&#038;ssl=1\" width=\"896\" height=\"672\" loading=\"lazy\" data-original-width=\"896\" data-original-height=\"672\" itemprop=\"http:\/\/schema.org\/image\" title=\"Trinchesia ilonae @ Thau, France by Pascal Girard\" alt=\"Trinchesia ilonae @ Thau, France by Pascal Girard\" style=\"width: 896px; height: 672px;\" \/> <\/a> <div class=\"tiled-gallery-caption\" itemprop=\"caption description\"> Trinchesia ilonae @ Thau, France by Pascal Girard <\/div> <\/div> <\/div> <!-- close group --> <\/div> <!-- close row --> <\/div><\/p>\n<p><strong>Bibliograf\u00eda<\/strong><\/p><ul><div id=\"zotpress-c62b0c4dd966b74a615d076b0ada91d1\" class=\"zp-Zotpress zp-Zotpress-Bib wp-block-group\">\n\n\t\t<span class=\"ZP_API_USER_ID ZP_ATTR\">1246567<\/span>\n\t\t<span class=\"ZP_ITEM_KEY ZP_ATTR\"><\/span>\n\t\t<span class=\"ZP_COLLECTION_ID ZP_ATTR\"><\/span>\n\t\t<span class=\"ZP_TAG_ID ZP_ATTR\">Trinchesia ilonae<\/span>\n\t\t<span class=\"ZP_AUTHOR ZP_ATTR\"><\/span>\n\t\t<span class=\"ZP_YEAR ZP_ATTR\"><\/span>\n        <span class=\"ZP_ITEMTYPE ZP_ATTR\"><\/span>\n\t\t<span class=\"ZP_INCLUSIVE ZP_ATTR\">1<\/span>\n\t\t<span class=\"ZP_STYLE ZP_ATTR\">eunomia-revista-en-cultura-de-la-legalidad<\/span>\n\t\t<span class=\"ZP_LIMIT ZP_ATTR\">50<\/span>\n\t\t<span class=\"ZP_SORTBY ZP_ATTR\">creator<\/span>\n\t\t<span class=\"ZP_ORDER ZP_ATTR\">asc<\/span>\n\t\t<span class=\"ZP_TITLE ZP_ATTR\"><\/span>\n\t\t<span class=\"ZP_SHOWIMAGE ZP_ATTR\"><\/span>\n\t\t<span class=\"ZP_SHOWTAGS ZP_ATTR\"><\/span>\n\t\t<span class=\"ZP_DOWNLOADABLE ZP_ATTR\"><\/span>\n\t\t<span class=\"ZP_NOTES ZP_ATTR\"><\/span>\n\t\t<span class=\"ZP_ABSTRACT ZP_ATTR\"><\/span>\n\t\t<span class=\"ZP_CITEABLE ZP_ATTR\"><\/span>\n\t\t<span class=\"ZP_TARGET ZP_ATTR\">1<\/span>\n\t\t<span class=\"ZP_URLWRAP ZP_ATTR\"><\/span>\n\t\t<span class=\"ZP_FORCENUM ZP_ATTR\"><\/span>\n        <span class=\"ZP_HIGHLIGHT ZP_ATTR\"><\/span>\n        <span class=\"ZP_POSTID ZP_ATTR\">42602<\/span>\n\t\t<span class=\"ZOTPRESS_PLUGIN_URL ZP_ATTR\">https:\/\/opistobranquis.info\/wp-content\/plugins\/zotpress\/<\/span>\n\n\t\t<div class=\"zp-List loading\">\n\t\t\t<div class=\"zp-SEO-Content\">\n\n\t\t\t<\/div><!-- .zp-zp-SEO-Content -->\n\t\t<\/div><!-- .zp-List -->\n\t<\/div><!--.zp-Zotpress-->\n\n<p><\/p>Bibliograf\u00eda basada en los trabajos de <b>Steve Long, 2006<\/b>. <a target=_blank href=https:\/\/opistobranquis.info\/wp-content\/uploads\/2016\/06\/Long-S.-2006-Bibliography-of-Opisthobranchia-1554-2000.pdf>Bibliography of Opisthobranchia 1554-2000<\/a> y <b>Gary McDonald, 2009<\/b>. <a href=http:\/\/escholarship.org\/uc\/item\/8115h0wz>Bibliographia Nudibranchia<\/a>, con actualizaciones posteriores procedentes de otras fuentes.<p><\/p><\/ul><p><\/p><p><strong>M\u00e1s informaci\u00f3n<\/strong><\/p><span style=\"font-size:10pt\"><ul><ul class=\"blogroll-links\"><li><a href=\"https:\/\/www.flickr.com\/search\/?text=Trinchesia%20ilonae\">Flickr pictures<\/a><\/li><li><a href=\"https:\/\/www.gbif.org\/species\/7580334\">GBIF<\/a><\/li><li><a href=\"http:\/\/www.irmng.org\/aphia.php?p=taxlist&#038;tName=Trinchesia%20ilonae\">Interim Register of Marine and Nonmarine Genera<\/a><\/li><li><a href=\"https:\/\/marinespecies.org\/aphia.php?p=taxdetails&#038;id=750610\">World Register of Marine Species<\/a><\/li><\/ul><\/ul><\/span><p><strong>Citar este art\u00edculo como: <\/strong><\/p><div style=\"display: block; background: #444444; padding: 10px 30px 10px 10px; border-radius: 5px; line-height: 18px;\"><p class=\"citacio\"><b>Pontes, Miquel<\/b> (2025) <em>\"Trinchesia ilonae\"<\/em> en <em>OPK-Opistobranquis<\/em>. Publicado: 07\/12\/2023. Accedido: 03\/09\/2026. Disponible en (<a href=https:\/\/opistobranquis.info\/es\/?p=42602>https:\/\/opistobranquis.info\/es\/?p=42602<\/a>)<\/p><p><\/p><\/div><p><\/p><\/p>","protected":false},"excerpt":{"rendered":"<p>Trinchesia ilonae Schmekel, 1968 Sin\u00f3nimos Cuthona ilonae (Schmekel, 1968) Descripci\u00f3n Cuerpo alargado y fino, de color blanco transl\u00facido, con una longitud m\u00e1xima de 4 mm. Los rin\u00f3foros, la parte dorsal de los tent\u00e1culos orales, la cabeza y el dorso del cuerpo est\u00e1n recubiertos de manchas blancas de forma irregular, que tambi\u00e9n aparecen, pero con una distribuci\u00f3n m\u00e1s uniforme, formando bandas en los cerata. Los rin\u00f3foros son digitiformes, lisos y relativamente\u2026<\/p>\n<p class=\"continue-reading-button\"> <a class=\"continue-reading-link\" href=\"https:\/\/opistobranquis.info\/es\/guia\/nudibranchia\/cladobranchia\/fionoidea\/trinchesia-ilonae\/\">Sigue leyendo<i class=\"crycon-right-dir\"><\/i><\/a><\/p>\n","protected":false},"author":5,"featured_media":44197,"parent":25630,"menu_order":8737,"comment_status":"closed","ping_status":"closed","template":"","meta":{"footnotes":""},"class_list":["post-42602","page","type-page","status-publish","has-post-thumbnail","hentry"],"jetpack_sharing_enabled":true,"_links":{"self":[{"href":"https:\/\/opistobranquis.info\/es\/wp-json\/wp\/v2\/pages\/42602","targetHints":{"allow":["GET"]}}],"collection":[{"href":"https:\/\/opistobranquis.info\/es\/wp-json\/wp\/v2\/pages"}],"about":[{"href":"https:\/\/opistobranquis.info\/es\/wp-json\/wp\/v2\/types\/page"}],"author":[{"embeddable":true,"href":"https:\/\/opistobranquis.info\/es\/wp-json\/wp\/v2\/users\/5"}],"replies":[{"embeddable":true,"href":"https:\/\/opistobranquis.info\/es\/wp-json\/wp\/v2\/comments?post=42602"}],"version-history":[{"count":7,"href":"https:\/\/opistobranquis.info\/es\/wp-json\/wp\/v2\/pages\/42602\/revisions"}],"predecessor-version":[{"id":42614,"href":"https:\/\/opistobranquis.info\/es\/wp-json\/wp\/v2\/pages\/42602\/revisions\/42614"}],"up":[{"embeddable":true,"href":"https:\/\/opistobranquis.info\/es\/wp-json\/wp\/v2\/pages\/25630"}],"wp:featuredmedia":[{"embeddable":true,"href":"https:\/\/opistobranquis.info\/es\/wp-json\/wp\/v2\/media\/44197"}],"wp:attachment":[{"href":"https:\/\/opistobranquis.info\/es\/wp-json\/wp\/v2\/media?parent=42602"}],"curies":[{"name":"wp","href":"https:\/\/api.w.org\/{rel}","templated":true}]}}