{"id":544,"date":"2012-05-16T19:57:52","date_gmt":"2012-05-16T17:57:52","guid":{"rendered":"https:\/\/opistobranquis.info\/tritonia-manicatatritonia-manicatatritonia-manicata"},"modified":"2024-08-16T07:40:17","modified_gmt":"2024-08-16T05:40:17","slug":"candiella-manicata","status":"publish","type":"page","link":"https:\/\/opistobranquis.info\/es\/guia\/nudibranchia\/cladobranchia\/tritonioidea\/candiella-manicata\/","title":{"rendered":"Candiella manicata"},"content":{"rendered":"<p><\/p>\n<h3><em>Candiella manicata<\/em> (Deshayes, 1853)<\/h3>\n<p><span style=\"font-size:10pt;\" class=\"aligncenter\"><div id=\"featured-img-id\"><img data-recalc-dims=\"1\" decoding=\"async\" src=\"https:\/\/i0.wp.com\/opistobranquis.info\/wp-content\/uploads\/2024\/08\/Candiella-manicata-242.jpg?w=900&#038;ssl=1\" alt=\"Candiella manicata @ L&#039;Escala by Enric Madrenas\" \/><\/div><center><em><\/em> por Enric Madrenas<\/center><\/span><p><\/p><div class=\"opk-worms\"><h3>Informaci\u00f3n taxon\u00f3mica WoRMS<\/h3><div class=\"opk-success\">Nombre aceptado actual: <strong><em>Candiella manicata<\/em> (Deshayes, 1853)<\/strong><\/div><h4>Clasificaci\u00f3n actual<\/h4><table class=\"widefat striped\"><tr><th>Superdomain<\/th><td><a target=\"_blank\" href=\"https:\/\/www.marinespecies.org\/aphia.php?p=taxdetails&id=1\">Biota<\/a><\/td><\/tr><tr><th>Kingdom<\/th><td><a target=\"_blank\" href=\"https:\/\/www.marinespecies.org\/aphia.php?p=taxdetails&id=2\">Animalia<\/a><\/td><\/tr><tr><th>Phylum<\/th><td><a target=\"_blank\" href=\"https:\/\/www.marinespecies.org\/aphia.php?p=taxdetails&id=51\">Mollusca<\/a><\/td><\/tr><tr><th>Class<\/th><td><a target=\"_blank\" href=\"https:\/\/www.marinespecies.org\/aphia.php?p=taxdetails&id=101\">Gastropoda<\/a><\/td><\/tr><tr><th>Subclass<\/th><td><a target=\"_blank\" href=\"https:\/\/www.marinespecies.org\/aphia.php?p=taxdetails&id=14712\">Heterobranchia<\/a><\/td><\/tr><tr><th>Infraclass<\/th><td><a target=\"_blank\" href=\"https:\/\/www.marinespecies.org\/aphia.php?p=taxdetails&id=1057247\">Euthyneura<\/a><\/td><\/tr><tr><th>Subterclass<\/th><td><a target=\"_blank\" href=\"https:\/\/www.marinespecies.org\/aphia.php?p=taxdetails&id=1057249\">Ringipleura<\/a><\/td><\/tr><tr><th>Superorder<\/th><td><a target=\"_blank\" href=\"https:\/\/www.marinespecies.org\/aphia.php?p=taxdetails&id=411966\">Nudipleura<\/a><\/td><\/tr><tr><th>Order<\/th><td><a target=\"_blank\" href=\"https:\/\/www.marinespecies.org\/aphia.php?p=taxdetails&id=1762\">Nudibranchia<\/a><\/td><\/tr><tr><th>Suborder<\/th><td><a target=\"_blank\" href=\"https:\/\/www.marinespecies.org\/aphia.php?p=taxdetails&id=827889\">Cladobranchia<\/a><\/td><\/tr><tr><th>Superfamily<\/th><td><a target=\"_blank\" href=\"https:\/\/www.marinespecies.org\/aphia.php?p=taxdetails&id=412595\">Tritonioidea<\/a><\/td><\/tr><tr><th>Family<\/th><td><a target=\"_blank\" href=\"https:\/\/www.marinespecies.org\/aphia.php?p=taxdetails&id=183\">Tritoniidae<\/a><\/td><\/tr><tr><th>Subfamily<\/th><td><a target=\"_blank\" href=\"https:\/\/www.marinespecies.org\/aphia.php?p=taxdetails&id=1669234\">Tritoniinae<\/a><\/td><\/tr><tr><th>Genus<\/th><td><a target=\"_blank\" href=\"https:\/\/www.marinespecies.org\/aphia.php?p=taxdetails&id=536854\"><em>Candiella<\/em><\/a><\/td><\/tr><tr><th>Species<\/th><td><a target=\"_blank\" href=\"https:\/\/www.marinespecies.org\/aphia.php?p=taxdetails&id=1669252\"><em>Candiella manicata<\/em> (Deshayes, 1853)<\/a><\/td><\/tr><\/table><p class=\"footer\">Clasificaci\u00f3n proporcionada por el World Register of Marine Species (WoRMS). [<a target=\"_blank\" href=\"https:\/\/www.marinespecies.org\/aphia.php?p=taxdetails&id=1669252\">1669252<\/a>]<\/p><\/div><strong>Nota taxon\u00f3mica<\/strong>. El g\u00e9nero\u00a0<em>Duvaucelia<\/em>\u00a0se restablece despu\u00e9s del art\u00edculo de Korshunova y Martynov (2020) para diferenciar los peque\u00f1os Tritoniidae con velo frontal no bilobulado y un n\u00famero moderado de dientes laterales en la r\u00e1dula, que habitan principalmente aguas templadas y subtropicales europeas.<br \/>\nEn 2023, el nombre del g\u00e9nero <em>Duvaucelia<\/em> cambia nuevamente a <em>Candiella<\/em> seg\u00fan De Vasconcelos et al. (2023) bas\u00e1ndose en que la descripci\u00f3n original de <em>Duvaucelia gracilis<\/em> no se refiere a un esp\u00e9cimen de <em>Duvaucelia manicata<\/em> (incorrectamente sinonimizada en el pasado con <em>Duvaucelia gracilis<\/em>, especie tipo del g\u00e9nero <em>Duvaucelia<\/em>), por lo que proponen establecer la sinonimia de <em>Duvaucelia gracilis<\/em> con <em>Marionia blainvillea<\/em>. Por lo tanto, <em>Duvaucelia<\/em> actualmente no se considerar\u00eda un g\u00e9nero v\u00e1lido y el nombre <em>Candiella<\/em> se reinstaura en base a la especie tipo <em>Candiella plebeia<\/em>.<br \/>\nLas especies actualmente admitidas en el el g\u00e9nero <em>Candiella<\/em> serian: <em>Candiella cincta<\/em> (Pruvot-Fol 1937) comb. nov., <em>Ca. coralliumrubri<\/em> (Doneddu et al. 2014) comb. nov., <em>Ca. lineata<\/em> comb. nov., <em>Ca. manicata<\/em> comb. nov., <em>Ca. odhneri<\/em> comb. nov., <em>Ca. pallescens<\/em> Eliot 1906 comb. nov., <em>Ca. plebeia<\/em>, <em>Ca. striata<\/em> comb. nov. and <em>Ca. taliartensis<\/em> Ortea and Moro, 2009 comb. nov.<br \/>\nDe Vasconcelos et al. (2023) comentan que <em>Ca. manicata<\/em> oculta un complejo de, al menos, 4 especies cr\u00edpticas que se estudiar\u00e1n en el futuro.<\/p>\n<p><strong>Sin\u00f2nims<\/strong><\/p>\n<ul>\n<li><span id=\"aphia_ct_tu_747963\"><i>Candiella villafranca<\/i> Vayssi\u00e8re, 1901<\/span><\/li>\n<li><span id=\"aphia_ct_tu_748536\"><i>Duvaucelia gracilis<\/i> Risso, 1826<\/span><\/li>\n<li><span id=\"aphia_ct_tu_749505\"><i>Nemocephala marmorata<\/i> Costa A., 1867<\/span><\/li>\n<li><span id=\"aphia_ct_tu_750641\"><i>Tritonia moesta<\/i> Bergh, 1884<\/span><\/li>\n<li><em>Tritonia manicata<\/em>\u00a0Deshayes, 1853<\/li>\n<li><em>Duvaucelia manicata<\/em> (Deshayes, 1853)<\/li>\n<\/ul>\n<p><strong>Descripci\u00f3n<br \/>\n<\/strong>El cuerpo, como otras especies del mismo g\u00e9nero, es alto y de secci\u00f3n cuadrangular. Los animales son peque\u00f1os y pueden alcanzar un tama\u00f1o de poco m\u00e1s de 10 mm de longitud. La coloraci\u00f3n de fondo del cuerpo es blanquecina-hueso pero en todo el dorso se presenta oscurecida por una mancha pardo oscuro, casi negra, alargada y de contorno irregular, cont\u00ednua en muchos ejemplares, que va desde el dorso de la cabeza hasta la cola. Manchas del mismo color tambi\u00e9n se aprecian delante de los rin\u00f3foros y en las paredes laterales del cuerpo, en este \u00faltimo caso en forma de peque\u00f1as manchas irregulares y en algunos animales alineadas en forma de una estr\u00eda discontinua. En algunos ejemplares las manchas del dorso y lados del cuerpo pueden ser de tono rojizo. La cabeza tiene anteriormente un velo cef\u00e1lico semitransparente con 4-6 digitaciones. Los rin\u00f3foros son cortos y de forma cil\u00edndrica, con 2-3 laminillas muy poco desarrolladas y un peque\u00f1o n\u00famero de digitaciones dirigidas\u00a0 oblicuamente hacia delante. El rin\u00f3foro est\u00e1 rodeado en su base de una vaina ancha de color blanquecino que tambi\u00e9n puede estar coloreada de pigmento pardo oscuro. Los ojos se aprecian por transparencia en el centro de la base de los rin\u00f3foros. El dorso tiene 3-4 procesos poco ramificados a cada lado y de color blanquecino. El orificio genital y el ano se encuentran en el lado derecho del cuerpo, a la altura del primer y segundo proceso dorsal. El pie es redondeado en la zona anterior y ancho en la cola, sobresaliendo ampliamente por debajo del dorso; su color es blanquecino-hueso.<\/p>\n<p><strong>Biolog\u00eda<br \/>\n<\/strong>Esta especie se suele encontrar a poca profundidad en paredes rocosas poco iluminadas con abundancia de algas, esponjas e hidrarios. En estas paredes abundan cnidarios antozoos del grupo de los estolon\u00edferos de los g\u00e9neros <i>Cornularia<\/i> y <i>Clavularia<\/i>, de los que al parecer se alimenta. Tambi\u00e9n puede aparecer entre rizomas de <i>Posidonia oceanica<\/i>.<\/p>\n<p><strong>Etimolog\u00eda<\/strong><\/p>\n<ul>\n<li><em>Candiella<\/em>. Los autores cl\u00e1sicos no explicaban habitualmente el origen de los nombres elegidos.<\/li>\n<li><em>Manicata<\/em>. Del Lat\u00edn &#8220;manicatus&#8221;, que tiene mangas, en alusi\u00f3n a las vainas rinof\u00f3ricas.<\/li>\n<\/ul>\n<p><strong>Distribuci\u00f3n<br \/>\n<\/strong>Esta especie se distribuye principalmente por todas las costas del Mediterr\u00e1neo aunque hay citas de ella en la costa atl\u00e1ntica de Marruecos y en las Islas Brit\u00e1nicas. En la Pen\u00ednsula Ib\u00e9rica se ha encontrado en todas sus zonas costeras y tambi\u00e9n en el archipi\u00e9lago balear. En Catalunya se ha citado en numerosas localidades de la Costa Brava como Es Caials, Illes Medes, L\u00b4Estartit, Cala Aiguablava, Llafranc, Cala Santa Cristina, Tossa de Mar, y tambi\u00e9n en Vilassar de Mar. <div id=\"flxmap-6a9a7c248948d\" class='flxmap-container' data-flxmap='flxmap_6a9a7c248948d' style=\"width:100%;height:400px;\"><\/div>\n<script data-noptimize=\"1\">\n\/* <![CDATA[ *\/\n(function(w, fn) {\n if (w.addEventListener) w.addEventListener(\"DOMContentLoaded\", fn, false);\n else if (w.attachEvent) w.attachEvent(\"onload\", fn);\n})(window, function() {\n var f = new FlexibleMap();\n f.panControl = true;\n f.mapTypeId = \"satellite\";\n f.setlocale(\"es-ES\");\n f.kmlcache = \"5 minutes\";\n f.showKML(\"flxmap-6a9a7c248948d\", \"https:\/\/opistobranquis.info\/wp-content\/uploads\/kms\/544.kmz\");\n window.flxmap_6a9a7c248948d = f;\n});\n\/* ]]> *\/\n<\/script>\n<div style=\"width:100%;text-align:center;margin:12px 0 4px 0;\">\n  <div style=\"font-size:8pt;margin-bottom:6px;\">Citas georeferenciadas conocidas de la especie: <em>Candiella manicata<\/em><\/div>\n  <table style=\"margin:0 auto;border-collapse:collapse;font-size:8pt;\">\n    <tr><td colspan=\"2\" style=\"text-align:left;padding-bottom:4px;\"><strong>Fonts:<\/strong><\/td><\/tr>\n    <tr>\n      <td style=\"vertical-align:top;padding-right:40px;\">\n        <table style=\"border-collapse:collapse;\">\n<tr><td style='padding:1px 6px 1px 0;vertical-align:middle'><img data-recalc-dims=\"1\" src=\"https:\/\/i0.wp.com\/opistobranquis.info\/wp-content\/uploads\/kms\/wht-circle-lv.png?w=900&#038;ssl=1\" style='display:block'><\/td><td style='padding:1px 0;vertical-align:middle;white-space:nowrap'>OBIS<\/td><\/tr><tr><td style='padding:1px 6px 1px 0;vertical-align:middle'><img data-recalc-dims=\"1\" src=\"https:\/\/i0.wp.com\/opistobranquis.info\/wp-content\/uploads\/kms\/ylw-circle-lv.png?w=900&#038;ssl=1\" style='display:block'><\/td><td style='padding:1px 0;vertical-align:middle;white-space:nowrap'>GROC 2010-2011<\/td><\/tr><tr><td style='padding:1px 6px 1px 0;vertical-align:middle'><img data-recalc-dims=\"1\" src=\"https:\/\/i0.wp.com\/opistobranquis.info\/wp-content\/uploads\/kms\/grn-circle-lv.png?w=900&#038;ssl=1\" style='display:block'><\/td><td style='padding:1px 0;vertical-align:middle;white-space:nowrap'>Enric Madrenas<\/td><\/tr><tr><td style='padding:1px 6px 1px 0;vertical-align:middle'><img data-recalc-dims=\"1\" src=\"https:\/\/i0.wp.com\/opistobranquis.info\/wp-content\/uploads\/kms\/orange-circle-lv.png?w=900&#038;ssl=1\" style='display:block'><\/td><td style='padding:1px 0;vertical-align:middle;white-space:nowrap'>Jo\u00e3o Pedro Silva<\/td><\/tr><tr><td style='padding:1px 6px 1px 0;vertical-align:middle'><img data-recalc-dims=\"1\" src=\"https:\/\/i0.wp.com\/opistobranquis.info\/wp-content\/uploads\/kms\/pink-circle-lv.png?w=900&#038;ssl=1\" style='display:block'><\/td><td style='padding:1px 0;vertical-align:middle;white-space:nowrap'>Bernard Picton<\/td><\/tr><tr><td style='padding:1px 6px 1px 0;vertical-align:middle'><img data-recalc-dims=\"1\" src=\"https:\/\/i0.wp.com\/opistobranquis.info\/wp-content\/uploads\/kms\/blk-circle-lv.png?w=900&#038;ssl=1\" style='display:block'><\/td><td style='padding:1px 0;vertical-align:middle;white-space:nowrap'>GBIF<\/td><\/tr>        <\/table>\n      <\/td>\n      <td style=\"vertical-align:top;\">\n        <table style=\"border-collapse:collapse;\">\n<tr><td style='padding:1px 6px 1px 0;vertical-align:middle'><img data-recalc-dims=\"1\" src=\"https:\/\/i0.wp.com\/opistobranquis.info\/wp-content\/uploads\/kms\/purple-circle-lv.png?w=900&#038;ssl=1\" style='display:block'><\/td><td style='padding:1px 0;vertical-align:middle;white-space:nowrap'>OPK<\/td><\/tr><tr><td style='padding:1px 6px 1px 0;vertical-align:middle'><img data-recalc-dims=\"1\" src=\"https:\/\/i0.wp.com\/opistobranquis.info\/wp-content\/uploads\/kms\/red-circle-lv.png?w=900&#038;ssl=1\" style='display:block'><\/td><td style='padding:1px 0;vertical-align:middle;white-space:nowrap'>VIMAR<\/td><\/tr><tr><td style='padding:1px 6px 1px 0;vertical-align:middle'><img data-recalc-dims=\"1\" src=\"https:\/\/i0.wp.com\/opistobranquis.info\/wp-content\/uploads\/kms\/blu-circle-lv.png?w=900&#038;ssl=1\" style='display:block'><\/td><td style='padding:1px 0;vertical-align:middle;white-space:nowrap'>Manuel Ballesteros<\/td><\/tr><tr><td style='padding:1px 6px 1px 0;vertical-align:middle'><img data-recalc-dims=\"1\" src=\"https:\/\/i0.wp.com\/opistobranquis.info\/wp-content\/uploads\/kms\/cyan-circle-lv.png?w=900&#038;ssl=1\" style='display:block'><\/td><td style='padding:1px 0;vertical-align:middle;white-space:nowrap'>M@re Nostrum<\/td><\/tr><tr><td style='padding:1px 6px 1px 0;vertical-align:middle'><img data-recalc-dims=\"1\" src=\"https:\/\/i0.wp.com\/opistobranquis.info\/wp-content\/uploads\/kms\/grey-circle-lv.png?w=900&#038;ssl=1\" style='display:block'><\/td><td style='padding:1px 0;vertical-align:middle;white-space:nowrap'>Altres fonts<\/td><\/tr><tr><td style='padding:1px 6px 1px 0;vertical-align:middle'><img data-recalc-dims=\"1\" src=\"https:\/\/i0.wp.com\/opistobranquis.info\/wp-content\/uploads\/kms\/marreg.png?w=900&#038;ssl=1\" style='display:block'><\/td><td style='padding:1px 0;vertical-align:middle;white-space:nowrap'>Marine Regions<\/td><\/tr>        <\/table>\n      <\/td>\n    <\/tr>\n  <\/table>\n<\/div>\n<\/p>\n<p><strong>Especies similares<\/strong><br \/>\nPor su coloraci\u00f3n oscura no se puede confundir con ninguna otra especie.<\/p>\n<p><strong>Error:<\/strong> Chart.js no est\u00e1 disponible.<\/p>\n<p><strong>Videos<\/strong><\/p>\n<p><iframe loading=\"lazy\" src=\"https:\/\/player.vimeo.com\/video\/406789155?dnt=1&amp;app_id=122963\" width=\"900\" height=\"506\" frameborder=\"0\" allow=\"autoplay; fullscreen; picture-in-picture; clipboard-write\"><\/iframe><\/p>\n<p><iframe loading=\"lazy\" src=\"https:\/\/player.vimeo.com\/video\/784332440?dnt=1&amp;app_id=122963\" width=\"900\" height=\"506\" frameborder=\"0\" allow=\"autoplay; fullscreen; picture-in-picture; clipboard-write\"><\/iframe><\/p>\n<p><iframe loading=\"lazy\" src=\"https:\/\/player.vimeo.com\/video\/784332489?dnt=1&amp;app_id=122963\" width=\"900\" height=\"506\" frameborder=\"0\" allow=\"autoplay; fullscreen; picture-in-picture; clipboard-write\"><\/iframe><\/p>\n<p>&nbsp;<\/p>\n<p><strong>Otras fotos<br \/>\n<\/strong><div class=\"tiled-gallery type-rectangular tiled-gallery-unresized\" data-original-width=\"900\" data-carousel-extra='{&quot;blog_id&quot;:1,&quot;permalink&quot;:&quot;https:\\\/\\\/opistobranquis.info\\\/es\\\/guia\\\/nudibranchia\\\/cladobranchia\\\/tritonioidea\\\/candiella-manicata\\\/&quot;,&quot;likes_blog_id&quot;:44192421}' itemscope itemtype=\"http:\/\/schema.org\/ImageGallery\" > <div class=\"gallery-row\" style=\"width: 900px; height: 567px;\" data-original-width=\"900\" data-original-height=\"567\" > <div class=\"gallery-group images-3\" style=\"width: 236px; height: 567px;\" data-original-width=\"236\" data-original-height=\"567\" > <div class=\"tiled-gallery-item tiled-gallery-item-small\" itemprop=\"associatedMedia\" itemscope itemtype=\"http:\/\/schema.org\/ImageObject\"> <a href=\"https:\/\/opistobranquis.info\/es\/guia\/nudibranchia\/cladobranchia\/tritonioidea\/candiella-manicata\/duvaucelia-manicata-2\/\" border=\"0\" itemprop=\"url\"> <meta itemprop=\"width\" content=\"232\"> <meta itemprop=\"height\" content=\"230\"> <img decoding=\"async\" class=\"\" data-attachment-id=\"4420\" data-orig-file=\"https:\/\/opistobranquis.info\/wp-content\/uploads\/2012\/12\/duvaucelia-manicata.jpg\" data-orig-size=\"759,754\" data-comments-opened=\"\" data-image-title=\"Radula of Candiella manicata\" data-image-description=\"&lt;p&gt;Radula of Candiella manicata&lt;\/p&gt; \" data-medium-file=\"https:\/\/i0.wp.com\/opistobranquis.info\/wp-content\/uploads\/2012\/12\/duvaucelia-manicata.jpg?fit=300%2C298&#038;ssl=1\" data-large-file=\"https:\/\/i0.wp.com\/opistobranquis.info\/wp-content\/uploads\/2012\/12\/duvaucelia-manicata.jpg?fit=759%2C754&#038;ssl=1\" src=\"https:\/\/i0.wp.com\/opistobranquis.info\/wp-content\/uploads\/2012\/12\/duvaucelia-manicata.jpg?w=232&#038;h=230&#038;ssl=1\" srcset=\"https:\/\/i0.wp.com\/opistobranquis.info\/wp-content\/uploads\/2012\/12\/duvaucelia-manicata.jpg?w=759&amp;ssl=1 759w, https:\/\/i0.wp.com\/opistobranquis.info\/wp-content\/uploads\/2012\/12\/duvaucelia-manicata.jpg?resize=150%2C150&amp;ssl=1 150w, https:\/\/i0.wp.com\/opistobranquis.info\/wp-content\/uploads\/2012\/12\/duvaucelia-manicata.jpg?resize=300%2C298&amp;ssl=1 300w\" width=\"232\" height=\"230\" loading=\"lazy\" data-original-width=\"232\" data-original-height=\"230\" itemprop=\"http:\/\/schema.org\/image\" title=\"Radula of Candiella manicata\" alt=\"Radula of Candiella manicata\" style=\"width: 232px; height: 230px;\" \/> <\/a> <div class=\"tiled-gallery-caption\" itemprop=\"caption description\"> Radula of Candiella manicata <\/div> <\/div> <div class=\"tiled-gallery-item tiled-gallery-item-small\" itemprop=\"associatedMedia\" itemscope itemtype=\"http:\/\/schema.org\/ImageObject\"> <a href=\"https:\/\/opistobranquis.info\/es\/guia\/nudibranchia\/cladobranchia\/tritonioidea\/candiella-manicata\/tritonia-manicata-02\/\" border=\"0\" itemprop=\"url\"> <meta itemprop=\"width\" content=\"232\"> <meta itemprop=\"height\" content=\"150\"> <img decoding=\"async\" class=\"\" data-attachment-id=\"4900\" data-orig-file=\"https:\/\/opistobranquis.info\/wp-content\/uploads\/2012\/12\/tritonia-manicata-02.jpg\" data-orig-size=\"650,422\" data-comments-opened=\"\" data-image-title=\"Candiella manicata by Enric Madrenas\" data-image-description=\"&lt;p&gt;Candiella manicata by Enric Madrenas&lt;\/p&gt; \" data-medium-file=\"https:\/\/i0.wp.com\/opistobranquis.info\/wp-content\/uploads\/2012\/12\/tritonia-manicata-02.jpg?fit=300%2C194&#038;ssl=1\" data-large-file=\"https:\/\/i0.wp.com\/opistobranquis.info\/wp-content\/uploads\/2012\/12\/tritonia-manicata-02.jpg?fit=650%2C422&#038;ssl=1\" src=\"https:\/\/i0.wp.com\/opistobranquis.info\/wp-content\/uploads\/2012\/12\/tritonia-manicata-02.jpg?w=232&#038;h=150&#038;ssl=1\" srcset=\"https:\/\/i0.wp.com\/opistobranquis.info\/wp-content\/uploads\/2012\/12\/tritonia-manicata-02.jpg?w=650&amp;ssl=1 650w, https:\/\/i0.wp.com\/opistobranquis.info\/wp-content\/uploads\/2012\/12\/tritonia-manicata-02.jpg?resize=300%2C194&amp;ssl=1 300w\" width=\"232\" height=\"150\" loading=\"lazy\" data-original-width=\"232\" data-original-height=\"150\" itemprop=\"http:\/\/schema.org\/image\" title=\"Candiella manicata by Enric Madrenas\" alt=\"Candiella manicata by Enric Madrenas\" style=\"width: 232px; height: 150px;\" \/> <\/a> <div class=\"tiled-gallery-caption\" itemprop=\"caption description\"> Candiella manicata by Enric Madrenas <\/div> <\/div> <div class=\"tiled-gallery-item tiled-gallery-item-small\" itemprop=\"associatedMedia\" itemscope itemtype=\"http:\/\/schema.org\/ImageObject\"> <a href=\"https:\/\/opistobranquis.info\/es\/guia\/nudibranchia\/cladobranchia\/tritonioidea\/candiella-manicata\/tritonia-manicata-04\/\" border=\"0\" itemprop=\"url\"> <meta itemprop=\"width\" content=\"232\"> <meta itemprop=\"height\" content=\"175\"> <img decoding=\"async\" class=\"\" data-attachment-id=\"4901\" data-orig-file=\"https:\/\/opistobranquis.info\/wp-content\/uploads\/2012\/12\/tritonia-manicata-04.jpg\" data-orig-size=\"649,490\" data-comments-opened=\"\" data-image-title=\"Candiella manicata by Enric Madrenas\" data-image-description=\"&lt;p&gt;Candiella manicata by Enric Madrenas&lt;\/p&gt; \" data-medium-file=\"https:\/\/i0.wp.com\/opistobranquis.info\/wp-content\/uploads\/2012\/12\/tritonia-manicata-04.jpg?fit=300%2C226&#038;ssl=1\" data-large-file=\"https:\/\/i0.wp.com\/opistobranquis.info\/wp-content\/uploads\/2012\/12\/tritonia-manicata-04.jpg?fit=649%2C490&#038;ssl=1\" src=\"https:\/\/i0.wp.com\/opistobranquis.info\/wp-content\/uploads\/2012\/12\/tritonia-manicata-04.jpg?w=232&#038;h=175&#038;ssl=1\" srcset=\"https:\/\/i0.wp.com\/opistobranquis.info\/wp-content\/uploads\/2012\/12\/tritonia-manicata-04.jpg?w=649&amp;ssl=1 649w, https:\/\/i0.wp.com\/opistobranquis.info\/wp-content\/uploads\/2012\/12\/tritonia-manicata-04.jpg?resize=300%2C226&amp;ssl=1 300w\" width=\"232\" height=\"175\" loading=\"lazy\" data-original-width=\"232\" data-original-height=\"175\" itemprop=\"http:\/\/schema.org\/image\" title=\"Candiella manicata by Enric Madrenas\" alt=\"Candiella manicata by Enric Madrenas\" style=\"width: 232px; height: 175px;\" \/> <\/a> <div class=\"tiled-gallery-caption\" itemprop=\"caption description\"> Candiella manicata by Enric Madrenas <\/div> <\/div> <\/div> <!-- close group --> <div class=\"gallery-group images-1\" style=\"width: 384px; height: 567px;\" data-original-width=\"384\" data-original-height=\"567\" > <div class=\"tiled-gallery-item tiled-gallery-item-large\" itemprop=\"associatedMedia\" itemscope itemtype=\"http:\/\/schema.org\/ImageObject\"> <a href=\"https:\/\/opistobranquis.info\/es\/guia\/nudibranchia\/cladobranchia\/tritonioidea\/candiella-manicata\/tritonia-manicata-07\/\" border=\"0\" itemprop=\"url\"> <meta itemprop=\"width\" content=\"380\"> <meta itemprop=\"height\" content=\"563\"> <img decoding=\"async\" class=\"\" data-attachment-id=\"4902\" data-orig-file=\"https:\/\/opistobranquis.info\/wp-content\/uploads\/2012\/12\/tritonia-manicata-07.jpg\" data-orig-size=\"331,490\" data-comments-opened=\"\" data-image-title=\"Candiella manicata by Enric Madrenas\" data-image-description=\"&lt;p&gt;Candiella manicata by Enric Madrenas&lt;\/p&gt; \" data-medium-file=\"https:\/\/i0.wp.com\/opistobranquis.info\/wp-content\/uploads\/2012\/12\/tritonia-manicata-07.jpg?fit=202%2C300&#038;ssl=1\" data-large-file=\"https:\/\/i0.wp.com\/opistobranquis.info\/wp-content\/uploads\/2012\/12\/tritonia-manicata-07.jpg?fit=331%2C490&#038;ssl=1\" src=\"https:\/\/i0.wp.com\/opistobranquis.info\/wp-content\/uploads\/2012\/12\/tritonia-manicata-07.jpg?w=380&#038;h=563&#038;ssl=1\" srcset=\"https:\/\/i0.wp.com\/opistobranquis.info\/wp-content\/uploads\/2012\/12\/tritonia-manicata-07.jpg?w=331&amp;ssl=1 331w, https:\/\/i0.wp.com\/opistobranquis.info\/wp-content\/uploads\/2012\/12\/tritonia-manicata-07.jpg?resize=202%2C300&amp;ssl=1 202w\" width=\"380\" height=\"563\" loading=\"lazy\" data-original-width=\"380\" data-original-height=\"563\" itemprop=\"http:\/\/schema.org\/image\" title=\"Candiella manicata by Enric Madrenas\" alt=\"Candiella manicata by Enric Madrenas\" style=\"width: 380px; height: 563px;\" \/> <\/a> <div class=\"tiled-gallery-caption\" itemprop=\"caption description\"> Candiella manicata by Enric Madrenas <\/div> <\/div> <\/div> <!-- close group --> <div class=\"gallery-group images-3\" style=\"width: 280px; height: 567px;\" data-original-width=\"280\" data-original-height=\"567\" > <div class=\"tiled-gallery-item tiled-gallery-item-large\" itemprop=\"associatedMedia\" itemscope itemtype=\"http:\/\/schema.org\/ImageObject\"> <a href=\"https:\/\/opistobranquis.info\/es\/guia\/nudibranchia\/cladobranchia\/tritonioidea\/candiella-manicata\/tritonia-manicata-09\/\" border=\"0\" itemprop=\"url\"> <meta itemprop=\"width\" content=\"276\"> <meta itemprop=\"height\" content=\"186\"> <img decoding=\"async\" class=\"\" data-attachment-id=\"4903\" data-orig-file=\"https:\/\/opistobranquis.info\/wp-content\/uploads\/2012\/12\/tritonia-manicata-09.jpg\" data-orig-size=\"650,438\" data-comments-opened=\"\" data-image-title=\"Candiella manicata by Enric Madrenas\" data-image-description=\"&lt;p&gt;Candiella manicata by Enric Madrenas&lt;\/p&gt; \" data-medium-file=\"https:\/\/i0.wp.com\/opistobranquis.info\/wp-content\/uploads\/2012\/12\/tritonia-manicata-09.jpg?fit=300%2C202&#038;ssl=1\" data-large-file=\"https:\/\/i0.wp.com\/opistobranquis.info\/wp-content\/uploads\/2012\/12\/tritonia-manicata-09.jpg?fit=650%2C438&#038;ssl=1\" src=\"https:\/\/i0.wp.com\/opistobranquis.info\/wp-content\/uploads\/2012\/12\/tritonia-manicata-09.jpg?w=276&#038;h=186&#038;ssl=1\" srcset=\"https:\/\/i0.wp.com\/opistobranquis.info\/wp-content\/uploads\/2012\/12\/tritonia-manicata-09.jpg?w=650&amp;ssl=1 650w, https:\/\/i0.wp.com\/opistobranquis.info\/wp-content\/uploads\/2012\/12\/tritonia-manicata-09.jpg?resize=300%2C202&amp;ssl=1 300w\" width=\"276\" height=\"186\" loading=\"lazy\" data-original-width=\"276\" data-original-height=\"186\" itemprop=\"http:\/\/schema.org\/image\" title=\"Candiella manicata by Enric Madrenas\" alt=\"Candiella manicata by Enric Madrenas\" style=\"width: 276px; height: 186px;\" \/> <\/a> <div class=\"tiled-gallery-caption\" itemprop=\"caption description\"> Candiella manicata by Enric Madrenas <\/div> <\/div> <div class=\"tiled-gallery-item tiled-gallery-item-large\" itemprop=\"associatedMedia\" itemscope itemtype=\"http:\/\/schema.org\/ImageObject\"> <a href=\"https:\/\/opistobranquis.info\/es\/guia\/nudibranchia\/cladobranchia\/tritonioidea\/candiella-manicata\/tritonia-manicata-12\/\" border=\"0\" itemprop=\"url\"> <meta itemprop=\"width\" content=\"276\"> <meta itemprop=\"height\" content=\"186\"> <img decoding=\"async\" class=\"\" data-attachment-id=\"4904\" data-orig-file=\"https:\/\/opistobranquis.info\/wp-content\/uploads\/2012\/12\/tritonia-manicata-12.jpg\" data-orig-size=\"650,438\" data-comments-opened=\"\" data-image-title=\"Candiella manicata by Enric Madrenas\" data-image-description=\"&lt;p&gt;Candiella manicata by Enric Madrenas&lt;\/p&gt; \" data-medium-file=\"https:\/\/i0.wp.com\/opistobranquis.info\/wp-content\/uploads\/2012\/12\/tritonia-manicata-12.jpg?fit=300%2C202&#038;ssl=1\" data-large-file=\"https:\/\/i0.wp.com\/opistobranquis.info\/wp-content\/uploads\/2012\/12\/tritonia-manicata-12.jpg?fit=650%2C438&#038;ssl=1\" src=\"https:\/\/i0.wp.com\/opistobranquis.info\/wp-content\/uploads\/2012\/12\/tritonia-manicata-12.jpg?w=276&#038;h=186&#038;ssl=1\" srcset=\"https:\/\/i0.wp.com\/opistobranquis.info\/wp-content\/uploads\/2012\/12\/tritonia-manicata-12.jpg?w=650&amp;ssl=1 650w, https:\/\/i0.wp.com\/opistobranquis.info\/wp-content\/uploads\/2012\/12\/tritonia-manicata-12.jpg?resize=300%2C202&amp;ssl=1 300w\" width=\"276\" height=\"186\" loading=\"lazy\" data-original-width=\"276\" data-original-height=\"186\" itemprop=\"http:\/\/schema.org\/image\" title=\"Candiella manicata by Enric Madrenas\" alt=\"Candiella manicata by Enric Madrenas\" style=\"width: 276px; height: 186px;\" \/> <\/a> <div class=\"tiled-gallery-caption\" itemprop=\"caption description\"> Candiella manicata by Enric Madrenas <\/div> <\/div> <div class=\"tiled-gallery-item tiled-gallery-item-large\" itemprop=\"associatedMedia\" itemscope itemtype=\"http:\/\/schema.org\/ImageObject\"> <a href=\"https:\/\/opistobranquis.info\/es\/guia\/nudibranchia\/cladobranchia\/tritonioidea\/candiella-manicata\/tritonia-manicata-mallorca-by-lenka-juskanicova-img_0090b\/\" border=\"0\" itemprop=\"url\"> <meta itemprop=\"width\" content=\"276\"> <meta itemprop=\"height\" content=\"183\"> <img decoding=\"async\" class=\"\" data-attachment-id=\"18750\" data-orig-file=\"https:\/\/opistobranquis.info\/wp-content\/uploads\/2015\/03\/Tritonia-manicata-@-Mallorca-by-Lenka-Juskani\u010dov\u00e1-IMG_0090B.jpg\" data-orig-size=\"1183,786\" data-comments-opened=\"\" data-image-title=\"Candiella manicata @ Mallorca by Lenka Juskani\u010dov\u00e1\" data-image-description=\"&lt;p&gt;Candiella manicata @ Mallorca by Lenka Juskani\u010dov\u00e1&lt;\/p&gt; \" data-medium-file=\"https:\/\/i0.wp.com\/opistobranquis.info\/wp-content\/uploads\/2015\/03\/Tritonia-manicata-%40-Mallorca-by-Lenka-Juskani%C4%8Dov%C3%A1-IMG_0090B.jpg?fit=300%2C199&#038;ssl=1\" data-large-file=\"https:\/\/i0.wp.com\/opistobranquis.info\/wp-content\/uploads\/2015\/03\/Tritonia-manicata-%40-Mallorca-by-Lenka-Juskani%C4%8Dov%C3%A1-IMG_0090B.jpg?fit=900%2C598&#038;ssl=1\" src=\"https:\/\/i0.wp.com\/opistobranquis.info\/wp-content\/uploads\/2015\/03\/Tritonia-manicata-%40-Mallorca-by-Lenka-Juskani%C4%8Dov%C3%A1-IMG_0090B.jpg?w=276&#038;h=183&#038;ssl=1\" width=\"276\" height=\"183\" loading=\"lazy\" data-original-width=\"276\" data-original-height=\"183\" itemprop=\"http:\/\/schema.org\/image\" title=\"Candiella manicata @ Mallorca by Lenka Juskani\u010dov\u00e1\" alt=\"Candiella manicata @ Mallorca by Lenka Juskani\u010dov\u00e1\" style=\"width: 276px; height: 183px;\" \/> <\/a> <div class=\"tiled-gallery-caption\" itemprop=\"caption description\"> Candiella manicata @ Mallorca by Lenka Juskani\u010dov\u00e1 <\/div> <\/div> <\/div> <!-- close group --> <\/div> <!-- close row --> <div class=\"gallery-row\" style=\"width: 900px; height: 581px;\" data-original-width=\"900\" data-original-height=\"581\" > <div class=\"gallery-group images-2\" style=\"width: 434px; height: 581px;\" data-original-width=\"434\" data-original-height=\"581\" > <div class=\"tiled-gallery-item tiled-gallery-item-large\" itemprop=\"associatedMedia\" itemscope itemtype=\"http:\/\/schema.org\/ImageObject\"> <a href=\"https:\/\/opistobranquis.info\/es\/guia\/nudibranchia\/cladobranchia\/tritonioidea\/candiella-manicata\/tritonia-manicata-by-miquel-pontes-mpg_6941b\/\" border=\"0\" itemprop=\"url\"> <meta itemprop=\"width\" content=\"430\"> <meta itemprop=\"height\" content=\"287\"> <img decoding=\"async\" class=\"\" data-attachment-id=\"31264\" data-orig-file=\"https:\/\/opistobranquis.info\/wp-content\/uploads\/2021\/01\/Tritonia-manicata-by-Miquel-Pontes-MPG_6941b.jpg\" data-orig-size=\"1280,854\" data-comments-opened=\"\" data-image-title=\"Candiella manicata by Miquel Pontes\" data-image-description=\"&lt;p&gt;Candiella manicata by Miquel Pontes&lt;\/p&gt; \" data-medium-file=\"https:\/\/i0.wp.com\/opistobranquis.info\/wp-content\/uploads\/2021\/01\/Tritonia-manicata-by-Miquel-Pontes-MPG_6941b.jpg?fit=300%2C200&#038;ssl=1\" data-large-file=\"https:\/\/i0.wp.com\/opistobranquis.info\/wp-content\/uploads\/2021\/01\/Tritonia-manicata-by-Miquel-Pontes-MPG_6941b.jpg?fit=900%2C600&#038;ssl=1\" src=\"https:\/\/i0.wp.com\/opistobranquis.info\/wp-content\/uploads\/2021\/01\/Tritonia-manicata-by-Miquel-Pontes-MPG_6941b.jpg?w=430&#038;h=287&#038;ssl=1\" srcset=\"https:\/\/i0.wp.com\/opistobranquis.info\/wp-content\/uploads\/2021\/01\/Tritonia-manicata-by-Miquel-Pontes-MPG_6941b.jpg?w=1280&amp;ssl=1 1280w, https:\/\/i0.wp.com\/opistobranquis.info\/wp-content\/uploads\/2021\/01\/Tritonia-manicata-by-Miquel-Pontes-MPG_6941b.jpg?resize=300%2C200&amp;ssl=1 300w, https:\/\/i0.wp.com\/opistobranquis.info\/wp-content\/uploads\/2021\/01\/Tritonia-manicata-by-Miquel-Pontes-MPG_6941b.jpg?resize=1024%2C683&amp;ssl=1 1024w, https:\/\/i0.wp.com\/opistobranquis.info\/wp-content\/uploads\/2021\/01\/Tritonia-manicata-by-Miquel-Pontes-MPG_6941b.jpg?resize=150%2C100&amp;ssl=1 150w\" width=\"430\" height=\"287\" loading=\"lazy\" data-original-width=\"430\" data-original-height=\"287\" itemprop=\"http:\/\/schema.org\/image\" title=\"Candiella manicata by Miquel Pontes\" alt=\"Candiella manicata by Miquel Pontes\" style=\"width: 430px; height: 287px;\" \/> <\/a> <div class=\"tiled-gallery-caption\" itemprop=\"caption description\"> Candiella manicata by Miquel Pontes <\/div> <\/div> <div class=\"tiled-gallery-item tiled-gallery-item-large\" itemprop=\"associatedMedia\" itemscope itemtype=\"http:\/\/schema.org\/ImageObject\"> <a href=\"https:\/\/opistobranquis.info\/es\/guia\/nudibranchia\/cladobranchia\/tritonioidea\/candiella-manicata\/tritonia-manicata-by-miquel-pontes-mpg_6117\/\" border=\"0\" itemprop=\"url\"> <meta itemprop=\"width\" content=\"430\"> <meta itemprop=\"height\" content=\"286\"> <img decoding=\"async\" class=\"\" data-attachment-id=\"31265\" data-orig-file=\"https:\/\/opistobranquis.info\/wp-content\/uploads\/2021\/01\/Tritonia-manicata-by-Miquel-Pontes-MPG_6117.jpg\" data-orig-size=\"1280,854\" data-comments-opened=\"\" data-image-title=\"Candiella manicata by Miquel Pontes\" data-image-description=\"&lt;p&gt;Candiella manicata by Miquel Pontes&lt;\/p&gt; \" data-medium-file=\"https:\/\/i0.wp.com\/opistobranquis.info\/wp-content\/uploads\/2021\/01\/Tritonia-manicata-by-Miquel-Pontes-MPG_6117.jpg?fit=300%2C200&#038;ssl=1\" data-large-file=\"https:\/\/i0.wp.com\/opistobranquis.info\/wp-content\/uploads\/2021\/01\/Tritonia-manicata-by-Miquel-Pontes-MPG_6117.jpg?fit=900%2C600&#038;ssl=1\" src=\"https:\/\/i0.wp.com\/opistobranquis.info\/wp-content\/uploads\/2021\/01\/Tritonia-manicata-by-Miquel-Pontes-MPG_6117.jpg?w=430&#038;h=286&#038;ssl=1\" srcset=\"https:\/\/i0.wp.com\/opistobranquis.info\/wp-content\/uploads\/2021\/01\/Tritonia-manicata-by-Miquel-Pontes-MPG_6117.jpg?w=1280&amp;ssl=1 1280w, https:\/\/i0.wp.com\/opistobranquis.info\/wp-content\/uploads\/2021\/01\/Tritonia-manicata-by-Miquel-Pontes-MPG_6117.jpg?resize=300%2C200&amp;ssl=1 300w, https:\/\/i0.wp.com\/opistobranquis.info\/wp-content\/uploads\/2021\/01\/Tritonia-manicata-by-Miquel-Pontes-MPG_6117.jpg?resize=1024%2C683&amp;ssl=1 1024w, https:\/\/i0.wp.com\/opistobranquis.info\/wp-content\/uploads\/2021\/01\/Tritonia-manicata-by-Miquel-Pontes-MPG_6117.jpg?resize=150%2C100&amp;ssl=1 150w\" width=\"430\" height=\"286\" loading=\"lazy\" data-original-width=\"430\" data-original-height=\"286\" itemprop=\"http:\/\/schema.org\/image\" title=\"Candiella manicata by Miquel Pontes\" alt=\"Candiella manicata by Miquel Pontes\" style=\"width: 430px; height: 286px;\" \/> <\/a> <div class=\"tiled-gallery-caption\" itemprop=\"caption description\"> Candiella manicata by Miquel Pontes <\/div> <\/div> <\/div> <!-- close group --> <div class=\"gallery-group images-1\" style=\"width: 466px; height: 581px;\" data-original-width=\"466\" data-original-height=\"581\" > <div class=\"tiled-gallery-item tiled-gallery-item-large\" itemprop=\"associatedMedia\" itemscope itemtype=\"http:\/\/schema.org\/ImageObject\"> <a href=\"https:\/\/opistobranquis.info\/es\/guia\/nudibranchia\/cladobranchia\/tritonioidea\/candiella-manicata\/duvaucelia-manicata-by-nani-diez-1627571413542\/\" border=\"0\" itemprop=\"url\"> <meta itemprop=\"width\" content=\"462\"> <meta itemprop=\"height\" content=\"577\"> <img decoding=\"async\" class=\"\" data-attachment-id=\"32709\" data-orig-file=\"https:\/\/opistobranquis.info\/wp-content\/uploads\/2021\/08\/Duvaucelia-manicata-by-Nani-Diez-1627571413542.jpg\" data-orig-size=\"1025,1280\" data-comments-opened=\"\" data-image-title=\"Candiella manicata @ La Herradura, Granada by Nani D\u00edez\" data-image-description=\"&lt;p&gt;Candiella manicata @ La Herradura, Granada by Nani D\u00edez&lt;\/p&gt; \" data-medium-file=\"https:\/\/i0.wp.com\/opistobranquis.info\/wp-content\/uploads\/2021\/08\/Duvaucelia-manicata-by-Nani-Diez-1627571413542.jpg?fit=240%2C300&#038;ssl=1\" data-large-file=\"https:\/\/i0.wp.com\/opistobranquis.info\/wp-content\/uploads\/2021\/08\/Duvaucelia-manicata-by-Nani-Diez-1627571413542.jpg?fit=820%2C1024&#038;ssl=1\" src=\"https:\/\/i0.wp.com\/opistobranquis.info\/wp-content\/uploads\/2021\/08\/Duvaucelia-manicata-by-Nani-Diez-1627571413542.jpg?w=462&#038;h=577&#038;ssl=1\" srcset=\"https:\/\/i0.wp.com\/opistobranquis.info\/wp-content\/uploads\/2021\/08\/Duvaucelia-manicata-by-Nani-Diez-1627571413542.jpg?w=1025&amp;ssl=1 1025w, https:\/\/i0.wp.com\/opistobranquis.info\/wp-content\/uploads\/2021\/08\/Duvaucelia-manicata-by-Nani-Diez-1627571413542.jpg?resize=240%2C300&amp;ssl=1 240w, https:\/\/i0.wp.com\/opistobranquis.info\/wp-content\/uploads\/2021\/08\/Duvaucelia-manicata-by-Nani-Diez-1627571413542.jpg?resize=820%2C1024&amp;ssl=1 820w, https:\/\/i0.wp.com\/opistobranquis.info\/wp-content\/uploads\/2021\/08\/Duvaucelia-manicata-by-Nani-Diez-1627571413542.jpg?resize=120%2C150&amp;ssl=1 120w\" width=\"462\" height=\"577\" loading=\"lazy\" data-original-width=\"462\" data-original-height=\"577\" itemprop=\"http:\/\/schema.org\/image\" title=\"Candiella manicata @ La Herradura, Granada by Nani D\u00edez\" alt=\"Candiella manicata @ La Herradura, Granada by Nani D\u00edez\" style=\"width: 462px; height: 577px;\" \/> <\/a> <div class=\"tiled-gallery-caption\" itemprop=\"caption description\"> Candiella manicata @ La Herradura, Granada by Nani D\u00edez <\/div> <\/div> <\/div> <!-- close group --> <\/div> <!-- close row --> <div class=\"gallery-row\" style=\"width: 900px; height: 633px;\" data-original-width=\"900\" data-original-height=\"633\" > <div class=\"gallery-group images-1\" style=\"width: 631px; height: 633px;\" data-original-width=\"631\" data-original-height=\"633\" > <div class=\"tiled-gallery-item tiled-gallery-item-large\" itemprop=\"associatedMedia\" itemscope itemtype=\"http:\/\/schema.org\/ImageObject\"> <a href=\"https:\/\/opistobranquis.info\/es\/guia\/nudibranchia\/cladobranchia\/tritonioidea\/candiella-manicata\/duvaucelia-manicata-granada-por-luis-sanchez-tocino\/\" border=\"0\" itemprop=\"url\"> <meta itemprop=\"width\" content=\"627\"> <meta itemprop=\"height\" content=\"629\"> <img decoding=\"async\" class=\"\" data-attachment-id=\"36860\" data-orig-file=\"https:\/\/opistobranquis.info\/wp-content\/uploads\/2023\/01\/Duvaucelia-manicata-@-Granada-por-Luis-Sanchez-Tocino.jpg\" data-orig-size=\"1349,1354\" data-comments-opened=\"\" data-image-title=\"Candiella manicata @ Granada por Luis S\u00e1nchez Tocino\" data-image-description=\"&lt;p&gt;Candiella manicata @ Granada por Luis S\u00e1nchez Tocino&lt;\/p&gt; \" data-medium-file=\"https:\/\/i0.wp.com\/opistobranquis.info\/wp-content\/uploads\/2023\/01\/Duvaucelia-manicata-%40-Granada-por-Luis-Sanchez-Tocino.jpg?fit=300%2C300&#038;ssl=1\" data-large-file=\"https:\/\/i0.wp.com\/opistobranquis.info\/wp-content\/uploads\/2023\/01\/Duvaucelia-manicata-%40-Granada-por-Luis-Sanchez-Tocino.jpg?fit=900%2C904&#038;ssl=1\" src=\"https:\/\/i0.wp.com\/opistobranquis.info\/wp-content\/uploads\/2023\/01\/Duvaucelia-manicata-%40-Granada-por-Luis-Sanchez-Tocino.jpg?w=627&#038;h=629&#038;ssl=1\" width=\"627\" height=\"629\" loading=\"lazy\" data-original-width=\"627\" data-original-height=\"629\" itemprop=\"http:\/\/schema.org\/image\" title=\"Candiella manicata @ Granada por Luis S\u00e1nchez Tocino\" alt=\"Candiella manicata @ Granada por Luis S\u00e1nchez Tocino\" style=\"width: 627px; height: 629px;\" \/> <\/a> <div class=\"tiled-gallery-caption\" itemprop=\"caption description\"> Candiella manicata @ Granada por Luis S\u00e1nchez Tocino <\/div> <\/div> <\/div> <!-- close group --> <div class=\"gallery-group images-3\" style=\"width: 269px; height: 633px;\" data-original-width=\"269\" data-original-height=\"633\" > <div class=\"tiled-gallery-item tiled-gallery-item-large\" itemprop=\"associatedMedia\" itemscope itemtype=\"http:\/\/schema.org\/ImageObject\"> <a href=\"https:\/\/opistobranquis.info\/es\/guia\/nudibranchia\/cladobranchia\/tritonioidea\/candiella-manicata\/duvaucelia-manicata-eivissa-spain-by-joan-pereyra\/\" border=\"0\" itemprop=\"url\"> <meta itemprop=\"width\" content=\"265\"> <meta itemprop=\"height\" content=\"265\"> <img decoding=\"async\" class=\"\" data-attachment-id=\"37073\" data-orig-file=\"https:\/\/opistobranquis.info\/wp-content\/uploads\/2023\/01\/Duvaucelia-manicata-@-Eivissa-Spain-by-Joan-Pereyra-scaled.jpg\" data-orig-size=\"2560,2560\" data-comments-opened=\"\" data-image-title=\"Candiella manicata @ Eivissa (Spain) by Joan Pereyra\" data-image-description=\"&lt;p&gt;Candiella manicata @ Eivissa (Spain) by Joan Pereyra&lt;\/p&gt; \" data-medium-file=\"https:\/\/i0.wp.com\/opistobranquis.info\/wp-content\/uploads\/2023\/01\/Duvaucelia-manicata-%40-Eivissa-Spain-by-Joan-Pereyra-scaled.jpg?fit=300%2C300&#038;ssl=1\" data-large-file=\"https:\/\/i0.wp.com\/opistobranquis.info\/wp-content\/uploads\/2023\/01\/Duvaucelia-manicata-%40-Eivissa-Spain-by-Joan-Pereyra-scaled.jpg?fit=900%2C900&#038;ssl=1\" src=\"https:\/\/i0.wp.com\/opistobranquis.info\/wp-content\/uploads\/2023\/01\/Duvaucelia-manicata-%40-Eivissa-Spain-by-Joan-Pereyra-scaled.jpg?w=265&#038;h=265&#038;crop=1&#038;ssl=1\" width=\"265\" height=\"265\" loading=\"lazy\" data-original-width=\"265\" data-original-height=\"265\" itemprop=\"http:\/\/schema.org\/image\" title=\"Candiella manicata @ Eivissa (Spain) by Joan Pereyra\" alt=\"Candiella manicata @ Eivissa (Spain) by Joan Pereyra\" style=\"width: 265px; height: 265px;\" \/> <\/a> <div class=\"tiled-gallery-caption\" itemprop=\"caption description\"> Candiella manicata @ Eivissa (Spain) by Joan Pereyra <\/div> <\/div> <div class=\"tiled-gallery-item tiled-gallery-item-large\" itemprop=\"associatedMedia\" itemscope itemtype=\"http:\/\/schema.org\/ImageObject\"> <a href=\"https:\/\/opistobranquis.info\/es\/guia\/nudibranchia\/cladobranchia\/tritonioidea\/candiella-manicata\/candiella-manicata-197\/\" border=\"0\" itemprop=\"url\"> <meta itemprop=\"width\" content=\"265\"> <meta itemprop=\"height\" content=\"178\"> <img decoding=\"async\" class=\"\" data-attachment-id=\"42576\" data-orig-file=\"https:\/\/opistobranquis.info\/wp-content\/uploads\/2023\/12\/Candiella-manicata-197.jpg\" data-orig-size=\"1034,693\" data-comments-opened=\"\" data-image-title=\"Candiella manicata by Enric Madrenas\" data-image-description=\"&lt;p&gt;Candiella manicata by Enric Madrenas&lt;\/p&gt; \" data-medium-file=\"https:\/\/i0.wp.com\/opistobranquis.info\/wp-content\/uploads\/2023\/12\/Candiella-manicata-197.jpg?fit=300%2C201&#038;ssl=1\" data-large-file=\"https:\/\/i0.wp.com\/opistobranquis.info\/wp-content\/uploads\/2023\/12\/Candiella-manicata-197.jpg?fit=900%2C603&#038;ssl=1\" src=\"https:\/\/i0.wp.com\/opistobranquis.info\/wp-content\/uploads\/2023\/12\/Candiella-manicata-197.jpg?w=265&#038;h=178&#038;ssl=1\" srcset=\"https:\/\/i0.wp.com\/opistobranquis.info\/wp-content\/uploads\/2023\/12\/Candiella-manicata-197.jpg?w=1034&amp;ssl=1 1034w, https:\/\/i0.wp.com\/opistobranquis.info\/wp-content\/uploads\/2023\/12\/Candiella-manicata-197.jpg?resize=300%2C201&amp;ssl=1 300w, https:\/\/i0.wp.com\/opistobranquis.info\/wp-content\/uploads\/2023\/12\/Candiella-manicata-197.jpg?resize=1024%2C686&amp;ssl=1 1024w, https:\/\/i0.wp.com\/opistobranquis.info\/wp-content\/uploads\/2023\/12\/Candiella-manicata-197.jpg?resize=150%2C101&amp;ssl=1 150w\" width=\"265\" height=\"178\" loading=\"lazy\" data-original-width=\"265\" data-original-height=\"178\" itemprop=\"http:\/\/schema.org\/image\" title=\"Candiella manicata by Enric Madrenas\" alt=\"Candiella manicata by Enric Madrenas\" style=\"width: 265px; height: 178px;\" \/> <\/a> <div class=\"tiled-gallery-caption\" itemprop=\"caption description\"> Candiella manicata by Enric Madrenas <\/div> <\/div> <div class=\"tiled-gallery-item tiled-gallery-item-large\" itemprop=\"associatedMedia\" itemscope itemtype=\"http:\/\/schema.org\/ImageObject\"> <a href=\"https:\/\/opistobranquis.info\/es\/guia\/nudibranchia\/cladobranchia\/tritonioidea\/candiella-manicata\/candiella-manicata-198-copula\/\" border=\"0\" itemprop=\"url\"> <meta itemprop=\"width\" content=\"265\"> <meta itemprop=\"height\" content=\"178\"> <img decoding=\"async\" class=\"\" data-attachment-id=\"42577\" data-orig-file=\"https:\/\/opistobranquis.info\/wp-content\/uploads\/2023\/12\/Candiella-manicata-198-copula.jpg\" data-orig-size=\"1034,692\" data-comments-opened=\"\" data-image-title=\"Candiella manicata by Enric Madrenas\" data-image-description=\"&lt;p&gt;Candiella manicata by Enric Madrenas&lt;\/p&gt; \" data-medium-file=\"https:\/\/i0.wp.com\/opistobranquis.info\/wp-content\/uploads\/2023\/12\/Candiella-manicata-198-copula.jpg?fit=300%2C201&#038;ssl=1\" data-large-file=\"https:\/\/i0.wp.com\/opistobranquis.info\/wp-content\/uploads\/2023\/12\/Candiella-manicata-198-copula.jpg?fit=900%2C602&#038;ssl=1\" src=\"https:\/\/i0.wp.com\/opistobranquis.info\/wp-content\/uploads\/2023\/12\/Candiella-manicata-198-copula.jpg?w=265&#038;h=178&#038;ssl=1\" srcset=\"https:\/\/i0.wp.com\/opistobranquis.info\/wp-content\/uploads\/2023\/12\/Candiella-manicata-198-copula.jpg?w=1034&amp;ssl=1 1034w, https:\/\/i0.wp.com\/opistobranquis.info\/wp-content\/uploads\/2023\/12\/Candiella-manicata-198-copula.jpg?resize=300%2C201&amp;ssl=1 300w, https:\/\/i0.wp.com\/opistobranquis.info\/wp-content\/uploads\/2023\/12\/Candiella-manicata-198-copula.jpg?resize=1024%2C685&amp;ssl=1 1024w, https:\/\/i0.wp.com\/opistobranquis.info\/wp-content\/uploads\/2023\/12\/Candiella-manicata-198-copula.jpg?resize=150%2C100&amp;ssl=1 150w\" width=\"265\" height=\"178\" loading=\"lazy\" data-original-width=\"265\" data-original-height=\"178\" itemprop=\"http:\/\/schema.org\/image\" title=\"Candiella manicata by Enric Madrenas\" alt=\"Candiella manicata by Enric Madrenas\" style=\"width: 265px; height: 178px;\" \/> <\/a> <div class=\"tiled-gallery-caption\" itemprop=\"caption description\"> Candiella manicata by Enric Madrenas <\/div> <\/div> <\/div> <!-- close group --> <\/div> <!-- close row --> <div class=\"gallery-row\" style=\"width: 900px; height: 416px;\" data-original-width=\"900\" data-original-height=\"416\" > <div class=\"gallery-group images-1\" style=\"width: 619px; height: 416px;\" data-original-width=\"619\" data-original-height=\"416\" > <div class=\"tiled-gallery-item tiled-gallery-item-large\" itemprop=\"associatedMedia\" itemscope itemtype=\"http:\/\/schema.org\/ImageObject\"> <a href=\"https:\/\/opistobranquis.info\/es\/guia\/nudibranchia\/cladobranchia\/tritonioidea\/candiella-manicata\/candiella-manicata-209-copula\/\" border=\"0\" itemprop=\"url\"> <meta itemprop=\"width\" content=\"615\"> <meta itemprop=\"height\" content=\"412\"> <img decoding=\"async\" class=\"\" data-attachment-id=\"42578\" data-orig-file=\"https:\/\/opistobranquis.info\/wp-content\/uploads\/2023\/12\/Candiella-manicata-209-copula.jpg\" data-orig-size=\"1034,693\" data-comments-opened=\"\" data-image-title=\"Candiella manicata by Enric Madrenas\" data-image-description=\"&lt;p&gt;Candiella manicata by Enric Madrenas&lt;\/p&gt; \" data-medium-file=\"https:\/\/i0.wp.com\/opistobranquis.info\/wp-content\/uploads\/2023\/12\/Candiella-manicata-209-copula.jpg?fit=300%2C201&#038;ssl=1\" data-large-file=\"https:\/\/i0.wp.com\/opistobranquis.info\/wp-content\/uploads\/2023\/12\/Candiella-manicata-209-copula.jpg?fit=900%2C603&#038;ssl=1\" src=\"https:\/\/i0.wp.com\/opistobranquis.info\/wp-content\/uploads\/2023\/12\/Candiella-manicata-209-copula.jpg?w=615&#038;h=412&#038;ssl=1\" srcset=\"https:\/\/i0.wp.com\/opistobranquis.info\/wp-content\/uploads\/2023\/12\/Candiella-manicata-209-copula.jpg?w=1034&amp;ssl=1 1034w, https:\/\/i0.wp.com\/opistobranquis.info\/wp-content\/uploads\/2023\/12\/Candiella-manicata-209-copula.jpg?resize=300%2C201&amp;ssl=1 300w, https:\/\/i0.wp.com\/opistobranquis.info\/wp-content\/uploads\/2023\/12\/Candiella-manicata-209-copula.jpg?resize=1024%2C686&amp;ssl=1 1024w, https:\/\/i0.wp.com\/opistobranquis.info\/wp-content\/uploads\/2023\/12\/Candiella-manicata-209-copula.jpg?resize=150%2C101&amp;ssl=1 150w\" width=\"615\" height=\"412\" loading=\"lazy\" data-original-width=\"615\" data-original-height=\"412\" itemprop=\"http:\/\/schema.org\/image\" title=\"Candiella manicata by Enric Madrenas\" alt=\"Candiella manicata by Enric Madrenas\" style=\"width: 615px; height: 412px;\" \/> <\/a> <div class=\"tiled-gallery-caption\" itemprop=\"caption description\"> Candiella manicata by Enric Madrenas <\/div> <\/div> <\/div> <!-- close group --> <div class=\"gallery-group images-1\" style=\"width: 281px; height: 416px;\" data-original-width=\"281\" data-original-height=\"416\" > <div class=\"tiled-gallery-item tiled-gallery-item-large\" itemprop=\"associatedMedia\" itemscope itemtype=\"http:\/\/schema.org\/ImageObject\"> <a href=\"https:\/\/opistobranquis.info\/es\/guia\/nudibranchia\/cladobranchia\/tritonioidea\/candiella-manicata\/candiella-manicata-211\/\" border=\"0\" itemprop=\"url\"> <meta itemprop=\"width\" content=\"277\"> <meta itemprop=\"height\" content=\"412\"> <img decoding=\"async\" class=\"\" data-attachment-id=\"42579\" data-orig-file=\"https:\/\/opistobranquis.info\/wp-content\/uploads\/2023\/12\/Candiella-manicata-211.jpg\" data-orig-size=\"522,778\" data-comments-opened=\"\" data-image-title=\"Candiella manicata by Enric Madrenas\" data-image-description=\"&lt;p&gt;Candiella manicata by Enric Madrenas&lt;\/p&gt; \" data-medium-file=\"https:\/\/i0.wp.com\/opistobranquis.info\/wp-content\/uploads\/2023\/12\/Candiella-manicata-211.jpg?fit=201%2C300&#038;ssl=1\" data-large-file=\"https:\/\/i0.wp.com\/opistobranquis.info\/wp-content\/uploads\/2023\/12\/Candiella-manicata-211.jpg?fit=522%2C778&#038;ssl=1\" src=\"https:\/\/i0.wp.com\/opistobranquis.info\/wp-content\/uploads\/2023\/12\/Candiella-manicata-211.jpg?w=277&#038;h=412&#038;ssl=1\" srcset=\"https:\/\/i0.wp.com\/opistobranquis.info\/wp-content\/uploads\/2023\/12\/Candiella-manicata-211.jpg?w=522&amp;ssl=1 522w, https:\/\/i0.wp.com\/opistobranquis.info\/wp-content\/uploads\/2023\/12\/Candiella-manicata-211.jpg?resize=201%2C300&amp;ssl=1 201w, https:\/\/i0.wp.com\/opistobranquis.info\/wp-content\/uploads\/2023\/12\/Candiella-manicata-211.jpg?resize=101%2C150&amp;ssl=1 101w\" width=\"277\" height=\"412\" loading=\"lazy\" data-original-width=\"277\" data-original-height=\"412\" itemprop=\"http:\/\/schema.org\/image\" title=\"Candiella manicata by Enric Madrenas\" alt=\"Candiella manicata by Enric Madrenas\" style=\"width: 277px; height: 412px;\" \/> <\/a> <div class=\"tiled-gallery-caption\" itemprop=\"caption description\"> Candiella manicata by Enric Madrenas <\/div> <\/div> <\/div> <!-- close group --> <\/div> <!-- close row --> <div class=\"gallery-row\" style=\"width: 900px; height: 900px;\" data-original-width=\"900\" data-original-height=\"900\" > <div class=\"gallery-group images-1\" style=\"width: 900px; height: 900px;\" data-original-width=\"900\" data-original-height=\"900\" > <div class=\"tiled-gallery-item tiled-gallery-item-large\" itemprop=\"associatedMedia\" itemscope itemtype=\"http:\/\/schema.org\/ImageObject\"> <a href=\"https:\/\/opistobranquis.info\/es\/guia\/nudibranchia\/cladobranchia\/tritonioidea\/candiella-manicata\/p5240161\/\" border=\"0\" itemprop=\"url\"> <meta itemprop=\"width\" content=\"896\"> <meta itemprop=\"height\" content=\"896\"> <img decoding=\"async\" class=\"\" data-attachment-id=\"42636\" data-orig-file=\"https:\/\/opistobranquis.info\/wp-content\/uploads\/2023\/12\/P5240161.jpg\" data-orig-size=\"1814,1814\" data-comments-opened=\"\" data-image-title=\"Candiella manicata @ La Herradura, Granada by Manuel Chamorro\" data-image-description=\"&lt;p&gt;Candiella manicata @ La Herradura, Granada by Manuel Chamorro&lt;\/p&gt; \" data-medium-file=\"https:\/\/i0.wp.com\/opistobranquis.info\/wp-content\/uploads\/2023\/12\/P5240161.jpg?fit=300%2C300&#038;ssl=1\" data-large-file=\"https:\/\/i0.wp.com\/opistobranquis.info\/wp-content\/uploads\/2023\/12\/P5240161.jpg?fit=900%2C900&#038;ssl=1\" src=\"https:\/\/i0.wp.com\/opistobranquis.info\/wp-content\/uploads\/2023\/12\/P5240161.jpg?w=896&#038;h=896&#038;crop=1&#038;ssl=1\" srcset=\"https:\/\/i0.wp.com\/opistobranquis.info\/wp-content\/uploads\/2023\/12\/P5240161.jpg?w=1814&amp;ssl=1 1814w, https:\/\/i0.wp.com\/opistobranquis.info\/wp-content\/uploads\/2023\/12\/P5240161.jpg?resize=300%2C300&amp;ssl=1 300w, https:\/\/i0.wp.com\/opistobranquis.info\/wp-content\/uploads\/2023\/12\/P5240161.jpg?resize=1024%2C1024&amp;ssl=1 1024w, https:\/\/i0.wp.com\/opistobranquis.info\/wp-content\/uploads\/2023\/12\/P5240161.jpg?resize=150%2C150&amp;ssl=1 150w, https:\/\/i0.wp.com\/opistobranquis.info\/wp-content\/uploads\/2023\/12\/P5240161.jpg?resize=1536%2C1536&amp;ssl=1 1536w\" width=\"896\" height=\"896\" loading=\"lazy\" data-original-width=\"896\" data-original-height=\"896\" itemprop=\"http:\/\/schema.org\/image\" title=\"Candiella manicata @ La Herradura, Granada by Manuel Chamorro\" alt=\"Candiella manicata @ La Herradura, Granada by Manuel Chamorro\" style=\"width: 896px; height: 896px;\" \/> <\/a> <div class=\"tiled-gallery-caption\" itemprop=\"caption description\"> Candiella manicata @ La Herradura, Granada by Manuel Chamorro <\/div> <\/div> <\/div> <!-- close group --> <\/div> <!-- close row --> <\/div><\/p>\n<p><strong>Bibliograf\u00eda<\/strong><\/p><ul><div id=\"zotpress-896205caa696c9032d2419a848febac1\" class=\"zp-Zotpress zp-Zotpress-Bib wp-block-group\">\n\n\t\t<span class=\"ZP_API_USER_ID ZP_ATTR\">1246567<\/span>\n\t\t<span class=\"ZP_ITEM_KEY ZP_ATTR\"><\/span>\n\t\t<span class=\"ZP_COLLECTION_ID ZP_ATTR\"><\/span>\n\t\t<span class=\"ZP_TAG_ID ZP_ATTR\">Candiella manicata<\/span>\n\t\t<span class=\"ZP_AUTHOR ZP_ATTR\"><\/span>\n\t\t<span class=\"ZP_YEAR ZP_ATTR\"><\/span>\n        <span class=\"ZP_ITEMTYPE ZP_ATTR\"><\/span>\n\t\t<span class=\"ZP_INCLUSIVE ZP_ATTR\">1<\/span>\n\t\t<span class=\"ZP_STYLE ZP_ATTR\">eunomia-revista-en-cultura-de-la-legalidad<\/span>\n\t\t<span class=\"ZP_LIMIT ZP_ATTR\">50<\/span>\n\t\t<span class=\"ZP_SORTBY ZP_ATTR\">creator<\/span>\n\t\t<span class=\"ZP_ORDER ZP_ATTR\">asc<\/span>\n\t\t<span class=\"ZP_TITLE ZP_ATTR\"><\/span>\n\t\t<span class=\"ZP_SHOWIMAGE ZP_ATTR\"><\/span>\n\t\t<span class=\"ZP_SHOWTAGS ZP_ATTR\"><\/span>\n\t\t<span class=\"ZP_DOWNLOADABLE ZP_ATTR\"><\/span>\n\t\t<span class=\"ZP_NOTES ZP_ATTR\"><\/span>\n\t\t<span class=\"ZP_ABSTRACT ZP_ATTR\"><\/span>\n\t\t<span class=\"ZP_CITEABLE ZP_ATTR\"><\/span>\n\t\t<span class=\"ZP_TARGET ZP_ATTR\">1<\/span>\n\t\t<span class=\"ZP_URLWRAP ZP_ATTR\"><\/span>\n\t\t<span class=\"ZP_FORCENUM ZP_ATTR\"><\/span>\n        <span class=\"ZP_HIGHLIGHT ZP_ATTR\"><\/span>\n        <span class=\"ZP_POSTID ZP_ATTR\">544<\/span>\n\t\t<span class=\"ZOTPRESS_PLUGIN_URL ZP_ATTR\">https:\/\/opistobranquis.info\/wp-content\/plugins\/zotpress\/<\/span>\n\n\t\t<div class=\"zp-List loading\">\n\t\t\t<div class=\"zp-SEO-Content\">\n\n\t\t\t<\/div><!-- .zp-zp-SEO-Content -->\n\t\t<\/div><!-- .zp-List -->\n\t<\/div><!--.zp-Zotpress-->\n\n<p><\/p>Bibliograf\u00eda basada en los trabajos de <b>Steve Long, 2006<\/b>. <a target=_blank href=https:\/\/opistobranquis.info\/wp-content\/uploads\/2016\/06\/Long-S.-2006-Bibliography-of-Opisthobranchia-1554-2000.pdf>Bibliography of Opisthobranchia 1554-2000<\/a> y <b>Gary McDonald, 2009<\/b>. <a href=http:\/\/escholarship.org\/uc\/item\/8115h0wz>Bibliographia Nudibranchia<\/a>, con actualizaciones posteriores procedentes de otras fuentes.<p><\/p><\/ul><p><\/p><p><strong>M\u00e1s informaci\u00f3n<\/strong><\/p><span style=\"font-size:10pt\"><ul><ul class=\"blogroll-links\"><li><a href=\"http:\/\/www.asturnatura.com\/especie\/tritonia-manicata.html\">AsturNatura<\/a><\/li><li><a href=\"http:\/\/www.biodiversitylibrary.org\/name\/Tritonia%20manicata\">Biodiversity Heritage Library<\/a><\/li><li><a href=\"http:\/\/www.cibsub.com\/bioespecie_es-tritonia_manicata-28186\">CIB - Club Immersio Biologia<\/a><\/li><li><a href=\"http:\/\/doris.ffessm.fr\/fiche2.asp?fiche_numero=358\">DORIS<\/a><\/li><li><a href=\"https:\/\/litoraldegranada.ugr.es\/el-litoral\/el-litoral-sumergido\/fauna\/moluscos\/gasteropodos\/opistobranquios\/orden-nudibranchia\/tritonioidea\/duvaucelia-manicata\/\">El Litoral de Granada<\/a><\/li><li><a href=\"http:\/\/www.habitas.org.uk\/marinelife\/species.asp?item=W12440#\">Encyclopedia of Marine Life of Britain and Ireland<\/a><\/li><li><a href=\"https:\/\/www.flickr.com\/search\/?text=Tritonia%20manicata\">Flickr pictures<\/a><\/li><li><a href=\"http:\/\/www.opistobranquis.org\/ca\/guia\/64\">GROC<\/a><\/li><li><a href=\"http:\/\/www.irmng.org\/aphia.php?p=taxlist&#038;tName=Duvaucelia%20manicata\">Interim Register of Marine and Nonmarine Genera<\/a><\/li><li><a href=\"http:\/\/marenostrum.org\/vidamarina\/animalia\/invertebrados\/moluscos\/gasteropodos\/opistobranquios\/tmanicata\/index.htm\">M@re Nostrum<\/a><\/li><li><a href=\"http:\/\/www.ncbi.nlm.nih.gov\/Taxonomy\/Browser\/wwwtax.cgi?mode=Undef&#038;name=Duvaucelia%20manicata&#038;lvl=0&#038;srchmode=1\">NCBI GenBank<\/a><\/li><li><a href=\"http:\/\/iobis.org\/mapper\/?taxon=Duvaucelia%20manicata\">OBIS - Search by Taxon<\/a><\/li><li><a href=\"http:\/\/www.seaslugforum.net\/showall\/tritmani\">Sea Slug Forum<\/a><\/li><li><a href=\"https:\/\/marinespecies.org\/aphia.php?p=taxdetails&#038;id=1669252\">World Register of Marine Species<\/a><\/li><\/ul><\/ul><\/span><p><strong>Citar este art\u00edculo como: <\/strong><\/p><div style=\"display: block; background: #444444; padding: 10px 30px 10px 10px; border-radius: 5px; line-height: 18px;\"><p class=\"citacio\"><b>Ballesteros, M., Madrenas, E. &#38; Pontes, M.<\/b> (2025) <em>\"Candiella manicata\"<\/em> en <em>OPK-Opistobranquis<\/em>. Publicado: 16\/05\/2012. Accedido: 04\/09\/2026. Disponible en (<a href=https:\/\/opistobranquis.info\/es\/?p=544>https:\/\/opistobranquis.info\/es\/?p=544<\/a>)<\/p><p><\/p><\/div><p><\/p><\/p>","protected":false},"excerpt":{"rendered":"<p>Candiella manicata (Deshayes, 1853) Nota taxon\u00f3mica. El g\u00e9nero\u00a0Duvaucelia\u00a0se restablece despu\u00e9s del art\u00edculo de Korshunova y Martynov (2020) para diferenciar los peque\u00f1os Tritoniidae con velo frontal no bilobulado y un n\u00famero moderado de dientes laterales en la r\u00e1dula, que habitan principalmente aguas templadas y subtropicales europeas. En 2023, el nombre del g\u00e9nero Duvaucelia cambia nuevamente a Candiella seg\u00fan De Vasconcelos et al. (2023) bas\u00e1ndose en que la descripci\u00f3n original de Duvaucelia\u2026<\/p>\n<p class=\"continue-reading-button\"> <a class=\"continue-reading-link\" href=\"https:\/\/opistobranquis.info\/es\/guia\/nudibranchia\/cladobranchia\/tritonioidea\/candiella-manicata\/\">Sigue leyendo<i class=\"crycon-right-dir\"><\/i><\/a><\/p>\n","protected":false},"author":291,"featured_media":44811,"parent":25767,"menu_order":4,"comment_status":"closed","ping_status":"closed","template":"","meta":{"footnotes":""},"class_list":["post-544","page","type-page","status-publish","has-post-thumbnail","hentry"],"jetpack_sharing_enabled":true,"_links":{"self":[{"href":"https:\/\/opistobranquis.info\/es\/wp-json\/wp\/v2\/pages\/544","targetHints":{"allow":["GET"]}}],"collection":[{"href":"https:\/\/opistobranquis.info\/es\/wp-json\/wp\/v2\/pages"}],"about":[{"href":"https:\/\/opistobranquis.info\/es\/wp-json\/wp\/v2\/types\/page"}],"author":[{"embeddable":true,"href":"https:\/\/opistobranquis.info\/es\/wp-json\/wp\/v2\/users\/291"}],"replies":[{"embeddable":true,"href":"https:\/\/opistobranquis.info\/es\/wp-json\/wp\/v2\/comments?post=544"}],"version-history":[{"count":8,"href":"https:\/\/opistobranquis.info\/es\/wp-json\/wp\/v2\/pages\/544\/revisions"}],"predecessor-version":[{"id":42637,"href":"https:\/\/opistobranquis.info\/es\/wp-json\/wp\/v2\/pages\/544\/revisions\/42637"}],"up":[{"embeddable":true,"href":"https:\/\/opistobranquis.info\/es\/wp-json\/wp\/v2\/pages\/25767"}],"wp:featuredmedia":[{"embeddable":true,"href":"https:\/\/opistobranquis.info\/es\/wp-json\/wp\/v2\/media\/44811"}],"wp:attachment":[{"href":"https:\/\/opistobranquis.info\/es\/wp-json\/wp\/v2\/media?parent=544"}],"curies":[{"name":"wp","href":"https:\/\/api.w.org\/{rel}","templated":true}]}}