{"id":566,"date":"2012-05-16T20:14:49","date_gmt":"2012-05-16T18:14:49","guid":{"rendered":"https:\/\/opistobranquis.info\/aeolidiella-alderiaeolidiella-alderiaeolidiella-alderi"},"modified":"2022-12-27T10:20:19","modified_gmt":"2022-12-27T09:20:19","slug":"aeolidiella-alderi","status":"publish","type":"page","link":"https:\/\/opistobranquis.info\/es\/guia\/nudibranchia\/cladobranchia\/aeolidioidea\/aeolidiella-alderi\/","title":{"rendered":"Aeolidiella alderi"},"content":{"rendered":"<p><\/p>\n<h3><em>Aeolidiella alderi<\/em> (Cocks, 1852)<\/h3>\n<p><span style=\"font-size:10pt;\" class=\"aligncenter\"><div id=\"featured-img-id\"><img data-recalc-dims=\"1\" decoding=\"async\" src=\"https:\/\/i0.wp.com\/opistobranquis.info\/wp-content\/uploads\/2020\/12\/Aeolidiella-alderi-by-Miquel-Pontes-DSC_7941.jpg?w=900&#038;ssl=1\" alt=\"Aeolidiella alderi by Miquel Pontes\" \/><\/div><center><em>Aeolidiella alderi<\/em> por Pontes, Miquel<\/center><\/span><p><\/p><div class=\"opk-worms\"><h3>Informaci\u00f3n taxon\u00f3mica WoRMS<\/h3><div class=\"opk-success\">Nombre aceptado actual: <strong><em>Aeolidiella alderi<\/em> (Cocks, 1852)<\/strong><\/div><h4>Clasificaci\u00f3n actual<\/h4><table class=\"widefat striped\"><tr><th>Superdomain<\/th><td><a target=\"_blank\" href=\"https:\/\/www.marinespecies.org\/aphia.php?p=taxdetails&id=1\">Biota<\/a><\/td><\/tr><tr><th>Kingdom<\/th><td><a target=\"_blank\" href=\"https:\/\/www.marinespecies.org\/aphia.php?p=taxdetails&id=2\">Animalia<\/a><\/td><\/tr><tr><th>Phylum<\/th><td><a target=\"_blank\" href=\"https:\/\/www.marinespecies.org\/aphia.php?p=taxdetails&id=51\">Mollusca<\/a><\/td><\/tr><tr><th>Class<\/th><td><a target=\"_blank\" href=\"https:\/\/www.marinespecies.org\/aphia.php?p=taxdetails&id=101\">Gastropoda<\/a><\/td><\/tr><tr><th>Subclass<\/th><td><a target=\"_blank\" href=\"https:\/\/www.marinespecies.org\/aphia.php?p=taxdetails&id=14712\">Heterobranchia<\/a><\/td><\/tr><tr><th>Infraclass<\/th><td><a target=\"_blank\" href=\"https:\/\/www.marinespecies.org\/aphia.php?p=taxdetails&id=1057247\">Euthyneura<\/a><\/td><\/tr><tr><th>Subterclass<\/th><td><a target=\"_blank\" href=\"https:\/\/www.marinespecies.org\/aphia.php?p=taxdetails&id=1057249\">Ringipleura<\/a><\/td><\/tr><tr><th>Superorder<\/th><td><a target=\"_blank\" href=\"https:\/\/www.marinespecies.org\/aphia.php?p=taxdetails&id=411966\">Nudipleura<\/a><\/td><\/tr><tr><th>Order<\/th><td><a target=\"_blank\" href=\"https:\/\/www.marinespecies.org\/aphia.php?p=taxdetails&id=1762\">Nudibranchia<\/a><\/td><\/tr><tr><th>Suborder<\/th><td><a target=\"_blank\" href=\"https:\/\/www.marinespecies.org\/aphia.php?p=taxdetails&id=827889\">Cladobranchia<\/a><\/td><\/tr><tr><th>Superfamily<\/th><td><a target=\"_blank\" href=\"https:\/\/www.marinespecies.org\/aphia.php?p=taxdetails&id=189\">Aeolidioidea<\/a><\/td><\/tr><tr><th>Family<\/th><td><a target=\"_blank\" href=\"https:\/\/www.marinespecies.org\/aphia.php?p=taxdetails&id=192\">Aeolidiidae<\/a><\/td><\/tr><tr><th>Genus<\/th><td><a target=\"_blank\" href=\"https:\/\/www.marinespecies.org\/aphia.php?p=taxdetails&id=137631\"><em>Aeolidiella<\/em><\/a><\/td><\/tr><tr><th>Species<\/th><td><a target=\"_blank\" href=\"https:\/\/www.marinespecies.org\/aphia.php?p=taxdetails&id=138710\"><em>Aeolidiella alderi<\/em> (Cocks, 1852)<\/a><\/td><\/tr><\/table><p class=\"footer\">Clasificaci\u00f3n proporcionada por el World Register of Marine Species (WoRMS). [<a target=\"_blank\" href=\"https:\/\/www.marinespecies.org\/aphia.php?p=taxdetails&id=138710\">138710<\/a>]<\/p><\/div><strong>Sin\u00f3nimos<\/strong><\/p>\n<ul>\n<li><em>Aeolidiella soemmeringii<\/em> Bergh, 1882<\/li>\n<li><em>Aeolidiella soemmeringii var. mediterranea<\/em> Bergh, 1885<\/li>\n<li><em>Eolidia soemmeringii<\/em> Leuckart, 1828<\/li>\n<li><strong><em>Eolis alderi<\/em> Cocks, 1852 (original)<\/strong><\/li>\n<\/ul>\n<p><strong>Descripci\u00f3n<\/strong><br \/>\nSe trata de un eolid\u00e1ceo que puede medir hasta 30 mm de longitud. El cuerpo es\u00a0 blanquecino pero la cabeza y el dorso suele presentar una fina pigmentaci\u00f3n anaranjada superficial. Los palpos orales son semitransparentes y su extremo est\u00e1 pigmentado de naranja, m\u00e1s o menos fuerte seg\u00fan los ejemplares. Los dos rin\u00f3foros salen muy juntos de la cabeza, son relativamente cortos y lisos y su apariencia es como la de los palpos orales pero algo m\u00e1s cortos. Los ojos se aprecian bien justo en la zona posterior de la base de los rin\u00f3foros. Lo m\u00e1s caracter\u00edstico de la mayor\u00eda de las especies de este g\u00e9nero es la gran cantidad de ceratas que cubren homog\u00e9neamente el dorso del animal, sin separaci\u00f3n aparente entre los diferentes grupos. Hay 12-13 grupos de ceratas a cada lado del cuerpo en los ejemplares m\u00e1s grandes, estando los ceratas el primer grupo situados muy delante, estando su inserci\u00f3n en el cuerpo incluso adelantada a la base de los rin\u00f3foros. Los ceratas son ligeramente curvados hacia el interior del cuerpo, son algo planos en su base y afilados apicalmente, donde se puede ver claramente el cnidosaco. La gl\u00e1ndula digestiva se puede ver a trav\u00e9s del tegumento semitransparente del cerata como una masa maciza u ondulada de color pardo o verde oliva oscuro. En algunos ejemplares la pigmentaci\u00f3n general del cuerpo es muy clara, de color blanco cremoso, debido a que la gl\u00e1ndula digestiva es de este color. El extremo de los ceratas m\u00e1s grandes pue estar pigmentado ligeramente de naranja. Los ceratas del primer grupo son los de menor tama\u00f1o y generalmente son bastante despigmentados porque la gl\u00e1ndula digestiva de su interior s\u00f3lo ocupa la base del cerata. El pie es semitransparente y bastante ancho y diferencia en su zona anterior un par de tent\u00e1culos propodiales cortos y triangulares cuyo extremo anterior puede estar pigmentado ligeramente de naranja. En la zona posterior el pie forma una cola corta y estrecha que sobresale debajo de los \u00faltimos ceratas.<\/p>\n<p><strong>Biolog\u00eda<\/strong><br \/>\nEsta especie vive a poca profundidad en la cara inferior de las piedras del intermareal e infralitoral superior. Se alimenta de diferentes especies de actiniarios, entre los que se han citado <i>Actinothoe anguicoma, A. sphyrodeta, Aiptasia mutabilis, Anemonia viridis, Bunodactis verrucosa, Cereus pedunculatus, Diadumene cincta, Metridium senile, Parastephanauge paxi, Sagartia elegans, S. troglodytes, Sagartiogeton laceratus y S. undatus<\/i>. Mar\u00edn&amp;Ros (1991) citan la presencia en el cuerpo de esta especie de algas zooxantelas simbi\u00f3ticas y fotosint\u00e9ticamente activas que son adquiridas por el nudibranquio de los actiniarios que constituyen sus presas. La puesta est\u00e1 constituida por un cord\u00f3n profusamente festoneado y replegado sobre s\u00ed mismo que contiene numerosos huevos de color blanco y de unas 200 micras de di\u00e1metro (Schmekel&amp;Portmann, 1982). Los animales efect\u00faan las puestas en la cara inferior de las piedras. Los huevos de esta especie tienen desarrollo directo, sin fase larvaria libre. Como en otras especies de la misma familia algunos ejemplares pueden estar parasitados por cop\u00e9podos que ponen sus huevos entre los ceratas del nudibranquio.<\/p>\n<p><strong>Etimolog\u00eda<\/strong><\/p>\n<ul>\n<li><i>Aeolidiella<\/i> hace referencia a una <i>Aeolidia<\/i> (otro g\u00e9nero de la misma familia Aeolidiidae) de talla m\u00e1s peque\u00f1a.<\/li>\n<li><i>alderi<\/i>: en honor de J. Alder, especialista brit\u00e1nico en opistobranquios del s. XIX de gran renombre y autor junto con Hancock de la famosa monografia de los nudibranquios brit\u00e1nicos (Alder, J. &amp;. Hancock, A. 1845-1855. A monograph of the British nudibranchiate Mollusca: with figures of all the species. Pt. 1-7. Ray Society, London).<\/li>\n<\/ul>\n<p><strong>Distribuci\u00f3n<\/strong><br \/>\nSe trata de una especie estrictamente europea que habita desde las costas del Mediterr\u00e1neo hasta el Mar del Norte. Ha sido citada en todas las zonas costeras de la Pe\u00ednsula Ib\u00e9rica atl\u00e1nticas y mediterr\u00e1neas. En las costas catalanas se ha observado en Portlligat, Cadaqu\u00e9s, Cala Fosca (Palam\u00f3s), Cala Santa Cristina, Cala Sant Francesc, Punta de Santa Anna (Blanes) y en Cubelles. <div id=\"flxmap-6a99b1937605c\" class='flxmap-container' data-flxmap='flxmap_6a99b1937605c' style=\"width:100%;height:400px;\"><\/div>\n<script data-noptimize=\"1\">\n\/* <![CDATA[ *\/\n(function(w, fn) {\n if (w.addEventListener) w.addEventListener(\"DOMContentLoaded\", fn, false);\n else if (w.attachEvent) w.attachEvent(\"onload\", fn);\n})(window, function() {\n var f = new FlexibleMap();\n f.panControl = true;\n f.mapTypeId = \"satellite\";\n f.setlocale(\"es-ES\");\n f.kmlcache = \"5 minutes\";\n f.showKML(\"flxmap-6a99b1937605c\", \"https:\/\/opistobranquis.info\/wp-content\/uploads\/kms\/566.kmz\");\n window.flxmap_6a99b1937605c = f;\n});\n\/* ]]> *\/\n<\/script>\n<div style=\"width:100%;text-align:center;margin:12px 0 4px 0;\">\n  <div style=\"font-size:8pt;margin-bottom:6px;\">Citas georeferenciadas conocidas de la especie: <em>Aeolidiella alderi<\/em><\/div>\n  <table style=\"margin:0 auto;border-collapse:collapse;font-size:8pt;\">\n    <tr><td colspan=\"2\" style=\"text-align:left;padding-bottom:4px;\"><strong>Fonts:<\/strong><\/td><\/tr>\n    <tr>\n      <td style=\"vertical-align:top;padding-right:40px;\">\n        <table style=\"border-collapse:collapse;\">\n<tr><td style='padding:1px 6px 1px 0;vertical-align:middle'><img data-recalc-dims=\"1\" src=\"https:\/\/i0.wp.com\/opistobranquis.info\/wp-content\/uploads\/kms\/wht-circle-lv.png?w=900&#038;ssl=1\" style='display:block'><\/td><td style='padding:1px 0;vertical-align:middle;white-space:nowrap'>OBIS<\/td><\/tr><tr><td style='padding:1px 6px 1px 0;vertical-align:middle'><img data-recalc-dims=\"1\" src=\"https:\/\/i0.wp.com\/opistobranquis.info\/wp-content\/uploads\/kms\/ylw-circle-lv.png?w=900&#038;ssl=1\" style='display:block'><\/td><td style='padding:1px 0;vertical-align:middle;white-space:nowrap'>GROC 2010-2011<\/td><\/tr><tr><td style='padding:1px 6px 1px 0;vertical-align:middle'><img data-recalc-dims=\"1\" src=\"https:\/\/i0.wp.com\/opistobranquis.info\/wp-content\/uploads\/kms\/grn-circle-lv.png?w=900&#038;ssl=1\" style='display:block'><\/td><td style='padding:1px 0;vertical-align:middle;white-space:nowrap'>Enric Madrenas<\/td><\/tr><tr><td style='padding:1px 6px 1px 0;vertical-align:middle'><img data-recalc-dims=\"1\" src=\"https:\/\/i0.wp.com\/opistobranquis.info\/wp-content\/uploads\/kms\/orange-circle-lv.png?w=900&#038;ssl=1\" style='display:block'><\/td><td style='padding:1px 0;vertical-align:middle;white-space:nowrap'>Jo\u00e3o Pedro Silva<\/td><\/tr><tr><td style='padding:1px 6px 1px 0;vertical-align:middle'><img data-recalc-dims=\"1\" src=\"https:\/\/i0.wp.com\/opistobranquis.info\/wp-content\/uploads\/kms\/pink-circle-lv.png?w=900&#038;ssl=1\" style='display:block'><\/td><td style='padding:1px 0;vertical-align:middle;white-space:nowrap'>Bernard Picton<\/td><\/tr><tr><td style='padding:1px 6px 1px 0;vertical-align:middle'><img data-recalc-dims=\"1\" src=\"https:\/\/i0.wp.com\/opistobranquis.info\/wp-content\/uploads\/kms\/blk-circle-lv.png?w=900&#038;ssl=1\" style='display:block'><\/td><td style='padding:1px 0;vertical-align:middle;white-space:nowrap'>GBIF<\/td><\/tr>        <\/table>\n      <\/td>\n      <td style=\"vertical-align:top;\">\n        <table style=\"border-collapse:collapse;\">\n<tr><td style='padding:1px 6px 1px 0;vertical-align:middle'><img data-recalc-dims=\"1\" src=\"https:\/\/i0.wp.com\/opistobranquis.info\/wp-content\/uploads\/kms\/purple-circle-lv.png?w=900&#038;ssl=1\" style='display:block'><\/td><td style='padding:1px 0;vertical-align:middle;white-space:nowrap'>OPK<\/td><\/tr><tr><td style='padding:1px 6px 1px 0;vertical-align:middle'><img data-recalc-dims=\"1\" src=\"https:\/\/i0.wp.com\/opistobranquis.info\/wp-content\/uploads\/kms\/red-circle-lv.png?w=900&#038;ssl=1\" style='display:block'><\/td><td style='padding:1px 0;vertical-align:middle;white-space:nowrap'>VIMAR<\/td><\/tr><tr><td style='padding:1px 6px 1px 0;vertical-align:middle'><img data-recalc-dims=\"1\" src=\"https:\/\/i0.wp.com\/opistobranquis.info\/wp-content\/uploads\/kms\/blu-circle-lv.png?w=900&#038;ssl=1\" style='display:block'><\/td><td style='padding:1px 0;vertical-align:middle;white-space:nowrap'>Manuel Ballesteros<\/td><\/tr><tr><td style='padding:1px 6px 1px 0;vertical-align:middle'><img data-recalc-dims=\"1\" src=\"https:\/\/i0.wp.com\/opistobranquis.info\/wp-content\/uploads\/kms\/cyan-circle-lv.png?w=900&#038;ssl=1\" style='display:block'><\/td><td style='padding:1px 0;vertical-align:middle;white-space:nowrap'>M@re Nostrum<\/td><\/tr><tr><td style='padding:1px 6px 1px 0;vertical-align:middle'><img data-recalc-dims=\"1\" src=\"https:\/\/i0.wp.com\/opistobranquis.info\/wp-content\/uploads\/kms\/grey-circle-lv.png?w=900&#038;ssl=1\" style='display:block'><\/td><td style='padding:1px 0;vertical-align:middle;white-space:nowrap'>Altres fonts<\/td><\/tr><tr><td style='padding:1px 6px 1px 0;vertical-align:middle'><img data-recalc-dims=\"1\" src=\"https:\/\/i0.wp.com\/opistobranquis.info\/wp-content\/uploads\/kms\/marreg.png?w=900&#038;ssl=1\" style='display:block'><\/td><td style='padding:1px 0;vertical-align:middle;white-space:nowrap'>Marine Regions<\/td><\/tr>        <\/table>\n      <\/td>\n    <\/tr>\n  <\/table>\n<\/div>\n<\/p>\n<p><strong>Especies similares<br \/>\n<\/strong><a href=\"https:\/\/opistobranquis.info\/guia\/nudibranchia\/cladobranchia\/aeolidioidea\/spurilla-neapolitana\/\"><em>Spurilla neapolitana<\/em><\/a> comparte h\u00e1bitat y aspecto. <a href=\"https:\/\/opistobranquis.info\/guia\/opistobranquis-no-identificats\/cuthona-cf-granosa\/\"><em>Cuthona granosa<\/em><\/a> se parece a los juveniles de <em>A.alderi<\/em>.<\/p>\n<p><strong>Error:<\/strong> Chart.js no est\u00e1 disponible.<\/p>\n<p><strong>Videos<\/strong><\/p>\n<p><iframe loading=\"lazy\" title=\"Eolis d&#039;Alder - Aeolidiella alderi - Etang de Thau - www.loeilduplongeur.com\" width=\"900\" height=\"506\" src=\"https:\/\/www.youtube.com\/embed\/33ZBa7nr7KI?feature=oembed\" frameborder=\"0\" allow=\"accelerometer; autoplay; clipboard-write; encrypted-media; gyroscope; picture-in-picture\" allowfullscreen><\/iframe><\/p>\n<p><iframe loading=\"lazy\" title=\"Aeolidiella alderi (feat Berghia verrucicornis) - Etang de Thau\" width=\"900\" height=\"506\" src=\"https:\/\/www.youtube.com\/embed\/B6F2knsL9Ow?feature=oembed\" frameborder=\"0\" allow=\"accelerometer; autoplay; clipboard-write; encrypted-media; gyroscope; picture-in-picture\" allowfullscreen><\/iframe><\/p>\n<p><iframe loading=\"lazy\" src=\"https:\/\/player.vimeo.com\/video\/784329651?h=84140439f2&amp;dnt=1&amp;app_id=122963\" width=\"900\" height=\"506\" frameborder=\"0\" allow=\"autoplay; fullscreen; picture-in-picture\" allowfullscreen><\/iframe><\/p>\n<p>&nbsp;<\/p>\n<p><strong>Otras fotos<\/strong><br \/>\n<div class=\"tiled-gallery type-rectangular tiled-gallery-unresized\" data-original-width=\"900\" data-carousel-extra='{&quot;blog_id&quot;:1,&quot;permalink&quot;:&quot;https:\\\/\\\/opistobranquis.info\\\/es\\\/guia\\\/nudibranchia\\\/cladobranchia\\\/aeolidioidea\\\/aeolidiella-alderi\\\/&quot;,&quot;likes_blog_id&quot;:44192421}' itemscope itemtype=\"http:\/\/schema.org\/ImageGallery\" > <div class=\"gallery-row\" style=\"width: 900px; height: 776px;\" data-original-width=\"900\" data-original-height=\"776\" > <div class=\"gallery-group images-1\" style=\"width: 525px; height: 776px;\" data-original-width=\"525\" data-original-height=\"776\" > <div class=\"tiled-gallery-item tiled-gallery-item-large\" itemprop=\"associatedMedia\" itemscope itemtype=\"http:\/\/schema.org\/ImageObject\"> <a href=\"https:\/\/opistobranquis.info\/es\/guia\/nudibranchia\/cladobranchia\/aeolidioidea\/aeolidiella-alderi\/aeolidiella-alderi-00\/\" border=\"0\" itemprop=\"url\"> <meta itemprop=\"width\" content=\"521\"> <meta itemprop=\"height\" content=\"772\"> <img decoding=\"async\" class=\"\" data-attachment-id=\"4065\" data-orig-file=\"https:\/\/opistobranquis.info\/wp-content\/uploads\/2012\/12\/aeolidiella-alderi-00.jpg\" data-orig-size=\"331,490\" data-comments-opened=\"\" data-image-title=\"Aeolidiella alderi by Enric Madrenas\" data-image-description=\"&lt;p&gt;Aeolidiella alderi by Enric Madrenas&lt;\/p&gt; \" data-medium-file=\"https:\/\/i0.wp.com\/opistobranquis.info\/wp-content\/uploads\/2012\/12\/aeolidiella-alderi-00.jpg?fit=202%2C300&#038;ssl=1\" data-large-file=\"https:\/\/i0.wp.com\/opistobranquis.info\/wp-content\/uploads\/2012\/12\/aeolidiella-alderi-00.jpg?fit=331%2C490&#038;ssl=1\" src=\"https:\/\/i0.wp.com\/opistobranquis.info\/wp-content\/uploads\/2012\/12\/aeolidiella-alderi-00.jpg?w=521&#038;h=772&#038;ssl=1\" srcset=\"https:\/\/i0.wp.com\/opistobranquis.info\/wp-content\/uploads\/2012\/12\/aeolidiella-alderi-00.jpg?w=331&amp;ssl=1 331w, https:\/\/i0.wp.com\/opistobranquis.info\/wp-content\/uploads\/2012\/12\/aeolidiella-alderi-00.jpg?resize=202%2C300&amp;ssl=1 202w\" width=\"521\" height=\"772\" loading=\"lazy\" data-original-width=\"521\" data-original-height=\"772\" itemprop=\"http:\/\/schema.org\/image\" title=\"Aeolidiella alderi by Enric Madrenas\" alt=\"Aeolidiella alderi by Enric Madrenas\" style=\"width: 521px; height: 772px;\" \/> <\/a> <div class=\"tiled-gallery-caption\" itemprop=\"caption description\"> Aeolidiella alderi by Enric Madrenas <\/div> <\/div> <\/div> <!-- close group --> <div class=\"gallery-group images-3\" style=\"width: 375px; height: 776px;\" data-original-width=\"375\" data-original-height=\"776\" > <div class=\"tiled-gallery-item tiled-gallery-item-large\" itemprop=\"associatedMedia\" itemscope itemtype=\"http:\/\/schema.org\/ImageObject\"> <a href=\"https:\/\/opistobranquis.info\/es\/guia\/nudibranchia\/cladobranchia\/aeolidioidea\/aeolidiella-alderi\/aeolidiella-alderi-001\/\" border=\"0\" itemprop=\"url\"> <meta itemprop=\"width\" content=\"371\"> <meta itemprop=\"height\" content=\"265\"> <img decoding=\"async\" class=\"\" data-attachment-id=\"4066\" data-orig-file=\"https:\/\/opistobranquis.info\/wp-content\/uploads\/2012\/12\/aeolidiella-alderi-001.jpg\" data-orig-size=\"650,465\" data-comments-opened=\"\" data-image-title=\"Aeolidiella alderi by Enric Madrenas\" data-image-description=\"\" data-medium-file=\"https:\/\/i0.wp.com\/opistobranquis.info\/wp-content\/uploads\/2012\/12\/aeolidiella-alderi-001.jpg?fit=300%2C214&#038;ssl=1\" data-large-file=\"https:\/\/i0.wp.com\/opistobranquis.info\/wp-content\/uploads\/2012\/12\/aeolidiella-alderi-001.jpg?fit=650%2C465&#038;ssl=1\" src=\"https:\/\/i0.wp.com\/opistobranquis.info\/wp-content\/uploads\/2012\/12\/aeolidiella-alderi-001.jpg?w=371&#038;h=265&#038;ssl=1\" srcset=\"https:\/\/i0.wp.com\/opistobranquis.info\/wp-content\/uploads\/2012\/12\/aeolidiella-alderi-001.jpg?w=650&amp;ssl=1 650w, https:\/\/i0.wp.com\/opistobranquis.info\/wp-content\/uploads\/2012\/12\/aeolidiella-alderi-001.jpg?resize=300%2C214&amp;ssl=1 300w\" width=\"371\" height=\"265\" loading=\"lazy\" data-original-width=\"371\" data-original-height=\"265\" itemprop=\"http:\/\/schema.org\/image\" title=\"Aeolidiella alderi by Enric Madrenas\" alt=\"Aeolidiella alderi by Enric Madrenas\" style=\"width: 371px; height: 265px;\" \/> <\/a> <div class=\"tiled-gallery-caption\" itemprop=\"caption description\"> Aeolidiella alderi by Enric Madrenas <\/div> <\/div> <div class=\"tiled-gallery-item tiled-gallery-item-large\" itemprop=\"associatedMedia\" itemscope itemtype=\"http:\/\/schema.org\/ImageObject\"> <a href=\"https:\/\/opistobranquis.info\/es\/guia\/nudibranchia\/cladobranchia\/aeolidioidea\/aeolidiella-alderi\/aeolidiella-alderi-01\/\" border=\"0\" itemprop=\"url\"> <meta itemprop=\"width\" content=\"371\"> <meta itemprop=\"height\" content=\"249\"> <img decoding=\"async\" class=\"\" data-attachment-id=\"4067\" data-orig-file=\"https:\/\/opistobranquis.info\/wp-content\/uploads\/2012\/12\/aeolidiella-alderi-01.jpg\" data-orig-size=\"650,436\" data-comments-opened=\"\" data-image-title=\"Aeolidiella alderi by Enric Madrenas\" data-image-description=\"\" data-medium-file=\"https:\/\/i0.wp.com\/opistobranquis.info\/wp-content\/uploads\/2012\/12\/aeolidiella-alderi-01.jpg?fit=300%2C201&#038;ssl=1\" data-large-file=\"https:\/\/i0.wp.com\/opistobranquis.info\/wp-content\/uploads\/2012\/12\/aeolidiella-alderi-01.jpg?fit=650%2C436&#038;ssl=1\" src=\"https:\/\/i0.wp.com\/opistobranquis.info\/wp-content\/uploads\/2012\/12\/aeolidiella-alderi-01.jpg?w=371&#038;h=249&#038;ssl=1\" srcset=\"https:\/\/i0.wp.com\/opistobranquis.info\/wp-content\/uploads\/2012\/12\/aeolidiella-alderi-01.jpg?w=650&amp;ssl=1 650w, https:\/\/i0.wp.com\/opistobranquis.info\/wp-content\/uploads\/2012\/12\/aeolidiella-alderi-01.jpg?resize=300%2C201&amp;ssl=1 300w\" width=\"371\" height=\"249\" loading=\"lazy\" data-original-width=\"371\" data-original-height=\"249\" itemprop=\"http:\/\/schema.org\/image\" title=\"Aeolidiella alderi by Enric Madrenas\" alt=\"Aeolidiella alderi by Enric Madrenas\" style=\"width: 371px; height: 249px;\" \/> <\/a> <div class=\"tiled-gallery-caption\" itemprop=\"caption description\"> Aeolidiella alderi by Enric Madrenas <\/div> <\/div> <div class=\"tiled-gallery-item tiled-gallery-item-large\" itemprop=\"associatedMedia\" itemscope itemtype=\"http:\/\/schema.org\/ImageObject\"> <a href=\"https:\/\/opistobranquis.info\/es\/guia\/nudibranchia\/cladobranchia\/aeolidioidea\/aeolidiella-alderi\/aeolidiella-alderi-05\/\" border=\"0\" itemprop=\"url\"> <meta itemprop=\"width\" content=\"371\"> <meta itemprop=\"height\" content=\"250\"> <img decoding=\"async\" class=\"\" data-attachment-id=\"4068\" data-orig-file=\"https:\/\/opistobranquis.info\/wp-content\/uploads\/2012\/12\/aeolidiella-alderi-05.jpg\" data-orig-size=\"650,438\" data-comments-opened=\"\" data-image-title=\"Aeolidiella alderi by Enric Madrenas\" data-image-description=\"&lt;p&gt;Aeolidiella alderi by Enric Madrenas&lt;\/p&gt; \" data-medium-file=\"https:\/\/i0.wp.com\/opistobranquis.info\/wp-content\/uploads\/2012\/12\/aeolidiella-alderi-05.jpg?fit=300%2C202&#038;ssl=1\" data-large-file=\"https:\/\/i0.wp.com\/opistobranquis.info\/wp-content\/uploads\/2012\/12\/aeolidiella-alderi-05.jpg?fit=650%2C438&#038;ssl=1\" src=\"https:\/\/i0.wp.com\/opistobranquis.info\/wp-content\/uploads\/2012\/12\/aeolidiella-alderi-05.jpg?w=371&#038;h=250&#038;ssl=1\" srcset=\"https:\/\/i0.wp.com\/opistobranquis.info\/wp-content\/uploads\/2012\/12\/aeolidiella-alderi-05.jpg?w=650&amp;ssl=1 650w, https:\/\/i0.wp.com\/opistobranquis.info\/wp-content\/uploads\/2012\/12\/aeolidiella-alderi-05.jpg?resize=300%2C202&amp;ssl=1 300w\" width=\"371\" height=\"250\" loading=\"lazy\" data-original-width=\"371\" data-original-height=\"250\" itemprop=\"http:\/\/schema.org\/image\" title=\"Aeolidiella alderi by Enric Madrenas\" alt=\"Aeolidiella alderi by Enric Madrenas\" style=\"width: 371px; height: 250px;\" \/> <\/a> <div class=\"tiled-gallery-caption\" itemprop=\"caption description\"> Aeolidiella alderi by Enric Madrenas <\/div> <\/div> <\/div> <!-- close group --> <\/div> <!-- close row --> <div class=\"gallery-row\" style=\"width: 900px; height: 403px;\" data-original-width=\"900\" data-original-height=\"403\" > <div class=\"gallery-group images-1\" style=\"width: 594px; height: 403px;\" data-original-width=\"594\" data-original-height=\"403\" > <div class=\"tiled-gallery-item tiled-gallery-item-large\" itemprop=\"associatedMedia\" itemscope itemtype=\"http:\/\/schema.org\/ImageObject\"> <a href=\"https:\/\/opistobranquis.info\/es\/guia\/nudibranchia\/cladobranchia\/aeolidioidea\/aeolidiella-alderi\/aeolidiella-alderi-06\/\" border=\"0\" itemprop=\"url\"> <meta itemprop=\"width\" content=\"590\"> <meta itemprop=\"height\" content=\"399\"> <img decoding=\"async\" class=\"\" data-attachment-id=\"4069\" data-orig-file=\"https:\/\/opistobranquis.info\/wp-content\/uploads\/2012\/12\/aeolidiella-alderi-06.jpg\" data-orig-size=\"650,439\" data-comments-opened=\"\" data-image-title=\"Aeolidiella alderi by Enric Madrenas\" data-image-description=\"&lt;p&gt;Aeolidiella alderi by Enric Madrenas&lt;\/p&gt; \" data-medium-file=\"https:\/\/i0.wp.com\/opistobranquis.info\/wp-content\/uploads\/2012\/12\/aeolidiella-alderi-06.jpg?fit=300%2C202&#038;ssl=1\" data-large-file=\"https:\/\/i0.wp.com\/opistobranquis.info\/wp-content\/uploads\/2012\/12\/aeolidiella-alderi-06.jpg?fit=650%2C439&#038;ssl=1\" src=\"https:\/\/i0.wp.com\/opistobranquis.info\/wp-content\/uploads\/2012\/12\/aeolidiella-alderi-06.jpg?w=590&#038;h=399&#038;ssl=1\" srcset=\"https:\/\/i0.wp.com\/opistobranquis.info\/wp-content\/uploads\/2012\/12\/aeolidiella-alderi-06.jpg?w=650&amp;ssl=1 650w, https:\/\/i0.wp.com\/opistobranquis.info\/wp-content\/uploads\/2012\/12\/aeolidiella-alderi-06.jpg?resize=300%2C202&amp;ssl=1 300w\" width=\"590\" height=\"399\" loading=\"lazy\" data-original-width=\"590\" data-original-height=\"399\" itemprop=\"http:\/\/schema.org\/image\" title=\"Aeolidiella alderi by Enric Madrenas\" alt=\"Aeolidiella alderi by Enric Madrenas\" style=\"width: 590px; height: 399px;\" \/> <\/a> <div class=\"tiled-gallery-caption\" itemprop=\"caption description\"> Aeolidiella alderi by Enric Madrenas <\/div> <\/div> <\/div> <!-- close group --> <div class=\"gallery-group images-1\" style=\"width: 306px; height: 403px;\" data-original-width=\"306\" data-original-height=\"403\" > <div class=\"tiled-gallery-item tiled-gallery-item-large\" itemprop=\"associatedMedia\" itemscope itemtype=\"http:\/\/schema.org\/ImageObject\"> <a href=\"https:\/\/opistobranquis.info\/es\/guia\/nudibranchia\/cladobranchia\/aeolidioidea\/aeolidiella-alderi\/aeolidiella-alderi-11\/\" border=\"0\" itemprop=\"url\"> <meta itemprop=\"width\" content=\"302\"> <meta itemprop=\"height\" content=\"399\"> <img decoding=\"async\" class=\"\" data-attachment-id=\"4070\" data-orig-file=\"https:\/\/opistobranquis.info\/wp-content\/uploads\/2012\/12\/aeolidiella-alderi-11.jpg\" data-orig-size=\"371,490\" data-comments-opened=\"\" data-image-title=\"Aeolidiella alderi by Enric Madrenas\" data-image-description=\"&lt;p&gt;Aeolidiella alderi by Enric Madrenas&lt;\/p&gt; \" data-medium-file=\"https:\/\/i0.wp.com\/opistobranquis.info\/wp-content\/uploads\/2012\/12\/aeolidiella-alderi-11.jpg?fit=227%2C300&#038;ssl=1\" data-large-file=\"https:\/\/i0.wp.com\/opistobranquis.info\/wp-content\/uploads\/2012\/12\/aeolidiella-alderi-11.jpg?fit=371%2C490&#038;ssl=1\" src=\"https:\/\/i0.wp.com\/opistobranquis.info\/wp-content\/uploads\/2012\/12\/aeolidiella-alderi-11.jpg?w=302&#038;h=399&#038;ssl=1\" srcset=\"https:\/\/i0.wp.com\/opistobranquis.info\/wp-content\/uploads\/2012\/12\/aeolidiella-alderi-11.jpg?w=371&amp;ssl=1 371w, https:\/\/i0.wp.com\/opistobranquis.info\/wp-content\/uploads\/2012\/12\/aeolidiella-alderi-11.jpg?resize=227%2C300&amp;ssl=1 227w\" width=\"302\" height=\"399\" loading=\"lazy\" data-original-width=\"302\" data-original-height=\"399\" itemprop=\"http:\/\/schema.org\/image\" title=\"Aeolidiella alderi by Enric Madrenas\" alt=\"Aeolidiella alderi by Enric Madrenas\" style=\"width: 302px; height: 399px;\" \/> <\/a> <div class=\"tiled-gallery-caption\" itemprop=\"caption description\"> Aeolidiella alderi by Enric Madrenas <\/div> <\/div> <\/div> <!-- close group --> <\/div> <!-- close row --> <div class=\"gallery-row\" style=\"width: 900px; height: 416px;\" data-original-width=\"900\" data-original-height=\"416\" > <div class=\"gallery-group images-1\" style=\"width: 618px; height: 416px;\" data-original-width=\"618\" data-original-height=\"416\" > <div class=\"tiled-gallery-item tiled-gallery-item-large\" itemprop=\"associatedMedia\" itemscope itemtype=\"http:\/\/schema.org\/ImageObject\"> <a href=\"https:\/\/opistobranquis.info\/es\/guia\/nudibranchia\/cladobranchia\/aeolidioidea\/aeolidiella-alderi\/aeolidiella-alderi-13\/\" border=\"0\" itemprop=\"url\"> <meta itemprop=\"width\" content=\"614\"> <meta itemprop=\"height\" content=\"412\"> <img decoding=\"async\" class=\"\" data-attachment-id=\"4071\" data-orig-file=\"https:\/\/opistobranquis.info\/wp-content\/uploads\/2012\/12\/aeolidiella-alderi-13.jpg\" data-orig-size=\"650,436\" data-comments-opened=\"\" data-image-title=\"Aeolidiella alderi by Enric Madrenas\" data-image-description=\"&lt;p&gt;Aeolidiella alderi by Enric Madrenas&lt;\/p&gt; \" data-medium-file=\"https:\/\/i0.wp.com\/opistobranquis.info\/wp-content\/uploads\/2012\/12\/aeolidiella-alderi-13.jpg?fit=300%2C201&#038;ssl=1\" data-large-file=\"https:\/\/i0.wp.com\/opistobranquis.info\/wp-content\/uploads\/2012\/12\/aeolidiella-alderi-13.jpg?fit=650%2C436&#038;ssl=1\" src=\"https:\/\/i0.wp.com\/opistobranquis.info\/wp-content\/uploads\/2012\/12\/aeolidiella-alderi-13.jpg?w=614&#038;h=412&#038;ssl=1\" srcset=\"https:\/\/i0.wp.com\/opistobranquis.info\/wp-content\/uploads\/2012\/12\/aeolidiella-alderi-13.jpg?w=650&amp;ssl=1 650w, https:\/\/i0.wp.com\/opistobranquis.info\/wp-content\/uploads\/2012\/12\/aeolidiella-alderi-13.jpg?resize=300%2C201&amp;ssl=1 300w\" width=\"614\" height=\"412\" loading=\"lazy\" data-original-width=\"614\" data-original-height=\"412\" itemprop=\"http:\/\/schema.org\/image\" title=\"Aeolidiella alderi by Enric Madrenas\" alt=\"Aeolidiella alderi by Enric Madrenas\" style=\"width: 614px; height: 412px;\" \/> <\/a> <div class=\"tiled-gallery-caption\" itemprop=\"caption description\"> Aeolidiella alderi by Enric Madrenas <\/div> <\/div> <\/div> <!-- close group --> <div class=\"gallery-group images-1\" style=\"width: 282px; height: 416px;\" data-original-width=\"282\" data-original-height=\"416\" > <div class=\"tiled-gallery-item tiled-gallery-item-large\" itemprop=\"associatedMedia\" itemscope itemtype=\"http:\/\/schema.org\/ImageObject\"> <a href=\"https:\/\/opistobranquis.info\/es\/guia\/nudibranchia\/cladobranchia\/aeolidioidea\/aeolidiella-alderi\/aeolidiella-alderi-16\/\" border=\"0\" itemprop=\"url\"> <meta itemprop=\"width\" content=\"278\"> <meta itemprop=\"height\" content=\"412\"> <img decoding=\"async\" class=\"\" data-attachment-id=\"4072\" data-orig-file=\"https:\/\/opistobranquis.info\/wp-content\/uploads\/2012\/12\/aeolidiella-alderi-16.jpg\" data-orig-size=\"331,490\" data-comments-opened=\"\" data-image-title=\"Aeolidiella alderi by Enric Madrenas\" data-image-description=\"&lt;p&gt;Aeolidiella alderi by Enric Madrenas&lt;\/p&gt; \" data-medium-file=\"https:\/\/i0.wp.com\/opistobranquis.info\/wp-content\/uploads\/2012\/12\/aeolidiella-alderi-16.jpg?fit=202%2C300&#038;ssl=1\" data-large-file=\"https:\/\/i0.wp.com\/opistobranquis.info\/wp-content\/uploads\/2012\/12\/aeolidiella-alderi-16.jpg?fit=331%2C490&#038;ssl=1\" src=\"https:\/\/i0.wp.com\/opistobranquis.info\/wp-content\/uploads\/2012\/12\/aeolidiella-alderi-16.jpg?w=278&#038;h=412&#038;ssl=1\" srcset=\"https:\/\/i0.wp.com\/opistobranquis.info\/wp-content\/uploads\/2012\/12\/aeolidiella-alderi-16.jpg?w=331&amp;ssl=1 331w, https:\/\/i0.wp.com\/opistobranquis.info\/wp-content\/uploads\/2012\/12\/aeolidiella-alderi-16.jpg?resize=202%2C300&amp;ssl=1 202w\" width=\"278\" height=\"412\" loading=\"lazy\" data-original-width=\"278\" data-original-height=\"412\" itemprop=\"http:\/\/schema.org\/image\" title=\"Aeolidiella alderi by Enric Madrenas\" alt=\"Aeolidiella alderi by Enric Madrenas\" style=\"width: 278px; height: 412px;\" \/> <\/a> <div class=\"tiled-gallery-caption\" itemprop=\"caption description\"> Aeolidiella alderi by Enric Madrenas <\/div> <\/div> <\/div> <!-- close group --> <\/div> <!-- close row --> <div class=\"gallery-row\" style=\"width: 900px; height: 397px;\" data-original-width=\"900\" data-original-height=\"397\" > <div class=\"gallery-group images-2\" style=\"width: 292px; height: 397px;\" data-original-width=\"292\" data-original-height=\"397\" > <div class=\"tiled-gallery-item tiled-gallery-item-large\" itemprop=\"associatedMedia\" itemscope itemtype=\"http:\/\/schema.org\/ImageObject\"> <a href=\"https:\/\/opistobranquis.info\/es\/guia\/nudibranchia\/cladobranchia\/aeolidioidea\/aeolidiella-alderi\/aeolidiella-alderi-17-amb-posta\/\" border=\"0\" itemprop=\"url\"> <meta itemprop=\"width\" content=\"288\"> <meta itemprop=\"height\" content=\"195\"> <img decoding=\"async\" class=\"\" data-attachment-id=\"4073\" data-orig-file=\"https:\/\/opistobranquis.info\/wp-content\/uploads\/2012\/12\/aeolidiella-alderi-17-amb-posta.jpg\" data-orig-size=\"650,438\" data-comments-opened=\"\" data-image-title=\"Aeolidiella alderi by Enric Madrenas\" data-image-description=\"&lt;p&gt;Aeolidiella alderi by Enric Madrenas&lt;\/p&gt; \" data-medium-file=\"https:\/\/i0.wp.com\/opistobranquis.info\/wp-content\/uploads\/2012\/12\/aeolidiella-alderi-17-amb-posta.jpg?fit=300%2C202&#038;ssl=1\" data-large-file=\"https:\/\/i0.wp.com\/opistobranquis.info\/wp-content\/uploads\/2012\/12\/aeolidiella-alderi-17-amb-posta.jpg?fit=650%2C438&#038;ssl=1\" src=\"https:\/\/i0.wp.com\/opistobranquis.info\/wp-content\/uploads\/2012\/12\/aeolidiella-alderi-17-amb-posta.jpg?w=288&#038;h=195&#038;ssl=1\" srcset=\"https:\/\/i0.wp.com\/opistobranquis.info\/wp-content\/uploads\/2012\/12\/aeolidiella-alderi-17-amb-posta.jpg?w=650&amp;ssl=1 650w, https:\/\/i0.wp.com\/opistobranquis.info\/wp-content\/uploads\/2012\/12\/aeolidiella-alderi-17-amb-posta.jpg?resize=300%2C202&amp;ssl=1 300w\" width=\"288\" height=\"195\" loading=\"lazy\" data-original-width=\"288\" data-original-height=\"195\" itemprop=\"http:\/\/schema.org\/image\" title=\"Aeolidiella alderi by Enric Madrenas\" alt=\"Aeolidiella alderi by Enric Madrenas\" style=\"width: 288px; height: 195px;\" \/> <\/a> <div class=\"tiled-gallery-caption\" itemprop=\"caption description\"> Aeolidiella alderi by Enric Madrenas <\/div> <\/div> <div class=\"tiled-gallery-item tiled-gallery-item-large\" itemprop=\"associatedMedia\" itemscope itemtype=\"http:\/\/schema.org\/ImageObject\"> <a href=\"https:\/\/opistobranquis.info\/es\/guia\/nudibranchia\/cladobranchia\/aeolidioidea\/aeolidiella-alderi\/aeolidiella-alderi-18\/\" border=\"0\" itemprop=\"url\"> <meta itemprop=\"width\" content=\"288\"> <meta itemprop=\"height\" content=\"194\"> <img decoding=\"async\" class=\"\" data-attachment-id=\"4074\" data-orig-file=\"https:\/\/opistobranquis.info\/wp-content\/uploads\/2012\/12\/aeolidiella-alderi-18.jpg\" data-orig-size=\"650,438\" data-comments-opened=\"\" data-image-title=\"Aeolidiella alderi by Enric Madrenas\" data-image-description=\"&lt;p&gt;Aeolidiella alderi by Enric Madrenas&lt;\/p&gt; \" data-medium-file=\"https:\/\/i0.wp.com\/opistobranquis.info\/wp-content\/uploads\/2012\/12\/aeolidiella-alderi-18.jpg?fit=300%2C202&#038;ssl=1\" data-large-file=\"https:\/\/i0.wp.com\/opistobranquis.info\/wp-content\/uploads\/2012\/12\/aeolidiella-alderi-18.jpg?fit=650%2C438&#038;ssl=1\" src=\"https:\/\/i0.wp.com\/opistobranquis.info\/wp-content\/uploads\/2012\/12\/aeolidiella-alderi-18.jpg?w=288&#038;h=194&#038;ssl=1\" srcset=\"https:\/\/i0.wp.com\/opistobranquis.info\/wp-content\/uploads\/2012\/12\/aeolidiella-alderi-18.jpg?w=650&amp;ssl=1 650w, https:\/\/i0.wp.com\/opistobranquis.info\/wp-content\/uploads\/2012\/12\/aeolidiella-alderi-18.jpg?resize=300%2C202&amp;ssl=1 300w\" width=\"288\" height=\"194\" loading=\"lazy\" data-original-width=\"288\" data-original-height=\"194\" itemprop=\"http:\/\/schema.org\/image\" title=\"Aeolidiella alderi by Enric Madrenas\" alt=\"Aeolidiella alderi by Enric Madrenas\" style=\"width: 288px; height: 194px;\" \/> <\/a> <div class=\"tiled-gallery-caption\" itemprop=\"caption description\"> Aeolidiella alderi by Enric Madrenas <\/div> <\/div> <\/div> <!-- close group --> <div class=\"gallery-group images-1\" style=\"width: 329px; height: 397px;\" data-original-width=\"329\" data-original-height=\"397\" > <div class=\"tiled-gallery-item tiled-gallery-item-large\" itemprop=\"associatedMedia\" itemscope itemtype=\"http:\/\/schema.org\/ImageObject\"> <a href=\"https:\/\/opistobranquis.info\/es\/guia\/nudibranchia\/cladobranchia\/aeolidioidea\/aeolidiella-alderi\/olympus-digital-camera-64\/\" border=\"0\" itemprop=\"url\"> <meta itemprop=\"width\" content=\"325\"> <meta itemprop=\"height\" content=\"393\"> <img decoding=\"async\" class=\"\" data-attachment-id=\"19872\" data-orig-file=\"https:\/\/opistobranquis.info\/wp-content\/uploads\/2012\/05\/Cuthona-granosa-@-Tarifa-Mediterr\u00e1neo-8-08-2015-by-Manuel-Mart\u00ednez-Chac\u00f3n-2.jpg\" data-orig-size=\"800,968\" data-comments-opened=\"\" data-image-title=\"Aeolidiella alderi @ Tarifa (Mediterr\u00e1neo) 8-08-2015 by Manuel Mart\u00ednez Chac\u00f3n\" data-image-description=\"&lt;p&gt;Aeolidiella alderi @ Tarifa (Mediterr\u00e1neo) 8-08-2015 by Manuel Mart\u00ednez Chac\u00f3n&lt;\/p&gt; \" data-medium-file=\"https:\/\/i0.wp.com\/opistobranquis.info\/wp-content\/uploads\/2012\/05\/Cuthona-granosa-%40-Tarifa-Mediterr%C3%A1neo-8-08-2015-by-Manuel-Mart%C3%ADnez-Chac%C3%B3n-2.jpg?fit=248%2C300&#038;ssl=1\" data-large-file=\"https:\/\/i0.wp.com\/opistobranquis.info\/wp-content\/uploads\/2012\/05\/Cuthona-granosa-%40-Tarifa-Mediterr%C3%A1neo-8-08-2015-by-Manuel-Mart%C3%ADnez-Chac%C3%B3n-2.jpg?fit=800%2C968&#038;ssl=1\" src=\"https:\/\/i0.wp.com\/opistobranquis.info\/wp-content\/uploads\/2012\/05\/Cuthona-granosa-%40-Tarifa-Mediterr%C3%A1neo-8-08-2015-by-Manuel-Mart%C3%ADnez-Chac%C3%B3n-2.jpg?w=325&#038;h=393&#038;ssl=1\" width=\"325\" height=\"393\" loading=\"lazy\" data-original-width=\"325\" data-original-height=\"393\" itemprop=\"http:\/\/schema.org\/image\" title=\"Aeolidiella alderi @ Tarifa (Mediterr\u00e1neo) 8-08-2015 by Manuel Mart\u00ednez Chac\u00f3n\" alt=\"Aeolidiella alderi @ Tarifa (Mediterr\u00e1neo) 8-08-2015 by Manuel Mart\u00ednez Chac\u00f3n\" style=\"width: 325px; height: 393px;\" \/> <\/a> <div class=\"tiled-gallery-caption\" itemprop=\"caption description\"> Aeolidiella alderi @ Tarifa (Mediterr\u00e1neo) 8-08-2015 by Manuel Mart\u00ednez Chac\u00f3n <\/div> <\/div> <\/div> <!-- close group --> <div class=\"gallery-group images-2\" style=\"width: 279px; height: 397px;\" data-original-width=\"279\" data-original-height=\"397\" > <div class=\"tiled-gallery-item tiled-gallery-item-large\" itemprop=\"associatedMedia\" itemscope itemtype=\"http:\/\/schema.org\/ImageObject\"> <a href=\"https:\/\/opistobranquis.info\/es\/guia\/nudibranchia\/cladobranchia\/aeolidioidea\/aeolidiella-alderi\/olympus-digital-camera-65\/\" border=\"0\" itemprop=\"url\"> <meta itemprop=\"width\" content=\"275\"> <meta itemprop=\"height\" content=\"207\"> <img decoding=\"async\" class=\"\" data-attachment-id=\"19873\" data-orig-file=\"https:\/\/opistobranquis.info\/wp-content\/uploads\/2012\/05\/Cuthona-granosa-@-Tarifa-Mediterr\u00e1neo-8-08-2015-by-Manuel-Mart\u00ednez-Chac\u00f3n.jpg\" data-orig-size=\"800,602\" data-comments-opened=\"\" data-image-title=\"Aeolidiella alderi @ Tarifa (Mediterr\u00e1neo) 8-08-2015 by Manuel Mart\u00ednez Chac\u00f3n\" data-image-description=\"&lt;p&gt;Aeolidiella alderi @ Tarifa (Mediterr\u00e1neo) 8-08-2015 by Manuel Mart\u00ednez Chac\u00f3n&lt;\/p&gt; \" data-medium-file=\"https:\/\/i0.wp.com\/opistobranquis.info\/wp-content\/uploads\/2012\/05\/Cuthona-granosa-%40-Tarifa-Mediterr%C3%A1neo-8-08-2015-by-Manuel-Mart%C3%ADnez-Chac%C3%B3n.jpg?fit=300%2C226&#038;ssl=1\" data-large-file=\"https:\/\/i0.wp.com\/opistobranquis.info\/wp-content\/uploads\/2012\/05\/Cuthona-granosa-%40-Tarifa-Mediterr%C3%A1neo-8-08-2015-by-Manuel-Mart%C3%ADnez-Chac%C3%B3n.jpg?fit=800%2C602&#038;ssl=1\" src=\"https:\/\/i0.wp.com\/opistobranquis.info\/wp-content\/uploads\/2012\/05\/Cuthona-granosa-%40-Tarifa-Mediterr%C3%A1neo-8-08-2015-by-Manuel-Mart%C3%ADnez-Chac%C3%B3n.jpg?w=275&#038;h=207&#038;ssl=1\" width=\"275\" height=\"207\" loading=\"lazy\" data-original-width=\"275\" data-original-height=\"207\" itemprop=\"http:\/\/schema.org\/image\" title=\"Aeolidiella alderi @ Tarifa (Mediterr\u00e1neo) 8-08-2015 by Manuel Mart\u00ednez Chac\u00f3n\" alt=\"Aeolidiella alderi @ Tarifa (Mediterr\u00e1neo) 8-08-2015 by Manuel Mart\u00ednez Chac\u00f3n\" style=\"width: 275px; height: 207px;\" \/> <\/a> <div class=\"tiled-gallery-caption\" itemprop=\"caption description\"> Aeolidiella alderi @ Tarifa (Mediterr\u00e1neo) 8-08-2015 by Manuel Mart\u00ednez Chac\u00f3n <\/div> <\/div> <div class=\"tiled-gallery-item tiled-gallery-item-large\" itemprop=\"associatedMedia\" itemscope itemtype=\"http:\/\/schema.org\/ImageObject\"> <a href=\"https:\/\/opistobranquis.info\/es\/guia\/nudibranchia\/cladobranchia\/aeolidioidea\/aeolidiella-alderi\/aeolidiella-soemmeringi\/\" border=\"0\" itemprop=\"url\"> <meta itemprop=\"width\" content=\"275\"> <meta itemprop=\"height\" content=\"182\"> <img decoding=\"async\" class=\"\" data-attachment-id=\"20982\" data-orig-file=\"https:\/\/opistobranquis.info\/wp-content\/uploads\/2012\/05\/Aeolidiella-soemmeringi.jpg\" data-orig-size=\"808,533\" data-comments-opened=\"\" data-image-title=\"Aeolidiella alderi by Jos\u00e9 Carlos Garc\u00eda G\u00f3mez\" data-image-description=\"&lt;p&gt;Aeolidiella alderi by Jos\u00e9 Carlos Garc\u00eda G\u00f3mez&lt;\/p&gt; \" data-medium-file=\"https:\/\/i0.wp.com\/opistobranquis.info\/wp-content\/uploads\/2012\/05\/Aeolidiella-soemmeringi.jpg?fit=300%2C198&#038;ssl=1\" data-large-file=\"https:\/\/i0.wp.com\/opistobranquis.info\/wp-content\/uploads\/2012\/05\/Aeolidiella-soemmeringi.jpg?fit=808%2C533&#038;ssl=1\" src=\"https:\/\/i0.wp.com\/opistobranquis.info\/wp-content\/uploads\/2012\/05\/Aeolidiella-soemmeringi.jpg?w=275&#038;h=182&#038;ssl=1\" srcset=\"https:\/\/i0.wp.com\/opistobranquis.info\/wp-content\/uploads\/2012\/05\/Aeolidiella-soemmeringi.jpg?w=808&amp;ssl=1 808w, https:\/\/i0.wp.com\/opistobranquis.info\/wp-content\/uploads\/2012\/05\/Aeolidiella-soemmeringi.jpg?resize=150%2C99&amp;ssl=1 150w, https:\/\/i0.wp.com\/opistobranquis.info\/wp-content\/uploads\/2012\/05\/Aeolidiella-soemmeringi.jpg?resize=300%2C198&amp;ssl=1 300w, https:\/\/i0.wp.com\/opistobranquis.info\/wp-content\/uploads\/2012\/05\/Aeolidiella-soemmeringi.jpg?resize=768%2C507&amp;ssl=1 768w\" width=\"275\" height=\"182\" loading=\"lazy\" data-original-width=\"275\" data-original-height=\"182\" itemprop=\"http:\/\/schema.org\/image\" title=\"Aeolidiella alderi by Jos\u00e9 Carlos Garc\u00eda G\u00f3mez\" alt=\"Aeolidiella alderi by Jos\u00e9 Carlos Garc\u00eda G\u00f3mez\" style=\"width: 275px; height: 182px;\" \/> <\/a> <div class=\"tiled-gallery-caption\" itemprop=\"caption description\"> Aeolidiella alderi by Jos\u00e9 Carlos Garc\u00eda G\u00f3mez <\/div> <\/div> <\/div> <!-- close group --> <\/div> <!-- close row --> <div class=\"gallery-row\" style=\"width: 900px; height: 443px;\" data-original-width=\"900\" data-original-height=\"443\" > <div class=\"gallery-group images-1\" style=\"width: 589px; height: 443px;\" data-original-width=\"589\" data-original-height=\"443\" > <div class=\"tiled-gallery-item tiled-gallery-item-large\" itemprop=\"associatedMedia\" itemscope itemtype=\"http:\/\/schema.org\/ImageObject\"> <a href=\"https:\/\/opistobranquis.info\/es\/guia\/nudibranchia\/cladobranchia\/aeolidioidea\/aeolidiella-alderi\/olympus-digital-camera-107\/\" border=\"0\" itemprop=\"url\"> <meta itemprop=\"width\" content=\"585\"> <meta itemprop=\"height\" content=\"439\"> <img decoding=\"async\" class=\"\" data-attachment-id=\"23421\" data-orig-file=\"https:\/\/opistobranquis.info\/wp-content\/uploads\/2017\/03\/Aeolidiella-alderi-@-Netherlands-by-Stefan-Verheyen.jpg\" data-orig-size=\"2212,1660\" data-comments-opened=\"\" data-image-title=\"Aeolidiella alderi @ Netherlands by Stefan Verheyen\" data-image-description=\"&lt;p&gt;Aeolidiella alderi @ Netherlands by Stefan Verheyen&lt;\/p&gt; \" data-medium-file=\"https:\/\/i0.wp.com\/opistobranquis.info\/wp-content\/uploads\/2017\/03\/Aeolidiella-alderi-%40-Netherlands-by-Stefan-Verheyen.jpg?fit=300%2C225&#038;ssl=1\" data-large-file=\"https:\/\/i0.wp.com\/opistobranquis.info\/wp-content\/uploads\/2017\/03\/Aeolidiella-alderi-%40-Netherlands-by-Stefan-Verheyen.jpg?fit=900%2C675&#038;ssl=1\" src=\"https:\/\/i0.wp.com\/opistobranquis.info\/wp-content\/uploads\/2017\/03\/Aeolidiella-alderi-%40-Netherlands-by-Stefan-Verheyen.jpg?w=585&#038;h=439&#038;ssl=1\" width=\"585\" height=\"439\" loading=\"lazy\" data-original-width=\"585\" data-original-height=\"439\" itemprop=\"http:\/\/schema.org\/image\" title=\"Aeolidiella alderi @ Netherlands by Stefan Verheyen\" alt=\"Aeolidiella alderi @ Netherlands by Stefan Verheyen\" style=\"width: 585px; height: 439px;\" \/> <\/a> <div class=\"tiled-gallery-caption\" itemprop=\"caption description\"> Aeolidiella alderi @ Netherlands by Stefan Verheyen <\/div> <\/div> <\/div> <!-- close group --> <div class=\"gallery-group images-2\" style=\"width: 311px; height: 443px;\" data-original-width=\"311\" data-original-height=\"443\" > <div class=\"tiled-gallery-item tiled-gallery-item-large\" itemprop=\"associatedMedia\" itemscope itemtype=\"http:\/\/schema.org\/ImageObject\"> <a href=\"https:\/\/opistobranquis.info\/es\/guia\/nudibranchia\/cladobranchia\/aeolidioidea\/aeolidiella-alderi\/aeolidiella-alderi-netherlands-by-stefan-verheyen-2\/\" border=\"0\" itemprop=\"url\"> <meta itemprop=\"width\" content=\"307\"> <meta itemprop=\"height\" content=\"230\"> <img decoding=\"async\" class=\"\" data-attachment-id=\"23422\" data-orig-file=\"https:\/\/opistobranquis.info\/wp-content\/uploads\/2017\/03\/Aeolidiella-alderi-@-Netherlands-by-Stefan-Verheyen-2.jpg\" data-orig-size=\"2048,1536\" data-comments-opened=\"\" data-image-title=\"Aeolidiella alderi @ Netherlands by Stefan Verheyen\" data-image-description=\"&lt;p&gt;Aeolidiella alderi @ Netherlands by Stefan Verheyen&lt;\/p&gt; \" data-medium-file=\"https:\/\/i0.wp.com\/opistobranquis.info\/wp-content\/uploads\/2017\/03\/Aeolidiella-alderi-%40-Netherlands-by-Stefan-Verheyen-2.jpg?fit=300%2C225&#038;ssl=1\" data-large-file=\"https:\/\/i0.wp.com\/opistobranquis.info\/wp-content\/uploads\/2017\/03\/Aeolidiella-alderi-%40-Netherlands-by-Stefan-Verheyen-2.jpg?fit=900%2C675&#038;ssl=1\" src=\"https:\/\/i0.wp.com\/opistobranquis.info\/wp-content\/uploads\/2017\/03\/Aeolidiella-alderi-%40-Netherlands-by-Stefan-Verheyen-2.jpg?w=307&#038;h=230&#038;ssl=1\" width=\"307\" height=\"230\" loading=\"lazy\" data-original-width=\"307\" data-original-height=\"230\" itemprop=\"http:\/\/schema.org\/image\" title=\"Aeolidiella alderi @ Netherlands by Stefan Verheyen\" alt=\"Aeolidiella alderi @ Netherlands by Stefan Verheyen\" style=\"width: 307px; height: 230px;\" \/> <\/a> <div class=\"tiled-gallery-caption\" itemprop=\"caption description\"> Aeolidiella alderi @ Netherlands by Stefan Verheyen <\/div> <\/div> <div class=\"tiled-gallery-item tiled-gallery-item-large\" itemprop=\"associatedMedia\" itemscope itemtype=\"http:\/\/schema.org\/ImageObject\"> <a href=\"https:\/\/opistobranquis.info\/es\/guia\/nudibranchia\/cladobranchia\/aeolidioidea\/aeolidiella-alderi\/mpg_8817-aeolidiella-alderi\/\" border=\"0\" itemprop=\"url\"> <meta itemprop=\"width\" content=\"307\"> <meta itemprop=\"height\" content=\"205\"> <img decoding=\"async\" class=\"\" data-attachment-id=\"24230\" data-orig-file=\"https:\/\/opistobranquis.info\/wp-content\/uploads\/2017\/12\/MPG_8817-Aeolidiella-alderi.jpg\" data-orig-size=\"1024,683\" data-comments-opened=\"\" data-image-title=\"Aeolidiella alderi @ Costa Brava (Spain) by Miquel Pontes\" data-image-description=\"&lt;p&gt;Aeolidiella alderi @ Costa Brava (Spain) by Miquel Pontes&lt;\/p&gt; \" data-medium-file=\"https:\/\/i0.wp.com\/opistobranquis.info\/wp-content\/uploads\/2017\/12\/MPG_8817-Aeolidiella-alderi.jpg?fit=300%2C200&#038;ssl=1\" data-large-file=\"https:\/\/i0.wp.com\/opistobranquis.info\/wp-content\/uploads\/2017\/12\/MPG_8817-Aeolidiella-alderi.jpg?fit=900%2C600&#038;ssl=1\" src=\"https:\/\/i0.wp.com\/opistobranquis.info\/wp-content\/uploads\/2017\/12\/MPG_8817-Aeolidiella-alderi.jpg?w=307&#038;h=205&#038;ssl=1\" srcset=\"https:\/\/i0.wp.com\/opistobranquis.info\/wp-content\/uploads\/2017\/12\/MPG_8817-Aeolidiella-alderi.jpg?w=1024&amp;ssl=1 1024w, https:\/\/i0.wp.com\/opistobranquis.info\/wp-content\/uploads\/2017\/12\/MPG_8817-Aeolidiella-alderi.jpg?resize=150%2C100&amp;ssl=1 150w, https:\/\/i0.wp.com\/opistobranquis.info\/wp-content\/uploads\/2017\/12\/MPG_8817-Aeolidiella-alderi.jpg?resize=300%2C200&amp;ssl=1 300w\" width=\"307\" height=\"205\" loading=\"lazy\" data-original-width=\"307\" data-original-height=\"205\" itemprop=\"http:\/\/schema.org\/image\" title=\"Aeolidiella alderi @ Costa Brava (Spain) by Miquel Pontes\" alt=\"Aeolidiella alderi @ Costa Brava (Spain) by Miquel Pontes\" style=\"width: 307px; height: 205px;\" \/> <\/a> <div class=\"tiled-gallery-caption\" itemprop=\"caption description\"> Aeolidiella alderi @ Costa Brava (Spain) by Miquel Pontes <\/div> <\/div> <\/div> <!-- close group --> <\/div> <!-- close row --> <div class=\"gallery-row\" style=\"width: 900px; height: 426px;\" data-original-width=\"900\" data-original-height=\"426\" > <div class=\"gallery-group images-2\" style=\"width: 263px; height: 426px;\" data-original-width=\"263\" data-original-height=\"426\" > <div class=\"tiled-gallery-item tiled-gallery-item-large\" itemprop=\"associatedMedia\" itemscope itemtype=\"http:\/\/schema.org\/ImageObject\"> <a href=\"https:\/\/opistobranquis.info\/es\/guia\/nudibranchia\/cladobranchia\/aeolidioidea\/aeolidiella-alderi\/aeolidiella-alderi-thau-france-by-pascal-girard-1612725421403\/\" border=\"0\" itemprop=\"url\"> <meta itemprop=\"width\" content=\"259\"> <meta itemprop=\"height\" content=\"223\"> <img decoding=\"async\" class=\"\" data-attachment-id=\"31565\" data-orig-file=\"https:\/\/opistobranquis.info\/wp-content\/uploads\/2021\/02\/Aeolidiella-alderi-@-Thau-France-by-Pascal-Girard-1612725421403.jpg\" data-orig-size=\"1024,881\" data-comments-opened=\"\" data-image-title=\"Aeolidiella alderi @ Thau, France by Pascal Girard\" data-image-description=\"&lt;p&gt;Aeolidiella alderi @ Thau, France by Pascal Girard&lt;\/p&gt; \" data-medium-file=\"https:\/\/i0.wp.com\/opistobranquis.info\/wp-content\/uploads\/2021\/02\/Aeolidiella-alderi-%40-Thau-France-by-Pascal-Girard-1612725421403.jpg?fit=300%2C258&#038;ssl=1\" data-large-file=\"https:\/\/i0.wp.com\/opistobranquis.info\/wp-content\/uploads\/2021\/02\/Aeolidiella-alderi-%40-Thau-France-by-Pascal-Girard-1612725421403.jpg?fit=900%2C774&#038;ssl=1\" src=\"https:\/\/i0.wp.com\/opistobranquis.info\/wp-content\/uploads\/2021\/02\/Aeolidiella-alderi-%40-Thau-France-by-Pascal-Girard-1612725421403.jpg?w=259&#038;h=223&#038;ssl=1\" width=\"259\" height=\"223\" loading=\"lazy\" data-original-width=\"259\" data-original-height=\"223\" itemprop=\"http:\/\/schema.org\/image\" title=\"Aeolidiella alderi @ Thau, France by Pascal Girard\" alt=\"Aeolidiella alderi @ Thau, France by Pascal Girard\" style=\"width: 259px; height: 223px;\" \/> <\/a> <div class=\"tiled-gallery-caption\" itemprop=\"caption description\"> Aeolidiella alderi @ Thau, France by Pascal Girard <\/div> <\/div> <div class=\"tiled-gallery-item tiled-gallery-item-large\" itemprop=\"associatedMedia\" itemscope itemtype=\"http:\/\/schema.org\/ImageObject\"> <a href=\"https:\/\/opistobranquis.info\/es\/guia\/nudibranchia\/cladobranchia\/aeolidioidea\/aeolidiella-alderi\/aeolidiella-alderi-ponton-de-la-bordelaise-bassin-de-thau-by-pascal-girard\/\" border=\"0\" itemprop=\"url\"> <meta itemprop=\"width\" content=\"259\"> <meta itemprop=\"height\" content=\"195\"> <img decoding=\"async\" class=\"\" data-attachment-id=\"31585\" data-orig-file=\"https:\/\/opistobranquis.info\/wp-content\/uploads\/2021\/02\/Aeolidiella-alderi-@-Ponton-De-La-Bordelaise-Bassin-De-Thau-by-Pascal-Girard.jpg\" data-orig-size=\"2048,1536\" data-comments-opened=\"\" data-image-title=\"Aeolidiella alderi @ Ponton De La Bordelaise, Bassin De Thau by Pascal Girard\" data-image-description=\"&lt;p&gt;Aeolidiella alderi @ Ponton De La Bordelaise, Bassin De Thau by Pascal Girard&lt;\/p&gt; \" data-medium-file=\"https:\/\/i0.wp.com\/opistobranquis.info\/wp-content\/uploads\/2021\/02\/Aeolidiella-alderi-%40-Ponton-De-La-Bordelaise-Bassin-De-Thau-by-Pascal-Girard.jpg?fit=300%2C225&#038;ssl=1\" data-large-file=\"https:\/\/i0.wp.com\/opistobranquis.info\/wp-content\/uploads\/2021\/02\/Aeolidiella-alderi-%40-Ponton-De-La-Bordelaise-Bassin-De-Thau-by-Pascal-Girard.jpg?fit=900%2C675&#038;ssl=1\" src=\"https:\/\/i0.wp.com\/opistobranquis.info\/wp-content\/uploads\/2021\/02\/Aeolidiella-alderi-%40-Ponton-De-La-Bordelaise-Bassin-De-Thau-by-Pascal-Girard.jpg?w=259&#038;h=195&#038;ssl=1\" width=\"259\" height=\"195\" loading=\"lazy\" data-original-width=\"259\" data-original-height=\"195\" itemprop=\"http:\/\/schema.org\/image\" title=\"Aeolidiella alderi @ Ponton De La Bordelaise, Bassin De Thau by Pascal Girard\" alt=\"Aeolidiella alderi @ Ponton De La Bordelaise, Bassin De Thau by Pascal Girard\" style=\"width: 259px; height: 195px;\" \/> <\/a> <div class=\"tiled-gallery-caption\" itemprop=\"caption description\"> Aeolidiella alderi @ Ponton De La Bordelaise, Bassin De Thau by Pascal Girard <\/div> <\/div> <\/div> <!-- close group --> <div class=\"gallery-group images-1\" style=\"width: 637px; height: 426px;\" data-original-width=\"637\" data-original-height=\"426\" > <div class=\"tiled-gallery-item tiled-gallery-item-large\" itemprop=\"associatedMedia\" itemscope itemtype=\"http:\/\/schema.org\/ImageObject\"> <a href=\"https:\/\/opistobranquis.info\/es\/guia\/nudibranchia\/cladobranchia\/aeolidioidea\/aeolidiella-alderi\/aeolidiella-alderi-france-by-pascal-girard-2\/\" border=\"0\" itemprop=\"url\"> <meta itemprop=\"width\" content=\"633\"> <meta itemprop=\"height\" content=\"422\"> <img decoding=\"async\" class=\"\" data-attachment-id=\"36031\" data-orig-file=\"https:\/\/opistobranquis.info\/wp-content\/uploads\/2022\/12\/Aeolidiella-alderi-@-France-by-Pascal-Girard-2.jpg\" data-orig-size=\"1280,853\" data-comments-opened=\"\" data-image-title=\"Aeolidiella alderi @ France by Pascal Girard\" data-image-description=\"&lt;p&gt;Aeolidiella alderi @ France by Pascal Girard&lt;\/p&gt; \" data-medium-file=\"https:\/\/i0.wp.com\/opistobranquis.info\/wp-content\/uploads\/2022\/12\/Aeolidiella-alderi-%40-France-by-Pascal-Girard-2.jpg?fit=300%2C200&#038;ssl=1\" data-large-file=\"https:\/\/i0.wp.com\/opistobranquis.info\/wp-content\/uploads\/2022\/12\/Aeolidiella-alderi-%40-France-by-Pascal-Girard-2.jpg?fit=900%2C599&#038;ssl=1\" src=\"https:\/\/i0.wp.com\/opistobranquis.info\/wp-content\/uploads\/2022\/12\/Aeolidiella-alderi-%40-France-by-Pascal-Girard-2.jpg?w=633&#038;h=422&#038;ssl=1\" width=\"633\" height=\"422\" loading=\"lazy\" data-original-width=\"633\" data-original-height=\"422\" itemprop=\"http:\/\/schema.org\/image\" title=\"Aeolidiella alderi @ France by Pascal Girard\" alt=\"Aeolidiella alderi @ France by Pascal Girard\" style=\"width: 633px; height: 422px;\" \/> <\/a> <div class=\"tiled-gallery-caption\" itemprop=\"caption description\"> Aeolidiella alderi @ France by Pascal Girard <\/div> <\/div> <\/div> <!-- close group --> <\/div> <!-- close row --> <div class=\"gallery-row\" style=\"width: 900px; height: 226px;\" data-original-width=\"900\" data-original-height=\"226\" > <div class=\"gallery-group images-1\" style=\"width: 300px; height: 226px;\" data-original-width=\"300\" data-original-height=\"226\" > <div class=\"tiled-gallery-item tiled-gallery-item-large\" itemprop=\"associatedMedia\" itemscope itemtype=\"http:\/\/schema.org\/ImageObject\"> <a href=\"https:\/\/opistobranquis.info\/es\/guia\/nudibranchia\/cladobranchia\/aeolidioidea\/aeolidiella-alderi\/aeolidiella-alderi-france-by-pascal-girard-3\/\" border=\"0\" itemprop=\"url\"> <meta itemprop=\"width\" content=\"296\"> <meta itemprop=\"height\" content=\"222\"> <img decoding=\"async\" class=\"\" data-attachment-id=\"36032\" data-orig-file=\"https:\/\/opistobranquis.info\/wp-content\/uploads\/2022\/12\/Aeolidiella-alderi-@-France-by-Pascal-Girard-3.jpg\" data-orig-size=\"1280,960\" data-comments-opened=\"\" data-image-title=\"Aeolidiella alderi @ France by Pascal Girard\" data-image-description=\"&lt;p&gt;Aeolidiella alderi @ France by Pascal Girard&lt;\/p&gt; \" data-medium-file=\"https:\/\/i0.wp.com\/opistobranquis.info\/wp-content\/uploads\/2022\/12\/Aeolidiella-alderi-%40-France-by-Pascal-Girard-3.jpg?fit=300%2C225&#038;ssl=1\" data-large-file=\"https:\/\/i0.wp.com\/opistobranquis.info\/wp-content\/uploads\/2022\/12\/Aeolidiella-alderi-%40-France-by-Pascal-Girard-3.jpg?fit=900%2C675&#038;ssl=1\" src=\"https:\/\/i0.wp.com\/opistobranquis.info\/wp-content\/uploads\/2022\/12\/Aeolidiella-alderi-%40-France-by-Pascal-Girard-3.jpg?w=296&#038;h=222&#038;ssl=1\" width=\"296\" height=\"222\" loading=\"lazy\" data-original-width=\"296\" data-original-height=\"222\" itemprop=\"http:\/\/schema.org\/image\" title=\"Aeolidiella alderi @ France by Pascal Girard\" alt=\"Aeolidiella alderi @ France by Pascal Girard\" style=\"width: 296px; height: 222px;\" \/> <\/a> <div class=\"tiled-gallery-caption\" itemprop=\"caption description\"> Aeolidiella alderi @ France by Pascal Girard <\/div> <\/div> <\/div> <!-- close group --> <div class=\"gallery-group images-1\" style=\"width: 300px; height: 226px;\" data-original-width=\"300\" data-original-height=\"226\" > <div class=\"tiled-gallery-item tiled-gallery-item-large\" itemprop=\"associatedMedia\" itemscope itemtype=\"http:\/\/schema.org\/ImageObject\"> <a href=\"https:\/\/opistobranquis.info\/es\/guia\/nudibranchia\/cladobranchia\/aeolidioidea\/aeolidiella-alderi\/aeolidiella-alderi-france-by-pascal-girard-4\/\" border=\"0\" itemprop=\"url\"> <meta itemprop=\"width\" content=\"296\"> <meta itemprop=\"height\" content=\"222\"> <img decoding=\"async\" class=\"\" data-attachment-id=\"36033\" data-orig-file=\"https:\/\/opistobranquis.info\/wp-content\/uploads\/2022\/12\/Aeolidiella-alderi-@-France-by-Pascal-Girard-4.jpg\" data-orig-size=\"1280,961\" data-comments-opened=\"\" data-image-title=\"Aeolidiella alderi @ France by Pascal Girard\" data-image-description=\"&lt;p&gt;Aeolidiella alderi @ France by Pascal Girard&lt;\/p&gt; \" data-medium-file=\"https:\/\/i0.wp.com\/opistobranquis.info\/wp-content\/uploads\/2022\/12\/Aeolidiella-alderi-%40-France-by-Pascal-Girard-4.jpg?fit=300%2C225&#038;ssl=1\" data-large-file=\"https:\/\/i0.wp.com\/opistobranquis.info\/wp-content\/uploads\/2022\/12\/Aeolidiella-alderi-%40-France-by-Pascal-Girard-4.jpg?fit=900%2C676&#038;ssl=1\" src=\"https:\/\/i0.wp.com\/opistobranquis.info\/wp-content\/uploads\/2022\/12\/Aeolidiella-alderi-%40-France-by-Pascal-Girard-4.jpg?w=296&#038;h=222&#038;ssl=1\" width=\"296\" height=\"222\" loading=\"lazy\" data-original-width=\"296\" data-original-height=\"222\" itemprop=\"http:\/\/schema.org\/image\" title=\"Aeolidiella alderi @ France by Pascal Girard\" alt=\"Aeolidiella alderi @ France by Pascal Girard\" style=\"width: 296px; height: 222px;\" \/> <\/a> <div class=\"tiled-gallery-caption\" itemprop=\"caption description\"> Aeolidiella alderi @ France by Pascal Girard <\/div> <\/div> <\/div> <!-- close group --> <div class=\"gallery-group images-1\" style=\"width: 300px; height: 226px;\" data-original-width=\"300\" data-original-height=\"226\" > <div class=\"tiled-gallery-item tiled-gallery-item-large\" itemprop=\"associatedMedia\" itemscope itemtype=\"http:\/\/schema.org\/ImageObject\"> <a href=\"https:\/\/opistobranquis.info\/es\/guia\/nudibranchia\/cladobranchia\/aeolidioidea\/aeolidiella-alderi\/aeolidiella-alderi-france-by-pascal-girard-5\/\" border=\"0\" itemprop=\"url\"> <meta itemprop=\"width\" content=\"296\"> <meta itemprop=\"height\" content=\"222\"> <img decoding=\"async\" class=\"\" data-attachment-id=\"36034\" data-orig-file=\"https:\/\/opistobranquis.info\/wp-content\/uploads\/2022\/12\/Aeolidiella-alderi-@-France-by-Pascal-Girard-5.jpg\" data-orig-size=\"1280,960\" data-comments-opened=\"\" data-image-title=\"Aeolidiella alderi @ France by Pascal Girard\" data-image-description=\"&lt;p&gt;Aeolidiella alderi @ France by Pascal Girard&lt;\/p&gt; \" data-medium-file=\"https:\/\/i0.wp.com\/opistobranquis.info\/wp-content\/uploads\/2022\/12\/Aeolidiella-alderi-%40-France-by-Pascal-Girard-5.jpg?fit=300%2C225&#038;ssl=1\" data-large-file=\"https:\/\/i0.wp.com\/opistobranquis.info\/wp-content\/uploads\/2022\/12\/Aeolidiella-alderi-%40-France-by-Pascal-Girard-5.jpg?fit=900%2C675&#038;ssl=1\" src=\"https:\/\/i0.wp.com\/opistobranquis.info\/wp-content\/uploads\/2022\/12\/Aeolidiella-alderi-%40-France-by-Pascal-Girard-5.jpg?w=296&#038;h=222&#038;ssl=1\" width=\"296\" height=\"222\" loading=\"lazy\" data-original-width=\"296\" data-original-height=\"222\" itemprop=\"http:\/\/schema.org\/image\" title=\"Aeolidiella alderi @ France by Pascal Girard\" alt=\"Aeolidiella alderi @ France by Pascal Girard\" style=\"width: 296px; height: 222px;\" \/> <\/a> <div class=\"tiled-gallery-caption\" itemprop=\"caption description\"> Aeolidiella alderi @ France by Pascal Girard <\/div> <\/div> <\/div> <!-- close group --> <\/div> <!-- close row --> <div class=\"gallery-row\" style=\"width: 900px; height: 319px;\" data-original-width=\"900\" data-original-height=\"319\" > <div class=\"gallery-group images-1\" style=\"width: 424px; height: 319px;\" data-original-width=\"424\" data-original-height=\"319\" > <div class=\"tiled-gallery-item tiled-gallery-item-large\" itemprop=\"associatedMedia\" itemscope itemtype=\"http:\/\/schema.org\/ImageObject\"> <a href=\"https:\/\/opistobranquis.info\/es\/guia\/nudibranchia\/cladobranchia\/aeolidioidea\/aeolidiella-alderi\/aeolidiella-alderi-france-by-pascal-girard\/\" border=\"0\" itemprop=\"url\"> <meta itemprop=\"width\" content=\"420\"> <meta itemprop=\"height\" content=\"315\"> <img decoding=\"async\" class=\"\" data-attachment-id=\"36035\" data-orig-file=\"https:\/\/opistobranquis.info\/wp-content\/uploads\/2022\/12\/Aeolidiella-alderi-@-France-by-Pascal-Girard.jpg\" data-orig-size=\"1280,960\" data-comments-opened=\"\" data-image-title=\"Aeolidiella alderi @ France by Pascal Girard\" data-image-description=\"&lt;p&gt;Aeolidiella alderi @ France by Pascal Girard&lt;\/p&gt; \" data-medium-file=\"https:\/\/i0.wp.com\/opistobranquis.info\/wp-content\/uploads\/2022\/12\/Aeolidiella-alderi-%40-France-by-Pascal-Girard.jpg?fit=300%2C225&#038;ssl=1\" data-large-file=\"https:\/\/i0.wp.com\/opistobranquis.info\/wp-content\/uploads\/2022\/12\/Aeolidiella-alderi-%40-France-by-Pascal-Girard.jpg?fit=900%2C675&#038;ssl=1\" src=\"https:\/\/i0.wp.com\/opistobranquis.info\/wp-content\/uploads\/2022\/12\/Aeolidiella-alderi-%40-France-by-Pascal-Girard.jpg?w=420&#038;h=315&#038;ssl=1\" width=\"420\" height=\"315\" loading=\"lazy\" data-original-width=\"420\" data-original-height=\"315\" itemprop=\"http:\/\/schema.org\/image\" title=\"Aeolidiella alderi @ France by Pascal Girard\" alt=\"Aeolidiella alderi @ France by Pascal Girard\" style=\"width: 420px; height: 315px;\" \/> <\/a> <div class=\"tiled-gallery-caption\" itemprop=\"caption description\"> Aeolidiella alderi @ France by Pascal Girard <\/div> <\/div> <\/div> <!-- close group --> <div class=\"gallery-group images-1\" style=\"width: 476px; height: 319px;\" data-original-width=\"476\" data-original-height=\"319\" > <div class=\"tiled-gallery-item tiled-gallery-item-large\" itemprop=\"associatedMedia\" itemscope itemtype=\"http:\/\/schema.org\/ImageObject\"> <a href=\"https:\/\/opistobranquis.info\/es\/guia\/nudibranchia\/cladobranchia\/aeolidioidea\/aeolidiella-alderi\/aeolidiella-alderi-juvenile-eivissa-by-joan-pereyra\/\" border=\"0\" itemprop=\"url\"> <meta itemprop=\"width\" content=\"472\"> <meta itemprop=\"height\" content=\"315\"> <img decoding=\"async\" class=\"\" data-attachment-id=\"36411\" data-orig-file=\"https:\/\/opistobranquis.info\/wp-content\/uploads\/2023\/01\/Aeolidiella-alderi-juvenile-@-Eivissa-by-Joan-Pereyra.jpg\" data-orig-size=\"732,488\" data-comments-opened=\"\" data-image-title=\"Aeolidiella alderi (juvenile) @ Eivissa by Joan Pereyra\" data-image-description=\"&lt;p&gt;Aeolidiella alderi (juvenile) @ Eivissa by Joan Pereyra&lt;\/p&gt; \" data-medium-file=\"https:\/\/i0.wp.com\/opistobranquis.info\/wp-content\/uploads\/2023\/01\/Aeolidiella-alderi-juvenile-%40-Eivissa-by-Joan-Pereyra.jpg?fit=300%2C200&#038;ssl=1\" data-large-file=\"https:\/\/i0.wp.com\/opistobranquis.info\/wp-content\/uploads\/2023\/01\/Aeolidiella-alderi-juvenile-%40-Eivissa-by-Joan-Pereyra.jpg?fit=732%2C488&#038;ssl=1\" src=\"https:\/\/i0.wp.com\/opistobranquis.info\/wp-content\/uploads\/2023\/01\/Aeolidiella-alderi-juvenile-%40-Eivissa-by-Joan-Pereyra.jpg?w=472&#038;h=315&#038;ssl=1\" width=\"472\" height=\"315\" loading=\"lazy\" data-original-width=\"472\" data-original-height=\"315\" itemprop=\"http:\/\/schema.org\/image\" title=\"Aeolidiella alderi (juvenile) @ Eivissa by Joan Pereyra\" alt=\"Aeolidiella alderi (juvenile) @ Eivissa by Joan Pereyra\" style=\"width: 472px; height: 315px;\" \/> <\/a> <div class=\"tiled-gallery-caption\" itemprop=\"caption description\"> Aeolidiella alderi (juvenile) @ Eivissa by Joan Pereyra <\/div> <\/div> <\/div> <!-- close group --> <\/div> <!-- close row --> <div class=\"gallery-row\" style=\"width: 900px; height: 394px;\" data-original-width=\"900\" data-original-height=\"394\" > <div class=\"gallery-group images-1\" style=\"width: 618px; height: 394px;\" data-original-width=\"618\" data-original-height=\"394\" > <div class=\"tiled-gallery-item tiled-gallery-item-large\" itemprop=\"associatedMedia\" itemscope itemtype=\"http:\/\/schema.org\/ImageObject\"> <a href=\"https:\/\/opistobranquis.info\/es\/guia\/nudibranchia\/cladobranchia\/aeolidioidea\/aeolidiella-alderi\/konica-minolta-digital-camera-10\/\" border=\"0\" itemprop=\"url\"> <meta itemprop=\"width\" content=\"614\"> <meta itemprop=\"height\" content=\"390\"> <img decoding=\"async\" class=\"\" data-attachment-id=\"36420\" data-orig-file=\"https:\/\/opistobranquis.info\/wp-content\/uploads\/2023\/01\/Aeolidiella-alderi-by-Manuel-Ballesteros-PICT0033-2-e1673446363986.jpg\" data-orig-size=\"1200,763\" data-comments-opened=\"\" data-image-title=\"Aeolidiella alderi @ Costa Brava, Spain by Manuel Ballesteros\" data-image-description=\"&lt;p&gt;Aeolidiella alderi @ Costa Brava, Spain by Manuel Ballesteros&lt;\/p&gt; \" data-medium-file=\"https:\/\/i0.wp.com\/opistobranquis.info\/wp-content\/uploads\/2023\/01\/Aeolidiella-alderi-by-Manuel-Ballesteros-PICT0033-2-e1673446363986.jpg?fit=300%2C191&#038;ssl=1\" data-large-file=\"https:\/\/i0.wp.com\/opistobranquis.info\/wp-content\/uploads\/2023\/01\/Aeolidiella-alderi-by-Manuel-Ballesteros-PICT0033-2-e1673446363986.jpg?fit=900%2C572&#038;ssl=1\" src=\"https:\/\/i0.wp.com\/opistobranquis.info\/wp-content\/uploads\/2023\/01\/Aeolidiella-alderi-by-Manuel-Ballesteros-PICT0033-2-e1673446363986.jpg?w=614&#038;h=390&#038;ssl=1\" srcset=\"https:\/\/i0.wp.com\/opistobranquis.info\/wp-content\/uploads\/2023\/01\/Aeolidiella-alderi-by-Manuel-Ballesteros-PICT0033-2-e1673446363986.jpg?w=1200&amp;ssl=1 1200w, https:\/\/i0.wp.com\/opistobranquis.info\/wp-content\/uploads\/2023\/01\/Aeolidiella-alderi-by-Manuel-Ballesteros-PICT0033-2-e1673446363986.jpg?resize=300%2C191&amp;ssl=1 300w, https:\/\/i0.wp.com\/opistobranquis.info\/wp-content\/uploads\/2023\/01\/Aeolidiella-alderi-by-Manuel-Ballesteros-PICT0033-2-e1673446363986.jpg?resize=1024%2C651&amp;ssl=1 1024w, https:\/\/i0.wp.com\/opistobranquis.info\/wp-content\/uploads\/2023\/01\/Aeolidiella-alderi-by-Manuel-Ballesteros-PICT0033-2-e1673446363986.jpg?resize=150%2C95&amp;ssl=1 150w\" width=\"614\" height=\"390\" loading=\"lazy\" data-original-width=\"614\" data-original-height=\"390\" itemprop=\"http:\/\/schema.org\/image\" title=\"Aeolidiella alderi @ Costa Brava, Spain by Manuel Ballesteros\" alt=\"Aeolidiella alderi @ Costa Brava, Spain by Manuel Ballesteros\" style=\"width: 614px; height: 390px;\" \/> <\/a> <div class=\"tiled-gallery-caption\" itemprop=\"caption description\"> Aeolidiella alderi @ Costa Brava, Spain by Manuel Ballesteros <\/div> <\/div> <\/div> <!-- close group --> <div class=\"gallery-group images-2\" style=\"width: 282px; height: 394px;\" data-original-width=\"282\" data-original-height=\"394\" > <div class=\"tiled-gallery-item tiled-gallery-item-large\" itemprop=\"associatedMedia\" itemscope itemtype=\"http:\/\/schema.org\/ImageObject\"> <a href=\"https:\/\/opistobranquis.info\/es\/guia\/nudibranchia\/cladobranchia\/aeolidioidea\/aeolidiella-alderi\/konica-minolta-digital-camera-11\/\" border=\"0\" itemprop=\"url\"> <meta itemprop=\"width\" content=\"278\"> <meta itemprop=\"height\" content=\"200\"> <img decoding=\"async\" class=\"\" data-attachment-id=\"36421\" data-orig-file=\"https:\/\/opistobranquis.info\/wp-content\/uploads\/2023\/01\/Aeolidiella-alderi-by-Manuel-Ballesteros-PICT4567-e1673446321625.jpg\" data-orig-size=\"1200,864\" data-comments-opened=\"\" data-image-title=\"Aeolidiella alderi @ Costa Brava, Spain by Manuel Ballesteros\" data-image-description=\"&lt;p&gt;Aeolidiella alderi @ Costa Brava, Spain by Manuel Ballesteros&lt;\/p&gt; \" data-medium-file=\"https:\/\/i0.wp.com\/opistobranquis.info\/wp-content\/uploads\/2023\/01\/Aeolidiella-alderi-by-Manuel-Ballesteros-PICT4567-e1673446321625.jpg?fit=300%2C216&#038;ssl=1\" data-large-file=\"https:\/\/i0.wp.com\/opistobranquis.info\/wp-content\/uploads\/2023\/01\/Aeolidiella-alderi-by-Manuel-Ballesteros-PICT4567-e1673446321625.jpg?fit=900%2C648&#038;ssl=1\" src=\"https:\/\/i0.wp.com\/opistobranquis.info\/wp-content\/uploads\/2023\/01\/Aeolidiella-alderi-by-Manuel-Ballesteros-PICT4567-e1673446321625.jpg?w=278&#038;h=200&#038;ssl=1\" srcset=\"https:\/\/i0.wp.com\/opistobranquis.info\/wp-content\/uploads\/2023\/01\/Aeolidiella-alderi-by-Manuel-Ballesteros-PICT4567-e1673446321625.jpg?w=1200&amp;ssl=1 1200w, https:\/\/i0.wp.com\/opistobranquis.info\/wp-content\/uploads\/2023\/01\/Aeolidiella-alderi-by-Manuel-Ballesteros-PICT4567-e1673446321625.jpg?resize=300%2C216&amp;ssl=1 300w, https:\/\/i0.wp.com\/opistobranquis.info\/wp-content\/uploads\/2023\/01\/Aeolidiella-alderi-by-Manuel-Ballesteros-PICT4567-e1673446321625.jpg?resize=1024%2C737&amp;ssl=1 1024w, https:\/\/i0.wp.com\/opistobranquis.info\/wp-content\/uploads\/2023\/01\/Aeolidiella-alderi-by-Manuel-Ballesteros-PICT4567-e1673446321625.jpg?resize=150%2C108&amp;ssl=1 150w\" width=\"278\" height=\"200\" loading=\"lazy\" data-original-width=\"278\" data-original-height=\"200\" itemprop=\"http:\/\/schema.org\/image\" title=\"Aeolidiella alderi @ Costa Brava, Spain by Manuel Ballesteros\" alt=\"Aeolidiella alderi @ Costa Brava, Spain by Manuel Ballesteros\" style=\"width: 278px; height: 200px;\" \/> <\/a> <div class=\"tiled-gallery-caption\" itemprop=\"caption description\"> Aeolidiella alderi @ Costa Brava, Spain by Manuel Ballesteros <\/div> <\/div> <div class=\"tiled-gallery-item tiled-gallery-item-large\" itemprop=\"associatedMedia\" itemscope itemtype=\"http:\/\/schema.org\/ImageObject\"> <a href=\"https:\/\/opistobranquis.info\/es\/guia\/nudibranchia\/cladobranchia\/aeolidioidea\/aeolidiella-alderi\/aeolidiella-alderi-by-miquel-pontes-dsc_2212\/\" border=\"0\" itemprop=\"url\"> <meta itemprop=\"width\" content=\"278\"> <meta itemprop=\"height\" content=\"186\"> <img decoding=\"async\" class=\"\" data-attachment-id=\"36422\" data-orig-file=\"https:\/\/opistobranquis.info\/wp-content\/uploads\/2023\/01\/Aeolidiella-alderi-by-Miquel-Pontes-DSC_2212-e1673446279707.jpg\" data-orig-size=\"1200,800\" data-comments-opened=\"\" data-image-title=\"Aeolidiella alderi @ Costa Brava by Miquel Pontes\" data-image-description=\"&lt;p&gt;Aeolidiella alderi @ Costa Brava by Miquel Pontes&lt;\/p&gt; \" data-medium-file=\"https:\/\/i0.wp.com\/opistobranquis.info\/wp-content\/uploads\/2023\/01\/Aeolidiella-alderi-by-Miquel-Pontes-DSC_2212-e1673446279707.jpg?fit=300%2C200&#038;ssl=1\" data-large-file=\"https:\/\/i0.wp.com\/opistobranquis.info\/wp-content\/uploads\/2023\/01\/Aeolidiella-alderi-by-Miquel-Pontes-DSC_2212-e1673446279707.jpg?fit=900%2C600&#038;ssl=1\" src=\"https:\/\/i0.wp.com\/opistobranquis.info\/wp-content\/uploads\/2023\/01\/Aeolidiella-alderi-by-Miquel-Pontes-DSC_2212-e1673446279707.jpg?w=278&#038;h=186&#038;ssl=1\" srcset=\"https:\/\/i0.wp.com\/opistobranquis.info\/wp-content\/uploads\/2023\/01\/Aeolidiella-alderi-by-Miquel-Pontes-DSC_2212-e1673446279707.jpg?w=1200&amp;ssl=1 1200w, https:\/\/i0.wp.com\/opistobranquis.info\/wp-content\/uploads\/2023\/01\/Aeolidiella-alderi-by-Miquel-Pontes-DSC_2212-e1673446279707.jpg?resize=300%2C200&amp;ssl=1 300w, https:\/\/i0.wp.com\/opistobranquis.info\/wp-content\/uploads\/2023\/01\/Aeolidiella-alderi-by-Miquel-Pontes-DSC_2212-e1673446279707.jpg?resize=1024%2C683&amp;ssl=1 1024w, https:\/\/i0.wp.com\/opistobranquis.info\/wp-content\/uploads\/2023\/01\/Aeolidiella-alderi-by-Miquel-Pontes-DSC_2212-e1673446279707.jpg?resize=150%2C100&amp;ssl=1 150w\" width=\"278\" height=\"186\" loading=\"lazy\" data-original-width=\"278\" data-original-height=\"186\" itemprop=\"http:\/\/schema.org\/image\" title=\"Aeolidiella alderi @ Costa Brava by Miquel Pontes\" alt=\"Aeolidiella alderi @ Costa Brava by Miquel Pontes\" style=\"width: 278px; height: 186px;\" \/> <\/a> <div class=\"tiled-gallery-caption\" itemprop=\"caption description\"> Aeolidiella alderi @ Costa Brava by Miquel Pontes <\/div> <\/div> <\/div> <!-- close group --> <\/div> <!-- close row --> <div class=\"gallery-row\" style=\"width: 900px; height: 900px;\" data-original-width=\"900\" data-original-height=\"900\" > <div class=\"gallery-group images-1\" style=\"width: 900px; height: 900px;\" data-original-width=\"900\" data-original-height=\"900\" > <div class=\"tiled-gallery-item tiled-gallery-item-large\" itemprop=\"associatedMedia\" itemscope itemtype=\"http:\/\/schema.org\/ImageObject\"> <a href=\"https:\/\/opistobranquis.info\/es\/guia\/nudibranchia\/cladobranchia\/aeolidioidea\/aeolidiella-alderi\/aeolidiella-alderi-granada-por-luis-sanchez-tocino\/\" border=\"0\" itemprop=\"url\"> <meta itemprop=\"width\" content=\"896\"> <meta itemprop=\"height\" content=\"896\"> <img decoding=\"async\" class=\"\" data-attachment-id=\"36841\" data-orig-file=\"https:\/\/opistobranquis.info\/wp-content\/uploads\/2023\/01\/Aeolidiella-alderi-@-Granada-por-Luis-Sanchez-Tocino.jpg\" data-orig-size=\"1440,1440\" data-comments-opened=\"\" data-image-title=\"Aeolidiella alderi @ Granada por Luis S\u00e1nchez Tocino\" data-image-description=\"&lt;p&gt;Aeolidiella alderi @ Granada por Luis S\u00e1nchez Tocino&lt;\/p&gt; \" data-medium-file=\"https:\/\/i0.wp.com\/opistobranquis.info\/wp-content\/uploads\/2023\/01\/Aeolidiella-alderi-%40-Granada-por-Luis-Sanchez-Tocino.jpg?fit=300%2C300&#038;ssl=1\" data-large-file=\"https:\/\/i0.wp.com\/opistobranquis.info\/wp-content\/uploads\/2023\/01\/Aeolidiella-alderi-%40-Granada-por-Luis-Sanchez-Tocino.jpg?fit=900%2C900&#038;ssl=1\" src=\"https:\/\/i0.wp.com\/opistobranquis.info\/wp-content\/uploads\/2023\/01\/Aeolidiella-alderi-%40-Granada-por-Luis-Sanchez-Tocino.jpg?w=896&#038;h=896&#038;crop=1&#038;ssl=1\" width=\"896\" height=\"896\" loading=\"lazy\" data-original-width=\"896\" data-original-height=\"896\" itemprop=\"http:\/\/schema.org\/image\" title=\"Aeolidiella alderi @ Granada por Luis S\u00e1nchez Tocino\" alt=\"Aeolidiella alderi @ Granada por Luis S\u00e1nchez Tocino\" style=\"width: 896px; height: 896px;\" \/> <\/a> <div class=\"tiled-gallery-caption\" itemprop=\"caption description\"> Aeolidiella alderi @ Granada por Luis S\u00e1nchez Tocino <\/div> <\/div> <\/div> <!-- close group --> <\/div> <!-- close row --> <\/div><\/p>\n<p><strong>Bibliograf\u00eda<\/strong><\/p><ul><div id=\"zotpress-0c99962348f12376c881a43f24ec0a3e\" class=\"zp-Zotpress zp-Zotpress-Bib wp-block-group\">\n\n\t\t<span class=\"ZP_API_USER_ID ZP_ATTR\">1246567<\/span>\n\t\t<span class=\"ZP_ITEM_KEY ZP_ATTR\"><\/span>\n\t\t<span class=\"ZP_COLLECTION_ID ZP_ATTR\"><\/span>\n\t\t<span class=\"ZP_TAG_ID ZP_ATTR\">Aeolidiella alderi<\/span>\n\t\t<span class=\"ZP_AUTHOR ZP_ATTR\"><\/span>\n\t\t<span class=\"ZP_YEAR ZP_ATTR\"><\/span>\n        <span class=\"ZP_ITEMTYPE ZP_ATTR\"><\/span>\n\t\t<span class=\"ZP_INCLUSIVE ZP_ATTR\">1<\/span>\n\t\t<span class=\"ZP_STYLE ZP_ATTR\">eunomia-revista-en-cultura-de-la-legalidad<\/span>\n\t\t<span class=\"ZP_LIMIT ZP_ATTR\">50<\/span>\n\t\t<span class=\"ZP_SORTBY ZP_ATTR\">creator<\/span>\n\t\t<span class=\"ZP_ORDER ZP_ATTR\">asc<\/span>\n\t\t<span class=\"ZP_TITLE ZP_ATTR\"><\/span>\n\t\t<span class=\"ZP_SHOWIMAGE ZP_ATTR\"><\/span>\n\t\t<span class=\"ZP_SHOWTAGS ZP_ATTR\"><\/span>\n\t\t<span class=\"ZP_DOWNLOADABLE ZP_ATTR\"><\/span>\n\t\t<span class=\"ZP_NOTES ZP_ATTR\"><\/span>\n\t\t<span class=\"ZP_ABSTRACT ZP_ATTR\"><\/span>\n\t\t<span class=\"ZP_CITEABLE ZP_ATTR\"><\/span>\n\t\t<span class=\"ZP_TARGET ZP_ATTR\">1<\/span>\n\t\t<span class=\"ZP_URLWRAP ZP_ATTR\"><\/span>\n\t\t<span class=\"ZP_FORCENUM ZP_ATTR\"><\/span>\n        <span class=\"ZP_HIGHLIGHT ZP_ATTR\"><\/span>\n        <span class=\"ZP_POSTID ZP_ATTR\">566<\/span>\n\t\t<span class=\"ZOTPRESS_PLUGIN_URL ZP_ATTR\">https:\/\/opistobranquis.info\/wp-content\/plugins\/zotpress\/<\/span>\n\n\t\t<div class=\"zp-List loading\">\n\t\t\t<div class=\"zp-SEO-Content\">\n\n\t\t\t<\/div><!-- .zp-zp-SEO-Content -->\n\t\t<\/div><!-- .zp-List -->\n\t<\/div><!--.zp-Zotpress-->\n\n<p><\/p>Bibliograf\u00eda basada en los trabajos de <b>Steve Long, 2006<\/b>. <a target=_blank href=https:\/\/opistobranquis.info\/wp-content\/uploads\/2016\/06\/Long-S.-2006-Bibliography-of-Opisthobranchia-1554-2000.pdf>Bibliography of Opisthobranchia 1554-2000<\/a> y <b>Gary McDonald, 2009<\/b>. <a href=http:\/\/escholarship.org\/uc\/item\/8115h0wz>Bibliographia Nudibranchia<\/a>, con actualizaciones posteriores procedentes de otras fuentes.<p><\/p><\/ul><p><\/p><p><strong>M\u00e1s informaci\u00f3n<\/strong><\/p><span style=\"font-size:10pt\"><ul><ul class=\"blogroll-links\"><li><a href=\"http:\/\/www.asturnatura.com\/especie\/aeolidiella-alderi.html\">AsturNatura<\/a><\/li><li><a href=\"http:\/\/www.biodiversitylibrary.org\/name\/Aeolidiella%20alderi\">Biodiversity Heritage Library<\/a><\/li><li><a href=\"http:\/\/www.biologiamarina.org\/eolidiella\/\">BiologiaMarina.org<\/a><\/li><li><a href=\"http:\/\/www.cibsub.com\/bioespecie_es-aeolidiella_alderi-27787\">CIB - Club Immersio Biologia<\/a><\/li><li><a href=\"http:\/\/doris.ffessm.fr\/fiche2.asp?fiche_numero=1920\">DORIS<\/a><\/li><li><a href=\"https:\/\/litoraldegranada.ugr.es\/el-litoral\/el-litoral-sumergido\/fauna\/moluscos\/gasteropodos\/opistobranquios\/orden-nudibranchia\/aeolidioideos\/aeolidiella-alderi\/\">El Litoral de Granada<\/a><\/li><li><a href=\"http:\/\/www.habitas.org.uk\/marinelife\/species.asp?item=W15550#\">Encyclopedia of Marine Life of Britain and Ireland<\/a><\/li><li><a href=\"http:\/\/nature22.com\/estran22\/mollusques\/gasteropodesbis\/gasteropodes5.html\">Estran 22 - Faune et flore de la zone de balancement des mar\u00e9es en C\u00f4tes d&#039;Armor<\/a><\/li><li><a href=\"https:\/\/www.flickr.com\/photos\/56388191@N08\/sets\/72177720303344719\/\">European Sea Slugs by Morddyn<\/a><\/li><li><a href=\"https:\/\/www.flickr.com\/search\/?text=Aeolidiella%20alderi\">Flickr pictures<\/a><\/li><li><a href=\"http:\/\/www.opistobranquis.org\/ca\/guia\/24\">GROC<\/a><\/li><li><a href=\"http:\/\/www.irmng.org\/aphia.php?p=taxlist&#038;tName=Aeolidiella%20alderi\">Interim Register of Marine and Nonmarine Genera<\/a><\/li><li><a href=\"http:\/\/marenostrum.org\/vidamarina\/animalia\/invertebrados\/moluscos\/gasteropodos\/opistobranquios\/aalderi\/index.htm\">M@re Nostrum<\/a><\/li><li><a href=\"http:\/\/www.ncbi.nlm.nih.gov\/Taxonomy\/Browser\/wwwtax.cgi?mode=Undef&#038;name=Aeolidiella%20alderi&#038;lvl=0&#038;srchmode=1\">NCBI GenBank<\/a><\/li><li><a href=\"http:\/\/iobis.org\/mapper\/?taxon=Aeolidiella%20alderi\">OBIS - Search by Taxon<\/a><\/li><li><a href=\"http:\/\/www.seaslugforum.net\/showall\/aeolalde\">Sea Slug Forum<\/a><\/li><li><a href=\"http:\/\/www.conchsoc.net\/spaccount\/Aeolidiella-alderi\">The Conchological Society of Great Britain and Ireland<\/a><\/li><li><a href=\"http:\/\/www.marinespecies.org\/aphia.php?p=taxdetails&#038;id=138710\">World Register of Marine Species<\/a><\/li><\/ul><\/ul><\/span><p><strong>Citar este art\u00edculo como: <\/strong><\/p><div style=\"display: block; background: #444444; padding: 10px 30px 10px 10px; border-radius: 5px; line-height: 18px;\"><p class=\"citacio\"><b>Ballesteros, M., Madrenas, E. &#38; Pontes, M.<\/b> (2025) <em>\"Aeolidiella alderi\"<\/em> en <em>OPK-Opistobranquis<\/em>. Publicado: 16\/05\/2012. Accedido: 03\/09\/2026. Disponible en (<a href=https:\/\/opistobranquis.info\/es\/?p=566>https:\/\/opistobranquis.info\/es\/?p=566<\/a>)<\/p><p><\/p><\/div><p><\/p><\/p>","protected":false},"excerpt":{"rendered":"<p>Aeolidiella alderi (Cocks, 1852) Sin\u00f3nimos Aeolidiella soemmeringii Bergh, 1882 Aeolidiella soemmeringii var. mediterranea Bergh, 1885 Eolidia soemmeringii Leuckart, 1828 Eolis alderi Cocks, 1852 (original) Descripci\u00f3n Se trata de un eolid\u00e1ceo que puede medir hasta 30 mm de longitud. El cuerpo es\u00a0 blanquecino pero la cabeza y el dorso suele presentar una fina pigmentaci\u00f3n anaranjada superficial. Los palpos orales son semitransparentes y su extremo est\u00e1 pigmentado de naranja, m\u00e1s o menos\u2026<\/p>\n<p class=\"continue-reading-button\"> <a class=\"continue-reading-link\" href=\"https:\/\/opistobranquis.info\/es\/guia\/nudibranchia\/cladobranchia\/aeolidioidea\/aeolidiella-alderi\/\">Sigue leyendo<i class=\"crycon-right-dir\"><\/i><\/a><\/p>\n","protected":false},"author":291,"featured_media":30936,"parent":456,"menu_order":8138,"comment_status":"closed","ping_status":"closed","template":"","meta":{"footnotes":""},"class_list":["post-566","page","type-page","status-publish","has-post-thumbnail","hentry"],"jetpack_sharing_enabled":true,"_links":{"self":[{"href":"https:\/\/opistobranquis.info\/es\/wp-json\/wp\/v2\/pages\/566","targetHints":{"allow":["GET"]}}],"collection":[{"href":"https:\/\/opistobranquis.info\/es\/wp-json\/wp\/v2\/pages"}],"about":[{"href":"https:\/\/opistobranquis.info\/es\/wp-json\/wp\/v2\/types\/page"}],"author":[{"embeddable":true,"href":"https:\/\/opistobranquis.info\/es\/wp-json\/wp\/v2\/users\/291"}],"replies":[{"embeddable":true,"href":"https:\/\/opistobranquis.info\/es\/wp-json\/wp\/v2\/comments?post=566"}],"version-history":[{"count":10,"href":"https:\/\/opistobranquis.info\/es\/wp-json\/wp\/v2\/pages\/566\/revisions"}],"predecessor-version":[{"id":35860,"href":"https:\/\/opistobranquis.info\/es\/wp-json\/wp\/v2\/pages\/566\/revisions\/35860"}],"up":[{"embeddable":true,"href":"https:\/\/opistobranquis.info\/es\/wp-json\/wp\/v2\/pages\/456"}],"wp:featuredmedia":[{"embeddable":true,"href":"https:\/\/opistobranquis.info\/es\/wp-json\/wp\/v2\/media\/30936"}],"wp:attachment":[{"href":"https:\/\/opistobranquis.info\/es\/wp-json\/wp\/v2\/media?parent=566"}],"curies":[{"name":"wp","href":"https:\/\/api.w.org\/{rel}","templated":true}]}}