{"id":574,"date":"2012-05-16T20:17:46","date_gmt":"2012-05-16T18:17:46","guid":{"rendered":"https:\/\/opistobranquis.info\/spurilla-neapolitanaspurilla-neapolitanaspurilla-neapolitana"},"modified":"2022-12-28T17:18:04","modified_gmt":"2022-12-28T16:18:04","slug":"spurilla-neapolitana","status":"publish","type":"page","link":"https:\/\/opistobranquis.info\/es\/guia\/nudibranchia\/cladobranchia\/aeolidioidea\/spurilla-neapolitana\/","title":{"rendered":"Spurilla neapolitana"},"content":{"rendered":"<p><\/p>\n<h3><em>Spurilla neapolitana<\/em> (delle Chiaje, 1841)<\/h3>\n<p><span style=\"font-size:10pt;\" class=\"aligncenter\"><div id=\"featured-img-id\"><img data-recalc-dims=\"1\" decoding=\"async\" src=\"https:\/\/i0.wp.com\/opistobranquis.info\/wp-content\/uploads\/2012\/12\/spurilla-neapolitana-22.jpg?w=900&#038;ssl=1\" alt=\"Spurilla neapolitana by Enric Madrenas\" \/><\/div><center><em>Spurilla neapolitana<\/em> por Enric Madrenas<\/center><\/span><p><\/p><div class=\"opk-worms\"><h3>Informaci\u00f3n taxon\u00f3mica WoRMS<\/h3><div class=\"opk-success\">Nombre aceptado actual: <strong><em>Spurilla neapolitana<\/em> (Delle Chiaje, 1841)<\/strong><\/div><h4>Clasificaci\u00f3n actual<\/h4><table class=\"widefat striped\"><tr><th>Superdomain<\/th><td><a target=\"_blank\" href=\"https:\/\/www.marinespecies.org\/aphia.php?p=taxdetails&id=1\">Biota<\/a><\/td><\/tr><tr><th>Kingdom<\/th><td><a target=\"_blank\" href=\"https:\/\/www.marinespecies.org\/aphia.php?p=taxdetails&id=2\">Animalia<\/a><\/td><\/tr><tr><th>Phylum<\/th><td><a target=\"_blank\" href=\"https:\/\/www.marinespecies.org\/aphia.php?p=taxdetails&id=51\">Mollusca<\/a><\/td><\/tr><tr><th>Class<\/th><td><a target=\"_blank\" href=\"https:\/\/www.marinespecies.org\/aphia.php?p=taxdetails&id=101\">Gastropoda<\/a><\/td><\/tr><tr><th>Subclass<\/th><td><a target=\"_blank\" href=\"https:\/\/www.marinespecies.org\/aphia.php?p=taxdetails&id=14712\">Heterobranchia<\/a><\/td><\/tr><tr><th>Infraclass<\/th><td><a target=\"_blank\" href=\"https:\/\/www.marinespecies.org\/aphia.php?p=taxdetails&id=1057247\">Euthyneura<\/a><\/td><\/tr><tr><th>Subterclass<\/th><td><a target=\"_blank\" href=\"https:\/\/www.marinespecies.org\/aphia.php?p=taxdetails&id=1057249\">Ringipleura<\/a><\/td><\/tr><tr><th>Superorder<\/th><td><a target=\"_blank\" href=\"https:\/\/www.marinespecies.org\/aphia.php?p=taxdetails&id=411966\">Nudipleura<\/a><\/td><\/tr><tr><th>Order<\/th><td><a target=\"_blank\" href=\"https:\/\/www.marinespecies.org\/aphia.php?p=taxdetails&id=1762\">Nudibranchia<\/a><\/td><\/tr><tr><th>Suborder<\/th><td><a target=\"_blank\" href=\"https:\/\/www.marinespecies.org\/aphia.php?p=taxdetails&id=827889\">Cladobranchia<\/a><\/td><\/tr><tr><th>Superfamily<\/th><td><a target=\"_blank\" href=\"https:\/\/www.marinespecies.org\/aphia.php?p=taxdetails&id=189\">Aeolidioidea<\/a><\/td><\/tr><tr><th>Family<\/th><td><a target=\"_blank\" href=\"https:\/\/www.marinespecies.org\/aphia.php?p=taxdetails&id=192\">Aeolidiidae<\/a><\/td><\/tr><tr><th>Genus<\/th><td><a target=\"_blank\" href=\"https:\/\/www.marinespecies.org\/aphia.php?p=taxdetails&id=137636\"><em>Spurilla<\/em><\/a><\/td><\/tr><tr><th>Species<\/th><td><a target=\"_blank\" href=\"https:\/\/www.marinespecies.org\/aphia.php?p=taxdetails&id=138722\"><em>Spurilla neapolitana<\/em> (Delle Chiaje, 1841)<\/a><\/td><\/tr><\/table><p class=\"footer\">Clasificaci\u00f3n proporcionada por el World Register of Marine Species (WoRMS). [<a target=\"_blank\" href=\"https:\/\/www.marinespecies.org\/aphia.php?p=taxdetails&id=138722\">138722<\/a>]<\/p><\/div><strong>Sin\u00f3nimos<\/strong><\/p>\n<ul>\n<li><span id=\"aphia_ct_tu_730822\"><i>Eolis alderiana<\/i> Deshayes, 1865<\/span><\/li>\n<li><span id=\"aphia_ct_tu_748606\"><i>Eolis conspersa<\/i> Fischer P., 1869<\/span><\/li>\n<li><span id=\"aphia_ct_tu_722451\"><strong><i>Eolis neapolitana<\/i> Delle Chiaje, 1841 (original)<\/strong><\/span><\/li>\n<li><span id=\"aphia_ct_tu_730831\"><i>Flabellina inornata<\/i> A. Costa, 1866<\/span><\/li>\n<li><span id=\"aphia_ct_tu_730837\"><i>Spurilla mograbina<\/i> Pruvot-Fol, 1953<\/span><\/li>\n<li><span id=\"aphia_ct_tu_138723\"><i>Spurilla vayssierei<\/i> Garcia-Gomez &amp; Cervera, 1985<\/span><\/li>\n<\/ul>\n<p><b>Descripci\u00f3n<br \/>\n<\/b>Los ejemplares de esta especie pueden alcanzar 70 mm de longitud, pero hay una observaci\u00f3n reportada de 150mm (Celia Garc\u00eda @ Granada, Espa\u00f1a, com.pers.). El cuerpo es de color rosado o marr\u00f3n muy claro seg\u00fan los ejemplares, algo m\u00e1s oscuro el dorso. Frecuentemente aparecen peque\u00f1as manchas blancas en la cabeza, zona card\u00edaca, rin\u00f3foros y cerata, adquiriendo el cuerpo un aspecto moteado muy caracter\u00edstico. Partiendo de la zona card\u00edaca y hacia atr\u00e1s suele aparecer tambi\u00e9n una l\u00ednea blanco irisada que recorre la zona medio dorsal del cuerpo. Los tent\u00e1culos orales son relativamente largos y de color marr\u00f3n claro con puntuaciones anaranjadas. Los rin\u00f3foros son blanquecinos pero suelen tener la parte posterior de las l\u00e1minas de color marr\u00f3n claro. La base de los rin\u00f3foros es sin l\u00e1minas pero su mitad superior tiene l\u00e1minas oblicuas algunas de las cuales s\u00f3lo ocupan la zona dorsal del rin\u00f3foro. Los ojos est\u00e1n justo detr\u00e1s de la base de los rin\u00f3foros. Los cerata est\u00e1n reunidos hasta en 9 grupos a cada lado del cuerpo, insert\u00e1ndose los cerata de cada grupo en la pared del cuerpo en forma de arco o silla de montar. Entre el primer y segundo grupo de cerata se encuentra la regi\u00f3n card\u00edaca, donde en los animales vivos se puede observar las contracciones del coraz\u00f3n y la separaci\u00f3n entre el ventr\u00edculo y la aur\u00edcula. Los cerata son alargados pero est\u00e1n curvados de forma muy caracter\u00edstica en su extremo y son de color verde oliva o marr\u00f3n debido a la gl\u00e1ndula digestiva que hay en su interior, pudiendo tener tambi\u00e9n puntuaciones blanquecinas. La gl\u00e1ndula digestiva, mediante ramificaciones dendr\u00edticas se ramifica por todo el dorso del animal, la regi\u00f3n cef\u00e1lica, los rin\u00f3foros y los tent\u00e1culos orales, vi\u00e9ndose todo ello por transparencia en el cuerpo del animal. Los cerata m\u00e1s grandes de cada grupo son los m\u00e1s dorsales y su tama\u00f1o va decreciendo en los que se insertan al cuerpo m\u00e1s lateralmente. El pie es amplio y de color rosado claro, en su extremo anterior desarrolla un par de cortos y redondeados palpos propodiales.<\/p>\n<p><b>Biologia<br \/>\n<\/b>Esta especie vive en el ambiente infralapid\u00edcola y puede ser relativamente abundante en zonas someras o charcos de marea con abundancia de piedras sueltas, donde suele encontrarse aliment\u00e1ndose de actiniarios como <i>Anemonia viridis, Aiptasia mutabilis, Bunodactis rubripunctata <\/i>y otras especies. Las puestas, tambi\u00e9n depositadas en la cara inferior de piedras tienen la forma de un cord\u00f3n estrecho, festoneado y adem\u00e1s enrollado en una espiral de 2-3 vueltas; el di\u00e1metro de la puesta puede ser de casi 2 cm, y los huevos blancos, de unas 90 micras de tama\u00f1o, est\u00e1n muy apretados a lo largo del cord\u00f3n. <i>Spurilla neapolitana<\/i> est\u00e1 parasitado frecuentemente por el crust\u00e1ceo cop\u00e9podo endopar\u00e1sito del g\u00e9nero <i>Splanchnotrophus<\/i>. En la \u00e9poca de reproducci\u00f3n de este cop\u00e9podo, las hembras, fecundadas por los machos dentro del cuerpo el nudibranquio, efect\u00faan unas puestas voluminosas en forma de cordon blanco o rosado que sobresalen al exterior y pueden verse f\u00e1cilmente entre los cerata del nudibranquio. No se conocen los efectos que esta parasitaci\u00f3n puede producir en el nudibranquio.<\/p>\n<p><strong>Etimolog\u00eda<\/strong><\/p>\n<ul>\n<li><em>Spurilla <\/em>puede derivar del lat\u00edn <em>spurium<\/em>: &#8220;un animal marino de forma similar&#8221; o <em>spurius<\/em>: &#8220;de nacimiento ileg\u00edtimo&#8221;, esp\u00fareo<\/li>\n<li><em>Neapolitana<\/em>, referente a N\u00e1poles [Napoli] (Italia)<\/li>\n<\/ul>\n<p><strong>Distribuci\u00f3n<br \/>\n<\/strong>Esta especie ha sido citada en el Atl\u00e1ntico oriental (Cabo Verde, Canarias, Madeira, Azores) y en las costas continentales europeas, tanto las del Atl\u00e1ntico como en las del Mediterr\u00e1neo. En la Pen\u00ednsula Ib\u00e9rica se ha encontrado en todas las zonas costeras, tambi\u00e9n en las islas Baleares. En Catalu\u00f1a es com\u00fan bajo piedras y en aguas muy poco profundas en Cubelles y Rac\u00f3 de Salou, y se ha observado con frecuencia en algunas localidades de la Costa Brava como Tossa de Mar, Begur y Cadaqu\u00e9s, entre otras. Originalmente considerada como circuntropical, las citas de <em>Spurilla neapolitana<\/em> del Oc\u00e9ano Atl\u00e1ntico occidental (Caribe, Golfo de M\u00e9xico) y del Pac\u00edfico (Baja California, Costa Rica, Jap\u00f3n) ahora est\u00e1n asignadas a <em>Spurilla braziliana<\/em> MacFarland, 1909 seg\u00fan (Carmona et al., 2014) en la que se demuestra que estas especies forman un complejo de al menos tres especies cr\u00edpticas. <div id=\"flxmap-6a99fda634e1f\" class='flxmap-container' data-flxmap='flxmap_6a99fda634e1f' style=\"width:100%;height:400px;\"><\/div>\n<script data-noptimize=\"1\">\n\/* <![CDATA[ *\/\n(function(w, fn) {\n if (w.addEventListener) w.addEventListener(\"DOMContentLoaded\", fn, false);\n else if (w.attachEvent) w.attachEvent(\"onload\", fn);\n})(window, function() {\n var f = new FlexibleMap();\n f.panControl = true;\n f.mapTypeId = \"satellite\";\n f.setlocale(\"es-ES\");\n f.kmlcache = \"5 minutes\";\n f.showKML(\"flxmap-6a99fda634e1f\", \"https:\/\/opistobranquis.info\/wp-content\/uploads\/kms\/574.kmz\");\n window.flxmap_6a99fda634e1f = f;\n});\n\/* ]]> *\/\n<\/script>\n<div style=\"width:100%;text-align:center;margin:12px 0 4px 0;\">\n  <div style=\"font-size:8pt;margin-bottom:6px;\">Citas georeferenciadas conocidas de la especie: <em>Spurilla neapolitana<\/em><\/div>\n  <table style=\"margin:0 auto;border-collapse:collapse;font-size:8pt;\">\n    <tr><td colspan=\"2\" style=\"text-align:left;padding-bottom:4px;\"><strong>Fonts:<\/strong><\/td><\/tr>\n    <tr>\n      <td style=\"vertical-align:top;padding-right:40px;\">\n        <table style=\"border-collapse:collapse;\">\n<tr><td style='padding:1px 6px 1px 0;vertical-align:middle'><img data-recalc-dims=\"1\" src=\"https:\/\/i0.wp.com\/opistobranquis.info\/wp-content\/uploads\/kms\/wht-circle-lv.png?w=900&#038;ssl=1\" style='display:block'><\/td><td style='padding:1px 0;vertical-align:middle;white-space:nowrap'>OBIS<\/td><\/tr><tr><td style='padding:1px 6px 1px 0;vertical-align:middle'><img data-recalc-dims=\"1\" src=\"https:\/\/i0.wp.com\/opistobranquis.info\/wp-content\/uploads\/kms\/ylw-circle-lv.png?w=900&#038;ssl=1\" style='display:block'><\/td><td style='padding:1px 0;vertical-align:middle;white-space:nowrap'>GROC 2010-2011<\/td><\/tr><tr><td style='padding:1px 6px 1px 0;vertical-align:middle'><img data-recalc-dims=\"1\" src=\"https:\/\/i0.wp.com\/opistobranquis.info\/wp-content\/uploads\/kms\/grn-circle-lv.png?w=900&#038;ssl=1\" style='display:block'><\/td><td style='padding:1px 0;vertical-align:middle;white-space:nowrap'>Enric Madrenas<\/td><\/tr><tr><td style='padding:1px 6px 1px 0;vertical-align:middle'><img data-recalc-dims=\"1\" src=\"https:\/\/i0.wp.com\/opistobranquis.info\/wp-content\/uploads\/kms\/orange-circle-lv.png?w=900&#038;ssl=1\" style='display:block'><\/td><td style='padding:1px 0;vertical-align:middle;white-space:nowrap'>Jo\u00e3o Pedro Silva<\/td><\/tr><tr><td style='padding:1px 6px 1px 0;vertical-align:middle'><img data-recalc-dims=\"1\" src=\"https:\/\/i0.wp.com\/opistobranquis.info\/wp-content\/uploads\/kms\/pink-circle-lv.png?w=900&#038;ssl=1\" style='display:block'><\/td><td style='padding:1px 0;vertical-align:middle;white-space:nowrap'>Bernard Picton<\/td><\/tr><tr><td style='padding:1px 6px 1px 0;vertical-align:middle'><img data-recalc-dims=\"1\" src=\"https:\/\/i0.wp.com\/opistobranquis.info\/wp-content\/uploads\/kms\/blk-circle-lv.png?w=900&#038;ssl=1\" style='display:block'><\/td><td style='padding:1px 0;vertical-align:middle;white-space:nowrap'>GBIF<\/td><\/tr>        <\/table>\n      <\/td>\n      <td style=\"vertical-align:top;\">\n        <table style=\"border-collapse:collapse;\">\n<tr><td style='padding:1px 6px 1px 0;vertical-align:middle'><img data-recalc-dims=\"1\" src=\"https:\/\/i0.wp.com\/opistobranquis.info\/wp-content\/uploads\/kms\/purple-circle-lv.png?w=900&#038;ssl=1\" style='display:block'><\/td><td style='padding:1px 0;vertical-align:middle;white-space:nowrap'>OPK<\/td><\/tr><tr><td style='padding:1px 6px 1px 0;vertical-align:middle'><img data-recalc-dims=\"1\" src=\"https:\/\/i0.wp.com\/opistobranquis.info\/wp-content\/uploads\/kms\/red-circle-lv.png?w=900&#038;ssl=1\" style='display:block'><\/td><td style='padding:1px 0;vertical-align:middle;white-space:nowrap'>VIMAR<\/td><\/tr><tr><td style='padding:1px 6px 1px 0;vertical-align:middle'><img data-recalc-dims=\"1\" src=\"https:\/\/i0.wp.com\/opistobranquis.info\/wp-content\/uploads\/kms\/blu-circle-lv.png?w=900&#038;ssl=1\" style='display:block'><\/td><td style='padding:1px 0;vertical-align:middle;white-space:nowrap'>Manuel Ballesteros<\/td><\/tr><tr><td style='padding:1px 6px 1px 0;vertical-align:middle'><img data-recalc-dims=\"1\" src=\"https:\/\/i0.wp.com\/opistobranquis.info\/wp-content\/uploads\/kms\/cyan-circle-lv.png?w=900&#038;ssl=1\" style='display:block'><\/td><td style='padding:1px 0;vertical-align:middle;white-space:nowrap'>M@re Nostrum<\/td><\/tr><tr><td style='padding:1px 6px 1px 0;vertical-align:middle'><img data-recalc-dims=\"1\" src=\"https:\/\/i0.wp.com\/opistobranquis.info\/wp-content\/uploads\/kms\/grey-circle-lv.png?w=900&#038;ssl=1\" style='display:block'><\/td><td style='padding:1px 0;vertical-align:middle;white-space:nowrap'>Altres fonts<\/td><\/tr><tr><td style='padding:1px 6px 1px 0;vertical-align:middle'><img data-recalc-dims=\"1\" src=\"https:\/\/i0.wp.com\/opistobranquis.info\/wp-content\/uploads\/kms\/marreg.png?w=900&#038;ssl=1\" style='display:block'><\/td><td style='padding:1px 0;vertical-align:middle;white-space:nowrap'>Marine Regions<\/td><\/tr>        <\/table>\n      <\/td>\n    <\/tr>\n  <\/table>\n<\/div>\n<\/p>\n<p><strong>Especies similares<\/strong><br \/>\n<a href=\"https:\/\/opistobranquis.info\/guia\/nudibranchia\/cladobranchia\/aeolidioidea\/aeolidiella-alderi\/\"><em>Aeolidiella alderi<\/em><\/a>. Ojos muy aparentes a los lados, cerata no curvados, primer anillo de cerata de color m\u00e1s claro, pues no est\u00e1 ocupado totalmente por la gl\u00e1ndula digestiva.<\/p>\n<p><strong>Error:<\/strong> Chart.js no est\u00e1 disponible.<\/p>\n<p><strong>Videos<\/strong><\/p>\n<p><iframe loading=\"lazy\" src=\"https:\/\/player.vimeo.com\/video\/406787936?h=d36140b0eb&amp;dnt=1&amp;app_id=122963\" width=\"900\" height=\"506\" frameborder=\"0\" allow=\"autoplay; fullscreen; picture-in-picture\" allowfullscreen><\/iframe><\/p>\n<p><iframe loading=\"lazy\" src=\"https:\/\/player.vimeo.com\/video\/784334226?h=21750a1a6d&amp;dnt=1&amp;app_id=122963\" width=\"900\" height=\"506\" frameborder=\"0\" allow=\"autoplay; fullscreen; picture-in-picture\" allowfullscreen><\/iframe><\/p>\n<p><iframe loading=\"lazy\" src=\"https:\/\/player.vimeo.com\/video\/784334210?h=67e3cf590b&amp;dnt=1&amp;app_id=122963\" width=\"900\" height=\"506\" frameborder=\"0\" allow=\"autoplay; fullscreen; picture-in-picture\" allowfullscreen><\/iframe><\/p>\n<p><iframe loading=\"lazy\" title=\"Limace \u00e0 bigoudis - Spurilla neapolitana - Etang de Thau\" width=\"900\" height=\"506\" src=\"https:\/\/www.youtube.com\/embed\/FINqGh5Epic?feature=oembed\" frameborder=\"0\" allow=\"accelerometer; autoplay; clipboard-write; encrypted-media; gyroscope; picture-in-picture\" allowfullscreen><\/iframe><\/p>\n<p>&nbsp;<\/p>\n<p><strong>Otras fotos<br \/>\n<\/strong><div class=\"tiled-gallery type-rectangular tiled-gallery-unresized\" data-original-width=\"900\" data-carousel-extra='{&quot;blog_id&quot;:1,&quot;permalink&quot;:&quot;https:\\\/\\\/opistobranquis.info\\\/es\\\/guia\\\/nudibranchia\\\/cladobranchia\\\/aeolidioidea\\\/spurilla-neapolitana\\\/&quot;,&quot;likes_blog_id&quot;:44192421}' itemscope itemtype=\"http:\/\/schema.org\/ImageGallery\" > <div class=\"gallery-row\" style=\"width: 900px; height: 420px;\" data-original-width=\"900\" data-original-height=\"420\" > <div class=\"gallery-group images-1\" style=\"width: 592px; height: 420px;\" data-original-width=\"592\" data-original-height=\"420\" > <div class=\"tiled-gallery-item tiled-gallery-item-large\" itemprop=\"associatedMedia\" itemscope itemtype=\"http:\/\/schema.org\/ImageObject\"> <a href=\"https:\/\/opistobranquis.info\/es\/guia\/nudibranchia\/cladobranchia\/aeolidioidea\/spurilla-neapolitana\/spurilla-neapolitana-00\/\" border=\"0\" itemprop=\"url\"> <meta itemprop=\"width\" content=\"588\"> <meta itemprop=\"height\" content=\"416\"> <img decoding=\"async\" class=\"\" data-attachment-id=\"4844\" data-orig-file=\"https:\/\/opistobranquis.info\/wp-content\/uploads\/2012\/12\/spurilla-neapolitana-00.jpg\" data-orig-size=\"656,464\" data-comments-opened=\"\" data-image-title=\"Spurilla neapolitana by Enric Madrenas\" data-image-description=\"&lt;p&gt;Spurilla neapolitana by Enric Madrenas&lt;\/p&gt; \" data-medium-file=\"https:\/\/i0.wp.com\/opistobranquis.info\/wp-content\/uploads\/2012\/12\/spurilla-neapolitana-00.jpg?fit=300%2C212&#038;ssl=1\" data-large-file=\"https:\/\/i0.wp.com\/opistobranquis.info\/wp-content\/uploads\/2012\/12\/spurilla-neapolitana-00.jpg?fit=656%2C464&#038;ssl=1\" src=\"https:\/\/i0.wp.com\/opistobranquis.info\/wp-content\/uploads\/2012\/12\/spurilla-neapolitana-00.jpg?w=588&#038;h=416&#038;ssl=1\" srcset=\"https:\/\/i0.wp.com\/opistobranquis.info\/wp-content\/uploads\/2012\/12\/spurilla-neapolitana-00.jpg?w=656&amp;ssl=1 656w, https:\/\/i0.wp.com\/opistobranquis.info\/wp-content\/uploads\/2012\/12\/spurilla-neapolitana-00.jpg?resize=300%2C212&amp;ssl=1 300w\" width=\"588\" height=\"416\" loading=\"lazy\" data-original-width=\"588\" data-original-height=\"416\" itemprop=\"http:\/\/schema.org\/image\" title=\"Spurilla neapolitana by Enric Madrenas\" alt=\"Spurilla neapolitana by Enric Madrenas\" style=\"width: 588px; height: 416px;\" \/> <\/a> <div class=\"tiled-gallery-caption\" itemprop=\"caption description\"> Spurilla neapolitana by Enric Madrenas <\/div> <\/div> <\/div> <!-- close group --> <div class=\"gallery-group images-2\" style=\"width: 308px; height: 420px;\" data-original-width=\"308\" data-original-height=\"420\" > <div class=\"tiled-gallery-item tiled-gallery-item-large\" itemprop=\"associatedMedia\" itemscope itemtype=\"http:\/\/schema.org\/ImageObject\"> <a href=\"https:\/\/opistobranquis.info\/es\/guia\/nudibranchia\/cladobranchia\/aeolidioidea\/spurilla-neapolitana\/spurilla-neapolitana-02\/\" border=\"0\" itemprop=\"url\"> <meta itemprop=\"width\" content=\"304\"> <meta itemprop=\"height\" content=\"206\"> <img decoding=\"async\" class=\"\" data-attachment-id=\"4845\" data-orig-file=\"https:\/\/opistobranquis.info\/wp-content\/uploads\/2012\/12\/spurilla-neapolitana-02.jpg\" data-orig-size=\"656,445\" data-comments-opened=\"\" data-image-title=\"Spurilla neapolitana by Enric Madrenas\" data-image-description=\"&lt;p&gt;Spurilla neapolitana by Enric Madrenas&lt;\/p&gt; \" data-medium-file=\"https:\/\/i0.wp.com\/opistobranquis.info\/wp-content\/uploads\/2012\/12\/spurilla-neapolitana-02.jpg?fit=300%2C203&#038;ssl=1\" data-large-file=\"https:\/\/i0.wp.com\/opistobranquis.info\/wp-content\/uploads\/2012\/12\/spurilla-neapolitana-02.jpg?fit=656%2C445&#038;ssl=1\" src=\"https:\/\/i0.wp.com\/opistobranquis.info\/wp-content\/uploads\/2012\/12\/spurilla-neapolitana-02.jpg?w=304&#038;h=206&#038;ssl=1\" srcset=\"https:\/\/i0.wp.com\/opistobranquis.info\/wp-content\/uploads\/2012\/12\/spurilla-neapolitana-02.jpg?w=656&amp;ssl=1 656w, https:\/\/i0.wp.com\/opistobranquis.info\/wp-content\/uploads\/2012\/12\/spurilla-neapolitana-02.jpg?resize=300%2C203&amp;ssl=1 300w\" width=\"304\" height=\"206\" loading=\"lazy\" data-original-width=\"304\" data-original-height=\"206\" itemprop=\"http:\/\/schema.org\/image\" title=\"Spurilla neapolitana by Enric Madrenas\" alt=\"Spurilla neapolitana by Enric Madrenas\" style=\"width: 304px; height: 206px;\" \/> <\/a> <div class=\"tiled-gallery-caption\" itemprop=\"caption description\"> Spurilla neapolitana by Enric Madrenas <\/div> <\/div> <div class=\"tiled-gallery-item tiled-gallery-item-large\" itemprop=\"associatedMedia\" itemscope itemtype=\"http:\/\/schema.org\/ImageObject\"> <a href=\"https:\/\/opistobranquis.info\/es\/guia\/nudibranchia\/cladobranchia\/aeolidioidea\/spurilla-neapolitana\/spurilla-neapolitana-04\/\" border=\"0\" itemprop=\"url\"> <meta itemprop=\"width\" content=\"304\"> <meta itemprop=\"height\" content=\"206\"> <img decoding=\"async\" class=\"\" data-attachment-id=\"4846\" data-orig-file=\"https:\/\/opistobranquis.info\/wp-content\/uploads\/2012\/12\/spurilla-neapolitana-04.jpg\" data-orig-size=\"656,445\" data-comments-opened=\"\" data-image-title=\"Spurilla neapolitana by Enric Madrenas\" data-image-description=\"&lt;p&gt;Spurilla neapolitana by Enric Madrenas&lt;\/p&gt; \" data-medium-file=\"https:\/\/i0.wp.com\/opistobranquis.info\/wp-content\/uploads\/2012\/12\/spurilla-neapolitana-04.jpg?fit=300%2C203&#038;ssl=1\" data-large-file=\"https:\/\/i0.wp.com\/opistobranquis.info\/wp-content\/uploads\/2012\/12\/spurilla-neapolitana-04.jpg?fit=656%2C445&#038;ssl=1\" src=\"https:\/\/i0.wp.com\/opistobranquis.info\/wp-content\/uploads\/2012\/12\/spurilla-neapolitana-04.jpg?w=304&#038;h=206&#038;ssl=1\" srcset=\"https:\/\/i0.wp.com\/opistobranquis.info\/wp-content\/uploads\/2012\/12\/spurilla-neapolitana-04.jpg?w=656&amp;ssl=1 656w, https:\/\/i0.wp.com\/opistobranquis.info\/wp-content\/uploads\/2012\/12\/spurilla-neapolitana-04.jpg?resize=300%2C203&amp;ssl=1 300w\" width=\"304\" height=\"206\" loading=\"lazy\" data-original-width=\"304\" data-original-height=\"206\" itemprop=\"http:\/\/schema.org\/image\" title=\"Spurilla neapolitana by Enric Madrenas\" alt=\"Spurilla neapolitana by Enric Madrenas\" style=\"width: 304px; height: 206px;\" \/> <\/a> <div class=\"tiled-gallery-caption\" itemprop=\"caption description\"> Spurilla neapolitana by Enric Madrenas <\/div> <\/div> <\/div> <!-- close group --> <\/div> <!-- close row --> <div class=\"gallery-row\" style=\"width: 900px; height: 418px;\" data-original-width=\"900\" data-original-height=\"418\" > <div class=\"gallery-group images-1\" style=\"width: 615px; height: 418px;\" data-original-width=\"615\" data-original-height=\"418\" > <div class=\"tiled-gallery-item tiled-gallery-item-large\" itemprop=\"associatedMedia\" itemscope itemtype=\"http:\/\/schema.org\/ImageObject\"> <a href=\"https:\/\/opistobranquis.info\/es\/guia\/nudibranchia\/cladobranchia\/aeolidioidea\/spurilla-neapolitana\/spurilla-neapolitana-06\/\" border=\"0\" itemprop=\"url\"> <meta itemprop=\"width\" content=\"611\"> <meta itemprop=\"height\" content=\"414\"> <img decoding=\"async\" class=\"\" data-attachment-id=\"4847\" data-orig-file=\"https:\/\/opistobranquis.info\/wp-content\/uploads\/2012\/12\/spurilla-neapolitana-06.jpg\" data-orig-size=\"656,444\" data-comments-opened=\"\" data-image-title=\"Spurilla neapolitana by Enric Madrenas\" data-image-description=\"&lt;p&gt;Spurilla neapolitana by Enric Madrenas&lt;\/p&gt; \" data-medium-file=\"https:\/\/i0.wp.com\/opistobranquis.info\/wp-content\/uploads\/2012\/12\/spurilla-neapolitana-06.jpg?fit=300%2C203&#038;ssl=1\" data-large-file=\"https:\/\/i0.wp.com\/opistobranquis.info\/wp-content\/uploads\/2012\/12\/spurilla-neapolitana-06.jpg?fit=656%2C444&#038;ssl=1\" src=\"https:\/\/i0.wp.com\/opistobranquis.info\/wp-content\/uploads\/2012\/12\/spurilla-neapolitana-06.jpg?w=611&#038;h=414&#038;ssl=1\" srcset=\"https:\/\/i0.wp.com\/opistobranquis.info\/wp-content\/uploads\/2012\/12\/spurilla-neapolitana-06.jpg?w=656&amp;ssl=1 656w, https:\/\/i0.wp.com\/opistobranquis.info\/wp-content\/uploads\/2012\/12\/spurilla-neapolitana-06.jpg?resize=300%2C203&amp;ssl=1 300w\" width=\"611\" height=\"414\" loading=\"lazy\" data-original-width=\"611\" data-original-height=\"414\" itemprop=\"http:\/\/schema.org\/image\" title=\"Spurilla neapolitana by Enric Madrenas\" alt=\"Spurilla neapolitana by Enric Madrenas\" style=\"width: 611px; height: 414px;\" \/> <\/a> <div class=\"tiled-gallery-caption\" itemprop=\"caption description\"> Spurilla neapolitana by Enric Madrenas <\/div> <\/div> <\/div> <!-- close group --> <div class=\"gallery-group images-1\" style=\"width: 285px; height: 418px;\" data-original-width=\"285\" data-original-height=\"418\" > <div class=\"tiled-gallery-item tiled-gallery-item-large\" itemprop=\"associatedMedia\" itemscope itemtype=\"http:\/\/schema.org\/ImageObject\"> <a href=\"https:\/\/opistobranquis.info\/es\/guia\/nudibranchia\/cladobranchia\/aeolidioidea\/spurilla-neapolitana\/spurilla-neapolitana-10\/\" border=\"0\" itemprop=\"url\"> <meta itemprop=\"width\" content=\"281\"> <meta itemprop=\"height\" content=\"414\"> <img decoding=\"async\" class=\"\" data-attachment-id=\"4848\" data-orig-file=\"https:\/\/opistobranquis.info\/wp-content\/uploads\/2012\/12\/spurilla-neapolitana-10.jpg\" data-orig-size=\"337,496\" data-comments-opened=\"\" data-image-title=\"Spurilla neapolitana by Enric Madrenas\" data-image-description=\"&lt;p&gt;Spurilla neapolitana by Enric Madrenas&lt;\/p&gt; \" data-medium-file=\"https:\/\/i0.wp.com\/opistobranquis.info\/wp-content\/uploads\/2012\/12\/spurilla-neapolitana-10.jpg?fit=203%2C300&#038;ssl=1\" data-large-file=\"https:\/\/i0.wp.com\/opistobranquis.info\/wp-content\/uploads\/2012\/12\/spurilla-neapolitana-10.jpg?fit=337%2C496&#038;ssl=1\" src=\"https:\/\/i0.wp.com\/opistobranquis.info\/wp-content\/uploads\/2012\/12\/spurilla-neapolitana-10.jpg?w=281&#038;h=414&#038;ssl=1\" srcset=\"https:\/\/i0.wp.com\/opistobranquis.info\/wp-content\/uploads\/2012\/12\/spurilla-neapolitana-10.jpg?w=337&amp;ssl=1 337w, https:\/\/i0.wp.com\/opistobranquis.info\/wp-content\/uploads\/2012\/12\/spurilla-neapolitana-10.jpg?resize=203%2C300&amp;ssl=1 203w\" width=\"281\" height=\"414\" loading=\"lazy\" data-original-width=\"281\" data-original-height=\"414\" itemprop=\"http:\/\/schema.org\/image\" title=\"Spurilla neapolitana by Enric Madrenas\" alt=\"Spurilla neapolitana by Enric Madrenas\" style=\"width: 281px; height: 414px;\" \/> <\/a> <div class=\"tiled-gallery-caption\" itemprop=\"caption description\"> Spurilla neapolitana by Enric Madrenas <\/div> <\/div> <\/div> <!-- close group --> <\/div> <!-- close row --> <div class=\"gallery-row\" style=\"width: 900px; height: 793px;\" data-original-width=\"900\" data-original-height=\"793\" > <div class=\"gallery-group images-1\" style=\"width: 540px; height: 793px;\" data-original-width=\"540\" data-original-height=\"793\" > <div class=\"tiled-gallery-item tiled-gallery-item-large\" itemprop=\"associatedMedia\" itemscope itemtype=\"http:\/\/schema.org\/ImageObject\"> <a href=\"https:\/\/opistobranquis.info\/es\/guia\/nudibranchia\/cladobranchia\/aeolidioidea\/spurilla-neapolitana\/spurilla-neapolitana-12\/\" border=\"0\" itemprop=\"url\"> <meta itemprop=\"width\" content=\"536\"> <meta itemprop=\"height\" content=\"789\"> <img decoding=\"async\" class=\"\" data-attachment-id=\"4849\" data-orig-file=\"https:\/\/opistobranquis.info\/wp-content\/uploads\/2012\/12\/spurilla-neapolitana-12.jpg\" data-orig-size=\"337,496\" data-comments-opened=\"\" data-image-title=\"Spurilla neapolitana by Enric Madrenas\" data-image-description=\"&lt;p&gt;Spurilla neapolitana by Enric Madrenas&lt;\/p&gt; \" data-medium-file=\"https:\/\/i0.wp.com\/opistobranquis.info\/wp-content\/uploads\/2012\/12\/spurilla-neapolitana-12.jpg?fit=203%2C300&#038;ssl=1\" data-large-file=\"https:\/\/i0.wp.com\/opistobranquis.info\/wp-content\/uploads\/2012\/12\/spurilla-neapolitana-12.jpg?fit=337%2C496&#038;ssl=1\" src=\"https:\/\/i0.wp.com\/opistobranquis.info\/wp-content\/uploads\/2012\/12\/spurilla-neapolitana-12.jpg?w=536&#038;h=789&#038;ssl=1\" srcset=\"https:\/\/i0.wp.com\/opistobranquis.info\/wp-content\/uploads\/2012\/12\/spurilla-neapolitana-12.jpg?w=337&amp;ssl=1 337w, https:\/\/i0.wp.com\/opistobranquis.info\/wp-content\/uploads\/2012\/12\/spurilla-neapolitana-12.jpg?resize=203%2C300&amp;ssl=1 203w\" width=\"536\" height=\"789\" loading=\"lazy\" data-original-width=\"536\" data-original-height=\"789\" itemprop=\"http:\/\/schema.org\/image\" title=\"Spurilla neapolitana by Enric Madrenas\" alt=\"Spurilla neapolitana by Enric Madrenas\" style=\"width: 536px; height: 789px;\" \/> <\/a> <div class=\"tiled-gallery-caption\" itemprop=\"caption description\"> Spurilla neapolitana by Enric Madrenas <\/div> <\/div> <\/div> <!-- close group --> <div class=\"gallery-group images-3\" style=\"width: 360px; height: 793px;\" data-original-width=\"360\" data-original-height=\"793\" > <div class=\"tiled-gallery-item tiled-gallery-item-large\" itemprop=\"associatedMedia\" itemscope itemtype=\"http:\/\/schema.org\/ImageObject\"> <a href=\"https:\/\/opistobranquis.info\/es\/guia\/nudibranchia\/cladobranchia\/aeolidioidea\/spurilla-neapolitana\/spurilla-neapolitana-15\/\" border=\"0\" itemprop=\"url\"> <meta itemprop=\"width\" content=\"356\"> <meta itemprop=\"height\" content=\"241\"> <img decoding=\"async\" class=\"\" data-attachment-id=\"4850\" data-orig-file=\"https:\/\/opistobranquis.info\/wp-content\/uploads\/2012\/12\/spurilla-neapolitana-15.jpg\" data-orig-size=\"656,445\" data-comments-opened=\"\" data-image-title=\"Spurilla neapolitana by Enric Madrenas\" data-image-description=\"&lt;p&gt;Spurilla neapolitana by Enric Madrenas&lt;\/p&gt; \" data-medium-file=\"https:\/\/i0.wp.com\/opistobranquis.info\/wp-content\/uploads\/2012\/12\/spurilla-neapolitana-15.jpg?fit=300%2C203&#038;ssl=1\" data-large-file=\"https:\/\/i0.wp.com\/opistobranquis.info\/wp-content\/uploads\/2012\/12\/spurilla-neapolitana-15.jpg?fit=656%2C445&#038;ssl=1\" src=\"https:\/\/i0.wp.com\/opistobranquis.info\/wp-content\/uploads\/2012\/12\/spurilla-neapolitana-15.jpg?w=356&#038;h=241&#038;ssl=1\" srcset=\"https:\/\/i0.wp.com\/opistobranquis.info\/wp-content\/uploads\/2012\/12\/spurilla-neapolitana-15.jpg?w=656&amp;ssl=1 656w, https:\/\/i0.wp.com\/opistobranquis.info\/wp-content\/uploads\/2012\/12\/spurilla-neapolitana-15.jpg?resize=300%2C203&amp;ssl=1 300w\" width=\"356\" height=\"241\" loading=\"lazy\" data-original-width=\"356\" data-original-height=\"241\" itemprop=\"http:\/\/schema.org\/image\" title=\"Spurilla neapolitana by Enric Madrenas\" alt=\"Spurilla neapolitana by Enric Madrenas\" style=\"width: 356px; height: 241px;\" \/> <\/a> <div class=\"tiled-gallery-caption\" itemprop=\"caption description\"> Spurilla neapolitana by Enric Madrenas <\/div> <\/div> <div class=\"tiled-gallery-item tiled-gallery-item-large\" itemprop=\"associatedMedia\" itemscope itemtype=\"http:\/\/schema.org\/ImageObject\"> <a href=\"https:\/\/opistobranquis.info\/es\/guia\/nudibranchia\/cladobranchia\/aeolidioidea\/spurilla-neapolitana\/spurilla-neapolitana-17\/\" border=\"0\" itemprop=\"url\"> <meta itemprop=\"width\" content=\"356\"> <meta itemprop=\"height\" content=\"270\"> <img decoding=\"async\" class=\"\" data-attachment-id=\"4851\" data-orig-file=\"https:\/\/opistobranquis.info\/wp-content\/uploads\/2012\/12\/spurilla-neapolitana-17.jpg\" data-orig-size=\"655,496\" data-comments-opened=\"\" data-image-title=\"Spurilla neapolitana by Enric Madrenas\" data-image-description=\"&lt;p&gt;Spurilla neapolitana by Enric Madrenas&lt;\/p&gt; \" data-medium-file=\"https:\/\/i0.wp.com\/opistobranquis.info\/wp-content\/uploads\/2012\/12\/spurilla-neapolitana-17.jpg?fit=300%2C227&#038;ssl=1\" data-large-file=\"https:\/\/i0.wp.com\/opistobranquis.info\/wp-content\/uploads\/2012\/12\/spurilla-neapolitana-17.jpg?fit=655%2C496&#038;ssl=1\" src=\"https:\/\/i0.wp.com\/opistobranquis.info\/wp-content\/uploads\/2012\/12\/spurilla-neapolitana-17.jpg?w=356&#038;h=270&#038;ssl=1\" srcset=\"https:\/\/i0.wp.com\/opistobranquis.info\/wp-content\/uploads\/2012\/12\/spurilla-neapolitana-17.jpg?w=655&amp;ssl=1 655w, https:\/\/i0.wp.com\/opistobranquis.info\/wp-content\/uploads\/2012\/12\/spurilla-neapolitana-17.jpg?resize=300%2C227&amp;ssl=1 300w\" width=\"356\" height=\"270\" loading=\"lazy\" data-original-width=\"356\" data-original-height=\"270\" itemprop=\"http:\/\/schema.org\/image\" title=\"Spurilla neapolitana by Enric Madrenas\" alt=\"Spurilla neapolitana by Enric Madrenas\" style=\"width: 356px; height: 270px;\" \/> <\/a> <div class=\"tiled-gallery-caption\" itemprop=\"caption description\"> Spurilla neapolitana by Enric Madrenas <\/div> <\/div> <div class=\"tiled-gallery-item tiled-gallery-item-large\" itemprop=\"associatedMedia\" itemscope itemtype=\"http:\/\/schema.org\/ImageObject\"> <a href=\"https:\/\/opistobranquis.info\/es\/guia\/nudibranchia\/cladobranchia\/aeolidioidea\/spurilla-neapolitana\/spurilla-neapolitana-19\/\" border=\"0\" itemprop=\"url\"> <meta itemprop=\"width\" content=\"356\"> <meta itemprop=\"height\" content=\"270\"> <img decoding=\"async\" class=\"\" data-attachment-id=\"4852\" data-orig-file=\"https:\/\/opistobranquis.info\/wp-content\/uploads\/2012\/12\/spurilla-neapolitana-19.jpg\" data-orig-size=\"655,496\" data-comments-opened=\"\" data-image-title=\"Spurilla neapolitana by Enric Madrenas\" data-image-description=\"&lt;p&gt;Spurilla neapolitana by Enric Madrenas&lt;\/p&gt; \" data-medium-file=\"https:\/\/i0.wp.com\/opistobranquis.info\/wp-content\/uploads\/2012\/12\/spurilla-neapolitana-19.jpg?fit=300%2C227&#038;ssl=1\" data-large-file=\"https:\/\/i0.wp.com\/opistobranquis.info\/wp-content\/uploads\/2012\/12\/spurilla-neapolitana-19.jpg?fit=655%2C496&#038;ssl=1\" src=\"https:\/\/i0.wp.com\/opistobranquis.info\/wp-content\/uploads\/2012\/12\/spurilla-neapolitana-19.jpg?w=356&#038;h=270&#038;ssl=1\" srcset=\"https:\/\/i0.wp.com\/opistobranquis.info\/wp-content\/uploads\/2012\/12\/spurilla-neapolitana-19.jpg?w=655&amp;ssl=1 655w, https:\/\/i0.wp.com\/opistobranquis.info\/wp-content\/uploads\/2012\/12\/spurilla-neapolitana-19.jpg?resize=300%2C227&amp;ssl=1 300w\" width=\"356\" height=\"270\" loading=\"lazy\" data-original-width=\"356\" data-original-height=\"270\" itemprop=\"http:\/\/schema.org\/image\" title=\"Spurilla neapolitana by Enric Madrenas\" alt=\"Spurilla neapolitana by Enric Madrenas\" style=\"width: 356px; height: 270px;\" \/> <\/a> <div class=\"tiled-gallery-caption\" itemprop=\"caption description\"> Spurilla neapolitana by Enric Madrenas <\/div> <\/div> <\/div> <!-- close group --> <\/div> <!-- close row --> <div class=\"gallery-row\" style=\"width: 900px; height: 411px;\" data-original-width=\"900\" data-original-height=\"411\" > <div class=\"gallery-group images-2\" style=\"width: 285px; height: 411px;\" data-original-width=\"285\" data-original-height=\"411\" > <div class=\"tiled-gallery-item tiled-gallery-item-large\" itemprop=\"associatedMedia\" itemscope itemtype=\"http:\/\/schema.org\/ImageObject\"> <a href=\"https:\/\/opistobranquis.info\/es\/guia\/nudibranchia\/cladobranchia\/aeolidioidea\/spurilla-neapolitana\/spurilla-neapolitana-26\/\" border=\"0\" itemprop=\"url\"> <meta itemprop=\"width\" content=\"281\"> <meta itemprop=\"height\" content=\"213\"> <img decoding=\"async\" class=\"\" data-attachment-id=\"4854\" data-orig-file=\"https:\/\/opistobranquis.info\/wp-content\/uploads\/2012\/12\/spurilla-neapolitana-26.jpg\" data-orig-size=\"655,496\" data-comments-opened=\"\" data-image-title=\"Spurilla neapolitana by Enric Madrenas\" data-image-description=\"&lt;p&gt;Spurilla neapolitana by Enric Madrenas&lt;\/p&gt; \" data-medium-file=\"https:\/\/i0.wp.com\/opistobranquis.info\/wp-content\/uploads\/2012\/12\/spurilla-neapolitana-26.jpg?fit=300%2C227&#038;ssl=1\" data-large-file=\"https:\/\/i0.wp.com\/opistobranquis.info\/wp-content\/uploads\/2012\/12\/spurilla-neapolitana-26.jpg?fit=655%2C496&#038;ssl=1\" src=\"https:\/\/i0.wp.com\/opistobranquis.info\/wp-content\/uploads\/2012\/12\/spurilla-neapolitana-26.jpg?w=281&#038;h=213&#038;ssl=1\" srcset=\"https:\/\/i0.wp.com\/opistobranquis.info\/wp-content\/uploads\/2012\/12\/spurilla-neapolitana-26.jpg?w=655&amp;ssl=1 655w, https:\/\/i0.wp.com\/opistobranquis.info\/wp-content\/uploads\/2012\/12\/spurilla-neapolitana-26.jpg?resize=300%2C227&amp;ssl=1 300w\" width=\"281\" height=\"213\" loading=\"lazy\" data-original-width=\"281\" data-original-height=\"213\" itemprop=\"http:\/\/schema.org\/image\" title=\"Spurilla neapolitana by Enric Madrenas\" alt=\"Spurilla neapolitana by Enric Madrenas\" style=\"width: 281px; height: 213px;\" \/> <\/a> <div class=\"tiled-gallery-caption\" itemprop=\"caption description\"> Spurilla neapolitana by Enric Madrenas <\/div> <\/div> <div class=\"tiled-gallery-item tiled-gallery-item-large\" itemprop=\"associatedMedia\" itemscope itemtype=\"http:\/\/schema.org\/ImageObject\"> <a href=\"https:\/\/opistobranquis.info\/es\/guia\/nudibranchia\/cladobranchia\/aeolidioidea\/spurilla-neapolitana\/spurilla-neapolitana-31\/\" border=\"0\" itemprop=\"url\"> <meta itemprop=\"width\" content=\"281\"> <meta itemprop=\"height\" content=\"190\"> <img decoding=\"async\" class=\"\" data-attachment-id=\"4855\" data-orig-file=\"https:\/\/opistobranquis.info\/wp-content\/uploads\/2012\/12\/spurilla-neapolitana-31.jpg\" data-orig-size=\"656,444\" data-comments-opened=\"\" data-image-title=\"Spurilla neapolitana by Enric Madrenas\" data-image-description=\"&lt;p&gt;Spurilla neapolitana by Enric Madrenas&lt;\/p&gt; \" data-medium-file=\"https:\/\/i0.wp.com\/opistobranquis.info\/wp-content\/uploads\/2012\/12\/spurilla-neapolitana-31.jpg?fit=300%2C203&#038;ssl=1\" data-large-file=\"https:\/\/i0.wp.com\/opistobranquis.info\/wp-content\/uploads\/2012\/12\/spurilla-neapolitana-31.jpg?fit=656%2C444&#038;ssl=1\" src=\"https:\/\/i0.wp.com\/opistobranquis.info\/wp-content\/uploads\/2012\/12\/spurilla-neapolitana-31.jpg?w=281&#038;h=190&#038;ssl=1\" srcset=\"https:\/\/i0.wp.com\/opistobranquis.info\/wp-content\/uploads\/2012\/12\/spurilla-neapolitana-31.jpg?w=656&amp;ssl=1 656w, https:\/\/i0.wp.com\/opistobranquis.info\/wp-content\/uploads\/2012\/12\/spurilla-neapolitana-31.jpg?resize=300%2C203&amp;ssl=1 300w\" width=\"281\" height=\"190\" loading=\"lazy\" data-original-width=\"281\" data-original-height=\"190\" itemprop=\"http:\/\/schema.org\/image\" title=\"Spurilla neapolitana by Enric Madrenas\" alt=\"Spurilla neapolitana by Enric Madrenas\" style=\"width: 281px; height: 190px;\" \/> <\/a> <div class=\"tiled-gallery-caption\" itemprop=\"caption description\"> Spurilla neapolitana by Enric Madrenas <\/div> <\/div> <\/div> <!-- close group --> <div class=\"gallery-group images-1\" style=\"width: 615px; height: 411px;\" data-original-width=\"615\" data-original-height=\"411\" > <div class=\"tiled-gallery-item tiled-gallery-item-large\" itemprop=\"associatedMedia\" itemscope itemtype=\"http:\/\/schema.org\/ImageObject\"> <a href=\"https:\/\/opistobranquis.info\/es\/guia\/nudibranchia\/cladobranchia\/aeolidioidea\/spurilla-neapolitana\/olympus-digital-camera-161\/\" border=\"0\" itemprop=\"url\"> <meta itemprop=\"width\" content=\"611\"> <meta itemprop=\"height\" content=\"407\"> <img decoding=\"async\" class=\"\" data-attachment-id=\"30980\" data-orig-file=\"https:\/\/opistobranquis.info\/wp-content\/uploads\/2020\/12\/Spurilla-neapolitana-by-Manuel-Ballesteros-P5250043.jpg\" data-orig-size=\"1280,854\" data-comments-opened=\"\" data-image-title=\"Spurilla neapolitana by Manuel Ballesteros\" data-image-description=\"&lt;p&gt;Spurilla neapolitana by Manuel Ballesteros &lt;\/p&gt; \" data-medium-file=\"https:\/\/i0.wp.com\/opistobranquis.info\/wp-content\/uploads\/2020\/12\/Spurilla-neapolitana-by-Manuel-Ballesteros-P5250043.jpg?fit=300%2C200&#038;ssl=1\" data-large-file=\"https:\/\/i0.wp.com\/opistobranquis.info\/wp-content\/uploads\/2020\/12\/Spurilla-neapolitana-by-Manuel-Ballesteros-P5250043.jpg?fit=900%2C600&#038;ssl=1\" src=\"https:\/\/i0.wp.com\/opistobranquis.info\/wp-content\/uploads\/2020\/12\/Spurilla-neapolitana-by-Manuel-Ballesteros-P5250043.jpg?w=611&#038;h=407&#038;ssl=1\" srcset=\"https:\/\/i0.wp.com\/opistobranquis.info\/wp-content\/uploads\/2020\/12\/Spurilla-neapolitana-by-Manuel-Ballesteros-P5250043.jpg?w=1280&amp;ssl=1 1280w, https:\/\/i0.wp.com\/opistobranquis.info\/wp-content\/uploads\/2020\/12\/Spurilla-neapolitana-by-Manuel-Ballesteros-P5250043.jpg?resize=300%2C200&amp;ssl=1 300w, https:\/\/i0.wp.com\/opistobranquis.info\/wp-content\/uploads\/2020\/12\/Spurilla-neapolitana-by-Manuel-Ballesteros-P5250043.jpg?resize=1024%2C683&amp;ssl=1 1024w, https:\/\/i0.wp.com\/opistobranquis.info\/wp-content\/uploads\/2020\/12\/Spurilla-neapolitana-by-Manuel-Ballesteros-P5250043.jpg?resize=150%2C100&amp;ssl=1 150w\" width=\"611\" height=\"407\" loading=\"lazy\" data-original-width=\"611\" data-original-height=\"407\" itemprop=\"http:\/\/schema.org\/image\" title=\"Spurilla neapolitana by Manuel Ballesteros\" alt=\"Spurilla neapolitana by Manuel Ballesteros\" style=\"width: 611px; height: 407px;\" \/> <\/a> <div class=\"tiled-gallery-caption\" itemprop=\"caption description\"> Spurilla neapolitana with parasitic copepods by Manuel Ballesteros <\/div> <\/div> <\/div> <!-- close group --> <\/div> <!-- close row --> <div class=\"gallery-row\" style=\"width: 900px; height: 401px;\" data-original-width=\"900\" data-original-height=\"401\" > <div class=\"gallery-group images-1\" style=\"width: 598px; height: 401px;\" data-original-width=\"598\" data-original-height=\"401\" > <div class=\"tiled-gallery-item tiled-gallery-item-large\" itemprop=\"associatedMedia\" itemscope itemtype=\"http:\/\/schema.org\/ImageObject\"> <a href=\"https:\/\/opistobranquis.info\/es\/guia\/nudibranchia\/cladobranchia\/aeolidioidea\/spurilla-neapolitana\/spurilla-neapolitana-by-miquel-pontes-mpg_8957\/\" border=\"0\" itemprop=\"url\"> <meta itemprop=\"width\" content=\"594\"> <meta itemprop=\"height\" content=\"397\"> <img decoding=\"async\" class=\"\" data-attachment-id=\"30981\" data-orig-file=\"https:\/\/opistobranquis.info\/wp-content\/uploads\/2020\/12\/Spurilla-neapolitana-by-Miquel-Pontes-MPG_8957.jpg\" data-orig-size=\"1280,854\" data-comments-opened=\"\" data-image-title=\"Spurilla neapolitana by Miquel Pontes\" data-image-description=\"&lt;p&gt;Spurilla neapolitana by Miquel Pontes&lt;\/p&gt; \" data-medium-file=\"https:\/\/i0.wp.com\/opistobranquis.info\/wp-content\/uploads\/2020\/12\/Spurilla-neapolitana-by-Miquel-Pontes-MPG_8957.jpg?fit=300%2C200&#038;ssl=1\" data-large-file=\"https:\/\/i0.wp.com\/opistobranquis.info\/wp-content\/uploads\/2020\/12\/Spurilla-neapolitana-by-Miquel-Pontes-MPG_8957.jpg?fit=900%2C600&#038;ssl=1\" src=\"https:\/\/i0.wp.com\/opistobranquis.info\/wp-content\/uploads\/2020\/12\/Spurilla-neapolitana-by-Miquel-Pontes-MPG_8957.jpg?w=594&#038;h=397&#038;ssl=1\" srcset=\"https:\/\/i0.wp.com\/opistobranquis.info\/wp-content\/uploads\/2020\/12\/Spurilla-neapolitana-by-Miquel-Pontes-MPG_8957.jpg?w=1280&amp;ssl=1 1280w, https:\/\/i0.wp.com\/opistobranquis.info\/wp-content\/uploads\/2020\/12\/Spurilla-neapolitana-by-Miquel-Pontes-MPG_8957.jpg?resize=300%2C200&amp;ssl=1 300w, https:\/\/i0.wp.com\/opistobranquis.info\/wp-content\/uploads\/2020\/12\/Spurilla-neapolitana-by-Miquel-Pontes-MPG_8957.jpg?resize=1024%2C683&amp;ssl=1 1024w, https:\/\/i0.wp.com\/opistobranquis.info\/wp-content\/uploads\/2020\/12\/Spurilla-neapolitana-by-Miquel-Pontes-MPG_8957.jpg?resize=150%2C100&amp;ssl=1 150w\" width=\"594\" height=\"397\" loading=\"lazy\" data-original-width=\"594\" data-original-height=\"397\" itemprop=\"http:\/\/schema.org\/image\" title=\"Spurilla neapolitana by Miquel Pontes\" alt=\"Spurilla neapolitana by Miquel Pontes\" style=\"width: 594px; height: 397px;\" \/> <\/a> <div class=\"tiled-gallery-caption\" itemprop=\"caption description\"> Spurilla neapolitana by Miquel Pontes <\/div> <\/div> <\/div> <!-- close group --> <div class=\"gallery-group images-1\" style=\"width: 302px; height: 401px;\" data-original-width=\"302\" data-original-height=\"401\" > <div class=\"tiled-gallery-item tiled-gallery-item-large\" itemprop=\"associatedMedia\" itemscope itemtype=\"http:\/\/schema.org\/ImageObject\"> <a href=\"https:\/\/opistobranquis.info\/es\/guia\/nudibranchia\/cladobranchia\/aeolidioidea\/spurilla-neapolitana\/spurilla-neapolitana-150mm-ensenada-de-los-berengueles-almunecar-granada-spain-28-06-2021-14m-by-celia-garcia-yanez\/\" border=\"0\" itemprop=\"url\"> <meta itemprop=\"width\" content=\"298\"> <meta itemprop=\"height\" content=\"397\"> <img decoding=\"async\" class=\"\" data-attachment-id=\"32565\" data-orig-file=\"https:\/\/opistobranquis.info\/wp-content\/uploads\/2021\/06\/Spurilla-neapolitana-150mm-@-Ensenada-de-los-Berengueles-Almunecar-Granada-Spain-28.06.2021-14m-by-Celia-Garcia-Yanez.jpg\" data-orig-size=\"961,1280\" data-comments-opened=\"\" data-image-title=\"Spurilla neapolitana 150mm @ Ensenada de los Berengueles, Almu\u00f1\u00e9car, Granada, Spain 28.06.2021 -14m by Celia Garc\u00eda Ya\u00f1ez\" data-image-description=\"&lt;p&gt;Spurilla neapolitana 150mm @ Ensenada de los Berengueles, Almu\u00f1\u00e9car, Granada, Spain 28.06.2021 -14m by Celia Garc\u00eda Ya\u00f1ez&lt;\/p&gt; \" data-medium-file=\"https:\/\/i0.wp.com\/opistobranquis.info\/wp-content\/uploads\/2021\/06\/Spurilla-neapolitana-150mm-%40-Ensenada-de-los-Berengueles-Almunecar-Granada-Spain-28.06.2021-14m-by-Celia-Garcia-Yanez.jpg?fit=225%2C300&#038;ssl=1\" data-large-file=\"https:\/\/i0.wp.com\/opistobranquis.info\/wp-content\/uploads\/2021\/06\/Spurilla-neapolitana-150mm-%40-Ensenada-de-los-Berengueles-Almunecar-Granada-Spain-28.06.2021-14m-by-Celia-Garcia-Yanez.jpg?fit=769%2C1024&#038;ssl=1\" src=\"https:\/\/i0.wp.com\/opistobranquis.info\/wp-content\/uploads\/2021\/06\/Spurilla-neapolitana-150mm-%40-Ensenada-de-los-Berengueles-Almunecar-Granada-Spain-28.06.2021-14m-by-Celia-Garcia-Yanez.jpg?w=298&#038;h=397&#038;ssl=1\" width=\"298\" height=\"397\" loading=\"lazy\" data-original-width=\"298\" data-original-height=\"397\" itemprop=\"http:\/\/schema.org\/image\" title=\"Spurilla neapolitana 150mm @ Ensenada de los Berengueles, Almu\u00f1\u00e9car, Granada, Spain 28.06.2021 -14m by Celia Garc\u00eda Ya\u00f1ez\" alt=\"Spurilla neapolitana 150mm @ Ensenada de los Berengueles, Almu\u00f1\u00e9car, Granada, Spain 28.06.2021 -14m by Celia Garc\u00eda Ya\u00f1ez\" style=\"width: 298px; height: 397px;\" \/> <\/a> <div class=\"tiled-gallery-caption\" itemprop=\"caption description\"> Spurilla neapolitana 150mm @ Ensenada de los Berengueles, Almu\u00f1\u00e9car, Granada, Spain 28.06.2021 -14m by Celia Garc\u00eda Ya\u00f1ez <\/div> <\/div> <\/div> <!-- close group --> <\/div> <!-- close row --> <div class=\"gallery-row\" style=\"width: 900px; height: 565px;\" data-original-width=\"900\" data-original-height=\"565\" > <div class=\"gallery-group images-1\" style=\"width: 478px; height: 565px;\" data-original-width=\"478\" data-original-height=\"565\" > <div class=\"tiled-gallery-item tiled-gallery-item-large\" itemprop=\"associatedMedia\" itemscope itemtype=\"http:\/\/schema.org\/ImageObject\"> <a href=\"https:\/\/opistobranquis.info\/es\/guia\/nudibranchia\/cladobranchia\/aeolidioidea\/spurilla-neapolitana\/spurilla-neapolitana-gran-canaria-spain-by-sabina-lopez\/\" border=\"0\" itemprop=\"url\"> <meta itemprop=\"width\" content=\"474\"> <meta itemprop=\"height\" content=\"561\"> <img decoding=\"async\" class=\"\" data-attachment-id=\"32599\" data-orig-file=\"https:\/\/opistobranquis.info\/wp-content\/uploads\/2021\/07\/Spurilla-neapolitana-@-Gran-Canaria-Spain-by-Sabina-Lopez.jpg\" data-orig-size=\"1080,1279\" data-comments-opened=\"\" data-image-title=\"Spurilla neapolitana @ Gran Canaria, Spain by Sabina L\u00f3pez\" data-image-description=\"&lt;p&gt;Spurilla neapolitana @ Gran Canaria, Spain by Sabina L\u00f3pez&lt;\/p&gt; \" data-medium-file=\"https:\/\/i0.wp.com\/opistobranquis.info\/wp-content\/uploads\/2021\/07\/Spurilla-neapolitana-%40-Gran-Canaria-Spain-by-Sabina-Lopez.jpg?fit=253%2C300&#038;ssl=1\" data-large-file=\"https:\/\/i0.wp.com\/opistobranquis.info\/wp-content\/uploads\/2021\/07\/Spurilla-neapolitana-%40-Gran-Canaria-Spain-by-Sabina-Lopez.jpg?fit=865%2C1024&#038;ssl=1\" src=\"https:\/\/i0.wp.com\/opistobranquis.info\/wp-content\/uploads\/2021\/07\/Spurilla-neapolitana-%40-Gran-Canaria-Spain-by-Sabina-Lopez.jpg?w=474&#038;h=561&#038;ssl=1\" width=\"474\" height=\"561\" loading=\"lazy\" data-original-width=\"474\" data-original-height=\"561\" itemprop=\"http:\/\/schema.org\/image\" title=\"Spurilla neapolitana @ Gran Canaria, Spain by Sabina L\u00f3pez\" alt=\"Spurilla neapolitana @ Gran Canaria, Spain by Sabina L\u00f3pez\" style=\"width: 474px; height: 561px;\" \/> <\/a> <div class=\"tiled-gallery-caption\" itemprop=\"caption description\"> Spurilla neapolitana @ Gran Canaria, Spain by Sabina L\u00f3pez <\/div> <\/div> <\/div> <!-- close group --> <div class=\"gallery-group images-2\" style=\"width: 422px; height: 565px;\" data-original-width=\"422\" data-original-height=\"565\" > <div class=\"tiled-gallery-item tiled-gallery-item-large\" itemprop=\"associatedMedia\" itemscope itemtype=\"http:\/\/schema.org\/ImageObject\"> <a href=\"https:\/\/opistobranquis.info\/es\/guia\/nudibranchia\/cladobranchia\/aeolidioidea\/spurilla-neapolitana\/spurilla-neapolitana-granada-by-luis-sanchez-tocino-2\/\" border=\"0\" itemprop=\"url\"> <meta itemprop=\"width\" content=\"418\"> <meta itemprop=\"height\" content=\"279\"> <img decoding=\"async\" class=\"\" data-attachment-id=\"32694\" data-orig-file=\"https:\/\/opistobranquis.info\/wp-content\/uploads\/2021\/08\/Spurilla-neapolitana-@-Granada-by-Luis-Sanchez-Tocino-2.jpg\" data-orig-size=\"1080,720\" data-comments-opened=\"\" data-image-title=\"Spurilla neapolitana @ Granada by Luis S\u00e1nchez Tocino\" data-image-description=\"&lt;p&gt;Spurilla neapolitana @ Granada by Luis S\u00e1nchez Tocino&lt;\/p&gt; \" data-medium-file=\"https:\/\/i0.wp.com\/opistobranquis.info\/wp-content\/uploads\/2021\/08\/Spurilla-neapolitana-%40-Granada-by-Luis-Sanchez-Tocino-2.jpg?fit=300%2C200&#038;ssl=1\" data-large-file=\"https:\/\/i0.wp.com\/opistobranquis.info\/wp-content\/uploads\/2021\/08\/Spurilla-neapolitana-%40-Granada-by-Luis-Sanchez-Tocino-2.jpg?fit=900%2C600&#038;ssl=1\" src=\"https:\/\/i0.wp.com\/opistobranquis.info\/wp-content\/uploads\/2021\/08\/Spurilla-neapolitana-%40-Granada-by-Luis-Sanchez-Tocino-2.jpg?w=418&#038;h=279&#038;ssl=1\" width=\"418\" height=\"279\" loading=\"lazy\" data-original-width=\"418\" data-original-height=\"279\" itemprop=\"http:\/\/schema.org\/image\" title=\"Spurilla neapolitana @ Granada by Luis S\u00e1nchez Tocino\" alt=\"Spurilla neapolitana @ Granada by Luis S\u00e1nchez Tocino\" style=\"width: 418px; height: 279px;\" \/> <\/a> <div class=\"tiled-gallery-caption\" itemprop=\"caption description\"> Spurilla neapolitana @ Granada by Luis S\u00e1nchez Tocino <\/div> <\/div> <div class=\"tiled-gallery-item tiled-gallery-item-large\" itemprop=\"associatedMedia\" itemscope itemtype=\"http:\/\/schema.org\/ImageObject\"> <a href=\"https:\/\/opistobranquis.info\/es\/guia\/nudibranchia\/cladobranchia\/aeolidioidea\/spurilla-neapolitana\/spurilla-neapolitana-granada-by-luis-sanchez-tocino\/\" border=\"0\" itemprop=\"url\"> <meta itemprop=\"width\" content=\"418\"> <meta itemprop=\"height\" content=\"278\"> <img decoding=\"async\" class=\"\" data-attachment-id=\"32695\" data-orig-file=\"https:\/\/opistobranquis.info\/wp-content\/uploads\/2021\/08\/Spurilla-neapolitana-@-Granada-by-Luis-Sanchez-Tocino.jpg\" data-orig-size=\"1080,720\" data-comments-opened=\"\" data-image-title=\"Spurilla neapolitana @ Granada by Luis S\u00e1nchez Tocino\" data-image-description=\"&lt;p&gt;Spurilla neapolitana @ Granada by Luis S\u00e1nchez Tocino&lt;\/p&gt; \" data-medium-file=\"https:\/\/i0.wp.com\/opistobranquis.info\/wp-content\/uploads\/2021\/08\/Spurilla-neapolitana-%40-Granada-by-Luis-Sanchez-Tocino.jpg?fit=300%2C200&#038;ssl=1\" data-large-file=\"https:\/\/i0.wp.com\/opistobranquis.info\/wp-content\/uploads\/2021\/08\/Spurilla-neapolitana-%40-Granada-by-Luis-Sanchez-Tocino.jpg?fit=900%2C600&#038;ssl=1\" src=\"https:\/\/i0.wp.com\/opistobranquis.info\/wp-content\/uploads\/2021\/08\/Spurilla-neapolitana-%40-Granada-by-Luis-Sanchez-Tocino.jpg?w=418&#038;h=278&#038;ssl=1\" width=\"418\" height=\"278\" loading=\"lazy\" data-original-width=\"418\" data-original-height=\"278\" itemprop=\"http:\/\/schema.org\/image\" title=\"Spurilla neapolitana @ Granada by Luis S\u00e1nchez Tocino\" alt=\"Spurilla neapolitana @ Granada by Luis S\u00e1nchez Tocino\" style=\"width: 418px; height: 278px;\" \/> <\/a> <div class=\"tiled-gallery-caption\" itemprop=\"caption description\"> Spurilla neapolitana @ Granada by Luis S\u00e1nchez Tocino <\/div> <\/div> <\/div> <!-- close group --> <\/div> <!-- close row --> <div class=\"gallery-row\" style=\"width: 900px; height: 653px;\" data-original-width=\"900\" data-original-height=\"653\" > <div class=\"gallery-group images-3\" style=\"width: 312px; height: 653px;\" data-original-width=\"312\" data-original-height=\"653\" > <div class=\"tiled-gallery-item tiled-gallery-item-large\" itemprop=\"associatedMedia\" itemscope itemtype=\"http:\/\/schema.org\/ImageObject\"> <a href=\"https:\/\/opistobranquis.info\/es\/guia\/nudibranchia\/cladobranchia\/aeolidioidea\/spurilla-neapolitana\/spurilla-neapolitana-head-detail-france-by-pascal-girard\/\" border=\"0\" itemprop=\"url\"> <meta itemprop=\"width\" content=\"308\"> <meta itemprop=\"height\" content=\"205\"> <img decoding=\"async\" class=\"\" data-attachment-id=\"36014\" data-orig-file=\"https:\/\/opistobranquis.info\/wp-content\/uploads\/2022\/12\/Spurilla-neapolitana-head-detail-@-France-by-Pascal-Girard.jpg\" data-orig-size=\"1280,853\" data-comments-opened=\"\" data-image-title=\"Spurilla neapolitana head detail @ France by Pascal Girard\" data-image-description=\"&lt;p&gt;Spurilla neapolitana head detail @ France by Pascal Girard&lt;\/p&gt; \" data-medium-file=\"https:\/\/i0.wp.com\/opistobranquis.info\/wp-content\/uploads\/2022\/12\/Spurilla-neapolitana-head-detail-%40-France-by-Pascal-Girard.jpg?fit=300%2C200&#038;ssl=1\" data-large-file=\"https:\/\/i0.wp.com\/opistobranquis.info\/wp-content\/uploads\/2022\/12\/Spurilla-neapolitana-head-detail-%40-France-by-Pascal-Girard.jpg?fit=900%2C599&#038;ssl=1\" src=\"https:\/\/i0.wp.com\/opistobranquis.info\/wp-content\/uploads\/2022\/12\/Spurilla-neapolitana-head-detail-%40-France-by-Pascal-Girard.jpg?w=308&#038;h=205&#038;ssl=1\" width=\"308\" height=\"205\" loading=\"lazy\" data-original-width=\"308\" data-original-height=\"205\" itemprop=\"http:\/\/schema.org\/image\" title=\"Spurilla neapolitana head detail @ France by Pascal Girard\" alt=\"Spurilla neapolitana head detail @ France by Pascal Girard\" style=\"width: 308px; height: 205px;\" \/> <\/a> <div class=\"tiled-gallery-caption\" itemprop=\"caption description\"> Spurilla neapolitana head detail @ France by Pascal Girard <\/div> <\/div> <div class=\"tiled-gallery-item tiled-gallery-item-large\" itemprop=\"associatedMedia\" itemscope itemtype=\"http:\/\/schema.org\/ImageObject\"> <a href=\"https:\/\/opistobranquis.info\/es\/guia\/nudibranchia\/cladobranchia\/aeolidioidea\/spurilla-neapolitana\/spurilla-neapolitana-france-by-pascal-girard-2\/\" border=\"0\" itemprop=\"url\"> <meta itemprop=\"width\" content=\"308\"> <meta itemprop=\"height\" content=\"231\"> <img decoding=\"async\" class=\"\" data-attachment-id=\"36201\" data-orig-file=\"https:\/\/opistobranquis.info\/wp-content\/uploads\/2022\/12\/Spurilla-neapolitana-@-France-by-Pascal-Girard-2.jpg\" data-orig-size=\"1280,960\" data-comments-opened=\"\" data-image-title=\"Spurilla neapolitana @ France by Pascal Girard\" data-image-description=\"&lt;p&gt;Spurilla neapolitana @ France by Pascal Girard&lt;\/p&gt; \" data-medium-file=\"https:\/\/i0.wp.com\/opistobranquis.info\/wp-content\/uploads\/2022\/12\/Spurilla-neapolitana-%40-France-by-Pascal-Girard-2.jpg?fit=300%2C225&#038;ssl=1\" data-large-file=\"https:\/\/i0.wp.com\/opistobranquis.info\/wp-content\/uploads\/2022\/12\/Spurilla-neapolitana-%40-France-by-Pascal-Girard-2.jpg?fit=900%2C675&#038;ssl=1\" src=\"https:\/\/i0.wp.com\/opistobranquis.info\/wp-content\/uploads\/2022\/12\/Spurilla-neapolitana-%40-France-by-Pascal-Girard-2.jpg?w=308&#038;h=231&#038;ssl=1\" width=\"308\" height=\"231\" loading=\"lazy\" data-original-width=\"308\" data-original-height=\"231\" itemprop=\"http:\/\/schema.org\/image\" title=\"Spurilla neapolitana @ France by Pascal Girard\" alt=\"Spurilla neapolitana @ France by Pascal Girard\" style=\"width: 308px; height: 231px;\" \/> <\/a> <div class=\"tiled-gallery-caption\" itemprop=\"caption description\"> Spurilla neapolitana @ France by Pascal Girard <\/div> <\/div> <div class=\"tiled-gallery-item tiled-gallery-item-large\" itemprop=\"associatedMedia\" itemscope itemtype=\"http:\/\/schema.org\/ImageObject\"> <a href=\"https:\/\/opistobranquis.info\/es\/guia\/nudibranchia\/cladobranchia\/aeolidioidea\/spurilla-neapolitana\/spurilla-neapolitana-france-by-pascal-girard\/\" border=\"0\" itemprop=\"url\"> <meta itemprop=\"width\" content=\"308\"> <meta itemprop=\"height\" content=\"205\"> <img decoding=\"async\" class=\"\" data-attachment-id=\"36202\" data-orig-file=\"https:\/\/opistobranquis.info\/wp-content\/uploads\/2022\/12\/Spurilla-neapolitana-@-France-by-Pascal-Girard.jpg\" data-orig-size=\"1280,854\" data-comments-opened=\"\" data-image-title=\"Spurilla neapolitana @ France by Pascal Girard\" data-image-description=\"&lt;p&gt;Spurilla neapolitana @ France by Pascal Girard&lt;\/p&gt; \" data-medium-file=\"https:\/\/i0.wp.com\/opistobranquis.info\/wp-content\/uploads\/2022\/12\/Spurilla-neapolitana-%40-France-by-Pascal-Girard.jpg?fit=300%2C200&#038;ssl=1\" data-large-file=\"https:\/\/i0.wp.com\/opistobranquis.info\/wp-content\/uploads\/2022\/12\/Spurilla-neapolitana-%40-France-by-Pascal-Girard.jpg?fit=900%2C600&#038;ssl=1\" src=\"https:\/\/i0.wp.com\/opistobranquis.info\/wp-content\/uploads\/2022\/12\/Spurilla-neapolitana-%40-France-by-Pascal-Girard.jpg?w=308&#038;h=205&#038;ssl=1\" width=\"308\" height=\"205\" loading=\"lazy\" data-original-width=\"308\" data-original-height=\"205\" itemprop=\"http:\/\/schema.org\/image\" title=\"Spurilla neapolitana @ France by Pascal Girard\" alt=\"Spurilla neapolitana @ France by Pascal Girard\" style=\"width: 308px; height: 205px;\" \/> <\/a> <div class=\"tiled-gallery-caption\" itemprop=\"caption description\"> Spurilla neapolitana @ France by Pascal Girard <\/div> <\/div> <\/div> <!-- close group --> <div class=\"gallery-group images-1\" style=\"width: 588px; height: 653px;\" data-original-width=\"588\" data-original-height=\"653\" > <div class=\"tiled-gallery-item tiled-gallery-item-large\" itemprop=\"associatedMedia\" itemscope itemtype=\"http:\/\/schema.org\/ImageObject\"> <a href=\"https:\/\/opistobranquis.info\/es\/guia\/nudibranchia\/cladobranchia\/aeolidioidea\/spurilla-neapolitana\/spurilla-neapolitana-granada-por-luis-sanchez-tocino\/\" border=\"0\" itemprop=\"url\"> <meta itemprop=\"width\" content=\"584\"> <meta itemprop=\"height\" content=\"649\"> <img decoding=\"async\" class=\"\" data-attachment-id=\"36826\" data-orig-file=\"https:\/\/opistobranquis.info\/wp-content\/uploads\/2023\/01\/Spurilla-neapolitana-@-Granada-por-Luis-Sanchez-Tocino.jpg\" data-orig-size=\"1440,1600\" data-comments-opened=\"\" data-image-title=\"Spurilla neapolitana @ Granada por Luis S\u00e1nchez Tocino\" data-image-description=\"&lt;p&gt;Spurilla neapolitana @ Granada por Luis S\u00e1nchez Tocino&lt;\/p&gt; \" data-medium-file=\"https:\/\/i0.wp.com\/opistobranquis.info\/wp-content\/uploads\/2023\/01\/Spurilla-neapolitana-%40-Granada-por-Luis-Sanchez-Tocino.jpg?fit=270%2C300&#038;ssl=1\" data-large-file=\"https:\/\/i0.wp.com\/opistobranquis.info\/wp-content\/uploads\/2023\/01\/Spurilla-neapolitana-%40-Granada-por-Luis-Sanchez-Tocino.jpg?fit=900%2C1000&#038;ssl=1\" src=\"https:\/\/i0.wp.com\/opistobranquis.info\/wp-content\/uploads\/2023\/01\/Spurilla-neapolitana-%40-Granada-por-Luis-Sanchez-Tocino.jpg?w=584&#038;h=649&#038;ssl=1\" width=\"584\" height=\"649\" loading=\"lazy\" data-original-width=\"584\" data-original-height=\"649\" itemprop=\"http:\/\/schema.org\/image\" title=\"Spurilla neapolitana @ Granada por Luis S\u00e1nchez Tocino\" alt=\"Spurilla neapolitana @ Granada por Luis S\u00e1nchez Tocino\" style=\"width: 584px; height: 649px;\" \/> <\/a> <div class=\"tiled-gallery-caption\" itemprop=\"caption description\"> Spurilla neapolitana @ Granada por Luis S\u00e1nchez Tocino <\/div> <\/div> <\/div> <!-- close group --> <\/div> <!-- close row --> <div class=\"gallery-row\" style=\"width: 900px; height: 601px;\" data-original-width=\"900\" data-original-height=\"601\" > <div class=\"gallery-group images-1\" style=\"width: 900px; height: 601px;\" data-original-width=\"900\" data-original-height=\"601\" > <div class=\"tiled-gallery-item tiled-gallery-item-large\" itemprop=\"associatedMedia\" itemscope itemtype=\"http:\/\/schema.org\/ImageObject\"> <a href=\"https:\/\/opistobranquis.info\/es\/guia\/nudibranchia\/cladobranchia\/aeolidioidea\/spurilla-neapolitana\/spurilla-neapolitana-menjant-anemona-by-miquel-pontes-dsc_3539\/\" border=\"0\" itemprop=\"url\"> <meta itemprop=\"width\" content=\"896\"> <meta itemprop=\"height\" content=\"597\"> <img decoding=\"async\" class=\"\" data-attachment-id=\"43046\" data-orig-file=\"https:\/\/opistobranquis.info\/wp-content\/uploads\/2024\/02\/Spurilla-neapolitana-menjant-anemona-by-Miquel-Pontes-DSC_3539.jpg\" data-orig-size=\"1935,1290\" data-comments-opened=\"\" data-image-title=\"Spurilla neapolitana feeding on Anemonia viridis by Miquel Pontes\" data-image-description=\"&lt;p&gt;Spurilla neapolitana feeding on Anemonia viridis by Miquel Pontes&lt;\/p&gt; \" data-medium-file=\"https:\/\/i0.wp.com\/opistobranquis.info\/wp-content\/uploads\/2024\/02\/Spurilla-neapolitana-menjant-anemona-by-Miquel-Pontes-DSC_3539.jpg?fit=300%2C200&#038;ssl=1\" data-large-file=\"https:\/\/i0.wp.com\/opistobranquis.info\/wp-content\/uploads\/2024\/02\/Spurilla-neapolitana-menjant-anemona-by-Miquel-Pontes-DSC_3539.jpg?fit=900%2C600&#038;ssl=1\" src=\"https:\/\/i0.wp.com\/opistobranquis.info\/wp-content\/uploads\/2024\/02\/Spurilla-neapolitana-menjant-anemona-by-Miquel-Pontes-DSC_3539.jpg?w=896&#038;h=597&#038;ssl=1\" srcset=\"https:\/\/i0.wp.com\/opistobranquis.info\/wp-content\/uploads\/2024\/02\/Spurilla-neapolitana-menjant-anemona-by-Miquel-Pontes-DSC_3539.jpg?w=1935&amp;ssl=1 1935w, https:\/\/i0.wp.com\/opistobranquis.info\/wp-content\/uploads\/2024\/02\/Spurilla-neapolitana-menjant-anemona-by-Miquel-Pontes-DSC_3539.jpg?resize=300%2C200&amp;ssl=1 300w, https:\/\/i0.wp.com\/opistobranquis.info\/wp-content\/uploads\/2024\/02\/Spurilla-neapolitana-menjant-anemona-by-Miquel-Pontes-DSC_3539.jpg?resize=1024%2C683&amp;ssl=1 1024w, https:\/\/i0.wp.com\/opistobranquis.info\/wp-content\/uploads\/2024\/02\/Spurilla-neapolitana-menjant-anemona-by-Miquel-Pontes-DSC_3539.jpg?resize=150%2C100&amp;ssl=1 150w, https:\/\/i0.wp.com\/opistobranquis.info\/wp-content\/uploads\/2024\/02\/Spurilla-neapolitana-menjant-anemona-by-Miquel-Pontes-DSC_3539.jpg?resize=1536%2C1024&amp;ssl=1 1536w, https:\/\/i0.wp.com\/opistobranquis.info\/wp-content\/uploads\/2024\/02\/Spurilla-neapolitana-menjant-anemona-by-Miquel-Pontes-DSC_3539.jpg?w=1800&amp;ssl=1 1800w\" width=\"896\" height=\"597\" loading=\"lazy\" data-original-width=\"896\" data-original-height=\"597\" itemprop=\"http:\/\/schema.org\/image\" title=\"Spurilla neapolitana feeding on Anemonia viridis by Miquel Pontes\" alt=\"Spurilla neapolitana feeding on Anemonia viridis by Miquel Pontes\" style=\"width: 896px; height: 597px;\" \/> <\/a> <div class=\"tiled-gallery-caption\" itemprop=\"caption description\"> Spurilla neapolitana feeding on Anemonia viridis by Miquel Pontes <\/div> <\/div> <\/div> <!-- close group --> <\/div> <!-- close row --> <\/div><\/p>\n<p><strong>Bibliograf\u00eda<\/strong><\/p><ul><div id=\"zotpress-d6636971ae0c9415cc4d90477beacb84\" class=\"zp-Zotpress zp-Zotpress-Bib wp-block-group\">\n\n\t\t<span class=\"ZP_API_USER_ID ZP_ATTR\">1246567<\/span>\n\t\t<span class=\"ZP_ITEM_KEY ZP_ATTR\"><\/span>\n\t\t<span class=\"ZP_COLLECTION_ID ZP_ATTR\"><\/span>\n\t\t<span class=\"ZP_TAG_ID ZP_ATTR\">Spurilla neapolitana<\/span>\n\t\t<span class=\"ZP_AUTHOR ZP_ATTR\"><\/span>\n\t\t<span class=\"ZP_YEAR ZP_ATTR\"><\/span>\n        <span class=\"ZP_ITEMTYPE ZP_ATTR\"><\/span>\n\t\t<span class=\"ZP_INCLUSIVE ZP_ATTR\">1<\/span>\n\t\t<span class=\"ZP_STYLE ZP_ATTR\">eunomia-revista-en-cultura-de-la-legalidad<\/span>\n\t\t<span class=\"ZP_LIMIT ZP_ATTR\">50<\/span>\n\t\t<span class=\"ZP_SORTBY ZP_ATTR\">creator<\/span>\n\t\t<span class=\"ZP_ORDER ZP_ATTR\">asc<\/span>\n\t\t<span class=\"ZP_TITLE ZP_ATTR\"><\/span>\n\t\t<span class=\"ZP_SHOWIMAGE ZP_ATTR\"><\/span>\n\t\t<span class=\"ZP_SHOWTAGS ZP_ATTR\"><\/span>\n\t\t<span class=\"ZP_DOWNLOADABLE ZP_ATTR\"><\/span>\n\t\t<span class=\"ZP_NOTES ZP_ATTR\"><\/span>\n\t\t<span class=\"ZP_ABSTRACT ZP_ATTR\"><\/span>\n\t\t<span class=\"ZP_CITEABLE ZP_ATTR\"><\/span>\n\t\t<span class=\"ZP_TARGET ZP_ATTR\">1<\/span>\n\t\t<span class=\"ZP_URLWRAP ZP_ATTR\"><\/span>\n\t\t<span class=\"ZP_FORCENUM ZP_ATTR\"><\/span>\n        <span class=\"ZP_HIGHLIGHT ZP_ATTR\"><\/span>\n        <span class=\"ZP_POSTID ZP_ATTR\">574<\/span>\n\t\t<span class=\"ZOTPRESS_PLUGIN_URL ZP_ATTR\">https:\/\/opistobranquis.info\/wp-content\/plugins\/zotpress\/<\/span>\n\n\t\t<div class=\"zp-List loading\">\n\t\t\t<div class=\"zp-SEO-Content\">\n\n\t\t\t<\/div><!-- .zp-zp-SEO-Content -->\n\t\t<\/div><!-- .zp-List -->\n\t<\/div><!--.zp-Zotpress-->\n\n<p><\/p>Bibliograf\u00eda basada en los trabajos de <b>Steve Long, 2006<\/b>. <a target=_blank href=https:\/\/opistobranquis.info\/wp-content\/uploads\/2016\/06\/Long-S.-2006-Bibliography-of-Opisthobranchia-1554-2000.pdf>Bibliography of Opisthobranchia 1554-2000<\/a> y <b>Gary McDonald, 2009<\/b>. <a href=http:\/\/escholarship.org\/uc\/item\/8115h0wz>Bibliographia Nudibranchia<\/a>, con actualizaciones posteriores procedentes de otras fuentes.<p><\/p><\/ul><p><\/p><p><strong>M\u00e1s informaci\u00f3n<\/strong><\/p><span style=\"font-size:10pt\"><ul><ul class=\"blogroll-links\"><li><a href=\"http:\/\/www.asturnatura.com\/especie\/spurilla-neapolitana.html\">AsturNatura<\/a><\/li><li><a href=\"http:\/\/www.biodiversitylibrary.org\/name\/Spurilla%20neapolitana\">Biodiversity Heritage Library<\/a><\/li><li><a href=\"http:\/\/www.biologiamarina.org\/wp\/spurilla\/\">BiologiaMarina.org<\/a><\/li><li><a href=\"http:\/\/www.cibsub.com\/bioespecie_es-spurilla_neapolitana-27834\">CIB - Club Immersio Biologia<\/a><\/li><li><a href=\"http:\/\/doris.ffessm.fr\/fiche2.asp?fiche_numero=497\">DORIS<\/a><\/li><li><a href=\"https:\/\/litoraldegranada.ugr.es\/el-litoral\/el-litoral-sumergido\/fauna\/moluscos\/gasteropodos\/opistobranquios\/orden-nudibranchia\/aeolidioideos\/spurilla-neapolitana\/\">El Litoral de Granada<\/a><\/li><li><a href=\"https:\/\/www.flickr.com\/search\/?text=Spurilla%20neapolitana\">Flickr pictures<\/a><\/li><li><a href=\"http:\/\/www.opistobranquis.org\/ca\/guia\/54\">GROC<\/a><\/li><li><a href=\"http:\/\/www.irmng.org\/aphia.php?p=taxlist&#038;tName=Spurilla%20neapolitana\">Interim Register of Marine and Nonmarine Genera<\/a><\/li><li><a href=\"http:\/\/marenostrum.org\/vidamarina\/animalia\/invertebrados\/moluscos\/gasteropodos\/opistobranquios\/sneapolitana\/index.htm\">M@re Nostrum<\/a><\/li><li><a href=\"https:\/\/web.archive.org\/web\/20250116074557\/http:\/\/medslugs.de\/E\/Med\/Spurilla_neapolitana\/Selection.htm\">MedSlugs (Med)<\/a><\/li><li><a href=\"http:\/\/www.ncbi.nlm.nih.gov\/Taxonomy\/Browser\/wwwtax.cgi?mode=Undef&#038;name=Spurilla%20neapolitana&#038;lvl=0&#038;srchmode=1\">NCBI GenBank<\/a><\/li><li><a href=\"http:\/\/iobis.org\/mapper\/?taxon=Spurilla%20neapolitana\">OBIS - Search by Taxon<\/a><\/li><li><a href=\"http:\/\/www.seaslugforum.net\/showall\/spurneap\">Sea Slug Forum<\/a><\/li><li><a href=\"http:\/\/seaslugs-guadeloupe.com\/?page_id=222\">Sea Slugs Guadeloupe<\/a><\/li><li><a href=\"http:\/\/slugsite.us\/bow\/pan\/spurilla.html\">The SlugSite<\/a><\/li><li><a href=\"http:\/\/slugsite.us\/bow\/nudwk186.htm\">The SlugSite<\/a><\/li><li><a href=\"http:\/\/www.marinespecies.org\/aphia.php?p=taxdetails&#038;id=138722\">World Register of Marine Species<\/a><\/li><\/ul><\/ul><\/span><p><strong>Citar este art\u00edculo como: <\/strong><\/p><div style=\"display: block; background: #444444; padding: 10px 30px 10px 10px; border-radius: 5px; line-height: 18px;\"><p class=\"citacio\"><b>Ballesteros, M., Madrenas, E. &#38; Pontes, M.<\/b> (2025) <em>\"Spurilla neapolitana\"<\/em> en <em>OPK-Opistobranquis<\/em>. Publicado: 16\/05\/2012. Accedido: 04\/09\/2026. Disponible en (<a href=https:\/\/opistobranquis.info\/es\/?p=574>https:\/\/opistobranquis.info\/es\/?p=574<\/a>)<\/p><p><\/p><\/div><p><\/p><\/p>","protected":false},"excerpt":{"rendered":"<p>Spurilla neapolitana (delle Chiaje, 1841) Sin\u00f3nimos Eolis alderiana Deshayes, 1865 Eolis conspersa Fischer P., 1869 Eolis neapolitana Delle Chiaje, 1841 (original) Flabellina inornata A. Costa, 1866 Spurilla mograbina Pruvot-Fol, 1953 Spurilla vayssierei Garcia-Gomez &amp; Cervera, 1985 Descripci\u00f3n Los ejemplares de esta especie pueden alcanzar 70 mm de longitud, pero hay una observaci\u00f3n reportada de 150mm (Celia Garc\u00eda @ Granada, Espa\u00f1a, com.pers.). El cuerpo es de color rosado o marr\u00f3n muy\u2026<\/p>\n<p class=\"continue-reading-button\"> <a class=\"continue-reading-link\" href=\"https:\/\/opistobranquis.info\/es\/guia\/nudibranchia\/cladobranchia\/aeolidioidea\/spurilla-neapolitana\/\">Sigue leyendo<i class=\"crycon-right-dir\"><\/i><\/a><\/p>\n","protected":false},"author":291,"featured_media":4853,"parent":456,"menu_order":8687,"comment_status":"closed","ping_status":"closed","template":"","meta":{"footnotes":""},"class_list":["post-574","page","type-page","status-publish","has-post-thumbnail","hentry"],"jetpack_sharing_enabled":true,"_links":{"self":[{"href":"https:\/\/opistobranquis.info\/es\/wp-json\/wp\/v2\/pages\/574","targetHints":{"allow":["GET"]}}],"collection":[{"href":"https:\/\/opistobranquis.info\/es\/wp-json\/wp\/v2\/pages"}],"about":[{"href":"https:\/\/opistobranquis.info\/es\/wp-json\/wp\/v2\/types\/page"}],"author":[{"embeddable":true,"href":"https:\/\/opistobranquis.info\/es\/wp-json\/wp\/v2\/users\/291"}],"replies":[{"embeddable":true,"href":"https:\/\/opistobranquis.info\/es\/wp-json\/wp\/v2\/comments?post=574"}],"version-history":[{"count":16,"href":"https:\/\/opistobranquis.info\/es\/wp-json\/wp\/v2\/pages\/574\/revisions"}],"predecessor-version":[{"id":35998,"href":"https:\/\/opistobranquis.info\/es\/wp-json\/wp\/v2\/pages\/574\/revisions\/35998"}],"up":[{"embeddable":true,"href":"https:\/\/opistobranquis.info\/es\/wp-json\/wp\/v2\/pages\/456"}],"wp:featuredmedia":[{"embeddable":true,"href":"https:\/\/opistobranquis.info\/es\/wp-json\/wp\/v2\/media\/4853"}],"wp:attachment":[{"href":"https:\/\/opistobranquis.info\/es\/wp-json\/wp\/v2\/media?parent=574"}],"curies":[{"name":"wp","href":"https:\/\/api.w.org\/{rel}","templated":true}]}}