{"id":577,"date":"2012-05-16T20:18:32","date_gmt":"2012-05-16T18:18:32","guid":{"rendered":"https:\/\/opistobranquis.info\/calma-glaucoidescalma-glaucoidescalma-glaucoides"},"modified":"2024-02-25T09:27:55","modified_gmt":"2024-02-25T08:27:55","slug":"calma-glaucoides","status":"publish","type":"page","link":"https:\/\/opistobranquis.info\/es\/guia\/nudibranchia\/cladobranchia\/fionoidea\/calma-glaucoides\/","title":{"rendered":"Calma glaucoides"},"content":{"rendered":"<p><\/p>\n<h3><em>Calma glaucoides<\/em> (Alder &amp; Hancock, 1854 )<\/h3>\n<p><span style=\"font-size:10pt;\" class=\"aligncenter\"><div id=\"featured-img-id\"><img data-recalc-dims=\"1\" decoding=\"async\" src=\"https:\/\/i0.wp.com\/opistobranquis.info\/wp-content\/uploads\/2012\/12\/calma-glaucoides-00.jpg?w=900&#038;ssl=1\" alt=\"Calma glaucoides by Enric Madrenas\" \/><\/div><center><em>Calma glaucoides<\/em> por Enric Madrenas<\/center><\/span><p><\/p><div class=\"opk-worms\"><h3>Informaci\u00f3n taxon\u00f3mica WoRMS<\/h3><div class=\"opk-success\">Nombre aceptado actual: <strong><em>Calma glaucoides<\/em> (Alder &amp; Hancock, 1854)<\/strong><\/div><h4>Clasificaci\u00f3n actual<\/h4><table class=\"widefat striped\"><tr><th>Superdomain<\/th><td><a target=\"_blank\" href=\"https:\/\/www.marinespecies.org\/aphia.php?p=taxdetails&id=1\">Biota<\/a><\/td><\/tr><tr><th>Kingdom<\/th><td><a target=\"_blank\" href=\"https:\/\/www.marinespecies.org\/aphia.php?p=taxdetails&id=2\">Animalia<\/a><\/td><\/tr><tr><th>Phylum<\/th><td><a target=\"_blank\" href=\"https:\/\/www.marinespecies.org\/aphia.php?p=taxdetails&id=51\">Mollusca<\/a><\/td><\/tr><tr><th>Class<\/th><td><a target=\"_blank\" href=\"https:\/\/www.marinespecies.org\/aphia.php?p=taxdetails&id=101\">Gastropoda<\/a><\/td><\/tr><tr><th>Subclass<\/th><td><a target=\"_blank\" href=\"https:\/\/www.marinespecies.org\/aphia.php?p=taxdetails&id=14712\">Heterobranchia<\/a><\/td><\/tr><tr><th>Infraclass<\/th><td><a target=\"_blank\" href=\"https:\/\/www.marinespecies.org\/aphia.php?p=taxdetails&id=1057247\">Euthyneura<\/a><\/td><\/tr><tr><th>Subterclass<\/th><td><a target=\"_blank\" href=\"https:\/\/www.marinespecies.org\/aphia.php?p=taxdetails&id=1057249\">Ringipleura<\/a><\/td><\/tr><tr><th>Superorder<\/th><td><a target=\"_blank\" href=\"https:\/\/www.marinespecies.org\/aphia.php?p=taxdetails&id=411966\">Nudipleura<\/a><\/td><\/tr><tr><th>Order<\/th><td><a target=\"_blank\" href=\"https:\/\/www.marinespecies.org\/aphia.php?p=taxdetails&id=1762\">Nudibranchia<\/a><\/td><\/tr><tr><th>Suborder<\/th><td><a target=\"_blank\" href=\"https:\/\/www.marinespecies.org\/aphia.php?p=taxdetails&id=827889\">Cladobranchia<\/a><\/td><\/tr><tr><th>Superfamily<\/th><td><a target=\"_blank\" href=\"https:\/\/www.marinespecies.org\/aphia.php?p=taxdetails&id=412646\">Fionoidea<\/a><\/td><\/tr><tr><th>Family<\/th><td><a target=\"_blank\" href=\"https:\/\/www.marinespecies.org\/aphia.php?p=taxdetails&id=22996\">Calmidae<\/a><\/td><\/tr><tr><th>Genus<\/th><td><a target=\"_blank\" href=\"https:\/\/www.marinespecies.org\/aphia.php?p=taxdetails&id=137720\"><em>Calma<\/em><\/a><\/td><\/tr><tr><th>Species<\/th><td><a target=\"_blank\" href=\"https:\/\/www.marinespecies.org\/aphia.php?p=taxdetails&id=138960\"><em>Calma glaucoides<\/em> (Alder &amp; Hancock, 1854)<\/a><\/td><\/tr><\/table><p class=\"footer\">Clasificaci\u00f3n proporcionada por el World Register of Marine Species (WoRMS). [<a target=\"_blank\" href=\"https:\/\/www.marinespecies.org\/aphia.php?p=taxdetails&id=138960\">138960<\/a>]<\/p><\/div><p><strong>Nota taxon\u00f3mica<\/strong>: Los an\u00e1lisis filogen\u00e9ticos realizados por Cella et al. (2016) revelaron que la familia Tergipedidae tradicional es polifil\u00e9tica y pertenece a un clado monofil\u00e9tico mayor que incluye miembros de las familias tradicionales Eubranchidae, Fionidae y Calmidae; este fue un resultado inesperado, ya que la validez de estos taxones y su distinci\u00f3n de los Tergipedidae nunca hab\u00eda sido cuestionada antes. Se propone unir las familias Tergipedidae, Eubranchidae, Calmidae y Fionidae bajo el nombre de Fionidae. Esta decisi\u00f3n ha sido reinterpretada y completada en el trabajo de Korshunova et al. (2017) porque obviaba aspectos morfol\u00f3gicos y moleculares evidentes.<\/p>Hasta hace muy pocos a\u00f1os la \u00fanica especie conocida del g\u00e9nero <em>Calma<\/em> a nivel mundial era <em>C. glaucoides<\/em>, descrita como <em>Eolis glaucoides<\/em> por Alder &amp; Hancock en 1854. Otra especie del mismo g\u00e9nero, <em>C. gobioophaga<\/em> fue descrita recientemente gracias a ejemplares capturados en las costas de Portugal (Calado &amp; Urgorri, 2002). El estudio de los ejemplares de las costas portuguesas ha permitido diferenciar en el g\u00e9nero <em>Calma<\/em> dos especies simp\u00e1tricas que coexisten en la misma \u00e1rea de distribuci\u00f3n y viven en el mismo h\u00e1bitat: <em>C. glaucoides<\/em> y <em>C. gobioophaga<\/em>.<br \/>\nCalado &amp; Urgorri (2002) indican las principales diferencias entre las dos especies, entre las cuales destacan los tent\u00e1culos propodiales m\u00e1s largos en <em>C<\/em>. <em>gobioophaga<\/em>,\u00a0 los ojos,\u00a0 m\u00e1s grandes y situados inmediatamente detr\u00e1s de la base de los rin\u00f3foros en <em>C<\/em>. <em>gobioophaga<\/em>, m\u00e1s peque\u00f1os y situados m\u00e1s atr\u00e1s de la base de los rin\u00f3foros en <em>C<\/em>. <em>glaucoides<\/em>; ri\u00f1\u00f3n situado entre el segundo y el \u00faltimo grupo de ceratas en <em>C<\/em>. <em>gobioophaga<\/em>\u00a0 y entre el segundo y quinto o sexto grupo de ceratas en <em>C<\/em>. <em>glaucoides<\/em>; tama\u00f1o algo m\u00e1s peque\u00f1o de los huevos en <em>C<\/em>. <em>gobioophaga<\/em>; alimentaci\u00f3n a base de huevos de <em>Gobius niger<\/em> en <em>C<\/em>. <em>gobioophaga<\/em> y huevos de <em>Lepadogaster lepadogaster<\/em>, <em>L. purpurea<\/em>, <em>L. candollei<\/em>, <em>Parablennius gattorugine<\/em> o <em>P. pilicornis<\/em> en <em>C<\/em>. <em>glaucoides<\/em>. Muy recientemente Prki\u0107 et al. (2014) han realizado un estudio molecular (genes COI y 16S) de ejemplares croatas de diferentes localidades de <em>C. glaucoides<\/em> y de <em>C. gobioophaga<\/em> que confirman la separaci\u00f3n de las dos especies.<\/p>\n<p><strong>Sin\u00f3nimos<\/strong><\/p>\n<ul>\n<li><i>Eolis albicans<\/i>\u00a0Friele &amp; Hansen, 1876<\/li>\n<li><strong><i>Eolis glaucoides<\/i>\u00a0Alder &amp; Hancock, 1854\u00a0(original)<\/strong><\/li>\n<li><i>Forestia mirabilis<\/i>\u00a0Trinchese, 1881<\/li>\n<\/ul>\n<p><strong>Descripci\u00f3n<br \/>\n<\/strong>Los animales de esta especie miden entre 10 y 15 mm de longitud. El color general del cuerpo es blanco-amarillento y transl\u00facido, dejando entrever los \u00f3rganos internos, aunque tambi\u00e9n puede ser amarillo oscuro, purpur\u00e1ceo o marronoso dependiendo del tipo de su alimentaci\u00f3n. La cabeza es bastante corta, como tambi\u00e9n los palpos orales y los rin\u00f3foros. Los rin\u00f3foros son lisos y semitransparentes y como los palpos orales con el extremo opaco debido a pigmentaci\u00f3n blanquecina o amarillenta. Los ojos son muy peque\u00f1os y se encuentran justo detr\u00e1s de la base de los rin\u00f3foros. Hay de 7-10 grupos de ceratas bien separados entre ellos y que comienzan muy cerca de los rin\u00f3foros. Los ceratas son semitransparentes, bastante largos, finos y acabados en punta. Hay 3-4 ceratas en cada grupo. Dentro de cada cerata, la gl\u00e1ndula digestiva tiene forma de un delgado conducto de color amarillento o crema. En los ejemplares m\u00e1s grandes puede haber una fina puntuaci\u00f3n azulada en los ceratas que hace opaca a su superficie y enmascara a la gl\u00e1ndula digestiva; el \u00e1pice puntiagudo de los ceratas es amarillento. Los ceratas de un mismo grupo parecen salir de una base com\u00fan. En la mayor\u00eda de los ejemplares se pueden observar por transparencia a cada lado del dorso las unidades gonadales en forma de estructuras blanquecinas de contorno lobulado y situadas entre las zonas de inserci\u00f3n de cada grupo de cerata. El pie es ancho y forma por delante dos cortos y agudos tent\u00e1culos propodiales. La cola es corta y suele estar cubierta por los ceratas m\u00e1s posteriores.<\/p>\n<p><strong>Biolog\u00eda<br \/>\n<\/strong>Los animales de esta especie se suelen encontrar bajo piedras desde muy poca profundidad. Frecuentemente los animales expanden lateralmente sus ceratas semejando los tent\u00e1culos de una an\u00e9mona. Se alimenta de huevos de peces como <em>Lepadogaster lepadogaster<\/em>, <em>L. purpurea<\/em>, <em>L. candollei<\/em>, <em>Parablennius gattorugine<\/em> o <em>P. pilicornis<\/em><strong>. <\/strong>La puesta es un cord\u00f3n sinuoso, fino y dispuesto muy irregularmente con huevos de color blanco que se encuentran dentro de c\u00e1psulas de unas 138 micras de di\u00e1metro (Calado &amp; Urgorri, 2002).<\/p>\n<p><strong>Etimolog\u00eda<\/strong><\/p>\n<ul>\n<li><em>Glaucoides<\/em>. Deriva del Lat\u00edn &#8220;glaucus&#8221;, blanco. Significa &#8220;blancuzco&#8221;.<\/li>\n<\/ul>\n<p><strong>Distribuci\u00f3n<br \/>\n<\/strong>Debido a que hasta el a\u00f1o 2002 no se describi\u00f3 la especie simp\u00e1trica <em>C. gobioophaga,<\/em> con la que puede confundirse f\u00e1cilmente, posiblemente hasta esa fecha las citas de <em>C. glaucoides<\/em> en muchas zonas geogr\u00e1ficas incluyan tambi\u00e9n a ejemplares de <em>C. gobioophaga<\/em>. <em>C. glaucoides<\/em> es una especie que se ha localizado en aguas europeas, tanto atl\u00e1nticas como mediterr\u00e1neas, desde Noruega, Islas Brit\u00e1nicas, costas atl\u00e1nticas y mediterr\u00e1neas francesas, Tenerife (Islas Canarias) y Golfo de N\u00e1poles (Prki\u0107 et al. 2014). En la Pen\u00ednsula Ib\u00e9rica se ha encontrado con seguridad en Galicia y Portugal (Calado &amp; Urgorri, 2002), en las costas andaluzas y en Catalunya, donde ha sido citada en Cadaqu\u00e9s, Begur, Calella de Palafrugell, Palam\u00f3s, Sant Feliu de Guixols y L\u00b4Ametlla de Mar. <div id=\"flxmap-6a9a8ee0d15bd\" class='flxmap-container' data-flxmap='flxmap_6a9a8ee0d15bd' style=\"width:100%;height:400px;\"><\/div>\n<script data-noptimize=\"1\">\n\/* <![CDATA[ *\/\n(function(w, fn) {\n if (w.addEventListener) w.addEventListener(\"DOMContentLoaded\", fn, false);\n else if (w.attachEvent) w.attachEvent(\"onload\", fn);\n})(window, function() {\n var f = new FlexibleMap();\n f.panControl = true;\n f.mapTypeId = \"satellite\";\n f.setlocale(\"es-ES\");\n f.kmlcache = \"5 minutes\";\n f.showKML(\"flxmap-6a9a8ee0d15bd\", \"https:\/\/opistobranquis.info\/wp-content\/uploads\/kms\/577.kmz\");\n window.flxmap_6a9a8ee0d15bd = f;\n});\n\/* ]]> *\/\n<\/script>\n<div style=\"width:100%;text-align:center;margin:12px 0 4px 0;\">\n  <div style=\"font-size:8pt;margin-bottom:6px;\">Citas georeferenciadas conocidas de la especie: <em>Calma glaucoides<\/em><\/div>\n  <table style=\"margin:0 auto;border-collapse:collapse;font-size:8pt;\">\n    <tr><td colspan=\"2\" style=\"text-align:left;padding-bottom:4px;\"><strong>Fonts:<\/strong><\/td><\/tr>\n    <tr>\n      <td style=\"vertical-align:top;padding-right:40px;\">\n        <table style=\"border-collapse:collapse;\">\n<tr><td style='padding:1px 6px 1px 0;vertical-align:middle'><img data-recalc-dims=\"1\" src=\"https:\/\/i0.wp.com\/opistobranquis.info\/wp-content\/uploads\/kms\/wht-circle-lv.png?w=900&#038;ssl=1\" style='display:block'><\/td><td style='padding:1px 0;vertical-align:middle;white-space:nowrap'>OBIS<\/td><\/tr><tr><td style='padding:1px 6px 1px 0;vertical-align:middle'><img data-recalc-dims=\"1\" src=\"https:\/\/i0.wp.com\/opistobranquis.info\/wp-content\/uploads\/kms\/ylw-circle-lv.png?w=900&#038;ssl=1\" style='display:block'><\/td><td style='padding:1px 0;vertical-align:middle;white-space:nowrap'>GROC 2010-2011<\/td><\/tr><tr><td style='padding:1px 6px 1px 0;vertical-align:middle'><img data-recalc-dims=\"1\" src=\"https:\/\/i0.wp.com\/opistobranquis.info\/wp-content\/uploads\/kms\/grn-circle-lv.png?w=900&#038;ssl=1\" style='display:block'><\/td><td style='padding:1px 0;vertical-align:middle;white-space:nowrap'>Enric Madrenas<\/td><\/tr><tr><td style='padding:1px 6px 1px 0;vertical-align:middle'><img data-recalc-dims=\"1\" src=\"https:\/\/i0.wp.com\/opistobranquis.info\/wp-content\/uploads\/kms\/orange-circle-lv.png?w=900&#038;ssl=1\" style='display:block'><\/td><td style='padding:1px 0;vertical-align:middle;white-space:nowrap'>Jo\u00e3o Pedro Silva<\/td><\/tr><tr><td style='padding:1px 6px 1px 0;vertical-align:middle'><img data-recalc-dims=\"1\" src=\"https:\/\/i0.wp.com\/opistobranquis.info\/wp-content\/uploads\/kms\/pink-circle-lv.png?w=900&#038;ssl=1\" style='display:block'><\/td><td style='padding:1px 0;vertical-align:middle;white-space:nowrap'>Bernard Picton<\/td><\/tr><tr><td style='padding:1px 6px 1px 0;vertical-align:middle'><img data-recalc-dims=\"1\" src=\"https:\/\/i0.wp.com\/opistobranquis.info\/wp-content\/uploads\/kms\/blk-circle-lv.png?w=900&#038;ssl=1\" style='display:block'><\/td><td style='padding:1px 0;vertical-align:middle;white-space:nowrap'>GBIF<\/td><\/tr>        <\/table>\n      <\/td>\n      <td style=\"vertical-align:top;\">\n        <table style=\"border-collapse:collapse;\">\n<tr><td style='padding:1px 6px 1px 0;vertical-align:middle'><img data-recalc-dims=\"1\" src=\"https:\/\/i0.wp.com\/opistobranquis.info\/wp-content\/uploads\/kms\/purple-circle-lv.png?w=900&#038;ssl=1\" style='display:block'><\/td><td style='padding:1px 0;vertical-align:middle;white-space:nowrap'>OPK<\/td><\/tr><tr><td style='padding:1px 6px 1px 0;vertical-align:middle'><img data-recalc-dims=\"1\" src=\"https:\/\/i0.wp.com\/opistobranquis.info\/wp-content\/uploads\/kms\/red-circle-lv.png?w=900&#038;ssl=1\" style='display:block'><\/td><td style='padding:1px 0;vertical-align:middle;white-space:nowrap'>VIMAR<\/td><\/tr><tr><td style='padding:1px 6px 1px 0;vertical-align:middle'><img data-recalc-dims=\"1\" src=\"https:\/\/i0.wp.com\/opistobranquis.info\/wp-content\/uploads\/kms\/blu-circle-lv.png?w=900&#038;ssl=1\" style='display:block'><\/td><td style='padding:1px 0;vertical-align:middle;white-space:nowrap'>Manuel Ballesteros<\/td><\/tr><tr><td style='padding:1px 6px 1px 0;vertical-align:middle'><img data-recalc-dims=\"1\" src=\"https:\/\/i0.wp.com\/opistobranquis.info\/wp-content\/uploads\/kms\/cyan-circle-lv.png?w=900&#038;ssl=1\" style='display:block'><\/td><td style='padding:1px 0;vertical-align:middle;white-space:nowrap'>M@re Nostrum<\/td><\/tr><tr><td style='padding:1px 6px 1px 0;vertical-align:middle'><img data-recalc-dims=\"1\" src=\"https:\/\/i0.wp.com\/opistobranquis.info\/wp-content\/uploads\/kms\/grey-circle-lv.png?w=900&#038;ssl=1\" style='display:block'><\/td><td style='padding:1px 0;vertical-align:middle;white-space:nowrap'>Altres fonts<\/td><\/tr><tr><td style='padding:1px 6px 1px 0;vertical-align:middle'><img data-recalc-dims=\"1\" src=\"https:\/\/i0.wp.com\/opistobranquis.info\/wp-content\/uploads\/kms\/marreg.png?w=900&#038;ssl=1\" style='display:block'><\/td><td style='padding:1px 0;vertical-align:middle;white-space:nowrap'>Marine Regions<\/td><\/tr>        <\/table>\n      <\/td>\n    <\/tr>\n  <\/table>\n<\/div>\n<\/p>\n<p><strong>Especies similares<\/strong><br \/>\n<a href=\"https:\/\/opistobranquis.info\/guia\/nudibranchia\/cladobranchia\/fionoidea\/calma-gobioophaga\/\"><em>Calma gobioophaga<\/em><\/a>, con tent\u00e1culos propodials m\u00e1s largos, ojos m\u00e1s grandes y situados inmediatamente detr\u00e1s de la base de los rin\u00f3foros, gl\u00e1ndula digestiva m\u00e1s larga, huevos m\u00e1s peque\u00f1os y se alimenta de huevos de peces del g\u00e9nero <em>Gobius<\/em>.<\/p>\n<p><strong>Error:<\/strong> Chart.js no est\u00e1 disponible.<\/p>\n<p><strong>Videos<\/strong><\/p>\n<p><iframe loading=\"lazy\" src=\"https:\/\/player.vimeo.com\/video\/406775468?dnt=1&amp;app_id=122963\" width=\"900\" height=\"506\" frameborder=\"0\" allow=\"autoplay; fullscreen; picture-in-picture\"><\/iframe><\/p>\n<p>&nbsp;<\/p>\n<p><strong>Otras fotos<br \/>\n<\/strong><div class=\"tiled-gallery type-rectangular tiled-gallery-unresized\" data-original-width=\"900\" data-carousel-extra='{&quot;blog_id&quot;:1,&quot;permalink&quot;:&quot;https:\\\/\\\/opistobranquis.info\\\/es\\\/guia\\\/nudibranchia\\\/cladobranchia\\\/fionoidea\\\/calma-glaucoides\\\/&quot;,&quot;likes_blog_id&quot;:44192421}' itemscope itemtype=\"http:\/\/schema.org\/ImageGallery\" > <div class=\"gallery-row\" style=\"width: 900px; height: 769px;\" data-original-width=\"900\" data-original-height=\"769\" > <div class=\"gallery-group images-1\" style=\"width: 524px; height: 769px;\" data-original-width=\"524\" data-original-height=\"769\" > <div class=\"tiled-gallery-item tiled-gallery-item-large\" itemprop=\"associatedMedia\" itemscope itemtype=\"http:\/\/schema.org\/ImageObject\"> <a href=\"https:\/\/opistobranquis.info\/es\/guia\/nudibranchia\/cladobranchia\/fionoidea\/calma-glaucoides\/calma-glaucoides-02\/\" border=\"0\" itemprop=\"url\"> <meta itemprop=\"width\" content=\"520\"> <meta itemprop=\"height\" content=\"765\"> <img decoding=\"async\" class=\"\" data-attachment-id=\"4186\" data-orig-file=\"https:\/\/opistobranquis.info\/wp-content\/uploads\/2012\/12\/calma-glaucoides-02.jpg\" data-orig-size=\"337,496\" data-comments-opened=\"\" data-image-title=\"Calma glaucoides by Enric Madrenas\" data-image-description=\"&lt;p&gt;Calma glaucoides by Enric Madrenas&lt;\/p&gt; \" data-medium-file=\"https:\/\/i0.wp.com\/opistobranquis.info\/wp-content\/uploads\/2012\/12\/calma-glaucoides-02.jpg?fit=203%2C300&#038;ssl=1\" data-large-file=\"https:\/\/i0.wp.com\/opistobranquis.info\/wp-content\/uploads\/2012\/12\/calma-glaucoides-02.jpg?fit=337%2C496&#038;ssl=1\" src=\"https:\/\/i0.wp.com\/opistobranquis.info\/wp-content\/uploads\/2012\/12\/calma-glaucoides-02.jpg?w=520&#038;h=765&#038;ssl=1\" srcset=\"https:\/\/i0.wp.com\/opistobranquis.info\/wp-content\/uploads\/2012\/12\/calma-glaucoides-02.jpg?w=337&amp;ssl=1 337w, https:\/\/i0.wp.com\/opistobranquis.info\/wp-content\/uploads\/2012\/12\/calma-glaucoides-02.jpg?resize=203%2C300&amp;ssl=1 203w\" width=\"520\" height=\"765\" loading=\"lazy\" data-original-width=\"520\" data-original-height=\"765\" itemprop=\"http:\/\/schema.org\/image\" title=\"Calma glaucoides by Enric Madrenas\" alt=\"Calma glaucoides by Enric Madrenas\" style=\"width: 520px; height: 765px;\" \/> <\/a> <div class=\"tiled-gallery-caption\" itemprop=\"caption description\"> Calma glaucoides by Enric Madrenas <\/div> <\/div> <\/div> <!-- close group --> <div class=\"gallery-group images-3\" style=\"width: 376px; height: 769px;\" data-original-width=\"376\" data-original-height=\"769\" > <div class=\"tiled-gallery-item tiled-gallery-item-large\" itemprop=\"associatedMedia\" itemscope itemtype=\"http:\/\/schema.org\/ImageObject\"> <a href=\"https:\/\/opistobranquis.info\/es\/guia\/nudibranchia\/cladobranchia\/fionoidea\/calma-glaucoides\/calma-glaucoides-03\/\" border=\"0\" itemprop=\"url\"> <meta itemprop=\"width\" content=\"372\"> <meta itemprop=\"height\" content=\"253\"> <img decoding=\"async\" class=\"\" data-attachment-id=\"4187\" data-orig-file=\"https:\/\/opistobranquis.info\/wp-content\/uploads\/2012\/12\/calma-glaucoides-03.jpg\" data-orig-size=\"656,445\" data-comments-opened=\"\" data-image-title=\"Calma glaucoides by Enric Madrenas\" data-image-description=\"&lt;p&gt;Calma glaucoides by Enric Madrenas&lt;\/p&gt; \" data-medium-file=\"https:\/\/i0.wp.com\/opistobranquis.info\/wp-content\/uploads\/2012\/12\/calma-glaucoides-03.jpg?fit=300%2C203&#038;ssl=1\" data-large-file=\"https:\/\/i0.wp.com\/opistobranquis.info\/wp-content\/uploads\/2012\/12\/calma-glaucoides-03.jpg?fit=656%2C445&#038;ssl=1\" src=\"https:\/\/i0.wp.com\/opistobranquis.info\/wp-content\/uploads\/2012\/12\/calma-glaucoides-03.jpg?w=372&#038;h=253&#038;ssl=1\" srcset=\"https:\/\/i0.wp.com\/opistobranquis.info\/wp-content\/uploads\/2012\/12\/calma-glaucoides-03.jpg?w=656&amp;ssl=1 656w, https:\/\/i0.wp.com\/opistobranquis.info\/wp-content\/uploads\/2012\/12\/calma-glaucoides-03.jpg?resize=300%2C203&amp;ssl=1 300w\" width=\"372\" height=\"253\" loading=\"lazy\" data-original-width=\"372\" data-original-height=\"253\" itemprop=\"http:\/\/schema.org\/image\" title=\"Calma glaucoides by Enric Madrenas\" alt=\"Calma glaucoides by Enric Madrenas\" style=\"width: 372px; height: 253px;\" \/> <\/a> <div class=\"tiled-gallery-caption\" itemprop=\"caption description\"> Calma glaucoides by Enric Madrenas <\/div> <\/div> <div class=\"tiled-gallery-item tiled-gallery-item-large\" itemprop=\"associatedMedia\" itemscope itemtype=\"http:\/\/schema.org\/ImageObject\"> <a href=\"https:\/\/opistobranquis.info\/es\/guia\/nudibranchia\/cladobranchia\/fionoidea\/calma-glaucoides\/calma-glaucoides-06\/\" border=\"0\" itemprop=\"url\"> <meta itemprop=\"width\" content=\"372\"> <meta itemprop=\"height\" content=\"252\"> <img decoding=\"async\" class=\"\" data-attachment-id=\"4188\" data-orig-file=\"https:\/\/opistobranquis.info\/wp-content\/uploads\/2012\/12\/calma-glaucoides-06.jpg\" data-orig-size=\"656,445\" data-comments-opened=\"\" data-image-title=\"Calma glaucoides by Enric Madrenas\" data-image-description=\"&lt;p&gt;Calma glaucoides by Enric Madrenas&lt;\/p&gt; \" data-medium-file=\"https:\/\/i0.wp.com\/opistobranquis.info\/wp-content\/uploads\/2012\/12\/calma-glaucoides-06.jpg?fit=300%2C203&#038;ssl=1\" data-large-file=\"https:\/\/i0.wp.com\/opistobranquis.info\/wp-content\/uploads\/2012\/12\/calma-glaucoides-06.jpg?fit=656%2C445&#038;ssl=1\" src=\"https:\/\/i0.wp.com\/opistobranquis.info\/wp-content\/uploads\/2012\/12\/calma-glaucoides-06.jpg?w=372&#038;h=252&#038;ssl=1\" srcset=\"https:\/\/i0.wp.com\/opistobranquis.info\/wp-content\/uploads\/2012\/12\/calma-glaucoides-06.jpg?w=656&amp;ssl=1 656w, https:\/\/i0.wp.com\/opistobranquis.info\/wp-content\/uploads\/2012\/12\/calma-glaucoides-06.jpg?resize=300%2C203&amp;ssl=1 300w\" width=\"372\" height=\"252\" loading=\"lazy\" data-original-width=\"372\" data-original-height=\"252\" itemprop=\"http:\/\/schema.org\/image\" title=\"Calma glaucoides by Enric Madrenas\" alt=\"Calma glaucoides by Enric Madrenas\" style=\"width: 372px; height: 252px;\" \/> <\/a> <div class=\"tiled-gallery-caption\" itemprop=\"caption description\"> Calma glaucoides by Enric Madrenas <\/div> <\/div> <div class=\"tiled-gallery-item tiled-gallery-item-large\" itemprop=\"associatedMedia\" itemscope itemtype=\"http:\/\/schema.org\/ImageObject\"> <a href=\"https:\/\/opistobranquis.info\/es\/guia\/nudibranchia\/cladobranchia\/fionoidea\/calma-glaucoides\/calma-glaucoides-08\/\" border=\"0\" itemprop=\"url\"> <meta itemprop=\"width\" content=\"372\"> <meta itemprop=\"height\" content=\"252\"> <img decoding=\"async\" class=\"\" data-attachment-id=\"4189\" data-orig-file=\"https:\/\/opistobranquis.info\/wp-content\/uploads\/2012\/12\/calma-glaucoides-08.jpg\" data-orig-size=\"656,445\" data-comments-opened=\"\" data-image-title=\"Calma glaucoides by Enric Madrenas\" data-image-description=\"&lt;p&gt;Calma glaucoides by Enric Madrenas&lt;\/p&gt; \" data-medium-file=\"https:\/\/i0.wp.com\/opistobranquis.info\/wp-content\/uploads\/2012\/12\/calma-glaucoides-08.jpg?fit=300%2C203&#038;ssl=1\" data-large-file=\"https:\/\/i0.wp.com\/opistobranquis.info\/wp-content\/uploads\/2012\/12\/calma-glaucoides-08.jpg?fit=656%2C445&#038;ssl=1\" src=\"https:\/\/i0.wp.com\/opistobranquis.info\/wp-content\/uploads\/2012\/12\/calma-glaucoides-08.jpg?w=372&#038;h=252&#038;ssl=1\" srcset=\"https:\/\/i0.wp.com\/opistobranquis.info\/wp-content\/uploads\/2012\/12\/calma-glaucoides-08.jpg?w=656&amp;ssl=1 656w, https:\/\/i0.wp.com\/opistobranquis.info\/wp-content\/uploads\/2012\/12\/calma-glaucoides-08.jpg?resize=300%2C203&amp;ssl=1 300w\" width=\"372\" height=\"252\" loading=\"lazy\" data-original-width=\"372\" data-original-height=\"252\" itemprop=\"http:\/\/schema.org\/image\" title=\"Calma glaucoides by Enric Madrenas\" alt=\"Calma glaucoides by Enric Madrenas\" style=\"width: 372px; height: 252px;\" \/> <\/a> <div class=\"tiled-gallery-caption\" itemprop=\"caption description\"> Calma glaucoides by Enric Madrenas <\/div> <\/div> <\/div> <!-- close group --> <\/div> <!-- close row --> <div class=\"gallery-row\" style=\"width: 900px; height: 426px;\" data-original-width=\"900\" data-original-height=\"426\" > <div class=\"gallery-group images-2\" style=\"width: 312px; height: 426px;\" data-original-width=\"312\" data-original-height=\"426\" > <div class=\"tiled-gallery-item tiled-gallery-item-large\" itemprop=\"associatedMedia\" itemscope itemtype=\"http:\/\/schema.org\/ImageObject\"> <a href=\"https:\/\/opistobranquis.info\/es\/guia\/nudibranchia\/cladobranchia\/fionoidea\/calma-glaucoides\/calma-glaucoides-10\/\" border=\"0\" itemprop=\"url\"> <meta itemprop=\"width\" content=\"308\"> <meta itemprop=\"height\" content=\"209\"> <img decoding=\"async\" class=\"\" data-attachment-id=\"4190\" data-orig-file=\"https:\/\/opistobranquis.info\/wp-content\/uploads\/2012\/12\/calma-glaucoides-10.jpg\" data-orig-size=\"656,445\" data-comments-opened=\"\" data-image-title=\"Calma glaucoides by Enric Madrenas\" data-image-description=\"&lt;p&gt;Calma glaucoides by Enric Madrenas&lt;\/p&gt; \" data-medium-file=\"https:\/\/i0.wp.com\/opistobranquis.info\/wp-content\/uploads\/2012\/12\/calma-glaucoides-10.jpg?fit=300%2C203&#038;ssl=1\" data-large-file=\"https:\/\/i0.wp.com\/opistobranquis.info\/wp-content\/uploads\/2012\/12\/calma-glaucoides-10.jpg?fit=656%2C445&#038;ssl=1\" src=\"https:\/\/i0.wp.com\/opistobranquis.info\/wp-content\/uploads\/2012\/12\/calma-glaucoides-10.jpg?w=308&#038;h=209&#038;ssl=1\" srcset=\"https:\/\/i0.wp.com\/opistobranquis.info\/wp-content\/uploads\/2012\/12\/calma-glaucoides-10.jpg?w=656&amp;ssl=1 656w, https:\/\/i0.wp.com\/opistobranquis.info\/wp-content\/uploads\/2012\/12\/calma-glaucoides-10.jpg?resize=300%2C203&amp;ssl=1 300w\" width=\"308\" height=\"209\" loading=\"lazy\" data-original-width=\"308\" data-original-height=\"209\" itemprop=\"http:\/\/schema.org\/image\" title=\"Calma glaucoides by Enric Madrenas\" alt=\"Calma glaucoides by Enric Madrenas\" style=\"width: 308px; height: 209px;\" \/> <\/a> <div class=\"tiled-gallery-caption\" itemprop=\"caption description\"> Calma glaucoides by Enric Madrenas <\/div> <\/div> <div class=\"tiled-gallery-item tiled-gallery-item-large\" itemprop=\"associatedMedia\" itemscope itemtype=\"http:\/\/schema.org\/ImageObject\"> <a href=\"https:\/\/opistobranquis.info\/es\/guia\/nudibranchia\/cladobranchia\/fionoidea\/calma-glaucoides\/calma-glaucoides-15\/\" border=\"0\" itemprop=\"url\"> <meta itemprop=\"width\" content=\"308\"> <meta itemprop=\"height\" content=\"209\"> <img decoding=\"async\" class=\"\" data-attachment-id=\"4191\" data-orig-file=\"https:\/\/opistobranquis.info\/wp-content\/uploads\/2012\/12\/calma-glaucoides-15.jpg\" data-orig-size=\"656,445\" data-comments-opened=\"\" data-image-title=\"Calma glaucoides by Enric Madrenas\" data-image-description=\"&lt;p&gt;Calma glaucoides by Enric Madrenas&lt;\/p&gt; \" data-medium-file=\"https:\/\/i0.wp.com\/opistobranquis.info\/wp-content\/uploads\/2012\/12\/calma-glaucoides-15.jpg?fit=300%2C203&#038;ssl=1\" data-large-file=\"https:\/\/i0.wp.com\/opistobranquis.info\/wp-content\/uploads\/2012\/12\/calma-glaucoides-15.jpg?fit=656%2C445&#038;ssl=1\" src=\"https:\/\/i0.wp.com\/opistobranquis.info\/wp-content\/uploads\/2012\/12\/calma-glaucoides-15.jpg?w=308&#038;h=209&#038;ssl=1\" srcset=\"https:\/\/i0.wp.com\/opistobranquis.info\/wp-content\/uploads\/2012\/12\/calma-glaucoides-15.jpg?w=656&amp;ssl=1 656w, https:\/\/i0.wp.com\/opistobranquis.info\/wp-content\/uploads\/2012\/12\/calma-glaucoides-15.jpg?resize=300%2C203&amp;ssl=1 300w\" width=\"308\" height=\"209\" loading=\"lazy\" data-original-width=\"308\" data-original-height=\"209\" itemprop=\"http:\/\/schema.org\/image\" title=\"Calma glaucoides by Enric Madrenas\" alt=\"Calma glaucoides by Enric Madrenas\" style=\"width: 308px; height: 209px;\" \/> <\/a> <div class=\"tiled-gallery-caption\" itemprop=\"caption description\"> Calma glaucoides by Enric Madrenas <\/div> <\/div> <\/div> <!-- close group --> <div class=\"gallery-group images-1\" style=\"width: 291px; height: 426px;\" data-original-width=\"291\" data-original-height=\"426\" > <div class=\"tiled-gallery-item tiled-gallery-item-large\" itemprop=\"associatedMedia\" itemscope itemtype=\"http:\/\/schema.org\/ImageObject\"> <a href=\"https:\/\/opistobranquis.info\/es\/guia\/nudibranchia\/cladobranchia\/fionoidea\/calma-glaucoides\/calma-glaucoides-31\/\" border=\"0\" itemprop=\"url\"> <meta itemprop=\"width\" content=\"287\"> <meta itemprop=\"height\" content=\"422\"> <img decoding=\"async\" class=\"\" data-attachment-id=\"4192\" data-orig-file=\"https:\/\/opistobranquis.info\/wp-content\/uploads\/2012\/12\/calma-glaucoides-31.jpg\" data-orig-size=\"337,496\" data-comments-opened=\"\" data-image-title=\"Calma glaucoides by Enric Madrenas\" data-image-description=\"&lt;p&gt;Calma glaucoides by Enric Madrenas&lt;\/p&gt; \" data-medium-file=\"https:\/\/i0.wp.com\/opistobranquis.info\/wp-content\/uploads\/2012\/12\/calma-glaucoides-31.jpg?fit=203%2C300&#038;ssl=1\" data-large-file=\"https:\/\/i0.wp.com\/opistobranquis.info\/wp-content\/uploads\/2012\/12\/calma-glaucoides-31.jpg?fit=337%2C496&#038;ssl=1\" src=\"https:\/\/i0.wp.com\/opistobranquis.info\/wp-content\/uploads\/2012\/12\/calma-glaucoides-31.jpg?w=287&#038;h=422&#038;ssl=1\" width=\"287\" height=\"422\" loading=\"lazy\" data-original-width=\"287\" data-original-height=\"422\" itemprop=\"http:\/\/schema.org\/image\" title=\"Calma glaucoides by Enric Madrenas\" alt=\"Calma glaucoides by Enric Madrenas\" style=\"width: 287px; height: 422px;\" \/> <\/a> <div class=\"tiled-gallery-caption\" itemprop=\"caption description\"> Calma glaucoides by Enric Madrenas <\/div> <\/div> <\/div> <!-- close group --> <div class=\"gallery-group images-2\" style=\"width: 297px; height: 426px;\" data-original-width=\"297\" data-original-height=\"426\" > <div class=\"tiled-gallery-item tiled-gallery-item-large\" itemprop=\"associatedMedia\" itemscope itemtype=\"http:\/\/schema.org\/ImageObject\"> <a href=\"https:\/\/opistobranquis.info\/es\/guia\/nudibranchia\/cladobranchia\/fionoidea\/calma-glaucoides\/calma-glaucoides-34\/\" border=\"0\" itemprop=\"url\"> <meta itemprop=\"width\" content=\"293\"> <meta itemprop=\"height\" content=\"222\"> <img decoding=\"async\" class=\"\" data-attachment-id=\"4193\" data-orig-file=\"https:\/\/opistobranquis.info\/wp-content\/uploads\/2012\/12\/calma-glaucoides-34.jpg\" data-orig-size=\"655,496\" data-comments-opened=\"\" data-image-title=\"Calma glaucoides by Enric Madrenas\" data-image-description=\"&lt;p&gt;Calma glaucoides by Enric Madrenas&lt;\/p&gt; \" data-medium-file=\"https:\/\/i0.wp.com\/opistobranquis.info\/wp-content\/uploads\/2012\/12\/calma-glaucoides-34.jpg?fit=300%2C227&#038;ssl=1\" data-large-file=\"https:\/\/i0.wp.com\/opistobranquis.info\/wp-content\/uploads\/2012\/12\/calma-glaucoides-34.jpg?fit=655%2C496&#038;ssl=1\" src=\"https:\/\/i0.wp.com\/opistobranquis.info\/wp-content\/uploads\/2012\/12\/calma-glaucoides-34.jpg?w=293&#038;h=222&#038;ssl=1\" srcset=\"https:\/\/i0.wp.com\/opistobranquis.info\/wp-content\/uploads\/2012\/12\/calma-glaucoides-34.jpg?w=655&amp;ssl=1 655w, https:\/\/i0.wp.com\/opistobranquis.info\/wp-content\/uploads\/2012\/12\/calma-glaucoides-34.jpg?resize=300%2C227&amp;ssl=1 300w\" width=\"293\" height=\"222\" loading=\"lazy\" data-original-width=\"293\" data-original-height=\"222\" itemprop=\"http:\/\/schema.org\/image\" title=\"Calma glaucoides by Enric Madrenas\" alt=\"Calma glaucoides by Enric Madrenas\" style=\"width: 293px; height: 222px;\" \/> <\/a> <div class=\"tiled-gallery-caption\" itemprop=\"caption description\"> Calma glaucoides by Enric Madrenas <\/div> <\/div> <div class=\"tiled-gallery-item tiled-gallery-item-large\" itemprop=\"associatedMedia\" itemscope itemtype=\"http:\/\/schema.org\/ImageObject\"> <a href=\"https:\/\/opistobranquis.info\/es\/guia\/nudibranchia\/cladobranchia\/fionoidea\/calma-glaucoides\/mpg_8575-calma-glaucoides\/\" border=\"0\" itemprop=\"url\"> <meta itemprop=\"width\" content=\"293\"> <meta itemprop=\"height\" content=\"196\"> <img decoding=\"async\" class=\"\" data-attachment-id=\"24220\" data-orig-file=\"https:\/\/opistobranquis.info\/wp-content\/uploads\/2017\/12\/MPG_8575-Calma-glaucoides.jpg\" data-orig-size=\"1024,683\" data-comments-opened=\"\" data-image-title=\"Calma glaucoides @ Costa Brava (Spain) by Miquel Pontes\" data-image-description=\"&lt;p&gt;Calma glaucoides @ Costa Brava (Spain) by Miquel Pontes&lt;\/p&gt; \" data-medium-file=\"https:\/\/i0.wp.com\/opistobranquis.info\/wp-content\/uploads\/2017\/12\/MPG_8575-Calma-glaucoides.jpg?fit=300%2C200&#038;ssl=1\" data-large-file=\"https:\/\/i0.wp.com\/opistobranquis.info\/wp-content\/uploads\/2017\/12\/MPG_8575-Calma-glaucoides.jpg?fit=900%2C600&#038;ssl=1\" src=\"https:\/\/i0.wp.com\/opistobranquis.info\/wp-content\/uploads\/2017\/12\/MPG_8575-Calma-glaucoides.jpg?w=293&#038;h=196&#038;ssl=1\" srcset=\"https:\/\/i0.wp.com\/opistobranquis.info\/wp-content\/uploads\/2017\/12\/MPG_8575-Calma-glaucoides.jpg?w=1024&amp;ssl=1 1024w, https:\/\/i0.wp.com\/opistobranquis.info\/wp-content\/uploads\/2017\/12\/MPG_8575-Calma-glaucoides.jpg?resize=150%2C100&amp;ssl=1 150w, https:\/\/i0.wp.com\/opistobranquis.info\/wp-content\/uploads\/2017\/12\/MPG_8575-Calma-glaucoides.jpg?resize=300%2C200&amp;ssl=1 300w\" width=\"293\" height=\"196\" loading=\"lazy\" data-original-width=\"293\" data-original-height=\"196\" itemprop=\"http:\/\/schema.org\/image\" title=\"Calma glaucoides @ Costa Brava (Spain) by Miquel Pontes\" alt=\"Calma glaucoides @ Costa Brava (Spain) by Miquel Pontes\" style=\"width: 293px; height: 196px;\" \/> <\/a> <div class=\"tiled-gallery-caption\" itemprop=\"caption description\"> Calma glaucoides @ Costa Brava (Spain) by Miquel Pontes <\/div> <\/div> <\/div> <!-- close group --> <\/div> <!-- close row --> <div class=\"gallery-row\" style=\"width: 900px; height: 401px;\" data-original-width=\"900\" data-original-height=\"401\" > <div class=\"gallery-group images-1\" style=\"width: 600px; height: 401px;\" data-original-width=\"600\" data-original-height=\"401\" > <div class=\"tiled-gallery-item tiled-gallery-item-large\" itemprop=\"associatedMedia\" itemscope itemtype=\"http:\/\/schema.org\/ImageObject\"> <a href=\"https:\/\/opistobranquis.info\/es\/guia\/nudibranchia\/cladobranchia\/fionoidea\/calma-glaucoides\/mpg_8601-calma-glaucoides\/\" border=\"0\" itemprop=\"url\"> <meta itemprop=\"width\" content=\"596\"> <meta itemprop=\"height\" content=\"397\"> <img decoding=\"async\" class=\"\" data-attachment-id=\"24221\" data-orig-file=\"https:\/\/opistobranquis.info\/wp-content\/uploads\/2017\/12\/MPG_8601-Calma-glaucoides.jpg\" data-orig-size=\"1024,683\" data-comments-opened=\"\" data-image-title=\"Calma glaucoides @ Costa Brava (Spain) by Miquel Pontes\" data-image-description=\"&lt;p&gt;Calma glaucoides @ Costa Brava (Spain) by Miquel Pontes&lt;\/p&gt; \" data-medium-file=\"https:\/\/i0.wp.com\/opistobranquis.info\/wp-content\/uploads\/2017\/12\/MPG_8601-Calma-glaucoides.jpg?fit=300%2C200&#038;ssl=1\" data-large-file=\"https:\/\/i0.wp.com\/opistobranquis.info\/wp-content\/uploads\/2017\/12\/MPG_8601-Calma-glaucoides.jpg?fit=900%2C600&#038;ssl=1\" src=\"https:\/\/i0.wp.com\/opistobranquis.info\/wp-content\/uploads\/2017\/12\/MPG_8601-Calma-glaucoides.jpg?w=596&#038;h=397&#038;ssl=1\" srcset=\"https:\/\/i0.wp.com\/opistobranquis.info\/wp-content\/uploads\/2017\/12\/MPG_8601-Calma-glaucoides.jpg?w=1024&amp;ssl=1 1024w, https:\/\/i0.wp.com\/opistobranquis.info\/wp-content\/uploads\/2017\/12\/MPG_8601-Calma-glaucoides.jpg?resize=150%2C100&amp;ssl=1 150w, https:\/\/i0.wp.com\/opistobranquis.info\/wp-content\/uploads\/2017\/12\/MPG_8601-Calma-glaucoides.jpg?resize=300%2C200&amp;ssl=1 300w\" width=\"596\" height=\"397\" loading=\"lazy\" data-original-width=\"596\" data-original-height=\"397\" itemprop=\"http:\/\/schema.org\/image\" title=\"Calma glaucoides @ Costa Brava (Spain) by Miquel Pontes\" alt=\"Calma glaucoides @ Costa Brava (Spain) by Miquel Pontes\" style=\"width: 596px; height: 397px;\" \/> <\/a> <div class=\"tiled-gallery-caption\" itemprop=\"caption description\"> Calma glaucoides @ Costa Brava (Spain) by Miquel Pontes <\/div> <\/div> <\/div> <!-- close group --> <div class=\"gallery-group images-2\" style=\"width: 300px; height: 401px;\" data-original-width=\"300\" data-original-height=\"401\" > <div class=\"tiled-gallery-item tiled-gallery-item-large\" itemprop=\"associatedMedia\" itemscope itemtype=\"http:\/\/schema.org\/ImageObject\"> <a href=\"https:\/\/opistobranquis.info\/es\/guia\/nudibranchia\/cladobranchia\/fionoidea\/calma-glaucoides\/calma-glaucoides-by-miquel-pontes-mpg_8620\/\" border=\"0\" itemprop=\"url\"> <meta itemprop=\"width\" content=\"296\"> <meta itemprop=\"height\" content=\"197\"> <img decoding=\"async\" class=\"\" data-attachment-id=\"31099\" data-orig-file=\"https:\/\/opistobranquis.info\/wp-content\/uploads\/2020\/12\/Calma-glaucoides-by-Miquel-Pontes-MPG_8620.jpg\" data-orig-size=\"1280,850\" data-comments-opened=\"\" data-image-title=\"Calma glaucoides by Miquel Pontes\" data-image-description=\"&lt;p&gt;Calma glaucoides by Miquel Pontes&lt;\/p&gt; \" data-medium-file=\"https:\/\/i0.wp.com\/opistobranquis.info\/wp-content\/uploads\/2020\/12\/Calma-glaucoides-by-Miquel-Pontes-MPG_8620.jpg?fit=300%2C199&#038;ssl=1\" data-large-file=\"https:\/\/i0.wp.com\/opistobranquis.info\/wp-content\/uploads\/2020\/12\/Calma-glaucoides-by-Miquel-Pontes-MPG_8620.jpg?fit=900%2C598&#038;ssl=1\" src=\"https:\/\/i0.wp.com\/opistobranquis.info\/wp-content\/uploads\/2020\/12\/Calma-glaucoides-by-Miquel-Pontes-MPG_8620.jpg?w=296&#038;h=197&#038;ssl=1\" srcset=\"https:\/\/i0.wp.com\/opistobranquis.info\/wp-content\/uploads\/2020\/12\/Calma-glaucoides-by-Miquel-Pontes-MPG_8620.jpg?w=1280&amp;ssl=1 1280w, https:\/\/i0.wp.com\/opistobranquis.info\/wp-content\/uploads\/2020\/12\/Calma-glaucoides-by-Miquel-Pontes-MPG_8620.jpg?resize=300%2C199&amp;ssl=1 300w, https:\/\/i0.wp.com\/opistobranquis.info\/wp-content\/uploads\/2020\/12\/Calma-glaucoides-by-Miquel-Pontes-MPG_8620.jpg?resize=1024%2C680&amp;ssl=1 1024w, https:\/\/i0.wp.com\/opistobranquis.info\/wp-content\/uploads\/2020\/12\/Calma-glaucoides-by-Miquel-Pontes-MPG_8620.jpg?resize=150%2C100&amp;ssl=1 150w\" width=\"296\" height=\"197\" loading=\"lazy\" data-original-width=\"296\" data-original-height=\"197\" itemprop=\"http:\/\/schema.org\/image\" title=\"Calma glaucoides by Miquel Pontes\" alt=\"Calma glaucoides by Miquel Pontes\" style=\"width: 296px; height: 197px;\" \/> <\/a> <div class=\"tiled-gallery-caption\" itemprop=\"caption description\"> Calma glaucoides by Miquel Pontes <\/div> <\/div> <div class=\"tiled-gallery-item tiled-gallery-item-large\" itemprop=\"associatedMedia\" itemscope itemtype=\"http:\/\/schema.org\/ImageObject\"> <a href=\"https:\/\/opistobranquis.info\/es\/guia\/nudibranchia\/cladobranchia\/fionoidea\/calma-glaucoides\/calma-glaucoides-by-miquel-pontes-mpg_8666\/\" border=\"0\" itemprop=\"url\"> <meta itemprop=\"width\" content=\"296\"> <meta itemprop=\"height\" content=\"196\"> <img decoding=\"async\" class=\"\" data-attachment-id=\"31100\" data-orig-file=\"https:\/\/opistobranquis.info\/wp-content\/uploads\/2020\/12\/Calma-glaucoides-by-Miquel-Pontes-MPG_8666.jpg\" data-orig-size=\"1280,850\" data-comments-opened=\"\" data-image-title=\"Calma glaucoides by Miquel Pontes\" data-image-description=\"&lt;p&gt;Calma glaucoides by Miquel Pontes&lt;\/p&gt; \" data-medium-file=\"https:\/\/i0.wp.com\/opistobranquis.info\/wp-content\/uploads\/2020\/12\/Calma-glaucoides-by-Miquel-Pontes-MPG_8666.jpg?fit=300%2C199&#038;ssl=1\" data-large-file=\"https:\/\/i0.wp.com\/opistobranquis.info\/wp-content\/uploads\/2020\/12\/Calma-glaucoides-by-Miquel-Pontes-MPG_8666.jpg?fit=900%2C598&#038;ssl=1\" src=\"https:\/\/i0.wp.com\/opistobranquis.info\/wp-content\/uploads\/2020\/12\/Calma-glaucoides-by-Miquel-Pontes-MPG_8666.jpg?w=296&#038;h=196&#038;ssl=1\" srcset=\"https:\/\/i0.wp.com\/opistobranquis.info\/wp-content\/uploads\/2020\/12\/Calma-glaucoides-by-Miquel-Pontes-MPG_8666.jpg?w=1280&amp;ssl=1 1280w, https:\/\/i0.wp.com\/opistobranquis.info\/wp-content\/uploads\/2020\/12\/Calma-glaucoides-by-Miquel-Pontes-MPG_8666.jpg?resize=300%2C199&amp;ssl=1 300w, https:\/\/i0.wp.com\/opistobranquis.info\/wp-content\/uploads\/2020\/12\/Calma-glaucoides-by-Miquel-Pontes-MPG_8666.jpg?resize=1024%2C680&amp;ssl=1 1024w, https:\/\/i0.wp.com\/opistobranquis.info\/wp-content\/uploads\/2020\/12\/Calma-glaucoides-by-Miquel-Pontes-MPG_8666.jpg?resize=150%2C100&amp;ssl=1 150w\" width=\"296\" height=\"196\" loading=\"lazy\" data-original-width=\"296\" data-original-height=\"196\" itemprop=\"http:\/\/schema.org\/image\" title=\"Calma glaucoides by Miquel Pontes\" alt=\"Calma glaucoides by Miquel Pontes\" style=\"width: 296px; height: 196px;\" \/> <\/a> <div class=\"tiled-gallery-caption\" itemprop=\"caption description\"> Calma glaucoides by Miquel Pontes <\/div> <\/div> <\/div> <!-- close group --> <\/div> <!-- close row --> <div class=\"gallery-row\" style=\"width: 900px; height: 201px;\" data-original-width=\"900\" data-original-height=\"201\" > <div class=\"gallery-group images-1\" style=\"width: 300px; height: 201px;\" data-original-width=\"300\" data-original-height=\"201\" > <div class=\"tiled-gallery-item tiled-gallery-item-large\" itemprop=\"associatedMedia\" itemscope itemtype=\"http:\/\/schema.org\/ImageObject\"> <a href=\"https:\/\/opistobranquis.info\/es\/guia\/nudibranchia\/cladobranchia\/fionoidea\/calma-glaucoides\/calma-glaucoides-by-miquel-pontes-mpg_8667\/\" border=\"0\" itemprop=\"url\"> <meta itemprop=\"width\" content=\"296\"> <meta itemprop=\"height\" content=\"197\"> <img decoding=\"async\" class=\"\" data-attachment-id=\"31101\" data-orig-file=\"https:\/\/opistobranquis.info\/wp-content\/uploads\/2020\/12\/Calma-glaucoides-by-Miquel-Pontes-MPG_8667.jpg\" data-orig-size=\"1280,850\" data-comments-opened=\"\" data-image-title=\"Calma glaucoides by Miquel Pontes\" data-image-description=\"&lt;p&gt;Calma glaucoides by Miquel Pontes&lt;\/p&gt; \" data-medium-file=\"https:\/\/i0.wp.com\/opistobranquis.info\/wp-content\/uploads\/2020\/12\/Calma-glaucoides-by-Miquel-Pontes-MPG_8667.jpg?fit=300%2C199&#038;ssl=1\" data-large-file=\"https:\/\/i0.wp.com\/opistobranquis.info\/wp-content\/uploads\/2020\/12\/Calma-glaucoides-by-Miquel-Pontes-MPG_8667.jpg?fit=900%2C598&#038;ssl=1\" src=\"https:\/\/i0.wp.com\/opistobranquis.info\/wp-content\/uploads\/2020\/12\/Calma-glaucoides-by-Miquel-Pontes-MPG_8667.jpg?w=296&#038;h=197&#038;ssl=1\" srcset=\"https:\/\/i0.wp.com\/opistobranquis.info\/wp-content\/uploads\/2020\/12\/Calma-glaucoides-by-Miquel-Pontes-MPG_8667.jpg?w=1280&amp;ssl=1 1280w, https:\/\/i0.wp.com\/opistobranquis.info\/wp-content\/uploads\/2020\/12\/Calma-glaucoides-by-Miquel-Pontes-MPG_8667.jpg?resize=300%2C199&amp;ssl=1 300w, https:\/\/i0.wp.com\/opistobranquis.info\/wp-content\/uploads\/2020\/12\/Calma-glaucoides-by-Miquel-Pontes-MPG_8667.jpg?resize=1024%2C680&amp;ssl=1 1024w, https:\/\/i0.wp.com\/opistobranquis.info\/wp-content\/uploads\/2020\/12\/Calma-glaucoides-by-Miquel-Pontes-MPG_8667.jpg?resize=150%2C100&amp;ssl=1 150w\" width=\"296\" height=\"197\" loading=\"lazy\" data-original-width=\"296\" data-original-height=\"197\" itemprop=\"http:\/\/schema.org\/image\" title=\"Calma glaucoides by Miquel Pontes\" alt=\"Calma glaucoides by Miquel Pontes\" style=\"width: 296px; height: 197px;\" \/> <\/a> <div class=\"tiled-gallery-caption\" itemprop=\"caption description\"> Calma glaucoides by Miquel Pontes <\/div> <\/div> <\/div> <!-- close group --> <div class=\"gallery-group images-1\" style=\"width: 300px; height: 201px;\" data-original-width=\"300\" data-original-height=\"201\" > <div class=\"tiled-gallery-item tiled-gallery-item-large\" itemprop=\"associatedMedia\" itemscope itemtype=\"http:\/\/schema.org\/ImageObject\"> <a href=\"https:\/\/opistobranquis.info\/es\/guia\/nudibranchia\/cladobranchia\/fionoidea\/calma-glaucoides\/calma-glaucoides-by-miquel-pontes-mpg_8669\/\" border=\"0\" itemprop=\"url\"> <meta itemprop=\"width\" content=\"296\"> <meta itemprop=\"height\" content=\"197\"> <img decoding=\"async\" class=\"\" data-attachment-id=\"31102\" data-orig-file=\"https:\/\/opistobranquis.info\/wp-content\/uploads\/2020\/12\/Calma-glaucoides-by-Miquel-Pontes-MPG_8669.jpg\" data-orig-size=\"1280,850\" data-comments-opened=\"\" data-image-title=\"Calma glaucoides by Miquel Pontes\" data-image-description=\"&lt;p&gt;Calma glaucoides by Miquel Pontes&lt;\/p&gt; \" data-medium-file=\"https:\/\/i0.wp.com\/opistobranquis.info\/wp-content\/uploads\/2020\/12\/Calma-glaucoides-by-Miquel-Pontes-MPG_8669.jpg?fit=300%2C199&#038;ssl=1\" data-large-file=\"https:\/\/i0.wp.com\/opistobranquis.info\/wp-content\/uploads\/2020\/12\/Calma-glaucoides-by-Miquel-Pontes-MPG_8669.jpg?fit=900%2C598&#038;ssl=1\" src=\"https:\/\/i0.wp.com\/opistobranquis.info\/wp-content\/uploads\/2020\/12\/Calma-glaucoides-by-Miquel-Pontes-MPG_8669.jpg?w=296&#038;h=197&#038;ssl=1\" srcset=\"https:\/\/i0.wp.com\/opistobranquis.info\/wp-content\/uploads\/2020\/12\/Calma-glaucoides-by-Miquel-Pontes-MPG_8669.jpg?w=1280&amp;ssl=1 1280w, https:\/\/i0.wp.com\/opistobranquis.info\/wp-content\/uploads\/2020\/12\/Calma-glaucoides-by-Miquel-Pontes-MPG_8669.jpg?resize=300%2C199&amp;ssl=1 300w, https:\/\/i0.wp.com\/opistobranquis.info\/wp-content\/uploads\/2020\/12\/Calma-glaucoides-by-Miquel-Pontes-MPG_8669.jpg?resize=1024%2C680&amp;ssl=1 1024w, https:\/\/i0.wp.com\/opistobranquis.info\/wp-content\/uploads\/2020\/12\/Calma-glaucoides-by-Miquel-Pontes-MPG_8669.jpg?resize=150%2C100&amp;ssl=1 150w\" width=\"296\" height=\"197\" loading=\"lazy\" data-original-width=\"296\" data-original-height=\"197\" itemprop=\"http:\/\/schema.org\/image\" title=\"Calma glaucoides by Miquel Pontes\" alt=\"Calma glaucoides by Miquel Pontes\" style=\"width: 296px; height: 197px;\" \/> <\/a> <div class=\"tiled-gallery-caption\" itemprop=\"caption description\"> Calma glaucoides by Miquel Pontes <\/div> <\/div> <\/div> <!-- close group --> <div class=\"gallery-group images-1\" style=\"width: 300px; height: 201px;\" data-original-width=\"300\" data-original-height=\"201\" > <div class=\"tiled-gallery-item tiled-gallery-item-large\" itemprop=\"associatedMedia\" itemscope itemtype=\"http:\/\/schema.org\/ImageObject\"> <a href=\"https:\/\/opistobranquis.info\/es\/guia\/nudibranchia\/cladobranchia\/fionoidea\/calma-glaucoides\/calma-glaucoides-by-miquel-pontes-mpg_8604\/\" border=\"0\" itemprop=\"url\"> <meta itemprop=\"width\" content=\"296\"> <meta itemprop=\"height\" content=\"197\"> <img decoding=\"async\" class=\"\" data-attachment-id=\"31103\" data-orig-file=\"https:\/\/opistobranquis.info\/wp-content\/uploads\/2020\/12\/Calma-glaucoides-by-Miquel-Pontes-MPG_8604.jpg\" data-orig-size=\"1280,850\" data-comments-opened=\"\" data-image-title=\"Calma glaucoides by Miquel Pontes\" data-image-description=\"&lt;p&gt;Calma glaucoides by Miquel Pontes&lt;\/p&gt; \" data-medium-file=\"https:\/\/i0.wp.com\/opistobranquis.info\/wp-content\/uploads\/2020\/12\/Calma-glaucoides-by-Miquel-Pontes-MPG_8604.jpg?fit=300%2C199&#038;ssl=1\" data-large-file=\"https:\/\/i0.wp.com\/opistobranquis.info\/wp-content\/uploads\/2020\/12\/Calma-glaucoides-by-Miquel-Pontes-MPG_8604.jpg?fit=900%2C598&#038;ssl=1\" src=\"https:\/\/i0.wp.com\/opistobranquis.info\/wp-content\/uploads\/2020\/12\/Calma-glaucoides-by-Miquel-Pontes-MPG_8604.jpg?w=296&#038;h=197&#038;ssl=1\" srcset=\"https:\/\/i0.wp.com\/opistobranquis.info\/wp-content\/uploads\/2020\/12\/Calma-glaucoides-by-Miquel-Pontes-MPG_8604.jpg?w=1280&amp;ssl=1 1280w, https:\/\/i0.wp.com\/opistobranquis.info\/wp-content\/uploads\/2020\/12\/Calma-glaucoides-by-Miquel-Pontes-MPG_8604.jpg?resize=300%2C199&amp;ssl=1 300w, https:\/\/i0.wp.com\/opistobranquis.info\/wp-content\/uploads\/2020\/12\/Calma-glaucoides-by-Miquel-Pontes-MPG_8604.jpg?resize=1024%2C680&amp;ssl=1 1024w, https:\/\/i0.wp.com\/opistobranquis.info\/wp-content\/uploads\/2020\/12\/Calma-glaucoides-by-Miquel-Pontes-MPG_8604.jpg?resize=150%2C100&amp;ssl=1 150w\" width=\"296\" height=\"197\" loading=\"lazy\" data-original-width=\"296\" data-original-height=\"197\" itemprop=\"http:\/\/schema.org\/image\" title=\"Calma glaucoides by Miquel Pontes\" alt=\"Calma glaucoides by Miquel Pontes\" style=\"width: 296px; height: 197px;\" \/> <\/a> <div class=\"tiled-gallery-caption\" itemprop=\"caption description\"> Calma glaucoides by Miquel Pontes <\/div> <\/div> <\/div> <!-- close group --> <\/div> <!-- close row --> <div class=\"gallery-row\" style=\"width: 900px; height: 402px;\" data-original-width=\"900\" data-original-height=\"402\" > <div class=\"gallery-group images-2\" style=\"width: 299px; height: 402px;\" data-original-width=\"299\" data-original-height=\"402\" > <div class=\"tiled-gallery-item tiled-gallery-item-large\" itemprop=\"associatedMedia\" itemscope itemtype=\"http:\/\/schema.org\/ImageObject\"> <a href=\"https:\/\/opistobranquis.info\/es\/guia\/nudibranchia\/cladobranchia\/fionoidea\/calma-glaucoides\/calma-glaucoides-by-miquel-pontes-mpg_8605\/\" border=\"0\" itemprop=\"url\"> <meta itemprop=\"width\" content=\"295\"> <meta itemprop=\"height\" content=\"196\"> <img decoding=\"async\" class=\"\" data-attachment-id=\"31104\" data-orig-file=\"https:\/\/opistobranquis.info\/wp-content\/uploads\/2020\/12\/Calma-glaucoides-by-Miquel-Pontes-MPG_8605.jpg\" data-orig-size=\"1280,850\" data-comments-opened=\"\" data-image-title=\"Calma glaucoides by Miquel Pontes\" data-image-description=\"&lt;p&gt;Calma glaucoides by Miquel Pontes&lt;\/p&gt; \" data-medium-file=\"https:\/\/i0.wp.com\/opistobranquis.info\/wp-content\/uploads\/2020\/12\/Calma-glaucoides-by-Miquel-Pontes-MPG_8605.jpg?fit=300%2C199&#038;ssl=1\" data-large-file=\"https:\/\/i0.wp.com\/opistobranquis.info\/wp-content\/uploads\/2020\/12\/Calma-glaucoides-by-Miquel-Pontes-MPG_8605.jpg?fit=900%2C598&#038;ssl=1\" src=\"https:\/\/i0.wp.com\/opistobranquis.info\/wp-content\/uploads\/2020\/12\/Calma-glaucoides-by-Miquel-Pontes-MPG_8605.jpg?w=295&#038;h=196&#038;ssl=1\" srcset=\"https:\/\/i0.wp.com\/opistobranquis.info\/wp-content\/uploads\/2020\/12\/Calma-glaucoides-by-Miquel-Pontes-MPG_8605.jpg?w=1280&amp;ssl=1 1280w, https:\/\/i0.wp.com\/opistobranquis.info\/wp-content\/uploads\/2020\/12\/Calma-glaucoides-by-Miquel-Pontes-MPG_8605.jpg?resize=300%2C199&amp;ssl=1 300w, https:\/\/i0.wp.com\/opistobranquis.info\/wp-content\/uploads\/2020\/12\/Calma-glaucoides-by-Miquel-Pontes-MPG_8605.jpg?resize=1024%2C680&amp;ssl=1 1024w, https:\/\/i0.wp.com\/opistobranquis.info\/wp-content\/uploads\/2020\/12\/Calma-glaucoides-by-Miquel-Pontes-MPG_8605.jpg?resize=150%2C100&amp;ssl=1 150w\" width=\"295\" height=\"196\" loading=\"lazy\" data-original-width=\"295\" data-original-height=\"196\" itemprop=\"http:\/\/schema.org\/image\" title=\"Calma glaucoides by Miquel Pontes\" alt=\"Calma glaucoides by Miquel Pontes\" style=\"width: 295px; height: 196px;\" \/> <\/a> <div class=\"tiled-gallery-caption\" itemprop=\"caption description\"> Calma glaucoides by Miquel Pontes <\/div> <\/div> <div class=\"tiled-gallery-item tiled-gallery-item-large\" itemprop=\"associatedMedia\" itemscope itemtype=\"http:\/\/schema.org\/ImageObject\"> <a href=\"https:\/\/opistobranquis.info\/es\/guia\/nudibranchia\/cladobranchia\/fionoidea\/calma-glaucoides\/calma-glaucoides-99\/\" border=\"0\" itemprop=\"url\"> <meta itemprop=\"width\" content=\"295\"> <meta itemprop=\"height\" content=\"198\"> <img decoding=\"async\" class=\"\" data-attachment-id=\"33882\" data-orig-file=\"https:\/\/opistobranquis.info\/wp-content\/uploads\/2022\/02\/Calma-glaucoides-99.jpg\" data-orig-size=\"1034,693\" data-comments-opened=\"\" data-image-title=\"Calma glaucoides @ Aiguafreda by Enric Madrenas\" data-image-description=\"&lt;p&gt;Calma glaucoides @ Aiguafreda by Enric Madrenas&lt;\/p&gt; \" data-medium-file=\"https:\/\/i0.wp.com\/opistobranquis.info\/wp-content\/uploads\/2022\/02\/Calma-glaucoides-99.jpg?fit=300%2C201&#038;ssl=1\" data-large-file=\"https:\/\/i0.wp.com\/opistobranquis.info\/wp-content\/uploads\/2022\/02\/Calma-glaucoides-99.jpg?fit=900%2C603&#038;ssl=1\" src=\"https:\/\/i0.wp.com\/opistobranquis.info\/wp-content\/uploads\/2022\/02\/Calma-glaucoides-99.jpg?w=295&#038;h=198&#038;ssl=1\" srcset=\"https:\/\/i0.wp.com\/opistobranquis.info\/wp-content\/uploads\/2022\/02\/Calma-glaucoides-99.jpg?w=1034&amp;ssl=1 1034w, https:\/\/i0.wp.com\/opistobranquis.info\/wp-content\/uploads\/2022\/02\/Calma-glaucoides-99.jpg?resize=300%2C201&amp;ssl=1 300w, https:\/\/i0.wp.com\/opistobranquis.info\/wp-content\/uploads\/2022\/02\/Calma-glaucoides-99.jpg?resize=1024%2C686&amp;ssl=1 1024w, https:\/\/i0.wp.com\/opistobranquis.info\/wp-content\/uploads\/2022\/02\/Calma-glaucoides-99.jpg?resize=150%2C101&amp;ssl=1 150w\" width=\"295\" height=\"198\" loading=\"lazy\" data-original-width=\"295\" data-original-height=\"198\" itemprop=\"http:\/\/schema.org\/image\" title=\"Calma glaucoides @ Aiguafreda by Enric Madrenas\" alt=\"Calma glaucoides @ Aiguafreda by Enric Madrenas\" style=\"width: 295px; height: 198px;\" \/> <\/a> <div class=\"tiled-gallery-caption\" itemprop=\"caption description\"> Calma glaucoides @ Aiguafreda by Enric Madrenas <\/div> <\/div> <\/div> <!-- close group --> <div class=\"gallery-group images-1\" style=\"width: 601px; height: 402px;\" data-original-width=\"601\" data-original-height=\"402\" > <div class=\"tiled-gallery-item tiled-gallery-item-large\" itemprop=\"associatedMedia\" itemscope itemtype=\"http:\/\/schema.org\/ImageObject\"> <a href=\"https:\/\/opistobranquis.info\/es\/guia\/nudibranchia\/cladobranchia\/fionoidea\/calma-glaucoides\/konica-minolta-digital-camera-15\/\" border=\"0\" itemprop=\"url\"> <meta itemprop=\"width\" content=\"597\"> <meta itemprop=\"height\" content=\"398\"> <img decoding=\"async\" class=\"\" data-attachment-id=\"36437\" data-orig-file=\"https:\/\/opistobranquis.info\/wp-content\/uploads\/2023\/01\/Calma-glaucoides-by-Manuel-Ballesteros-PICT4717-bis.jpg\" data-orig-size=\"1200,801\" data-comments-opened=\"\" data-image-title=\"Calma glaucoides @ Costa Brava (Spain) by Manuel Ballesteros\" data-image-description=\"&lt;p&gt;Calma glaucoides @ Costa Brava (Spain) by Manuel Ballesteros&lt;\/p&gt; \" data-medium-file=\"https:\/\/i0.wp.com\/opistobranquis.info\/wp-content\/uploads\/2023\/01\/Calma-glaucoides-by-Manuel-Ballesteros-PICT4717-bis.jpg?fit=300%2C200&#038;ssl=1\" data-large-file=\"https:\/\/i0.wp.com\/opistobranquis.info\/wp-content\/uploads\/2023\/01\/Calma-glaucoides-by-Manuel-Ballesteros-PICT4717-bis.jpg?fit=900%2C601&#038;ssl=1\" src=\"https:\/\/i0.wp.com\/opistobranquis.info\/wp-content\/uploads\/2023\/01\/Calma-glaucoides-by-Manuel-Ballesteros-PICT4717-bis.jpg?w=597&#038;h=398&#038;ssl=1\" srcset=\"https:\/\/i0.wp.com\/opistobranquis.info\/wp-content\/uploads\/2023\/01\/Calma-glaucoides-by-Manuel-Ballesteros-PICT4717-bis.jpg?w=1200&amp;ssl=1 1200w, https:\/\/i0.wp.com\/opistobranquis.info\/wp-content\/uploads\/2023\/01\/Calma-glaucoides-by-Manuel-Ballesteros-PICT4717-bis.jpg?resize=300%2C200&amp;ssl=1 300w, https:\/\/i0.wp.com\/opistobranquis.info\/wp-content\/uploads\/2023\/01\/Calma-glaucoides-by-Manuel-Ballesteros-PICT4717-bis.jpg?resize=1024%2C684&amp;ssl=1 1024w, https:\/\/i0.wp.com\/opistobranquis.info\/wp-content\/uploads\/2023\/01\/Calma-glaucoides-by-Manuel-Ballesteros-PICT4717-bis.jpg?resize=150%2C100&amp;ssl=1 150w\" width=\"597\" height=\"398\" loading=\"lazy\" data-original-width=\"597\" data-original-height=\"398\" itemprop=\"http:\/\/schema.org\/image\" title=\"Calma glaucoides @ Costa Brava (Spain) by Manuel Ballesteros\" alt=\"Calma glaucoides @ Costa Brava (Spain) by Manuel Ballesteros\" style=\"width: 597px; height: 398px;\" \/> <\/a> <div class=\"tiled-gallery-caption\" itemprop=\"caption description\"> Calma glaucoides @ Costa Brava (Spain) by Manuel Ballesteros <\/div> <\/div> <\/div> <!-- close group --> <\/div> <!-- close row --> <div class=\"gallery-row\" style=\"width: 900px; height: 303px;\" data-original-width=\"900\" data-original-height=\"303\" > <div class=\"gallery-group images-1\" style=\"width: 450px; height: 303px;\" data-original-width=\"450\" data-original-height=\"303\" > <div class=\"tiled-gallery-item tiled-gallery-item-large\" itemprop=\"associatedMedia\" itemscope itemtype=\"http:\/\/schema.org\/ImageObject\"> <a href=\"https:\/\/opistobranquis.info\/es\/guia\/nudibranchia\/cladobranchia\/fionoidea\/calma-glaucoides\/calma-glaucoides-106\/\" border=\"0\" itemprop=\"url\"> <meta itemprop=\"width\" content=\"446\"> <meta itemprop=\"height\" content=\"299\"> <img decoding=\"async\" class=\"\" data-attachment-id=\"43138\" data-orig-file=\"https:\/\/opistobranquis.info\/wp-content\/uploads\/2024\/02\/Calma-glaucoides-106.jpg\" data-orig-size=\"810,543\" data-comments-opened=\"\" data-image-title=\"Calma glaucoides by Enric Madrenas\" data-image-description=\"&lt;p&gt;Calma glaucoides by Enric Madrenas&lt;\/p&gt; \" data-medium-file=\"https:\/\/i0.wp.com\/opistobranquis.info\/wp-content\/uploads\/2024\/02\/Calma-glaucoides-106.jpg?fit=300%2C201&#038;ssl=1\" data-large-file=\"https:\/\/i0.wp.com\/opistobranquis.info\/wp-content\/uploads\/2024\/02\/Calma-glaucoides-106.jpg?fit=810%2C543&#038;ssl=1\" src=\"https:\/\/i0.wp.com\/opistobranquis.info\/wp-content\/uploads\/2024\/02\/Calma-glaucoides-106.jpg?w=446&#038;h=299&#038;ssl=1\" srcset=\"https:\/\/i0.wp.com\/opistobranquis.info\/wp-content\/uploads\/2024\/02\/Calma-glaucoides-106.jpg?w=810&amp;ssl=1 810w, https:\/\/i0.wp.com\/opistobranquis.info\/wp-content\/uploads\/2024\/02\/Calma-glaucoides-106.jpg?resize=300%2C201&amp;ssl=1 300w, https:\/\/i0.wp.com\/opistobranquis.info\/wp-content\/uploads\/2024\/02\/Calma-glaucoides-106.jpg?resize=150%2C101&amp;ssl=1 150w\" width=\"446\" height=\"299\" loading=\"lazy\" data-original-width=\"446\" data-original-height=\"299\" itemprop=\"http:\/\/schema.org\/image\" title=\"Calma glaucoides by Enric Madrenas\" alt=\"Calma glaucoides by Enric Madrenas\" style=\"width: 446px; height: 299px;\" \/> <\/a> <div class=\"tiled-gallery-caption\" itemprop=\"caption description\"> Calma glaucoides by Enric Madrenas <\/div> <\/div> <\/div> <!-- close group --> <div class=\"gallery-group images-1\" style=\"width: 450px; height: 303px;\" data-original-width=\"450\" data-original-height=\"303\" > <div class=\"tiled-gallery-item tiled-gallery-item-large\" itemprop=\"associatedMedia\" itemscope itemtype=\"http:\/\/schema.org\/ImageObject\"> <a href=\"https:\/\/opistobranquis.info\/es\/guia\/nudibranchia\/cladobranchia\/fionoidea\/calma-glaucoides\/calma-glaucoides-108\/\" border=\"0\" itemprop=\"url\"> <meta itemprop=\"width\" content=\"446\"> <meta itemprop=\"height\" content=\"299\"> <img decoding=\"async\" class=\"\" data-attachment-id=\"43139\" data-orig-file=\"https:\/\/opistobranquis.info\/wp-content\/uploads\/2024\/02\/Calma-glaucoides-108.jpg\" data-orig-size=\"810,543\" data-comments-opened=\"\" data-image-title=\"Calma glaucoides by Enric Madrenas\" data-image-description=\"&lt;p&gt;Calma glaucoides by Enric Madrenas&lt;\/p&gt; \" data-medium-file=\"https:\/\/i0.wp.com\/opistobranquis.info\/wp-content\/uploads\/2024\/02\/Calma-glaucoides-108.jpg?fit=300%2C201&#038;ssl=1\" data-large-file=\"https:\/\/i0.wp.com\/opistobranquis.info\/wp-content\/uploads\/2024\/02\/Calma-glaucoides-108.jpg?fit=810%2C543&#038;ssl=1\" src=\"https:\/\/i0.wp.com\/opistobranquis.info\/wp-content\/uploads\/2024\/02\/Calma-glaucoides-108.jpg?w=446&#038;h=299&#038;ssl=1\" srcset=\"https:\/\/i0.wp.com\/opistobranquis.info\/wp-content\/uploads\/2024\/02\/Calma-glaucoides-108.jpg?w=810&amp;ssl=1 810w, https:\/\/i0.wp.com\/opistobranquis.info\/wp-content\/uploads\/2024\/02\/Calma-glaucoides-108.jpg?resize=300%2C201&amp;ssl=1 300w, https:\/\/i0.wp.com\/opistobranquis.info\/wp-content\/uploads\/2024\/02\/Calma-glaucoides-108.jpg?resize=150%2C101&amp;ssl=1 150w\" width=\"446\" height=\"299\" loading=\"lazy\" data-original-width=\"446\" data-original-height=\"299\" itemprop=\"http:\/\/schema.org\/image\" title=\"Calma glaucoides by Enric Madrenas\" alt=\"Calma glaucoides by Enric Madrenas\" style=\"width: 446px; height: 299px;\" \/> <\/a> <div class=\"tiled-gallery-caption\" itemprop=\"caption description\"> Calma glaucoides by Enric Madrenas <\/div> <\/div> <\/div> <!-- close group --> <\/div> <!-- close row --> <\/div><\/p>\n<p><strong>Bibliograf\u00eda<\/strong><\/p><ul><div id=\"zotpress-9915c18d9dfc6b01d9a49a4342ece08b\" class=\"zp-Zotpress zp-Zotpress-Bib wp-block-group\">\n\n\t\t<span class=\"ZP_API_USER_ID ZP_ATTR\">1246567<\/span>\n\t\t<span class=\"ZP_ITEM_KEY ZP_ATTR\"><\/span>\n\t\t<span class=\"ZP_COLLECTION_ID ZP_ATTR\"><\/span>\n\t\t<span class=\"ZP_TAG_ID ZP_ATTR\">Calma glaucoides<\/span>\n\t\t<span class=\"ZP_AUTHOR ZP_ATTR\"><\/span>\n\t\t<span class=\"ZP_YEAR ZP_ATTR\"><\/span>\n        <span class=\"ZP_ITEMTYPE ZP_ATTR\"><\/span>\n\t\t<span class=\"ZP_INCLUSIVE ZP_ATTR\">1<\/span>\n\t\t<span class=\"ZP_STYLE ZP_ATTR\">eunomia-revista-en-cultura-de-la-legalidad<\/span>\n\t\t<span class=\"ZP_LIMIT ZP_ATTR\">50<\/span>\n\t\t<span class=\"ZP_SORTBY ZP_ATTR\">creator<\/span>\n\t\t<span class=\"ZP_ORDER ZP_ATTR\">asc<\/span>\n\t\t<span class=\"ZP_TITLE ZP_ATTR\"><\/span>\n\t\t<span class=\"ZP_SHOWIMAGE ZP_ATTR\"><\/span>\n\t\t<span class=\"ZP_SHOWTAGS ZP_ATTR\"><\/span>\n\t\t<span class=\"ZP_DOWNLOADABLE ZP_ATTR\"><\/span>\n\t\t<span class=\"ZP_NOTES ZP_ATTR\"><\/span>\n\t\t<span class=\"ZP_ABSTRACT ZP_ATTR\"><\/span>\n\t\t<span class=\"ZP_CITEABLE ZP_ATTR\"><\/span>\n\t\t<span class=\"ZP_TARGET ZP_ATTR\">1<\/span>\n\t\t<span class=\"ZP_URLWRAP ZP_ATTR\"><\/span>\n\t\t<span class=\"ZP_FORCENUM ZP_ATTR\"><\/span>\n        <span class=\"ZP_HIGHLIGHT ZP_ATTR\"><\/span>\n        <span class=\"ZP_POSTID ZP_ATTR\">577<\/span>\n\t\t<span class=\"ZOTPRESS_PLUGIN_URL ZP_ATTR\">https:\/\/opistobranquis.info\/wp-content\/plugins\/zotpress\/<\/span>\n\n\t\t<div class=\"zp-List loading\">\n\t\t\t<div class=\"zp-SEO-Content\">\n\n\t\t\t<\/div><!-- .zp-zp-SEO-Content -->\n\t\t<\/div><!-- .zp-List -->\n\t<\/div><!--.zp-Zotpress-->\n\n<p><\/p>Bibliograf\u00eda basada en los trabajos de <b>Steve Long, 2006<\/b>. <a target=_blank href=https:\/\/opistobranquis.info\/wp-content\/uploads\/2016\/06\/Long-S.-2006-Bibliography-of-Opisthobranchia-1554-2000.pdf>Bibliography of Opisthobranchia 1554-2000<\/a> y <b>Gary McDonald, 2009<\/b>. <a href=http:\/\/escholarship.org\/uc\/item\/8115h0wz>Bibliographia Nudibranchia<\/a>, con actualizaciones posteriores procedentes de otras fuentes.<p><\/p><\/ul><p><\/p><p><strong>M\u00e1s informaci\u00f3n<\/strong><\/p><span style=\"font-size:10pt\"><ul><ul class=\"blogroll-links\"><li><a href=\"http:\/\/www.asturnatura.com\/especie\/calma-glaucoides.html\">AsturNatura<\/a><\/li><li><a href=\"http:\/\/www.biodiversitylibrary.org\/name\/Calma%20glaucoides\">Biodiversity Heritage Library<\/a><\/li><li><a href=\"http:\/\/www.biologiamarina.org\/calma\/\">BiologiaMarina.org<\/a><\/li><li><a href=\"http:\/\/www.cibsub.com\/bioespecie_es-calma_glaucoides-28146\">CIB - Club Immersio Biologia<\/a><\/li><li><a href=\"https:\/\/litoraldegranada.ugr.es\/el-litoral\/el-litoral-sumergido\/fauna\/moluscos\/gasteropodos\/opistobranquios\/orden-nudibranchia\/fionoidea\/calma-glaucoides\/\">El Litoral de Granada<\/a><\/li><li><a href=\"http:\/\/www.habitas.org.uk\/marinelife\/species.asp?item=W14910#\">Encyclopedia of Marine Life of Britain and Ireland<\/a><\/li><li><a href=\"https:\/\/www.flickr.com\/search\/?text=Calma%20glaucoides\">Flickr pictures<\/a><\/li><li><a href=\"http:\/\/www.opistobranquis.org\/ca\/guia\/27\">GROC<\/a><\/li><li><a href=\"http:\/\/www.irmng.org\/aphia.php?p=taxlist&#038;tName=Calma%20glaucoides\">Interim Register of Marine and Nonmarine Genera<\/a><\/li><li><a href=\"http:\/\/www.ncbi.nlm.nih.gov\/Taxonomy\/Browser\/wwwtax.cgi?mode=Undef&#038;name=Calma%20glaucoides&#038;lvl=0&#038;srchmode=1\">NCBI GenBank<\/a><\/li><li><a href=\"http:\/\/iobis.org\/mapper\/?taxon=Calma%20glaucoides\">OBIS - Search by Taxon<\/a><\/li><li><a href=\"http:\/\/www.seaslugforum.net\/showall\/calmglau\">Sea Slug Forum<\/a><\/li><li><a href=\"http:\/\/www.marinespecies.org\/aphia.php?p=taxdetails&#038;id=138960\">World Register of Marine Species<\/a><\/li><\/ul><\/ul><\/span><p><strong>Citar este art\u00edculo como: <\/strong><\/p><div style=\"display: block; background: #444444; padding: 10px 30px 10px 10px; border-radius: 5px; line-height: 18px;\"><p class=\"citacio\"><b>Ballesteros, M., Madrenas, E. &#38; Pontes, M.<\/b> (2025) <em>\"Calma glaucoides\"<\/em> en <em>OPK-Opistobranquis<\/em>. Publicado: 16\/05\/2012. Accedido: 04\/09\/2026. Disponible en (<a href=https:\/\/opistobranquis.info\/es\/?p=577>https:\/\/opistobranquis.info\/es\/?p=577<\/a>)<\/p><p><\/p><\/div><p><\/p><\/p>","protected":false},"excerpt":{"rendered":"<p>Calma glaucoides (Alder &amp; Hancock, 1854 ) Hasta hace muy pocos a\u00f1os la \u00fanica especie conocida del g\u00e9nero Calma a nivel mundial era C. glaucoides, descrita como Eolis glaucoides por Alder &amp; Hancock en 1854. Otra especie del mismo g\u00e9nero, C. gobioophaga fue descrita recientemente gracias a ejemplares capturados en las costas de Portugal (Calado &amp; Urgorri, 2002). El estudio de los ejemplares de las costas portuguesas ha permitido diferenciar\u2026<\/p>\n<p class=\"continue-reading-button\"> <a class=\"continue-reading-link\" href=\"https:\/\/opistobranquis.info\/es\/guia\/nudibranchia\/cladobranchia\/fionoidea\/calma-glaucoides\/\">Sigue leyendo<i class=\"crycon-right-dir\"><\/i><\/a><\/p>\n","protected":false},"author":291,"featured_media":4185,"parent":25630,"menu_order":8201,"comment_status":"closed","ping_status":"closed","template":"","meta":{"footnotes":""},"class_list":["post-577","page","type-page","status-publish","has-post-thumbnail","hentry"],"jetpack_sharing_enabled":true,"_links":{"self":[{"href":"https:\/\/opistobranquis.info\/es\/wp-json\/wp\/v2\/pages\/577","targetHints":{"allow":["GET"]}}],"collection":[{"href":"https:\/\/opistobranquis.info\/es\/wp-json\/wp\/v2\/pages"}],"about":[{"href":"https:\/\/opistobranquis.info\/es\/wp-json\/wp\/v2\/types\/page"}],"author":[{"embeddable":true,"href":"https:\/\/opistobranquis.info\/es\/wp-json\/wp\/v2\/users\/291"}],"replies":[{"embeddable":true,"href":"https:\/\/opistobranquis.info\/es\/wp-json\/wp\/v2\/comments?post=577"}],"version-history":[{"count":13,"href":"https:\/\/opistobranquis.info\/es\/wp-json\/wp\/v2\/pages\/577\/revisions"}],"predecessor-version":[{"id":43140,"href":"https:\/\/opistobranquis.info\/es\/wp-json\/wp\/v2\/pages\/577\/revisions\/43140"}],"up":[{"embeddable":true,"href":"https:\/\/opistobranquis.info\/es\/wp-json\/wp\/v2\/pages\/25630"}],"wp:featuredmedia":[{"embeddable":true,"href":"https:\/\/opistobranquis.info\/es\/wp-json\/wp\/v2\/media\/4185"}],"wp:attachment":[{"href":"https:\/\/opistobranquis.info\/es\/wp-json\/wp\/v2\/media?parent=577"}],"curies":[{"name":"wp","href":"https:\/\/api.w.org\/{rel}","templated":true}]}}