{"id":603,"date":"2012-05-17T07:40:23","date_gmt":"2012-05-17T05:40:23","guid":{"rendered":"https:\/\/opistobranquis.info\/flabellina-lineataflabellina-lineataflabellina-lineata"},"modified":"2020-12-12T10:43:33","modified_gmt":"2020-12-12T09:43:33","slug":"fjordia-lineata","status":"publish","type":"page","link":"https:\/\/opistobranquis.info\/es\/guia\/nudibranchia\/cladobranchia\/fionoidea\/fjordia-lineata\/","title":{"rendered":"Fjordia lineata"},"content":{"rendered":"<p><\/p>\n<h3><em>Fjordia lineata<\/em> (Lov\u00e9n, 1846)<\/h3>\n<p><span style=\"font-size:10pt;\" class=\"aligncenter\"><div id=\"featured-img-id\"><img data-recalc-dims=\"1\" decoding=\"async\" src=\"https:\/\/i0.wp.com\/opistobranquis.info\/wp-content\/uploads\/2012\/12\/flabellina-lineata-08.jpg?w=900&#038;ssl=1\" alt=\"Fjordia lineata by Enric Madrenas\" \/><\/div><center><em>Fjordia lineata<\/em> por Enric Madrenas<\/center><\/span><p><\/p><div class=\"opk-worms\"><h3>Informaci\u00f3n taxon\u00f3mica WoRMS<\/h3><div class=\"opk-alert\">El nombre solicitado Fjordia lineata no est\u00e1 actualmente aceptado (superseded combination).<br>Nombre aceptado actual: <strong><em>Coryphella lineata<\/em> (Lov\u00e9n, 1846)<\/strong><\/div><h4>Clasificaci\u00f3n actual<\/h4><table class=\"widefat striped\"><tr><th>Superdomain<\/th><td><a target=\"_blank\" href=\"https:\/\/www.marinespecies.org\/aphia.php?p=taxdetails&id=1\">Biota<\/a><\/td><\/tr><tr><th>Kingdom<\/th><td><a target=\"_blank\" href=\"https:\/\/www.marinespecies.org\/aphia.php?p=taxdetails&id=2\">Animalia<\/a><\/td><\/tr><tr><th>Phylum<\/th><td><a target=\"_blank\" href=\"https:\/\/www.marinespecies.org\/aphia.php?p=taxdetails&id=51\">Mollusca<\/a><\/td><\/tr><tr><th>Class<\/th><td><a target=\"_blank\" href=\"https:\/\/www.marinespecies.org\/aphia.php?p=taxdetails&id=101\">Gastropoda<\/a><\/td><\/tr><tr><th>Subclass<\/th><td><a target=\"_blank\" href=\"https:\/\/www.marinespecies.org\/aphia.php?p=taxdetails&id=14712\">Heterobranchia<\/a><\/td><\/tr><tr><th>Infraclass<\/th><td><a target=\"_blank\" href=\"https:\/\/www.marinespecies.org\/aphia.php?p=taxdetails&id=1057247\">Euthyneura<\/a><\/td><\/tr><tr><th>Subterclass<\/th><td><a target=\"_blank\" href=\"https:\/\/www.marinespecies.org\/aphia.php?p=taxdetails&id=1057249\">Ringipleura<\/a><\/td><\/tr><tr><th>Superorder<\/th><td><a target=\"_blank\" href=\"https:\/\/www.marinespecies.org\/aphia.php?p=taxdetails&id=411966\">Nudipleura<\/a><\/td><\/tr><tr><th>Order<\/th><td><a target=\"_blank\" href=\"https:\/\/www.marinespecies.org\/aphia.php?p=taxdetails&id=1762\">Nudibranchia<\/a><\/td><\/tr><tr><th>Suborder<\/th><td><a target=\"_blank\" href=\"https:\/\/www.marinespecies.org\/aphia.php?p=taxdetails&id=827889\">Cladobranchia<\/a><\/td><\/tr><tr><th>Superfamily<\/th><td><a target=\"_blank\" href=\"https:\/\/www.marinespecies.org\/aphia.php?p=taxdetails&id=412646\">Fionoidea<\/a><\/td><\/tr><tr><th>Family<\/th><td><a target=\"_blank\" href=\"https:\/\/www.marinespecies.org\/aphia.php?p=taxdetails&id=190\">Flabellinidae<\/a><\/td><\/tr><tr><th>Genus<\/th><td><a target=\"_blank\" href=\"https:\/\/www.marinespecies.org\/aphia.php?p=taxdetails&id=138018\"><em>Coryphella<\/em><\/a><\/td><\/tr><tr><th>Species<\/th><td><a target=\"_blank\" href=\"https:\/\/www.marinespecies.org\/aphia.php?p=taxdetails&id=139982\"><em>Coryphella lineata<\/em> (Lov\u00e9n, 1846)<\/a><\/td><\/tr><\/table><p class=\"footer\">Clasificaci\u00f3n proporcionada por el World Register of Marine Species (WoRMS). [<a target=\"_blank\" href=\"https:\/\/www.marinespecies.org\/aphia.php?p=taxdetails&id=139982\">139982<\/a>]<\/p><\/div><p><strong>Nota taxon\u00f3mica<\/strong>: La clasificaci\u00f3n de los Flabellinidae hab\u00eda permanecido bastante estable hasta que en 2017 aparecieron una serie de trabajos (Furfaro et al. 2017; Korshunova et al. 2017) que pretend\u00edan aclarar el estatus de la familia Flabellinidae. El objetivo principal del trabajo de Furfaro et al. era caracterizar  molecularmente las especies mediterr\u00e1neas mientras que el trabajo de Korshunova et al. pretend\u00eda ahondar en las relaciones filogen\u00e9ticas entre diversos miembros de la familia Flabellinidae y las dem\u00e1s familias de los aeolid\u00e1ceos.<br>Ambos trabajos se basaban en la combinaci\u00f3n de t\u00e9cnicas moleculares y morfologicas y, de hecho, no ofrecen resultados muy distintos, pero s\u00ed difieren en el tama\u00f1o y procedencia de las muestras estudiadas y, sobre todo, en la interpretaci\u00f3n de dichos resultados. Tras la aparici\u00f3n del trabajo de Furfaro et al., muchas especies Mediterr\u00e1neas de los g\u00e9neros <i>Calmella<\/i>, <i>Flabellina<\/i> y <i>Piseinotecus<\/i> se agruparon bajo el g\u00e9nero com\u00fan <i>Flabellina<\/i>, pero tuvieron determinados problemas con algunas especies que no encajaban bien con la clasificaci\u00f3n propuesta (p.e. <i>Flabellina babai<\/i>), descubrieron que las poblaciones mediterr\u00e1nea y atl\u00e1ntica de <i>Flabellina ischitana<\/i> corresponden en realidad a dos especies cripticas diferentes, y constataron los problemas del grupo cr\u00edptico <i>Calmella cavolini <\/i>\/ <i>Flabellina confusa <\/i>\/ <i>Piseinotecus gaditanus<\/i>por lo que indicaron la necesidad de nuevos estudios para aclarar su estatus. <br>Curiosamente estos estudios se estaban llevando pr\u00e1cticamente en paralelo por el grupo de Korshunova et al. pero sobre una muestra de especies mucho m\u00e1s amplia y que comprend\u00eda ejemplares del \u00c1rtico, Atl\u00e1ntico norte, oc\u00e9ano Pac\u00edfico e \u00cdndico. Este segundo trabajo confirma la polif\u00edlia de la familia Flabellinidae, pero su forma de interpretar los resultados representa una verdadera revoluci\u00f3n para la taxonom\u00eda de los aeolid\u00e1ceos, especialmente para la familia Flabellinidae.<br>Ambos trabajos observan que hay dos clados (grupos) bien diferenciados de Flabellinidae: el de <i>Coryphella pedata <\/i>y similares, con cerata que salen directamente del dorso, y el de <i>Flabellina affinis <\/i>y similares, que tienen los cerata de cada grupo pedunculados. Aunque Furfaro et al. consideran a las especies de ambos clados pertenecientes al g\u00e9nero <i>Flabellina<\/i> dentro de la familia Flabellinidae, Korshunova et al. diferencia dos familias: Coryphellidae y Flabellinidae sensu stricto, creando adem\u00e1s multitud de g\u00e9neros diferentes en estas familias para incluir a las especies que estudian. Su propuesta taxon\u00f3mica, curiosamente, da respuesta a los problemas hallados por Furfaro et al.<br>En cierta manera ambos trabajos se complementan, si bien en el trabajo de Korshunova et al. se evidencia la falta de estudios sobre las especies de flabellinidos tropicales y del sur de Am\u00e9rica y \u00c1frica, por lo que a\u00fan no se ha dicho la \u00faltima palabra. La propuesta de creaci\u00f3n de nuevos g\u00e9neros para reunir peque\u00f1os grupos de especies, en vez de g\u00e9neros multiespec\u00edficos, parece ser la tendencia en algunos de los trabajos filogen\u00e9ticos de los \u00faltimos a\u00f1os. Puede consultarse una discusi\u00f3n detallada de esta apasionante controversia en (<a href=\"https:\/\/opistobranquis.info\/es\/flabellinidae\/\">https:\/\/opistobranquis.info\/es\/flabellinidae\/<\/a>).<\/p><strong>Sin\u00f3nimos<\/strong><\/p>\n<ul>\n<li><span id=\"aphia_ct_tu_153493\"><i>Aeolis argenteolineata<\/i> Costa A., 1866<\/span><\/li>\n<li><span id=\"aphia_ct_tu_747543\"><i>Aeolis lineata<\/i> Lov\u00e9n, 1846<\/span><\/li>\n<li><span id=\"aphia_ct_tu_139982\"><i>Coryphella lineata<\/i> (Lov\u00e9n, 1846)<\/span><\/li>\n<li><em>Flabellina lineata<\/em> (Lov\u00e9n, 1846)<\/li>\n<\/ul>\n<p><strong>Descripci\u00f3n<\/strong><br \/>\nLos espec\u00edmenes mediterr\u00e1neos de esta especie generalmente miden entre 15 y 30 mm de longitud, aunque en el norte de Europa se ha citado ejemplares que alcanzan los 50 mm de longitud total. El cuerpo es blanquecino y semitransparente, por lo que es posible ver las v\u00edsceras de color crema a trav\u00e9s del tegumento. El nombre espec\u00edfico se refiere a las l\u00edneas blancas finas y opacas que recorren el dorso y los lados del cuerpo; la l\u00ednea dorsal recorre la parte superior del cuerpo desde la \u00faltima cerata hasta la cabeza, pasando entre las bases de los rin\u00f3foros y luego avanzando hacia la parte posterior de los tent\u00e1culos orales. Las l\u00edneas laterales aparecen justo debajo de la inserci\u00f3n de los grupos de cerata y se encuentran en la cola. Los palpos orales y los rin\u00f3foros tienen aproximadamente la misma longitud y tambi\u00e9n son blanquecinos y semitransparentes; a lo largo del lado dorsal de los rin\u00f3foros se observa una delgada l\u00ednea blanca opaca. La punta de los rin\u00f3foros es de color blanco opaco. Los ojos son muy visibles y se encuentran en la parte posterior de la base de los rin\u00f3foros. Los cerata se aparecen formando de 5 a 8 grupos, dependiendo del tama\u00f1o de los espec\u00edmenes. Los dos primeros grupos tienen dos filas de cerata mientras que los grupos restantes solo una. Los cerata son largos, delgados, semitransparentes y acabados en punta. Las \u00e1reas anterior y posterior de los cerata tienen una l\u00ednea blanca opaca, a veces discontinua; la gl\u00e1ndula digestiva dentro de la cerata puede ser naranja, roja o marr\u00f3n. Los cnidosacos son blanquecinos y se localizan en la punta de la cerata, en esta especie tiene una l\u00ednea o manchas blancas opacas recubri\u00e9ndolos. El pie es ancho y semitransparente y en su zona anterior tiene dos palpos propodiales triangulares bien desarrollados.<\/p>\n<p><strong>Biolog\u00eda<\/strong><br \/>\n<i>F. lineata<\/i> es una especie muy activa que suele vivir en paredes rocosas poco iluminadas con abundancia de hidrozoos, de los que se alimenta. Su dieta son diferentes especies como <i>Tubularia indivisa<\/i>, <i>Sarsia eximia<\/i>, <i>Hydallmania falcata<\/i> y <i>Sertularia argentea<\/i> en aguas atl\u00e1nticas europeas, mientras que en Mediterr\u00e1neo parece ser que come p\u00f3lipos del g\u00e9nero <i>Eudrendrium<\/i>, como otros miembros de la familia. Las puestas son depositadas encima de las mismas colonias de hidrozoos que constituyen su dieta y se componen de cordones enrollados en una espiral plana con huevos blanquecinos o ligeramente rosados de unas 75 micras de di\u00e1metro (Schmekel &amp; Portmann, 1982).<\/p>\n<p><strong>Etimolog\u00eda<\/strong><\/p>\n<ul>\n<li><em>Fjordia<\/em>, derivado del Noruego &#8220;fjord&#8221; porque la localidad tipo de <em>Fjordia lineata<\/em> es Oslofjord, y tambi\u00e9n es muy comun en Gulen, a la entrada del Sognefjord, de donde provienen muchos de los ejemplares estudiados en Korshunova et al. (2017).<\/li>\n<li><em>Lineata<\/em>. En referencia a las finas l\u00edneas blancas opacas que tiene en el dorso y a los lados del cuerpo.<\/li>\n<\/ul>\n<p><strong>Distribuci\u00f3n<\/strong><br \/>\nEsta especie se distribuye desde el norte de Europa (Noruega, dentro del C\u00edrculo Polar \u00c1rtico), Mar del Norte, costas atl\u00e1nticas francesas y de la Pen\u00ednsula Ib\u00e9rica hasta el Mar Mediterr\u00e1neo. En la Pen\u00ednsula Ib\u00e9rica ha sido citada en las costas portuguesas, la zona el Estrecho de Gibraltar, las costas levantinas, Catalunya y Baleares. En las costas catalanas ha sido observada, entre otras localidades, en Llan\u00e7\u00e0, L\u00b4Escala, L&#8217;Estartit, Begur y Tossa de Mar. <div id=\"flxmap-6a9a625ce88f2\" class='flxmap-container' data-flxmap='flxmap_6a9a625ce88f2' style=\"width:100%;height:400px;\"><\/div>\n<script data-noptimize=\"1\">\n\/* <![CDATA[ *\/\n(function(w, fn) {\n if (w.addEventListener) w.addEventListener(\"DOMContentLoaded\", fn, false);\n else if (w.attachEvent) w.attachEvent(\"onload\", fn);\n})(window, function() {\n var f = new FlexibleMap();\n f.panControl = true;\n f.mapTypeId = \"satellite\";\n f.setlocale(\"es-ES\");\n f.kmlcache = \"5 minutes\";\n f.showKML(\"flxmap-6a9a625ce88f2\", \"https:\/\/opistobranquis.info\/wp-content\/uploads\/kms\/603.kmz\");\n window.flxmap_6a9a625ce88f2 = f;\n});\n\/* ]]> *\/\n<\/script>\n<div style=\"width:100%;text-align:center;margin:12px 0 4px 0;\">\n  <div style=\"font-size:8pt;margin-bottom:6px;\">Citas georeferenciadas conocidas de la especie: <em>Fjordia lineata<\/em><\/div>\n  <table style=\"margin:0 auto;border-collapse:collapse;font-size:8pt;\">\n    <tr><td colspan=\"2\" style=\"text-align:left;padding-bottom:4px;\"><strong>Fonts:<\/strong><\/td><\/tr>\n    <tr>\n      <td style=\"vertical-align:top;padding-right:40px;\">\n        <table style=\"border-collapse:collapse;\">\n<tr><td style='padding:1px 6px 1px 0;vertical-align:middle'><img data-recalc-dims=\"1\" src=\"https:\/\/i0.wp.com\/opistobranquis.info\/wp-content\/uploads\/kms\/wht-circle-lv.png?w=900&#038;ssl=1\" style='display:block'><\/td><td style='padding:1px 0;vertical-align:middle;white-space:nowrap'>OBIS<\/td><\/tr><tr><td style='padding:1px 6px 1px 0;vertical-align:middle'><img data-recalc-dims=\"1\" src=\"https:\/\/i0.wp.com\/opistobranquis.info\/wp-content\/uploads\/kms\/ylw-circle-lv.png?w=900&#038;ssl=1\" style='display:block'><\/td><td style='padding:1px 0;vertical-align:middle;white-space:nowrap'>GROC 2010-2011<\/td><\/tr><tr><td style='padding:1px 6px 1px 0;vertical-align:middle'><img data-recalc-dims=\"1\" src=\"https:\/\/i0.wp.com\/opistobranquis.info\/wp-content\/uploads\/kms\/grn-circle-lv.png?w=900&#038;ssl=1\" style='display:block'><\/td><td style='padding:1px 0;vertical-align:middle;white-space:nowrap'>Enric Madrenas<\/td><\/tr><tr><td style='padding:1px 6px 1px 0;vertical-align:middle'><img data-recalc-dims=\"1\" src=\"https:\/\/i0.wp.com\/opistobranquis.info\/wp-content\/uploads\/kms\/orange-circle-lv.png?w=900&#038;ssl=1\" style='display:block'><\/td><td style='padding:1px 0;vertical-align:middle;white-space:nowrap'>Jo\u00e3o Pedro Silva<\/td><\/tr><tr><td style='padding:1px 6px 1px 0;vertical-align:middle'><img data-recalc-dims=\"1\" src=\"https:\/\/i0.wp.com\/opistobranquis.info\/wp-content\/uploads\/kms\/pink-circle-lv.png?w=900&#038;ssl=1\" style='display:block'><\/td><td style='padding:1px 0;vertical-align:middle;white-space:nowrap'>Bernard Picton<\/td><\/tr><tr><td style='padding:1px 6px 1px 0;vertical-align:middle'><img data-recalc-dims=\"1\" src=\"https:\/\/i0.wp.com\/opistobranquis.info\/wp-content\/uploads\/kms\/blk-circle-lv.png?w=900&#038;ssl=1\" style='display:block'><\/td><td style='padding:1px 0;vertical-align:middle;white-space:nowrap'>GBIF<\/td><\/tr>        <\/table>\n      <\/td>\n      <td style=\"vertical-align:top;\">\n        <table style=\"border-collapse:collapse;\">\n<tr><td style='padding:1px 6px 1px 0;vertical-align:middle'><img data-recalc-dims=\"1\" src=\"https:\/\/i0.wp.com\/opistobranquis.info\/wp-content\/uploads\/kms\/purple-circle-lv.png?w=900&#038;ssl=1\" style='display:block'><\/td><td style='padding:1px 0;vertical-align:middle;white-space:nowrap'>OPK<\/td><\/tr><tr><td style='padding:1px 6px 1px 0;vertical-align:middle'><img data-recalc-dims=\"1\" src=\"https:\/\/i0.wp.com\/opistobranquis.info\/wp-content\/uploads\/kms\/red-circle-lv.png?w=900&#038;ssl=1\" style='display:block'><\/td><td style='padding:1px 0;vertical-align:middle;white-space:nowrap'>VIMAR<\/td><\/tr><tr><td style='padding:1px 6px 1px 0;vertical-align:middle'><img data-recalc-dims=\"1\" src=\"https:\/\/i0.wp.com\/opistobranquis.info\/wp-content\/uploads\/kms\/blu-circle-lv.png?w=900&#038;ssl=1\" style='display:block'><\/td><td style='padding:1px 0;vertical-align:middle;white-space:nowrap'>Manuel Ballesteros<\/td><\/tr><tr><td style='padding:1px 6px 1px 0;vertical-align:middle'><img data-recalc-dims=\"1\" src=\"https:\/\/i0.wp.com\/opistobranquis.info\/wp-content\/uploads\/kms\/cyan-circle-lv.png?w=900&#038;ssl=1\" style='display:block'><\/td><td style='padding:1px 0;vertical-align:middle;white-space:nowrap'>M@re Nostrum<\/td><\/tr><tr><td style='padding:1px 6px 1px 0;vertical-align:middle'><img data-recalc-dims=\"1\" src=\"https:\/\/i0.wp.com\/opistobranquis.info\/wp-content\/uploads\/kms\/grey-circle-lv.png?w=900&#038;ssl=1\" style='display:block'><\/td><td style='padding:1px 0;vertical-align:middle;white-space:nowrap'>Altres fonts<\/td><\/tr><tr><td style='padding:1px 6px 1px 0;vertical-align:middle'><img data-recalc-dims=\"1\" src=\"https:\/\/i0.wp.com\/opistobranquis.info\/wp-content\/uploads\/kms\/marreg.png?w=900&#038;ssl=1\" style='display:block'><\/td><td style='padding:1px 0;vertical-align:middle;white-space:nowrap'>Marine Regions<\/td><\/tr>        <\/table>\n      <\/td>\n    <\/tr>\n  <\/table>\n<\/div>\n<\/p>\n<p><strong>Especies similares<\/strong><br \/>\n<a href=\"https:\/\/opistobranquis.info\/guia\/nudibranchia\/cladobranchia\/aeolidioidea\/dondice-banyulensis\/\"><em>Dondice banyulensis<\/em><\/a>, cuerpo m\u00e1s grande y anaranjado. Rin\u00f3foros anillados, m\u00e1s cortos que los palpos orales. Cerata con puntas naranja intenso, sin l\u00ednea blanca.<\/p>\n<p><strong>Error:<\/strong> Chart.js no est\u00e1 disponible.<\/p>\n<p><strong>V\u00eddeo<\/strong><\/p>\n<p><iframe loading=\"lazy\" src=\"https:\/\/player.vimeo.com\/video\/406862447?dnt=1&amp;app_id=122963\" width=\"900\" height=\"506\" frameborder=\"0\" allow=\"autoplay; fullscreen\" allowfullscreen><\/iframe><\/p>\n<p style=\"text-align: center;\"><em>Fjordia lineata<\/em> @ Anglesey, Wales, UK por Allan Rowat<br \/>\nObservad el latido del coraz\u00f3n<\/p>\n<p><strong>Otras fotos<\/strong><br \/>\n<div class=\"tiled-gallery type-rectangular tiled-gallery-unresized\" data-original-width=\"900\" data-carousel-extra='{&quot;blog_id&quot;:1,&quot;permalink&quot;:&quot;https:\\\/\\\/opistobranquis.info\\\/es\\\/guia\\\/nudibranchia\\\/cladobranchia\\\/fionoidea\\\/fjordia-lineata\\\/&quot;,&quot;likes_blog_id&quot;:44192421}' itemscope itemtype=\"http:\/\/schema.org\/ImageGallery\" > <div class=\"gallery-row\" style=\"width: 900px; height: 396px;\" data-original-width=\"900\" data-original-height=\"396\" > <div class=\"gallery-group images-1\" style=\"width: 608px; height: 396px;\" data-original-width=\"608\" data-original-height=\"396\" > <div class=\"tiled-gallery-item tiled-gallery-item-large\" itemprop=\"associatedMedia\" itemscope itemtype=\"http:\/\/schema.org\/ImageObject\"> <a href=\"https:\/\/opistobranquis.info\/es\/guia\/nudibranchia\/cladobranchia\/fionoidea\/fjordia-lineata\/flabellina-lineata-00\/\" border=\"0\" itemprop=\"url\"> <meta itemprop=\"width\" content=\"604\"> <meta itemprop=\"height\" content=\"392\"> <img decoding=\"async\" class=\"\" data-attachment-id=\"4556\" data-orig-file=\"https:\/\/opistobranquis.info\/wp-content\/uploads\/2012\/12\/flabellina-lineata-00.jpg\" data-orig-size=\"814,528\" data-comments-opened=\"\" data-image-title=\"Fjordia lineata by Enric Madrenas\" data-image-description=\"&lt;p&gt;Fjordia lineata by Enric Madrenas&lt;\/p&gt; \" data-medium-file=\"https:\/\/i0.wp.com\/opistobranquis.info\/wp-content\/uploads\/2012\/12\/flabellina-lineata-00.jpg?fit=300%2C194&#038;ssl=1\" data-large-file=\"https:\/\/i0.wp.com\/opistobranquis.info\/wp-content\/uploads\/2012\/12\/flabellina-lineata-00.jpg?fit=814%2C528&#038;ssl=1\" src=\"https:\/\/i0.wp.com\/opistobranquis.info\/wp-content\/uploads\/2012\/12\/flabellina-lineata-00.jpg?w=604&#038;h=392&#038;ssl=1\" srcset=\"https:\/\/i0.wp.com\/opistobranquis.info\/wp-content\/uploads\/2012\/12\/flabellina-lineata-00.jpg?w=814&amp;ssl=1 814w, https:\/\/i0.wp.com\/opistobranquis.info\/wp-content\/uploads\/2012\/12\/flabellina-lineata-00.jpg?resize=300%2C194&amp;ssl=1 300w\" width=\"604\" height=\"392\" loading=\"lazy\" data-original-width=\"604\" data-original-height=\"392\" itemprop=\"http:\/\/schema.org\/image\" title=\"Fjordia lineata by Enric Madrenas\" alt=\"Fjordia lineata by Enric Madrenas\" style=\"width: 604px; height: 392px;\" \/> <\/a> <div class=\"tiled-gallery-caption\" itemprop=\"caption description\"> Fjordia lineata by Enric Madrenas <\/div> <\/div> <\/div> <!-- close group --> <div class=\"gallery-group images-2\" style=\"width: 292px; height: 396px;\" data-original-width=\"292\" data-original-height=\"396\" > <div class=\"tiled-gallery-item tiled-gallery-item-large\" itemprop=\"associatedMedia\" itemscope itemtype=\"http:\/\/schema.org\/ImageObject\"> <a href=\"https:\/\/opistobranquis.info\/es\/guia\/nudibranchia\/cladobranchia\/fionoidea\/fjordia-lineata\/flabellina-lineata-02\/\" border=\"0\" itemprop=\"url\"> <meta itemprop=\"width\" content=\"288\"> <meta itemprop=\"height\" content=\"194\"> <img decoding=\"async\" class=\"\" data-attachment-id=\"4557\" data-orig-file=\"https:\/\/opistobranquis.info\/wp-content\/uploads\/2012\/12\/flabellina-lineata-02.jpg\" data-orig-size=\"814,549\" data-comments-opened=\"\" data-image-title=\"Fjordia lineata by Enric Madrenas\" data-image-description=\"&lt;p&gt;Fjordia lineata by Enric Madrenas&lt;\/p&gt; \" data-medium-file=\"https:\/\/i0.wp.com\/opistobranquis.info\/wp-content\/uploads\/2012\/12\/flabellina-lineata-02.jpg?fit=300%2C202&#038;ssl=1\" data-large-file=\"https:\/\/i0.wp.com\/opistobranquis.info\/wp-content\/uploads\/2012\/12\/flabellina-lineata-02.jpg?fit=814%2C549&#038;ssl=1\" src=\"https:\/\/i0.wp.com\/opistobranquis.info\/wp-content\/uploads\/2012\/12\/flabellina-lineata-02.jpg?w=288&#038;h=194&#038;ssl=1\" srcset=\"https:\/\/i0.wp.com\/opistobranquis.info\/wp-content\/uploads\/2012\/12\/flabellina-lineata-02.jpg?w=814&amp;ssl=1 814w, https:\/\/i0.wp.com\/opistobranquis.info\/wp-content\/uploads\/2012\/12\/flabellina-lineata-02.jpg?resize=300%2C202&amp;ssl=1 300w\" width=\"288\" height=\"194\" loading=\"lazy\" data-original-width=\"288\" data-original-height=\"194\" itemprop=\"http:\/\/schema.org\/image\" title=\"Fjordia lineata by Enric Madrenas\" alt=\"Fjordia lineata by Enric Madrenas\" style=\"width: 288px; height: 194px;\" \/> <\/a> <div class=\"tiled-gallery-caption\" itemprop=\"caption description\"> Fjordia lineata by Enric Madrenas <\/div> <\/div> <div class=\"tiled-gallery-item tiled-gallery-item-large\" itemprop=\"associatedMedia\" itemscope itemtype=\"http:\/\/schema.org\/ImageObject\"> <a href=\"https:\/\/opistobranquis.info\/es\/guia\/nudibranchia\/cladobranchia\/fionoidea\/fjordia-lineata\/flabellina-lineata-04\/\" border=\"0\" itemprop=\"url\"> <meta itemprop=\"width\" content=\"288\"> <meta itemprop=\"height\" content=\"194\"> <img decoding=\"async\" class=\"\" data-attachment-id=\"4558\" data-orig-file=\"https:\/\/opistobranquis.info\/wp-content\/uploads\/2012\/12\/flabellina-lineata-04.jpg\" data-orig-size=\"814,549\" data-comments-opened=\"\" data-image-title=\"Fjordia lineata by Enric Madrenas\" data-image-description=\"&lt;p&gt;Fjordia lineata by Enric Madrenas&lt;\/p&gt; \" data-medium-file=\"https:\/\/i0.wp.com\/opistobranquis.info\/wp-content\/uploads\/2012\/12\/flabellina-lineata-04.jpg?fit=300%2C202&#038;ssl=1\" data-large-file=\"https:\/\/i0.wp.com\/opistobranquis.info\/wp-content\/uploads\/2012\/12\/flabellina-lineata-04.jpg?fit=814%2C549&#038;ssl=1\" src=\"https:\/\/i0.wp.com\/opistobranquis.info\/wp-content\/uploads\/2012\/12\/flabellina-lineata-04.jpg?w=288&#038;h=194&#038;ssl=1\" srcset=\"https:\/\/i0.wp.com\/opistobranquis.info\/wp-content\/uploads\/2012\/12\/flabellina-lineata-04.jpg?w=814&amp;ssl=1 814w, https:\/\/i0.wp.com\/opistobranquis.info\/wp-content\/uploads\/2012\/12\/flabellina-lineata-04.jpg?resize=300%2C202&amp;ssl=1 300w\" width=\"288\" height=\"194\" loading=\"lazy\" data-original-width=\"288\" data-original-height=\"194\" itemprop=\"http:\/\/schema.org\/image\" title=\"Fjordia lineata by Enric Madrenas\" alt=\"Fjordia lineata by Enric Madrenas\" style=\"width: 288px; height: 194px;\" \/> <\/a> <div class=\"tiled-gallery-caption\" itemprop=\"caption description\"> Fjordia lineata by Enric Madrenas <\/div> <\/div> <\/div> <!-- close group --> <\/div> <!-- close row --> <div class=\"gallery-row\" style=\"width: 900px; height: 403px;\" data-original-width=\"900\" data-original-height=\"403\" > <div class=\"gallery-group images-2\" style=\"width: 298px; height: 403px;\" data-original-width=\"298\" data-original-height=\"403\" > <div class=\"tiled-gallery-item tiled-gallery-item-large\" itemprop=\"associatedMedia\" itemscope itemtype=\"http:\/\/schema.org\/ImageObject\"> <a href=\"https:\/\/opistobranquis.info\/es\/guia\/nudibranchia\/cladobranchia\/fionoidea\/fjordia-lineata\/flabellina-lineata-06\/\" border=\"0\" itemprop=\"url\"> <meta itemprop=\"width\" content=\"294\"> <meta itemprop=\"height\" content=\"199\"> <img decoding=\"async\" class=\"\" data-attachment-id=\"4559\" data-orig-file=\"https:\/\/opistobranquis.info\/wp-content\/uploads\/2012\/12\/flabellina-lineata-06.jpg\" data-orig-size=\"814,549\" data-comments-opened=\"\" data-image-title=\"Fjordia lineata by Enric Madrenas\" data-image-description=\"&lt;p&gt;Fjordia lineata by Enric Madrenas&lt;\/p&gt; \" data-medium-file=\"https:\/\/i0.wp.com\/opistobranquis.info\/wp-content\/uploads\/2012\/12\/flabellina-lineata-06.jpg?fit=300%2C202&#038;ssl=1\" data-large-file=\"https:\/\/i0.wp.com\/opistobranquis.info\/wp-content\/uploads\/2012\/12\/flabellina-lineata-06.jpg?fit=814%2C549&#038;ssl=1\" src=\"https:\/\/i0.wp.com\/opistobranquis.info\/wp-content\/uploads\/2012\/12\/flabellina-lineata-06.jpg?w=294&#038;h=199&#038;ssl=1\" srcset=\"https:\/\/i0.wp.com\/opistobranquis.info\/wp-content\/uploads\/2012\/12\/flabellina-lineata-06.jpg?w=814&amp;ssl=1 814w, https:\/\/i0.wp.com\/opistobranquis.info\/wp-content\/uploads\/2012\/12\/flabellina-lineata-06.jpg?resize=300%2C202&amp;ssl=1 300w\" width=\"294\" height=\"199\" loading=\"lazy\" data-original-width=\"294\" data-original-height=\"199\" itemprop=\"http:\/\/schema.org\/image\" title=\"Fjordia lineata by Enric Madrenas\" alt=\"Fjordia lineata by Enric Madrenas\" style=\"width: 294px; height: 199px;\" \/> <\/a> <div class=\"tiled-gallery-caption\" itemprop=\"caption description\"> Fjordia lineata by Enric Madrenas <\/div> <\/div> <div class=\"tiled-gallery-item tiled-gallery-item-large\" itemprop=\"associatedMedia\" itemscope itemtype=\"http:\/\/schema.org\/ImageObject\"> <a href=\"https:\/\/opistobranquis.info\/es\/guia\/nudibranchia\/cladobranchia\/fionoidea\/fjordia-lineata\/mpg_5796-f-lineata\/\" border=\"0\" itemprop=\"url\"> <meta itemprop=\"width\" content=\"294\"> <meta itemprop=\"height\" content=\"196\"> <img decoding=\"async\" class=\"\" data-attachment-id=\"11938\" data-orig-file=\"https:\/\/opistobranquis.info\/wp-content\/uploads\/2012\/05\/MPG_5796-F.lineata.jpg\" data-orig-size=\"1024,683\" data-comments-opened=\"\" data-image-title=\"Fjordia lineata @ Costa Brava, Spain by Miquel Pontes\" data-image-description=\"&lt;p&gt;Fjordia lineata @ Costa Brava, Spain by Miquel Pontes&lt;\/p&gt; \" data-medium-file=\"https:\/\/i0.wp.com\/opistobranquis.info\/wp-content\/uploads\/2012\/05\/MPG_5796-F.lineata.jpg?fit=300%2C200&#038;ssl=1\" data-large-file=\"https:\/\/i0.wp.com\/opistobranquis.info\/wp-content\/uploads\/2012\/05\/MPG_5796-F.lineata.jpg?fit=900%2C600&#038;ssl=1\" src=\"https:\/\/i0.wp.com\/opistobranquis.info\/wp-content\/uploads\/2012\/05\/MPG_5796-F.lineata.jpg?w=294&#038;h=196&#038;ssl=1\" srcset=\"https:\/\/i0.wp.com\/opistobranquis.info\/wp-content\/uploads\/2012\/05\/MPG_5796-F.lineata.jpg?w=1024&amp;ssl=1 1024w, https:\/\/i0.wp.com\/opistobranquis.info\/wp-content\/uploads\/2012\/05\/MPG_5796-F.lineata.jpg?resize=150%2C100&amp;ssl=1 150w, https:\/\/i0.wp.com\/opistobranquis.info\/wp-content\/uploads\/2012\/05\/MPG_5796-F.lineata.jpg?resize=300%2C200&amp;ssl=1 300w\" width=\"294\" height=\"196\" loading=\"lazy\" data-original-width=\"294\" data-original-height=\"196\" itemprop=\"http:\/\/schema.org\/image\" title=\"Fjordia lineata @ Costa Brava, Spain by Miquel Pontes\" alt=\"Fjordia lineata @ Costa Brava, Spain by Miquel Pontes\" style=\"width: 294px; height: 196px;\" \/> <\/a> <div class=\"tiled-gallery-caption\" itemprop=\"caption description\"> Fjordia lineata @ Costa Brava, Spain by Miquel Pontes <\/div> <\/div> <\/div> <!-- close group --> <div class=\"gallery-group images-1\" style=\"width: 602px; height: 403px;\" data-original-width=\"602\" data-original-height=\"403\" > <div class=\"tiled-gallery-item tiled-gallery-item-large\" itemprop=\"associatedMedia\" itemscope itemtype=\"http:\/\/schema.org\/ImageObject\"> <a href=\"https:\/\/opistobranquis.info\/es\/guia\/nudibranchia\/cladobranchia\/fionoidea\/fjordia-lineata\/fjordia-lineata-illa-de-fitor-begur-spain-23-02-2008-by-miquel-pontes-dsc_5047\/\" border=\"0\" itemprop=\"url\"> <meta itemprop=\"width\" content=\"598\"> <meta itemprop=\"height\" content=\"399\"> <img decoding=\"async\" class=\"\" data-attachment-id=\"24436\" data-orig-file=\"https:\/\/opistobranquis.info\/wp-content\/uploads\/2017\/12\/Fjordia-lineata-@-Illa-de-Fitor-Begur-Spain-23-02-2008-by-Miquel-Pontes-DSC_5047.jpg\" data-orig-size=\"1024,683\" data-comments-opened=\"\" data-image-title=\"Fjordia lineata @ Illa de Fitor (Begur, Spain) 23-02-2008 by Miquel Pontes\" data-image-description=\"&lt;p&gt;Fjordia lineata @ Illa de Fitor (Begur, Spain) 23-02-2008 by Miquel Pontes&lt;\/p&gt; \" data-medium-file=\"https:\/\/i0.wp.com\/opistobranquis.info\/wp-content\/uploads\/2017\/12\/Fjordia-lineata-%40-Illa-de-Fitor-Begur-Spain-23-02-2008-by-Miquel-Pontes-DSC_5047.jpg?fit=300%2C200&#038;ssl=1\" data-large-file=\"https:\/\/i0.wp.com\/opistobranquis.info\/wp-content\/uploads\/2017\/12\/Fjordia-lineata-%40-Illa-de-Fitor-Begur-Spain-23-02-2008-by-Miquel-Pontes-DSC_5047.jpg?fit=900%2C600&#038;ssl=1\" src=\"https:\/\/i0.wp.com\/opistobranquis.info\/wp-content\/uploads\/2017\/12\/Fjordia-lineata-%40-Illa-de-Fitor-Begur-Spain-23-02-2008-by-Miquel-Pontes-DSC_5047.jpg?w=598&#038;h=399&#038;ssl=1\" width=\"598\" height=\"399\" loading=\"lazy\" data-original-width=\"598\" data-original-height=\"399\" itemprop=\"http:\/\/schema.org\/image\" title=\"Fjordia lineata @ Illa de Fitor (Begur, Spain) 23-02-2008 by Miquel Pontes\" alt=\"Fjordia lineata @ Illa de Fitor (Begur, Spain) 23-02-2008 by Miquel Pontes\" style=\"width: 598px; height: 399px;\" \/> <\/a> <div class=\"tiled-gallery-caption\" itemprop=\"caption description\"> Fjordia lineata @ Illa de Fitor (Begur, Spain) 23-02-2008 by Miquel Pontes <\/div> <\/div> <\/div> <!-- close group --> <\/div> <!-- close row --> <div class=\"gallery-row\" style=\"width: 900px; height: 276px;\" data-original-width=\"900\" data-original-height=\"276\" > <div class=\"gallery-group images-1\" style=\"width: 487px; height: 276px;\" data-original-width=\"487\" data-original-height=\"276\" > <div class=\"tiled-gallery-item tiled-gallery-item-large\" itemprop=\"associatedMedia\" itemscope itemtype=\"http:\/\/schema.org\/ImageObject\"> <a href=\"https:\/\/opistobranquis.info\/es\/guia\/nudibranchia\/cladobranchia\/fionoidea\/fjordia-lineata\/fjordia-lineata-40-anglesey-wales-uk-by-allan-rowat_dvd-original\/\" border=\"0\" itemprop=\"url\"> <meta itemprop=\"width\" content=\"483\"> <meta itemprop=\"height\" content=\"272\"> <img decoding=\"async\" class=\"\" data-attachment-id=\"28461\" data-orig-file=\"https:\/\/opistobranquis.info\/wp-content\/uploads\/2019\/05\/fjordia-lineata-40-anglesey-wales-uk-by-allan-rowat_dvd.original.jpg\" data-orig-size=\"640,360\" data-comments-opened=\"\" data-image-title=\"Fjordia lineata @ Anglesey, Wales, UK by Allan Rowat\" data-image-description=\"&lt;p&gt;Fjordia lineata @ Anglesey, Wales, UK by Allan Rowat&lt;\/p&gt; \" data-medium-file=\"https:\/\/i0.wp.com\/opistobranquis.info\/wp-content\/uploads\/2019\/05\/fjordia-lineata-40-anglesey-wales-uk-by-allan-rowat_dvd.original.jpg?fit=300%2C169&#038;ssl=1\" data-large-file=\"https:\/\/i0.wp.com\/opistobranquis.info\/wp-content\/uploads\/2019\/05\/fjordia-lineata-40-anglesey-wales-uk-by-allan-rowat_dvd.original.jpg?fit=640%2C360&#038;ssl=1\" src=\"https:\/\/i0.wp.com\/opistobranquis.info\/wp-content\/uploads\/2019\/05\/fjordia-lineata-40-anglesey-wales-uk-by-allan-rowat_dvd.original.jpg?w=483&#038;h=272&#038;ssl=1\" srcset=\"https:\/\/i0.wp.com\/opistobranquis.info\/wp-content\/uploads\/2019\/05\/fjordia-lineata-40-anglesey-wales-uk-by-allan-rowat_dvd.original.jpg?w=640&amp;ssl=1 640w, https:\/\/i0.wp.com\/opistobranquis.info\/wp-content\/uploads\/2019\/05\/fjordia-lineata-40-anglesey-wales-uk-by-allan-rowat_dvd.original.jpg?resize=150%2C84&amp;ssl=1 150w, https:\/\/i0.wp.com\/opistobranquis.info\/wp-content\/uploads\/2019\/05\/fjordia-lineata-40-anglesey-wales-uk-by-allan-rowat_dvd.original.jpg?resize=300%2C169&amp;ssl=1 300w\" width=\"483\" height=\"272\" loading=\"lazy\" data-original-width=\"483\" data-original-height=\"272\" itemprop=\"http:\/\/schema.org\/image\" title=\"Fjordia lineata @ Anglesey, Wales, UK by Allan Rowat\" alt=\"Fjordia lineata @ Anglesey, Wales, UK by Allan Rowat\" style=\"width: 483px; height: 272px;\" \/> <\/a> <div class=\"tiled-gallery-caption\" itemprop=\"caption description\"> Fjordia lineata @ Anglesey, Wales, UK by Allan Rowat <\/div> <\/div> <\/div> <!-- close group --> <div class=\"gallery-group images-1\" style=\"width: 413px; height: 276px;\" data-original-width=\"413\" data-original-height=\"276\" > <div class=\"tiled-gallery-item tiled-gallery-item-large\" itemprop=\"associatedMedia\" itemscope itemtype=\"http:\/\/schema.org\/ImageObject\"> <a href=\"https:\/\/opistobranquis.info\/es\/guia\/nudibranchia\/cladobranchia\/fionoidea\/fjordia-lineata\/fjordia-lineata-by-miquel-pontes-mpg_6539\/\" border=\"0\" itemprop=\"url\"> <meta itemprop=\"width\" content=\"409\"> <meta itemprop=\"height\" content=\"272\"> <img decoding=\"async\" class=\"\" data-attachment-id=\"31111\" data-orig-file=\"https:\/\/opistobranquis.info\/wp-content\/uploads\/2020\/12\/Fjordia-lineata-by-Miquel-Pontes-MPG_6539.jpg\" data-orig-size=\"1280,850\" data-comments-opened=\"\" data-image-title=\"Fjordia lineata @ Costa Brava, Spain by Miquel Pontes\" data-image-description=\"&lt;p&gt;Fjordia lineata @ Costa Brava, Spain by Miquel Pontes&lt;\/p&gt; \" data-medium-file=\"https:\/\/i0.wp.com\/opistobranquis.info\/wp-content\/uploads\/2020\/12\/Fjordia-lineata-by-Miquel-Pontes-MPG_6539.jpg?fit=300%2C199&#038;ssl=1\" data-large-file=\"https:\/\/i0.wp.com\/opistobranquis.info\/wp-content\/uploads\/2020\/12\/Fjordia-lineata-by-Miquel-Pontes-MPG_6539.jpg?fit=900%2C598&#038;ssl=1\" src=\"https:\/\/i0.wp.com\/opistobranquis.info\/wp-content\/uploads\/2020\/12\/Fjordia-lineata-by-Miquel-Pontes-MPG_6539.jpg?w=409&#038;h=272&#038;ssl=1\" srcset=\"https:\/\/i0.wp.com\/opistobranquis.info\/wp-content\/uploads\/2020\/12\/Fjordia-lineata-by-Miquel-Pontes-MPG_6539.jpg?w=1280&amp;ssl=1 1280w, https:\/\/i0.wp.com\/opistobranquis.info\/wp-content\/uploads\/2020\/12\/Fjordia-lineata-by-Miquel-Pontes-MPG_6539.jpg?resize=300%2C199&amp;ssl=1 300w, https:\/\/i0.wp.com\/opistobranquis.info\/wp-content\/uploads\/2020\/12\/Fjordia-lineata-by-Miquel-Pontes-MPG_6539.jpg?resize=1024%2C680&amp;ssl=1 1024w, https:\/\/i0.wp.com\/opistobranquis.info\/wp-content\/uploads\/2020\/12\/Fjordia-lineata-by-Miquel-Pontes-MPG_6539.jpg?resize=150%2C100&amp;ssl=1 150w\" width=\"409\" height=\"272\" loading=\"lazy\" data-original-width=\"409\" data-original-height=\"272\" itemprop=\"http:\/\/schema.org\/image\" title=\"Fjordia lineata @ Costa Brava, Spain by Miquel Pontes\" alt=\"Fjordia lineata @ Costa Brava, Spain by Miquel Pontes\" style=\"width: 409px; height: 272px;\" \/> <\/a> <div class=\"tiled-gallery-caption\" itemprop=\"caption description\"> Fjordia lineata @ Costa Brava, Spain by Miquel Pontes <\/div> <\/div> <\/div> <!-- close group --> <\/div> <!-- close row --> <\/div><\/p>\n<p><strong>Bibliograf\u00eda<\/strong><\/p><ul><div id=\"zotpress-26621c5e9785814c6f0686deacf4abc8\" class=\"zp-Zotpress zp-Zotpress-Bib wp-block-group\">\n\n\t\t<span class=\"ZP_API_USER_ID ZP_ATTR\">1246567<\/span>\n\t\t<span class=\"ZP_ITEM_KEY ZP_ATTR\"><\/span>\n\t\t<span class=\"ZP_COLLECTION_ID ZP_ATTR\"><\/span>\n\t\t<span class=\"ZP_TAG_ID ZP_ATTR\">Fjordia lineata<\/span>\n\t\t<span class=\"ZP_AUTHOR ZP_ATTR\"><\/span>\n\t\t<span class=\"ZP_YEAR ZP_ATTR\"><\/span>\n        <span class=\"ZP_ITEMTYPE ZP_ATTR\"><\/span>\n\t\t<span class=\"ZP_INCLUSIVE ZP_ATTR\">1<\/span>\n\t\t<span class=\"ZP_STYLE ZP_ATTR\">eunomia-revista-en-cultura-de-la-legalidad<\/span>\n\t\t<span class=\"ZP_LIMIT ZP_ATTR\">50<\/span>\n\t\t<span class=\"ZP_SORTBY ZP_ATTR\">creator<\/span>\n\t\t<span class=\"ZP_ORDER ZP_ATTR\">asc<\/span>\n\t\t<span class=\"ZP_TITLE ZP_ATTR\"><\/span>\n\t\t<span class=\"ZP_SHOWIMAGE ZP_ATTR\"><\/span>\n\t\t<span class=\"ZP_SHOWTAGS ZP_ATTR\"><\/span>\n\t\t<span class=\"ZP_DOWNLOADABLE ZP_ATTR\"><\/span>\n\t\t<span class=\"ZP_NOTES ZP_ATTR\"><\/span>\n\t\t<span class=\"ZP_ABSTRACT ZP_ATTR\"><\/span>\n\t\t<span class=\"ZP_CITEABLE ZP_ATTR\"><\/span>\n\t\t<span class=\"ZP_TARGET ZP_ATTR\">1<\/span>\n\t\t<span class=\"ZP_URLWRAP ZP_ATTR\"><\/span>\n\t\t<span class=\"ZP_FORCENUM ZP_ATTR\"><\/span>\n        <span class=\"ZP_HIGHLIGHT ZP_ATTR\"><\/span>\n        <span class=\"ZP_POSTID ZP_ATTR\">603<\/span>\n\t\t<span class=\"ZOTPRESS_PLUGIN_URL ZP_ATTR\">https:\/\/opistobranquis.info\/wp-content\/plugins\/zotpress\/<\/span>\n\n\t\t<div class=\"zp-List loading\">\n\t\t\t<div class=\"zp-SEO-Content\">\n\n\t\t\t<\/div><!-- .zp-zp-SEO-Content -->\n\t\t<\/div><!-- .zp-List -->\n\t<\/div><!--.zp-Zotpress-->\n\n<p><\/p>Bibliograf\u00eda basada en los trabajos de <b>Steve Long, 2006<\/b>. <a target=_blank href=https:\/\/opistobranquis.info\/wp-content\/uploads\/2016\/06\/Long-S.-2006-Bibliography-of-Opisthobranchia-1554-2000.pdf>Bibliography of Opisthobranchia 1554-2000<\/a> y <b>Gary McDonald, 2009<\/b>. <a href=http:\/\/escholarship.org\/uc\/item\/8115h0wz>Bibliographia Nudibranchia<\/a>, con actualizaciones posteriores procedentes de otras fuentes.<p><\/p><\/ul><p><\/p><p><strong>M\u00e1s informaci\u00f3n<\/strong><\/p><span style=\"font-size:10pt\"><ul><ul class=\"blogroll-links\"><li><a href=\"http:\/\/www.biodiversitylibrary.org\/name\/Flabellina%20lineata\">Biodiversity Heritage Library<\/a><\/li><li><a href=\"http:\/\/www.biologiamarina.org\/flabellina-lineata\/\">BiologiaMarina.org<\/a><\/li><li><a href=\"http:\/\/www.cibsub.com\/bioespecie_es-flabellina_lineata-28184\">CIB - Club Immersio Biologia<\/a><\/li><li><a href=\"http:\/\/doris.ffessm.fr\/fiche2.asp?fiche_numero=1880\">DORIS<\/a><\/li><li><a href=\"http:\/\/www.habitas.org.uk\/marinelife\/species.asp?item=W14520#\">Encyclopedia of Marine Life of Britain and Ireland<\/a><\/li><li><a href=\"https:\/\/www.flickr.com\/search\/?text=Fjordia%20lineata\">Flickr pictures<\/a><\/li><li><a href=\"http:\/\/www.opistobranquis.org\/ca\/guia\/49\">GROC<\/a><\/li><li><a href=\"http:\/\/www.irmng.org\/aphia.php?p=taxlist&#038;tName=Fjordia%20lineata\">Interim Register of Marine and Nonmarine Genera<\/a><\/li><li><a href=\"http:\/\/www.ncbi.nlm.nih.gov\/Taxonomy\/Browser\/wwwtax.cgi?mode=Undef&#038;name=Flabellina%20lineata&#038;lvl=0&#038;srchmode=1\">NCBI GenBank<\/a><\/li><li><a href=\"http:\/\/iobis.org\/mapper\/?taxon=Flabellina%20lineata\">OBIS - Search by Taxon<\/a><\/li><li><a href=\"http:\/\/www.nudibranch.org\/Scottish%20Nudibranchs\/fjordia-lineata.html\">Scottish Nudibranchs<\/a><\/li><li><a href=\"http:\/\/www.seaslugforum.net\/showall\/flabline\">Sea Slug Forum<\/a><\/li><li><a href=\"http:\/\/www.conchsoc.net\/spaccount\/Coryphella-lineata\">The Conchological Society of Great Britain and Ireland<\/a><\/li><li><a href=\"http:\/\/www.marinespecies.org\/aphia.php?p=taxdetails&#038;id=181249\">World Register of Marine Species<\/a><\/li><\/ul><\/ul><\/span><p><strong>Citar este art\u00edculo como: <\/strong><\/p><div style=\"display: block; background: #444444; padding: 10px 30px 10px 10px; border-radius: 5px; line-height: 18px;\"><p class=\"citacio\"><b>Ballesteros, M., Madrenas, E. &#38; Pontes, M.<\/b> (2025) <em>\"Fjordia lineata\"<\/em> en <em>OPK-Opistobranquis<\/em>. Publicado: 17\/05\/2012. Accedido: 04\/09\/2026. Disponible en (<a href=https:\/\/opistobranquis.info\/es\/?p=603>https:\/\/opistobranquis.info\/es\/?p=603<\/a>)<\/p><p><\/p><\/div><p><\/p><\/p>","protected":false},"excerpt":{"rendered":"<p>Fjordia lineata (Lov\u00e9n, 1846) Sin\u00f3nimos Aeolis argenteolineata Costa A., 1866 Aeolis lineata Lov\u00e9n, 1846 Coryphella lineata (Lov\u00e9n, 1846) Flabellina lineata (Lov\u00e9n, 1846) Descripci\u00f3n Los espec\u00edmenes mediterr\u00e1neos de esta especie generalmente miden entre 15 y 30 mm de longitud, aunque en el norte de Europa se ha citado ejemplares que alcanzan los 50 mm de longitud total. El cuerpo es blanquecino y semitransparente, por lo que es posible ver las v\u00edsceras\u2026<\/p>\n<p class=\"continue-reading-button\"> <a class=\"continue-reading-link\" href=\"https:\/\/opistobranquis.info\/es\/guia\/nudibranchia\/cladobranchia\/fionoidea\/fjordia-lineata\/\">Sigue leyendo<i class=\"crycon-right-dir\"><\/i><\/a><\/p>\n","protected":false},"author":291,"featured_media":4560,"parent":25630,"menu_order":8414,"comment_status":"closed","ping_status":"closed","template":"","meta":{"footnotes":""},"class_list":["post-603","page","type-page","status-publish","has-post-thumbnail","hentry"],"jetpack_sharing_enabled":true,"_links":{"self":[{"href":"https:\/\/opistobranquis.info\/es\/wp-json\/wp\/v2\/pages\/603","targetHints":{"allow":["GET"]}}],"collection":[{"href":"https:\/\/opistobranquis.info\/es\/wp-json\/wp\/v2\/pages"}],"about":[{"href":"https:\/\/opistobranquis.info\/es\/wp-json\/wp\/v2\/types\/page"}],"author":[{"embeddable":true,"href":"https:\/\/opistobranquis.info\/es\/wp-json\/wp\/v2\/users\/291"}],"replies":[{"embeddable":true,"href":"https:\/\/opistobranquis.info\/es\/wp-json\/wp\/v2\/comments?post=603"}],"version-history":[{"count":7,"href":"https:\/\/opistobranquis.info\/es\/wp-json\/wp\/v2\/pages\/603\/revisions"}],"predecessor-version":[{"id":31112,"href":"https:\/\/opistobranquis.info\/es\/wp-json\/wp\/v2\/pages\/603\/revisions\/31112"}],"up":[{"embeddable":true,"href":"https:\/\/opistobranquis.info\/es\/wp-json\/wp\/v2\/pages\/25630"}],"wp:featuredmedia":[{"embeddable":true,"href":"https:\/\/opistobranquis.info\/es\/wp-json\/wp\/v2\/media\/4560"}],"wp:attachment":[{"href":"https:\/\/opistobranquis.info\/es\/wp-json\/wp\/v2\/media?parent=603"}],"curies":[{"name":"wp","href":"https:\/\/api.w.org\/{rel}","templated":true}]}}