{"id":635,"date":"2012-05-17T11:49:16","date_gmt":"2012-05-17T09:49:16","guid":{"rendered":"https:\/\/opistobranquis.info\/facelina-rubrovittatafacelina-rubrovittatafacelina-rubrovittata"},"modified":"2025-06-12T21:43:41","modified_gmt":"2025-06-12T19:43:41","slug":"facelina-rubrovittata","status":"publish","type":"page","link":"https:\/\/opistobranquis.info\/es\/guia\/nudibranchia\/cladobranchia\/aeolidioidea\/facelinidae\/facelina-rubrovittata\/","title":{"rendered":"Facelina rubrovittata"},"content":{"rendered":"<p><\/p>\n<h3><em>Facelina rubrovittata<\/em> (Costa, A., 1866)<\/h3>\n<p><span style=\"font-size:10pt;\" class=\"aligncenter\"><div id=\"featured-img-id\"><img data-recalc-dims=\"1\" decoding=\"async\" src=\"https:\/\/i0.wp.com\/opistobranquis.info\/wp-content\/uploads\/2012\/12\/facelina-rubrovittata-40.jpg?w=900&#038;ssl=1\" alt=\"Facelina rubrovittata by Enric Madrenas\" \/><\/div><center><em>Facelina rubrovittata<\/em> por Enric Madrenas<\/center><\/span><p><\/p><div class=\"opk-worms\"><h3>Informaci\u00f3n taxon\u00f3mica WoRMS<\/h3><div class=\"opk-success\">Nombre aceptado actual: <strong><em>Facelina rubrovittata<\/em> (A. Costa, 1866)<\/strong><\/div><h4>Clasificaci\u00f3n actual<\/h4><table class=\"widefat striped\"><tr><th>Superdomain<\/th><td><a target=\"_blank\" href=\"https:\/\/www.marinespecies.org\/aphia.php?p=taxdetails&id=1\">Biota<\/a><\/td><\/tr><tr><th>Kingdom<\/th><td><a target=\"_blank\" href=\"https:\/\/www.marinespecies.org\/aphia.php?p=taxdetails&id=2\">Animalia<\/a><\/td><\/tr><tr><th>Phylum<\/th><td><a target=\"_blank\" href=\"https:\/\/www.marinespecies.org\/aphia.php?p=taxdetails&id=51\">Mollusca<\/a><\/td><\/tr><tr><th>Class<\/th><td><a target=\"_blank\" href=\"https:\/\/www.marinespecies.org\/aphia.php?p=taxdetails&id=101\">Gastropoda<\/a><\/td><\/tr><tr><th>Subclass<\/th><td><a target=\"_blank\" href=\"https:\/\/www.marinespecies.org\/aphia.php?p=taxdetails&id=14712\">Heterobranchia<\/a><\/td><\/tr><tr><th>Infraclass<\/th><td><a target=\"_blank\" href=\"https:\/\/www.marinespecies.org\/aphia.php?p=taxdetails&id=1057247\">Euthyneura<\/a><\/td><\/tr><tr><th>Subterclass<\/th><td><a target=\"_blank\" href=\"https:\/\/www.marinespecies.org\/aphia.php?p=taxdetails&id=1057249\">Ringipleura<\/a><\/td><\/tr><tr><th>Superorder<\/th><td><a target=\"_blank\" href=\"https:\/\/www.marinespecies.org\/aphia.php?p=taxdetails&id=411966\">Nudipleura<\/a><\/td><\/tr><tr><th>Order<\/th><td><a target=\"_blank\" href=\"https:\/\/www.marinespecies.org\/aphia.php?p=taxdetails&id=1762\">Nudibranchia<\/a><\/td><\/tr><tr><th>Suborder<\/th><td><a target=\"_blank\" href=\"https:\/\/www.marinespecies.org\/aphia.php?p=taxdetails&id=827889\">Cladobranchia<\/a><\/td><\/tr><tr><th>Superfamily<\/th><td><a target=\"_blank\" href=\"https:\/\/www.marinespecies.org\/aphia.php?p=taxdetails&id=189\">Aeolidioidea<\/a><\/td><\/tr><tr><th>Family<\/th><td><a target=\"_blank\" href=\"https:\/\/www.marinespecies.org\/aphia.php?p=taxdetails&id=191\">Facelinidae<\/a><\/td><\/tr><tr><th>Genus<\/th><td><a target=\"_blank\" href=\"https:\/\/www.marinespecies.org\/aphia.php?p=taxdetails&id=137997\"><em>Facelina<\/em><\/a><\/td><\/tr><tr><th>Species<\/th><td><a target=\"_blank\" href=\"https:\/\/www.marinespecies.org\/aphia.php?p=taxdetails&id=139914\"><em>Facelina rubrovittata<\/em> (A. Costa, 1866)<\/a><\/td><\/tr><\/table><p class=\"footer\">Clasificaci\u00f3n proporcionada por el World Register of Marine Species (WoRMS). [<a target=\"_blank\" href=\"https:\/\/www.marinespecies.org\/aphia.php?p=taxdetails&id=139914\">139914<\/a>]<\/p><\/div><strong>Sin\u00f3nimos<\/strong><\/p>\n<ul>\n<li><span id=\"aphia_ct_tu_754127\"><i>Acanthopsole rubrovittata<\/i> (Costa, 1866)<\/span><\/li>\n<li><span id=\"aphia_ct_tu_747546\"><strong><i>Aeolis rubrovittata<\/i> Costa A., 1866 (original)<\/strong><\/span><\/li>\n<li><span id=\"aphia_ct_tu_748902\"><i>Hervia amari<\/i> Vicente, 1962\u00a0<\/span><\/li>\n<li><span id=\"aphia_ct_tu_748902\"><i>Cratena\u00a0amari<\/i> Vicente, 1962\u00a0<\/span><\/li>\n<li><em>Facelina albida<\/em> Bergh, 1882<\/li>\n<li><span id=\"aphia_ct_tu_748903\"><i>Hervia berghii<\/i> Vayssi\u00e8re, 1888<\/span><\/li>\n<\/ul>\n<p><strong>Descripci\u00f3n<\/strong><br \/>\nEsta especie puede alcanzar un tama\u00f1o de 15 mm de longitud. El cuerpo es estrecho, transl\u00facido y con el dorso finamente punteado de marr\u00f3n oscuro. Caracterizan a esta especie las l\u00edneas de color anaranjado en ocasiones discontinuas que recorren todo el cuerpo, una medio dorsal que va desde la cabeza hasta la cola, pasando entre los rin\u00f3foros y una a cada lado del cuerpo que pasa por debajo de la inserci\u00f3n de la base de los cerata; tambi\u00e9n hay trazos del mismo color entre los grupos de cerata, al menos entre los situados m\u00e1s anteriormente. Los tent\u00e1culos orales son largos y finos, transparentes en su base y algo rosados en su mitad distal. Los rin\u00f3foros tienen en su mitad superior 4-5 peque\u00f1os ensanchamientos anulares y en resto son lisos; la zona basal y lisa es de color marr\u00f3n oscuro y rosada la distal. Hay 5-6 grupos de cerata a cada lado del cuerpo y bien separados entre ellos. El primer grupo tiene 3 hileras de cerata, dos hileras los grupos segundo y tercero y s\u00f3lo una hilera el resto. Los cerata son finos y est\u00e1n curvados hacia la zona interna del cuerpo, son transparentes pero la gl\u00e1ndula digestiva de color marr\u00f3n ocupa casi totalmente su interior. El pie es estrecho y transparente, diferenciando anteriormente dos tent\u00e1culos propodiales finos y blanquecinos.<\/p>\n<p><strong>Biolog\u00eda<\/strong><br \/>\nSe conoce muy poco de la biolog\u00eda de esta infrecuente especie, de la que se ha citado que come, al igual que otros eolid\u00e1ceos, p\u00f3lipos de hidrozoos atecados del g\u00e9nero <em>Eudendrium<\/em>.<\/p>\n<p><strong>Etimolog\u00eda<\/strong><\/p>\n<ul>\n<li><em>Facelina <\/em>&#8211; en Lat\u00edn significa &#8220;cara rayada&#8221;<\/li>\n<li><em>Rubro<\/em> = &#8220;rojo&#8221; y <em>Vittata<\/em> = &#8220;rayado&#8221; en Lat\u00edn, se refiere a las 5 filas de lineas rojas discont\u00ednuas que suele tener esta especie.<\/li>\n<\/ul>\n<p><strong>Distribuci\u00f3n<\/strong><br \/>\nSe trata de una especie que habita las aguas del Mediterr\u00e1neo y Atl\u00e1ntico pr\u00f3ximo. En el Mediterr\u00e1neo, principalmente la cuenca occidental pero tambi\u00e9n hay citas dispersas en el Adri\u00e1tico, en las costas griegas y en aguas de Turqu\u00eda. En la Pen\u00ednsula Ib\u00e9rica ha sido citada en las costas andaluzas atl\u00e1nticas y mediterr\u00e1neas, la costa levantina y en Catalu\u00f1a; tambi\u00e9n citada en Baleares. Las localidades catalanas donde se ha citado u observado son: Cadaqu\u00e9s, L\u00b4Escala, Begur, Tossa de Mar y Blanes. <div id=\"flxmap-6a9a7d07b2245\" class='flxmap-container' data-flxmap='flxmap_6a9a7d07b2245' style=\"width:100%;height:400px;\"><\/div>\n<script data-noptimize=\"1\">\n\/* <![CDATA[ *\/\n(function(w, fn) {\n if (w.addEventListener) w.addEventListener(\"DOMContentLoaded\", fn, false);\n else if (w.attachEvent) w.attachEvent(\"onload\", fn);\n})(window, function() {\n var f = new FlexibleMap();\n f.panControl = true;\n f.mapTypeId = \"satellite\";\n f.setlocale(\"es-ES\");\n f.kmlcache = \"5 minutes\";\n f.showKML(\"flxmap-6a9a7d07b2245\", \"https:\/\/opistobranquis.info\/wp-content\/uploads\/kms\/635.kmz\");\n window.flxmap_6a9a7d07b2245 = f;\n});\n\/* ]]> *\/\n<\/script>\n<div style=\"width:100%;text-align:center;margin:12px 0 4px 0;\">\n  <div style=\"font-size:8pt;margin-bottom:6px;\">Citas georeferenciadas conocidas de la especie: <em>Facelina rubrovittata<\/em><\/div>\n  <table style=\"margin:0 auto;border-collapse:collapse;font-size:8pt;\">\n    <tr><td colspan=\"2\" style=\"text-align:left;padding-bottom:4px;\"><strong>Fonts:<\/strong><\/td><\/tr>\n    <tr>\n      <td style=\"vertical-align:top;padding-right:40px;\">\n        <table style=\"border-collapse:collapse;\">\n<tr><td style='padding:1px 6px 1px 0;vertical-align:middle'><img data-recalc-dims=\"1\" src=\"https:\/\/i0.wp.com\/opistobranquis.info\/wp-content\/uploads\/kms\/wht-circle-lv.png?w=900&#038;ssl=1\" style='display:block'><\/td><td style='padding:1px 0;vertical-align:middle;white-space:nowrap'>OBIS<\/td><\/tr><tr><td style='padding:1px 6px 1px 0;vertical-align:middle'><img data-recalc-dims=\"1\" src=\"https:\/\/i0.wp.com\/opistobranquis.info\/wp-content\/uploads\/kms\/ylw-circle-lv.png?w=900&#038;ssl=1\" style='display:block'><\/td><td style='padding:1px 0;vertical-align:middle;white-space:nowrap'>GROC 2010-2011<\/td><\/tr><tr><td style='padding:1px 6px 1px 0;vertical-align:middle'><img data-recalc-dims=\"1\" src=\"https:\/\/i0.wp.com\/opistobranquis.info\/wp-content\/uploads\/kms\/grn-circle-lv.png?w=900&#038;ssl=1\" style='display:block'><\/td><td style='padding:1px 0;vertical-align:middle;white-space:nowrap'>Enric Madrenas<\/td><\/tr><tr><td style='padding:1px 6px 1px 0;vertical-align:middle'><img data-recalc-dims=\"1\" src=\"https:\/\/i0.wp.com\/opistobranquis.info\/wp-content\/uploads\/kms\/orange-circle-lv.png?w=900&#038;ssl=1\" style='display:block'><\/td><td style='padding:1px 0;vertical-align:middle;white-space:nowrap'>Jo\u00e3o Pedro Silva<\/td><\/tr><tr><td style='padding:1px 6px 1px 0;vertical-align:middle'><img data-recalc-dims=\"1\" src=\"https:\/\/i0.wp.com\/opistobranquis.info\/wp-content\/uploads\/kms\/pink-circle-lv.png?w=900&#038;ssl=1\" style='display:block'><\/td><td style='padding:1px 0;vertical-align:middle;white-space:nowrap'>Bernard Picton<\/td><\/tr><tr><td style='padding:1px 6px 1px 0;vertical-align:middle'><img data-recalc-dims=\"1\" src=\"https:\/\/i0.wp.com\/opistobranquis.info\/wp-content\/uploads\/kms\/blk-circle-lv.png?w=900&#038;ssl=1\" style='display:block'><\/td><td style='padding:1px 0;vertical-align:middle;white-space:nowrap'>GBIF<\/td><\/tr>        <\/table>\n      <\/td>\n      <td style=\"vertical-align:top;\">\n        <table style=\"border-collapse:collapse;\">\n<tr><td style='padding:1px 6px 1px 0;vertical-align:middle'><img data-recalc-dims=\"1\" src=\"https:\/\/i0.wp.com\/opistobranquis.info\/wp-content\/uploads\/kms\/purple-circle-lv.png?w=900&#038;ssl=1\" style='display:block'><\/td><td style='padding:1px 0;vertical-align:middle;white-space:nowrap'>OPK<\/td><\/tr><tr><td style='padding:1px 6px 1px 0;vertical-align:middle'><img data-recalc-dims=\"1\" src=\"https:\/\/i0.wp.com\/opistobranquis.info\/wp-content\/uploads\/kms\/red-circle-lv.png?w=900&#038;ssl=1\" style='display:block'><\/td><td style='padding:1px 0;vertical-align:middle;white-space:nowrap'>VIMAR<\/td><\/tr><tr><td style='padding:1px 6px 1px 0;vertical-align:middle'><img data-recalc-dims=\"1\" src=\"https:\/\/i0.wp.com\/opistobranquis.info\/wp-content\/uploads\/kms\/blu-circle-lv.png?w=900&#038;ssl=1\" style='display:block'><\/td><td style='padding:1px 0;vertical-align:middle;white-space:nowrap'>Manuel Ballesteros<\/td><\/tr><tr><td style='padding:1px 6px 1px 0;vertical-align:middle'><img data-recalc-dims=\"1\" src=\"https:\/\/i0.wp.com\/opistobranquis.info\/wp-content\/uploads\/kms\/cyan-circle-lv.png?w=900&#038;ssl=1\" style='display:block'><\/td><td style='padding:1px 0;vertical-align:middle;white-space:nowrap'>M@re Nostrum<\/td><\/tr><tr><td style='padding:1px 6px 1px 0;vertical-align:middle'><img data-recalc-dims=\"1\" src=\"https:\/\/i0.wp.com\/opistobranquis.info\/wp-content\/uploads\/kms\/grey-circle-lv.png?w=900&#038;ssl=1\" style='display:block'><\/td><td style='padding:1px 0;vertical-align:middle;white-space:nowrap'>Altres fonts<\/td><\/tr><tr><td style='padding:1px 6px 1px 0;vertical-align:middle'><img data-recalc-dims=\"1\" src=\"https:\/\/i0.wp.com\/opistobranquis.info\/wp-content\/uploads\/kms\/marreg.png?w=900&#038;ssl=1\" style='display:block'><\/td><td style='padding:1px 0;vertical-align:middle;white-space:nowrap'>Marine Regions<\/td><\/tr>        <\/table>\n      <\/td>\n    <\/tr>\n  <\/table>\n<\/div>\n<\/p>\n<p><strong>Especies similares<br \/>\n<\/strong><a href=\"https:\/\/opistobranquis.info\/guia\/nudibranchia\/cladobranchia\/aeolidioidea\/facelina-fusca\/\"><em>Facelina fusca<\/em><\/a>, cuerpo con manchas marrones, banda dorsal blanca, con l\u00edneas longitudinales rojas o violeta en el dorso y los costados. Rin\u00f3foros largos y lisos. Cerata marrones un poco curvados con los extremos muy oscuros. Cuerpo completamente punteado de blanco.<\/p>\n<p><strong>Error:<\/strong> Chart.js no est\u00e1 disponible.<\/p>\n<p><strong>Videos<\/strong><\/p>\n<p><iframe loading=\"lazy\" src=\"https:\/\/player.vimeo.com\/video\/406782348?h=1cb2aecccf&amp;dnt=1&amp;app_id=122963\" width=\"900\" height=\"506\" frameborder=\"0\" allow=\"autoplay; fullscreen; picture-in-picture\" allowfullscreen><\/iframe><\/p>\n<p><iframe loading=\"lazy\" src=\"https:\/\/player.vimeo.com\/video\/784333015?h=e7663b4d4d&amp;dnt=1&amp;app_id=122963\" width=\"900\" height=\"506\" frameborder=\"0\" allow=\"autoplay; fullscreen; picture-in-picture\" allowfullscreen><\/iframe><\/p>\n<p>&nbsp;<\/p>\n<p><strong>Otras fotos<\/strong><br \/>\n<div class=\"tiled-gallery type-rectangular tiled-gallery-unresized\" data-original-width=\"900\" data-carousel-extra='{&quot;blog_id&quot;:1,&quot;permalink&quot;:&quot;https:\\\/\\\/opistobranquis.info\\\/es\\\/guia\\\/nudibranchia\\\/cladobranchia\\\/aeolidioidea\\\/facelinidae\\\/facelina-rubrovittata\\\/&quot;,&quot;likes_blog_id&quot;:44192421}' itemscope itemtype=\"http:\/\/schema.org\/ImageGallery\" > <div class=\"gallery-row\" style=\"width: 900px; height: 401px;\" data-original-width=\"900\" data-original-height=\"401\" > <div class=\"gallery-group images-2\" style=\"width: 308px; height: 401px;\" data-original-width=\"308\" data-original-height=\"401\" > <div class=\"tiled-gallery-item tiled-gallery-item-large\" itemprop=\"associatedMedia\" itemscope itemtype=\"http:\/\/schema.org\/ImageObject\"> <a href=\"https:\/\/opistobranquis.info\/es\/guia\/nudibranchia\/cladobranchia\/aeolidioidea\/facelinidae\/facelina-rubrovittata\/facelina-rubrovittata-00\/\" border=\"0\" itemprop=\"url\"> <meta itemprop=\"width\" content=\"304\"> <meta itemprop=\"height\" content=\"188\"> <img decoding=\"async\" class=\"\" data-attachment-id=\"4497\" data-orig-file=\"https:\/\/opistobranquis.info\/wp-content\/uploads\/2012\/12\/facelina-rubrovittata-00.jpg\" data-orig-size=\"814,505\" data-comments-opened=\"\" data-image-title=\"facelina-rubrovittata-00\" data-image-description=\"\" data-medium-file=\"https:\/\/i0.wp.com\/opistobranquis.info\/wp-content\/uploads\/2012\/12\/facelina-rubrovittata-00.jpg?fit=300%2C186&#038;ssl=1\" data-large-file=\"https:\/\/i0.wp.com\/opistobranquis.info\/wp-content\/uploads\/2012\/12\/facelina-rubrovittata-00.jpg?fit=814%2C505&#038;ssl=1\" src=\"https:\/\/i0.wp.com\/opistobranquis.info\/wp-content\/uploads\/2012\/12\/facelina-rubrovittata-00.jpg?w=304&#038;h=188&#038;ssl=1\" srcset=\"https:\/\/i0.wp.com\/opistobranquis.info\/wp-content\/uploads\/2012\/12\/facelina-rubrovittata-00.jpg?w=814&amp;ssl=1 814w, https:\/\/i0.wp.com\/opistobranquis.info\/wp-content\/uploads\/2012\/12\/facelina-rubrovittata-00.jpg?resize=300%2C186&amp;ssl=1 300w\" width=\"304\" height=\"188\" loading=\"lazy\" data-original-width=\"304\" data-original-height=\"188\" itemprop=\"http:\/\/schema.org\/image\" title=\"facelina-rubrovittata-00\" alt=\"facelina-rubrovittata-00\" style=\"width: 304px; height: 188px;\" \/> <\/a> <\/div> <div class=\"tiled-gallery-item tiled-gallery-item-large\" itemprop=\"associatedMedia\" itemscope itemtype=\"http:\/\/schema.org\/ImageObject\"> <a href=\"https:\/\/opistobranquis.info\/es\/guia\/nudibranchia\/cladobranchia\/aeolidioidea\/facelinidae\/facelina-rubrovittata\/facelina-rubrovittata-01\/\" border=\"0\" itemprop=\"url\"> <meta itemprop=\"width\" content=\"304\"> <meta itemprop=\"height\" content=\"205\"> <img decoding=\"async\" class=\"\" data-attachment-id=\"4498\" data-orig-file=\"https:\/\/opistobranquis.info\/wp-content\/uploads\/2012\/12\/facelina-rubrovittata-01.jpg\" data-orig-size=\"814,548\" data-comments-opened=\"\" data-image-title=\"facelina-rubrovittata-01\" data-image-description=\"\" data-medium-file=\"https:\/\/i0.wp.com\/opistobranquis.info\/wp-content\/uploads\/2012\/12\/facelina-rubrovittata-01.jpg?fit=300%2C201&#038;ssl=1\" data-large-file=\"https:\/\/i0.wp.com\/opistobranquis.info\/wp-content\/uploads\/2012\/12\/facelina-rubrovittata-01.jpg?fit=814%2C548&#038;ssl=1\" src=\"https:\/\/i0.wp.com\/opistobranquis.info\/wp-content\/uploads\/2012\/12\/facelina-rubrovittata-01.jpg?w=304&#038;h=205&#038;ssl=1\" srcset=\"https:\/\/i0.wp.com\/opistobranquis.info\/wp-content\/uploads\/2012\/12\/facelina-rubrovittata-01.jpg?w=814&amp;ssl=1 814w, https:\/\/i0.wp.com\/opistobranquis.info\/wp-content\/uploads\/2012\/12\/facelina-rubrovittata-01.jpg?resize=300%2C201&amp;ssl=1 300w\" width=\"304\" height=\"205\" loading=\"lazy\" data-original-width=\"304\" data-original-height=\"205\" itemprop=\"http:\/\/schema.org\/image\" title=\"facelina-rubrovittata-01\" alt=\"facelina-rubrovittata-01\" style=\"width: 304px; height: 205px;\" \/> <\/a> <\/div> <\/div> <!-- close group --> <div class=\"gallery-group images-1\" style=\"width: 592px; height: 401px;\" data-original-width=\"592\" data-original-height=\"401\" > <div class=\"tiled-gallery-item tiled-gallery-item-large\" itemprop=\"associatedMedia\" itemscope itemtype=\"http:\/\/schema.org\/ImageObject\"> <a href=\"https:\/\/opistobranquis.info\/es\/guia\/nudibranchia\/cladobranchia\/aeolidioidea\/facelinidae\/facelina-rubrovittata\/facelina-rubrovittata-03\/\" border=\"0\" itemprop=\"url\"> <meta itemprop=\"width\" content=\"588\"> <meta itemprop=\"height\" content=\"397\"> <img decoding=\"async\" class=\"\" data-attachment-id=\"4499\" data-orig-file=\"https:\/\/opistobranquis.info\/wp-content\/uploads\/2012\/12\/facelina-rubrovittata-03.jpg\" data-orig-size=\"814,550\" data-comments-opened=\"\" data-image-title=\"facelina-rubrovittata-03\" data-image-description=\"\" data-medium-file=\"https:\/\/i0.wp.com\/opistobranquis.info\/wp-content\/uploads\/2012\/12\/facelina-rubrovittata-03.jpg?fit=300%2C202&#038;ssl=1\" data-large-file=\"https:\/\/i0.wp.com\/opistobranquis.info\/wp-content\/uploads\/2012\/12\/facelina-rubrovittata-03.jpg?fit=814%2C550&#038;ssl=1\" src=\"https:\/\/i0.wp.com\/opistobranquis.info\/wp-content\/uploads\/2012\/12\/facelina-rubrovittata-03.jpg?w=588&#038;h=397&#038;ssl=1\" srcset=\"https:\/\/i0.wp.com\/opistobranquis.info\/wp-content\/uploads\/2012\/12\/facelina-rubrovittata-03.jpg?w=814&amp;ssl=1 814w, https:\/\/i0.wp.com\/opistobranquis.info\/wp-content\/uploads\/2012\/12\/facelina-rubrovittata-03.jpg?resize=300%2C202&amp;ssl=1 300w\" width=\"588\" height=\"397\" loading=\"lazy\" data-original-width=\"588\" data-original-height=\"397\" itemprop=\"http:\/\/schema.org\/image\" title=\"facelina-rubrovittata-03\" alt=\"facelina-rubrovittata-03\" style=\"width: 588px; height: 397px;\" \/> <\/a> <\/div> <\/div> <!-- close group --> <\/div> <!-- close row --> <div class=\"gallery-row\" style=\"width: 900px; height: 248px;\" data-original-width=\"900\" data-original-height=\"248\" > <div class=\"gallery-group images-1\" style=\"width: 366px; height: 248px;\" data-original-width=\"366\" data-original-height=\"248\" > <div class=\"tiled-gallery-item tiled-gallery-item-large\" itemprop=\"associatedMedia\" itemscope itemtype=\"http:\/\/schema.org\/ImageObject\"> <a href=\"https:\/\/opistobranquis.info\/es\/guia\/nudibranchia\/cladobranchia\/aeolidioidea\/facelinidae\/facelina-rubrovittata\/facelina-rubrovittata-13\/\" border=\"0\" itemprop=\"url\"> <meta itemprop=\"width\" content=\"362\"> <meta itemprop=\"height\" content=\"244\"> <img decoding=\"async\" class=\"\" data-attachment-id=\"4500\" data-orig-file=\"https:\/\/opistobranquis.info\/wp-content\/uploads\/2012\/12\/facelina-rubrovittata-13.jpg\" data-orig-size=\"814,549\" data-comments-opened=\"\" data-image-title=\"facelina-rubrovittata-13\" data-image-description=\"\" data-medium-file=\"https:\/\/i0.wp.com\/opistobranquis.info\/wp-content\/uploads\/2012\/12\/facelina-rubrovittata-13.jpg?fit=300%2C202&#038;ssl=1\" data-large-file=\"https:\/\/i0.wp.com\/opistobranquis.info\/wp-content\/uploads\/2012\/12\/facelina-rubrovittata-13.jpg?fit=814%2C549&#038;ssl=1\" src=\"https:\/\/i0.wp.com\/opistobranquis.info\/wp-content\/uploads\/2012\/12\/facelina-rubrovittata-13.jpg?w=362&#038;h=244&#038;ssl=1\" srcset=\"https:\/\/i0.wp.com\/opistobranquis.info\/wp-content\/uploads\/2012\/12\/facelina-rubrovittata-13.jpg?w=814&amp;ssl=1 814w, https:\/\/i0.wp.com\/opistobranquis.info\/wp-content\/uploads\/2012\/12\/facelina-rubrovittata-13.jpg?resize=300%2C202&amp;ssl=1 300w\" width=\"362\" height=\"244\" loading=\"lazy\" data-original-width=\"362\" data-original-height=\"244\" itemprop=\"http:\/\/schema.org\/image\" title=\"facelina-rubrovittata-13\" alt=\"facelina-rubrovittata-13\" style=\"width: 362px; height: 244px;\" \/> <\/a> <\/div> <\/div> <!-- close group --> <div class=\"gallery-group images-1\" style=\"width: 169px; height: 248px;\" data-original-width=\"169\" data-original-height=\"248\" > <div class=\"tiled-gallery-item tiled-gallery-item-small\" itemprop=\"associatedMedia\" itemscope itemtype=\"http:\/\/schema.org\/ImageObject\"> <a href=\"https:\/\/opistobranquis.info\/es\/guia\/nudibranchia\/cladobranchia\/aeolidioidea\/facelinidae\/facelina-rubrovittata\/facelina-rubrovittata-16\/\" border=\"0\" itemprop=\"url\"> <meta itemprop=\"width\" content=\"165\"> <meta itemprop=\"height\" content=\"244\"> <img decoding=\"async\" class=\"\" data-attachment-id=\"4501\" data-orig-file=\"https:\/\/opistobranquis.info\/wp-content\/uploads\/2012\/12\/facelina-rubrovittata-16.jpg\" data-orig-size=\"415,614\" data-comments-opened=\"\" data-image-title=\"facelina-rubrovittata-16\" data-image-description=\"\" data-medium-file=\"https:\/\/i0.wp.com\/opistobranquis.info\/wp-content\/uploads\/2012\/12\/facelina-rubrovittata-16.jpg?fit=202%2C300&#038;ssl=1\" data-large-file=\"https:\/\/i0.wp.com\/opistobranquis.info\/wp-content\/uploads\/2012\/12\/facelina-rubrovittata-16.jpg?fit=415%2C614&#038;ssl=1\" src=\"https:\/\/i0.wp.com\/opistobranquis.info\/wp-content\/uploads\/2012\/12\/facelina-rubrovittata-16.jpg?w=165&#038;h=244&#038;ssl=1\" srcset=\"https:\/\/i0.wp.com\/opistobranquis.info\/wp-content\/uploads\/2012\/12\/facelina-rubrovittata-16.jpg?w=415&amp;ssl=1 415w, https:\/\/i0.wp.com\/opistobranquis.info\/wp-content\/uploads\/2012\/12\/facelina-rubrovittata-16.jpg?resize=202%2C300&amp;ssl=1 202w\" width=\"165\" height=\"244\" loading=\"lazy\" data-original-width=\"165\" data-original-height=\"244\" itemprop=\"http:\/\/schema.org\/image\" title=\"facelina-rubrovittata-16\" alt=\"facelina-rubrovittata-16\" style=\"width: 165px; height: 244px;\" \/> <\/a> <\/div> <\/div> <!-- close group --> <div class=\"gallery-group images-1\" style=\"width: 365px; height: 248px;\" data-original-width=\"365\" data-original-height=\"248\" > <div class=\"tiled-gallery-item tiled-gallery-item-large\" itemprop=\"associatedMedia\" itemscope itemtype=\"http:\/\/schema.org\/ImageObject\"> <a href=\"https:\/\/opistobranquis.info\/es\/guia\/nudibranchia\/cladobranchia\/aeolidioidea\/facelinidae\/facelina-rubrovittata\/facelina-rubrovittata-26\/\" border=\"0\" itemprop=\"url\"> <meta itemprop=\"width\" content=\"361\"> <meta itemprop=\"height\" content=\"244\"> <img decoding=\"async\" class=\"\" data-attachment-id=\"4502\" data-orig-file=\"https:\/\/opistobranquis.info\/wp-content\/uploads\/2012\/12\/facelina-rubrovittata-26.jpg\" data-orig-size=\"814,549\" data-comments-opened=\"\" data-image-title=\"facelina-rubrovittata-26\" data-image-description=\"\" data-medium-file=\"https:\/\/i0.wp.com\/opistobranquis.info\/wp-content\/uploads\/2012\/12\/facelina-rubrovittata-26.jpg?fit=300%2C202&#038;ssl=1\" data-large-file=\"https:\/\/i0.wp.com\/opistobranquis.info\/wp-content\/uploads\/2012\/12\/facelina-rubrovittata-26.jpg?fit=814%2C549&#038;ssl=1\" src=\"https:\/\/i0.wp.com\/opistobranquis.info\/wp-content\/uploads\/2012\/12\/facelina-rubrovittata-26.jpg?w=361&#038;h=244&#038;ssl=1\" srcset=\"https:\/\/i0.wp.com\/opistobranquis.info\/wp-content\/uploads\/2012\/12\/facelina-rubrovittata-26.jpg?w=814&amp;ssl=1 814w, https:\/\/i0.wp.com\/opistobranquis.info\/wp-content\/uploads\/2012\/12\/facelina-rubrovittata-26.jpg?resize=300%2C202&amp;ssl=1 300w\" width=\"361\" height=\"244\" loading=\"lazy\" data-original-width=\"361\" data-original-height=\"244\" itemprop=\"http:\/\/schema.org\/image\" title=\"facelina-rubrovittata-26\" alt=\"facelina-rubrovittata-26\" style=\"width: 361px; height: 244px;\" \/> <\/a> <\/div> <\/div> <!-- close group --> <\/div> <!-- close row --> <div class=\"gallery-row\" style=\"width: 900px; height: 406px;\" data-original-width=\"900\" data-original-height=\"406\" > <div class=\"gallery-group images-1\" style=\"width: 600px; height: 406px;\" data-original-width=\"600\" data-original-height=\"406\" > <div class=\"tiled-gallery-item tiled-gallery-item-large\" itemprop=\"associatedMedia\" itemscope itemtype=\"http:\/\/schema.org\/ImageObject\"> <a href=\"https:\/\/opistobranquis.info\/es\/guia\/nudibranchia\/cladobranchia\/aeolidioidea\/facelinidae\/facelina-rubrovittata\/facelina-rubrovittata-27\/\" border=\"0\" itemprop=\"url\"> <meta itemprop=\"width\" content=\"596\"> <meta itemprop=\"height\" content=\"402\"> <img decoding=\"async\" class=\"\" data-attachment-id=\"4503\" data-orig-file=\"https:\/\/opistobranquis.info\/wp-content\/uploads\/2012\/12\/facelina-rubrovittata-27.jpg\" data-orig-size=\"814,549\" data-comments-opened=\"\" data-image-title=\"facelina-rubrovittata-27\" data-image-description=\"\" data-medium-file=\"https:\/\/i0.wp.com\/opistobranquis.info\/wp-content\/uploads\/2012\/12\/facelina-rubrovittata-27.jpg?fit=300%2C202&#038;ssl=1\" data-large-file=\"https:\/\/i0.wp.com\/opistobranquis.info\/wp-content\/uploads\/2012\/12\/facelina-rubrovittata-27.jpg?fit=814%2C549&#038;ssl=1\" src=\"https:\/\/i0.wp.com\/opistobranquis.info\/wp-content\/uploads\/2012\/12\/facelina-rubrovittata-27.jpg?w=596&#038;h=402&#038;ssl=1\" srcset=\"https:\/\/i0.wp.com\/opistobranquis.info\/wp-content\/uploads\/2012\/12\/facelina-rubrovittata-27.jpg?w=814&amp;ssl=1 814w, https:\/\/i0.wp.com\/opistobranquis.info\/wp-content\/uploads\/2012\/12\/facelina-rubrovittata-27.jpg?resize=300%2C202&amp;ssl=1 300w\" width=\"596\" height=\"402\" loading=\"lazy\" data-original-width=\"596\" data-original-height=\"402\" itemprop=\"http:\/\/schema.org\/image\" title=\"facelina-rubrovittata-27\" alt=\"facelina-rubrovittata-27\" style=\"width: 596px; height: 402px;\" \/> <\/a> <\/div> <\/div> <!-- close group --> <div class=\"gallery-group images-2\" style=\"width: 300px; height: 406px;\" data-original-width=\"300\" data-original-height=\"406\" > <div class=\"tiled-gallery-item tiled-gallery-item-large\" itemprop=\"associatedMedia\" itemscope itemtype=\"http:\/\/schema.org\/ImageObject\"> <a href=\"https:\/\/opistobranquis.info\/es\/guia\/nudibranchia\/cladobranchia\/aeolidioidea\/facelinidae\/facelina-rubrovittata\/facelina-rubrovittata-41-cc3b2pula\/\" border=\"0\" itemprop=\"url\"> <meta itemprop=\"width\" content=\"296\"> <meta itemprop=\"height\" content=\"200\"> <img decoding=\"async\" class=\"\" data-attachment-id=\"4505\" data-orig-file=\"https:\/\/opistobranquis.info\/wp-content\/uploads\/2012\/12\/facelina-rubrovittata-41-cc3b2pula.jpg\" data-orig-size=\"814,549\" data-comments-opened=\"\" data-image-title=\"facelina-rubrovittata-41-cc3b2pula\" data-image-description=\"\" data-medium-file=\"https:\/\/i0.wp.com\/opistobranquis.info\/wp-content\/uploads\/2012\/12\/facelina-rubrovittata-41-cc3b2pula.jpg?fit=300%2C202&#038;ssl=1\" data-large-file=\"https:\/\/i0.wp.com\/opistobranquis.info\/wp-content\/uploads\/2012\/12\/facelina-rubrovittata-41-cc3b2pula.jpg?fit=814%2C549&#038;ssl=1\" src=\"https:\/\/i0.wp.com\/opistobranquis.info\/wp-content\/uploads\/2012\/12\/facelina-rubrovittata-41-cc3b2pula.jpg?w=296&#038;h=200&#038;ssl=1\" srcset=\"https:\/\/i0.wp.com\/opistobranquis.info\/wp-content\/uploads\/2012\/12\/facelina-rubrovittata-41-cc3b2pula.jpg?w=814&amp;ssl=1 814w, https:\/\/i0.wp.com\/opistobranquis.info\/wp-content\/uploads\/2012\/12\/facelina-rubrovittata-41-cc3b2pula.jpg?resize=300%2C202&amp;ssl=1 300w\" width=\"296\" height=\"200\" loading=\"lazy\" data-original-width=\"296\" data-original-height=\"200\" itemprop=\"http:\/\/schema.org\/image\" title=\"facelina-rubrovittata-41-cc3b2pula\" alt=\"facelina-rubrovittata-41-cc3b2pula\" style=\"width: 296px; height: 200px;\" \/> <\/a> <\/div> <div class=\"tiled-gallery-item tiled-gallery-item-large\" itemprop=\"associatedMedia\" itemscope itemtype=\"http:\/\/schema.org\/ImageObject\"> <a href=\"https:\/\/opistobranquis.info\/es\/guia\/nudibranchia\/cladobranchia\/aeolidioidea\/facelinidae\/facelina-rubrovittata\/img_0784\/\" border=\"0\" itemprop=\"url\"> <meta itemprop=\"width\" content=\"296\"> <meta itemprop=\"height\" content=\"198\"> <img decoding=\"async\" class=\"\" data-attachment-id=\"19564\" data-orig-file=\"https:\/\/opistobranquis.info\/wp-content\/uploads\/2015\/05\/IMG_0784.jpg\" data-orig-size=\"800,534\" data-comments-opened=\"\" data-image-title=\"Facelina rubrovittata @ Mallorca by Lenka Juskani\u010dov\u00e1\" data-image-description=\"&lt;p&gt;Facelina rubrovittata @ Mallorca by Lenka Juskani\u010dov\u00e1&lt;\/p&gt; \" data-medium-file=\"https:\/\/i0.wp.com\/opistobranquis.info\/wp-content\/uploads\/2015\/05\/IMG_0784.jpg?fit=300%2C200&#038;ssl=1\" data-large-file=\"https:\/\/i0.wp.com\/opistobranquis.info\/wp-content\/uploads\/2015\/05\/IMG_0784.jpg?fit=800%2C534&#038;ssl=1\" src=\"https:\/\/i0.wp.com\/opistobranquis.info\/wp-content\/uploads\/2015\/05\/IMG_0784.jpg?w=296&#038;h=198&#038;ssl=1\" srcset=\"https:\/\/i0.wp.com\/opistobranquis.info\/wp-content\/uploads\/2015\/05\/IMG_0784.jpg?w=800&amp;ssl=1 800w, https:\/\/i0.wp.com\/opistobranquis.info\/wp-content\/uploads\/2015\/05\/IMG_0784.jpg?resize=150%2C100&amp;ssl=1 150w, https:\/\/i0.wp.com\/opistobranquis.info\/wp-content\/uploads\/2015\/05\/IMG_0784.jpg?resize=300%2C200&amp;ssl=1 300w\" width=\"296\" height=\"198\" loading=\"lazy\" data-original-width=\"296\" data-original-height=\"198\" itemprop=\"http:\/\/schema.org\/image\" title=\"Facelina rubrovittata @ Mallorca by Lenka Juskani\u010dov\u00e1\" alt=\"Facelina rubrovittata @ Mallorca by Lenka Juskani\u010dov\u00e1\" style=\"width: 296px; height: 198px;\" \/> <\/a> <div class=\"tiled-gallery-caption\" itemprop=\"caption description\"> Facelina rubrovittata @ Mallorca by Lenka Juskani\u010dov\u00e1 <\/div> <\/div> <\/div> <!-- close group --> <\/div> <!-- close row --> <div class=\"gallery-row\" style=\"width: 900px; height: 339px;\" data-original-width=\"900\" data-original-height=\"339\" > <div class=\"gallery-group images-1\" style=\"width: 450px; height: 339px;\" data-original-width=\"450\" data-original-height=\"339\" > <div class=\"tiled-gallery-item tiled-gallery-item-large\" itemprop=\"associatedMedia\" itemscope itemtype=\"http:\/\/schema.org\/ImageObject\"> <a href=\"https:\/\/opistobranquis.info\/es\/guia\/nudibranchia\/cladobranchia\/aeolidioidea\/facelinidae\/facelina-rubrovittata\/olympus-digital-camera-154\/\" border=\"0\" itemprop=\"url\"> <meta itemprop=\"width\" content=\"446\"> <meta itemprop=\"height\" content=\"335\"> <img decoding=\"async\" class=\"\" data-attachment-id=\"24260\" data-orig-file=\"https:\/\/opistobranquis.info\/wp-content\/uploads\/2017\/12\/Facelina-rubrovittata-@-La-Herradura-Granada-Spain-5-04-2017-by-Stefan-Verheyen-2.jpg\" data-orig-size=\"1024,768\" data-comments-opened=\"\" data-image-title=\"Facelina rubrovittata @ La Herradura, Granada, Spain 5-04-2017 by Stefan Verheyen\" data-image-description=\"&lt;p&gt;Facelina rubrovittata @ La Herradura, Granada, Spain 5-04-2017 by Stefan Verheyen&lt;\/p&gt; \" data-medium-file=\"https:\/\/i0.wp.com\/opistobranquis.info\/wp-content\/uploads\/2017\/12\/Facelina-rubrovittata-%40-La-Herradura-Granada-Spain-5-04-2017-by-Stefan-Verheyen-2.jpg?fit=300%2C225&#038;ssl=1\" data-large-file=\"https:\/\/i0.wp.com\/opistobranquis.info\/wp-content\/uploads\/2017\/12\/Facelina-rubrovittata-%40-La-Herradura-Granada-Spain-5-04-2017-by-Stefan-Verheyen-2.jpg?fit=900%2C675&#038;ssl=1\" src=\"https:\/\/i0.wp.com\/opistobranquis.info\/wp-content\/uploads\/2017\/12\/Facelina-rubrovittata-%40-La-Herradura-Granada-Spain-5-04-2017-by-Stefan-Verheyen-2.jpg?w=446&#038;h=335&#038;ssl=1\" width=\"446\" height=\"335\" loading=\"lazy\" data-original-width=\"446\" data-original-height=\"335\" itemprop=\"http:\/\/schema.org\/image\" title=\"Facelina rubrovittata @ La Herradura, Granada, Spain 5-04-2017 by Stefan Verheyen\" alt=\"Facelina rubrovittata @ La Herradura, Granada, Spain 5-04-2017 by Stefan Verheyen\" style=\"width: 446px; height: 335px;\" \/> <\/a> <div class=\"tiled-gallery-caption\" itemprop=\"caption description\"> Facelina rubrovittata @ La Herradura, Granada, Spain 5-04-2017 by Stefan Verheyen <\/div> <\/div> <\/div> <!-- close group --> <div class=\"gallery-group images-1\" style=\"width: 450px; height: 339px;\" data-original-width=\"450\" data-original-height=\"339\" > <div class=\"tiled-gallery-item tiled-gallery-item-large\" itemprop=\"associatedMedia\" itemscope itemtype=\"http:\/\/schema.org\/ImageObject\"> <a href=\"https:\/\/opistobranquis.info\/es\/guia\/nudibranchia\/cladobranchia\/aeolidioidea\/facelinidae\/facelina-rubrovittata\/olympus-digital-camera-155\/\" border=\"0\" itemprop=\"url\"> <meta itemprop=\"width\" content=\"446\"> <meta itemprop=\"height\" content=\"335\"> <img decoding=\"async\" class=\"\" data-attachment-id=\"24261\" data-orig-file=\"https:\/\/opistobranquis.info\/wp-content\/uploads\/2017\/12\/Facelina-rubrovittata-@-La-Herradura-Granada-Spain-5-04-2017-by-Stefan-Verheyen.jpg\" data-orig-size=\"1024,768\" data-comments-opened=\"\" data-image-title=\"Facelina rubrovittata @ La Herradura, Granada, Spain 5-04-2017 by Stefan Verheyen\" data-image-description=\"&lt;p&gt;Facelina rubrovittata @ La Herradura, Granada, Spain 5-04-2017 by Stefan Verheyen&lt;\/p&gt; \" data-medium-file=\"https:\/\/i0.wp.com\/opistobranquis.info\/wp-content\/uploads\/2017\/12\/Facelina-rubrovittata-%40-La-Herradura-Granada-Spain-5-04-2017-by-Stefan-Verheyen.jpg?fit=300%2C225&#038;ssl=1\" data-large-file=\"https:\/\/i0.wp.com\/opistobranquis.info\/wp-content\/uploads\/2017\/12\/Facelina-rubrovittata-%40-La-Herradura-Granada-Spain-5-04-2017-by-Stefan-Verheyen.jpg?fit=900%2C675&#038;ssl=1\" src=\"https:\/\/i0.wp.com\/opistobranquis.info\/wp-content\/uploads\/2017\/12\/Facelina-rubrovittata-%40-La-Herradura-Granada-Spain-5-04-2017-by-Stefan-Verheyen.jpg?w=446&#038;h=335&#038;ssl=1\" width=\"446\" height=\"335\" loading=\"lazy\" data-original-width=\"446\" data-original-height=\"335\" itemprop=\"http:\/\/schema.org\/image\" title=\"Facelina rubrovittata @ La Herradura, Granada, Spain 5-04-2017 by Stefan Verheyen\" alt=\"Facelina rubrovittata @ La Herradura, Granada, Spain 5-04-2017 by Stefan Verheyen\" style=\"width: 446px; height: 335px;\" \/> <\/a> <div class=\"tiled-gallery-caption\" itemprop=\"caption description\"> Facelina rubrovittata @ La Herradura, Granada, Spain 5-04-2017 by Stefan Verheyen <\/div> <\/div> <\/div> <!-- close group --> <\/div> <!-- close row --> <div class=\"gallery-row\" style=\"width: 900px; height: 410px;\" data-original-width=\"900\" data-original-height=\"410\" > <div class=\"gallery-group images-2\" style=\"width: 287px; height: 410px;\" data-original-width=\"287\" data-original-height=\"410\" > <div class=\"tiled-gallery-item tiled-gallery-item-large\" itemprop=\"associatedMedia\" itemscope itemtype=\"http:\/\/schema.org\/ImageObject\"> <a href=\"https:\/\/opistobranquis.info\/es\/guia\/nudibranchia\/cladobranchia\/aeolidioidea\/facelinidae\/facelina-rubrovittata\/olympus-digital-camera-156\/\" border=\"0\" itemprop=\"url\"> <meta itemprop=\"width\" content=\"283\"> <meta itemprop=\"height\" content=\"213\"> <img decoding=\"async\" class=\"\" data-attachment-id=\"24262\" data-orig-file=\"https:\/\/opistobranquis.info\/wp-content\/uploads\/2017\/12\/Facelina-rubrovittata-@-La-Herradura-Granada-Spain-9-04-2017-by-Stefan-Verheyen.jpg\" data-orig-size=\"1024,768\" data-comments-opened=\"\" data-image-title=\"Facelina rubrovittata @ La Herradura, Granada, Spain 9-04-2017 by Stefan Verheyen\" data-image-description=\"&lt;p&gt;Facelina rubrovittata @ La Herradura, Granada, Spain 9-04-2017 by Stefan Verheyen&lt;\/p&gt; \" data-medium-file=\"https:\/\/i0.wp.com\/opistobranquis.info\/wp-content\/uploads\/2017\/12\/Facelina-rubrovittata-%40-La-Herradura-Granada-Spain-9-04-2017-by-Stefan-Verheyen.jpg?fit=300%2C225&#038;ssl=1\" data-large-file=\"https:\/\/i0.wp.com\/opistobranquis.info\/wp-content\/uploads\/2017\/12\/Facelina-rubrovittata-%40-La-Herradura-Granada-Spain-9-04-2017-by-Stefan-Verheyen.jpg?fit=900%2C675&#038;ssl=1\" src=\"https:\/\/i0.wp.com\/opistobranquis.info\/wp-content\/uploads\/2017\/12\/Facelina-rubrovittata-%40-La-Herradura-Granada-Spain-9-04-2017-by-Stefan-Verheyen.jpg?w=283&#038;h=213&#038;ssl=1\" width=\"283\" height=\"213\" loading=\"lazy\" data-original-width=\"283\" data-original-height=\"213\" itemprop=\"http:\/\/schema.org\/image\" title=\"Facelina rubrovittata @ La Herradura, Granada, Spain 9-04-2017 by Stefan Verheyen\" alt=\"Facelina rubrovittata @ La Herradura, Granada, Spain 9-04-2017 by Stefan Verheyen\" style=\"width: 283px; height: 213px;\" \/> <\/a> <div class=\"tiled-gallery-caption\" itemprop=\"caption description\"> Facelina rubrovittata @ La Herradura, Granada, Spain 9-04-2017 by Stefan Verheyen <\/div> <\/div> <div class=\"tiled-gallery-item tiled-gallery-item-large\" itemprop=\"associatedMedia\" itemscope itemtype=\"http:\/\/schema.org\/ImageObject\"> <a href=\"https:\/\/opistobranquis.info\/es\/guia\/nudibranchia\/cladobranchia\/aeolidioidea\/facelinidae\/facelina-rubrovittata\/facelina-rubrovittata-by-miquel-pontes-mpg_2745\/\" border=\"0\" itemprop=\"url\"> <meta itemprop=\"width\" content=\"283\"> <meta itemprop=\"height\" content=\"189\"> <img decoding=\"async\" class=\"\" data-attachment-id=\"31073\" data-orig-file=\"https:\/\/opistobranquis.info\/wp-content\/uploads\/2020\/12\/Facelina-rubrovittata-by-Miquel-Pontes-MPG_2745.jpg\" data-orig-size=\"1280,853\" data-comments-opened=\"\" data-image-title=\"Facelina rubrovittata by Miquel Pontes\" data-image-description=\"&lt;p&gt;Facelina rubrovittata by Miquel Pontes&lt;\/p&gt; \" data-medium-file=\"https:\/\/i0.wp.com\/opistobranquis.info\/wp-content\/uploads\/2020\/12\/Facelina-rubrovittata-by-Miquel-Pontes-MPG_2745.jpg?fit=300%2C200&#038;ssl=1\" data-large-file=\"https:\/\/i0.wp.com\/opistobranquis.info\/wp-content\/uploads\/2020\/12\/Facelina-rubrovittata-by-Miquel-Pontes-MPG_2745.jpg?fit=900%2C599&#038;ssl=1\" src=\"https:\/\/i0.wp.com\/opistobranquis.info\/wp-content\/uploads\/2020\/12\/Facelina-rubrovittata-by-Miquel-Pontes-MPG_2745.jpg?w=283&#038;h=189&#038;ssl=1\" srcset=\"https:\/\/i0.wp.com\/opistobranquis.info\/wp-content\/uploads\/2020\/12\/Facelina-rubrovittata-by-Miquel-Pontes-MPG_2745.jpg?w=1280&amp;ssl=1 1280w, https:\/\/i0.wp.com\/opistobranquis.info\/wp-content\/uploads\/2020\/12\/Facelina-rubrovittata-by-Miquel-Pontes-MPG_2745.jpg?resize=300%2C200&amp;ssl=1 300w, https:\/\/i0.wp.com\/opistobranquis.info\/wp-content\/uploads\/2020\/12\/Facelina-rubrovittata-by-Miquel-Pontes-MPG_2745.jpg?resize=1024%2C682&amp;ssl=1 1024w, https:\/\/i0.wp.com\/opistobranquis.info\/wp-content\/uploads\/2020\/12\/Facelina-rubrovittata-by-Miquel-Pontes-MPG_2745.jpg?resize=150%2C100&amp;ssl=1 150w\" width=\"283\" height=\"189\" loading=\"lazy\" data-original-width=\"283\" data-original-height=\"189\" itemprop=\"http:\/\/schema.org\/image\" title=\"Facelina rubrovittata by Miquel Pontes\" alt=\"Facelina rubrovittata by Miquel Pontes\" style=\"width: 283px; height: 189px;\" \/> <\/a> <div class=\"tiled-gallery-caption\" itemprop=\"caption description\"> Facelina rubrovittata by Miquel Pontes <\/div> <\/div> <\/div> <!-- close group --> <div class=\"gallery-group images-1\" style=\"width: 613px; height: 410px;\" data-original-width=\"613\" data-original-height=\"410\" > <div class=\"tiled-gallery-item tiled-gallery-item-large\" itemprop=\"associatedMedia\" itemscope itemtype=\"http:\/\/schema.org\/ImageObject\"> <a href=\"https:\/\/opistobranquis.info\/es\/guia\/nudibranchia\/cladobranchia\/aeolidioidea\/facelinidae\/facelina-rubrovittata\/facelina-rubrovittata-by-miquel-pontes-mpg_8802\/\" border=\"0\" itemprop=\"url\"> <meta itemprop=\"width\" content=\"609\"> <meta itemprop=\"height\" content=\"406\"> <img decoding=\"async\" class=\"\" data-attachment-id=\"31074\" data-orig-file=\"https:\/\/opistobranquis.info\/wp-content\/uploads\/2020\/12\/Facelina-rubrovittata-by-Miquel-Pontes-MPG_8802.jpg\" data-orig-size=\"1280,853\" data-comments-opened=\"\" data-image-title=\"Facelina rubrovittata by Miquel Pontes\" data-image-description=\"&lt;p&gt;Facelina rubrovittata by Miquel Pontes&lt;\/p&gt; \" data-medium-file=\"https:\/\/i0.wp.com\/opistobranquis.info\/wp-content\/uploads\/2020\/12\/Facelina-rubrovittata-by-Miquel-Pontes-MPG_8802.jpg?fit=300%2C200&#038;ssl=1\" data-large-file=\"https:\/\/i0.wp.com\/opistobranquis.info\/wp-content\/uploads\/2020\/12\/Facelina-rubrovittata-by-Miquel-Pontes-MPG_8802.jpg?fit=900%2C599&#038;ssl=1\" src=\"https:\/\/i0.wp.com\/opistobranquis.info\/wp-content\/uploads\/2020\/12\/Facelina-rubrovittata-by-Miquel-Pontes-MPG_8802.jpg?w=609&#038;h=406&#038;ssl=1\" srcset=\"https:\/\/i0.wp.com\/opistobranquis.info\/wp-content\/uploads\/2020\/12\/Facelina-rubrovittata-by-Miquel-Pontes-MPG_8802.jpg?w=1280&amp;ssl=1 1280w, https:\/\/i0.wp.com\/opistobranquis.info\/wp-content\/uploads\/2020\/12\/Facelina-rubrovittata-by-Miquel-Pontes-MPG_8802.jpg?resize=300%2C200&amp;ssl=1 300w, https:\/\/i0.wp.com\/opistobranquis.info\/wp-content\/uploads\/2020\/12\/Facelina-rubrovittata-by-Miquel-Pontes-MPG_8802.jpg?resize=1024%2C682&amp;ssl=1 1024w, https:\/\/i0.wp.com\/opistobranquis.info\/wp-content\/uploads\/2020\/12\/Facelina-rubrovittata-by-Miquel-Pontes-MPG_8802.jpg?resize=150%2C100&amp;ssl=1 150w\" width=\"609\" height=\"406\" loading=\"lazy\" data-original-width=\"609\" data-original-height=\"406\" itemprop=\"http:\/\/schema.org\/image\" title=\"Facelina rubrovittata by Miquel Pontes\" alt=\"Facelina rubrovittata by Miquel Pontes\" style=\"width: 609px; height: 406px;\" \/> <\/a> <div class=\"tiled-gallery-caption\" itemprop=\"caption description\"> Facelina rubrovittata by Miquel Pontes <\/div> <\/div> <\/div> <!-- close group --> <\/div> <!-- close row --> <div class=\"gallery-row\" style=\"width: 900px; height: 386px;\" data-original-width=\"900\" data-original-height=\"386\" > <div class=\"gallery-group images-1\" style=\"width: 386px; height: 386px;\" data-original-width=\"386\" data-original-height=\"386\" > <div class=\"tiled-gallery-item tiled-gallery-item-large\" itemprop=\"associatedMedia\" itemscope itemtype=\"http:\/\/schema.org\/ImageObject\"> <a href=\"https:\/\/opistobranquis.info\/es\/guia\/nudibranchia\/cladobranchia\/aeolidioidea\/facelinidae\/facelina-rubrovittata\/facelina-rubrovittata-eivissa-spain-by-joan-pereyra\/\" border=\"0\" itemprop=\"url\"> <meta itemprop=\"width\" content=\"382\"> <meta itemprop=\"height\" content=\"382\"> <img decoding=\"async\" class=\"\" data-attachment-id=\"31599\" data-orig-file=\"https:\/\/opistobranquis.info\/wp-content\/uploads\/2021\/02\/Facelina-rubrovittata-@-Eivissa-Spain-by-Joan-Pereyra.jpg\" data-orig-size=\"1000,1000\" data-comments-opened=\"\" data-image-title=\"Facelina rubrovittata @ Eivissa, Spain by Joan Pereyra\" data-image-description=\"&lt;p&gt;Facelina rubrovittata @ Eivissa, Spain by Joan Pereyra&lt;\/p&gt; \" data-medium-file=\"https:\/\/i0.wp.com\/opistobranquis.info\/wp-content\/uploads\/2021\/02\/Facelina-rubrovittata-%40-Eivissa-Spain-by-Joan-Pereyra.jpg?fit=300%2C300&#038;ssl=1\" data-large-file=\"https:\/\/i0.wp.com\/opistobranquis.info\/wp-content\/uploads\/2021\/02\/Facelina-rubrovittata-%40-Eivissa-Spain-by-Joan-Pereyra.jpg?fit=900%2C900&#038;ssl=1\" src=\"https:\/\/i0.wp.com\/opistobranquis.info\/wp-content\/uploads\/2021\/02\/Facelina-rubrovittata-%40-Eivissa-Spain-by-Joan-Pereyra.jpg?w=382&#038;h=382&#038;crop=1&#038;ssl=1\" width=\"382\" height=\"382\" loading=\"lazy\" data-original-width=\"382\" data-original-height=\"382\" itemprop=\"http:\/\/schema.org\/image\" title=\"Facelina rubrovittata @ Eivissa, Spain by Joan Pereyra\" alt=\"Facelina rubrovittata @ Eivissa, Spain by Joan Pereyra\" style=\"width: 382px; height: 382px;\" \/> <\/a> <div class=\"tiled-gallery-caption\" itemprop=\"caption description\"> Facelina rubrovittata @ Eivissa, Spain by Joan Pereyra <\/div> <\/div> <\/div> <!-- close group --> <div class=\"gallery-group images-1\" style=\"width: 514px; height: 386px;\" data-original-width=\"514\" data-original-height=\"386\" > <div class=\"tiled-gallery-item tiled-gallery-item-large\" itemprop=\"associatedMedia\" itemscope itemtype=\"http:\/\/schema.org\/ImageObject\"> <a href=\"https:\/\/opistobranquis.info\/es\/guia\/nudibranchia\/cladobranchia\/aeolidioidea\/facelinidae\/facelina-rubrovittata\/facelina-rubrovittata-france-by-pascal-girard\/\" border=\"0\" itemprop=\"url\"> <meta itemprop=\"width\" content=\"510\"> <meta itemprop=\"height\" content=\"382\"> <img decoding=\"async\" class=\"\" data-attachment-id=\"36112\" data-orig-file=\"https:\/\/opistobranquis.info\/wp-content\/uploads\/2022\/12\/Facelina-rubrovittata-@-France-by-Pascal-Girard.jpg\" data-orig-size=\"1280,960\" data-comments-opened=\"\" data-image-title=\"Facelina rubrovittata @ France by Pascal Girard\" data-image-description=\"&lt;p&gt;Facelina rubrovittata @ France by Pascal Girard&lt;\/p&gt; \" data-medium-file=\"https:\/\/i0.wp.com\/opistobranquis.info\/wp-content\/uploads\/2022\/12\/Facelina-rubrovittata-%40-France-by-Pascal-Girard.jpg?fit=300%2C225&#038;ssl=1\" data-large-file=\"https:\/\/i0.wp.com\/opistobranquis.info\/wp-content\/uploads\/2022\/12\/Facelina-rubrovittata-%40-France-by-Pascal-Girard.jpg?fit=900%2C675&#038;ssl=1\" src=\"https:\/\/i0.wp.com\/opistobranquis.info\/wp-content\/uploads\/2022\/12\/Facelina-rubrovittata-%40-France-by-Pascal-Girard.jpg?w=510&#038;h=382&#038;ssl=1\" width=\"510\" height=\"382\" loading=\"lazy\" data-original-width=\"510\" data-original-height=\"382\" itemprop=\"http:\/\/schema.org\/image\" title=\"Facelina rubrovittata @ France by Pascal Girard\" alt=\"Facelina rubrovittata @ France by Pascal Girard\" style=\"width: 510px; height: 382px;\" \/> <\/a> <div class=\"tiled-gallery-caption\" itemprop=\"caption description\"> Facelina rubrovittata @ France by Pascal Girard <\/div> <\/div> <\/div> <!-- close group --> <\/div> <!-- close row --> <div class=\"gallery-row\" style=\"width: 900px; height: 239px;\" data-original-width=\"900\" data-original-height=\"239\" > <div class=\"gallery-group images-1\" style=\"width: 239px; height: 239px;\" data-original-width=\"239\" data-original-height=\"239\" > <div class=\"tiled-gallery-item tiled-gallery-item-small\" itemprop=\"associatedMedia\" itemscope itemtype=\"http:\/\/schema.org\/ImageObject\"> <a href=\"https:\/\/opistobranquis.info\/es\/guia\/nudibranchia\/cladobranchia\/aeolidioidea\/facelinidae\/facelina-rubrovittata\/facelina-rubrovittata-granada-por-luis-sanchez-tocino\/\" border=\"0\" itemprop=\"url\"> <meta itemprop=\"width\" content=\"235\"> <meta itemprop=\"height\" content=\"235\"> <img decoding=\"async\" class=\"\" data-attachment-id=\"36864\" data-orig-file=\"https:\/\/opistobranquis.info\/wp-content\/uploads\/2023\/01\/Facelina-rubrovittata-@-Granada-por-Luis-Sanchez-Tocino.jpg\" data-orig-size=\"1080,1080\" data-comments-opened=\"\" data-image-title=\"Facelina rubrovittata @ Granada por Luis S\u00e1nchez Tocino\" data-image-description=\"&lt;p&gt;Facelina rubrovittata @ Granada por Luis S\u00e1nchez Tocino&lt;\/p&gt; \" data-medium-file=\"https:\/\/i0.wp.com\/opistobranquis.info\/wp-content\/uploads\/2023\/01\/Facelina-rubrovittata-%40-Granada-por-Luis-Sanchez-Tocino.jpg?fit=300%2C300&#038;ssl=1\" data-large-file=\"https:\/\/i0.wp.com\/opistobranquis.info\/wp-content\/uploads\/2023\/01\/Facelina-rubrovittata-%40-Granada-por-Luis-Sanchez-Tocino.jpg?fit=900%2C900&#038;ssl=1\" src=\"https:\/\/i0.wp.com\/opistobranquis.info\/wp-content\/uploads\/2023\/01\/Facelina-rubrovittata-%40-Granada-por-Luis-Sanchez-Tocino.jpg?w=235&#038;h=235&#038;crop=1&#038;ssl=1\" width=\"235\" height=\"235\" loading=\"lazy\" data-original-width=\"235\" data-original-height=\"235\" itemprop=\"http:\/\/schema.org\/image\" title=\"Facelina rubrovittata @ Granada por Luis S\u00e1nchez Tocino\" alt=\"Facelina rubrovittata @ Granada por Luis S\u00e1nchez Tocino\" style=\"width: 235px; height: 235px;\" \/> <\/a> <div class=\"tiled-gallery-caption\" itemprop=\"caption description\"> Facelina rubrovittata @ Granada por Luis S\u00e1nchez Tocino <\/div> <\/div> <\/div> <!-- close group --> <div class=\"gallery-group images-1\" style=\"width: 239px; height: 239px;\" data-original-width=\"239\" data-original-height=\"239\" > <div class=\"tiled-gallery-item tiled-gallery-item-small\" itemprop=\"associatedMedia\" itemscope itemtype=\"http:\/\/schema.org\/ImageObject\"> <a href=\"https:\/\/opistobranquis.info\/es\/guia\/nudibranchia\/cladobranchia\/aeolidioidea\/facelinidae\/facelina-rubrovittata\/facelina-rubrovittata-15mm-granada-by-luis-sanchez-tocino\/\" border=\"0\" itemprop=\"url\"> <meta itemprop=\"width\" content=\"235\"> <meta itemprop=\"height\" content=\"235\"> <img decoding=\"async\" class=\"\" data-attachment-id=\"37074\" data-orig-file=\"https:\/\/opistobranquis.info\/wp-content\/uploads\/2023\/01\/Facelina-rubrovittata-15mm-@-Granada-by-Luis-Sanchez-Tocino.jpg\" data-orig-size=\"960,960\" data-comments-opened=\"\" data-image-title=\"Facelina rubrovittata 15mm @ Granada by Luis S\u00e1nchez Tocino\" data-image-description=\"&lt;p&gt;Facelina rubrovittata 15mm @ Granada by Luis S\u00e1nchez Tocino&lt;\/p&gt; \" data-medium-file=\"https:\/\/i0.wp.com\/opistobranquis.info\/wp-content\/uploads\/2023\/01\/Facelina-rubrovittata-15mm-%40-Granada-by-Luis-Sanchez-Tocino.jpg?fit=300%2C300&#038;ssl=1\" data-large-file=\"https:\/\/i0.wp.com\/opistobranquis.info\/wp-content\/uploads\/2023\/01\/Facelina-rubrovittata-15mm-%40-Granada-by-Luis-Sanchez-Tocino.jpg?fit=900%2C900&#038;ssl=1\" src=\"https:\/\/i0.wp.com\/opistobranquis.info\/wp-content\/uploads\/2023\/01\/Facelina-rubrovittata-15mm-%40-Granada-by-Luis-Sanchez-Tocino.jpg?w=235&#038;h=235&#038;crop=1&#038;ssl=1\" width=\"235\" height=\"235\" loading=\"lazy\" data-original-width=\"235\" data-original-height=\"235\" itemprop=\"http:\/\/schema.org\/image\" title=\"Facelina rubrovittata 15mm @ Granada by Luis S\u00e1nchez Tocino\" alt=\"Facelina rubrovittata 15mm @ Granada by Luis S\u00e1nchez Tocino\" style=\"width: 235px; height: 235px;\" \/> <\/a> <div class=\"tiled-gallery-caption\" itemprop=\"caption description\"> Facelina rubrovittata 15mm @ Granada by Luis S\u00e1nchez Tocino <\/div> <\/div> <\/div> <!-- close group --> <div class=\"gallery-group images-1\" style=\"width: 211px; height: 239px;\" data-original-width=\"211\" data-original-height=\"239\" > <div class=\"tiled-gallery-item tiled-gallery-item-small\" itemprop=\"associatedMedia\" itemscope itemtype=\"http:\/\/schema.org\/ImageObject\"> <a href=\"https:\/\/opistobranquis.info\/es\/guia\/nudibranchia\/cladobranchia\/aeolidioidea\/facelinidae\/facelina-rubrovittata\/10nani_20211208_0\/\" border=\"0\" itemprop=\"url\"> <meta itemprop=\"width\" content=\"207\"> <meta itemprop=\"height\" content=\"235\"> <img decoding=\"async\" class=\"\" data-attachment-id=\"43044\" data-orig-file=\"https:\/\/opistobranquis.info\/wp-content\/uploads\/2024\/02\/10nani_20211208_0.jpg\" data-orig-size=\"1079,1230\" data-comments-opened=\"\" data-image-title=\"Facelina rubrovittata @ Costa brava by Nani Diez Bosch\" data-image-description=\"&lt;p&gt;Facelina rubrovittata @ Costa brava by Nani Diez Bosch&lt;\/p&gt; \" data-medium-file=\"https:\/\/i0.wp.com\/opistobranquis.info\/wp-content\/uploads\/2024\/02\/10nani_20211208_0.jpg?fit=263%2C300&#038;ssl=1\" data-large-file=\"https:\/\/i0.wp.com\/opistobranquis.info\/wp-content\/uploads\/2024\/02\/10nani_20211208_0.jpg?fit=898%2C1024&#038;ssl=1\" src=\"https:\/\/i0.wp.com\/opistobranquis.info\/wp-content\/uploads\/2024\/02\/10nani_20211208_0.jpg?w=207&#038;h=235&#038;ssl=1\" srcset=\"https:\/\/i0.wp.com\/opistobranquis.info\/wp-content\/uploads\/2024\/02\/10nani_20211208_0.jpg?w=1079&amp;ssl=1 1079w, https:\/\/i0.wp.com\/opistobranquis.info\/wp-content\/uploads\/2024\/02\/10nani_20211208_0.jpg?resize=263%2C300&amp;ssl=1 263w, https:\/\/i0.wp.com\/opistobranquis.info\/wp-content\/uploads\/2024\/02\/10nani_20211208_0.jpg?resize=898%2C1024&amp;ssl=1 898w, https:\/\/i0.wp.com\/opistobranquis.info\/wp-content\/uploads\/2024\/02\/10nani_20211208_0.jpg?resize=132%2C150&amp;ssl=1 132w\" width=\"207\" height=\"235\" loading=\"lazy\" data-original-width=\"207\" data-original-height=\"235\" itemprop=\"http:\/\/schema.org\/image\" title=\"Facelina rubrovittata @ Costa brava by Nani Diez Bosch\" alt=\"Facelina rubrovittata @ Costa brava by Nani Diez Bosch\" style=\"width: 207px; height: 235px;\" \/> <\/a> <div class=\"tiled-gallery-caption\" itemprop=\"caption description\"> Facelina rubrovittata @ Costa brava by Nani Diez Bosch <\/div> <\/div> <\/div> <!-- close group --> <div class=\"gallery-group images-1\" style=\"width: 211px; height: 239px;\" data-original-width=\"211\" data-original-height=\"239\" > <div class=\"tiled-gallery-item tiled-gallery-item-small\" itemprop=\"associatedMedia\" itemscope itemtype=\"http:\/\/schema.org\/ImageObject\"> <a href=\"https:\/\/opistobranquis.info\/es\/guia\/nudibranchia\/cladobranchia\/aeolidioidea\/facelinidae\/facelina-rubrovittata\/10nani_20211208_1\/\" border=\"0\" itemprop=\"url\"> <meta itemprop=\"width\" content=\"207\"> <meta itemprop=\"height\" content=\"235\"> <img decoding=\"async\" class=\"\" data-attachment-id=\"43045\" data-orig-file=\"https:\/\/opistobranquis.info\/wp-content\/uploads\/2024\/02\/10nani_20211208_1.jpg\" data-orig-size=\"1056,1203\" data-comments-opened=\"\" data-image-title=\"Facelina rubrovittata @ Costa brava by Nani Diez Bosch\" data-image-description=\"&lt;p&gt;Facelina rubrovittata @ Costa brava by Nani Diez Bosch&lt;\/p&gt; \" data-medium-file=\"https:\/\/i0.wp.com\/opistobranquis.info\/wp-content\/uploads\/2024\/02\/10nani_20211208_1.jpg?fit=263%2C300&#038;ssl=1\" data-large-file=\"https:\/\/i0.wp.com\/opistobranquis.info\/wp-content\/uploads\/2024\/02\/10nani_20211208_1.jpg?fit=899%2C1024&#038;ssl=1\" src=\"https:\/\/i0.wp.com\/opistobranquis.info\/wp-content\/uploads\/2024\/02\/10nani_20211208_1.jpg?w=207&#038;h=235&#038;ssl=1\" srcset=\"https:\/\/i0.wp.com\/opistobranquis.info\/wp-content\/uploads\/2024\/02\/10nani_20211208_1.jpg?w=1056&amp;ssl=1 1056w, https:\/\/i0.wp.com\/opistobranquis.info\/wp-content\/uploads\/2024\/02\/10nani_20211208_1.jpg?resize=263%2C300&amp;ssl=1 263w, https:\/\/i0.wp.com\/opistobranquis.info\/wp-content\/uploads\/2024\/02\/10nani_20211208_1.jpg?resize=899%2C1024&amp;ssl=1 899w, https:\/\/i0.wp.com\/opistobranquis.info\/wp-content\/uploads\/2024\/02\/10nani_20211208_1.jpg?resize=132%2C150&amp;ssl=1 132w\" width=\"207\" height=\"235\" loading=\"lazy\" data-original-width=\"207\" data-original-height=\"235\" itemprop=\"http:\/\/schema.org\/image\" title=\"Facelina rubrovittata @ Costa brava by Nani Diez Bosch\" alt=\"Facelina rubrovittata @ Costa brava by Nani Diez Bosch\" style=\"width: 207px; height: 235px;\" \/> <\/a> <div class=\"tiled-gallery-caption\" itemprop=\"caption description\"> Facelina rubrovittata @ Costa brava by Nani Diez Bosch <\/div> <\/div> <\/div> <!-- close group --> <\/div> <!-- close row --> <\/div><\/p>\n<p><strong>Bibliograf\u00eda<\/strong><\/p><ul><div id=\"zotpress-41be15fde2e5e91ffdcd787cdf39add6\" class=\"zp-Zotpress zp-Zotpress-Bib wp-block-group\">\n\n\t\t<span class=\"ZP_API_USER_ID ZP_ATTR\">1246567<\/span>\n\t\t<span class=\"ZP_ITEM_KEY ZP_ATTR\"><\/span>\n\t\t<span class=\"ZP_COLLECTION_ID ZP_ATTR\"><\/span>\n\t\t<span class=\"ZP_TAG_ID ZP_ATTR\">Facelina rubrovittata<\/span>\n\t\t<span class=\"ZP_AUTHOR ZP_ATTR\"><\/span>\n\t\t<span class=\"ZP_YEAR ZP_ATTR\"><\/span>\n        <span class=\"ZP_ITEMTYPE ZP_ATTR\"><\/span>\n\t\t<span class=\"ZP_INCLUSIVE ZP_ATTR\">1<\/span>\n\t\t<span class=\"ZP_STYLE ZP_ATTR\">eunomia-revista-en-cultura-de-la-legalidad<\/span>\n\t\t<span class=\"ZP_LIMIT ZP_ATTR\">50<\/span>\n\t\t<span class=\"ZP_SORTBY ZP_ATTR\">creator<\/span>\n\t\t<span class=\"ZP_ORDER ZP_ATTR\">asc<\/span>\n\t\t<span class=\"ZP_TITLE ZP_ATTR\"><\/span>\n\t\t<span class=\"ZP_SHOWIMAGE ZP_ATTR\"><\/span>\n\t\t<span class=\"ZP_SHOWTAGS ZP_ATTR\"><\/span>\n\t\t<span class=\"ZP_DOWNLOADABLE ZP_ATTR\"><\/span>\n\t\t<span class=\"ZP_NOTES ZP_ATTR\"><\/span>\n\t\t<span class=\"ZP_ABSTRACT ZP_ATTR\"><\/span>\n\t\t<span class=\"ZP_CITEABLE ZP_ATTR\"><\/span>\n\t\t<span class=\"ZP_TARGET ZP_ATTR\">1<\/span>\n\t\t<span class=\"ZP_URLWRAP ZP_ATTR\"><\/span>\n\t\t<span class=\"ZP_FORCENUM ZP_ATTR\"><\/span>\n        <span class=\"ZP_HIGHLIGHT ZP_ATTR\"><\/span>\n        <span class=\"ZP_POSTID ZP_ATTR\">635<\/span>\n\t\t<span class=\"ZOTPRESS_PLUGIN_URL ZP_ATTR\">https:\/\/opistobranquis.info\/wp-content\/plugins\/zotpress\/<\/span>\n\n\t\t<div class=\"zp-List loading\">\n\t\t\t<div class=\"zp-SEO-Content\">\n\n\t\t\t<\/div><!-- .zp-zp-SEO-Content -->\n\t\t<\/div><!-- .zp-List -->\n\t<\/div><!--.zp-Zotpress-->\n\n<p><\/p>Bibliograf\u00eda basada en los trabajos de <b>Steve Long, 2006<\/b>. <a target=_blank href=https:\/\/opistobranquis.info\/wp-content\/uploads\/2016\/06\/Long-S.-2006-Bibliography-of-Opisthobranchia-1554-2000.pdf>Bibliography of Opisthobranchia 1554-2000<\/a> y <b>Gary McDonald, 2009<\/b>. <a href=http:\/\/escholarship.org\/uc\/item\/8115h0wz>Bibliographia Nudibranchia<\/a>, con actualizaciones posteriores procedentes de otras fuentes.<p><\/p><\/ul><p><\/p><p><strong>M\u00e1s informaci\u00f3n<\/strong><\/p><span style=\"font-size:10pt\"><ul><ul class=\"blogroll-links\"><li><a href=\"http:\/\/www.biodiversitylibrary.org\/name\/Facelina%20rubrovittata\">Biodiversity Heritage Library<\/a><\/li><li><a href=\"http:\/\/www.biologiamarina.org\/facelina-punti-rossi\/\">BiologiaMarina.org<\/a><\/li><li><a href=\"http:\/\/www.cibsub.com\/bioespecie_es-facelina_rubrovittata-27812\">CIB - Club Immersio Biologia<\/a><\/li><li><a href=\"https:\/\/litoraldegranada.ugr.es\/el-litoral\/el-litoral-sumergido\/fauna\/moluscos\/gasteropodos\/opistobranquios\/orden-nudibranchia\/aeolidioideos\/facelina-rubrovittata\/\">El Litoral de Granada<\/a><\/li><li><a href=\"https:\/\/www.flickr.com\/search\/?text=Facelina%20rubrovittata\">Flickr pictures<\/a><\/li><li><a href=\"http:\/\/www.opistobranquis.org\/ca\/guia\/43\">GROC<\/a><\/li><li><a href=\"http:\/\/www.irmng.org\/aphia.php?p=taxlist&#038;tName=Facelina%20rubrovittata\">Interim Register of Marine and Nonmarine Genera<\/a><\/li><li><a href=\"http:\/\/marenostrum.org\/vidamarina\/animalia\/invertebrados\/moluscos\/gasteropodos\/opistobranquios\/frubrovittata\/index.htm\">M@re Nostrum<\/a><\/li><li><a href=\"http:\/\/www.ncbi.nlm.nih.gov\/Taxonomy\/Browser\/wwwtax.cgi?mode=Undef&#038;name=Facelina%20rubrovittata&#038;lvl=0&#038;srchmode=1\">NCBI GenBank<\/a><\/li><li><a href=\"http:\/\/iobis.org\/mapper\/?taxon=Facelina%20rubrovittata\">OBIS - Search by Taxon<\/a><\/li><li><a href=\"http:\/\/www.seaslugforum.net\/showall\/facerubr\">Sea Slug Forum<\/a><\/li><li><a href=\"http:\/\/www.marinespecies.org\/aphia.php?p=taxdetails&#038;id=139914\">World Register of Marine Species<\/a><\/li><\/ul><\/ul><\/span><p><strong>Citar este art\u00edculo como: <\/strong><\/p><div style=\"display: block; background: #444444; padding: 10px 30px 10px 10px; border-radius: 5px; line-height: 18px;\"><p class=\"citacio\"><b>Ballesteros, M., Madrenas, E. &#38; Pontes, M.<\/b> (2025) <em>\"Facelina rubrovittata\"<\/em> en <em>OPK-Opistobranquis<\/em>. Publicado: 17\/05\/2012. Accedido: 04\/09\/2026. Disponible en (<a href=https:\/\/opistobranquis.info\/es\/?p=635>https:\/\/opistobranquis.info\/es\/?p=635<\/a>)<\/p><p><\/p><\/div><p><\/p><\/p>","protected":false},"excerpt":{"rendered":"<p>Facelina rubrovittata (Costa, A., 1866) Sin\u00f3nimos Acanthopsole rubrovittata (Costa, 1866) Aeolis rubrovittata Costa A., 1866 (original) Hervia amari Vicente, 1962\u00a0 Cratena\u00a0amari Vicente, 1962\u00a0 Facelina albida Bergh, 1882 Hervia berghii Vayssi\u00e8re, 1888 Descripci\u00f3n Esta especie puede alcanzar un tama\u00f1o de 15 mm de longitud. El cuerpo es estrecho, transl\u00facido y con el dorso finamente punteado de marr\u00f3n oscuro. Caracterizan a esta especie las l\u00edneas de color anaranjado en ocasiones discontinuas que\u2026<\/p>\n<p class=\"continue-reading-button\"> <a class=\"continue-reading-link\" href=\"https:\/\/opistobranquis.info\/es\/guia\/nudibranchia\/cladobranchia\/aeolidioidea\/facelinidae\/facelina-rubrovittata\/\">Sigue leyendo<i class=\"crycon-right-dir\"><\/i><\/a><\/p>\n","protected":false},"author":291,"featured_media":4504,"parent":46890,"menu_order":17,"comment_status":"closed","ping_status":"closed","template":"","meta":{"footnotes":""},"class_list":["post-635","page","type-page","status-publish","has-post-thumbnail","hentry"],"jetpack_sharing_enabled":true,"_links":{"self":[{"href":"https:\/\/opistobranquis.info\/es\/wp-json\/wp\/v2\/pages\/635","targetHints":{"allow":["GET"]}}],"collection":[{"href":"https:\/\/opistobranquis.info\/es\/wp-json\/wp\/v2\/pages"}],"about":[{"href":"https:\/\/opistobranquis.info\/es\/wp-json\/wp\/v2\/types\/page"}],"author":[{"embeddable":true,"href":"https:\/\/opistobranquis.info\/es\/wp-json\/wp\/v2\/users\/291"}],"replies":[{"embeddable":true,"href":"https:\/\/opistobranquis.info\/es\/wp-json\/wp\/v2\/comments?post=635"}],"version-history":[{"count":7,"href":"https:\/\/opistobranquis.info\/es\/wp-json\/wp\/v2\/pages\/635\/revisions"}],"predecessor-version":[{"id":35928,"href":"https:\/\/opistobranquis.info\/es\/wp-json\/wp\/v2\/pages\/635\/revisions\/35928"}],"up":[{"embeddable":true,"href":"https:\/\/opistobranquis.info\/es\/wp-json\/wp\/v2\/pages\/46890"}],"wp:featuredmedia":[{"embeddable":true,"href":"https:\/\/opistobranquis.info\/es\/wp-json\/wp\/v2\/media\/4504"}],"wp:attachment":[{"href":"https:\/\/opistobranquis.info\/es\/wp-json\/wp\/v2\/media?parent=635"}],"curies":[{"name":"wp","href":"https:\/\/api.w.org\/{rel}","templated":true}]}}