{"id":8353,"date":"2013-09-22T14:28:22","date_gmt":"2013-09-22T12:28:22","guid":{"rendered":"https:\/\/opistobranquis.info\/?page_id=8353"},"modified":"2026-09-04T00:24:01","modified_gmt":"2026-09-03T22:24:01","slug":"cadlina-laevis","status":"publish","type":"page","link":"https:\/\/opistobranquis.info\/es\/guia\/nudibranchia\/doridina\/doridoidei\/chromodoridoidea\/cadlina-laevis\/","title":{"rendered":"Cadlina laevis"},"content":{"rendered":"<p><\/p>\n<h3><em>Cadlina laevis<\/em>\u00a0(Linnaeus, 1767)<\/h3>\n<p><span style=\"color: #000000;\"><span style=\"font-size:10pt;\" class=\"aligncenter\"><div id=\"featured-img-id\"><img data-recalc-dims=\"1\" decoding=\"async\" src=\"https:\/\/i0.wp.com\/opistobranquis.info\/wp-content\/uploads\/2014\/10\/Cadlina_laevis-2-Portugal-by-Joao-Pedro-Silva.jpg?w=900&#038;ssl=1\" alt=\"Cadlina laevis (Portugal) by Joao Pedro Silva\" \/><\/div><center><em>Cadlina laevis (Portugal)<\/em> por Jo\u00e3o Pedro Silva<\/center><\/span><p><\/p><div class=\"opk-worms\"><h3>Informaci\u00f3n taxon\u00f3mica WoRMS<\/h3><div class=\"opk-success\">Nombre aceptado actual: <strong><em>Cadlina laevis<\/em> (Linnaeus, 1767)<\/strong><\/div><h4>Clasificaci\u00f3n actual<\/h4><table class=\"widefat striped\"><tr><th>Superdomain<\/th><td><a target=\"_blank\" href=\"https:\/\/www.marinespecies.org\/aphia.php?p=taxdetails&id=1\">Biota<\/a><\/td><\/tr><tr><th>Kingdom<\/th><td><a target=\"_blank\" href=\"https:\/\/www.marinespecies.org\/aphia.php?p=taxdetails&id=2\">Animalia<\/a><\/td><\/tr><tr><th>Phylum<\/th><td><a target=\"_blank\" href=\"https:\/\/www.marinespecies.org\/aphia.php?p=taxdetails&id=51\">Mollusca<\/a><\/td><\/tr><tr><th>Class<\/th><td><a target=\"_blank\" href=\"https:\/\/www.marinespecies.org\/aphia.php?p=taxdetails&id=101\">Gastropoda<\/a><\/td><\/tr><tr><th>Subclass<\/th><td><a target=\"_blank\" href=\"https:\/\/www.marinespecies.org\/aphia.php?p=taxdetails&id=14712\">Heterobranchia<\/a><\/td><\/tr><tr><th>Infraclass<\/th><td><a target=\"_blank\" href=\"https:\/\/www.marinespecies.org\/aphia.php?p=taxdetails&id=1057247\">Euthyneura<\/a><\/td><\/tr><tr><th>Subterclass<\/th><td><a target=\"_blank\" href=\"https:\/\/www.marinespecies.org\/aphia.php?p=taxdetails&id=1057249\">Ringipleura<\/a><\/td><\/tr><tr><th>Superorder<\/th><td><a target=\"_blank\" href=\"https:\/\/www.marinespecies.org\/aphia.php?p=taxdetails&id=411966\">Nudipleura<\/a><\/td><\/tr><tr><th>Order<\/th><td><a target=\"_blank\" href=\"https:\/\/www.marinespecies.org\/aphia.php?p=taxdetails&id=1762\">Nudibranchia<\/a><\/td><\/tr><tr><th>Suborder<\/th><td><a target=\"_blank\" href=\"https:\/\/www.marinespecies.org\/aphia.php?p=taxdetails&id=1829294\">Doridida<\/a><\/td><\/tr><tr><th>Infraorder<\/th><td><a target=\"_blank\" href=\"https:\/\/www.marinespecies.org\/aphia.php?p=taxdetails&id=246038\">Doridoidei<\/a><\/td><\/tr><tr><th>Superfamily<\/th><td><a target=\"_blank\" href=\"https:\/\/www.marinespecies.org\/aphia.php?p=taxdetails&id=1370609\">Chromodoridoidea<\/a><\/td><\/tr><tr><th>Family<\/th><td><a target=\"_blank\" href=\"https:\/\/www.marinespecies.org\/aphia.php?p=taxdetails&id=151277\">Cadlinidae<\/a><\/td><\/tr><tr><th>Genus<\/th><td><a target=\"_blank\" href=\"https:\/\/www.marinespecies.org\/aphia.php?p=taxdetails&id=137781\"><em>Cadlina<\/em><\/a><\/td><\/tr><tr><th>Species<\/th><td><a target=\"_blank\" href=\"https:\/\/www.marinespecies.org\/aphia.php?p=taxdetails&id=139134\"><em>Cadlina laevis<\/em> (Linnaeus, 1767)<\/a><\/td><\/tr><\/table><p class=\"footer\">Clasificaci\u00f3n proporcionada por el World Register of Marine Species (WoRMS). [<a target=\"_blank\" href=\"https:\/\/www.marinespecies.org\/aphia.php?p=taxdetails&id=139134\">139134<\/a>]<\/p><\/div><\/span><strong>Nota taxon\u00f3mica:\u00a0<\/strong>La familia Cadlinidae Bergh, 1891 fue considerada un sin\u00f3nimo de la Chromodorididae. La investigaci\u00f3n realizada por R.F. Johnson en 2011 ha demostrado que <em>Cadlina<\/em> no pertenece a la familia Chromodorididae. Por consiguiente, ha rescatado\u00a0el nombre Cadlinidae de su sinonimia con Chromodorididae. Los nudibranquios Chromodorididae sin <em>Cadlina<\/em> ahora son un grupo monofil\u00e9tico y puede que hermano de Actinocyclidae.<\/p>\n<p><strong>Sin\u00f3nimos<\/strong><\/p>\n<ul>\n<li><i>Cadlina boscai<\/i>\u00a0Tejedo, 1994<\/li>\n<li><i>Cadlina repanda<\/i>\u00a0(Alder &amp; Hancock, 1842)<\/li>\n<li><strong><i>Doris laevis<\/i>\u00a0Linnaeus, 1767\u00a0(original)<\/strong><\/li>\n<li><i>Doris marginata<\/i>\u00a0Montagu, 1804<\/li>\n<li><i>Doris obvelata<\/i>\u00a0M\u00fcller O.F., 1776<\/li>\n<li><i>Doris planulata<\/i>\u00a0Stimpson, 1853<\/li>\n<li><i>Doris repanda<\/i>\u00a0Alder &amp; Hancock, 1842<\/li>\n<\/ul>\n<p><strong>Descripci\u00f3n<br \/>\n<\/strong>Esta especie de dorid\u00e1ceo puede alcanzar un tama\u00f1o de unos 30 mm de longitud. Su cuerpo es ovalado, muy aplanado y completamente blanco excepto el margen del manto que en algunos ejemplares puede ser amarillo debido a la presencia de numerosas puntuaciones del mismo color. Todo el dorso est\u00e1 cubierto de peque\u00f1os tub\u00e9rculos redondeados, que pueden ser de dos tama\u00f1os diferentes. En ocasiones, los tub\u00e9rculos m\u00e1s grandes forman una especie de c\u00edrculo cerca de los m\u00e1rgenes del dorso. \u00a0Los rin\u00f3foros son cortos y tambi\u00e9n de color blanco, semitransparentes en la base alaminar y algo m\u00e1s opacos o ligeramente oscuros en la zona laminar. La zona laminar de los rin\u00f3foros tiene de 13-15 laminillas blancas y el \u00e1pice es mazudo. La vaina rinof\u00f3rica es muy poco elevada y tambi\u00e9n tiene tub\u00e9rculos redondeados en su borde superior. Las hojas branquiales tambi\u00e9n son blancas. La boca dispone de un par de cortos palpos blancos. El pie es ancho y de color blanco y en su regi\u00f3n posterior diferencia una cola triangular que sobresale por debajo del manto posterior. La zona dorsal de la cola tambi\u00e9n posee tub\u00e9rculos redondeados y su margen puede ser amarillento.<\/p>\n<p><strong>Biolog\u00eda<br \/>\n<\/strong>Esta especie puede vivir en substratos rocosos desde la zona intermareal hasta varios cientos de metros de profundidad. Se la ha citado sobre diferentes esponjas y se ha indicado que se alimenta de <em>Dysidea fragilis, Hemimycale columella<\/em> y de la demosponja incrustante <em>Halisarca dujardini<\/em>. Como detalle muy interesante de su biolog\u00eda se ha observado que se reproduce a final del invierno, donde los individuos, despu\u00e9s de las c\u00f3pulas, producen cintas ov\u00edgeras enrolladas en espiral de 2,5 mm de altura. Los huevos son de color crema p\u00e1lido y muy grandes, de hasta 370 micras, y est\u00e1n incluidos en c\u00e1psulas esf\u00e9ricas de unas 600 micras; el desarrollo es directo ya que la fase de larva v\u00e9liger ocurre dentro de la c\u00e1psula y la eclosi\u00f3n, que ocurre a alrededor de 50 d\u00edas despu\u00e9s de efectuada la puesta, se efect\u00faa en fase de juvenil reptante de unas 800 micras (Thompson,\u00a0 1967).<\/p>\n<p><strong>Etimolog\u00eda<\/strong><\/p>\n<ul>\n<li><span style=\"color: #000000;\">Laevis. Del Lat\u00edn &#8220;laevis&#8221; o &#8220;levis&#8221;, liso, llano, uniforme, nivelado.<\/span><\/li>\n<\/ul>\n<p><strong>Distribuci\u00f3n<br \/>\n<\/strong>Esta especie se distribuye por todo el Atl\u00e1ntico norte, el \u00c1rtico, Islandia, Groenlandia, las costas de Norteam\u00e9rica hasta Massachussets y las costas europeas, desde Noruega hasta la Pen\u00ednsula Ib\u00e9rica y el Mediterr\u00e1neo occidental. En la Pen\u00ednsula Ib\u00e9rica ha sido citada en Galicia, Portugal, la zona del estrecho de Gibraltar, la zona Levantina, Catalu\u00f1a y las Baleares. En las costas catalanas es una especie realmente infrecuente que se ha observado en Cadaqu\u00e9s y las islas Medas.<br \/>\n<div id=\"flxmap-6a9a5168717e0\" class='flxmap-container' data-flxmap='flxmap_6a9a5168717e0' style=\"width:100%;height:400px;\"><\/div>\n<script data-noptimize=\"1\">\n\/* <![CDATA[ *\/\n(function(w, fn) {\n if (w.addEventListener) w.addEventListener(\"DOMContentLoaded\", fn, false);\n else if (w.attachEvent) w.attachEvent(\"onload\", fn);\n})(window, function() {\n var f = new FlexibleMap();\n f.panControl = true;\n f.mapTypeId = \"satellite\";\n f.setlocale(\"es-ES\");\n f.kmlcache = \"5 minutes\";\n f.showKML(\"flxmap-6a9a5168717e0\", \"https:\/\/opistobranquis.info\/wp-content\/uploads\/kms\/8353.kmz\");\n window.flxmap_6a9a5168717e0 = f;\n});\n\/* ]]> *\/\n<\/script>\n<div style=\"width:100%;text-align:center;margin:12px 0 4px 0;\">\n  <div style=\"font-size:8pt;margin-bottom:6px;\">Citas georeferenciadas conocidas de la especie: <em>Cadlina laevis<\/em><\/div>\n  <table style=\"margin:0 auto;border-collapse:collapse;font-size:8pt;\">\n    <tr><td colspan=\"2\" style=\"text-align:left;padding-bottom:4px;\"><strong>Fonts:<\/strong><\/td><\/tr>\n    <tr>\n      <td style=\"vertical-align:top;padding-right:40px;\">\n        <table style=\"border-collapse:collapse;\">\n<tr><td style='padding:1px 6px 1px 0;vertical-align:middle'><img data-recalc-dims=\"1\" src=\"https:\/\/i0.wp.com\/opistobranquis.info\/wp-content\/uploads\/kms\/wht-circle-lv.png?w=900&#038;ssl=1\" style='display:block'><\/td><td style='padding:1px 0;vertical-align:middle;white-space:nowrap'>OBIS<\/td><\/tr><tr><td style='padding:1px 6px 1px 0;vertical-align:middle'><img data-recalc-dims=\"1\" src=\"https:\/\/i0.wp.com\/opistobranquis.info\/wp-content\/uploads\/kms\/ylw-circle-lv.png?w=900&#038;ssl=1\" style='display:block'><\/td><td style='padding:1px 0;vertical-align:middle;white-space:nowrap'>GROC 2010-2011<\/td><\/tr><tr><td style='padding:1px 6px 1px 0;vertical-align:middle'><img data-recalc-dims=\"1\" src=\"https:\/\/i0.wp.com\/opistobranquis.info\/wp-content\/uploads\/kms\/grn-circle-lv.png?w=900&#038;ssl=1\" style='display:block'><\/td><td style='padding:1px 0;vertical-align:middle;white-space:nowrap'>Enric Madrenas<\/td><\/tr><tr><td style='padding:1px 6px 1px 0;vertical-align:middle'><img data-recalc-dims=\"1\" src=\"https:\/\/i0.wp.com\/opistobranquis.info\/wp-content\/uploads\/kms\/orange-circle-lv.png?w=900&#038;ssl=1\" style='display:block'><\/td><td style='padding:1px 0;vertical-align:middle;white-space:nowrap'>Jo\u00e3o Pedro Silva<\/td><\/tr><tr><td style='padding:1px 6px 1px 0;vertical-align:middle'><img data-recalc-dims=\"1\" src=\"https:\/\/i0.wp.com\/opistobranquis.info\/wp-content\/uploads\/kms\/pink-circle-lv.png?w=900&#038;ssl=1\" style='display:block'><\/td><td style='padding:1px 0;vertical-align:middle;white-space:nowrap'>Bernard Picton<\/td><\/tr><tr><td style='padding:1px 6px 1px 0;vertical-align:middle'><img data-recalc-dims=\"1\" src=\"https:\/\/i0.wp.com\/opistobranquis.info\/wp-content\/uploads\/kms\/blk-circle-lv.png?w=900&#038;ssl=1\" style='display:block'><\/td><td style='padding:1px 0;vertical-align:middle;white-space:nowrap'>GBIF<\/td><\/tr>        <\/table>\n      <\/td>\n      <td style=\"vertical-align:top;\">\n        <table style=\"border-collapse:collapse;\">\n<tr><td style='padding:1px 6px 1px 0;vertical-align:middle'><img data-recalc-dims=\"1\" src=\"https:\/\/i0.wp.com\/opistobranquis.info\/wp-content\/uploads\/kms\/purple-circle-lv.png?w=900&#038;ssl=1\" style='display:block'><\/td><td style='padding:1px 0;vertical-align:middle;white-space:nowrap'>OPK<\/td><\/tr><tr><td style='padding:1px 6px 1px 0;vertical-align:middle'><img data-recalc-dims=\"1\" src=\"https:\/\/i0.wp.com\/opistobranquis.info\/wp-content\/uploads\/kms\/red-circle-lv.png?w=900&#038;ssl=1\" style='display:block'><\/td><td style='padding:1px 0;vertical-align:middle;white-space:nowrap'>VIMAR<\/td><\/tr><tr><td style='padding:1px 6px 1px 0;vertical-align:middle'><img data-recalc-dims=\"1\" src=\"https:\/\/i0.wp.com\/opistobranquis.info\/wp-content\/uploads\/kms\/blu-circle-lv.png?w=900&#038;ssl=1\" style='display:block'><\/td><td style='padding:1px 0;vertical-align:middle;white-space:nowrap'>Manuel Ballesteros<\/td><\/tr><tr><td style='padding:1px 6px 1px 0;vertical-align:middle'><img data-recalc-dims=\"1\" src=\"https:\/\/i0.wp.com\/opistobranquis.info\/wp-content\/uploads\/kms\/cyan-circle-lv.png?w=900&#038;ssl=1\" style='display:block'><\/td><td style='padding:1px 0;vertical-align:middle;white-space:nowrap'>M@re Nostrum<\/td><\/tr><tr><td style='padding:1px 6px 1px 0;vertical-align:middle'><img data-recalc-dims=\"1\" src=\"https:\/\/i0.wp.com\/opistobranquis.info\/wp-content\/uploads\/kms\/grey-circle-lv.png?w=900&#038;ssl=1\" style='display:block'><\/td><td style='padding:1px 0;vertical-align:middle;white-space:nowrap'>Altres fonts<\/td><\/tr><tr><td style='padding:1px 6px 1px 0;vertical-align:middle'><img data-recalc-dims=\"1\" src=\"https:\/\/i0.wp.com\/opistobranquis.info\/wp-content\/uploads\/kms\/marreg.png?w=900&#038;ssl=1\" style='display:block'><\/td><td style='padding:1px 0;vertical-align:middle;white-space:nowrap'>Marine Regions<\/td><\/tr>        <\/table>\n      <\/td>\n    <\/tr>\n  <\/table>\n<\/div>\n<\/p>\n<p><strong>Error:<\/strong> Chart.js no est\u00e1 disponible.<\/p>\n<p><strong>Otras fotos<br \/>\n<\/strong><div class=\"tiled-gallery type-rectangular tiled-gallery-unresized\" data-original-width=\"900\" data-carousel-extra='{&quot;blog_id&quot;:1,&quot;permalink&quot;:&quot;https:\\\/\\\/opistobranquis.info\\\/es\\\/guia\\\/nudibranchia\\\/doridina\\\/doridoidei\\\/chromodoridoidea\\\/cadlina-laevis\\\/&quot;,&quot;likes_blog_id&quot;:44192421}' itemscope itemtype=\"http:\/\/schema.org\/ImageGallery\" > <div class=\"gallery-row\" style=\"width: 900px; height: 402px;\" data-original-width=\"900\" data-original-height=\"402\" > <div class=\"gallery-group images-1\" style=\"width: 601px; height: 402px;\" data-original-width=\"601\" data-original-height=\"402\" > <div class=\"tiled-gallery-item tiled-gallery-item-large\" itemprop=\"associatedMedia\" itemscope itemtype=\"http:\/\/schema.org\/ImageObject\"> <a href=\"https:\/\/opistobranquis.info\/es\/guia\/nudibranchia\/doridina\/doridoidei\/chromodoridoidea\/cadlina-laevis\/cadlina-laevis-2\/\" border=\"0\" itemprop=\"url\"> <meta itemprop=\"width\" content=\"597\"> <meta itemprop=\"height\" content=\"398\"> <img decoding=\"async\" class=\"\" data-attachment-id=\"8291\" data-orig-file=\"https:\/\/opistobranquis.info\/wp-content\/uploads\/2013\/09\/Cadlina-laevis.jpg\" data-orig-size=\"800,533\" data-comments-opened=\"\" data-image-title=\"Cadlina laevis (Atlantic) by Carlos Fern\u00e1ndez-Cid\" data-image-description=\"&lt;p&gt;Cadlina laevis (Atlantic) by Carlos Fern\u00e1ndez-Cid&lt;\/p&gt; \" data-medium-file=\"https:\/\/i0.wp.com\/opistobranquis.info\/wp-content\/uploads\/2013\/09\/Cadlina-laevis.jpg?fit=300%2C199&#038;ssl=1\" data-large-file=\"https:\/\/i0.wp.com\/opistobranquis.info\/wp-content\/uploads\/2013\/09\/Cadlina-laevis.jpg?fit=800%2C533&#038;ssl=1\" src=\"https:\/\/i0.wp.com\/opistobranquis.info\/wp-content\/uploads\/2013\/09\/Cadlina-laevis.jpg?w=597&#038;h=398&#038;ssl=1\" srcset=\"https:\/\/i0.wp.com\/opistobranquis.info\/wp-content\/uploads\/2013\/09\/Cadlina-laevis.jpg?w=800&amp;ssl=1 800w, https:\/\/i0.wp.com\/opistobranquis.info\/wp-content\/uploads\/2013\/09\/Cadlina-laevis.jpg?resize=150%2C99&amp;ssl=1 150w, https:\/\/i0.wp.com\/opistobranquis.info\/wp-content\/uploads\/2013\/09\/Cadlina-laevis.jpg?resize=300%2C199&amp;ssl=1 300w\" width=\"597\" height=\"398\" loading=\"lazy\" data-original-width=\"597\" data-original-height=\"398\" itemprop=\"http:\/\/schema.org\/image\" title=\"Cadlina laevis (Atlantic) by Carlos Fern\u00e1ndez-Cid\" alt=\"Cadlina laevis (Atlantic) by Carlos Fern\u00e1ndez-Cid\" style=\"width: 597px; height: 398px;\" \/> <\/a> <div class=\"tiled-gallery-caption\" itemprop=\"caption description\"> Cadlina laevis (Atlantic) <\/div> <\/div> <\/div> <!-- close group --> <div class=\"gallery-group images-2\" style=\"width: 299px; height: 402px;\" data-original-width=\"299\" data-original-height=\"402\" > <div class=\"tiled-gallery-item tiled-gallery-item-large\" itemprop=\"associatedMedia\" itemscope itemtype=\"http:\/\/schema.org\/ImageObject\"> <a href=\"https:\/\/opistobranquis.info\/es\/guia\/nudibranchia\/doridina\/doridoidei\/chromodoridoidea\/cadlina-laevis\/cadlina-laevis1opk\/\" border=\"0\" itemprop=\"url\"> <meta itemprop=\"width\" content=\"295\"> <meta itemprop=\"height\" content=\"197\"> <img decoding=\"async\" class=\"\" data-attachment-id=\"8292\" data-orig-file=\"https:\/\/opistobranquis.info\/wp-content\/uploads\/2013\/09\/CAdlina-laevis1OPK.jpg\" data-orig-size=\"800,533\" data-comments-opened=\"\" data-image-title=\"Cadlina laevis (Atlantic)\" data-image-description=\"&lt;p&gt;Cadlina laevis (Atlantic)&lt;\/p&gt; \" data-medium-file=\"https:\/\/i0.wp.com\/opistobranquis.info\/wp-content\/uploads\/2013\/09\/CAdlina-laevis1OPK.jpg?fit=300%2C199&#038;ssl=1\" data-large-file=\"https:\/\/i0.wp.com\/opistobranquis.info\/wp-content\/uploads\/2013\/09\/CAdlina-laevis1OPK.jpg?fit=800%2C533&#038;ssl=1\" src=\"https:\/\/i0.wp.com\/opistobranquis.info\/wp-content\/uploads\/2013\/09\/CAdlina-laevis1OPK.jpg?w=295&#038;h=197&#038;ssl=1\" srcset=\"https:\/\/i0.wp.com\/opistobranquis.info\/wp-content\/uploads\/2013\/09\/CAdlina-laevis1OPK.jpg?w=800&amp;ssl=1 800w, https:\/\/i0.wp.com\/opistobranquis.info\/wp-content\/uploads\/2013\/09\/CAdlina-laevis1OPK.jpg?resize=150%2C99&amp;ssl=1 150w, https:\/\/i0.wp.com\/opistobranquis.info\/wp-content\/uploads\/2013\/09\/CAdlina-laevis1OPK.jpg?resize=300%2C199&amp;ssl=1 300w\" width=\"295\" height=\"197\" loading=\"lazy\" data-original-width=\"295\" data-original-height=\"197\" itemprop=\"http:\/\/schema.org\/image\" title=\"Cadlina laevis (Atlantic)\" alt=\"Cadlina laevis (Atlantic)\" style=\"width: 295px; height: 197px;\" \/> <\/a> <div class=\"tiled-gallery-caption\" itemprop=\"caption description\"> Cadlina laevis (Atlantic) <\/div> <\/div> <div class=\"tiled-gallery-item tiled-gallery-item-large\" itemprop=\"associatedMedia\" itemscope itemtype=\"http:\/\/schema.org\/ImageObject\"> <a href=\"https:\/\/opistobranquis.info\/es\/guia\/nudibranchia\/doridina\/doridoidei\/chromodoridoidea\/cadlina-laevis\/cadlina-laevis-sin-pigmento-amarilloopk\/\" border=\"0\" itemprop=\"url\"> <meta itemprop=\"width\" content=\"295\"> <meta itemprop=\"height\" content=\"197\"> <img decoding=\"async\" class=\"\" data-attachment-id=\"8293\" data-orig-file=\"https:\/\/opistobranquis.info\/wp-content\/uploads\/2013\/09\/Cadlina-laevis-sin-pigmento-amarilloOPK.jpg\" data-orig-size=\"800,533\" data-comments-opened=\"\" data-image-title=\"Cadlina laevis (Atlantic)\" data-image-description=\"&lt;p&gt;Cadlina laevis (Atlantic)&lt;\/p&gt; \" data-medium-file=\"https:\/\/i0.wp.com\/opistobranquis.info\/wp-content\/uploads\/2013\/09\/Cadlina-laevis-sin-pigmento-amarilloOPK.jpg?fit=300%2C199&#038;ssl=1\" data-large-file=\"https:\/\/i0.wp.com\/opistobranquis.info\/wp-content\/uploads\/2013\/09\/Cadlina-laevis-sin-pigmento-amarilloOPK.jpg?fit=800%2C533&#038;ssl=1\" src=\"https:\/\/i0.wp.com\/opistobranquis.info\/wp-content\/uploads\/2013\/09\/Cadlina-laevis-sin-pigmento-amarilloOPK.jpg?w=295&#038;h=197&#038;ssl=1\" srcset=\"https:\/\/i0.wp.com\/opistobranquis.info\/wp-content\/uploads\/2013\/09\/Cadlina-laevis-sin-pigmento-amarilloOPK.jpg?w=800&amp;ssl=1 800w, https:\/\/i0.wp.com\/opistobranquis.info\/wp-content\/uploads\/2013\/09\/Cadlina-laevis-sin-pigmento-amarilloOPK.jpg?resize=150%2C99&amp;ssl=1 150w, https:\/\/i0.wp.com\/opistobranquis.info\/wp-content\/uploads\/2013\/09\/Cadlina-laevis-sin-pigmento-amarilloOPK.jpg?resize=300%2C199&amp;ssl=1 300w\" width=\"295\" height=\"197\" loading=\"lazy\" data-original-width=\"295\" data-original-height=\"197\" itemprop=\"http:\/\/schema.org\/image\" title=\"Cadlina laevis (Atlantic)\" alt=\"Cadlina laevis (Atlantic)\" style=\"width: 295px; height: 197px;\" \/> <\/a> <div class=\"tiled-gallery-caption\" itemprop=\"caption description\"> Cadlina laevis (Atlantic) <\/div> <\/div> <\/div> <!-- close group --> <\/div> <!-- close row --> <div class=\"gallery-row\" style=\"width: 900px; height: 405px;\" data-original-width=\"900\" data-original-height=\"405\" > <div class=\"gallery-group images-2\" style=\"width: 302px; height: 405px;\" data-original-width=\"302\" data-original-height=\"405\" > <div class=\"tiled-gallery-item tiled-gallery-item-large\" itemprop=\"associatedMedia\" itemscope itemtype=\"http:\/\/schema.org\/ImageObject\"> <a href=\"https:\/\/opistobranquis.info\/es\/guia\/nudibranchia\/doridina\/doridoidei\/chromodoridoidea\/cadlina-laevis\/cadlina-laevis-con-caprella-atlantic-carlosfdezcid\/\" border=\"0\" itemprop=\"url\"> <meta itemprop=\"width\" content=\"298\"> <meta itemprop=\"height\" content=\"199\"> <img decoding=\"async\" class=\"\" data-attachment-id=\"14323\" data-orig-file=\"https:\/\/opistobranquis.info\/wp-content\/uploads\/2014\/09\/CAdlina-laevis-con-caprella.Atlantic.CARLOSFDEZCID.jpg\" data-orig-size=\"850,567\" data-comments-opened=\"\" data-image-title=\"Cadlina laevis con Caprella (Atlantic) by Carlos Fern\u00e1ndez-Cid\" data-image-description=\"&lt;p&gt;Cadlina laevis con Caprella (Atlantic) by Carlos Fern\u00e1ndez-Cid&lt;\/p&gt; \" data-medium-file=\"https:\/\/i0.wp.com\/opistobranquis.info\/wp-content\/uploads\/2014\/09\/CAdlina-laevis-con-caprella.Atlantic.CARLOSFDEZCID.jpg?fit=300%2C200&#038;ssl=1\" data-large-file=\"https:\/\/i0.wp.com\/opistobranquis.info\/wp-content\/uploads\/2014\/09\/CAdlina-laevis-con-caprella.Atlantic.CARLOSFDEZCID.jpg?fit=850%2C567&#038;ssl=1\" src=\"https:\/\/i0.wp.com\/opistobranquis.info\/wp-content\/uploads\/2014\/09\/CAdlina-laevis-con-caprella.Atlantic.CARLOSFDEZCID.jpg?w=298&#038;h=199&#038;ssl=1\" srcset=\"https:\/\/i0.wp.com\/opistobranquis.info\/wp-content\/uploads\/2014\/09\/CAdlina-laevis-con-caprella.Atlantic.CARLOSFDEZCID.jpg?w=850&amp;ssl=1 850w, https:\/\/i0.wp.com\/opistobranquis.info\/wp-content\/uploads\/2014\/09\/CAdlina-laevis-con-caprella.Atlantic.CARLOSFDEZCID.jpg?resize=150%2C100&amp;ssl=1 150w, https:\/\/i0.wp.com\/opistobranquis.info\/wp-content\/uploads\/2014\/09\/CAdlina-laevis-con-caprella.Atlantic.CARLOSFDEZCID.jpg?resize=300%2C200&amp;ssl=1 300w\" width=\"298\" height=\"199\" loading=\"lazy\" data-original-width=\"298\" data-original-height=\"199\" itemprop=\"http:\/\/schema.org\/image\" title=\"Cadlina laevis con Caprella (Atlantic) by Carlos Fern\u00e1ndez-Cid\" alt=\"Cadlina laevis con Caprella (Atlantic) by Carlos Fern\u00e1ndez-Cid\" style=\"width: 298px; height: 199px;\" \/> <\/a> <div class=\"tiled-gallery-caption\" itemprop=\"caption description\"> Cadlina laevis con Caprella (Atlantic) by Carlos Fern\u00e1ndez-Cid <\/div> <\/div> <div class=\"tiled-gallery-item tiled-gallery-item-large\" itemprop=\"associatedMedia\" itemscope itemtype=\"http:\/\/schema.org\/ImageObject\"> <a href=\"https:\/\/opistobranquis.info\/es\/guia\/nudibranchia\/doridina\/doridoidei\/chromodoridoidea\/cadlina-laevis\/cadlina-laevis-portugal-by-joao-pedro-silva\/\" border=\"0\" itemprop=\"url\"> <meta itemprop=\"width\" content=\"298\"> <meta itemprop=\"height\" content=\"198\"> <img decoding=\"async\" class=\"\" data-attachment-id=\"15909\" data-orig-file=\"https:\/\/opistobranquis.info\/wp-content\/uploads\/2014\/10\/Cadlina-laevis-Portugal-by-Joao-Pedro-Silva.jpg\" data-orig-size=\"800,533\" data-comments-opened=\"\" data-image-title=\"Cadlina laevis (Portugal) by Joao Pedro Silva\" data-image-description=\"&lt;p&gt;Cadlina laevis (Portugal) by Joao Pedro Silva&lt;\/p&gt; \" data-medium-file=\"https:\/\/i0.wp.com\/opistobranquis.info\/wp-content\/uploads\/2014\/10\/Cadlina-laevis-Portugal-by-Joao-Pedro-Silva.jpg?fit=300%2C199&#038;ssl=1\" data-large-file=\"https:\/\/i0.wp.com\/opistobranquis.info\/wp-content\/uploads\/2014\/10\/Cadlina-laevis-Portugal-by-Joao-Pedro-Silva.jpg?fit=800%2C533&#038;ssl=1\" src=\"https:\/\/i0.wp.com\/opistobranquis.info\/wp-content\/uploads\/2014\/10\/Cadlina-laevis-Portugal-by-Joao-Pedro-Silva.jpg?w=298&#038;h=198&#038;ssl=1\" srcset=\"https:\/\/i0.wp.com\/opistobranquis.info\/wp-content\/uploads\/2014\/10\/Cadlina-laevis-Portugal-by-Joao-Pedro-Silva.jpg?w=800&amp;ssl=1 800w, https:\/\/i0.wp.com\/opistobranquis.info\/wp-content\/uploads\/2014\/10\/Cadlina-laevis-Portugal-by-Joao-Pedro-Silva.jpg?resize=150%2C99&amp;ssl=1 150w, https:\/\/i0.wp.com\/opistobranquis.info\/wp-content\/uploads\/2014\/10\/Cadlina-laevis-Portugal-by-Joao-Pedro-Silva.jpg?resize=300%2C199&amp;ssl=1 300w\" width=\"298\" height=\"198\" loading=\"lazy\" data-original-width=\"298\" data-original-height=\"198\" itemprop=\"http:\/\/schema.org\/image\" title=\"Cadlina laevis (Portugal) by Joao Pedro Silva\" alt=\"Cadlina laevis (Portugal) by Joao Pedro Silva\" style=\"width: 298px; height: 198px;\" \/> <\/a> <div class=\"tiled-gallery-caption\" itemprop=\"caption description\"> Cadlina laevis (Portugal) by Joao Pedro Silva <\/div> <\/div> <\/div> <!-- close group --> <div class=\"gallery-group images-1\" style=\"width: 598px; height: 405px;\" data-original-width=\"598\" data-original-height=\"405\" > <div class=\"tiled-gallery-item tiled-gallery-item-large\" itemprop=\"associatedMedia\" itemscope itemtype=\"http:\/\/schema.org\/ImageObject\"> <a href=\"https:\/\/opistobranquis.info\/es\/guia\/nudibranchia\/doridina\/doridoidei\/chromodoridoidea\/cadlina-laevis\/cadlina-laevis-2-by-alexander-semenov\/\" border=\"0\" itemprop=\"url\"> <meta itemprop=\"width\" content=\"594\"> <meta itemprop=\"height\" content=\"401\"> <img decoding=\"async\" class=\"\" data-attachment-id=\"17075\" data-orig-file=\"https:\/\/opistobranquis.info\/wp-content\/uploads\/2014\/12\/Cadlina-laevis-2-by-Alexander-Semenov.jpg\" data-orig-size=\"900,607\" data-comments-opened=\"\" data-image-title=\"Cadlina laevis by Alexander Semenov\" data-image-description=\"&lt;p&gt;Cadlina laevis by Alexander Semenov&lt;\/p&gt; \" data-medium-file=\"https:\/\/i0.wp.com\/opistobranquis.info\/wp-content\/uploads\/2014\/12\/Cadlina-laevis-2-by-Alexander-Semenov.jpg?fit=300%2C202&#038;ssl=1\" data-large-file=\"https:\/\/i0.wp.com\/opistobranquis.info\/wp-content\/uploads\/2014\/12\/Cadlina-laevis-2-by-Alexander-Semenov.jpg?fit=900%2C607&#038;ssl=1\" src=\"https:\/\/i0.wp.com\/opistobranquis.info\/wp-content\/uploads\/2014\/12\/Cadlina-laevis-2-by-Alexander-Semenov.jpg?w=594&#038;h=401&#038;ssl=1\" srcset=\"https:\/\/i0.wp.com\/opistobranquis.info\/wp-content\/uploads\/2014\/12\/Cadlina-laevis-2-by-Alexander-Semenov.jpg?w=900&amp;ssl=1 900w, https:\/\/i0.wp.com\/opistobranquis.info\/wp-content\/uploads\/2014\/12\/Cadlina-laevis-2-by-Alexander-Semenov.jpg?resize=150%2C101&amp;ssl=1 150w, https:\/\/i0.wp.com\/opistobranquis.info\/wp-content\/uploads\/2014\/12\/Cadlina-laevis-2-by-Alexander-Semenov.jpg?resize=300%2C202&amp;ssl=1 300w\" width=\"594\" height=\"401\" loading=\"lazy\" data-original-width=\"594\" data-original-height=\"401\" itemprop=\"http:\/\/schema.org\/image\" title=\"Cadlina laevis by Alexander Semenov\" alt=\"Cadlina laevis by Alexander Semenov\" style=\"width: 594px; height: 401px;\" \/> <\/a> <div class=\"tiled-gallery-caption\" itemprop=\"caption description\"> Cadlina laevis by Alexander Semenov <\/div> <\/div> <\/div> <!-- close group --> <\/div> <!-- close row --> <div class=\"gallery-row\" style=\"width: 900px; height: 204px;\" data-original-width=\"900\" data-original-height=\"204\" > <div class=\"gallery-group images-1\" style=\"width: 300px; height: 204px;\" data-original-width=\"300\" data-original-height=\"204\" > <div class=\"tiled-gallery-item tiled-gallery-item-large\" itemprop=\"associatedMedia\" itemscope itemtype=\"http:\/\/schema.org\/ImageObject\"> <a href=\"https:\/\/opistobranquis.info\/es\/guia\/nudibranchia\/doridina\/doridoidei\/chromodoridoidea\/cadlina-laevis\/cadlina-laevis-3-by-alexander-semenov\/\" border=\"0\" itemprop=\"url\"> <meta itemprop=\"width\" content=\"296\"> <meta itemprop=\"height\" content=\"200\"> <img decoding=\"async\" class=\"\" data-attachment-id=\"17076\" data-orig-file=\"https:\/\/opistobranquis.info\/wp-content\/uploads\/2014\/12\/Cadlina-laevis-3-by-Alexander-Semenov.jpg\" data-orig-size=\"900,607\" data-comments-opened=\"\" data-image-title=\"Cadlina laevis by Alexander Semenov\" data-image-description=\"&lt;p&gt;Cadlina laevis by Alexander Semenov&lt;\/p&gt; \" data-medium-file=\"https:\/\/i0.wp.com\/opistobranquis.info\/wp-content\/uploads\/2014\/12\/Cadlina-laevis-3-by-Alexander-Semenov.jpg?fit=300%2C202&#038;ssl=1\" data-large-file=\"https:\/\/i0.wp.com\/opistobranquis.info\/wp-content\/uploads\/2014\/12\/Cadlina-laevis-3-by-Alexander-Semenov.jpg?fit=900%2C607&#038;ssl=1\" src=\"https:\/\/i0.wp.com\/opistobranquis.info\/wp-content\/uploads\/2014\/12\/Cadlina-laevis-3-by-Alexander-Semenov.jpg?w=296&#038;h=200&#038;ssl=1\" srcset=\"https:\/\/i0.wp.com\/opistobranquis.info\/wp-content\/uploads\/2014\/12\/Cadlina-laevis-3-by-Alexander-Semenov.jpg?w=900&amp;ssl=1 900w, https:\/\/i0.wp.com\/opistobranquis.info\/wp-content\/uploads\/2014\/12\/Cadlina-laevis-3-by-Alexander-Semenov.jpg?resize=150%2C101&amp;ssl=1 150w, https:\/\/i0.wp.com\/opistobranquis.info\/wp-content\/uploads\/2014\/12\/Cadlina-laevis-3-by-Alexander-Semenov.jpg?resize=300%2C202&amp;ssl=1 300w\" width=\"296\" height=\"200\" loading=\"lazy\" data-original-width=\"296\" data-original-height=\"200\" itemprop=\"http:\/\/schema.org\/image\" title=\"Cadlina laevis by Alexander Semenov\" alt=\"Cadlina laevis by Alexander Semenov\" style=\"width: 296px; height: 200px;\" \/> <\/a> <div class=\"tiled-gallery-caption\" itemprop=\"caption description\"> Cadlina laevis by Alexander Semenov <\/div> <\/div> <\/div> <!-- close group --> <div class=\"gallery-group images-1\" style=\"width: 300px; height: 204px;\" data-original-width=\"300\" data-original-height=\"204\" > <div class=\"tiled-gallery-item tiled-gallery-item-large\" itemprop=\"associatedMedia\" itemscope itemtype=\"http:\/\/schema.org\/ImageObject\"> <a href=\"https:\/\/opistobranquis.info\/es\/guia\/nudibranchia\/doridina\/doridoidei\/chromodoridoidea\/cadlina-laevis\/cadlina-laevis-4-by-alexander-semenov\/\" border=\"0\" itemprop=\"url\"> <meta itemprop=\"width\" content=\"296\"> <meta itemprop=\"height\" content=\"200\"> <img decoding=\"async\" class=\"\" data-attachment-id=\"17077\" data-orig-file=\"https:\/\/opistobranquis.info\/wp-content\/uploads\/2014\/12\/Cadlina-laevis-4-by-Alexander-Semenov.jpg\" data-orig-size=\"900,607\" data-comments-opened=\"\" data-image-title=\"Cadlina laevis by Alexander Semenov\" data-image-description=\"&lt;p&gt;Cadlina laevis by Alexander Semenov&lt;\/p&gt; \" data-medium-file=\"https:\/\/i0.wp.com\/opistobranquis.info\/wp-content\/uploads\/2014\/12\/Cadlina-laevis-4-by-Alexander-Semenov.jpg?fit=300%2C202&#038;ssl=1\" data-large-file=\"https:\/\/i0.wp.com\/opistobranquis.info\/wp-content\/uploads\/2014\/12\/Cadlina-laevis-4-by-Alexander-Semenov.jpg?fit=900%2C607&#038;ssl=1\" src=\"https:\/\/i0.wp.com\/opistobranquis.info\/wp-content\/uploads\/2014\/12\/Cadlina-laevis-4-by-Alexander-Semenov.jpg?w=296&#038;h=200&#038;ssl=1\" srcset=\"https:\/\/i0.wp.com\/opistobranquis.info\/wp-content\/uploads\/2014\/12\/Cadlina-laevis-4-by-Alexander-Semenov.jpg?w=900&amp;ssl=1 900w, https:\/\/i0.wp.com\/opistobranquis.info\/wp-content\/uploads\/2014\/12\/Cadlina-laevis-4-by-Alexander-Semenov.jpg?resize=150%2C101&amp;ssl=1 150w, https:\/\/i0.wp.com\/opistobranquis.info\/wp-content\/uploads\/2014\/12\/Cadlina-laevis-4-by-Alexander-Semenov.jpg?resize=300%2C202&amp;ssl=1 300w\" width=\"296\" height=\"200\" loading=\"lazy\" data-original-width=\"296\" data-original-height=\"200\" itemprop=\"http:\/\/schema.org\/image\" title=\"Cadlina laevis by Alexander Semenov\" alt=\"Cadlina laevis by Alexander Semenov\" style=\"width: 296px; height: 200px;\" \/> <\/a> <div class=\"tiled-gallery-caption\" itemprop=\"caption description\"> Cadlina laevis by Alexander Semenov <\/div> <\/div> <\/div> <!-- close group --> <div class=\"gallery-group images-1\" style=\"width: 300px; height: 204px;\" data-original-width=\"300\" data-original-height=\"204\" > <div class=\"tiled-gallery-item tiled-gallery-item-large\" itemprop=\"associatedMedia\" itemscope itemtype=\"http:\/\/schema.org\/ImageObject\"> <a href=\"https:\/\/opistobranquis.info\/es\/guia\/nudibranchia\/doridina\/doridoidei\/chromodoridoidea\/cadlina-laevis\/cadlina-laevis-by-alexander-semenov\/\" border=\"0\" itemprop=\"url\"> <meta itemprop=\"width\" content=\"296\"> <meta itemprop=\"height\" content=\"200\"> <img decoding=\"async\" class=\"\" data-attachment-id=\"17078\" data-orig-file=\"https:\/\/opistobranquis.info\/wp-content\/uploads\/2014\/12\/Cadlina-laevis-by-Alexander-Semenov.jpg\" data-orig-size=\"900,607\" data-comments-opened=\"\" data-image-title=\"Cadlina laevis by Alexander Semenov\" data-image-description=\"&lt;p&gt;Cadlina laevis by Alexander Semenov&lt;\/p&gt; \" data-medium-file=\"https:\/\/i0.wp.com\/opistobranquis.info\/wp-content\/uploads\/2014\/12\/Cadlina-laevis-by-Alexander-Semenov.jpg?fit=300%2C202&#038;ssl=1\" data-large-file=\"https:\/\/i0.wp.com\/opistobranquis.info\/wp-content\/uploads\/2014\/12\/Cadlina-laevis-by-Alexander-Semenov.jpg?fit=900%2C607&#038;ssl=1\" src=\"https:\/\/i0.wp.com\/opistobranquis.info\/wp-content\/uploads\/2014\/12\/Cadlina-laevis-by-Alexander-Semenov.jpg?w=296&#038;h=200&#038;ssl=1\" srcset=\"https:\/\/i0.wp.com\/opistobranquis.info\/wp-content\/uploads\/2014\/12\/Cadlina-laevis-by-Alexander-Semenov.jpg?w=900&amp;ssl=1 900w, https:\/\/i0.wp.com\/opistobranquis.info\/wp-content\/uploads\/2014\/12\/Cadlina-laevis-by-Alexander-Semenov.jpg?resize=150%2C101&amp;ssl=1 150w, https:\/\/i0.wp.com\/opistobranquis.info\/wp-content\/uploads\/2014\/12\/Cadlina-laevis-by-Alexander-Semenov.jpg?resize=300%2C202&amp;ssl=1 300w\" width=\"296\" height=\"200\" loading=\"lazy\" data-original-width=\"296\" data-original-height=\"200\" itemprop=\"http:\/\/schema.org\/image\" title=\"Cadlina laevis by Alexander Semenov\" alt=\"Cadlina laevis by Alexander Semenov\" style=\"width: 296px; height: 200px;\" \/> <\/a> <div class=\"tiled-gallery-caption\" itemprop=\"caption description\"> Cadlina laevis by Alexander Semenov <\/div> <\/div> <\/div> <!-- close group --> <\/div> <!-- close row --> <div class=\"gallery-row\" style=\"width: 900px; height: 320px;\" data-original-width=\"900\" data-original-height=\"320\" > <div class=\"gallery-group images-1\" style=\"width: 425px; height: 320px;\" data-original-width=\"425\" data-original-height=\"320\" > <div class=\"tiled-gallery-item tiled-gallery-item-large\" itemprop=\"associatedMedia\" itemscope itemtype=\"http:\/\/schema.org\/ImageObject\"> <a href=\"https:\/\/opistobranquis.info\/es\/guia\/nudibranchia\/doridina\/doridoidei\/chromodoridoidea\/cadlina-laevis\/cadlina-laevis-28mm-rubh-an-dunain-skye-scotland-in-15-m-by-jim-anderson\/\" border=\"0\" itemprop=\"url\"> <meta itemprop=\"width\" content=\"421\"> <meta itemprop=\"height\" content=\"316\"> <img decoding=\"async\" class=\"\" data-attachment-id=\"18893\" data-orig-file=\"https:\/\/opistobranquis.info\/wp-content\/uploads\/2013\/09\/Cadlina-laevis-28mm-@-Rubh-an-Dunain-Skye-Scotland-in-15-m-by-Jim-Anderson-e1428481913568.jpg\" data-orig-size=\"800,600\" data-comments-opened=\"\" data-image-title=\"Cadlina laevis 28mm @ Rubh an Dunain, Skye, Scotland in 15 m by Jim Anderson\" data-image-description=\"&lt;p&gt;Cadlina laevis 28mm @ Rubh an Dunain, Skye, Scotland in 15 m by Jim Anderson&lt;\/p&gt; \" data-medium-file=\"https:\/\/i0.wp.com\/opistobranquis.info\/wp-content\/uploads\/2013\/09\/Cadlina-laevis-28mm-%40-Rubh-an-Dunain-Skye-Scotland-in-15-m-by-Jim-Anderson-e1428481913568.jpg?fit=300%2C225&#038;ssl=1\" data-large-file=\"https:\/\/i0.wp.com\/opistobranquis.info\/wp-content\/uploads\/2013\/09\/Cadlina-laevis-28mm-%40-Rubh-an-Dunain-Skye-Scotland-in-15-m-by-Jim-Anderson-e1428481913568.jpg?fit=900%2C675&#038;ssl=1\" src=\"https:\/\/i0.wp.com\/opistobranquis.info\/wp-content\/uploads\/2013\/09\/Cadlina-laevis-28mm-%40-Rubh-an-Dunain-Skye-Scotland-in-15-m-by-Jim-Anderson-e1428481913568.jpg?w=421&#038;h=316&#038;ssl=1\" width=\"421\" height=\"316\" loading=\"lazy\" data-original-width=\"421\" data-original-height=\"316\" itemprop=\"http:\/\/schema.org\/image\" title=\"Cadlina laevis 28mm @ Rubh an Dunain, Skye, Scotland in 15 m by Jim Anderson\" alt=\"Cadlina laevis 28mm @ Rubh an Dunain, Skye, Scotland in 15 m by Jim Anderson\" style=\"width: 421px; height: 316px;\" \/> <\/a> <div class=\"tiled-gallery-caption\" itemprop=\"caption description\"> Cadlina laevis 28mm @ Rubh an Dunain, Skye, Scotland in 15 m by Jim Anderson <\/div> <\/div> <\/div> <!-- close group --> <div class=\"gallery-group images-1\" style=\"width: 475px; height: 320px;\" data-original-width=\"475\" data-original-height=\"320\" > <div class=\"tiled-gallery-item tiled-gallery-item-large\" itemprop=\"associatedMedia\" itemscope itemtype=\"http:\/\/schema.org\/ImageObject\"> <a href=\"https:\/\/opistobranquis.info\/es\/guia\/nudibranchia\/doridina\/doridoidei\/chromodoridoidea\/cadlina-laevis\/image141cadlina-laevis\/\" border=\"0\" itemprop=\"url\"> <meta itemprop=\"width\" content=\"471\"> <meta itemprop=\"height\" content=\"316\"> <img decoding=\"async\" class=\"\" data-attachment-id=\"21085\" data-orig-file=\"https:\/\/opistobranquis.info\/wp-content\/uploads\/2013\/09\/Image141Cadlina-laevis.jpg\" data-orig-size=\"808,541\" data-comments-opened=\"\" data-image-title=\"Cadlina laevis by Jos\u00e9 Carlos Garc\u00eda G\u00f3mez\" data-image-description=\"&lt;p&gt;Cadlina laevis by Jos\u00e9 Carlos Garc\u00eda G\u00f3mez&lt;\/p&gt; \" data-medium-file=\"https:\/\/i0.wp.com\/opistobranquis.info\/wp-content\/uploads\/2013\/09\/Image141Cadlina-laevis.jpg?fit=300%2C201&#038;ssl=1\" data-large-file=\"https:\/\/i0.wp.com\/opistobranquis.info\/wp-content\/uploads\/2013\/09\/Image141Cadlina-laevis.jpg?fit=808%2C541&#038;ssl=1\" src=\"https:\/\/i0.wp.com\/opistobranquis.info\/wp-content\/uploads\/2013\/09\/Image141Cadlina-laevis.jpg?w=471&#038;h=316&#038;ssl=1\" srcset=\"https:\/\/i0.wp.com\/opistobranquis.info\/wp-content\/uploads\/2013\/09\/Image141Cadlina-laevis.jpg?w=808&amp;ssl=1 808w, https:\/\/i0.wp.com\/opistobranquis.info\/wp-content\/uploads\/2013\/09\/Image141Cadlina-laevis.jpg?resize=150%2C100&amp;ssl=1 150w, https:\/\/i0.wp.com\/opistobranquis.info\/wp-content\/uploads\/2013\/09\/Image141Cadlina-laevis.jpg?resize=300%2C201&amp;ssl=1 300w, https:\/\/i0.wp.com\/opistobranquis.info\/wp-content\/uploads\/2013\/09\/Image141Cadlina-laevis.jpg?resize=768%2C514&amp;ssl=1 768w\" width=\"471\" height=\"316\" loading=\"lazy\" data-original-width=\"471\" data-original-height=\"316\" itemprop=\"http:\/\/schema.org\/image\" title=\"Cadlina laevis by Jos\u00e9 Carlos Garc\u00eda G\u00f3mez\" alt=\"Cadlina laevis by Jos\u00e9 Carlos Garc\u00eda G\u00f3mez\" style=\"width: 471px; height: 316px;\" \/> <\/a> <div class=\"tiled-gallery-caption\" itemprop=\"caption description\"> Cadlina laevis by Jos\u00e9 Carlos Garc\u00eda G\u00f3mez <\/div> <\/div> <\/div> <!-- close group --> <\/div> <!-- close row --> <\/div><\/p>\n<p><strong>Bibliograf\u00eda<\/strong><\/p><ul><div id=\"zotpress-81a12a20c0034baa4eb5a8a48109a41c\" class=\"zp-Zotpress zp-Zotpress-Bib wp-block-group\">\n\n\t\t<span class=\"ZP_API_USER_ID ZP_ATTR\">1246567<\/span>\n\t\t<span class=\"ZP_ITEM_KEY ZP_ATTR\"><\/span>\n\t\t<span class=\"ZP_COLLECTION_ID ZP_ATTR\"><\/span>\n\t\t<span class=\"ZP_TAG_ID ZP_ATTR\">Cadlina laevis<\/span>\n\t\t<span class=\"ZP_AUTHOR ZP_ATTR\"><\/span>\n\t\t<span class=\"ZP_YEAR ZP_ATTR\"><\/span>\n        <span class=\"ZP_ITEMTYPE ZP_ATTR\"><\/span>\n\t\t<span class=\"ZP_INCLUSIVE ZP_ATTR\">1<\/span>\n\t\t<span class=\"ZP_STYLE ZP_ATTR\">eunomia-revista-en-cultura-de-la-legalidad<\/span>\n\t\t<span class=\"ZP_LIMIT ZP_ATTR\">50<\/span>\n\t\t<span class=\"ZP_SORTBY ZP_ATTR\">creator<\/span>\n\t\t<span class=\"ZP_ORDER ZP_ATTR\">asc<\/span>\n\t\t<span class=\"ZP_TITLE ZP_ATTR\"><\/span>\n\t\t<span class=\"ZP_SHOWIMAGE ZP_ATTR\"><\/span>\n\t\t<span class=\"ZP_SHOWTAGS ZP_ATTR\"><\/span>\n\t\t<span class=\"ZP_DOWNLOADABLE ZP_ATTR\"><\/span>\n\t\t<span class=\"ZP_NOTES ZP_ATTR\"><\/span>\n\t\t<span class=\"ZP_ABSTRACT ZP_ATTR\"><\/span>\n\t\t<span class=\"ZP_CITEABLE ZP_ATTR\"><\/span>\n\t\t<span class=\"ZP_TARGET ZP_ATTR\">1<\/span>\n\t\t<span class=\"ZP_URLWRAP ZP_ATTR\"><\/span>\n\t\t<span class=\"ZP_FORCENUM ZP_ATTR\"><\/span>\n        <span class=\"ZP_HIGHLIGHT ZP_ATTR\"><\/span>\n        <span class=\"ZP_POSTID ZP_ATTR\">8353<\/span>\n\t\t<span class=\"ZOTPRESS_PLUGIN_URL ZP_ATTR\">https:\/\/opistobranquis.info\/wp-content\/plugins\/zotpress\/<\/span>\n\n\t\t<div class=\"zp-List loading\">\n\t\t\t<div class=\"zp-SEO-Content\">\n\n\t\t\t<\/div><!-- .zp-zp-SEO-Content -->\n\t\t<\/div><!-- .zp-List -->\n\t<\/div><!--.zp-Zotpress-->\n\n<p><\/p>Bibliograf\u00eda basada en los trabajos de <b>Steve Long, 2006<\/b>. <a target=_blank href=https:\/\/opistobranquis.info\/wp-content\/uploads\/2016\/06\/Long-S.-2006-Bibliography-of-Opisthobranchia-1554-2000.pdf>Bibliography of Opisthobranchia 1554-2000<\/a> y <b>Gary McDonald, 2009<\/b>. <a href=http:\/\/escholarship.org\/uc\/item\/8115h0wz>Bibliographia Nudibranchia<\/a>, con actualizaciones posteriores procedentes de otras fuentes.<p><\/p><\/ul><p><\/p><p><strong>M\u00e1s informaci\u00f3n<\/strong><\/p><span style=\"font-size:10pt\"><ul><ul class=\"blogroll-links\"><li><a href=\"http:\/\/www.asturnatura.com\/especie\/cadlina-laevis.html\">AsturNatura<\/a><\/li><li><a href=\"http:\/\/www.biodiversitylibrary.org\/name\/Cadlina%20laevis\">Biodiversity Heritage Library<\/a><\/li><li><a href=\"http:\/\/doris.ffessm.fr\/fiche2.asp?fiche_numero=683\">DORIS<\/a><\/li><li><a href=\"http:\/\/www.habitas.org.uk\/marinelife\/species.asp?item=W13820#\">Encyclopedia of Marine Life of Britain and Ireland<\/a><\/li><li><a href=\"http:\/\/nature22.com\/estran22\/mollusques\/gasteropodesbis\/gasteropodes5.html\">Estran 22 - Faune et flore de la zone de balancement des mar\u00e9es en C\u00f4tes d&#039;Armor<\/a><\/li><li><a href=\"https:\/\/www.flickr.com\/search\/?text=Cadlina%20laevis\">Flickr pictures<\/a><\/li><li><a href=\"http:\/\/www.irmng.org\/aphia.php?p=taxlist&#038;tName=Cadlina%20laevis\">Interim Register of Marine and Nonmarine Genera<\/a><\/li><li><a href=\"http:\/\/www.ncbi.nlm.nih.gov\/Taxonomy\/Browser\/wwwtax.cgi?mode=Undef&#038;name=Cadlina%20laevis&#038;lvl=0&#038;srchmode=1\">NCBI GenBank<\/a><\/li><li><a href=\"http:\/\/iobis.org\/mapper\/?taxon=Cadlina%20laevis\">OBIS - Search by Taxon<\/a><\/li><li><a href=\"http:\/\/www.nudibranch.org\/Scottish%20Nudibranchs\/cadlina-laevis.html\">Scottish Nudibranchs<\/a><\/li><li><a href=\"http:\/\/www.marinespecies.org\/aphia.php?p=taxdetails&#038;id=139134\">World Register of Marine Species<\/a><\/li><\/ul><\/ul><\/span><p><strong>Citar este art\u00edculo como: <\/strong><\/p><div style=\"display: block; background: #444444; padding: 10px 30px 10px 10px; border-radius: 5px; line-height: 18px;\"><p class=\"citacio\"><b>Ballesteros, M., Madrenas, E. &#38; Pontes, M.<\/b> (2025) <em>\"Cadlina laevis\"<\/em> en <em>OPK-Opistobranquis<\/em>. Publicado: 22\/09\/2013. Accedido: 04\/09\/2026. Disponible en (<a href=https:\/\/opistobranquis.info\/es\/?p=8353>https:\/\/opistobranquis.info\/es\/?p=8353<\/a>)<\/p><p><\/p><\/div><p><\/p><\/p>","protected":false},"excerpt":{"rendered":"<p>Cadlina laevis\u00a0(Linnaeus, 1767) Nota taxon\u00f3mica:\u00a0La familia Cadlinidae Bergh, 1891 fue considerada un sin\u00f3nimo de la Chromodorididae. La investigaci\u00f3n realizada por R.F. Johnson en 2011 ha demostrado que Cadlina no pertenece a la familia Chromodorididae. Por consiguiente, ha rescatado\u00a0el nombre Cadlinidae de su sinonimia con Chromodorididae. Los nudibranquios Chromodorididae sin Cadlina ahora son un grupo monofil\u00e9tico y puede que hermano de Actinocyclidae. Sin\u00f3nimos Cadlina boscai\u00a0Tejedo, 1994 Cadlina repanda\u00a0(Alder &amp; Hancock, 1842)\u2026<\/p>\n<p class=\"continue-reading-button\"> <a class=\"continue-reading-link\" href=\"https:\/\/opistobranquis.info\/es\/guia\/nudibranchia\/doridina\/doridoidei\/chromodoridoidea\/cadlina-laevis\/\">Sigue leyendo<i class=\"crycon-right-dir\"><\/i><\/a><\/p>\n","protected":false},"author":291,"featured_media":15913,"parent":48630,"menu_order":3,"comment_status":"closed","ping_status":"closed","template":"","meta":{"footnotes":""},"class_list":["post-8353","page","type-page","status-publish","has-post-thumbnail","hentry"],"jetpack_sharing_enabled":true,"_links":{"self":[{"href":"https:\/\/opistobranquis.info\/es\/wp-json\/wp\/v2\/pages\/8353","targetHints":{"allow":["GET"]}}],"collection":[{"href":"https:\/\/opistobranquis.info\/es\/wp-json\/wp\/v2\/pages"}],"about":[{"href":"https:\/\/opistobranquis.info\/es\/wp-json\/wp\/v2\/types\/page"}],"author":[{"embeddable":true,"href":"https:\/\/opistobranquis.info\/es\/wp-json\/wp\/v2\/users\/291"}],"replies":[{"embeddable":true,"href":"https:\/\/opistobranquis.info\/es\/wp-json\/wp\/v2\/comments?post=8353"}],"version-history":[{"count":1,"href":"https:\/\/opistobranquis.info\/es\/wp-json\/wp\/v2\/pages\/8353\/revisions"}],"predecessor-version":[{"id":25366,"href":"https:\/\/opistobranquis.info\/es\/wp-json\/wp\/v2\/pages\/8353\/revisions\/25366"}],"up":[{"embeddable":true,"href":"https:\/\/opistobranquis.info\/es\/wp-json\/wp\/v2\/pages\/48630"}],"wp:featuredmedia":[{"embeddable":true,"href":"https:\/\/opistobranquis.info\/es\/wp-json\/wp\/v2\/media\/15913"}],"wp:attachment":[{"href":"https:\/\/opistobranquis.info\/es\/wp-json\/wp\/v2\/media?parent=8353"}],"curies":[{"name":"wp","href":"https:\/\/api.w.org\/{rel}","templated":true}]}}