{"id":8394,"date":"2013-09-22T14:47:22","date_gmt":"2013-09-22T12:47:22","guid":{"rendered":"https:\/\/opistobranquis.info\/?page_id=8394"},"modified":"2018-02-16T11:16:04","modified_gmt":"2018-02-16T10:16:04","slug":"babakina-anadoni","status":"publish","type":"page","link":"https:\/\/opistobranquis.info\/es\/guia\/nudibranchia\/cladobranchia\/aeolidioidea\/babakina-anadoni\/","title":{"rendered":"Babakina anadoni"},"content":{"rendered":"<p><\/p>\n<h3><em>Babakina anadoni<\/em> (Ortea, 1979)<\/h3>\n<p><span style=\"font-size:10pt;\" class=\"aligncenter\"><div id=\"featured-img-id\"><img data-recalc-dims=\"1\" decoding=\"async\" src=\"https:\/\/i0.wp.com\/opistobranquis.info\/wp-content\/uploads\/2015\/07\/Babakina-anadoni-%40-Isla-de-Tarifa-Med-06-2015-by-Manuel-Mart%C3%ADnez-Chac%C3%B3n.jpg?w=900&#038;ssl=1\" alt=\"Babakina anadoni @ Isla de Tarifa (Med) 06-2015 by Manuel Mart\u00ednez Chac\u00f3n\" \/><\/div><center><em>Babakina anadoni @ Isla de Tarifa (Mediterr\u00e1neo) 06-2015<\/em> por Manuel Mart\u00ednez Chac\u00f3n<\/center><\/span><p><\/p><div class=\"opk-worms\"><h3>Informaci\u00f3n taxon\u00f3mica WoRMS<\/h3><div class=\"opk-success\">Nombre aceptado actual: <strong><em>Babakina anadoni<\/em> (Ortea, 1979)<\/strong><\/div><h4>Clasificaci\u00f3n actual<\/h4><table class=\"widefat striped\"><tr><th>Superdomain<\/th><td><a target=\"_blank\" href=\"https:\/\/www.marinespecies.org\/aphia.php?p=taxdetails&id=1\">Biota<\/a><\/td><\/tr><tr><th>Kingdom<\/th><td><a target=\"_blank\" href=\"https:\/\/www.marinespecies.org\/aphia.php?p=taxdetails&id=2\">Animalia<\/a><\/td><\/tr><tr><th>Phylum<\/th><td><a target=\"_blank\" href=\"https:\/\/www.marinespecies.org\/aphia.php?p=taxdetails&id=51\">Mollusca<\/a><\/td><\/tr><tr><th>Class<\/th><td><a target=\"_blank\" href=\"https:\/\/www.marinespecies.org\/aphia.php?p=taxdetails&id=101\">Gastropoda<\/a><\/td><\/tr><tr><th>Subclass<\/th><td><a target=\"_blank\" href=\"https:\/\/www.marinespecies.org\/aphia.php?p=taxdetails&id=14712\">Heterobranchia<\/a><\/td><\/tr><tr><th>Infraclass<\/th><td><a target=\"_blank\" href=\"https:\/\/www.marinespecies.org\/aphia.php?p=taxdetails&id=1057247\">Euthyneura<\/a><\/td><\/tr><tr><th>Subterclass<\/th><td><a target=\"_blank\" href=\"https:\/\/www.marinespecies.org\/aphia.php?p=taxdetails&id=1057249\">Ringipleura<\/a><\/td><\/tr><tr><th>Superorder<\/th><td><a target=\"_blank\" href=\"https:\/\/www.marinespecies.org\/aphia.php?p=taxdetails&id=411966\">Nudipleura<\/a><\/td><\/tr><tr><th>Order<\/th><td><a target=\"_blank\" href=\"https:\/\/www.marinespecies.org\/aphia.php?p=taxdetails&id=1762\">Nudibranchia<\/a><\/td><\/tr><tr><th>Suborder<\/th><td><a target=\"_blank\" href=\"https:\/\/www.marinespecies.org\/aphia.php?p=taxdetails&id=827889\">Cladobranchia<\/a><\/td><\/tr><tr><th>Superfamily<\/th><td><a target=\"_blank\" href=\"https:\/\/www.marinespecies.org\/aphia.php?p=taxdetails&id=189\">Aeolidioidea<\/a><\/td><\/tr><tr><th>Family<\/th><td><a target=\"_blank\" href=\"https:\/\/www.marinespecies.org\/aphia.php?p=taxdetails&id=412650\">Babakinidae<\/a><\/td><\/tr><tr><th>Genus<\/th><td><a target=\"_blank\" href=\"https:\/\/www.marinespecies.org\/aphia.php?p=taxdetails&id=181255\"><em>Babakina<\/em><\/a><\/td><\/tr><tr><th>Species<\/th><td><a target=\"_blank\" href=\"https:\/\/www.marinespecies.org\/aphia.php?p=taxdetails&id=181256\"><em>Babakina anadoni<\/em> (Ortea, 1979)<\/a><\/td><\/tr><\/table><p class=\"footer\">Clasificaci\u00f3n proporcionada por el World Register of Marine Species (WoRMS). [<a target=\"_blank\" href=\"https:\/\/www.marinespecies.org\/aphia.php?p=taxdetails&id=181256\">181256<\/a>]<\/p><\/div><strong>Nota taxon\u00f3mica:<\/strong> esta especie estaba clasificada como perteneciente a la familia Flabellinidae. Sin embargo, seg\u00fan Gosliner et al. (2007), los an\u00e1lisis filogen\u00e9ticos indican que <em>Babakina<\/em> representa un tax\u00f3n monofil\u00e9tico. La filogenia sugiere que Babakinidae debe mantenerse como un tax\u00f3n separado de Flabellinidae y Facelinidae por diversas autoapomorfias.<\/p>\n<p><strong>Sin\u00f3nimos<\/strong><\/p>\n<ul>\n<li><strong><em>Rioselleolis anadoni<\/em> Ortea, 1979 (original)<\/strong><\/li>\n<\/ul>\n<p><strong>Descripci\u00f3n<\/strong><\/p>\n<p><strong>Biolog\u00eda<\/strong><\/p>\n<p><strong>Etimolog\u00eda<\/strong><\/p>\n<ul>\n<li><em>Babakina<\/em>. En honor de Kikutaro Baba (1905-2001), experto japon\u00e9s en Opisthobranchia.<\/li>\n<li><em>Anadoni<\/em>. Dedicado al Dr. Emilio Anad\u00f3n, Catedr\u00e1tico de Zoolog\u00eda de la Universidad de Oviedo.<\/li>\n<\/ul>\n<p><strong>Distribuci\u00f3n<\/strong><br \/>\n<div id=\"flxmap-6a9a621755b12\" class='flxmap-container' data-flxmap='flxmap_6a9a621755b12' style=\"width:100%;height:400px;\"><\/div>\n<script data-noptimize=\"1\">\n\/* <![CDATA[ *\/\n(function(w, fn) {\n if (w.addEventListener) w.addEventListener(\"DOMContentLoaded\", fn, false);\n else if (w.attachEvent) w.attachEvent(\"onload\", fn);\n})(window, function() {\n var f = new FlexibleMap();\n f.panControl = true;\n f.mapTypeId = \"satellite\";\n f.setlocale(\"es-ES\");\n f.kmlcache = \"5 minutes\";\n f.showKML(\"flxmap-6a9a621755b12\", \"https:\/\/opistobranquis.info\/wp-content\/uploads\/kms\/8394.kmz\");\n window.flxmap_6a9a621755b12 = f;\n});\n\/* ]]> *\/\n<\/script>\n<div style=\"width:100%;text-align:center;margin:12px 0 4px 0;\">\n  <div style=\"font-size:8pt;margin-bottom:6px;\">Citas georeferenciadas conocidas de la especie: <em>Babakina anadoni<\/em><\/div>\n  <table style=\"margin:0 auto;border-collapse:collapse;font-size:8pt;\">\n    <tr><td colspan=\"2\" style=\"text-align:left;padding-bottom:4px;\"><strong>Fonts:<\/strong><\/td><\/tr>\n    <tr>\n      <td style=\"vertical-align:top;padding-right:40px;\">\n        <table style=\"border-collapse:collapse;\">\n<tr><td style='padding:1px 6px 1px 0;vertical-align:middle'><img data-recalc-dims=\"1\" src=\"https:\/\/i0.wp.com\/opistobranquis.info\/wp-content\/uploads\/kms\/wht-circle-lv.png?w=900&#038;ssl=1\" style='display:block'><\/td><td style='padding:1px 0;vertical-align:middle;white-space:nowrap'>OBIS<\/td><\/tr><tr><td style='padding:1px 6px 1px 0;vertical-align:middle'><img data-recalc-dims=\"1\" src=\"https:\/\/i0.wp.com\/opistobranquis.info\/wp-content\/uploads\/kms\/ylw-circle-lv.png?w=900&#038;ssl=1\" style='display:block'><\/td><td style='padding:1px 0;vertical-align:middle;white-space:nowrap'>GROC 2010-2011<\/td><\/tr><tr><td style='padding:1px 6px 1px 0;vertical-align:middle'><img data-recalc-dims=\"1\" src=\"https:\/\/i0.wp.com\/opistobranquis.info\/wp-content\/uploads\/kms\/grn-circle-lv.png?w=900&#038;ssl=1\" style='display:block'><\/td><td style='padding:1px 0;vertical-align:middle;white-space:nowrap'>Enric Madrenas<\/td><\/tr><tr><td style='padding:1px 6px 1px 0;vertical-align:middle'><img data-recalc-dims=\"1\" src=\"https:\/\/i0.wp.com\/opistobranquis.info\/wp-content\/uploads\/kms\/orange-circle-lv.png?w=900&#038;ssl=1\" style='display:block'><\/td><td style='padding:1px 0;vertical-align:middle;white-space:nowrap'>Jo\u00e3o Pedro Silva<\/td><\/tr><tr><td style='padding:1px 6px 1px 0;vertical-align:middle'><img data-recalc-dims=\"1\" src=\"https:\/\/i0.wp.com\/opistobranquis.info\/wp-content\/uploads\/kms\/pink-circle-lv.png?w=900&#038;ssl=1\" style='display:block'><\/td><td style='padding:1px 0;vertical-align:middle;white-space:nowrap'>Bernard Picton<\/td><\/tr><tr><td style='padding:1px 6px 1px 0;vertical-align:middle'><img data-recalc-dims=\"1\" src=\"https:\/\/i0.wp.com\/opistobranquis.info\/wp-content\/uploads\/kms\/blk-circle-lv.png?w=900&#038;ssl=1\" style='display:block'><\/td><td style='padding:1px 0;vertical-align:middle;white-space:nowrap'>GBIF<\/td><\/tr>        <\/table>\n      <\/td>\n      <td style=\"vertical-align:top;\">\n        <table style=\"border-collapse:collapse;\">\n<tr><td style='padding:1px 6px 1px 0;vertical-align:middle'><img data-recalc-dims=\"1\" src=\"https:\/\/i0.wp.com\/opistobranquis.info\/wp-content\/uploads\/kms\/purple-circle-lv.png?w=900&#038;ssl=1\" style='display:block'><\/td><td style='padding:1px 0;vertical-align:middle;white-space:nowrap'>OPK<\/td><\/tr><tr><td style='padding:1px 6px 1px 0;vertical-align:middle'><img data-recalc-dims=\"1\" src=\"https:\/\/i0.wp.com\/opistobranquis.info\/wp-content\/uploads\/kms\/red-circle-lv.png?w=900&#038;ssl=1\" style='display:block'><\/td><td style='padding:1px 0;vertical-align:middle;white-space:nowrap'>VIMAR<\/td><\/tr><tr><td style='padding:1px 6px 1px 0;vertical-align:middle'><img data-recalc-dims=\"1\" src=\"https:\/\/i0.wp.com\/opistobranquis.info\/wp-content\/uploads\/kms\/blu-circle-lv.png?w=900&#038;ssl=1\" style='display:block'><\/td><td style='padding:1px 0;vertical-align:middle;white-space:nowrap'>Manuel Ballesteros<\/td><\/tr><tr><td style='padding:1px 6px 1px 0;vertical-align:middle'><img data-recalc-dims=\"1\" src=\"https:\/\/i0.wp.com\/opistobranquis.info\/wp-content\/uploads\/kms\/cyan-circle-lv.png?w=900&#038;ssl=1\" style='display:block'><\/td><td style='padding:1px 0;vertical-align:middle;white-space:nowrap'>M@re Nostrum<\/td><\/tr><tr><td style='padding:1px 6px 1px 0;vertical-align:middle'><img data-recalc-dims=\"1\" src=\"https:\/\/i0.wp.com\/opistobranquis.info\/wp-content\/uploads\/kms\/grey-circle-lv.png?w=900&#038;ssl=1\" style='display:block'><\/td><td style='padding:1px 0;vertical-align:middle;white-space:nowrap'>Altres fonts<\/td><\/tr><tr><td style='padding:1px 6px 1px 0;vertical-align:middle'><img data-recalc-dims=\"1\" src=\"https:\/\/i0.wp.com\/opistobranquis.info\/wp-content\/uploads\/kms\/marreg.png?w=900&#038;ssl=1\" style='display:block'><\/td><td style='padding:1px 0;vertical-align:middle;white-space:nowrap'>Marine Regions<\/td><\/tr>        <\/table>\n      <\/td>\n    <\/tr>\n  <\/table>\n<\/div>\n<\/p>\n<p><strong>Error:<\/strong> Chart.js no est\u00e1 disponible.<\/p>\n<p><strong>Otras fotos<\/strong><br \/>\n<div class=\"tiled-gallery type-rectangular tiled-gallery-unresized\" data-original-width=\"900\" data-carousel-extra='{&quot;blog_id&quot;:1,&quot;permalink&quot;:&quot;https:\\\/\\\/opistobranquis.info\\\/es\\\/guia\\\/nudibranchia\\\/cladobranchia\\\/aeolidioidea\\\/babakina-anadoni\\\/&quot;,&quot;likes_blog_id&quot;:44192421}' itemscope itemtype=\"http:\/\/schema.org\/ImageGallery\" > <div class=\"gallery-row\" style=\"width: 900px; height: 733px;\" data-original-width=\"900\" data-original-height=\"733\" > <div class=\"gallery-group images-3\" style=\"width: 350px; height: 733px;\" data-original-width=\"350\" data-original-height=\"733\" > <div class=\"tiled-gallery-item tiled-gallery-item-large\" itemprop=\"associatedMedia\" itemscope itemtype=\"http:\/\/schema.org\/ImageObject\"> <a href=\"https:\/\/opistobranquis.info\/es\/guia\/nudibranchia\/cladobranchia\/aeolidioidea\/babakina-anadoni\/babakina-anadoni2opk\/\" border=\"0\" itemprop=\"url\"> <meta itemprop=\"width\" content=\"346\"> <meta itemprop=\"height\" content=\"259\"> <img decoding=\"async\" class=\"\" data-attachment-id=\"8288\" data-orig-file=\"https:\/\/opistobranquis.info\/wp-content\/uploads\/2013\/09\/Babakina-anadoni2OPK.jpg\" data-orig-size=\"800,600\" data-comments-opened=\"\" data-image-title=\"Babakina anadoni (Atlantic)\" data-image-description=\"&lt;p&gt;Babakina anadoni (Atlantic)&lt;\/p&gt; \" data-medium-file=\"https:\/\/i0.wp.com\/opistobranquis.info\/wp-content\/uploads\/2013\/09\/Babakina-anadoni2OPK.jpg?fit=300%2C225&#038;ssl=1\" data-large-file=\"https:\/\/i0.wp.com\/opistobranquis.info\/wp-content\/uploads\/2013\/09\/Babakina-anadoni2OPK.jpg?fit=800%2C600&#038;ssl=1\" src=\"https:\/\/i0.wp.com\/opistobranquis.info\/wp-content\/uploads\/2013\/09\/Babakina-anadoni2OPK.jpg?w=346&#038;h=259&#038;ssl=1\" srcset=\"https:\/\/i0.wp.com\/opistobranquis.info\/wp-content\/uploads\/2013\/09\/Babakina-anadoni2OPK.jpg?w=800&amp;ssl=1 800w, https:\/\/i0.wp.com\/opistobranquis.info\/wp-content\/uploads\/2013\/09\/Babakina-anadoni2OPK.jpg?resize=150%2C112&amp;ssl=1 150w, https:\/\/i0.wp.com\/opistobranquis.info\/wp-content\/uploads\/2013\/09\/Babakina-anadoni2OPK.jpg?resize=300%2C225&amp;ssl=1 300w\" width=\"346\" height=\"259\" loading=\"lazy\" data-original-width=\"346\" data-original-height=\"259\" itemprop=\"http:\/\/schema.org\/image\" title=\"Babakina anadoni (Atlantic)\" alt=\"Babakina anadoni (Atlantic)\" style=\"width: 346px; height: 259px;\" \/> <\/a> <div class=\"tiled-gallery-caption\" itemprop=\"caption description\"> Babakina anadoni (Atlantic) <\/div> <\/div> <div class=\"tiled-gallery-item tiled-gallery-item-large\" itemprop=\"associatedMedia\" itemscope itemtype=\"http:\/\/schema.org\/ImageObject\"> <a href=\"https:\/\/opistobranquis.info\/es\/guia\/nudibranchia\/cladobranchia\/aeolidioidea\/babakina-anadoni\/babakina-anadoni3opk\/\" border=\"0\" itemprop=\"url\"> <meta itemprop=\"width\" content=\"346\"> <meta itemprop=\"height\" content=\"231\"> <img decoding=\"async\" class=\"\" data-attachment-id=\"8289\" data-orig-file=\"https:\/\/opistobranquis.info\/wp-content\/uploads\/2013\/09\/BAbakina-anadoni3OPK.jpg\" data-orig-size=\"800,533\" data-comments-opened=\"\" data-image-title=\"Babakina anadoni (Atlantic)\" data-image-description=\"&lt;p&gt;Babakina anadoni (Atlantic)&lt;\/p&gt; \" data-medium-file=\"https:\/\/i0.wp.com\/opistobranquis.info\/wp-content\/uploads\/2013\/09\/BAbakina-anadoni3OPK.jpg?fit=300%2C199&#038;ssl=1\" data-large-file=\"https:\/\/i0.wp.com\/opistobranquis.info\/wp-content\/uploads\/2013\/09\/BAbakina-anadoni3OPK.jpg?fit=800%2C533&#038;ssl=1\" src=\"https:\/\/i0.wp.com\/opistobranquis.info\/wp-content\/uploads\/2013\/09\/BAbakina-anadoni3OPK.jpg?w=346&#038;h=231&#038;ssl=1\" srcset=\"https:\/\/i0.wp.com\/opistobranquis.info\/wp-content\/uploads\/2013\/09\/BAbakina-anadoni3OPK.jpg?w=800&amp;ssl=1 800w, https:\/\/i0.wp.com\/opistobranquis.info\/wp-content\/uploads\/2013\/09\/BAbakina-anadoni3OPK.jpg?resize=150%2C99&amp;ssl=1 150w, https:\/\/i0.wp.com\/opistobranquis.info\/wp-content\/uploads\/2013\/09\/BAbakina-anadoni3OPK.jpg?resize=300%2C199&amp;ssl=1 300w\" width=\"346\" height=\"231\" loading=\"lazy\" data-original-width=\"346\" data-original-height=\"231\" itemprop=\"http:\/\/schema.org\/image\" title=\"Babakina anadoni (Atlantic)\" alt=\"Babakina anadoni (Atlantic)\" style=\"width: 346px; height: 231px;\" \/> <\/a> <div class=\"tiled-gallery-caption\" itemprop=\"caption description\"> Babakina anadoni (Atlantic) <\/div> <\/div> <div class=\"tiled-gallery-item tiled-gallery-item-large\" itemprop=\"associatedMedia\" itemscope itemtype=\"http:\/\/schema.org\/ImageObject\"> <a href=\"https:\/\/opistobranquis.info\/es\/guia\/nudibranchia\/cladobranchia\/aeolidioidea\/babakina-anadoni\/babakina-anadoniopk\/\" border=\"0\" itemprop=\"url\"> <meta itemprop=\"width\" content=\"346\"> <meta itemprop=\"height\" content=\"231\"> <img decoding=\"async\" class=\"\" data-attachment-id=\"8290\" data-orig-file=\"https:\/\/opistobranquis.info\/wp-content\/uploads\/2013\/09\/Babakina-anadoniOPK.jpg\" data-orig-size=\"800,533\" data-comments-opened=\"\" data-image-title=\"Babakina anadoni (Atlantic) by Carlos Fern\u00e1ndez Cid\" data-image-description=\"&lt;p&gt;Babakina anadoni (Atlantic) by Carlos Fern\u00e1ndez Cid&lt;\/p&gt; \" data-medium-file=\"https:\/\/i0.wp.com\/opistobranquis.info\/wp-content\/uploads\/2013\/09\/Babakina-anadoniOPK.jpg?fit=300%2C199&#038;ssl=1\" data-large-file=\"https:\/\/i0.wp.com\/opistobranquis.info\/wp-content\/uploads\/2013\/09\/Babakina-anadoniOPK.jpg?fit=800%2C533&#038;ssl=1\" src=\"https:\/\/i0.wp.com\/opistobranquis.info\/wp-content\/uploads\/2013\/09\/Babakina-anadoniOPK.jpg?w=346&#038;h=231&#038;ssl=1\" srcset=\"https:\/\/i0.wp.com\/opistobranquis.info\/wp-content\/uploads\/2013\/09\/Babakina-anadoniOPK.jpg?w=800&amp;ssl=1 800w, https:\/\/i0.wp.com\/opistobranquis.info\/wp-content\/uploads\/2013\/09\/Babakina-anadoniOPK.jpg?resize=150%2C99&amp;ssl=1 150w, https:\/\/i0.wp.com\/opistobranquis.info\/wp-content\/uploads\/2013\/09\/Babakina-anadoniOPK.jpg?resize=300%2C199&amp;ssl=1 300w\" width=\"346\" height=\"231\" loading=\"lazy\" data-original-width=\"346\" data-original-height=\"231\" itemprop=\"http:\/\/schema.org\/image\" title=\"Babakina anadoni (Atlantic) by Carlos Fern\u00e1ndez Cid\" alt=\"Babakina anadoni (Atlantic) by Carlos Fern\u00e1ndez Cid\" style=\"width: 346px; height: 231px;\" \/> <\/a> <div class=\"tiled-gallery-caption\" itemprop=\"caption description\"> Babakina anadoni (Atlantic) by Carlos Fern\u00e1ndez Cid <\/div> <\/div> <\/div> <!-- close group --> <div class=\"gallery-group images-1\" style=\"width: 550px; height: 733px;\" data-original-width=\"550\" data-original-height=\"733\" > <div class=\"tiled-gallery-item tiled-gallery-item-large\" itemprop=\"associatedMedia\" itemscope itemtype=\"http:\/\/schema.org\/ImageObject\"> <a href=\"https:\/\/opistobranquis.info\/es\/guia\/nudibranchia\/cladobranchia\/aeolidioidea\/babakina-anadoni\/p1140424firmaweb\/\" border=\"0\" itemprop=\"url\"> <meta itemprop=\"width\" content=\"546\"> <meta itemprop=\"height\" content=\"729\"> <img decoding=\"async\" class=\"\" data-attachment-id=\"12066\" data-orig-file=\"https:\/\/opistobranquis.info\/wp-content\/uploads\/2013\/09\/P1140424firmaweb.jpg\" data-orig-size=\"599,800\" data-comments-opened=\"\" data-image-title=\"Babakina anadoni (Atlantic)\" data-image-description=\"&lt;p&gt;Babakina anadoni (Atlantic)&lt;\/p&gt; \" data-medium-file=\"https:\/\/i0.wp.com\/opistobranquis.info\/wp-content\/uploads\/2013\/09\/P1140424firmaweb.jpg?fit=224%2C300&#038;ssl=1\" data-large-file=\"https:\/\/i0.wp.com\/opistobranquis.info\/wp-content\/uploads\/2013\/09\/P1140424firmaweb.jpg?fit=599%2C800&#038;ssl=1\" src=\"https:\/\/i0.wp.com\/opistobranquis.info\/wp-content\/uploads\/2013\/09\/P1140424firmaweb.jpg?w=546&#038;h=729&#038;ssl=1\" srcset=\"https:\/\/i0.wp.com\/opistobranquis.info\/wp-content\/uploads\/2013\/09\/P1140424firmaweb.jpg?w=599&amp;ssl=1 599w, https:\/\/i0.wp.com\/opistobranquis.info\/wp-content\/uploads\/2013\/09\/P1140424firmaweb.jpg?resize=112%2C150&amp;ssl=1 112w, https:\/\/i0.wp.com\/opistobranquis.info\/wp-content\/uploads\/2013\/09\/P1140424firmaweb.jpg?resize=224%2C300&amp;ssl=1 224w\" width=\"546\" height=\"729\" loading=\"lazy\" data-original-width=\"546\" data-original-height=\"729\" itemprop=\"http:\/\/schema.org\/image\" title=\"Babakina anadoni (Atlantic)\" alt=\"Babakina anadoni (Atlantic)\" style=\"width: 546px; height: 729px;\" \/> <\/a> <div class=\"tiled-gallery-caption\" itemprop=\"caption description\"> Babakina anadoni (Atlantic) <\/div> <\/div> <\/div> <!-- close group --> <\/div> <!-- close row --> <div class=\"gallery-row\" style=\"width: 900px; height: 172px;\" data-original-width=\"900\" data-original-height=\"172\" > <div class=\"gallery-group images-1\" style=\"width: 257px; height: 172px;\" data-original-width=\"257\" data-original-height=\"172\" > <div class=\"tiled-gallery-item tiled-gallery-item-large\" itemprop=\"associatedMedia\" itemscope itemtype=\"http:\/\/schema.org\/ImageObject\"> <a href=\"https:\/\/opistobranquis.info\/es\/guia\/nudibranchia\/cladobranchia\/aeolidioidea\/babakina-anadoni\/babakina-anadoni-comiendo-carlosfernandezcid\/\" border=\"0\" itemprop=\"url\"> <meta itemprop=\"width\" content=\"253\"> <meta itemprop=\"height\" content=\"168\"> <img decoding=\"async\" class=\"\" data-attachment-id=\"13387\" data-orig-file=\"https:\/\/opistobranquis.info\/wp-content\/uploads\/2014\/09\/Babakina-anadoni-comiendo.CarlosFernandezCid.jpg\" data-orig-size=\"850,567\" data-comments-opened=\"\" data-image-title=\"Babakina anadoni (Atlantic) aliment\u00e1ndose por Carlos Fern\u00e1ndez-Cid\" data-image-description=\"&lt;p&gt;Babakina anadoni (Atlantic) aliment\u00e1ndose por Carlos Fern\u00e1ndez-Cid&lt;\/p&gt; \" data-medium-file=\"https:\/\/i0.wp.com\/opistobranquis.info\/wp-content\/uploads\/2014\/09\/Babakina-anadoni-comiendo.CarlosFernandezCid.jpg?fit=300%2C200&#038;ssl=1\" data-large-file=\"https:\/\/i0.wp.com\/opistobranquis.info\/wp-content\/uploads\/2014\/09\/Babakina-anadoni-comiendo.CarlosFernandezCid.jpg?fit=850%2C567&#038;ssl=1\" src=\"https:\/\/i0.wp.com\/opistobranquis.info\/wp-content\/uploads\/2014\/09\/Babakina-anadoni-comiendo.CarlosFernandezCid.jpg?w=253&#038;h=168&#038;ssl=1\" srcset=\"https:\/\/i0.wp.com\/opistobranquis.info\/wp-content\/uploads\/2014\/09\/Babakina-anadoni-comiendo.CarlosFernandezCid.jpg?w=850&amp;ssl=1 850w, https:\/\/i0.wp.com\/opistobranquis.info\/wp-content\/uploads\/2014\/09\/Babakina-anadoni-comiendo.CarlosFernandezCid.jpg?resize=150%2C100&amp;ssl=1 150w, https:\/\/i0.wp.com\/opistobranquis.info\/wp-content\/uploads\/2014\/09\/Babakina-anadoni-comiendo.CarlosFernandezCid.jpg?resize=300%2C200&amp;ssl=1 300w\" width=\"253\" height=\"168\" loading=\"lazy\" data-original-width=\"253\" data-original-height=\"168\" itemprop=\"http:\/\/schema.org\/image\" title=\"Babakina anadoni (Atlantic) aliment\u00e1ndose por Carlos Fern\u00e1ndez-Cid\" alt=\"Babakina anadoni (Atlantic) aliment\u00e1ndose por Carlos Fern\u00e1ndez-Cid\" style=\"width: 253px; height: 168px;\" \/> <\/a> <div class=\"tiled-gallery-caption\" itemprop=\"caption description\"> Babakina anadoni (Atlantic) aliment\u00e1ndose por Carlos Fern\u00e1ndez-Cid <\/div> <\/div> <\/div> <!-- close group --> <div class=\"gallery-group images-1\" style=\"width: 130px; height: 172px;\" data-original-width=\"130\" data-original-height=\"172\" > <div class=\"tiled-gallery-item tiled-gallery-item-small\" itemprop=\"associatedMedia\" itemscope itemtype=\"http:\/\/schema.org\/ImageObject\"> <a href=\"https:\/\/opistobranquis.info\/es\/guia\/nudibranchia\/cladobranchia\/aeolidioidea\/babakina-anadoni\/babakina-anadoni-comiendo-carlosfernandezcid-1\/\" border=\"0\" itemprop=\"url\"> <meta itemprop=\"width\" content=\"126\"> <meta itemprop=\"height\" content=\"168\"> <img decoding=\"async\" class=\"\" data-attachment-id=\"13388\" data-orig-file=\"https:\/\/opistobranquis.info\/wp-content\/uploads\/2014\/09\/Babakina-anadoni-Comiendo.CarlosFernandezCid-1.jpg\" data-orig-size=\"598,800\" data-comments-opened=\"\" data-image-title=\"Babakina anadoni (Atlantic) aliment\u00e1ndose, por Carlos Fern\u00e1ndez-Cid\" data-image-description=\"&lt;p&gt;Babakina anadoni (Atlantic) aliment\u00e1ndose, por Carlos Fern\u00e1ndez-Cid&lt;\/p&gt; \" data-medium-file=\"https:\/\/i0.wp.com\/opistobranquis.info\/wp-content\/uploads\/2014\/09\/Babakina-anadoni-Comiendo.CarlosFernandezCid-1.jpg?fit=224%2C300&#038;ssl=1\" data-large-file=\"https:\/\/i0.wp.com\/opistobranquis.info\/wp-content\/uploads\/2014\/09\/Babakina-anadoni-Comiendo.CarlosFernandezCid-1.jpg?fit=598%2C800&#038;ssl=1\" src=\"https:\/\/i0.wp.com\/opistobranquis.info\/wp-content\/uploads\/2014\/09\/Babakina-anadoni-Comiendo.CarlosFernandezCid-1.jpg?w=126&#038;h=168&#038;ssl=1\" srcset=\"https:\/\/i0.wp.com\/opistobranquis.info\/wp-content\/uploads\/2014\/09\/Babakina-anadoni-Comiendo.CarlosFernandezCid-1.jpg?w=598&amp;ssl=1 598w, https:\/\/i0.wp.com\/opistobranquis.info\/wp-content\/uploads\/2014\/09\/Babakina-anadoni-Comiendo.CarlosFernandezCid-1.jpg?resize=112%2C150&amp;ssl=1 112w, https:\/\/i0.wp.com\/opistobranquis.info\/wp-content\/uploads\/2014\/09\/Babakina-anadoni-Comiendo.CarlosFernandezCid-1.jpg?resize=224%2C300&amp;ssl=1 224w\" width=\"126\" height=\"168\" loading=\"lazy\" data-original-width=\"126\" data-original-height=\"168\" itemprop=\"http:\/\/schema.org\/image\" title=\"Babakina anadoni (Atlantic) aliment\u00e1ndose, por Carlos Fern\u00e1ndez-Cid\" alt=\"Babakina anadoni (Atlantic) aliment\u00e1ndose, por Carlos Fern\u00e1ndez-Cid\" style=\"width: 126px; height: 168px;\" \/> <\/a> <div class=\"tiled-gallery-caption\" itemprop=\"caption description\"> Babakina anadoni (Atlantic) aliment\u00e1ndose, por Carlos Fern\u00e1ndez-Cid <\/div> <\/div> <\/div> <!-- close group --> <div class=\"gallery-group images-1\" style=\"width: 256px; height: 172px;\" data-original-width=\"256\" data-original-height=\"172\" > <div class=\"tiled-gallery-item tiled-gallery-item-large\" itemprop=\"associatedMedia\" itemscope itemtype=\"http:\/\/schema.org\/ImageObject\"> <a href=\"https:\/\/opistobranquis.info\/es\/guia\/nudibranchia\/cladobranchia\/aeolidioidea\/babakina-anadoni\/babakinaandoni2-carlosfernandezcid\/\" border=\"0\" itemprop=\"url\"> <meta itemprop=\"width\" content=\"252\"> <meta itemprop=\"height\" content=\"168\"> <img decoding=\"async\" class=\"\" data-attachment-id=\"13389\" data-orig-file=\"https:\/\/opistobranquis.info\/wp-content\/uploads\/2014\/09\/Babakinaandoni2.CarlosFernandezCid.jpg\" data-orig-size=\"850,567\" data-comments-opened=\"\" data-image-title=\"Babakina anadoni (Atlantic) por Carlos Fern\u00e1ndez-Cid\" data-image-description=\"&lt;p&gt;Babakina anadoni (Atlantic) por Carlos Fern\u00e1ndez-Cid&lt;\/p&gt; \" data-medium-file=\"https:\/\/i0.wp.com\/opistobranquis.info\/wp-content\/uploads\/2014\/09\/Babakinaandoni2.CarlosFernandezCid.jpg?fit=300%2C200&#038;ssl=1\" data-large-file=\"https:\/\/i0.wp.com\/opistobranquis.info\/wp-content\/uploads\/2014\/09\/Babakinaandoni2.CarlosFernandezCid.jpg?fit=850%2C567&#038;ssl=1\" src=\"https:\/\/i0.wp.com\/opistobranquis.info\/wp-content\/uploads\/2014\/09\/Babakinaandoni2.CarlosFernandezCid.jpg?w=252&#038;h=168&#038;ssl=1\" srcset=\"https:\/\/i0.wp.com\/opistobranquis.info\/wp-content\/uploads\/2014\/09\/Babakinaandoni2.CarlosFernandezCid.jpg?w=850&amp;ssl=1 850w, https:\/\/i0.wp.com\/opistobranquis.info\/wp-content\/uploads\/2014\/09\/Babakinaandoni2.CarlosFernandezCid.jpg?resize=150%2C100&amp;ssl=1 150w, https:\/\/i0.wp.com\/opistobranquis.info\/wp-content\/uploads\/2014\/09\/Babakinaandoni2.CarlosFernandezCid.jpg?resize=300%2C200&amp;ssl=1 300w\" width=\"252\" height=\"168\" loading=\"lazy\" data-original-width=\"252\" data-original-height=\"168\" itemprop=\"http:\/\/schema.org\/image\" title=\"Babakina anadoni (Atlantic) por Carlos Fern\u00e1ndez-Cid\" alt=\"Babakina anadoni (Atlantic) por Carlos Fern\u00e1ndez-Cid\" style=\"width: 252px; height: 168px;\" \/> <\/a> <div class=\"tiled-gallery-caption\" itemprop=\"caption description\"> Babakina anadoni (Atlantic) por Carlos Fern\u00e1ndez-Cid <\/div> <\/div> <\/div> <!-- close group --> <div class=\"gallery-group images-1\" style=\"width: 257px; height: 172px;\" data-original-width=\"257\" data-original-height=\"172\" > <div class=\"tiled-gallery-item tiled-gallery-item-large\" itemprop=\"associatedMedia\" itemscope itemtype=\"http:\/\/schema.org\/ImageObject\"> <a href=\"https:\/\/opistobranquis.info\/es\/guia\/nudibranchia\/cladobranchia\/aeolidioidea\/babakina-anadoni\/babakinanadoni-carlosfernandezcid\/\" border=\"0\" itemprop=\"url\"> <meta itemprop=\"width\" content=\"253\"> <meta itemprop=\"height\" content=\"168\"> <img decoding=\"async\" class=\"\" data-attachment-id=\"13390\" data-orig-file=\"https:\/\/opistobranquis.info\/wp-content\/uploads\/2014\/09\/Babakinanadoni.CArlosFernandezCid.jpg\" data-orig-size=\"800,533\" data-comments-opened=\"\" data-image-title=\"Babakina anadoni (Atlantic) por Carlos Fern\u00e1ndez-Cid\" data-image-description=\"&lt;p&gt;Babakina anadoni (Atlantic) por Carlos Fern\u00e1ndez-Cid&lt;\/p&gt; \" data-medium-file=\"https:\/\/i0.wp.com\/opistobranquis.info\/wp-content\/uploads\/2014\/09\/Babakinanadoni.CArlosFernandezCid.jpg?fit=300%2C199&#038;ssl=1\" data-large-file=\"https:\/\/i0.wp.com\/opistobranquis.info\/wp-content\/uploads\/2014\/09\/Babakinanadoni.CArlosFernandezCid.jpg?fit=800%2C533&#038;ssl=1\" src=\"https:\/\/i0.wp.com\/opistobranquis.info\/wp-content\/uploads\/2014\/09\/Babakinanadoni.CArlosFernandezCid.jpg?w=253&#038;h=168&#038;ssl=1\" srcset=\"https:\/\/i0.wp.com\/opistobranquis.info\/wp-content\/uploads\/2014\/09\/Babakinanadoni.CArlosFernandezCid.jpg?w=800&amp;ssl=1 800w, https:\/\/i0.wp.com\/opistobranquis.info\/wp-content\/uploads\/2014\/09\/Babakinanadoni.CArlosFernandezCid.jpg?resize=150%2C99&amp;ssl=1 150w, https:\/\/i0.wp.com\/opistobranquis.info\/wp-content\/uploads\/2014\/09\/Babakinanadoni.CArlosFernandezCid.jpg?resize=300%2C199&amp;ssl=1 300w\" width=\"253\" height=\"168\" loading=\"lazy\" data-original-width=\"253\" data-original-height=\"168\" itemprop=\"http:\/\/schema.org\/image\" title=\"Babakina anadoni (Atlantic) por Carlos Fern\u00e1ndez-Cid\" alt=\"Babakina anadoni (Atlantic) por Carlos Fern\u00e1ndez-Cid\" style=\"width: 253px; height: 168px;\" \/> <\/a> <div class=\"tiled-gallery-caption\" itemprop=\"caption description\"> Babakina anadoni (Atlantic) por Carlos Fern\u00e1ndez-Cid <\/div> <\/div> <\/div> <!-- close group --> <\/div> <!-- close row --> <\/div><br \/>\n<strong>Bibliograf\u00eda<\/strong><\/p><ul><div id=\"zotpress-24188014a42602614c20568073b3fffd\" class=\"zp-Zotpress zp-Zotpress-Bib wp-block-group\">\n\n\t\t<span class=\"ZP_API_USER_ID ZP_ATTR\">1246567<\/span>\n\t\t<span class=\"ZP_ITEM_KEY ZP_ATTR\"><\/span>\n\t\t<span class=\"ZP_COLLECTION_ID ZP_ATTR\"><\/span>\n\t\t<span class=\"ZP_TAG_ID ZP_ATTR\">Babakina anadoni<\/span>\n\t\t<span class=\"ZP_AUTHOR ZP_ATTR\"><\/span>\n\t\t<span class=\"ZP_YEAR ZP_ATTR\"><\/span>\n        <span class=\"ZP_ITEMTYPE ZP_ATTR\"><\/span>\n\t\t<span class=\"ZP_INCLUSIVE ZP_ATTR\">1<\/span>\n\t\t<span class=\"ZP_STYLE ZP_ATTR\">eunomia-revista-en-cultura-de-la-legalidad<\/span>\n\t\t<span class=\"ZP_LIMIT ZP_ATTR\">50<\/span>\n\t\t<span class=\"ZP_SORTBY ZP_ATTR\">creator<\/span>\n\t\t<span class=\"ZP_ORDER ZP_ATTR\">asc<\/span>\n\t\t<span class=\"ZP_TITLE ZP_ATTR\"><\/span>\n\t\t<span class=\"ZP_SHOWIMAGE ZP_ATTR\"><\/span>\n\t\t<span class=\"ZP_SHOWTAGS ZP_ATTR\"><\/span>\n\t\t<span class=\"ZP_DOWNLOADABLE ZP_ATTR\"><\/span>\n\t\t<span class=\"ZP_NOTES ZP_ATTR\"><\/span>\n\t\t<span class=\"ZP_ABSTRACT ZP_ATTR\"><\/span>\n\t\t<span class=\"ZP_CITEABLE ZP_ATTR\"><\/span>\n\t\t<span class=\"ZP_TARGET ZP_ATTR\">1<\/span>\n\t\t<span class=\"ZP_URLWRAP ZP_ATTR\"><\/span>\n\t\t<span class=\"ZP_FORCENUM ZP_ATTR\"><\/span>\n        <span class=\"ZP_HIGHLIGHT ZP_ATTR\"><\/span>\n        <span class=\"ZP_POSTID ZP_ATTR\">8394<\/span>\n\t\t<span class=\"ZOTPRESS_PLUGIN_URL ZP_ATTR\">https:\/\/opistobranquis.info\/wp-content\/plugins\/zotpress\/<\/span>\n\n\t\t<div class=\"zp-List loading\">\n\t\t\t<div class=\"zp-SEO-Content\">\n\n\t\t\t<\/div><!-- .zp-zp-SEO-Content -->\n\t\t<\/div><!-- .zp-List -->\n\t<\/div><!--.zp-Zotpress-->\n\n<p><\/p>Bibliograf\u00eda basada en los trabajos de <b>Steve Long, 2006<\/b>. <a target=_blank href=https:\/\/opistobranquis.info\/wp-content\/uploads\/2016\/06\/Long-S.-2006-Bibliography-of-Opisthobranchia-1554-2000.pdf>Bibliography of Opisthobranchia 1554-2000<\/a> y <b>Gary McDonald, 2009<\/b>. <a href=http:\/\/escholarship.org\/uc\/item\/8115h0wz>Bibliographia Nudibranchia<\/a>, con actualizaciones posteriores procedentes de otras fuentes.<p><\/p><\/ul><p><\/p><p><strong>M\u00e1s informaci\u00f3n<\/strong><\/p><span style=\"font-size:10pt\"><ul><ul class=\"blogroll-links\"><li><a href=\"http:\/\/www.asturnatura.com\/especie\/babakina-anadoni.html\">AsturNatura<\/a><\/li><li><a href=\"http:\/\/www.biodiversitylibrary.org\/name\/Babakina%20anadoni\">Biodiversity Heritage Library<\/a><\/li><li><a href=\"https:\/\/www.flickr.com\/search\/?text=Babakina%20anadoni\">Flickr pictures<\/a><\/li><li><a href=\"http:\/\/www.irmng.org\/aphia.php?p=taxlist&#038;tName=Babakina%20anadoni\">Interim Register of Marine and Nonmarine Genera<\/a><\/li><li><a href=\"http:\/\/www.ncbi.nlm.nih.gov\/Taxonomy\/Browser\/wwwtax.cgi?mode=Undef&#038;name=Babakina%20anadoni&#038;lvl=0&#038;srchmode=1\">NCBI GenBank<\/a><\/li><li><a href=\"http:\/\/iobis.org\/mapper\/?taxon=Babakina%20anadoni\">OBIS - Search by Taxon<\/a><\/li><li><a href=\"http:\/\/www.marinespecies.org\/aphia.php?p=taxdetails&#038;id=181256\">World Register of Marine Species<\/a><\/li><\/ul><\/ul><\/span><p><strong>Citar este art\u00edculo como: <\/strong><\/p><div style=\"display: block; background: #444444; padding: 10px 30px 10px 10px; border-radius: 5px; line-height: 18px;\"><p class=\"citacio\"><b>Ballesteros, M., Madrenas, E. &#38; Pontes, M.<\/b> (2025) <em>\"Babakina anadoni\"<\/em> en <em>OPK-Opistobranquis<\/em>. Publicado: 22\/09\/2013. Accedido: 04\/09\/2026. Disponible en (<a href=https:\/\/opistobranquis.info\/es\/?p=8394>https:\/\/opistobranquis.info\/es\/?p=8394<\/a>)<\/p><p><\/p><\/div><p><\/p><\/p>","protected":false},"excerpt":{"rendered":"<p>Babakina anadoni (Ortea, 1979) Nota taxon\u00f3mica: esta especie estaba clasificada como perteneciente a la familia Flabellinidae. Sin embargo, seg\u00fan Gosliner et al. (2007), los an\u00e1lisis filogen\u00e9ticos indican que Babakina representa un tax\u00f3n monofil\u00e9tico. La filogenia sugiere que Babakinidae debe mantenerse como un tax\u00f3n separado de Flabellinidae y Facelinidae por diversas autoapomorfias. Sin\u00f3nimos Rioselleolis anadoni Ortea, 1979 (original) Descripci\u00f3n Biolog\u00eda Etimolog\u00eda Babakina. En honor de Kikutaro Baba (1905-2001), experto japon\u00e9s en\u2026<\/p>\n<p class=\"continue-reading-button\"> <a class=\"continue-reading-link\" href=\"https:\/\/opistobranquis.info\/es\/guia\/nudibranchia\/cladobranchia\/aeolidioidea\/babakina-anadoni\/\">Sigue leyendo<i class=\"crycon-right-dir\"><\/i><\/a><\/p>\n","protected":false},"author":291,"featured_media":19853,"parent":456,"menu_order":8145,"comment_status":"closed","ping_status":"closed","template":"","meta":{"footnotes":""},"class_list":["post-8394","page","type-page","status-publish","has-post-thumbnail","hentry"],"jetpack_sharing_enabled":true,"_links":{"self":[{"href":"https:\/\/opistobranquis.info\/es\/wp-json\/wp\/v2\/pages\/8394","targetHints":{"allow":["GET"]}}],"collection":[{"href":"https:\/\/opistobranquis.info\/es\/wp-json\/wp\/v2\/pages"}],"about":[{"href":"https:\/\/opistobranquis.info\/es\/wp-json\/wp\/v2\/types\/page"}],"author":[{"embeddable":true,"href":"https:\/\/opistobranquis.info\/es\/wp-json\/wp\/v2\/users\/291"}],"replies":[{"embeddable":true,"href":"https:\/\/opistobranquis.info\/es\/wp-json\/wp\/v2\/comments?post=8394"}],"version-history":[{"count":2,"href":"https:\/\/opistobranquis.info\/es\/wp-json\/wp\/v2\/pages\/8394\/revisions"}],"predecessor-version":[{"id":25542,"href":"https:\/\/opistobranquis.info\/es\/wp-json\/wp\/v2\/pages\/8394\/revisions\/25542"}],"up":[{"embeddable":true,"href":"https:\/\/opistobranquis.info\/es\/wp-json\/wp\/v2\/pages\/456"}],"wp:featuredmedia":[{"embeddable":true,"href":"https:\/\/opistobranquis.info\/es\/wp-json\/wp\/v2\/media\/19853"}],"wp:attachment":[{"href":"https:\/\/opistobranquis.info\/es\/wp-json\/wp\/v2\/media?parent=8394"}],"curies":[{"name":"wp","href":"https:\/\/api.w.org\/{rel}","templated":true}]}}